{"id":52556,"date":"2015-01-09T18:58:43","date_gmt":"2015-01-09T17:58:43","guid":{"rendered":"https:\/\/www.freiburg-schwarzwald.de\/blog\/?page_id=52556"},"modified":"2025-02-21T19:21:19","modified_gmt":"2025-02-21T18:21:19","slug":"boden","status":"publish","type":"page","link":"https:\/\/www.freiburg-schwarzwald.de\/blog\/natur\/boden\/","title":{"rendered":"Boden"},"content":{"rendered":"<p><a href=\"https:\/\/www.freiburg-schwarzwald.de\/blog\">Home<\/a> &gt;<a title=\"Natur\" href=\"https:\/\/www.freiburg-schwarzwald.de\/blog\/natur\/\">Natur<\/a> &gt;Boden<\/p>\n<div id=\"attachment_49193\" style=\"width: 649px\" class=\"wp-caption alignnone\"><a href=\"https:\/\/www.freiburg-schwarzwald.de\/blog\/natur\/flora\/wildblumen\/wildblumen1fahrrad-pan140703\/\" rel=\"attachment wp-att-49193\"><img loading=\"lazy\" decoding=\"async\" aria-describedby=\"caption-attachment-49193\" class=\"size-full wp-image-49193\" src=\"https:\/\/www.freiburg-schwarzwald.de\/blog\/wp-content\/uploads\/2014\/07\/wildblumen1fahrrad-pan140703.jpg\" alt=\"Blick \u00fcber Wildblumen bei der Annakapelle in Freiburg-Ebnet nach Osten ins Dreisamtal bis hoch zum Schwarzwald anfang Juli 2014\" width=\"639\" height=\"285\" srcset=\"https:\/\/www.freiburg-schwarzwald.de\/blog\/wp-content\/uploads\/2014\/07\/wildblumen1fahrrad-pan140703.jpg 639w, https:\/\/www.freiburg-schwarzwald.de\/blog\/wp-content\/uploads\/2014\/07\/wildblumen1fahrrad-pan140703-180x80.jpg 180w\" sizes=\"auto, (max-width: 639px) 100vw, 639px\" \/><\/a><p id=\"caption-attachment-49193\" class=\"wp-caption-text\">Blick \u00fcber Wildblumen bei der Annakapelle in Freiburg-Ebnet nach Osten ins Dreisamtal bis hoch zum Schwarzwald anfang Juli 2014<\/p><\/div>\n<p>&nbsp;<\/p>\n<ul>\n<li><em>Listenauswahl eines Beitrags: Bitte anklicken oder runterscrollen<\/em><\/li>\n<li><a href=\"https:\/\/www.freiburg-schwarzwald.de\/blog\/global\/ukraine\/vorgeschichte\/\">Die Hauptbegr\u00fcndung f\u00fcr den Ukraine-Krieg: Bodensch\u00e4tze<\/a> (20.2.2025)<\/li>\n<li><a href=\"https:\/\/www.freiburg-schwarzwald.de\/blog\/business\/dienste\/immobilien\/einfamilienhaus\/\">Einfamilienh\u00e4user und Windr\u00e4der<\/a>\u00a0(15.2.2021)<\/li>\n<li><a href=\"https:\/\/www.freiburg-schwarzwald.de\/blog\/kleinbauern-in-ukraine-bedroht\/\">https:\/\/www.freiburg-schwarzwald.de\/blog\/kleinbauern-in-ukraine-bedroht\/<\/a> (30.5.2015)<\/li>\n<li><a href=\"https:\/\/www.freiburg-schwarzwald.de\/blog\/landfussabdruck-der-deutschen\/\">https:\/\/www.freiburg-schwarzwald.de\/blog\/landfussabdruck-der-deutschen\/<\/a> (9.1.2015)<\/li>\n<li><\/li>\n<li><a title=\"Ausgleichsflaeche\" href=\"https:\/\/www.freiburg-schwarzwald.de\/blog\/natur\/boden\/ausgleichsflaeche\/\">Ausgleichsfl\u00e4che<\/a><\/li>\n<li><a title=\"Biodiversitaet\" href=\"https:\/\/www.freiburg-schwarzwald.de\/blog\/natur\/biodiversitaet\/\">Biodiversitaet<\/a><\/li>\n<li>Bodenatlas<\/li>\n<li><a title=\"Immobilien\" href=\"https:\/\/www.freiburg-schwarzwald.de\/blog\/business\/dienste\/immobilien\/\">Immobilien<\/a><\/li>\n<li><a title=\"Immobilienblase\" href=\"https:\/\/www.freiburg-schwarzwald.de\/blog\/business\/dienste\/immobilien\/immobilienblase\/\">Immobilienblase<\/a><\/li>\n<li><a href=\"https:\/\/www.freiburg-schwarzwald.de\/blog\/energie\/rohstoffe\/\">Rohstoffe<\/a><\/li>\n<li><a title=\"Trockenmauer\" href=\"https:\/\/www.freiburg-schwarzwald.de\/blog\/natur\/boden\/trockenmauer\/\">Trockenmauer<\/a><\/li>\n<li><a title=\"Wald\" href=\"https:\/\/www.freiburg-schwarzwald.de\/blog\/natur\/wald\/\">Wald<\/a><\/li>\n<li><\/li>\n<\/ul>\n<p>&nbsp;<\/p>\n<p><strong>Bodenatlas<\/strong><\/p>\n<p>Der deutsche Bodenatlas wurde im Jahr 2005 auf Initiative von Klaus T\u00f6pfer herausgebracht. Mit Grafiken, Schaubildern und aktuellen Daten wird auf 52 Seiten (Print-Ausgabe) \u00fcber den Zustand der B\u00f6den in Deutschland, Europa und dem Rest der Welt. informiert &#8211;\u00a0von Biodiversit\u00e4t \u00fcber Landgrabbing bis zu \u00d6kolandbau und Tierhaltung. Der Atlas ist kostenlos.<span class=\"Apple-converted-space\"><span style=\"font-family: Verdana;\"><br \/>\n<\/span><\/span>Der Bodenatlas liegt in einer gedruckten Version vor, als PDF und als Online-Dossier. Alle Grafiken und Texte stehen unter einer offenen<span class=\"Apple-converted-space\"><span style=\"font-family: Helvetica;\">\u00a0<\/span><\/span>Creative Commons Lizenz. Das hei\u00dft: Sie k\u00f6nnen unter Einhaltung<span class=\"Apple-converted-space\"><span style=\"font-family: Helvetica;\">\u00a0<\/span><\/span>dieser Bedingungen\u00a0alle Inhalte des Atlas<span class=\"Apple-converted-space\"><span style=\"font-family: Helvetica;\">\u00a0<\/span><\/span>weiterverwenden, bearbeiten und ver\u00f6ffentlichen.<br \/>\n<a class=\"ngLink\" title=\"\" href=\"https:\/\/www.boell.de\/bodenatlas\" target=\"_blank\" rel=\"noopener\">https:\/\/www.boell.de\/bodenatlas<\/a><\/p>\n<p>&nbsp;<\/p>\n<p>&nbsp;<\/p>\n","protected":false},"excerpt":{"rendered":"<p>Home &gt;Natur &gt;Boden &nbsp; Listenauswahl eines Beitrags: Bitte anklicken oder runterscrollen Die Hauptbegr\u00fcndung f\u00fcr den Ukraine-Krieg: Bodensch\u00e4tze (20.2.2025) Einfamilienh\u00e4user und Windr\u00e4der\u00a0(15.2.2021) https:\/\/www.freiburg-schwarzwald.de\/blog\/kleinbauern-in-ukraine-bedroht\/ (30.5.2015) https:\/\/www.freiburg-schwarzwald.de\/blog\/landfussabdruck-der-deutschen\/ (9.1.2015) Ausgleichsfl\u00e4che Biodiversitaet Bodenatlas Immobilien Immobilienblase Rohstoffe Trockenmauer Wald &nbsp; Bodenatlas Der deutsche Bodenatlas wurde im &hellip; <a href=\"https:\/\/www.freiburg-schwarzwald.de\/blog\/natur\/boden\/\">Weiterlesen <span class=\"meta-nav\">&rarr;<\/span><\/a><\/p>\n","protected":false},"author":2,"featured_media":0,"parent":23,"menu_order":0,"comment_status":"open","ping_status":"closed","template":"","meta":{"footnotes":""},"class_list":["post-52556","page","type-page","status-publish","hentry"],"_links":{"self":[{"href":"https:\/\/www.freiburg-schwarzwald.de\/blog\/wp-json\/wp\/v2\/pages\/52556","targetHints":{"allow":["GET"]}}],"collection":[{"href":"https:\/\/www.freiburg-schwarzwald.de\/blog\/wp-json\/wp\/v2\/pages"}],"about":[{"href":"https:\/\/www.freiburg-schwarzwald.de\/blog\/wp-json\/wp\/v2\/types\/page"}],"author":[{"embeddable":true,"href":"https:\/\/www.freiburg-schwarzwald.de\/blog\/wp-json\/wp\/v2\/users\/2"}],"replies":[{"embeddable":true,"href":"https:\/\/www.freiburg-schwarzwald.de\/blog\/wp-json\/wp\/v2\/comments?post=52556"}],"version-history":[{"count":3,"href":"https:\/\/www.freiburg-schwarzwald.de\/blog\/wp-json\/wp\/v2\/pages\/52556\/revisions"}],"predecessor-version":[{"id":131124,"href":"https:\/\/www.freiburg-schwarzwald.de\/blog\/wp-json\/wp\/v2\/pages\/52556\/revisions\/131124"}],"up":[{"embeddable":true,"href":"https:\/\/www.freiburg-schwarzwald.de\/blog\/wp-json\/wp\/v2\/pages\/23"}],"wp:attachment":[{"href":"https:\/\/www.freiburg-schwarzwald.de\/blog\/wp-json\/wp\/v2\/media?parent=52556"}],"curies":[{"name":"wp","href":"https:\/\/api.w.org\/{rel}","templated":true}]}}