{"id":52144,"date":"2014-12-20T12:44:11","date_gmt":"2014-12-20T11:44:11","guid":{"rendered":"https:\/\/www.freiburg-schwarzwald.de\/blog\/?page_id=52144"},"modified":"2025-04-24T22:10:41","modified_gmt":"2025-04-24T20:10:41","slug":"pegida","status":"publish","type":"page","link":"https:\/\/www.freiburg-schwarzwald.de\/blog\/global\/integration\/pegida\/","title":{"rendered":"Pegida"},"content":{"rendered":"<p><a href=\"https:\/\/www.freiburg-schwarzwald.de\/blog\">Home<\/a> &gt;<a title=\"Global\" href=\"https:\/\/www.freiburg-schwarzwald.de\/blog\/global\/\">Global<\/a>\u00a0&gt;<a title=\"Integration\" href=\"https:\/\/www.freiburg-schwarzwald.de\/blog\/global\/integration\/\">Integration<\/a> &gt;<a title=\"Migration\" href=\"https:\/\/www.freiburg-schwarzwald.de\/blog\/global\/migration\/\">Migration<\/a> &gt;Pegida<\/p>\n<p><a href=\"https:\/\/www.freiburg-schwarzwald.de\/blog\/global\/nebel17alpen-pan141205\/\" rel=\"attachment wp-att-51939\"><img loading=\"lazy\" decoding=\"async\" src=\"https:\/\/www.freiburg-schwarzwald.de\/blog\/wp-content\/uploads\/2012\/03\/nebel17alpen-pan141205.jpg\" alt=\"Blick vom Feldberg nach S\u00fcden \u00fcber den Hochrhein im Nebel mit den Wolken des AKW Leibstadt bis zu den Alpen am 5.12.2014\" width=\"639\" height=\"252\" \/><\/a><\/p>\n<p>&nbsp;<\/p>\n<ul>\n<li><em>Listenauswahl eines Beitrags: Bitte\u00a0<span style=\"text-decoration: underline;\">anklicken\u00a0<\/span>oder runterscrollen<\/em><\/li>\n<li><a href=\"https:\/\/www.freiburg-schwarzwald.de\/blog\/engagement\/zukunft\/frieden\/ostermarsch\/\">Friedensdemo Dresden an Karfreitag 18.4.2025<\/a>\u00a0(24.4.2025)<\/li>\n<li><a href=\"https:\/\/www.freiburg-schwarzwald.de\/blog\/global\/integration\/pegida\/pegida10jahre\/\">Zehn Jahre Pegida \u2013 zehn Jahre Demokratie von unten<\/a> (20.10.2024)<\/li>\n<li>Wer die Wahrheit zu fr\u00fch ausgesprochen hat, bleibt ein Schurke (8.11.2023)<\/li>\n<li>19 Jahre Pegida in Dresden (6.11.2023)<\/li>\n<li>F\u00fcnf Jahre Pegida (25.10.2019)<\/li>\n<li><a title=\"Dresden\" href=\"https:\/\/www.freiburg-schwarzwald.de\/blog\/global\/deutschland\/dresden\/\">BuchHaus Loschwitz\u00a0von Susanne Dagen \u2013 Politische Gespr\u00e4che<\/a>\u00a0(2.10.2019)<\/li>\n<li>Was w\u00fcrde Jesus tun &#8211; er w\u00fcrde alle an einen Tisch einladen (20.11.2015)<\/li>\n<li><a title=\"Wir-schaffen-das\" href=\"https:\/\/www.freiburg-schwarzwald.de\/blog\/global\/migration\/wir-schaffen-das\/\">&#8222;Wir schaffen das&#8220; oder Pegida &#8211; dazwischen hat es nichts zu geben<\/a> (7.11.2015)<\/li>\n<li>Grenzenlose Einwanderung und Pegida &#8211; Zwei Seiten einer Medaille (31.10.2015)<\/li>\n<li>Weniger Angst vor Pegida als vor kurzsichtigen Gutmenschen (28.10.2015)<\/li>\n<li>Pegida dient nur als Feigenblatt f\u00fcr unsere &#8218;Demokratur&#8216; (15.10.2015)<\/li>\n<li><a href=\"https:\/\/www.freiburg-schwarzwald.de\/blog\/yannick-is-moerder-aus-freiburg\/\">https:\/\/www.freiburg-schwarzwald.de\/blog\/yannick-is-moerder-aus-freiburg\/<\/a> (30.5.2015)<\/li>\n<li>Demonstranten f\u00fcr nicht gespr\u00e4chsw\u00fcrdig erkl\u00e4ren &#8211; eine Form von Unkultur (26.3.2015)<\/li>\n<li><a href=\"https:\/\/www.freiburg-schwarzwald.de\/blog\/demokratie-meinungsfreiheit\/\">https:\/\/www.freiburg-schwarzwald.de\/blog\/demokratie-meinungsfreiheit\/<\/a> (23.1.2015)<\/li>\n<li><a href=\"https:\/\/www.freiburg-schwarzwald.de\/blog\/querfront-rechts-links-dresden\">https:\/\/www.freiburg-schwarzwald.de\/blog\/querfront-rechts-links-dresden<\/a>\/ (20.1.2015)<\/li>\n<li>Pegida\u00a0 am 19.1.2015 &#8211; abgesagt wegen Terrorgefahr (19.1.2015)<\/li>\n<li><a title=\"Pegida \u2013 Demonstrationsfreiheit\" href=\"https:\/\/www.freiburg-schwarzwald.de\/blog\/pegida-demonstrationsfreiheit\/\">https:\/\/www.freiburg-schwarzwald.de\/blog\/pegida-demonstrationsfreiheit\/<\/a> (15.1.2015)<\/li>\n<li><a title=\"Pegida \u2013 Demonstrationsfreiheit\" href=\"https:\/\/www.freiburg-schwarzwald.de\/blog\/pegida-demonstrationsfreiheit\/\">Pegida-Studie: In Dresden demonstriert die Mittelschicht<\/a> (14.1.2015)<\/li>\n<li>Pegida am 12.1.2015<\/li>\n<li>17 500 Pegida-Demonstranten singen in Dresden Weihnachtslieder (22.12.2014)<\/li>\n<li>Der Hochmut der Politik gegen\u00fcber dem dummen Volk (22.12.2014)<\/li>\n<li>\u00c4ngste vor gut gelungener Integration (22.12.2014)<\/li>\n<li>RTL-Reporter spielt den rassistischen Demonstranten: Diskreditierung des deutschen\u00a0Journalismus (21.12.2014)<\/li>\n<li>Ein Einwanderungsland ohne Einwanderungsgesetz erzeugt \u00c4ngste (20.12.2014)<\/li>\n<li><a href=\"https:\/\/www.freiburg-schwarzwald.de\/blog\/pegida-15000-gegendemo-4500\/\">https:\/\/www.freiburg-schwarzwald.de\/blog\/pegida-15000-gegendemo-4500\/<\/a> (16.12.2014)<\/li>\n<li>Aufkl\u00e4rungspflicht der Politiker &#8211; Asyl und Wirtschaftszuwanderung trennen (12.12.2014)<\/li>\n<li><a href=\"https:\/\/www.freiburg-schwarzwald.de\/blog\/pegida-demo-10000-in-dresden\/\">https:\/\/www.freiburg-schwarzwald.de\/blog\/pegida-demo-10000-in-dresden\/<\/a> (10.12.2014)<\/li>\n<li><\/li>\n<li>Online-Petitionen zu Pegida<\/li>\n<li><a href=\"https:\/\/www.freiburg-schwarzwald.de\/blog\/pegida-15000-gegendemo-4500\/\">16-Punkte-Positionspapier von Pegida<\/a> (14.12.2014)<\/li>\n<li><a title=\"Asyl\" href=\"https:\/\/www.freiburg-schwarzwald.de\/blog\/global\/integration\/asyl\/\">Asyl<\/a><\/li>\n<li><a href=\"https:\/\/www.freiburg-schwarzwald.de\/blog\/engagement\/buergerinitiativen\/\">B\u00fcrgerinitiativen<\/a><\/li>\n<li><a title=\"Dresden\" href=\"https:\/\/www.freiburg-schwarzwald.de\/blog\/global\/deutschland\/dresden\/\">Dresden<\/a><\/li>\n<li><a href=\"https:\/\/www.freiburg-schwarzwald.de\/justiz.htm#Ehrenmorde in Deutschland\">Ehrenmorde in Deutschland<\/a> &gt;Justiz<\/li>\n<li><a title=\"Fluechtlinge\" href=\"https:\/\/www.freiburg-schwarzwald.de\/blog\/global\/integration\/fluechtlinge\/\">Fl\u00fcchtlinge<\/a><\/li>\n<li><a title=\"Inklusion\" href=\"https:\/\/www.freiburg-schwarzwald.de\/blog\/bildung\/inklusion\/\">Inklusion \u2013 Teilhabe<\/a> &gt;Inklusion<\/li>\n<li><a title=\"Migration\" href=\"https:\/\/www.freiburg-schwarzwald.de\/blog\/global\/migration\/\">Migration<\/a> &gt;Migration<\/li>\n<li><a title=\"Neuansiedlung\" href=\"https:\/\/www.freiburg-schwarzwald.de\/blog\/global\/integration\/neuansiedlung\/\">Neuansiedlung = Resettlement<\/a><\/li>\n<li><a title=\"Opposition\" href=\"https:\/\/www.freiburg-schwarzwald.de\/blog\/engagement\/zukunft\/demokratie\/opposition\/\">Opposition<\/a><\/li>\n<li><a title=\"Parallelgesellschaft\" href=\"https:\/\/www.freiburg-schwarzwald.de\/blog\/global\/integration\/parallelgesellschaft\/\">Parallelgesellschaft<\/a><\/li>\n<li><a title=\"Paralleljustiz\" href=\"https:\/\/www.freiburg-schwarzwald.de\/blog\/selbsthilfe\/soziales\/justiz\/paralleljustiz\/\">Paralleljustiz<\/a><\/li>\n<li><a href=\"https:\/\/www.freiburg-schwarzwald.de\/blog\/global\/integration\/pegida\/pegida10jahre\/\">Pegida10Jahre<\/a><\/li>\n<li><a title=\"Querfront\" href=\"https:\/\/www.freiburg-schwarzwald.de\/blog\/engagement\/zukunft\/demokratie\/querfront\/\">Querfront<\/a><\/li>\n<li><a title=\"Religion\" href=\"https:\/\/www.freiburg-schwarzwald.de\/blog\/religion\/\">Religionsfragen<\/a> &gt;Religion<\/li>\n<li><a title=\"Roma\" href=\"https:\/\/www.freiburg-schwarzwald.de\/blog\/global\/roma\/\">Roma<\/a> &gt;Roma<\/li>\n<li><a title=\"Voelkerwanderung\" href=\"https:\/\/www.freiburg-schwarzwald.de\/blog\/global\/voelkerwanderung\/\">V\u00f6lkerwanderung<\/a><\/li>\n<\/ul>\n<p>&nbsp;<\/p>\n<p>Pegida steht f\u00fcr \u00abPatriotischen Europ\u00e4er gegen die Islamisierung des Abendlandes\u00bb<br \/>\nPegida richtet sich nicht gegen den Islam &#8211; siehe <a title=\"Pegida 15000 Gegendemo 4500\" href=\"https:\/\/www.freiburg-schwarzwald.de\/blog\/pegida-15000-gegendemo-4500\/\">19-Punkte-Positionspapier<\/a>.<br \/>\nPegida richtet sich gegen die Unehrlichkeit und Unt\u00e4tigkeit der Politik in Berlin.<br \/>\n<a href=\"https:\/\/www.menschen-in-dresden.de\/wp-content\/uploads\/2014\/12\/pegida-positionspapier.pdf\">\u00a0https:\/\/www.menschen-in-dresden.de\/wp-content\/uploads\/2014\/12\/pegida-positionspapier.pdf<\/a><br \/>\n======================================================<\/p>\n<p><strong>Wer die Wahrheit zu fr\u00fch ausgesprochen hat, bleibt ein Schurke<\/strong><br \/>\nWas als politische Wahrheit gilt, ist eine Frage des Datums. Das \u00e4ndert nichts daran, dass derjenige, der sie zu fr\u00fch ausgesprochen hat, bis in den F\u00fcnften Akt der Schurke bleibt.<\/p>\n<p>&#8230; 19-Punkte-Positionspapier der Pegida<br \/>\n1. PEGIDA ist F\u00dcR die Aufnahme von Kriegsfl\u00fcchtlingen und politisch oder religi\u00f6s Verfolgten. Das ist Menschenpflicht!<br \/>\n2. PEGIDA ist F\u00dcR die Aufnahme des Rechtes auf und die Pflicht zur Integration ins Grundgesetz der Bundesrepublik Deutschland (bis jetzt ist da nur ein Recht auf Asyl verankert)!<br \/>\n3. PEGIDA ist F\u00dcR dezentrale Unterbringung der Kriegsfl\u00fcchtlinge und Verfolgten, anstatt in teilweise menschenunw\u00fcrdigen Heimen!<br \/>\n4. PEGIDA ist F\u00dcR einen gesamteurop\u00e4ischen Verteilungsschl\u00fcssel f\u00fcr Fl\u00fcchtlinge und eine gerechte Verteilung auf die Schultern aller EU-Mitgliedsstaaten! (Zentrale Erfassungsbeh\u00f6rde f\u00fcr Fl\u00fcchtlinge, welche dann \u00e4hnlich dem innerdeutschen, K\u00f6nigsteiner Schl\u00fcssel die Fl\u00fcchtlinge auf die EU-Mitgliedsstaaten verteilt)<br \/>\n5. PEGIDA ist F\u00dcR eine Senkung des Betreuungsschl\u00fcssels f\u00fcr Asylsuchende (Anzahl Fl\u00fcchtlinge je Sozialarbeiter\/Betreuer \u2013 derzeit ca.200:1, faktisch keine Betreuung der teils traumatisierten Menschen)<br \/>\n6. PEGIDA ist F\u00dcR ein Asylantragsverfahren in Anlehnung an das holl\u00e4ndische bzw. Schweizer Modell und bis zur Einf\u00fchrung dessen, F\u00dcR eine Aufstockung der Mittel f\u00fcr das BAMF (Bundesamt f\u00fcr Migration und Fl\u00fcchtlinge) um die Verfahrensdauer der Antragstellung und Bearbeitung massiv zu k\u00fcrzen und eine schnellere Integration zu erm\u00f6glichen!<br \/>\n7. PEGIDA ist F\u00dcR die Aufstockung der Mittel f\u00fcr die Polizei und GEGEN den Stellenabbau bei selbiger!<br \/>\n8. PEGIDA ist F\u00dcR die Aussch\u00f6pfung und Umsetzung der vorhandenen Gesetze zum Thema Asyl und Abschiebung!<br \/>\n9. PEGIDA ist F\u00dcR eine Null-Toleranz-Politik gegen\u00fcber straff\u00e4llig gewordenen Asylbewerbern und Migranten!<br \/>\n10. PEGIDA ist F\u00dcR den Widerstand gegen eine frauenfeindliche, gewaltbetonte politische Ideologie aber nicht gegen hier lebende, sich integrierende Muslime!<br \/>\n11. PEGIDA ist F\u00dcR eine Zuwanderung nach dem Vorbild der Schweiz, Australiens, Kanadas oder S\u00fcdafrikas!<br \/>\n12. PEGIDA ist F\u00dcR sexuelle Selbstbestimmung!<br \/>\n13. PEGIDA ist F\u00dcR die Erhaltung und den Schutz unserer christlich-j\u00fcdisch gepr\u00e4gten Abendlandkultur!<br \/>\n14. PEGIDA ist F\u00dcR die Einf\u00fchrung von B\u00fcrgerentscheidungen nach dem Vorbild der Schweiz!<br \/>\n15. PEGIDA ist GEGEN Waffenlieferungen an verfassungsfeindliche, verbotene Organisationen wie z.B. PKK<br \/>\n16. PEGIDA ist GEGEN das Zulassen von Parallelgesellschaften\/Parallelgerichte in unserer Mitte, wie ShariaGerichte, Sharia-Polizei, Friedensrichter usw.<br \/>\n17. PEGIDA ist GEGEN dieses wahnwitzige &#8222;Gender Mainstreaming&#8220;, auch oft &#8222;Genderisierung&#8220; genannt, die nahezu schon zwanghafte, politisch korrekte Geschlechtsneutralisierung unserer Sprache!<br \/>\n18. PEGIDA ist GEGEN Radikalismus egal ob religi\u00f6s oder politisch motiviert!<br \/>\n19. PEGIDA ist GEGEN Hassprediger, egal welcher Religion zugeh\u00f6rig!<br \/>\n.<br \/>\n<em>Pegidas billige Propaganda zeigt gewaltige Schw\u00e4chen<\/em><br \/>\n<em>BILD setzt heute ein klares Zeichen gegen Pegida. 80 Prominente \u2013 von Gottschalk \u00fcber Au\u00dfenminister Steinmeier bis hin zu Heino \u2013 machen klar: Wir brauchen die Ideologie, die hinter diesen Demonstrationen steht, nicht. Und vor allem: Wir wollen sie nicht. <\/em><br \/>\n<em>&#8230; Alles vom 6.1.2015 von Julian Reichelt bitte lesen auf<\/em><br \/>\n<em><a href=\"https:\/\/www.bild.de\/politik\/inland\/julian-reichelt\/zwischenruf-von-julian-reichelt-39213904.bild.html\">https:\/\/www.bild.de\/politik\/inland\/julian-reichelt\/zwischenruf-von-julian-reichelt-39213904.bild.html<\/a><\/em><\/p>\n<p>Wer in den vergangenen Tagen verfolgt hat, wie das Gros der Haltungsjournalisten, voran Spiegel, Zeit, S\u00fcddeutscher Beobachter, FAZ, die muslimischen Machtdemonstrationen auf deutschen Stra\u00dfen verkleinert, verniedlicht, auf die hinteren Meldepl\u00e4tze verwiesen und verst\u00e4ndnisvoll \u201edifferenziert\u201d betrachtet hat, wird wohl einer anderen Differenzierung zustimmen, die ich hier gelegentlich in Vorschlag brachte, n\u00e4mlich jener zwischen L\u00fcgen\u2011, L\u00fccken- und Lumpenpresse. Was Letzere betrifft, mag sich jeder ausmalen, wie dieselben Gazetten aufgejault und den Staatsnotstand herbeigeschrieben h\u00e4tten, wenn biodeutsche Rechtsextreme, und w\u00e4re es nur ein Hundertstel der moslemischen Tumultanten, unter dem Ausschreien judenfeindlicher Parolen und klerikalfaschistischer Machtergreifungsdrohungen durch Berlin gezogen w\u00e4ren:<br \/>\n<a href=\"https:\/\/twitter.com\/radiogenoa\/status\/1720912818839433465?s=12&amp;t=wjOfjlVLn2z1QlSPBwcJFA\">https:\/\/twitter.com\/radiogenoa\/status\/1720912818839433465?s=12&amp;t=wjOfjlVLn2z1QlSPBwcJFA<\/a><br \/>\nZu den basalen Eigenschaften des Lumpenjournalisten geh\u00f6rt, neben der Feigheit, die bis in die Bandscheibensch\u00e4den reichende Tiefenverlogenheit.<br \/>\n&#8230; Alles vom 8.11.2023 bitte lesen auf<br \/>\n<a href=\"https:\/\/www.klonovsky.de\/2023\/11\/8-september-2023-2\/\">https:\/\/www.klonovsky.de\/2023\/11\/8-september-2023-2\/<\/a><\/p>\n<p>Kommentar:<br \/>\nMichael Klonovsky hat gerade auf seiner \u201cActa\u201d das damalige Positionspapier der PEGIDA ver\u00f6ffentlicht. Liest man das, fragt man sich nur noch, wieso das nicht im Regierungsprogramm steht, so vern\u00fcnftig sind die Thesen! Aber wieso man lieber \u201cRechtspopulist\u201d krakeelte und ansonsten &#8211; bis heute!- den Kopf in den Sand steckt, hat H. M. Broder doch schon vor Jahren schl\u00fcssig erkl\u00e4rt: \u201cReizt die Irren nicht, sie k\u00f6nnten b\u00f6se werden\u201d. Und dabei wird es offensichtlich bleiben, bis die letzten Juden das Land verlassen haben und dann andere dessen Geschicke \u00fcbernehmen. Aber Hauptsache, wir haben die Irren nicht gereizt! M.L.<br \/>\nEnde Kommentar<\/p>\n<p>&nbsp;<\/p>\n<p><strong>19 Jahre Pegida in Dresden<\/strong><br \/>\nEs mag zutreffen, da\u00df unter den Anh\u00e4ngern von Pegida einige Personen gibt, die als rechtsextrem zu bezeichnen sind. Gerade deshalb mu\u00df \u00fcber diese B\u00fcrgerbewegung sachlich und neutral informiert werden. Totschweigen und Ignorieren hilft nicht, sondern das Miteinanderreden.<br \/>\nPegida steht f\u00fcr &#8222;Patriotische Europ\u00e4er gegen die Islamisierung des Abendlandes&#8220;. Am 11. Oktober 2014 wurde die B\u00fcrgerbewegung Pegida in Dresden gegr\u00fcndet. Am 20. Oktober 2014 fand die erste Kundgebung auf der Stra\u00dfe statt. Es folgten neun Jahre Protest mit angeblich 254 Demonstrationen.<br \/>\nKritiker werfen Pegida Verschw\u00f6rungstheorien und Schwarzmalerei vor. Heute sind die viele Kritiker verstummt, da die von PEGIDA formulierten Bef\u00fcrchtungen und Prognosen (leider) weitgehend eingetroffen sind. Ende 2023 werden immer mehr Pegida-Forderungen (siehe dazu das 19-Punkte-Programm oben oder <a href=\"https:\/\/www.freiburg-schwarzwald.de\/blog\/pegida-15000-gegendemo-4500\/\">hier<\/a>) von vielen der damaligen Kritiker indirekt als \u201eeigene\u201c Forderungen \u00fcbernommen.<\/p>\n<p>Pegida: Prof. Werner Patzelt im Interview am 20.10.2015: <a href=\"https:\/\/www.youtube.com\/watch?v=UKFF8ZeEVzM\">https:\/\/www.youtube.com\/watch?v=UKFF8ZeEVzM<\/a><\/p>\n<p>Video: 5000 bei PEGIDA Dresden-Comeback am 6.11.2023:<br \/>\n<a href=\"https:\/\/youtu.be\/WTUxHS4UWJ8\">https:\/\/youtu.be\/WTUxHS4UWJ8<\/a><br \/>\n6.11.2023<\/p>\n<p>&nbsp;<\/p>\n<p><strong>F\u00fcnf Jahre Pegida<\/strong><br \/>\nZwar ist Pegida nur noch ein Schatten dessen, was es im Winter 2014\/15 war. Doch ist das, was sich in Pegida Bahn brach, nun erfolgreicher denn je: n\u00e4mlich die AfD. Nur wer gleichzeitig auf Pegida und die AfD blickt, wird erkennen, was sich im Herbst 2014 vollzog: Es begann auch in Deutschland die rechtspopulistische Revolte gegen die Erben von \u201e1968, West\u201c. In Dresden verband sie sich mit der Erinnerung an \u201e1989, Ost\u201c. Welche deutsche Partei schaffte es, f\u00fcnf Jahre lang fast allw\u00f6chentlich am gleichen Ort mindestens rund 1.000 Protestierer zu versammeln? Keine! Das l\u00e4\u00dft absch\u00e4tzen, wieviel politische Wucht immer noch hinter Pegida wirkt \u2013 und hinter der AfD erst recht.<br \/>\n.<br \/>\nHaben beide Deutschland \u201enach rechts verschoben\u201c? Was wie eine \u201eAusdehnung der Grenzen des Sagbaren\u201c erscheint, ist eher ein Ri\u00df im Gef\u00fcge links-gr\u00fcner Hegemonie. Gut so? Nein! Keineswegs ist es besser, durch Protest und Gegenprotest um Hegemonie zu ringen, wo es darauf ank\u00e4me, pluralistischen politischen Streit zu f\u00fchren. Leider wurde in falschen Reaktionen auf Pegida der Boden bereitet f\u00fcr die heutige Polarisierung zwischen \u201edem Establisment\u201c und einer \u201equasi-revolution\u00e4ren AfD\u201c. Wir ernten wieder einmal, was wir niemals h\u00e4tten s\u00e4en sollen.<br \/>\n25.10.2019, J.Patzelt, Junge Freiheit, Seite 2<br \/>\n.<br \/>\n<em>Prof. Dr. Werner J. Patzelt ist emeritierter Lehrstuhlinhaber f\u00fcr Politikwissenschaft an der TU Dresden.<\/em><br \/>\n<strong>Was w\u00fcrde Jesus tun &#8211; er w\u00fcrde alle an einen Tisch einladen<\/strong><br \/>\nK\u00e4ssmann behauptet bei ihrer Predigt in Wittenberg, Jesus w\u00fcrde Fl\u00fcchtlinge an seinen Tisch einladen, aber das ist nur eine Halbwahrheit, denn Jesus ging es stets um ALLE MENSCHEN. Er w\u00fcrde die \u201eEmpathie\u201c, die Bedford-Strohm einseitig f\u00fcr die Migranten fordert, auch den Einheimischen \u2013 insbesondere aus den unteren sozialen Schichten \u2013 und ihren nur allzu berechtigten Sorgen entgegenbringen. Denn SIE sind es, die mit den Migranten um Arbeitspl\u00e4tze und Wohnungen konkurrieren, ihnen auf den Stra\u00dfen, beim Einkaufen, in \u00f6ffentlichen Verkehrsmitteln, Schulen und Sportpl\u00e4tzen begegnen.<br \/>\nNat\u00fcrlich w\u00fcrde Jesus die Fl\u00fcchtlinge einladen, aber zusammen mit den Pegida-Demonstranten, und vielleicht w\u00fcrden sich diese beiden Gruppen, wenn sie ins Gespr\u00e4ch k\u00e4men, viel besser miteinander verstehen, als so manchem Polarisierer unter den Kirchenf\u00fchrern lieb w\u00e4re. &#8230;<br \/>\nAlles vom 20.11.2015 bitte lesen auf<br \/>\n<a href=\"https:\/\/www.achgut.com\/dadgdx\/index.php\/dadgd\/article\/falsche_propheten_die_kirchenfuehrer_in_der_fluechtlingskrise\">https:\/\/www.achgut.com\/dadgdx\/index.php\/dadgd\/article\/falsche_propheten_die_kirchenfuehrer_in_der_fluechtlingskrise<\/a><\/p>\n<p>&nbsp;<\/p>\n<p><strong>Grenzenlose Einwanderung und Pegida &#8211; Zwei Seiten einer Medaille<\/strong><br \/>\nMuss ich allen Hilfsbed\u00fcrftigen in gleicher Weise helfen, oder ist es vertretbar, Unterschiede zu machen? Der Philosoph Michael Sandel hat dazu gesagt: \u201eWir sind allen hilfsbed\u00fcrftigen Menschen auf der Welt verpflichtet. Dennoch gibt es eine spezielle Verpflichtung f\u00fcr jene, mit denen uns etwas verbindet. Wir haben eine besondere Verpflichtung gegen\u00fcber unseren Familien, unseren Nachbarn und unseren Mitb\u00fcrgern.\u201c Diese besondere Verpflichtung h\u00e4ngt damit zusammen, dass Menschen immer Teil einer Gemeinschaft sind. Wer es ignoriert, Teil einer Gemeinschaft zu sein, ist kein besonders wertvoller Mensch, sondern ein Vertreter des schrankenlosen Individualismus. F\u00fcr ihn z\u00e4hlt in Moralfragen nur die eigene Wohlanst\u00e4ndigkeit, ohne R\u00fccksicht auf die Folgen f\u00fcr seine N\u00e4chsten.<br \/>\nWas folgt daraus f\u00fcr das Fl\u00fcchtlingsproblem? Ich finde, man muss sowohl den Egoismus der Pegida-Leute ablehnen als auch die gegenteilige Haltung, die hei\u00dft: F\u00fcr Einwanderung und das Asylrecht gibt es keine Grenzen. Das sind zwei Seiten einer Medaille, beides ist r\u00fccksichtslos und asozial. Man muss in solchen Fragen immer abw\u00e4gen und einen Mittelweg finden, der weder herzlos ist noch die Gesellschaft in unl\u00f6sbare Probleme st\u00fcrzt. &#8230;<br \/>\nAlles von Harald Martenstein vom 31.10.2015 bitte lesen auf<br \/>\n<a href=\"https:\/\/www.tagesspiegel.de\/politik\/fluechtlinge-und-hilfsbereitschaft-grundrechte-haben-grenzen\/12525162.html\">https:\/\/www.tagesspiegel.de\/politik\/fluechtlinge-und-hilfsbereitschaft-grundrechte-haben-grenzen\/12525162.html<\/a><\/p>\n<p><strong>Weniger Angst vor Pegida als vor kurzsichtigen Gutmenschen<\/strong><br \/>\nM\u00e4chtig lodert allenthalben die Emp\u00f6rung \u00fcber das Wiederaufleben der Pegida-Bewegung; bis zum \u00dcberdruss wird davor gewarnt, Hass und Angst zu verbreiten. Muss man daran erinnern, dass die F\u00e4higkeit zur Angst als Antizipation kommender Gefahren ein dem Menschen \u00fcberlebensnotwendiger evolution\u00e4rer Fortschritt war. Dass Angst auch ein Ergebnis von verantwortungsvollem Weitblick und von Intelligenz oder Intuition sein kann. Nat\u00fcrlich kann diese Tatsache auch von jenen missbraucht werden, die in der Pegida-Bewegung schon die bevorstehende nazistische Machtergreifung sehen wollen.<br \/>\nWas mich betrifft, ich habe mehr Angst vor den kurzsichtigen Gutmenschen als vor den Pegida-Leuten, die, wenn auch unter oft geist- und geschmacklosen Parolen, bei all ihrer Mitleidlosigkeit wenigstens die richtige Witterung haben, dass n\u00e4mlich (vor allem dank Frau Merkel) derzeit etwas gewaltig schiefl\u00e4uft in Deutschland und Europa, dessen verheerende Folgen absehbar sind.<br \/>\nUnd dass die grassierende Anti-Pegida-Hysterie sehr geeignet ist, dieser neuen Zulauf zu bescheren, sei nur nebenbei erw\u00e4hnt.<br \/>\n<span class=\"ngBriefAutor\">28.10.2015, Manfred Kleehammer, Freiburg<\/span><\/p>\n<p>&nbsp;<\/p>\n<p><strong>Pegida dient nur als Feigenblatt f\u00fcr unsere &#8218;Demokratur&#8216;<\/strong><br \/>\nEs sollte aufgepa\u00dft werden, da\u00df wir uns nicht in Art von Demokratur versetzen lassen. Solche Artikel<br \/>\n<a href=\"https:\/\/www.badische-zeitung.de\/ein-jahr-lang-verrohung-aggressivitaet-und-hass\">https:\/\/www.badische-zeitung.de\/ein-jahr-lang-verrohung-aggressivitaet-und-hass<\/a><br \/>\ngibt es zur Zeit bundesweit. Die gesch\u00fcrte Unruhe um PEGIDA dient da nur als Feigenblatt. Es wird mal wieder bestimmt, wer dieser Demokratie w\u00fcrdig ist und wer nicht.<br \/>\nUnterschwellig setzen solche Artikel auf die altbekannte Weise &#8222;Wir sind die Guten, also k\u00f6nnen die Anderen nur die B\u00f6sen sein&#8220;. Dieses Muster zieht sich wie ein roter Faden durch die Menschheitsgeschichte. Auch (und vielleicht gerade) sog. Demokratien sind vor solch schwarz\/wei\u00df-Denken nicht gesch\u00fctzt. Vielleicht sollte man, wie ja angeblich in einer Demokratie m\u00f6glich, mal das (W\u00e4hler-)Volk fragen. Aber darauf warten wir hier seit \u00fcber siebzig Jahren. Dem repr\u00e4sentativen Wahlsystem sei Dank.<br \/>\n15.10.2015, Hans-J\u00fcrgen Fischer<\/p>\n<p>.<\/p>\n<p><strong>Demonstranten f\u00fcr nicht gespr\u00e4chsw\u00fcrdig erkl\u00e4ren &#8211; eine Form von Unkultur<\/strong><br \/>\n&#8222;Wenn jemand Pegida angegriffen hat, dann war das Frau Fahimi (SPD-Generalsektret\u00e4rin). Sie hat 25.000 Menschen einfach mal f\u00fcr nicht gespr\u00e4chsw\u00fcrdig erkl\u00e4rt. Der Justizminister empfand die Demonstranten als Schande f\u00fcr Deutschland, und die Kanzlerin empfahl, vom Demonstrationsrecht keinen Gebrauch mehr zu machen. Da fehlt mir jedes Verst\u00e4ndnis f\u00fcr. Das ist auch eine Form von Unkultur. &#8230;.<br \/>\nUnsere Antwort kann doch nicht lauten, wie machen wir die Menschen am schnellsten mundtot. Unsere aufgabe mu\u00df doch sein, ihnen die Angst zu nehmen.&#8220; &#8230;<br \/>\n<a title=\"Buschkowsky \u2013 adieu Neukoelln\" href=\"https:\/\/www.freiburg-schwarzwald.de\/blog\/buschkowsky-adieu-neukoelln\/\">Heinz Buschkowsky<\/a> am 26.3.2015 in &#8222;Einwanderung ist keine Sozialveranstaltung&#8220;, DIE ZEIT Nr. 13\/2015, Seite 8-9<\/p>\n<p>&nbsp;<\/p>\n<p><strong>Pegida\u00a0 am 19.1.2015 &#8211; abgesagt wegen Terrorgefahr<\/strong><br \/>\nIst das die neue Presse- und Meinungsfreiheit in Deutschland: Pegida wegen Terrorgefahr abgesagt. Dann zwei Wochen sp\u00e4ter Legida und Pegida wegen Mangels an Sicherheitskr\u00e4ften abgesagt, die Gegendemos hingegen nicht. Das eine Recht f\u00fcr die Gutmenschen mittel-links und das andere Recht (welches?) f\u00fcr die schweigende Mehrheit mitte-konservativ. &#8222;Das Recht ist unteilbar&#8220; &#8211; wirklich?<br \/>\nIst das Nach dem R\u00fcckgang der Pegida-Demos ist zu bezweifeln, ob der Unmut in der Bev\u00f6lkerung wirklich nach gelassen ist. Die Volksseele wird weiter kochen bis sie ein Ventil findet. Es liegt fast etwas vorrevolution\u00e4res in der Luft.<br \/>\n11.2.2015<\/p>\n<p><strong>Diskreditierung<\/strong><br \/>\nIst ein Mitglied einer Gruppe, Partei, Organisation diskreditiert, bedeutet dies noch lange nicht, dass alle Mitglieder diskreditiert sind. Hat die CDU sich aufgel\u00f6st, nur weil ein gewisser Ehrenvorsitzender sein Ehrenwort \u00fcber das Recht gestellt hat? Haben die Gr\u00fcnen sich aufgel\u00f6st, weil sie Heimat von P\u00e4dophilen wurden? Verschwand die CSU nach den Dr-Plagiaten ihres Meisterf\u00e4lschers? Wer also glaubt, dass das Ph\u00e4nomen Pegida sich\u00a0einfach in Luft aufl\u00f6st, falls Herrn Bachmann \u00fcble Verfehlungen nachgewiesen werden, wird entt\u00e4usch sein. Die Forderungen und die angesprochenen Probleme bleiben, die Menschen sind stinksauer \u00fcber das, was in diesem unseren Lande so abgeht.<br \/>\n21.1.2015, D. Denk<\/p>\n<div id=\"19_2513133\" class=\"LMFuss open\">\n<div class=\"LMText\"><strong>G\u00fcnter Jauch am Sonntagabend 18.1.2015: Politik soll endlich zuh\u00f6ren und handeln<\/strong><br \/>\nIch fand es mutig, dass sich Kathrin Oertel (Pegida) \u00a0in die H\u00f6hle des L\u00f6wen gewagt hat und sich wirklich tapfer geschlagen! Was wurde uns noch geboten? Profilgeile Politiker wie Herr Spahn (CDU), der einmal mehr bewiesen hat, wie weit sich die arrogante Politik vom Volke entfernt hat. Und ein in die Jahre gekommener Herr Thierse (SPD), der uns erkl\u00e4ren will, Demokratie brauche Zeit &#8211; verwunderlich, wo doch auch immer mal wieder gerne Gesetze durch die Gremien gepeitscht und bereits nach kurzer Zeit genehmigt werden. Wirklich bewundert habe ich Frank Richter LpB Dresden), der\u00a0sehr souver\u00e4n und ruhig aufgetreten ist und der etablierten Politik ordentlich gegen das Schienbein trat. Unter dem Strich bleibt, dass sich die Politik bewegen muss. Ein weiter so wie bisher darf es nicht geben!<br \/>\nAfD und Pegida sind (laut Gauland AfD) Reflex einer verkorksten Euro- und Zuwanderungspolitik von CDU\/SPD\/Gr\u00fcne. Dem B\u00fcrger wird alternativlos erkl\u00e4rt, was gut f\u00fcr ihn zu sein hat und damit basta.<br \/>\n19.1.2015, Frank Holstein<br \/>\n.<\/div>\n<div class=\"LMText\"><strong>Der Staat wendet seine eigenen Gesetze nicht an<\/strong><br \/>\nWichtiges Argument von Frau Oertel war, dass diese Regierung die eigenen, beschlossenen Gesetze nicht umsetzt (abgewiesene, Asylanten abschieben). Der Verdacht, dass die Demonstrationen unter dem Vorwand der Bedrohung abgew\u00fcrgt werden sollen, ist nicht von der Hand zu weisen. Wenn der Staat Bedrohung erkennen kann, muss er gegen die Bedroher einschreiten. Das kann oder will er aber nicht. Er m\u00fcsste ja seine Gesetzte anwenden.<br \/>\n19.1.2015<\/div>\n<div class=\"LMText\">&#8222;&#8230;dass Politiker mit den B\u00fcrgern reden \u201ewie die Oberlehrer\u201c&#8230;&#8220;, sagte Herr Richter und Herr Spahn tat alles, um vorzumachen, wie das geht. Genau so ist es. Die Politiker h\u00f6ren nicht zu. Weil sie meinen, dass sie sich im Alleinbesitz der Wahrheit befinden, m\u00fcssen sie ihre Politik nur besser &#8222;erkl\u00e4ren&#8220;. An den \u00c4u\u00dferungen von Herrn Thierse merkt man, dass diese, in meinen Augen arrogante, Haltung partei\u00fcbergreifend ist. Nat\u00fcrlich machen Demonstranten keine Politik. Das ist auch gar nicht deren Aufgabe. Auf der Stra\u00dfe entwickelt man nat\u00fcrlich kein Parteiprogramm. Die Demonstranten fordern eine \u00c4nderung der Politik.<br \/>\n.<br \/>\n<strong>Handeln statt Sprechblasenschw\u00e4tzer<\/strong><br \/>\nDa sitzen in Gestalt von Span (CDU) und Thierse (SPD) zwei rhetorisch geschulte Sprechblasenschw\u00e4tzer einer biederen Mutter von 3 Kindern gegen\u00fcber (Frau Oertel von Pegida), die stellvertretend f\u00fcr Millionen das beste f\u00fcr Deutschland will, aber allein mit der Migrantenfrage niederkart\u00e4tscht wird. Nein, es geht den Pegida-Leuten um ihr tiefes Unbehagen dar\u00fcber, da\u00df in unserem Land Dinge passieren, die nicht in ihrem Interesse sind. Abgeordnetenbez\u00fcge, EU, UNO, Milit\u00e4reins\u00e4tze, TTIP, Rentenprobleme, Ukrainepositionierung, Asyl-Duldung,\u00a0Parallelgesellschaften,\u00a0usw.. Alles Dinge, die alternativlos am Volk vorbei entschieden und von einem Bundestag abgenickt werden, der wie die Volkskammer reagiert. Pegida darf sich keiner Debatte mit der Politik stellen, weil diese nur Nebelkerzen wirft. Die Politik mu\u00df endlich handeln, z.B. ihre eigenen Gesetze ausf\u00fchren, nicht\u00a0nur debattieren.<br \/>\n19.1.2015, Alex M\u00fcller<\/div>\n<div class=\"LMText\"><\/div>\n<\/div>\n<p><strong>Pegida am 12.1.2015<br \/>\n<\/strong>Es kamen 25.000 Demonstranten, 7000 mehr als letzte Woche, ein neuer Rekord. Die Organisatoren sprachen gar von 40.000 Leuten.<br \/>\nAlle demonstrieren gegen Pegida, aber niemand demonstriert gegen den Terror des Islamisten. Niemand demonstriert gegen den Mord an Juden. Niemand demonstriert gegen Boko Harem, niemand gegen Al Quiada, niemand gegen die IS. Welch paradoxe Welt, wenn man bedenkt, dass Charlie Hebdo den Islam ganz massiv kritisiert hat!\u00a0 Man muss es sich mal bewusst machen. Franz\u00f6sische Juden wandern wieder zur\u00fcck nach Israel,\u00a0 weil ihr Leben in Frankreich durch Islamisten bedroht wird ! Und hier demonstrieren Leute gegen Pegida, sie demonstrieren aber nicht gegen die Islamisten. Dabei sollten sich doch gerade Deutsche sch\u00fctzend vor Juden stellen. Die Antipegida-Bewegung ist mit ihrem Schweigen ein Skandal. Und ich bin nicht uneingeschr\u00e4nkt f\u00fcr Pegida.\u00a0Ich bin kein Pegidaanh\u00e4nger, aber selbst ich merke, dass dieser Artikel ein einziger Manipulationsversuch der Massen ist. Pegida ist Demokratie und zeigt wie sehr Demokratie bei uns gelitten hat in den letzten Jahrzehnten. Punkt aus. Was wehrt ihr euch so dagegen? Merkt ihr nicht wie ihr euch selbst in die Totalitarismusecke stellt mit euren Versuchen diese Leute in Nazi-Schubladen zu packen?<br \/>\n13.1.2015<\/p>\n<p><strong>Weltanschauungsminister Heiko Maas<\/strong><br \/>\nHeiko Maas ist als Bundesjustiziminister eigentlich f\u00fcr die Wahrung der Grundrechte zust\u00e4ndig. Jetzt aber nannte er Pegida-Demonstranten \u201eHeuchler\u201c, die besser zuhause blieben. H\u00e4tte er sich doch besser zur\u00fcckgehalten &#8230;..<br \/>\nIn der vergangenen Woche fielen mehrere tausend Menschen dem militanten Islam zum Opfer. Und wie reagiert die politisch-mediale Elite Deutschlands? Mit Warnungen vor Islamkritik. Jene Religion, der nun einmal auch die Attent\u00e4ter von Paris angeh\u00f6rten, soll desto fester umarmt werden. Man muss es sich immer wieder klar machen: Die Zeichner und Texter der Satirezeitschrift \u201eCharlie Hebdo\u201c starben, weil sie auf massive, mitunter geh\u00e4ssige Weise den Islam kritisierten. Daraus ziehen Politiker und Journalisten den Schluss, man k\u00f6nne sich am besten mit den Ermordeten solidarisieren, indem man sich von deren Arbeit distanziere. &#8230; Alles vom 13.1.2015 auf<br \/>\n<a href=\"https:\/\/www.cicero.de\/salon\/islamkritik-und-politik-heiko-maas-sollte-zuruecktreten\/58725\">https:\/\/www.cicero.de\/salon\/islamkritik-und-politik-heiko-maas-sollte-zuruecktreten\/58725<\/a><\/p>\n<p>&nbsp;<\/p>\n<p>&nbsp;<\/p>\n<p>Meinungsfreiheit auch f\u00fcr Themen, die von rechts oder links gekapert werden k\u00f6nnten<br \/>\n&#8222;Bei weitem nicht alle, die bei Pegida mitspazieren, sind Ultrarechte! Aber sie m\u00fcssen sich den Vorwurf gefallen lassen, dass sie widerspruchslos die Rechtsradikalen in ihren Reihen dulden.&#8220;<br \/>\nSch\u00f6n gesagt, Herr Ebbinghaus. Nur was tun Sie gegen die Linksradikalen in den Reihen der Pegida-Gegner?<br \/>\n<a href=\"https:\/\/www.bild.de\/regional\/dresden\/asyl\/antifa-geht-auf-pegida-teilnehmerin-los-38921568.bild.html\" target=\"_blank\" rel=\"noopener\">https:\/\/www.bild.de\/regional\/dresden\/asyl\/antifa-geht-auf-pegida-teilnehmerin-los-38921568.bild.html<\/a><br \/>\nSollten wir uns nicht besser darauf einigen, dass man eine Meinung auch dann \u00e4u\u00dfern darf, wenn die Gefahr besteht, dass ein Thema von linken oder rechten Extremisten gekapert werden k\u00f6nnte?<br \/>\n3.1.2015, Lorenz Ebbinghaus<\/p>\n<p>&nbsp;<\/p>\n<p><strong>17 500 Pegida-Demonstranten singen in Dresden Weihnachtslieder<\/strong><br \/>\n&#8230;.<br \/>\n17.45 Uhr:\u00a0Zum zehnten Jubil\u00e4um der mont\u00e4glichen Unmutsbekundungen m\u00f6chte das B\u00fcndnis Pegida der Gefahr der Islamisierung Deutschlands unter anderem mit dem Absingen von Weihnachtsliedern entgegentreten &#8230;.<br \/>\n19.10 Uhr:\u00a0In Dresden schl\u00e4gt das Teilnehmer-Pendel wie schon in den Vorwochen in die Gegenrichtung aus. Aktuell versuchen 17\u00a0500 Menschen das \u201eAbendland\u201c zu retten. Der Pegida-Demo stellen sich aber laut Polizei nun etwa 4\u00a0000 Menschen entgegen. &#8230;.<br \/>\n20.16 Uhr: Die rund 17\u00a0500 Teilnehmer der Pegida-Versammlung ziehen jetzt in Richtung Postplatz ab. Begleitet werden sie von der Polizei und dem Krawall der Gegendemonstration. &#8230;.<br \/>\n20.20 Uhr: Auch die Gegendemonstration l\u00f6st sich jetzt auf. die etwa 4\u00a0000 Teilnehmer ziehen sich jetzt in Richtung Bahnhof Neustadt zur\u00fcck. &#8230;.<br \/>\nAlles vom 22.12.2014 bitte lesen auf<br \/>\n<a href=\"https:\/\/www.sz-online.de\/nachrichten\/ticker-die-demonstrationen-in-dresden-3000872.html\">https:\/\/www.sz-online.de\/nachrichten\/ticker-die-demonstrationen-in-dresden-3000872.html<\/a><\/p>\n<p>Zwei Angstmacher: Islam und Arm\/Reich<br \/>\nWarum ist es im Lande der Dichter und Denker so schwer, die Dinge beim Namen zu nennen, bevorzugt im Bereich Politik und Journaille? Weil sich das Duckm\u00e4usertum der deutschen Eliten vor der Welt in einen seltsamen Eskapismus hinein entwickelt hat! Die Konzepte des Humanismus und des Islams sind nun einmal unzweifelhaft disparat.\u00a0Das und die uns\u00e4glichen Ungerechtigkeiten deutscher Politik hinsichtlich des Problems arm\/reich sind es, was die Menschen nicht mehr in den Stuben h\u00e4lt.<br \/>\n23.12.2014, Roman Kelbling<\/p>\n<p>Alles f\u00e4ngt aber damit an, das man seine Zweifel und Sorgen \u00e4ussern darf, ohne dass diese \u00c4usserung diskreditiert wird. Man setzt sich damit auseinandersetzen, ohne sofort zu bewerten und abzuwerten.<\/p>\n<p>&nbsp;<\/p>\n<p id=\"artAbstract\"><strong>Der Hochmut der Politik gegen\u00fcber dem dummen Volk<\/strong><br \/>\nBei den j\u00fcngsten Protesten (Pegida) w\u00e4chst auseinander, was nicht zusammengeh\u00f6rt: auf der einen Seite die Politik, die verordnet, was man hierzulande meinen darf \u2013 auf der anderen das angeblich &#8222;dumme&#8220; Volk. &#8230;.<br \/>\nWas also bringt die politische Elite derma\u00dfen in Rage, dass sie ihren Auftrag vergisst, dem Volke zu dienen und stattdessen dem Volk Gehorsam abverlangt? Es ist der Hochmut des Vormunds gegen\u00fcber dem M\u00fcndel, eine abgrundtiefe Verachtung der &#8222;Menschen da drau\u00dfen im Lande&#8220;. Die werden immer wieder aufgefordert, sich zu engagieren, aber wehe, sie tun es wirklich! &#8230;.<br \/>\nKompletten Artikel &#8222;Das deutsche Festival des Wahnsinns&#8220; vom 22.12.2014 von Henryk M. Broder bitte lesen auf<br \/>\n<a href=\"https:\/\/www.welt.de\/debatte\/henryk-m-broder\/article135586551\/Das-deutsche-Festival-des-Wahnsinns.html\">https:\/\/www.welt.de\/debatte\/henryk-m-broder\/article135586551\/Das-deutsche-Festival-des-Wahnsinns.html<\/a><\/p>\n<p>&nbsp;<\/p>\n<p><strong>\u00c4ngste auch vor gut gelungener Integration?<\/strong><br \/>\nWelche grassierenden \u00c4ngste auch hinter den Montagsdemonstrationen von Pegida stecken: Ein Mangel an Integration der zu uns kommenden Menschen allein kann nicht der Grund sein. Vielleicht ist ja auch das genaue Gegenteil im Spiel, n\u00e4mlich eine so gut gelungene Integration vieler Zuwanderer, dass man nicht umhinkann, ihnen eine bessere Adaption der so viel ger\u00fchmten &#8222;deutschen Tugenden&#8220; zu bescheinigen als manchem alteingesessenen Deutschen. Wenn aber bei einem Bewerber das einzige Deutsche sein Name ist, so kann ich als Arbeitgeber gar nicht anders, als mich gegen ihn zu entscheiden. Dadurch entstehen \u00c4ngste, die nicht dadurch geringer werden, dass das Fernsehen eine zunehmende Zahl von Menschen auftreten l\u00e4\u00dft, die vor allem eines machen: einen verdammt guten Job! Wie \u00fcbrigens auch meine ausl\u00e4ndischen Mitarbeiter,<br \/>\n22.12.2014, Rolf Rohlfs, S\u00fcrstedt, in Welt am Sonntag, Seite 10<\/p>\n<p>&nbsp;<\/p>\n<p><strong>RTL-Reporter spielt den rassistischen Demonstranten: Diskreditierung des deutschen\u00a0Journalismus<\/strong><br \/>\nAuf einer Pegida-Demo \u00e4u\u00dfert sich ein Mann in einem Interview rassistisch. Sp\u00e4ter stellt sich heraus, dass er undercover f\u00fcr RTL arbeitet. Ein herber Schlag f\u00fcr die Glaubw\u00fcrdigkeit des Journalismus. &#8230;<br \/>\nImmer wieder gibt es Kritik an der Berichterstattung der Medien \u00fcber die islamfeindliche Bewegung Pegida. Die Beitr\u00e4ge seien tendenzi\u00f6s und unterstellten den &#8222;Patriotischen Europ\u00e4ern gegen die Islamisierung des Abendlandes&#8220; zu Unrecht Rassismus. Das vom NDR produzierte ARD-Politikmagazin &#8222;Panorama&#8220; wollte diesen Vorwurf entkr\u00e4ften. In der Sendung am 18.12.2014\u00a0lie\u00df es unter dem Titel &#8222;&#8218;L\u00fcgenpresse&#8216; trifft Pegida'&#8220; Demonstranten aus Dresden unkommentiert zu Wort kommen und stellte die Interviews anschlie\u00dfend ungeschnitten\u00a0in voller L\u00e4nge ins Netz. Was dann geschah, diskreditiert die Glaubw\u00fcrdigkeit des Journalismus generell: Unter den Interviewten war ein Reporter des RTL-Landesstudio Ost, das auch f\u00fcr die Hauptnachrichtensendung &#8222;RTL-Aktuell&#8220; Beitr\u00e4ge produziert. Der Mann versuchte offenbar, an Aussagen der Demonstranten zu kommen, indem er sich selbst als Demonstrant ausgab und sich ihnen gegen\u00fcber rassistisch anbiederte: &#8222;Die Islamisierung macht sich schon breit in unserem Alltag&#8220;, sagte er in das Mikrofon des NDR. &#8230;.<br \/>\nAlles vom 21.12.2014 bitte lesen auf<br \/>\n<a href=\"https:\/\/www.spiegel.de\/kultur\/gesellschaft\/rtl-bei-pegida-demo-stimmungsmache-fuer-ein-paar-zitate-a-1009755.html\">https:\/\/www.spiegel.de\/kultur\/gesellschaft\/rtl-bei-pegida-demo-stimmungsmache-fuer-ein-paar-zitate-a-1009755.html\u00a0<\/a><br \/>\n.<\/p>\n<p><strong>Medien: Die vierte Gewalt wird zur verlogenen Gewalt<\/strong><br \/>\nWenn man auf der Pegida-Demonstration keine Rassisten findet, dann stellen die Medien kurzerhand Undercover-Leute ein, die das gew\u00fcnscht Rechtsextreme in die Kameras br\u00fcllen.\u00a0Unsere Medien gelten also nicht mehr als &#8222;Vierte Gewalt&#8220;, sondern nur noch als &#8222;Verlogene Gewalt&#8220;.<br \/>\n22.12.2014<\/p>\n<p><strong>Intrigen der Medien: Journalisten interviewen Journalisten<\/strong><br \/>\nJedenfalls ist mit diesem Auftritt die n\u00e4chste Stufe der Ironie erreicht: Journalisten reden mit Journalisten, wenn sie \u00fcber eine Kontaktaufnahme herausfinden wollen, wer und welche Meinungen hinter der Anh\u00e4ngerschaft Pegidas stecken. Der darin steckende Witz w\u00fcrde aber nur voll aufgehen, wenn der ARD-Reporter w\u00fcsste, dass er einen Undercover-Journalisten befragt. Dem ARD-Korrekturnachtrag zufolge hat er es nicht gewusst. &#8230;.<br \/>\nJournalisten befragen Menschen mit journalistisch vorgefertigten Meinungen: So k\u00f6nnte man das Ph\u00e4nomen, wonach Journalisten mit Journalisten sprechen, um die Wirklichkeit zu erkunden, darauf ausweiten, dass Journalisten sehr h\u00e4ufig auf journalistische Floskelmeinungen treffen, wenn sie mit der Kamera in der Hand, ohne die Zeit eines Dokumentarfilmers zu haben, auf Demo-Teilnehmer losgehen. &#8230; Alles vom 22.12.2014 bitte lesen auf<br \/>\n<a href=\"https:\/\/tp\/artikel\/43\/43691\/1.html\">https:\/\/tp\/artikel\/43\/43691\/1.html<\/a><\/p>\n<p>.<\/p>\n<p><strong>Ein Einwanderungsland ohne Einwanderungsgesetz erzeugt \u00c4ngste<\/strong><br \/>\nDeutschland ist das einzige gro\u00dfe Einwanderungsland weltweit ohne eigenes nationales Einwanderungsgesetz\u00a0&#8211; dies bereitet vielen Menschen Sorge, Unsicherheit und auch Angst:<br \/>\na) Denn es gibt keine Regeln. Unsere Politiker in Berlin haben beschlossen, das\u00a0so vielf\u00e4ltige\u00a0Einwanderungsproblem nur \u00fcber ein einziges Gesetz zu steuern &#8211; das Asylgesetz.<br \/>\nb) Es kann, kommen wer will. Beispiel:\u00a0Ein 21j\u00e4hriger Afrikaner\u00a0darf in Deutschland bleiben &#8211;\u00a0unabh\u00e4ngig davon, ob sein Asylantrag genehmigt wurde (nach 14monatigem Pr\u00fcfverfahren) oder nicht (keine Abschiebung in ein Land ohne flie\u00dfend Kalt-\/Warmwasser, unabh\u00e4ngig davon, ob ein Pass vorlag oder\u00a0verloren ging oder von Schleppern einkassiert wurde).<br \/>\nDie \u00c4ngste der Menschen, die bei Pegida mitdemonstrieren, m\u00fcssen ernst genommen werden. Die Ursachen der \u00c4ngste mu\u00df man aufsp\u00fcren (und die liegen nicht im Islam, sondern viel tiefer in den Umw\u00e4lzungen der Globalisierung mit ihren gewaltigen Fl\u00fcchtlings- bzw. Migrationsbewegungen begr\u00fcndet),\u00a0nicht aber die Symptome bek\u00e4mpfen (auf Gegendemo-Events einfach &#8222;Nazis raus&#8220; br\u00fcllen).<br \/>\n20.12.2014<br \/>\n.<br \/>\nDie Sorgen und \u00c4ngste von Pegida-Demonstranten sind ganz allt\u00e4glich: &#8222;Was hei\u00dft es im Alltag des Einzelnen, wenn die n\u00e4chste Polizeistation nicht 10, sondern 30 km entfernt liegt? Was sagt es aus \u00fcber das staatliche Handeln, wenn Asylantr\u00e4ge von Menschen aus bestimmten L\u00e4ndern zu 90 Prozent als unbegr\u00fcndet abgelehnt werden, sie aber nicht in ihre Herkunftsl\u00e4nder zur\u00fcckkehren oder dorthin abgeschoben werden? Es sind solche Fragen, auf die Regierung und Beh\u00f6rden Antwort geben m\u00fcssen.&#8220; DER SPIEGEL 52, 20.12.2014, Seite 12<\/p>\n<p>.<br \/>\n<strong>Die Menschen haben Angst<\/strong><br \/>\n&#8222;Ihr Vorschlag ist aber trotztdem, mit den Leuten die bei Pegida mitlaufen, zu reden, statt sie abzukanzeln, wie es einige Politiker getan haben? Gro\u00df: man mu\u00df unbedingt mit dneen reden. Es sind ja ganz normale Leute, die da mitlaufen, auch wenn die K\u00f6pfe von Pegida vielleicht Rechtsetreme sind.&#8220; &#8230;.<br \/>\nAlles vom 20.12.2014 bitte lesen auf<br \/>\n<a href=\"https:\/\/www.badische-zeitung.de\/deutschland-1\/die-menschen-haben-angst-bz-interview-zu-vorurteilen--97422412.html\">https:\/\/www.badische-zeitung.de\/deutschland-1\/die-menschen-haben-angst-bz-interview-zu-vorurteilen&#8211;97422412.html <\/a><\/p>\n<p>Eva Gross, Fragile Mitte, feindselige Zust\u00e4nde, Studie am Institut f\u00fcr interdisziplin\u00e4re Gewalt und Konfliktforschung der Universit\u00e4t Bielefeld, Dietz Verlag 2014, 9,90 Euro<\/p>\n<p>Wenn Frau Gro\u00df so von der Negativit\u00e4t des &#8222;marktf\u00f6rmigen Extremismus&#8220; \u00fcberzeugt ist, h\u00e4tte sie doch den Gegenentwurf offen aussprechen k\u00f6nnen: Alle die nach Deutschland wollen, werden hier auch aufgenommen. Die bereits hier lebenden Menschen teilen ihren Wohlstand redlich mit den Zuwanderern. Nur macht Frau Gro\u00df bei Ihrer Abwertung des \u00f6konomischen Denkens den gleichen Fehler, der schon die kommunistischen Paradiese, aus deren \u00dcberresten der \u00fcberwiegende Teil der Fl\u00fcchtlinge zu uns str\u00f6men. Sie ignoriert, dass wir Menschen Egoisten sind, und uns nur in Ma\u00dfen zu Solidarit\u00e4t mit unseren Mitb\u00fcrgern bereit finden. H\u00e4tten wir Menschen wie \u00fcbrigens alle h\u00f6her entwickelten Spezies diesen Egoismus nicht entwickelt, w\u00e4ren wir nie \u00fcber das Am\u00f6benstadium hinaus gekommen. Denn die Evolution ist ohne die brutale Auslese durch egoistisches Verhalten v\u00f6llig unvorstellbar. Zusammengefasst, wirft Frau Gro\u00df allen Deutschen, die unbeschr\u00e4nkte Zuwanderung ablehnen, vor, dass sie unmenschlich handeln. Das kann man verkraften. Zumal ich vermute, dass Frau Gro\u00df keinen Deut besser ist. Sie will n\u00e4mlich nur ihr Buch promoten, um mehr zu verdienen.<br \/>\n20.12.2014, J\u00fcrgen Arnemann<br \/>\n.<\/p>\n<p>.<br \/>\n<strong>Zuwanderungspolitik &#8211; die deutsche Mentalit\u00e4t braucht eine gef\u00fchlte Ordnung und Regeln<\/strong><br \/>\nDie eigentliche Herzensk\u00e4lte\u00a0ist die unserer fast ausschlie\u00dflich profitorientierten Gesellschaft. Hier hat es die Politik in ganz Europa vers\u00e4umt, rechtzeitig Rahmenbedingungen zu setzen.\u00a0Was soll man von einer Welt halten, in der Menschen mit kleinem Einkommen die Zockerei von Gro\u00dfbanken \u00fcber ihre Steuern finanzieren sollen? Um nur ein Beispiel zu nennen. Nur in einem derartigem Klima, in dem die M\u00f6glichkeit des Verlustes des Arbeitsplatzes allgegenw\u00e4rtig ist, wo junge, gut qualifizierte Menschen als Dauerpraktikanten ausgebeutet werden, in einem Land, wo Tafeln und kostenlose Mittagstische l\u00e4ngst nicht mehr ausreichen, werden Menschen derart verunsichert und \u00e4ngstlich.<br \/>\nStatt eine vern\u00fcnftige Zuwanderungspolitik zu machen, reagiert die deutsche Regierung v\u00f6llig \u00fcberfordert. \u00dcberfordert werden auch St\u00e4dte und Gemeinden.<br \/>\nWir brauchen Zuwanderung, keine Frage. Aber wir brauchen, neben dem Asylrecht, auch Zuwanderung, die qualifiziert und integrationsf\u00e4hig ist. Beziehungsweise, wir m\u00fcssen die Menschen, die zu uns kommen, wirklich integrieren und so f\u00f6rdern, dass sie Teil der Gesellschaft werden k\u00f6nnen und gemeinsam mit uns leben.<br \/>\nWenn in den Gro\u00dfst\u00e4dten Ghettos entstehen, in denen kein Wort Deutsch mehr zu h\u00f6ren ist und wo es sogar eine eigene, selbst geschaffene, Gerichtsbarkeit gibt, entsteht Angst in der Bev\u00f6lkerung. Derartiges ist das Ergebnis einer gescheiterten Zuwanderungs- und Asylpolitik.<br \/>\nSicherlich ist dies in Sachsen weniger ein Thema. Aber die Medien bereiten diese Themen auf und die Menschen in ganz Deutschland sind dar\u00fcber informiert. Hinzu kommt dann die Angst um das eigene Auskommen und die rapide steigende Radikalisierung des Islam weltweit. Dann macht es irgendwann PUFF und die Politik ist verwundert, dass 15.000 Menschen pl\u00f6tzlich auf der Strasse stehen und demonstrieren.<br \/>\nEs macht \u00fcberhaupt keinen Sinn diese Menschen als &#8222;faschistoid&#8220; zu desavouieren. Diese Reaktion ist dumm und gef\u00e4hrlich, weil es noch mehr Menschen in die Arme der Pegida-Organisatoren treibt.\u00a0Bei Themen wie Zuwanderung, Integration und Information stellt sich die Regierung (wie vorherige auch) tagt\u00e4glich eine neues Armutszeugnis aus. Die deutsche Mentalit\u00e4t braucht eine gef\u00fchlte Ordnung und Regeln. Im Augenblick ist diese Ordnung in den Augen vieler nicht mehr vorhanden. Sie h\u00f6ren von Fl\u00fcchtlingsstr\u00f6men und \u00fcberforderten Gemeinden vor dem Hintergrund islamistischer Gewalttaten \u00fcberall in der Welt. Dieses Verst\u00e4ndnis braucht man, um die Demonstrationen richtig einzuordnen und die Menschen dort abzuholen, wo sie im Augenblick stehen. Und hier sehe ich leider kein Licht am Ende des Tunnels, was unsere Politik betrifft.<br \/>\n20.12.2014, Maria Traxler<\/p>\n<p>&nbsp;<\/p>\n<p><strong>Aufkl\u00e4rungspflicht der Politiker &#8211; Asyl und Wirtschaftszuwanderung trennen<\/strong><br \/>\nSorgen m\u00fcssen wir uns vor allem wegen dem Versagens der etablierten Politiker machen, diesen Menschen klare und verst\u00e4ndliche Antworten auf ihre teils berechtigten Bef\u00fcrchtungen zu geben. Wenn wir endlich richtig und falsch bei der Asylpolitik und Zuwanderungspolitik benennen, das richtig sachlich gut begr\u00fcnden, und das falsch beseitigen w\u00fcrden, h\u00e4tten die Leute vielleicht mehr Vertrauen in diejenigen, die uns regieren, statt angesichts teils haneb\u00fcchener Entscheidungen sich zu den Rechten hingedr\u00e4ngt zu f\u00fchlen.<\/p>\n<p>Es ist Aufgabe der Politiker unsere Fl\u00fcchtlings- und Asylpolitik zu erkl\u00e4ren und umzusetzen. Es gibt sehr wenige Menschen in diesem Land, die Kriegsfl\u00fcchtlingen und politisch Verfolgten die T\u00fcre weisen w\u00fcrden. Es gibt aber eine gro\u00dfe Mehrheit, die dar\u00fcber hinaus Zuwanderung nur dann akzeptiert, wenn diese Menschen zu uns kommen, um zu arbeiten, und folglich jene konsequent nach Hause geschickt werden, die eine solche Arbeit nicht finden oder gar nicht suchen, und dennoch bei uns bleiben wollen. So steht es n\u00e4mlich im Gesetz.<\/p>\n<p>Es ist auch die Aufgabe von Politikern, den Menschen die Rechte von Muslimen aufgrund der Religionsfreiheit zu erkl\u00e4ren. Die gleichen Politiker, die sich f\u00fcr islamische Religionsfreiheit einsetzen, sollten aber auch f\u00fcr das Recht der christlichen Mehrheit k\u00e4mpfen, einen Weihnachtsmarkt besuchen zu d\u00fcrfen, und nicht auf einen Wintermarkt geschickt zu werden, um dort Schmuck f\u00fcr den Jahresendbaum kaufen zu m\u00fcssen.<br \/>\nSchlie\u00dflich ist es die Pflicht von Politikern, den Menschen zu erkl\u00e4ren, dass viele Muslime aufgrund konservativer Vorstellungen von ihrer Religion am Kopftuch festhalten, und nur mit Burkini baden gehen. Die gleichen Politiker haben aber die Pflicht unser Grundgesetz und die darin normierten Regeln unseres Zusammenlebens zu verteidigen, wenn Menschen voll verschleiert am \u00d6ffentlichen Leben teilzunehmen w\u00fcnschen oder separate Schwimmzeiten einfordern, weil sie sich dem Blick fremder M\u00e4nner selbst mit Kopftuch oder Burkini nicht aussetzen, aber dennoch an den Errungenschaften unseres Landes teilhaben m\u00f6chten.<\/p>\n<p>Ich bin ziemlich sicher, wenn die B\u00fcrger die Sicherheit haben, dass Muslimen ihre Rechte gew\u00e4hrt werden, und gleichzeitig die \u00dcbertretungen dieser Rechte konsequent geahndet werden, werden sich solch undifferenzierte Forderungen wie jene der Pegida von selbst erledigen. Sie sind n\u00e4mlich genauso d\u00fcmmlich wie die undifferenzierte Reaktion, alles als rechtsextrem abzutun.<br \/>\n12.12.2014, Rainer Brombach<\/p>\n","protected":false},"excerpt":{"rendered":"<p>Home &gt;Global\u00a0&gt;Integration &gt;Migration &gt;Pegida &nbsp; Listenauswahl eines Beitrags: Bitte\u00a0anklicken\u00a0oder runterscrollen Friedensdemo Dresden an Karfreitag 18.4.2025\u00a0(24.4.2025) Zehn Jahre Pegida \u2013 zehn Jahre Demokratie von unten (20.10.2024) Wer die Wahrheit zu fr\u00fch ausgesprochen hat, bleibt ein Schurke (8.11.2023) 19 Jahre Pegida in &hellip; <a href=\"https:\/\/www.freiburg-schwarzwald.de\/blog\/global\/integration\/pegida\/\">Weiterlesen <span class=\"meta-nav\">&rarr;<\/span><\/a><\/p>\n","protected":false},"author":2,"featured_media":0,"parent":1875,"menu_order":0,"comment_status":"open","ping_status":"closed","template":"","meta":{"footnotes":""},"class_list":["post-52144","page","type-page","status-publish","hentry"],"_links":{"self":[{"href":"https:\/\/www.freiburg-schwarzwald.de\/blog\/wp-json\/wp\/v2\/pages\/52144","targetHints":{"allow":["GET"]}}],"collection":[{"href":"https:\/\/www.freiburg-schwarzwald.de\/blog\/wp-json\/wp\/v2\/pages"}],"about":[{"href":"https:\/\/www.freiburg-schwarzwald.de\/blog\/wp-json\/wp\/v2\/types\/page"}],"author":[{"embeddable":true,"href":"https:\/\/www.freiburg-schwarzwald.de\/blog\/wp-json\/wp\/v2\/users\/2"}],"replies":[{"embeddable":true,"href":"https:\/\/www.freiburg-schwarzwald.de\/blog\/wp-json\/wp\/v2\/comments?post=52144"}],"version-history":[{"count":5,"href":"https:\/\/www.freiburg-schwarzwald.de\/blog\/wp-json\/wp\/v2\/pages\/52144\/revisions"}],"predecessor-version":[{"id":133200,"href":"https:\/\/www.freiburg-schwarzwald.de\/blog\/wp-json\/wp\/v2\/pages\/52144\/revisions\/133200"}],"up":[{"embeddable":true,"href":"https:\/\/www.freiburg-schwarzwald.de\/blog\/wp-json\/wp\/v2\/pages\/1875"}],"wp:attachment":[{"href":"https:\/\/www.freiburg-schwarzwald.de\/blog\/wp-json\/wp\/v2\/media?parent=52144"}],"curies":[{"name":"wp","href":"https:\/\/api.w.org\/{rel}","templated":true}]}}