{"id":51928,"date":"2014-12-06T14:25:33","date_gmt":"2014-12-06T13:25:33","guid":{"rendered":"https:\/\/www.freiburg-schwarzwald.de\/blog\/?page_id=51928"},"modified":"2021-10-11T19:48:06","modified_gmt":"2021-10-11T17:48:06","slug":"lehrpfad","status":"publish","type":"page","link":"https:\/\/www.freiburg-schwarzwald.de\/blog\/sport\/wandern\/lehrpfad\/","title":{"rendered":"Lehrpfad"},"content":{"rendered":"<p><a href=\"https:\/\/www.freiburg-schwarzwald.de\/blog\">Home<\/a> &gt;<a title=\"Sport\" href=\"https:\/\/www.freiburg-schwarzwald.de\/blog\/sport\/\">Sport<\/a> &gt;<a title=\"Wandern\" href=\"https:\/\/www.freiburg-schwarzwald.de\/blog\/sport\/wandern\/\">Wandern<\/a> &gt;Lehrpfad<\/p>\n<div id=\"attachment_51930\" style=\"width: 650px\" class=\"wp-caption alignnone\"><a href=\"https:\/\/www.freiburg-schwarzwald.de\/blog\/sport\/wandern\/lehrpfad\/nebel2spirzenstrasse141205\/\" rel=\"attachment wp-att-51930\"><img loading=\"lazy\" decoding=\"async\" aria-describedby=\"caption-attachment-51930\" class=\"size-full wp-image-51930\" src=\"https:\/\/www.freiburg-schwarzwald.de\/blog\/wp-content\/uploads\/2014\/12\/nebel2spirzenstrasse141205.jpg\" alt=\"Blick \u00fcber die Spirzenstrasse bei St.M\u00e4rgen-Schweigh\u00f6fe nach Westen ins neblige Rheintal am 5.12.2014\" width=\"640\" height=\"221\" srcset=\"https:\/\/www.freiburg-schwarzwald.de\/blog\/wp-content\/uploads\/2014\/12\/nebel2spirzenstrasse141205.jpg 640w, https:\/\/www.freiburg-schwarzwald.de\/blog\/wp-content\/uploads\/2014\/12\/nebel2spirzenstrasse141205-180x62.jpg 180w\" sizes=\"auto, (max-width: 640px) 100vw, 640px\" \/><\/a><p id=\"caption-attachment-51930\" class=\"wp-caption-text\">Blick \u00fcber die Spirzenstrasse bei St.M\u00e4rgen-Schweigh\u00f6fe nach Westen ins neblige Rheintal am 5.12.2014<\/p><\/div>\n<p>&nbsp;<\/p>\n<ul>\n<li><a href=\"https:\/\/www.freiburg-schwarzwald.de\/blog\/wandern-landkarte-statt-handy\/\">Wandern. Landkarte statt Handy<\/a>\u00a0(11.10.2021)<\/li>\n<li><a title=\"Lebensraum-Weg in FR-Kappel\" href=\"https:\/\/www.freiburg-schwarzwald.de\/blog\/lebensraum-weg-in-fr-kappel\/\">Lebensraum-Themenweg in FR-Kappel<\/a>\u00a0(26.8.2020)<\/li>\n<li><a href=\"https:\/\/www.freiburg-schwarzwald.de\/lehrpfad1.htm\">Aktuelles zur Lehrpfad-Seite<\/a> &gt;Lehrpfad1<\/li>\n<li><strong><a href=\"https:\/\/www.freiburg-dreisamtal.de\/lehrpfad.htm\">www.freiburg-dreisamtal.de\/lehrpfad.htm<\/a> &gt;Archivseite Lehrpfad<\/strong><\/li>\n<li><a href=\"https:\/\/www.freiburg-schwarzwald.de\/lehrpfad.htm#Barfu\u00dfpfad Gutach im Kinzigtal: Entdeckung der Langsamkeit\">Barfu\u00dfpfad Gutach im Kinzigtal: Entdeckung der Langsamkeit<\/a> &gt;Lehrpfad<\/li>\n<li><a href=\"https:\/\/www.freiburg-schwarzwald.de\/burgen.htm#Bollschweil - Birchiburg\">Bollschweil: Bergbau-Lehrpfad Birchiburg am Birkenberg<\/a> &gt;Burgen<\/li>\n<li><a href=\"https:\/\/www.freiburg-schwarzwald.de\/bettlerpfad.htm#Bettlerpfad von Merzhausen nach Badenweiler - Wanderf\u00fchrer\">Bettlerpfad von Merzhausen nach Badenweiler\u00a0 &#8211; Wanderf\u00fchrer<\/a> &gt;Bettlerpfad (21.4.2004)<\/li>\n<li><a href=\"https:\/\/www.freiburg-schwarzwald.de\/lehrpfad1.htm#Bleibach - Walderlebnispfad H\u00f6rnleberg mit Waldm\u00e4nnchen\"> Bleibach &#8211; Walderlebnispfad H\u00f6rnleberg mit Waldm\u00e4nnchen<\/a> &gt;Lehrpfad1 (29.6.2005)<\/li>\n<li><a href=\"https:\/\/www.freiburg-schwarzwald.de\/luchse.htm#Neuer Luchspfad an der B\u00fchlerh\u00f6he - auch f\u00fcr Kinder\">B\u00fchlerh\u00f6he &#8211; Luchspfad, auch f\u00fcr Kinder<\/a> &gt;Luchse (4.7.2009)<\/li>\n<li><a href=\"https:\/\/www.freiburg-schwarzwald.de\/lehrpfad.htm#Dreisamtal - Tarodunum-Rundweg\">Dreisamtal &#8211; Tarodunum-Rundweg<\/a> (24.3.2004)<\/li>\n<li><a href=\"https:\/\/www.freiburg-schwarzwald.de\/littenweiler\/naturenergie.htm#Rundgang auf dem Energie-Lehrpfad\"> Dreisamtal &#8211; Energie-Lehrpfad<\/a> &gt;Naturenergie<\/li>\n<li><a href=\"https:\/\/www.freiburg-schwarzwald.de\/littenweiler\/dreisamtal.htm#Kapellenweg Dreisamtal\">Dreisamt\u00e4ler Kapellenweg<\/a> &gt;Dreisamtal<\/li>\n<li><a href=\"https:\/\/www.freiburg-schwarzwald.de\/lehrpfad.htm#Dreisam-Wasserweg im Freiburger Osten\">Dreisam-Wasserweg im Freiburger Osten<\/a> (24.7.2003)<\/li>\n<li><a href=\"https:\/\/www.freiburg-schwarzwald.de\/eichstetten.htm#Geo-Pfad Eichstetten \u00fcber L\u00f6sswege und Steinbr\u00fcche im Kaiserstuhl\"> Eichstetten &#8211; Geo-Pfad \u00fcber L\u00f6sswege und Steinbr\u00fcche<\/a> &gt;Eichstetten (6.3.2006)<\/li>\n<li><a href=\"https:\/\/www.freiburg-schwarzwald.de\/natur.htm#Naturlehrpfad Feldberg\">Feldberg &#8211; Naturlehrpfad Feldberg<\/a> &gt;Natur<\/li>\n<li><a href=\"https:\/\/www.freiburg-schwarzwald.de\/lehrpfad.htm#Wichtelpfad im Auerhuhnwald am Feldberg\">Feldberg &#8211; Wichtelpfad im Auerhuhnwald<\/a> (13.9.2005)<\/li>\n<li><a href=\"https:\/\/www.freiburg-schwarzwald.de\/lehrpfad.htm#Freiburg - Naturlehrpfad und Naturschutzgebiet Rieselfeld\"> Freiburg &#8211; Naturlehrpfad und Naturschutzgebiet Rieselfeld<\/a> (11.5.2004)<\/li>\n<li><a href=\"https:\/\/www.freiburg-schwarzwald.de\/lehrpfad.htm#Fr\u00f6hnd - Hirtenpfad\">Fr\u00f6hnd &#8211; Hirtenpfad<\/a> (13.5.2004)<\/li>\n<li><a href=\"https:\/\/www.freiburg-schwarzwald.de\/lehrpfad.htm#Furtwangen-Neukirch - Historischer Lehrpfad\">Furtwangen-Neukirch &#8211; Historischer Lehrpfad<\/a> (10.5.2005)<\/li>\n<li><a href=\"https:\/\/www.freiburg-schwarzwald.de\/lehrpfad.htm#Glastr\u00e4gerweg\">Glastr\u00e4gerweg<\/a><\/li>\n<li><a href=\"https:\/\/www.freiburg-schwarzwald.de\/lehrpfad.htm#Glottertal - Wein-, Natur- und Waldlehrpfad\">Glottertal &#8211; Wein-, Natur- und Waldlehrpfad<\/a> (17.5.2003)<\/li>\n<li><a href=\"https:\/\/www.freiburg-schwarzwald.de\/hexental.htm#Vogellehrpfad Merzhausen - Au\">Hexental: Vogellehrpfad Merzhausen &#8211; Au<\/a> &gt;Hexental<\/li>\n<li><a href=\"https:\/\/www.freiburg-schwarzwald.de\/heimatpfad.htm\">Hinterzarten &#8211; Heimatpfad<\/a> &gt;Heimatpfad<\/li>\n<li><a href=\"https:\/\/www.freiburg-schwarzwald.de\/natur.htm#Naturerlebnispfad Hinterzarten\">Hinterzarten &#8211; Naturerlebnispfad Hinterzarten<\/a> &gt;Natur<\/li>\n<li><a href=\"https:\/\/www.freiburg-schwarzwald.de\/hoechenschwand.htm#H\u00f6chenschwander Schinkenweg w\u00e4hrend des Anna-Festes er\u00f6ffnet\"> H\u00f6chenschwand: Schinkenweg<\/a> &gt;Hoechenschwand<\/li>\n<li><a href=\"https:\/\/www.freiburg-schwarzwald.de\/jaegerpfad.htm\">H\u00f6llental: J\u00e4gerpfad im H\u00f6llental<\/a> &gt;Jaegerpfad<\/li>\n<li><a href=\"https:\/\/www.freiburg-schwarzwald.de\/kaiserstuhl.htm#Kaiserst\u00fchler Themenpfade\">Kaiserst\u00fchler Themenpfade<\/a> &gt;Kaiserstuhl<\/li>\n<li><a href=\"https:\/\/www.freiburg-schwarzwald.de\/littenweiler\/dreisamtal.htm#Kapellenweg Dreisamtal\">Kapellenweg im Dreisamtal<\/a> &gt;Dreisamtal<\/li>\n<li><a href=\"https:\/\/www.freiburg-schwarzwald.de\/lehrpfad.htm#Kniebis - Lotharpfad am Plonkopf im Nordschwarzwald\">Kniebis &#8211; Lotharpfad am Plonkopf\u00a0 im Nordschwarzwald<\/a> (10.4.2004)<\/li>\n<li><a href=\"https:\/\/www.freiburg-schwarzwald.de\/lehrpfad.htm#Lehr- und Erlebnispfade in S\u00fcdbaden - Serie der Badischen Zeitung\">Lehr- und Erlebnispfade in S\u00fcdbaden &#8211; Serie der Badischen Zeitung<\/a> (7.7.2003)<\/li>\n<li><a href=\"https:\/\/www.freiburg-schwarzwald.de\/lehrpfad.htm#Lehrpfade im S\u00fcdschwarzwald - gelbes L\">Lehrpfade im S\u00fcdschwarzwald &#8211; <\/a><a href=\"https:\/\/www.freiburg-schwarzwald.de\/lehrpfad.htm#Murgtalpfad\">Murgtalpfad <\/a><a href=\"https:\/\/www.freiburg-schwarzwald.de\/wandern1.htm\">St.Peter &#8211; Waldlehrpfad<\/a><a href=\"https:\/\/www.freiburg-schwarzwald.de\/lehrpfad.htm#Lehrpfade im S\u00fcdschwarzwald - gelbes L\"> &gt;Wandern1<\/a><\/li>\n<li><a href=\"https:\/\/www.freiburg-schwarzwald.de\/ihringen5.htm#Lilienhof im Liliental zwischen Ihringen und Wasenweiler\"> Liliental mit Arboretum zwischen Ihringen und Wasenweiler<\/a> &gt;Ihringen5<\/li>\n<li><a href=\"https:\/\/www.freiburg-schwarzwald.de\/lehrpfad.htm#L\u00f6ffingen-Dittishausen: Heilkr\u00e4uter-Lehrpfad\">L\u00f6ffingen-Dittishausen: Heilkr\u00e4uter-Lehrpfad<\/a><\/li>\n<li><a href=\"https:\/\/www.freiburg-schwarzwald.de\/muenstertal3.htm#Erlebnispfad S\u00fc\u00dfenbrunn\">M\u00fcnstertal: Erlebnispfad S\u00fc\u00dfenbrunn<\/a> &gt;Muenstertal3 (8.8.2009)<\/li>\n<li><a href=\"https:\/\/www.freiburg-schwarzwald.de\/hotzenwald.htm#Murgtalpfad: 20 km von Herrischried-Lochh\u00e4user bis Murg am Rhein\"> Murgtalpfad: 20 km von Herrischried-Lochh\u00e4user bis Murg am Rhein<\/a> &gt;Hotzenwald<\/li>\n<li><a href=\"https:\/\/www.freiburg-schwarzwald.de\/lehrpfad.htm#\u00d6kologischer Weinkulturpfad Sulzburg - Heitersheim\">\u00d6kologischer Weinkulturpfad Sulzburg &#8211; Heitersheim<\/a><\/li>\n<li><a href=\"https:\/\/www.freiburg-schwarzwald.de\/lehrpfad.htm#Planetenweg an der Dreisam in Freiburg\">Planetenweg an der Dreisam in Freiburg<\/a> &gt;Lehrpfad<\/li>\n<li><a title=\"Pilze\" href=\"https:\/\/www.freiburg-schwarzwald.de\/blog\/natur\/ernaehrung\/pilze\/\">Pilze-Lehrpfad am Waldhaus in Freiburg <\/a>&gt;Pilze<\/li>\n<li><a href=\"https:\/\/www.freiburg-schwarzwald.de\/lehrpfad1.htm#Naturpfad Riegeler Michaelsberg: Bier, Weinbau, Leopoldskanal\"> Riegel &#8211; Naturpfad Riegeler Michaelsberg: Bier, Weinbau, Leopoldskanal<\/a> &gt;Lehrpfad1 (21.10.06)<\/li>\n<li><a href=\"https:\/\/www.freiburg-schwarzwald.de\/limberg.htm#Lehrpfad am Limberg\">Lehrpfad am Limberg<\/a> &gt;Limberg<\/li>\n<li><a href=\"https:\/\/www.freiburg-schwarzwald.de\/mengen.htm#Naturlehrpfad Brunnengraben in Schallstadt-Mengen\"> Schallstadt-Mengen: Naturlehrpfad Brunnengraben<\/a> &gt;Mengen (24.8.2010)<\/li>\n<li><a href=\"https:\/\/www.freiburg-schwarzwald.de\/schauinsland2.htm#NEST - Natur Erlebnis Schauinsland Total: Neue Entdeckungspfade\"> Schauinsland &#8211; Natur Erlebnis Schauinsland Total: NEST<\/a> &gt;Schauinsland2 (25.7.2007)<\/li>\n<li><a href=\"https:\/\/www.freiburg-schwarzwald.de\/schluchtensteig.htm\">Schluchtensteig von der Wutach &#8211; zur Wehraschlucht<\/a> &gt;Schluchtensteig<\/li>\n<li><a href=\"https:\/\/www.freiburg-schwarzwald.de\/sonnen-energie-wege.htm\">Sonnen-Energie-Wege &#8211; grenz\u00fcberschreitende Lehrpfade im Eurodistrikt<\/a> &gt;Sonnen-Energie-Wege<\/li>\n<li><a href=\"https:\/\/www.freiburg-schwarzwald.de\/littenweiler\/stgeorgen1.htm#Winzer und B\u00fcrgerverein schaffen einen Weinlehrpfad am Sch\u00f6nberg\"> St.Georgen &#8211; Winzer schaffen Weinlehrpfad am Sch\u00f6nberg<\/a> &gt;StGeorgen1 (27.6.2007)<\/li>\n<li><a href=\"https:\/\/www.freiburg-schwarzwald.de\/lehrpfad.htm#Waldlehrpfad St. Peter vo Claus Ganz vom Fr\u00e4\u00dflehof\">St. Peter &#8211; Waldlehrpfad von Claus Ganz vom Fr\u00e4\u00dflehof<\/a> (22.9.2003)<\/li>\n<li><a href=\"https:\/\/www.freiburg-schwarzwald.de\/stulrich1.htm#Spiritueller Lebensweg St. Ulrich - 3,8 km Rundwg um das Kloster\"> Spiritueller Lebensweg St. Ulrich &#8211; 3,8 km Rundweg um das Kloster<\/a> &gt;StUlrich1 (26.10.11)<\/li>\n<li><a href=\"https:\/\/www.freiburg-schwarzwald.de\/titisee.htm#Erlebnispfad Wasser . Naturlehrpfad in Titisee\">Titisee &#8211; Erlebnispfad Wasser<\/a> &gt;Titisee<\/li>\n<li><a href=\"https:\/\/www.freiburg-schwarzwald.de\/lehrpfad.htm#Vogtsburg am Kaiserstuhl - Baumbl\u00fctenweg\">Vogtsburg am Kaiserstuhl &#8211; Baumbl\u00fctenweg<\/a> (14.4.2004)<\/li>\n<li><a href=\"https:\/\/www.freiburg-schwarzwald.de\/lehrpfad.htm#Waldkirch - Fischlehrpfad er\u00f6ffnet\">Waldkirch &#8211; Fischlehrpfad er\u00f6ffnet<\/a> (6.10.2004)<\/li>\n<li><a href=\"https:\/\/www.freiburg-schwarzwald.de\/wiiwegli.htm\">Wiiwegli &#8211; im Markgr\u00e4flerland von Staufen nach Badenweiler<\/a> &gt;Wiiwegli<\/li>\n<li><a href=\"https:\/\/www.freiburg-schwarzwald.de\/lehrpfad1.htm#Brotweg in Yach und Schinkenweg in H\u00f6chenschwand\"> Yach: Brotweg<\/a> &gt;Lehrpfad1 (7.5.2006)<br \/>\n<span style=\"font-size: small;\"> \u00a0<\/span><\/li>\n<li><a href=\"https:\/\/www.freiburg-schwarzwald.de\/lehrpfad.htm#Links\">Links<\/a><\/li>\n<li><a title=\"Jakobswege\" href=\"https:\/\/www.freiburg-schwarzwald.de\/blog\/sport\/wandern\/jakobswege\/\"><span style=\"font-size: small;\">Jakobswege &#8211; Pilgerpfade<\/span><\/a><span style=\"font-size: small;\"> &gt;Jakobsweg<\/span><\/li>\n<li><\/li>\n<\/ul>\n<p>&nbsp;<\/p>\n","protected":false},"excerpt":{"rendered":"<p>Home &gt;Sport &gt;Wandern &gt;Lehrpfad &nbsp; Wandern. Landkarte statt Handy\u00a0(11.10.2021) Lebensraum-Themenweg in FR-Kappel\u00a0(26.8.2020) Aktuelles zur Lehrpfad-Seite &gt;Lehrpfad1 www.freiburg-dreisamtal.de\/lehrpfad.htm &gt;Archivseite Lehrpfad Barfu\u00dfpfad Gutach im Kinzigtal: Entdeckung der Langsamkeit &gt;Lehrpfad Bollschweil: Bergbau-Lehrpfad Birchiburg am Birkenberg &gt;Burgen Bettlerpfad von Merzhausen nach Badenweiler\u00a0 &#8211; Wanderf\u00fchrer &hellip; <a href=\"https:\/\/www.freiburg-schwarzwald.de\/blog\/sport\/wandern\/lehrpfad\/\">Weiterlesen <span class=\"meta-nav\">&rarr;<\/span><\/a><\/p>\n","protected":false},"author":2,"featured_media":0,"parent":1369,"menu_order":0,"comment_status":"open","ping_status":"closed","template":"","meta":{"footnotes":""},"class_list":["post-51928","page","type-page","status-publish","hentry"],"_links":{"self":[{"href":"https:\/\/www.freiburg-schwarzwald.de\/blog\/wp-json\/wp\/v2\/pages\/51928","targetHints":{"allow":["GET"]}}],"collection":[{"href":"https:\/\/www.freiburg-schwarzwald.de\/blog\/wp-json\/wp\/v2\/pages"}],"about":[{"href":"https:\/\/www.freiburg-schwarzwald.de\/blog\/wp-json\/wp\/v2\/types\/page"}],"author":[{"embeddable":true,"href":"https:\/\/www.freiburg-schwarzwald.de\/blog\/wp-json\/wp\/v2\/users\/2"}],"replies":[{"embeddable":true,"href":"https:\/\/www.freiburg-schwarzwald.de\/blog\/wp-json\/wp\/v2\/comments?post=51928"}],"version-history":[{"count":1,"href":"https:\/\/www.freiburg-schwarzwald.de\/blog\/wp-json\/wp\/v2\/pages\/51928\/revisions"}],"predecessor-version":[{"id":95234,"href":"https:\/\/www.freiburg-schwarzwald.de\/blog\/wp-json\/wp\/v2\/pages\/51928\/revisions\/95234"}],"up":[{"embeddable":true,"href":"https:\/\/www.freiburg-schwarzwald.de\/blog\/wp-json\/wp\/v2\/pages\/1369"}],"wp:attachment":[{"href":"https:\/\/www.freiburg-schwarzwald.de\/blog\/wp-json\/wp\/v2\/media?parent=51928"}],"curies":[{"name":"wp","href":"https:\/\/api.w.org\/{rel}","templated":true}]}}