{"id":51135,"date":"2014-10-24T18:58:38","date_gmt":"2014-10-24T16:58:38","guid":{"rendered":"https:\/\/www.freiburg-schwarzwald.de\/blog\/?page_id=51135"},"modified":"2026-03-03T12:14:29","modified_gmt":"2026-03-03T11:14:29","slug":"persepolis","status":"publish","type":"page","link":"https:\/\/www.freiburg-schwarzwald.de\/blog\/global\/iran\/persepolis\/","title":{"rendered":"Persepolis"},"content":{"rendered":"<p><a href=\"https:\/\/www.freiburg-schwarzwald.de\/blog\">Home<\/a> &gt;<a title=\"Global\" href=\"https:\/\/www.freiburg-schwarzwald.de\/blog\/global\/\">Global<\/a> &gt;<a title=\"Iran\" href=\"https:\/\/www.freiburg-schwarzwald.de\/blog\/global\/iran\/\">Iran<\/a> &gt;Persepolis<\/p>\n<div id=\"attachment_51162\" style=\"width: 649px\" class=\"wp-caption alignnone\"><a href=\"https:\/\/www.freiburg-schwarzwald.de\/blog\/global\/iran\/persepolis\/persepolis1pan141011\/\" rel=\"attachment wp-att-51162\"><img loading=\"lazy\" decoding=\"async\" aria-describedby=\"caption-attachment-51162\" class=\"size-full wp-image-51162\" src=\"https:\/\/www.freiburg-schwarzwald.de\/blog\/wp-content\/uploads\/2014\/10\/persepolis1pan141011.jpg\" alt=\"Persepolis zwischen Shiraz und Yazd am 11.10.2014\" width=\"639\" height=\"253\" srcset=\"https:\/\/www.freiburg-schwarzwald.de\/blog\/wp-content\/uploads\/2014\/10\/persepolis1pan141011.jpg 639w, https:\/\/www.freiburg-schwarzwald.de\/blog\/wp-content\/uploads\/2014\/10\/persepolis1pan141011-180x71.jpg 180w\" sizes=\"auto, (max-width: 639px) 100vw, 639px\" \/><\/a><p id=\"caption-attachment-51162\" class=\"wp-caption-text\">Persepolis zwischen Shiraz und Yazd am 11.10.2014<\/p><\/div>\n<p>&nbsp;<\/p>\n<ul>\n<li><a href=\"https:\/\/www.freiburg-schwarzwald.de\/blog\/usa-israel-antworten-dem-iran\/\">USA-Israel antworten dem Iran<\/a> (3.3.2026)<\/li>\n<li>Persepolis &#8211; Residenz der Ach\u00e4meniden-K\u00f6nige<\/li>\n<li>Ach\u00e4meniden-Nekropole Naqsh-e Rostam mit den Felsengr\u00e4bern<\/li>\n<li><a title=\"Isfahan\" href=\"https:\/\/www.freiburg-schwarzwald.de\/blog\/global\/iran\/isfahan\/\">Isfahan<\/a><\/li>\n<li><a title=\"Shiraz\" href=\"https:\/\/www.freiburg-schwarzwald.de\/blog\/global\/iran\/shiraz\/\">Shiraz<\/a><\/li>\n<li><a title=\"Yazd\" href=\"https:\/\/www.freiburg-schwarzwald.de\/blog\/global\/iran\/yazd\/\">Yazd<\/a><\/li>\n<\/ul>\n<p>&nbsp;<\/p>\n<p><strong>Persepolis &#8211; Residenz der Ach\u00e4meniden-K\u00f6nige<\/strong><\/p>\n<p><a href=\"https:\/\/www.freiburg-schwarzwald.de\/blog\/global\/iran\/persepolis\/persepolis1elkady141011\/\" rel=\"attachment wp-att-51163\"><img loading=\"lazy\" decoding=\"async\" class=\"alignnone size-thumbnail wp-image-51163\" src=\"https:\/\/www.freiburg-schwarzwald.de\/blog\/wp-content\/uploads\/2014\/10\/persepolis1elkady141011-135x180.jpg\" alt=\"persepolis1elkady141011\" width=\"135\" height=\"180\" srcset=\"https:\/\/www.freiburg-schwarzwald.de\/blog\/wp-content\/uploads\/2014\/10\/persepolis1elkady141011-135x180.jpg 135w, https:\/\/www.freiburg-schwarzwald.de\/blog\/wp-content\/uploads\/2014\/10\/persepolis1elkady141011.jpg 480w\" sizes=\"auto, (max-width: 135px) 100vw, 135px\" \/><\/a>\u00a0\u00a0\u00a0\u00a0\u00a0\u00a0\u00a0\u00a0\u00a0\u00a0\u00a0\u00a0\u00a0\u00a0\u00a0\u00a0\u00a0\u00a0\u00a0 <a href=\"https:\/\/www.freiburg-schwarzwald.de\/blog\/global\/iran\/persepolis\/persepolis2schleier141010\/\" rel=\"attachment wp-att-51204\"><img loading=\"lazy\" decoding=\"async\" class=\"alignnone size-thumbnail wp-image-51204\" src=\"https:\/\/www.freiburg-schwarzwald.de\/blog\/wp-content\/uploads\/2014\/10\/persepolis2schleier141010-142x180.jpg\" alt=\"persepolis2schleier141010\" width=\"142\" height=\"180\" srcset=\"https:\/\/www.freiburg-schwarzwald.de\/blog\/wp-content\/uploads\/2014\/10\/persepolis2schleier141010-142x180.jpg 142w, https:\/\/www.freiburg-schwarzwald.de\/blog\/wp-content\/uploads\/2014\/10\/persepolis2schleier141010-506x640.jpg 506w, https:\/\/www.freiburg-schwarzwald.de\/blog\/wp-content\/uploads\/2014\/10\/persepolis2schleier141010.jpg 507w\" sizes=\"auto, (max-width: 142px) 100vw, 142px\" \/><\/a>\u00a0\u00a0\u00a0\u00a0\u00a0\u00a0\u00a0\u00a0 <a href=\"https:\/\/www.freiburg-schwarzwald.de\/blog\/global\/iran\/persepolis\/persepolis3schleier141010\/\" rel=\"attachment wp-att-51205\"><img loading=\"lazy\" decoding=\"async\" class=\"alignnone size-thumbnail wp-image-51205\" src=\"https:\/\/www.freiburg-schwarzwald.de\/blog\/wp-content\/uploads\/2014\/10\/persepolis3schleier141010-180x138.jpg\" alt=\"persepolis3schleier141010\" width=\"180\" height=\"138\" srcset=\"https:\/\/www.freiburg-schwarzwald.de\/blog\/wp-content\/uploads\/2014\/10\/persepolis3schleier141010-180x138.jpg 180w, https:\/\/www.freiburg-schwarzwald.de\/blog\/wp-content\/uploads\/2014\/10\/persepolis3schleier141010.jpg 640w\" sizes=\"auto, (max-width: 180px) 100vw, 180px\" \/><\/a><br \/>\n(1) Unser guter Reiseleiter<\/p>\n<p><a href=\"https:\/\/www.freiburg-schwarzwald.de\/blog\/global\/iran\/persepolis\/persepolis4gebirge141010\/\" rel=\"attachment wp-att-51206\"><img loading=\"lazy\" decoding=\"async\" class=\"alignnone size-thumbnail wp-image-51206\" src=\"https:\/\/www.freiburg-schwarzwald.de\/blog\/wp-content\/uploads\/2014\/10\/persepolis4gebirge141010-180x135.jpg\" alt=\"persepolis4gebirge141010\" width=\"180\" height=\"135\" srcset=\"https:\/\/www.freiburg-schwarzwald.de\/blog\/wp-content\/uploads\/2014\/10\/persepolis4gebirge141010-180x135.jpg 180w, https:\/\/www.freiburg-schwarzwald.de\/blog\/wp-content\/uploads\/2014\/10\/persepolis4gebirge141010.jpg 640w\" sizes=\"auto, (max-width: 180px) 100vw, 180px\" \/><\/a>\u00a0\u00a0\u00a0\u00a0\u00a0\u00a0\u00a0\u00a0\u00a0 <a href=\"https:\/\/www.freiburg-schwarzwald.de\/blog\/global\/iran\/persepolis\/persepolis5hitze141010\/\" rel=\"attachment wp-att-51207\"><img loading=\"lazy\" decoding=\"async\" class=\"alignnone size-thumbnail wp-image-51207\" src=\"https:\/\/www.freiburg-schwarzwald.de\/blog\/wp-content\/uploads\/2014\/10\/persepolis5hitze141010-180x135.jpg\" alt=\"persepolis5hitze141010\" width=\"180\" height=\"135\" srcset=\"https:\/\/www.freiburg-schwarzwald.de\/blog\/wp-content\/uploads\/2014\/10\/persepolis5hitze141010-180x135.jpg 180w, https:\/\/www.freiburg-schwarzwald.de\/blog\/wp-content\/uploads\/2014\/10\/persepolis5hitze141010.jpg 640w\" sizes=\"auto, (max-width: 180px) 100vw, 180px\" \/><\/a>\u00a0\u00a0\u00a0\u00a0\u00a0\u00a0\u00a0\u00a0\u00a0 <a href=\"https:\/\/www.freiburg-schwarzwald.de\/blog\/global\/iran\/persepolis\/persepolis6widder141010\/\" rel=\"attachment wp-att-51208\"><img loading=\"lazy\" decoding=\"async\" class=\"alignnone size-thumbnail wp-image-51208\" src=\"https:\/\/www.freiburg-schwarzwald.de\/blog\/wp-content\/uploads\/2014\/10\/persepolis6widder141010-180x135.jpg\" alt=\"persepolis6widder141010\" width=\"180\" height=\"135\" srcset=\"https:\/\/www.freiburg-schwarzwald.de\/blog\/wp-content\/uploads\/2014\/10\/persepolis6widder141010-180x135.jpg 180w, https:\/\/www.freiburg-schwarzwald.de\/blog\/wp-content\/uploads\/2014\/10\/persepolis6widder141010.jpg 640w\" sizes=\"auto, (max-width: 180px) 100vw, 180px\" \/><\/a><br \/>\n(4)<\/p>\n<p><a href=\"https:\/\/www.freiburg-schwarzwald.de\/blog\/global\/iran\/persepolis\/persepolis7gabe141010\/\" rel=\"attachment wp-att-51209\"><img loading=\"lazy\" decoding=\"async\" class=\"alignnone size-thumbnail wp-image-51209\" src=\"https:\/\/www.freiburg-schwarzwald.de\/blog\/wp-content\/uploads\/2014\/10\/persepolis7gabe141010-135x180.jpg\" alt=\"persepolis7gabe141010\" width=\"135\" height=\"180\" srcset=\"https:\/\/www.freiburg-schwarzwald.de\/blog\/wp-content\/uploads\/2014\/10\/persepolis7gabe141010-135x180.jpg 135w, https:\/\/www.freiburg-schwarzwald.de\/blog\/wp-content\/uploads\/2014\/10\/persepolis7gabe141010.jpg 480w\" sizes=\"auto, (max-width: 135px) 100vw, 135px\" \/><\/a>\u00a0\u00a0\u00a0\u00a0\u00a0\u00a0\u00a0\u00a0\u00a0\u00a0\u00a0\u00a0\u00a0\u00a0\u00a0\u00a0\u00a0\u00a0\u00a0\u00a0\u00a0\u00a0\u00a0\u00a0 <a href=\"https:\/\/www.freiburg-schwarzwald.de\/blog\/global\/iran\/persepolis\/persepolis8besucher141010\/\" rel=\"attachment wp-att-51210\"><img loading=\"lazy\" decoding=\"async\" class=\"alignnone size-thumbnail wp-image-51210\" src=\"https:\/\/www.freiburg-schwarzwald.de\/blog\/wp-content\/uploads\/2014\/10\/persepolis8besucher141010-180x135.jpg\" alt=\"persepolis8besucher141010\" width=\"180\" height=\"135\" srcset=\"https:\/\/www.freiburg-schwarzwald.de\/blog\/wp-content\/uploads\/2014\/10\/persepolis8besucher141010-180x135.jpg 180w, https:\/\/www.freiburg-schwarzwald.de\/blog\/wp-content\/uploads\/2014\/10\/persepolis8besucher141010.jpg 640w\" sizes=\"auto, (max-width: 180px) 100vw, 180px\" \/><\/a>\u00a0\u00a0\u00a0\u00a0\u00a0\u00a0\u00a0\u00a0\u00a0 <a href=\"https:\/\/www.freiburg-schwarzwald.de\/blog\/global\/iran\/persepolis\/persepolis9steine141010\/\" rel=\"attachment wp-att-51211\"><img loading=\"lazy\" decoding=\"async\" class=\"alignnone size-thumbnail wp-image-51211\" src=\"https:\/\/www.freiburg-schwarzwald.de\/blog\/wp-content\/uploads\/2014\/10\/persepolis9steine141010-180x135.jpg\" alt=\"persepolis9steine141010\" width=\"180\" height=\"135\" srcset=\"https:\/\/www.freiburg-schwarzwald.de\/blog\/wp-content\/uploads\/2014\/10\/persepolis9steine141010-180x135.jpg 180w, https:\/\/www.freiburg-schwarzwald.de\/blog\/wp-content\/uploads\/2014\/10\/persepolis9steine141010.jpg 640w\" sizes=\"auto, (max-width: 180px) 100vw, 180px\" \/><\/a><br \/>\n(7)\u00a0 Morgengabe dem K\u00f6nig<\/p>\n<p><a href=\"https:\/\/www.freiburg-schwarzwald.de\/blog\/global\/iran\/persepolis\/persepolis10steine141010\/\" rel=\"attachment wp-att-51213\"><img loading=\"lazy\" decoding=\"async\" class=\"alignnone size-thumbnail wp-image-51213\" src=\"https:\/\/www.freiburg-schwarzwald.de\/blog\/wp-content\/uploads\/2014\/10\/persepolis10steine141010-180x144.jpg\" alt=\"persepolis10steine141010\" width=\"180\" height=\"144\" srcset=\"https:\/\/www.freiburg-schwarzwald.de\/blog\/wp-content\/uploads\/2014\/10\/persepolis10steine141010-180x144.jpg 180w, https:\/\/www.freiburg-schwarzwald.de\/blog\/wp-content\/uploads\/2014\/10\/persepolis10steine141010.jpg 640w\" sizes=\"auto, (max-width: 180px) 100vw, 180px\" \/><\/a><br \/>\n(10)<\/p>\n<p>&nbsp;<\/p>\n<p><strong>Ach\u00e4meniden-Nekropole Naqsh-e Rostam mit den Felsengr\u00e4bern<\/strong><\/p>\n<p><a href=\"https:\/\/www.freiburg-schwarzwald.de\/blog\/global\/iran\/persepolis\/persepolis11felsgraeber141010\/\" rel=\"attachment wp-att-51214\"><img loading=\"lazy\" decoding=\"async\" class=\"alignnone size-thumbnail wp-image-51214\" src=\"https:\/\/www.freiburg-schwarzwald.de\/blog\/wp-content\/uploads\/2014\/10\/persepolis11felsgraeber141010-180x135.jpg\" alt=\"persepolis11felsgraeber141010\" width=\"180\" height=\"135\" srcset=\"https:\/\/www.freiburg-schwarzwald.de\/blog\/wp-content\/uploads\/2014\/10\/persepolis11felsgraeber141010-180x135.jpg 180w, https:\/\/www.freiburg-schwarzwald.de\/blog\/wp-content\/uploads\/2014\/10\/persepolis11felsgraeber141010.jpg 640w\" sizes=\"auto, (max-width: 180px) 100vw, 180px\" \/><\/a>\u00a0\u00a0\u00a0\u00a0\u00a0\u00a0\u00a0\u00a0\u00a0 <a href=\"https:\/\/www.freiburg-schwarzwald.de\/blog\/global\/iran\/persepolis\/persepolis12felsgraeber141010\/\" rel=\"attachment wp-att-51215\"><img loading=\"lazy\" decoding=\"async\" class=\"alignnone size-thumbnail wp-image-51215\" src=\"https:\/\/www.freiburg-schwarzwald.de\/blog\/wp-content\/uploads\/2014\/10\/persepolis12felsgraeber141010-180x135.jpg\" alt=\"persepolis12felsgraeber141010\" width=\"180\" height=\"135\" srcset=\"https:\/\/www.freiburg-schwarzwald.de\/blog\/wp-content\/uploads\/2014\/10\/persepolis12felsgraeber141010-180x135.jpg 180w, https:\/\/www.freiburg-schwarzwald.de\/blog\/wp-content\/uploads\/2014\/10\/persepolis12felsgraeber141010.jpg 640w\" sizes=\"auto, (max-width: 180px) 100vw, 180px\" \/><\/a>\u00a0\u00a0\u00a0\u00a0\u00a0\u00a0\u00a0\u00a0\u00a0 <a href=\"https:\/\/www.freiburg-schwarzwald.de\/blog\/global\/iran\/persepolis\/persepolis12felsgraeber141010-2\/\" rel=\"attachment wp-att-51216\"><img loading=\"lazy\" decoding=\"async\" class=\"alignnone size-thumbnail wp-image-51216\" src=\"https:\/\/www.freiburg-schwarzwald.de\/blog\/wp-content\/uploads\/2014\/10\/persepolis12felsgraeber1410101-180x135.jpg\" alt=\"persepolis12felsgraeber141010\" width=\"180\" height=\"135\" srcset=\"https:\/\/www.freiburg-schwarzwald.de\/blog\/wp-content\/uploads\/2014\/10\/persepolis12felsgraeber1410101-180x135.jpg 180w, https:\/\/www.freiburg-schwarzwald.de\/blog\/wp-content\/uploads\/2014\/10\/persepolis12felsgraeber1410101.jpg 640w\" sizes=\"auto, (max-width: 180px) 100vw, 180px\" \/><\/a><br \/>\n(1) Blick nach Nordwesten\u00a0\u00a0\u00a0\u00a0\u00a0\u00a0\u00a0\u00a0\u00a0\u00a0\u00a0\u00a0\u00a0\u00a0\u00a0\u00a0\u00a0\u00a0\u00a0\u00a0\u00a0\u00a0(2) Blick nach Norden am 10.10.2014\u00a0\u00a0\u00a0\u00a0 (3) Blick nach Nordosten<\/p>\n<p><a href=\"https:\/\/www.freiburg-schwarzwald.de\/blog\/global\/iran\/persepolis\/persepolis14felsgraeber141010\/\" rel=\"attachment wp-att-51217\"><img loading=\"lazy\" decoding=\"async\" class=\"alignnone size-thumbnail wp-image-51217\" src=\"https:\/\/www.freiburg-schwarzwald.de\/blog\/wp-content\/uploads\/2014\/10\/persepolis14felsgraeber141010-180x135.jpg\" alt=\"persepolis14felsgraeber141010\" width=\"180\" height=\"135\" srcset=\"https:\/\/www.freiburg-schwarzwald.de\/blog\/wp-content\/uploads\/2014\/10\/persepolis14felsgraeber141010-180x135.jpg 180w, https:\/\/www.freiburg-schwarzwald.de\/blog\/wp-content\/uploads\/2014\/10\/persepolis14felsgraeber141010.jpg 640w\" sizes=\"auto, (max-width: 180px) 100vw, 180px\" \/><\/a>\u00a0\u00a0\u00a0\u00a0\u00a0\u00a0\u00a0\u00a0\u00a0 <a href=\"https:\/\/www.freiburg-schwarzwald.de\/blog\/global\/iran\/persepolis\/persepolis15felsgraeber141010\/\" rel=\"attachment wp-att-51218\"><img loading=\"lazy\" decoding=\"async\" class=\"alignnone size-thumbnail wp-image-51218\" src=\"https:\/\/www.freiburg-schwarzwald.de\/blog\/wp-content\/uploads\/2014\/10\/persepolis15felsgraeber141010-135x180.jpg\" alt=\"persepolis15felsgraeber141010\" width=\"135\" height=\"180\" srcset=\"https:\/\/www.freiburg-schwarzwald.de\/blog\/wp-content\/uploads\/2014\/10\/persepolis15felsgraeber141010-135x180.jpg 135w, https:\/\/www.freiburg-schwarzwald.de\/blog\/wp-content\/uploads\/2014\/10\/persepolis15felsgraeber141010.jpg 480w\" sizes=\"auto, (max-width: 135px) 100vw, 135px\" \/><\/a>\u00a0\u00a0\u00a0\u00a0\u00a0\u00a0\u00a0\u00a0\u00a0\u00a0\u00a0\u00a0\u00a0\u00a0\u00a0\u00a0\u00a0\u00a0\u00a0\u00a0\u00a0\u00a0\u00a0\u00a0\u00a0\u00a0\u00a0 <a href=\"https:\/\/www.freiburg-schwarzwald.de\/blog\/global\/iran\/persepolis\/persepolis16felsgraeber141010\/\" rel=\"attachment wp-att-51219\"><img loading=\"lazy\" decoding=\"async\" class=\"alignnone size-thumbnail wp-image-51219\" src=\"https:\/\/www.freiburg-schwarzwald.de\/blog\/wp-content\/uploads\/2014\/10\/persepolis16felsgraeber141010-180x135.jpg\" alt=\"persepolis16felsgraeber141010\" width=\"180\" height=\"135\" srcset=\"https:\/\/www.freiburg-schwarzwald.de\/blog\/wp-content\/uploads\/2014\/10\/persepolis16felsgraeber141010-180x135.jpg 180w, https:\/\/www.freiburg-schwarzwald.de\/blog\/wp-content\/uploads\/2014\/10\/persepolis16felsgraeber141010.jpg 640w\" sizes=\"auto, (max-width: 180px) 100vw, 180px\" \/><\/a><br \/>\n(4)<\/p>\n","protected":false},"excerpt":{"rendered":"<p>Home &gt;Global &gt;Iran &gt;Persepolis &nbsp; USA-Israel antworten dem Iran (3.3.2026) Persepolis &#8211; Residenz der Ach\u00e4meniden-K\u00f6nige Ach\u00e4meniden-Nekropole Naqsh-e Rostam mit den Felsengr\u00e4bern Isfahan Shiraz Yazd &nbsp; Persepolis &#8211; Residenz der Ach\u00e4meniden-K\u00f6nige \u00a0\u00a0\u00a0\u00a0\u00a0\u00a0\u00a0\u00a0\u00a0\u00a0\u00a0\u00a0\u00a0\u00a0\u00a0\u00a0\u00a0\u00a0\u00a0 \u00a0\u00a0\u00a0\u00a0\u00a0\u00a0\u00a0\u00a0 (1) Unser guter Reiseleiter \u00a0\u00a0\u00a0\u00a0\u00a0\u00a0\u00a0\u00a0\u00a0 \u00a0\u00a0\u00a0\u00a0\u00a0\u00a0\u00a0\u00a0\u00a0 (4) \u00a0\u00a0\u00a0\u00a0\u00a0\u00a0\u00a0\u00a0\u00a0\u00a0\u00a0\u00a0\u00a0\u00a0\u00a0\u00a0\u00a0\u00a0\u00a0\u00a0\u00a0\u00a0\u00a0\u00a0 &hellip; <a href=\"https:\/\/www.freiburg-schwarzwald.de\/blog\/global\/iran\/persepolis\/\">Weiterlesen <span class=\"meta-nav\">&rarr;<\/span><\/a><\/p>\n","protected":false},"author":2,"featured_media":0,"parent":851,"menu_order":0,"comment_status":"open","ping_status":"closed","template":"","meta":{"footnotes":""},"class_list":["post-51135","page","type-page","status-publish","hentry"],"_links":{"self":[{"href":"https:\/\/www.freiburg-schwarzwald.de\/blog\/wp-json\/wp\/v2\/pages\/51135","targetHints":{"allow":["GET"]}}],"collection":[{"href":"https:\/\/www.freiburg-schwarzwald.de\/blog\/wp-json\/wp\/v2\/pages"}],"about":[{"href":"https:\/\/www.freiburg-schwarzwald.de\/blog\/wp-json\/wp\/v2\/types\/page"}],"author":[{"embeddable":true,"href":"https:\/\/www.freiburg-schwarzwald.de\/blog\/wp-json\/wp\/v2\/users\/2"}],"replies":[{"embeddable":true,"href":"https:\/\/www.freiburg-schwarzwald.de\/blog\/wp-json\/wp\/v2\/comments?post=51135"}],"version-history":[{"count":1,"href":"https:\/\/www.freiburg-schwarzwald.de\/blog\/wp-json\/wp\/v2\/pages\/51135\/revisions"}],"predecessor-version":[{"id":146426,"href":"https:\/\/www.freiburg-schwarzwald.de\/blog\/wp-json\/wp\/v2\/pages\/51135\/revisions\/146426"}],"up":[{"embeddable":true,"href":"https:\/\/www.freiburg-schwarzwald.de\/blog\/wp-json\/wp\/v2\/pages\/851"}],"wp:attachment":[{"href":"https:\/\/www.freiburg-schwarzwald.de\/blog\/wp-json\/wp\/v2\/media?parent=51135"}],"curies":[{"name":"wp","href":"https:\/\/api.w.org\/{rel}","templated":true}]}}