{"id":50770,"date":"2014-09-22T16:00:25","date_gmt":"2014-09-22T14:00:25","guid":{"rendered":"https:\/\/www.freiburg-schwarzwald.de\/blog\/?page_id=50770"},"modified":"2026-04-02T20:08:13","modified_gmt":"2026-04-02T18:08:13","slug":"asyl","status":"publish","type":"page","link":"https:\/\/www.freiburg-schwarzwald.de\/blog\/global\/integration\/asyl\/","title":{"rendered":"Asyl"},"content":{"rendered":"<p><a href=\"https:\/\/www.freiburg-schwarzwald.de\/blog\">Home<\/a> &gt;<a title=\"Global\" href=\"https:\/\/www.freiburg-schwarzwald.de\/blog\/global\/\">Global<\/a>\u00a0&gt;<a title=\"Integration\" href=\"https:\/\/www.freiburg-schwarzwald.de\/blog\/global\/integration\/\">Integration<\/a> &gt;Asyl<\/p>\n<div id=\"attachment_49310\" style=\"width: 649px\" class=\"wp-caption alignnone\"><a href=\"https:\/\/www.freiburg-schwarzwald.de\/blog\/global\/italien\/rom\/liguria12mittelmeer-pan140710\/\" rel=\"attachment wp-att-49310\"><img loading=\"lazy\" decoding=\"async\" aria-describedby=\"caption-attachment-49310\" class=\"size-full wp-image-49310\" src=\"https:\/\/www.freiburg-schwarzwald.de\/blog\/wp-content\/uploads\/2014\/01\/liguria12mittelmeer-pan140710.jpg\" alt=\"An der K\u00fcste von Ligurien 40 km \u00f6stlich von Genua am 10.7.2014\" width=\"639\" height=\"240\" srcset=\"https:\/\/www.freiburg-schwarzwald.de\/blog\/wp-content\/uploads\/2014\/01\/liguria12mittelmeer-pan140710.jpg 639w, https:\/\/www.freiburg-schwarzwald.de\/blog\/wp-content\/uploads\/2014\/01\/liguria12mittelmeer-pan140710-180x67.jpg 180w\" sizes=\"auto, (max-width: 639px) 100vw, 639px\" \/><\/a><p id=\"caption-attachment-49310\" class=\"wp-caption-text\">An der K\u00fcste von Ligurien 40 km \u00f6stlich von Genua am 10.7.2014<\/p><\/div>\n<ul>\n<li><em>Listenauswahl eines Beitrags (Artikel\/Datum, Seite\/Inhalt):\u00a0<span style=\"text-decoration: underline;\">Klicken<\/span>\u00a0oder scrollen<\/em><\/li>\n<li><a href=\"https:\/\/www.freiburg-schwarzwald.de\/blog\/global\/migration\/radikal\/\">Bei der Radikalisierung von Asylbewerbern zu islamistischen Attent\u00e4tern l\u00e4sst sich ein Muster erkennen<\/a> (31.3.2026)<\/li>\n<li><a href=\"https:\/\/www.freiburg-schwarzwald.de\/blog\/global\/integration\/asyl\/asylrecht\/\">Dr. Rupert Scholz: Asyl-Aufnahme widerspricht dem Grundgesetz<\/a> (16.11.2025)<\/li>\n<li><a href=\"https:\/\/www.freiburg-schwarzwald.de\/blog\/engagement\/zukunft\/demokratie\/unseredemokratie\/\">Demokratie leben 3: Staatlich toleriertes Kirchenasyl<\/a>\u00a0(31.10.2025)<\/li>\n<li><a href=\"https:\/\/www.freiburg-schwarzwald.de\/blog\/engagement\/gemeinnuetzigkeit\/\">Pro Asyl \u2013 gemeinn\u00fctzige Organisation<\/a>\u00a0(27.8.2025)<\/li>\n<li><a href=\"https:\/\/www.freiburg-schwarzwald.de\/blog\/pro-asyl-konzern-pro-migration\/\">Pro-Asyl Konzern Pro-Migration<\/a> (10.6.2025)<\/li>\n<li><a href=\"https:\/\/www.freiburg-schwarzwald.de\/blog\/global\/integration\/asyl\/asylrecht\/\">BAMF-Chef: Individuelles Asylrecht sollte abgeschafft werden<\/a>\u00a0(1.4.2025)<\/li>\n<li><a href=\"https:\/\/www.freiburg-schwarzwald.de\/blog\/global\/integration\/asyl\/asylrecht\/\">Hamer: Asylrecht mu\u00df wieder Ausnahme-Individualrecht werden<\/a> (18.10.2024)<\/li>\n<li><a href=\"https:\/\/www.freiburg-schwarzwald.de\/blog\/migration-ukrainekrieg-stoppen\/\">Migration Ukrainekrieg stoppen<\/a>\u00a0(10.10.2024)<\/li>\n<li><a href=\"https:\/\/www.freiburg-schwarzwald.de\/blog\/global\/eu\/europawahl2024\/\">ZDF-Kandidatencheck: Asyl-Anerkennungsquote gelogen<\/a>\u00a0(31.5.2024)<\/li>\n<li><a href=\"https:\/\/www.freiburg-schwarzwald.de\/blog\/selbsthilfe\/krise\/sexuellermissbrauch\/freiwild\/\">Unsere T\u00f6chter sind kein Freiwild \u2013 Kein Asyl f\u00fcr junge Afghanen\u00a0<\/a>\u00a0(8.3.2024)<\/li>\n<li><a href=\"https:\/\/www.freiburg-schwarzwald.de\/blog\/global\/integration\/fluechtlinge-rueckkehr\/\">Der kaum bekannte All-Inklusive-Service f\u00fcr abgelehnte Asylbewerber<\/a> (19.11.2023)<\/li>\n<li><a href=\"https:\/\/www.freiburg-schwarzwald.de\/blog\/ohne-pass-keine-abschiebung\/\">Ohne Pass keine Abschiebung<\/a>\u00a0(28.10.2023)<\/li>\n<li><a href=\"https:\/\/www.freiburg-schwarzwald.de\/blog\/engagement\/zukunft\/frieden\/kriegsdienstverweigerung\/\">Ukraine will Deutschland zwingen, 160.000 ukrainische M\u00e4nner auszuliefern<\/a>\u00a0(7.9.2023)<\/li>\n<li><a href=\"https:\/\/www.freiburg-schwarzwald.de\/blog\/legale-statt-illegale-migration\/\">Legale statt illegale Migration<\/a>\u00a0(23.1.2023)<\/li>\n<li><a href=\"https:\/\/www.freiburg-schwarzwald.de\/blog\/wohnungsnot-und-ihr-elefant\/\">Wohnungsnot und ihr Elefant<\/a>\u00a0(14.1.2023)<\/li>\n<li><a href=\"https:\/\/www.freiburg-schwarzwald.de\/blog\/aufnahmefaehigkeit-migration\/\">Aufnahmef\u00e4higkeit \u2013 Migration<\/a>\u00a0(3.12.2022)<\/li>\n<li><a href=\"https:\/\/www.freiburg-schwarzwald.de\/blog\/global\/migration\/kriegsfluechtlinge\/\">Arnold Vaatz: Junge Afrikaner und ukrainische M\u00fctter<\/a>\u00a0(6.3.2022)<\/li>\n<li><a href=\"https:\/\/www.freiburg-schwarzwald.de\/blog\/kriegs-und-wirschaftsfluechtlinge\/\">Kriegs- und Wirtschaftsfl\u00fcchtlinge<\/a>\u00a0(3.3.2022)<\/li>\n<li><a href=\"https:\/\/www.freiburg-schwarzwald.de\/blog\/asylrecht-lockt-migranten-an\/\">Asylrecht lockt Migranten an<\/a>\u00a0(10.11.2021)<\/li>\n<li><a href=\"https:\/\/www.freiburg-schwarzwald.de\/blog\/global\/integration\/asyl\/asylpolitik\/\">Deutschland lockt mit viel Geld Fl\u00fcchtlinge an<\/a> (31.10.2021)<\/li>\n<li><a href=\"https:\/\/www.freiburg-schwarzwald.de\/blog\/global\/integration\/asyl\/asylpolitik\/\">Deutsche Asylpolitik verletzt Moral und internationales Recht<\/a> (30.10.2021)<\/li>\n<li><a href=\"https:\/\/www.freiburg-schwarzwald.de\/blog\/global\/integration\/fluechtlinge-rueckkehr\/\">Zum Heimaturlaub nach Syrien<\/a>\u00a0(26.8.2021)<\/li>\n<li><a href=\"https:\/\/www.freiburg-schwarzwald.de\/blog\/global\/integration\/asyl\/asyl-ausweis\/\">H\u00e4lfte der Zuwanderer kommt ohne Pass<\/a> (24.2.2021)<\/li>\n<li>Asyl-R\u00fccklage des Bundes 2020 (48,2 Mrd Euro) und Rassismus<\/li>\n<li><a title=\"Baerbock: Asyl f\u00fcr alle, 3\/4 &lt; 2\/3\" href=\"https:\/\/www.freiburg-schwarzwald.de\/blog\/baerbock-asyl-fuer-alle-34-23\/\">Annalena Baerbock: Asyl f\u00fcr alle \u2013 3\/4 kleiner als 2\/3<\/a>\u00a0(26.8.2020)<\/li>\n<li>Warum so viele Migranten am 1. Januar \u201eGeburtstag\u201c haben (13.5.2020)<\/li>\n<li><a title=\"Corona-Migration\" href=\"https:\/\/www.freiburg-schwarzwald.de\/blog\/business\/gesund\/corona-virus\/corona-migration\/\">Grenze weiterhin offen;\u00a0Weder\u00a0Coronatests noch Zur\u00fcckweisungen von Migranten<\/a>\u00a0(27.3.2020)<\/li>\n<li><a title=\"Grundgesetz\" href=\"https:\/\/www.freiburg-schwarzwald.de\/blog\/engagement\/zukunft\/demokratie\/grundgesetz\/\">Rupert Scholz: Die Verfassung wird gebrochen<\/a>\u00a0(19.6.2019)<\/li>\n<li><a title=\"Grenzen\" href=\"https:\/\/www.freiburg-schwarzwald.de\/blog\/global\/eu\/grenzen\/\">Ohne Grenzen \u2013 sinnhafte Ordientierung geht verloren<\/a> (11.5.2019)<\/li>\n<li>Klaus Miehling: Trotz Gewaltenteilung: Verfassungsbeschwerde Asyl abgewiesen (22.11.2018)<\/li>\n<li><a title=\"BAMF macht zu \u2013 ohne Folgen\" href=\"https:\/\/www.freiburg-schwarzwald.de\/blog\/bamf-macht-zu-ohne-folgen\/\">BAMF macht zu &#8211; folgenlos<\/a> (6.6.2018)<\/li>\n<li><a title=\"Grundgesetz\" href=\"https:\/\/www.freiburg-schwarzwald.de\/blog\/engagement\/zukunft\/demokratie\/grundgesetz\/\">Staatsrechtler fordert Grundgesetz\u00e4nderung: Asyl kein einklagbares Grundrecht<\/a> (26.2.2018)<\/li>\n<li><a href=\"https:\/\/www.freiburg-schwarzwald.de\/blog\/buergerasyl-recht-ametovic\/\">https:\/\/www.freiburg-schwarzwald.de\/blog\/buergerasyl-recht-ametovic\/<\/a> (3.10.2017)<\/li>\n<li><a href=\"https:\/\/www.freiburg-schwarzwald.de\/blog\/rechtsbeugung-im-rechtsstaat\/\">https:\/\/www.freiburg-schwarzwald.de\/blog\/rechtsbeugung-im-rechtsstaat\/<\/a> (10.12.2016)<\/li>\n<li>Bassam Tibi: Recht auf Asyl ist individuell (23.10.2016)<\/li>\n<li><a href=\"https:\/\/www.freiburg-schwarzwald.de\/blog\/neudeck-tot-fluechtlinge-in-not\/\">https:\/\/www.freiburg-schwarzwald.de\/blog\/neudeck-tot-fluechtlinge-in-not\/<\/a> (31.5.2016)<\/li>\n<li><a title=\"Sexuellermissbrauch\" href=\"https:\/\/www.freiburg-schwarzwald.de\/blog\/selbsthilfe\/krise\/sexuellermissbrauch\/\">Syrischer Asylbewerber bel\u00e4stigt etliche Kinder in FR sexuell<\/a> (28.4.2016)<\/li>\n<li>Asylrecht und Genfer Fl\u00fcchtlingskonvention (3.3.2016)<\/li>\n<li><a href=\"https:\/\/www.freiburg-schwarzwald.de\/blog\/handgranate-falsche-taeter\/\">https:\/\/www.freiburg-schwarzwald.de\/blog\/handgranate-falsche-taeter\/<\/a> (11.2.2016)<\/li>\n<li><a href=\"https:\/\/www.freiburg-schwarzwald.de\/blog\/fluechtlingspolitik-neu-denken\/\">https:\/\/www.freiburg-schwarzwald.de\/blog\/fluechtlingspolitik-neu-denken\/<\/a> (7.2.2016)<\/li>\n<li>Grundrecht auf Sicherheit rangiert vor dem Grundrecht auf Asyl (24.11.2015)<\/li>\n<li>Deutschlands moralische Selbst\u00fcbersch\u00e4tzung &#8211; das deutsche Asylrecht (7.11.2015)<\/li>\n<li><a href=\"https:\/\/www.freiburg-schwarzwald.de\/blog\/asyl-kein-individualgrundrecht\/\">https:\/\/www.freiburg-schwarzwald.de\/blog\/asyl-kein-individualgrundrecht\/<\/a> (3.11.2015)<\/li>\n<li>Asyl, Fl\u00fcchtling, Migrant, Politisch Verfolgter, BAMF &#8211; Parallelgesetzgebung (26.10.2015)<\/li>\n<li>EU-Kontingente f\u00fcr Fl\u00fcchtlinge (5.10.2015)<\/li>\n<li>Es gibt kein Menschenrecht auf Asyl (3.9.2015)<\/li>\n<li>Abschiebung st\u00e4rkt das Asylrecht (5.5.2015)<\/li>\n<li>Asyl im Jahr 2014 (6.2.20159<\/li>\n<li>Duldung abgelehnter Asylbewerber stoppen &#8211; Abschiebung ausf\u00fchren (25.12.2014)<\/li>\n<li>Deutsche Politik verweigert Trennung von Asyl und Zuwanderung \u00fcber ein Einwanderungsgesetz (15.12.2014)<\/li>\n<li>Roma sind keine politisch Verfolgten &#8211; Ein Rat an alle Gutmenschen (29.11.2014)<\/li>\n<li>Straff\u00e4llige Asylanten abschieben (2.11.2014)<\/li>\n<li>Asyl ist nicht gleich Aufenthalt (24.9.2014)<\/li>\n<li>Fl\u00fcchtlings-Kontigente in der EU (22.9.2014)<\/li>\n<li><\/li>\n<li><a href=\"https:\/\/www.freiburg-schwarzwald.de\/blog\/global\/integration\/asyl\/asylrecht\/\">Asylrecht<\/a><\/li>\n<li><a href=\"https:\/\/www.freiburg-schwarzwald.de\/blog\/global\/integration\/asyl\/asyl-ausweis\/\">Asyl-Ausweis<\/a><\/li>\n<li><a href=\"https:\/\/www.freiburg-schwarzwald.de\/blog\/global\/integration\/asyl\/asylpolitik\/\">Asylpolitik<\/a><\/li>\n<li>Asyl f\u00fcr Verfolgte &#8211; Armut ist kein Asylgrund<\/li>\n<li>Asylbewerberleistungsgesetz<\/li>\n<li><a title=\"Armutszuwanderung\" href=\"https:\/\/www.freiburg-schwarzwald.de\/blog\/global\/integration\/armutszuwanderung\/\">Armutszuwanderung<\/a><\/li>\n<li><a title=\"Asylanten\" href=\"https:\/\/www.freiburg-schwarzwald.de\/blog\/global\/integration\/asylanten\/\">Asylanten im Raum Freiburg<\/a><\/li>\n<li><a href=\"https:\/\/www.freiburg-schwarzwald.de\/blog\/asyl-kompromiss-bleiberecht\/\">https:\/\/www.freiburg-schwarzwald.de\/blog\/asyl-kompromiss-bleiberecht\/<\/a>\u00a0(20.9.2014)<\/li>\n<li><a title=\"Einwanderungsgesetz\" href=\"https:\/\/www.freiburg-schwarzwald.de\/blog\/global\/integration\/einwanderungsgesetz\/\">Einwanderungsgesetz<\/a><\/li>\n<li><a title=\"Fluechtlinge\" href=\"https:\/\/www.freiburg-schwarzwald.de\/blog\/global\/integration\/fluechtlinge\/\">Fl\u00fcchtlinge<\/a><\/li>\n<li><a title=\"Fluechtlingshelfer\" href=\"https:\/\/www.freiburg-schwarzwald.de\/blog\/global\/integration\/fluechtlingshelfer\/\">Fluechtlingshelfer\u00a0<\/a><\/li>\n<li><a href=\"https:\/\/www.freiburg-schwarzwald.de\/blog\/selbsthilfe\/krise\/sexuellermissbrauch\/freiwild\/\">Freiwild<\/a><\/li>\n<li><a href=\"https:\/\/www.freiburg-schwarzwald.de\/blog\/engagement\/gemeinnuetzigkeit\/\">Gemeinn\u00fctzigkeit<\/a><\/li>\n<li><a title=\"Integration\" href=\"https:\/\/www.freiburg-schwarzwald.de\/blog\/global\/integration\/\">Integration<\/a><\/li>\n<li><a title=\"Kontrollierte-Grenzen\" href=\"https:\/\/www.freiburg-schwarzwald.de\/blog\/global\/migration\/kontrollierte-grenzen\/\">Kontrollierte-Grenzen<\/a><\/li>\n<li><a href=\"https:\/\/www.freiburg-schwarzwald.de\/blog\/global\/migration\/kriegsfluechtlinge\/\">Kriegsfl\u00fcchtlinge<\/a><\/li>\n<li><a title=\"Migrationsindustrie\" href=\"https:\/\/www.freiburg-schwarzwald.de\/blog\/global\/integration\/migrationsindustrie\/\">Migrationsindustrie<\/a><\/li>\n<li><a title=\"Opposition\" href=\"https:\/\/www.freiburg-schwarzwald.de\/blog\/engagement\/zukunft\/demokratie\/opposition\/\">Opposition<\/a><\/li>\n<li><a title=\"Pegida\" href=\"https:\/\/www.freiburg-schwarzwald.de\/blog\/global\/integration\/pegida\/\">Pegida<\/a><\/li>\n<li><a title=\"Rechtsstaat\" href=\"https:\/\/www.freiburg-schwarzwald.de\/blog\/selbsthilfe\/soziales\/justiz\/rechtsstaat\/\">Rechtsstaat<\/a><\/li>\n<li><a title=\"Roma\" href=\"https:\/\/www.freiburg-schwarzwald.de\/blog\/global\/roma\/\">Roma<\/a><\/li>\n<li><a title=\"Zuwanderer\" href=\"https:\/\/www.freiburg-schwarzwald.de\/blog\/global\/migration\/zuwanderer\/\">Zuwanderer<\/a><\/li>\n<\/ul>\n<p>&#8222;Kommen Euch Deutschen denn keine kritischen Fragen, wenn fast alle Fl\u00fcchtlinge zwar ein Smartphone, aber \u00fcber 70 % keine Ausweispapiere mit sich f\u00fchren?&#8220;<br \/>\n10.12.2015, Mein franz\u00f6sischer Freund Didier Bruand<\/p>\n<p>Asyl in Baden-W\u00fcrttemberg &#8211; Portalseite der Arbeits- und Helferkreise<br \/>\n<a href=\"https:\/\/asyl-bw.de\/\">https:\/\/asyl-bw.de\/<\/a><br \/>\n==============================================================<\/p>\n<p>&nbsp;<\/p>\n<p>&nbsp;<\/p>\n<p><strong>Asyl-R\u00fccklage des Bundes 2020 (48,2 Mrd Euro) und Rassismus<\/strong><br \/>\n.<br \/>\n<a href=\"https:\/\/www.freiburg-schwarzwald.de\/blog\/global\/integration\/asyl\/asyl-ruecklagen2020\/\" rel=\"attachment wp-att-83627\"><img loading=\"lazy\" decoding=\"async\" class=\"alignnone size-thumbnail wp-image-83627\" src=\"https:\/\/www.freiburg-schwarzwald.de\/blog\/wp-content\/uploads\/2014\/09\/asyl-ruecklagen2020-140x180.jpg\" alt=\"asyl-ruecklagen2020\" width=\"140\" height=\"180\" srcset=\"https:\/\/www.freiburg-schwarzwald.de\/blog\/wp-content\/uploads\/2014\/09\/asyl-ruecklagen2020-140x180.jpg 140w, https:\/\/www.freiburg-schwarzwald.de\/blog\/wp-content\/uploads\/2014\/09\/asyl-ruecklagen2020-499x640.jpg 499w, https:\/\/www.freiburg-schwarzwald.de\/blog\/wp-content\/uploads\/2014\/09\/asyl-ruecklagen2020.jpg 640w\" sizes=\"auto, (max-width: 140px) 100vw, 140px\" \/><\/a><br \/>\n.<br \/>\nWas f\u00fcr eine teuflische Unversch\u00e4mtheit, was f\u00fcr eine gottbeschei\u00dfensw\u00fcrdige Perfidie, was f\u00fcr eine spei\u00fcble Niedertracht, einem Land, das j\u00e4hrlich dreistellige Millardensummen f\u00fcr Migranten ausgibt, ihnen Wohnraum, Arztbehandlungen und Ausbildungsm\u00f6glichkeiten schenkt, ihnen Platz macht, zuweilen seine T\u00f6chter opfert, die Unbildung, bizarren Sitten, religi\u00f6sen Anma\u00dfungen und die schiere Gewalt vieler Neuank\u00f6mmlinge ertr\u00e4gt, strukturellen Rassismus zu unterstellen!<br \/>\n&#8230; Alles vom 24.9.2020 bitte lesen auf<br \/>\n<a href=\"https:\/\/michael-klonovsky.de\/acta-diurna\">https:\/\/michael-klonovsky.de\/acta-diurna<\/a><\/p>\n<p>.<\/p>\n<p>&nbsp;<\/p>\n<p><strong>Warum so viele Migranten am 1. Januar \u201eGeburtstag\u201c haben<\/strong><br \/>\nImmer wieder sorgt das Geburtsdatum von Zuwanderern f\u00fcr Verwunderung. Beispielsweise vor Wochen, als 13 von 47 aus Griechenland im Rahmen eines Sonderaufnahmeprogramms eingeflogene minderj\u00e4hrife Migranten laut offiziellem Eintrag am Neujahrstag zur Welt gekommen sein sollen. &#8230;.<br \/>\nDas Bundesamt f\u00fcr Migration und Fl\u00fcchtlinge (BAMF) f\u00fchrt 416.420 Asylsuchende mit dem Geburtsdatum 1. Januar.<br \/>\n&#8230; Alles vom 13.5.2020 bitte lesen auf<br \/>\n<a href=\"https:\/\/www.welt.de\/politik\/deutschland\/plus207930209\/Zuwanderung-Warum-so-viele-Migranten-am-1-Januar-Geburtstag-haben.html\">https:\/\/www.welt.de\/politik\/deutschland\/plus207930209\/Zuwanderung-Warum-so-viele-Migranten-am-1-Januar-Geburtstag-haben.html<\/a><br \/>\n.<br \/>\n.<br \/>\n<strong>Klaus Miehling: Trotz Gewaltenteilung: Verfassungsbeschwerde Asyl abgewiesen<\/strong><br \/>\nDieser Begriff &#8222;<a title=\"Rechtsstaat\" href=\"https:\/\/www.freiburg-schwarzwald.de\/blog\/selbsthilfe\/soziales\/justiz\/rechtsstaat\/\">Gewaltenteilung<\/a>&#8220; bedeutet, dass<br \/>\nLegislative (Gesetzgebung),<br \/>\nJudikative (Rechtsprechung) und<br \/>\nExekutive (Polizei)<br \/>\nvoneinander unabh\u00e4ngig sind. Tats\u00e4chlich jedoch ist in Deutschland eine Einflussnahme der Politik (d.h. der Legislative) auf die Rechtsprechung m\u00f6glich. So werden die 16 Richter des h\u00f6chsten deutschen Gerichts, des Bundesverfassungsgerichts, jeweils zur H\u00e4lfte vom Bundestag und vom Bundesrat auf zw\u00f6lf Jahre gew\u00e4hlt. Diese Richter entscheiden bekanntlich, ob politische Entscheidungen gegen die Verfassung, d.h. gegen das Grundgesetz versto\u00dfen. Von wirklicher Unabh\u00e4ngigkeit kann also nicht gesprochen werden.<br \/>\nMan stelle sich vor, ein normaler Angeklagter d\u00fcrfte sich seinen eigenen Richter w\u00e4hlen! Es ist also nicht erstaunlich, dass das Bundesverfassungsgericht mit Ma\u00dfregelungen der Politik eher vorsichtig ist. Beispielsweise wurde eine Verfassungsbeschwerde gegen die nach Beurteilung zahlreicher Juristen und auch ehemaliger (!) Verfassungsrichter<br \/>\n<a href=\"https:\/\/alexanderdilger.wordpress.com\/2016\/01\/13\/drei-ex-verfassungsrichter-halten-merkels-fluechtlingspolitik-fuer-rechtswidrig\/\">https:\/\/alexanderdilger.wordpress.com\/2016\/01\/13\/drei-ex-verfassungsrichter-halten-merkels-fluechtlingspolitik-fuer-rechtswidrig\/<\/a><br \/>\nrechtswidrige Asylpolitik gar nicht erst zur Entscheidung angenommen.<br \/>\n<a href=\"https:\/\/www.epochtimes.de\/politik\/deutschland\/ohne-begruendung-verfassungsbeschwerde-gegen-asylpolitik-zurueckgewiesen-schachtschneider-hofft-auf-laender-a1311793.html\">https:\/\/www.epochtimes.de\/politik\/deutschland\/ohne-begruendung-verfassungsbeschwerde-gegen-asylpolitik-zurueckgewiesen-schachtschneider-hofft-auf-laender-a1311793.html<br \/>\n<\/a>\u00a0.<br \/>\nReicht sonst ein Anfangsverdacht, um Staatsanwaltschaften und Gerichte t\u00e4tig werden zu lassen, so gen\u00fcgten hier nicht einmal kompetente juristische Einsch\u00e4tzungen. Es ist offensichtlich, dass diese Verweigerung politische Gr\u00fcnde hatte, dass die Judikative in diesem Fall von der Legislative abh\u00e4ngig war.<br \/>\nDr. Klaus Miehling: Rechtsstaat Deutschland<br \/>\n<a href=\"https:\/\/www.dzig.de\/Rechtsstaat-Deutschland_Eine-ernuechternde-Analyse\">https:\/\/www.dzig.de\/Rechtsstaat-Deutschland_Eine-ernuechternde-Analyse<\/a><br \/>\n.<br \/>\nRechtsstaat Deutschland? Was sind die Merkmale eines Rechtsstaates? Leben wir einem? Was wir \u201eRechtsstaat\u201c nennen, ist nur noch abbl\u00e4tternder Putz auf den Mauern eines Willk\u00fcrsystems. Eine Analyse und ein Pl\u00e4doyer f\u00fcr eine ganz neue Kultur der Vernunft.<br \/>\n&#8230; Alles von Klaus Miehling vom 22.11.2018 auf bitte lesen auf<br \/>\n<a href=\"https:\/\/www.epochtimes.de\/politik\/deutschland\/rechtsstaat-deutschland-eine-ernuechternde-analyse-von-dr-klaus-miehling-a2649680.html\">https:\/\/www.epochtimes.de\/politik\/deutschland\/rechtsstaat-deutschland-eine-ernuechternde-analyse-von-dr-klaus-miehling-a2649680.html<\/a><br \/>\n.<br \/>\n.<br \/>\n<strong>Bassam Tibi: Recht auf Asyl ist individuell<\/strong><br \/>\nGesellschaftlich ist es neben der Differenzierung zwischen Ein- und Zuwanderung erforderlich, auch zwischen humanit\u00e4rer Politik und Einwanderungspolitik zu unterscheiden. Es ist unbestreitbar, dass politisch Verfolgte ein Recht auf Asyl haben \u2013 dieses Recht ist aber ein individuelles und kein Gruppenrecht. Die Verfolgung verleiht dem Antragsteller zudem keinen Dauerstatus. Denn das Asylrecht berechtigt zeitlich nur zu einem begrenzten Aufenthalt. Einwanderung erfolgt dagegen erstens nach Bedarf der Aufnahmegesellschaft und zweitens mit dem Ziel, die eingewanderte Person auf Dauer zum individuellen Mitglied des Gemeinwesens zu machen. <strong>Ein B\u00fcrgerstatus als Citoyen muss durch Arbeit erworben und kann nicht geschenkt werden,<\/strong> so wie Gesinnungsethiker dies tun, wenn sie Fl\u00fcchtlinge, die noch nicht einmal die Landessprache sprechen, zu \u201eneuen B\u00fcrgern\u201c hochstufen&#8230;..<br \/>\nAlles von Bassam Tibi: &#8222;Humanit\u00e4re Politik ist keine Einwanderungspolitik&#8220; vom 23.10.2016 bitte lesen auf<br \/>\n<a href=\"https:\/\/www.cicero.de\/berliner-republik\/Migration-humanitaere-politik-ist-keine-einwanderungspolitik\">https:\/\/www.cicero.de\/berliner-republik\/Migration-humanitaere-politik-ist-keine-einwanderungspolitik<br \/>\n<\/a>\u00a0 \u00a0.<br \/>\nBassam Tibi pl\u00e4diert f\u00fcr eine gesteuerte Einwanderung. Die Aufnahme in die Sozialsysteme muss an Bedingungen gekn\u00fcpft sein, sonst ist die innere Sicherheit in Gefahr. Buch:<br \/>\n<em>Bassam Tibi: Europa ohne Identit\u00e4t? Europ\u00e4isierung oder Islamisierung, <\/em><br \/>\n<em>ibidem-Verlag, 522 Seiten, Oktober 2016, 19.90 Euro.<\/em><\/p>\n<p>&nbsp;<\/p>\n<p><strong>Asylrecht und Genfer Fl\u00fcchtlingskonvention<\/strong><br \/>\nDas deutsche Asylrecht gew\u00e4hrt Schutz vor politischer Verfolgung durch einen Staat und nicht etwa Schutz vor den Parteien eines B\u00fcrgerkriegs&#8230;.. Und die Genfer Fl\u00fcchtlingskonvention, die gro\u00dfz\u00fcgiger ist und auch B\u00fcrgerkriegsfl\u00fcchtlingen Schutz verspricht, gilt f\u00fcr die jeweiligen Nachbarl\u00e4nder. Die sind zun\u00e4chst einmal zust\u00e4ndig, nicht Deutschland. Das deutsche Asylgesetz sagt klipp und klar, dass Fl\u00fcchtlinge, die \u00fcber sichere Drittl\u00e4nder nach Deutschland kommen, zur\u00fcckzuweisen sind, weil sie hier kein Asylrecht haben. Die Bundesregierung hat diese Regelung unter Bezug auf eine dort vorgesehene Notstandsregelung au\u00dfer Kraft gesetzt. Sie kann sich aber nicht dauerhaft auf den Notstand berufen&#8230;.<br \/>\nAlles von Hans-Werner Sinn zu &#8222;Es ist Aufgabe der Kanzlerin, Staatsgebiet zu sch\u00fctzen&#8220; in DIE WELT vom 3.3.2016 bitte lesen auf<br \/>\n<a href=\"https:\/\/www.welt.de\/wirtschaft\/article152864656\/Es-ist-Aufgabe-der-Kanzlerin-Staatsgebiet-zu-schuetzen.html\">https:\/\/www.welt.de\/wirtschaft\/article152864656\/Es-ist-Aufgabe-der-Kanzlerin-Staatsgebiet-zu-schuetzen.html<\/a><\/p>\n<p>.<\/p>\n<p><strong>Grundrecht auf Sicherheit rangiert vor dem Grundrecht auf Asyl<\/strong><br \/>\nJeder B\u00fcrger dieses Landes hat ein Grundrecht auf Sicherheit (durch &#8222;kontrollierte Grenzen mit Obergrenze&#8220;). Schafft es D nicht, seine Au\u00dfengrenzen wirksam zu sch\u00fctzen, ist dies schon ein klares Vergehen an seiner nationalen Selbstbestimmung. Es ist ja schon ein Wahnsinn, dass die CDU, wie der Journalist Wolfram Weimar sagt, hier ihre Kernkompetenz (Sicherheit) aufgibt und ins Ungef\u00e4hre abdriftet.<br \/>\nDas Recht von Asyl steht in der zweiten Reihe, wenn die Sicherheit dieses Landes akut bedroht ist. So argumentieren L\u00e4nder wie Schweiz, England, Frankreich, Amerika, -und die Oststaaten. Dies sind keine Bananenstaaten. Sondern aufgekl\u00e4rte L\u00e4nder. Der Hinweis auf seine besondere Geschichte &#8211; wie die Linke und ARD argumentiert,- ist keine Legitimation, dieses Land bis an die Belastungsobergrenze (weit \u00fcber 1 Mio Fl\u00fcchtlinge in 2015) \u00a0zu bringen, und ihre Sicherheit str\u00e4flich zu vernachl\u00e4ssigen. Damit w\u00fcrde sich D in absehbarer Zeit selbst abschaffen. Dies war und ist nicht im Sinne des Gesetzesgebers.<br \/>\n24.11.2015, Albrecht Wallenstein<\/p>\n<p>&nbsp;<\/p>\n<p><strong>Es gibt kein Menschenrecht auf Asyl<br \/>\n<\/strong>Asyl ist kein international anerkanntes <a title=\"Menschenrechte\" href=\"https:\/\/www.freiburg-schwarzwald.de\/blog\/kultur\/aufklaerung\/menschenrechte\/\">Menschenrecht<\/a>.<br \/>\nDer Bundestag kann das im Grundgesetz verbriefte Asylrecht mit 2\/3-Mehrheit \u00e4ndern.<br \/>\n\u00dcber 2 Mio Ukrainer sind bereit zur Flucht nach Deutschland &#8211; allesamt als politisch Verfolgte voll asylberechtigt.<\/p>\n<p>Grundrecht von den Menschenrechten unterscheiden:<br \/>\n1. Das Individualrecht auf Asyl ist ein Grundrecht,\u00a0aber kein Menschenrecht. Es gibt kein Menschenrecht auf Einwanderung in ein fremdes Land, gleich aus welchem Grund. Es gibt nur einen v\u00f6lkerrechtlichen Anspruch in das Nachbarland eines Kriegsgebietes zu fl\u00fcchten.<br \/>\n2. Grundrechte mit Ausnahme der W\u00fcrde des Menschen k\u00f6nnen mit verfassungs\u00e4ndernder Mehrheit eingef\u00fchrt oder abgeschafft werden. Folglich ist auch kein Verfassungsfeind, wer das individuelle Grundrecht auf Asyl abschaffen m\u00f6chte. Daf\u00fcr darf innerhalb eines demokratischen Meinungsbildungsprozesses geworben werden. Im \u00fcbrigen wurde genau das im Jahre 1992 von einer 2\/3 Mehrheit des Deutschen Bundestages und Bundesrates gemacht. Man hat das Grundrecht auf Asyl auf solche F\u00e4lle eingeschr\u00e4nkt, die nicht aus sicheren Drittstaaten zu uns kommen, somit auf fast alle. Zugestimmt hat damals unter anderem die heutige Bundeskanzlerin.<br \/>\nNoch ein wenig Asylkritik zum Abschluss:<br \/>\n<a class=\"normalPfeil\" href=\"https:\/\/www.spiegel.de\/politik\/deutschland\/homosexuelle-fluechtlinge-die-schlimmste-zeit-meines-lebens-a-1053173.html\" target=\"_blank\" rel=\"noopener\">https:\/\/www.spiegel.de\/politik\/deutschland\/homosexuelle-fluechtlinge-die-schlimmste-zeit-meines-lebens-a-1053173.html<\/a><br \/>\n20.9.2015.<\/p>\n<p>&nbsp;<\/p>\n<p><strong>Asyl f\u00fcr Verfolgte &#8211; Armut ist kein Asylgrund<\/strong><br \/>\n<em>&#8222;Unter der Bezeichnung Asyl (lat. asylum aus griech. \u1f04\u03c3\u03c5\u03bb\u03bf\u03bd zu \u1f04\u03c3\u03c5\u03bb\u03bf\u03c2 &#8222;unberaubt; sicher&#8220; = \u1f00- privativum + \u03c3\u1fe6\u03bb\u03bf\u03bd &#8222;Raub&#8220;) versteht man einen Zufluchtsort, eine Unterkunft, ein Obdach, eine Freistatt bzw. Freist\u00e4tte oder eine Notschlafstelle (Nachtasyl); den Schutz vor Gefahr und Verfolgung; die tempor\u00e4re Aufnahme Verfolgter.<\/em><br \/>\n<em>Unter Asylrecht versteht man das unter anderem im deutschen Asylverfahrensgesetz (AsylVfG), im \u00f6sterreichischen Asylgesetz (AsylG) und im Schweizer Asylgesetz (AsylG) geregelte Rechtsgebiet um Asyl, im engeren Sinne alle materiellen Normen der tempor\u00e4ren Aufnahme Verfolgter und der Abschiebung (in der Schweiz: Ausschaffung) oder Einb\u00fcrgerung (Naturalisation); im Speziellen einerseits das konkrete Recht des Einzelnen, als Asylbewerber Asyl zu beantragen und andererseits die humanit\u00e4re Verpflichtung einer gesellschaftlichen Gruppe, darauf einzugehen.<\/em><br \/>\n<em>Als Fl\u00fcchtlinge anzuerkennen sind Menschen, wenn sie, wie es im Artikel 1 der Genfer Fl\u00fcchtlingskonvention von 1951 hei\u00dft, sich au\u00dferhalb ihres Heimatlandes befinden und berechtigte Furcht haben m\u00fcssen, wegen ihrer Rasse, Religion, Nationalit\u00e4t, politischen Gesinnung oder Zugeh\u00f6rigkeit zu einer bestimmten sozialen Gruppe verfolgt zu werden. Wirtschaftliche Not, Naturkatastrophen oder Armut werden nicht als Fluchtgr\u00fcnde im Sinne des internationalen Asylrechts anerkannt.&#8220; (Quelle: Wikipedia)<\/em><br \/>\n<em>Armut begr\u00fcndet also kein Recht auf Asyl (siehe oben\u00a0letzter Satz).\u00a0Wer aus Armut in Deutschland Asyl beantragt, blockiert einen Platz f\u00fcr Asylbewerber, die wegen ihrer Religion, Rasse, Nationalit\u00e4t oder Gesinnung verfolgt werden und deshalb zu uns fl\u00fcchten!<\/em><\/p>\n<h5><em>&#8222;Es darf nicht sein, dass einer, der kein Recht auf Asyl hat und dann noch schwer straff\u00e4llig geworden ist, durch das zusammentreffen von Strafprozessordnung und Ausl\u00e4nderrecht am Ende mit einer Art Bleiberecht belohnt wird&#8220;.<\/em><br \/>\n<em>Sachsen-Innenminister Markus Ulbig , CDU, Spiegel vom 20.12.2014, S. 32<br \/>\n<\/em><em><span style=\"font-size: small;\">.<br \/>\n&#8222;36<\/span><span style=\"font-family: Arial; font-size: small;\">\u2005960 Libanesen leben in Deutschland, 90 Prozent von ihnen beziehen Hartz IV.&#8220; DIE ZEIT, 7.2014<\/span><\/em><\/h5>\n<p><em><span style=\"font-family: Arial; font-size: small;\"><span style=\"font-family: Arial; font-size: small;\">&#8222;Seit 2010 ist bundesweit kein Fall einer gelungenen freiwilligen R<\/span><\/span><span style=\"font-size: small;\">\u00fcckkehr staatenloser Pal\u00e4stinenser in den Libanon bekannt geworden und dokumentiert; selbst Straft\u00e4ter libanesischer Staatsangeh\u00f6rigkeit werden von den dortigen Beh\u00f6rden NICHT mehr \u00fcbernommen&#8220; Verwaltungsgericht Berlin, 10\/2014<\/span><\/em><\/p>\n<p><em>\u00a0Gesetze m\u00fcssen befolgt (Mastricht) werden. Gesetze m\u00fcssen angewendet (Asyl) werden.<\/em><\/p>\n<p><em>Asylbewerberleistungsgesetz: 359 Euro\/Monat Erwachsener, 323 Euro Ehepartner, 217-283 Euro\/Kind. Familie mit zwei Kindern 5 und 10 Jahre erh\u00e4lt \u00a0somit 1112 Euro netto plus Wohnung+Heizung, also ca 2000 Euro\/Monat.<\/em><\/p>\n<p>&nbsp;<\/p>\n<p><strong>Asylbewerberleistungsgesetz<\/strong><br \/>\nDas Gesetz regelt Leistungen f\u00fcr Fl\u00fcchlinge,\u00a0um das Existenzminimum zu sichern:<br \/>\n<span class=\"ngBold\">Im Erstaufnahme-Heim: Dinge des t\u00e4glichen Bedarfs\u00a0<\/span>wie Essen oder M\u00f6bel, Erstausstattungspakete, Kleiderspenden oder Gutscheine.<br \/>\n<span class=\"ngBold\">Bargeld<\/span> f\u00fcr pers\u00f6nliche Bed\u00fcrfnisse: Alleinstehende erhalten 143 Euro im Monat. Erwachsene, die sich als Partner einen Haushalt teilen, bekommen je 129 Euro. Wer sonst noch im Haushalt lebt, kriegt 113 Euro. Und f\u00fcr Kinder stehen den Familien je nach Alter zwischen 85 und 92 Euro zu.<br \/>\nBei Unterbringung ausserhalb der Gemeinschaftsunterk\u00fcnfte\u00a0fallen\u00a0Sachleistungen weg, weshalb es\u00a0<span class=\"ngBold\">zus\u00e4tzliches Bargeld gibt:<\/span> Erwachsene Alleinstehende erhalten 216 Euro, Kinder oder weitere Haushaltsmitglieder zwischen 133 und 194 Euro. Zus\u00e4tzlich Wohnkosten\u00fcbernahme. Beihilfen f\u00fcr Kinder Anspruch f\u00fcr Schulausflug oder Sportverein. Bei Krankheit tr\u00e4gt der Staat alle Kosten.<br \/>\nIst ein Fl\u00fcchtling l\u00e4nger als 15 Monate im Land, stehen ihm <span class=\"ngBold\">Leistungen auf Sozialhilfeniveau<\/span> zu: Ein alleinstehender Asylbewerber erh\u00e4lt etwa 392 Euro zuz\u00fcglich Wohnkosten.<br \/>\n.<br \/>\n.<br \/>\n<strong>Deutschlands moralische Selbst\u00fcbersch\u00e4tzung &#8211; das deutsche Asylrecht<\/strong><br \/>\nDer Glaube, wir seien berufen, gegebenenfalls auch im Alleingang, weltweit das Gute, zumindest in Form des Asylrechts, zu verwirklichen, ist ein Irrglaube, der nicht zu unserer Lebensl\u00fcge werden darf.<br \/>\nJeder Versuch, aus dem schrecklichsten Kapitel der deutschen Geschichte eine deutsche Sondermoral abzuleiten, f\u00fchrt in die Irre und ist zum Scheitern verurteilt.<br \/>\nWir d\u00fcrfen nicht mehr versprechen, als wir halten k\u00f6nnen. &#8230;.<br \/>\nAlles von Heinrich August Winkler vom 30.9.2015 bitte lesen auf<br \/>\n<a href=\"https:\/\/www.faz.net\/aktuell\/politik\/fluechtlingskrise\/gastbeitrag-deutschlands-moralische-selbstueberschaetzung-13826534.html\">https:\/\/www.faz.net\/aktuell\/politik\/fluechtlingskrise\/gastbeitrag-deutschlands-moralische-selbstueberschaetzung-13826534.html<\/a><\/p>\n<p><em>Der SPD-nahe Historiker Heinrich August Winkler wurde f\u00fcr seine im o.a. Gastbeitrag in der FAZ ge\u00e4u\u00dferte Generalkritik am \u201cuneinl\u00f6sbaren\u201d deutschen (und weltweit einzigartigen) Asylversprechen in der deutschen Mainstream-Presse aufs \u00fcbelste angegriffen und gar mittels Nazi-Keule in die rechte Ecke gestellt. Dabei gilt (oder mu\u00df man bereits sagen: galt) Winkler als einer DER anerkannten Geschichtsprofessoren der deutschen Nachkriegszeit.<br \/>\n7.11.2015<\/em><\/p>\n<p>&nbsp;<\/p>\n<p>.<\/p>\n<p><strong>Asyl, Fl\u00fcchtling, Migrant, Politisch Verfolgter, BAMF &#8211; Parallelgesetzgebung<\/strong><br \/>\nErg\u00e4nzend f\u00fcr andere Leser m\u00f6chte ich hier nochmal das von Ihnen erw\u00e4hnte Grundgesetz bem\u00fchen, insbesondere den f\u00fcr die Asylthematik zust\u00e4ndigen \u00a7 16a GG (hier der Einfachheit halber nur die Abs\u00e4tze 1 und 2, insgesamt sind&#8217;s 5, die kann jeder f\u00fcr sich nachlesen, wenn er m\u00f6chte):<\/p>\n<p><em>(1) Politisch Verfolgte genie\u00dfen Asylrecht.<\/em><br \/>\n<em>(2) Auf Absatz 1 kann sich nicht berufen, wer aus einem Mitgliedstaat der Europ\u00e4ischen Gemeinschaften oder aus einem anderen Drittstaat einreist, in dem die Anwendung des Abkommens \u00fcber die Rechtsstellung der Fl\u00fcchtlinge und der Konvention zum Schutze der Menschenrechte und Grundfreiheiten sichergestellt ist. Die Staaten au\u00dferhalb der Europ\u00e4ischen Gemeinschaften, auf die die Voraussetzungen des Satzes 1 zutreffen, werden durch Gesetz, das der Zustimmung des Bundesrates bedarf, bestimmt. In den F\u00e4llen des Satzes 1 k\u00f6nnen aufenthaltsbeendende Ma\u00dfnahmen unabh\u00e4ngig von einem hiergegen eingelegten Rechtsbehelf vollzogen werden.<\/em><\/p>\n<p>Und wir m\u00fcssen zudem lernen, dass es eine klare Unterscheidung zwischen&#8230;<br \/>\n<em>.<strong>&#8230;Fl\u00fcchtling gem\u00e4\u00df der Genfer Konvention:<\/strong><\/em><br \/>\n<em>&#8222;Fl\u00fcchtling nach der Genfer Konvention ist, wer eine begr\u00fcndete Furcht vor Verfolgung hat. Gr\u00fcnde k\u00f6nnen seine Ethnie, Religion, Nationalit\u00e4t, politische \u00dcberzeugung oder seine Zugeh\u00f6rigkeit zu einer bestimmten sozialen Gruppe sein.<\/em><br \/>\n<em>Der Fl\u00fcchtling wei\u00df, dass er deswegen den Schutz seines Landes nicht in Anspruch nehmen oder wegen dieser Furcht vor Verfolgung nicht mehr dorthin zur\u00fcckkehren kann. <\/em><em>Ein Fl\u00fcchtling hat das Recht auf Sicherheit in einem anderen Land.&#8220;<\/em><\/p>\n<p><em><strong>&#8230;und Migrant gibt:<\/strong><\/em><br \/>\n&#8222;Ein Migrant ist, wer innerhalb eines Landes oder \u00fcber Staatsgrenzen hinweg an einen anderen Ort zieht. Genau genommen sind also auch Fl\u00fcchtlinge Migranten. Meist ist jedoch von Migration die Rede, wenn jemand sein Heimatland freiwillig verl\u00e4sst, um seine Lebensbedingungen zu verbessern.&#8220;<\/p>\n<p>Ergo hat ein Migrant keinen Anspruch auf Asyl, Stichwort: sicheres Herkunftsland. \u00a0Und jetzt kommen wir zu einer weiteren juristischen Spitzfindigkeit, n\u00e4mlich der weiteren Klassifizierung von Fl\u00fcchtlingen: Laut Herrn Welz vom BAMF, dessen Ausf\u00fchrungen ich letzte Woche in Lahr lauschen durfte, definiert die Bundesregierung die Zuwanderer aus Syrien nicht als B\u00fcrgerkriegsfl\u00fcchtlinge, sondern als &#8222;politisch Verfolgte&#8220;.\u00a0Der Grund daf\u00fcr ist schnell erkl\u00e4rt, siehe Erl\u00e4uterung zu 16a GG von der Website des BAMF:<br \/>\n<a class=\"normalPfeil\" href=\"https:\/\/www.bamf.de\/DE\/Migration\/AsylFluechtlinge\/Asylrecht\/asylrecht-node.html\" target=\"_blank\" rel=\"noopener\">https:\/\/www.bamf.de\/DE\/Migration\/AsylFluechtlinge\/Asylrecht\/asylrecht-node.html<\/a><\/p>\n<p><em>Zitat: &#8222;Nach Artikel 16a des Grundgesetzes (GG) der Bundesrepublik Deutschland genie\u00dfen politisch Verfolgte Asyl.<\/em><br \/>\n<em>Das Asylrecht wird in Deutschland nicht nur &#8211; wie in vielen anderen Staaten &#8211; auf Grund der v\u00f6lkerrechtlichen Verpflichtung aus der Genfer Fl\u00fcchtlingskonvention (GFK) von 1951 gew\u00e4hrt, sondern hat als Grundrecht Verfassungsrang. Es ist das einzige Grundrecht, das nur Ausl\u00e4ndern zusteht.<\/em><br \/>\n<em>Politisch ist eine Verfolgung dann, wenn sie dem Einzelnen in Ankn\u00fcpfung an seine politische \u00dcberzeugung, seine religi\u00f6se Grundentscheidung oder an f\u00fcr ihn unverf\u00fcgbare Merkmale, die sein Anderssein pr\u00e4gen, gezielt Rechtsverletzungen zuf\u00fcgt, die ihn ihrer Intensit\u00e4t nach aus der \u00fcbergreifenden Friedensordnung der staatlichen Einheit ausgrenzen. Das Asylrecht dient dem Schutz der Menschenw\u00fcrde in einem umfassenderen Sinne.<\/em><br \/>\n<em>Nicht jede negative staatliche Ma\u00dfnahme &#8211; selbst wenn sie an eines der genannten pers\u00f6nlichen Merkmale ankn\u00fcpft \u2013 stellt eine asylrelevante Verfolgung dar. Es muss sich vielmehr einerseits um eine gezielte Rechtsgutverletzung handeln, andererseits muss sie in ihrer Intensit\u00e4t darauf gerichtet sein, den Betreffenden aus der Gemeinschaft auszugrenzen. Schlie\u00dflich muss es sich um eine Ma\u00dfnahme handeln, die so schwerwiegend ist, dass sie die Menschenw\u00fcrde verletzt und \u00fcber das hinausgeht, was die Bewohner des jeweiligen Staates ansonsten allgemein hinzunehmen haben.<\/em><br \/>\n<em>Ber\u00fccksichtigt wird grunds\u00e4tzlich nur staatliche Verfolgung, also Verfolgung, die vom Staat ausgeht. Ausnahmen gelten, wenn die nichtstaatliche Verfolgung dem Staat zuzurechnen ist oder der nichtstaatliche Verfolger selbst an die Stelle des Staates getreten ist (quasistaatliche Verfolgung).<\/em><br \/>\n<em>Allgemeine Notsituationen wie Armut, B\u00fcrgerkriege, Naturkatastrophen oder Perspektivlosigkeit sind damit als Gr\u00fcnde f\u00fcr eine Asylgew\u00e4hrung grunds\u00e4tzlich ausgeschlossen. Hier kommt unter Umst\u00e4nden die Gew\u00e4hrung von subsidi\u00e4rem Schutz in Betracht.<\/em><br \/>\n<em>Bei einer Einreise \u00fcber einen sicheren Drittstaat ist eine Anerkennung als Asylberechtigter ausgeschlossen. Dies gilt auch, wenn eine R\u00fcckf\u00fchrung in diesen Drittstaat nicht m\u00f6glich ist, etwa weil dieser mangels entsprechender Angaben des Asylbewerbers nicht konkret bekannt ist. Datum 12.12.2012&#8243; Zitat Ende<\/em><\/p>\n<p>Der Vollst\u00e4ndigkeit halber f\u00fcge ich auch noch die Definition von &#8222;B\u00fcrgerkrieg&#8220; an, dann wird deutlich, warum das BAMF fast schon gezwungen wird, von politisch Verfolgten statt von B\u00fcrgerkriegsfl\u00fcchtlingen zu sprechen:<br \/>\nBundeszentrale f\u00fcr politische Bildung: B\u00fcrgerkrieg &#8222;Gewaltsame, mit milit\u00e4rischen Mitteln gef\u00fchrte Auseinandersetzungen zwischen zwei oder mehreren Gruppen um die Vorherrschaft innerhalb eines Staates.&#8220;<br \/>\nDie Definition &#8222;politisch Verfolgte&#8220; steht also auf sehr wackligen F\u00fcssen, denn es ist unbestritten, dass in Syrien ein B\u00fcrgerkrieg tobt, und zwar in Gro\u00dfen und Ganzen zwischen dem Regime, dem sogenannten Islamischen Staat (IS), Dschaisch al-Fatah, Al-Nusra-Front, Ahrar al-Scham, die Freie Syrische Armee und Kurdische Volksschutzeinheiten.<br \/>\nWas das im Detail f\u00fcr Gruppierungen sind, das kann man sehr anschaulich einem FOCUS-Artikel vom 21. Oktober entnehmen:<br \/>\n<a class=\"normalPfeil\" href=\"https:\/\/www.focus.de\/tagesthema\/konflikte-hintergrund-wer-kaempft-gegen-wen-in-syrien_id_5030019.html\" target=\"_blank\" rel=\"noopener\">https:\/\/www.focus.de\/tagesthema\/konflikte-hintergrund-wer-kaempft-gegen-wen-in-syrien_id_5030019.html<\/a><\/p>\n<p>Wenn man nun n\u00f6tigenfalls auf den sogenannten subsidi\u00e4ren Schutz verweist, hier die Ausf\u00fchrungen des BAMF zu diesem Punkt:<br \/>\n\u201eAuf subsidi\u00e4ren Schutz kann ein Drittstaatsangeh\u00f6riger oder Staatenloser Anspruch haben, dem weder durch die Zuerkennung der Fl\u00fcchtlingseigenschaft noch durch das Asylrecht Schutz gew\u00e4hrt werden kann. Er wird als subsidi\u00e4r Schutzberechtigter anerkannt, wenn er stichhaltige Gr\u00fcnde f\u00fcr die Annahme vorgebracht hat, dass ihm in seinem Herkunftsland ein ernsthafter Schaden droht.<br \/>\nAls ernsthafter Schaden gilt:<br \/>\n\u2022 die Verh\u00e4ngung oder Vollstreckung der Todesstrafe,<br \/>\n\u2022 Folter oder unmenschliche oder erniedrigende Behandlung oder Bestrafung oder<br \/>\n\u2022 eine ernsthafte individuelle Bedrohung des Lebens oder der Unversehrtheit einer Zivilperson infolge willk\u00fcrlicher Gewalt im Rahmen eines internationalen oder innerstaatlichen bewaffneten Konflikts.<br \/>\nDatum 22.05.2014\u201c<\/p>\n<p>Trotz Ber\u00fccksichtigung aller dieser Fakten steht au\u00dfer Frage, dass gem\u00e4\u00df unserem Grundgesetz 16a Abs. 2 der Asylantrag im sogenannten sicheren Drittstaat bzw. Mitgliedstaat der Europ\u00e4ischen Gemeinschaft gestellt werden muss. Folglich w\u00e4re Deutschland zum Zwecke eines Asylantrages nur \u00fcber den Luftweg oder \u00fcber die Nordsee, also schwimmend erreichbar.<br \/>\nDie von unserer Bundesregierung geschaffene Realit\u00e4t (im \u00dcbrigen meines Wissens ohne parlamentarische Abstimmung und damit NICHT legitimiert) sieht wie wir alle wissen, v\u00f6llig anders aus. &#8211; Da scheint es sowas wie eine <strong>&#8222;Parallelgesetzgebung&#8220;<\/strong> zu geben, welche den B\u00fcrgerinnen und B\u00fcrgern &#8211; aus welchen Gr\u00fcnden auch immer&#8230; &#8211; vorenthalten wird.<br \/>\n26.10.2015, R.M.Reiter<\/p>\n<p>&nbsp;<\/p>\n<p>&nbsp;<\/p>\n<p><strong>EU-Kontingente f\u00fcr Fl\u00fcchtlinge<\/strong><br \/>\nPolitisch Verfolgte genie\u00dfen Asyl. Da die politische Verfolgung automatisch endet, wenn der Verfolgte sich aus dem Machtbereich der Verfolger entfernt hat, ist jemand, der ein sicheres Drittland betreten hat, nicht mehr politisch verfolgt. Ein Kriegsfl\u00fcchtling, der das Kriegsgebiet verlassen hat, ist kein Kriegsfl\u00fcchtling mehr. Auch heute bedarf es keiner Abschaffung des individuellen Grundrechts auf Asyl, sondern nur der korrekten Gesetzesanwendung, um diesen Fl\u00fcchtlingsandrang zu bew\u00e4ltigen.<br \/>\nAngesichts der hohen Zahl von Fl\u00fcchtlingen w\u00e4re es sinnvoll, das Asylrecht um die Pflicht des Staates, Kontingente von Fl\u00fcchtlingen aus den Nachbarstaaten der Kriegsgebiete in angemessener Zahl aufzunehmen, zu erweitern, damit diese Staaten mit der Aufnahmepflicht f\u00fcr Fl\u00fcchtlinge nicht \u00fcberfordert werden.<br \/>\nDas Problem der EU sind die europ\u00e4ischen Kontingente f\u00fcr Fl\u00fcchtlinge. Denn die gibt es nicht. Und die Nachbarstaaten weigern sich, unbegrenzt Fl\u00fcchtlinge hineinzu lassen. Darum gibt es auch keine Einigung in Br\u00fcssel. Dieser europ\u00e4ischen Fl\u00fcchtlingsrichtlinie sind nicht einmal alle der L\u00e4nder der EU beigetreten: so fehlen Gro\u00dfbritannien, D\u00e4nemark und Irland.<br \/>\n5.10.2015<\/p>\n<p>&nbsp;<\/p>\n<p><strong>Abschiebung st\u00e4rkt das Asylrecht<\/strong><br \/>\nImmer mehr Armutsfl\u00fcchtlinge\u00a0kommen aus Afrika. Oftmals wird argumentiert, man m\u00fcsse diese Migranten aufnehmen, da wir Deutschen die schlechten Zust\u00e4nde in den Herkunftsl\u00e4ndern verursacht h\u00e4tten. Hier mu\u00df man differenzieren: Der einzige Grund, der eine gewisse Mitverantwortung der Kolonialstaaten f\u00fcr die Zust\u00e4nde in diesen Staaten tr\u00e4gt, ist die willk\u00fcrliche Grenzziehung nach dem Ende der Kolonialzeit. Damit wurden V\u00f6lker und St\u00e4mme in einem Staat zusammengefasst, die kulturell nichts gemeinsam haben (Beispiel: Aufteilung der Kurden in Iran, Irak, T\u00fcrkei und Syrien). So konnten sich in vielen postkolonialen Staaten keine Staatsv\u00f6lker bilden (Irak als &#8222;Kunststaat&#8220; mit Schiiten,\u00a0 Sunniten und Kurden), die eine politische Basis f\u00fcr einen funktionierenden Staat darstellen w\u00fcrden. Das Ergebnis sind schlechte Strukturen oder zerfallende Staaten.<br \/>\nNur sollten gerade Bef\u00fcrworter von grenzenloser Armutszuwanderung von diesem Argument keinen Gebrauch machen. Sie r\u00e4umen damit n\u00e4mlich ein, dass ein funktionierender Staat eine Gesellschaft ben\u00f6tigt, die sich kulturell verbunden f\u00fchlt, und deshalb bereit ist, allen Mitb\u00fcrgern Solidarit\u00e4t entgegen zu bringen. Die wesentliche Grundlage eines funktionierenden Staates ist die gleiche <a title=\"Leitkultur\" href=\"https:\/\/www.freiburg-schwarzwald.de\/blog\/kultur\/leitkultur\/\"> kulturelle Identit\u00e4t seiner B\u00fcrger<\/a>\u00a0&#8211; Akzeptanz einer Leitkultur. Diese wird zerst\u00f6rt, wenn sich ein Staat f\u00fcr alle Zuwanderer \u00f6ffnet, ohne darauf zu achten, dass die Neub\u00fcrger sich kulturell einf\u00fcgen (k\u00f6nnen), und vor allem der Gesellschaft auch einen Vorteil einbringen, der die Kosten der Zuwanderung \u00fcberwiegt. Denn Solidarit\u00e4t funktioniert nicht als Einbahnstra\u00dfe. Ihre Grundlage ist die F\u00e4higkeit und der Wille des Hilfsbed\u00fcrftigen an anderer Stelle dem Helfer zu helfen. Gesellschaften die diesen Grundsatz nicht beherzigen, sind nicht besonders mildt\u00e4tig. Sie zerst\u00f6ren die Grundlage f\u00fcr die Mildt\u00e4tigkeit einer Gesellschaft.<br \/>\nDie Forderung nach Abschiebung von Menschen, die kein Anrecht auf einen Aufenthalt in unserem Land haben, sorgt somit daf\u00fcr, dass unsere Gesellschaft auch in Zukunft noch die Solidarit\u00e4t aufbringt, jenen Fl\u00fcchtlingen zu helfen, zu deren Hilfe wir uns verpflichtet haben.<br \/>\nDie Abschiebung von Unberechtigten st\u00e4rkt somit das Asylrecht!<br \/>\n5.5.2015<\/p>\n<p>&nbsp;<\/p>\n<p><strong>Asyl im Jahr 2014<\/strong><br \/>\nErstantr\u00e4ge auf Asyl gab es im Jahr 2014\u00a0 genau 173.072. Davon kamen 39.332 aus Syrien, die mit hoher Wahrscheinlichkeit bewilligt werden. Die zweitgr\u00f6\u00dfte Gruppe kam aus Serbien mit 17.172 Antr\u00e4gen, die mit hoher Wahrscheinlichkeit alle abgelehnt werden. Unter den L\u00e4ndern mit guten Aussichten auf Bewilligung waren Eritrea, Afghanistan, Somalia und Irak. Unter den L\u00e4ndern mit geringsten Chancen waren nur Balkanstaaten, n\u00e4mlich Albanien, Kosovo, Bosnien-Herzegowina und Mazedonien mit insgesamt 26.092 Antr\u00e4gen. Alle anderen Staaten wurden nicht separat ausgewiesen. Von dort kamen insgesamt 57.290 Antr\u00e4ge.<\/p>\n<p>Im Jahr 2014 wurde \u00fcber 128.911 Verfahren entschieden. Davon wurden 2.285 politisch Verfolgte anerkannt (1,8%). 31.025 Fl\u00fcchtlinge wurden anerkannt (24,1%). 5.174 Menschen erhielten subsidi\u00e4ren Schutz wegen Gefahren f\u00fcr Leib und Leben durch Todesstrafe und unmenschliche Bestrafung (4,0 %). 2.079 F\u00e4lle fielen unter ein Abschiebeverbot wegen allgemeiner Gefahren f\u00fcr Leib und Leben (1,6 %). 43.018 F\u00e4lle wurden als offensichtlich unbegr\u00fcndet abgelehnt (33,4 %). Bei 45.330 F\u00e4llen (35,2 %) erfolgten formelle Entscheidungen, in denen die Ablehnung ohne Begr\u00fcndung erfolgte, weil der Antrag zur\u00fcckgenommen wurde oder eine \u00dcberstellung in das Erstaufnahmeland erfolgte.<br \/>\n<a href=\"https:\/\/www.bamf.de\/SharedDocs\/Anlagen\/DE\/Downloads\/Infothek\/Statistik\/statistik-anlage-teil-4-aktuelle-zahlen-zu-asyl.pdf?__blob=publicationFile\" target=\"_blank\" rel=\"noopener\">https:\/\/www.bamf.de\/SharedDocs\/Anlagen\/DE\/Downloads\/Infothek\/Statistik\/statistik-anlage-teil-4-aktuelle-zahlen-zu-asyl.pdf?__blob=publicationFile<\/a><\/p>\n<p>&nbsp;<\/p>\n<p><strong>Duldung abgelehnter Asylbewerber stoppen &#8211; Abschiebung ausf\u00fchren<br \/>\n<\/strong>Die Annerkennungsquote von nur 10% der Asylbewerber spielt\u00a0in der Praxis keine Rolle, denn die anderen 90% Armuts- bzw. Wirtschaftszuwanderer werden teils jahrzehntelang geduldet. Selbst wenn einer Abschiebung zugestimmt wird, wird sie nicht ausgef\u00fchrt. Es l\u00e4uft i.d.R. so ab (Information von einer Asylheim-Leiterin aus Berlin): (Ohne Pass) reinkommen, 3 Monate Vollverpflegung bekommen und danach wird man schon auf Hartz IV hochgestuft &#8211; ebenso mit Vollverpflegung ohne Pflicht Deutsch zu lernen etc.<br \/>\nDerzeit gilt Deutschland als Hauptzielland f\u00fcr illegale Einwanderer in Europa, auch wegen der lockeren Pr\u00fcfpraxis und der finanziellen Unterst\u00fctzung. Ein namentlich nicht genannter Beamte aus dem Bundesinnenministerium erkl\u00e4rte zu alldem: \u00bbDas will aber niemand zugeben und abschieben will die Fl\u00fcchtlinge aus Angst vor schlechter Presse auch niemand. Das Abschieben ist n\u00e4mlich L\u00e4ndersache, es kostet Geld und sorgt f\u00fcr unsch\u00f6ne Fotos am Flughafen.\u00ab <span class=\"Apple-converted-space\"><span style=\"color: #222222;\"><a href=\"https:\/\/www.freiewelt.net\/nachricht\/abschiebung-abgelehnter-asylbewerber-bleibt-aus-10043850\/\">https:\/\/www.freiewelt.net\/nachricht\/abschiebung-abgelehnter-asylbewerber-bleibt-aus-10043850\/<\/a><\/span><\/span><\/p>\n<p><strong>Staat wendet seine Gesetze nicht an: Abgewiesene Asylanten blockieren Pl\u00e4tze f\u00fcr Kriegsfl\u00fcchtlinge<\/strong><br \/>\nDas\u00a0gr\u00f6\u00dfte Problem liegt darin, das die bestehenden Asylgesetze nicht eingehalten werden. Menschen die den Asylstatus nicht erf\u00fcllen,\u00a0verz\u00f6gern teils \u00fcber viele Jahre\u00a0die Abschiebung mit einfachen Tricks, bis die Duldung erfolgt. Diese Leute nehmen den Platz und das Geld f\u00fcr die richtigen Fl\u00fcchtlinge in Anspruch. Und was sich so alles bei den <a title=\"Pegida\" href=\"https:\/\/www.freiburg-schwarzwald.de\/blog\/global\/integration\/pegida\/\">Pegida<\/a>-Gegendemos &#8222;Bunt&#8220; nennt, ist auch nur Blabla. In M\u00fcnchen, als die die deutschlandweit angereisten Asylanten auf den B\u00e4umen protestiert haben, hat sich keine &#8222;Bunte&#8220; M\u00fcnchner-Gemeinde gefunden, um sie bei sich aufzunehmen. Der Staat mu\u00dfte sie im Hotel unterbringen und nach einigen Tage mit der Polizei wieder rausholen. Sie sind bis heute geduldet.<br \/>\n19.1.2015, Ernesto Scarpuzzi<\/p>\n<p><strong>Deutsche Politik verweigert Trennung von Asyl und Zuwanderung \u00fcber ein Einwanderungsgesetz<br \/>\n<\/strong>Der Fl\u00fcchtlingsstrom nach Deutschland\u00a0schwillt weiter an.\u00a0Auch Ende 2014 werden alle Fl\u00fcchtlinge gleicherma\u00dfen\u00a0in die Kategorie &#8222;Asyl&#8220; gezw\u00e4ngt: Jeder Fl\u00fcchtling wird als Asylbewerber behandelt, womit ihm ein zeitaufw\u00e4ndiges Pr\u00fcfverfahren zusteht, das zumeist \u00fcber mehrere Jahre l\u00e4uft. Dieser f\u00fcr beide Seiten unbefriedigende Zustand ist von der deutschen Politik so gewollt. Trotz Protest der Migranten &#8222;Ihr raubt uns\u00a0Zeit und Perspektive&#8220;\u00a0und der Bev\u00f6lkerung (Ausdruck zunehmender \u00c4ngste \u00fcber Pegida) weigert sich die Politik, die beiden Kategorien &#8222;Asyl&#8220; und &#8222;Zuwanderung&#8220; f\u00fcr Deutschland als Einwanderungsland zu trennen und endlich ein Einwanderungsgesetz zu verabschieden:<br \/>\n<em>1. Kategorie\u00a0&#8222;Asyl&#8220;:<\/em> Jeder politisch, rassistisch, religi\u00f6s, &#8230; Verfolgte hat als Asylbewerber ein Recht auf individuelle Pr\u00fcfung und Anerkennung mit Bleiberecht.<br \/>\n<em>2. Kategorie &#8222;Zuwanderung&#8220;:<\/em> Dieses Gesetz regelt klar, wer sich hier\u00a0niederlassen darf.<br \/>\nWie dringend notwendig ein Zuwanderungsgesetz ist, zeigt sich darin, dass das derzeit nach Syrien\u00a0zweitgr\u00f6\u00dfte Herkunftsland Serbien ist: Einerseits erbringt Serbien als EU-Aspirant den Nachweis, das es keine asylberechtigende Verfolgung ihrer B\u00fcrger innerhalb seiner Staatsgrenzen vornimmt. Andererseits behandeln die deutschen Beh\u00f6rden die Zuwanderer aus Serbien allesamt als Asylbewerber.<\/p>\n<p>Solange die deutschen Politiker nicht bereit sind, ein Einwanderungsgesetz auf den Weg zu bringen,\u00a0das ausschlie\u00dflich\u00a0 Verfolgte als Asylbewerber willkommen hei\u00dft und sog. Wirtschaftsfl\u00fcchtlinge als Zuwanderer behandelt &#8211; solange werden \u00c4ngste und Mi\u00dftrauen der B\u00fcrger weiter zunehmen.<br \/>\n15.12.2014<\/p>\n<p>&nbsp;<\/p>\n<p>&nbsp;<\/p>\n<p><strong>Roma in Serbien sind keine politisch Verfolgten &#8211; Ein Rat an alle Gutmenschen<br \/>\n<\/strong>Eine politische Verfolgung von Roma liegt nicht schon deshalb vor, weil in einem Land die wirtschaftlichen Verh\u00e4ltnisse so prek\u00e4r sind, dass dort keine medizinische Versorgung auf dem Niveau der Bundesrepublik f\u00fcr jeden kostenfrei angeboten werden kann. 1,5 Milliarden Menschen haben \u00fcberhaupt keinen Zugang zu Medizin, und serbische Roma geh\u00f6ren nicht zu dieser Gruppe. Ein serbischer Roma ist nicht politisch verfolgt, wenn ihm vom serbischen Staat keine Spitzenmedizin zuteil wird. Politische Verfolgung liegt auch dann nicht vor, wenn ein serbischer Roma von einem anderen Serben angegriffen wird, und dieser Angriff rassistische oder politische Motive hat.<br \/>\n<strong>Politische Verfolgung liegt erst dann vor, wenn der Staat und seine Organe einen Menschen verfolgen, diskriminieren oder der staatliche Schutz dieses Menschen vor Angriffen Dritter aus politischen oder rassistischen Gr\u00fcnden systematisch verweigert wird.<\/strong> Armut und die dadurch entstehende Ungleichheit beim Zugang zu medizinischen Leistungen ist keine politische Verfolgung, sondern ein \u00f6konomisches Problem, das wir in Deutschland sowieso nicht l\u00f6sen k\u00f6nnen.<br \/>\nAber Sie k\u00f6nnen Ihren gutmenschlichem \u00dcberlegungen gerne auch dann Taten folgen lassen, wenn ein anderer Mensch nur arm ist. Sicherlich k\u00f6nnen Sie als Gutmensch an Ihrem pers\u00f6nlichen Lebensstandard noch erhebliche Abstriche machen. R\u00fccken Sie zusammen, verkaufen Sie \u00fcberfl\u00fcssige M\u00f6bel, Auto, stellen Sie das unn\u00f6tige Reisen ein, schaffen Sie elektronische Ger\u00e4te ab und verzichten Sie auf Investitionen in Windkraftr\u00e4der. Dann k\u00f6nnen Sie mit der H\u00e4lfte Ihres Einkommens und der H\u00e4lfte Ihres Wohnraumes einer serbischen Familie gerne Unterkunft gew\u00e4hren. Wenn Sie meinen, dass deren Lebensstandard in ihrem Heimatland derart unertr\u00e4glich ist, dass man Ihnen helfen muss, dann helfen Sie. Ich kann nicht erkennen, dass f\u00fcr diese Menschen Hilfe in Deutschland erforderlich w\u00e4re. Wenn Sie eine bessere Erkenntnis haben und dieser Erkenntnis keine Taten folgen lassen, legen zuallererst Sie ein fragw\u00fcrdiges Verhalten an den Tag.<br \/>\nFangen Sie als Gutmensch daher bei sich an, die Welt zu retten, und beklagen Sie sich nicht \u00fcber andere, die es f\u00fcr unm\u00f6glich halten, den 1,5 Milliarden \u00c4rmsten dieser Welt in Deutschland ein Leben in Wohlstand finanzieren zu k\u00f6nnen. Wenn Sie den Nachweis erbringen, dass Sie bereit sind Ihren Wohlstand mit den 1,5 Milliarden \u00c4rmsten auf dieser Welt br\u00fcderlich und gleichm\u00e4\u00dfig zu teilen, dann ziehe ich den Hut vor Ihnen. Sollten Sie dazu nicht bereit sein, verbitte ich mir allerdings Ihre gutmenschliche Heuchelei.<br \/>\n29.11.2014, Rainer Bombach<\/p>\n<p><!-- RSPEAK_STOP --> <!-- RSPEAK_START --><\/p>\n<p>&nbsp;<\/p>\n<p><!-- RSPEAK_STOP --><\/p>\n<p><!-- RSPEAK_START --><\/p>\n<p>&nbsp;<\/p>\n<p><strong>Straff\u00e4llige Asylanten abschieben<\/strong><br \/>\nDer beschriebene inzwischen 19-j\u00e4hrige geduldete Asylant ist angeklagt wegen einer Reihe von Delikten. Jedoch h\u00e4tte schon eines der genannten Vergehen (K\u00f6rperverletzung, gemeinschaftlicher Diebstahl) nach meiner Ansicht ausgereicht, ihn umgehend abzuschieben. Das halbe Jahr U-Haft hat unseren Staat unn\u00f6tigerweise viel Geld gekostet, die Gerichtsverhandlungen ebenso. Der straff\u00e4llige Asylant soll dann in seinem Herkunftsland (hier Tunesien) die Chance auf Besserung erhalten.<br \/>\nGenerell sollte jedem Asylanten gleich am ersten Tag die Regeln erkl\u00e4rt werden: Wer sich einer Straftat schuldigt macht, der wird abgeschoben, und zwar mit der gesamten Sippe, damit ist mit seiner Unterschrift die Grundlage f\u00fcr das Bleiberecht eindeutig festgelegt. Unsere weichen, auslegbaren gesetzlichen Rahmenbedingungen zeigen keine verbindliche disziplinarische Wirkung.<br \/>\n3.11.2014, Wiltrud K\u00fcster, Gengenbach<\/p>\n<p><strong>Wir ben\u00f6tigen unsere Ressourcen f\u00fcr echte Fl\u00fcchtlinge<\/strong><br \/>\nMit 19 Jahren hat man auch in Tunesien gelernt, was Recht und Unrecht ist.\u00a0Nach dem Strafregister dieses Menschen zu urteilen, wird er die Rechtsordnung unserer Gesellschaft nicht einhalten. Weiterhin ist Tunesien ein Land, indem politische oder religi\u00f6se Verfolgung nicht stattfindet. Meines Erachtens geh\u00f6ren Ausl\u00e4nder, die im Heimatland nicht gef\u00e4hrdet sind und sich nicht an unsere Gesetze halten nach Verb\u00fc\u00dfung ihrer Strafe unmittelbar ausgewiesen! Wir ben\u00f6tigen unsere Ressourcen f\u00fcr echte Fl\u00fcchtlinge. Eine fragliche und teure Behandlung w\u00e4hrend und im Anschluss an seinen Gef\u00e4ngnisaufenthalt ginge zu Lasten der Steuerzahler und ist in meinen Augen nicht gerechtfertigt.<br \/>\n2.11.2014, Gerhard Ringwald, Pfaffenweiler<\/p>\n<p><strong>Jugendgericht verurteilt UMF zu 6 Monaten Jugendstrafe<\/strong><br \/>\nMalek C. aus Tunesien\u00a0geh\u00f6rte zu der Gruppe junger Nordafrikaner, die Anfang des Jahres Freiburg\u00a0mit anderen UMFs\u00a0in helle Aufregung versetzten. Nun stand der 19-J\u00e4hrige vor Gericht &#8230;.<br \/>\nAlles vom 14.10.2014 bitte lesen auf<br \/>\n<a href=\"https:\/\/www.badische-zeitung.de\/freiburg\/jugendgericht-verurteilt-minderjaehrigen-fluechtling--92775220.html\">https:\/\/www.badische-zeitung.de\/freiburg\/jugendgericht-verurteilt-minderjaehrigen-fluechtling&#8211;92775220.html<\/a><\/p>\n<p>&nbsp;<\/p>\n<p>&nbsp;<\/p>\n<p><strong>Asyl ist nicht gleich Aufenthalt<\/strong><br \/>\nUnter dem Stichwort &#8222;Asyl&#8220; verstehen viele, auch gr\u00fcne Politiker &#8222;Aufenthalt&#8220;. Gem\u00e4\u00df der Devise, wonach kein Mensch illegal sei, wollen sie jedem, der seine Heimat &#8211; aus welchen Gr\u00fcnden auch immer &#8211; verl\u00e4\u00dft, Zuflucht gew\u00e4hren. Nach diesem Verst\u00e4ndnis grenzt der auch von Kretschmann beschlossene Asylkompromi\u00df vom 19.9.2014 an Verrat, der er verbietet, dessen Verbesserungen f\u00fcr Fl\u00fcchtlinge zu w\u00fcrdigen.<br \/>\nGleichwohl: Die Anzahl der Aufnahmepl\u00e4tze f\u00fcr Fl\u00fcchtlinge ist begrenzt. Und da darf es nicht sein, dass Armuts- bzw. Wirtschaftsfl\u00fcchtlinge einschlie\u00dflich <a title=\"Fluechtlinge\" href=\"https:\/\/www.freiburg-schwarzwald.de\/blog\/global\/integration\/fluechtlinge\/\">UMFs<\/a> die wirklich politisch Verfolgten verdr\u00e4ngen. Das Asylrecht in Deutschland ist ein hohes Gut\u00a0und einmalig weltweit &#8211; es mu\u00df den Verfolgten erhalten bleiben.<br \/>\nWenn es zu Spannungen kommt in den \u00fcberf\u00fcllten Sammelunterk\u00fcnften, dann weniger zwischen Angeh\u00f6rigen verschiedener Ethnien, sondern zunehmend zwischen wirklich politisch Verfolgten und Wirtschaftszuwanderern. Das Asylrecht mu\u00df den vielen Verfolgten aus Kriegs- und B\u00fcrgerkriegsgebieten offen bleiben.<br \/>\n24.9.2014<\/p>\n<p>&nbsp;<\/p>\n<p><strong>Fl\u00fcchtlings-Kontingente in der EU<br \/>\n<\/strong><em>Trennung von Verfolgten und Armutsfl\u00fcchtlingen:<\/em> Politisch Verfolgte genie\u00dfen Asylrecht &#8211; dies garantiert Artikel 16a des Grundgesetzes. Die V\u00e4ter des Grundgesetzes haben nach dem 2. Weltkrieg eine klare und manchen\u00a0unbarmherzig erscheinende Trennung gezogen zwischen politisch Verfolgten und Wirtschaftsfl\u00fcchtlingen, die vor Hunger, D\u00fcrre, sozialer Ausgrenzung, Kriminalit\u00e4t, Armut bzw. fehlender Perspektive im kaputten Heimatland fliehen.<\/p>\n<p><em>Fl\u00fcchtlingszahlen steigen an<\/em>: In 2013 haben 130.000 Menschen in Deutschland Asyl beantragt (ein Drittel aller Antr\u00e4ge in der EU) und in 2014 werden es \u00fcber 200.000 sein.<\/p>\n<p><em>Geringe Asyl-Anerkennungsquote:<\/em> Nur gut ein Viertel der Asylantr\u00e4ge erhalten einen positiven Bescheid: 1,6 % wird Asyl gew\u00e4hrt, 20% werden gem\u00e4\u00df Genfer Konvention als Fl\u00fcchtlinge anerkannt und weitere\u00a07% d\u00fcrfen aus sonstigen Gr\u00fcnden vorerst bleiben.<\/p>\n<p><em>Wirtschaftsfl\u00fcchtlinge blockieren Stellen f\u00fcr Verfolgte<\/em>: Mit dem Asylkompromiss vom 19.9.2014 gelten die EU-Beitrittsl\u00e4nder\u00a0Bosnien-Herzegowina, Mazedonien und Serbien als\u00a0&#8222;sichere Herkunftsstaaten&#8220; &#8211; damit k\u00f6nnen 17% aller Asylbewerber rasch zur\u00fcckgeschickt werden.<\/p>\n<p><em>Fl\u00fcchtlings-Kontingente in der EU: <\/em>Entgegen der europ\u00e4ischen Dublin-Verordnung registriert Italien ankommende Fl\u00fcchtlinge \u00fcberhaupt nicht, sondern l\u00e4\u00dft sie unkontrolliert gen Norden weiterreisen. So nahm Italien in 2013 nur 30000 Fl\u00fcchtlinge auf. Im Herbst 2014 versucht die Bundesregierung, durch vorab fixierte Kontingente die Fl\u00fcchtlinge gerechter auf die EU-Mitgliedsl\u00e4nder zu verteilen. Derzeit nehmen 10 der 28 EU-L\u00e4nder \u00fcberhaupt keine Fl\u00fcchtlinge auf. &#8222;Es kann nicht sein, dass vier, f\u00fcnf L\u00e4nder die gr\u00f6\u00dfte Anzahl der Fl\u00fcchtlinge aufnehmen. Dies entspricht nicht der erforderlichen gesamteurop\u00e4ischen Solidarit\u00e4t&#8220;, so Innenminister de Maiziere am 19..2014.<\/p>\n<p>&nbsp;<\/p>\n","protected":false},"excerpt":{"rendered":"<p>Home &gt;Global\u00a0&gt;Integration &gt;Asyl Listenauswahl eines Beitrags (Artikel\/Datum, Seite\/Inhalt):\u00a0Klicken\u00a0oder scrollen Bei der Radikalisierung von Asylbewerbern zu islamistischen Attent\u00e4tern l\u00e4sst sich ein Muster erkennen (31.3.2026) Dr. Rupert Scholz: Asyl-Aufnahme widerspricht dem Grundgesetz (16.11.2025) Demokratie leben 3: Staatlich toleriertes Kirchenasyl\u00a0(31.10.2025) Pro Asyl \u2013 &hellip; <a href=\"https:\/\/www.freiburg-schwarzwald.de\/blog\/global\/integration\/asyl\/\">Weiterlesen <span class=\"meta-nav\">&rarr;<\/span><\/a><\/p>\n","protected":false},"author":2,"featured_media":0,"parent":1875,"menu_order":0,"comment_status":"open","ping_status":"closed","template":"","meta":{"footnotes":""},"class_list":["post-50770","page","type-page","status-publish","hentry"],"_links":{"self":[{"href":"https:\/\/www.freiburg-schwarzwald.de\/blog\/wp-json\/wp\/v2\/pages\/50770","targetHints":{"allow":["GET"]}}],"collection":[{"href":"https:\/\/www.freiburg-schwarzwald.de\/blog\/wp-json\/wp\/v2\/pages"}],"about":[{"href":"https:\/\/www.freiburg-schwarzwald.de\/blog\/wp-json\/wp\/v2\/types\/page"}],"author":[{"embeddable":true,"href":"https:\/\/www.freiburg-schwarzwald.de\/blog\/wp-json\/wp\/v2\/users\/2"}],"replies":[{"embeddable":true,"href":"https:\/\/www.freiburg-schwarzwald.de\/blog\/wp-json\/wp\/v2\/comments?post=50770"}],"version-history":[{"count":6,"href":"https:\/\/www.freiburg-schwarzwald.de\/blog\/wp-json\/wp\/v2\/pages\/50770\/revisions"}],"predecessor-version":[{"id":147394,"href":"https:\/\/www.freiburg-schwarzwald.de\/blog\/wp-json\/wp\/v2\/pages\/50770\/revisions\/147394"}],"up":[{"embeddable":true,"href":"https:\/\/www.freiburg-schwarzwald.de\/blog\/wp-json\/wp\/v2\/pages\/1875"}],"wp:attachment":[{"href":"https:\/\/www.freiburg-schwarzwald.de\/blog\/wp-json\/wp\/v2\/media?parent=50770"}],"curies":[{"name":"wp","href":"https:\/\/api.w.org\/{rel}","templated":true}]}}