{"id":49,"date":"2012-03-28T19:36:46","date_gmt":"2012-03-28T19:36:46","guid":{"rendered":"https:\/\/www.freiburg-schwarzwald.de\/blog\/?page_id=49"},"modified":"2025-08-22T14:39:49","modified_gmt":"2025-08-22T12:39:49","slug":"vereine","status":"publish","type":"page","link":"https:\/\/www.freiburg-schwarzwald.de\/blog\/vereine\/","title":{"rendered":"Vereine"},"content":{"rendered":"<p>Home &gt;Vereine<\/p>\n<div id=\"attachment_3165\" style=\"width: 612px\" class=\"wp-caption alignnone\"><a href=\"https:\/\/www.freiburg-schwarzwald.de\/blog\/regio\/orte\/stpeter\/birkwegeck9pan-081215\/\" rel=\"attachment wp-att-3165\"><img loading=\"lazy\" decoding=\"async\" aria-describedby=\"caption-attachment-3165\" class=\"size-full wp-image-3165\" title=\"birkwegeck9pan-081215\" src=\"https:\/\/www.freiburg-schwarzwald.de\/blog\/wp-content\/uploads\/2012\/05\/birkwegeck9pan-081215.jpg\" alt=\"\" width=\"602\" height=\"169\" srcset=\"https:\/\/www.freiburg-schwarzwald.de\/blog\/wp-content\/uploads\/2012\/05\/birkwegeck9pan-081215.jpg 602w, https:\/\/www.freiburg-schwarzwald.de\/blog\/wp-content\/uploads\/2012\/05\/birkwegeck9pan-081215-180x50.jpg 180w\" sizes=\"auto, (max-width: 602px) 100vw, 602px\" \/><\/a><p id=\"caption-attachment-3165\" class=\"wp-caption-text\">West-Blick vom Birkwegeck unterhalb Kapfenberg \u00fcber St. Peter und den Rheintalnebel zu den Vogesen am 15.12.2008<\/p><\/div>\n<ul>\n<li><em>Listenauswahl eines Beitrags (Artikel\/Datum, Seite\/Inhalt):\u00a0<span style=\"text-decoration: underline;\">Klicken<\/span>\u00a0oder scrollen<\/em><\/li>\n<li><a href=\"https:\/\/www.freiburg-schwarzwald.de\/blog\/engagement\/gemeinnuetzigkeit\/\">Pro Asyl \u2013 gemeinn\u00fctzige Organisation<\/a> (27.8.2025)<\/li>\n<li><a href=\"https:\/\/www.freiburg-schwarzwald.de\/blog\/jedem-sein-eigener-zentralrat\/\">Jedem sein eigener Zentralrat<\/a>\u00a0(14.7.2023)<\/li>\n<li><a href=\"https:\/\/www.freiburg-schwarzwald.de\/blog\/engagement\/ehrenamt\/\">Ehrenamt-Tag 29.6.2023 Freiburg: Neue Homepage<\/a>\u00a0(30.6.2023)<\/li>\n<li><a href=\"https:\/\/www.freiburg-schwarzwald.de\/blog\/business\/industrie\/mittelstand\/\">Verbandschef BVMW: Im Mittelstand herrscht blanke Existenzangst<\/a>\u00a0(15.8.2022)<\/li>\n<li><a href=\"https:\/\/www.freiburg-schwarzwald.de\/blog\/naturfreunde-freiburg-projekte\/\">Naturfreunde Freiburg \u2013 Projekte<\/a>\u00a0(16.9.2021)<\/li>\n<li><a href=\"https:\/\/www.freiburg-schwarzwald.de\/blog\/vereine\/ngo\/gongo\/\">Germanwatch und atmosfair: Der Staat finanziert<\/a>\u00a0(29.8.2021)<\/li>\n<li><a href=\"https:\/\/www.freiburg-schwarzwald.de\/blog\/vereine\/ngo\/gongo\/\">Die Macht der guten Lobbyisten in NGO bzw. CONGO<\/a>\u00a0(25.6.2021)<\/li>\n<li><a href=\"https:\/\/www.freiburg-schwarzwald.de\/blog\/auch-das-vereinsleben-leidet\/\">Auch das Vereinsleben leidet \u2013 Beispiel Schwarzwaldverein<\/a>\u00a0(9.12.2020)<\/li>\n<li><\/li>\n<li><a href=\"https:\/\/www.freiburg-schwarzwald.de\/blog\/vereine\/berufsverband\/\">Berufsverband<\/a><\/li>\n<li><a title=\"Betreuung\" href=\"https:\/\/www.freiburg-schwarzwald.de\/blog\/selbsthilfe\/soziales\/betreuung\/\">Betreuungsvereine <\/a><\/li>\n<li><a href=\"https:\/\/www.freiburg-schwarzwald.de\/blog\/natur\/landwirt\/blhv\/\">Blhv<\/a><\/li>\n<li><a title=\"Buergerinitiativen\" href=\"https:\/\/www.freiburg-schwarzwald.de\/blog\/engagement\/buergerinitiativen\/\">Buergerinitiativen<\/a><\/li>\n<li><a title=\"Buergervereine\" href=\"https:\/\/www.freiburg-schwarzwald.de\/blog\/engagement\/buergervereine\/\">B\u00fcrgervereine in Freiburg<\/a><\/li>\n<li><a href=\"https:\/\/www.freiburg-schwarzwald.de\/blog\/religion\/juden\/juedisches-leben\/deutsch-israelischer-arbeitskreis\/\">Deutsch-Israelischer-Arbeitskreis DIA<\/a><\/li>\n<li><a href=\"https:\/\/www.freiburg-schwarzwald.de\/blog\/engagement\/gemeinnuetzigkeit\/\">Gemeinn\u00fctzigkeit<\/a><\/li>\n<li><a href=\"https:\/\/www.freiburg-schwarzwald.de\/blog\/vereine\/ngo\/gongo\/\">GONGO<\/a><\/li>\n<li><a title=\"Greenpeace\" href=\"https:\/\/www.freiburg-schwarzwald.de\/blog\/vereine\/greenpeace\/\">Greenpeace<\/a><\/li>\n<li><a title=\"Eine-Welt-Forum\" href=\"https:\/\/www.freiburg-schwarzwald.de\/blog\/global\/einewelt\/eine-welt-forum\/\">Eine-Welt-Forum Freiburg<\/a><\/li>\n<li><a title=\"Hilfe\" href=\"https:\/\/www.freiburg-schwarzwald.de\/blog\/vereine\/hilfe\/\">Hilfsorganisationen und Hilfsvereine<\/a><\/li>\n<li><a title=\"IPPNW\" href=\"https:\/\/www.freiburg-schwarzwald.de\/blog\/vereine\/ippnw\/\">IPPNW<\/a><\/li>\n<li><a title=\"Mittelaltervereine\" href=\"https:\/\/www.freiburg-schwarzwald.de\/blog\/vereine\/mittelaltervereine\/\">Mittelaltervereine<\/a><\/li>\n<li><a title=\"Musikvereine\" href=\"https:\/\/www.freiburg-schwarzwald.de\/blog\/kultur\/musikvereine\/\">Musikvereine<\/a><\/li>\n<li><a title=\"Nabu\" href=\"https:\/\/www.freiburg-schwarzwald.de\/blog\/vereine\/nabu\/\">Nabu<\/a><\/li>\n<li><a title=\"Narren\" href=\"https:\/\/www.freiburg-schwarzwald.de\/blog\/vereine\/narren\/\">Narren &#8211; Fasnet &#8211; Fastnachtsvereine<\/a><\/li>\n<li><a title=\"Feuerwehr\" href=\"https:\/\/www.freiburg-schwarzwald.de\/blog\/vereine\/feuerwehr\/\">Feuerwehr &#8211; Beruf- und freiwillig<\/a><\/li>\n<li><a title=\"NGO\" href=\"https:\/\/www.freiburg-schwarzwald.de\/blog\/vereine\/ngo\/\">NGO\u00a0 Non-Goverment-Organizations &#8211; NRO Nicht-Regierungsorganisationen<\/a><\/li>\n<li><a title=\"Partei\" href=\"https:\/\/www.freiburg-schwarzwald.de\/blog\/vereine\/partei\/\">Parteien<\/a><\/li>\n<li><a title=\"Selbsthilfe\" href=\"https:\/\/www.freiburg-schwarzwald.de\/blog\/selbsthilfe\/\">Selbsthilfegruppen<\/a><\/li>\n<li><a title=\"Sportvereine\" href=\"https:\/\/www.freiburg-schwarzwald.de\/blog\/sport\/sportvereine\/\">Sportvereine<\/a><\/li>\n<li>Trachten<\/li>\n<li><a title=\"Umwelt\" href=\"https:\/\/www.freiburg-schwarzwald.de\/blog\/natur\/umwelt\/\">Umweltgruppen &#8211; Umweltvereine<\/a><\/li>\n<li><a title=\"Wandervereine\" href=\"https:\/\/www.freiburg-schwarzwald.de\/blog\/vereine\/wandervereine\/\">Wandervereine<\/a><\/li>\n<li><a title=\"ABCM\" href=\"https:\/\/www.freiburg-schwarzwald.de\/blog\/vereine\/abcm\/\">ABCM (Zweisprachige Schulen D-F)<\/a> &gt;ABCM<\/li>\n<li><a href=\"https:\/\/www.freiburg-schwarzwald.de\/naturschutz.htm#Artenschutznetzwerk Hochschwarzwald\">Artenschutznetzwerk Hochschwarzwald<\/a> &gt;Naturschutz<\/li>\n<li><a href=\"https:\/\/www.freiburg-schwarzwald.de\/vereine#Badener von Hamburg und Umgebung\">Badener von Hamburg und Umgebung<\/a><\/li>\n<li><a href=\"https:\/\/www.freiburg-schwarzwald.de\/sportlern.htm#Badischer Turnerbund: Ski und Board\">Badischer Turnerbund &#8211; Ski und Snowboard<\/a><\/li>\n<li><a href=\"https:\/\/www.freiburg-schwarzwald.de\/ferien.htm\">Bauernhofverzeichnis Urlaub\/Selbstvermarktung<\/a> &gt;Ferien<\/li>\n<li><a href=\"https:\/\/www.freiburg-schwarzwald.de\/natur.htm#Bergwacht Schwarzwald e.V.\">Bergwacht Schwarzwald e.V.<\/a><\/li>\n<li><a href=\"https:\/\/www.freiburg-schwarzwald.de\/blhv.htm\">BLHV<\/a> &gt;BLHV<\/li>\n<li><a href=\"https:\/\/www.freiburg-schwarzwald.de\/vereine#Breisgau-Geschichtsverein Schauinsland\">Breisgau Geschichtsverein Schau ins Land<\/a><\/li>\n<li><a href=\"https:\/\/www.freiburg-schwarzwald.de\/buergerinitiativen.htm\">B\u00fcrgerinitiativen<\/a> &gt;Buergerinitiativen<\/li>\n<li><a href=\"https:\/\/www.freiburg-schwarzwald.de\/littenweiler\/hobby.htm#Bulli Team Breisgau - Treffen 2005 lockt viele Fans nach Ihringen\">Bulli Team Breisgau &#8211; Treffen 2005 lockt viele Fans nach Ihringen<\/a> &gt;Hobby (21.5.2005)<\/li>\n<li><a href=\"https:\/\/www.freiburg-schwarzwald.de\/landjugend.htm#Bund Badischer Landjugend\">Bund Badischer Landjugend &#8211; BBL<\/a> &gt;Landjugend<\/li>\n<li><a href=\"https:\/\/www.freiburg-schwarzwald.de\/trachten.htm#Bund Heimat und Volksleben\">Bund Heimat und Volksleben<\/a> &gt;Trachten<\/li>\n<li><a href=\"https:\/\/www.freiburg-schwarzwald.de\/landfrauen.htm#Dorfhelferinnenwerk S\u00f6lden - supertolle Helferinnen\">Dorfhelferinnenwerk S\u00f6lden<\/a> &gt;Landfrauen<\/li>\n<li><a title=\"Ecotrinova\" href=\"https:\/\/www.freiburg-schwarzwald.de\/blog\/vereine\/ecotrinova\/\">ecotrinova <\/a><\/li>\n<li><a href=\"https:\/\/www.freiburg-schwarzwald.de\/vereine#Eicherfreunde Schwarzwald\">Eicherfreunde Schwarzwald<\/a><\/li>\n<li><a href=\"https:\/\/www.freiburg-schwarzwald.de\/vereine#Erinnern und Lernen - Verein zur Aufarbeitung des Dritten Reichs\">Erinnern und Lernen &#8211; Verein zur Aufarbeitung des Dritten Reichs<\/a><\/li>\n<li><a href=\"https:\/\/www.freiburg-schwarzwald.de\/vereine#Freiwillige Feuerwehr Titisee-Neustadt\">Freiwillige Feuerwehr Titisee-Neustadt<\/a><\/li>\n<li>Gimbel &#8211; Verein zur F\u00f6rderung des allgemeinen Wohlbefindens Feldberg e.V.,<br \/>\n<a href=\"https:\/\/www.gimbel-vfaw.de\/index2.html\">https:\/\/www.gimbel-vfaw.de\/index2.html<\/a><\/li>\n<li><a href=\"https:\/\/www.freiburg-schwarzwald.de\/vereine#Heimatverein Titisee\">Heimatverein Titisee<\/a><\/li>\n<li><a title=\"Imker\" href=\"https:\/\/www.freiburg-schwarzwald.de\/blog\/business\/handwerk\/imker\/\">Imkereien &#8211; Imkerverein FR<\/a><\/li>\n<li><a href=\"https:\/\/www.freiburg-schwarzwald.de\/biken2.htm#Badische Jakobusgesellschaft e.V. Breisach\">Jakobusgesellschaft Breisach<\/a> &gt;Biken2#<\/li>\n<li>Jugendclubs<\/li>\n<li><a href=\"https:\/\/www.freiburg-schwarzwald.de\/kaiserstuhl1.htm#Kaiserst\u00fchler Weing\u00fcterverein hilft Unwettergesch\u00e4digten am Tuniberg\">Kaiserst\u00fchler Weing\u00fcterverein hilft Unwettergesch\u00e4digten am Tuniberg<\/a> &gt;Kaiserstuhl1 (19.9.2004)<\/li>\n<li><a href=\"https:\/\/www.freiburg-schwarzwald.de\/vereine#Katholische Landfrauenbewegung\">Katholische Landfrauenbewegung Freiburg<\/a><\/li>\n<li><a href=\"https:\/\/www.freiburg-schwarzwald.de\/landjugend.htm#Katholische Landjugendbewegung (KLJB)\">Katholische Landjugendbewegung (KLJB)<\/a> &gt;Landjugend<\/li>\n<li><a href=\"https:\/\/www.freiburg-schwarzwald.de\/vereine#Katholische Landvolkbewegung KLB\">Katholische Landvolkbewegung KLB<\/a><\/li>\n<li><a href=\"https:\/\/www.freiburg-schwarzwald.de\/landfrauen.htm#Landfrauenverband S\u00fcdbaden\">Landfrauenverband S\u00fcdbaden<\/a> &gt;Landfrauen<\/li>\n<li><a href=\"https:\/\/www.freiburg-schwarzwald.de\/vereine#Landg\u00e4nge - Entdeckungen im l\u00e4ndlichen Raum\">Landg\u00e4nge &#8211; Entdeckungen im l\u00e4ndlichen Raum<\/a><\/li>\n<li><a href=\"https:\/\/www.freiburg-schwarzwald.de\/naturschutz.htm#Landesnaturschutzverband Baden-W\u00fcrttemberg\">Landesnaturschutzverband Baden-W\u00fcrttemberg<\/a> &gt;Naturschutz<\/li>\n<li><a href=\"https:\/\/www.freiburg-schwarzwald.de\/landjugend.htm#Bund Badischer Landjugend\">Landjugend &#8211; BBL<\/a> &gt;Landjugend<\/li>\n<li><a href=\"https:\/\/www.freiburg-schwarzwald.de\/markt.htm#Landwirtschaftspflegeverband\">Landschaftspflegeverband<\/a> &gt;Markt<\/li>\n<li><a href=\"https:\/\/www.freiburg-schwarzwald.de\/vereine#Lions Clubs\">Lions Clubs<\/a><\/li>\n<li><a href=\"https:\/\/www.freiburg-schwarzwald.de\/vereine#Markgr\u00e4fler Regional - Regiogeld\">Markgr\u00e4fler Regional\u00a0 &#8211; Regiogeld <\/a><\/li>\n<li><a href=\"https:\/\/www.freiburg-schwarzwald.de\/hunger.htm#MENSCHENRECHTE 3000 in Freiburg\">MENSCHENRECHTE 3000 in Freiburg<\/a>&gt;Hunger<\/li>\n<li><a href=\"https:\/\/www.freiburg-schwarzwald.de\/vereine#Musikverein Titisee-Jostal\">Musikverein Titisee-Jostal<\/a><\/li>\n<li><a href=\"https:\/\/www.freiburg-schwarzwald.de\/vereine#Nachwuchsmangel - Thema des Feldberger Sportgespr\u00e4chs\">Nachwuchsmangel in Vereinen &#8211; Thema des Feldberger Sportgespr\u00e4chs<\/a><\/li>\n<li><a href=\"https:\/\/www.freiburg-schwarzwald.de\/proschwarzwaldbauern.htm\">Pro Schwarzwaldbauern &#8211; Forum und Verein<\/a> &gt;ProSchwarzwaldbauern<\/li>\n<li><a href=\"https:\/\/www.freiburg-schwarzwald.de\/ag.htm#Regionalwert AG B\u00fcrgeraktiengesellschaft in Eichstetten\">Regionalwert AG B\u00fcrgeraktiengesellschaft in Eichstetten<\/a> &gt;AG<\/li>\n<li><a href=\"https:\/\/www.freiburg-schwarzwald.de\/vereine#Rotary-Clubs\">Rotary-Clubs<\/a><\/li>\n<li><a href=\"https:\/\/www.freiburg-schwarzwald.de\/vereine#Round Table Freiburg\">Round Table Freiburg<\/a><\/li>\n<li><a href=\"https:\/\/www.freiburg-schwarzwald.de\/wandervereine.htm#Schwarzwaldverein - Ortsgruppen im Schwarzwald\">Schwarzwaldverein &#8211; \u00dcbersicht der Ortsgruppen im Schwarzwald<\/a>\u00a0 &gt;Wandervereine<\/li>\n<li><a href=\"https:\/\/www.freiburg-schwarzwald.de\/wandervereine.htm#Schwarzwaldverein Titisee\">Schwarzwaldverein Titisee &#8211; T\u00e4tigkeitsberichte<\/a> &gt;Wandervereine (19.3.2001)<\/li>\n<li><a href=\"https:\/\/www.freiburg-schwarzwald.de\/brauchtum1.htm#Schwarzwaldverein Schluchsee - Fachwart f\u00fcr Heimatpflege\">Schwarzwaldverein Schluchsee &#8211; Fachwart f\u00fcr Heimatpflege<\/a> &gt;Brauchtum1 (5.5.2003)<\/li>\n<li><a href=\"https:\/\/www.freiburg-schwarzwald.de\/skiclubs.htm\">Skiclubs<\/a> &gt;Skiclubs<\/li>\n<li><a href=\"https:\/\/www.freiburg-schwarzwald.de\/soziales.htm#Links\">Sozialstationen<\/a><\/li>\n<li><a title=\"Stadtbild\" href=\"https:\/\/www.freiburg-schwarzwald.de\/blog\/vereine\/stadtbild\/\">Stadtbild &#8211; ARGE Freiburger Stadtbild<\/a><\/li>\n<li><a href=\"https:\/\/www.freiburg-schwarzwald.de\/trachten.htm\">Trachtengruppe St. Peter<\/a> &gt;Trachten (2.6.2003)<\/li>\n<li><a href=\"https:\/\/www.freiburg-schwarzwald.de\/tauschringe.htm\">Tauschringe<\/a> &gt;tauschringe<\/li>\n<li><a href=\"https:\/\/www.freiburg-schwarzwald.de\/wandervereine.htm\">Wandervereine<\/a> &gt;Wandervereine<\/li>\n<li><a href=\"https:\/\/www.freiburg-schwarzwald.de\/Horben.htm#Weide- und Landschaftspflegeverein Horben\">Weide- und Landschaftspflegeverein Horben<\/a> &gt;Horben (23.1.2004)<\/li>\n<\/ul>\n<p>&nbsp;<\/p>\n<p><strong>Vereine Freiburg<\/strong><\/p>\n<ul>\n<li><a href=\"https:\/\/www.freiburg-schwarzwald.de\/energie\/index.htm#100 Prozent GmbH - Wirtschaftsverband in Freiburg\">100 Prozent GmbH &#8211; Wirtschaftsverband in Freiburg<\/a> &gt;Energie<\/li>\n<li><a href=\"https:\/\/www.freiburg-schwarzwald.de\/alemannisch\/index.htm\">Alemannisches und Badisches<\/a> &gt;Alemannisch<\/li>\n<li><a href=\"https:\/\/www.freiburg-schwarzwald.de\/littenweiler\/vereine.htm#Alumniclub Freiburg\">Alumniclub Freiburg<\/a><\/li>\n<li><a href=\"https:\/\/www.freiburg-schwarzwald.de\/littenweiler\/vereine.htm#Amnesty S\u00fcdbaden Freiburg\">Amnesty S\u00fcdbaden Freiburg<\/a><\/li>\n<li><a href=\"https:\/\/www.freiburg-schwarzwald.de\/integration.htm#Anglo-German\">Anglo-German<\/a> &gt;Integration<\/li>\n<li><a href=\"https:\/\/www.freiburg-schwarzwald.de\/littenweiler\/kultur.htm#Arbeitsgemeinschaft Freiburger Stadtbild\">Arbeitsgemeinschaft Freiburger Stadtbild<\/a> &gt;Kultur<\/li>\n<li><a href=\"https:\/\/www.freiburg-schwarzwald.de\/littenweiler\/bachpaten.htm\">Bachpaten Freiburg<\/a> &gt;Bachpaten<\/li>\n<li><a href=\"https:\/\/www.freiburg-schwarzwald.de\/littenweiler\/vereine.htm#Bagage - P\u00e4dagogische Ideenwerkstatt e.V.\">Bagage &#8211; P\u00e4dagogische Ideenwerkstatt e.V.<\/a><\/li>\n<li><a href=\"https:\/\/www.freiburg-schwarzwald.de\/littenweiler\/vereine.htm#BDS-Wirtschaftsverbund Regio Freiburg\">BDS-Wirtschaftsverbund Regio Freiburg<\/a><\/li>\n<li><a href=\"https:\/\/www.freiburg-schwarzwald.de\/littenweiler\/buergervereine.htm\">Buergervereine und Initiativen<\/a> &gt;<a name=\"B\u00fcrgervereine\"><\/a>B\u00fcrgervereine<\/li>\n<li><a href=\"https:\/\/www.freiburg-schwarzwald.de\/trachten.htm#Bund Heimat und Volksleben\">Bund Heimat und Volksleben<\/a> &gt;Trachten<\/li>\n<li><a href=\"https:\/\/www.freiburg-schwarzwald.de\/littenweiler\/verkehr.htm#FAG - freiburger-auto-gemeinschaft e.V.\u00a0\">Car-Sharing<\/a> &gt;Verkehr<\/li>\n<li><a href=\"https:\/\/www.freiburg-schwarzwald.de\/littenweiler\/gesang.htm\">Ch\u00f6re<\/a> &gt;Gesang<\/li>\n<li><a href=\"https:\/\/www.freiburg-schwarzwald.de\/littenweiler\/kultur.htm#Arbeitsgemeinschaft Freiburger Stadtbild\">Denkmalschutz: ARGE Freiburger Stadtbild<\/a> &gt;Kultur<\/li>\n<li><a href=\"https:\/\/www.freiburg-schwarzwald.de\/denkmal.htm#Denkmalpflege f\u00fcr Freiburg - Namens\u00e4nderung Denkmalschutz\">Denkmalpflege f\u00fcr Freiburg &#8211; Namens\u00e4nderung Denkmalschutz<\/a> &gt;Denkmal<\/li>\n<li><a href=\"https:\/\/www.freiburg-schwarzwald.de\/integration.htm#Deutsch-Japanischer Kulturverein Freiburg\">Deutsch-Japanischer Kulturverein<\/a> &gt;Integration<\/li>\n<li><a href=\"https:\/\/www.freiburg-schwarzwald.de\/littenweiler\/einewelt.htm\">EineWelt-Initiativen<\/a> &gt;EineWelt<\/li>\n<li><a href=\"https:\/\/www.freiburg-schwarzwald.de\/littenweiler\/kunst.htm#E-Werk Freiburg\">E-Werk Freiburg<\/a> &gt;Kunst<\/li>\n<li><a href=\"https:\/\/www.freiburg-schwarzwald.de\/littenweiler\/verkehr.htm#FAG - freiburger-auto-gemeinschaft e.V.\u00a0\">FAG &#8211; freiburger-auto-gemeinschaft e.V.<\/a> &gt;Verkehr<\/li>\n<li><a href=\"https:\/\/www.freiburg-schwarzwald.de\/littenweiler\/narren.htm\">Fassnachtsvereine<\/a> &gt;Narren<\/li>\n<li><a href=\"https:\/\/www.freiburg-schwarzwald.de\/littenweiler\/feuerwehr.htm\">Feuerwehren und Rettungsdienste<\/a> &gt;Feuerwehr<\/li>\n<li><a href=\"https:\/\/www.freiburg-schwarzwald.de\/littenweiler\/frauen.htm\">Frauen &#8211; Vereine und Gruppen<\/a> &gt;Frauen<\/li>\n<li><a href=\"https:\/\/www.freiburg-schwarzwald.de\/littenweiler\/vereine.htm#FrauenUnternehmen.de Hochschwarzwald\">FrauenUnternehmen.de Hochschwarzwald<\/a><\/li>\n<li><a href=\"https:\/\/www.freiburg-schwarzwald.de\/littenweiler\/job1.htm#Freelencer - Netzwerk von Freiberuflern bzw. Selbst\u00e4ndigen\">Freelencer &#8211; Netzwerk von Freiberuflern bzw. Selbst\u00e4ndigen<\/a> &gt;Job1 (3.7.2007)<\/li>\n<li><a href=\"https:\/\/www.freiburg-schwarzwald.de\/littenweiler\/kultur.htm#Arbeitsgemeinschaft Freiburger Stadtbild\">Freiburger Stadtbild &#8211; Arge<\/a> &gt;Kultur<\/li>\n<li><a href=\"https:\/\/www.freiburg-schwarzwald.de\/littenweiler\/vereine.htm#Freiburg English Club\">Freiburg English Club<\/a><\/li>\n<li><a href=\"https:\/\/www.freiburg-schwarzwald.de\/littenweiler\/vereine.htm#Freimaurerloge Zur edlen Aussicht Freiburg\">Freimaurerloge Zur edlen Aussicht Freiburg<\/a><\/li>\n<li><a href=\"https:\/\/www.freiburg-schwarzwald.de\/littenweiler\/vereine.htm#Freimaurerloge Aquarius in Freiburg\">Freimaurerloge Aquarius in Freiburg<\/a><\/li>\n<li><a href=\"https:\/\/www.freiburg-schwarzwald.de\/littenweiler\/verkehr.htm#Freunde der Freiburger Stra\u00dfenbahn e.V.\">Freunde der Freiburger Stra\u00dfenbahn<\/a> &gt;Verkehr<\/li>\n<li><a href=\"https:\/\/www.freiburg-schwarzwald.de\/littenweiler\/kultur.htm#Gastliches Freiburg - vormals Verkehrsverein Freiburg\">Gastliches Freiburg &#8211; vormals Verkehrsverein Freiburg<\/a> &gt;Kultur<\/li>\n<li><a href=\"https:\/\/www.freiburg-schwarzwald.de\/littenweiler\/gesang.htm\">Gesangsvereine<\/a> &gt;Gesang<\/li>\n<li><a href=\"https:\/\/www.freiburg-schwarzwald.de\/littenweiler\/vereine.htm#Gewerbeverein Kirchzarten\">Gewerbeverein Kirchzarten<\/a><\/li>\n<li><a href=\"https:\/\/www.freiburg-schwarzwald.de\/guggenmusik.htm\">Guggen<\/a> &gt;Guggenmusik<\/li>\n<li><a href=\"https:\/\/www.freiburg-schwarzwald.de\/littenweiler\/vereine.htm#Kratzb\u00fcrste\">Kratzb\u00fcrste<\/a><\/li>\n<li><a href=\"https:\/\/www.freiburg-schwarzwald.de\/hilfe.htm\">Hilfswerke<\/a> &gt;Hilfe<\/li>\n<li><a href=\"https:\/\/www.freiburg-schwarzwald.de\/integration.htm#ifibeu\">ifibeu<\/a> &gt;Integration<\/li>\n<li><a href=\"https:\/\/www.freiburg-schwarzwald.de\/imker.htm\">Imkerverein FR<\/a> &gt;Imker<\/li>\n<li><a name=\"Junge Leute\"><\/a>Junge Leute: <a href=\"https:\/\/www.freiburg-schwarzwald.de\/littenweiler\/vereine.htm#DPSG\">DPSG<\/a>, <a href=\"https:\/\/www.freiburg-schwarzwald.de\/littenweiler\/vereine.htm#E-Werk Freiburg\">E-Werk<\/a>, <a href=\"https:\/\/www.freiburg-schwarzwald.de\/littenweiler\/vereine.htm#Highland Games\u00a0\">Highland Games<\/a>, <a href=\"https:\/\/www.freiburg-schwarzwald.de\/littenweiler\/vereine.htm#Vorderhaus Freiburg\">Vorderhaus<\/a>,\u00a0<a href=\"https:\/\/www.freiburg-schwarzwald.de\/littenweiler\/dienste.htm#interskate\" target=\"_self\" rel=\"noopener noreferrer\">interskate<\/a><\/li>\n<li><a href=\"https:\/\/www.freiburg-schwarzwald.de\/littenweiler\/kirchen.htm\">Kirchen, relig. Gemeinschaften<\/a> &gt;Kirchen<\/li>\n<li><a href=\"https:\/\/www.freiburg-schwarzwald.de\/littenweiler\/vereine.htm#Kleintierzuchtverein C 480 Kappel e.V.\">Kleintierzuchtverein C480 Kappel<\/a><\/li>\n<li><a href=\"https:\/\/www.freiburg-schwarzwald.de\/littenweiler\/bauernmarkt.htm\">Littenweiler Bauernmarkt e.V.<\/a> &gt;Bauernmarkt<\/li>\n<li><a href=\"https:\/\/www.freiburg-schwarzwald.de\/littenweiler\/vereine1.htm#Neue Arbeit ? als Alternative zur herk\u00f6mmlichen Lohnarbeit\">Neue Arbeit e.V. \u2013 Alternative zur herk\u00f6mmlichen Lohnarbeit<\/a> &gt;Vereine1 (4.5.2005)<\/li>\n<li><a href=\"https:\/\/www.freiburg-schwarzwald.de\/littenweiler\/kunst.htm#Tao-Art e.V.\">Tao-Art e.V.<\/a> &gt;Kunst<\/li>\n<li><a href=\"https:\/\/www.freiburg-schwarzwald.de\/littenweiler\/lachen.htm#Lachclub-Freiburg.de\">Lachclubs in Freiburg<\/a> &gt;Lachen<\/li>\n<li><a href=\"https:\/\/www.freiburg-schwarzwald.de\/freiburg.htm#M\u00fcnsterbauverein\">M\u00fcnsterbauverein Freiburg<\/a> &gt;Freiburg<\/li>\n<li><a href=\"https:\/\/www.freiburg-schwarzwald.de\/littenweiler\/musik.htm\">Musikvereine<\/a>\u00a0&gt;Musikvereine<\/li>\n<li><a href=\"https:\/\/www.freiburg-schwarzwald.de\/littenweiler\/narren.htm\">Narrenz\u00fcnfte<\/a> &gt;<a name=\"Narrenz\u00fcnfte\"><\/a>Narren<\/li>\n<li><a href=\"https:\/\/www.freiburg-schwarzwald.de\/littenweiler\/notdienste.htm\">Notdienste &#8211; Notfall<\/a> &gt;Notdienste<\/li>\n<li><a title=\"Partei\" href=\"https:\/\/www.freiburg-schwarzwald.de\/blog\/vereine\/partei\/\">Parteien<\/a> &gt;Partei<\/li>\n<li><a href=\"https:\/\/www.freiburg-schwarzwald.de\/littenweiler\/feuerwehr.htm\">Rettung<\/a> &gt;Feuerwehr<\/li>\n<li><a href=\"https:\/\/www.freiburg-schwarzwald.de\/selbsthilfegruppen\/index.htm\">Selbsthilfegruppen-Schwarzwald.de\u00a0 &#8211;\u00a0 eine Datenbank<\/a> &gt;Selbsthilfegruppen<\/li>\n<li><a href=\"https:\/\/www.freiburg-schwarzwald.de\/littenweiler\/stadtfreiburg.htm#Sicheres Freiburg e.V.\">Sicheres Freiburg e.V<\/a>. &gt;StadtFreiburg<\/li>\n<li><a href=\"https:\/\/www.freiburg-schwarzwald.de\/littenweiler\/gesang.htm\">Singkreise<\/a> &gt;Gesang<\/li>\n<li><a href=\"https:\/\/www.freiburg-schwarzwald.de\/hilfe.htm\">Soziales und Hilfe<\/a> &gt;Hilfe<\/li>\n<li><a href=\"https:\/\/www.freiburg-schwarzwald.de\/littenweiler\/sport.htm\">Sportvereine<\/a> &gt;Sport<\/li>\n<li><a href=\"https:\/\/www.freiburg-schwarzwald.de\/integration.htm#Sprachenkolleg\">Sprachenkolleg<\/a> &gt;Integration<\/li>\n<li><a href=\"https:\/\/www.freiburg-schwarzwald.de\/littenweiler\/kultur.htm#Arbeitsgemeinschaft Freiburger Stadtbild\">Stadtbild &#8211; Arbeitsgemeinschaft Freiburger Stadtbild<\/a> &gt;Kultur<\/li>\n<li><a href=\"https:\/\/www.freiburg-schwarzwald.de\/tauschringe.htm\">Tauschringe<\/a> &gt;Tauschringe<\/li>\n<li><a href=\"https:\/\/www.freiburg-schwarzwald.de\/tierschutzverein.htm\">Tierschutzvereine im Schwarzwald<\/a> &gt;Tierschutzverein<\/li>\n<li><a title=\"Treffpunkt\" href=\"https:\/\/www.freiburg-schwarzwald.de\/blog\/engagement\/treffpunkt\/\">Treffpunkt Freiburg<\/a><\/li>\n<li><a href=\"https:\/\/www.freiburg-schwarzwald.de\/littenweiler\/umwelt.htm\">Umweltschutz<\/a> &gt;<a name=\"Umwelt\"><\/a>Umwelt<\/li>\n<li><a href=\"https:\/\/www.freiburg-schwarzwald.de\/littenweiler\/verkehr.htm#VCD - Verkehrsclub f\u00fcr Deutschland\">VCD\u00a0 &gt;Verkehr<\/a>\u00a0 &gt;Verkehr<\/li>\n<li><a href=\"https:\/\/www.freiburg-schwarzwald.de\/littenweiler\/vereine.htm#Vorderhaus Freiburg\">Vorderhaus in Herdern<\/a><\/li>\n<li><a href=\"https:\/\/www.freiburg-schwarzwald.de\/wandervereine.htm\">Wandervereine und -organisationen<\/a> &gt;Wandervereine<\/li>\n<li><a href=\"https:\/\/www.freiburg-schwarzwald.de\/littenweiler\/vereine.htm#Wildrose Freiburg\">Wildrose Freiburg<\/a><\/li>\n<li><a href=\"https:\/\/www.freiburg-schwarzwald.de\/littenweiler\/vereine.htm#Wir gr\u00fcnden ein Dorf\">Wir gr\u00fcnden ein Dorf<\/a><\/li>\n<li><a href=\"https:\/\/www.freiburg-schwarzwald.de\/buergerinitiativen.htm#Zukunft f\u00fcr Freiburg\">Zukunft f\u00fcr Freiburg<\/a> &gt;Buergerinitiativen<\/li>\n<\/ul>\n","protected":false},"excerpt":{"rendered":"<p>Home &gt;Vereine Listenauswahl eines Beitrags (Artikel\/Datum, Seite\/Inhalt):\u00a0Klicken\u00a0oder scrollen Pro Asyl \u2013 gemeinn\u00fctzige Organisation (27.8.2025) Jedem sein eigener Zentralrat\u00a0(14.7.2023) Ehrenamt-Tag 29.6.2023 Freiburg: Neue Homepage\u00a0(30.6.2023) Verbandschef BVMW: Im Mittelstand herrscht blanke Existenzangst\u00a0(15.8.2022) Naturfreunde Freiburg \u2013 Projekte\u00a0(16.9.2021) Germanwatch und atmosfair: Der Staat finanziert\u00a0(29.8.2021) &hellip; <a href=\"https:\/\/www.freiburg-schwarzwald.de\/blog\/vereine\/\">Weiterlesen <span class=\"meta-nav\">&rarr;<\/span><\/a><\/p>\n","protected":false},"author":2,"featured_media":0,"parent":0,"menu_order":0,"comment_status":"open","ping_status":"closed","template":"","meta":{"footnotes":""},"class_list":["post-49","page","type-page","status-publish","hentry"],"_links":{"self":[{"href":"https:\/\/www.freiburg-schwarzwald.de\/blog\/wp-json\/wp\/v2\/pages\/49","targetHints":{"allow":["GET"]}}],"collection":[{"href":"https:\/\/www.freiburg-schwarzwald.de\/blog\/wp-json\/wp\/v2\/pages"}],"about":[{"href":"https:\/\/www.freiburg-schwarzwald.de\/blog\/wp-json\/wp\/v2\/types\/page"}],"author":[{"embeddable":true,"href":"https:\/\/www.freiburg-schwarzwald.de\/blog\/wp-json\/wp\/v2\/users\/2"}],"replies":[{"embeddable":true,"href":"https:\/\/www.freiburg-schwarzwald.de\/blog\/wp-json\/wp\/v2\/comments?post=49"}],"version-history":[{"count":5,"href":"https:\/\/www.freiburg-schwarzwald.de\/blog\/wp-json\/wp\/v2\/pages\/49\/revisions"}],"predecessor-version":[{"id":138166,"href":"https:\/\/www.freiburg-schwarzwald.de\/blog\/wp-json\/wp\/v2\/pages\/49\/revisions\/138166"}],"wp:attachment":[{"href":"https:\/\/www.freiburg-schwarzwald.de\/blog\/wp-json\/wp\/v2\/media?parent=49"}],"curies":[{"name":"wp","href":"https:\/\/api.w.org\/{rel}","templated":true}]}}