{"id":48757,"date":"2014-06-18T09:44:16","date_gmt":"2014-06-18T07:44:16","guid":{"rendered":"https:\/\/www.freiburg-schwarzwald.de\/blog\/?page_id=48757"},"modified":"2026-04-04T21:35:02","modified_gmt":"2026-04-04T19:35:02","slug":"irak","status":"publish","type":"page","link":"https:\/\/www.freiburg-schwarzwald.de\/blog\/global\/irak\/","title":{"rendered":"Irak"},"content":{"rendered":"<p><a href=\"https:\/\/www.freiburg-schwarzwald.de\/blog\">Home<\/a> &gt;<a title=\"Global\" href=\"https:\/\/www.freiburg-schwarzwald.de\/blog\/global\/\">Global<\/a> &gt;Irak<\/p>\n<p><a href=\"https:\/\/www.freiburg-schwarzwald.de\/blog\/vereine\/hilfe\/ride2live\/strand14wellen-pan140510\/\" rel=\"attachment wp-att-47926\"><img loading=\"lazy\" decoding=\"async\" class=\"alignnone size-full wp-image-47926\" src=\"https:\/\/www.freiburg-schwarzwald.de\/blog\/wp-content\/uploads\/2014\/05\/strand14wellen-pan140510.jpg\" alt=\"strand14wellen-pan140510\" width=\"638\" height=\"250\" srcset=\"https:\/\/www.freiburg-schwarzwald.de\/blog\/wp-content\/uploads\/2014\/05\/strand14wellen-pan140510.jpg 638w, https:\/\/www.freiburg-schwarzwald.de\/blog\/wp-content\/uploads\/2014\/05\/strand14wellen-pan140510-180x70.jpg 180w\" sizes=\"auto, (max-width: 638px) 100vw, 638px\" \/><\/a><\/p>\n<p>&nbsp;<\/p>\n<ul>\n<li><em>Listenauswahl eines Beitrags (Artikel\/Datum, Seite\/Inhalt): <span style=\"text-decoration: underline;\">Klicken<\/span> oder scrollen<\/em><\/li>\n<li><a href=\"https:\/\/www.freiburg-schwarzwald.de\/blog\/demokratisches-system-im-iran\/\">Demokratisches System im Iran?<\/a>\u00a0(31.3.2026)<\/li>\n<li><a href=\"https:\/\/www.freiburg-schwarzwald.de\/blog\/global\/kurdistan\/\">Haben die Kurden eine Chance gegen den Islamismus?<\/a> (11.2.2026)<\/li>\n<li>Im Irak mit Kriegsindex 5 wird es Unruhen geben (21.7.2017)<\/li>\n<li>Gegen Auslandseins\u00e4tze der Nato (26.7.2016)<\/li>\n<li>Irak = drei Teile<\/li>\n<li><\/li>\n<li><a title=\"Iran\" href=\"https:\/\/www.freiburg-schwarzwald.de\/blog\/global\/iran\/\">Iran<\/a><\/li>\n<li><a title=\"Kurdistan\" href=\"https:\/\/www.freiburg-schwarzwald.de\/blog\/global\/kurdistan\/\">Kurdistan<\/a><\/li>\n<li><a title=\"Palaestina\" href=\"https:\/\/www.freiburg-schwarzwald.de\/blog\/global\/israel\/palaestina\/\">Pal\u00e4stina<\/a><\/li>\n<li><a title=\"Syrien\" href=\"https:\/\/www.freiburg-schwarzwald.de\/blog\/global\/syrien\/\">Syrien<\/a><\/li>\n<\/ul>\n<p>&nbsp;<\/p>\n<p><strong>Im Irak mit Kriegsindex 5 wird es Unruhen geben<\/strong><br \/>\nWarum sollte es im Irak liebevoller zugehen? Jenseits der Erd\u00f6lertr\u00e4ge rutscht seine Wirtschaftsleistung w\u00e4hrend des Kalifats um ein Viertel ab. Und bei einem 2015er <a title=\"Youth-Bulges\" href=\"https:\/\/www.freiburg-schwarzwald.de\/blog\/engagement\/zukunft\/krieg\/youth-bulges\/\">Kriegsindex von 5,8<\/a> spricht wenig f\u00fcr Kampfesm\u00fcdigkeit. Er liegt fast neunmal beziehungsweise achtmal h\u00f6her als Deutschlands 0,65 beziehungsweise \u00d6sterreichs 0,75. Erst 2025 wird er \u2013 bei einer Gesamtbev\u00f6lkerung von dann 47 Millionen \u2013 mit 3,8 unter Saddams 1980er Antrittswert von 4,4 liegen. Explosiv bleibt auch das.<br \/>\nEin Aufstieg Iraks durch Einstieg in die Weltm\u00e4rkte bleibt gegen Ostasiens Mustersch\u00fcler aussichtslos. Die Konkurrenzf\u00e4higkeit seiner B\u00fcrger ist schwer zu ermitteln, aber die 230.000 Iraker in Deutschland m\u00f6gen als Ann\u00e4herung dienen. Sie bleiben auf den Arbeitsm\u00e4rkten so unvermittelbar, dass sie sich zu 65 Prozent das Recht auf Versorgung durch die Steuerzahler erwerben.<br \/>\nBis 2050, wenn Irak 82 Millionen Einwohner versorgen und der Kriegsindex endlich unter 2 liegen soll, k\u00f6nnte es \u2013 unter welchen gerechten oder frommen Vorw\u00e4nden auch immer \u2013 Unruhen geben. Der Iran wird versuchen, seinen Schiitenkorridor bis ans Mittelmeer zu festigen, dabei aber mit den sunnitischen Jungscharen genau so heftig aneinandergeraten wie fr\u00fchere Okkupanten. Dabei k\u00f6nnen die Opferzahlen absolut noch zunehmen. Der Anteil der Get\u00f6teten an der Gesamtbev\u00f6lkerung jedoch sollte sinken. Am Ende w\u00e4re selbst ein f\u00fcnfzigj\u00e4hriger Krieg keine \u00dcberraschung.<br \/>\n&#8230;\u00a0Alles von <a title=\"Youth-Bulges\" href=\"https:\/\/www.freiburg-schwarzwald.de\/blog\/engagement\/zukunft\/krieg\/youth-bulges\/\">Gunnar Heinsohn <\/a>vom 20.7.2017 bitte lesen auf<br \/>\n<a href=\"https:\/\/www.achgut.com\/artikel\/irak_ein_fuenfzigjaehriger_krieg_waere_keine_berraschung\">https:\/\/www.achgut.com\/artikel\/irak_ein_fuenfzigjaehriger_krieg_waere_keine_berraschung<\/a><\/p>\n<p><strong>F\u00fcnfzigj\u00e4hriger Krieg?<\/strong><br \/>\nLieber Herr Heinsohn, Ihr Artikel \u201cIrak: Ein f\u00fcnfzigj\u00e4hriger Krieg w\u00e4re keine \u00dcberraschung\u201d lenkt den Blick auf die &#8211; sonst unbeachtete &#8211; demografische Entwicklung im Irak, die mir bisher nicht bekannt war. Soweit ist er interessant. Ihre Grundthese: Bev\u00f6lkerungswachstum und interkonfessionelle Konflikte der Muslime machen die westlichen Bem\u00fchungen Wohlstand und Demokratie in die Region zu tragen zunichte, liegt trotzdem mit den Tatsachen \u00fcber Kreuz und wird aus einem zu eingeschr\u00e4nkten Blick auf die Geschichte der Region entwickelt. Deshalb an dieser Stelle eine Replik:<br \/>\nDer erste Golfkrieg zwischen dem Iran und Irak ist ma\u00dfgeblich durch Waffenlieferungen der USA verl\u00e4ngert worden. Dass dabei beide Parteien Kriegsger\u00e4t erhielten, f\u00fchrte jedenfalls nicht zur Stabilisierung der Region und zum Aufbau einer funktionierenden Staatlichkeit. Keines der Regime verdiente die Unterst\u00fctzung in diesem Konflikt.<br \/>\nDer zweite Golfkrieg war eine notwendige Intervention, um das besetzte Kuwait zu befreien. Dank der guten milit\u00e4rischen Ausr\u00fcstung war der \u00dcberfall ja ein leichtes f\u00fcr den Irak. Das im zweiten Golfkrieg von Kriegspropaganda ganz unverfroren Gebrauch gemacht wurde, ist zudem auch eine historische Tatsache (Stichwort Brutkastenl\u00fcge), die man nicht unbeachtet lassen kann.<br \/>\nDer dritte Golfkrieg ist ein v\u00f6lkerrechtswidrige Intervention unter F\u00fcrhung der USA, die man mit zu vielen L\u00fcgen rechtfertigte (Verbindungen zu Al Kaida, Massenvernichtungswaffen), um den Blick nicht auf geopolitische Strategien zu lenken, welche die wirkliche Motivation darstellten.<br \/>\nDass der Westen solche Kriege aus humanit\u00e4ren Erw\u00e4gungen f\u00fchrt, stellt die Wirklichkeit von den F\u00fc\u00dfen auf den Kopf. Es ist noch nie ein Krieg aus humanit\u00e4ren Gr\u00fcnden gef\u00fchrt wurden und mit Blick auf den Irak muss bedacht, dass das Land \u00fcber erheblichliche Erd\u00f6lvorkommen verf\u00fcgt. Die j\u00fcngste Entwicklung im Irak ist eine unmittelbare Folge der Eroberung des Landes im dritten Golfkrieg: Die sunnitische F\u00fchrung wurde abgesetzt und durch eine schiitische ersetzt.<br \/>\nDie bisher benachteiligten Schiiten unterdr\u00fccken nun die Sunniten, was dazu f\u00fchrt, dass der IS in der sunnitischen Bev\u00f6lkerung Akzeptanz findet. Eine einfache und vorrausehbare Gleichung, die bei dem Aufbau einer neunen Staatlickeit im Irak keine Beachtung fand. Ganz nach Wallenstein ern\u00e4hrt der Krieg weiter den Krieg und schon ist man dabei in Syrien sunnitische Extremisten mit Waffen zu beliefern, da sie gegen Assad k\u00e4mpfen. So ist die j\u00fcngere Geschichte im mittleren Osten ein Perpetuum mobile der Gewalt, welches von der dortigen Bev\u00f6lkerung UND den USA\/Europa in Bewegung gehalten wird. Bev\u00f6lkerungswachstum allein f\u00fcr nicht zu Terror und Zerfall der Staatlichkeit, wenn die wirtschaftliche Entwicklung mithalten kann. Im Falle des Irakes ist dies durch Kriege und Embargo verhindert worden. Ihre Argumentation k\u00fchl auf statitischen Betrachtungen auf, dies mag rational und auch n\u00fctzlich sein. Die Milchm\u00e4dchenrechnung von Kriegstoten gegen Bev\u00f6lkerungswachstum, mit dem Verweis darauf das es ja trotzdem \u201cimmer noch mehr\u201d werden, ist am Ende aber unertr\u00e4glich. Hier bin ich &#8211; nach Richard Wagner &#8211; doch lieber durch Mitleid wissend, als durch Zahlenwerk. Mit freundlichen Gru\u00df<br \/>\n21.7.2017, Dr. Adrian Richter, AO<\/p>\n<p>Das Problem k\u00f6nnen wir nicht l\u00f6sen. Wir m\u00fcssen es uns durch Schlie\u00dfen der Grenzen vom Hals halten (containment) und es den Irakern und ihren religi\u00f6sen und weltlichen F\u00fchrern selbst \u00fcberlassen. Vielleicht erkennen sie eines Tages, welch Ungl\u00fcck ihre Bev\u00f6lkerungsentwicklung ist \u2013 oder sie erkennen es eben nicht. Da die islamischen F\u00fchrer den Westen im wesentlichen verachten, kann der Westen nicht einmal helfen, indem er seinen guten Rat anbietet. Es ist nicht so, dass mir das nicht Leid tut. Aber es liegt auch eine Weisheit darin, Respekt vor Anderen zu haben, auch in ihrer Souver\u00e4nit\u00e4t, ihre eigenen Fehler zu machen, und zu erkennen, wann man selbst machtlos ist.<br \/>\nWas aber w\u00e4re die L\u00f6sung aus europ\u00e4ischer, \u201cwestlicher\u201d Sicht? Andere bev\u00f6lkerungsreiche Staaten, wie Indien zeigen nicht dieses kriegerische Verhalten, da m\u00fcssen noch andere Faktoren eine Rolle spielen. Konsequente Abschottung gegen illegale Migration? Besch\u00e4ftigungsprogramme f\u00fcr gering Qualifizierte in diesen L\u00e4ndern, \u201cReichsarbeitsdienst\u201d statt Kriegsdienst plus Bildungsprogramme f\u00fcr diese L\u00e4nder? Das Reproduktionsverhalten dieser tribalistischen archaischen Gesellschaften wird sich doch kurz- und mittelfristig nicht \u00e4ndern lassen? F\u00fcr die Bezeichnung dieses Reproduktionsverhaltens ist ja ein prominenter AfDler kr\u00e4ftig als Rassist gescholten worden, aber hatte er nicht im Kern irgendwo recht? Ein Offizier der sowjetischen Besatzungstruppen \u00e4u\u00dferte einmal anl\u00e4\u00dflich eines Arbeitseinsatzes in der DDR: \u201cWa brauche ich Tech-nik, nehm\u2019 ich 100 Mann!\u201d<br \/>\n21.7.2017, Hjalmar Kreutzer, AO<\/p>\n<p>&nbsp;<\/p>\n<p>&nbsp;<\/p>\n<p><strong>Gegen Auslandseins\u00e4tze der Nato<\/strong><br \/>\nDazu f\u00e4llt mir nur ein: Liebe NATO! H\u00f6r endg\u00fcltig auf, Dich \u00fcberall einzumischen!<br \/>\nRaus aus Irak, Syrien und Afganistan! Ihr habt da gar nichts zu verteidigen und Ihr bringt keinerlei Frieden oder Demokratie.Im Gegenteil:<br \/>\nIhr bringt Kulturkampf, Unfrieden,Terror &#8211; und \u00fcberall Oberwasser f\u00fcr die Rechten in Europa. Weil es doch so sch\u00f6n einfach ist, denen, die dann ihr nacktes Leben auf wochenlangen Fluchten wahlweise retten oder riskieren &#8222;d\u00fcrfen&#8220;,die Schuld an all dem in die Schuhe zu schieben.<br \/>\nLalula, 26.7.2016, WO<\/p>\n<p>&nbsp;<\/p>\n<p><strong>Irak = drei Teile<br \/>\n<\/strong><br \/>\nIrak ist weder Staat noch Nation, sondern ein k\u00fcnstliches Gebilde, das von den englischen Kolonialisten aus den drei Teilen Kurden (im Norden, 15% Bev\u00f6lkerungsanteil, Erd\u00f6l), Sunniten (in der Mitte mit Bagdad mit Saddam Hussein, 20%, wenig \u00d6l) und Schiiten (im S\u00fcden, 60%, viel Erd\u00f6l) zwangsweise eingerichtet wurde. Friede wird erst einkehren, wenn Irak in diese drei Teile zerf\u00e4llt.<br \/>\nMit dem Vormarsch der ISIS-Truppen (Islamischer Staat in Irak und Syrien) ab Mai 2014\u00a0wird dieser Zerfall beschleunigt. Die Schuld daran den USA und deren Einmarsch in den Irak 2003 zuzuschieben, greift zu kurz. Sicher hat die st\u00fcmperhafte Besatzungszeit der USA im Irak dem Hass zwischen Schiiten und Sunniten freien Lauf gelassen, aber die Zuspitzung dieser islamischen Religionsrichtungen beginnt mit der schuiitischen Revolution von 1979\u00a0im Iran. Unter den weltweit 1,5 Mrd Muslimen machen die Schiiten nur ca 15 % aus.<\/p>\n<p>F\u00fcr die Regimes in Teheran wie Riad\u00a0ist der Konfrontationskurs zwischen schiitischem Dschihadismus und sunnitisch-saudischem Wahabismus Tei der Legitimation ihrer Macht.<br \/>\nGlaubt man der multi-religi\u00f6sen Organisation &#8222;Clerics without Borders &#8222;(Kleriker ohne Grenzen&#8220;, dann werden Chaos, Krieg und Brutalit\u00e4t im Irak erst enden, wenn die arabische Welt die entscheidende Frage zu diskutieren bereit ist: Ist der Ausdruck der Identit\u00e4t als Schia, Sunni, Kurde, Araber, Christ oder Perser ein Recht, das man allen zugestehen mu\u00df &#8211; oder aber ein Kampfslogan, um gegen die jeweils andere Seite in die heilige Schlacht zu ziehen.<\/p>\n<p>&nbsp;<\/p>\n<p>&nbsp;<\/p>\n<p>&nbsp;<\/p>\n","protected":false},"excerpt":{"rendered":"<p>Home &gt;Global &gt;Irak &nbsp; Listenauswahl eines Beitrags (Artikel\/Datum, Seite\/Inhalt): Klicken oder scrollen Demokratisches System im Iran?\u00a0(31.3.2026) Haben die Kurden eine Chance gegen den Islamismus? (11.2.2026) Im Irak mit Kriegsindex 5 wird es Unruhen geben (21.7.2017) Gegen Auslandseins\u00e4tze der Nato (26.7.2016) &hellip; <a href=\"https:\/\/www.freiburg-schwarzwald.de\/blog\/global\/irak\/\">Weiterlesen <span class=\"meta-nav\">&rarr;<\/span><\/a><\/p>\n","protected":false},"author":2,"featured_media":0,"parent":27,"menu_order":0,"comment_status":"open","ping_status":"closed","template":"","meta":{"footnotes":""},"class_list":["post-48757","page","type-page","status-publish","hentry"],"_links":{"self":[{"href":"https:\/\/www.freiburg-schwarzwald.de\/blog\/wp-json\/wp\/v2\/pages\/48757","targetHints":{"allow":["GET"]}}],"collection":[{"href":"https:\/\/www.freiburg-schwarzwald.de\/blog\/wp-json\/wp\/v2\/pages"}],"about":[{"href":"https:\/\/www.freiburg-schwarzwald.de\/blog\/wp-json\/wp\/v2\/types\/page"}],"author":[{"embeddable":true,"href":"https:\/\/www.freiburg-schwarzwald.de\/blog\/wp-json\/wp\/v2\/users\/2"}],"replies":[{"embeddable":true,"href":"https:\/\/www.freiburg-schwarzwald.de\/blog\/wp-json\/wp\/v2\/comments?post=48757"}],"version-history":[{"count":3,"href":"https:\/\/www.freiburg-schwarzwald.de\/blog\/wp-json\/wp\/v2\/pages\/48757\/revisions"}],"predecessor-version":[{"id":147510,"href":"https:\/\/www.freiburg-schwarzwald.de\/blog\/wp-json\/wp\/v2\/pages\/48757\/revisions\/147510"}],"up":[{"embeddable":true,"href":"https:\/\/www.freiburg-schwarzwald.de\/blog\/wp-json\/wp\/v2\/pages\/27"}],"wp:attachment":[{"href":"https:\/\/www.freiburg-schwarzwald.de\/blog\/wp-json\/wp\/v2\/media?parent=48757"}],"curies":[{"name":"wp","href":"https:\/\/api.w.org\/{rel}","templated":true}]}}