{"id":486,"date":"2012-04-06T15:43:48","date_gmt":"2012-04-06T15:43:48","guid":{"rendered":"https:\/\/www.freiburg-schwarzwald.de\/blog\/?page_id=486"},"modified":"2025-10-02T20:18:20","modified_gmt":"2025-10-02T18:18:20","slug":"ehrenamt","status":"publish","type":"page","link":"https:\/\/www.freiburg-schwarzwald.de\/blog\/engagement\/ehrenamt\/","title":{"rendered":"Ehrenamt"},"content":{"rendered":"<p>Home &gt;<a title=\"Engagement\" href=\"https:\/\/www.freiburg-schwarzwald.de\/blog\/engagement\/\">Engagement<\/a> &gt;Ehrenamt<\/p>\n<div id=\"attachment_494\" style=\"width: 612px\" class=\"wp-caption alignnone\"><a href=\"https:\/\/www.freiburg-schwarzwald.de\/blog\/wp-content\/uploads\/2012\/04\/hochfirst1pan-080111.jpg\"><img loading=\"lazy\" decoding=\"async\" aria-describedby=\"caption-attachment-494\" class=\"wp-image-494 size-full\" title=\"hochfirst1pan-080111\" src=\"https:\/\/www.freiburg-schwarzwald.de\/blog\/wp-content\/uploads\/2012\/04\/hochfirst1pan-080111.jpg\" alt=\"\" width=\"602\" height=\"167\" srcset=\"https:\/\/www.freiburg-schwarzwald.de\/blog\/wp-content\/uploads\/2012\/04\/hochfirst1pan-080111.jpg 602w, https:\/\/www.freiburg-schwarzwald.de\/blog\/wp-content\/uploads\/2012\/04\/hochfirst1pan-080111-180x49.jpg 180w\" sizes=\"auto, (max-width: 602px) 100vw, 602px\" \/><\/a><p id=\"caption-attachment-494\" class=\"wp-caption-text\">Blick vom Hochfirst nach S\u00fcdwesten \u00fcber Titisee zu Feldberg (zwei Gipfel), Hinterzarten und Breitnau (rechts) am 11.1.2008<\/p><\/div>\n<p>Zw\u00f6lf Millionen Menschen in Deutschland wenden j\u00e4hrlich fast drei Milliarden Stunden<br \/>\nin ihrer Freizeit auf, um sich in Vereinen, Kirchen, Organisationen, Verb\u00e4nden,<br \/>\nSchulen oder Parteien zu engagieren &#8211; ehrenamtlich. Diese Wertsch\u00f6pfung w\u00fcrde das Bruttoinlandsprodukt umgerechnet um etwa 1,5 Prozent steigern<\/p>\n<ul>\n<li><em>Listenauswahl eines Beitrags (Artikel\/Datum, Seite\/Inhalt): <span style=\"text-decoration: underline;\">Klicken<\/span> oder scrollen<\/em><\/li>\n<li><a href=\"https:\/\/www.freiburg-schwarzwald.de\/blog\/engagement\/engagiert-in-freiburg\/\">Engagiert in Freiburg: Anlaufstellen im \u00dcberblick<\/a>\u00a0(1.10.2025)<\/li>\n<li><a href=\"https:\/\/www.freiburg-schwarzwald.de\/blog\/selbsthilfe\/\">Selbsthilfeb\u00fcro Freiburg\/Breisgau-Hochschwarzwald 30 Jahre<\/a>\u00a0(24.11.2023)<\/li>\n<li><a href=\"https:\/\/www.freiburg-schwarzwald.de\/blog\/business\/gesund\/notdienste\/\">Unachtsamkeit und Egal-Haltung macht Rettern unn\u00f6tige Arbeit<\/a> (21.8.2023)<\/li>\n<li>Ehrenamt-Tag 29.6.2023 Freiburg: Neue Homepage (30.6.2023)<\/li>\n<li><a href=\"https:\/\/www.freiburg-schwarzwald.de\/blog\/global\/deutschland\/gesellschaft\/zivilgesellschaft\/\">Sichtbar-gierige H\u00e4nde: Zivilgesellschaftliche Organisationen<\/a>\u00a0(4.2.2022)<\/li>\n<li><a href=\"https:\/\/www.freiburg-schwarzwald.de\/blog\/selbsthilfe\/chronisch\/herz\/defibrillator\/\">Gottenheim \u2013 ein sicherer Ort mit 19 Herz-Lebensrettern<\/a> (25.10.2021)<\/li>\n<li><a href=\"https:\/\/www.freiburg-schwarzwald.de\/blog\/naturfreunde-freiburg-projekte\/\">Naturfreunde Freiburg \u2013 Projekte<\/a>\u00a0(16.9.2021)<\/li>\n<li><a href=\"https:\/\/www.freiburg-schwarzwald.de\/blog\/storchenpaar-mit-jungstoerchen\/\">Storchenpaar mit Jungst\u00f6rchen \u2013 live<\/a>\u00a0(5.5.2021)<\/li>\n<li><a title=\"Redhouse Hot Six: Jazz fuer Alte\" href=\"https:\/\/www.freiburg-schwarzwald.de\/blog\/redhouse-hot-six-jazz-fuer-alte\/\">Redhouse Hot Six: Jazz zur Coronakrise fuer Alte<\/a>\u00a0(29.4.2020)<\/li>\n<li><a href=\"https:\/\/www.freiburg-schwarzwald.de\/blog\/echt-gut-bw-2013-ehrenamt\/\">https:\/\/www.freiburg-schwarzwald.de\/blog\/echt-gut-bw-2013-ehrenamt\/<\/a>\u00a0(11.10.2013)<\/li>\n<li><a href=\"https:\/\/www.freiburg-schwarzwald.de\/blog\/storchenvater-hagen-spaeth\/\">https:\/\/www.freiburg-schwarzwald.de\/blog\/storchenvater-hagen-spaeth\/<\/a>\u00a0(27.5.2013)<\/li>\n<li><a href=\"https:\/\/www.freiburg-schwarzwald.de\/blog\/downtown-street-teams-in-fr\/\">https:\/\/www.freiburg-schwarzwald.de\/blog\/downtown-street-teams-in-fr\/<\/a>\u00a0(13.4.2013)<\/li>\n<li><\/li>\n<li><strong><a href=\"https:\/\/www.freiburg-schwarzwald.de\/ehrenamt.htm\">www.freiburg-schwarzwald.de\/ehrenamt.htm<\/a> &gt;Archivseite Ehrenamt<\/strong><\/li>\n<li><a href=\"https:\/\/www.freiburg-schwarzwald.de\/littenweiler\/ehrenamt.htm#2001 - Internationales Jahr des Ehrenamts\">2001 &#8211; Internationales Jahr des Ehrenamts<\/a><\/li>\n<li><a href=\"https:\/\/www.freiburg-schwarzwald.de\/littenweiler\/ehrenamt.htm#Aktion Lebensraum e.V.\">Aktion Lebensraum e.V.<\/a><\/li>\n<li><a href=\"https:\/\/www.freiburg-schwarzwald.de\/littenweiler\/behinderung1.htm\">Behinderung und Handicap<\/a> &gt;Behinderung1<\/li>\n<li><a href=\"https:\/\/www.freiburg-schwarzwald.de\/littenweiler\/senioren.htm#Besuchsdienst f\u00fcr alte Menschen - Ehrenamtlich\">Besuchsdienst f\u00fcr alte Menschen &#8211; Ehrenamtlich<\/a> &gt;Senioren<\/li>\n<li><a href=\"https:\/\/www.freiburg-schwarzwald.de\/justiz.htm#Bew\u00e4hrungshilfe \u00fcber Firma Neustart\">Bew\u00e4hrungshilfe \u00fcber Firma Neustart<\/a> &gt;Justiz<\/li>\n<li><a href=\"https:\/\/www.freiburg-schwarzwald.de\/blutspende.htm\">Blut spenden<\/a> &gt;Blutspende<\/li>\n<li><a href=\"https:\/\/www.freiburg-schwarzwald.de\/littenweiler\/ehrenamt.htm#B\u00fcrgergemeinschaft - am Beispiel von Eichstetten\">B\u00fcrgergemeinschaft &#8211; am Beispiel von Eichstetten<\/a><\/li>\n<li><a href=\"https:\/\/www.freiburg-schwarzwald.de\/littenweiler\/buergerpreis.htm\">B\u00fcrgerpreise Freiburg, Emmendingen, Staufen, &#8230;<\/a> &gt;Buergerpreis<\/li>\n<li><a title=\"Corona-Grundrechte\" href=\"https:\/\/www.freiburg-schwarzwald.de\/blog\/business\/gesund\/corona-virus\/corona-grundrechte\/\">Corona-Grundrechte<\/a><\/li>\n<li><a href=\"https:\/\/www.freiburg-schwarzwald.de\/littenweiler\/ehrenamt.htm#Ehrenamt-Bezahlung der Gemeinder\u00e4te im Dreisamtal\">Ehrenamt-Bezahlung der Gemeinder\u00e4te im Dreisamtal<\/a><\/li>\n<li><a href=\"https:\/\/www.freiburg-schwarzwald.de\/littenweiler\/ehrenamt5.htm#Ehrenordnung der Stadt Freiburg\">Ehrenordnung der Stadt Freiburg<\/a> &gt;Ehrenamt5<\/li>\n<li><a href=\"https:\/\/www.freiburg-schwarzwald.de\/blog\/engagement\/engagiert-in-freiburg\/\">Engagiert-in-Freiburg<\/a><\/li>\n<li><a href=\"https:\/\/www.freiburg-schwarzwald.de\/littenweiler\/ehrenamt.htm#Farbe -Treffpunkt Freiburg der Ehrenamtlichen\">Farbe &#8211; Treffpunkt der Ehrenamtlichen in Freiburg<\/a><\/li>\n<li><a href=\"https:\/\/www.freiburg-schwarzwald.de\/littenweiler\/ehrenamt.htm#F\u00f6rderverein ABC\">F\u00f6rderverein ABC<\/a><\/li>\n<li><a href=\"https:\/\/www.freiburg-schwarzwald.de\/littenweiler\/ehrenamt.htm#Freiburger Hilfsgemeinschaft FHG\">Freiburger Hilfsgemeinschaft FHG &#8211; 30j\u00e4hriges Bestehen im Juli 2000<\/a><\/li>\n<li><a href=\"https:\/\/www.freiburg-schwarzwald.de\/littenweiler\/ehrenamt.htm#FHG - Club 55 mit langfristig Ehrenamtlichen\">FHG &#8211; Club 55 mit langfristig Ehrenamtlichen<\/a> (29.9.2001)<\/li>\n<li><a title=\"Fluechtlinge-Paten\" href=\"https:\/\/www.freiburg-schwarzwald.de\/blog\/global\/integration\/fluechtlinge-paten\/\">Fluechtlinge-Paten<\/a><\/li>\n<li><a href=\"https:\/\/www.freiburg-schwarzwald.de\/littenweiler\/buergerpreis.htm\">Freiburger B\u00fcrgerpreis<\/a> &gt;Buergerpreis<\/li>\n<li><a href=\"https:\/\/www.freiburg-schwarzwald.de\/freiwillig.htm#Freiwilligen-Agentur Freiburg\" target=\"_self\" rel=\"noopener\">Freiwilligen-Agentur Freiburg<\/a> &gt;www.frsw.de\/freiwillig<\/li>\n<li><a href=\"https:\/\/www.freiburg-schwarzwald.de\/freiwillig.htm#Freiwilligen-Agentur - 609 Freiwillige Anfang 2003 eingetragen\">Freiwilligen Agentur &#8211; 609 Freiwillige Anfang 2003 eingetragen<\/a> &gt;www.frsw.de\/freiwillig<\/li>\n<li><a href=\"https:\/\/www.freiburg-schwarzwald.de\/freiwillig.htm#FreiwilligenAgentur: Ehrenamt ist nicht nur Ehrensache\">Freiwilligen Agentur: Ehrenamt ist nicht nur Ehrensache<\/a> &gt;www.frsw.de\/freiwillig<\/li>\n<li><a href=\"https:\/\/www.freiburg-schwarzwald.de\/freiwillig.htm#FreiwilligenAgentur: Liste der Organisationen, die Freiwllige suchen\">Freiwilligen Agentur: Liste der Organisationen, die Freiwillige suchen<\/a><\/li>\n<li><a href=\"https:\/\/www.freiburg-schwarzwald.de\/littenweiler\/ehrenamt.htm#Handarbeitsmarkt f\u00fcr Missio in Littenweiler am 5.4.2003\">Handarbeitsmarkt f\u00fcr Missio in Littenweiler am 5.4.2003<\/a><\/li>\n<li><a href=\"https:\/\/www.freiburg-schwarzwald.de\/littenweiler\/ehrenamt.htm#Handarbeitskreis\">Handarbeitskreis St. Barbara 1997<\/a><\/li>\n<li><a href=\"https:\/\/www.freiburg-schwarzwald.de\/littenweiler\/ehrenamt.htm#Handarbeitskreis und die Frauengemeinschaft der Gemeinde St. Barbara\">Handarbeitskreis und die Frauengemeinschaft der Gemeinde St. Barbara 2000<\/a><\/li>\n<li><a href=\"https:\/\/www.freiburg-schwarzwald.de\/freiwillig.htm#IFF - Initiativkreis Freiburger Freiwilligendienste aller Generationen\">IFF &#8211; Initiativkreis Freiburger Freiwilligendienste aller Generationen<\/a> &gt;Freiwillig<\/li>\n<li><a href=\"https:\/\/www.freiburg-schwarzwald.de\/littenweiler\/ehrenamt.htm#Jule-Gruppe Littenweiler\">Jule-Gruppe Littenweiler<\/a><\/li>\n<li><a href=\"https:\/\/www.freiburg-schwarzwald.de\/littenweiler\/ehrenamt.htm#Bezirks-Jule-Tag in Littenweiler am 20.10.2000\">Jule Gruppen: Bezirks-Jule-Tag am 20.10.2000 in Littenweiler<\/a><\/li>\n<li><a href=\"https:\/\/www.freiburg-schwarzwald.de\/littenweiler\/ehrenamt.htm#Kr\u00e4uter- und Heilpflanzengarten beim Kloster Oberried\">Kr\u00e4uter- und Heilpflanzengarten Oberried<\/a><\/li>\n<li><a href=\"https:\/\/www.freiburg-schwarzwald.de\/freiburg-persoenlich.htm\">Pers\u00f6nlichkeiten von Freiburg, vorgestellt vom Stadtkurier<\/a> &gt;Freiburg-Persoenlich<\/li>\n<li><a href=\"https:\/\/www.freiburg-schwarzwald.de\/littenweiler\/ehrenamt.htm#Ehrenamtliche Gruppen\">Plattform f\u00fcr ehrenamtlich arbeitende Gruppen und Initiativen in Freiburg<\/a><\/li>\n<li><a href=\"https:\/\/www.freiburg-schwarzwald.de\/littenweiler\/ehrenamt1.htm\">Menschen im Ehrenamt<\/a> &gt;Ehrenamt1<\/li>\n<li><a href=\"https:\/\/www.freiburg-schwarzwald.de\/littenweiler\/ehrenamt.htm#Mentorinnennetz.de - B\u00fcrgermentoren um Freiburg\">Mentorinnennetz.de &#8211; B\u00fcrgermentoren um Freiburg<\/a><\/li>\n<li><a href=\"https:\/\/www.freiburg-schwarzwald.de\/littenweiler\/jugend.htm#Mitmachen Ehrensache - Aktionsb\u00fcro Freiburg\">Mitmachen Ehrensache &#8211; Aktionsb\u00fcro Freiburg<\/a> &gt;Jugend<\/li>\n<li><a href=\"https:\/\/www.freiburg-schwarzwald.de\/littenweiler\/ehrenamt.htm#MOFA - ehrenamtliche Hilfe durch Herbert Kistner\">MOFA &#8211; ehrenamtliche Hilfe durch Erich Kistner<\/a><\/li>\n<li><a href=\"https:\/\/www.freiburg-schwarzwald.de\/selbsthilfe1.htm#Organisationsentwicklung: Tips f\u00fcr zivilgesellschaftliche Gruppen\">Organisationsentwicklung: Tips f\u00fcr zivilgesellschaftliche Gruppen<\/a> &gt;Selbsthilfe (13.3.2009)<\/li>\n<li><a title=\"Politik-Ansichten\" href=\"https:\/\/www.freiburg-schwarzwald.de\/blog\/engagement\/zukunft\/demokratie\/politik-ansichten\/\">Politik-Ansichten<\/a><\/li>\n<li><a href=\"https:\/\/www.freiburg-schwarzwald.de\/littenweiler\/ehrenamt.htm#RABE - Regionale Anlaufstelle f\u00fcr B\u00fcrgerschaftliches Engagement im Landkreis Breisgau-Hochschwarzwald\">RABE &#8211; Regionale Anlaufstelle f\u00fcr B\u00fcrgerschaftliches Engagement im Landkreis Breisgau-Hochschwarzwald<\/a><\/li>\n<li><a title=\"Selbsthilfe\" href=\"https:\/\/www.freiburg-schwarzwald.de\/blog\/selbsthilfe\/\">Selbsthilfegruppen<\/a><\/li>\n<li><a href=\"https:\/\/www.freiburg-schwarzwald.de\/littenweiler\/ehrenamt.htm#Soroptimistinnen Freiburg 20 Jahre\">Soroptimistinnen Freiburg 20 Jahre<\/a><\/li>\n<li><a href=\"https:\/\/www.freiburg-schwarzwald.de\/littenweiler\/ehrenamt.htm#Treffpunkt Freiburg plant Gutscheine f\u00fcr Ehrenamtliche\">Treffpunkt Freiburg plant Gutscheine f\u00fcr Ehrenamtliche<\/a> (9.7.2001)<\/li>\n<li><a href=\"https:\/\/www.freiburg-schwarzwald.de\/selbsthilfe.htm#Unfallschutz von ehrenamtlich Engagierten\">Unfallschutz von ehrenamtlich Engagierten: Brosch\u00fcre<\/a> &gt;Selbsthilfe (12.7.2006)<\/li>\n<li><\/li>\n<li><a href=\"https:\/\/www.freiburg-schwarzwald.de\/blog\/global\/deutschland\/gesellschaft\/zivilgesellschaft\/\">Zivilgesellschaft<\/a><\/li>\n<\/ul>\n<p>&nbsp;<\/p>\n<p align=\"justify\"><strong>Verbringt nicht Eure freie Zeit mit Sport, Musik, Brauchtum, Ehrenamt, Kultur, &#8230;,<\/strong><br \/>\n<strong>sondern k\u00fcmmert Euch um die Integration der \u00fcber 1,2 Mio in 2015 zugewanderten muslimischen Fl\u00fcchtlinge.<\/strong><br \/>\n3.1.2015, Ein verzweifelter B\u00fcrgermeister (der nicht genannt werden will)<br \/>\n===========================================================<br \/>\n.<\/p>\n<p><strong>Ehrenamt-Tag 29.6.2023 Freiburg: Neue Homepage<\/strong><br \/>\nBeim Engagement-Tag am Donnerstag sind Engagierte, Engagement-F\u00f6rderer und die Stadtverwaltung zu Workshops zusammengekommen. Ziel ist es, das b\u00fcrgerliche Engagement besser zu vernetzen.<br \/>\n&#8222;Da hat man einen gro\u00dfen Pool an Leuten und die wissen nichts voneinander&#8220;, sagte ein 64-J\u00e4hriger, der sich in seiner Freizeit ehrenamtlich engagiert. Er gebe einer Ukrainerin Deutschunterricht und vermute, dass es in Freiburg noch viele andere Hilfslehrer geben m\u00fcsse. &#8222;Wenn man die vernetzen k\u00f6nnte&#8220;, das sei doch besser.<br \/>\nUnter anderem darum ging es beim Engagement-Tag im Z\u00e4hringer B\u00fcrgerhaus (und nicht, wie zuerst vonseiten der Stadtverwaltung angek\u00fcndigt, im B\u00fcrgerhaus am Seepark). 25 St\u00e4nde von Freiburger Vereinen und Tr\u00e4gern informierten \u00fcber ihre Arbeit. Daneben wurden Workshops angeboten, in denen die Freiwilligen \u00fcber die Zukunft des Ehrenamts und M\u00f6glichkeiten der Vernetzung diskutieren konnten \u2013 und quasi der Bitte des 64-J\u00e4hrigen nachkommen wollten, die vielen verschiedenen Angebote besser zu koordinieren und unter ein Dach zu bekommen.<br \/>\nMan wolle eine lokale Engagements-Strategie entwickeln, sagte Gerhard Rieger, Leiter der Stabsstelle B\u00fcrgerschaftliches Engagement und Organisator des Aktionstags. Man wolle einen \u00dcberblick dar\u00fcber bekommen, welche ehrenamtlichen Angebote es in Freiburg gebe und diese dann st\u00e4rker miteinander vernetzen. &#8222;Das ist jetzt noch alles Theorie&#8220;, sagte Rieger. Bei dem Engagement-Tag waren alle eingeladen, ihre Sichtweisen, W\u00fcnsche und Bed\u00fcrfnisse miteinzubringen. Rund eineinhalb Jahre soll diese Strategieentwicklung dauern. Zum Schluss soll man nicht nur eine bessere \u00dcbersicht haben, sondern auch von anderen Ideen profitieren k\u00f6nnen \u2013 beispielsweise beim Stellen von F\u00f6rderantr\u00e4gen oder bei der Frage, wie man Ehrenamtliche finden und langfristig halten k\u00f6nne.<br \/>\nEin erster Ansatz f\u00fcr die Koordination soll der Freiburger Wegweiser Engagement sein. <strong>Auf der neuen Homepage gibt es Informationen in den Kategorien Netzwerke finden, Raum &amp; Material, Fortbildungen, Programme &amp; Veranstaltungen, Finanzierung &amp; F\u00f6rdermittel sowie Expertise &amp; Fachleute. <a href=\"http:\/\/www.engagement-wegweiser.de\">http:\/\/www.engagement-wegweiser.de<\/a><\/strong><br \/>\nZiel sei es, kein neues Angebot zu schaffen, sondern die vorhandenen zu b\u00fcndeln und sichtbar zu machen, sagte Jonas Bauschert vom Eine-Welt-Forum Freiburg, der in einem Workshop den Wegweiser vorstellt und die anwesenden G\u00e4ste um Feedback bittet. Man sei momentan noch in der Pilotphase und m\u00fcsse erst ausprobieren, ob der Wegweiser so funktioniere und ob er auch angenommen werde.<\/p>\n<p>Das Interesse am Ehrenamt sei stabil, sagte Meike Folkerts in der Begr\u00fc\u00dfungsrede. Aber trotzdem wandelten sich die Bed\u00fcrfnisse der Ehrenamtlichen. Das sieht auch Heike Arens von der Freiburger Freiwilligenagentur so. Viele spr\u00e4ngen rein und wieder raus, vor allem Ehren\u00e4mter mit Verantwortung wie etwa in einem Vorstand seien schwer zu besetzen. Sie pl\u00e4diert f\u00fcr einen Perspektivwechsel: Nicht zu \u00fcberlegen, wie man diese Vorstandsposition nun besetzen k\u00f6nne, sondern zu schauen, wie man neue Leute im Ehrenamt halten k\u00f6nne. Die alten Strukturen des Vereins vielleicht auch aufbrechen.<br \/>\nF\u00fcr junge Engagierte seien \u2013 in absteigender Reihenfolge \u2013 drei Dinge wichtig: Wertsch\u00e4tzung, Zertifikationen und Weiterbildungsm\u00f6glichkeiten. Gerade Letzteres w\u00fcnscht sich auch der 64-j\u00e4hrige Hilfslehrer. Wie man deutsch unterrichte, bringe er sich haupts\u00e4chlich selbst bei, die meisten Kurse seien oft mehrere Wochen und dadurch zu zeitintensiv. Etwas dazwischen w\u00fcrde er sich w\u00fcnschen.<br \/>\nDen Wegweiser gibt es unter <a href=\"http:\/\/www.engagement-wegweiser.de\">http:\/\/www.engagement-wegweiser.de<\/a><br \/>\n&#8230; Alles vom 30.6.2023 vo Hannah Steiert bitte lesen auf<br \/>\n<a href=\"https:\/\/www.badische-zeitung.de\/das-ehrenamt-moechte-seine-zukunft-staerken--271278889.html\">https:\/\/www.badische-zeitung.de\/das-ehrenamt-moechte-seine-zukunft-staerken&#8211;271278889.html<\/a><\/p>\n<p>&nbsp;<\/p>\n<p align=\"justify\"><strong>Ehrenamtliches Engagement ist nicht finanzierbar<br \/>\n<\/strong>Oberb\u00fcrgermeister Dieter Salomon auf die Frage, ob es sich\u00a0\u00a0der Staat mit der Werbung f\u00fcrs Ehrenamt nicht zu einfach mache: &#8222;Die Kommune muss die soziale Grundversorgung der B\u00fcrgerinnen und B\u00fcrger sicherstellen, dazu brauchen wir Hauptamtliche.&#8220; Allerdings funktioniere eine soziale Stadt nicht ohne ehrenamtliches Engagement, weil all das, was Ehrenamtliche leisten, niemals zu finanzieren sei.<br \/>\n19.10.2012<\/p>\n","protected":false},"excerpt":{"rendered":"<p>Home &gt;Engagement &gt;Ehrenamt Zw\u00f6lf Millionen Menschen in Deutschland wenden j\u00e4hrlich fast drei Milliarden Stunden in ihrer Freizeit auf, um sich in Vereinen, Kirchen, Organisationen, Verb\u00e4nden, Schulen oder Parteien zu engagieren &#8211; ehrenamtlich. Diese Wertsch\u00f6pfung w\u00fcrde das Bruttoinlandsprodukt umgerechnet um etwa &hellip; <a href=\"https:\/\/www.freiburg-schwarzwald.de\/blog\/engagement\/ehrenamt\/\">Weiterlesen <span class=\"meta-nav\">&rarr;<\/span><\/a><\/p>\n","protected":false},"author":2,"featured_media":0,"parent":148,"menu_order":0,"comment_status":"open","ping_status":"closed","template":"","meta":{"footnotes":""},"class_list":["post-486","page","type-page","status-publish","hentry"],"_links":{"self":[{"href":"https:\/\/www.freiburg-schwarzwald.de\/blog\/wp-json\/wp\/v2\/pages\/486","targetHints":{"allow":["GET"]}}],"collection":[{"href":"https:\/\/www.freiburg-schwarzwald.de\/blog\/wp-json\/wp\/v2\/pages"}],"about":[{"href":"https:\/\/www.freiburg-schwarzwald.de\/blog\/wp-json\/wp\/v2\/types\/page"}],"author":[{"embeddable":true,"href":"https:\/\/www.freiburg-schwarzwald.de\/blog\/wp-json\/wp\/v2\/users\/2"}],"replies":[{"embeddable":true,"href":"https:\/\/www.freiburg-schwarzwald.de\/blog\/wp-json\/wp\/v2\/comments?post=486"}],"version-history":[{"count":5,"href":"https:\/\/www.freiburg-schwarzwald.de\/blog\/wp-json\/wp\/v2\/pages\/486\/revisions"}],"predecessor-version":[{"id":139703,"href":"https:\/\/www.freiburg-schwarzwald.de\/blog\/wp-json\/wp\/v2\/pages\/486\/revisions\/139703"}],"up":[{"embeddable":true,"href":"https:\/\/www.freiburg-schwarzwald.de\/blog\/wp-json\/wp\/v2\/pages\/148"}],"wp:attachment":[{"href":"https:\/\/www.freiburg-schwarzwald.de\/blog\/wp-json\/wp\/v2\/media?parent=486"}],"curies":[{"name":"wp","href":"https:\/\/api.w.org\/{rel}","templated":true}]}}