{"id":47827,"date":"2014-05-16T22:01:07","date_gmt":"2014-05-16T20:01:07","guid":{"rendered":"https:\/\/www.freiburg-schwarzwald.de\/blog\/?page_id=47827"},"modified":"2014-05-22T18:42:25","modified_gmt":"2014-05-22T16:42:25","slug":"venedig","status":"publish","type":"page","link":"https:\/\/www.freiburg-schwarzwald.de\/blog\/global\/italien\/venedig\/","title":{"rendered":"Venedig"},"content":{"rendered":"<p><a href=\"https:\/\/www.freiburg-schwarzwald.de\/blog\">Home<\/a> &gt;<a title=\"Global\" href=\"https:\/\/www.freiburg-schwarzwald.de\/blog\/global\/\">Global<\/a> &gt;<a title=\"Italien\" href=\"https:\/\/www.freiburg-schwarzwald.de\/blog\/global\/italien\/\">Italien<\/a> &gt;Venedig<\/p>\n<div id=\"attachment_47920\" style=\"width: 649px\" class=\"wp-caption alignnone\"><a href=\"https:\/\/www.freiburg-schwarzwald.de\/blog\/global\/italien\/venedig\/strand19schiff-pan140510\/\" rel=\"attachment wp-att-47920\"><img loading=\"lazy\" decoding=\"async\" aria-describedby=\"caption-attachment-47920\" class=\"size-full wp-image-47920\" alt=\"Kreuzfahrtschiff Costa Faszinosa am 12.5.2014 vor Venedig an der Punta Sabbioni\" src=\"https:\/\/www.freiburg-schwarzwald.de\/blog\/wp-content\/uploads\/2014\/05\/strand19schiff-pan140510.jpg\" width=\"639\" height=\"258\" srcset=\"https:\/\/www.freiburg-schwarzwald.de\/blog\/wp-content\/uploads\/2014\/05\/strand19schiff-pan140510.jpg 639w, https:\/\/www.freiburg-schwarzwald.de\/blog\/wp-content\/uploads\/2014\/05\/strand19schiff-pan140510-180x72.jpg 180w\" sizes=\"auto, (max-width: 639px) 100vw, 639px\" \/><\/a><p id=\"caption-attachment-47920\" class=\"wp-caption-text\">Kreuzfahrtschiff Costa Faszinosa am 12.5.2014 vor Venedig an der Punta Sabbioni<\/p><\/div>\n<ul>\n<li>Bilder von Venedig im Mai<\/li>\n<li>Fusina &#8211; Camping in Venedig-Maestre<\/li>\n<li><a title=\"Cavallino\" href=\"https:\/\/www.freiburg-schwarzwald.de\/blog\/global\/italien\/cavallino\/\">Cavallino<\/a><\/li>\n<\/ul>\n<p>&nbsp;<\/p>\n<p><strong>Bilder von Venedig im Mai<\/strong><\/p>\n<p>&nbsp;<\/p>\n<p><a href=\"https:\/\/www.freiburg-schwarzwald.de\/blog\/global\/italien\/venedig\/venedig1-140509\/\" rel=\"attachment wp-att-48033\"><img loading=\"lazy\" decoding=\"async\" class=\"alignnone size-thumbnail wp-image-48033\" alt=\"venedig1-140509\" src=\"https:\/\/www.freiburg-schwarzwald.de\/blog\/wp-content\/uploads\/2014\/05\/venedig1-140509-180x135.jpg\" width=\"180\" height=\"135\" srcset=\"https:\/\/www.freiburg-schwarzwald.de\/blog\/wp-content\/uploads\/2014\/05\/venedig1-140509-180x135.jpg 180w, https:\/\/www.freiburg-schwarzwald.de\/blog\/wp-content\/uploads\/2014\/05\/venedig1-140509.jpg 640w\" sizes=\"auto, (max-width: 180px) 100vw, 180px\" \/><\/a>\u00a0\u00a0\u00a0\u00a0\u00a0\u00a0\u00a0\u00a0\u00a0 <a href=\"https:\/\/www.freiburg-schwarzwald.de\/blog\/global\/italien\/venedig\/venedig2bettler140509\/\" rel=\"attachment wp-att-48034\"><img loading=\"lazy\" decoding=\"async\" class=\"alignnone size-thumbnail wp-image-48034\" alt=\"venedig2bettler140509\" src=\"https:\/\/www.freiburg-schwarzwald.de\/blog\/wp-content\/uploads\/2014\/05\/venedig2bettler140509-135x180.jpg\" width=\"135\" height=\"180\" srcset=\"https:\/\/www.freiburg-schwarzwald.de\/blog\/wp-content\/uploads\/2014\/05\/venedig2bettler140509-135x180.jpg 135w, https:\/\/www.freiburg-schwarzwald.de\/blog\/wp-content\/uploads\/2014\/05\/venedig2bettler140509.jpg 480w\" sizes=\"auto, (max-width: 135px) 100vw, 135px\" \/><\/a>\u00a0\u00a0\u00a0\u00a0\u00a0\u00a0\u00a0\u00a0\u00a0\u00a0\u00a0\u00a0\u00a0\u00a0\u00a0 \u00a0\u00a0\u00a0\u00a0\u00a0\u00a0\u00a0 <a href=\"https:\/\/www.freiburg-schwarzwald.de\/blog\/global\/italien\/venedig\/venedig3viagaribaldi140509\/\" rel=\"attachment wp-att-48035\"><img loading=\"lazy\" decoding=\"async\" class=\"alignnone size-thumbnail wp-image-48035\" alt=\"venedig3viagaribaldi140509\" src=\"https:\/\/www.freiburg-schwarzwald.de\/blog\/wp-content\/uploads\/2014\/05\/venedig3viagaribaldi140509-180x150.jpg\" width=\"180\" height=\"150\" srcset=\"https:\/\/www.freiburg-schwarzwald.de\/blog\/wp-content\/uploads\/2014\/05\/venedig3viagaribaldi140509-180x150.jpg 180w, https:\/\/www.freiburg-schwarzwald.de\/blog\/wp-content\/uploads\/2014\/05\/venedig3viagaribaldi140509-640x535.jpg 640w, https:\/\/www.freiburg-schwarzwald.de\/blog\/wp-content\/uploads\/2014\/05\/venedig3viagaribaldi140509.jpg 760w\" sizes=\"auto, (max-width: 180px) 100vw, 180px\" \/><\/a><br \/>\n(1) Venedig am 8.5.2014\u00a0\u00a0\u00a0\u00a0\u00a0\u00a0\u00a0\u00a0\u00a0\u00a0\u00a0\u00a0\u00a0\u00a0\u00a0\u00a0\u00a0\u00a0\u00a0\u00a0\u00a0\u00a0\u00a0\u00a0(2) Er kann gut laufen &#8211; Schauspiel\u00a0\u00a0\u00a0\u00a0\u00a0 \u00a0\u00a0 (3) Via Garibaldi in Venedig<\/p>\n<p><a href=\"https:\/\/www.freiburg-schwarzwald.de\/blog\/global\/italien\/venedig\/venedig4feuchtigkeit140509\/\" rel=\"attachment wp-att-48036\"><img loading=\"lazy\" decoding=\"async\" class=\"alignnone size-thumbnail wp-image-48036\" alt=\"venedig4feuchtigkeit140509\" src=\"https:\/\/www.freiburg-schwarzwald.de\/blog\/wp-content\/uploads\/2014\/05\/venedig4feuchtigkeit140509-135x180.jpg\" width=\"135\" height=\"180\" srcset=\"https:\/\/www.freiburg-schwarzwald.de\/blog\/wp-content\/uploads\/2014\/05\/venedig4feuchtigkeit140509-135x180.jpg 135w, https:\/\/www.freiburg-schwarzwald.de\/blog\/wp-content\/uploads\/2014\/05\/venedig4feuchtigkeit140509.jpg 480w\" sizes=\"auto, (max-width: 135px) 100vw, 135px\" \/><\/a>\u00a0\u00a0\u00a0\u00a0\u00a0\u00a0\u00a0\u00a0\u00a0\u00a0\u00a0\u00a0\u00a0\u00a0\u00a0\u00a0\u00a0\u00a0\u00a0\u00a0\u00a0\u00a0\u00a0 <a href=\"https:\/\/www.freiburg-schwarzwald.de\/blog\/global\/italien\/venedig\/venedig5feuchtigkeit140509\/\" rel=\"attachment wp-att-48037\"><img loading=\"lazy\" decoding=\"async\" class=\"alignnone size-thumbnail wp-image-48037\" alt=\"venedig5feuchtigkeit140509\" src=\"https:\/\/www.freiburg-schwarzwald.de\/blog\/wp-content\/uploads\/2014\/05\/venedig5feuchtigkeit140509-135x180.jpg\" width=\"135\" height=\"180\" srcset=\"https:\/\/www.freiburg-schwarzwald.de\/blog\/wp-content\/uploads\/2014\/05\/venedig5feuchtigkeit140509-135x180.jpg 135w, https:\/\/www.freiburg-schwarzwald.de\/blog\/wp-content\/uploads\/2014\/05\/venedig5feuchtigkeit140509.jpg 480w\" sizes=\"auto, (max-width: 135px) 100vw, 135px\" \/><\/a>\u00a0\u00a0\u00a0\u00a0\u00a0\u00a0\u00a0\u00a0\u00a0\u00a0\u00a0\u00a0\u00a0\u00a0\u00a0\u00a0\u00a0 \u00a0\u00a0\u00a0 \u00a0 <a href=\"https:\/\/www.freiburg-schwarzwald.de\/blog\/global\/italien\/venedig\/venedig6feuchtigkeit140509\/\" rel=\"attachment wp-att-48038\"><img loading=\"lazy\" decoding=\"async\" class=\"alignnone size-thumbnail wp-image-48038\" alt=\"venedig6feuchtigkeit140509\" src=\"https:\/\/www.freiburg-schwarzwald.de\/blog\/wp-content\/uploads\/2014\/05\/venedig6feuchtigkeit140509-180x135.jpg\" width=\"180\" height=\"135\" srcset=\"https:\/\/www.freiburg-schwarzwald.de\/blog\/wp-content\/uploads\/2014\/05\/venedig6feuchtigkeit140509-180x135.jpg 180w, https:\/\/www.freiburg-schwarzwald.de\/blog\/wp-content\/uploads\/2014\/05\/venedig6feuchtigkeit140509.jpg 640w\" sizes=\"auto, (max-width: 180px) 100vw, 180px\" \/><\/a><br \/>\n(4) Feuchte Deckenbalken<\/p>\n<p><a href=\"https:\/\/www.freiburg-schwarzwald.de\/blog\/global\/italien\/venedig\/venedig7obst-boot140509\/\" rel=\"attachment wp-att-48040\"><img loading=\"lazy\" decoding=\"async\" class=\"alignnone size-thumbnail wp-image-48040\" alt=\"venedig7obst-boot140509\" src=\"https:\/\/www.freiburg-schwarzwald.de\/blog\/wp-content\/uploads\/2014\/05\/venedig7obst-boot140509-135x180.jpg\" width=\"135\" height=\"180\" srcset=\"https:\/\/www.freiburg-schwarzwald.de\/blog\/wp-content\/uploads\/2014\/05\/venedig7obst-boot140509-135x180.jpg 135w, https:\/\/www.freiburg-schwarzwald.de\/blog\/wp-content\/uploads\/2014\/05\/venedig7obst-boot140509.jpg 480w\" sizes=\"auto, (max-width: 135px) 100vw, 135px\" \/><\/a>\u00a0\u00a0\u00a0\u00a0\u00a0\u00a0\u00a0\u00a0\u00a0\u00a0\u00a0\u00a0\u00a0\u00a0\u00a0\u00a0\u00a0\u00a0\u00a0\u00a0\u00a0\u00a0\u00a0 <a href=\"https:\/\/www.freiburg-schwarzwald.de\/blog\/global\/italien\/venedig\/venedig8obst-boot140509\/\" rel=\"attachment wp-att-48041\"><img loading=\"lazy\" decoding=\"async\" class=\"alignnone size-thumbnail wp-image-48041\" alt=\"venedig8obst-boot140509\" src=\"https:\/\/www.freiburg-schwarzwald.de\/blog\/wp-content\/uploads\/2014\/05\/venedig8obst-boot140509-135x180.jpg\" width=\"135\" height=\"180\" srcset=\"https:\/\/www.freiburg-schwarzwald.de\/blog\/wp-content\/uploads\/2014\/05\/venedig8obst-boot140509-135x180.jpg 135w, https:\/\/www.freiburg-schwarzwald.de\/blog\/wp-content\/uploads\/2014\/05\/venedig8obst-boot140509.jpg 480w\" sizes=\"auto, (max-width: 135px) 100vw, 135px\" \/><\/a>\u00a0\u00a0\u00a0\u00a0\u00a0\u00a0\u00a0\u00a0\u00a0\u00a0\u00a0\u00a0\u00a0\u00a0\u00a0 \u00a0\u00a0\u00a0\u00a0\u00a0\u00a0 <a href=\"https:\/\/www.freiburg-schwarzwald.de\/blog\/global\/italien\/venedig\/venedig9baustoffe-boot140509\/\" rel=\"attachment wp-att-48042\"><img loading=\"lazy\" decoding=\"async\" class=\"alignnone size-thumbnail wp-image-48042\" alt=\"venedig9baustoffe-boot140509\" src=\"https:\/\/www.freiburg-schwarzwald.de\/blog\/wp-content\/uploads\/2014\/05\/venedig9baustoffe-boot140509-180x135.jpg\" width=\"180\" height=\"135\" srcset=\"https:\/\/www.freiburg-schwarzwald.de\/blog\/wp-content\/uploads\/2014\/05\/venedig9baustoffe-boot140509-180x135.jpg 180w, https:\/\/www.freiburg-schwarzwald.de\/blog\/wp-content\/uploads\/2014\/05\/venedig9baustoffe-boot140509.jpg 640w\" sizes=\"auto, (max-width: 180px) 100vw, 180px\" \/><\/a><br \/>\n(7) Obst- und Gem\u00fcseboot in der Via Garibaldi\u00a0\u00a0\u00a0\u00a0\u00a0\u00a0\u00a0\u00a0\u00a0\u00a0\u00a0\u00a0\u00a0\u00a0\u00a0\u00a0\u00a0\u00a0\u00a0\u00a0\u00a0\u00a0\u00a0\u00a0\u00a0\u00a0\u00a0\u00a0\u00a0\u00a0\u00a0\u00a0\u00a0\u00a0\u00a0\u00a0\u00a0\u00a0\u00a0\u00a0\u00a0\u00a0\u00a0\u00a0\u00a0\u00a0\u00a0\u00a0 \u00a0\u00a0\u00a0\u00a0 (9) Baustoffe-Boot<\/p>\n<p><a href=\"https:\/\/www.freiburg-schwarzwald.de\/blog\/global\/italien\/venedig\/venedig10baustoffe-boot140509\/\" rel=\"attachment wp-att-48043\"><img loading=\"lazy\" decoding=\"async\" class=\"alignnone size-thumbnail wp-image-48043\" alt=\"venedig10baustoffe-boot140509\" src=\"https:\/\/www.freiburg-schwarzwald.de\/blog\/wp-content\/uploads\/2014\/05\/venedig10baustoffe-boot140509-180x135.jpg\" width=\"180\" height=\"135\" srcset=\"https:\/\/www.freiburg-schwarzwald.de\/blog\/wp-content\/uploads\/2014\/05\/venedig10baustoffe-boot140509-180x135.jpg 180w, https:\/\/www.freiburg-schwarzwald.de\/blog\/wp-content\/uploads\/2014\/05\/venedig10baustoffe-boot140509.jpg 640w\" sizes=\"auto, (max-width: 180px) 100vw, 180px\" \/><\/a>\u00a0\u00a0\u00a0\u00a0\u00a0\u00a0\u00a0\u00a0\u00a0 <a href=\"https:\/\/www.freiburg-schwarzwald.de\/blog\/global\/italien\/venedig\/venedig11sanierungsbedarf140509\/\" rel=\"attachment wp-att-48044\"><img loading=\"lazy\" decoding=\"async\" class=\"alignnone size-thumbnail wp-image-48044\" alt=\"venedig11sanierungsbedarf140509\" src=\"https:\/\/www.freiburg-schwarzwald.de\/blog\/wp-content\/uploads\/2014\/05\/venedig11sanierungsbedarf140509-180x135.jpg\" width=\"180\" height=\"135\" srcset=\"https:\/\/www.freiburg-schwarzwald.de\/blog\/wp-content\/uploads\/2014\/05\/venedig11sanierungsbedarf140509-180x135.jpg 180w, https:\/\/www.freiburg-schwarzwald.de\/blog\/wp-content\/uploads\/2014\/05\/venedig11sanierungsbedarf140509.jpg 640w\" sizes=\"auto, (max-width: 180px) 100vw, 180px\" \/><\/a>\u00a0\u00a0\u00a0\u00a0\u00a0\u00a0\u00a0\u00a0\u00a0 <a href=\"https:\/\/www.freiburg-schwarzwald.de\/blog\/global\/italien\/venedig\/venedig12waesche140509\/\" rel=\"attachment wp-att-48045\"><img loading=\"lazy\" decoding=\"async\" class=\"alignnone size-thumbnail wp-image-48045\" alt=\"venedig12waesche140509\" src=\"https:\/\/www.freiburg-schwarzwald.de\/blog\/wp-content\/uploads\/2014\/05\/venedig12waesche140509-135x180.jpg\" width=\"135\" height=\"180\" srcset=\"https:\/\/www.freiburg-schwarzwald.de\/blog\/wp-content\/uploads\/2014\/05\/venedig12waesche140509-135x180.jpg 135w, https:\/\/www.freiburg-schwarzwald.de\/blog\/wp-content\/uploads\/2014\/05\/venedig12waesche140509.jpg 480w\" sizes=\"auto, (max-width: 135px) 100vw, 135px\" \/><\/a><br \/>\n(10) Baustoffe-Transport\u00a0\u00a08.5.2014 \u00a0\u00a0\u00a0\u00a0\u00a0\u00a0 (11) Sanierungsbedarf all\u00fcberall\u00a0\u00a0\u00a0\u00a0\u00a0\u00a0\u00a0\u00a0\u00a0\u00a0\u00a0\u00a0\u00a0 (12) W\u00e4sche am 8.5.2014<\/p>\n<p><a href=\"https:\/\/www.freiburg-schwarzwald.de\/blog\/global\/italien\/venedig\/venedig13waesche140509\/\" rel=\"attachment wp-att-48046\"><img loading=\"lazy\" decoding=\"async\" class=\"alignnone size-thumbnail wp-image-48046\" alt=\"venedig13waesche140509\" src=\"https:\/\/www.freiburg-schwarzwald.de\/blog\/wp-content\/uploads\/2014\/05\/venedig13waesche140509-135x180.jpg\" width=\"135\" height=\"180\" srcset=\"https:\/\/www.freiburg-schwarzwald.de\/blog\/wp-content\/uploads\/2014\/05\/venedig13waesche140509-135x180.jpg 135w, https:\/\/www.freiburg-schwarzwald.de\/blog\/wp-content\/uploads\/2014\/05\/venedig13waesche140509.jpg 480w\" sizes=\"auto, (max-width: 135px) 100vw, 135px\" \/><\/a>\u00a0\u00a0\u00a0\u00a0\u00a0\u00a0\u00a0\u00a0\u00a0\u00a0\u00a0\u00a0\u00a0\u00a0\u00a0\u00a0\u00a0\u00a0\u00a0\u00a0\u00a0\u00a0\u00a0 <a href=\"https:\/\/www.freiburg-schwarzwald.de\/blog\/global\/italien\/venedig\/venedig14sanmarco140509\/\" rel=\"attachment wp-att-48047\"><img loading=\"lazy\" decoding=\"async\" class=\"alignnone size-thumbnail wp-image-48047\" alt=\"venedig14sanmarco140509\" src=\"https:\/\/www.freiburg-schwarzwald.de\/blog\/wp-content\/uploads\/2014\/05\/venedig14sanmarco140509-180x135.jpg\" width=\"180\" height=\"135\" srcset=\"https:\/\/www.freiburg-schwarzwald.de\/blog\/wp-content\/uploads\/2014\/05\/venedig14sanmarco140509-180x135.jpg 180w, https:\/\/www.freiburg-schwarzwald.de\/blog\/wp-content\/uploads\/2014\/05\/venedig14sanmarco140509.jpg 640w\" sizes=\"auto, (max-width: 180px) 100vw, 180px\" \/><\/a>\u00a0\u00a0\u00a0\u00a0\u00a0\u00a0\u00a0\u00a0\u00a0 <a href=\"https:\/\/www.freiburg-schwarzwald.de\/blog\/global\/italien\/venedig\/venedig15sanmarco140509\/\" rel=\"attachment wp-att-48048\"><img loading=\"lazy\" decoding=\"async\" class=\"alignnone size-thumbnail wp-image-48048\" alt=\"venedig15sanmarco140509\" src=\"https:\/\/www.freiburg-schwarzwald.de\/blog\/wp-content\/uploads\/2014\/05\/venedig15sanmarco140509-180x135.jpg\" width=\"180\" height=\"135\" srcset=\"https:\/\/www.freiburg-schwarzwald.de\/blog\/wp-content\/uploads\/2014\/05\/venedig15sanmarco140509-180x135.jpg 180w, https:\/\/www.freiburg-schwarzwald.de\/blog\/wp-content\/uploads\/2014\/05\/venedig15sanmarco140509.jpg 640w\" sizes=\"auto, (max-width: 180px) 100vw, 180px\" \/><\/a><br \/>\n(13) W\u00e4sche\u00a0\u00a0\u00a0\u00a0\u00a0\u00a0\u00a0\u00a0\u00a0\u00a0\u00a0\u00a0\u00a0\u00a0\u00a0\u00a0\u00a0\u00a0\u00a0\u00a0\u00a0\u00a0\u00a0\u00a0\u00a0\u00a0\u00a0\u00a0\u00a0\u00a0\u00a0\u00a0\u00a0\u00a0\u00a0\u00a0\u00a0\u00a0\u00a0\u00a0\u00a0\u00a0\u00a0 (14) Fussbodenmosaik\u00a0\u00a0\u00a0\u00a0\u00a0\u00a0\u00a0\u00a0\u00a0\u00a0\u00a0\u00a0\u00a0\u00a0\u00a0\u00a0\u00a0\u00a0\u00a0\u00a0\u00a0\u00a0\u00a0\u00a0\u00a0\u00a0\u00a0(15) Deckenmosaik San Marco<\/p>\n<p><a href=\"https:\/\/www.freiburg-schwarzwald.de\/blog\/global\/italien\/venedig\/venedig16sanmarco140509\/\" rel=\"attachment wp-att-48049\"><img loading=\"lazy\" decoding=\"async\" class=\"alignnone size-thumbnail wp-image-48049\" alt=\"venedig16sanmarco140509\" src=\"https:\/\/www.freiburg-schwarzwald.de\/blog\/wp-content\/uploads\/2014\/05\/venedig16sanmarco140509-180x135.jpg\" width=\"180\" height=\"135\" srcset=\"https:\/\/www.freiburg-schwarzwald.de\/blog\/wp-content\/uploads\/2014\/05\/venedig16sanmarco140509-180x135.jpg 180w, https:\/\/www.freiburg-schwarzwald.de\/blog\/wp-content\/uploads\/2014\/05\/venedig16sanmarco140509.jpg 640w\" sizes=\"auto, (max-width: 180px) 100vw, 180px\" \/><\/a>\u00a0\u00a0\u00a0\u00a0\u00a0\u00a0\u00a0\u00a0\u00a0 <a href=\"https:\/\/www.freiburg-schwarzwald.de\/blog\/global\/italien\/venedig\/venedig17markusplatz140509\/\" rel=\"attachment wp-att-48051\"><img loading=\"lazy\" decoding=\"async\" class=\"alignnone size-thumbnail wp-image-48051\" alt=\"venedig17markusplatz140509\" src=\"https:\/\/www.freiburg-schwarzwald.de\/blog\/wp-content\/uploads\/2014\/05\/venedig17markusplatz140509-180x135.jpg\" width=\"180\" height=\"135\" srcset=\"https:\/\/www.freiburg-schwarzwald.de\/blog\/wp-content\/uploads\/2014\/05\/venedig17markusplatz140509-180x135.jpg 180w, https:\/\/www.freiburg-schwarzwald.de\/blog\/wp-content\/uploads\/2014\/05\/venedig17markusplatz140509.jpg 640w\" sizes=\"auto, (max-width: 180px) 100vw, 180px\" \/><\/a>\u00a0\u00a0\u00a0\u00a0\u00a0\u00a0\u00a0\u00a0\u00a0 <a href=\"https:\/\/www.freiburg-schwarzwald.de\/blog\/global\/italien\/venedig\/venedig18markusplatz140509\/\" rel=\"attachment wp-att-48052\"><img loading=\"lazy\" decoding=\"async\" class=\"alignnone size-thumbnail wp-image-48052\" alt=\"venedig18markusplatz140509\" src=\"https:\/\/www.freiburg-schwarzwald.de\/blog\/wp-content\/uploads\/2014\/05\/venedig18markusplatz140509-180x135.jpg\" width=\"180\" height=\"135\" srcset=\"https:\/\/www.freiburg-schwarzwald.de\/blog\/wp-content\/uploads\/2014\/05\/venedig18markusplatz140509-180x135.jpg 180w, https:\/\/www.freiburg-schwarzwald.de\/blog\/wp-content\/uploads\/2014\/05\/venedig18markusplatz140509.jpg 640w\" sizes=\"auto, (max-width: 180px) 100vw, 180px\" \/><\/a><br \/>\n(16) Mosaik\u00a0\u00a0\u00a0\u00a0\u00a0\u00a0\u00a0\u00a0\u00a0\u00a0\u00a0\u00a0\u00a0\u00a0\u00a0\u00a0\u00a0\u00a0\u00a0\u00a0\u00a0\u00a0\u00a0\u00a0\u00a0\u00a0\u00a0\u00a0\u00a0\u00a0\u00a0\u00a0\u00a0\u00a0\u00a0\u00a0\u00a0\u00a0\u00a0\u00a0\u00a0\u00a0\u00a0\u00a0\u00a0(17) Rummel Markusplatz\u00a0\u00a0\u00a0\u00a0\u00a0\u00a0\u00a0\u00a0\u00a0\u00a0\u00a0\u00a0\u00a0\u00a0\u00a0\u00a0\u00a0\u00a0\u00a0\u00a0\u00a0\u00a0 (18) Markusplatz<\/p>\n<p><a href=\"https:\/\/www.freiburg-schwarzwald.de\/blog\/global\/italien\/venedig\/venedig19markusplatz-orthodoxie140509\/\" rel=\"attachment wp-att-48053\"><img loading=\"lazy\" decoding=\"async\" class=\"alignnone size-thumbnail wp-image-48053\" alt=\"venedig19markusplatz-orthodoxie140509\" src=\"https:\/\/www.freiburg-schwarzwald.de\/blog\/wp-content\/uploads\/2014\/05\/venedig19markusplatz-orthodoxie140509-180x135.jpg\" width=\"180\" height=\"135\" srcset=\"https:\/\/www.freiburg-schwarzwald.de\/blog\/wp-content\/uploads\/2014\/05\/venedig19markusplatz-orthodoxie140509-180x135.jpg 180w, https:\/\/www.freiburg-schwarzwald.de\/blog\/wp-content\/uploads\/2014\/05\/venedig19markusplatz-orthodoxie140509.jpg 640w\" sizes=\"auto, (max-width: 180px) 100vw, 180px\" \/><\/a>\u00a0\u00a0\u00a0\u00a0\u00a0\u00a0\u00a0\u00a0\u00a0\u00a0\u00a0 <a href=\"https:\/\/www.freiburg-schwarzwald.de\/blog\/global\/italien\/venedig\/venedig20canalegrande-rialto140509\/\" rel=\"attachment wp-att-48055\"><img loading=\"lazy\" decoding=\"async\" class=\"alignnone size-thumbnail wp-image-48055\" alt=\"venedig20canalegrande-rialto140509\" src=\"https:\/\/www.freiburg-schwarzwald.de\/blog\/wp-content\/uploads\/2014\/05\/venedig20canalegrande-rialto140509-180x135.jpg\" width=\"180\" height=\"135\" srcset=\"https:\/\/www.freiburg-schwarzwald.de\/blog\/wp-content\/uploads\/2014\/05\/venedig20canalegrande-rialto140509-180x135.jpg 180w, https:\/\/www.freiburg-schwarzwald.de\/blog\/wp-content\/uploads\/2014\/05\/venedig20canalegrande-rialto140509.jpg 640w\" sizes=\"auto, (max-width: 180px) 100vw, 180px\" \/><\/a>\u00a0\u00a0\u00a0\u00a0\u00a0\u00a0\u00a0\u00a0\u00a0 <a href=\"https:\/\/www.freiburg-schwarzwald.de\/blog\/global\/italien\/venedig\/venedig21canalegrande-rialto140509\/\" rel=\"attachment wp-att-48056\"><img loading=\"lazy\" decoding=\"async\" class=\"alignnone size-thumbnail wp-image-48056\" alt=\"venedig21canalegrande-rialto140509\" src=\"https:\/\/www.freiburg-schwarzwald.de\/blog\/wp-content\/uploads\/2014\/05\/venedig21canalegrande-rialto140509-180x135.jpg\" width=\"180\" height=\"135\" srcset=\"https:\/\/www.freiburg-schwarzwald.de\/blog\/wp-content\/uploads\/2014\/05\/venedig21canalegrande-rialto140509-180x135.jpg 180w, https:\/\/www.freiburg-schwarzwald.de\/blog\/wp-content\/uploads\/2014\/05\/venedig21canalegrande-rialto140509.jpg 640w\" sizes=\"auto, (max-width: 180px) 100vw, 180px\" \/><\/a><br \/>\n(19) Russisch-Orthodoxe aus Moskau\u00a0\u00a0\u00a0\u00a0 (20) Canale Grande bei Rialto\u00a0\u00a0\u00a0\u00a0\u00a0\u00a0\u00a0\u00a0\u00a0\u00a0\u00a0\u00a0\u00a0\u00a0\u00a0\u00a0 (21) Rialtobr\u00fccke &#8211; Blick\u00a0ostw\u00e4rts<\/p>\n<p><a href=\"https:\/\/www.freiburg-schwarzwald.de\/blog\/global\/italien\/venedig\/venedig22bettlerin140509\/\" rel=\"attachment wp-att-48054\"><img loading=\"lazy\" decoding=\"async\" alt=\"venedig22bettlerin140509\" src=\"https:\/\/www.freiburg-schwarzwald.de\/blog\/wp-content\/uploads\/2014\/05\/venedig22bettlerin140509-135x180.jpg\" width=\"135\" height=\"180\" \/><\/a><br \/>\n(22) Bettlerin am Boden<\/p>\n<p>(3) &#8211; (10) Via Garibaldi nahe des Castello ist eine der wenigen breiteren Strassen in Alt-Venedig, in denen Einheimische einkaufen und die Cafes bev\u00f6lkern. Einmalig das Boote mit Obst und Gem\u00fcse.<br \/>\n(4) &#8211; (6) und (11): Keller gibt es keine, das Erdgeschoss ist oftmals unbewohnbar, da feucht. Die konstante N\u00e4sse l\u00e4sst die Balken nicht schimmeln, sondern nur vermodern. Der Renovierungsbedarf ist unermesslich gro\u00df. Ausser in den wenigen von den Touristenstr\u00f6men besuchten Gassen und Pl\u00e4tzen sind die H\u00e4user unrenoviert, vergammelt und dem Verfall preisgegeben.<br \/>\n(2), (22) Auffallend die unz\u00e4hligen <a title=\"Bettler\" href=\"https:\/\/www.freiburg-schwarzwald.de\/blog\/selbsthilfe\/soziales\/bettler\/\">Bettler<\/a> in Venedig. Der Mann in (2) kam prima\u00a0zu Fu\u00df an und startete pl\u00f6tzlich seinen Kr\u00fcppelgang. (22) liegt stundenlang in der Hitze am Strassenpflaster. Organisierte Banden pressen die Bettler vorort aus.<br \/>\n(20), (21) Bei der Rialto-Br\u00fccke am Grande Canale ist das Gedr\u00e4nge zuweilen genauso gro\u00df wie am Markusplatz.<\/p>\n<p>Venedig ist wundersch\u00f6n. Besonders abseits der Touristenstr\u00f6me sowie in den Kirchen und Museen. Aber auch die Probleme sind beeindruckend:<br \/>\n&#8211; Schlechter Zustand der H\u00e4user. Die Feuchtigkeit fri\u00dft alles auf. Unfassbar gro\u00dfer Sanierungsbedarf.<br \/>\n&#8211; Die Kreuzfahrtschiffe (3500 Passagiere str\u00f6men mit einem Schlag\u00a0in die Gassen) machen alles kaputt.<br \/>\n&#8211; Wo blieb das viele Touristengeld? Wo blieben die vielen Kapitalspritzen von UNESCO und EU?<br \/>\nIn die Renovierung der Bauten jedenfalls wurde das Geld NICHT investiert!<\/p>\n<p>&nbsp;<\/p>\n<p>&nbsp;<\/p>\n<p>&nbsp;<\/p>\n<p><strong>Fusina &#8211; Camping in Venedig-Maestre<\/strong><\/p>\n<p><a href=\"https:\/\/www.freiburg-schwarzwald.de\/blog\/global\/italien\/venedig\/fusina1-140508\/\" rel=\"attachment wp-att-48014\"><img loading=\"lazy\" decoding=\"async\" class=\"alignnone size-thumbnail wp-image-48014\" alt=\"fusina1-140508\" src=\"https:\/\/www.freiburg-schwarzwald.de\/blog\/wp-content\/uploads\/2014\/05\/fusina1-140508-180x135.jpg\" width=\"180\" height=\"135\" srcset=\"https:\/\/www.freiburg-schwarzwald.de\/blog\/wp-content\/uploads\/2014\/05\/fusina1-140508-180x135.jpg 180w, https:\/\/www.freiburg-schwarzwald.de\/blog\/wp-content\/uploads\/2014\/05\/fusina1-140508.jpg 640w\" sizes=\"auto, (max-width: 180px) 100vw, 180px\" \/><\/a>\u00a0\u00a0\u00a0\u00a0\u00a0\u00a0\u00a0\u00a0\u00a0\u00a0<a href=\"https:\/\/www.freiburg-schwarzwald.de\/blog\/global\/italien\/venedig\/fusina4frachter140508\/\" rel=\"attachment wp-att-48017\"><img loading=\"lazy\" decoding=\"async\" class=\"alignnone size-thumbnail wp-image-48017\" alt=\"fusina4frachter140508\" src=\"https:\/\/www.freiburg-schwarzwald.de\/blog\/wp-content\/uploads\/2014\/05\/fusina4frachter140508-180x135.jpg\" width=\"180\" height=\"135\" srcset=\"https:\/\/www.freiburg-schwarzwald.de\/blog\/wp-content\/uploads\/2014\/05\/fusina4frachter140508-180x135.jpg 180w, https:\/\/www.freiburg-schwarzwald.de\/blog\/wp-content\/uploads\/2014\/05\/fusina4frachter140508.jpg 640w\" sizes=\"auto, (max-width: 180px) 100vw, 180px\" \/><\/a>\u00a0\u00a0\u00a0\u00a0\u00a0\u00a0\u00a0\u00a0\u00a0 <a href=\"https:\/\/www.freiburg-schwarzwald.de\/blog\/global\/italien\/venedig\/fusina3venedig140508\/\" rel=\"attachment wp-att-48016\"><img loading=\"lazy\" decoding=\"async\" class=\"alignnone size-thumbnail wp-image-48016\" alt=\"fusina3venedig140508\" src=\"https:\/\/www.freiburg-schwarzwald.de\/blog\/wp-content\/uploads\/2014\/05\/fusina3venedig140508-180x135.jpg\" width=\"180\" height=\"135\" srcset=\"https:\/\/www.freiburg-schwarzwald.de\/blog\/wp-content\/uploads\/2014\/05\/fusina3venedig140508-180x135.jpg 180w, https:\/\/www.freiburg-schwarzwald.de\/blog\/wp-content\/uploads\/2014\/05\/fusina3venedig140508.jpg 640w\" sizes=\"auto, (max-width: 180px) 100vw, 180px\" \/><\/a><br \/>\n(1) 8.5.2014 Camping Fusina\u00a0\u00a0\u00a0\u00a0\u00a0\u00a0\u00a0\u00a0\u00a0\u00a0\u00a0\u00a0\u00a0\u00a0\u00a0\u00a0 (2) Schiff-Einfahrt in den Industriehafen\u00a0\u00a0 (3) Blick Industriegebiet Maestre<\/p>\n<p><a href=\"https:\/\/www.freiburg-schwarzwald.de\/blog\/global\/italien\/venedig\/fusina2venedig140508\/\" rel=\"attachment wp-att-48015\"><img loading=\"lazy\" decoding=\"async\" alt=\"fusina2venedig140508\" src=\"https:\/\/www.freiburg-schwarzwald.de\/blog\/wp-content\/uploads\/2014\/05\/fusina2venedig140508-180x135.jpg\" width=\"180\" height=\"135\" \/><\/a><br \/>\n(4) Schiff in Venedig<\/p>\n<p>(1) Der Campingplatz liegt direkt an der Zufahrt der Frachtschiffe zum Hafen des angrenzenden Industriegebiets Maestre.<br \/>\n(3) Blick nach Nordwesten\u00a0vom Vaporette von Fusina nach Venedig (\u00dcberfahrt 20 min): Rechts das Industriegebiet Maestre mit Werften und Fabriken, Mitte die gr\u00fcnen B\u00e4ume der Campingplatz Fusina<br \/>\n(4) Tele-Blick vom Campingplatz Fusina nach Osten zu einem riesigen Kreuzfahrtsschiff, das in der Altstadt von Venedig ankert,<br \/>\n<a href=\"https:\/\/www.terminalfusina.it\">www.terminalfusina.it<\/a><br \/>\n<a href=\"https:\/\/www.camping-fusina.com\">www.camping-fusina.com<\/a><\/p>\n","protected":false},"excerpt":{"rendered":"<p>Home &gt;Global &gt;Italien &gt;Venedig Bilder von Venedig im Mai Fusina &#8211; Camping in Venedig-Maestre Cavallino &nbsp; Bilder von Venedig im Mai &nbsp; \u00a0\u00a0\u00a0\u00a0\u00a0\u00a0\u00a0\u00a0\u00a0 \u00a0\u00a0\u00a0\u00a0\u00a0\u00a0\u00a0\u00a0\u00a0\u00a0\u00a0\u00a0\u00a0\u00a0\u00a0 \u00a0\u00a0\u00a0\u00a0\u00a0\u00a0\u00a0 (1) Venedig am 8.5.2014\u00a0\u00a0\u00a0\u00a0\u00a0\u00a0\u00a0\u00a0\u00a0\u00a0\u00a0\u00a0\u00a0\u00a0\u00a0\u00a0\u00a0\u00a0\u00a0\u00a0\u00a0\u00a0\u00a0\u00a0(2) Er kann gut laufen &#8211; Schauspiel\u00a0\u00a0\u00a0\u00a0\u00a0 \u00a0\u00a0 (3) Via Garibaldi in &hellip; <a href=\"https:\/\/www.freiburg-schwarzwald.de\/blog\/global\/italien\/venedig\/\">Weiterlesen <span class=\"meta-nav\">&rarr;<\/span><\/a><\/p>\n","protected":false},"author":2,"featured_media":0,"parent":3682,"menu_order":0,"comment_status":"open","ping_status":"closed","template":"","meta":{"footnotes":""},"class_list":["post-47827","page","type-page","status-publish","hentry"],"_links":{"self":[{"href":"https:\/\/www.freiburg-schwarzwald.de\/blog\/wp-json\/wp\/v2\/pages\/47827","targetHints":{"allow":["GET"]}}],"collection":[{"href":"https:\/\/www.freiburg-schwarzwald.de\/blog\/wp-json\/wp\/v2\/pages"}],"about":[{"href":"https:\/\/www.freiburg-schwarzwald.de\/blog\/wp-json\/wp\/v2\/types\/page"}],"author":[{"embeddable":true,"href":"https:\/\/www.freiburg-schwarzwald.de\/blog\/wp-json\/wp\/v2\/users\/2"}],"replies":[{"embeddable":true,"href":"https:\/\/www.freiburg-schwarzwald.de\/blog\/wp-json\/wp\/v2\/comments?post=47827"}],"version-history":[{"count":0,"href":"https:\/\/www.freiburg-schwarzwald.de\/blog\/wp-json\/wp\/v2\/pages\/47827\/revisions"}],"up":[{"embeddable":true,"href":"https:\/\/www.freiburg-schwarzwald.de\/blog\/wp-json\/wp\/v2\/pages\/3682"}],"wp:attachment":[{"href":"https:\/\/www.freiburg-schwarzwald.de\/blog\/wp-json\/wp\/v2\/media?parent=47827"}],"curies":[{"name":"wp","href":"https:\/\/api.w.org\/{rel}","templated":true}]}}