{"id":47786,"date":"2014-05-16T12:58:23","date_gmt":"2014-05-16T10:58:23","guid":{"rendered":"https:\/\/www.freiburg-schwarzwald.de\/blog\/?page_id=47786"},"modified":"2015-08-17T14:10:47","modified_gmt":"2015-08-17T12:10:47","slug":"ride2live","status":"publish","type":"page","link":"https:\/\/www.freiburg-schwarzwald.de\/blog\/vereine\/hilfe\/ride2live\/","title":{"rendered":"Ride2Live"},"content":{"rendered":"<p><a href=\"https:\/\/www.freiburg-schwarzwald.de\/blog\">Home<\/a> &gt;<a title=\"Vereine\" href=\"https:\/\/www.freiburg-schwarzwald.de\/blog\/vereine\/\">Vereine<\/a> &gt;<a href=\"https:\/\/www.freiburg-schwarzwald.de\/blog\/hilfe\">Hilfe<\/a>\u00a0&gt;Ride2Live<\/p>\n<div id=\"attachment_47926\" style=\"width: 648px\" class=\"wp-caption alignnone\"><a href=\"https:\/\/www.freiburg-schwarzwald.de\/blog\/vereine\/hilfe\/ride2live\/strand14wellen-pan140510\/\" rel=\"attachment wp-att-47926\"><img loading=\"lazy\" decoding=\"async\" aria-describedby=\"caption-attachment-47926\" class=\"size-full wp-image-47926\" src=\"https:\/\/www.freiburg-schwarzwald.de\/blog\/wp-content\/uploads\/2014\/05\/strand14wellen-pan140510.jpg\" alt=\"strand14wellen-pan140510\" width=\"638\" height=\"250\" srcset=\"https:\/\/www.freiburg-schwarzwald.de\/blog\/wp-content\/uploads\/2014\/05\/strand14wellen-pan140510.jpg 638w, https:\/\/www.freiburg-schwarzwald.de\/blog\/wp-content\/uploads\/2014\/05\/strand14wellen-pan140510-180x70.jpg 180w\" sizes=\"auto, (max-width: 638px) 100vw, 638px\" \/><\/a><p id=\"caption-attachment-47926\" class=\"wp-caption-text\">Mittelmeer-Wellen an der Adria zwischen Venedig und Jesolo am 11.5.2014<\/p><\/div>\n<p>&nbsp;<\/p>\n<ul>\n<li><a title=\"Rudiger Unfall Ride2Live\" href=\"https:\/\/www.freiburg-schwarzwald.de\/blog\/rudiger-unfall-ride2live\/\">Benjamin Rudiges &#8211; Unfall &#8211; Ride2Live<\/a>\u00a0(17.4.2015)<\/li>\n<li>Mitgliederversammlung 2014 (16.5.2014)<\/li>\n<li>Ride2Live &#8211; Verein seit 2000<\/li>\n<li><a title=\"Biken\" href=\"https:\/\/www.freiburg-schwarzwald.de\/blog\/sport\/sportlern\/biken\/\">Biken<\/a><\/li>\n<li><a title=\"Krebs\" href=\"https:\/\/www.freiburg-schwarzwald.de\/blog\/selbsthilfe\/krebs\/\">Krebs<\/a><\/li>\n<li><a title=\"Tour-Hilfe\" href=\"https:\/\/www.freiburg-schwarzwald.de\/blog\/selbsthilfe\/soziales\/tour-hilfe\/\">Tour-Hilfe<\/a><\/li>\n<\/ul>\n<p>&nbsp;<\/p>\n<p>&nbsp;<\/p>\n<p><strong>Mitgliederversammlung 2014<\/strong><br \/>\nZur regul\u00e4ren Mitgliederversammlung trafen sich jetzt die Mitglieder von \u201eRide2Live\u201c im Hotel Sonne. B\u00fcrgermeister Andreas Hall, selbst Vereinsmitglied, musste sich wegen anderer Termine entschuldigen, dr\u00fcckte jedoch dem Verein schriftlich seine Anerkennung f\u00fcr eine hervorragende Arbeit aus. Der erst vor vier Jahren gegr\u00fcndete Verein hat sich die F\u00f6rderung des \u00f6ffentlichen Gesundheitswesen und der \u00f6ffentlichen Gesundheitspflege, haupts\u00e4chlich in der Krebs- und Tumormedizin, zum Ziel gesetzt. Dies m\u00f6chte er besonders durch die Unterst\u00fctzung von hilfsbed\u00fcrftigen Personen, insbesondere von Krebspatienten, tun. Die Erfahrung von zwei aktiven Mountainbikern, dass \u201eder Kampf gegen Krebs ein Wettkampf ist\u201c, hatte zur Vereinsgr\u00fcndung gef\u00fchrt. Sie wollten von den positiven Erfahrungen der Unterst\u00fctzung etwas zur\u00fcckgeben.<br \/>\nUm beispielsweise die Katharinenh\u00f6he bei Sch\u00f6nwald, eine Nachsorgeklinik f\u00fcr an Krebs erkrankte Kinder und Jugendliche, und den Patientenhilfeverein der Tumorbiologie der Uniklinik Freiburg zu unterst\u00fctzen, verkauft \u201eRide2Live\u201c Rad- und Lauftrikots z.B. an verkaufsoffenen Sonntagen und nimmt Spenden entgegen. Vereinsvorsitzender Benjamin Rudiger freute sich, dass inzwischen 146 Mitglieder den Verein mit ihrem Beitrag unterst\u00fctzen. Von Kassiererin Michaela Pfeil war zu erfahren, dass im letzten Jahr 9.980 Euro Spenden verteilt werden konnten. 43,1 Prozent gingen an hilfesuchende Privatpersonen, zehn Prozent an die Tumorbiologie und 46,9 Prozent an die Katharinenh\u00f6he. Dort konnten sechs E-Bikes f\u00fcr sportliche Aktivit\u00e4ten der Kids geordert werden. Kassenpr\u00fcfer Dietmar Jobst konnte Michi Pfeil eine gute Kassenf\u00fchrung bescheinigen, so dass sie und der gesamte Vorstand entlastet wurden.<br \/>\nVoll Freude nahmen die Mitglieder zur Kenntnis, dass der Ideenreichtum der Spender nahezu grenzenlos ist. So wurden Gelder aus Geburtstagsspendendosen \u00fcberwiesen, eine Tippgemeinschaft schenkte ihren Gewinn und eine Nachbarschaftsgruppe verkaufte W\u00fcrstchen bei einer Sportveranstaltung. \u201eToll, wenn das viele nachmachen w\u00fcrden\u201c, gab Benjamin Rudiger zu bedenken. \u201eDie bei vielen Bikern gerne getragenen Ride2Live-Trikots\u201c, konnte die Kassiererin berichten, \u201ewerden inzwischen aus ganz Deutschland bei uns bestellt. Und von jedem Trikot geht die H\u00e4lfte in die direkte Hilfe.\u201c Mehr zu \u201eRide2Live\u201c und M\u00f6glichkeiten zur Trikotbestellung und Mitgliedschaft \u00fcber <a href=\"https:\/\/www.ride2live.eu\/\">www.ride2live.eu<\/a> \u00a0im Internet.<\/p>\n<p><a href=\"https:\/\/www.freiburg-schwarzwald.de\/blog\/vereine\/hilfe\/ride2live\/ride2live-doristour-1405\/\" rel=\"attachment wp-att-47792\"><img loading=\"lazy\" decoding=\"async\" class=\"alignnone size-thumbnail wp-image-47792\" src=\"https:\/\/www.freiburg-schwarzwald.de\/blog\/wp-content\/uploads\/2014\/05\/ride2live-doristour-1405-180x84.jpg\" alt=\"ride2live-doristour-1405\" width=\"180\" height=\"84\" srcset=\"https:\/\/www.freiburg-schwarzwald.de\/blog\/wp-content\/uploads\/2014\/05\/ride2live-doristour-1405-180x84.jpg 180w, https:\/\/www.freiburg-schwarzwald.de\/blog\/wp-content\/uploads\/2014\/05\/ride2live-doristour-1405-640x301.jpg 640w, https:\/\/www.freiburg-schwarzwald.de\/blog\/wp-content\/uploads\/2014\/05\/ride2live-doristour-1405.jpg 641w\" sizes=\"auto, (max-width: 180px) 100vw, 180px\" \/><\/a>\u00a0\u00a0\u00a0\u00a0 Start zur \u201eRide2Live-Doris-Ged\u00e4chtnistour\u201c in Kirchzartens Innerort.<\/p>\n<p>Trotz Muttertag oder Schluchsee-Lauf trafen sich am Sonntag 21 unerschrockene \u201eRide2Live\u201c-Mitglieder zur \u201eDoris-Ged\u00e4chtnistour\u201c mit anschlie\u00dfendem Hock im Kirnermarteshof. Hier gab es eine Spende von 900 Euro, die die Narrengilde Rot-Blau H\u00f6llental am diesj\u00e4hrigen Fastnachtssamstag gesammelt hatte. Der Vorsitzenden Chris Fre\u00dfle \u00fcberreichte einen Scheck an Benjamin Rudiger.<br \/>\n16.5.2014, Gerhard L\u00fcck<\/p>\n<p>&nbsp;<\/p>\n<p>&nbsp;<\/p>\n<p><strong>Ride2Live &#8211; Verein seit 2000<\/strong><\/p>\n<p><a href=\"https:\/\/www.ride2live.eu\/\">www.ride2live.eu<\/a><\/p>\n","protected":false},"excerpt":{"rendered":"<p>Home &gt;Vereine &gt;Hilfe\u00a0&gt;Ride2Live &nbsp; Benjamin Rudiges &#8211; Unfall &#8211; Ride2Live\u00a0(17.4.2015) Mitgliederversammlung 2014 (16.5.2014) Ride2Live &#8211; Verein seit 2000 Biken Krebs Tour-Hilfe &nbsp; &nbsp; Mitgliederversammlung 2014 Zur regul\u00e4ren Mitgliederversammlung trafen sich jetzt die Mitglieder von \u201eRide2Live\u201c im Hotel Sonne. B\u00fcrgermeister Andreas &hellip; <a href=\"https:\/\/www.freiburg-schwarzwald.de\/blog\/vereine\/hilfe\/ride2live\/\">Weiterlesen <span class=\"meta-nav\">&rarr;<\/span><\/a><\/p>\n","protected":false},"author":2,"featured_media":0,"parent":1102,"menu_order":0,"comment_status":"open","ping_status":"closed","template":"","meta":{"footnotes":""},"class_list":["post-47786","page","type-page","status-publish","hentry"],"_links":{"self":[{"href":"https:\/\/www.freiburg-schwarzwald.de\/blog\/wp-json\/wp\/v2\/pages\/47786","targetHints":{"allow":["GET"]}}],"collection":[{"href":"https:\/\/www.freiburg-schwarzwald.de\/blog\/wp-json\/wp\/v2\/pages"}],"about":[{"href":"https:\/\/www.freiburg-schwarzwald.de\/blog\/wp-json\/wp\/v2\/types\/page"}],"author":[{"embeddable":true,"href":"https:\/\/www.freiburg-schwarzwald.de\/blog\/wp-json\/wp\/v2\/users\/2"}],"replies":[{"embeddable":true,"href":"https:\/\/www.freiburg-schwarzwald.de\/blog\/wp-json\/wp\/v2\/comments?post=47786"}],"version-history":[{"count":0,"href":"https:\/\/www.freiburg-schwarzwald.de\/blog\/wp-json\/wp\/v2\/pages\/47786\/revisions"}],"up":[{"embeddable":true,"href":"https:\/\/www.freiburg-schwarzwald.de\/blog\/wp-json\/wp\/v2\/pages\/1102"}],"wp:attachment":[{"href":"https:\/\/www.freiburg-schwarzwald.de\/blog\/wp-json\/wp\/v2\/media?parent=47786"}],"curies":[{"name":"wp","href":"https:\/\/api.w.org\/{rel}","templated":true}]}}