{"id":46930,"date":"2014-04-14T09:30:25","date_gmt":"2014-04-14T07:30:25","guid":{"rendered":"https:\/\/www.freiburg-schwarzwald.de\/blog\/?page_id=46930"},"modified":"2025-10-19T16:18:55","modified_gmt":"2025-10-19T14:18:55","slug":"hartz","status":"publish","type":"page","link":"https:\/\/www.freiburg-schwarzwald.de\/blog\/selbsthilfe\/soziales\/arbeit\/hartz\/","title":{"rendered":"Hartz"},"content":{"rendered":"<p><a href=\"https:\/\/www.freiburg-schwarzwald.de\/blog\">Home<\/a> &gt;<a title=\"Soziales\" href=\"https:\/\/www.freiburg-schwarzwald.de\/blog\/soziales\/\">Soziales<\/a> &gt;<a title=\"Arbeit\" href=\"https:\/\/www.freiburg-schwarzwald.de\/blog\/selbsthilfe\/soziales\/arbeit\/\">Arbeit<\/a> &gt;Hartz IV<\/p>\n<div id=\"attachment_51586\" style=\"width: 648px\" class=\"wp-caption alignnone\"><a href=\"https:\/\/www.freiburg-schwarzwald.de\/blog\/business\/dienste\/mieten\/lindenberg1pan141117\/\" rel=\"attachment wp-att-51586\"><img loading=\"lazy\" decoding=\"async\" aria-describedby=\"caption-attachment-51586\" class=\"size-full wp-image-51586\" src=\"https:\/\/www.freiburg-schwarzwald.de\/blog\/wp-content\/uploads\/2014\/11\/lindenberg1pan141117.jpg\" alt=\"Blick vom Lindenberg bei St.Peter \u00fcbers neblige Dreisamtal zum Schauinsland am 19.11.2014\" width=\"638\" height=\"250\" srcset=\"https:\/\/www.freiburg-schwarzwald.de\/blog\/wp-content\/uploads\/2014\/11\/lindenberg1pan141117.jpg 638w, https:\/\/www.freiburg-schwarzwald.de\/blog\/wp-content\/uploads\/2014\/11\/lindenberg1pan141117-180x70.jpg 180w\" sizes=\"auto, (max-width: 638px) 100vw, 638px\" \/><\/a><p id=\"caption-attachment-51586\" class=\"wp-caption-text\">Blick vom Lindenberg bei St.Peter \u00fcbers neblige Dreisamtal zum Schauinsland am 19.11.2014<\/p><\/div>\n<p>&nbsp;<\/p>\n<ul>\n<li><em>Listenauswahl eines Beitrags (Artikel\/Datum, Seite\/Inhalt): <span style=\"text-decoration: underline;\">Klicken<\/span> oder scrollen<\/em><\/li>\n<li><a href=\"https:\/\/www.freiburg-schwarzwald.de\/blog\/selbsthilfe\/soziales\/arbeit\/buergergeld\/\">Reform des B\u00fcrgergelds zur Grundsicherung: Der Sache nach kaum Neues<\/a> (17.10.2025)<\/li>\n<li><a href=\"https:\/\/www.freiburg-schwarzwald.de\/blog\/london-sozialhilfe-fuer-mehrheit\/\">London: Sozialhilfe f\u00fcr Mehrheit<\/a>\u00a0(26.1.2023)<\/li>\n<li><a href=\"https:\/\/www.freiburg-schwarzwald.de\/blog\/selbsthilfe\/soziales\/arbeit\/buergergeld\/\">Hamer: Das B\u00fcrgergeld m\u00fcsste Arbeitsersatzgeld hei\u00dfen<\/a>\u00a0(18.11.2022)<\/li>\n<li><a href=\"https:\/\/www.freiburg-schwarzwald.de\/blog\/buergergeld-45-fuer-migranten\/\">B\u00fcrgergeld &#8211; 45 % f\u00fcr Migranten<\/a> (17.11.2022)<\/li>\n<li><a href=\"https:\/\/www.freiburg-schwarzwald.de\/blog\/buergergeld-ersetzt-hartz-iv\/\">B\u00fcrgergeld ersetzt Hartz IV<\/a>\u00a0(1.10.2022)<\/li>\n<li><a href=\"https:\/\/www.freiburg-schwarzwald.de\/blog\/ein-drittel-versorgt-zwei-drittel\/\">Ein Drittel versorgt zwei Drittel<\/a>\u00a0(8.9.2022)<\/li>\n<li><a href=\"https:\/\/www.freiburg-schwarzwald.de\/blog\/global\/deutschland\/deutschland-ukraine\/\">546.000 von 1,1 Mio Ukrainern beziehen Sozialhilfe<\/a> (2.9.2022)<\/li>\n<li><a href=\"https:\/\/www.freiburg-schwarzwald.de\/blog\/selbsthilfe\/soziales\/wohlstandsverlust\/\">Von der Aufbau- zur Zerst\u00f6rergeneration unserer Wirtschaft<\/a>\u00a0(16.7.2021)<\/li>\n<li><a href=\"https:\/\/www.freiburg-schwarzwald.de\/blog\/steuerzahler-steuergeldbezieher\/\">Nur 15 Mio Steuergeldzahler und viel mehr Steuergeldbezieher<\/a>\u00a0(3.1.2021)<\/li>\n<li><a href=\"https:\/\/www.freiburg-schwarzwald.de\/blog\/global\/deutschland\/steuerzahler\/\">Steuerzahler und Steuergeldempf\u00e4nger<\/a>\u00a0(2.1.2021)<\/li>\n<li><a href=\"https:\/\/www.freiburg-schwarzwald.de\/blog\/machbarkeitswahn-auch-in-2021\/\">Machbarkeitswahn auch in 2021<\/a>\u00a0(27.12.2020)<\/li>\n<li><a title=\"Verteilungskampf\" href=\"https:\/\/www.freiburg-schwarzwald.de\/blog\/global\/deutschland\/verteilungskampf\/\">Auf die Corona-Krise k\u00f6nnten Verteilungsk\u00e4mpfe folgen<\/a>\u00a0(10.7.2020)<\/li>\n<li>Hartz-IV-Ausgaben ins Ausland seit 2007 verdoppelt &#8211; 2018 jetzt 12,6 Mrd Euro (27.12.2019)<\/li>\n<li><a title=\"Migration-Paradoxon\" href=\"https:\/\/www.freiburg-schwarzwald.de\/blog\/global\/migration\/migration-paradoxon\/\">Zusammenhang Sozialleistungen \u2013 Migration (Magnethypothese) nachgewiesen<\/a>\u00a0(13.12.2019)<\/li>\n<li><a href=\"https:\/\/www.freiburg-schwarzwald.de\/blog\/jeder-dritte-hartz4-er-auslaender\/\">https:\/\/www.freiburg-schwarzwald.de\/blog\/jeder-dritte-hartz4-er-auslaender\/<\/a> (7.4.2018)<\/li>\n<li>Fl\u00fcchtlinge: 500.000 Hartz IV, 11,9% Besch\u00e4ftigungsquote (16.1.2017)<\/li>\n<li>Sozialhilfe f\u00fcr verschleierte Muslima &#8211; nein (25.10.2016)<\/li>\n<li>Hartz-IV-Migranten reicher als deutsche Empf\u00e4nger (23.9.2016)<\/li>\n<li>Sorgen integrierter Ausl\u00e4nder vor illegaler Zuwanderung: Armut, Sozialsystem (31.12.2015)<\/li>\n<li>Hartz IV als Dauerzustand (15.6.2015)<\/li>\n<li>Hartz IV-Quoten: 15% D, 25% TY, 99% Libanon &#8211; Wir brauchen qualifizierte Einwanderung (16.1.2015)<\/li>\n<li>Alleinerziehende Mutter mit drei Kindern &#8211; Hartz-IV-Beispielfamilie (29.12.2014)<\/li>\n<li>10 Jahre Hartz IV &#8211; Geschichte 2005-2015 (22.12.2014)<\/li>\n<li>Ausl\u00e4nder leben \u00fcberproportional h\u00e4ufig von Sozialhilfe (10.11.2014)<\/li>\n<li><\/li>\n<li><a href=\"https:\/\/www.freiburg-schwarzwald.de\/blog\/selbsthilfe\/soziales\/arbeit\/buergergeld\/\">Buergergeld<\/a><\/li>\n<li><a title=\"Job\" href=\"https:\/\/www.freiburg-schwarzwald.de\/blog\/selbsthilfe\/soziales\/arbeit\/job\/\">Job<\/a><\/li>\n<li><a title=\"Familie\" href=\"https:\/\/www.freiburg-schwarzwald.de\/blog\/selbsthilfe\/familie\/\">Familie<\/a><\/li>\n<li><a title=\"Fluechtlinge-Chance\" href=\"https:\/\/www.freiburg-schwarzwald.de\/blog\/global\/integration\/fluechtlinge-chance\/\">Fl\u00fcchtlinge &#8211; Chance f\u00fcr D<\/a><\/li>\n<li><a title=\"Reichtum\" href=\"https:\/\/www.freiburg-schwarzwald.de\/blog\/selbsthilfe\/soziales\/reichtum\/\">Reichtum<\/a><\/li>\n<li><a href=\"https:\/\/www.freiburg-schwarzwald.de\/blog\/global\/deutschland\/steuerzahler\/\">Steuerzahler<\/a><\/li>\n<li><a title=\"Versorgungsmigration\" href=\"https:\/\/www.freiburg-schwarzwald.de\/blog\/global\/migration\/versorgungsmigration\/\">Versorgungsmigration<\/a><\/li>\n<li><a title=\"Verteilungskampf\" href=\"https:\/\/www.freiburg-schwarzwald.de\/blog\/global\/deutschland\/verteilungskampf\/\">Verteilungskampf<\/a><\/li>\n<li><a href=\"https:\/\/www.freiburg-schwarzwald.de\/blog\/selbsthilfe\/soziales\/wohlstandsverlust\/\">Wohlstandsverlust<\/a><\/li>\n<\/ul>\n<p>&nbsp;<\/p>\n<p>&nbsp;<\/p>\n<p><em>Wenn ein <a title=\"Tuerkei\" href=\"https:\/\/www.freiburg-schwarzwald.de\/blog\/global\/tuerkei\/\">T\u00fcrke<\/a>,\u00a0ein Libanese oder ein Oberfranke nach 35 Jahren in Deutschland zum Sozialamt kommt, um seine <a title=\"Armutszuwanderung\" href=\"https:\/\/www.freiburg-schwarzwald.de\/blog\/global\/integration\/armutszuwanderung\/\">Hartz IV-Bez\u00fcge <\/a>abzuholen, dann ist das OK. <\/em><br \/>\n<em>Wenn er aber dazu noch einen vom deutschen Staat bezahlten \u00dcbersetzer mitbringt, da er der <a title=\"Literatur\" href=\"https:\/\/www.freiburg-schwarzwald.de\/blog\/kultur\/dichter\/literatur\/\">deutschen Sprache<\/a> nicht m\u00e4chtig ist, dann ist das nicht OK. <\/em><br \/>\n<em>Wenn derjenige, der dar\u00fcber berichtet, als <a title=\"Deutsche \u2013 hilfsbereit weltoffen\" href=\"https:\/\/www.freiburg-schwarzwald.de\/blog\/deutsche-hilfsbereit-weltoffen\/\">Fremdenfeind<\/a>, &#8222;typisch deutsch&#8220; oder gar mit der <a title=\"Nazi-Keule Islamophobie-Keule\" href=\"https:\/\/www.freiburg-schwarzwald.de\/blog\/nazi-keule-islamophobie-keule\/\">Nazi-Keule<\/a> <a title=\"Political-Correctness\" href=\"https:\/\/www.freiburg-schwarzwald.de\/blog\/kultur\/medien\/political-correctness\/\">bedacht wird<\/a>, dann ist dies mieses <a title=\"Gutmenschen\" href=\"https:\/\/www.freiburg-schwarzwald.de\/blog\/engagement\/gutmenschen\/\">Gutmenschentum<\/a>.<\/em><\/p>\n<p>=============================================================<\/p>\n<p>&nbsp;<\/p>\n<p><strong>Hartz-IV-Ausgaben ins Ausland seit 2007 verdoppelt &#8211; 2018 jetzt 12,6 Mrd Euro<\/strong><br \/>\nWie die \u201eOsnabr\u00fccker Zeitung\u201c berichtet, haben sich die Zahlungsanspr\u00fcche ausl\u00e4ndischer Hartz-IV-Bezieher seit 2007 fast verdoppelt. &#8230; So seien die Zahlungsanspr\u00fcche auf insgesamt 12,9 Milliarden Euro im Jahr 2018 gestiegen. Im Zeitraum September 2018 bis August 2019 betrugen sie 12,6 Milliarden Euro.<br \/>\nZum Vergleich: 2007 lagen die Anspr\u00fcche ausl\u00e4ndischer Hartz-IV-Bezieher bei knapp 6,6 Milliarden Euro. Das Plus betrug damit bis heute rund sechs Milliarden Euro.<br \/>\nWeil die Zahl deutscher Hartz-IV-Bezieher im selben Zeitraum stark zur\u00fcckgegangen ist, sind die Zahlungsanspr\u00fcche von Leistungsempf\u00e4ngern insgesamt um 1,67 Milliarden Euro auf 34,9 Milliarden Euro (September 2018 bis August 2019) gesunken. Die Summe der Hartz-IV-Zahlungsanspr\u00fcche deutscher Haushalte sank von knapp 30 Milliarden im Jahr 2007 auf nunmehr 22,1 Milliarden Euro, das sind 7,9 Milliarden Euro weniger, hei\u00dft es in der Antwort des Arbeitsministeriums. In der Gruppe ausl\u00e4ndischer Hartz-IV-Bezieher hatten B\u00fcrger anderer EU-L\u00e4nder von September 2018 bis August 2019 Anspr\u00fcche in H\u00f6he von rund 2,4 Milliarden Euro. An Menschen aus den acht wichtigsten Asyl-Herkunftsl\u00e4ndern gingen gut 6,1 Milliarden Euro.<br \/>\nMehr als die H\u00e4lfte davon (knapp 3,6 Milliarden Euro) entfielen auf Fl\u00fcchtlinge aus Syrien, dann folgen Iraker (840 Millionen Euro) und Afghanen (810 Millionen Euro).<br \/>\n&#8230; Alles vom 27.12.2019 bitte lesen auf<br \/>\n<a href=\"https:\/\/www.bild.de\/politik\/inland\/politik-inland\/fast-verdoppelt-hartz-iv-ausgaben-fuer-auslaendische-bezieher-gestiegen-66937478.bild.html\">https:\/\/www.bild.de\/politik\/inland\/politik-inland\/fast-verdoppelt-hartz-iv-ausgaben-fuer-auslaendische-bezieher-gestiegen-66937478.bild.html<\/a><br \/>\n.<br \/>\nEinige Kommentare:<strong><br \/>\nEine unserer T\u00f6chter hat mit ihrem Ehemann drei Kinder.<\/strong><br \/>\nBeide Eltern gehen Vollzeit arbeiten, wir entlasten wo wir k\u00f6nnen, diese Sorgen haben die Damen und Herren Invasoren nicht, manchmal hab\u2018 ich das Gef\u00fchl, mir platzt der Kopf vor Wut. Wie kann ein Staat moslemischen Invasoren Geld geben? Warum? &#8230;<br \/>\n.<br \/>\nDa gibt es nur ein Wort f\u00fcr: Veruntreuung von Steuergeldern. Warum schiebt man dem nicht einen Riegel vor? Weil man diesem Staat bewusst und in voller Absicht schaden will?<br \/>\n27.12.2019, Maria K,<br \/>\n.<br \/>\n<strong>Warum?<\/strong><br \/>\nFalsche Frage. Richtig: \u201eWozu? Den Zahlungenliegt keine Ursache, keine Schuld zugrunde, sondern ein Plan, ein Ziel! Was ja st\u00e4ndiges Thema der meisten Beitr\u00e4ge und Diskussionen hier in diesem Blog ist.<\/p>\n<p>Deutsche und nicht-deutsche Hartz4-Empf\u00e4nger<br \/>\nWenn man bei den sogenannten \u201edeutschen\u201c Hartz4 Empf\u00e4ngern noch diejenigen mit deutschem Pass, aber Migrationshintergrund abziehen w\u00fcrde, dann w\u00fcrde es wahrscheinlich noch gruseliger aussehen.<br \/>\n27.12.2019, N.M.<\/p>\n<p><strong>Betrifft: Gesamtkosten pro Fake-Fl\u00fcchtling: 42.000,- Euro per annum<\/strong><br \/>\nAuf diesen Beitrag kommt Niederlande, wenn man ALLE Kosten, also auch die<br \/>\nversteckten und indirekten, aufaddiert., z.B. zus\u00e4tzliche Verwaltungs-Beamte, die sp\u00e4ter dann Pension beziehen.<br \/>\nEin deutscher Grundsch\u00fcler kostet schon 7000,- Euro im Jahr.<br \/>\n42.000,- Euro. Und zwar jedes Jahr aufs Neue (bis auf Ausnahmen). Die Zahl 42.000,- Euro d\u00fcrfte auf Deutschland \u00fcbertragbar sein.<br \/>\n42.000,- mal 2.000.000 Schein-Asylanten = 84.000.000.000 Euro (84 Mrd.). Jedes Jahr neu.<br \/>\nOder sind es 2.500.000 Fl\u00fcchtlinge. Oder 3.000.000 ?<br \/>\nDie Groko hat ja den \u00dcberblick verloren.<br \/>\n27.12.2019, FRi<\/p>\n<p>&nbsp;<\/p>\n<p><strong>Fl\u00fcchtlinge: 500.000 Hartz IV, 11,9% Besch\u00e4ftigungsquote<\/strong><br \/>\nDeutschland bekommt die Auswirkungen der umstrittenen Fl\u00fcchtlingspolitik von Kanzlerin Angela Merkel immer deutlicher zu sp\u00fcren. Gegen\u00fcber 2015 hat die Zahl von Hartz-IV-Beziehern aus nichteurop\u00e4ischen Asylherkunftsl\u00e4ndern im Vorjahr um rund 300.000 auf knapp 560.000 Menschen (Stand Ende September) zugenommen. Das bedeutete einen Anstieg von 113 (!) Prozent. Die Anzahl an Syrern unter den Empf\u00e4ngern hat sich sogar mehr als versechsfacht. Wie die &#8222;Bild&#8220; am Freitag schrieb, sch\u00e4tzt die Bundesagentur f\u00fcr Arbeit (BA) die Zahl der Hartz-IV-Empf\u00e4nger aus nichteurop\u00e4ischen Asylherkunftsl\u00e4ndern bis Ende Dezember 2016 sogar auf rund 674.000. Das w\u00e4re sogar ein Anstieg von 124 Prozent gegen\u00fcber 2015 &#8230;.<br \/>\nDie rasche Integration von Fl\u00fcchtlingen in den deutschen Arbeitsmarkt blieb im Vorjahr aus. Wie die Zahlen der BA zeigen, lag die Besch\u00e4ftigungsquote (Stand: Oktober 2016) f\u00fcr Staatsangeh\u00f6rige nichteurop\u00e4ischer Asylherkunftsl\u00e4nder bei lediglich 11,9 Prozent. &#8230;.<br \/>\nAlles vom15.1.2017 bitte lesen auf<br \/>\n<a href=\"https:\/\/www.krone.at\/welt\/halbe-mio-fluechtlinge-erhaelt-bereits-sozialgeld-neue-zahlen-aus-d-story-548648\">https:\/\/www.krone.at\/welt\/halbe-mio-fluechtlinge-erhaelt-bereits-sozialgeld-neue-zahlen-aus-d-story-548648<br \/>\n<\/a>\u00a0 \u00a0.<br \/>\n&#8222;Die rasche Integration von Fl\u00fcchtlingen in den deutschen Arbeitsmarkt blieb im Vorjahr aus.&#8220; Jo na ned. Die meisten haben weder Bildung noch Ausbildung. Was sollen die in D arbeiten? Dann noch diese Zahlen. Menschen, die nie in den deutschen Sozialtopf eingezahlt haben, bekommen die selben Leistungen wie deutsche Arbeiter? Das ist nur noch Wahnsinn. Deutschland ist verr\u00fcckt.<br \/>\n15.1.2017, Vassenius , KO<\/p>\n<p>&nbsp;<\/p>\n<p>&nbsp;<\/p>\n<p><strong>Sozialhilfe f\u00fcr verschleierte Muslima &#8211; nein<\/strong><br \/>\nGenerell warnt <a title=\"Abdel-Samad\" href=\"https:\/\/www.freiburg-schwarzwald.de\/blog\/religion\/islam\/abdel-samad\/\">Abdel-Samad<\/a> vor dem demokratiegef\u00e4hrdenden politischen Islam, dem auch in \u00d6sterreich von der Politik &#8222;Unterschlupf&#8220; gew\u00e4hrt werde. Sein Pl\u00e4doyer: &#8222;Die Politiker in Europa d\u00fcrfen nicht naiv sein und im Namen der Toleranz zulassen, dass die Intoleranten ihre Infrastrukturen ausbeuten.&#8220; Hamed Abdel-Samad spricht sich klar f\u00fcr ein Kopftuchverbot f\u00fcr minderj\u00e4hrige M\u00e4dchen aus. Jede religi\u00f6se Indoktrinierung eines Kindes sei ein Versto\u00df gegen Menschenrechte. Auch Burka und Niqab m\u00fcssten verboten werden, und vollverschleierte Frauen d\u00fcrften keine Sozialhilfe erhalten, weil sie sich dadurch 99 Prozent aller Jobs von vornherein verweigern.<br \/>\n&#8230;. Komplettes Interview mit Hamed Abdel-Samad vom 25.10.2016 bitte lesen auf<br \/>\n<a href=\"https:\/\/derstandard.at\/2000046415855\/Hamed-Abdel-Samad-Wir-haben-eine-Gewaltseuche-im-Herzen-des\">https:\/\/derstandard.at\/2000046415855\/Hamed-Abdel-Samad-Wir-haben-eine-Gewaltseuche-im-Herzen-des<\/a><\/p>\n<p>&nbsp;<\/p>\n<p>&nbsp;<\/p>\n<p><strong>Hartz-IV-Migranten reicher als deutsche Empf\u00e4nger<\/strong><br \/>\nAuch mit der gegenw\u00e4rtigen Fluchtwelle \u00fcber das Mittelmeer kommen neben Menschen, die alles verloren haben, auch jene, die in ihren Herkunftsl\u00e4ndern ein Gesch\u00e4ft, ein Bankkonto, Besitz haben behalten k\u00f6nnen. Der deutsche Hartz-IV-Empf\u00e4nger mag schwarz arbeiten, doch Immobilienbesitz kann er vor dem Fiskus kaum verbergen. Erbt er ein Haus, muss er das Erbe aufzehren, ehe die Allgemeinheit ihm wieder unter die Arme greift. Deshalb ist manch ein Hartz-IV-Migrant \u201ereicher\u201c als ein Biodeutscher, der ebenfalls auf St\u00fctze angewiesen ist. &#8230;.<br \/>\nAlles vom 23.9.2016 von Sonja Margolina bitte lesen auf<br \/>\n<a href=\"https:\/\/www.cicero.de\/berliner-republik\/migration-und-wohlfahrtsstaat-die-tuecken-der-flatrate-versorgung\">https:\/\/www.cicero.de\/berliner-republik\/migration-und-wohlfahrtsstaat-die-tuecken-der-flatrate-versorgung<\/a><br \/>\n.<br \/>\n<em>Sonja Margolina, Jahrgang 1951, ist 1986 aus der Sowjetunion in die Bundesrepublik emigriert. Sie arbeitet als Journalistin und Buchautorin.<\/em><\/p>\n<p><strong>Migranten werden nicht nach Besitz gefragt, keinerlei Kontrolle<\/strong><br \/>\nIn einem heftigen Dialog mit Vertretern der Gutmenschen stellte ich die Frage, ob denn die Migranten, denen jetzt Hartz IV bedingungslos hinterher getragen wird, in irgendeiner Weise ihren Besitz darlegen m\u00fcssten. Abgesehen vom &#8222;Shitstorm&#8220; erhielt ich dann die Belehrung, dass bei der Registrierung jeder nach seinen Besitzverh\u00e4ltnissen befragt werde, und Bargeld &gt; 300\u20ac (ebenso wie Schmuck) einbehalten w\u00fcrde. Auf Nachfrage, ob die Dame vom Sozialamt schon mal von Bankguthaben geh\u00f6rt habe, und ob die Migranten auch dazu befragt w\u00fcrden, wurde ich fast gesteinigt. Dass ich bei so armen Menschen so mitleidslos sein k\u00f6nne. Wie denn die Fragen vermittelt wurden, wo doch gar keine Dolmetscher vorhanden seien, wurde nicht gekl\u00e4rt. Jeder deutsche Hartz IV Emf\u00e4nger wird permanent durchleuchtet, ob er nicht doch noch irgendwo 10\u20ac hat. Migranten jedoch werden nicht gefragt? Und dann wundert man sich, dass Migranten und die Hilfsindustrie nicht beliebt sind? Ich nicht.<br \/>\n&#8230;.<br \/>\nSie haben Recht, Migranten werden nicht einmal gefragt, ob sie Verm\u00f6gen zu Hause haben. Nicht einmal Menschen aus den Balkanl\u00e4ndern werden entsprechende Fragen gestellt, obwohl doch bekannt sein sollte, dass diese Menschen sehr oft Grundbesitz und &#8211; vor allem &#8211; auch Rentenanspr\u00fcche in ihrer Heimat haben. Gerade die Rentenanspr\u00fcche lie\u00dfen sich relativ problemlos auch von Amts wegen ermitteln.<br \/>\nUnd \u00fcbrigens &#8211; wer nicht einmal nach Einkommen und Verm\u00f6gen gefragt wird, hat vielleicht nicht einmal das Bewusstsein, etwas falsches zu tun oder etwas widerrechtlich zu verschweigen<br \/>\n24.9.2016, Christian Bauer, CO<br \/>\n.<\/p>\n<p><strong>Sorgen integrierter Ausl\u00e4nder vor illegaler Zuwanderung: Armut, Sozialsystem<\/strong><br \/>\nDas Institut der deutschen Wirtschaft (IW) geht davon aus, dass die gro\u00dfe Mehrheit der Fl\u00fcchtlinge zun\u00e4chst auf Sozialleistungen angewiesen sein wird. &#8222;Sollten rund 800.000 Fl\u00fcchtlinge in Deutschland von Transferleistungen leben, steigt die Armutsquote von 15,4 auf 16,1 Prozent&#8220;, hei\u00dft es in einer Expertise des arbeitgebernahen Instituts zu Hartz IV.<br \/>\nWie der deutsch-syrische Politologe Bassam Tibi schon vor \u00fcber 15 Jahren in seinem Buch \u201cEuropa ohne Identit\u00e4t?\u201d schrieb, nicht zuletzt in Sorge um die vielen hier l\u00e4ngst integrierten Migranten: \u201cDie illegale Zuwanderung und ihre Nebenerscheinungen geh\u00f6ren gerade zu den Quellen der Gef\u00e4hrdungen f\u00fcr die in der Bundesrepublik lebenden Ausl\u00e4nder. Man sch\u00fctzt uns integrierte Ausl\u00e4nder nicht dadurch, dass unsere falschen Freunde diese Probleme zu Tabuzonen erkl\u00e4ren. &#8211; Notwendig ist die Abwehr von Missbrauch, um die Akzeptanz des Asylrechts in der deutschen Gesellschaft nicht zu gef\u00e4hrden.\u201d<br \/>\n31.12.2015<br \/>\n<strong>Hartz IV als Dauerzustand<\/strong><br \/>\nF\u00fcr 46 % aller Hartz-IV-Empf\u00e4nger bzw. rund 2,79 Millionen Menschen ist der Hartz-IV-Bezug zum Dauerzustand geworden. Sie sind schon vier Jahre oder l\u00e4nger auf die staatliche Unterst\u00fctzung angewiesen.<br \/>\n64 % aller Hartz-IV-Empf\u00e4nger erhalten l\u00e4nger als zwei Jahre Hartz IV. So die Verweildauer-Statistik der Bundesagentur f\u00fcr Arbeit mit den Zahlen von Ende 2014.<br \/>\n15.6.2015<\/p>\n<p>&nbsp;<\/p>\n<p><strong>Hartz IV-Quoten: 15% D, 25% TY, 99% Libanon &#8211; Wir brauchen qualifizierte Einwanderung<\/strong><br \/>\nDas Statistische Bundesamt und die Agentur f\u00fcr Arbeit haben schon 2010 Statistiken nach Staatsb\u00fcrgerschaft zur Nutzung von Hartz IV Sozialleistungen ver\u00f6ffentlicht, die Hans-Werner Sinn mit seiner Kernaussage Recht geben: Wir lassen die falschen Einwanderer ins Land. Prof. Sinn hat bereits mehrfach richtig gestellt, dass er kein Migrationsgegner ist. Aber wenn er sagt, dass die Migranten, die momentan zu uns kommen teurer sind als der volkswirtschaftliche Nutzen den sie bringen, hat er Recht.<\/p>\n<p>Die durchschnittliche Hartz IV Quote bei deutschen Staatsangeh\u00f6rigen liegt bei vielleicht 15%. T\u00fcrkische Staatsb\u00fcrger mit Anspruch haben schon eine Quote von mehr als 25%. Alle anderen Herkunftsl\u00e4nder mit einem muslimischen Kontext sind weitaus schlechter, Libanesen sind sogar zu \u00fcber 90% auf Hartz IV angewiesen. Das ist doch Irrsinn.<\/p>\n<p>Wir brauchen mehr Migration, nicht weniger. Aber wir brauchen vor allem bessere Migration. Wir brauchen qualifizierte Einwanderer, deren Hartz IV Quote nicht bei 25% oder h\u00f6her liegt sondern eher unter dem deutschen Durchschnitt von 15%. Dazu m\u00fcssen wir selektiver werden und st\u00e4rkere Anreize setzen. Das kann auch bedeuten, dass wir Quoten f\u00fcr Herkunftsl\u00e4nder einf\u00fchren, deren Hartz IV Statistik schlecht aussieht. Fast alle gro\u00dfen Einwanderungsl\u00e4nder, die durch Einwanderung erfolgreich sind, haben ein <a title=\"Einwanderungsgesetz\" href=\"https:\/\/www.freiburg-schwarzwald.de\/blog\/global\/integration\/einwanderungsgesetz\/\">Punktesystem<\/a>, nachdem Einwanderer bewertet und dann angenommen oder abgelehnt werden. Das funktioniert seit Jahrzehnten f\u00fcr diese L\u00e4nder. Nur wir sperren uns kategorisch aus vermeintlich ethischen und ideologischen Gr\u00fcnden? Die Realit\u00e4t sieht doch schon l\u00e4ngst so aus, dass die Topleistungstr\u00e4ger im Ausland gar nicht erst Deutschland als Lebensmittelpunkt in Erw\u00e4gung ziehen und immer mehr deutsche Leistungstr\u00e4ger Deutschland verlassen. Auch dazu gibt es eine Statistik, denn die Auswanderungsquote aus Deutschland ist ebenfalls so hoch wie nie zuvor.<br \/>\n16.1.2015, P. Apfel<\/p>\n<p>&nbsp;<\/p>\n<p><strong>Alleinerziehende Mutter mit drei Kindern &#8211; Hartz-IV-Beispielfamilie<br \/>\n<\/strong><br \/>\nEnde 2014 beziehen 4,4 Millionen Menschen in Deutschland Hartz IV, also ca 5% der Bev\u00f6lkerung:<br \/>\n&#8211; 70% bzw. 3,080.000 Menschen beziehen die Grundsicherung von Hartz IV, arbeiten also nicht.<br \/>\n&#8211; 30% bzw. 1,320.000 Menschen beziehen als Aufstocker neben Hartz IV auch Einkommen aus eigener Erwerbsarbeit.<br \/>\nDie meisten Aufstocker arbeiten in einem Minijob (450 Euro) oder Teilzeit, ganz selten Vollzeit. In S\u00fcdbaden zwischen Ortenau und Hochrhein) gibt es 13650 Aufstocker. 2040 Personen beziehen zuz\u00fcglich zu ihrem Vollzeitjob noch Hartz IV.<br \/>\nDie Beispielfamilie (alleinerziehende Mutter und 3 Kinder) bildet f\u00fcr das Jobcenter eine Bedarfsgemeinschaft, der als Existenzminimum 2035 Euro\/Monat zustehen. Das Kindergeld wird mit der Hartz IV-Leistungen verrechnet.<\/p>\n<p><a href=\"https:\/\/www.freiburg-schwarzwald.de\/blog\/selbsthilfe\/soziales\/arbeit\/hartz\/hartz4familie1412\/\" rel=\"attachment wp-att-52325\"><img loading=\"lazy\" decoding=\"async\" class=\"alignnone size-thumbnail wp-image-52325\" src=\"https:\/\/www.freiburg-schwarzwald.de\/blog\/wp-content\/uploads\/2014\/04\/hartz4familie1412-163x180.jpg\" alt=\"hartz4familie1412\" width=\"163\" height=\"180\" srcset=\"https:\/\/www.freiburg-schwarzwald.de\/blog\/wp-content\/uploads\/2014\/04\/hartz4familie1412-163x180.jpg 163w, https:\/\/www.freiburg-schwarzwald.de\/blog\/wp-content\/uploads\/2014\/04\/hartz4familie1412.jpg 496w\" sizes=\"auto, (max-width: 163px) 100vw, 163px\" \/><\/a><br \/>\n(1) Zahlungen Existenzminimum 2035 Euro (Familie Mutter alleinerziehend, drei Kinder)<\/p>\n<p>Bei Aufstockern wird der \u00fcberwiegende Teil des Erwerblohns mit der Grundsicherung verrechnet, d.h. nur ein kleiner Teil verbleibt. Beispiel: Arbeitet die Mutter auf einer 75%-Teilzeitstelle mit einem Monatslohn von 1750 Euro (ganz rechts in (2)), dann erh\u00e4lt die Familie 2457 Euro\/Monat, also gerade mal 160 Euro mehr als\u00a0bei zus\u00e4tzlichen Berufst\u00e4tigkeit als Minijobberin mit 450 Euro. Ist dieses Plus von 160 Euro ausreichend &#8211; hier\u00fcber wird seit Einf\u00fchrung von Hartz IV gestritten?<\/p>\n<p><a href=\"https:\/\/www.freiburg-schwarzwald.de\/blog\/selbsthilfe\/soziales\/arbeit\/hartz\/hartz4familie-alternativen1412\/\" rel=\"attachment wp-att-52326\"><img loading=\"lazy\" decoding=\"async\" class=\"alignnone size-thumbnail wp-image-52326\" src=\"https:\/\/www.freiburg-schwarzwald.de\/blog\/wp-content\/uploads\/2014\/04\/hartz4familie-alternativen1412-180x116.jpg\" alt=\"hartz4familie-alternativen1412\" width=\"180\" height=\"116\" srcset=\"https:\/\/www.freiburg-schwarzwald.de\/blog\/wp-content\/uploads\/2014\/04\/hartz4familie-alternativen1412-180x116.jpg 180w, https:\/\/www.freiburg-schwarzwald.de\/blog\/wp-content\/uploads\/2014\/04\/hartz4familie-alternativen1412.jpg 490w\" sizes=\"auto, (max-width: 180px) 100vw, 180px\" \/><\/a><br \/>\n(2) Zahlungen des Hartz-Kombilohnsystem (Aufstocker Nettolohn gr\u00fcn): F\u00fcnf alternative Beispiele<\/p>\n<p>Auch dieses Beispiel verdeutlicht: Eine Familie mit drei Kindern kommt heute nicht mehr mit einem Alleinern\u00e4hrer aus &#8211; selbst bei einem Durchschnittsbruttolohn von\u00a04.000 Euro\/Monat bleiben nach allen Abz\u00fcgen netto gerade kaum mehr als der Hartz IV-Satz f\u00fcr diese Familie zum Leben \u00fcbrig. Bei\u00a0gr\u00f6\u00dferen Familien macht es kaum einen Unterschied, ob sie arbeiten oder ihren Lebensunterhalt mit Hartz IV bestreiten. Wer arbeitet, dem nimmt der Staat so viel von seinem Gehalt weg, dass er schlussendlich wieder beim deutschen Einheitseinkommen landet.\u00a0Erforderlich ist daher:<br \/>\n&#8211; Ein hoher Grundfreibetrag bei den Sozialabgaben, der sich nach der Anzahl der unterhaltspflichtigen Kinder der<br \/>\nFamilie bemisst.<br \/>\n&#8211; Das Betreuungssystem f\u00fcr die kleinen Kinder mu\u00df so ausgebaut werden, dass beide Elternteile in Vollzeit arbeiten<br \/>\nk\u00f6nnen.<br \/>\nNur dann kann eine kinderreiche Familie ohne staatliche Hilfe auskommen.<br \/>\nZudem ist das heutige Existenzminimum \u00fcbertrieben hoch angesetzt &#8211; laut VdK geh\u00f6rt dazu seit neuestem sogar schon der Besitz eines Pkws.\u00a0Wenn die Arbeitnehmerschaft dem nicht arbeitenden Teil sogar das Auto finanzieren muss, dann bleibt vom Lohn f\u00fcr den Eigenverbrauch eben nicht mehr so viel \u00fcbrig.<br \/>\n29.12.2014<\/p>\n<p><strong>Gejammer und Geheule<\/strong><br \/>\nAch was war das Leben in den 60ern so sch\u00f6n. Typisch fr\u00fcher. Die Eltern suchten meinen Lehrherrn aus (hatte ab Schulj.4 Gymnasium-Empfehlung), musste Automechaniker lernen. Erster Gesellenlohn 365.- DM. Dann Heirat, 2 Kinder,<span class=\"Apple-converted-space\"><span style=\"font-family: Verdana;\">\u00a0<\/span><\/span>Wohnungssuche, Miete (keine Hilfe von zu Hause, kein Erbe in<span class=\"Apple-converted-space\"><span style=\"font-family: Verdana;\">\u00a0<\/span><\/span>Aussicht), geringes Kindergeld f\u00fcrs Zweite. Frau musste Kinder<span class=\"Apple-converted-space\"><span style=\"font-family: Verdana;\">\u00a0<\/span><\/span>erziehen, Nirgendwo Kindergarten Rundumbetreuung usw. Kein dickes Auto, kein Flachbild, kein Handy, kein Urlaub usw. Ach wie haben wir das nur ohne Gejammer und Geheule geschafft, meine Lieben??? Zusammenhalt, mal Krisen zusammen, durchstehen, und nicht gleich davonlaufen. In unserer Gesellschaft wird viel gefordert und gleichzeitig gejammert, dass die Sozialabgaben steigen. Ich habe 50 Jahre lang Sozialabgaben und Steuern bezahlt, Meine Frau die Kinder erzogen, und habe noch 3,2% Abzug an\u00a0der Rente. Habe noch Haus gebaut ohne Elternhilfe, ach das wird ja noch vererbt.<br \/>\n30.12.2014, Helmut B\u00fchrer<\/p>\n<p>&nbsp;<\/p>\n<p>&nbsp;<\/p>\n<p>&nbsp;<\/p>\n<p><strong>10 Jahre Hartz IV &#8211; Geschichte vom 1.1.2005 bis 2015<\/strong><\/p>\n<p>Im M\u00e4rz 2002 wurde bekannt, dass die Bundesanstalt f\u00fcr Arbeit BfA die Arbeitslosenstatistiken frisiert hatte. Die von Kanzler Gerhard Schr\u00f6der unter Vorsitz von VW-Vorstand Peter Hartz einberufene Reformkommission nahm die Arbeit auf: Umbau der BfA in eine Bundesagentur f\u00fcr Arbeit BA mit Jobcentern, Gesetze Hartz I bis Hartz III und dann die umfassendste Sozialreform Deutschlands seit 1945 (genannt Hartz IV) mit der Zusammenlegung von Sozial- und Arbeitslosenhilfe, die 2003 beschlossen und zum 1.1.2005 in Kraft gesetzt wurde. &#8222;Wir werden Leitungen des Staates k\u00fcrzen, Eigenverantwortung f\u00f6rdern und mehr Eigenleitung von jedem Einzelnen abfordern m\u00fcssen&#8220; &#8211; so Kanzler Schr\u00f6der im M\u00e4rz 2003, als mehr als 4,5 Mio arbeitslos waren und sich die Wirtschaft Deutschlands in einem genauso desolaten Zustand befand wie die Frankreichs zum Jahresende 2014.<br \/>\nDas Hauptziel von Hartz IV wurde erreicht.\u00a0Millionen von Erwerbsf\u00e4higen, die von Sozialhilfe lebten und kaum Angebote zu Berufschancen und Qualifizierung \u00a0erhielten, wurde eine Br\u00fccke ins Erwerbsleben gebaut. Trotz der B\u00fcrokratie des komplexen Regelwerks.<br \/>\nEin Ziel von Hartz IV wurde bis heute nicht erreicht: Die Zahl der Langzeitarbeitslosen ist trotz guter Konjunktur bei einer Million stehen geblieben. &#8222;Diese Menschen brauchen mehr begleitende, individualisierte Hilfen &#8211; von der gesundheitlichen Aufkl\u00e4rung bis zur Schuldnerberatung. Zudem wird oft in praxisfernen Parallelwelten gef\u00f6rdert, weil ein starres Regelwerk die Jobcenter dazu zwingt&#8220; &#8211; so Caritas-Generalsekret\u00e4r Georg Cremer am 27.12.2014 in<br \/>\n<a href=\"https:\/\/www.badische-zeitung.de\/wirtschaft-3\/gefoerdert-wird-oft-in-praxisfernen-parallelwelten--97831515.html\">https:\/\/www.badische-zeitung.de\/wirtschaft-3\/gefoerdert-wird-oft-in-praxisfernen-parallelwelten&#8211;97831515.html<\/a><\/p>\n<p>2005: Jeder Zehnte (10,1%) bzw. 4,4 Mio Menschen waren arbeitslos. Die Arbeitslosigkeit lag im Westen bei 8,5% und im Osten bei 18%.<br \/>\n2015: 6,3% bzw, 2,7 Mio Menschen haben keinen Job. Arbeitslosigkeit im Westen 6% und im Osten 10%.<\/p>\n<p>&nbsp;<\/p>\n<p>&nbsp;<\/p>\n<p><strong>Ausl\u00e4nder leben \u00fcberproportional h\u00e4ufig von Sozialhilfe<\/strong><br \/>\n6,1 Millionen Menschen haben seit 2005 Hartz IV erhalten.<br \/>\n&#8211; davon leben 16% seit 10 Jahren ununterbrochen von Sozialhilfe (Langzeitarbeitslose)<br \/>\n&#8211; davon sind 80% Deutsche und 20% Ausl\u00e4nder (<strong>sehr viel<\/strong> bei nur 9% Ausl\u00e4nderanteil in D insgesamt)<br \/>\n10.11.2014<br \/>\n.<\/p>\n<p><strong>Hartz IV &#8211; Zusammenlegung von Sozial- und Arbeitslosenhilfe\u00a0\u00a0<\/strong><br \/>\nIn Deutschland leben 4,4 Millionen Menschen von Hartz IV\u00a0 bzw. Arbeitslosengeld II, wie die staatliche Unterst\u00fctzung exakt hei\u00dft. Seit der Reform des rot-gr\u00fcnen Gesetzwerkes in 2004 werden\u00a0die Geldleistungen zum Lebensunterhalt\u00a0und die\u00a0Vermittlung der Menschen in Arbeit von derselben Institution betreut &#8211; den Jobcentern. Dass alles in einer Hand liegt, ist von Vorteil: Die Jobcenter k\u00fcmmern sich einerseits einen um Menschen, die erwerbsf\u00e4hig sind, ihren Lebensunterhalt aber nicht aus Arbeit bestreiten k\u00f6nnen \u2013 da sie arbeitslos sind oder wenig verdienen. Andererseits k\u00fcmmern sich die Jobcenter darum, dass m\u00f6glichst viele Menschen m\u00f6glichst rasch wieder eine sozialversicherungspflichtige Arbeit finden.<br \/>\nB\u00fcrokratie:\u00a0 Wenn nach einer Scheidung der getrennt lebende Mann f\u00fcr die Kinder keinen Unterhalt zahlt, gibt es den Unterhaltsvorschuss. Den Vorschuss zahlen der Bund, das Land und die Kommune. Deshalb muss das Jobcenter in jedem einzelnen Fall ausrechnen, welcher Anteil des Vorschusses auf welche staatliche Ebene entf\u00e4llt. Eine Expertin hat mal gepr\u00fcft, wie aufw\u00e4ndig das ist. Das Ergebnis: Es handelt sich um 300.000 F\u00e4lle, die f\u00fcr die betroffenen Beh\u00f6rden zehn Millionen Sachbearbeiterstunden n\u00f6tig machen, was Verwaltungskosten von schier unglaublichen 460 Millionen Euro ausl\u00f6st. Und wir reden hier nur von einem einzigen Verwaltungsvorgang.<br \/>\nStefan Graaf vom Bundesnetzwerk Jobcenter<br \/>\nHartz IV war eine enorme Verbesserung f\u00fcr\u00a0Hauptsch\u00fcler und einfache Arbeitnehmer. Deren Arbeitslosenhilfe reichte n\u00e4mlich nicht zum Leben. Sie mussten im Falle von Langzeitarbeitslosigkeit schon immer mit Sozialhilfe aufbessern. Und waren somit von den weitaus rigideren Vorschriften zur Sozialhilfe betroffen, und erhielten auch weitaus weniger als sie heute mit Hartz IV ausgezahlt bekommen.<br \/>\nDie Akademiker mit vormals gut bezahltem Job konnten hingegen von ihrer Arbeitslosenhilfe, die als Prozentsatz des letzten Nettogehalts ausgezahlt wurde, sehr ausk\u00f6mmlich leben, mussten nicht ihr mit fr\u00fcher gutem Einkommen angespartes Privatverm\u00f6gen aufbrauchen, und sich auch nicht das Einkommen der anderen Familienmitgliedern anrechnen lassen. Auch niedere Arbeiten wurden ihnen nicht zugemutet. Daf\u00fcr gab es schlie\u00dflich die ganzen Hauptsch\u00fcler.<br \/>\nSchr\u00f6der hat mit seiner Agenda 2010 mit dieser krassen Ungleichbehandlung von Akademikern und Menschen mit einfachen Berufen aufgeh\u00f6rt.<\/p>\n","protected":false},"excerpt":{"rendered":"<p>Home &gt;Soziales &gt;Arbeit &gt;Hartz IV &nbsp; Listenauswahl eines Beitrags (Artikel\/Datum, Seite\/Inhalt): Klicken oder scrollen Reform des B\u00fcrgergelds zur Grundsicherung: Der Sache nach kaum Neues (17.10.2025) London: Sozialhilfe f\u00fcr Mehrheit\u00a0(26.1.2023) Hamer: Das B\u00fcrgergeld m\u00fcsste Arbeitsersatzgeld hei\u00dfen\u00a0(18.11.2022) B\u00fcrgergeld &#8211; 45 % f\u00fcr &hellip; <a href=\"https:\/\/www.freiburg-schwarzwald.de\/blog\/selbsthilfe\/soziales\/arbeit\/hartz\/\">Weiterlesen <span class=\"meta-nav\">&rarr;<\/span><\/a><\/p>\n","protected":false},"author":2,"featured_media":0,"parent":649,"menu_order":0,"comment_status":"open","ping_status":"closed","template":"","meta":{"footnotes":""},"class_list":["post-46930","page","type-page","status-publish","hentry"],"_links":{"self":[{"href":"https:\/\/www.freiburg-schwarzwald.de\/blog\/wp-json\/wp\/v2\/pages\/46930","targetHints":{"allow":["GET"]}}],"collection":[{"href":"https:\/\/www.freiburg-schwarzwald.de\/blog\/wp-json\/wp\/v2\/pages"}],"about":[{"href":"https:\/\/www.freiburg-schwarzwald.de\/blog\/wp-json\/wp\/v2\/types\/page"}],"author":[{"embeddable":true,"href":"https:\/\/www.freiburg-schwarzwald.de\/blog\/wp-json\/wp\/v2\/users\/2"}],"replies":[{"embeddable":true,"href":"https:\/\/www.freiburg-schwarzwald.de\/blog\/wp-json\/wp\/v2\/comments?post=46930"}],"version-history":[{"count":5,"href":"https:\/\/www.freiburg-schwarzwald.de\/blog\/wp-json\/wp\/v2\/pages\/46930\/revisions"}],"predecessor-version":[{"id":140352,"href":"https:\/\/www.freiburg-schwarzwald.de\/blog\/wp-json\/wp\/v2\/pages\/46930\/revisions\/140352"}],"up":[{"embeddable":true,"href":"https:\/\/www.freiburg-schwarzwald.de\/blog\/wp-json\/wp\/v2\/pages\/649"}],"wp:attachment":[{"href":"https:\/\/www.freiburg-schwarzwald.de\/blog\/wp-json\/wp\/v2\/media?parent=46930"}],"curies":[{"name":"wp","href":"https:\/\/api.w.org\/{rel}","templated":true}]}}