{"id":46864,"date":"2014-04-13T13:56:37","date_gmt":"2014-04-13T11:56:37","guid":{"rendered":"https:\/\/www.freiburg-schwarzwald.de\/blog\/?page_id=46864"},"modified":"2026-02-20T14:30:14","modified_gmt":"2026-02-20T13:30:14","slug":"abdel-samad","status":"publish","type":"page","link":"https:\/\/www.freiburg-schwarzwald.de\/blog\/religion\/islam\/abdel-samad\/","title":{"rendered":"Abdel-Samad"},"content":{"rendered":"<p><a href=\"https:\/\/freiburg-schwarzwald.de\/blog\">Home<\/a> &gt;<a title=\"Religion\" href=\"https:\/\/www.freiburg-schwarzwald.de\/blog\/religion\/\">Religion<\/a> &gt;<a title=\"Islam\" href=\"https:\/\/www.freiburg-schwarzwald.de\/blog\/religion\/islam\/\">Islam<\/a> &gt;Abdel-Samad<\/p>\n<div id=\"attachment_46888\" style=\"width: 646px\" class=\"wp-caption alignnone\"><a href=\"https:\/\/www.freiburg-schwarzwald.de\/blog\/religion\/islam\/abdel-samad\/mulhouse13marche-pan140412\/\" rel=\"attachment wp-att-46888\"><img loading=\"lazy\" decoding=\"async\" aria-describedby=\"caption-attachment-46888\" class=\"size-full wp-image-46888\" src=\"https:\/\/www.freiburg-schwarzwald.de\/blog\/wp-content\/uploads\/2014\/04\/mulhouse13marche-pan140412.jpg\" alt=\"Markt in Mulhouse\/Elsass am 12. April 2014\" width=\"636\" height=\"301\" srcset=\"https:\/\/www.freiburg-schwarzwald.de\/blog\/wp-content\/uploads\/2014\/04\/mulhouse13marche-pan140412.jpg 636w, https:\/\/www.freiburg-schwarzwald.de\/blog\/wp-content\/uploads\/2014\/04\/mulhouse13marche-pan140412-180x85.jpg 180w\" sizes=\"auto, (max-width: 636px) 100vw, 636px\" \/><\/a><p id=\"caption-attachment-46888\" class=\"wp-caption-text\">Markt in Mulhouse\/Elsass am 12. April 2014<\/p><\/div>\n<p>&nbsp;<\/p>\n<ul>\n<li><em>Listenauswahl eines Beitrags: Bitte <span style=\"text-decoration: underline;\">anklicken<\/span> oder runterscrollen<\/em><\/li>\n<li><a href=\"https:\/\/www.freiburg-schwarzwald.de\/blog\/ramadan-fastenzeit-frieden\/\">Ramadan Fastenzeit \u2013 Frieden<\/a>\u00a0(20.2.2026)<\/li>\n<li>Hamed Abdel-Samad ben\u00f6tigt in D Polizeischutz, in arabischen L\u00e4ndern nicht (1.7.2025)<\/li>\n<li>Bekannter Islamkritiker Abdel-Samad \u00fcber Gaza: Es ist ein V\u00f6lkermord (5.4.2025)<\/li>\n<li><a href=\"https:\/\/www.freiburg-schwarzwald.de\/blog\/freiheit2-merkel-abdel-samad\/\">Zweimal Freiheit: Merkel, Abdel-Samad<\/a> (16.12.2024)<\/li>\n<li>Hamed Abdel-Samad: Der Preis der Freiheit (3.11.2024)<\/li>\n<li><a href=\"https:\/\/www.freiburg-schwarzwald.de\/blog\/wdr-will-deutschen-ramadan\/\">WDR will deutschen Ramadan<\/a>\u00a0(13.3.2024)<\/li>\n<li><a href=\"https:\/\/www.freiburg-schwarzwald.de\/blog\/abdel-samad-islam-und-europa\/\">Abdel-Samad: Islam und Europa<\/a> (22.1.2023)<\/li>\n<li><a href=\"https:\/\/www.freiburg-schwarzwald.de\/blog\/gewaltmonopol-und-integration\/\">Gewaltmonopol und Integration<\/a>\u00a0(9.1.2023)<\/li>\n<li><a href=\"https:\/\/www.freiburg-schwarzwald.de\/blog\/migration-in-ard-tagesschau\/\">Migration in ARD-Tagesschau<\/a>\u00a0(23.12.2022)<\/li>\n<li><a href=\"https:\/\/www.freiburg-schwarzwald.de\/blog\/muezzinruf-an-moschee-in-koeln\/\">Muezzinruf an Moschee in K\u00f6ln<\/a>\u00a0(14.10.2022)<\/li>\n<li><a href=\"https:\/\/www.freiburg-schwarzwald.de\/blog\/antidiskriminierungsbeauftragte\/\">Hamed Abdel-Samad: Mit der Berufung von Ataman zur Diskriminierungsbeauftragten betreibt die Scholz-Regierung ideologische Identit\u00e4tspolitik<\/a> (4.7.2022)<\/li>\n<li><a href=\"https:\/\/www.freiburg-schwarzwald.de\/blog\/9-11-20-jahre-weiterhin-terror\/\">9\/11 \u2013 20 Jahre weiterhin Terror<\/a> (11.9.2021)<\/li>\n<li><a href=\"https:\/\/www.freiburg-schwarzwald.de\/blog\/religion\/islam\/islam-politik\/\">Politischer Islam: B\u00fcrgerbewegung PaxEuropa (BPE) informiert<\/a>\u00a0(4.12.2020)<\/li>\n<li><a href=\"https:\/\/www.freiburg-schwarzwald.de\/blog\/religion\/islam\/islamkonferenz\/\">Hamed Abdel-Samad tritt aus der deutschen Islamkonferenz aus<\/a> (10.11.2020)<\/li>\n<li><a title=\"Aus Liebe zu Deutschland\" href=\"https:\/\/www.freiburg-schwarzwald.de\/blog\/aus-liebe-zu-deutschland\/\">Aus Liebe zu Deutschland<\/a> (13.10.2020)<\/li>\n<li>Meine Liebeserkl\u00e4rung an Deutschland (25,7,2020)<\/li>\n<li><a title=\"Islam-Organisationen\" href=\"https:\/\/www.freiburg-schwarzwald.de\/blog\/religion\/islam\/islam-organisationen\/\">Hanau: Wie Politik und Medien zur Popularit\u00e4t von Islamisten beitragen<\/a>\u00a0(28.3.2020)<\/li>\n<li><a title=\"Gesellschaft: offen und tolerant\" href=\"https:\/\/www.freiburg-schwarzwald.de\/blog\/gesellschaft-offen-und-tolerant\/\">Gesellschaft: Offen und tolerant<\/a>\u00a0(26.2.2020)<\/li>\n<li>Hamed Abdel-Samad: Warum sich die jungen Muslime radikalisieren (15.9.2019)<\/li>\n<li><a href=\"https:\/\/www.freiburg-schwarzwald.de\/blog\/freier-demokratischer-diskurs\/\">https:\/\/www.freiburg-schwarzwald.de\/blog\/freier-demokratischer-diskurs\/<\/a>\u00a0(8.7.2019)<\/li>\n<li><a href=\"https:\/\/www.freiburg-schwarzwald.de\/blog\/is\">Youtube l\u00f6scht Kanal von Hamed Abdel-Samad<\/a>\u00a0(19.6.2019)<\/li>\n<li>Islamkritik ist nicht rassistisch (14.6.2019)<\/li>\n<li><a title=\"Verschwoerungstheorien\" href=\"https:\/\/www.freiburg-schwarzwald.de\/blog\/kultur\/medien\/verschwoerungstheorien\/\">Ausstellung \u201cVerschw\u00f6rungstheorien\u201d \u2013 Rede von Frank-Walter Steinmeier \u2013 OFFENER BRIEF<\/a>\u00a0(17.5.2019)<\/li>\n<li><a title=\"Scharia\" href=\"https:\/\/www.freiburg-schwarzwald.de\/blog\/religion\/islam\/scharia\/\">Hamed Abdel-Samad: \u201eWas ist Scharia?\u201d<\/a> (1.4.2019)<\/li>\n<li><a title=\"Abdel-Samad: Kirchen pro Islam\" href=\"https:\/\/www.freiburg-schwarzwald.de\/blog\/abdel-samad-kirchen-pro-islam\/\">Abdel-Samad: Nicht in meinem Namen, Herr Bundespr\u00e4sident<\/a>\u00a0(1.3.2019)<\/li>\n<li><a href=\"https:\/\/www.freiburg-schwarzwald.de\/blog\/abdel-samad-kirchen-pro-islam\/\">https:\/\/www.freiburg-schwarzwald.de\/blog\/abdel-samad-kirchen-pro-islam\/<\/a> (28.2.2019)<\/li>\n<li><a title=\"Meinungsfreiheit\" href=\"https:\/\/www.freiburg-schwarzwald.de\/blog\/kultur\/medien\/meinungsfreiheit\/\">Steinh\u00f6fel: Facebook entsperrt Hamed Abdel-Samad<\/a> (7.12.2018)<\/li>\n<li><a title=\"Islam-Konferenz\" href=\"https:\/\/www.freiburg-schwarzwald.de\/blog\/religion\/islam\/islam-konferenz\/\">4. Deutsche Islam-Konferenz \u2013 Islam-Kritiker f\u00fcrchten um ihr Leben<\/a> (28.11.2018)<\/li>\n<li><a title=\"Muslime\" href=\"https:\/\/www.freiburg-schwarzwald.de\/blog\/global\/integration\/muslime\/\">Aufruf von Abdel-Samad:\u00a0\u201cMuslime in Deutschland, verteidigt Eure Freiheit, integriert Euch!\u201d<\/a> (28.11.2018)<\/li>\n<li><a href=\"https:\/\/www.freiburg-schwarzwald.de\/blog\/meinungsvielfalt-medienvielfalt\/\">https:\/\/www.freiburg-schwarzwald.de\/blog\/meinungsvielfalt-medienvielfalt\/<\/a>\u00a0(29.11.2018)<\/li>\n<li><a title=\"Journalismus\" href=\"https:\/\/www.freiburg-schwarzwald.de\/blog\/kultur\/medien\/journalismus\/\">Hamed Abdel-Samad, Constantin Schreiber, Ahmad Mansour: Keine Meinungsfreiheit an DJS<\/a> (27.11.2018)<\/li>\n<li>Abdel-Samad: Integration &#8211; Ein Protokoll des Scheiterns (24.4.2018)<\/li>\n<li><a href=\"https:\/\/www.freiburg-schwarzwald.de\/blog\/global\/integration\/integration-gescheitert\">https:\/\/www.freiburg-schwarzwald.de\/blog\/global\/integration\/integration-gescheitert<\/a>\/ (15.4.2018)<\/li>\n<li>Wer vom islamischen Terror spricht, diffamiert nicht alle Muslime (4.11.2017)<\/li>\n<li><a href=\"https:\/\/www.freiburg-schwarzwald.de\/blog\/freiheit-nur-unter-polizeischutz\/\">https:\/\/www.freiburg-schwarzwald.de\/blog\/freiheit-nur-unter-polizeischutz\/<\/a>\u00a0(10.8.2017)<\/li>\n<li><a title=\"Agnostiker\" href=\"https:\/\/www.freiburg-schwarzwald.de\/blog\/religion\/agnostiker\/\">Ist Religion Privatsache?<\/a> (10.6.2017)<\/li>\n<li>Die Krankheit im Herzen des Islam (19.4.2017)<\/li>\n<li><strong>Facebook-Aufruf f\u00fcr Imad Karim von Hamed Abdel-Samad (14.4.2017)<\/strong><\/li>\n<li>Hamed Abdel-Samad und das Thema Freiheit (22.3.2017)<\/li>\n<li><a title=\"Talkshow\" href=\"https:\/\/www.freiburg-schwarzwald.de\/blog\/kultur\/medien\/talkshow\/\">Abdel-Samad: Von Talkshows und Presse gemieden<\/a> (10.12.2016)<\/li>\n<li>Der Islamkritiker als Volksverhetzer? (18.3.2016)<\/li>\n<li><a title=\"Koeln-Silvester2015\" href=\"https:\/\/www.freiburg-schwarzwald.de\/blog\/global\/integration\/koeln-silvester2015\/\">K\u00f6ln: Das hat auch mit dem Islam zu tun<\/a> (9.1.2016)<\/li>\n<li>er Islam ist keine Religion des Friedens (7.12.2015)<\/li>\n<li><a title=\"Moscheen\" href=\"https:\/\/www.freiburg-schwarzwald.de\/blog\/religion\/islam\/moscheen\/\">Moscheen und Moscheevereine sind keine Orte der Integration<\/a> (7.12.2015)<\/li>\n<li>Abdel-Samad liest aus &#8222;Mohammed &#8211; eine Abrechnung&#8220; in Weil (26.10.2015)<\/li>\n<li>Hamed Abdel-Samad: &#8222;Ich bin vom Glauben zum Wissen konvertiert&#8220; (23.10.2015)<\/li>\n<li>Der Prophet Mohammed \u2013 eine Abrechnung von Hamed Abdel-Samad (21.9.2015)<\/li>\n<li><a href=\"https:\/\/www.freiburg-schwarzwald.de\/blog\/islamkritik-und-islamphobie\/\">https:\/\/www.freiburg-schwarzwald.de\/blog\/islamkritik-und-islamphobie\/<\/a> (27.5.2015)<\/li>\n<li>Khorchide unterst\u00fctzt Abdel-Samad: Kein Islam ohne Islamismus (24.1.2015)<\/li>\n<li>Fatwa gegen Abdel-Samad (17.1.2015)<\/li>\n<li><a href=\"https:\/\/www.freiburg-schwarzwald.de\/blog\/theologie-der-gewalt-is-islam\/\">https:\/\/www.freiburg-schwarzwald.de\/blog\/theologie-der-gewalt-is-islam\/<\/a>\u00a0(19.9.2014)<\/li>\n<li><a href=\"https:\/\/www.freiburg-schwarzwald.de\/blog\/islam-friedlich-oder-faschistisch\">https:\/\/www.freiburg-schwarzwald.de\/blog\/islam-friedlich-oder-faschistisch<\/a>\/ (14.9.2014)<\/li>\n<li>Religionen sind grunds\u00e4tzlich nicht demokratief\u00e4hig (18.11.2011)<\/li>\n<li><\/li>\n<li>Hamed Abdel-Samad<\/li>\n<li><a title=\"Agnostiker\" href=\"https:\/\/www.freiburg-schwarzwald.de\/blog\/religion\/agnostiker\/\">Agnostiker<\/a><\/li>\n<li><a title=\"Appeasement\" href=\"https:\/\/www.freiburg-schwarzwald.de\/blog\/kultur\/medien\/appeasement\/\">Appeasement<\/a><\/li>\n<li><a title=\"Ates\" href=\"https:\/\/www.freiburg-schwarzwald.de\/blog\/religion\/islam\/ates\/\">Seyran Ates<\/a><\/li>\n<li><a href=\"https:\/\/de-de.facebook.com\/pages\/Entweder-Broder-Die-Deutschlandsafari\/136751119707299\">https:\/\/de-de.facebook.com\/pages\/Entweder-Broder-Die-Deutschlandsafari\/136751119707299<\/a><\/li>\n<li><a title=\"Erziehung\" href=\"https:\/\/www.freiburg-schwarzwald.de\/blog\/religion\/islam\/erziehung\/\">Erziehung<\/a><\/li>\n<li><a title=\"Islam-Reformen\" href=\"https:\/\/www.freiburg-schwarzwald.de\/blog\/religion\/islam\/islam-reformen\/\">Iran-Reformen<br \/>\n<\/a><\/li>\n<li><a title=\"Karim\" href=\"https:\/\/www.freiburg-schwarzwald.de\/blog\/religion\/islam\/karim\/\">Imad Karim<\/a><\/li>\n<li><a title=\"Islam-Deutschland\" href=\"https:\/\/www.freiburg-schwarzwald.de\/blog\/religion\/islam\/islam-deutschland\/\">Islam-Deutschland<\/a><\/li>\n<li><a title=\"Kelek\" href=\"https:\/\/www.freiburg-schwarzwald.de\/blog\/religion\/islam\/kelek\/\">Necla Kelek<\/a><\/li>\n<li><a title=\"Koran\" href=\"https:\/\/www.freiburg-schwarzwald.de\/blog\/religion\/islam\/koran\/\">Koran<\/a><\/li>\n<li><a title=\"Migrationshintergrund\" href=\"https:\/\/www.freiburg-schwarzwald.de\/blog\/global\/migration\/migrationshintergrund\/\">Migrationshintergrund<\/a><\/li>\n<li><a title=\"Sachbuch\" href=\"https:\/\/www.freiburg-schwarzwald.de\/blog\/kultur\/dichter\/literatur\/sachbuch\/\">Sachbuch<\/a><\/li>\n<li><a title=\"S\u00e4kularer-Islam\" href=\"https:\/\/www.freiburg-schwarzwald.de\/blog\/religion\/islam\/saekularer-islam\/\">S\u00e4kularer\u00a0 Islam &#8211; Initiative<\/a><\/li>\n<li><a title=\"Tibi\" href=\"https:\/\/www.freiburg-schwarzwald.de\/blog\/global\/deutschland\/tibi\/\">Bassam Tibi<\/a><\/li>\n<li><a title=\"Kirche-Staat\" href=\"https:\/\/www.freiburg-schwarzwald.de\/blog\/religion\/kirche-staat\/\">Trennung Kirche und Staat<\/a><\/li>\n<li><a title=\"Verschwoerungstheorien\" href=\"https:\/\/www.freiburg-schwarzwald.de\/blog\/kultur\/medien\/verschwoerungstheorien\/\">Verschwoerungstheorien<\/a><\/li>\n<\/ul>\n<p>&nbsp;<\/p>\n<p><strong>Hamed Abdel-Samad<br \/>\n<\/strong><br \/>\nDer Politikwissenschaftler und Autor Hamed Abdel-Samad wurde in \u00c4gypten geboren und lebt seit vielen Jahren in Deutschland. Mit seinen B\u00fcchern &#8222;Mein Abschied vom Himmel&#8220;, einem autobiografischen Bericht \u00fcber seine eigene religi\u00f6se Emanzipation, und &#8222;Untergang der islamischen Welt&#8220; hat er sich einen Namen als Islamkritiker gemacht. 2013 wurde er mit der Fatwa belegt und steht seither unter Polizeischutz.<br \/>\nHamed Abdel-Samad: &#8222;Die Islamisten haben den Machtanspruch des Islam nicht erfunden. Er ist im Koran verankert.&#8220; In seinem neuesten Buch &#8222;Der islamische Faschismus&#8220; zeigt er die Parallelen zwischen Islamismus und Faschismus auf: das kompromisslose Beharren auf absoluten Wahrheiten und unbedingtem Gehorsam, die Aufteilung der Welt in Gut und B\u00f6se, das unbeirrbare Streben nach Allmacht und globaler Herrschaft. &#8222;Der Islam hat ein Problem mit sich selbst, mit seinen Anspr\u00fcchen und Weltbildern&#8220;, sagt er. &#8222;Man tut den Muslimen keinen Gefallen, wenn man behauptet, der Islam sei eine Religion des Friedens. Denn das ist eine Selbstl\u00fcge.&#8220;<\/p>\n<p>Am 3.11.2017<br \/>\n<a href=\"https:\/\/www.tichyseinblick.de\/daili-es-sentials\/twitter-account-von-hamed-abdel-samad-wird-wiederhergestellt\/\">https:\/\/www.tichyseinblick.de\/daili-es-sentials\/twitter-account-von-hamed-abdel-samad-wird-wiederhergestellt\/<\/a><\/p>\n<p>&nbsp;<\/p>\n<p><strong>B\u00fccher<\/strong><\/p>\n<p>Hamed Abdel-Samad:\u00a0Der Prophet Mohammed \u2013 eine Abrechnung<br \/>\n1.10.2015<br \/>\nHamed Abdel-Samad: Der islamische Faschismus.<br \/>\nDroemer Verlag 2014, Preis: 18 Euro<\/p>\n<p>&#8211; Mein Abschied vom Himmel<br \/>\n&#8211; Untergang der islamischen Welt<br \/>\n&#8211; Aus Liebe zu Deutschland<br \/>\n&#8211; Islam. Eine kritische Geschichte<\/p>\n<p>Der Politologe Hamed Abdel-Samad lebt seit f\u00fcnf Jahren unter Polizeischutz. Nach der Ver\u00f6ffentlichung seines Buches \u201eMohamed \u2013 Eine Abrechnung\u201c, Doemer Verlag) riefen deutsche Dschihadisten aus Syrien heraus zu seiner Ermordung auf<\/p>\n<div id=\"attachment_69188\" style=\"width: 650px\" class=\"wp-caption alignnone\"><a href=\"https:\/\/www.freiburg-schwarzwald.de\/blog\/meinungsvielfalt-medienvielfalt\/abdel-samad-ates-manour-pan20181128\/\" rel=\"attachment wp-att-69188\"><img loading=\"lazy\" decoding=\"async\" aria-describedby=\"caption-attachment-69188\" class=\"size-full wp-image-69188\" src=\"https:\/\/www.freiburg-schwarzwald.de\/blog\/wp-content\/uploads\/2018\/11\/Abdel-Samad-Ates-Manour-pan20181128.jpg\" alt=\"Hamed Abdel-Samad, Seyran Ates und Ahmad Mansour (rechts) auf der 4. Islam-Konferenz am 28.11.2018\" width=\"640\" height=\"367\" srcset=\"https:\/\/www.freiburg-schwarzwald.de\/blog\/wp-content\/uploads\/2018\/11\/Abdel-Samad-Ates-Manour-pan20181128.jpg 640w, https:\/\/www.freiburg-schwarzwald.de\/blog\/wp-content\/uploads\/2018\/11\/Abdel-Samad-Ates-Manour-pan20181128-180x103.jpg 180w\" sizes=\"auto, (max-width: 640px) 100vw, 640px\" \/><\/a><p id=\"caption-attachment-69188\" class=\"wp-caption-text\">Hamed Abdel-Samad, Seyran Ates und Ahmad Mansour (rechts) auf der 4. Islam-Konferenz am 28.11.2018<\/p><\/div>\n<p>Hamed Abdel-Samad, Seyran Ates und Ahmad Mansour (v.\u2009l.\u2009n.\u2009r.) auf der Deutschen Islam Konferenz, insgesamt werden sie von 15 Leibw\u00e4chtern besch\u00fctzt, drei davon stehen direkt hinter ihnen<br \/>\n==========================================================<\/p>\n<p><strong>Hamed Abdel-Samad ben\u00f6tigt in D Polizeischutz, in arabischen L\u00e4ndern nicht<\/strong><br \/>\nWeil dort der Rechtsstaat funktioniert und die Polizei die B\u00fcrger sch\u00fctzt. In D ist der T\u00e4terschutz gr\u00f6\u00dfer als der Opferschutz,<br \/>\n1.7.2025<br \/>\n<a href=\"https:\/\/www.youtube.com\/shorts\/tnZgrWDkWbQ\">https:\/\/www.youtube.com\/shorts\/tnZgrWDkWbQ<\/a><\/p>\n<p>&nbsp;<\/p>\n<p><strong>Bekannter Islamkritiker Abdel-Samad \u00fcber Gaza: Es ist ein V\u00f6lkermord<\/strong><br \/>\nAm 3. November 2024 ver\u00f6ffentlichte Tichys Einblick ein Interview <a href=\"https:\/\/www.alexander-wallasch.de\/gesellschaft\/bekannter-islamkritiker-abdel-samad-ueber-gaza-es-ist-ein-voelkermord\">https:\/\/www.tichyseinblick.de\/video\/interview\/hamed-abdel-samad-freiheit\/<\/a> mit dem Politikwissenschaftler, Autor und Islamkritiker Hamed Abdel-Samad und leitete den das Gespr\u00e4ch mit folgenden Worten ein: \u201eDer islamkritische Publizist Hamed Abdel-Samad wird f\u00fcr seine Schriften mit dem Tod bedroht. Seit 11 Jahren kann er nur unter st\u00e4ndigem Schutz leben. Abdel-Samad warnt: Woke Ideologen zerst\u00f6ren die Freiheiten, die den Westen reich, erfolgreich und gl\u00fccklich gemacht haben. Ein Interview unter Polizeischutz.\u201c<br \/>\nEin Vierteljahr sp\u00e4ter sorgen mehrere Kommentare des Autors f\u00fcr eine intensive \u2013 teilweise eskalierende \u2013 Auseinandersetzung. Hamed Abdel-Samad hatte es gewagt, Israels Krieg im Gaza zu kritisieren. Was hat Abdel-Samad geschrieben, dass viele Nutzer der sozialen Medien so emp\u00f6rt, bis dahin, dass man ihm die \u201eFreundschaft\u201c aufk\u00fcndigt?<br \/>\nWir dokumentieren, was Hamed Abdel-Samad via Facebook gestern ver\u00f6ffentlicht hat:<br \/>\nHamed Abdel-Samad:<br \/>\n&#8222;Es gibt nur ein Wort, das beschreibt, was derzeit in Gaza passiert: V\u00f6lkermord. Seit Monaten werden die Menschen dort gnadenlos bombardiert, wie die Fliegen hin und her gejagt. Sie haben keine Zeit, ihre Toten zu begraben, keine Zeit zu weinen. Sie frieren und haben nichts zu essen, sie suchen einen sicheren Ort, den sie nie finden. 90 Prozent ihrer H\u00e4user sind zerst\u00f6rt oder unbewohnbar. Wasserleitungen, Krankenh\u00e4user, Schulen und andere Infrastrukturen sind fl\u00e4chendeckend zerst\u00f6rt. Wenn das Terrorismusbek\u00e4mpfung ist, dann wei\u00df ich nicht, was Anstiftung zum Terrorismus ist.<br \/>\nDeutsche Politiker und Journalisten, die das schreckliche Massaker vom 7. Oktober zu Recht als Verbrechen gegen die Menschlichkeit bezeichnet haben, wagen es heute nicht mehr, dieses Wort in den Mund zu nehmen, aber ich tue es jetzt, auch wenn ich wei\u00df, dass es keine Wirkung haben wird: Stoppt den V\u00f6lkermord!&#8220;<br \/>\n&#8230; Alles vom 5.4.2025 bitte lesen auf<br \/>\n<a href=\"https:\/\/www.alexander-wallasch.de\/gesellschaft\/bekannter-islamkritiker-abdel-samad-ueber-gaza-es-ist-ein-voelkermord\">https:\/\/www.alexander-wallasch.de\/gesellschaft\/bekannter-islamkritiker-abdel-samad-ueber-gaza-es-ist-ein-voelkermord<\/a><\/p>\n<p>Einige Kommentare:<br \/>\n&#8230; als V\u00f6lkermord oder Genozid werden Handlungen bezeichnet, die in der Absicht begangen werden, eine &#8217;nationale, ethnische, rassische oder religi\u00f6se Gruppe als solche ganz oder teilweise zu zerst\u00f6ren.<br \/>\n\u2026 es gibt kein &#8218;pal\u00e4stinensisches Volk&#8216;. Die Einwohner Pal\u00e4stinas sind Juden und Araber die in Israel, im Gazastreifen, in Jud\u00e4a und Samaria, Teile Syriens, im Libanon und Jordanien leben.<br \/>\nDie Hamas-Charta verweist auf ein traditionelles Hadith das zum T\u00f6ten aller Juden aufruft. Das, werter &#8218;HP&#8216;, ist ein Genozid. &#8230; MadMax<br \/>\n.<br \/>\nDie israelische Armee hat informiert, dar\u00fcber, was sie bombardieren wird und wo die Bev\u00f6lkerung Fluchtm\u00f6glichkeiten hat. Sie hat, und das zum eigenen strategischen Nachteil (!), K\u00e4mpfe unterbrochen, um Poli-Impfungen durchf\u00fchren sowie Nahrungsmittel und Medikamente verteilen zu lassen. Welche Armee macht im Krieg so etwas? Es gibt keinen \u201esauberen\u201c Krieg. Es wird immer furchtbare Opfer unter der Zivilbev\u00f6lkerung geben und jedes Opfer ist eines zu viel. Niemand bestreitet das. Ich bleibe aber bei der Aussage, dass die IDF alles tut, soweit es in einem Krieg m\u00f6glich ist, um die Opferzahlen der Zivilbev\u00f6lkerung gering zu halten. Wenn behauptet wird, Israel begehe einen V\u00f6lkermord, ist dies eine L\u00fcge. F\u00fcr den Frieden bedarf der Beendigung der Bedrohungslage f\u00fcr den Staat Israel, der Kapitulation der Hamas und die sofortige Freilassung der Geiseln. Es w\u00e4re toll, wenn Alexander Wallasch mit Malca Goldstein-Wolf ein Interview f\u00fchren w\u00fcrde. Es braucht eine seri\u00f6se Gegenstimme. marion<br \/>\n.<br \/>\nDie Perspektive und Argumentation von Abdel-Samad ist legitim, auch wenn man sie nicht teilt. Die Gaza-Trag\u00f6die ist herzzerrei\u00dfend.<em><strong><br \/>\nLeider haben sich aus den ca. 2 Millionen Bewohnern von Gaza nicht ein paar Hundert, oder vielleicht sogar ein paar Tausend gefunden, die dazu beitragen h\u00e4tten wollen, die Trag\u00f6die, wenn nicht ganz zu verhindern, dann wenigstens zu minimieren, indem sie die Hamas verraten, und den IDF sehr effektiv geholfen h\u00e4tten, die Geiseln zu finden und die Hamas zu vernichten.<\/strong><\/em><br \/>\n\u00dcber den Verlauf der Trag\u00f6die haben die gro\u00dfe Mehrheit der Erwachsenen die Hamas ideell und praktisch unterst\u00fctzt, und den Krieg gegen Israel als ihren Krieg erkl\u00e4rt.<br \/>\nSie sind dabei von wesentlichen Teilen der islamischen L\u00e4nder, vom Iran, \u00fcber die T\u00fcrkei bis Qatar aktiv unterst\u00fctzt worden, die die in feudalem Luxus lebenden Anf\u00fchrer der Hamas wie Staatsg\u00e4ste behandeln.<br \/>\nAbdel-Samad wei\u00df das alles besser als ich. Ich bin seit ca. 60 Jahren auf der Seite Israels und halte die Gaza-Araber auch als Opfer der langj\u00e4hrigen, der arabisch-iranischen Unerbittlichkeit in ihrem Vernichtungswillen des Judenstaates. Die \u00d6l-Araber haben seit den 1970ern viele Millionen von asiatischen Gastarbeitern in ihre L\u00e4nder geholt, haben sich aber immer geweigert, den Arabern aus Pal\u00e4stina eine Heimat zu geben. Als Saddam Hussein Kuwait \u00fcberfiel, haben die Kuwaitis eiskalt 300-400 Tsd. aus Pal\u00e4stina stammende Araber ausgewiesen, weil sie als Saddam-freundlich galten. Auch wenn es aus humanit\u00e4ren Gef\u00fchlen weh tut, ich unterst\u00fctze Israel in seiner Unerbittlichkeit \u00fcberleben zu wollen. Bernhard<br \/>\nEnde Kommentare<\/p>\n<p>&nbsp;<\/p>\n<p><strong>Hamed Abdel-Samad: Der Preis der Freiheit<\/strong><br \/>\n<strong>Wie Wokismus und Islamismus die Freiheit erdr\u00fccken<\/strong><br \/>\nHamed Abdel-Samad ist Deutschlands bekanntester Religionskritiker. F\u00fcr seine Schriften zum Islam und seinen Geistlichen wird er seit 11 Jahren mit dem Tod bedroht. Tichys Einblick konnte ihn zu seinem neuen Buch \u201eDer Preis der Freiheit. Eine Warnung an den Westen\u201c treffen und interviewen.<\/p>\n<p>Abdel-Samad sieht eben diese Freiheiten, die den Westen gro\u00df gemacht haben, in gr\u00f6\u00dferer Gefahr denn je. Im Namen von Multikulti und falscher Akzeptanz wird die Freiheit verspielt, w\u00e4hrend Diversit\u00e4ts-J\u00fcnger sie immer weiter einschr\u00e4nken, um ihren Kleinstgruppen immer neue Privilegien zu erk\u00e4mpfen.<br \/>\n<a href=\"https:\/\/www.youtube.com\/watch?v=seNJkOdLc_k\">https:\/\/www.youtube.com\/watch?v=seNJkOdLc_k<\/a><br \/>\n&#8230; Gesamtes Interview vom 3.11.2024 bitte h\u00f6ren auf<br \/>\n<a href=\"https:\/\/www.tichyseinblick.de\/video\/interview\/hamed-abdel-samad-freiheit\/\">https:\/\/www.tichyseinblick.de\/video\/interview\/hamed-abdel-samad-freiheit\/<\/a><br \/>\n.<br \/>\n<em>Hamed Abdel-Samad: Der Preis der Freiheit<\/em><br \/>\n<em>&#8211; Eine Warnung an den Westen<\/em><br \/>\n<em>dtv, 24 Euro<\/em><br \/>\n.<br \/>\nKlappentext:<br \/>\nDie offenen Gesellschaften des Westens sind bedroht durch autorit\u00e4re, \u00e4u\u00dfere Gegner, aber auch durch rechte, linke und religi\u00f6se Fundamentalisten im Inneren. Jahrzehntelang hat man radikale Minderheiten untersch\u00e4tzt, durch Migration ins Land gelassen, teilweise mit einem Multikulti-M\u00e4ntelchen kaschiert. Aber eine wachsende Zahl Radikaler toleriert nicht, was das freie und demokratische Deutschland im Innersten ausmacht: Meinungsfreiheit und Gleichheit aller. Identit\u00e4re von rechts und von links vergiften das \u00f6ffentliche Klima, Antisemiten und Staatsfeinde haben die Masken abgeworfen. Wer die Freiheit in Frage stellt, greift unser ganzes Leben an<br \/>\n.<br \/>\nEinige Kommentare:<br \/>\nIch bewundere diesen mutigen Mann. Ich durfte ihn live erleben und es durfte auch ein Foto mit ihm gemacht werden. Aber es ist erschreckend welche Ma\u00dfnahmen n\u00f6tig sind damit er sprechen darf und damit man ein Foto mit ihm machen darf. Es ist ein Skandal das sowas in Deutschland n\u00f6tig ist. Herr Abdel-Samad ist Schriftsteller und muss deshalb um sein Leben f\u00fcrchten. Das macht mich traurig und auch w\u00fctend. eike<br \/>\n.<br \/>\nMan k\u00f6nnte es auch so rum betrachten: Wenn das Sagen der Wahrheit nichts kostet, wird es nicht wertgesch\u00e4tzt. Zahllose Beispiele im Lauf der Geschichte, angefangen bei den fr\u00fchen Christen \u00fcber Galilei, Bonhoeffer, Alexander Solscheyzin und Gorbi, bis zu den Wahrheitszeugen unserer Zeit. Zwei davon: Dr. Bhakdi und Herr Abdel-Samad. Hut ab! rein<br \/>\nToller Mensch, traurig, dass er unter Polizeischutz leben muss. pet<br \/>\nEnde Kommentare<\/p>\n<p>&nbsp;<\/p>\n<p><strong>Meine Liebeserkl\u00e4rung an Deutschland<\/strong><br \/>\nVor 25 Jahren kam ich als Student nach Deutschland. Seitdem ist viel passiert. Mit mir, mit Deutschland und mit meiner Beziehung zu diesem Land. Ich wurde ein freier Mensch, der sich aus der Umklammerung der Religion mit all ihren Zw\u00e4ngen l\u00f6sen konnte. Ich wurde ein freier, aber auch ein bedrohter Schriftsteller, der von Personensch\u00fctzern begleitet werden muss. Das Land wurde in den vergangenen 25 Jahren bunter, diverser, liberaler. Und dann langsam immer polarisierter. Aus der Polarisierung wurde mit der Zeit eine tiefe Spaltung. Eine Spaltung, die zunehmend den gesellschaftlichen Frieden bedroht und die Errungenschaften dieses Landes gef\u00e4hrdet.<br \/>\nDie einen suchen in der Multikulti-Doktrin einen Ablassbrief f\u00fcr vergangene Schuld, die anderen fliehen vor dieser Schuld in Wut, Gro\u00dfkotzigkeit und Reichsnostalgie. Und die b\u00fcrgerliche Mitte richtet sich in einer emotionalen, intellektuellen und politischen Komfortzone ein. Und so spaltet die Schuld die Republik, statt sie zu einen! Ich habe bislang viele B\u00fccher \u00fcber meine Herkunftskultur und \u00fcber Migration ver\u00f6ffentlicht. Nun kommt dieses Buch, das sich ausschlie\u00dflich mit Deutschland, seiner Geschichte, seiner Kultur und seinen Problemen der Gegenwart besch\u00e4ftigt. Manche behaupten, es g\u00e4be jenseits der deutschen Sprache keine spezifische deutsche Kultur. Wer soll diese Behauptung widerlegen, wenn nicht einer, der von au\u00dferhalb kommt und sich seit einem Vierteljahrhundert mit der deutschen Mentalit\u00e4t, Lebensweise, Philosophie und Politik auseinandersetzt?<br \/>\nIch blicke nicht nur auf die letzten 25 Jahren zur\u00fcck, sondern auf 1.000 Jahre deutsche Geschichte und versuche, die Frage zu beantworten, was Deutsch-Sein bedeutet und was Deutschland \u2013 \u00fcber die Zeitl\u00e4ufte hinweg \u2013 im Innersten zusammenh\u00e4lt. Ich war auch auf der Suche nach dem Urproblem der Deutschen und kam zu einem \u00fcberraschenden Ergebnis. Dieses Urproblem war nicht nur f\u00fcr den Holocaust, sondern auch f\u00fcr die heutige Polarisierung und die vergiftete Streitkultur mitverantwortlich!<\/p>\n<p>Deutschland ist das Produkt all dessen, was auf seinem Boden geschah<br \/>\nIch habe diesem Buch den Titel \u201eAus Liebe zu Deutschland\u201c gegeben, weil ich dieses Land mit all seinen Fehlern, Br\u00fcchen, Widerspr\u00fcchen und Narben wirklich liebe. Ich sehe den Prozess seiner Entwicklung als Widerspiegelung meiner eigenen Geschichte. Wir haben beide einen sehr langen Weg zu uns selbst zur\u00fcckgelegt. Einen Weg, der von Selbst\u00fcbersch\u00e4tzung, Zerrissenheit, Wut, Aggression, Selbsthass und Schuldgef\u00fchlen, aber auch von Selbstkritik, Selbstverantwortung und Selbst\u00fcberwindung gekennzeichnet ist. Wir haben beide eine Art fr\u00fchkindliche St\u00f6rung und ein Trauma erlitten, das bis heute posttraumatische Verhaltensst\u00f6rungen mit sich bringt.<\/p>\n<p>Wir waren beide lange stark auf das Unheil in unserer Geschichte fixiert und versuchten, auf seinen Tr\u00fcmmern eine Identit\u00e4t und ein Wertesystem zu errichten, das sich vor allem in Abgrenzung zum Vergangenen definiert. Wir neigten beide in der Vergangenheit dazu, von einem Extrem ins n\u00e4chste zu wechseln. Aber wir beide wagten es auch, uns f\u00fcr die westlich-freiheitliche Lebensweise zu \u00f6ffnen, obwohl unsere fr\u00fcheren Identit\u00e4ten gleichsam als Antithese dazu galten. Wir wagten beide den Wandel und zerbrachen nicht an den Ver\u00e4nderungen, obwohl wir immer noch verwundbar sind.<br \/>\nIch unterscheide deshalb nicht zwischen einem hellen und einem \u201eDunkeldeutschland\u201c, nicht zwischen \u201eGutmenschen\u201c und Patrioten. Ich suche mir aus der Geschichte keine dunklen Jahre und keine Sternstunden heraus, um Deutschland daran festzumachen oder es darauf zu reduzieren. Deutschland ist das Produkt all dessen, was auf seinem Boden geschah, und es ist die Summe aller Menschen, die hier leben. Das Land als Ganzes, als Prozess zu verstehen und zu akzeptieren, hat mir geholfen, mich selbst zu verstehen und zu akzeptieren. Durch die Au\u00dfen- und die Innensicht, durch die Zuneigung und die Distanz zum Land kann ich Deutschland anders sehen und vielleicht besser verstehen als viele, die hier geboren sind.<br \/>\nIn diesem Jahr feiert Deutschland drei\u00dfig Jahre deutsche Einheit. Dieses Buch ist mein Beitrag dazu. Darin schreibe ich \u00fcber die deutsche Identit\u00e4t, die Erinnerungskultur, die Willkommenskultur, die Wutkultur und die Leitkultur. Ich schreibe \u00fcber Werte und \u00c4ngste, \u00fcber die politische Mitte und die Zivilgesellschaft, \u00fcber die Demokratie und ihre Feinde. Meine Liebeserkl\u00e4rung an Deutschland ist keine Sonntagsrede und keine Laudatio, sondern eine ehrliche Auseinandersetzung mit meiner Wahlheimat und ein kritischer Beitrag zu den aktuellen Debatten.<br \/>\nAlle, die eine ehrliche Debatte durch Demagogie, Gesinnungsethik, Emotionalisierung, Moralisierung, Maulk\u00f6rbe und Denkverbote behindern, f\u00fcgen dem Land gro\u00dfen Schaden zu und hindern es daran, seine Potenziale zu entfalten. Der Untertitel lautet \u201eEin Warnruf\u201c, weil ich sehe, dass das Land gerade dabei ist, einige seiner wichtigsten Errungenschaften zu verspielen!<br \/>\n&#8230; Alles vom 25.7.2020 von Hamed Abdel-Samad bitte lesen auf<br \/>\n<a href=\"https:\/\/www.facebook.com\/permalink.php?story_fbid=3408366245880797&amp;id=140472656003522&amp;__tn__=K-R\">https:\/\/www.facebook.com\/permalink.php?story_fbid=3408366245880797&amp;id=140472656003522&amp;__tn__=K-R<\/a><br \/>\n.<br \/>\nHamed Abdel-Samad:<br \/>\nAus Liebe zu Deutschland &#8211; Ein Warnruf<br \/>\n216 Seiten, dtv 2020, 20 Euro<\/p>\n<p>.<\/p>\n<p>&nbsp;<\/p>\n<p><strong>Hamed Abdel-Samad: Warum sich die jungen Muslime radikalisieren<\/strong><br \/>\nHamed Abdel-Samad: \u201eWas sind die Gr\u00fcnde f\u00fcr die <a title=\"Extremismus\" href=\"https:\/\/www.freiburg-schwarzwald.de\/blog\/engagement\/zukunft\/demokratie\/extremismus\/\">Radikalisierung<\/a> junger Muslime in Deutschland und Europa? Dieses Ph\u00e4nomen ist f\u00fcr viele unerkl\u00e4rlich, zumal der Muslim sich in einer friedlichen und toleranten Gesellschaft befindet.<br \/>\nIch habe in verschiedenen L\u00e4ndern gelebt, in Deutschland, in USA und in der Schweiz. Ich begegnete Menschen aus vielen Nationen, die ebenso wie die Muslime ihre Probleme in der Gesellschaft haben, was Rassismus, Ausgrenzung und Identit\u00e4t angeht. Darunter Vietnamesen, Russen, S\u00fcdamerikaner usw.<br \/>\nAber warum wird keiner von ihnen Selbstmordattent\u00e4ter?<br \/>\nWarum schlachtet keiner von ihnen die Menschen auf den Stra\u00dfen?<br \/>\n.<br \/>\nDie Antwort lautet: Das Problem liegt in der islamischen Ideologie. Das \u00dcbel liegt darin, dass diese Religion den Menschen Hass beibringt, um von Allah geliebt zu werden. Das ist das Prinzip, das zur Gewalt und Terror f\u00fchrt.\u201c<br \/>\n15.9.2019, <a href=\"https:\/\/www.journalistenwatch.com\/2019\/09\/15\/hamed-abdel-samad-11\">https:\/\/www.journalistenwatch.com\/2019\/09\/15\/hamed-abdel-samad-11<\/a>\/<br \/>\n.<\/p>\n<p><strong>Wer Menschen ausgrenzt in Ungl\u00e4ubige und nur den Islam akzeptiert, s\u00e4t Hass<\/strong>.<br \/>\nDieser Hass wird von unseren Politikern aber noch gef\u00f6rdert, indem Hassprediger nicht ausgewiesen werden und die Moscheen nicht geschlossen werden. Unsere Politiker sollten nicht pauschal den Islam akzeptieren, sondern genau hinschauen. Ist aber nicht erw\u00fcnscht, also wird es so weitergehen. Diese Regierung macht sich schuldig an der eigenen Bev\u00f6lkerung.<br \/>\n15.9.2019, ILL, YO<br \/>\n.<br \/>\n<strong>Nicht mal Atat\u00fcrk schaffte es<\/strong><br \/>\nDie heiligen Texte von Heiligkeit befreien und sie neutralisieren. Das Problem ist, das ist niemals gelungen. Das beste Beispiel daf\u00fcr ist Mustafa Kemal Atat\u00fcrk. Einem Mann, der die T\u00fcrkei gerettet hat, sind sie nicht gefolgt. Sie liebten ihn so sehr, dass sie mit Tr\u00e4nen geweint haben als er starb. Es kam trotzdem viele Jahre sp\u00e4ter zu einer Reislamisierung des Landes. Die Reislamisierung ist eine Rebellion der Muslime gegen den Westen und der westlichen Lebensweise. Sie sehen in allen Fehlentwicklungen das B\u00f6se wie z.B. Kapitalismus, Individualisierung, Finanzwelt, Industrialisierung dadurch auch weniger Kinder, Entartung des Sexuallebens selbst T\u00e4towierung oder sowas. Die Konservativen wollen zur\u00fcck in die Wurzeln und das denken sie zu erreichen mit Reislamisierung. Sie denken, dass mit Islamisierung die Welt wieder viel ehrlicher, sch\u00f6ner, sozialer und reicher wird. Weil sie denken, dass die Gesellschaftsform, die Allah befiehlt nur die Beste sein kann. Die aktuellen Fehlentwicklungen in der EU, Deutschland und die st\u00e4ndig angezettelten Kriege der USA, Korruption und die Aufr\u00fcstung an Waffen beschleunigen sogar diese Entwicklung. Es hei\u00dft der Westen hat versagt und die einzige Rettung ist Islam.<br \/>\nWenn selbst Atat\u00fcrk die Muslime nicht \u00e4ndern konnte, wie wollen wir Deutsche (Ungl\u00e4ubige) das hinbekommen? Die Muslime werden uns niemals folgen. Keine Chance. Nicht tr\u00e4umen und alle Muslime bitte zur\u00fcck in ihre Heimatl\u00e4nder. Wir k\u00f6nnen die heiligen Texte nicht neutralisieren. Das ist unm\u00f6glich.<br \/>\n15.9.2019, G.E., YO<\/p>\n<p>&nbsp;<\/p>\n<p>Dazu der Islam-Kenner\u00a0Hamed Abdel-Samad\u00a0am 21.11.2017 auf Facebook:<br \/>\n<em>&#8222;Die Fahne des politischen Islam und Patriarchats\u00a0<\/em><br \/>\n<em>auf dem Kopf eines Kindes\u00a0<\/em><br \/>\n<em>als Zeichen von Toleranz, Selbstbestimmung und Diversit\u00e4t zu verstehen\u00a0<\/em><br \/>\n<em>ist der Tiefpunkt einer gescheiterten Integration und einer Gesellschaft,\u00a0<\/em><br \/>\n<em>die nicht mehr wei\u00df, wo sie steht.&#8220;<\/em><\/p>\n<p>&nbsp;<\/p>\n<p>16.04.2018 Dr. Hamed Abdel Samad &#8222;Viele T\u00fcrken und Araber wollen sich nicht integrieren&#8220;<br \/>\n<a href=\"https:\/\/www.youtube.com\/watch?v=wKfg4b93omg\">https:\/\/www.youtube.com\/watch?v=wKfg4b93omg<\/a><\/p>\n<p>&nbsp;<\/p>\n<p><strong>Islamkritik ist nicht rassistisch<\/strong><br \/>\nIst es rassistisch, den Islam zu kritisieren? Nein, meint der Politikwissenschaftler Hamed Abdel-Samad. Er verteidigt auf einer Konferenz an der Goethe-Uni in Frankfurt sein Recht auf freie Meinungs\u00e4u\u00dferung. &#8230;.<br \/>\nDamit Hamad Abdel-Samad frei sprechen kann, stehen sechs Personensch\u00fctzer vor dem Konferenzraum des Exzellenzclusters \u201eNormative Ordnungen\u201c der Goethe-Uni. Der \u00e4gyptisch-deutsche Politikwissenschaftler ist Muslim und kritisiert den Islam: \u201eDer Islam will von der deutschen Aufkl\u00e4rung profitieren, weigert sich aber, Teil dieses Prozesses zu werden.\u201c Auch wollen religi\u00f6s-politische Gruppen Kritiker mundtot machen und somit ihren Einfluss auf die Politik ausbauen. Abdel-Samad ist \u00fcberzeugt, dass sich immer weniger Deutsche trauen, Kritisches \u00fcber den Islam zu sagen, weil sie sofort den Vorwurf bekommen, rassistisch zu sein. Solche Aussagen provozieren. Doch wo, wenn nicht an der Universit\u00e4t solle kontrovers diskutiert werden, fragt er.<br \/>\n&#8230;<br \/>\nSeine Aussage, dass der politische Islam davon profitiert, wenn es keine Islamkritik gibt, erhitzt viele Gem\u00fcter. Auffallend ist f\u00fcr den Forscher, dass er diese Reaktionen vor allem in Deutschland bekommt. Tr\u00e4gt er seine Thesen in \u00c4gypten oder Marokko vor, sto\u00dfe er auf ein Publikum, das kritische Auseinandersetzungen w\u00fcrdigt. \u201eIn der arabischen Welt wird bel\u00e4chelt, wer behauptet, Terror habe nichts mit dem Islam zu tun. Und in Deutschland bin ich damit der Islamhasser.\u201c Auch Schr\u00f6ter findet das paradox: \u201eKritische Muslime f\u00fchlen sich bedroht von Muslimen, die postulieren, dass wir hier in einer rassistisch-islamophoben Gesellschaft leben.\u201c<br \/>\n&#8230; Alles vom 14.6.2019 bitte lesen auf<br \/>\n<a href=\"https:\/\/www.faz.net\/aktuell\/rhein-main\/konferenz-zur-islamkritik-an-der-frankfurter-goethe-uni-16236671.html\">https:\/\/www.faz.net\/aktuell\/rhein-main\/konferenz-zur-islamkritik-an-der-frankfurter-goethe-uni-16236671.html<br \/>\n<\/a>\u00a0.<br \/>\n<strong>Religion ist keine Rasse<\/strong><br \/>\nWie k\u00f6nnte man anderer Meinung sein? Eine Religion ist keine &#8222;Rasse&#8220;, umso weniger eine Weltreligion, deren Anh\u00e4nger unter allen Ethnien zu finden sind. Dieser Vorwurf von Diskursverweigerern gibt keinen Sinn und es nervt, dass er \u00fcberhaupt mit Beachtung gew\u00fcrdigt wird.<br \/>\n14.6.2019, J.M., FO<br \/>\n.<br \/>\n<strong>Mein Gott &#8211; wie ich diesen Mann bewundere!<\/strong><br \/>\nUnd ich bin stolz darauf, dass er Deutscher ist! Hoffentlich wird er gut besch\u00fctzt!<br \/>\n14.6.2019, B.W.H., FO<br \/>\n.<br \/>\n<strong>Warum diese Islamkritikphobie<\/strong><br \/>\nDie Argumente, die zur Verteidigung des Islams und zur Abwehr von Kritik am Islam vorgebracht werden, kann man auch zur Verteidigung jeder anderen totalit\u00e4ren Ideologie und zur Verteidigung jedes anderen rechtsreaktion\u00e4ren Systems sowie zur Abwehr von Kritik an diesen vorbringen. Warum aber haben manche Menschen, insbesondere jene, die sich ideologisch gefestigt sehen, eine solche Kritikphobie (Islamkritikphobie)? Als ob die Gegebenheiten dort, wo islamische Gesetze gelten, dort, wo Islam Staatsreligion ist, nicht reichen, um sich ein Bild zu machen. So erscheint mir die Unterscheidung zwischen Islam und politischem Islam denn auch ein wenig k\u00fcnstlich, mit dem Ziel, nicht alle Muslime in einen Topf zu werfen. Andererseits stellt sich aber die Frage, auf welches Fundament, auf welche Grundlage sich &#8222;Fundamentalisten&#8220; st\u00fctzen, auf welche Wurzeln sich &#8222;Radikale&#8220; beziehen.<br \/>\n14.6.2019, E.K.<br \/>\n.<br \/>\n<strong>Meinungsfreiheit in D &#8211; traurig<\/strong><br \/>\nTraurige Zust\u00e4nde an deutschen Unis. Wo die Debatte stirbt, beginnt beginnt der Totalitarismus. Hatten wir das nicht bereits?<br \/>\n14.6.2019, E.H.<\/p>\n<p>&nbsp;<\/p>\n<p>&nbsp;<\/p>\n<p><strong>Abdel-Samad: Integration &#8211; Ein Protokoll des Scheiterns<\/strong><br \/>\nDie erste Generation hatte Vollbesch\u00e4ftigung und kaum Probleme in der Gesellschaft. Aber die dritte Generation, die hier geboren und sozialisiert ist, die Produkt unseres Bildungssystems ist, findet trotzdem unsere Freiheit nicht attraktiv und jubelt lieber einem Erdogan zu \u2013 einem autorit\u00e4ren Herrscher, der in der T\u00fcrkei eigentlich die Demokratie mit F\u00fc\u00dfen tritt, der die Islamisierung vorantreibt. Da kann man nicht von einer gelungenen Integration sprechen.<br \/>\nWenn wir sehen, dass 43 Prozent aller Arbeitslosen in Deutschland Migrationshintergrund haben und dass die Mehrheit davon T\u00fcrken und Araber sind, dann kann man nicht von Erfolg sprechen. Wenn man die Zahl der Salafisten sieht, die sich verdoppelt hat, die Zahl der Gef\u00e4hrder, die sich verdreifacht hat, wenn man die Sympathisanten f\u00fcr den IS und f\u00fcr Fundamentalisten sieht, wenn man die Probleme an Schulen sieht \u2013 Antisemitismus und Gewalt \u2013 dann ist es eine Selbstl\u00fcge, von einer gelungenen Integration zu sprechen. &#8230;.<br \/>\nLassen Sie einen Vergleich zu den Vietnamesen ziehen: 75 Prozent aller Vietnamesen macht Abitur. Bei den deutsch-t\u00fcrkischen Jugendlichen sind es nur 36 Prozent. Und die Bildungsl\u00fccke zwischen Muslimen und Nicht-Muslimen \u2013 in Deutschland, aber auch europaweit \u2013 ist gewaltig. Da kann man nicht von Erfolg sprechen&#8230;..<br \/>\nDazu kommen die Fragen nach den Werten: Wie stehe ich zu Freiheit? Verf\u00fcge ich \u00fcber meinen eigenen K\u00f6rper? Kann eine Frau anziehen, was sie will? Kann eine Frau heiraten, wen sie will? Das ist alles im Islam nicht vorhanden und verhindert deshalb auch die Integration. &#8230;<br \/>\nNat\u00fcrlich k\u00f6nnen jetzt einzelne Muslime kommen und sagen: Ich bin Arzt oder \u00c4hnliches. Das reicht mir nicht. Ich spreche von der Masse. Die meisten Muslime in Deutschland leben in Parallelgesellschaften. Das ist Fakt. Da kann jeder liberale Muslim erz\u00e4hlen, was er will. Das ist Fakt. Die meisten muslimischen Frauen haben nicht die Freiheit, in Deutschland den Mann zu heiraten, den sie wollen. Egal, welche Religion er hat. Die meisten muslimischen Frauen k\u00f6nnen nicht alleine wohnen. Das sind Fakten. Die meisten muslimischen Sch\u00fcler haben Probleme in der Schule. All das sind Fakten. &#8230;<br \/>\nIch schreibe solche B\u00fccher schon, bevor es die AfD \u00fcberhaupt gegeben hat. Ich warne vor dieser Unterwanderung und vor der Islamisierung seit zehn Jahren. Ich habe schon vor Fundamentalismus gewarnt, da hat man mich deswegen ausgelacht und gedacht, ich fantasiere von Terrorismus in Europa. Deutschland sei sicher und nicht Amerika. Da gab es die AfD, Pegida und diese ganzen Leute nicht. Die sind das Produkt dessen, dass die Politik unt\u00e4tig geblieben ist, dass man gleichg\u00fcltig geblieben ist und die Probleme nicht gel\u00f6st hatte. &#8230;.<br \/>\nAber wenn die AfD sagt, die Sonne scheine drau\u00dfen, dann muss ich gar nicht widersprechen. Es gibt auch Fakten, denen niemand widersprechen kann. Es ist die Angst der Politik, dass die AfD davon profitieren k\u00f6nnte. Aber davor sollten wir die Probleme l\u00f6sen. Haben wir Probleme oder nicht? Tun wir etwas, um die Probleme zu l\u00f6sen oder nicht? Ist die AfD unser gr\u00f6\u00dftes Problem? Nein, sage ich. &#8230;.<br \/>\n&#8230;<br \/>\nDOMRADIO.DE: Sie kritisieren aber nicht nur, Sie unterbreiten auch Vorschl\u00e4ge. Auf den letzten 30 Seiten ihres Buches beschreiben Sie einen &#8222;Marshallplan&#8220; f\u00fcr eine gelingende Integration. Wenn Sie Regierungschef w\u00e4ren und Politik einfach durchsetzen k\u00f6nnten: Was w\u00fcrden sie als erstes in Deutschland \u00e4ndern?<br \/>\nAbdel-Samad: 1. Als erstes w\u00fcrde ich als Staat das Gewaltmonopol von den Migrantenvierteln, von Islamisten und kriminellen Gro\u00dffamilien zur\u00fcckholen. Es gibt viele No-Go-Areas. Es gibt viele Orte, an denen die Justiz nicht mehr eingreift, weil wir da Friedensrichter oder Scharia-Richter haben. Es gibt viele Orte, an denen Frauen \u00fcberhaupt keinen Zugang zu deutschen Institutionen haben. Da muss man nat\u00fcrlich als erstes diese Strukturen zerschlagen.<br \/>\n2. Zweitens muss die Justiz viel schneller handeln und konsequenter werden, was die Abschiebung von Kriminellen und illegalen Einwanderern angeht.<br \/>\n3. Dann muss das Bildungssystem umgestellt werden und den neuen Bed\u00fcrfnissen entsprechen. Jungen Muslimen in der Schule darf nicht nur Wissen vermittelt werden, sondern sie m\u00fcssen auch \u00fcber die Freiheit unterrichtet werden. Sie m\u00fcssen in der Schule Freiheit leben, ausleben und aufatmen k\u00f6nnen. Es ist ein Armutszeugnis unseres Bildungssystems, dass daraus Salafisten und Erdogan-Anh\u00e4nger entstehen, statt der Freiheit zuzujubeln. &#8230;<br \/>\n.<\/p>\n<p>Ich w\u00fcrde gerne an einem sonnigen Tag einfach im Park spazieren gehen oder drau\u00dfen einen Kaffee trinken. Es gibt schon sehr viele Einschr\u00e4nkungen (Morddroungen, Personenschutz). Ich war seit f\u00fcnf Jahren nicht mehr im Kino oder im Theater. Ich verzichte auf so viele Sachen, die auf Kosten meiner Lebensqualit\u00e4t gehen.<br \/>\nAber das ist auch ein Zeichen und ein Protokoll des Scheiterns, dass ein Schriftsteller mitten im Europa des 21. Jahrhunderts unter Personenschutz steht und Morddrohungen bekommt, nur weil er seine Meinung zum Thema Islam und Migration schreibt.<br \/>\n&#8230; Alles vom 17.4.2018 von Abdel-Samad bitte lesen auf<br \/>\n<a href=\"https:\/\/www.focus.de\/politik\/deutschland\/zuwanderung-ist-keine-erfolgsgeschichte_id_8781944.html\">https:\/\/www.focus.de\/politik\/deutschland\/zuwanderung-ist-keine-erfolgsgeschichte_id_8781944.html<\/a><br \/>\nbzw. <a href=\"https:\/\/www.domradio.de\">www.domradio.de<\/a><br \/>\n.<br \/>\n<em>Hamed Abdel-Samad:<\/em><br \/>\n<em>Integration. Ein Protokoll des Scheiterns<\/em><br \/>\n<em>2018, Droemer HC; 272 Seiten; 19,99 Euro<\/em><br \/>\n.<br \/>\nDas, was in den letzten Jahren nach Deutschland gekommen ist, ist nur der Ab&#8230;.. Bis Ende der 70-er Jahre hat Deutschland gebildete und ehrgeizige Menschen aus aller Welt angezogen, Menschen, die eine Bereicherung dargestellt haben, eine Win-Win-Situation f\u00fcr alle Beteiligten. Ab den 80-er Jahren hat sich das Blatt langsam aber stetig gewendet. Was heute kommt, w\u00fcrde in keinem anderen Land der Welt jemals als Migrant einwandern d\u00fcrfen. Der Ruf Deutschlands ist ruiniert, kein Leistungstr\u00e4ger, egal welchen Landes, w\u00e4re breit, sich hier niederzulassen und zu arbeiten. Negativpunkte: Kriminalit\u00e4t, niedrige Geh\u00e4lter, hohe Sozialabgaben\/Steuern, ung\u00fcnstiger Gini-Index, \u00fcberbordende B\u00fcrokratie, eigene Landsleute, die sich v\u00f6llig daneben benehmen, ineffizienter Staat, Gewaltmonopol abgegeben an Unterwelt, usw.,usw.<br \/>\n17.4.2018, Carmen R\u00f6llke, FO<\/p>\n<p>Das ist mal ein starkes Statement. W\u00fcrde der Herr wegen seiner ungeschminkten Darstellung von Realit\u00e4ten ge\u00e4chtet wie Hr. Sarazin? Hat D. Y\u00fcksel ihm auch einen Schlaganfall gew\u00fcnscht? Er beschreibt auf eine eindrucksvolle Art und Weise welche Konsquenzen f\u00fcr die Gesellschaft die anti autorit\u00e4re und von rotgr\u00fcn gef\u00f6rderte kriminelle Struktur der Parallelgesellschaften und Gro\u00dffamilien haben und vor allem die Unf\u00e4higkeit dieser \u201eLinken\u201c, die offensichtlich gemachte Fehler und Fehleinsch\u00e4tzungen zu korrigieren. Sie haben wie immer Recht, keine Fehler gemacht und Schuld sind die anderen. Vielleicht einfach mal an dem Ergebnis orientieren, korrigieren, es besser machen und nicht st\u00e4ndig weiter zu verschlimmbessern.<br \/>\n17.4.2018, J\u00f6rn Pagels, FO<br \/>\n.<br \/>\nInsgesamt gescheitert Schon die Gro\u00dfen seiner Zeit, ob nun Schmidt, oder Scholl-Latour (um nur mal zwei zu nennen!)haben damals rechtzeitig gesagt, \u201ewir m\u00fcssen eine weitere Zuwanderung als fremdem Kulturen unterbinden, als Mittel gegen \u00dcberalterung komme Zuwanderung nicht in frage\u201c, \u201e der Islam dr\u00e4ngt auf Europa zu\u201c oder \u201ewer halb Kalkutta aufnimmt, rettet nicht Kalkutta, sondern wird selbst zu Kalkutta\u201c. Die kleinen Folgen haben wir bereits gesehen, die gro\u00dfen Folgen davon schon jetzt und in wenigen Jahren. Wenn man von Schuld reden kann, geht dass als erstes an die Adresse von Amerikanern, Briten und Franzosen. Die Briten haben sich nicht umsonst aus der EU gel\u00f6st und ich denke, die Fanzosen werden dies auch bald machen. Man nennt es Neokolonialismus!<br \/>\n17.4.2018, Tim Uhl, FO<\/p>\n<p>&nbsp;<\/p>\n<p>&nbsp;<\/p>\n<p>.<\/p>\n<p><strong>Wer vom islamischen Terror spricht, diffamiert nicht alle Muslime<\/strong><br \/>\nWenn innerhalb eines Jahres hunderte christliche Terroristen in \u00fcber 50 Staaten Terroranschl\u00e4ge ver\u00fcbt und sich dabei auf die Bibel berufen h\u00e4tten, w\u00fcrden die meisten Medien, ohne mit dem Wimper zu zucken, vom christlichen Terrorismus sprechen, und das zu Recht. \u201eTimes Magazine\u201c sprach bereits vom buddhistischen Terror in Bezug auf die Gewalt gegen Muslime in Burma. Sind die Terroristen aber Muslime, die sich auf den Koran berufen, dann will man keinen Zusammenhang mit dem Islam sehen.<br \/>\n&#8230;. Alles vom 4.11.2017 von Von Hamed Abdel-Samad. bitte lesen auf<br \/>\n<a href=\"https:\/\/www.achgut.com\/artikel\/wer_vom_islamischen_terror_spricht_diffamiert_nicht_alle_muslime\">https:\/\/www.achgut.com\/artikel\/wer_vom_islamischen_terror_spricht_diffamiert_nicht_alle_muslime<br \/>\n<\/a>\u00a0.<br \/>\n<strong>Kirche hat Angst vor dem Islam<\/strong><br \/>\nDer Islam wird mit Samthandschuhen angefasst, besonders von den Kirchenvertretern, weil man Angst hat, die Religionskritik k\u00f6nnte auf die christliche Religion \u00fcbergreifen, die Menschen k\u00f6nnten endlich wach werden und mal einen Blick auf ihre merkw\u00fcrdigen biblischen Grunds\u00e4tze werfen und endlich mal erkennen, welch verh\u00e4ngnisvolle Rolle Religion immer und immer wieder in der Menschheitsgeschichte gespielt hat und immer noch spielt. Vielen Dank, Herr Abdel-Samad, f\u00fcr Ihre klaren Worte.<br \/>\n4.11.2017, Gertraude Wenz, AO<\/p>\n<p><strong>Japan und Islam<\/strong><br \/>\nDort wo Muslime sind, ist Terror. Da n\u00fctzen die ganzen nichtterroristischen Muslime nichts. Wir haben ja auch die gro\u00dfe Anti-Terror-Demo der Muslime in K\u00f6ln noch in Erinnerung &#8211; zu der kein Muslim kam. Was uns klarmacht, da\u00df die nicht aktiv terroristischen Muslime den Terror unterst\u00fctzen und bef\u00fcrworten. Die Konsequenz ist und bleibt ganz ein-eindeutig: Nur wenn wir keine Muslime im Land haben, bleiben wir von Terror verschont. Japan zeigt, wie es geht. Das ist die unerbittliche und knallharte Wahrheit.<br \/>\n4.11.2017, Ludwig Reiners, AO<\/p>\n<p>&nbsp;<\/p>\n<p><strong>Die Krankheit im Herzen des Islam<\/strong><br \/>\nDie Religion des Friedens hat wieder zugeschlagen. Am Palmsonntag sind zwei christliche Kirchen in \u00c4gypten in die Luft gejagt worden! Dutzende Tote und zahlreiche Verletzte. Paris, Berlin, London, Stockholm, Alexandria. \u00c4gypter, Tunesier, Somalier, Usbeken, Konvertiten; alles und alle haben mit dem Islam nichts zu tun! Diejenigen, die die Krankheit im Herzen des Islam lange geleugnet oder besch\u00f6nigt haben, haben nun nichts Besseres zu tun als zu beschwichtigen. Diejenigen, die seit Jahren f\u00fcr die Islamisten, auch hier in Deutschland, Propaganda machen, nennen mich einen Hetzer. Statt die wahren Gr\u00fcnde der Gewalt anzusprechen, \u00fcbernehmen sie lieber die Opferrolle und reden von Islamophobie. Leider werden sie dabei von einigen naiven Journalisten und senilen Politikern unterst\u00fctzt.<br \/>\nIch verachte euch alle, ihr unverbesserlichen Demagogen und mache euch f\u00fcr die Misere mitverantwortlich!<br \/>\n19.4.2017, Von Hamed Abdel-Samad.<br \/>\n<a href=\"https:\/\/www.achgut.com\/artikel\/die_krankheit_im_herzen_des_islam\">https:\/\/www.achgut.com\/artikel\/die_krankheit_im_herzen_des_islam<br \/>\n<\/a>\u00a0.<br \/>\n<strong>Sie sprechen mir aus dem Herzen, Herr Abdel-Samad.<\/strong><br \/>\nAber alles Rufen, Bitten und Schreien verhallt ungeh\u00f6rt in den Gehirnen, die mit linken Parolen jahrzehntelang zugem\u00fcllt wurden. Eines Tages werden auch diese sich einer Realit\u00e4t stellen m\u00fcssen, die dann wieder keiner gewollt hat. Dann will es wieder keiner gewesen sein. Hoffentlich ist es dann noch nicht zu sp\u00e4t. Herzliche Gr\u00fc\u00dfe und bitte machen Sie weiter und geben Sie nicht auf!<br \/>\n9.4.2017, Karin Adler, AO<br \/>\n.<br \/>\nStarke, ehrliche Worte Herr Samand. So deutlich muss man es heute wohl sagen. Die sollten in jeder Zeitung auf Seite 1 stehen. Aber leider werden sie, von den meisten ungeh\u00f6rt, verhallen. Irgendwann in ferner Zukunft werden die Politiker und Multikulturalisten dann behaupten, sie h\u00e4tten von all dem nicht gewusst und damit auch noch durchkommen.<br \/>\n10. 4.2017, Andreas Arndt, AO<\/p>\n<p><strong>Film auf arte.tv: &#8222;Europs Muslime&#8220;<\/strong><br \/>\nSelten zuvor wurde so viel \u00fcber den Islam gestritten wie im Jahr 2016, nach den Terroranschl\u00e4gen von Paris, Nizza, Br\u00fcssel, Berlin und Istanbul. Ist der Islam eine Religion der Gewalt? Im Sommer 2016 haben sich die Journalistin Nazan G\u00f6kdemir und der renommierte Islamkritiker und Schriftsteller Hamed Abdel-Samad auf eine Reise durch Europa begeben, um mit den Menschen, den Muslimen selbst zu sprechen&#8230; In Berlin treffen G\u00f6kdemir und Abdel-Samad unter anderem auf den Islamologen Bassam Tibi, der einst die Vision eines \u201eEuro-Islam\u201c entwarf. Sie sprechen mit der Autorin Sineb El Masrar (\u201eMuslim Girls\u201c) \u00fcber Emanzipation im Islam und treffen in Paris den ehemaligen Gro\u00dfmufti von Marseille und Verfechter des franz\u00f6sischen Laizismus, Soheib Bencheikh. Gemeinsam mit dem Br\u00fcsseler Polizisten Hamid Benichou ziehen sie durch den ber\u00fcchtigten Stadtteil Schaerbeek, der zuletzt als Hort des Terrorismus in die Schlagzeilen geriet. Und sie besuchen die Gro\u00dfe Moschee im spanischen Granada \u2013 dort, wo die Muslime im 8. Jahrhundert erstmals ihren Weg \u00fcber die Iberische Halbinsel nach Europa fanden. &#8230;..<br \/>\nAlles vom 11.3.2017 bitte lesen auf<br \/>\n<a href=\"https:\/\/www.arte.tv\/guide\/de\/068423-001-A\/europas-muslime-1-2\">https:\/\/www.arte.tv\/guide\/de\/068423-001-A\/europas-muslime-1-2<\/a><\/p>\n<p>&nbsp;<\/p>\n<p><strong>Facebook-Aufruf f\u00fcr Imad Karim von Hamed Abdel-Samad<\/strong><br \/>\nDie Facebook-Seite von Imad Karim ist gel\u00f6scht worden. Ich habe Imad einige Male getroffen. Er ist weder Rassist noch Muslimhasser, sondern ein weltoffener Mensch, der sich nur Sorgen um seine Wahlheimat Deutschland macht. Man muss nicht immer seine Meinung zum Islam oder zur Fl\u00fcchtlingspolitik der Bundesregierung teilen, aber es bleiben Meinungen, die die Demokratie aushalten muss. Dass Facebook nun seine Seite l\u00f6scht, ist kein Zeichen von Toleranz gegen\u00fcber Migranten noch vom starken demokratischen Bewusstsein, sondern eine klare Zensur, die eher die Willk\u00fcr und Unsicherheit der staatlichen Institutionen zum Ausdruck bringt.<br \/>\nWir k\u00f6nnen nicht Erdogan f\u00fcr seinen Umgang mit kritischen Medien in der T\u00fcrkei kritisieren und gleichzeitig \u00e4hnliche Methoden gegen unliebsamen Meinungen in Deutschland anwenden.<br \/>\nIch richte hiermit die Bitte an Facebook, sich nicht zum politischen Instrument der Regierung zu machen und das Prinzip der Meinungsfreiheit zu achten.<br \/>\nIch verlange hiermit die sofortige Freischaltung der Seite von Imad Karim! Ein Kritiker wie er hat weder die Kanzel einer Moschee um seine Gedanken zu verbreiten noch ein Verband der hinter ihm steht. Er ist auf die sozialen Netzwerke angewiesen, um seine Meinung zu verbreiten. Bitte haben Sie mehr Vertrauen in der Demokratie und haben Sie keine Angst vor kritischen Meinungen. Nicht Imad Karim ist eine Gefahr f\u00fcr die Demokratie, sondern die, die ihn zum Schweigen bringen wollen!<br \/>\nAlle, die diesen Aufruf unterst\u00fctzen, m\u00f6gen diesen Beitrag teilen, damit Facebook erf\u00e4hrt, dass viele f\u00fcr Imad Karims Recht auf Meinungsfreiheit einstehen!<br \/>\n14.4.2017,<br \/>\n<a href=\"https:\/\/www.facebook.com\/hamed.abdelsamad\/posts\/10155145549315979?hc_location=ufi\">https:\/\/www.facebook.com\/hamed.abdelsamad\/posts\/10155145549315979?hc_location=ufi<\/a><\/p>\n<p>&nbsp;<\/p>\n<p>Mit dieser Aktion von Facebook ist f\u00fcr mich eine rote Linie \u00fcberschritten . Imad Karim hat nicht mehr gemacht , als die Wahrheit gesagt und unsere Freiheit verteidigt . Das was jetzt passiert unterscheidet sich in nichts von 1933. Facebook &#8211; ihr seid erb\u00e4rmlich und v\u00f6llig inakzeptabel ! !!<br \/>\nWilli Sempf, 15.4.2016, AO<br \/>\n.<br \/>\nWir br\u00e4uchten in Deutschland viel mehr Pers\u00f6nlichkeiten eines Imad Karim und mit ihnen,Hamel Abdel-Samads,aufgekl\u00e4rte ( Ex) Muslima wie Sabatina James,die aus muslimischen L\u00e4ndern Stammenden,in Deutschland nicht einmal das Recht der Meinungs\u00e4u\u00dferung,egal,ob auf Facebook oder z.B. im \u00d6RF,gew\u00e4hrt wird.Das nenne ich Diffamierung desjenigen,der aus seiner muslimischen Herkunft Kritik ableiten kann,die die deutsche Politik,der Mainstream und die indoktrinierte Gesellschaft nicht h\u00f6ren will,obwohl sie aus berufenem Munde kommt.Und da zeigt sich nunmehr deutlich der Weg in die Meinungsdiktatur,die es zu bek\u00e4mpfen gilt.Und solch ein Staat und seine B\u00fcrger sind entsetzt \u00fcber einen Erdoghan?Im Kleinen und bald in Gesetz gegossenen Weg durch einen ultralinken Justizminister sieht es hier doch gar nicht viel anders aus.Ich versteh nicht,da\u00df unsere Gesellschaft dies nur zu kleinem Anteil erkennt.Aber seien Sie sicher,der Anteil der Bev\u00f6lkerung,der Sie unterst\u00fctzt,w\u00e4chst unaufh\u00f6rlich.Mit lieben Gr\u00fc\u00dfen.<br \/>\n15.4.2017, Heike T\u00f6rner, AO<\/p>\n<p>&nbsp;<\/p>\n<p><strong>Hamed Abdel-Samad und das Thema Freiheit<\/strong><br \/>\nAusgangspunkt von Hamed Abdel-Samad ist nicht die Islamkritik, sondern die Freiheit des Menschen in der Tradition von Humanismus und Aufkl\u00e4rung&#8230;.<br \/>\nHamed Abdel-Samad ist trotz seiner schonungslosen Kritik am Islam seit Jahren in den Medien pr\u00e4sent. Zu Beginn auch in den Mainstream-Medien \u2013 in Talkshows in Deutschland und \u00d6sterreich, zum Zweier-Gespr\u00e4ch bei Frank A. Meyer und Peter Vo\u00df. Inzwischen ist er jedoch aus diesen Formaten fast g\u00e4nzlich verschwunden, wurde nicht selten von Universit\u00e4ten und anderen Institutionen wieder ausgeladen und steht unter st\u00e4ndigem Polizeischutz. Das Schicksal eines, der Klartext spricht. Sein Deutsch ist heute perfekt, seine Sprache differenziert und \u00fcberzeugend. Erst vor wenigen Tagen hat ihm NZZ-Standpunkte erfreulicherweise eine Plattform geboten.<br \/>\n&#8230;&#8230;.<br \/>\nHamed Abdl-Samad kennzeichnet den Islam als die einzige Religions-Ideologie, die sich mit ihren Regelungen in alle Lebensbereiche, bis in die privatesten Angelegenheiten des Menschen einmischt \u2013 \u201ewas er isst, was er trinkt, was er tr\u00e4umt, wen er liebt \u2013 wen er lieben darf, und wen er nicht lieben darf.\u201c So entsteht unter der Vorgabe, den Willen Gottes durch die Gebote des Korans in die Tat umsetzen zu m\u00fcssen, zwangsl\u00e4ufig ein Unterdr\u00fcckungssystem, das besonders Frauen keinerlei Spielraum l\u00e4sst. Und da der Islam neben einer spirituellen-sozialen Seite eine juristisch-politische Seite hat, entstehen unter seinem Regime ausweglose \u201eFreiluftgef\u00e4ngnisse\u201c, wie er sie nennt. &#8230;. Alles vom 22.3.2017 bitte lesen auf<br \/>\n<a href=\"https:\/\/www.tichyseinblick.de\/feuilleton\/medien\/hamed-abdel-samad-und-das-thema-freiheit\/\">https:\/\/www.tichyseinblick.de\/feuilleton\/medien\/hamed-abdel-samad-und-das-thema-freiheit\/<\/a><\/p>\n<p><strong>Islam und Islamkritik<\/strong><br \/>\nKomplettes Interview mit Hamed Abdel-Samad als Video vom 12.3.2017 auf<br \/>\n<a href=\"https:\/\/www.nzz.ch\/meinung\/nzz-standpunkte-hamad-abdel-samad-islam-und-islamkritik-ld.149073\">https:\/\/www.nzz.ch\/meinung\/nzz-standpunkte-hamad-abdel-samad-islam-und-islamkritik-ld.149073<\/a><\/p>\n<p><strong>F\u00fcnfte Kolonne &#8211; Takyyia<\/strong><br \/>\nAls Arabist und Sohn einer Muslimin stehe ich zu 100% hinter den Ausf\u00fchrungen von Hamed Abdel-Samad. Ich habe selbst viele Jahre im Nahen Osten gelebt und all das erlebt, das Hamed Abdel-Samad in seinen B\u00fcchern und in der Sendung der NZZ darlegt. Es ist naiv, zu glauben, dass es keine f\u00fcnfte Kolonne der Muslime gibt in Europa, es ist naiv zu glauben, die Takyyia werde in Europa nicht gelebt. Ich k\u00f6nnte noch einige Argumente anf\u00fchren, m\u00f6chte deshalb aber nicht mit einem Anschlag auf mich rechnen m\u00fcssen<br \/>\n13.3.2017, Kerim Volkovikkii, NO<\/p>\n<p><strong>Beim Islam gibt es nichts zu besch\u00f6nigen<\/strong><br \/>\nF\u00fcr aufgekl\u00e4rte, denkende Menschen ist das was Abdel-Hamad sagt, logisch und richtig. Alles was er sagt, wurde von vielen Kommentatoren auch schon geschrieben, in vielen Medien jedoch gel\u00f6scht und von oben als rechtspopulistisch und fremdenfeindlich gebrandmarkt. Hier wird eine Religion gef\u00f6rdert, die keine Kritik und Toleranz f\u00fcr Andersdenkende zul\u00e4\u00dft. Der Hass und die Ermordung der Ungl\u00e4ubigen wird von unserer Elite in &#8222;psychische Ausnahmesituation&#8220; umbenannt. Diese Umbenennung und Besch\u00f6nigungen hatten wir unter Adolf auch, man nannte die T\u00f6tung von Kranken und Behinderten &#8220; Euthanasie&#8220; sch\u00f6ner Tod, den Massenmord an Juden nannte man &#8220; Endl\u00f6sung.&#8220; Wenn Politiker anfangen, Begriffe umzubenennen, damit der B\u00fcrger die Absicht die dahinter steckt nicht erkennt, wird es aller h\u00f6chste Zeit, diesen Politikern die Macht zu entrei\u00dfen.<br \/>\n22.3.2017, Illisionlos, TO<br \/>\n.<br \/>\n<strong>Asylindustrie bezahlt Muslime<\/strong><br \/>\nWarum? Die Antwort ist Geld. Muslime integrieren sich nicht, zumindest nicht so , wie Christen, Buddhisten, Hindus oder Atheisten. Um Muslime herum hat sich eine riesige Asylindustrie gebildet, die nicht mehr zu stoppen ist. Diakonie, Charitas, Kirche, Baufirmen, Sicherheitsdienste, Catering und und und. Sie alle wollen mehr Geld und fordern noch mehr Muslime. Ihre Verb\u00e4nde sind m\u00e4chtig und jammern fast t\u00e4glich in allen Talkshows. Haben Sie schon jemals einen Buddhistenverband bei Anne Will gesehen? Wieviel Tempel gibt es in Deutschland? Es dreht sich alles um Muslime, im Fernsehen, in der Presse, in der Politik, im \u00f6ffentlichen Leben. Sie werden bemuttelt, ern\u00e4hrt, bedient, eben hofiert. Und wenn mal einer abgeschoben werden soll, wird geklagt auf Steuerzahlerkosten, jetzt kommt die Anwaltlobby auf den Plan. Und wenn dann doch abgeschoben wird, fliegt die Lufthansa wegen 50 Leuten, einen Stab von \u00c4rzten, Psychologen, Priestern und Polizisten nach Afghanistan und verdient sich dumm und dusslig. Es wird alles in Kauf genommen, Vergewaltigung, Diebstahl, Grapscherei, \u00dcberf\u00e4lle, Mord, ja sogar Anschl\u00e4ge und Kriege. Waffen m\u00fcssen ja auch verkauft werden. Sie haben des Geldes wegen die Kontrolle v\u00f6llig verloren . Ein Irrsinn.<br \/>\nKoemar5, TO<\/p>\n<p>&nbsp;<\/p>\n<p>.<\/p>\n<p><strong>Der Islamkritiker als Volksverhetzer?<\/strong><br \/>\n<em>Weil er Mohamed als &#8222;Massenm\u00f6rder und krankhaften Tyrann&#8220; bezeichnet hat, wurde Abdel-Samad angezeigt und von der Berliner Staatsanwaltschaft verh\u00f6rt. Das ist ein Versto\u00df gegen die Meinungsfreiheit.<\/em><br \/>\n&#8222;Die Gedanken sind frei&#8220;, hei\u00dft es im Volkslied. Artikel 5 Grundgesetz sichert die Meinungs- und Pressefreiheit sowie die Freiheit der Kunst und der Wissenschaft. Will ausgerechnet die Staatsanwaltschaft Berlin gegen unsere Verfassung versto\u00dfen? &#8230;.<br \/>\nVor wenigen Tagen wurde der Autor Abdel-Samad einbestellt und vernommen. Derjenige, der vom Recht gesch\u00fctzt werden soll und laut Verfassung gesch\u00fctzt werden muss, soll sich nun seinerseits recht(!)fertigen. Verdreht hier nicht die Vertretung des Rechts, also die Staatsanwaltschaft, das Recht, welches sie von Amts und Verfassung wegen zu sch\u00fctzen hat? Diese Frage muss gestellt werden. Ist nicht bereits die Vernehmung ein Versto\u00df gegen die Meinungs- und Gewissensfreiheit, also gegen das Grundgesetz? \u00d6ffnen damit Vertreter des Rechts jedem das Einfallstor, der Kritiker einsch\u00fcchtern oder mundtot machen will? &#8230;&#8230;<br \/>\nAlles von Mochael Wolffsohn bitte lesen auf<br \/>\n<a href=\"https:\/\/www.welt.de\/debatte\/kommentare\/article153357890\/Der-Islamkritiker-als-Volksverhetzer.html\">https:\/\/www.welt.de\/debatte\/kommentare\/article153357890\/Der-Islamkritiker-als-Volksverhetzer.html<\/a><\/p>\n<p>&nbsp;<\/p>\n<p><strong>Der Islam ist keine Religion des Friedens<\/strong><br \/>\n<em>Die Muslime m\u00fcssen ihn erst dazu machen, sagt Islamkritiker Abdel-Samad. Wir sollten ihnen durch eine offene Debatte helfen, statt den Fundamentalismus zu verharmlosen. &#8230;..<\/em><br \/>\nMan muss zwischen Muslimen und Islam unterscheiden, aber nicht den Islam reinwaschen wollen. Der Islam als Religion des Friedens? Das ist eine L\u00fcge, die nichts bringt. Aber wenn die Presse sie wiederholt, muss sie sich nicht wundern, wenn sie als L\u00fcgenpresse wahrgenommen wird. Interessant ist, dass in der arabischen Welt mittlerweile eine viel offenere Islam-Debatte stattfindet \u2013 in \u00c4gypten, im Libanon und in Tunesien. Aber in Europa haben die Apologeten die Oberhand. Entlarvend finde ich aber, dass dieselben Leute, die sagen, dass man Muslime nicht unter Generalverdacht stellen soll, davor warnen, dass ankommende Fl\u00fcchtlinge sich radikalisieren w\u00fcrden, wenn man sie nicht super integriere. Das ist doch genau der Generalverdacht! Der islamische Junge kriegt keinen Job, also wird er sich eine Kalaschnikow holen, logisch. Es ist ein b\u00f6ser Verdacht, aber es ist auch was dran. Warum machen das die Vietnamesen, Hindus, Ukrainer und Russlanddeutschen nicht? Warum stehen sie folglich nicht unter Verdacht? Weil es im Islam tats\u00e4chlich ein Gewaltpotenzial gibt, und dieses Potenzial wird t\u00e4glich in allen Ecken der Welt ausgesch\u00f6pft. &#8230;. Alles von Hames Abdel-Samad vom 7.12.2015 bitte lesen auf<\/p>\n<p><a href=\"https:\/\/www.zeit.de\/politik\/ausland\/2015-12\/hamed-abdel-sama-islam-kritik-muslime-fundamentalismus\/komplettansicht\">https:\/\/www.zeit.de\/politik\/ausland\/2015-12\/hamed-abdel-sama-islam-kritik-muslime-fundamentalismus\/komplettansicht<\/a><br \/>\n<strong>Abdel-Samad liest aus &#8222;Mohammed &#8211; eine Abrechnung&#8220; in Weil<\/strong><br \/>\nDer Titel seines j\u00fcngsten Buches ist provokant. Hamed Abdel-Samad fragt seine Zuh\u00f6rer jedoch weshalb. &#8222;H\u00e4tte ich mein Buch &#8222;Jesus \u2013 eine Abrechnung&#8220; genannt, h\u00e4tten mich nicht neun Polizisten von Berlin hierher nach Weil begleitet.&#8220; &#8230;.<br \/>\nAlles zu &#8222;Wer die Gewalt im Koran nicht sieht, spielt Islamisten in die H\u00e4nde&#8220; vom 27.10.2015 bitte lesen auf<br \/>\n<a href=\"https:\/\/www.badische-zeitung.de\/wer-die-gewalt-im-koran-nicht-sieht-spielt-islamisten-in-die-haende\">https:\/\/www.badische-zeitung.de\/wer-die-gewalt-im-koran-nicht-sieht-spielt-islamisten-in-die-haende<\/a><\/p>\n<p><strong>Wo ist denn der aufgekl\u00e4rte Islam zu finden?<\/strong><br \/>\nNur wurde mir diesen Sommer die Frage gestellt, wo denn dieser aufgekl\u00e4rte Islam zu finden sei, der all die Gewalt im Koran als uralte und v\u00f6llig \u00fcberholte Textstellen einfach \u00fcberliest. Wo waren den die Scharen an aufgekl\u00e4rten aber gl\u00e4ubigen Muslimen vergangenen Winter, um gegen die Anschl\u00e4ge von Paris zu demonstrieren? Wo ist die Emp\u00f6rung dar\u00fcber, dass nach wie vor M\u00e4dchen wie Jungen zwangsverheiratet werden? Wo hat sich die Bewegung gebildet, die den kollektiven Zwang aller Frauen unter das Kopftuch energisch bek\u00e4mpft. Wo sind die muslimischen Gegner der Koranverteilungen durch Salafisten in unseren Fu\u00dfg\u00e4ngerzonen zu finden? Ich musste einr\u00e4umen, dass es solche Bewegungen f\u00fcr einen aufgekl\u00e4rten Islam nicht gibt. Es handelt sich um eine europ\u00e4ische Illusion, mit der wir uns die Welt so zurecht machen wie sie uns gef\u00e4llt. Wer aus dem muslimischen Umfeld gegen diese Mittelalterreligion mit exzessiven Gewaltphantasien zu Felde zieht, ist in Wahrheit kein aufgekl\u00e4rter Moslem sondern jemand, der sich von seiner Religion abgewendet hat. &#8230;<br \/>\nNat\u00fcrlich ist die \u00fcbergro\u00dfe Mehrheit der Moslems gegen den Terror und die Gewalt des IS. Aber ist die \u00fcbergro\u00dfe Mehrheit der Moslems auch f\u00fcr das Recht, Mohammed-Karikaturen zu zeigen, das diese Gewalt in Paris ausgel\u00f6st hat? Hat irgendein gl\u00e4ubiger Moslem gesagt, ja Ihr Christen, Juden, Agnostiker und sonstigen Ungl\u00e4ubigen d\u00fcrft unseren Mohammed zeichnen und \u00f6ffentlich abbilden, weil n\u00e4mlich die Verfassungen der westlichen Welt \u00fcber den Geboten des Korans stehen? Ich habe wenigstens keinen geh\u00f6rt. \u00dcber die Flut der Kopft\u00fccher, die nicht alle freiwillig sondern gro\u00dfteils dem Gruppendruck geschuldet seit einigen Jahren auf die K\u00f6pfe junger Frauen wandern, die nach wie vor \u00fcblichen Zwangsverheiratungen, Entrechtungen von Frauen und Verachtung f\u00fcr Schwule haben Sie vorsichtshalber gar nichts geschrieben. Es sind in der muslimischen Welt n\u00e4mlich solche Massenph\u00e4nomene, dass sie unm\u00f6glich ein paar gewaltt\u00e4tigen Wirrk\u00f6pfen in die Schuhe geschoben werden k\u00f6nnen. Daher nochmals die Frage. Wo ist der aufgekl\u00e4rte Islam zu finden, der seinen Glauben kompatibel mit unseren westlichen Werten interpretiert?<br \/>\n27.10.2015, Rainer Brombach<br \/>\n<strong>Hamed Abdel-Samad: &#8222;Ich bin vom Glauben zum Wissen konvertiert&#8220;<\/strong><br \/>\n<em>Am 22.10.2015 wurde die Josef-Neuberger-Medaille an <a title=\"Mansour\" href=\"https:\/\/www.freiburg-schwarzwald.de\/blog\/religion\/islam\/mansour\/\">Ahmad Mansour<\/a> und Hamed Abdel-Samad verliehen. Die J\u00fcdische Gemeinde D\u00fcsseldorf vergibt die Auszeichnung seit 1991 an nicht-j\u00fcdische Personen, die sich f\u00fcr die j\u00fcdische Gemeinschaft eingesetzt haben. Hier ein Ausschnitt aus der Laudatio von Henryk M. Broder auf Abdel-Samad:<\/em><br \/>\n&#8222;Mit Ahmad und Hamed ehren sie zwei unabh\u00e4ngige Geister, die sich aus eigener Kraft von den Fesseln ihrer Erziehung befreit haben, ganz im Sinne von Immanuel Kant: \u201eHabe den Mut, Dich Deines eigenen Verstandes zu bedienen!\u201c Ich wei\u00df aus eigenem Erleben, wie schwer das ist. Ich wei\u00df, dass es viel einfacher ist, das Ghetto physisch zu verlassen, als es aus dem eigenen Kopf zu verbannen. &#8230;.<br \/>\nGro\u00dfe Denker denken nicht quer, sie denken geradeaus. Du tust es auch. Und dabei gelingen Dir S\u00e4tze, die mich erstarren lassen. Vor Bewunderung und auch ein wenig vor Neid, weil sie mir nicht eingefallen sind. Zum Beispiel: \u201eIch bin vom Glauben zum Wissen konvertiert\u201c und \u201eIch habe meinen Migrationshintergrund in den Vordergrund ger\u00fcckt.\u201c Das sind nicht S\u00e4tze, das sind Sprengs\u00e4tze der Erkenntnis, die vom Publikum verstanden werden. &#8230;<br \/>\nEs gibt nur eines, das meine Freude an Deinem Erfolg ein wenig tr\u00fcbt. Es ist der Gedanke, wie viele Talente Deiner Art ungenutzt verk\u00fcmmern. Wie viele junge \u00c4gypter, Syrer, Iraker, Araber und Muslime es nicht schaffen, vom Glauben zum Wissen zu konvertieren und in die Welt hinaus zu gehen. W\u00f6rtlich und sprichw\u00f6rtlich. Wie w\u00fcrde die arabische Welt, der ganze Nahe und Mittlere Osten aussehen, wenn es mehr, viel mehr Hamed Abdel-Samads g\u00e4be? &#8230;..&#8220;<br \/>\nAlles von Henryk M. Broder vom 23.10.2015 bitte lesen auf<br \/>\n<a href=\"https:\/\/www.achgut.com\/dadgdx\/index.php\/dadgd\/article\/josef_neuberger_medaille_fuer_ahmad_mansour_und_hamed_abdel_samad_die_lauda\">https:\/\/www.achgut.com\/dadgdx\/index.php\/dadgd\/article\/josef_neuberger_medaille_fuer_ahmad_mansour_und_hamed_abdel_samad_die_lauda<\/a><\/p>\n<p>&nbsp;<\/p>\n<p><strong>Der Prophet Mohammed \u2013 eine Abrechnung von Hamed Abdel-Samad<\/strong><br \/>\nDIE ZEIT vom 17.9.2015 ver\u00f6ffentlicht auf S. 54-55 Ausz\u00fcge aus Abdel-Samads neuem Buch \u201aMohamed. Eine Abrechnung\u2018. Darin wird der Prophet als ambivalente Pers\u00f6nlichkeit gezeigt: &#8222;Hier der ethisch argumentierende Prediger aus Mekka, dort der intolerante Kriegsf\u00fcrst in Medina. Hier der Mensch, der f\u00fcr Mitgef\u00fchl und Vergebung pl\u00e4diert, dort der Massenm\u00f6rder und psychisch kranke Tyrann.&#8220; Weil Mohammed anfangs in Mekka mit seiner friedfertigen Lehre kein Geh\u00f6r findet, geht er nach Medina, verb\u00fcndet sich mit Kriegsbanden, pl\u00fcndert, versklavt. &#8222;Als die Koranpassagen noch friedlich und poetisch waren, war kein Erfolg da.<br \/>\nDer Erfolg kam erst mit dem Schwert. Das ist eine Tatsache, die mit der Geschichte des Islams verbunden ist. &#8222;Erst unter dem Schatten des Schwertes kam es zum Durchbruch. Dadurch hat Mohammed diese Anerkennung bekommen&#8220;, sagt Hamed Abdel-Samad. Erst in Medina errichtet Mohamed sein islamisches Imperium. Mohammed legt in den letzten Suren des Korans &#8222;mit ihrer Kriegsverherrlichung und Verdammung der Ungl\u00e4ubigen die Saat der Intoleranz\u201c. Und weil der Koran als das ewige Wort Gottes gelte, sieht der IS dies als Legitimation f\u00fcr ihren weltweiten Dschihad.<br \/>\nAbdel-Samad ruft die Muslime auf, sich zu l\u00f6sen &#8222;von den multiplen Krankheiten des Propheten\u201c mit &#8222;Selbst\u00fcbersch\u00e4tzung, Paranoia, Kritikunf\u00e4higkeit sowie die Neigung zum Beleidigtsein.&#8220; Islamismus sei nicht eine Folge der Fehlinterpretation des Islams, sondern eine Folge seiner \u00dcberh\u00f6hung. &#8222;Die Reform des Islams beginnt, wenn Muslime es wagen, Mohamed aus dem K\u00e4fig der Unantastbarkeit zu entlassen.\u201c<br \/>\nAuch die friedliebenden Muslime sollen Mohammeds Botschaft historisch begreifen und aufh\u00f6ren, den Koran als universalg\u00fcltige moderne Handlungsanweisung zu verwenden: &#8222;Das hilft niemandem&#8220;, so Hamed Abdel-Samad. &#8222;Das ist auch gef\u00e4hrlich, dass man Muslime nicht mit der Wahrheit konfrontieren will und ihnen nicht zutraut, dass sie sich mit den selbstgemachten Problemen auseinandersetzen. Wer den Koran f\u00fcr den Frieden einsetzt, darf sich nicht beschweren, wenn auch die Terroristen ihn f\u00fcr den Krieg einsetzen.&#8220;<br \/>\n20.9.2015<br \/>\n.<br \/>\n<strong>Hunderttausende Fl\u00fcchtlinge kommen mit ihrem Mohammes im Gep\u00e4ck<\/strong><br \/>\nAbdel-Samad will die Muslime nach europ\u00e4ischem Verst\u00e4ndnis aufkl\u00e4ren. Genau darin sieht er auch die Herausforderung, die uns auch bei den Hunderttausenden Fl\u00fcchtlingen bevorsteht, die \u00fcberwiegend muslimisch sind und seit August 2015 nach Deutcshland str\u00f6men:<br \/>\n&#8222;Diese Leute kommen auch mit ihrem Mohammed im Gep\u00e4ck. Man muss den Leuten von Anfang an klar machen, wie diese Gesellschaft funktioniert, was S\u00e4kularisierung bedeutet, was Aufkl\u00e4rung bedeutet und dass man seine religi\u00f6sen Anspr\u00fcche auch zur\u00fcckhalten sollte.&#8220; &#8230;.<br \/>\nAlles vom 21.9.2015 auf<br \/>\n<a href=\"https:\/\/www.daserste.de\/information\/wissen-kultur\/ttt\/sendung\/sendung-vom-20092015-120.html\">https:\/\/www.daserste.de\/information\/wissen-kultur\/ttt\/sendung\/sendung-vom-20092015-120.html<\/a><\/p>\n<p>&nbsp;<\/p>\n<p><strong>Khorchide unterst\u00fctzt Abdel-Samad: Kein Islam ohne Islamismus<\/strong><br \/>\nDer Islam-Kritiker, Deutsch- \u00c4gypter Hamed Abdel-Samad hat in einem\u00a0Interview in der Zeitschrift \u201eCicero\u201c deutlich gemacht, dass es derzeit 57 Staaten gebe, die Mitglied der Islamischen Konferenz seien. Kein einziger sei eine islamismusfreie Zone. Es gebe eben leider keinen Islam ohne Islamismus.<br \/>\nDer Leiter des Zentrums f\u00fcr islamische Theologie an der Uni M\u00fcnster, Mouhanad Khorchide, unterst\u00fctzt diese Meinung von Abdel-Samad. Er\u00a0hat nach dem Pariser Anschlag, wie in einer Analyse der Adenauer-Stiftung vom Januar 2015 nachzulesen ist, erkl\u00e4rt, dass er von dem Satz \u201eIslam und Islamismus h\u00e4tten nichts miteinander zu tun\u201c nichts halte, da sich die Extremisten schlie\u00dflich auf kein anderes Buch als auf den Koran beziehen w\u00fcrden. Die eigentliche Frage sei, warum sich einige Menschen auf die humanen Aspekte des Islam beziehen und andere auf die grausamen. Zu behaupten, die Gewalt, die man derzeit erlebe, habe mit dem Islam nichts zu tun, sei aus seiner Sicht ein Verdr\u00e4ngungsmechanismus. Es sei das Ausweichen vor einer kritischen Auseinandersetzung mit den Teilen der islamischen Tradition, die l\u00e4ngst \u00fcberholt seien. Die islamische Theologie m\u00fcsse sich dieser Auseinandersetzung stellen.<br \/>\n24.1.2015<\/p>\n<p><strong>Fatwa gegen Abdel-Samad<\/strong><br \/>\nEine Geschichte aus dem Leben Mohammeds (zitiert von einem Professor der renommierten Al-Azhar-Universit\u00e4t in Kairo, um die Ermordung des Islam-Kritikers Hamed Abdel-Samad zu fordern):<br \/>\n&#8222;Der Prophet entdeckte vor seiner Moschee einmal eine get\u00f6tete Frau. Er fragte die Betenden, wer sie umgebracht habe. Ein blinder Mann erhob sich und sagte: &#8218;Ich habe sie get\u00f6tet, Prophet Gottes. Sie ist meine Sklavin, und ich habe von ihr zwei kleine Kinder, die zwei Perlen gleich sind. Doch gestern hat sie dich, Prophet Gottes, beleidigt. Ich habe sie aufgefordert, dich nicht mehr zu schimpfen, aber sie wiederholte, was sie gesagt hatte.. Ich konnte das nicht aushalten und habe sie umgebracht.&#8216; Mohammed sagte daraufhin: &#8218;Ihr seid meine Zeugen, das Blut dieser Frau ist zu Recht geflossen.&#8216; &#8220;<br \/>\n17.1.2015, Dr. Frank Armbruster<br \/>\n.<br \/>\n<strong>Taten des IS beleidigen Mohammed nicht<\/strong><br \/>\nDass von den 1,5 Milliarden Muslimen <span style=\"font-family: Times New Roman;\">\u201e<\/span>nur<span style=\"font-family: Times New Roman;\">&#8220; <\/span>50.000 f\u00fcr den IS k\u00e4mpfen (und von den 3 Millionen Muslimen in Deutschland <span style=\"font-family: Times New Roman;\">\u201e<\/span>nur<span style=\"font-family: Times New Roman;\">&#8220; <\/span>500), ist eine Verharmlosung. Denn auf dem Gebiet des Islamischen Staats unterwerfen sich 99,9% der Muslime dem Regime, die anderen sterben. So ist es auch in den Taliban-Gebieten Afghanistans, in Saudi Arabien, im Iran, im Gebiet von Boko Haram usw. Das ist doch das Schlimme am Totalitarismus: Wenn er erst einmal herrscht, gibt es keine freien moderaten Varianten mehr &#8211; im Kommunismus keine Sozialdemokraten, im Nationalsozialismus keine Konservativen, im Islamischen Staat keine moderaten Muslime mehr. Und was die 1,4999&#8230; Milliarden anbetrifft: Hamad Abdel-Samad hat zurecht festgestellt, dass hunderttausende auf die Stra\u00dfe gehen mit 150 Toten, wenn Mohammed mit einer Bombe im Turban gezeichnet wird &#8211; Beleidigung des Propheten. Die Taten des IS werden offenbar nicht als Beleidigung Mohammeds aufgefasst &#8211; kaum einer demonstriert.<br \/>\n3.9.2014, Hans-Joachim Burghardt<br \/>\n.<br \/>\n<strong>Religionen sind grunds\u00e4tzlich nicht demokratief\u00e4hig<\/strong><br \/>\n&#8222;Ich\u00a0spreche grunds\u00e4tzlich jeder Religion die Demokratief\u00e4higkeit ab. Wann immer die Religion das Sagen in der Gesellschaft hat, gibt es keine Demokratie. Der Vatikan hat sich nicht demokratisiert, sondern er wurde von der Politik entmachtet. Soweit ist der Islam noch nicht. In den meisten islamisch gepr\u00e4gten Gesellschaften gibt es diese Skepsis gegen\u00fcber der Religion nicht. Es ist richtig, dass alle Religionen im Grunde archaischer, patriarchischer Natur sind, aber es geht letztlich um die Frage, was die Menschen daraus machen. Zumindest in Europa erk\u00e4mpften die Menschen die Trennung von Religion und Staat. Diese Trennlinie gibt es in vielen islamischen L\u00e4ndern nicht.&#8220; &#8230;.<br \/>\nAlles vom 18.11.2011 bitte lesen auf<br \/>\n<a href=\"https:\/\/www.cicero.de\/weltbuehne\/religionen-sind-grundsaetzlich-nicht-demokratiefaehig\/41855\">https:\/\/www.cicero.de\/weltbuehne\/religionen-sind-grundsaetzlich-nicht-demokratiefaehig\/41855<\/a><\/p>\n<p><strong>Christentum mit Demokratie kompatibel<\/strong><br \/>\nAbdel-Samad scheint ein kluger Kopf zu sein &#8211; aber in diesem Punkt irrt er. &#8222;Ich spreche grunds\u00e4tzlich jeder Religion die Demokratief\u00e4higkeit ab.&#8220; Man soll eine Religion nach dem beurteilen, was der Stifter gesagt und getan hat und nicht Geschichte mit Theologie vermengen. Der christliche Glaube ist deshalb mit einer modernen Demokratie kompatibel, weil Jesus schon die Trennung von Glaube und Staat wollte: &#8222;Gebt dem Kaiser, was des Kaisers ist und Gott, was Gottes ist&#8220;. Nur seine Stellvertreter auf Erden haben das zeitweise vergessen und ein B\u00fcndnis von Krone und Altar geschmiedet. Der wichtigste Satz in diesem Zusammenhang von Jesus: &#8222;Mein Reich ist nicht von dieser Welt&#8220;.<br \/>\nPeter Schwempel, 30.3.2011<\/p>\n<p>&nbsp;<\/p>\n<p>&nbsp;<\/p>\n<p>&nbsp;<\/p>\n","protected":false},"excerpt":{"rendered":"<p>Home &gt;Religion &gt;Islam &gt;Abdel-Samad &nbsp; Listenauswahl eines Beitrags: Bitte anklicken oder runterscrollen Ramadan Fastenzeit \u2013 Frieden\u00a0(20.2.2026) Hamed Abdel-Samad ben\u00f6tigt in D Polizeischutz, in arabischen L\u00e4ndern nicht (1.7.2025) Bekannter Islamkritiker Abdel-Samad \u00fcber Gaza: Es ist ein V\u00f6lkermord (5.4.2025) Zweimal Freiheit: Merkel, &hellip; <a href=\"https:\/\/www.freiburg-schwarzwald.de\/blog\/religion\/islam\/abdel-samad\/\">Weiterlesen <span class=\"meta-nav\">&rarr;<\/span><\/a><\/p>\n","protected":false},"author":2,"featured_media":0,"parent":12111,"menu_order":0,"comment_status":"open","ping_status":"closed","template":"","meta":{"footnotes":""},"class_list":["post-46864","page","type-page","status-publish","hentry"],"_links":{"self":[{"href":"https:\/\/www.freiburg-schwarzwald.de\/blog\/wp-json\/wp\/v2\/pages\/46864","targetHints":{"allow":["GET"]}}],"collection":[{"href":"https:\/\/www.freiburg-schwarzwald.de\/blog\/wp-json\/wp\/v2\/pages"}],"about":[{"href":"https:\/\/www.freiburg-schwarzwald.de\/blog\/wp-json\/wp\/v2\/types\/page"}],"author":[{"embeddable":true,"href":"https:\/\/www.freiburg-schwarzwald.de\/blog\/wp-json\/wp\/v2\/users\/2"}],"replies":[{"embeddable":true,"href":"https:\/\/www.freiburg-schwarzwald.de\/blog\/wp-json\/wp\/v2\/comments?post=46864"}],"version-history":[{"count":5,"href":"https:\/\/www.freiburg-schwarzwald.de\/blog\/wp-json\/wp\/v2\/pages\/46864\/revisions"}],"predecessor-version":[{"id":145927,"href":"https:\/\/www.freiburg-schwarzwald.de\/blog\/wp-json\/wp\/v2\/pages\/46864\/revisions\/145927"}],"up":[{"embeddable":true,"href":"https:\/\/www.freiburg-schwarzwald.de\/blog\/wp-json\/wp\/v2\/pages\/12111"}],"wp:attachment":[{"href":"https:\/\/www.freiburg-schwarzwald.de\/blog\/wp-json\/wp\/v2\/media?parent=46864"}],"curies":[{"name":"wp","href":"https:\/\/api.w.org\/{rel}","templated":true}]}}