{"id":4680,"date":"2012-06-08T19:49:57","date_gmt":"2012-06-08T19:49:57","guid":{"rendered":"https:\/\/www.freiburg-schwarzwald.de\/blog\/?page_id=4680"},"modified":"2025-11-30T18:58:20","modified_gmt":"2025-11-30T17:58:20","slug":"obstbau","status":"publish","type":"page","link":"https:\/\/www.freiburg-schwarzwald.de\/blog\/natur\/landwirt\/obstbau\/","title":{"rendered":"Obstbau"},"content":{"rendered":"<p><a href=\"https:\/\/www.freiburg-scwharzwald.de\/blog\">Home<\/a> &gt;<a title=\"Natur\" href=\"https:\/\/www.freiburg-schwarzwald.de\/blog\/natur\/\">Natur<\/a> &gt;<a title=\"Landwirt\" href=\"https:\/\/www.freiburg-schwarzwald.de\/blog\/natur\/landwirt\/\">Landwirt<\/a> &gt;Obstbau<\/p>\n<div id=\"attachment_694\" style=\"width: 612px\" class=\"wp-caption alignnone\"><a href=\"https:\/\/www.freiburg-schwarzwald.de\/blog\/business\/dienste\/betberg8pan061117\/\" rel=\"attachment wp-att-694\"><img loading=\"lazy\" decoding=\"async\" aria-describedby=\"caption-attachment-694\" class=\" wp-image-694\" title=\"betberg8pan061117\" src=\"https:\/\/www.freiburg-schwarzwald.de\/blog\/wp-content\/uploads\/2012\/04\/betberg8pan061117.jpg\" alt=\"\" width=\"602\" height=\"149\" srcset=\"https:\/\/www.freiburg-schwarzwald.de\/blog\/wp-content\/uploads\/2012\/04\/betberg8pan061117.jpg 602w, https:\/\/www.freiburg-schwarzwald.de\/blog\/wp-content\/uploads\/2012\/04\/betberg8pan061117-180x44.jpg 180w\" sizes=\"auto, (max-width: 602px) 100vw, 602px\" \/><\/a><p id=\"caption-attachment-694\" class=\"wp-caption-text\">Obstb\u00e4ume im Markgraeflerland: Blick von &#8222;Am Kreuzweg&#8220; zwischen Sulzburg und Buggingen nach Nordwesten zum Kirchlein Betberg am 16.11.2006 morgens<\/p><\/div>\n<ul>\n<li><a href=\"https:\/\/www.freiburg-schwarzwald.de\/blog\/natur\/landwirt\/erzeugergemeinschaft\/\">OGS und EGRO in Vogtsburg: Umsatzrekord 2023 der Obsterzeuger<\/a> (16.6.2024)<\/li>\n<li><a href=\"https:\/\/www.freiburg-schwarzwald.de\/blog\/natur\/landwirt\/obstbau\/beeren\/\">Johannisbeer-Paten in FR-Opfingen: Obsthof F\u00fcnfgelt<\/a>\u00a0(16.6.2024)<\/li>\n<li><a href=\"https:\/\/www.freiburg-schwarzwald.de\/blog\/natur\/landwirt\/obstbau\/streuobst\/\">Streuobst von Florian Baloh aus L\u00f6rrach-Stetten<\/a>\u00a0(17.5.2024)<\/li>\n<li><a href=\"https:\/\/www.freiburg-schwarzwald.de\/blog\/natur\/landwirt\/obstbau\/olive\/\">Albert Sch\u00fcler: Mein Weg zu den Oliven<\/a>\u00a0(17.5.2024)<\/li>\n<li>Gelbes Band &#8211; Obst ernten erlaubt (10.8.2023)<\/li>\n<li>Lehr- und Versuchsgarten Opfingen &#8211; F\u00fchrung mit Stefanie Lapcik (10.8.2023)<\/li>\n<li><a href=\"https:\/\/www.freiburg-schwarzwald.de\/blog\/global\/italien\/sizilien\/\">Start-up will Orangen vom Baum in Sizilien in drei Tagen nach Freiburg bringen<\/a> (17.1.2023)<\/li>\n<li><a href=\"https:\/\/www.freiburg-schwarzwald.de\/blog\/natur\/landwirt\/obstbau\/kaki\/\">Erstmals: 10 Kaki-Fr\u00fcchte in FR-Littenweiler<\/a>\u00a0(29.10.2022)<\/li>\n<li><a href=\"https:\/\/www.freiburg-schwarzwald.de\/blog\/natur\/landwirt\/agrochemie\/\">Kreislauf der Gifte: Pestizide in Fruchtimporten<\/a>\u00a0(10.6.2021)<\/li>\n<li><a title=\"Bauern-Protest\" href=\"https:\/\/www.freiburg-schwarzwald.de\/blog\/natur\/landwirt\/bauern-protest\/\">S\u00fcdbadische Landwirte protestieren am M\u00fcnsterplatz in Freiburg<\/a>\u00a0(22.10.2019)<\/li>\n<li><a title=\"Bienen\" href=\"https:\/\/www.freiburg-schwarzwald.de\/blog\/natur\/tiere\/bienen\/\">Dreisamt\u00e4ler Landwirte zum Volksbegehren \u201ePro Biene\u201c<\/a>\u00a0 (8.10.2019)<\/li>\n<li><a href=\"https:\/\/www.freiburg-schwarzwald.de\/blog\/obstbau-immer-exotischer\/\">https:\/\/www.freiburg-schwarzwald.de\/blog\/obstbau-immer-exotischer\/<\/a> (2.11.2018)<\/li>\n<li>Obst-Veredelung Apfelbaum (28.3.2016)<\/li>\n<li>Fallobst\u00a0\u2013 in der Natur vergammelt nichts (2.10.2013)<\/li>\n<li><strong><a href=\"https:\/\/www.freiburg-schwarzwald.de\/obstbau.htm\">www.freiburg-schwarzwald.de\/obstbau.htm<\/a> &gt;Archivseite Obstbau<\/strong><\/li>\n<li><a href=\"https:\/\/www.freiburg-schwarzwald.de\/obstbau2.htm\">Aktuelle Infos zur Obstbau-Seite<\/a> &gt;Obstbau2<\/li>\n<li><\/li>\n<li><a href=\"https:\/\/www.freiburg-schwarzwald.de\/blog\/natur\/landwirt\/obstbau\/beeren\/\">Beeren<\/a><\/li>\n<li><a href=\"https:\/\/www.freiburg-schwarzwald.de\/obstbau.htm#Bilder\">Bilder<\/a><\/li>\n<li><a href=\"https:\/\/www.freiburg-schwarzwald.de\/stpeter.htm#Erdbeer- und Himbeerkulturen im Hochschwarzwald\">Erdbeer- und Himbeerkulturen im Hochschwarzwald<\/a> &gt;StPeter<\/li>\n<li><a href=\"https:\/\/www.freiburg-schwarzwald.de\/wyhl.htm#Ganter - Baumschule in Wyhl\">Ganter &#8211; Baumschule in Wyhl<\/a> &gt;Wyhl<\/li>\n<li><a href=\"https:\/\/www.freiburg-schwarzwald.de\/batzenberg5.htm#Kiechle, Obsthof in Schallstadt\">Kiechle aus Schallstadt-Mengen<\/a> &gt;Batzenberg5<\/li>\n<li><a href=\"https:\/\/www.freiburg-schwarzwald.de\/obstbau.htm#KOGL - Kreisverband Obstbau, Garten und Landschaft Emmendingen\">KOGL &#8211; Kreisverband Obstbau, Garten und Landschaft Emmendingen<\/a><\/li>\n<li><a href=\"https:\/\/www.freiburg-schwarzwald.de\/obstbau.htm#Lehr- und Versuchsgarten f\u00fcr Obstbau\">Lehr- und Versuchsgarten f\u00fcr Obstbau in Opfingen am Tuniberg<\/a><\/li>\n<li><a href=\"https:\/\/www.freiburg-schwarzwald.de\/kaiserstuhl5.htm#Lindenbrunnenhof in Forchheim\">Lindenbrunnenhof in Forchheim<\/a><\/li>\n<li><a title=\"Markenhof\" href=\"https:\/\/www.freiburg-schwarzwald.de\/blog\/natur\/landwirt\/obstbau\/markenhof\/\">Markenhof &#8211; Obstbau in Kirchzarten &#8211; Burg-am-Wald<\/a><\/li>\n<li><a href=\"https:\/\/www.freiburg-schwarzwald.de\/wildtal5.htm#Merzhof - Weingut mit Hofladen\">Merzhof<\/a> &gt;Wildtal5<\/li>\n<li><a href=\"https:\/\/www.freiburg-schwarzwald.de\/obstbau.htm#Mirabellen\">Mirabellen<\/a><\/li>\n<li><a href=\"https:\/\/www.freiburg-schwarzwald.de\/obstbau.htm#Quitten - Baumwollapfel als Heilmittel f\u00fcr Magen und Rachen\">Quitten &#8211; Baumwollapfel als Heilmittel f\u00fcr Magen und Rachen<\/a><\/li>\n<li><a href=\"https:\/\/www.freiburg-schwarzwald.de\/hofladen.htm#S\u00fcdhof in Denzlingen\">S\u00fcdhof in Denzlingen<\/a> &gt;Hofladen<\/li>\n<li><a href=\"https:\/\/www.freiburg-schwarzwald.de\/obstbau.htm#LOGL - Landesverband f\u00fcr Obstbau, Garten und Landschaft Baden-W\u00fcrttemberg e.V.\">LOGL &#8211; Landesverband f\u00fcr Obstbau, Garten und Landschaft Baden-W\u00fcrttemberg e.V.<\/a><\/li>\n<li><a href=\"https:\/\/www.freiburg-schwarzwald.de\/obstbau.htm#LVEO - Landesverband Erwerbsobstbau baden-W\u00fcrttemberg\">LVEO &#8211; Landesverband Erwerbsobstbau baden-W\u00fcrttemberg<\/a><\/li>\n<li><a href=\"https:\/\/www.freiburg-schwarzwald.de\/obstbau.htm#OGS S\u00fcdbaden in Vogtsburg\">OGS S\u00fcdbaden in Vogtsburg<\/a><\/li>\n<li><a href=\"https:\/\/www.freiburg-schwarzwald.de\/obstbau.htm#Links\">Links<\/a><\/li>\n<li><\/li>\n<li><a title=\"Apfel\" href=\"https:\/\/www.freiburg-schwarzwald.de\/blog\/natur\/landwirt\/obstbau\/apfel\/\">\u00c4pfel<\/a><\/li>\n<li><a title=\"Bauern-Protest\" href=\"https:\/\/www.freiburg-schwarzwald.de\/blog\/natur\/landwirt\/bauern-protest\/\">Bauern-Protest<\/a><\/li>\n<li><a title=\"Baumschule\" href=\"https:\/\/www.freiburg-schwarzwald.de\/blog\/natur\/landwirt\/obstbau\/baumschule\/\">Baumschulen<\/a><\/li>\n<li><a href=\"https:\/\/www.freiburg-schwarzwald.de\/beeren.htm\">Beerenobst<\/a> &gt;Beeren<\/li>\n<li><a href=\"https:\/\/www.freiburg-schwarzwald.de\/bio-kiste.htm\">Bio-Kiste, Gem\u00fcse-Kiste, Abo, Lieferservice, Obst frei Haus<\/a> &gt;Bio-Kiste<\/li>\n<li><a href=\"https:\/\/www.freiburg-schwarzwald.de\/erdbeeren.htm\">Erdbeeren<\/a> &gt;Erdbeeren<\/li>\n<li><a title=\"Feige\" href=\"https:\/\/www.freiburg-schwarzwald.de\/blog\/natur\/landwirt\/obstbau\/feige\/\">Feigen und Feigenb\u00e4ume<\/a><\/li>\n<li><a href=\"https:\/\/www.freiburg-schwarzwald.de\/granat.htm\">Granatapfel, Granata Mele, Pomegranate<\/a> &gt;Granat<\/li>\n<li><a href=\"https:\/\/www.freiburg-schwarzwald.de\/littenweiler\/gaertnerei.htm\">G\u00e4rtnereien<\/a> &gt;Gaertnerei<\/li>\n<li><a title=\"Gemuesebau\" href=\"https:\/\/www.freiburg-schwarzwald.de\/blog\/natur\/landwirt\/gemuesebau\/\">Gem\u00fcsebau und Gem\u00fcse<\/a><\/li>\n<li><a href=\"https:\/\/www.freiburg-schwarzwald.de\/himbeeren.htm\">Himbeeren<\/a> &gt;Himbeeren<\/li>\n<li><a href=\"https:\/\/www.freiburg-schwarzwald.de\/kaki.htm\">Kakipflaume, Kakibaum<\/a> &gt;Kaki (Archivseite)<\/li>\n<li><a href=\"https:\/\/www.freiburg-schwarzwald.de\/blog\/natur\/landwirt\/obstbau\/kaki\/\">Kaki<\/a><\/li>\n<li><a title=\"Kastanie\" href=\"https:\/\/www.freiburg-schwarzwald.de\/blog\/natur\/wald\/kastanie\/\">Kastanien: Esskastanien und Ro\u00dfkastanien<\/a><\/li>\n<li><a title=\"Kirschen\" href=\"https:\/\/www.freiburg-schwarzwald.de\/blog\/natur\/landwirt\/obstbau\/kirschen\/\">Kirschen<\/a> &gt;Kirschen<\/li>\n<li><a title=\"Mirabellen\" href=\"https:\/\/www.freiburg-schwarzwald.de\/blog\/natur\/landwirt\/obstbau\/mirabellen\/\">Mirabellen<\/a><\/li>\n<li><a href=\"https:\/\/www.freiburg-schwarzwald.de\/anitakaier\/obstgarten.htm\">Obstgarten<\/a> &gt;Obstgarten<\/li>\n<li><a href=\"https:\/\/www.freiburg-schwarzwald.de\/blog\/obst-gemuese-muenstermarkt\/\">Obst-Gem\u00fcse-M\u00fcnstermarkt<\/a><\/li>\n<li><a title=\"Olive\" href=\"https:\/\/www.freiburg-schwarzwald.de\/blog\/natur\/landwirt\/obstbau\/olive\/\">Oliven und Olivenb\u00e4ume<\/a> &gt;Olive<\/li>\n<li><a href=\"https:\/\/www.freiburg-schwarzwald.de\/passionsfrucht.htm\">Passionsfrucht<\/a> &gt;Passionsfrucht<\/li>\n<li><a title=\"Pfirsich\" href=\"https:\/\/www.freiburg-schwarzwald.de\/blog\/natur\/landwirt\/obstbau\/pfirsich\/\">Pfirsich<\/a><\/li>\n<li><a title=\"Streuobst\" href=\"https:\/\/www.freiburg-schwarzwald.de\/blog\/natur\/landwirt\/obstbau\/streuobst\/\">Streuobstwiesen<\/a> &gt;Streuobst<\/li>\n<li><a title=\"Suedfruechte\" href=\"https:\/\/www.freiburg-schwarzwald.de\/blog\/natur\/landwirt\/obstbau\/suedfruechte\/\">S\u00fcdfr\u00fcchte<\/a><\/li>\n<li><a title=\"Trauben\" href=\"https:\/\/www.freiburg-schwarzwald.de\/blog\/natur\/landwirt\/obstbau\/trauben\/\">Trauben<\/a><\/li>\n<li><a href=\"https:\/\/www.freiburg-schwarzwald.de\/nuss.htm\">Waln\u00fcsse und N\u00fcsse<\/a> &gt;Nuss<\/li>\n<li><a title=\"Weinbau\" href=\"https:\/\/www.freiburg-schwarzwald.de\/blog\/natur\/landwirt\/weinbau\/\">Weinbau<\/a><\/li>\n<li><a href=\"https:\/\/www.freiburg-schwarzwald.de\/fantasie-gemuese.htm\">Xtra &#8211; Fantastisches Obst und Gem\u00fcse<\/a> &gt;Fantasie-Gemuese<\/li>\n<li>Obstbau-Links<\/li>\n<\/ul>\n<table border=\"1\" width=\"100%\" cellspacing=\"0\" cellpadding=\"0\" bgcolor=\"#e8e8e8\">\n<tbody>\n<tr>\n<td width=\"100%\">\n<p align=\"center\"><span style=\"font-family: Arial; font-size: xx-small;\">Der Obstbau erfordert &#8211; wie die anderen Sonderkulturen Gem\u00fcsebau, Reben und Tabakbau auch &#8211; einen\u00a0 hohen Arbeitsaufwand. Grund: Im Gegensatz zum Ackerbau k\u00f6nnen bei den Sonderkulturen nur sehr bedingt eingesetzt werden.<br \/>\nUnd Lohn\/Arbeit ist teuer.<br \/>\nDeshalb: Erwarten Sie f\u00fcrs einheimische Obst keinen Schn\u00e4ppchenpreis &#8211; Bezahlen Sie den fairer Preis.<br \/>\nOder Sie helfen beim Ernten mit!<\/span><\/p>\n<\/td>\n<\/tr>\n<\/tbody>\n<\/table>\n<p><strong>\u00a0<\/strong><\/p>\n<div id=\"attachment_50701\" style=\"width: 649px\" class=\"wp-caption alignnone\"><a href=\"https:\/\/www.freiburg-schwarzwald.de\/blog\/natur\/landwirt\/obstbau\/feigen2ernte-pan140919\/\" rel=\"attachment wp-att-50701\"><img loading=\"lazy\" decoding=\"async\" aria-describedby=\"caption-attachment-50701\" class=\" wp-image-50701 \" src=\"https:\/\/www.freiburg-schwarzwald.de\/blog\/wp-content\/uploads\/2012\/06\/feigen2ernte-pan140919.jpg\" alt=\"Ernte am 19.9.2014 in Freiburg: Trauben und Feigen\" width=\"639\" height=\"338\" srcset=\"https:\/\/www.freiburg-schwarzwald.de\/blog\/wp-content\/uploads\/2012\/06\/feigen2ernte-pan140919.jpg 639w, https:\/\/www.freiburg-schwarzwald.de\/blog\/wp-content\/uploads\/2012\/06\/feigen2ernte-pan140919-180x95.jpg 180w\" sizes=\"auto, (max-width: 639px) 100vw, 639px\" \/><\/a><p id=\"caption-attachment-50701\" class=\"wp-caption-text\">Ernte am 19.9.2014 in Freiburg: Trauben und Feigen<\/p><\/div>\n<p>&nbsp;<\/p>\n<p><strong>Obst &#8211; Bilder<\/strong><\/p>\n<div id='gallery-1' class='gallery galleryid-4680 gallery-columns-3 gallery-size-thumbnail'><dl class='gallery-item'>\n\t\t\t<dt class='gallery-icon landscape'>\n\t\t\t\t<a href='https:\/\/www.freiburg-schwarzwald.de\/blog\/natur\/landwirt\/obstbau\/kirschen0-120608\/'><img loading=\"lazy\" decoding=\"async\" width=\"180\" height=\"135\" src=\"https:\/\/www.freiburg-schwarzwald.de\/blog\/wp-content\/uploads\/2012\/06\/kirschen0-120608-180x135.jpg\" class=\"attachment-thumbnail size-thumbnail\" alt=\"\" aria-describedby=\"gallery-1-4684\" srcset=\"https:\/\/www.freiburg-schwarzwald.de\/blog\/wp-content\/uploads\/2012\/06\/kirschen0-120608-180x135.jpg 180w, https:\/\/www.freiburg-schwarzwald.de\/blog\/wp-content\/uploads\/2012\/06\/kirschen0-120608.jpg 640w\" sizes=\"auto, (max-width: 180px) 100vw, 180px\" \/><\/a>\n\t\t\t<\/dt>\n\t\t\t\t<dd class='wp-caption-text gallery-caption' id='gallery-1-4684'>\n\t\t\t\tKirschen reif am 8.6.2012 &#8211; Esskastanie erst vor der Bl\u00fcte\n\t\t\t\t<\/dd><\/dl><dl class='gallery-item'>\n\t\t\t<dt class='gallery-icon portrait'>\n\t\t\t\t<a href='https:\/\/www.freiburg-schwarzwald.de\/blog\/natur\/landwirt\/obstbau\/kirschen1-120608\/'><img loading=\"lazy\" decoding=\"async\" width=\"145\" height=\"180\" src=\"https:\/\/www.freiburg-schwarzwald.de\/blog\/wp-content\/uploads\/2012\/06\/kirschen1-120608-145x180.jpg\" class=\"attachment-thumbnail size-thumbnail\" alt=\"\" aria-describedby=\"gallery-1-4685\" srcset=\"https:\/\/www.freiburg-schwarzwald.de\/blog\/wp-content\/uploads\/2012\/06\/kirschen1-120608-145x180.jpg 145w, https:\/\/www.freiburg-schwarzwald.de\/blog\/wp-content\/uploads\/2012\/06\/kirschen1-120608-518x640.jpg 518w, https:\/\/www.freiburg-schwarzwald.de\/blog\/wp-content\/uploads\/2012\/06\/kirschen1-120608.jpg 521w\" sizes=\"auto, (max-width: 145px) 100vw, 145px\" \/><\/a>\n\t\t\t<\/dt>\n\t\t\t\t<dd class='wp-caption-text gallery-caption' id='gallery-1-4685'>\n\t\t\t\tKirschen ernten am 8.2.2012\n\t\t\t\t<\/dd><\/dl><dl class='gallery-item'>\n\t\t\t<dt class='gallery-icon landscape'>\n\t\t\t\t<a href='https:\/\/www.freiburg-schwarzwald.de\/blog\/natur\/landwirt\/obstbau\/kirschen2-120608\/'><img loading=\"lazy\" decoding=\"async\" width=\"180\" height=\"135\" src=\"https:\/\/www.freiburg-schwarzwald.de\/blog\/wp-content\/uploads\/2012\/06\/kirschen2-120608-180x135.jpg\" class=\"attachment-thumbnail size-thumbnail\" alt=\"\" aria-describedby=\"gallery-1-4686\" srcset=\"https:\/\/www.freiburg-schwarzwald.de\/blog\/wp-content\/uploads\/2012\/06\/kirschen2-120608-180x135.jpg 180w, https:\/\/www.freiburg-schwarzwald.de\/blog\/wp-content\/uploads\/2012\/06\/kirschen2-120608.jpg 640w\" sizes=\"auto, (max-width: 180px) 100vw, 180px\" \/><\/a>\n\t\t\t<\/dt>\n\t\t\t\t<dd class='wp-caption-text gallery-caption' id='gallery-1-4686'>\n\t\t\t\tDie ersten Kirschen am 8.6.2012\n\t\t\t\t<\/dd><\/dl><br style=\"clear: both\" \/><dl class='gallery-item'>\n\t\t\t<dt class='gallery-icon landscape'>\n\t\t\t\t<a href='https:\/\/www.freiburg-schwarzwald.de\/blog\/natur\/landwirt\/obstbau\/kirschen3-120608\/'><img loading=\"lazy\" decoding=\"async\" width=\"180\" height=\"135\" src=\"https:\/\/www.freiburg-schwarzwald.de\/blog\/wp-content\/uploads\/2012\/06\/kirschen3-120608-180x135.jpg\" class=\"attachment-thumbnail size-thumbnail\" alt=\"\" aria-describedby=\"gallery-1-4687\" srcset=\"https:\/\/www.freiburg-schwarzwald.de\/blog\/wp-content\/uploads\/2012\/06\/kirschen3-120608-180x135.jpg 180w, https:\/\/www.freiburg-schwarzwald.de\/blog\/wp-content\/uploads\/2012\/06\/kirschen3-120608.jpg 640w\" sizes=\"auto, (max-width: 180px) 100vw, 180px\" \/><\/a>\n\t\t\t<\/dt>\n\t\t\t\t<dd class='wp-caption-text gallery-caption' id='gallery-1-4687'>\n\t\t\t\tKirschen am 8.6.2012\n\t\t\t\t<\/dd><\/dl><dl class='gallery-item'>\n\t\t\t<dt class='gallery-icon landscape'>\n\t\t\t\t<a href='https:\/\/www.freiburg-schwarzwald.de\/blog\/natur\/landwirt\/obstbau\/kirschen4-120608\/'><img loading=\"lazy\" decoding=\"async\" width=\"180\" height=\"135\" src=\"https:\/\/www.freiburg-schwarzwald.de\/blog\/wp-content\/uploads\/2012\/06\/kirschen4-120608-180x135.jpg\" class=\"attachment-thumbnail size-thumbnail\" alt=\"\" aria-describedby=\"gallery-1-4688\" srcset=\"https:\/\/www.freiburg-schwarzwald.de\/blog\/wp-content\/uploads\/2012\/06\/kirschen4-120608-180x135.jpg 180w, https:\/\/www.freiburg-schwarzwald.de\/blog\/wp-content\/uploads\/2012\/06\/kirschen4-120608.jpg 640w\" sizes=\"auto, (max-width: 180px) 100vw, 180px\" \/><\/a>\n\t\t\t<\/dt>\n\t\t\t\t<dd class='wp-caption-text gallery-caption' id='gallery-1-4688'>\n\t\t\t\tKirschen am 8.6.2012: rot, gr\u00fcn und blau\n\t\t\t\t<\/dd><\/dl><dl class='gallery-item'>\n\t\t\t<dt class='gallery-icon portrait'>\n\t\t\t\t<a href='https:\/\/www.freiburg-schwarzwald.de\/blog\/natur\/landwirt\/obstbau\/kirschen1-120610\/'><img loading=\"lazy\" decoding=\"async\" width=\"135\" height=\"180\" src=\"https:\/\/www.freiburg-schwarzwald.de\/blog\/wp-content\/uploads\/2012\/06\/kirschen1-120610-135x180.jpg\" class=\"attachment-thumbnail size-thumbnail\" alt=\"\" aria-describedby=\"gallery-1-5762\" srcset=\"https:\/\/www.freiburg-schwarzwald.de\/blog\/wp-content\/uploads\/2012\/06\/kirschen1-120610-135x180.jpg 135w, https:\/\/www.freiburg-schwarzwald.de\/blog\/wp-content\/uploads\/2012\/06\/kirschen1-120610.jpg 480w\" sizes=\"auto, (max-width: 135px) 100vw, 135px\" \/><\/a>\n\t\t\t<\/dt>\n\t\t\t\t<dd class='wp-caption-text gallery-caption' id='gallery-1-5762'>\n\t\t\t\tKirschen 10.6.2012\n\t\t\t\t<\/dd><\/dl><br style=\"clear: both\" \/><dl class='gallery-item'>\n\t\t\t<dt class='gallery-icon landscape'>\n\t\t\t\t<a href='https:\/\/www.freiburg-schwarzwald.de\/blog\/natur\/landwirt\/obstbau\/kirschen2-120610\/'><img loading=\"lazy\" decoding=\"async\" width=\"180\" height=\"135\" src=\"https:\/\/www.freiburg-schwarzwald.de\/blog\/wp-content\/uploads\/2012\/06\/kirschen2-120610-180x135.jpg\" class=\"attachment-thumbnail size-thumbnail\" alt=\"\" aria-describedby=\"gallery-1-5763\" srcset=\"https:\/\/www.freiburg-schwarzwald.de\/blog\/wp-content\/uploads\/2012\/06\/kirschen2-120610-180x135.jpg 180w, https:\/\/www.freiburg-schwarzwald.de\/blog\/wp-content\/uploads\/2012\/06\/kirschen2-120610.jpg 640w\" sizes=\"auto, (max-width: 180px) 100vw, 180px\" \/><\/a>\n\t\t\t<\/dt>\n\t\t\t\t<dd class='wp-caption-text gallery-caption' id='gallery-1-5763'>\n\t\t\t\tKirschen am 10.6.2012\n\t\t\t\t<\/dd><\/dl><dl class='gallery-item'>\n\t\t\t<dt class='gallery-icon landscape'>\n\t\t\t\t<a href='https:\/\/www.freiburg-schwarzwald.de\/blog\/natur\/landwirt\/obstbau\/kirschen3-120610\/'><img loading=\"lazy\" decoding=\"async\" width=\"180\" height=\"135\" src=\"https:\/\/www.freiburg-schwarzwald.de\/blog\/wp-content\/uploads\/2012\/06\/kirschen3-120610-180x135.jpg\" class=\"attachment-thumbnail size-thumbnail\" alt=\"\" aria-describedby=\"gallery-1-5764\" srcset=\"https:\/\/www.freiburg-schwarzwald.de\/blog\/wp-content\/uploads\/2012\/06\/kirschen3-120610-180x135.jpg 180w, https:\/\/www.freiburg-schwarzwald.de\/blog\/wp-content\/uploads\/2012\/06\/kirschen3-120610.jpg 640w\" sizes=\"auto, (max-width: 180px) 100vw, 180px\" \/><\/a>\n\t\t\t<\/dt>\n\t\t\t\t<dd class='wp-caption-text gallery-caption' id='gallery-1-5764'>\n\t\t\t\tKirschen am 10.6.2012\n\t\t\t\t<\/dd><\/dl><dl class='gallery-item'>\n\t\t\t<dt class='gallery-icon landscape'>\n\t\t\t\t<a href='https:\/\/www.freiburg-schwarzwald.de\/blog\/natur\/landwirt\/obstbau\/kartaus-apfelbaum120711\/'><img loading=\"lazy\" decoding=\"async\" width=\"180\" height=\"135\" src=\"https:\/\/www.freiburg-schwarzwald.de\/blog\/wp-content\/uploads\/2012\/06\/kartaus-apfelbaum120711-180x135.jpg\" class=\"attachment-thumbnail size-thumbnail\" alt=\"\" aria-describedby=\"gallery-1-6868\" srcset=\"https:\/\/www.freiburg-schwarzwald.de\/blog\/wp-content\/uploads\/2012\/06\/kartaus-apfelbaum120711-180x135.jpg 180w, https:\/\/www.freiburg-schwarzwald.de\/blog\/wp-content\/uploads\/2012\/06\/kartaus-apfelbaum120711.jpg 640w\" sizes=\"auto, (max-width: 180px) 100vw, 180px\" \/><\/a>\n\t\t\t<\/dt>\n\t\t\t\t<dd class='wp-caption-text gallery-caption' id='gallery-1-6868'>\n\t\t\t\tKartausgarten 11.7.2012 &#8211; Klarapfelbaum\n\t\t\t\t<\/dd><\/dl><br style=\"clear: both\" \/><dl class='gallery-item'>\n\t\t\t<dt class='gallery-icon landscape'>\n\t\t\t\t<a href='https:\/\/www.freiburg-schwarzwald.de\/blog\/natur\/landwirt\/obstbau\/mirabellen120804\/'><img loading=\"lazy\" decoding=\"async\" width=\"180\" height=\"135\" src=\"https:\/\/www.freiburg-schwarzwald.de\/blog\/wp-content\/uploads\/2012\/06\/mirabellen120804-180x135.jpg\" class=\"attachment-thumbnail size-thumbnail\" alt=\"\" aria-describedby=\"gallery-1-8825\" srcset=\"https:\/\/www.freiburg-schwarzwald.de\/blog\/wp-content\/uploads\/2012\/06\/mirabellen120804-180x135.jpg 180w, https:\/\/www.freiburg-schwarzwald.de\/blog\/wp-content\/uploads\/2012\/06\/mirabellen120804.jpg 640w\" sizes=\"auto, (max-width: 180px) 100vw, 180px\" \/><\/a>\n\t\t\t<\/dt>\n\t\t\t\t<dd class='wp-caption-text gallery-caption' id='gallery-1-8825'>\n\t\t\t\tMirabellen am 4.8.2012 &#8211; ungespritzt und echt\n\t\t\t\t<\/dd><\/dl><dl class='gallery-item'>\n\t\t\t<dt class='gallery-icon landscape'>\n\t\t\t\t<a href='https:\/\/www.freiburg-schwarzwald.de\/blog\/natur\/landwirt\/obstbau\/aepfel120822\/'><img loading=\"lazy\" decoding=\"async\" width=\"180\" height=\"135\" src=\"https:\/\/www.freiburg-schwarzwald.de\/blog\/wp-content\/uploads\/2012\/06\/aepfel120822-180x135.jpg\" class=\"attachment-thumbnail size-thumbnail\" alt=\"\" aria-describedby=\"gallery-1-9731\" srcset=\"https:\/\/www.freiburg-schwarzwald.de\/blog\/wp-content\/uploads\/2012\/06\/aepfel120822-180x135.jpg 180w, https:\/\/www.freiburg-schwarzwald.de\/blog\/wp-content\/uploads\/2012\/06\/aepfel120822.jpg 640w\" sizes=\"auto, (max-width: 180px) 100vw, 180px\" \/><\/a>\n\t\t\t<\/dt>\n\t\t\t\t<dd class='wp-caption-text gallery-caption' id='gallery-1-9731'>\n\t\t\t\tReife \u00c4pfel am 22.8.2012 &#8211; wurmstichig und fleckig\n\t\t\t\t<\/dd><\/dl><dl class='gallery-item'>\n\t\t\t<dt class='gallery-icon landscape'>\n\t\t\t\t<a href='https:\/\/www.freiburg-schwarzwald.de\/blog\/natur\/landwirt\/obstbau\/himbeeren120822\/'><img loading=\"lazy\" decoding=\"async\" width=\"180\" height=\"139\" src=\"https:\/\/www.freiburg-schwarzwald.de\/blog\/wp-content\/uploads\/2012\/06\/himbeeren120822-180x139.jpg\" class=\"attachment-thumbnail size-thumbnail\" alt=\"\" aria-describedby=\"gallery-1-9917\" srcset=\"https:\/\/www.freiburg-schwarzwald.de\/blog\/wp-content\/uploads\/2012\/06\/himbeeren120822-180x139.jpg 180w, https:\/\/www.freiburg-schwarzwald.de\/blog\/wp-content\/uploads\/2012\/06\/himbeeren120822.jpg 638w\" sizes=\"auto, (max-width: 180px) 100vw, 180px\" \/><\/a>\n\t\t\t<\/dt>\n\t\t\t\t<dd class='wp-caption-text gallery-caption' id='gallery-1-9917'>\n\t\t\t\tHimbeeren am 22.8.2012\n\t\t\t\t<\/dd><\/dl><br style=\"clear: both\" \/><dl class='gallery-item'>\n\t\t\t<dt class='gallery-icon landscape'>\n\t\t\t\t<a href='https:\/\/www.freiburg-schwarzwald.de\/blog\/natur\/landwirt\/obstbau\/himbeeren120826\/'><img loading=\"lazy\" decoding=\"async\" width=\"180\" height=\"135\" src=\"https:\/\/www.freiburg-schwarzwald.de\/blog\/wp-content\/uploads\/2012\/06\/himbeeren120826-180x135.jpg\" class=\"attachment-thumbnail size-thumbnail\" alt=\"\" aria-describedby=\"gallery-1-10016\" srcset=\"https:\/\/www.freiburg-schwarzwald.de\/blog\/wp-content\/uploads\/2012\/06\/himbeeren120826-180x135.jpg 180w, https:\/\/www.freiburg-schwarzwald.de\/blog\/wp-content\/uploads\/2012\/06\/himbeeren120826.jpg 638w\" sizes=\"auto, (max-width: 180px) 100vw, 180px\" \/><\/a>\n\t\t\t<\/dt>\n\t\t\t\t<dd class='wp-caption-text gallery-caption' id='gallery-1-10016'>\n\t\t\t\tHimbeeren 26.8.2012\n\t\t\t\t<\/dd><\/dl><dl class='gallery-item'>\n\t\t\t<dt class='gallery-icon portrait'>\n\t\t\t\t<a href='https:\/\/www.freiburg-schwarzwald.de\/blog\/natur\/landwirt\/obstbau\/trauben120923\/'><img loading=\"lazy\" decoding=\"async\" width=\"135\" height=\"180\" src=\"https:\/\/www.freiburg-schwarzwald.de\/blog\/wp-content\/uploads\/2012\/06\/trauben120923-135x180.jpg\" class=\"attachment-thumbnail size-thumbnail\" alt=\"\" aria-describedby=\"gallery-1-11433\" srcset=\"https:\/\/www.freiburg-schwarzwald.de\/blog\/wp-content\/uploads\/2012\/06\/trauben120923-135x180.jpg 135w, https:\/\/www.freiburg-schwarzwald.de\/blog\/wp-content\/uploads\/2012\/06\/trauben120923.jpg 480w\" sizes=\"auto, (max-width: 135px) 100vw, 135px\" \/><\/a>\n\t\t\t<\/dt>\n\t\t\t\t<dd class='wp-caption-text gallery-caption' id='gallery-1-11433'>\n\t\t\t\tTraubenernte am 13.9.2012\n\t\t\t\t<\/dd><\/dl><dl class='gallery-item'>\n\t\t\t<dt class='gallery-icon landscape'>\n\t\t\t\t<a href='https:\/\/www.freiburg-schwarzwald.de\/blog\/natur\/landwirt\/obstbau\/feigen-obst121004\/'><img loading=\"lazy\" decoding=\"async\" width=\"180\" height=\"135\" src=\"https:\/\/www.freiburg-schwarzwald.de\/blog\/wp-content\/uploads\/2012\/06\/feigen-obst121004-180x135.jpg\" class=\"attachment-thumbnail size-thumbnail\" alt=\"\" aria-describedby=\"gallery-1-12663\" srcset=\"https:\/\/www.freiburg-schwarzwald.de\/blog\/wp-content\/uploads\/2012\/06\/feigen-obst121004-180x135.jpg 180w, https:\/\/www.freiburg-schwarzwald.de\/blog\/wp-content\/uploads\/2012\/06\/feigen-obst121004.jpg 640w\" sizes=\"auto, (max-width: 180px) 100vw, 180px\" \/><\/a>\n\t\t\t<\/dt>\n\t\t\t\t<dd class='wp-caption-text gallery-caption' id='gallery-1-12663'>\n\t\t\t\tObsternte im Garten am 4.10.2012: Feigen, Kastanien, \u00c4pfel und Trauben\n\t\t\t\t<\/dd><\/dl><br style=\"clear: both\" \/><dl class='gallery-item'>\n\t\t\t<dt class='gallery-icon portrait'>\n\t\t\t\t<a href='https:\/\/www.freiburg-schwarzwald.de\/blog\/natur\/landwirt\/obstbau\/apfelernte121011\/'><img loading=\"lazy\" decoding=\"async\" width=\"142\" height=\"180\" src=\"https:\/\/www.freiburg-schwarzwald.de\/blog\/wp-content\/uploads\/2012\/06\/apfelernte121011-142x180.jpg\" class=\"attachment-thumbnail size-thumbnail\" alt=\"\" aria-describedby=\"gallery-1-12817\" srcset=\"https:\/\/www.freiburg-schwarzwald.de\/blog\/wp-content\/uploads\/2012\/06\/apfelernte121011-142x180.jpg 142w, https:\/\/www.freiburg-schwarzwald.de\/blog\/wp-content\/uploads\/2012\/06\/apfelernte121011.jpg 505w\" sizes=\"auto, (max-width: 142px) 100vw, 142px\" \/><\/a>\n\t\t\t<\/dt>\n\t\t\t\t<dd class='wp-caption-text gallery-caption' id='gallery-1-12817'>\n\t\t\t\tApfelernte am 11.10.2012\n\t\t\t\t<\/dd><\/dl><dl class='gallery-item'>\n\t\t\t<dt class='gallery-icon landscape'>\n\t\t\t\t<a href='https:\/\/www.freiburg-schwarzwald.de\/blog\/natur\/landwirt\/obstbau\/trauben-rot121019\/'><img loading=\"lazy\" decoding=\"async\" width=\"180\" height=\"135\" src=\"https:\/\/www.freiburg-schwarzwald.de\/blog\/wp-content\/uploads\/2012\/06\/trauben-rot121019-180x135.jpg\" class=\"attachment-thumbnail size-thumbnail\" alt=\"\" aria-describedby=\"gallery-1-13429\" srcset=\"https:\/\/www.freiburg-schwarzwald.de\/blog\/wp-content\/uploads\/2012\/06\/trauben-rot121019-180x135.jpg 180w, https:\/\/www.freiburg-schwarzwald.de\/blog\/wp-content\/uploads\/2012\/06\/trauben-rot121019.jpg 640w\" sizes=\"auto, (max-width: 180px) 100vw, 180px\" \/><\/a>\n\t\t\t<\/dt>\n\t\t\t\t<dd class='wp-caption-text gallery-caption' id='gallery-1-13429'>\n\t\t\t\tGartenmauer am 19.10.2012 &#8211; Rote Trauben und zwei feigen\n\t\t\t\t<\/dd><\/dl><dl class='gallery-item'>\n\t\t\t<dt class='gallery-icon landscape'>\n\t\t\t\t<a href='https:\/\/www.freiburg-schwarzwald.de\/blog\/natur\/landwirt\/obstbau\/traubenernte130917\/'><img loading=\"lazy\" decoding=\"async\" width=\"180\" height=\"135\" src=\"https:\/\/www.freiburg-schwarzwald.de\/blog\/wp-content\/uploads\/2012\/06\/traubenernte130917-180x135.jpg\" class=\"attachment-thumbnail size-thumbnail\" alt=\"\" srcset=\"https:\/\/www.freiburg-schwarzwald.de\/blog\/wp-content\/uploads\/2012\/06\/traubenernte130917-180x135.jpg 180w, https:\/\/www.freiburg-schwarzwald.de\/blog\/wp-content\/uploads\/2012\/06\/traubenernte130917.jpg 640w\" sizes=\"auto, (max-width: 180px) 100vw, 180px\" \/><\/a>\n\t\t\t<\/dt><\/dl><br style=\"clear: both\" \/><dl class='gallery-item'>\n\t\t\t<dt class='gallery-icon landscape'>\n\t\t\t\t<a href='https:\/\/www.freiburg-schwarzwald.de\/blog\/natur\/landwirt\/obstbau\/dreisamtal23quitten131003\/'><img loading=\"lazy\" decoding=\"async\" width=\"180\" height=\"135\" src=\"https:\/\/www.freiburg-schwarzwald.de\/blog\/wp-content\/uploads\/2012\/06\/dreisamtal23quitten131003-180x135.jpg\" class=\"attachment-thumbnail size-thumbnail\" alt=\"\" srcset=\"https:\/\/www.freiburg-schwarzwald.de\/blog\/wp-content\/uploads\/2012\/06\/dreisamtal23quitten131003-180x135.jpg 180w, https:\/\/www.freiburg-schwarzwald.de\/blog\/wp-content\/uploads\/2012\/06\/dreisamtal23quitten131003.jpg 640w\" sizes=\"auto, (max-width: 180px) 100vw, 180px\" \/><\/a>\n\t\t\t<\/dt><\/dl><dl class='gallery-item'>\n\t\t\t<dt class='gallery-icon landscape'>\n\t\t\t\t<a href='https:\/\/www.freiburg-schwarzwald.de\/blog\/natur\/landwirt\/obstbau\/erdbeeren1feldkirch140419\/'><img loading=\"lazy\" decoding=\"async\" width=\"180\" height=\"135\" src=\"https:\/\/www.freiburg-schwarzwald.de\/blog\/wp-content\/uploads\/2012\/06\/erdbeeren1feldkirch140419-180x135.jpg\" class=\"attachment-thumbnail size-thumbnail\" alt=\"\" srcset=\"https:\/\/www.freiburg-schwarzwald.de\/blog\/wp-content\/uploads\/2012\/06\/erdbeeren1feldkirch140419-180x135.jpg 180w, https:\/\/www.freiburg-schwarzwald.de\/blog\/wp-content\/uploads\/2012\/06\/erdbeeren1feldkirch140419.jpg 640w\" sizes=\"auto, (max-width: 180px) 100vw, 180px\" \/><\/a>\n\t\t\t<\/dt><\/dl><dl class='gallery-item'>\n\t\t\t<dt class='gallery-icon landscape'>\n\t\t\t\t<a href='https:\/\/www.freiburg-schwarzwald.de\/blog\/natur\/landwirt\/obstbau\/erdbeeren-muensterplatz140426\/'><img loading=\"lazy\" decoding=\"async\" width=\"180\" height=\"148\" src=\"https:\/\/www.freiburg-schwarzwald.de\/blog\/wp-content\/uploads\/2012\/06\/erdbeeren-muensterplatz140426-180x148.jpg\" class=\"attachment-thumbnail size-thumbnail\" alt=\"\" srcset=\"https:\/\/www.freiburg-schwarzwald.de\/blog\/wp-content\/uploads\/2012\/06\/erdbeeren-muensterplatz140426-180x148.jpg 180w, https:\/\/www.freiburg-schwarzwald.de\/blog\/wp-content\/uploads\/2012\/06\/erdbeeren-muensterplatz140426.jpg 639w\" sizes=\"auto, (max-width: 180px) 100vw, 180px\" \/><\/a>\n\t\t\t<\/dt><\/dl><br style=\"clear: both\" \/><dl class='gallery-item'>\n\t\t\t<dt class='gallery-icon landscape'>\n\t\t\t\t<a href='https:\/\/www.freiburg-schwarzwald.de\/blog\/natur\/landwirt\/obstbau\/kiwi-unreif140822\/'><img loading=\"lazy\" decoding=\"async\" width=\"180\" height=\"135\" src=\"https:\/\/www.freiburg-schwarzwald.de\/blog\/wp-content\/uploads\/2012\/06\/kiwi-unreif140822-180x135.jpg\" class=\"attachment-thumbnail size-thumbnail\" alt=\"\" srcset=\"https:\/\/www.freiburg-schwarzwald.de\/blog\/wp-content\/uploads\/2012\/06\/kiwi-unreif140822-180x135.jpg 180w, https:\/\/www.freiburg-schwarzwald.de\/blog\/wp-content\/uploads\/2012\/06\/kiwi-unreif140822.jpg 640w\" sizes=\"auto, (max-width: 180px) 100vw, 180px\" \/><\/a>\n\t\t\t<\/dt><\/dl><dl class='gallery-item'>\n\t\t\t<dt class='gallery-icon landscape'>\n\t\t\t\t<a href='https:\/\/www.freiburg-schwarzwald.de\/blog\/natur\/landwirt\/obstbau\/feigen2ernte-pan140919\/'><img loading=\"lazy\" decoding=\"async\" width=\"180\" height=\"95\" src=\"https:\/\/www.freiburg-schwarzwald.de\/blog\/wp-content\/uploads\/2012\/06\/feigen2ernte-pan140919-180x95.jpg\" class=\"attachment-thumbnail size-thumbnail\" alt=\"\" aria-describedby=\"gallery-1-50701\" srcset=\"https:\/\/www.freiburg-schwarzwald.de\/blog\/wp-content\/uploads\/2012\/06\/feigen2ernte-pan140919-180x95.jpg 180w, https:\/\/www.freiburg-schwarzwald.de\/blog\/wp-content\/uploads\/2012\/06\/feigen2ernte-pan140919.jpg 639w\" sizes=\"auto, (max-width: 180px) 100vw, 180px\" \/><\/a>\n\t\t\t<\/dt>\n\t\t\t\t<dd class='wp-caption-text gallery-caption' id='gallery-1-50701'>\n\t\t\t\tErnte am 19.9.2014 in Freiburg: Trauben und Feigen\n\t\t\t\t<\/dd><\/dl><dl class='gallery-item'>\n\t\t\t<dt class='gallery-icon landscape'>\n\t\t\t\t<a href='https:\/\/www.freiburg-schwarzwald.de\/blog\/natur\/landwirt\/obstbau\/kaki141207\/'><img loading=\"lazy\" decoding=\"async\" width=\"180\" height=\"163\" src=\"https:\/\/www.freiburg-schwarzwald.de\/blog\/wp-content\/uploads\/2012\/06\/kaki141207-180x163.jpg\" class=\"attachment-thumbnail size-thumbnail\" alt=\"\" srcset=\"https:\/\/www.freiburg-schwarzwald.de\/blog\/wp-content\/uploads\/2012\/06\/kaki141207-180x163.jpg 180w, https:\/\/www.freiburg-schwarzwald.de\/blog\/wp-content\/uploads\/2012\/06\/kaki141207-640x581.jpg 640w, https:\/\/www.freiburg-schwarzwald.de\/blog\/wp-content\/uploads\/2012\/06\/kaki141207.jpg 709w\" sizes=\"auto, (max-width: 180px) 100vw, 180px\" \/><\/a>\n\t\t\t<\/dt><\/dl><br style=\"clear: both\" \/><dl class='gallery-item'>\n\t\t\t<dt class='gallery-icon portrait'>\n\t\t\t\t<a href='https:\/\/www.freiburg-schwarzwald.de\/blog\/natur\/landwirt\/obstbau\/obstbaum1veredelung160328\/'><img loading=\"lazy\" decoding=\"async\" width=\"140\" height=\"180\" src=\"https:\/\/www.freiburg-schwarzwald.de\/blog\/wp-content\/uploads\/2012\/06\/obstbaum1veredelung160328-140x180.jpg\" class=\"attachment-thumbnail size-thumbnail\" alt=\"\" srcset=\"https:\/\/www.freiburg-schwarzwald.de\/blog\/wp-content\/uploads\/2012\/06\/obstbaum1veredelung160328-140x180.jpg 140w, https:\/\/www.freiburg-schwarzwald.de\/blog\/wp-content\/uploads\/2012\/06\/obstbaum1veredelung160328.jpg 492w\" sizes=\"auto, (max-width: 140px) 100vw, 140px\" \/><\/a>\n\t\t\t<\/dt><\/dl><dl class='gallery-item'>\n\t\t\t<dt class='gallery-icon portrait'>\n\t\t\t\t<a href='https:\/\/www.freiburg-schwarzwald.de\/blog\/natur\/landwirt\/obstbau\/obstbaum2veredelung160328\/'><img loading=\"lazy\" decoding=\"async\" width=\"135\" height=\"180\" src=\"https:\/\/www.freiburg-schwarzwald.de\/blog\/wp-content\/uploads\/2012\/06\/obstbaum2veredelung160328-135x180.jpg\" class=\"attachment-thumbnail size-thumbnail\" alt=\"\" srcset=\"https:\/\/www.freiburg-schwarzwald.de\/blog\/wp-content\/uploads\/2012\/06\/obstbaum2veredelung160328-135x180.jpg 135w, https:\/\/www.freiburg-schwarzwald.de\/blog\/wp-content\/uploads\/2012\/06\/obstbaum2veredelung160328.jpg 480w\" sizes=\"auto, (max-width: 135px) 100vw, 135px\" \/><\/a>\n\t\t\t<\/dt><\/dl><dl class='gallery-item'>\n\t\t\t<dt class='gallery-icon portrait'>\n\t\t\t\t<a href='https:\/\/www.freiburg-schwarzwald.de\/blog\/natur\/landwirt\/obstbau\/obstbaum3veredelung160328\/'><img loading=\"lazy\" decoding=\"async\" width=\"135\" height=\"180\" src=\"https:\/\/www.freiburg-schwarzwald.de\/blog\/wp-content\/uploads\/2012\/06\/obstbaum3veredelung160328-135x180.jpg\" class=\"attachment-thumbnail size-thumbnail\" alt=\"\" srcset=\"https:\/\/www.freiburg-schwarzwald.de\/blog\/wp-content\/uploads\/2012\/06\/obstbaum3veredelung160328-135x180.jpg 135w, https:\/\/www.freiburg-schwarzwald.de\/blog\/wp-content\/uploads\/2012\/06\/obstbaum3veredelung160328.jpg 480w\" sizes=\"auto, (max-width: 135px) 100vw, 135px\" \/><\/a>\n\t\t\t<\/dt><\/dl><br style=\"clear: both\" \/><dl class='gallery-item'>\n\t\t\t<dt class='gallery-icon landscape'>\n\t\t\t\t<a href='https:\/\/www.freiburg-schwarzwald.de\/blog\/natur\/landwirt\/obstbau\/kakifrucht161207\/'><img loading=\"lazy\" decoding=\"async\" width=\"180\" height=\"135\" src=\"https:\/\/www.freiburg-schwarzwald.de\/blog\/wp-content\/uploads\/2012\/06\/kakifrucht161207-180x135.jpg\" class=\"attachment-thumbnail size-thumbnail\" alt=\"\" srcset=\"https:\/\/www.freiburg-schwarzwald.de\/blog\/wp-content\/uploads\/2012\/06\/kakifrucht161207-180x135.jpg 180w, https:\/\/www.freiburg-schwarzwald.de\/blog\/wp-content\/uploads\/2012\/06\/kakifrucht161207-640x480.jpg 640w, https:\/\/www.freiburg-schwarzwald.de\/blog\/wp-content\/uploads\/2012\/06\/kakifrucht161207.jpg 1000w\" sizes=\"auto, (max-width: 180px) 100vw, 180px\" \/><\/a>\n\t\t\t<\/dt><\/dl><dl class='gallery-item'>\n\t\t\t<dt class='gallery-icon landscape'>\n\t\t\t\t<a href='https:\/\/www.freiburg-schwarzwald.de\/blog\/natur\/landwirt\/obstbau\/kakifrucht-scheiben161207\/'><img loading=\"lazy\" decoding=\"async\" width=\"180\" height=\"135\" src=\"https:\/\/www.freiburg-schwarzwald.de\/blog\/wp-content\/uploads\/2012\/06\/kakifrucht-scheiben161207-180x135.jpg\" class=\"attachment-thumbnail size-thumbnail\" alt=\"\" srcset=\"https:\/\/www.freiburg-schwarzwald.de\/blog\/wp-content\/uploads\/2012\/06\/kakifrucht-scheiben161207-180x135.jpg 180w, https:\/\/www.freiburg-schwarzwald.de\/blog\/wp-content\/uploads\/2012\/06\/kakifrucht-scheiben161207.jpg 640w\" sizes=\"auto, (max-width: 180px) 100vw, 180px\" \/><\/a>\n\t\t\t<\/dt><\/dl><dl class='gallery-item'>\n\t\t\t<dt class='gallery-icon landscape'>\n\t\t\t\t<a href='https:\/\/www.freiburg-schwarzwald.de\/blog\/natur\/landwirt\/obstbau\/neuengoers-trockner200802\/'><img loading=\"lazy\" decoding=\"async\" width=\"180\" height=\"135\" src=\"https:\/\/www.freiburg-schwarzwald.de\/blog\/wp-content\/uploads\/2012\/06\/neuengoers-trockner200802-180x135.jpg\" class=\"attachment-thumbnail size-thumbnail\" alt=\"\" srcset=\"https:\/\/www.freiburg-schwarzwald.de\/blog\/wp-content\/uploads\/2012\/06\/neuengoers-trockner200802-180x135.jpg 180w, https:\/\/www.freiburg-schwarzwald.de\/blog\/wp-content\/uploads\/2012\/06\/neuengoers-trockner200802.jpg 640w\" sizes=\"auto, (max-width: 180px) 100vw, 180px\" \/><\/a>\n\t\t\t<\/dt><\/dl><br style=\"clear: both\" \/><dl class='gallery-item'>\n\t\t\t<dt class='gallery-icon landscape'>\n\t\t\t\t<a href='https:\/\/www.freiburg-schwarzwald.de\/blog\/natur\/landwirt\/obstbau\/ernte-apfel-rot-pan250902\/'><img loading=\"lazy\" decoding=\"async\" width=\"180\" height=\"105\" src=\"https:\/\/www.freiburg-schwarzwald.de\/blog\/wp-content\/uploads\/2025\/09\/ernte-apfel-rot-pan250902-180x105.jpg\" class=\"attachment-thumbnail size-thumbnail\" alt=\"\" aria-describedby=\"gallery-1-138756\" srcset=\"https:\/\/www.freiburg-schwarzwald.de\/blog\/wp-content\/uploads\/2025\/09\/ernte-apfel-rot-pan250902-180x105.jpg 180w, https:\/\/www.freiburg-schwarzwald.de\/blog\/wp-content\/uploads\/2025\/09\/ernte-apfel-rot-pan250902.jpg 641w\" sizes=\"auto, (max-width: 180px) 100vw, 180px\" \/><\/a>\n\t\t\t<\/dt>\n\t\t\t\t<dd class='wp-caption-text gallery-caption' id='gallery-1-138756'>\n\t\t\t\tApfel am 2.9.2025 kurz vor der Ernte\n\t\t\t\t<\/dd><\/dl><dl class='gallery-item'>\n\t\t\t<dt class='gallery-icon landscape'>\n\t\t\t\t<a href='https:\/\/www.freiburg-schwarzwald.de\/blog\/natur\/landwirt\/obstbau\/kaki-schnitze251130-pan\/'><img loading=\"lazy\" decoding=\"async\" width=\"180\" height=\"139\" src=\"https:\/\/www.freiburg-schwarzwald.de\/blog\/wp-content\/uploads\/2025\/11\/kaki-schnitze251130.pan_-180x139.jpg\" class=\"attachment-thumbnail size-thumbnail\" alt=\"\" aria-describedby=\"gallery-1-142301\" srcset=\"https:\/\/www.freiburg-schwarzwald.de\/blog\/wp-content\/uploads\/2025\/11\/kaki-schnitze251130.pan_-180x139.jpg 180w, https:\/\/www.freiburg-schwarzwald.de\/blog\/wp-content\/uploads\/2025\/11\/kaki-schnitze251130.pan_.jpg 640w\" sizes=\"auto, (max-width: 180px) 100vw, 180px\" \/><\/a>\n\t\t\t<\/dt>\n\t\t\t\t<dd class='wp-caption-text gallery-caption' id='gallery-1-142301'>\n\t\t\t\tKaki-Schnitze zum Fr\u00fchst\u00fcck am 30.11.2025\n\t\t\t\t<\/dd><\/dl>\n\t\t\t<br style='clear: both' \/>\n\t\t<\/div>\n\n<p>&nbsp;<\/p>\n<div id=\"attachment_142301\" style=\"width: 650px\" class=\"wp-caption alignnone\"><a href=\"https:\/\/www.freiburg-schwarzwald.de\/blog\/wp-content\/uploads\/2025\/11\/kaki-schnitze251130.pan_.jpg\"><img loading=\"lazy\" decoding=\"async\" aria-describedby=\"caption-attachment-142301\" class=\"size-full wp-image-142301\" src=\"https:\/\/www.freiburg-schwarzwald.de\/blog\/wp-content\/uploads\/2025\/11\/kaki-schnitze251130.pan_.jpg\" alt=\"\" width=\"640\" height=\"493\" srcset=\"https:\/\/www.freiburg-schwarzwald.de\/blog\/wp-content\/uploads\/2025\/11\/kaki-schnitze251130.pan_.jpg 640w, https:\/\/www.freiburg-schwarzwald.de\/blog\/wp-content\/uploads\/2025\/11\/kaki-schnitze251130.pan_-180x139.jpg 180w\" sizes=\"auto, (max-width: 640px) 100vw, 640px\" \/><\/a><p id=\"caption-attachment-142301\" class=\"wp-caption-text\">Kaki-Schnitze zum Fr\u00fchst\u00fcck am 30.11.2025<\/p><\/div>\n<p>&nbsp;<\/p>\n<h5><a href=\"https:\/\/www.freiburg-schwarzwald.de\/blog\/mittelmeer-ligurien-moneglia\/moneglia28fiascetti130914\/\" rel=\"attachment wp-att-37859\"><img loading=\"lazy\" decoding=\"async\" class=\"alignnone size-thumbnail wp-image-37859\" title=\"moneglia28fiascetti130914\" src=\"https:\/\/www.freiburg-schwarzwald.de\/blog\/wp-content\/uploads\/2013\/09\/moneglia28fiascetti130914-180x135.jpg\" alt=\"\" width=\"180\" height=\"135\" srcset=\"https:\/\/www.freiburg-schwarzwald.de\/blog\/wp-content\/uploads\/2013\/09\/moneglia28fiascetti130914-180x135.jpg 180w, https:\/\/www.freiburg-schwarzwald.de\/blog\/wp-content\/uploads\/2013\/09\/moneglia28fiascetti130914.jpg 640w\" sizes=\"auto, (max-width: 180px) 100vw, 180px\" \/><\/a>\u00a0\u00a0\u00a0\u00a0\u00a0\u00a0\u00a0\u00a0\u00a0\u00a0\u00a0\u00a0\u00a0\u00a0 <a href=\"https:\/\/www.freiburg-schwarzwald.de\/blog\/natur\/landwirt\/obstbau\/traubenernte130917\/\" rel=\"attachment wp-att-37903\"><img loading=\"lazy\" decoding=\"async\" class=\"alignnone size-thumbnail wp-image-37903\" title=\"traubenernte130917\" src=\"https:\/\/www.freiburg-schwarzwald.de\/blog\/wp-content\/uploads\/2012\/06\/traubenernte130917-180x135.jpg\" alt=\"\" width=\"180\" height=\"135\" srcset=\"https:\/\/www.freiburg-schwarzwald.de\/blog\/wp-content\/uploads\/2012\/06\/traubenernte130917-180x135.jpg 180w, https:\/\/www.freiburg-schwarzwald.de\/blog\/wp-content\/uploads\/2012\/06\/traubenernte130917.jpg 640w\" sizes=\"auto, (max-width: 180px) 100vw, 180px\" \/><\/a>\u00a0\u00a0\u00a0\u00a0\u00a0\u00a0\u00a0\u00a0\u00a0 <a href=\"https:\/\/www.freiburg-schwarzwald.de\/blog\/natur\/landwirt\/obstbau\/dreisamtal23quitten131003\/\" rel=\"attachment wp-att-39244\"><img loading=\"lazy\" decoding=\"async\" class=\"alignnone size-thumbnail wp-image-39244\" title=\"dreisamtal23quitten131003\" src=\"https:\/\/www.freiburg-schwarzwald.de\/blog\/wp-content\/uploads\/2012\/06\/dreisamtal23quitten131003-180x135.jpg\" alt=\"\" width=\"180\" height=\"135\" srcset=\"https:\/\/www.freiburg-schwarzwald.de\/blog\/wp-content\/uploads\/2012\/06\/dreisamtal23quitten131003-180x135.jpg 180w, https:\/\/www.freiburg-schwarzwald.de\/blog\/wp-content\/uploads\/2012\/06\/dreisamtal23quitten131003.jpg 640w\" sizes=\"auto, (max-width: 180px) 100vw, 180px\" \/><\/a><br \/>\n(1) Fiashetti in <a title=\"Mittelmeer Ligurien Moneglia\" href=\"https:\/\/www.freiburg-schwarzwald.de\/blog\/mittelmeer-ligurien-moneglia\/\">Moneglia<\/a> 9\/2013\u00a0\u00a0\u00a0\u00a0\u00a0\u00a0\u00a0\u00a0\u00a0\u00a0\u00a0\u00a0\u00a0\u00a0\u00a0\u00a0\u00a0 (2) Traubenernte am 9.9.2013\u00a0\u00a0\u00a0\u00a0\u00a0\u00a0\u00a0\u00a0\u00a0\u00a0\u00a0\u00a0\u00a0\u00a0 (3) Quitten am 5.10.2013<\/h5>\n<h5><a href=\"https:\/\/www.freiburg-schwarzwald.de\/blog\/natur\/landwirt\/obstbau\/erdbeeren1feldkirch140419\/\" rel=\"attachment wp-att-47375\"><img loading=\"lazy\" decoding=\"async\" class=\"alignnone size-thumbnail wp-image-47375\" src=\"https:\/\/www.freiburg-schwarzwald.de\/blog\/wp-content\/uploads\/2012\/06\/erdbeeren1feldkirch140419-180x135.jpg\" alt=\"erdbeeren1feldkirch140419\" width=\"180\" height=\"135\" srcset=\"https:\/\/www.freiburg-schwarzwald.de\/blog\/wp-content\/uploads\/2012\/06\/erdbeeren1feldkirch140419-180x135.jpg 180w, https:\/\/www.freiburg-schwarzwald.de\/blog\/wp-content\/uploads\/2012\/06\/erdbeeren1feldkirch140419.jpg 640w\" sizes=\"auto, (max-width: 180px) 100vw, 180px\" \/><\/a>\u00a0\u00a0\u00a0\u00a0\u00a0\u00a0\u00a0\u00a0\u00a0\u00a0\u00a0\u00a0<a href=\"https:\/\/www.freiburg-schwarzwald.de\/blog\/natur\/landwirt\/obstbau\/erdbeeren-muensterplatz140426\/\" rel=\"attachment wp-att-47525\"><img loading=\"lazy\" decoding=\"async\" class=\"alignnone size-thumbnail wp-image-47525\" src=\"https:\/\/www.freiburg-schwarzwald.de\/blog\/wp-content\/uploads\/2012\/06\/erdbeeren-muensterplatz140426-180x148.jpg\" alt=\"erdbeeren-muensterplatz140426\" width=\"180\" height=\"148\" srcset=\"https:\/\/www.freiburg-schwarzwald.de\/blog\/wp-content\/uploads\/2012\/06\/erdbeeren-muensterplatz140426-180x148.jpg 180w, https:\/\/www.freiburg-schwarzwald.de\/blog\/wp-content\/uploads\/2012\/06\/erdbeeren-muensterplatz140426.jpg 639w\" sizes=\"auto, (max-width: 180px) 100vw, 180px\" \/><\/a>\u00a0\u00a0\u00a0\u00a0\u00a0\u00a0\u00a0\u00a0\u00a0 <a href=\"https:\/\/www.freiburg-schwarzwald.de\/blog\/natur\/landwirt\/obstbau\/kiwi-unreif140822\/\" rel=\"attachment wp-att-50277\"><img loading=\"lazy\" decoding=\"async\" class=\"alignnone size-thumbnail wp-image-50277\" src=\"https:\/\/www.freiburg-schwarzwald.de\/blog\/wp-content\/uploads\/2012\/06\/kiwi-unreif140822-180x135.jpg\" alt=\"kiwi-unreif140822\" width=\"180\" height=\"135\" srcset=\"https:\/\/www.freiburg-schwarzwald.de\/blog\/wp-content\/uploads\/2012\/06\/kiwi-unreif140822-180x135.jpg 180w, https:\/\/www.freiburg-schwarzwald.de\/blog\/wp-content\/uploads\/2012\/06\/kiwi-unreif140822.jpg 640w\" sizes=\"auto, (max-width: 180px) 100vw, 180px\" \/><\/a><br \/>\n(4) Erdbeenen Feldkirch 19.4.2014\u00a0\u00a0\u00a0\u00a0\u00a0\u00a0\u00a0\u00a0 (5) M\u00fcnstermarkt FR am 26.4.2014\u00a0\u00a0\u00a0\u00a0\u00a0\u00a0\u00a0\u00a0 (6) Kaki unreif f\u00e4llt ab &#8211; 22.8.2014<\/h5>\n<h5><a href=\"https:\/\/www.freiburg-schwarzwald.de\/blog\/natur\/landwirt\/obstbau\/kaki141207\/\" rel=\"attachment wp-att-52132\"><img loading=\"lazy\" decoding=\"async\" class=\"alignnone size-thumbnail wp-image-52132\" src=\"https:\/\/www.freiburg-schwarzwald.de\/blog\/wp-content\/uploads\/2012\/06\/kaki141207-180x163.jpg\" alt=\"kaki141207\" width=\"180\" height=\"163\" srcset=\"https:\/\/www.freiburg-schwarzwald.de\/blog\/wp-content\/uploads\/2012\/06\/kaki141207-180x163.jpg 180w, https:\/\/www.freiburg-schwarzwald.de\/blog\/wp-content\/uploads\/2012\/06\/kaki141207-640x581.jpg 640w, https:\/\/www.freiburg-schwarzwald.de\/blog\/wp-content\/uploads\/2012\/06\/kaki141207.jpg 709w\" sizes=\"auto, (max-width: 180px) 100vw, 180px\" \/><\/a>\u00a0 \u00a0 \u00a0 \u00a0 \u00a0\u00a0<a href=\"https:\/\/www.freiburg-schwarzwald.de\/blog\/natur\/landwirt\/obstbau\/kakifrucht161207\/\" rel=\"attachment wp-att-63715\"><img loading=\"lazy\" decoding=\"async\" class=\"alignnone size-thumbnail wp-image-63715\" src=\"https:\/\/www.freiburg-schwarzwald.de\/blog\/wp-content\/uploads\/2012\/06\/kakifrucht161207-180x135.jpg\" alt=\"kakifrucht161207\" width=\"180\" height=\"135\" srcset=\"https:\/\/www.freiburg-schwarzwald.de\/blog\/wp-content\/uploads\/2012\/06\/kakifrucht161207-180x135.jpg 180w, https:\/\/www.freiburg-schwarzwald.de\/blog\/wp-content\/uploads\/2012\/06\/kakifrucht161207-640x480.jpg 640w, https:\/\/www.freiburg-schwarzwald.de\/blog\/wp-content\/uploads\/2012\/06\/kakifrucht161207.jpg 1000w\" sizes=\"auto, (max-width: 180px) 100vw, 180px\" \/><\/a>\u00a0 \u00a0 \u00a0 \u00a0 \u00a0 \u00a0<a href=\"https:\/\/www.freiburg-schwarzwald.de\/blog\/natur\/landwirt\/obstbau\/kakifrucht-scheiben161207\/\" rel=\"attachment wp-att-63716\"><img loading=\"lazy\" decoding=\"async\" class=\"alignnone size-thumbnail wp-image-63716\" src=\"https:\/\/www.freiburg-schwarzwald.de\/blog\/wp-content\/uploads\/2012\/06\/kakifrucht-scheiben161207-180x135.jpg\" alt=\"kakifrucht-scheiben161207\" width=\"180\" height=\"135\" srcset=\"https:\/\/www.freiburg-schwarzwald.de\/blog\/wp-content\/uploads\/2012\/06\/kakifrucht-scheiben161207-180x135.jpg 180w, https:\/\/www.freiburg-schwarzwald.de\/blog\/wp-content\/uploads\/2012\/06\/kakifrucht-scheiben161207.jpg 640w\" sizes=\"auto, (max-width: 180px) 100vw, 180px\" \/><br \/>\n<\/a>(7) Kaki am 17.12.2014 \u00a0 \u00a0 \u00a0 \u00a0 \u00a0 \u00a0 \u00a0 \u00a0 \u00a0 \u00a0 \u00a0 \u00a0 \u00a0 \u00a0(8) Kakifrucht am 7.12.2016 \u00a0 \u00a0 \u00a0 \u00a0 \u00a0 \u00a0 \u00a0 \u00a0 \u00a0 \u00a0 (9) Kaki scheibchenweise 7.12.16<\/h5>\n<h5><a href=\"https:\/\/www.freiburg-schwarzwald.de\/blog\/natur\/landwirt\/obstbau\/neuengoers-trockner200802\/\" rel=\"attachment wp-att-82782\"><img loading=\"lazy\" decoding=\"async\" class=\"alignnone size-thumbnail wp-image-82782\" src=\"https:\/\/www.freiburg-schwarzwald.de\/blog\/wp-content\/uploads\/2012\/06\/neuengoers-trockner200802-180x135.jpg\" alt=\"neuengoers-trockner200802\" width=\"180\" height=\"135\" srcset=\"https:\/\/www.freiburg-schwarzwald.de\/blog\/wp-content\/uploads\/2012\/06\/neuengoers-trockner200802-180x135.jpg 180w, https:\/\/www.freiburg-schwarzwald.de\/blog\/wp-content\/uploads\/2012\/06\/neuengoers-trockner200802.jpg 640w\" sizes=\"auto, (max-width: 180px) 100vw, 180px\" \/><\/a><br \/>\n(10) Obsttrockner 2.8.2020 Neueng\u00f6rs<\/h5>\n<p>&nbsp;<\/p>\n<p>(7) Kaki am 17.12.2014: Unser vor einem Jahr gepflanztes Kaki-B\u00e4umchen hat alle fr\u00fcchte im August abgeworfen &#8211; ausser zwei, die nun reif wurden: leider etwas verunstaltet, aber reif!<br \/>\n(8) Nur eine Kakifrucht wurde reif und wird am 7.12.2016 nach ersten Frostn\u00e4chtengeerntet. SChmeckt gut!<\/p>\n<div id=\"attachment_138756\" style=\"width: 651px\" class=\"wp-caption alignnone\"><a href=\"https:\/\/www.freiburg-schwarzwald.de\/blog\/wp-content\/uploads\/2025\/09\/ernte-apfel-rot-pan250902.jpg\"><img loading=\"lazy\" decoding=\"async\" aria-describedby=\"caption-attachment-138756\" class=\"size-full wp-image-138756\" src=\"https:\/\/www.freiburg-schwarzwald.de\/blog\/wp-content\/uploads\/2025\/09\/ernte-apfel-rot-pan250902.jpg\" alt=\"\" width=\"641\" height=\"373\" srcset=\"https:\/\/www.freiburg-schwarzwald.de\/blog\/wp-content\/uploads\/2025\/09\/ernte-apfel-rot-pan250902.jpg 641w, https:\/\/www.freiburg-schwarzwald.de\/blog\/wp-content\/uploads\/2025\/09\/ernte-apfel-rot-pan250902-180x105.jpg 180w\" sizes=\"auto, (max-width: 641px) 100vw, 641px\" \/><\/a><p id=\"caption-attachment-138756\" class=\"wp-caption-text\">Apfel am 2.9.2025 kurz vor der Ernte<\/p><\/div>\n<p><strong>Gelbes Band &#8211; Obst ernten erlaubt<\/strong><br \/>\nDie Stadt Freiburg will in Rieselfeld und Opfingen Obst- und Nussb\u00e4ume mit gelben B\u00e4ndern versehen. Sie signalisieren: Hier darf geerntet werden.<br \/>\n&#8230; Alles vom 10.8.2023 bitte lesen auf<br \/>\n<a href=\"https:\/\/www.badische-zeitung.de\/obst-und-nuesse-fuer-alle--278925644.html\">https:\/\/www.badische-zeitung.de\/obst-und-nuesse-fuer-alle&#8211;278925644.html<\/a><\/p>\n<p><strong>Ernteaktion &#8222;Gelbes Band&#8220; des BMEI<\/strong><br \/>\nJedes Jahr zur Erntezeit h\u00e4ngen an zahlreichen Obstb\u00e4umen in Deutschland gelbe B\u00e4nder. Diese signalisieren: Hier darf kostenlos und ohne R\u00fccksprache geerntet werden. Vorbeikommende Verbraucherinnen und Verbraucher k\u00f6nnen so f\u00fcr den Eigenbedarf kostenlos Obst in ihrer Umgebung ernten und verwenden. Das geht auf die Ernteaktion &#8222;Gelbes Band&#8220; zur\u00fcck, die sich seit einigen Jahren immer mehr verbreitet. Die Aktion sorgt daf\u00fcr, dass in Deutschland mehr Obstb\u00e4ume abgeerntet und dadurch mehr Obst verwertet wird.<br \/>\n<a href=\"https:\/\/www.bmel.de\/DE\/themen\/ernaehrung\/lebensmittelverschwendung\/ernteaktion-gelbes-band.htm\">https:\/\/www.bmel.de\/DE\/themen\/ernaehrung\/lebensmittelverschwendung\/ernteaktion-gelbes-band.htm<\/a>l<\/p>\n<p>&nbsp;<\/p>\n<p><strong>Lehr- und Versuchsgarten Opfingen &#8211; F\u00fchrung mit Stefanie Lapcik<\/strong><br \/>\nModerne Anbauarten, die Folgen des Klimawandels und was die Deutschen bei Obst erwarten: Am Lehr- und Versuchsgarten in Opfingen gibt es \u00fcber 250 Sorten \u2013 von der Mirabelle bis zur Blaubeere.<br \/>\n&#8230;<br \/>\n\u00dcber 30 Personen haben sich hier f\u00fcr die BZ-Ferienaktion eingefunden. Stefanie Lapcik, technische Leitung des Gartens und Osbtbauberaterin des Landkreises begr\u00fc\u00dft die Teilnehmenden: &#8222;Sch\u00f6n, dass sie uns gefunden haben, auch wenn die Schilder so klein sind. Deswegen sind wir immer noch ein Geheimtipp.&#8220; Mitten in den Weinbergen am Tuniberg liegt das viereinhalb Hektar gro\u00dfe Areal. Aprikosen, \u00c4pfel, Birnen, Zwetschgen, Beeren und Nischenkulturen wachsen hier.<br \/>\n&#8230; Alles vom 10.8.2023 von Arlette Weiland bitte lesen auf<br \/>\n<a href=\"https:\/\/www.badische-zeitung.de\/ein-blick-zwischen-die-aeste--278930727.html\">https:\/\/www.badische-zeitung.de\/ein-blick-zwischen-die-aeste&#8211;278930727.html<\/a><\/p>\n<p><a href=\"https:\/\/www.freiburg-schwarzwald.de\/obstbau.htm#Lehr-%20und%20Versuchsgarten%20f%C3%BCr%20Obstbau\">https:\/\/www.freiburg-schwarzwald.de\/obstbau.htm#Lehr-%20und%20Versuchsgarten%20f%C3%BCr%20Obstbau<\/a><\/p>\n<p>&nbsp;<\/p>\n<p>&nbsp;<\/p>\n<p><strong>Obst-Veredelung Apfelbaum<\/strong><\/p>\n<h5><a href=\"https:\/\/www.freiburg-schwarzwald.de\/blog\/natur\/landwirt\/obstbau\/obstbaum1veredelung160328\/\" rel=\"attachment wp-att-60425\"><img loading=\"lazy\" decoding=\"async\" class=\"alignnone size-thumbnail wp-image-60425\" src=\"https:\/\/www.freiburg-schwarzwald.de\/blog\/wp-content\/uploads\/2012\/06\/obstbaum1veredelung160328-140x180.jpg\" alt=\"obstbaum1veredelung160328\" width=\"140\" height=\"180\" srcset=\"https:\/\/www.freiburg-schwarzwald.de\/blog\/wp-content\/uploads\/2012\/06\/obstbaum1veredelung160328-140x180.jpg 140w, https:\/\/www.freiburg-schwarzwald.de\/blog\/wp-content\/uploads\/2012\/06\/obstbaum1veredelung160328.jpg 492w\" sizes=\"auto, (max-width: 140px) 100vw, 140px\" \/><\/a>\u00a0 \u00a0 \u00a0 \u00a0 \u00a0 \u00a0 \u00a0 \u00a0 \u00a0 \u00a0\u00a0<a href=\"https:\/\/www.freiburg-schwarzwald.de\/blog\/natur\/landwirt\/obstbau\/obstbaum2veredelung160328\/\" rel=\"attachment wp-att-60426\"><img loading=\"lazy\" decoding=\"async\" class=\"alignnone size-thumbnail wp-image-60426\" src=\"https:\/\/www.freiburg-schwarzwald.de\/blog\/wp-content\/uploads\/2012\/06\/obstbaum2veredelung160328-135x180.jpg\" alt=\"obstbaum2veredelung160328\" width=\"135\" height=\"180\" srcset=\"https:\/\/www.freiburg-schwarzwald.de\/blog\/wp-content\/uploads\/2012\/06\/obstbaum2veredelung160328-135x180.jpg 135w, https:\/\/www.freiburg-schwarzwald.de\/blog\/wp-content\/uploads\/2012\/06\/obstbaum2veredelung160328.jpg 480w\" sizes=\"auto, (max-width: 135px) 100vw, 135px\" \/><\/a>\u00a0 \u00a0 \u00a0 \u00a0 \u00a0 \u00a0 \u00a0 \u00a0 \u00a0 \u00a0 \u00a0 \u00a0 \u00a0 \u00a0<a href=\"https:\/\/www.freiburg-schwarzwald.de\/blog\/natur\/landwirt\/obstbau\/obstbaum3veredelung160328\/\" rel=\"attachment wp-att-60427\"><img loading=\"lazy\" decoding=\"async\" class=\"alignnone size-thumbnail wp-image-60427\" src=\"https:\/\/www.freiburg-schwarzwald.de\/blog\/wp-content\/uploads\/2012\/06\/obstbaum3veredelung160328-135x180.jpg\" alt=\"obstbaum3veredelung160328\" width=\"135\" height=\"180\" srcset=\"https:\/\/www.freiburg-schwarzwald.de\/blog\/wp-content\/uploads\/2012\/06\/obstbaum3veredelung160328-135x180.jpg 135w, https:\/\/www.freiburg-schwarzwald.de\/blog\/wp-content\/uploads\/2012\/06\/obstbaum3veredelung160328.jpg 480w\" sizes=\"auto, (max-width: 135px) 100vw, 135px\" \/><\/a><br \/>\n(1) Unter die Rinde einsetzen \u00a0 \u00a0 \u00a0 \u00a0 \u00a0 \u00a0 (2) Umwickeln am \u00a028.3.2016 \u00a0 \u00a0 \u00a0 \u00a0 \u00a0 \u00a0 \u00a0 \u00a0 \u00a0 (3) Verstreichen Teer oder Baumwachs<\/h5>\n<p><strong>\u201cPfropfen hinter die Rinde\u201d<\/strong><br \/>\n1. \u00c4ste des umzupfropfenden Baums abs\u00e4gen<br \/>\n2. L\u00e4ngsschnitt ca 5 cm\u00a0die Rinde des Pfropfkopfes . Durch den Saftdruck im Fr\u00fchjahr l\u00f6sen sich die Rindenfl\u00fcgel<br \/>\nsehr leicht, so da\u00df sich das zurechtgeschnittene Reis leicht hinter die Rinde schieben l\u00e4\u00dft.<br \/>\n3. Die zuvor geschnittenen Edelreiser &#8211; hier Renette als alte Apfelsorte &#8211; (ca 15\u00a0cm lang, mit 2-3 Knospaugen) unten<br \/>\nca 5 cm lang schr\u00e4g anschneiden.<br \/>\n4. Edelreiser zwischen Rinde und Stamm einschieben (Bild 1) &#8211; die angeschnitte Seite zum Stamm hin.<br \/>\n5. Veredlung straff mit Bast oder Band umwickeln (Bild 2)<br \/>\n6. Die Wunden mit\u00a0warmem Tee oder Baumwachs verstreichen. (Bild 3)<\/p>\n<p>&nbsp;<\/p>\n<p><strong>Fallobst\u00a0\u2013 in der Natur vergammelt nichts<\/strong><\/p>\n<p>Stellen Sie sich vor: Ein Besucher sieht bei Ihnen in K\u00fchlschrank und Vorratsraum Ware, die vergammelt, macht ein Foto, setzt es in die Zeitung und fordert dann, dass sich in Zukunft alle Besucher bei Ihnen &#8222;bedienen&#8220; k\u00f6nnen, da sowieso &#8222;alles vergammelt&#8220;!<br \/>\nGerade dieses Jahr ist ungespritztes Obst stark von Wurm und Schorf befallen, was auf dem &#8222;Beweisbild&#8220; unschwer zu erkennen war. Selbst die Saftfirma verlangt gesunde Ware und w\u00fcrde dieses unreife, wurmig faule Obst vom Bild ablehnen. Oder der Eigent\u00fcmer hat gerechnet: Lohnt sich f\u00fcr 5,5 Euro\/100 Kilogramm das Herauslesen des Brauchbaren \u2013 oder kostet das Benzin mehr? Komme ich \u00fcber den gesetzlichen Mindestlohn?<br \/>\nDie Stimmungsmache gegen solche Situationen sollte unterbleiben. Zu viele &#8222;Spazierg\u00e4nger&#8220; sieht man zur Zeit mit T\u00fcten und Taschen unterwegs! Die wenigsten Besitzer haben was dagegen, wenn Obst am Weg aufgelesen wird, aber sie wollen kein Getrampel auf ihren Grundst\u00fccken. B\u00e4ume und auch Fallobst sind so wichtig f\u00fcr die Natur, dass man die Besitzer nicht vergr\u00e4men darf.<br \/>\nDer Leserbriefautor braucht auch keine Gottesschande f\u00fcrchten, weil in der Natur nichts vergammelt. Auch wenn mal was liegen bleibt, freuen sich V\u00f6gel, Igel und anderes Getier \u00fcber Nahrung, und am Schluss steht die Verrottung mit D\u00fcngeeffekt f\u00fcrs n\u00e4chste Jahr. Gern kann er sich \u00fcber Erntem\u00f6glichkeiten beim Besitzer informieren. Oder selbst ein B\u00e4umchen pflanzen oder eine Baumpatenschaft \u00fcbernehmen, wo alle pfl\u00fccken d\u00fcrfen. Im Schnapp war eine Annonce: &#8222;Suche kostenlos oder billig Obstbaum zum Ernten&#8220;. Das ist der richtige Weg. W\u00fcrde die heimische Landwirtschaft durch Kauf besser unterst\u00fctzt und mal ein W\u00fcrmchen in Kauf genommen, m\u00fcssten wir solche Bilder sicher auch weniger sehen.<br \/>\n.10.2013, Hermann Schwaab, Teningen<\/p>\n<p>&nbsp;<\/p>\n<p>&nbsp;<\/p>\n<p><strong>Obstbau-Links<\/strong><\/p>\n<p>Baden-w\u00fcrttembergische Sortenerhaltungszentrale am Kompetenzzentrum Obstbau-Bodensee (KOB) in Ravensburg<br \/>\nStichwort &#8222;Grundst\u00fccksangebot f\u00fcr Sortenerhaltung&#8220; &#8211;\u00a0Fl\u00e4chen f\u00fcr alte Kirschsorten zur Verf\u00fcgung stellen ,<br \/>\nTel\u00a00751\/79030, c\/o Manfred B\u00fcchele,\u00a0<a title=\"\" href=\"mailto:buechele@kob-bavendorf.de\" target=\"_blank\" rel=\"noopener\">buechele@kob-bavendorf.de<\/a>,<br \/>\n<a title=\"\" href=\"https:\/\/www.kob-bavendorf.de\/\" target=\"_blank\" rel=\"noopener\">https:\/\/www.kob-bavendorf.de<\/a>\u00a0<!-- RSPEAK_STOP --><\/p>\n<div><!-- RSPEAK_STOP -->Interreg-Projekt<br \/>\n<a title=\"\" href=\"https:\/\/www.obst-am-oberrhein.eu\/\" target=\"_blank\" rel=\"noopener\">https:\/\/www.obst-am-oberrhein.eu<\/a><\/div>\n<div>Kreisverband Obstbau, Garten und Landschaft (KOGL) Emmendingen<br \/>\nFachwartkurse f\u00fcr den Schnitt, die Veredelung und Pflege von Obstb\u00e4umen<br \/>\n<a title=\"\" href=\"https:\/\/www.kogl-emmendingen.de\/\" target=\"_blank\" rel=\"noopener\">https:\/\/www.kogl-emmendingen.de<\/a><\/div>\n<p>Lehr- und Versuchsgarten des Landkreis Breisgau-Hochschwarzwald am Tuniberg<br \/>\nBeratung von Obstg\u00e4rtnern<br \/>\n<a title=\"\" href=\"https:\/\/www.versuchsgarten-opfingen.de\/\" target=\"_blank\" rel=\"noopener\">https:\/\/www.versuchsgarten-opfingen.de<\/a><\/p>\n<p>Stiftung Kaiserst\u00fchler Naturgarten<br \/>\n<a title=\"\" href=\"https:\/\/www.kaiserstuehler-garten.de\/\" target=\"_blank\" rel=\"noopener\">https:\/\/www.kaiserstuehler-garten.de<\/a><\/p>\n","protected":false},"excerpt":{"rendered":"<p>Home &gt;Natur &gt;Landwirt &gt;Obstbau OGS und EGRO in Vogtsburg: Umsatzrekord 2023 der Obsterzeuger (16.6.2024) Johannisbeer-Paten in FR-Opfingen: Obsthof F\u00fcnfgelt\u00a0(16.6.2024) Streuobst von Florian Baloh aus L\u00f6rrach-Stetten\u00a0(17.5.2024) Albert Sch\u00fcler: Mein Weg zu den Oliven\u00a0(17.5.2024) Gelbes Band &#8211; Obst ernten erlaubt (10.8.2023) Lehr- &hellip; <a href=\"https:\/\/www.freiburg-schwarzwald.de\/blog\/natur\/landwirt\/obstbau\/\">Weiterlesen <span class=\"meta-nav\">&rarr;<\/span><\/a><\/p>\n","protected":false},"author":2,"featured_media":0,"parent":1014,"menu_order":0,"comment_status":"open","ping_status":"closed","template":"","meta":{"footnotes":""},"class_list":["post-4680","page","type-page","status-publish","hentry"],"_links":{"self":[{"href":"https:\/\/www.freiburg-schwarzwald.de\/blog\/wp-json\/wp\/v2\/pages\/4680","targetHints":{"allow":["GET"]}}],"collection":[{"href":"https:\/\/www.freiburg-schwarzwald.de\/blog\/wp-json\/wp\/v2\/pages"}],"about":[{"href":"https:\/\/www.freiburg-schwarzwald.de\/blog\/wp-json\/wp\/v2\/types\/page"}],"author":[{"embeddable":true,"href":"https:\/\/www.freiburg-schwarzwald.de\/blog\/wp-json\/wp\/v2\/users\/2"}],"replies":[{"embeddable":true,"href":"https:\/\/www.freiburg-schwarzwald.de\/blog\/wp-json\/wp\/v2\/comments?post=4680"}],"version-history":[{"count":5,"href":"https:\/\/www.freiburg-schwarzwald.de\/blog\/wp-json\/wp\/v2\/pages\/4680\/revisions"}],"predecessor-version":[{"id":142302,"href":"https:\/\/www.freiburg-schwarzwald.de\/blog\/wp-json\/wp\/v2\/pages\/4680\/revisions\/142302"}],"up":[{"embeddable":true,"href":"https:\/\/www.freiburg-schwarzwald.de\/blog\/wp-json\/wp\/v2\/pages\/1014"}],"wp:attachment":[{"href":"https:\/\/www.freiburg-schwarzwald.de\/blog\/wp-json\/wp\/v2\/media?parent=4680"}],"curies":[{"name":"wp","href":"https:\/\/api.w.org\/{rel}","templated":true}]}}