{"id":46044,"date":"2014-03-15T14:57:16","date_gmt":"2014-03-15T13:57:16","guid":{"rendered":"https:\/\/www.freiburg-schwarzwald.de\/blog\/?page_id=46044"},"modified":"2022-12-09T16:44:17","modified_gmt":"2022-12-09T15:44:17","slug":"feldberg-ski","status":"publish","type":"page","link":"https:\/\/www.freiburg-schwarzwald.de\/blog\/sport\/sportlern\/ski\/feldberg-ski\/","title":{"rendered":"Feldberg-Ski"},"content":{"rendered":"<p><a href=\"https:\/\/www.freiburg-schwarzwald.de\/blog\">Home<\/a> &gt;<a title=\"Sport\" href=\"https:\/\/www.freiburg-schwarzwald.de\/blog\/sport\/\">Sport<\/a> &gt;<a title=\"Sportlern\" href=\"https:\/\/www.freiburg-schwarzwald.de\/blog\/sport\/sportlern\/\">Sportlern<\/a> &gt;<a title=\"Ski\" href=\"https:\/\/www.freiburg-schwarzwald.de\/blog\/sport\/sportlern\/ski\/\">Ski<\/a> &gt;Feldberg-Ski<\/p>\n<div id=\"attachment_46050\" style=\"width: 649px\" class=\"wp-caption alignnone\"><a href=\"https:\/\/www.freiburg-schwarzwald.de\/blog\/sport\/sportlern\/ski\/feldberg-ski\/feldberg3gipfel-pan140313\/\" rel=\"attachment wp-att-46050\"><img loading=\"lazy\" decoding=\"async\" aria-describedby=\"caption-attachment-46050\" class=\" wp-image-46050 \" src=\"https:\/\/www.freiburg-schwarzwald.de\/blog\/wp-content\/uploads\/2014\/03\/feldberg3gipfel-pan140313.jpg\" alt=\"Blick von B\u00e4rental nach S\u00fcdwesten zu den beiden Feldberg-Gipfeln Seebuck (links) und Feldbergturm am 13.3.2014\" width=\"639\" height=\"192\" srcset=\"https:\/\/www.freiburg-schwarzwald.de\/blog\/wp-content\/uploads\/2014\/03\/feldberg3gipfel-pan140313.jpg 639w, https:\/\/www.freiburg-schwarzwald.de\/blog\/wp-content\/uploads\/2014\/03\/feldberg3gipfel-pan140313-180x54.jpg 180w\" sizes=\"auto, (max-width: 639px) 100vw, 639px\" \/><\/a><p id=\"caption-attachment-46050\" class=\"wp-caption-text\">Blick von B\u00e4rental nach S\u00fcdwesten zu den beiden Feldberg-Gipfeln Seebuck (links) und Feldbergturm am 13.3.2014<\/p><\/div>\n<ul>\n<li><a href=\"https:\/\/www.freiburg-schwarzwald.de\/blog\/tourismus\/gastro\/huetten\/baldenweger-huette\/\">Baldenweger H\u00fctte unterhalb des Feldbergs mit neuen P\u00e4chtern<\/a>\u00a0(7.12.2022)<\/li>\n<li><span style=\"font-family: Arial; font-size: small;\"><a href=\"https:\/\/www.freiburg-schwarzwald.de\/skifahren4.htm#Mit Bahn und Bus von Freiburg zum Feldberg\">Mit Bahn und Bus von Freiburg zum Feldberg<\/a>\u00a0&gt;Skifahren4 (23.1.2012)<\/span><\/li>\n<li><span style=\"font-family: Arial; font-size: small;\"><a href=\"https:\/\/www.freiburg-schwarzwald.de\/skifahren4.htm#Lifte und Loipen: Neuerungen im Winter 2011\/12\">Lifte und Loipen: Neuerungen im Winter 2011\/12<\/a>\u00a0&gt;Skifahren4 (13.1.2012)<\/span><\/li>\n<li><span style=\"font-family: Arial; font-size: small;\"><a href=\"https:\/\/www.freiburg-schwarzwald.de\/herzogenhorn1.htm#Mit Schneeschuhen vom Feldberg zum Herzogenhorn wandern\">Mit Schneeschuhen vom Feldberg zum Herzogenhorn wandern<\/a>\u00a0&gt;Herzogenhorn1 (15.2.2011)<\/span><\/li>\n<li><span style=\"font-family: Arial; font-size: small;\"><a href=\"https:\/\/www.freiburg-schwarzwald.de\/feldberg-autofrei.htm#Viel Sonne, viele Skifahrer und viele Autos an einem Februarsonntag\">Viel Sonne, viele Skifahrer und viele Autos an einem Februarsonntag<\/a>\u00a0&gt;Feldberg-Autofrei (14.2.2010)<\/span><\/li>\n<li><span style=\"font-family: Arial; font-size: small;\"><a href=\"https:\/\/www.freiburg-schwarzwald.de\/feldberg2.htm#Feldberg stellt am 31. Oktober 2008 die Lifte an\">Feldberg stellt am 31. Oktober 2008 die Lifte an<\/a>\u00a0&gt;Feldberg2 (29.10.2008)<\/span><\/li>\n<li><span style=\"font-family: Arial; font-size: small;\"><a href=\"https:\/\/www.freiburg-schwarzwald.de\/skifahren4.htm#Feldbergbahn pr\u00e4pariert ideale Pisten f\u00fcr 60. Kreisjugendskitag\">Feldbergbahn pr\u00e4pariert ideale Pisten f\u00fcr 60. Kreisjugendskitag<\/a>\u00a0&gt;Skifahren4 (20.2.2008)<\/span><\/li>\n<li><span style=\"font-family: Arial; font-size: small;\"><a href=\"https:\/\/www.freiburg-schwarzwald.de\/feldberg2.htm#Herdentrieb, oder: Ansturm auf den Gipfel\">Herdentrieb, oder: Ansturm auf den Gipfel<\/a>\u00a0&gt;Feldberg2 (3.1.2008)<\/span><\/li>\n<li><span style=\"font-size: small;\"><a href=\"https:\/\/www.freiburg-schwarzwald.de\/todtnau1.htm#Dorf aktuell: Gespr\u00e4ch mit B\u00fcrgermeister Andreas Wie\u00dfner\">Dorf aktuell: Gespr\u00e4ch mit B\u00fcrgermeister Andreas Wie\u00dfner<\/a>\u00a0&gt;Todtnau1 (25.1.2007)<\/span><\/li>\n<li><span style=\"font-family: Arial; font-size: small;\"><a href=\"https:\/\/www.freiburg-schwarzwald.de\/feldberg2.htm#Rothausbahn: Vierersessellift am Ahornb\u00fchl er\u00f6ffnet\">Rothausbahn: Vierersessellift am Ahornb\u00fchl er\u00f6ffnet<\/a>\u00a0&gt;Feldberg2 (16.12.2006)<\/span><\/li>\n<li><span style=\"font-family: Arial; font-size: small;\"><a href=\"https:\/\/www.freiburg-schwarzwald.de\/littenweiler\/holzbau1.htm#Holzbaupreise: Skibr\u00fccke Feldberg verbindet traditionelle und moderne Stile\">Holzbaupreise: Skibr\u00fccke Feldberg verbindet traditionelle und moderne Stile<\/a>\u00a0&gt;Holzbau1 (7.7.06)<\/span><\/li>\n<li><span style=\"font-family: Arial; font-size: small;\"><a href=\"https:\/\/www.freiburg-schwarzwald.de\/feldberg2.htm#Baubeginn der Vierersesselbahn am Ahornb\u00fchl\">Baubeginn der Vierersesselbahn am Ahornb\u00fchl<\/a>\u00a0&gt;Feldberg2 (31.5.2006)<\/span><\/li>\n<li><span style=\"font-family: Arial; font-size: small;\"><a href=\"https:\/\/www.freiburg-schwarzwald.de\/skifahren1.htm#Skilifte Feldberg-Fahl - Rechtsstreit SFF und Stadt Todtnau\">Skilifte Feldberg-Fahl &#8211; Rechtsstreit SFF und Stadt Todtnau<\/a>\u00a0&gt;Skifahren1 (14.11.)<br \/>\n.<\/span><\/li>\n<li><strong><span style=\"font-family: Arial; font-size: small;\"><a href=\"https:\/\/www.freiburg-schwarzwald.de\/feldberg-ski.htm\">https:\/\/www.freiburg-schwarzwald.de\/feldberg-ski.htm<\/a> &gt;Archivseite<\/span><\/strong><\/li>\n<li><span style=\"font-family: Arial; font-size: small;\"><a href=\"https:\/\/www.freiburg-schwarzwald.de\/feldberg-ski.htm#Drei Skigebiete am Feldberg: Seebuck, Grafenmatt und Fahl Alpin\">Drei Skigebiete am Feldberg: Seebuck, Grafenmatt und Fahl Alpin<\/a><\/span><\/li>\n<li><span style=\"font-family: Arial; font-size: small;\"><a href=\"https:\/\/www.freiburg-schwarzwald.de\/feldberg-ski.htm#Feldberger Skiliftverbund\">Feldberg: Skiliftverbund<\/a><\/span><\/li>\n<li><span style=\"font-family: Arial; font-size: small;\"><a href=\"https:\/\/www.freiburg-schwarzwald.de\/feldberg-ski.htm#Feldberger Hof\">Feldberger Hof am Fu\u00df des Seebucks<\/a><\/span><\/li>\n<li><span style=\"font-family: Arial; font-size: small;\"><a href=\"https:\/\/www.freiburg-schwarzwald.de\/loipe.htm#Fernskiwanderweg Schonach - Belchen\">Fernskiwanderweg Schonach-Belchen<\/a>\u00a0&gt;Loipe<\/span><\/li>\n<li><span style=\"font-family: Arial; font-size: small;\"><a href=\"https:\/\/www.freiburg-schwarzwald.de\/skifahren2.htm#Kids on Snow am Feldberg\">Kids on Snow am Feldberg<\/a>\u00a0&gt;Skifahren2 (21.12.2004)<\/span><\/li>\n<li><span style=\"font-family: Arial; font-size: small;\"><a href=\"https:\/\/www.freiburg-schwarzwald.de\/fahl-alpin.htm\">Skigebiet Fahl Alpin (945 m &#8211; 1380 m)<\/a>\u00a0&gt;Fahl-Alpin<\/span><\/li>\n<li><span style=\"font-family: Arial; font-size: small;\"><a href=\"https:\/\/www.freiburg-schwarzwald.de\/grafenmatt.htm\">Skigebiet Grafenmatt\/Hebelhof (1231 &#8211; 1340 m)<\/a>\u00a0&gt;Grafenmatt<\/span><\/li>\n<li><span style=\"font-family: Arial; font-size: small;\"><a href=\"https:\/\/www.freiburg-schwarzwald.de\/feldberg-ski.htm#Skigebiet Seebuck (1280 - 1430 m)\">Skigebiet Seebuck (1280 &#8211; 1430 m)<\/a><\/span><\/li>\n<li><span style=\"font-family: Arial; font-size: small;\"><a href=\"https:\/\/www.freiburg-schwarzwald.de\/feldberg-ski.htm#Kinder-Ski am Seebuck\">Kinder-Ski am Seebuck<\/a>\u00a0&gt;Feldberg-Ski<\/span><\/li>\n<li><a title=\"Feldberg\" href=\"https:\/\/www.freiburg-schwarzwald.de\/blog\/regio\/orte\/feldberg\/\">Feldberg<\/a><\/li>\n<li>Feldberg im Schnee<\/li>\n<li>Seebuck mit Feldberger Hof<\/li>\n<li>Grafenmatt mit Hebelhof<\/li>\n<li><\/li>\n<\/ul>\n<p>&nbsp;<\/p>\n<p><strong>\u00a0Feldberg im Schnee<\/strong><\/p>\n<h5><a href=\"https:\/\/www.freiburg-schwarzwald.de\/blog\/sport\/sportlern\/ski\/feldberg-ski\/feldberg1seebachtal140313\/\" rel=\"attachment wp-att-46045\"><img loading=\"lazy\" decoding=\"async\" src=\"https:\/\/www.freiburg-schwarzwald.de\/blog\/wp-content\/uploads\/2014\/03\/feldberg1seebachtal140313-180x135.jpg\" alt=\"feldberg1seebachtal140313\" width=\"180\" height=\"135\" \/><\/a>\u00a0\u00a0\u00a0\u00a0\u00a0\u00a0\u00a0\u00a0\u00a0 <a href=\"https:\/\/www.freiburg-schwarzwald.de\/blog\/sport\/sportlern\/ski\/feldberg-ski\/feldberg2nordseite140313\/\" rel=\"attachment wp-att-46046\"><img loading=\"lazy\" decoding=\"async\" class=\"alignnone size-thumbnail wp-image-46046\" src=\"https:\/\/www.freiburg-schwarzwald.de\/blog\/wp-content\/uploads\/2014\/03\/feldberg2nordseite140313-180x135.jpg\" alt=\"feldberg2nordseite140313\" width=\"180\" height=\"135\" srcset=\"https:\/\/www.freiburg-schwarzwald.de\/blog\/wp-content\/uploads\/2014\/03\/feldberg2nordseite140313-180x135.jpg 180w, https:\/\/www.freiburg-schwarzwald.de\/blog\/wp-content\/uploads\/2014\/03\/feldberg2nordseite140313-640x480.jpg 640w, https:\/\/www.freiburg-schwarzwald.de\/blog\/wp-content\/uploads\/2014\/03\/feldberg2nordseite140313.jpg 1000w\" sizes=\"auto, (max-width: 180px) 100vw, 180px\" \/><\/a>\u00a0\u00a0\u00a0\u00a0\u00a0\u00a0\u00a0\u00a0\u00a0 <a href=\"https:\/\/www.freiburg-schwarzwald.de\/blog\/sport\/sportlern\/ski\/feldberg-ski\/feldberg4seebachtal140313\/\" rel=\"attachment wp-att-46057\"><img loading=\"lazy\" decoding=\"async\" class=\"alignnone size-thumbnail wp-image-46057\" src=\"https:\/\/www.freiburg-schwarzwald.de\/blog\/wp-content\/uploads\/2014\/03\/feldberg4seebachtal140313-180x135.jpg\" alt=\"feldberg4seebachtal140313\" width=\"180\" height=\"135\" srcset=\"https:\/\/www.freiburg-schwarzwald.de\/blog\/wp-content\/uploads\/2014\/03\/feldberg4seebachtal140313-180x135.jpg 180w, https:\/\/www.freiburg-schwarzwald.de\/blog\/wp-content\/uploads\/2014\/03\/feldberg4seebachtal140313-640x480.jpg 640w, https:\/\/www.freiburg-schwarzwald.de\/blog\/wp-content\/uploads\/2014\/03\/feldberg4seebachtal140313.jpg 1000w\" sizes=\"auto, (max-width: 180px) 100vw, 180px\" \/><\/a><br \/>\n(1) Feldberg im S\u00fcden 13.3.2014\u00a0\u00a0\u00a0\u00a0\u00a0\u00a0\u00a0\u00a0\u00a0 (2) Feldberg-Seebuck 13.3.2014\u00a0\u00a0\u00a0\u00a0\u00a0\u00a0\u00a0\u00a0\u00a0\u00a0 (3) Blick von B\u00e4rental zum Feldberg<\/h5>\n<h5><a href=\"https:\/\/www.freiburg-schwarzwald.de\/blog\/sport\/sportlern\/ski\/feldberg-ski\/feldberg5baerental140313\/\" rel=\"attachment wp-att-46058\"><img loading=\"lazy\" decoding=\"async\" class=\"alignnone size-thumbnail wp-image-46058\" src=\"https:\/\/www.freiburg-schwarzwald.de\/blog\/wp-content\/uploads\/2014\/03\/feldberg5baerental140313-180x135.jpg\" alt=\"feldberg5baerental140313\" width=\"180\" height=\"135\" srcset=\"https:\/\/www.freiburg-schwarzwald.de\/blog\/wp-content\/uploads\/2014\/03\/feldberg5baerental140313-180x135.jpg 180w, https:\/\/www.freiburg-schwarzwald.de\/blog\/wp-content\/uploads\/2014\/03\/feldberg5baerental140313.jpg 640w\" sizes=\"auto, (max-width: 180px) 100vw, 180px\" \/><\/a>\u00a0\u00a0\u00a0\u00a0\u00a0\u00a0\u00a0\u00a0\u00a0 <a href=\"https:\/\/www.freiburg-schwarzwald.de\/blog\/sport\/sportlern\/ski\/feldberg-ski\/feldberg6baerental140313\/\" rel=\"attachment wp-att-46059\"><img loading=\"lazy\" decoding=\"async\" class=\"alignnone size-thumbnail wp-image-46059\" src=\"https:\/\/www.freiburg-schwarzwald.de\/blog\/wp-content\/uploads\/2014\/03\/feldberg6baerental140313-180x135.jpg\" alt=\"feldberg6baerental140313\" width=\"180\" height=\"135\" srcset=\"https:\/\/www.freiburg-schwarzwald.de\/blog\/wp-content\/uploads\/2014\/03\/feldberg6baerental140313-180x135.jpg 180w, https:\/\/www.freiburg-schwarzwald.de\/blog\/wp-content\/uploads\/2014\/03\/feldberg6baerental140313.jpg 640w\" sizes=\"auto, (max-width: 180px) 100vw, 180px\" \/><\/a>\u00a0\u00a0\u00a0\u00a0\u00a0\u00a0\u00a0\u00a0\u00a0 <a href=\"https:\/\/www.freiburg-schwarzwald.de\/blog\/sport\/sportlern\/ski\/feldberg-ski\/feldberg7dreiseenbahn-baerental140313\/\" rel=\"attachment wp-att-46060\"><img loading=\"lazy\" decoding=\"async\" class=\"alignnone size-thumbnail wp-image-46060\" src=\"https:\/\/www.freiburg-schwarzwald.de\/blog\/wp-content\/uploads\/2014\/03\/feldberg7dreiseenbahn-baerental140313-180x135.jpg\" alt=\"feldberg7dreiseenbahn-baerental140313\" width=\"180\" height=\"135\" srcset=\"https:\/\/www.freiburg-schwarzwald.de\/blog\/wp-content\/uploads\/2014\/03\/feldberg7dreiseenbahn-baerental140313-180x135.jpg 180w, https:\/\/www.freiburg-schwarzwald.de\/blog\/wp-content\/uploads\/2014\/03\/feldberg7dreiseenbahn-baerental140313.jpg 640w\" sizes=\"auto, (max-width: 180px) 100vw, 180px\" \/><\/a><br \/>\n(4) Zwei Z\u00fcge im Bahnhof B\u00e4rental\u00a0\u00a0\u00a0\u00a0\u00a0\u00a0 (5) Bahnhof Feldberg-B\u00e4rental 13.3.2014\u00a0\u00a0 (6) Mit dem Zug zum Feldberg<\/h5>\n<p>(1) Blick von Feldberg-B\u00e4rental nach S\u00fcdwesten \u00fcbers Seebachtal (zum Titisee hin) zum schneebedeckten Feldberg-Massiv am 13.3.2014<\/p>\n<p>&nbsp;<\/p>\n<p><strong>Seebuck mit Feldberger Hof<\/strong><\/p>\n<h5><a href=\"https:\/\/www.freiburg-schwarzwald.de\/blog\/sport\/sportlern\/ski\/feldberg-ski\/feldberg1hotel140313\/\" rel=\"attachment wp-att-46107\"><img loading=\"lazy\" decoding=\"async\" class=\"alignnone size-thumbnail wp-image-46107\" src=\"https:\/\/www.freiburg-schwarzwald.de\/blog\/wp-content\/uploads\/2014\/03\/feldberg1hotel140313-180x135.jpg\" alt=\"feldberg1hotel140313\" width=\"180\" height=\"135\" srcset=\"https:\/\/www.freiburg-schwarzwald.de\/blog\/wp-content\/uploads\/2014\/03\/feldberg1hotel140313-180x135.jpg 180w, https:\/\/www.freiburg-schwarzwald.de\/blog\/wp-content\/uploads\/2014\/03\/feldberg1hotel140313.jpg 640w\" sizes=\"auto, (max-width: 180px) 100vw, 180px\" \/><\/a>\u00a0\u00a0\u00a0\u00a0\u00a0\u00a0\u00a0\u00a0 <a href=\"https:\/\/www.freiburg-schwarzwald.de\/blog\/sport\/sportlern\/ski\/feldberg-ski\/feldberg2hotel140313\/\" rel=\"attachment wp-att-46108\"><img loading=\"lazy\" decoding=\"async\" class=\"alignnone size-thumbnail wp-image-46108\" src=\"https:\/\/www.freiburg-schwarzwald.de\/blog\/wp-content\/uploads\/2014\/03\/feldberg2hotel140313-180x135.jpg\" alt=\"feldberg2hotel140313\" width=\"180\" height=\"135\" srcset=\"https:\/\/www.freiburg-schwarzwald.de\/blog\/wp-content\/uploads\/2014\/03\/feldberg2hotel140313-180x135.jpg 180w, https:\/\/www.freiburg-schwarzwald.de\/blog\/wp-content\/uploads\/2014\/03\/feldberg2hotel140313.jpg 640w\" sizes=\"auto, (max-width: 180px) 100vw, 180px\" \/><\/a>\u00a0\u00a0\u00a0\u00a0\u00a0\u00a0\u00a0\u00a0\u00a0 <a href=\"https:\/\/www.freiburg-schwarzwald.de\/blog\/sport\/sportlern\/ski\/feldberg-ski\/feldberg3hausdernatur140313\/\" rel=\"attachment wp-att-46109\"><img loading=\"lazy\" decoding=\"async\" class=\"alignnone size-thumbnail wp-image-46109\" src=\"https:\/\/www.freiburg-schwarzwald.de\/blog\/wp-content\/uploads\/2014\/03\/feldberg3hausdernatur140313-180x135.jpg\" alt=\"feldberg3hausdernatur140313\" width=\"180\" height=\"135\" srcset=\"https:\/\/www.freiburg-schwarzwald.de\/blog\/wp-content\/uploads\/2014\/03\/feldberg3hausdernatur140313-180x135.jpg 180w, https:\/\/www.freiburg-schwarzwald.de\/blog\/wp-content\/uploads\/2014\/03\/feldberg3hausdernatur140313.jpg 640w\" sizes=\"auto, (max-width: 180px) 100vw, 180px\" \/><\/a><br \/>\n(1) Feldberger Hof am 13.3.2014\u00a0\u00a0\u00a0\u00a0\u00a0\u00a0\u00a0\u00a0\u00a0\u00a0 (2) Blick nach Osten\u00a0\u00a0\u00a0\u00a0\u00a0\u00a0\u00a0\u00a0\u00a0\u00a0\u00a0\u00a0\u00a0\u00a0\u00a0\u00a0\u00a0\u00a0\u00a0\u00a0\u00a0\u00a0\u00a0\u00a0\u00a0\u00a0\u00a0\u00a0\u00a0\u00a0\u00a0\u00a0\u00a0 (3) Haus der Natur am Seebuck 13.3.<\/h5>\n<h5><a href=\"https:\/\/www.freiburg-schwarzwald.de\/blog\/sport\/sportlern\/ski\/feldberg-ski\/feldberg4seebuck-kinder140313\/\" rel=\"attachment wp-att-46110\"><img loading=\"lazy\" decoding=\"async\" class=\"alignnone size-thumbnail wp-image-46110\" src=\"https:\/\/www.freiburg-schwarzwald.de\/blog\/wp-content\/uploads\/2014\/03\/feldberg4seebuck-kinder140313-180x135.jpg\" alt=\"feldberg4seebuck-kinder140313\" width=\"180\" height=\"135\" srcset=\"https:\/\/www.freiburg-schwarzwald.de\/blog\/wp-content\/uploads\/2014\/03\/feldberg4seebuck-kinder140313-180x135.jpg 180w, https:\/\/www.freiburg-schwarzwald.de\/blog\/wp-content\/uploads\/2014\/03\/feldberg4seebuck-kinder140313-640x480.jpg 640w, https:\/\/www.freiburg-schwarzwald.de\/blog\/wp-content\/uploads\/2014\/03\/feldberg4seebuck-kinder140313.jpg 1000w\" sizes=\"auto, (max-width: 180px) 100vw, 180px\" \/><\/a>\u00a0\u00a0\u00a0\u00a0\u00a0\u00a0\u00a0\u00a0\u00a0 <a href=\"https:\/\/www.freiburg-schwarzwald.de\/blog\/sport\/sportlern\/ski\/feldberg-ski\/feldberg5seebuck-kinder140313\/\" rel=\"attachment wp-att-46111\"><img loading=\"lazy\" decoding=\"async\" class=\"alignnone size-thumbnail wp-image-46111\" src=\"https:\/\/www.freiburg-schwarzwald.de\/blog\/wp-content\/uploads\/2014\/03\/feldberg5seebuck-kinder140313-180x135.jpg\" alt=\"feldberg5seebuck-kinder140313\" width=\"180\" height=\"135\" srcset=\"https:\/\/www.freiburg-schwarzwald.de\/blog\/wp-content\/uploads\/2014\/03\/feldberg5seebuck-kinder140313-180x135.jpg 180w, https:\/\/www.freiburg-schwarzwald.de\/blog\/wp-content\/uploads\/2014\/03\/feldberg5seebuck-kinder140313-640x480.jpg 640w, https:\/\/www.freiburg-schwarzwald.de\/blog\/wp-content\/uploads\/2014\/03\/feldberg5seebuck-kinder140313.jpg 1000w\" sizes=\"auto, (max-width: 180px) 100vw, 180px\" \/><\/a>\u00a0\u00a0\u00a0\u00a0\u00a0\u00a0\u00a0\u00a0\u00a0 <a href=\"https:\/\/www.freiburg-schwarzwald.de\/blog\/sport\/sportlern\/ski\/feldberg-ski\/feldberg6seebuck-kinder140313\/\" rel=\"attachment wp-att-46112\"><img loading=\"lazy\" decoding=\"async\" class=\"alignnone size-thumbnail wp-image-46112\" src=\"https:\/\/www.freiburg-schwarzwald.de\/blog\/wp-content\/uploads\/2014\/03\/feldberg6seebuck-kinder140313-180x135.jpg\" alt=\"feldberg6seebuck-kinder140313\" width=\"180\" height=\"135\" srcset=\"https:\/\/www.freiburg-schwarzwald.de\/blog\/wp-content\/uploads\/2014\/03\/feldberg6seebuck-kinder140313-180x135.jpg 180w, https:\/\/www.freiburg-schwarzwald.de\/blog\/wp-content\/uploads\/2014\/03\/feldberg6seebuck-kinder140313.jpg 640w\" sizes=\"auto, (max-width: 180px) 100vw, 180px\" \/><\/a><br \/>\n(4) Skikurs fuer Kinder 13.3.2014\u00a0\u00a0\u00a0\u00a0\u00a0\u00a0\u00a0\u00a0\u00a0\u00a0 (5) Kinder am Seebuck\u00a0\u00a0\u00a0\u00a0\u00a0\u00a0\u00a0\u00a0\u00a0\u00a0\u00a0\u00a0\u00a0\u00a0\u00a0\u00a0\u00a0\u00a0\u00a0\u00a0\u00a0\u00a0\u00a0\u00a0\u00a0\u00a0\u00a0 (6) Talstation der Skilifte Seebuck<\/h5>\n<h5><a href=\"https:\/\/www.freiburg-schwarzwald.de\/blog\/sport\/sportlern\/ski\/feldberg-ski\/feldberg7seebuck-skilift140313\/\" rel=\"attachment wp-att-46114\"><img loading=\"lazy\" decoding=\"async\" class=\"alignnone size-thumbnail wp-image-46114\" src=\"https:\/\/www.freiburg-schwarzwald.de\/blog\/wp-content\/uploads\/2014\/03\/feldberg7seebuck-skilift140313-180x135.jpg\" alt=\"feldberg7seebuck-skilift140313\" width=\"180\" height=\"135\" srcset=\"https:\/\/www.freiburg-schwarzwald.de\/blog\/wp-content\/uploads\/2014\/03\/feldberg7seebuck-skilift140313-180x135.jpg 180w, https:\/\/www.freiburg-schwarzwald.de\/blog\/wp-content\/uploads\/2014\/03\/feldberg7seebuck-skilift140313-640x480.jpg 640w, https:\/\/www.freiburg-schwarzwald.de\/blog\/wp-content\/uploads\/2014\/03\/feldberg7seebuck-skilift140313.jpg 1000w\" sizes=\"auto, (max-width: 180px) 100vw, 180px\" \/><\/a>\u00a0\u00a0\u00a0\u00a0\u00a0\u00a0\u00a0\u00a0\u00a0 <a href=\"https:\/\/www.freiburg-schwarzwald.de\/blog\/sport\/sportlern\/ski\/feldberg-ski\/feldberg8seebuck-skikanone140313\/\" rel=\"attachment wp-att-46115\"><img loading=\"lazy\" decoding=\"async\" class=\"alignnone size-thumbnail wp-image-46115\" src=\"https:\/\/www.freiburg-schwarzwald.de\/blog\/wp-content\/uploads\/2014\/03\/feldberg8seebuck-skikanone140313-180x135.jpg\" alt=\"feldberg8seebuck-skikanone140313\" width=\"180\" height=\"135\" srcset=\"https:\/\/www.freiburg-schwarzwald.de\/blog\/wp-content\/uploads\/2014\/03\/feldberg8seebuck-skikanone140313-180x135.jpg 180w, https:\/\/www.freiburg-schwarzwald.de\/blog\/wp-content\/uploads\/2014\/03\/feldberg8seebuck-skikanone140313-640x480.jpg 640w, https:\/\/www.freiburg-schwarzwald.de\/blog\/wp-content\/uploads\/2014\/03\/feldberg8seebuck-skikanone140313.jpg 1000w\" sizes=\"auto, (max-width: 180px) 100vw, 180px\" \/><\/a>\u00a0\u00a0\u00a0\u00a0\u00a0\u00a0\u00a0\u00a0\u00a0 <a href=\"https:\/\/www.freiburg-schwarzwald.de\/blog\/sport\/sportlern\/ski\/feldberg-ski\/feldberg9seebuck-skikanone140313\/\" rel=\"attachment wp-att-46116\"><img loading=\"lazy\" decoding=\"async\" class=\"alignnone size-thumbnail wp-image-46116\" src=\"https:\/\/www.freiburg-schwarzwald.de\/blog\/wp-content\/uploads\/2014\/03\/feldberg9seebuck-skikanone140313-180x135.jpg\" alt=\"feldberg9seebuck-skikanone140313\" width=\"180\" height=\"135\" srcset=\"https:\/\/www.freiburg-schwarzwald.de\/blog\/wp-content\/uploads\/2014\/03\/feldberg9seebuck-skikanone140313-180x135.jpg 180w, https:\/\/www.freiburg-schwarzwald.de\/blog\/wp-content\/uploads\/2014\/03\/feldberg9seebuck-skikanone140313-640x480.jpg 640w, https:\/\/www.freiburg-schwarzwald.de\/blog\/wp-content\/uploads\/2014\/03\/feldberg9seebuck-skikanone140313.jpg 1000w\" sizes=\"auto, (max-width: 180px) 100vw, 180px\" \/><\/a><br \/>\n(7) Skihang am Seebuck 13.3.2014\u00a0\u00a0\u00a0\u00a0\u00a0\u00a0 (8) Skikanone\u00a0\u00a0\u00a0\u00a0\u00a0\u00a0\u00a0\u00a0\u00a0\u00a0\u00a0\u00a0\u00a0\u00a0\u00a0\u00a0\u00a0\u00a0\u00a0\u00a0\u00a0\u00a0\u00a0\u00a0\u00a0\u00a0\u00a0\u00a0\u00a0\u00a0\u00a0\u00a0\u00a0\u00a0\u00a0\u00a0\u00a0\u00a0\u00a0\u00a0\u00a0\u00a0\u00a0\u00a0 (9) Skikanone am 13.3.2014<\/h5>\n<h5><a href=\"https:\/\/www.freiburg-schwarzwald.de\/blog\/sport\/sportlern\/ski\/feldberg-ski\/feldberg10seebuck-skilifte140313\/\" rel=\"attachment wp-att-46117\"><img loading=\"lazy\" decoding=\"async\" class=\"alignnone size-thumbnail wp-image-46117\" src=\"https:\/\/www.freiburg-schwarzwald.de\/blog\/wp-content\/uploads\/2014\/03\/feldberg10seebuck-skilifte140313-180x135.jpg\" alt=\"feldberg10seebuck-skilifte140313\" width=\"180\" height=\"135\" srcset=\"https:\/\/www.freiburg-schwarzwald.de\/blog\/wp-content\/uploads\/2014\/03\/feldberg10seebuck-skilifte140313-180x135.jpg 180w, https:\/\/www.freiburg-schwarzwald.de\/blog\/wp-content\/uploads\/2014\/03\/feldberg10seebuck-skilifte140313-640x480.jpg 640w, https:\/\/www.freiburg-schwarzwald.de\/blog\/wp-content\/uploads\/2014\/03\/feldberg10seebuck-skilifte140313.jpg 1000w\" sizes=\"auto, (max-width: 180px) 100vw, 180px\" \/><\/a>\u00a0\u00a0\u00a0\u00a0\u00a0\u00a0\u00a0\u00a0\u00a0 <a href=\"https:\/\/www.freiburg-schwarzwald.de\/blog\/sport\/sportlern\/ski\/feldberg-ski\/feldberg11seebuck-kinderski140313\/\" rel=\"attachment wp-att-46118\"><img loading=\"lazy\" decoding=\"async\" class=\"alignnone size-thumbnail wp-image-46118\" src=\"https:\/\/www.freiburg-schwarzwald.de\/blog\/wp-content\/uploads\/2014\/03\/feldberg11seebuck-kinderski140313-180x135.jpg\" alt=\"feldberg11seebuck-kinderski140313\" width=\"180\" height=\"135\" srcset=\"https:\/\/www.freiburg-schwarzwald.de\/blog\/wp-content\/uploads\/2014\/03\/feldberg11seebuck-kinderski140313-180x135.jpg 180w, https:\/\/www.freiburg-schwarzwald.de\/blog\/wp-content\/uploads\/2014\/03\/feldberg11seebuck-kinderski140313-640x480.jpg 640w, https:\/\/www.freiburg-schwarzwald.de\/blog\/wp-content\/uploads\/2014\/03\/feldberg11seebuck-kinderski140313.jpg 1000w\" sizes=\"auto, (max-width: 180px) 100vw, 180px\" \/><\/a><br \/>\n(10) Seebuck\u00a0\u00a013.3.2014\u00a0\u00a0\u00a0\u00a0\u00a0\u00a0\u00a0\u00a0\u00a0\u00a0\u00a0\u00a0\u00a0\u00a0\u00a0\u00a0\u00a0\u00a0\u00a0\u00a0\u00a0\u00a0\u00a0\u00a0\u00a0 (11) Skikurs f\u00fcr die Kinder<\/h5>\n<h5>.<\/h5>\n<p><strong>Grafenmatt mit Hebelhof<\/strong><\/p>\n<h5><a href=\"https:\/\/www.freiburg-schwarzwald.de\/blog\/sport\/sportlern\/ski\/feldberg-ski\/feldberg15grafenmatt140313\/\" rel=\"attachment wp-att-46144\"><img loading=\"lazy\" decoding=\"async\" class=\"alignnone size-thumbnail wp-image-46144\" src=\"https:\/\/www.freiburg-schwarzwald.de\/blog\/wp-content\/uploads\/2014\/03\/feldberg15grafenmatt140313-180x135.jpg\" alt=\"feldberg15grafenmatt140313\" width=\"180\" height=\"135\" srcset=\"https:\/\/www.freiburg-schwarzwald.de\/blog\/wp-content\/uploads\/2014\/03\/feldberg15grafenmatt140313-180x135.jpg 180w, https:\/\/www.freiburg-schwarzwald.de\/blog\/wp-content\/uploads\/2014\/03\/feldberg15grafenmatt140313.jpg 640w\" sizes=\"auto, (max-width: 180px) 100vw, 180px\" \/><\/a>\u00a0\u00a0\u00a0\u00a0\u00a0\u00a0\u00a0\u00a0\u00a0 <a href=\"https:\/\/www.freiburg-schwarzwald.de\/blog\/sport\/sportlern\/ski\/feldberg-ski\/feldberg16grafenmatt140313\/\" rel=\"attachment wp-att-46145\"><img loading=\"lazy\" decoding=\"async\" class=\"alignnone size-thumbnail wp-image-46145\" src=\"https:\/\/www.freiburg-schwarzwald.de\/blog\/wp-content\/uploads\/2014\/03\/feldberg16grafenmatt140313-180x135.jpg\" alt=\"feldberg16grafenmatt140313\" width=\"180\" height=\"135\" srcset=\"https:\/\/www.freiburg-schwarzwald.de\/blog\/wp-content\/uploads\/2014\/03\/feldberg16grafenmatt140313-180x135.jpg 180w, https:\/\/www.freiburg-schwarzwald.de\/blog\/wp-content\/uploads\/2014\/03\/feldberg16grafenmatt140313.jpg 640w\" sizes=\"auto, (max-width: 180px) 100vw, 180px\" \/><\/a>\u00a0\u00a0\u00a0\u00a0\u00a0\u00a0\u00a0 <a href=\"https:\/\/www.freiburg-schwarzwald.de\/blog\/sport\/sportlern\/ski\/feldberg-ski\/feldberg17grafenmatt140313\/\" rel=\"attachment wp-att-46146\"><img loading=\"lazy\" decoding=\"async\" class=\"alignnone size-thumbnail wp-image-46146\" src=\"https:\/\/www.freiburg-schwarzwald.de\/blog\/wp-content\/uploads\/2014\/03\/feldberg17grafenmatt140313-180x135.jpg\" alt=\"feldberg17grafenmatt140313\" width=\"180\" height=\"135\" srcset=\"https:\/\/www.freiburg-schwarzwald.de\/blog\/wp-content\/uploads\/2014\/03\/feldberg17grafenmatt140313-180x135.jpg 180w, https:\/\/www.freiburg-schwarzwald.de\/blog\/wp-content\/uploads\/2014\/03\/feldberg17grafenmatt140313-640x480.jpg 640w, https:\/\/www.freiburg-schwarzwald.de\/blog\/wp-content\/uploads\/2014\/03\/feldberg17grafenmatt140313.jpg 1000w\" sizes=\"auto, (max-width: 180px) 100vw, 180px\" \/><\/a><br \/>\n(1) Blick s\u00fcdw\u00e4rts zur Grafenmatt\u00a0\u00a0\u00a0\u00a0\u00a0\u00a0\u00a0\u00a0\u00a0\u00a0 (2) Grafenmatt unten 13.3.2014\u00a0\u00a0\u00a0\u00a0\u00a0\u00a0\u00a0\u00a0\u00a0\u00a0 (3) Blick nordw\u00e4rts zum Feldbergturm<\/h5>\n<h5><a href=\"https:\/\/www.freiburg-schwarzwald.de\/blog\/sport\/sportlern\/ski\/feldberg-ski\/feldberg18grafenmatt140313\/\" rel=\"attachment wp-att-46147\"><img loading=\"lazy\" decoding=\"async\" class=\"alignnone size-thumbnail wp-image-46147\" src=\"https:\/\/www.freiburg-schwarzwald.de\/blog\/wp-content\/uploads\/2014\/03\/feldberg18grafenmatt140313-180x135.jpg\" alt=\"feldberg18grafenmatt140313\" width=\"180\" height=\"135\" srcset=\"https:\/\/www.freiburg-schwarzwald.de\/blog\/wp-content\/uploads\/2014\/03\/feldberg18grafenmatt140313-180x135.jpg 180w, https:\/\/www.freiburg-schwarzwald.de\/blog\/wp-content\/uploads\/2014\/03\/feldberg18grafenmatt140313-640x480.jpg 640w, https:\/\/www.freiburg-schwarzwald.de\/blog\/wp-content\/uploads\/2014\/03\/feldberg18grafenmatt140313.jpg 1000w\" sizes=\"auto, (max-width: 180px) 100vw, 180px\" \/><\/a>\u00a0\u00a0\u00a0\u00a0\u00a0\u00a0\u00a0\u00a0\u00a0 <a href=\"https:\/\/www.freiburg-schwarzwald.de\/blog\/sport\/sportlern\/ski\/feldberg-ski\/feldberg19grafenmatt-ski140313\/\" rel=\"attachment wp-att-46148\"><img loading=\"lazy\" decoding=\"async\" class=\"alignnone size-thumbnail wp-image-46148\" src=\"https:\/\/www.freiburg-schwarzwald.de\/blog\/wp-content\/uploads\/2014\/03\/feldberg19grafenmatt-ski140313-180x176.jpg\" alt=\"feldberg19grafenmatt-ski140313\" width=\"180\" height=\"176\" srcset=\"https:\/\/www.freiburg-schwarzwald.de\/blog\/wp-content\/uploads\/2014\/03\/feldberg19grafenmatt-ski140313-180x176.jpg 180w, https:\/\/www.freiburg-schwarzwald.de\/blog\/wp-content\/uploads\/2014\/03\/feldberg19grafenmatt-ski140313.jpg 640w\" sizes=\"auto, (max-width: 180px) 100vw, 180px\" \/><\/a>\u00a0\u00a0\u00a0\u00a0\u00a0\u00a0\u00a0\u00a0\u00a0 <a href=\"https:\/\/www.freiburg-schwarzwald.de\/blog\/sport\/sportlern\/ski\/feldberg-ski\/feldberg20hebelhof140313\/\" rel=\"attachment wp-att-46149\"><img loading=\"lazy\" decoding=\"async\" class=\"alignnone size-thumbnail wp-image-46149\" src=\"https:\/\/www.freiburg-schwarzwald.de\/blog\/wp-content\/uploads\/2014\/03\/feldberg20hebelhof140313-180x135.jpg\" alt=\"feldberg20hebelhof140313\" width=\"180\" height=\"135\" srcset=\"https:\/\/www.freiburg-schwarzwald.de\/blog\/wp-content\/uploads\/2014\/03\/feldberg20hebelhof140313-180x135.jpg 180w, https:\/\/www.freiburg-schwarzwald.de\/blog\/wp-content\/uploads\/2014\/03\/feldberg20hebelhof140313.jpg 640w\" sizes=\"auto, (max-width: 180px) 100vw, 180px\" \/><\/a><br \/>\n(4) Blick nordostw\u00e4rts 13.3.2014\u00a0\u00a0\u00a0\u00a0\u00a0\u00a0\u00a0\u00a0\u00a0\u00a0 (5) Ski machen Pause\u00a0\u00a0\u00a0\u00a0\u00a0\u00a0\u00a0\u00a0\u00a0\u00a0\u00a0\u00a0\u00a0\u00a0\u00a0\u00a0\u00a0\u00a0\u00a0\u00a0\u00a0\u00a0\u00a0\u00a0\u00a0\u00a0\u00a0\u00a0\u00a0 (6) Jugendherberge Hebelhof 13.3.14<\/h5>\n<p>&nbsp;<\/p>\n<p>&nbsp;<\/p>\n<p>&nbsp;<\/p>\n","protected":false},"excerpt":{"rendered":"<p>Home &gt;Sport &gt;Sportlern &gt;Ski &gt;Feldberg-Ski Baldenweger H\u00fctte unterhalb des Feldbergs mit neuen P\u00e4chtern\u00a0(7.12.2022) Mit Bahn und Bus von Freiburg zum Feldberg\u00a0&gt;Skifahren4 (23.1.2012) Lifte und Loipen: Neuerungen im Winter 2011\/12\u00a0&gt;Skifahren4 (13.1.2012) Mit Schneeschuhen vom Feldberg zum Herzogenhorn wandern\u00a0&gt;Herzogenhorn1 (15.2.2011) Viel Sonne, &hellip; <a href=\"https:\/\/www.freiburg-schwarzwald.de\/blog\/sport\/sportlern\/ski\/feldberg-ski\/\">Weiterlesen <span class=\"meta-nav\">&rarr;<\/span><\/a><\/p>\n","protected":false},"author":2,"featured_media":0,"parent":16840,"menu_order":0,"comment_status":"open","ping_status":"closed","template":"","meta":{"footnotes":""},"class_list":["post-46044","page","type-page","status-publish","hentry"],"_links":{"self":[{"href":"https:\/\/www.freiburg-schwarzwald.de\/blog\/wp-json\/wp\/v2\/pages\/46044","targetHints":{"allow":["GET"]}}],"collection":[{"href":"https:\/\/www.freiburg-schwarzwald.de\/blog\/wp-json\/wp\/v2\/pages"}],"about":[{"href":"https:\/\/www.freiburg-schwarzwald.de\/blog\/wp-json\/wp\/v2\/types\/page"}],"author":[{"embeddable":true,"href":"https:\/\/www.freiburg-schwarzwald.de\/blog\/wp-json\/wp\/v2\/users\/2"}],"replies":[{"embeddable":true,"href":"https:\/\/www.freiburg-schwarzwald.de\/blog\/wp-json\/wp\/v2\/comments?post=46044"}],"version-history":[{"count":3,"href":"https:\/\/www.freiburg-schwarzwald.de\/blog\/wp-json\/wp\/v2\/pages\/46044\/revisions"}],"predecessor-version":[{"id":107095,"href":"https:\/\/www.freiburg-schwarzwald.de\/blog\/wp-json\/wp\/v2\/pages\/46044\/revisions\/107095"}],"up":[{"embeddable":true,"href":"https:\/\/www.freiburg-schwarzwald.de\/blog\/wp-json\/wp\/v2\/pages\/16840"}],"wp:attachment":[{"href":"https:\/\/www.freiburg-schwarzwald.de\/blog\/wp-json\/wp\/v2\/media?parent=46044"}],"curies":[{"name":"wp","href":"https:\/\/api.w.org\/{rel}","templated":true}]}}