{"id":45983,"date":"2014-03-12T20:39:47","date_gmt":"2014-03-12T19:39:47","guid":{"rendered":"https:\/\/www.freiburg-schwarzwald.de\/blog\/?page_id=45983"},"modified":"2026-02-06T14:16:08","modified_gmt":"2026-02-06T13:16:08","slug":"schwarzwaldverein-dreisamtal-kirchzarten","status":"publish","type":"page","link":"https:\/\/www.freiburg-schwarzwald.de\/blog\/vereine\/wandervereine\/schwarzwaldverein-dreisamtal-kirchzarten\/","title":{"rendered":"Schwarzwaldverein-Dreisamtal-Kirchzarten"},"content":{"rendered":"<p><a href=\"https:\/\/www.freiburg-schwarzwald.de\/blog\">Home<\/a> &gt;<a title=\"Sport\" href=\"https:\/\/www.freiburg-schwarzwald.de\/blog\/sport\/\">Sport<\/a> &gt;<a title=\"Wandern\" href=\"https:\/\/www.freiburg-schwarzwald.de\/blog\/sport\/wandern\/\">Wandern<\/a> &gt;<a title=\"Vereine\" href=\"https:\/\/www.freiburg-schwarzwald.de\/blog\/vereine\/\">Vereine<\/a> &gt;<a title=\"Wandervereine\" href=\"https:\/\/www.freiburg-schwarzwald.de\/blog\/vereine\/wandervereine\/\">Wandervereine<\/a> &gt;<a title=\"Schwarzwaldverein\" href=\"https:\/\/www.freiburg-schwarzwald.de\/blog\/vereine\/wandervereine\/schwarzwaldverein\/\">Schwarzwaldverein<\/a> &gt;Schwarzwaldverein-Dreisamtal-Kirchzarten<\/p>\n<div id=\"attachment_337\" style=\"width: 613px\" class=\"wp-caption alignnone\"><a href=\"https:\/\/www.freiburg-schwarzwald.de\/blog\/regio\/tal\/immi5a-pan080803\/\" rel=\"attachment wp-att-337\"><img loading=\"lazy\" decoding=\"async\" aria-describedby=\"caption-attachment-337\" class=\"size-full wp-image-337\" src=\"https:\/\/www.freiburg-schwarzwald.de\/blog\/wp-content\/uploads\/2012\/04\/immi5a-pan080803.jpg\" alt=\"Blick von der Immi ob Dietenbach nach Osten zu Weilersbachtal, Hinterwaldkopf und Zastlertal (von links) am 3.8.2008\" width=\"603\" height=\"180\" srcset=\"https:\/\/www.freiburg-schwarzwald.de\/blog\/wp-content\/uploads\/2012\/04\/immi5a-pan080803.jpg 603w, https:\/\/www.freiburg-schwarzwald.de\/blog\/wp-content\/uploads\/2012\/04\/immi5a-pan080803-180x53.jpg 180w\" sizes=\"auto, (max-width: 603px) 100vw, 603px\" \/><\/a><p id=\"caption-attachment-337\" class=\"wp-caption-text\">Blick von der Immi ob Dietenbach nach Osten zu Weilersbachtal, Hinterwaldkopf und Zastlertal (von links) am 3.8.2008<\/p><\/div>\n<ul>\n<li><em>Listenauswahl eines Beitrags (Artikel\/Datum, Seite\/Inhalt): <span style=\"text-decoration: underline;\">Klicken<\/span> oder scrollen<\/em><\/li>\n<li>Schwarzwaldverein Dreisamtal-Kirchzarten. 86 Seiten Wandergl\u00fcck 2026 (1.2.2026)<\/li>\n<li>Mitgliederversammlung SWV-Dreisamtal am 24.2.024 in Kirchzarten (28.2.2024)<\/li>\n<li><a href=\"https:\/\/www.freiburg-schwarzwald.de\/blog\/schwarzwaldverein-wege-gut\/\">Schwarzwaldverein: Wege gut? Alles gut!<\/a>\u00a0(16.6.2021)<\/li>\n<li><a href=\"https:\/\/www.freiburg-schwarzwald.de\/blog\/regio\/orte\/hinterzarten\/\">Wanderung: Hinterzarten \u2013 Alpersbach \u2013 Hinterwaldkopf \u2013 Kirchzarten<\/a>\u00a0(5.5.2021)<\/li>\n<li>Den Schwarzwald liebenswert und \u201ewanderbar\u201c erhalten (21.1.2021)<\/li>\n<li><a href=\"https:\/\/www.freiburg-schwarzwald.de\/blog\/auch-das-vereinsleben-leidet\/\">Auch das Vereinsleben leidet \u2013 Beispiel Schwarzwaldverein<\/a>\u00a0(9.12.2020)<\/li>\n<li><a href=\"https:\/\/www.freiburg-schwarzwald.de\/blog\/giersberg-liegebank-vom-swv\/\">https:\/\/www.freiburg-schwarzwald.de\/blog\/giersberg-liegebank-vom-swv\/<\/a> (15.4.2016)<\/li>\n<li>Vorstand ab M\u00e4rz 2014: (2.2.2014)<\/li>\n<li><span style=\"font-family: Arial;\"><a href=\"https:\/\/www.freiburg-schwarzwald.de\/blog\/schwarzwaldverein-kirchzarten\/\">https:\/\/www.freiburg-schwarzwald.de\/blog\/schwarzwaldverein-kirchzarten\/<\/a>\u00a0(12.3.2014)<\/span><\/li>\n<li><a href=\"https:\/\/www.freiburg-schwarzwald.de\/blog\/kienzlerschmiede-kirchzarten\/\">https:\/\/www.freiburg-schwarzwald.de\/blog\/kienzlerschmiede-kirchzarten\/<\/a>\u00a0(12.7.2013)<\/li>\n<li><span style=\"font-family: Arial;\"><a href=\"https:\/\/www.freiburg-schwarzwald.de\/blog\/swv-pro-giersberg-kompromiss\/\">https:\/\/www.freiburg-schwarzwald.de\/blog\/swv-pro-giersberg-kompromiss\/<\/a>\u00a0(20.2.2013)<\/span><\/li>\n<li><a href=\"https:\/\/www.freiburg-schwarzwald.de\/blog\/schwarzwaldverein-kirchzarten-mit-grossem-mitgliederzuwachs\/\">www.freiburg-schwarzwald.de\/blog\/schwarzwaldverein-kirchzarten-mit-grossem-mitgliederzuwachs\/<\/a>\u00a0(4.7.2012)<\/li>\n<li><\/li>\n<li><span style=\"font-family: Arial;\"><a href=\"https:\/\/www.swv-dreisamtal.de\/\">www.swv-dreisamtal.de<\/a><\/span> &#8211; Offizielle Homepage seit 1.10.2018<\/li>\n<li><strong><a href=\"https:\/\/www.freiburg-schwarzwald.de\/swv-dreisamtal\">www.freiburg-schwarzwald.de\/swv-dreisamtal<\/a>\u00a0\u00a0&#8211; Archiv:\u00a0Erste Homepage bis 1.10.2008\u00a0mit vielen\u00a0Bildern<\/strong><\/li>\n<li>Schwarzwaldverein (SWV) Dreisamtal-Kirchzarten<\/li>\n<li><a title=\"Bickenreute\" href=\"https:\/\/www.freiburg-schwarzwald.de\/blog\/bauernhof\/bickenreute\/\">Bickenreute<\/a><\/li>\n<li><a title=\"Kirchzarten\" href=\"https:\/\/www.freiburg-schwarzwald.de\/blog\/regio\/orte\/kirchzarten\/\">Kirchzarten<\/a><\/li>\n<li><a title=\"Oberried\" href=\"https:\/\/www.freiburg-schwarzwald.de\/blog\/regio\/orte\/oberried\/\">Oberried<\/a><\/li>\n<\/ul>\n<p>&nbsp;<\/p>\n<p><strong>Schwarzwaldverein (SWV) Dreisamtal-Kirchzarten<\/strong><\/p>\n<h5><a href=\"https:\/\/www.freiburg-schwarzwald.de\/blog\/vereine\/wandervereine\/schwarzwaldverein-dreisamtal-kirchzarten\/jockeles1-060507\/\" rel=\"attachment wp-att-45997\"><img loading=\"lazy\" decoding=\"async\" class=\"alignnone size-thumbnail wp-image-45997\" src=\"https:\/\/www.freiburg-schwarzwald.de\/blog\/wp-content\/uploads\/2014\/03\/jockeles1-060507-180x135.jpg\" alt=\"jockeles1-060507\" width=\"180\" height=\"135\" srcset=\"https:\/\/www.freiburg-schwarzwald.de\/blog\/wp-content\/uploads\/2014\/03\/jockeles1-060507-180x135.jpg 180w, https:\/\/www.freiburg-schwarzwald.de\/blog\/wp-content\/uploads\/2014\/03\/jockeles1-060507.jpg 640w\" sizes=\"auto, (max-width: 180px) 100vw, 180px\" \/><\/a>\u00a0\u00a0\u00a0 \u00a0\u00a0\u00a0\u00a0\u00a0\u00a0\u00a0<a href=\"https:\/\/www.freiburg-schwarzwald.de\/blog\/vereine\/wandervereine\/schwarzwaldverein-dreisamtal-kirchzarten\/rees-lissy1102\/\" rel=\"attachment wp-att-46007\"><img loading=\"lazy\" decoding=\"async\" class=\"alignnone size-thumbnail wp-image-46007\" src=\"https:\/\/www.freiburg-schwarzwald.de\/blog\/wp-content\/uploads\/2014\/03\/rees-lissy1102-141x180.jpg\" alt=\"rees-lissy1102\" width=\"141\" height=\"180\" srcset=\"https:\/\/www.freiburg-schwarzwald.de\/blog\/wp-content\/uploads\/2014\/03\/rees-lissy1102-141x180.jpg 141w, https:\/\/www.freiburg-schwarzwald.de\/blog\/wp-content\/uploads\/2014\/03\/rees-lissy1102.jpg 366w\" sizes=\"auto, (max-width: 141px) 100vw, 141px\" \/><\/a>\u00a0\u00a0\u00a0\u00a0\u00a0\u00a0\u00a0 \u00a0 \u00a0\u00a0 <a href=\"https:\/\/www.freiburg-schwarzwald.de\/blog\/vereine\/wandervereine\/schwarzwaldverein-dreisamtal-kirchzarten\/jockele7-060611\/\" rel=\"attachment wp-att-45998\"><img loading=\"lazy\" decoding=\"async\" class=\"alignnone size-thumbnail wp-image-45998\" src=\"https:\/\/www.freiburg-schwarzwald.de\/blog\/wp-content\/uploads\/2014\/03\/jockele7-060611-180x135.jpg\" alt=\"jockele7-060611\" width=\"180\" height=\"135\" srcset=\"https:\/\/www.freiburg-schwarzwald.de\/blog\/wp-content\/uploads\/2014\/03\/jockele7-060611-180x135.jpg 180w, https:\/\/www.freiburg-schwarzwald.de\/blog\/wp-content\/uploads\/2014\/03\/jockele7-060611.jpg 640w\" sizes=\"auto, (max-width: 180px) 100vw, 180px\" \/><\/a><br \/>\n(1) Jockelesh\u00e4usle Mai 2006\u00a0 \u00a0(2) Lissy Rees\u00a0\u00a0Februar 2011\u00a0 \u00a0 (3) Sch\u00f6ne, alte Wegweiser<\/h5>\n<p>(1) Blick \u00fcbers Jockelesh\u00e4usle nach Westen in Richtung Rappenecker H\u00fctte bzw. Schauinsland<br \/>\n(2) Vorstand 24.2.2011 des SWV Kirchzarten:\u00a0Lissy Rees und Wolfgang W\u00fcrmle<br \/>\n.<br \/>\n<a href=\"https:\/\/www.swv-dreisamtal.de\">https:\/\/www.swv-dreisamtal.de<\/a><br \/>\n===========================================================<br \/>\n.<\/p>\n<div id=\"attachment_121175\" style=\"width: 650px\" class=\"wp-caption alignnone\"><a href=\"https:\/\/www.freiburg-schwarzwald.de\/blog\/wp-content\/uploads\/2024\/02\/schwarzwaldverein-dreisamtal-kirchzarten.pan240225.jpg\"><img loading=\"lazy\" decoding=\"async\" aria-describedby=\"caption-attachment-121175\" class=\"size-full wp-image-121175\" src=\"https:\/\/www.freiburg-schwarzwald.de\/blog\/wp-content\/uploads\/2024\/02\/schwarzwaldverein-dreisamtal-kirchzarten.pan240225.jpg\" alt=\"\" width=\"640\" height=\"369\" srcset=\"https:\/\/www.freiburg-schwarzwald.de\/blog\/wp-content\/uploads\/2024\/02\/schwarzwaldverein-dreisamtal-kirchzarten.pan240225.jpg 640w, https:\/\/www.freiburg-schwarzwald.de\/blog\/wp-content\/uploads\/2024\/02\/schwarzwaldverein-dreisamtal-kirchzarten.pan240225-180x104.jpg 180w\" sizes=\"auto, (max-width: 640px) 100vw, 640px\" \/><\/a><p id=\"caption-attachment-121175\" class=\"wp-caption-text\">Der Schwarzwaldverein Dreisamtal-Kirchzarten informiert in Kirchzarten<\/p><\/div>\n<p>&nbsp;<\/p>\n<p><strong>Schwarzwaldverein Dreisamtal-Kirchzarten. 86 Seiten Wandergl\u00fcck 2026<\/strong><br \/>\nDas Programm 2026 vom Schwarzwaldverein Dreisamtal-Kirchzarten lockt mit Vielseitigkeit \u2013 86-seitige Brosch\u00fcre mit zahlreichen Veranstaltungen<br \/>\nObwohl das Lied \u201eDas Wandern ist des M\u00fcllers Lust\u201c bereits Anfang des 19. Jahrhundert komponiert wurde, einer Zeit, als Handwerksgesellen noch auf Wanderschaft gingen, wird es von Wanderern immer wieder gerne gesungen. W\u00e4hrend die Gesellen in der Fremde Neues f\u00fcr ihr Handwerk erforschen sollten, erfreut sich heute das Erkunden der n\u00e4heren und ferneren Umgebung auf Schusters Rappen bei Alt und verst\u00e4rkt auch bei Jung wachsender Beliebtheit. Und da ist es gut, dass der Schwarzwaldverein Dreisamtal-Kirchzarten mit seinem aktuellen Veranstaltungsplan 2026 rund 50 vielseitige Wege und Ideen aufzeigt, die Region immer wieder neu zu erleben.<br \/>\nBesonders hilfreich sind gleich zu Beginn der 86 Seiten starken Borsch\u00fcre die neu aufgenommenen Hinweise zum Wegenetz des Schwarzwaldvereins mit seiner unterschiedlichen, logisch aufgebauten Markierung der Wanderwege. Hinweise auf die Schwierigkeitsgrade der einzelnen Touren sowie der Satz \u201eWir wandern bei fast jeder Witterung\u201c helfen zur pers\u00f6nlichen Einsch\u00e4tzung. Und dann folgen dem Jahresverlauf nach die Vorstellungen vieler herrlicher Wanderungen unterschiedlichster L\u00e4nge, Dauer oder Belastung mit Km-Angaben, Wanderzeit und sogar den notwendigen H\u00f6henmetern. Schneeschuhwandern im Winter, Radtouren oder Besichtigungen geh\u00f6ren ebenso zum Programm wie Abendspazierg\u00e4nge oder Gesangsrunden. Besondere Highlights sind seit vielen Jahren die Vogesen-Tour am 3. Oktober oder das Herbstfest am Vereinsheim Jockelesh\u00e4usle. F\u00fcr die J\u00fcngsten wird das \u201eGeocaching: Kirchzarten entdecken \u2013 Auf den Spuren von Kelten, Hexen und Legenden\u201c spannend sein. Und die regelm\u00e4\u00dfigen F\u00fchrungen durch die Kienzlerschmiede haben ihren eigenen Reiz. Vereinsmitglieder sollten die Mitgliederversammlung am 18. April nicht vers\u00e4umen.<br \/>\nIm Vorwort spricht Andrea Kohn, die Vorsitzende des Schwarzwaldvereins Dreisamtal-Kirchzarten nicht nur die Mitglieder, sondern auch die vielen G\u00e4ste, die bewusst den Schwarzwald als Reiseziel gew\u00e4hlt haben, an. Sie l\u00e4dt alle zur Teilnahme an den zahlreichen Veranstaltungen ein. Ihr besonderer Dank gilt vor allem den Wanderf\u00fchrerinnen und Wanderf\u00fchrern, die sich inhaltlich und mit Vorbegehungen auf jede Tour vorbereiten. Sie wei\u00df um das Engagement der Wegewarte, die sich f\u00fcr Sicherheit und Markierung der Wanderwege stark machen. Aber auch viele andere k\u00fcmmern sich im Hintergrund um qualifizierte Angebote und beste Vereinspr\u00e4sentation. So erfolgte im vergangenen Jahr unter www.swv-dreisam tal.de eine informative und ansprechende neue Internetpr\u00e4sentation. Hier kann auch alles Aktuelle zu dem umfangreichen Wander- und Veranstaltungsplan vom Schwarzwaldverein Dreisamtal-Kirchzarten nachgelesen werden.<br \/>\n1.2.2026, Gerd L\u00fcck<\/p>\n<p>&nbsp;<\/p>\n<p><strong>Mitgliederversammlung SWV-Dreisamtal am 24.2.024 in Kirchzarten<\/strong><br \/>\n<strong>Schwarzwaldverein ist mehr als \u201enur\u201c Wanderverein!<\/strong><\/p>\n<p><em>Peter K\u00f6ster f\u00fcr 70 und Mathilde Herr f\u00fcr 60 Jahre Mitgliedschaft geehrt \u2013 Guter Besuch der Mitgliederversammlung<\/em><\/p>\n<p>Kirchzarten (gl\u00fc.) Der Schwarzwaldverein Dreisamtal-Kirchzarten, nach dem SV Kirchzarten einer der gr\u00f6\u00dften Vereine des Ortes, konnte auf seiner Mitgliederversammlung am Samstag im Hotel L\u00f6wen nicht nur die stattliche Zahl von 54 Mitgliedern begr\u00fc\u00dfen, sondern mit einer F\u00fclle interessanter Berichte seine Vielseitigkeit beweisen. Die Vorsitzende Andrea Kohn zog zu Beginn eine Bilanz ihres ersten Amtsjahres \u2013 sie l\u00f6ste im M\u00e4rz 2023 Wolfgang W\u00fcrmle als 1. Vorsitzende ab. Sie stellte fest, dass die komplexe Vereinsf\u00fchrung viel Zeit, die aber abwechslungsreich und interessant sei, erfordere.<\/p>\n<p>Besondere H\u00f6hepunkte 2023 seien f\u00fcr sie u.a. der Infostand beim Verkaufsoffenen Sonntag mit der Gewinnung von drei neuen Mitgliedern, der Start von Gesundheitswanderungen, das gro\u00dfe Interesse an der Kienzlerschmiede sowie die Aktionen im Rahmen der \u201eGartenwelten\u201c gewesen. Stolz k\u00f6nne der Ortsverein \u00fcber die Ehrung bei der Hauptversammlung des Schwarzwaldvereins \u00fcber den 1. Preis f\u00fcr die Gewinnung von 83 Neumitgliedern 2022 sein. Ein wichtiges Anliegen sei ihr weiterhin, den Inklusionsgedanken mit Aktionen hochzuhalten. Der Rundbrief Anfang Dezember zu einer geringf\u00fcgigen Beitragserh\u00f6hung, die komplett an den Hauptverein ginge, habe zu einer verst\u00e4ndlichen \u201eBereinigung\u201c der Mitgliederkartei gef\u00fchrt, konnte aber durch zahlreiche Neumitglieder aufgefangen werden. Schriftf\u00fchrer Dietmar Jobst best\u00e4tigte die aktuellen Zahlen: \u201eWir hatten am 31. Dezember 2023 insgesamt 735 Mitglieder.\u201c Die 62 durch Tod oder K\u00fcndigungen ausgeschiedenen Mitglieder konnten durch 51 \u201eNeue\u201c fast wieder ausgeglichen werden. Die Aktion \u201eMitglieder werden Mitglieder\u201c sei weiterhin sehr erfolgreich.<\/p>\n<p>Der 2. Vorsitzende Wolfgang W\u00fcrmle k\u00fcmmert sich mit Regina Goldschmidt intensiv um die Pflege des Vereinsheimes \u201eJockelesh\u00e4usle\u201c. Die Nachfrage sei so riesig, dass das \u201eH\u00e4usle\u201c f\u00fcr 2024 bereits komplett ausgebucht sei. Das sei auch gut, so W\u00fcrmle, denn die Unterhaltskosten seien bei dem Geb\u00e4ude aus dem Jahr 1749 schon enorm. So h\u00e4tte eine St\u00fctzmauer erneuert werden m\u00fcssen und, um Trockenzeiten der Quelle vorzubeugen, w\u00e4re die Installation von Wassertanks notwendig gewesen. Auch die Pflege der Umgebung erfordere viel Arbeit. \u201eImmer wieder stellen wir mit Hochachtung fest\u201c, so der H\u00fcttenwart, \u201ewelch enorme Arbeit Franz und Lissy Rees w\u00e4hrend ihren langj\u00e4hrigen H\u00fcttenverantwortung geleistet haben.\u201c<\/p>\n<p>Als Wegewart konnte Heinz Esders von mancherlei Arbeit, die auf ihn und sein Wegeteam regelm\u00e4\u00dfig zukommen, berichten. Schlie\u00dflich g\u00e4be es ja insgesamt 204 Kilometer Wanderwege f\u00fcr die zunehmende Wanderschar auf Kirchzartener und Oberrieder Gemarkung zu pflegen. In insgesamt 450 Arbeitsstunden h\u00e4tten sie 49 Rauten, 39 Richtungspfeile, 3 Wegweisebl\u00e4tter und 10 Pfosten montieren m\u00fcssen. Hinzu k\u00e4men die Pflegearbeiten nach Sturmsch\u00e4den, Waldarbeiten oder Bauarbeiten. Immer gelte es auch, nach M\u00f6glichkeiten zur Verbesserung der Attraktivit\u00e4t der Wege zu suchen. Die Bauh\u00f6fe Oberried und Kirchzarten seien stets hilfreiche Partner.<\/p>\n<p>Wanderwartin Regina Goldschmidt legte mit 31 Wanderungen, an denen 462 Teilnehmende etwa 359 Kilometer liefen, sowie vier Radtouren mit 35 Bikern und 132 Kilometern eine positive Bilanz vor. Erfreulich sei, dass die Themenwanderungen zu Gesundheit, Entwicklung des Waldes oder Garten zun\u00e4hmen. 17 qualifizierte Wanderf\u00fchrer engagieren sich f\u00fcr die im ausf\u00fchrlichen Wanderplan beschriebenen Touren. Als Fachwart f\u00fcr Naturschutz ist Hans-Peter Buch mit seiner Frau Christiane an sechs sowie Dietmar und Ulla Jobst an zwei Wochenenden auf \u201eStreifengang\u201c im Auftrag der Interessengemeinschaft Schauinsland unterwegs. Sie schauen z.B. ob Hunde angeleint sind, wie es mit M\u00fcll rund um den Gipfel aussieht, ob Wanderzeichen und B\u00e4nke oder Z\u00e4une in Ordnung sind. Dabei pflegen sie gute Kontakte zum zust\u00e4ndigen F\u00f6rster. Dargleff Jahnke, Fachwart f\u00fcr Heimatpflege, konnte von gro\u00dfem Interesse an den \u201eTagen der offenen T\u00fcr\u201c der Kienzlerschmiede berichten. Das Archiv des Vereins habe er digitalisiert und die Ordner h\u00e4tten einen guten Platz im neuen Vereinsb\u00fcro in der Schmiede gefunden. Leider habe er seinen Plan, die Kienzlerschmiede mit QR-Codes f\u00fcr Besucher noch attraktiver zu machen, auf 2024 schieben m\u00fcssen. Am Silberbrunnen solle ein Hinweisschild informieren und das Thema Bergbau-Standorte und Grenzsteine stehe ebenfalls auf seiner Agenda. Erfreulich war der Kassenbericht von Kassierer Hans-Peter Buch, der einen Gewinn von 17.746 Euro verzeichnete. Jetzt habe der Verein wieder ein gutes Polster f\u00fcr \u201eUnvorhergesehenes\u201c.<\/p>\n<p>Bevor B\u00fcrgermeister Andreas Hall die einstimmig erteilte Entlastung des Vorstandes vornahm, dankte er allen Aktiven im Schwarzwaldverein f\u00fcr das gro\u00dfartige Engagement: \u201eDas ist eine enorme Bannbreite, die in den Berichten deutlich wurde.\u201c Toll sei, dass die Wanderungen vermehrt unter Themen wie Inklusion oder Gesundheit gestellt und im Wanderplan beschrieben w\u00fcrden. Er unterstrich die Leistungen von Franz und Lissy Rees rund ums Jockelesh\u00e4usle: \u201eDas ist dort oben alles so liebevoll gestataltet!\u201c Eigentlich sei es f\u00fcr jeden B\u00fcrger im Dreisamtal Pflicht, Mitglied im Schwarzwaldverein zu sein. F\u00fcr Oberried und Kirchzarten stellte Hall fest: \u201eWir Kommunen wissen, was wir am Schwarzwaldverein haben.\u201c J\u00f6rg Czybulka, Bezirksvorsitzender Breisgau-Kaiserstuhl, brachte Gr\u00fc\u00dfe vom Hauptverein und lobte die vielf\u00e4ltigen Aktivit\u00e4ten des Schwarzwaldvereins Dreisamtal-Kirchzarten besonders im Bereich Mitgliederwerbung. Den erfreulichen Abschluss einer intensiven Mitgliederversammlung bildete die Ehrung von insgesamt 34 Mitgliedern, die 70, 60, 50, 40 und 25 Jahre im Schwarzwaldverein mitmachen. Besonderen Beifall bekamen Peter K\u00f6ster (83) f\u00fcr 70 Jahre und Mathilde Herr f\u00fcr 60 Jahre Mitgliedschaft.<br \/>\n25.2.2024, Gerhard L\u00fcck, <a href=\"https:\/\/www.dreisamtaeler.de\">https:\/\/www.dreisamtaeler.de\u00a0<\/a><\/p>\n<p>&nbsp;<\/p>\n<p><strong>Den Schwarzwald liebenswert und \u201ewanderbar\u201c erhalten<\/strong><br \/>\nDer Schwarzwaldverein Dreisamtal-Kirchzarten l\u00e4sst sich von <a href=\"https:\/\/www.freiburg-schwarzwald.de\/blog\/business\/gesund\/corona-virus\/corona\/\">Corona<\/a> nicht unterkriegen<br \/>\nF\u00fcr Vereine, die besonders vom und f\u00fcrs Miteinander vieler Menschen leben, ist die <a href=\"https:\/\/www.freiburg-schwarzwald.de\/blog\/business\/gesund\/corona-virus\/\">Corona-Pandemie<\/a> ern\u00fcchternd und lahmlegend. Viele gemeinsame Aktivit\u00e4ten k\u00f6nnen und d\u00fcrfen nicht sein \u2013 die Sorge w\u00e4chst, sich aus den Augen zu verlieren. Auch der Schwarzwaldverein Dreisamtal-Kirchzarten kann davon ein trauriges Lied singen, mussten doch im letzten Jahr zahlreiche im gedruckten Wanderplan vorgesehenen Touren entfallen.<br \/>\nEinige Wanderungen konnten dann doch nach Lockdown-Lockerungen mit maximal 15 Teilnehmenden durchgef\u00fchrt werden, wobei der Spa\u00dfeffekt wegen Abstandsregeln und Einkehrverbot schon ein wenig litt \u2013 aber so fanden zumindest kleinere Wanderungen in der Umgebung statt. Immerhin konnten in der vom Schwarzwaldverein liebevoll gepflegten Kienzlerschmiede f\u00fcnf F\u00fchrungen f\u00fcr je neun Besucher durchgef\u00fchrt werden. Da die Pandemie im vergangenen Jahr eine bisher nie erlebte Wanderaktivit\u00e4t in der Bev\u00f6lkerung ausl\u00f6ste, kam einer bei den Wandernden nicht so bewussten Aufgabe des Vereins eine gro\u00dfe Bedeutung zu: der Wege- und Markierungspflege.<br \/>\nDer Wegewart des Vereins, Heinz Esders, ist mit seinen f\u00fcnf Mitstreitern Walter Aussenhofer, Michael Rommelspacher, Andreas Hubert, J\u00fcrgen M\u00fcller und Dieter Troska f\u00fcr insgesamt 204 WanderwegeKilometer \u2013 46 auf der Gemarkung Kirchzarten und 158 auf Oberrieder Gebiet \u2013 verantwortlich. In den Bereichen Hofsgrund, St. Wilhelm, Zastlertal, Neuh\u00e4user und Kirchzarten leisteten die M\u00e4nner 2020 insgesamt 504 ehrenamtliche Stunden \u2013 54 mehr als im Vorjahr. Sie markierten Strecken mit neuen Rauten und Wegweisern (weil manchmal auch entwendet oder mutwillig zerst\u00f6rt!), setzten Pfosten, hielten Wege frei und bauten Stege. St\u00fcrme und Unwetter schafften st\u00e4ndig neue Herausforderungen f\u00fcr die Wegewarte. An der Markierung des \u201eWildniserlebnispfades\u201c in St. Wilhelm war der Schwarzwaldverein ebenso beteiligt wie an den Planungen und Vorbereitungen f\u00fcr den in Oberried beginnenden zw\u00f6lf Kilometer langen Qualit\u00e4tswanderweg \u201eFelsenweg\u201c, \u00fcber den zu gegebener Zeit ausf\u00fchrlich berichtet wird. Immer wieder gilt es auch, Wanderwege umzulegen, um sie f\u00fcr die Nutzer gefahrloser zu machen.<br \/>\nAuch den Aufgaben der Naturschutzwarte des Schwarzwaldvereins kommt angesichts des Wanderbooms besondere Bedeutung zu. Sie unterst\u00fctzen an mehreren Wochenenden eines Jahres die Interessengemeinschaft Schauinsland bei der Umsetzung von Naturschutzma\u00dfnahmen. Sie sammeln dann am Freiburger Hausberg nicht nur Unmengen von M\u00fcll ein, sondern weisen die Wanderer oder Spazierg\u00e4nger auch auf wichtige Verhaltensweisen wie Einhaltung der Wege hin.<br \/>\n.<br \/>\nDer Schwarzwaldverein Dreisamtal-Kirchzarten h\u00e4lt sich angesichts der aktuellen Corona-Entwicklung mit konkreten Wanderpl\u00e4nen f\u00fcr 2021 zur\u00fcck und hat auch nichts in Druck gegeben. Er bleibt jedoch ganz nah am aktuellen Geschehen dran \u2013 und Wegearbeit und Naturschutz gehen ohnehin auch in diesem Jahr unver\u00e4ndert weiter. Viel Freude w\u00fcrde es den Mitgliedern und dem Vorstand bereiten, wenn endlich das vereinseigene Wanderheim \u201eJockelesh\u00e4usle\u201c oberhalb vom Zastlertal wieder f\u00fcr Begegnungen ge\u00f6ff net werden k\u00f6nnte. Dann w\u00e4re es auch m\u00f6glich, die hoffentlich gro\u00dfe summende G\u00e4steschar in den zwei neuen Bienenhotels zu beobachten. Mehr Infos und Aktuelles finden sich unter <a href=\"https:\/\/www.swv-dreisamtal.de\">https:\/\/www.swv-dreisamtal.de<\/a><br \/>\n21.1.2021, Gerhard L\u00fcck<\/p>\n<p><strong>Vorstand ab M\u00e4rz 2014:<\/strong><br \/>\nVorsitzende Lissy Rees mit Stellvertreter Wolfgang W\u00fcrmle<br \/>\nSchriftf\u00fchrer Dietmar Jobst,<br \/>\nWander- und Naturschutzwart Franz Rees<br \/>\nBeirat Uwe Matzeit<br \/>\nKassenwart \u00a0Hans-Peter Buch<br \/>\nWegewart Heinz Esders<br \/>\nBeisitzer Christian von Stosch<\/p>\n<p><a href=\"https:\/\/www.freiburg-schwarzwald.de\/blog\/schwarzwaldverein-kirchzarten\/schwarzwaldverein-kirchzarten1403\/\" rel=\"attachment wp-att-45977\"><img loading=\"lazy\" decoding=\"async\" class=\"alignnone size-thumbnail wp-image-45977\" src=\"https:\/\/www.freiburg-schwarzwald.de\/blog\/wp-content\/uploads\/2014\/03\/schwarzwaldverein-kirchzarten1403-180x95.jpg\" alt=\"schwarzwaldverein-kirchzarten1403\" width=\"180\" height=\"95\" srcset=\"https:\/\/www.freiburg-schwarzwald.de\/blog\/wp-content\/uploads\/2014\/03\/schwarzwaldverein-kirchzarten1403-180x95.jpg 180w, https:\/\/www.freiburg-schwarzwald.de\/blog\/wp-content\/uploads\/2014\/03\/schwarzwaldverein-kirchzarten1403.jpg 639w\" sizes=\"auto, (max-width: 180px) 100vw, 180px\" \/><\/a><\/p>\n<p>Vorstand 2014-2017: Franz Rees, Uwe Matzeit, Heinz Esders, Dietmar Jobst, Wolfgang W\u00fcrmle, Lissy Rees, Hans-Peter Buch und Christian von Stosch. \u2013 F\u00fcr 60 Jahre Mitgliedschaft im Schwarzwaldverein wurde Peter K\u00f6ster geehrt (v.l.).\u00a0Foto: Gerhard L\u00fcck<\/p>\n<p>Kontakt:<br \/>\nLissy Rees, Hauptstr. 57, 79199 Kirchzarten, Tel 07661\/3651, <a href=\"mailto:f.rees@freenet.de\">f.rees@freenet.de<\/a><br \/>\nWolfgang W\u00fcrmle, Steurentalstr. 30, 79252 Stegen, Tel 07661\/1445, <a href=\"mailto:wuermle.wolfgang@web.de\">wuermle.wolfgang@web.de<\/a><br \/>\nDietmar Jobst, <a href=\"mailto:Dietmar.jobst@@T-Online.de\">Dietmar.jobst@@T-Online.de<\/a><br \/>\n<a href=\"https:\/\/www.swv-dreisamtal.de\/\">www.swv-dreisamtal.de<\/a><\/p>\n<p>&nbsp;<\/p>\n","protected":false},"excerpt":{"rendered":"<p>Home &gt;Sport &gt;Wandern &gt;Vereine &gt;Wandervereine &gt;Schwarzwaldverein &gt;Schwarzwaldverein-Dreisamtal-Kirchzarten Listenauswahl eines Beitrags (Artikel\/Datum, Seite\/Inhalt): Klicken oder scrollen Schwarzwaldverein Dreisamtal-Kirchzarten. 86 Seiten Wandergl\u00fcck 2026 (1.2.2026) Mitgliederversammlung SWV-Dreisamtal am 24.2.024 in Kirchzarten (28.2.2024) Schwarzwaldverein: Wege gut? Alles gut!\u00a0(16.6.2021) Wanderung: Hinterzarten \u2013 Alpersbach \u2013 Hinterwaldkopf &hellip; <a href=\"https:\/\/www.freiburg-schwarzwald.de\/blog\/vereine\/wandervereine\/schwarzwaldverein-dreisamtal-kirchzarten\/\">Weiterlesen <span class=\"meta-nav\">&rarr;<\/span><\/a><\/p>\n","protected":false},"author":2,"featured_media":0,"parent":1417,"menu_order":0,"comment_status":"open","ping_status":"closed","template":"","meta":{"footnotes":""},"class_list":["post-45983","page","type-page","status-publish","hentry"],"_links":{"self":[{"href":"https:\/\/www.freiburg-schwarzwald.de\/blog\/wp-json\/wp\/v2\/pages\/45983","targetHints":{"allow":["GET"]}}],"collection":[{"href":"https:\/\/www.freiburg-schwarzwald.de\/blog\/wp-json\/wp\/v2\/pages"}],"about":[{"href":"https:\/\/www.freiburg-schwarzwald.de\/blog\/wp-json\/wp\/v2\/types\/page"}],"author":[{"embeddable":true,"href":"https:\/\/www.freiburg-schwarzwald.de\/blog\/wp-json\/wp\/v2\/users\/2"}],"replies":[{"embeddable":true,"href":"https:\/\/www.freiburg-schwarzwald.de\/blog\/wp-json\/wp\/v2\/comments?post=45983"}],"version-history":[{"count":5,"href":"https:\/\/www.freiburg-schwarzwald.de\/blog\/wp-json\/wp\/v2\/pages\/45983\/revisions"}],"predecessor-version":[{"id":145397,"href":"https:\/\/www.freiburg-schwarzwald.de\/blog\/wp-json\/wp\/v2\/pages\/45983\/revisions\/145397"}],"up":[{"embeddable":true,"href":"https:\/\/www.freiburg-schwarzwald.de\/blog\/wp-json\/wp\/v2\/pages\/1417"}],"wp:attachment":[{"href":"https:\/\/www.freiburg-schwarzwald.de\/blog\/wp-json\/wp\/v2\/media?parent=45983"}],"curies":[{"name":"wp","href":"https:\/\/api.w.org\/{rel}","templated":true}]}}