{"id":45824,"date":"2014-03-07T17:37:05","date_gmt":"2014-03-07T16:37:05","guid":{"rendered":"https:\/\/www.freiburg-schwarzwald.de\/blog\/?page_id=45824"},"modified":"2026-02-15T15:22:59","modified_gmt":"2026-02-15T14:22:59","slug":"pluralismus","status":"publish","type":"page","link":"https:\/\/www.freiburg-schwarzwald.de\/blog\/religion\/pluralismus\/","title":{"rendered":"Pluralismus"},"content":{"rendered":"<p><a href=\"https:\/\/www.freiburg-schwarzwald.de\/blog\">Home<\/a> &gt;<a title=\"Religion\" href=\"https:\/\/www.freiburg-schwarzwald.de\/blog\/religion\/\">Religion<\/a> &gt;Religi\u00f6ser Pluralismus<\/p>\n<div id=\"attachment_44604\" style=\"width: 648px\" class=\"wp-caption alignnone\"><a href=\"https:\/\/www.freiburg-schwarzwald.de\/blog\/global\/israel\/israel2013\/bethlehem\/israel6masada-pan131031\/\" rel=\"attachment wp-att-44604\"><img loading=\"lazy\" decoding=\"async\" aria-describedby=\"caption-attachment-44604\" class=\"size-full wp-image-44604\" src=\"https:\/\/www.freiburg-schwarzwald.de\/blog\/wp-content\/uploads\/2013\/11\/israel6masada-pan131031.jpg\" alt=\"Masada am Toten Meer Ende Oktober 2013\" width=\"638\" height=\"205\" srcset=\"https:\/\/www.freiburg-schwarzwald.de\/blog\/wp-content\/uploads\/2013\/11\/israel6masada-pan131031.jpg 638w, https:\/\/www.freiburg-schwarzwald.de\/blog\/wp-content\/uploads\/2013\/11\/israel6masada-pan131031-180x57.jpg 180w\" sizes=\"auto, (max-width: 638px) 100vw, 638px\" \/><\/a><p id=\"caption-attachment-44604\" class=\"wp-caption-text\">Masada am Toten Meer Ende Oktober 2013<\/p><\/div>\n<p>&nbsp;<\/p>\n<p><strong><a href=\"https:\/\/www.freiburg-schwarzwald.de\/blog\/engagement\/zukunft\/demokratie\/democracy-first\/\">Demokratie ist die beste Staatsform!<\/a><\/strong><\/p>\n<ul>\n<li><em>Listenauswahl eines Beitrags (Artikel\/Datum, Seite\/Inhalt):\u00a0<span style=\"text-decoration: underline;\">Klicken<\/span>\u00a0oder scrollen<\/em><\/li>\n<li><a href=\"https:\/\/www.freiburg-schwarzwald.de\/blog\/martenstein-video-demokratie\/\">Martenstein: Video Demokratie<\/a>\u00a0(15.3.2026)<\/li>\n<li><a href=\"https:\/\/www.freiburg-schwarzwald.de\/blog\/religion\/oekumene\/\">12.000 Besucher in Augsburg: Glaubensfestival verunsichert linke Moralapostel<\/a>\u00a0(30.12.2025)<\/li>\n<li><a href=\"https:\/\/www.freiburg-schwarzwald.de\/blog\/vereine\/partei\/cdu\/brandmauer\/\">Die Brandmauer zerst\u00f6rt den Pluralismus des demokratischen Systems<\/a> (13.10.2025)<\/li>\n<li><a href=\"https:\/\/www.freiburg-schwarzwald.de\/blog\/religion\/religionsunterricht\/religionskunde\/\">Eine Religionskunde statt viele bekenntnisorientierte Religionsunterrichte<\/a>\u00a0(13.8.2025)<\/li>\n<li><a href=\"https:\/\/www.freiburg-schwarzwald.de\/blog\/pluralismus-bodensee-bundestag\/\">Pluralismus: Bodensee Bundestag<\/a> (12.7.2025)<\/li>\n<li><a href=\"https:\/\/www.freiburg-schwarzwald.de\/blog\/berlin-contra-kind-jude-christ\/\">Berlin contra Kind, Jude, Christ<\/a>\u00a0(23.5.2025)<\/li>\n<li><a href=\"https:\/\/www.freiburg-schwarzwald.de\/blog\/habeck-gegen-meinungsfreiheit\/\">Habeck gegen Meinungsfreihei<\/a>t (30.10.2024)<\/li>\n<li><a href=\"https:\/\/www.freiburg-schwarzwald.de\/blog\/engagement\/zukunft\/demokratie\/democracy-first\/\">\u201eDemocracy first!\u201c \u2013 keine Staatsform ist besser als die Demokratie<\/a>\u00a0(10.4.2024)<\/li>\n<li><a href=\"https:\/\/www.freiburg-schwarzwald.de\/blog\/religion\/kreuze\/\">Der \u201eKreuz-Skandal\u201c in Bayern als Toleranz-Test<\/a>\u00a0(24.12.2023)<\/li>\n<li>Vereinheitlichung des Denkens und Sagens &#8211; Pluralismus ade (29.11.2022)<\/li>\n<li><a href=\"https:\/\/www.freiburg-schwarzwald.de\/blog\/religion\/nihilismus\/\">Dostojewski \u201eB\u00f6se Geister\u201c: Nihilismus und Destruktion<\/a>\u00a0(8.7.2022)<\/li>\n<li><a href=\"https:\/\/www.freiburg-schwarzwald.de\/blog\/440000-kirchenaustritte-in-2020\/\">440000 Kirchenaustritte in 2020<\/a>\u00a0(18.7.2021)<\/li>\n<li><a href=\"https:\/\/www.freiburg-schwarzwald.de\/blog\/neue-parteien-pluralismus\/\">Neue Parteien \u2013 Pluralismus<\/a>\u00a0(30.5.2021)<\/li>\n<li><a href=\"https:\/\/www.freiburg-schwarzwald.de\/blog\/dante-1321-goettliche-komoedie\/\">Dante 1321: G\u00f6ttliche Kom\u00f6die<\/a>\u00a0(10.4.2021)<\/li>\n<li><a href=\"https:\/\/www.freiburg-schwarzwald.de\/blog\/vereine\/partei\/basis\/\">dieBasis \u2013 Basisdemokratische Partei Deutschland<\/a>\u00a0(12.1.2021)<\/li>\n<li><a href=\"https:\/\/www.freiburg-schwarzwald.de\/blog\/global\/ethnien\/\">Ethnopluralismus<\/a>\u00a0(8.1.2021)<\/li>\n<li><a href=\"https:\/\/www.freiburg-schwarzwald.de\/blog\/religion\/islam\/islam-politik\/\">Politischer Islam: B\u00fcrgerbewegung PaxEuropa (BPE) informiert<\/a>\u00a0(4.12.2020)<\/li>\n<li><a href=\"https:\/\/www.freiburg-schwarzwald.de\/blog\/religion\/christen\/christentum\/\">Realit\u00e4tsverweigerung der katholischen Bisch\u00f6fe in der Auseinandersetzung mit dem Islam<\/a>\u00a0(6.11.2020)<\/li>\n<li>Prof Susanne Schr\u00f6ter: Kirche l\u00e4sst sich von Islamverb\u00e4nden Agenda diktieren (14.1.2020)<\/li>\n<li>Irans f\u00fcnfte Kolonne in Deutschland: IZH Hamburg (14.1.2020)<\/li>\n<li>Nur ja nicht die Mullahs beleidigen (14.1.2020)<\/li>\n<li>Strafanzeige gegen \u201eBlaue Moschee\u201c wegen Terror-Unterst\u00fctzung (14.1.2020)<\/li>\n<li><a title=\"Islamophobie\" href=\"https:\/\/www.freiburg-schwarzwald.de\/blog\/religion\/islam\/islamophobie\/\">Islamophil-Islamophob-Christophob: Worte mit dunklem Hintergrund<\/a>\u00a0(2.12.2019)<\/li>\n<li><a title=\"Gesinnungsdiktatur\" href=\"https:\/\/www.freiburg-schwarzwald.de\/blog\/kultur\/medien\/gesinnungsdiktatur\/\">Gesinnungsterrror: Pfarrer mit Antifa gegen Ordensschwester Dogan<\/a>\u00a0(18.3.2019)<\/li>\n<li>Intoleranz des Islam gegen Atheisten und Apostaten (24.4.2016)<\/li>\n<li><\/li>\n<li><a title=\"Agnostiker\" href=\"https:\/\/www.freiburg-schwarzwald.de\/blog\/religion\/agnostiker\/\">Agnostiker<\/a><\/li>\n<li><a href=\"https:\/\/www.freiburg-schwarzwald.de\/blog\/religion\/christen\/christentum\/\">Christentum<\/a><\/li>\n<li><a href=\"https:\/\/www.freiburg-schwarzwald.de\/blog\/engagement\/zukunft\/demokratie\/democracy-first\/\">Democracy-first<\/a><\/li>\n<li><a href=\"https:\/\/www.freiburg-schwarzwald.de\/blog\/global\/ethnien\/\">Ethnien<\/a><\/li>\n<li><a title=\"Islamophobie\" href=\"https:\/\/www.freiburg-schwarzwald.de\/blog\/religion\/islam\/islamophobie\/\">Islamophobie<\/a><\/li>\n<li><a href=\"https:\/\/www.freiburg-schwarzwald.de\/blog\/religion\/nihilismus\/\">Nihilismus<\/a><\/li>\n<li><a title=\"Oekumene\" href=\"https:\/\/www.freiburg-schwarzwald.de\/blog\/religion\/oekumene\/\">\u00d6kumene<\/a><\/li>\n<li>Religi\u00f6ser Pluralismus<\/li>\n<li>Religi\u00f6ser Pluralismus &#8211; Paul F. Knitter<\/li>\n<li>Weltethos &#8211; Hans K\u00fcng<\/li>\n<li><a title=\"Iran\" href=\"https:\/\/www.freiburg-schwarzwald.de\/blog\/global\/iran\/\">Iran<\/a><\/li>\n<li><a title=\"Islam-Politik\" href=\"https:\/\/www.freiburg-schwarzwald.de\/blog\/religion\/islam\/islam-politik\/\">Islam-Politik<\/a><\/li>\n<li><a title=\"Konfessionslosigkeit\" href=\"https:\/\/www.freiburg-schwarzwald.de\/blog\/religion\/konfessionslosigkeit\/\">Konfessionslosigkeit<\/a><\/li>\n<li><a title=\"Religionsfreiheit\" href=\"https:\/\/www.freiburg-schwarzwald.de\/blog\/religion\/religionsfreiheit\/\">Religionsfreiheit<\/a><\/li>\n<li><a href=\"https:\/\/www.freiburg-schwarzwald.de\/blog\/religion\/religionsunterricht\/religionskunde\/\">Religionskunde<\/a><\/li>\n<\/ul>\n<p>&nbsp;<\/p>\n<p><strong>Vereinheitlichung des Denkens und Sagens &#8211; Pluralismus ade<\/strong><br \/>\nZu diesem Befund passt die ersch\u00fctternde Vereinheitlichung des Denkens und Sagens. Ein beliebiges <a href=\"https:\/\/www.freiburg-schwarzwald.de\/blog\/engagement\/zukunft\/demokratie\/debatte\/\">Debattierlokal<\/a> im Wien oder Berlin der 1920er Jahre war unendlich freier, weltoffener und vor allem pluraler, als jede heutige deutsche <a href=\"https:\/\/www.freiburg-schwarzwald.de\/blog\/kultur\/medien\/talkshow\/\">Talkshow<\/a>. In einem <a href=\"https:\/\/www.freiburg-schwarzwald.de\/blog\/vereine\/mittelaltervereine\/\">mittelalterlichen<\/a> Dorf herrschte mehr Pluralismus als an einer heutigen <a href=\"https:\/\/www.freiburg-schwarzwald.de\/blog\/bildung\/hochschulen-freiheit\/\">westlichen Universit\u00e4t<\/a>.<br \/>\n&#8230; Alles vom 29.11.2022 bitte lesen auf<br \/>\n<a href=\"https:\/\/www.klonovsky.de\/2022\/11\/29-november-2022\/\">https:\/\/www.klonovsky.de\/2022\/11\/29-november-2022\/<\/a><\/p>\n<p><strong><a href=\"https:\/\/www.freiburg-schwarzwald.de\/blog\/engagement\/zukunft\/demokratie\/democracy-first\/\">Demokratie<\/a>\u00a0in Deutschland (<a href=\"https:\/\/www.freiburg-schwarzwald.de\/blog\/engagement\/zukunft\/demokratie\/freiheit\/f\">Freiheit<\/a>) \u2013\u00a0<a href=\"https:\/\/www.freiburg-schwarzwald.de\/blog\/engagement\/zukunft\/frieden\/friedensbewegung\/\">Frieden<\/a>\u00a0in der Welt (<a href=\"https:\/\/www.freiburg-schwarzwald.de\/blog\/engagement\/zukunft\/frieden\/pazifismus\/\">Pazifismus<\/a>)<br \/>\n=====================================================<\/strong><\/p>\n<p>.<\/p>\n<p><strong>Prof Susanne Schr\u00f6ter: Kirche l\u00e4sst sich von Islamverb\u00e4nden Agenda diktieren<\/strong><br \/>\n<em>Die Islamforscherin Susanne Schr\u00f6ter wirft den Kirchen vor, sich im Dialog mit Islamvertretern zu unkritisch zu verhalten. Sie erlebe Unkenntnis und Unwillen \u2013 auch setzten sie auf die falschen Gespr\u00e4chspartner.<br \/>\n<\/em>\u00a0.<br \/>\nEvangelischer Pressedienst (epd): Frau Professor Schr\u00f6ter, in Ihrem Buch &#8222;Politischer Islam. Stresstest f\u00fcr Deutschland&#8220; warnen Sie vor dem Erstarken des politischen Islam in Deutschland. Politikern fehle oft das Wissen \u00fcber die Gespr\u00e4chspartner auf muslimischer Seite und deren Hintergr\u00fcnde. Die Kooperation mit fragw\u00fcrdigen Islamvertretern arbeite letztlich Extremisten in die H\u00e4nde, f\u00fcrchten Sie. Wie sieht es bei den Kirchen aus, die das Gespr\u00e4ch mit Muslimen suchen?<br \/>\nProf. Susanne Schr\u00f6ter (Professorin am Institut f\u00fcr Ethnologie an der Goethe-Universit\u00e4t Frankfurt am Main, Leiterin des Forschungszentrums Globaler Islam): Nicht anders. Auch da erlebe ich absolute Unkenntnis, aber auch einen Unwillen zu akzeptieren, dass die muslimischen Verb\u00e4nde eigentlich keine Repr\u00e4sentanten sind, sondern nur f\u00fcr eine kleine Minderheit der in Deutschland lebenden Muslime sprechen.<br \/>\nAuch sehen viele in den Kirchen nicht, dass die Form des Islam, die die Verb\u00e4nde vertreten, nun auch noch die problematischste ist. Zum Beispiel die aus der T\u00fcrkei gesteuerte <a title=\"Ditib\" href=\"https:\/\/www.freiburg-schwarzwald.de\/blog\/global\/tuerkei\/ditib\/\">Ditib (T\u00fcrkisch-Islamische Union der Anstalt f\u00fcr Religion)<\/a>, die <a title=\"Islam-Organisationen\" href=\"https:\/\/www.freiburg-schwarzwald.de\/blog\/religion\/islam\/islam-organisationen\/\">radikale Milli G\u00f6r\u00fcs<\/a> oder auch eine bunte Mischung au\u00dferordentlich problematischer Akteure unter dem Dach des <a title=\"Islamkonferenz\" href=\"https:\/\/www.freiburg-schwarzwald.de\/blog\/religion\/islam\/islamkonferenz\/\">Zentralrats der Muslime<\/a>. Ihm geh\u00f6rt als mitgliederst\u00e4rkste Gruppierung die ultranationalistische Atib an, eine Nachfolgeorganisation der faschistischen &#8222;Graue W\u00f6lfe&#8220;.<br \/>\nZudem sind islamistische Gruppen dabei, denen unsere Sicherheitsorgane Verbindungen zur <a title=\"Islam-Deutschland\" href=\"https:\/\/www.freiburg-schwarzwald.de\/blog\/religion\/islam\/islam-deutschland\/\">radikalen Muslimbruderschaft<\/a> nachsagen. Schlie\u00dflich gibt es noch iranisch-schiitische Organisationen um das Islamische Zentrum Hamburg herum, die den Auftrag haben, die antisemitische, frauenfeindliche und demokratiefeindliche Agenda der Islamischen Republik Iran hier zu verbreiten. Wenn man sich das anschaut, dann muss man sich schon ernsthaft fragen, ob man es vertreten kann, mit solchen Leuten zusammen am Tisch zu sitzen, und so zu tun, als ob das ganz normale Gespr\u00e4chspartner w\u00e4ren.<br \/>\n.<br \/>\nepd: Wie positionieren sich denn die Kirchen im Dialog mit den Muslimen?<br \/>\nSchr\u00f6ter: Gegen Gespr\u00e4che mit den Islamverb\u00e4nden w\u00e4re grunds\u00e4tzlich nichts einzuwenden, wenn richtige Debatten gef\u00fchrt w\u00fcrden. Aber man l\u00e4sst sich von diesen Islamvertretern auch noch die Agenda diktieren. Schwierige Themen auszublenden, das macht keinen Sinn, ebensowenig, nur mit denjenigen zu reden, die liberale und s\u00e4kulare Muslime immer wieder weggebissen haben. Bei der Besetzung des Beirats beim Institut f\u00fcr Islamische Theologie an der Berliner Humboldt-Universit\u00e4t etwa ist deshalb niemand aus dem liberalen Spektrum dabei. Das kann nicht sein.<br \/>\n.<br \/>\nepd: Haben denn die Kirchen bei der Schaffung solcher Gremien einen Einfluss?<br \/>\nSchr\u00f6ter: Bei der Besetzung dieses Beirats nicht. Aber sie haben nat\u00fcrlich Einfluss darauf, wer bei Dialogformaten, Rat der Religionen oder Runden Tischen, dabei ist. Da sind liberale Stimmen h\u00e4ufig nicht vertreten. Ich verstehe, dass die Kirchen gern auf gut organisierte Verb\u00e4nde im Dialog zur\u00fcckgreifen. Aber sie akzeptieren damit Gespr\u00e4chspartner, die von ausl\u00e4ndischen Organisationen oder gar Regierungen gesteuert werden.<br \/>\n.<br \/>\nepd: Von den Kirchen h\u00f6rt man wenig Kritisches zum Islam. Sind sie da &#8211; auch im Blick auf ihr eigenes christliches und freiheitliches Menschenbild &#8211; zu zur\u00fcckhaltend?<br \/>\nSchr\u00f6ter: Ja, sie sind viel zu zur\u00fcckhaltend. Vielleicht glauben sie, Muslime seien eine unterprivilegierte Gruppe in unserer Gesellschaft, die eines besonderen Schutzes bed\u00fcrfe. Aber nicht alle Akteure sind so unterprivilegiert. Zudem kann man auch Minderheiten, die undemokratische Auffassungen vertreten, in aller Offenheit entgegentreten, statt sie unter eine Schutzglocke zu stellen und kritische Themen nicht mehr anzusprechen.<br \/>\nIn einem Dialogkreis in Frankfurt hatte vor einiger Zeit ein evangelischer Pfarrer freudestrahlend als neues hoffnungsvolles Modell f\u00fcr die interreligi\u00f6se Zusammenarbeit die Konvention von Medina vorgestellt. Das fand ich unfassbar. Die Gemeindeordnung von Medina (622 n. Chr.) hat eine Zweiklassengesellschaft beschrieben, die Muslime als die wahren Gl\u00e4ubigen gegen\u00fcber allen anderen privilegiert. In Medina wurden damals alle j\u00fcdische St\u00e4mme vertrieben und einer sogar massakriert. Das kann man doch nicht ernsthaft als Modell f\u00fcr Multikulturalit\u00e4t proklamieren! In dem Kreis wurde das aber v\u00f6llig unkritisch aufgenommen. Kritische Stimmen sind da nicht gern gesehen. Schnell hei\u00dft es dann, das sei islamophobisch.<br \/>\n.<br \/>\nepd: Die Kirchen \u00fcben auch Zur\u00fcckhaltung, wenn es um die religi\u00f6sen Symbole der Muslime wie das Kopftuch geht. Ihnen sind auch ihre eigenen Symbole wichtig. K\u00f6nnen Sie diese Haltung nachvollziehen?<br \/>\nSchr\u00f6ter: <em><strong>Das Tragen eines Kreuzes diskriminiert niemanden, das Tragen eines Kopftuchs schon<\/strong><\/em>. Frauen werden im Islam als Verk\u00f6rperung verf\u00fchrerischer Kr\u00e4fte f\u00fcr M\u00e4nner gesehen. Deshalb sollen sie sich verh\u00fcllen und m\u00f6glichst auch ganz aus der \u00d6ffentlichkeit verschwinden. Das ist der Grund f\u00fcr die Geschlechtertrennung, die wir auch bei den konservativen Muslimen hier haben: In den Moscheen ist der prunkvolle Eingang nur den M\u00e4nnern vorbehalten, die Frauen gehen \u00fcber ein Hintertreppchen in einen Hinterraum.<br \/>\nIch habe nichts gegen eine m\u00fcndige Frau, die aus freien St\u00fccken das <a title=\"Kopftuch\" href=\"https:\/\/www.freiburg-schwarzwald.de\/blog\/kopftuch\/\">Kopftuch<\/a> tr\u00e4gt. Aber ich habe etwas dagegen, wenn schon Kinder mit dem Kopftuch in die Schule geschickt werden. Auf muslimischen Modemessen kann man sogar die Vollverschleierung f\u00fcr weibliche S\u00e4uglinge kaufen. Die Idee dahinter ist: Wenn ein M\u00e4dchen schon als Kleinkind gewohnt ist, sich zu verschleiern, dann wird es sp\u00e4ter nicht auf die Idee kommen, sich dagegen zur Wehr zu setzen, sondern sich ohne Schleier immer nackt f\u00fchlen.<br \/>\nM\u00e4dchen d\u00fcrfen nicht mit Jungen spielen und m\u00fcssen sich von allen m\u00f6glichen Aktivit\u00e4ten wie Sport fernhalten. Damit werden sie im Prinzip aus der Gesellschaft ausgeschlossen. Da sehe ich doch einen deutlichen Unterschied zum Kreuz. Wenn jemand das Kreuz anzieht, ist er trotzdem ein Teil der Gemeinschaft.<br \/>\n.<br \/>\nepd: Als der <a title=\"Evangelisch\" href=\"https:\/\/www.freiburg-schwarzwald.de\/blog\/religion\/evangelisch\/\">EKD-Ratsvorsitzende Heinrich Bedford-Strohm <\/a>und Vorsitzende der katholischen Deutschen Bischofskonferenz, Kardinal Reinhard Marx, 2016 beim Besuch des Felsendoms und der Al-Aksa-Moschee in Jerusalem ihre <del><strong>Bischofskreuze versteckten<\/strong><\/del>, haben manche der Kirche eine Tendenz zur Selbstrelativierung vorgehalten. Wie sehen Sie das?<br \/>\nSchr\u00f6ter: Ja, so eine Tendenz gibt es schon. Dazu geh\u00f6rt auch, dass <em><strong>Bilder im Vatikan verh\u00e4ngt<\/strong><\/em> wurden, als eine iranische Delegation kam. Bei aller Kultursensibilit\u00e4t glaube ich, dass es nicht schlecht ist, mal zu eigenen Werte zu stehen, und das kann dann auch das Tragen des Kreuzes in einer Moschee sein. Umgekehrt w\u00fcrde man das Ablegen religi\u00f6ser Symbole &#8211; etwa des Kopftuchs &#8211; ja auch nicht erwarten.<br \/>\nEs ist ein bisschen traurig, dass da kein Bekenntnis zur eigenen Tradition stattfindet. In Jerusalem haben die Kirchenoberen ein Zeichen gesetzt, das &#8211; wohl auch von den Muslimen &#8211; so verstanden wurde, dass der eigene Glaube als nicht wirklich vollwertig gesehen wurde.<br \/>\n.<br \/>\nepd: Ein heikler Punkt ist auch das Thema der <a title=\"Christenverfolgung\" href=\"https:\/\/www.freiburg-schwarzwald.de\/blog\/religion\/christen\/christenverfolgung\/\">Christenverfolgung in muslimischen L\u00e4ndern<\/a>. Wie gehen die Kirchen aus Ihrer Sicht damit um?<br \/>\nSchr\u00f6ter: <em><strong>Das Schweigen zur Verfolgung der Christen im Orient ist wirklich dramatisch. Das verstehe ich nicht<\/strong><\/em>. Warum schweigt man da? Die Kirchen erheben immer ihre Stimme, wenn Muslimen Unrecht geschieht. Das ist ja auch richtig. Aber mittlerweile werden Christen mit Gewalt aus orientalischen L\u00e4ndern vertrieben &#8211; und \u00fcbrigens auch Juden &#8211; und dazu schweigt man.<br \/>\nChristen werden in fast allen islamisch gepr\u00e4gten L\u00e4ndern massiv verfolgt. Ihre Zahl und die der Juden nimmt hier kontinuierlich ab, der Bau von Kirchen wird erschwert oder verboten, die Organisation wird erschwert oder verboten, Einzelpersonen sind im Visier, es gibt Anschl\u00e4ge gegen Christen, da muss man sich nicht wundern, wenn sie das Land verlassen. Das gilt besonders auch f\u00fcr Juden: Im 20. Jahrhundert haben 900.000 Juden Nordafrika und islamische L\u00e4ndern des Nahen Ostens verlassen und sind nach Israel gegangen.<br \/>\nepd: Als Begr\u00fcndung f\u00fcr das Schweigen ist oft zu h\u00f6ren, die Kirchen hier wollten nicht noch \u00d6l ins Feuer gie\u00dfen und es den diskriminierten Glaubensbr\u00fcdern und -schwestern noch schwerer machen.<br \/>\nSchr\u00f6ter: Ich kann das streckenweise nachvollziehen. Aber dann w\u00fcrde ich erwarten, dass man zumindest die, die geflohen sind, hier unterst\u00fctzt. Da passiert zu wenig. Jetzt gibt es zumindest Ans\u00e4tze, die Bedrohung von Konvertiten zu thematisieren. Aber es geht ja auch um geflohene Christen in Aufnahmelagern &#8211; da gab es immer wieder Berichte \u00fcber massive Verfolgung.<br \/>\n.<br \/>\nepd: Kann der christlich-muslimische Dialog denn die Integration von Fl\u00fcchtlingen und Zugewanderten voranbringen?<br \/>\nSchr\u00f6ter: Nur, wenn er auf breiteren F\u00fc\u00dfen steht. Das hei\u00dft, wenn andere Gruppen und Personen einbezogen und die Dominanz der islamischen Verb\u00e4nde aufgebrochen wird, und wenn auch unangenehme Dinge angesprochen werden. Dass man nur Kaffee trinkt und sich dar\u00fcber unterh\u00e4lt, das Muslime diskreditiert werden, das kann nicht die alleinige Agenda sein.<br \/>\n&#8230; Gesamtes Interview om 12.1.2020 mit Prof Susanne bitte lesen auf<br \/>\n<a href=\"https:\/\/www.domradio.de\/themen\/islam-und-kirche\/2020-01-12\/kirche-laesst-sich-von-islamverbaenden-agenda-diktieren-dialog-mit-islamvertretern\">https:\/\/www.domradio.de\/themen\/islam-und-kirche\/2020-01-12\/kirche-laesst-sich-von-islamverbaenden-agenda-diktieren-dialog-mit-islamvertretern<\/a><\/p>\n<p><em>Buch &#8222;Politischer Islam. Stresstest f\u00fcr Deutschland&#8220;<\/em><br \/>\n<em>von Prof Susanne Schr\u00f6ter<\/em><br \/>\n<em>25,00 \u20ac, Gebunden, 384 Seiten<\/em><br \/>\n.<br \/>\nSusanne Schr\u00f6ter, Leiterin des Frankfurter Forschungszentrums Globaler Islam, warnt vor den religi\u00f6sen Extremisten! In ihrem neuen Buch analysiert die Expertin, wie die fundamentalistische Ideologie sich in Deutschland ausbreitet &#8211; und zunehmend an Einfluss gewinnt. Der politische Islam &#8230;<br \/>\nist ein Gegenentwurf zur Demokratie!<br \/>\nwird aus dem Ausland finanziert und organisiert!<br \/>\nwird von der Politik verharmlost!<br \/>\npropagiert die Scharia<br \/>\nlehnt den \u00bbHeiligen Krieg\u00ab im Namen Allahs nicht ab!<br \/>\npredigt die moralische \u00dcberlegenheit des Islam und wertet andere Religionen und Weltanschauungen ab!<br \/>\n.<\/p>\n<p>.<br \/>\n<strong>Irans f\u00fcnfte Kolonne in Deutschland: IZH Hamburg<\/strong><br \/>\nW\u00e4hrend Berlin auf dem europ\u00e4ischen Parkett nach L\u00f6sungen f\u00fcr die Iran-Krise sucht, platzt das von <a title=\"Iran\" href=\"https:\/\/www.freiburg-schwarzwald.de\/blog\/global\/iran\/\">Teheran<\/a> in Deutschland errichtete Netzwerk aus allen N\u00e4hten und k\u00f6nnte schon bald zu einer Gefahr f\u00fcr die innere Sicherheit werden. Diese Feinde unserer Demokratie werden nicht nur amtlich hofiert, sondern auch noch gro\u00dfz\u00fcgig finanziert, etwa Im Rahmen des Modellprojekts \u201eDemokratie leben!&#8220;<br \/>\n&#8230;<br \/>\nSeit Jahren scheitert n\u00e4mlich vor allem Berlin an der Eind\u00e4mmung des iranischen Einflusses im eigenen Land. Dass der deutschen \u00d6ffentlichkeit die Aktivit\u00e4ten iranischer Geistlicher kaum bekannt sind, \u00e4ndert nichts an ihrer ungleich gro\u00dfen Tragweite. Mit einigem Geschick ist es Teheran in den vergangenen Jahren gelungen, ein weitverzweigtes Netzwerk zu errichten, das sich mittlerweile auf mehrere europ\u00e4ische Staaten erstreckt und vom Islamischen Zentrum Hamburg (IZH) gesteuert wird. <a href=\"https:\/\/www.focus.de\/politik\/experten\/osthold\/gastbeitrag-von-christian-osthold-propagandazentrum-des-iran-behoerden-warnen-vor-islam-verein-hamburg-bleibt-stur_id_10362772.html\">https:\/\/www.focus.de\/politik\/experten\/osthold\/gastbeitrag-von-christian-osthold-propagandazentrum-des-iran-behoerden-warnen-vor-islam-verein-hamburg-bleibt-stur_id_10362772.html<\/a><br \/>\nWas zun\u00e4chst wie eine Verschw\u00f6rungstheorie klingt, ist f\u00fcr deutsche Sicherheitsbeh\u00f6rden l\u00e4ngst eine Tatsache. In seinem Bericht f\u00fcr 2018 konstatiert das Hamburger Landesamt f\u00fcr Verfassungsschutz: \u201eDas IZH hat ein bundesweites Kontaktnetz aufgebaut und \u00fcbt auf Schiiten unterschiedlicher Nationalit\u00e4t sowie die schiitisch-islamischen Moscheen und Vereine Einfluss aus, bis hin zur vollst\u00e4ndigen Kontrolle.\u201c<br \/>\n&#8230; Alles vom 14.1.2020 bitte lesen auf<br \/>\n<a href=\"https:\/\/www.achgut.com\/artikel\/irans_fuenfte_kolonne_in_deutschland\">https:\/\/www.achgut.com\/artikel\/irans_fuenfte_kolonne_in_deutschland<br \/>\n<\/a>.<\/p>\n<p><strong>Nur ja nicht die Mullahs beleidigen<\/strong><br \/>\nDie hysterischen Reaktionen auf die gezielte T\u00f6tung des Terrorgenerals Qassem Soleimani entspringen derselben Geisteshaltung, die 40 Jahre lang die westliche Au\u00dfenpolitik diktiert hat: Das <a title=\"Iran\" href=\"https:\/\/www.freiburg-schwarzwald.de\/blog\/global\/iran\/\">iranische Regime<\/a> darf man auf keinen Fall reizen. Man muss es beschwichtigen, sich ihm unterordnen, gucken, was es will und seine W\u00fcnsche so gut wie eben m\u00f6glich erf\u00fcllen. Ausdr\u00fccklich wurde die T\u00f6tung Soleimanis in deutschen Zeitungen nicht etwa deshalb kritisiert, weil es Zweifel an dessen Verbrechen gegeben h\u00e4tte \u2013 nein, im Gegenteil: Eben weil Soleimani ein massenhafter M\u00f6rder und Terrorplaner war, so die bizarre Logik, h\u00e4tte man ihn ungeschoren lassen m\u00fcssen. Mit absoluter Sicherheit l\u00e4sst sich sagen: H\u00e4tte die Rakete, die Soleimani traf, ihr Ziel verfehlt und stattdessen ein paar namenlose Unschuldige getroffen, w\u00e4re die Emp\u00f6rung bei weitem nicht so gro\u00df gewesen.<br \/>\n&#8230; Alles vom 14.1.2020 von Stefan Frank bitte lesen auf<br \/>\n<a href=\"https:\/\/www.achgut.com\/artikel\/nur_ja_nicht_die_mullahs_beleidigen\">https:\/\/www.achgut.com\/artikel\/nur_ja_nicht_die_mullahs_beleidigen<br \/>\n<\/a>.<\/p>\n<p><strong>Strafanzeige gegen \u201eBlaue Moschee\u201c wegen Terror-Unterst\u00fctzung<\/strong><br \/>\nSeit Jahren steht die Hamburger \u201eBlaue Moschee\u201c unter Beobachtung durch den Verfassungsschutz \u2013 jetzt wurde gegen sie Strafanzeige erstattet. Tichys Einblick liegt der Strafantrag exklusiv vor \u2013 wir ver\u00f6ffentlichen ihn im Original-Wortlaut.<br \/>\n&#8230;.<br \/>\nAls Anfang Januar US-Pr\u00e4sident Donald Trump in einer Aktion gegen den auch von der EU als Terroristen ausgewiesenen Qasim Sulaimani vorging und dieser dabei sein Leben verlor, kam es nicht nur im <a title=\"Iran\" href=\"https:\/\/www.freiburg-schwarzwald.de\/blog\/global\/iran\/\">Iran<\/a> und Irak zu massenhysterischen Exzessen \u2013 auch die Tr\u00e4ger der Blauen Moschee sahen sich gen\u00f6tigt, dem von ihnen als M\u00e4rtyrer gefeierten General \u00f6ffentlich und un\u00fcberh\u00f6rbar zu huldigen. F\u00fcr Ali Ertan Toprak, Vorsitzender der Kurdischen Gemeinde Deutschland, brachten diese offenkundigen Sympathiekundgebungen der Schiiten an der Alster f\u00fcr den ausgewiesenen Chefterroristen nun das Fass zum \u00dcberlaufen. In einem an Generalstaatsanwalt J\u00f6rg Fr\u00f6hlich gerichteten Schreiben erstattete er Strafanzeige und Strafantrag gegen das IZH als Tr\u00e4ger der Moschee und Verantwortlicher f\u00fcr \u00f6ffentliche Terroristen-Begeisterung. Tichys Einblick liegt der Strafantrag exklusiv vor \u2013 wir ver\u00f6ffentlichen ihn im Original-Wortlaut.<br \/>\n&#8230; Alles vom 14.1.2020 bitte lesen auf<br \/>\n<a href=\"https:\/\/www.tichyseinblick.de\/daili-es-sentials\/strafanzeige-gegen-blaue-moschee-wegen-terror-unterstuetzung\/\">https:\/\/www.tichyseinblick.de\/daili-es-sentials\/strafanzeige-gegen-blaue-moschee-wegen-terror-unterstuetzung\/<\/a><\/p>\n<p>.<\/p>\n<p>&nbsp;<\/p>\n<p><strong>Intoleranz des Islam gegen Atheisten und Apostaten<\/strong><br \/>\nDie Intoleranz einer Religionsgemeinschaft gegen <a title=\"Konfessionslosigkeit\" href=\"https:\/\/www.freiburg-schwarzwald.de\/blog\/religion\/konfessionslosigkeit\/\">Atheisten<\/a> und Apostaten ist der Lackmustest, den der Islam derzeit schlicht nirgends besteht. Eine Nonne, die sich dazu entschlie\u00dft, den Schleier wieder abzulegen, wird von der katholischen Kirche oder ihren Mitschwestern nicht mit dem Tod bedroht, sie kann sogar ihren Glauben weiter praktizieren. Eine Muslima, die aus ihrer patriarchalen Familie ausbricht, um mit ihrer lesbischen Freundin zusammen zu ziehen und Tanz zu studieren, kann nicht mit Milde rechnen.<br \/>\nDie Situation in Deutschland ist dabei noch vergleichsweise komfortabel, weil wir (noch) keine muslimische Mehrheitsgesellschaft sind. Es ist deshalb immer n\u00fctzlich zu schauen, wie sich das Recht \u00e4ndert, wenn eine Religionsgemeinschaft diese Mehrheit erlangt. Es gibt kein einziges mehrheitlich muslimisches Land, das nicht die Scharia in unterschiedlicher Weise als Quelle seines Rechtssystems anwendet. Wie w\u00fcrde Deutschland aussehen, wie s\u00e4he seine Rechtspraxis aus, wenn der Anteil der Muslime 60 oder mehr Prozent betr\u00fcge? Man schaue in den Satzungen und Webseiten der Islamverb\u00e4nde, zum Beispiel auf www.islam.de nach. Die Frage mit dem gemeinsamen Schwimmunterricht f\u00fcr M\u00e4dchen und Jungen w\u00e4re l\u00e4ngst gekl\u00e4rt \u2013 und vieles andere auch.<br \/>\nDie schlechte Angewohnheit deutscher Regierungen, gesellschaftliche Dialoge zu institutionalisieren, f\u00fchrte zur Aufwertung muslimische Verb\u00e4nde wie dem ZDM, deren Weltbild leider so gar nicht zu Religionsfreiheit, Emanzipation, Menschenrechten und Individualit\u00e4t passt. Es st\u00fcnde der Bundesregierung und auch der franz\u00f6sischen Regierung gut zu Gesicht, die Religionszugeh\u00f6rigkeit der Menschen in ihren L\u00e4ndern auszublenden und sie einfach nur als B\u00fcrger zu behandeln. Die Frage, welche Religionen zu Deutschland oder Frankreich geh\u00f6ren, stellt sich n\u00e4mlich nicht.<br \/>\n&#8230; Alles von Roger Letsch vom 23.4.2016 bitte lesen auf<br \/>\n<a href=\"https:\/\/www.achgut.com\/artikel\/weshalb_muss_ich_mich_jeden_tag_mit_dem_islam_beschaeftigen\">https:\/\/www.achgut.com\/artikel\/weshalb_muss_ich_mich_jeden_tag_mit_dem_islam_beschaeftigen<\/a><br \/>\n.<br \/>\n<strong>D\u00e4mlicher Vergleich Burka mit Nonnentracht<\/strong><br \/>\nDen Vergleich Kopftuch versus Nonnentracht fand ich immer besonders putzig, denn die Verh\u00fcllung der Frau aus Angst vor sexueller Erregung ihrer m\u00e4nnlichen Umwelt mit der Zugeh\u00f6rigkeit zu einem religi\u00f6sen Orden zu vergleichen, ist einfach nur d\u00e4mlich. Au\u00dferdem legt eine Nonne ihren Habit nach ihrer symbolischen \u201eVerm\u00e4hlung mit Gott\u201c an, w\u00e4hrend das Kopftuch eine Art Frischhaltefolie sein soll, die man nur aus praktischen Erw\u00e4gungen auf dem Kopf und nicht zwischen den Beinen der keuschen T\u00f6chter platziert hat.<br \/>\n24.4.2016<\/p>\n<p>&#8212;&#8212;&#8212;&#8212;&#8212;&#8212;&#8212;&#8212;&#8212;&#8212;&#8212;&#8212;&#8212;&#8212;&#8212;&#8212;&#8212;&#8212;&#8212;&#8212;&#8212;&#8212;&#8212;&#8212;&#8212;&#8212;&#8212;&#8212;&#8212;&#8212;&#8212;&#8212;&#8212;&#8212;&#8212;&#8212;&#8212;&#8212;&#8212;&#8212;&#8212;&#8212;&#8211;<\/p>\n<p><strong>Religi\u00f6ser Pluralismus<\/strong><\/p>\n<p>Religi\u00f6ser Pluralismus,\u00a0Religionstheologischer Pluralismus und\u00a0Pluralistische religi\u00f6se Theologie &#8211; diese Begriffe\u00a0dr\u00fccken alle das gleiche aus: Die Forderung wie Sehnsucht nach dem Dialog der Religionen, nach gegenseitigem Verstehen, Achten, harmonieren\u00a0und Unterst\u00fctzen.<\/p>\n<p>John Hick, Paul F. Knitter, Eugen Drewermann, Perry Schmidt-Leukel, Hans K\u00fcng\u00a0mit seinem Weltethos-Projekt\u00a0&#8211; die Vertreter des religi\u00f6sen Pluralismus entdecken in den gro\u00dfen Weltreligionen gleiche Werte, Ziele, Sehns\u00fcchte und Suchende.<\/p>\n<p>Es gibt unterschiedliche\u00a0Modelle der religi\u00f6sen Vielfalt:<br \/>\n&#8211; Der Exklusivismus sieht nur in der eigenen Religion die einzig m\u00f6gliche\u00a0Quelle der Wahrheit.<br \/>\n&#8211; Der Inklusivismus erkennt daneben an,\u00a0dass es Wahrheiten in anderen Religionen geben k\u00f6nne.<br \/>\n&#8211; Der Partikularismus\u00a0akzeptiert, dass alle Religionen f\u00fcr sich beanspruchen, die jeweils beste zu sein.<br \/>\nAus\u00a0diesem Grunde begn\u00fcgt er sich, mit partikularen (teilweisen) Wahrheitsanspr\u00fcchen zu leben<br \/>\n&#8211; Der Pluralismus sieht Wahrheit\u00a0in vielen Religionen &#8211; aber keine von ihnen besitzt die endg\u00fcltige Wahrheit.<\/p>\n<p>Im Gegensatz zu den anderen Modellen konstatiert der pluralistische Ansatz, dass die Religionen voneinander lernen k\u00f6nnen. Der religi\u00f6se Pluralismus\u00a0geht von bleibenden Differenzen aus, die er im Dialog auch bewahren will: &#8222;Dialog als gute Nachbarn ist ganz wichtig, ohne Weiteres, wir m\u00fcssen einander tolerieren, respektieren; obwohl Toleranz wirklich ein begrenzter Begriff ist. Toleranz, da geht es um Sachen, die wir nicht gut finden; wir tolerieren Sachen, die nicht gut sind; aber mit guten Nachbarn versuchen wir miteinander zu arbeiten. [&#8230;] Durch solchen Dialog werden Christen und Muslime befreundet, und wenn eine Freundschaft entsteht zwischen Personen von verschiedenen Religionen, dann kommt zwangsl\u00e4ufig ein Gespr\u00e4ch. [&#8230;] Freunde wollen voneinander h\u00f6ren und lernen.&#8220; (Paul Knitter)<\/p>\n<p>&nbsp;<\/p>\n<p><strong>Religi\u00f6ser Pluralismus &#8211; Paul F. Knitter<\/strong><\/p>\n<p>Der katholische Theologe Paul Knitter, Professor f\u00fcr Religionswissenschaft in New York, gilt als f\u00fchrender Vertreter des religi\u00f6sen Pluralismus. Knitter ist 1936 geboren, 1965 bei Karl Rahner in M\u00fcnster promoviert, 1966 als kath. Priester ordiniert, 1975 aus dem Priesteramt ausgeschieden, 1982 verheiratet, danach Hochschullehrer.\u00a0Als pluralistischer Theologe geht er davon aus, dass keine Religion\u00a0die absolute Wahrheit f\u00fcr sich beanspruchen kann und dass auch der eigene Glaube nichts Statisches ist. Daher\u00a0versteht er den Dialog der Religionen als Dialog der Suchenden, von dem alle Dialogpartner profitieren:<br \/>\n&#8222;Die Theologie wird immer was Neues herausbringen wegen des Gespr\u00e4chs mit anderen Religionen, mit anderen, die gar nicht religi\u00f6s sind.&#8220; Die Religionen k\u00f6nnen voneinander lernen als gute Nachbarn, die im Dialog der Suchenden, nicht Z\u00e4une errichten, sondern vielleicht einmal ein gemeinsames Haus bewohnen. Der Direktor der AWR Wolfram Weisse, beschreibt dies so:\u00a0&#8222;Von daher glaube ich, dass Paul Knitter jemand ist, der wissenschaftlich solide etwas verk\u00f6rpert, wonach sich auch andere Menschen sehnen: Eine Beheimatung in der eigenen Religionen, die einem zugewachsen ist, nicht als einen festen Raum zu verstehen, den man nicht \u00fcberschreiten darf, sondern als einen Raum wahrzunehmen, der einem gr\u00f6\u00dferen Haus entspricht, wo man ohne Furcht auch durch andere R\u00e4ume gehen kann, und wo man mehr auch etwas \u00fcber M\u00f6glichkeiten, die eigene Religion zu verstehen, erfahren kann.&#8220; Dieser intensive Austausch habe aber nichts &#8222;mit religi\u00f6sem Fremdgehen&#8220; zu tun, betont Wolfram Weisse: &#8222;Vielleicht als Grundidee die Erfahrung: Wenn ich in anderen Religionen etwas verstehe, dann k\u00f6nnte es sein, dass ich auch eigene Traditionen und Selbstverst\u00e4ndnisse in meiner eigenen Religionen neu fassen kann.&#8220;<\/p>\n<p>Papst Benedikt XVI. warf Knitter Relativismus vor, er verf\u00e4lsche so den kath. Glauben. Folge sei eine Vermischung der Religionen, ein Synkretismus, den Knitter jedoch ganz anders auslegt: &#8222;Synkretismus ist ein dirty Wort, ein Schimpfwort, und Synkretismus ist etwas, was alle Religionen pr\u00e4gt: Synkretismus ist gewachsen, hat sich entwickelt durch eine interkulturelle, interreligi\u00f6se Auseinandersetzung. Am Anfang war das Christentum haupts\u00e4chlich j\u00fcdisch, das hat sich dann ge\u00e4ndert in einem Streit zwischen Petrus und Paulus. So Synkretismus ist einfach eine Tatsache der Religionsgeschichte.&#8220;<br \/>\nPapst Franziskus ermutigt Knitter: &#8222;Ich bin katholisch, und es ist sehr schwierig, mir Hoffnung zu geben, aber mit diesem Papst, was er \u00fcber religi\u00f6se Vielfalt und interreligi\u00f6sen Dialog sagt, ist herrlich. Und er warnt vor einem Absolutheitsanspruch, das ist wirklich etwas ganz Unerwartetes. Sehr anders als das, was Ratzinger in Dominus Jesus behauptet hat. A careful hope, aber Hoffnung habe ich.&#8220;<\/p>\n<p>Paul F. Knitter: Ohne Buddha w\u00e4re ich kein Christ, Herder 2013<\/p>\n<p>Akademie der Weltreligionen (AWR) an der Universit\u00e4t Hamburg<br \/>\nWolfram Weisse, Direktor<br \/>\n<a href=\"https:\/\/www.awr.uni-hamburg.de\/\">www.awr.uni-hamburg.de<\/a><\/p>\n<p>&nbsp;<\/p>\n<p>&nbsp;<\/p>\n<p><strong>Weltethos &#8211; Hans K\u00fcng<\/strong><\/p>\n<p>Inspiriert vom \u00bbProjekt Weltethos\u00ab von Hans K\u00fcng verabschiedete 1993 das Parlament der Weltreligionen in Chicago die\u00a0\u00bbErkl\u00e4rung zum Weltethos\u00ab.\u00a0Erstmals in der neueren Geschichte der Religionen verst\u00e4ndigen sich Repr\u00e4sentanten aller Weltreligionen auf Kernelemente eines gemeinsamen Ethos:<br \/>\n\u2022 Das Prinzip Menschlichkeit: Jeder Mensch mu\u00df menschlich behandelt werden.<br \/>\n\u2022\u00a0Goldene Regel der Gegenseitigkeit: &#8222;Wenn Du nicht willst, was man Dir tut, das f\u00fcg auch keinem anderen zu&#8220;<br \/>\n\u2022 Verpflichtung auf Gewaltlosigkeit, Gerechtigkeit, Wahrhaftigkeit und die Partnerschaft von Mann und Frau.<\/p>\n<p>1. Gewaltlosigkeit und Ehrfurcht vor dem Leben (Du sollst nicht t\u00f6ten)<br \/>\n2.\u00a0Solidarit\u00e4t und gerechten Wirschaftsordnung (Du solst kein falsches Zeugnis geben)<br \/>\n3. Toleranz und Leben in Wahrhaftigkeit (Du solst nicht\u00a0stehlen)<br \/>\n4. Gleichberechtigung von Mann und Frau (Du sollst nicht ehebrechen<\/p>\n<p>Hans K\u00fcng: Projekt Weltethos, M\u00fcnchen 1990<br \/>\nHans K\u00fcng (Hrsg): Ja zum Weltethos, Piper, M\u00fcnchen 1995<\/p>\n","protected":false},"excerpt":{"rendered":"<p>Home &gt;Religion &gt;Religi\u00f6ser Pluralismus &nbsp; Demokratie ist die beste Staatsform! Listenauswahl eines Beitrags (Artikel\/Datum, Seite\/Inhalt):\u00a0Klicken\u00a0oder scrollen Martenstein: Video Demokratie\u00a0(15.3.2026) 12.000 Besucher in Augsburg: Glaubensfestival verunsichert linke Moralapostel\u00a0(30.12.2025) Die Brandmauer zerst\u00f6rt den Pluralismus des demokratischen Systems (13.10.2025) Eine Religionskunde statt viele &hellip; <a href=\"https:\/\/www.freiburg-schwarzwald.de\/blog\/religion\/pluralismus\/\">Weiterlesen <span class=\"meta-nav\">&rarr;<\/span><\/a><\/p>\n","protected":false},"author":2,"featured_media":0,"parent":171,"menu_order":0,"comment_status":"open","ping_status":"closed","template":"","meta":{"footnotes":""},"class_list":["post-45824","page","type-page","status-publish","hentry"],"_links":{"self":[{"href":"https:\/\/www.freiburg-schwarzwald.de\/blog\/wp-json\/wp\/v2\/pages\/45824","targetHints":{"allow":["GET"]}}],"collection":[{"href":"https:\/\/www.freiburg-schwarzwald.de\/blog\/wp-json\/wp\/v2\/pages"}],"about":[{"href":"https:\/\/www.freiburg-schwarzwald.de\/blog\/wp-json\/wp\/v2\/types\/page"}],"author":[{"embeddable":true,"href":"https:\/\/www.freiburg-schwarzwald.de\/blog\/wp-json\/wp\/v2\/users\/2"}],"replies":[{"embeddable":true,"href":"https:\/\/www.freiburg-schwarzwald.de\/blog\/wp-json\/wp\/v2\/comments?post=45824"}],"version-history":[{"count":6,"href":"https:\/\/www.freiburg-schwarzwald.de\/blog\/wp-json\/wp\/v2\/pages\/45824\/revisions"}],"predecessor-version":[{"id":145786,"href":"https:\/\/www.freiburg-schwarzwald.de\/blog\/wp-json\/wp\/v2\/pages\/45824\/revisions\/145786"}],"up":[{"embeddable":true,"href":"https:\/\/www.freiburg-schwarzwald.de\/blog\/wp-json\/wp\/v2\/pages\/171"}],"wp:attachment":[{"href":"https:\/\/www.freiburg-schwarzwald.de\/blog\/wp-json\/wp\/v2\/media?parent=45824"}],"curies":[{"name":"wp","href":"https:\/\/api.w.org\/{rel}","templated":true}]}}