{"id":45581,"date":"2014-02-25T18:41:21","date_gmt":"2014-02-25T17:41:21","guid":{"rendered":"https:\/\/www.freiburg-schwarzwald.de\/blog\/?page_id=45581"},"modified":"2026-04-19T20:41:41","modified_gmt":"2026-04-19T18:41:41","slug":"paedophilie","status":"publish","type":"page","link":"https:\/\/www.freiburg-schwarzwald.de\/blog\/selbsthilfe\/krise\/sexuellermissbrauch\/paedophilie\/","title":{"rendered":"Paedophilie"},"content":{"rendered":"<p><a href=\"https:\/\/www.freiburg-schwarzwald.de\/blog\">Home<\/a> &gt;<a title=\"Selbsthilfe\" href=\"https:\/\/www.freiburg-schwarzwald.de\/blog\/selbsthilfe\/\">Selbsthilfe<\/a> &gt;<a title=\"Krise\" href=\"https:\/\/www.freiburg-schwarzwald.de\/blog\/selbsthilfe\/krise\/\">Krise<\/a> &gt;<a title=\"Sexuellermissbrauch\" href=\"https:\/\/www.freiburg-schwarzwald.de\/blog\/selbsthilfe\/krise\/sexuellermissbrauch\/\">SexuellerMissbrauch<\/a> &gt;Paedophilie<\/p>\n<div id=\"attachment_45402\" style=\"width: 647px\" class=\"wp-caption alignnone\"><a href=\"https:\/\/www.freiburg-schwarzwald.de\/blog\/global\/ukraine\/schneegloeckchen-vogelnest-pan140210\/\" rel=\"attachment wp-att-45402\"><img loading=\"lazy\" decoding=\"async\" aria-describedby=\"caption-attachment-45402\" class=\"size-full wp-image-45402\" src=\"https:\/\/www.freiburg-schwarzwald.de\/blog\/wp-content\/uploads\/2014\/02\/schneegloeckchen-vogelnest-pan140210.jpg\" alt=\"Schneegl\u00f6ckchen und Vogelnest vom Vorjahr am 14.2.2014 - Es wird Fr\u00fchling\" width=\"637\" height=\"235\" srcset=\"https:\/\/www.freiburg-schwarzwald.de\/blog\/wp-content\/uploads\/2014\/02\/schneegloeckchen-vogelnest-pan140210.jpg 637w, https:\/\/www.freiburg-schwarzwald.de\/blog\/wp-content\/uploads\/2014\/02\/schneegloeckchen-vogelnest-pan140210-180x66.jpg 180w\" sizes=\"auto, (max-width: 637px) 100vw, 637px\" \/><\/a><p id=\"caption-attachment-45402\" class=\"wp-caption-text\">Schneegl\u00f6ckchen und Vogelnest vom Vorjahr am 14.2.2014 &#8211; Es wird Fr\u00fchling<\/p><\/div>\n<ul>\n<li><em>Listenauswahl eines Beitrags (Artikel\/Datum, Seite\/Inhalt):\u00a0<span style=\"text-decoration: underline;\">Klicken<\/span>\u00a0oder scrollen<\/em><\/li>\n<li><a href=\"https:\/\/www.freiburg-schwarzwald.de\/blog\/selbsthilfe\/frauen\/gender\/sexuell\/sexualpaedagogik\/\">DemoF\u00fcrAlle \u2013 Symposion in Kassel 100. \u2013 14-4-2026<\/a> (14.4.2026)<\/li>\n<li><a href=\"https:\/\/www.freiburg-schwarzwald.de\/blog\/selbsthilfe\/frauen\/gender\/sexuell\/sexualpaedagogik\/\">P\u00e4dophile Sexualp\u00e4dagogik: \u201eWissenschaftlich\u201c gedecktes Grooming<\/a>\u00a0(10.4.2026)<\/li>\n<li><a href=\"https:\/\/www.freiburg-schwarzwald.de\/blog\/epstein-deepstate-wertewesten\/\">Epstein DeepState Wertewesten<\/a>\u00a0(9.2.2026)<\/li>\n<li><a href=\"https:\/\/www.freiburg-schwarzwald.de\/blog\/bildung\/kindergarten\/kita\/\">Tatort Kita: Der woke Angriff auf unsere Kinder<\/a>\u00a0(6.11.2025)<\/li>\n<li><a href=\"https:\/\/www.freiburg-schwarzwald.de\/blog\/selbsthilfe\/krise\/sexuellermissbrauch\/\">Warum die Chat-Kontrolle die falsche Antwort auf Kindsmissbrauch ist<\/a> (15.10.2025)<\/li>\n<li><a href=\"https:\/\/www.freiburg-schwarzwald.de\/blog\/religion\/islam\/islam-maedchen\/\">Zeinab Herz: Die Ganzk\u00f6rperverschleierung f\u00fcr Kinder bei Otto und Co. ist ein Alarmsignal<\/a>\u00a0(30.8.2025)<\/li>\n<li>Staatlich gef\u00f6rderte P\u00e4dophilie? Berlin veranstaltet Drag-Festival mit \u201eMitmachangeboten f\u00fcr Kinder\u201c (18.8.2025)<\/li>\n<li><a href=\"https:\/\/www.freiburg-schwarzwald.de\/blog\/selbsthilfe\/kinder\/kinder-indoktrinierung\/\">Indoktrination mit Zwangsgeb\u00fchren: Wie ARD und ZDF Kinder sexualisieren<\/a>\u00a0(13.6.2025)<\/li>\n<li>\u201eKentlerGate\u201c zeigt die Abgr\u00fcnde der Berliner Sexualp\u00e4dagogik (26.10.2022)<\/li>\n<li>Die Gr\u00fcnen: P\u00e4dosexualit\u00e4t f\u00f6rdere die Entwicklung der Kinder (13.11.2014)<\/li>\n<li><a href=\"https:\/\/www.freiburg-schwarzwald.de\/blog\/padophilie-volker-beck-taeuscht\/\">https:\/\/www.freiburg-schwarzwald.de\/blog\/padophilie-volker-beck-taeuscht\/<\/a>\u00a0(20.9.2013)<\/li>\n<li><a title=\"Sexuellermissbrauch\" href=\"https:\/\/www.freiburg-schwarzwald.de\/blog\/selbsthilfe\/krise\/sexuellermissbrauch\/\">P\u00e4dophilie-Skandal der Gr\u00fcnen<\/a> (25.7.2013)<\/li>\n<li><a href=\"https:\/\/www.freiburg-schwarzwald.de\/blog\/daniel-cohn-bendit-hosenlatz\/\">https:\/\/www.freiburg-schwarzwald.de\/blog\/daniel-cohn-bendit-hosenlatz\/<\/a>\u00a0(18.4.2013)<\/li>\n<li><\/li>\n<li><a href=\"https:\/\/www.freiburg-schwarzwald.de\/blog\/religion\/islam\/islam-maedchen\/\">Islam-M\u00e4dchen<\/a><\/li>\n<li>P\u00e4dophilie &#8211; Abbildungen des sexuellen Missbrauchs von Kindern<\/li>\n<li>P\u00e4dophilie und Alkoholismus<\/li>\n<li><a title=\"Kinder\" href=\"https:\/\/www.freiburg-schwarzwald.de\/blog\/selbsthilfe\/kinder\/\">Kinder<\/a><\/li>\n<li><a title=\"Kinderehe\" href=\"https:\/\/www.freiburg-schwarzwald.de\/blog\/religion\/islam\/kinderehe\/\">Kinderehe<\/a><\/li>\n<li><a href=\"https:\/\/www.freiburg-schwarzwald.de\/blog\/selbsthilfe\/kinder\/kinder-indoktrinierung\/\">Kinder-Indoktrinierung<\/a><\/li>\n<li><a title=\"Familie\" href=\"https:\/\/www.freiburg-schwarzwald.de\/blog\/selbsthilfe\/familie\/\">Familie<\/a><\/li>\n<li><a href=\"https:\/\/www.freiburg-schwarzwald.de\/blog\/selbsthilfe\/frauen\/gender\/sexuell\/sexualpaedagogik\/\">Sexualp\u00e4dagogik<\/a><\/li>\n<li><a href=\"https:\/\/www.freiburg-schwarzwald.de\/blog\/kultur\/medien\/social-media\/\">Social Media<\/a><\/li>\n<\/ul>\n<p>&nbsp;<\/p>\n<p><strong>Staatlich gef\u00f6rderte P\u00e4dophilie? Berlin veranstaltet Drag-Festival mit \u201eMitmachangeboten f\u00fcr Kinder\u201c<\/strong><br \/>\nDie Stadt Berlin f\u00f6rdert mit Steuergeld ein Drag-Sommerfest, bei dem als erotische Frauen verkleidete M\u00e4nner zu Show-Auff\u00fchrungen einladen und mit Kindern in Kontakt treten wollen. \u201eQueens &amp; Flowers\u201c hei\u00dft die Veranstaltung, die am 23. August im Botanischen Garten in Berlin stattfinden soll. Unterst\u00fctzt wird das Ganze von der Berliner Senatsverwaltung f\u00fcr Wirtschaft, Energie und Betriebe, wie die Werbeplakate zeigen.\u201c<br \/>\n\u2026\u00a0 18.8.2025<br \/>\n<a href=\"https:\/\/www.nius.de\/nachrichten\/news\/staatlich-gefoerderte-paedophilie-berlin-veranstaltet-drag-festival-mit-mitmachangeboten-fuer-kinder\/e87ffaec-b680-40c2-acd0-8be0013f8195\">https:\/\/www.nius.de\/nachrichten\/news\/staatlich-gefoerderte-paedophilie-berlin-veranstaltet-drag-festival-mit-mitmachangeboten-fuer-kinder\/e87ffaec-b680-40c2-acd0-8be0013f8195<\/a><\/p>\n<p>&nbsp;<\/p>\n<p><strong>\u201eKentlerGate\u201c zeigt die Abgr\u00fcnde der Berliner Sexualp\u00e4dagogik<\/strong><br \/>\nEin Dokumentarfilm \u00fcber die gef\u00e4hrliche Sexualp\u00e4dagogik von Helmut Kentler und seine Verstrickungen in die P\u00e4dophilenszene ist brandaktuell. Er wirft die Frage auf, was aus den damaligen Akteuren geworden ist \u2013 und inwieweit sie bis heute Einfluss in der Bundesrepublik haben.<br \/>\n&#8230;<br \/>\nDer Dokumentarfilm \u201eKentlerGate: Kindesmissbrauch in staatlicher Verantwortung\u201c erscheint heute ab heute, 26.10.2022, 19 Uhr, auf dem YouTube-Kanal der \u201eDemoF\u00fcrAlle\u201c.<br \/>\n<a href=\"https:\/\/youtu.be\/r7D5Mns8NKA\">https:\/\/youtu.be\/r7D5Mns8NKA<\/a><br \/>\n&#8230;<br \/>\n\u201eKentlerGate: Kindesmissbrauch in staatlicher Verantwortung\u201c ist ein Dokumentarfilm, der Vergangenes und Aktuelles miteinander verbindet. Hedwig von Beverfoerde und ihr Team von der DemoF\u00fcrAlle haben einen sehenswerten Film zu dem Themenkomplex erstellt, der nicht nur im Inhalt, sondern auch in seiner Bildsprache mit den Dokumentationen der Gegenwart mithalten kann. \u00dcber Jahrzehnte hinweg gaben Berliner Jugend\u00e4mter Kinder und Jugendliche in die \u201eObhut\u201c p\u00e4dophiler M\u00e4nner \u2013 mit finanzieller Unterst\u00fctzung des Berliner Senats. Schl\u00fcsselfigur war Kentler, der bis zu seinem Tod deswegen unbehelligt blieb.<br \/>\n&#8230; Alles vom 26.10.2022 von Marco Gallina bitte lesen auf<br \/>\n<a href=\"https:\/\/www.tichyseinblick.de\/feuilleton\/medien\/kentler-sexualpaedagogik\/\">https:\/\/www.tichyseinblick.de\/feuilleton\/medien\/kentler-sexualpaedagogik\/<\/a><\/p>\n<p>.<br \/>\n.<\/p>\n<p><strong>Die Gr\u00fcnen: P\u00e4dosexualit\u00e4t f\u00f6rdere die Entwicklung der Kinder<br \/>\n<\/strong><em>Franz Walter vergleicht die heutigen Reaktionen der Gr\u00fcnen auf die P\u00e4dophilie-Vorw\u00fcrfe mit denen der Nazi-Eliten, die ihre Vergangenheit auch nur beschwiegen oder sch\u00f6nredeten &#8211; harter Toback!<strong><br \/>\n<\/strong><\/em>&#8222;Regelrecht schockiert haben mich die Ausw\u00fcchse der Strafrechtsdiskussion, vor allem die Anh\u00f6rung eines Sonderausschusses des Bundestages zur Novellierung des Sexualstrafrechts im November 1970. Das hat mich fast umgehauen. Was Kriminologen, protestantische Erzieher und Sexualwissenschaftler der Gr\u00fcnen\u00a0da \u00fcber Sex zwischen Erwachsenen und vorpubert\u00e4ren Kindern schwadroniert haben, ist v\u00f6llig verantwortungslos, komplett absurd. Sie hatten zwar kaum wissenschaftliche Empirie, behaupteten aber, dass P\u00e4dosexualit\u00e4t den Kindern nicht schade, ja sogar ihre Entwicklung f\u00f6rdere.&#8220; &#8230;<br \/>\nParteienforscher Franz Walter \u00fcber P\u00e4dophilie und die Schuld der Gr\u00fcnen, DIE ZEIT vom 13.11.2014, S. 2:<br \/>\n<a href=\"https:\/\/www.zeit.de\/gesellschaft\/zeitgeschehen\/2014-11\/gruene-paedophilie-abschlussbericht\">https:\/\/www.zeit.de\/gesellschaft\/zeitgeschehen\/2014-11\/gruene-paedophilie-abschlussbericht<\/a><\/p>\n<p><strong>Die Gr\u00fcnen in Berlin zahlen Anerkennungsgeld<i><br \/>\n<\/i><\/strong><i>Die Gr\u00fcnen in Berlin haben in den Achtziger- und Neunzigerjahren sexuellen Missbrauch von Kindern toleriert. Eine aktuelle Studie kommt zu dem Ergebnis, dass vor allem eine &#8222;Arbeitsgemeinschaft Jung und Alt&#8220; p\u00e4dophilen Parteimitglieder Zugang zu Jungen verschaffte. Der Landesverband will Opfern nun ein &#8222;Anerkennungsgeld&#8220; auszahlen&#8230;.. Alles vom 20.5.2015 bitte lesen auf<\/i><i><br \/>\n<\/i><i><a href=\"https:\/\/www.spiegel.de\/politik\/deutschland\/gruene-bericht-enthuellt-paedophilie-im-berliner-der-achtziger-a-1034709.html\u00a0\">https:\/\/www.spiegel.de\/politik\/deutschland\/gruene-bericht-enthuellt-paedophilie-im-berliner-der-achtziger-a-1034709.html\u00a0<\/a><\/i><i><\/i><\/p>\n<p>&nbsp;<\/p>\n<p>&nbsp;<\/p>\n<p><strong>P\u00e4dophilie &#8211; Abbildungen des sexuellen Missbrauchs von Kindern<\/strong><\/p>\n<p>Etwa ein Prozent der m\u00e4nnlichen Bev\u00f6lkerung f\u00fchlt sich sexuell durch Kinder angesprochen. Unter den 631 Bundestagsabgeordneten sind demnach rein statistisch sechs P\u00e4dophile.<\/p>\n<p>In Deutschland leben ca 250.000 Menschen mit p\u00e4dophiler Neigung.\u00a0 Rein statistisch sond ohne Edathy noch 3200 P\u00e4dophile in der SPD. Der DFB mu\u00df mit 57000 P\u00e4dophilen rechnen.<\/p>\n<p>Nach Prof Beier ist P\u00e4dophilie eine Spielart des menschlichen Begehrens wie jede andere auch: Die sexuelle Pr\u00e4ferenz &#8222;manifestiert sich bei uns allen im Jugendalter. W\u00e4hrend der Pubert\u00e4t stellt sich heraus, ob ein Mensch homo- oder heterosexuell orientiert ist, welches K\u00f6rperschema der begehrte Mensch haben soll, also kindlich, jugendlich oder erwachsen; es gibt auch Menschen, f\u00fcr die ist ein greiser K\u00f6rper erregungssteigernd. Und es bildet sich heraus, welche Praktiken wir mit dem Partner erleben wollen. Die sexuelle Pr\u00e4ferenz sucht sich niemand aus, sie bildet sich einfach heraus &#8211; und bleibt dann ein Leben lang bestehen.&#8220;<\/p>\n<p>Der Berliner Sexualmediziner Klaus Beier fordert beschreibt seine Forderung nach einem rationaleren Verh\u00e4ltnis zum Thema der P\u00e4dophilie mit folgendem Vergleichsbeispiel: <strong><em>&#8222;Wenn sie in ihrem Haus einen neuen Nachbarn haben und besuchen ihn mit einer Flasche Wein , aber er erwidert &#8222;Ich kann leider nicht mittrinken. Ich bin <a title=\"Alkohol\" href=\"https:\/\/www.freiburg-schwarzwald.de\/blog\/selbsthilfe\/sucht\/alkohol\/\">Alkoholiker<\/a>.&#8220;, dann ist das heutzutage v\u00f6llig in Ordnung. Aber wenn sie ihren Nachbarn fragen, ob er mal kurz auf ihren f\u00fcnfj\u00e4hrigen Sohn aufpassen kann, und er sagt: &#8222;Nein, tut mir leid, ich bin p\u00e4dophil&#8220;, dann kann er sofort wieder ausziehen, weil er sozial ge\u00e4chtet w\u00e4re. Dabei h\u00e4tte ich der Mann sehr verantwortungsvoll verhalten.&#8220;<\/em><\/strong> Ein solches Verhalten ist in Deutschand derzeit leider (noch) nicht m\u00f6glich, da es zu sehr weh tut, sich der \u00d6ffentlichkeit zu stellen.<\/p>\n<p>.<\/p>\n<p><strong>Posing-Bilder verbieten, da sie einen sexuellen Misbrauch von Kindern darstellen<\/strong><br \/>\n&#8222;Ich w\u00fcrde keinem Menschen seine sexuelle Phantasien vorwerfen, m\u00f6gen sie auch noch so ungew\u00f6hnlich erscheinen. Wichtig ist nur, dass sie keinem anderen Menschen schaden.&#8220; &#8230;. Auf die Frage &#8218;Sebastian Edathy sagt, er habe im Internet nur legales Material bestellt, demzufolge w\u00e4re ihm ja nichts vorzuwerfen&#8216;: &#8222;Danach handelt es sich um sog. Posing-Bilder, also Photos, bei denen Kinder in Szene gesetzt wurden. Ich setze mich schon seit Jahren daf\u00fcr ein, solche Bilder zu verbieten, denn sie stellen ganz eindeutig einen Missbrauch dar, eben weil die Kinder f\u00fcr die sexuellen Interessen Erwachsener benutzt werden&#8220;<br \/>\n&#8230;.<br \/>\nKomplettes Interview vom 24.2.2014 von Prof. Klaus Michael Beier, Direktor des Instituts f\u00fcr Sexualmedizin an der Charite Berlin, der\u00a0eine rationalere Debatte \u00fcber P\u00e4dophilie in Deutschland fordert,\u00a0bitte lesen auf<br \/>\n<a href=\"https:\/\/magazin.spiegel.de\/digital\/index_SP.html#SP\/2014\/9\/125203160\">https:\/\/magazin.spiegel.de\/digital\/index_SP.html#SP\/2014\/9\/125203160<\/a><\/p>\n<p>.<\/p>\n<p><strong>P\u00e4dophilie und Alkoholismus<\/strong><\/p>\n<p>P\u00e4dophilie ist angeboren, niemand hat sie sich ausgesucht. Deshalb ist nicht die Neigung verwerflich, sondern das Ausleben diesere Neigung bzw. Praktizieren an Kindern.<br \/>\nWer P\u00e4dophilie \u00e4chtet und anprangert, hilft also kaum einem Kind. Im Gegenteil, er gef\u00e4hrdet sogar die potentiellen Opfer, denn er dr\u00e4ngt die P\u00e4dophilen weiter ins Abseits, wo sie ihren Trieb unkontrolliert, heimlich bzw. ohne Hilfe ausleben.<br \/>\nNur wenn P\u00e4dophile eine Therapie aufsuchen, k\u00f6nnen Kinder besser gesch\u00fctzt werden. Wie Alkoholiker sind auch P\u00e4dophile auf Therapie und Selbsthilfegruppen angewiesen.<br \/>\n3.3.2014<\/p>\n<p>&nbsp;<\/p>\n","protected":false},"excerpt":{"rendered":"<p>Home &gt;Selbsthilfe &gt;Krise &gt;SexuellerMissbrauch &gt;Paedophilie Listenauswahl eines Beitrags (Artikel\/Datum, Seite\/Inhalt):\u00a0Klicken\u00a0oder scrollen DemoF\u00fcrAlle \u2013 Symposion in Kassel 100. \u2013 14-4-2026 (14.4.2026) P\u00e4dophile Sexualp\u00e4dagogik: \u201eWissenschaftlich\u201c gedecktes Grooming\u00a0(10.4.2026) Epstein DeepState Wertewesten\u00a0(9.2.2026) Tatort Kita: Der woke Angriff auf unsere Kinder\u00a0(6.11.2025) Warum die Chat-Kontrolle die &hellip; <a href=\"https:\/\/www.freiburg-schwarzwald.de\/blog\/selbsthilfe\/krise\/sexuellermissbrauch\/paedophilie\/\">Weiterlesen <span class=\"meta-nav\">&rarr;<\/span><\/a><\/p>\n","protected":false},"author":2,"featured_media":0,"parent":1154,"menu_order":0,"comment_status":"open","ping_status":"closed","template":"","meta":{"footnotes":""},"class_list":["post-45581","page","type-page","status-publish","hentry"],"_links":{"self":[{"href":"https:\/\/www.freiburg-schwarzwald.de\/blog\/wp-json\/wp\/v2\/pages\/45581","targetHints":{"allow":["GET"]}}],"collection":[{"href":"https:\/\/www.freiburg-schwarzwald.de\/blog\/wp-json\/wp\/v2\/pages"}],"about":[{"href":"https:\/\/www.freiburg-schwarzwald.de\/blog\/wp-json\/wp\/v2\/types\/page"}],"author":[{"embeddable":true,"href":"https:\/\/www.freiburg-schwarzwald.de\/blog\/wp-json\/wp\/v2\/users\/2"}],"replies":[{"embeddable":true,"href":"https:\/\/www.freiburg-schwarzwald.de\/blog\/wp-json\/wp\/v2\/comments?post=45581"}],"version-history":[{"count":5,"href":"https:\/\/www.freiburg-schwarzwald.de\/blog\/wp-json\/wp\/v2\/pages\/45581\/revisions"}],"predecessor-version":[{"id":148090,"href":"https:\/\/www.freiburg-schwarzwald.de\/blog\/wp-json\/wp\/v2\/pages\/45581\/revisions\/148090"}],"up":[{"embeddable":true,"href":"https:\/\/www.freiburg-schwarzwald.de\/blog\/wp-json\/wp\/v2\/pages\/1154"}],"wp:attachment":[{"href":"https:\/\/www.freiburg-schwarzwald.de\/blog\/wp-json\/wp\/v2\/media?parent=45581"}],"curies":[{"name":"wp","href":"https:\/\/api.w.org\/{rel}","templated":true}]}}