{"id":44866,"date":"2014-02-02T11:52:06","date_gmt":"2014-02-02T10:52:06","guid":{"rendered":"https:\/\/www.freiburg-schwarzwald.de\/blog\/?page_id=44866"},"modified":"2014-05-28T14:48:12","modified_gmt":"2014-05-28T12:48:12","slug":"reparatur","status":"publish","type":"page","link":"https:\/\/www.freiburg-schwarzwald.de\/blog\/engagement\/verbraucher\/konsum\/reparatur\/","title":{"rendered":"Reparatur"},"content":{"rendered":"<p><a href=\"https:\/\/www.freiburg-schwarzwald.de\/blog\">Home<\/a>\u00a0&gt;<a title=\"Engagement\" href=\"https:\/\/www.freiburg-schwarzwald.de\/blog\/engagement\/\">Engagement<\/a>\u00a0&gt;<a title=\"Verbraucher\" href=\"https:\/\/www.freiburg-schwarzwald.de\/blog\/engagement\/verbraucher\/\">Verbraucher<\/a>\u00a0&gt;<a title=\"Konsum\" href=\"https:\/\/www.freiburg-schwarzwald.de\/blog\/engagement\/verbraucher\/konsum\/\">Konsum<\/a> &gt;Reparatur<\/p>\n<div id=\"attachment_44808\" style=\"width: 650px\" class=\"wp-caption alignnone\"><a href=\"https:\/\/www.freiburg-schwarzwald.de\/blog\/sport\/sportlern\/paragliding\/gleitschirm\/kandel16gleitschirm-pan140129\/\" rel=\"attachment wp-att-44808\"><img loading=\"lazy\" decoding=\"async\" aria-describedby=\"caption-attachment-44808\" class=\"size-full wp-image-44808\" alt=\"Gleitschirm-Start im Hochschwarzwald auf dem Kandel oberhalb der Gummenh\u00fctte am 29.1.2014\" src=\"https:\/\/www.freiburg-schwarzwald.de\/blog\/wp-content\/uploads\/2014\/02\/kandel16gleitschirm-pan140129.jpg\" width=\"640\" height=\"253\" srcset=\"https:\/\/www.freiburg-schwarzwald.de\/blog\/wp-content\/uploads\/2014\/02\/kandel16gleitschirm-pan140129.jpg 640w, https:\/\/www.freiburg-schwarzwald.de\/blog\/wp-content\/uploads\/2014\/02\/kandel16gleitschirm-pan140129-180x71.jpg 180w\" sizes=\"auto, (max-width: 640px) 100vw, 640px\" \/><\/a><p id=\"caption-attachment-44808\" class=\"wp-caption-text\">Gleitschirm-Start im Hochschwarzwald auf dem Kandel oberhalb der Gummenh\u00fctte am 29.1.2014<\/p><\/div>\n<ul>\n<li>Repair Cafes &#8211; Reparatur-Cafes<\/li>\n<li>Reparatur-Cafe in Freiburg<\/li>\n<li><a title=\"Obsoleszenz\" href=\"https:\/\/www.freiburg-schwarzwald.de\/blog\/engagement\/zukunft\/obsoleszenz\/\">Obsoleszenz<\/a><\/li>\n<li><a title=\"Wegwerfkultur\" href=\"https:\/\/www.freiburg-schwarzwald.de\/blog\/kultur\/wegwerfkultur\/\">Wegwerfkultur<\/a><\/li>\n<li><\/li>\n<\/ul>\n<p><strong>Repair Cafes &#8211; Reparatur-Cafes<\/strong><br \/>\nDer neudeutsche Begriff der &#8222;geplante\u00a0<a title=\"Obsoleszenz\" href=\"https:\/\/www.freiburg-schwarzwald.de\/blog\/engagement\/zukunft\/obsoleszenz\/\">Obsoleszenz<\/a>&#8220; besagt, dass Ger\u00e4te bewu\u00dft so produziert werden, dass nicht zu reparieren sind und gezielt Schwachstellen eingebaut werden, um eine\u00a0k\u00fcrzere Haltbarkeit aufzuweisen. Reparatur-Caf\u00e9s (Repair cafes) haben diesem Ph\u00e4nomen der Ressourcenverschwendung den Kampf angesagt: Sie vermitteln Spa\u00df am Reparieren: &#8222;Wir reparieren nicht selber, wir sind keine Dienstleister, wir zeigen nur, wie es geht.&#8220; &#8222;Wegwerfen? Denkste!&#8220;, so hei\u00dft es auf der Website der Repair Caf\u00e9-Bewegung.<\/p>\n<p>Neues Reparaturcafe in Freiburg<br \/>\nProfessionelle Hilfe kam aus den Niederlanden: Dort, in Amsterdam, hat die weltweite Repair Caf\u00e9-Bewegung angefangen. Dort sitzt auch die weltweit t\u00e4tige &#8222;Stiftung Repair Caf\u00e9&#8220;. Die schickte Material und vermittelte einen wichtigen Mitstreiter: J\u00f6rg K\u00f6n\u00f6zsi leitet die AWO-Seniorenwohn- und Begegnungsst\u00e4tte &#8222;Im Gr\u00fcn&#8220; in der Freiburger Innenstadt. Auch er hatte sich in Amsterdam gemeldet, von dort aus wurde er an die Gruppe vermittelt. &#8230;.<br \/>\nAlles vom 28.5.2014 bitte lesen auf<br \/>\n<span style=\"text-decoration: underline;\"><span style=\"color: #0066cc;\"><a href=\"https:\/\/www.badische-zeitung.de\/lokales\/freiburg\/neues-reparaturcaf-in-freiburg-wegwerfen-denkste\">https:\/\/www.badische-zeitung.de\/lokales\/freiburg\/neues-reparaturcaf-in-freiburg-wegwerfen-denkste<\/a><\/span><\/span><\/p>\n<div><strong>Reparatur-Cafe in Freiburg<\/strong>Tel 0761\/88795604<br \/>\nMail: <a href=\"mailto:info@reparaturcaf\u00e9-freiburg.de\">info@reparaturcaf\u00e9-freiburg.de<\/a><br \/>\nBegegnungsst\u00e4tte &#8222;Im Gr\u00fcn&#8220;, Im Gr\u00fcn 5, 79098 Freiburg.<\/p>\n<div><a title=\"\" href=\"https:\/\/www.xn--reparaturcaf-freiburg-m5b.de\/\" target=\"_blank\">https:\/\/www.reparaturcaf\u00e9-freiburg.de<\/a><\/div>\n<\/div>\n<p>Erstes Reparatur-Caf\u00e9 des Chaos-Computer-Clubs in Freiburg<br \/>\nIm Reparatur-Caf\u00e9 des CCC kann jedermann unter fachkundiger Anleitung seine Elektroger\u00e4te instandsetzen.<br \/>\nAlles von 21.10.2013 bitte lesen auf<br \/>\n<a href=\"https:\/\/www.badische-zeitung.de\/freiburg\/erstes-reparatur-caf-des-chaos-computer-clubs-in-freiburg--76335346.html\">https:\/\/www.badische-zeitung.de\/freiburg\/erstes-reparatur-caf-des-chaos-computer-clubs-in-freiburg&#8211;76335346.html<br \/>\n<\/a><\/p>\n<p>Reparaturcafe im CCC Freiburg<br \/>\nSandbox im Artil, Friedrichsring 2, 79098 Freiburg<br \/>\nSiegesdenkmal, Unterf\u00fchrung<br \/>\n<a href=\"https:\/\/www.cccfr.de\/reparaturcafe \">https:\/\/www.cccfr.de\/reparaturcafe<\/a>\u00a0 \u00a0 \u00a0 \u00a0.<a href=\"https:\/\/www.cccfr.de\/reparaturcafe \"><\/p>\n<blockquote class=\"wp-embedded-content\" data-secret=\"i8pVr9St4B\"><p><a href=\"https:\/\/artikfreiburg.wordpress.com\/2013\/10\/17\/reparatur-cafe-am-so-20-10-2013-ab-15h\/\">Reparatur Caf\u00e9| am So. 20.10.2013| ab&nbsp;15h<\/a><\/p><\/blockquote>\n<p><iframe loading=\"lazy\" class=\"wp-embedded-content\" sandbox=\"allow-scripts\" security=\"restricted\" style=\"position: absolute; clip: rect(1px, 1px, 1px, 1px);\" title=\"&#8222;Reparatur Caf\u00e9| am So. 20.10.2013| ab&nbsp;15h&#8220; &#8212; ArTik\" src=\"https:\/\/artikfreiburg.wordpress.com\/2013\/10\/17\/reparatur-cafe-am-so-20-10-2013-ab-15h\/embed\/#?secret=d3sDb7hGOw#?secret=i8pVr9St4B\" data-secret=\"i8pVr9St4B\" width=\"600\" height=\"338\" frameborder=\"0\" marginwidth=\"0\" marginheight=\"0\" scrolling=\"no\"><\/iframe><br \/>\n<\/a><\/p>\n<p>&nbsp;<\/p>\n<p><a href=\"https:\/\/www.anstiftung-ertomis.de\/die-stiftung \">https:\/\/www.anstiftung-ertomis.de\/die-stiftung\u00a0<\/a><\/p>\n","protected":false},"excerpt":{"rendered":"<p>Home\u00a0&gt;Engagement\u00a0&gt;Verbraucher\u00a0&gt;Konsum &gt;Reparatur Repair Cafes &#8211; Reparatur-Cafes Reparatur-Cafe in Freiburg Obsoleszenz Wegwerfkultur Repair Cafes &#8211; Reparatur-Cafes Der neudeutsche Begriff der &#8222;geplante\u00a0Obsoleszenz&#8220; besagt, dass Ger\u00e4te bewu\u00dft so produziert werden, dass nicht zu reparieren sind und gezielt Schwachstellen eingebaut werden, um eine\u00a0k\u00fcrzere Haltbarkeit &hellip; <a href=\"https:\/\/www.freiburg-schwarzwald.de\/blog\/engagement\/verbraucher\/konsum\/reparatur\/\">Weiterlesen <span class=\"meta-nav\">&rarr;<\/span><\/a><\/p>\n","protected":false},"author":2,"featured_media":0,"parent":26571,"menu_order":0,"comment_status":"open","ping_status":"closed","template":"","meta":{"footnotes":""},"class_list":["post-44866","page","type-page","status-publish","hentry"],"_links":{"self":[{"href":"https:\/\/www.freiburg-schwarzwald.de\/blog\/wp-json\/wp\/v2\/pages\/44866","targetHints":{"allow":["GET"]}}],"collection":[{"href":"https:\/\/www.freiburg-schwarzwald.de\/blog\/wp-json\/wp\/v2\/pages"}],"about":[{"href":"https:\/\/www.freiburg-schwarzwald.de\/blog\/wp-json\/wp\/v2\/types\/page"}],"author":[{"embeddable":true,"href":"https:\/\/www.freiburg-schwarzwald.de\/blog\/wp-json\/wp\/v2\/users\/2"}],"replies":[{"embeddable":true,"href":"https:\/\/www.freiburg-schwarzwald.de\/blog\/wp-json\/wp\/v2\/comments?post=44866"}],"version-history":[{"count":0,"href":"https:\/\/www.freiburg-schwarzwald.de\/blog\/wp-json\/wp\/v2\/pages\/44866\/revisions"}],"up":[{"embeddable":true,"href":"https:\/\/www.freiburg-schwarzwald.de\/blog\/wp-json\/wp\/v2\/pages\/26571"}],"wp:attachment":[{"href":"https:\/\/www.freiburg-schwarzwald.de\/blog\/wp-json\/wp\/v2\/media?parent=44866"}],"curies":[{"name":"wp","href":"https:\/\/api.w.org\/{rel}","templated":true}]}}