{"id":44738,"date":"2014-01-31T21:43:31","date_gmt":"2014-01-31T20:43:31","guid":{"rendered":"https:\/\/www.freiburg-schwarzwald.de\/blog\/?page_id=44738"},"modified":"2025-05-09T13:08:25","modified_gmt":"2025-05-09T11:08:25","slug":"rom","status":"publish","type":"page","link":"https:\/\/www.freiburg-schwarzwald.de\/blog\/global\/italien\/rom\/","title":{"rendered":"Rom"},"content":{"rendered":"<p><a href=\"https:\/\/www.freiburg-schwarzwald.de\/blog\">Home<\/a>\u00a0&gt;<a title=\"Global\" href=\"https:\/\/www.freiburg-schwarzwald.de\/blog\/global\/\">Global<\/a>\u00a0&gt;<a title=\"Reiseberichte\" href=\"https:\/\/www.freiburg-schwarzwald.de\/blog\/tourismus\/reiseberichte\/\">Reiseberichte<\/a>\u00a0&gt;<a title=\"Italien\" href=\"https:\/\/www.freiburg-schwarzwald.de\/blog\/global\/italien\/\">Italien<\/a>\u00a0&gt;Rom<\/p>\n<div id=\"attachment_49310\" style=\"width: 649px\" class=\"wp-caption alignnone\"><a href=\"https:\/\/www.freiburg-schwarzwald.de\/blog\/global\/italien\/rom\/liguria12mittelmeer-pan140710\/\" rel=\"attachment wp-att-49310\"><img loading=\"lazy\" decoding=\"async\" aria-describedby=\"caption-attachment-49310\" class=\"size-full wp-image-49310\" src=\"https:\/\/www.freiburg-schwarzwald.de\/blog\/wp-content\/uploads\/2014\/01\/liguria12mittelmeer-pan140710.jpg\" alt=\"An der K\u00fcste von Ligurien 40 km \u00f6stlich von Genua am 10.7.2014\" width=\"639\" height=\"240\" srcset=\"https:\/\/www.freiburg-schwarzwald.de\/blog\/wp-content\/uploads\/2014\/01\/liguria12mittelmeer-pan140710.jpg 639w, https:\/\/www.freiburg-schwarzwald.de\/blog\/wp-content\/uploads\/2014\/01\/liguria12mittelmeer-pan140710-180x67.jpg 180w\" sizes=\"auto, (max-width: 639px) 100vw, 639px\" \/><\/a><p id=\"caption-attachment-49310\" class=\"wp-caption-text\">An der K\u00fcste von Ligurien 40 km \u00f6stlich von Genua am 10.7.2014<\/p><\/div>\n<p>&nbsp;<\/p>\n<ul>\n<li><em>Listenauswahl eines Beitrags (Artikel\/Datum, Seite\/Inhalt):\u00a0<span style=\"text-decoration: underline;\">Klicken<\/span>\u00a0oder scrollen<\/em><\/li>\n<li><a href=\"https:\/\/www.freiburg-schwarzwald.de\/blog\/religion\/katholisch\/leo\/\">David Engels: Krise und Aufbruch der Weltkirche \u2013 Wendezeit des Glaubens<\/a>\u00a0(8.5.2025)<\/li>\n<li>Drei Tage in Rom 28.-30.4.2015 zu Besuch (10.5.2015)<\/li>\n<li>Rom &#8211; beinahe bankrott und zunehmend verwahrlost (19.4.2014)<\/li>\n<li>Ziviles Engagement in Italien: \u201eRetake Roma\u201c putzt Kirchen und historische Geb\u00e4ude (31.1.2014)<\/li>\n<li><\/li>\n<li><a href=\"https:\/\/www.freiburg-schwarzwald.de\/blog\/religion\/katholisch\/leo\/\">LeoXIV<\/a><\/li>\n<\/ul>\n<p>&nbsp;<\/p>\n<p><strong>Drei Tage in Rom 28.-30.4.2015 zu Besuch<\/strong><br \/>\nDas Positive zuerst: Rom ist phantastisch. Die Altstadt mit Piazza Navona, Pantheon, Fontane di Trevi, Sacalata Trinita (spanische Treppe), Campo dei Fiori, Monumento Vittorio Emanuele (Fahrstuhl aufs Dach mit Rundblick zu Forum Romanum, Colosseum, Via Appia, &#8230;).<br \/>\nAuf der s\u00fcdlichen Seite des Tibers Trastevere mit Piazza Santa Maria, Kunst, Tr\u00f6dl und Restaurants in den engen Gassen, Panoramaweg von der Fontane Aqua Paola zum Monumento Garibaldi.<br \/>\nSchlie\u00dflich der Vatikan mit Piazza San Pietro und Petersdom (mit dem Fahrstuhl hoch zur Kuppel). Stolze 250.000 Menschen kann der Petersplatz aufnehmen &#8211; und 60.000 der Petersdom.<br \/>\nRom ist erstaunlich preiswert. Ein Cappuchino an der Bar kostet zwischen 1 und 1,30 Euro.<\/p>\n<p>Das Negative: 1) Gef\u00fchlte 70 % (tats\u00e4chlich sollen es nur 60% sein) der Touristen sind Chinesen, die stets in Gruppen unterwegs sind, stets palavernd, auch in Kirchen. Sie essen in Restaurants und shoppen in Souvenirl\u00e4den, die von Chinesen aufgekauft wurden.<br \/>\n2) Bettler und H\u00e4ndler von Balkan, Afrika, Nahost und Fernost beherrschen den \u00f6ffentlichen Raum. An einem Nachmittag stellen sich mir ca 50 mal junge M\u00e4nner in den Weg, um eine Smartphone-Halterung f\u00fcrs Selfie, eine Gummi-Qualle oder einen Sonnen-\/Regenschirm anzubieten. Bettler blockieren nicht nur die Eing\u00e4nge der Kirchen, sondern sind auch im Innenraum von Bank zu Bank unterwegs.<br \/>\n3) Rom driftet auseinander: Einerseits die historische Altstadt und der Vatikan. Dann die teuren Wohnquartiere und &#8222;In&#8220;-Viertel wie Trastevere. Drum herum die Armut in Ghettos, Verslummung, NoGo-Areas.<br \/>\n4) Was Rom eint, ist der all\u00fcberall herrschende M\u00fcll, Abfall, Dreck und Gestank. Keine M\u00fclltonne, die nicht \u00fcberquillt, keine dunkle Strassenecke, die nicht bepinkelt ist.<\/p>\n<p><a href=\" https:\/\/picasaweb.google.com\/112511062591120333200\/201504rom?authkey=Gv1sRgCOSDz7_qqc2wIQ\">https:\/\/picasaweb.google.com\/112511062591120333200\/201504rom?authkey=Gv1sRgCOSDz7_qqc2wIQ<\/a><br \/>\n10.5.2015<\/p>\n<h5><a href=\"https:\/\/www.freiburg-schwarzwald.de\/blog\/global\/italien\/rom\/rom4emanuele150430\/\" rel=\"attachment wp-att-54494\"><img loading=\"lazy\" decoding=\"async\" class=\"alignnone size-thumbnail wp-image-54494\" src=\"https:\/\/www.freiburg-schwarzwald.de\/blog\/wp-content\/uploads\/2014\/01\/rom4emanuele150430-180x135.jpg\" alt=\"rom4emanuele150430\" width=\"180\" height=\"135\" srcset=\"https:\/\/www.freiburg-schwarzwald.de\/blog\/wp-content\/uploads\/2014\/01\/rom4emanuele150430-180x135.jpg 180w, https:\/\/www.freiburg-schwarzwald.de\/blog\/wp-content\/uploads\/2014\/01\/rom4emanuele150430.jpg 640w\" sizes=\"auto, (max-width: 180px) 100vw, 180px\" \/><\/a>\u00a0\u00a0\u00a0\u00a0\u00a0\u00a0\u00a0\u00a0\u00a0 <a href=\"https:\/\/www.freiburg-schwarzwald.de\/blog\/global\/italien\/rom\/rom5emanuele150430\/\" rel=\"attachment wp-att-54495\"><img loading=\"lazy\" decoding=\"async\" class=\"alignnone size-thumbnail wp-image-54495\" src=\"https:\/\/www.freiburg-schwarzwald.de\/blog\/wp-content\/uploads\/2014\/01\/rom5emanuele150430-180x135.jpg\" alt=\"rom5emanuele150430\" width=\"180\" height=\"135\" srcset=\"https:\/\/www.freiburg-schwarzwald.de\/blog\/wp-content\/uploads\/2014\/01\/rom5emanuele150430-180x135.jpg 180w, https:\/\/www.freiburg-schwarzwald.de\/blog\/wp-content\/uploads\/2014\/01\/rom5emanuele150430.jpg 640w\" sizes=\"auto, (max-width: 180px) 100vw, 180px\" \/><\/a>\u00a0\u00a0\u00a0\u00a0\u00a0\u00a0\u00a0\u00a0\u00a0 <a href=\"https:\/\/www.freiburg-schwarzwald.de\/blog\/global\/italien\/rom\/rom5emanuele-colosseum150430\/\" rel=\"attachment wp-att-54496\"><img loading=\"lazy\" decoding=\"async\" class=\"alignnone size-thumbnail wp-image-54496\" src=\"https:\/\/www.freiburg-schwarzwald.de\/blog\/wp-content\/uploads\/2014\/01\/rom5emanuele-colosseum150430-180x135.jpg\" alt=\"rom5emanuele-colosseum150430\" width=\"180\" height=\"135\" srcset=\"https:\/\/www.freiburg-schwarzwald.de\/blog\/wp-content\/uploads\/2014\/01\/rom5emanuele-colosseum150430-180x135.jpg 180w, https:\/\/www.freiburg-schwarzwald.de\/blog\/wp-content\/uploads\/2014\/01\/rom5emanuele-colosseum150430.jpg 640w\" sizes=\"auto, (max-width: 180px) 100vw, 180px\" \/><\/a><br \/>\n(1) Rundblick Vittorio Emanuele\u00a0\u00a0\u00a0\u00a0\u00a0\u00a0\u00a0\u00a0\u00a0\u00a0\u00a0\u00a0\u00a0 (2) Blick nach Norden\u00a0\u00a0\u00a0\u00a0\u00a0\u00a0\u00a0\u00a0\u00a0\u00a0\u00a0\u00a0\u00a0\u00a0\u00a0\u00a0\u00a0\u00a0\u00a0\u00a0\u00a0\u00a0\u00a0\u00a0\u00a0\u00a0\u00a0\u00a0 (3)Colosseum im Nordosten<\/h5>\n<h5><a href=\"https:\/\/www.freiburg-schwarzwald.de\/blog\/global\/italien\/rom\/rom5emanuele-forumromanum150430\/\" rel=\"attachment wp-att-54497\"><img loading=\"lazy\" decoding=\"async\" class=\"alignnone size-thumbnail wp-image-54497\" src=\"https:\/\/www.freiburg-schwarzwald.de\/blog\/wp-content\/uploads\/2014\/01\/rom5emanuele-forumromanum150430-180x135.jpg\" alt=\"rom5emanuele-forumromanum150430\" width=\"180\" height=\"135\" srcset=\"https:\/\/www.freiburg-schwarzwald.de\/blog\/wp-content\/uploads\/2014\/01\/rom5emanuele-forumromanum150430-180x135.jpg 180w, https:\/\/www.freiburg-schwarzwald.de\/blog\/wp-content\/uploads\/2014\/01\/rom5emanuele-forumromanum150430.jpg 640w\" sizes=\"auto, (max-width: 180px) 100vw, 180px\" \/><\/a>\u00a0\u00a0\u00a0\u00a0\u00a0\u00a0\u00a0\u00a0\u00a0 <a href=\"https:\/\/www.freiburg-schwarzwald.de\/blog\/global\/italien\/rom\/rom6emanuele150430\/\" rel=\"attachment wp-att-54498\"><img loading=\"lazy\" decoding=\"async\" class=\"alignnone size-thumbnail wp-image-54498\" src=\"https:\/\/www.freiburg-schwarzwald.de\/blog\/wp-content\/uploads\/2014\/01\/rom6emanuele150430-180x135.jpg\" alt=\"rom6emanuele150430\" width=\"180\" height=\"135\" srcset=\"https:\/\/www.freiburg-schwarzwald.de\/blog\/wp-content\/uploads\/2014\/01\/rom6emanuele150430-180x135.jpg 180w, https:\/\/www.freiburg-schwarzwald.de\/blog\/wp-content\/uploads\/2014\/01\/rom6emanuele150430.jpg 640w\" sizes=\"auto, (max-width: 180px) 100vw, 180px\" \/><\/a>\u00a0\u00a0\u00a0\u00a0\u00a0\u00a0\u00a0\u00a0\u00a0 <a href=\"https:\/\/www.freiburg-schwarzwald.de\/blog\/global\/italien\/rom\/rom7emanuele-kirche150430\/\" rel=\"attachment wp-att-54499\"><img loading=\"lazy\" decoding=\"async\" class=\"alignnone size-thumbnail wp-image-54499\" src=\"https:\/\/www.freiburg-schwarzwald.de\/blog\/wp-content\/uploads\/2014\/01\/rom7emanuele-kirche150430-180x135.jpg\" alt=\"rom7emanuele-kirche150430\" width=\"180\" height=\"135\" srcset=\"https:\/\/www.freiburg-schwarzwald.de\/blog\/wp-content\/uploads\/2014\/01\/rom7emanuele-kirche150430-180x135.jpg 180w, https:\/\/www.freiburg-schwarzwald.de\/blog\/wp-content\/uploads\/2014\/01\/rom7emanuele-kirche150430.jpg 640w\" sizes=\"auto, (max-width: 180px) 100vw, 180px\" \/><\/a><br \/>\n(4) Forum Romanum im Osten\u00a0\u00a0\u00a0\u00a0\u00a0\u00a0\u00a0\u00a0\u00a0\u00a0\u00a0\u00a0\u00a0\u00a0 (5) S\u00fcdosten\u00a0\u00a0\u00a0\u00a0\u00a0\u00a0\u00a0\u00a0\u00a0\u00a0\u00a0\u00a0\u00a0\u00a0\u00a0\u00a0\u00a0\u00a0\u00a0\u00a0\u00a0\u00a0\u00a0\u00a0\u00a0\u00a0\u00a0\u00a0\u00a0\u00a0\u00a0\u00a0\u00a0\u00a0\u00a0\u00a0\u00a0\u00a0\u00a0\u00a0\u00a0\u00a0\u00a0 (6) Kirche bei Vittorio Emanuele<\/h5>\n<h5><a href=\"https:\/\/www.freiburg-schwarzwald.de\/blog\/global\/italien\/rom\/rom8schreiner150430\/\" rel=\"attachment wp-att-54500\"><img loading=\"lazy\" decoding=\"async\" class=\"alignnone size-thumbnail wp-image-54500\" src=\"https:\/\/www.freiburg-schwarzwald.de\/blog\/wp-content\/uploads\/2014\/01\/rom8schreiner150430-180x135.jpg\" alt=\"rom8schreiner150430\" width=\"180\" height=\"135\" srcset=\"https:\/\/www.freiburg-schwarzwald.de\/blog\/wp-content\/uploads\/2014\/01\/rom8schreiner150430-180x135.jpg 180w, https:\/\/www.freiburg-schwarzwald.de\/blog\/wp-content\/uploads\/2014\/01\/rom8schreiner150430.jpg 640w\" sizes=\"auto, (max-width: 180px) 100vw, 180px\" \/><\/a>\u00a0\u00a0\u00a0\u00a0\u00a0\u00a0\u00a0\u00a0\u00a0 <a href=\"https:\/\/www.freiburg-schwarzwald.de\/blog\/global\/italien\/rom\/rom9strasse150430\/\" rel=\"attachment wp-att-54501\"><img loading=\"lazy\" decoding=\"async\" class=\"alignnone size-thumbnail wp-image-54501\" src=\"https:\/\/www.freiburg-schwarzwald.de\/blog\/wp-content\/uploads\/2014\/01\/rom9strasse150430-135x180.jpg\" alt=\"rom9strasse150430\" width=\"135\" height=\"180\" srcset=\"https:\/\/www.freiburg-schwarzwald.de\/blog\/wp-content\/uploads\/2014\/01\/rom9strasse150430-135x180.jpg 135w, https:\/\/www.freiburg-schwarzwald.de\/blog\/wp-content\/uploads\/2014\/01\/rom9strasse150430.jpg 480w\" sizes=\"auto, (max-width: 135px) 100vw, 135px\" \/><\/a>\u00a0\u00a0\u00a0\u00a0\u00a0\u00a0\u00a0\u00a0\u00a0\u00a0\u00a0\u00a0\u00a0\u00a0\u00a0\u00a0\u00a0\u00a0\u00a0\u00a0\u00a0\u00a0\u00a0\u00a0 <a href=\"https:\/\/www.freiburg-schwarzwald.de\/blog\/global\/italien\/rom\/rom10goethe150430\/\" rel=\"attachment wp-att-54502\"><img loading=\"lazy\" decoding=\"async\" class=\"alignnone size-thumbnail wp-image-54502\" src=\"https:\/\/www.freiburg-schwarzwald.de\/blog\/wp-content\/uploads\/2014\/01\/rom10goethe150430-180x147.jpg\" alt=\"rom10goethe150430\" width=\"180\" height=\"147\" srcset=\"https:\/\/www.freiburg-schwarzwald.de\/blog\/wp-content\/uploads\/2014\/01\/rom10goethe150430-180x147.jpg 180w, https:\/\/www.freiburg-schwarzwald.de\/blog\/wp-content\/uploads\/2014\/01\/rom10goethe150430.jpg 640w\" sizes=\"auto, (max-width: 180px) 100vw, 180px\" \/><\/a><br \/>\n(7) Schreiner in Roms Altstadt\u00a0\u00a0\u00a0\u00a0\u00a0\u00a0\u00a0\u00a0\u00a0\u00a0\u00a0\u00a0\u00a0\u00a0\u00a0 (8) Strassenpoller seit 3 Jahren\u00a0\u00a0\u00a0\u00a0\u00a0\u00a0\u00a0\u00a0\u00a0\u00a0\u00a0\u00a0\u00a0\u00a0\u00a0 (9) Goethe in Rom<\/h5>\n<h5><a href=\"https:\/\/www.freiburg-schwarzwald.de\/blog\/global\/italien\/rom\/rom11spatz150430\/\" rel=\"attachment wp-att-54503\"><img loading=\"lazy\" decoding=\"async\" class=\"alignnone size-thumbnail wp-image-54503\" src=\"https:\/\/www.freiburg-schwarzwald.de\/blog\/wp-content\/uploads\/2014\/01\/rom11spatz150430-180x145.jpg\" alt=\"rom11spatz150430\" width=\"180\" height=\"145\" srcset=\"https:\/\/www.freiburg-schwarzwald.de\/blog\/wp-content\/uploads\/2014\/01\/rom11spatz150430-180x145.jpg 180w, https:\/\/www.freiburg-schwarzwald.de\/blog\/wp-content\/uploads\/2014\/01\/rom11spatz150430.jpg 639w\" sizes=\"auto, (max-width: 180px) 100vw, 180px\" \/><\/a>\u00a0\u00a0\u00a0\u00a0\u00a0\u00a0\u00a0\u00a0\u00a0 <a href=\"https:\/\/www.freiburg-schwarzwald.de\/blog\/global\/italien\/rom\/rom12piazzanavona150430\/\" rel=\"attachment wp-att-54504\"><img loading=\"lazy\" decoding=\"async\" class=\"alignnone size-thumbnail wp-image-54504\" src=\"https:\/\/www.freiburg-schwarzwald.de\/blog\/wp-content\/uploads\/2014\/01\/rom12piazzanavona150430-135x180.jpg\" alt=\"rom12piazzanavona150430\" width=\"135\" height=\"180\" srcset=\"https:\/\/www.freiburg-schwarzwald.de\/blog\/wp-content\/uploads\/2014\/01\/rom12piazzanavona150430-135x180.jpg 135w, https:\/\/www.freiburg-schwarzwald.de\/blog\/wp-content\/uploads\/2014\/01\/rom12piazzanavona150430.jpg 480w\" sizes=\"auto, (max-width: 135px) 100vw, 135px\" \/><\/a>\u00a0\u00a0\u00a0\u00a0\u00a0\u00a0\u00a0\u00a0\u00a0\u00a0\u00a0\u00a0\u00a0\u00a0\u00a0\u00a0\u00a0\u00a0\u00a0\u00a0\u00a0\u00a0\u00a0\u00a0\u00a0\u00a0 <a href=\"https:\/\/www.freiburg-schwarzwald.de\/blog\/global\/italien\/rom\/rom13abfall-hausmeister150430\/\" rel=\"attachment wp-att-54505\"><img loading=\"lazy\" decoding=\"async\" class=\"alignnone size-thumbnail wp-image-54505\" src=\"https:\/\/www.freiburg-schwarzwald.de\/blog\/wp-content\/uploads\/2014\/01\/rom13abfall-hausmeister150430-180x138.jpg\" alt=\"rom13abfall-hausmeister150430\" width=\"180\" height=\"138\" srcset=\"https:\/\/www.freiburg-schwarzwald.de\/blog\/wp-content\/uploads\/2014\/01\/rom13abfall-hausmeister150430-180x138.jpg 180w, https:\/\/www.freiburg-schwarzwald.de\/blog\/wp-content\/uploads\/2014\/01\/rom13abfall-hausmeister150430.jpg 639w\" sizes=\"auto, (max-width: 180px) 100vw, 180px\" \/><\/a><br \/>\n(10) Spatz- Markt in Campo di Fiori\u00a0\u00a0\u00a0\u00a0\u00a0\u00a0\u00a0 (11) Piazza Novara\u00a0\u00a0\u00a0\u00a0\u00a0\u00a0\u00a0\u00a0\u00a0\u00a0\u00a0\u00a0\u00a0\u00a0\u00a0\u00a0\u00a0\u00a0\u00a0\u00a0\u00a0\u00a0\u00a0\u00a0\u00a0\u00a0\u00a0\u00a0\u00a0\u00a0\u00a0\u00a0\u00a0\u00a0\u00a0\u00a0 (12) Vier Schulhausmeister + Abfall<\/h5>\n<h5><a href=\"https:\/\/www.freiburg-schwarzwald.de\/blog\/global\/italien\/rom\/rom14stolpersteine150430\/\" rel=\"attachment wp-att-54506\"><img loading=\"lazy\" decoding=\"async\" class=\"alignnone size-thumbnail wp-image-54506\" src=\"https:\/\/www.freiburg-schwarzwald.de\/blog\/wp-content\/uploads\/2014\/01\/rom14stolpersteine150430-180x147.jpg\" alt=\"rom14stolpersteine150430\" width=\"180\" height=\"147\" srcset=\"https:\/\/www.freiburg-schwarzwald.de\/blog\/wp-content\/uploads\/2014\/01\/rom14stolpersteine150430-180x147.jpg 180w, https:\/\/www.freiburg-schwarzwald.de\/blog\/wp-content\/uploads\/2014\/01\/rom14stolpersteine150430.jpg 640w\" sizes=\"auto, (max-width: 180px) 100vw, 180px\" \/><\/a>\u00a0\u00a0\u00a0\u00a0\u00a0\u00a0\u00a0\u00a0\u00a0 <a href=\"https:\/\/www.freiburg-schwarzwald.de\/blog\/global\/italien\/rom\/rom15trastevere150430\/\" rel=\"attachment wp-att-54507\"><img loading=\"lazy\" decoding=\"async\" class=\"alignnone size-thumbnail wp-image-54507\" src=\"https:\/\/www.freiburg-schwarzwald.de\/blog\/wp-content\/uploads\/2014\/01\/rom15trastevere150430-180x135.jpg\" alt=\"rom15trastevere150430\" width=\"180\" height=\"135\" srcset=\"https:\/\/www.freiburg-schwarzwald.de\/blog\/wp-content\/uploads\/2014\/01\/rom15trastevere150430-180x135.jpg 180w, https:\/\/www.freiburg-schwarzwald.de\/blog\/wp-content\/uploads\/2014\/01\/rom15trastevere150430.jpg 640w\" sizes=\"auto, (max-width: 180px) 100vw, 180px\" \/><\/a>\u00a0\u00a0\u00a0\u00a0\u00a0\u00a0\u00a0\u00a0\u00a0 <a href=\"https:\/\/www.freiburg-schwarzwald.de\/blog\/global\/italien\/rom\/rom15petersdom150430\/\" rel=\"attachment wp-att-54509\"><img loading=\"lazy\" decoding=\"async\" class=\"alignnone size-thumbnail wp-image-54509\" src=\"https:\/\/www.freiburg-schwarzwald.de\/blog\/wp-content\/uploads\/2014\/01\/rom15petersdom150430-180x135.jpg\" alt=\"rom15petersdom150430\" width=\"180\" height=\"135\" srcset=\"https:\/\/www.freiburg-schwarzwald.de\/blog\/wp-content\/uploads\/2014\/01\/rom15petersdom150430-180x135.jpg 180w, https:\/\/www.freiburg-schwarzwald.de\/blog\/wp-content\/uploads\/2014\/01\/rom15petersdom150430.jpg 640w\" sizes=\"auto, (max-width: 180px) 100vw, 180px\" \/><\/a><br \/>\n(13) Stolpersteine in Rom\u00a0\u00a0\u00a0\u00a0\u00a0\u00a0\u00a0\u00a0\u00a0\u00a0\u00a0\u00a0\u00a0\u00a0\u00a0\u00a0\u00a0\u00a0\u00a0\u00a0\u00a0\u00a0 (14) Trastevere\u00a0\u00a0\u00a0\u00a0\u00a0\u00a0\u00a0\u00a0\u00a0\u00a0\u00a0\u00a0\u00a0\u00a0\u00a0\u00a0\u00a0\u00a0\u00a0\u00a0\u00a0\u00a0\u00a0\u00a0\u00a0\u00a0\u00a0\u00a0\u00a0\u00a0\u00a0\u00a0\u00a0\u00a0\u00a0\u00a0\u00a0\u00a0\u00a0 (15) Petersdom im Regen<\/h5>\n<h5><a href=\"https:\/\/www.freiburg-schwarzwald.de\/blog\/global\/italien\/rom\/rom16petersdom150430\/\" rel=\"attachment wp-att-54510\"><img loading=\"lazy\" decoding=\"async\" class=\"alignnone size-thumbnail wp-image-54510\" src=\"https:\/\/www.freiburg-schwarzwald.de\/blog\/wp-content\/uploads\/2014\/01\/rom16petersdom150430-180x135.jpg\" alt=\"rom16petersdom150430\" width=\"180\" height=\"135\" srcset=\"https:\/\/www.freiburg-schwarzwald.de\/blog\/wp-content\/uploads\/2014\/01\/rom16petersdom150430-180x135.jpg 180w, https:\/\/www.freiburg-schwarzwald.de\/blog\/wp-content\/uploads\/2014\/01\/rom16petersdom150430.jpg 640w\" sizes=\"auto, (max-width: 180px) 100vw, 180px\" \/><\/a>\u00a0\u00a0\u00a0\u00a0\u00a0\u00a0\u00a0\u00a0\u00a0 <a href=\"https:\/\/www.freiburg-schwarzwald.de\/blog\/global\/italien\/rom\/rom17petersdom150430\/\" rel=\"attachment wp-att-54511\"><img loading=\"lazy\" decoding=\"async\" class=\"alignnone size-thumbnail wp-image-54511\" src=\"https:\/\/www.freiburg-schwarzwald.de\/blog\/wp-content\/uploads\/2014\/01\/rom17petersdom150430-180x135.jpg\" alt=\"rom17petersdom150430\" width=\"180\" height=\"135\" srcset=\"https:\/\/www.freiburg-schwarzwald.de\/blog\/wp-content\/uploads\/2014\/01\/rom17petersdom150430-180x135.jpg 180w, https:\/\/www.freiburg-schwarzwald.de\/blog\/wp-content\/uploads\/2014\/01\/rom17petersdom150430.jpg 640w\" sizes=\"auto, (max-width: 180px) 100vw, 180px\" \/><\/a>\u00a0\u00a0\u00a0\u00a0\u00a0\u00a0\u00a0\u00a0\u00a0 <a href=\"https:\/\/www.freiburg-schwarzwald.de\/blog\/global\/italien\/rom\/rom18petersdom150430\/\" rel=\"attachment wp-att-54512\"><img loading=\"lazy\" decoding=\"async\" class=\"alignnone size-thumbnail wp-image-54512\" src=\"https:\/\/www.freiburg-schwarzwald.de\/blog\/wp-content\/uploads\/2014\/01\/rom18petersdom150430-180x135.jpg\" alt=\"rom18petersdom150430\" width=\"180\" height=\"135\" srcset=\"https:\/\/www.freiburg-schwarzwald.de\/blog\/wp-content\/uploads\/2014\/01\/rom18petersdom150430-180x135.jpg 180w, https:\/\/www.freiburg-schwarzwald.de\/blog\/wp-content\/uploads\/2014\/01\/rom18petersdom150430.jpg 640w\" sizes=\"auto, (max-width: 180px) 100vw, 180px\" \/><\/a><br \/>\n(16) Rundblick vom Petersdom<\/h5>\n<h5><a href=\"https:\/\/www.freiburg-schwarzwald.de\/blog\/global\/italien\/rom\/rom19petersdom150430\/\" rel=\"attachment wp-att-54513\"><img loading=\"lazy\" decoding=\"async\" class=\"alignnone size-thumbnail wp-image-54513\" src=\"https:\/\/www.freiburg-schwarzwald.de\/blog\/wp-content\/uploads\/2014\/01\/rom19petersdom150430-180x135.jpg\" alt=\"rom19petersdom150430\" width=\"180\" height=\"135\" srcset=\"https:\/\/www.freiburg-schwarzwald.de\/blog\/wp-content\/uploads\/2014\/01\/rom19petersdom150430-180x135.jpg 180w, https:\/\/www.freiburg-schwarzwald.de\/blog\/wp-content\/uploads\/2014\/01\/rom19petersdom150430.jpg 640w\" sizes=\"auto, (max-width: 180px) 100vw, 180px\" \/><\/a>\u00a0\u00a0\u00a0\u00a0\u00a0\u00a0\u00a0\u00a0\u00a0 <a href=\"https:\/\/www.freiburg-schwarzwald.de\/blog\/global\/italien\/rom\/rom20petersdom150430\/\" rel=\"attachment wp-att-54514\"><img loading=\"lazy\" decoding=\"async\" class=\"alignnone size-thumbnail wp-image-54514\" src=\"https:\/\/www.freiburg-schwarzwald.de\/blog\/wp-content\/uploads\/2014\/01\/rom20petersdom150430-180x135.jpg\" alt=\"rom20petersdom150430\" width=\"180\" height=\"135\" srcset=\"https:\/\/www.freiburg-schwarzwald.de\/blog\/wp-content\/uploads\/2014\/01\/rom20petersdom150430-180x135.jpg 180w, https:\/\/www.freiburg-schwarzwald.de\/blog\/wp-content\/uploads\/2014\/01\/rom20petersdom150430.jpg 640w\" sizes=\"auto, (max-width: 180px) 100vw, 180px\" \/><\/a>\u00a0\u00a0\u00a0\u00a0\u00a0\u00a0\u00a0\u00a0\u00a0 <a href=\"https:\/\/www.freiburg-schwarzwald.de\/blog\/global\/italien\/rom\/rom21petersdom150430\/\" rel=\"attachment wp-att-54515\"><img loading=\"lazy\" decoding=\"async\" class=\"alignnone size-thumbnail wp-image-54515\" src=\"https:\/\/www.freiburg-schwarzwald.de\/blog\/wp-content\/uploads\/2014\/01\/rom21petersdom150430-180x135.jpg\" alt=\"rom21petersdom150430\" width=\"180\" height=\"135\" srcset=\"https:\/\/www.freiburg-schwarzwald.de\/blog\/wp-content\/uploads\/2014\/01\/rom21petersdom150430-180x135.jpg 180w, https:\/\/www.freiburg-schwarzwald.de\/blog\/wp-content\/uploads\/2014\/01\/rom21petersdom150430.jpg 640w\" sizes=\"auto, (max-width: 180px) 100vw, 180px\" \/><\/a><br \/>\n(19)<\/h5>\n<p>(1) &#8211; (5) Rundblick von Vittorio Emanuele auf Rom mit Colosseum und Forum Romanum<br \/>\n(7) In der hist. Altstadt gibt es noch erstaunlich viele Handwerker in kleinen Ein-Raum-Werkst\u00e4tten<br \/>\n(8) Dieser umgefahrene Strassenpoller stand vor drei Jahren auch schon so krumm da.<br \/>\n(12) Vier Hausmeister der Schule &#8222;Liceo Renzo Levi&#8220; stehen zwischen11 Uhr und 12 Uhr gelangweilt rauchend und diskutierend\u00a0vor dem Schuleingang &#8211; der Abfall ringsum und Pinkelgestank am Laternenmasten rechts st\u00f6rt sie nicht im geringsten. Dolce fare niente im M\u00fcll!<br \/>\n(16) &#8211; (21) Rundblick von der Kuppel des Petersdoms auf Rom<\/p>\n<p>&nbsp;<\/p>\n<p><strong>Rom &#8211; beinahe bankrott und zunehmend verwahrlost<\/strong><br \/>\nRom ist eine Metropole, die beinahe bankrott ist und zunehmend verwahrlost, aber seit Juni 2013 von einem unorthodoxen B\u00fcrgermeister regiert wird. B\u00fcrgermeister Ignazo Marino (Sohn einer Schweizerin und eines Sizilianers, lange Arzt in den USA):<br \/>\n&#8222;Diese Stadt krankt vor allem an mangelndem B\u00fcrgersinn.&#8220;<br \/>\n&#8222;Rom ist inzwischen das &#8222;ma\u00dfstabsgetreue Abbild eines v\u00f6llig gescheiterten Landes&#8220;<br \/>\n&#8222;Wen Rom imer mehr vor die Hunde geht, dann nicht, weil die Stadt beinahe pleite ist, sondern genau umgekehrt &#8211; die Einnahmen fehlen, weil Gesetzlosigkeit herrscht.&#8220;<br \/>\nSchattenwirtschaft, \u00fcber 8000 Obdachlose, ausl\u00e4ndische H\u00e4ndler, &#8222;alles illegal, Schattenwirtschaft, die zahlen keine Steuern, verschandeln das Stadtbild und lassen h\u00f6chstens M\u00fcll zur\u00fcck.&#8220;<\/p>\n<p>Rom ist zahlungsunf\u00e4hig. Nach einem 600-Mio-Euro-Zuschuss der italienischen Staates\u00a0im M\u00e4rz 2014 steht die Stadt unter einer Art Zwangsverwaltung des Staates.<br \/>\n19.4.2014, Walter Mayr: Ewig sch\u00f6n am Ende, DER SPIEGEL 17\/2014, S. 91-96, <a href=\"https:\/\/www.spiegel.de\/\">www.spiegel.de<\/a><\/p>\n<p>Der 35 Jahre alte Journalist Massimiliano Tonelli kennt sich aus mit den Schattenseiten der Hauptstadt Rom wie wenige und z\u00e4hlt zu den meistgelesenen, aber auch am meisten angefeindeten Bloggern der Stadt. Sein Biotop sind die Strassen, Pl\u00e4tze und Uferwege Roms und seine nat\u00fcrlichen Feinde all jene, die sich an der Sch\u00f6nheit der ewigen Stadt vergehen. Der Name seines Blogs <a href=\"https:\/\/www.romafaschifo.com\/\">www.romafaschifo.com<\/a> bedeutet &#8222;Rom ist zum Kotzen&#8220;. Seite zweite Seite <a href=\"https:\/\/www.cartellopoli.net\/\">www.cartellopoli.net<\/a> besch\u00e4ftigt sich mit der in Rom allgegenw\u00e4rtigen Korruption.<\/p>\n<p>Roma fa schifo \u00e8 una bacheca pubblica nata nel 2008 per mettere insieme l&#8217;indignazione, le denunzie e le segnalazioni di migliaia di cittadini nei confronti della scandalosa situazione in cui versa la citt\u00e0 di Roma.\u00a0 <a href=\"https:\/\/www.romafaschifo.com\/\">https:\/\/www.romafaschifo.com<\/a><\/p>\n<p>Cartellopoli \u00e8 una bacheca pubblica nata nel 2010 per mettere insieme l&#8217;indignazione, le denunzie e le segnalazioni di migliaia di cittadini nei confronti dello scandalo della cartellonistica a Roma. La pubblicazione \u00e8 libera e a tutti \u00e8 permesso di dire la propria per il bene della citt\u00e0.<br \/>\n<a href=\"https:\/\/www.cartellopoli.net\/\">https:\/\/www.cartellopoli.net\/<\/a><\/p>\n<p>&nbsp;<\/p>\n<p>&nbsp;<\/p>\n<p><strong>Ziviles Engagement in Italien: \u201eRetake Roma\u201c putzt Kirchen und historische Geb\u00e4ude<\/strong><\/p>\n<p>Keine Kunst, sondern Kriminalit\u00e4t: Die meisten Graffiti in Rom sind illegal. Trotzdem prangern anonyme Signaturen, Parolen und Zeichen an fast jeder Hauswand, Kirchenmauer oder Br\u00fccke. Sogar Stra\u00dfen sind manchmal besprayt. \u201eDas ist Vandalismus\u201c, sagt die Jura-Professorin an der Uni Roma Tre, Rebecca Spitzmiller. Die Amerikanerin lebt seit fast drei\u00dfig Jahren in Rom und hat die \u201efeigen Tags\u201c satt. \u201eRetake Roma\u201c, also: \u201eHolt Rom zur\u00fcck\u201c, hei\u00dft die Gruppe, die sie mit Freunden aus lauter Frust \u00fcber die Graffiti und die Tatenlosigkeit der italienischen Justiz gegr\u00fcndet hat. Die zivile Putzkolonne boomt: Mehr als 1200 Mitglieder helfen seit f\u00fcnf Jahren beim Aufr\u00e4umen. Freiwillig. Marion Sendker war f\u00fcr uns bei so einer Putzaktion dabei.<br \/>\n<i>\u201eDie Stadt w\u00e4re sauber. Sie k\u00f6nnte sauber sein in einer Woche, wenn die Menschen endlich f\u00fcr ihre eigenen H\u00e4user, Kirchen und Parks die Verantwortung \u00fcbernehmen w\u00fcrden. Das ist ja sogar gesetzlich so vorgeschrieben. Aber das Gesetz wird nicht durchgesetzt, denn die Sache ist l\u00e4ngst au\u00dfer Kontrolle geraten.\u201c<\/i><\/p>\n<p>Ihre eigene Hauswand war mit Schmierereien bespr\u00fcht. Weil die Stadt der Amerikanerin aber erst in einigen Jahren und zu Kosten in H\u00f6he von 10.000 Euro helfen konnte, hat Rebecca Spitzmiller kurzen Prozess gemacht: 20 Arbeitsstunden und 45 Euro f\u00fcr Ofenreiniger sp\u00e4ter war die Au\u00dfenmauer sauber. Aus privat wurde dann schnell \u00f6ffentlich: Unter dem Namen \u201eRetake Roma\u201c putzen Freiwillige seitdem Parks, Br\u00fccken und Kirchenmauern in Rom. Die Kirchen Sant\u2018Emerenziana und Sant\u2018Agnese in Rom geh\u00f6rten zu den ersten Projekten.<br \/>\n<i>\u201eDie Kirche hat eine grundlegende Rolle bei der Motivation gespielt und hat der ganzen Gemeinde einen moralischen Impuls gegeben, sich auf sehr deutliche Weise zu beteiligen. Das war f\u00fcr beide Kirchen sehr wichtig; es hat eine Ver\u00e4nderung in beiden Nachbarschaften gegeben: Die Menschen sind seitdem aufmerksamer und halten ihre Hauseing\u00e4nge sauber. Denn Dreck steckt an: Wenn Leute M\u00fcll auf den Stra\u00dfen sehen, werfen sie ihren M\u00fcll dazu! Das f\u00f6rdert den Irrglauben, dass Kriminalit\u00e4t hier okay ist, und so steigt die Kriminalit\u00e4tsrate.\u201c\u00a0<\/i><\/p>\n<p>Spitzmiller ist fest davon \u00fcberzeugt, dass ihre Aktion das zivile Engagement f\u00fcr die Stadt f\u00f6rdert und hofft auf noch gr\u00f6\u00dfere Beteiligung:<br \/>\n<i>\u201eDas l\u00e4sst die Menschen zusammenarbeiten und schafft Beziehungen, sodass sie sich kennenlernen und anfangen, sich umeinander zu k\u00fcmmern. Es bringt sie auch dazu, miteinander zu reden, auf eine Art, wie sie es sonst nicht machen w\u00fcrden.\u201c &#8230;.<br \/>\n<\/i>Dieser Text stammt von der Webseite\u00a0des Internetauftritts von Radio Vatikan:<br \/>\n<a href=\"https:\/\/de.radiovaticana.va\/news\/2014\/01\/31\/ziviles_engagement_in_italien:_%E2%80%9Eretake_roma%E2%80%9C_putzt_kirchen_und\/ted-768444\">https:\/\/de.radiovaticana.va\/news\/2014\/01\/31\/ziviles_engagement_in_italien:_%E2%80%9Eretake_roma%E2%80%9C_putzt_kirchen_und\/ted-768444<\/a><br \/>\n.<br \/>\n<a href=\"https:\/\/www.facebook.com\/retakeroma?ref=hl\">https:\/\/www.facebook.com\/retakeroma?ref=hl<\/a><\/p>\n<p><a href=\"https:\/\/it-it.facebook.com\/retakeroma\">https:\/\/it-it.facebook.com\/retakeroma<\/a><\/p>\n<p>Retake Roma is a grassroots, non-profit organization that aims to eliminate vandalism, in the form of tagging, stickers and litter, which plagues the city of Rome. While some &#8222;graffiti&#8220; could rise to the level of aritistic expression if they were painted with the owner&#8217;s permission, painting done without proper authorization from the owner or public authority is simply illegal vandalism and therefore rightly punishable by law with both criminal and civil sanctions.<br \/>\n<a href=\"https:\/\/www.retakeroma.com\/ \">https:\/\/www.retakeroma.com\/\u00a0<\/a><\/p>\n<p><a href=\"https:\/\/www.retakeroma.it\">www.retakeroma.it<\/a><\/p>\n","protected":false},"excerpt":{"rendered":"<p>Home\u00a0&gt;Global\u00a0&gt;Reiseberichte\u00a0&gt;Italien\u00a0&gt;Rom &nbsp; Listenauswahl eines Beitrags (Artikel\/Datum, Seite\/Inhalt):\u00a0Klicken\u00a0oder scrollen David Engels: Krise und Aufbruch der Weltkirche \u2013 Wendezeit des Glaubens\u00a0(8.5.2025) Drei Tage in Rom 28.-30.4.2015 zu Besuch (10.5.2015) Rom &#8211; beinahe bankrott und zunehmend verwahrlost (19.4.2014) Ziviles Engagement in Italien: \u201eRetake &hellip; <a href=\"https:\/\/www.freiburg-schwarzwald.de\/blog\/global\/italien\/rom\/\">Weiterlesen <span class=\"meta-nav\">&rarr;<\/span><\/a><\/p>\n","protected":false},"author":2,"featured_media":0,"parent":3682,"menu_order":0,"comment_status":"open","ping_status":"closed","template":"","meta":{"footnotes":""},"class_list":["post-44738","page","type-page","status-publish","hentry"],"_links":{"self":[{"href":"https:\/\/www.freiburg-schwarzwald.de\/blog\/wp-json\/wp\/v2\/pages\/44738","targetHints":{"allow":["GET"]}}],"collection":[{"href":"https:\/\/www.freiburg-schwarzwald.de\/blog\/wp-json\/wp\/v2\/pages"}],"about":[{"href":"https:\/\/www.freiburg-schwarzwald.de\/blog\/wp-json\/wp\/v2\/types\/page"}],"author":[{"embeddable":true,"href":"https:\/\/www.freiburg-schwarzwald.de\/blog\/wp-json\/wp\/v2\/users\/2"}],"replies":[{"embeddable":true,"href":"https:\/\/www.freiburg-schwarzwald.de\/blog\/wp-json\/wp\/v2\/comments?post=44738"}],"version-history":[{"count":2,"href":"https:\/\/www.freiburg-schwarzwald.de\/blog\/wp-json\/wp\/v2\/pages\/44738\/revisions"}],"predecessor-version":[{"id":133771,"href":"https:\/\/www.freiburg-schwarzwald.de\/blog\/wp-json\/wp\/v2\/pages\/44738\/revisions\/133771"}],"up":[{"embeddable":true,"href":"https:\/\/www.freiburg-schwarzwald.de\/blog\/wp-json\/wp\/v2\/pages\/3682"}],"wp:attachment":[{"href":"https:\/\/www.freiburg-schwarzwald.de\/blog\/wp-json\/wp\/v2\/media?parent=44738"}],"curies":[{"name":"wp","href":"https:\/\/api.w.org\/{rel}","templated":true}]}}