{"id":44467,"date":"2014-01-24T16:56:46","date_gmt":"2014-01-24T15:56:46","guid":{"rendered":"https:\/\/www.freiburg-schwarzwald.de\/blog\/?page_id=44467"},"modified":"2021-07-23T13:21:05","modified_gmt":"2021-07-23T11:21:05","slug":"hofladen","status":"publish","type":"page","link":"https:\/\/www.freiburg-schwarzwald.de\/blog\/business\/handel\/hofladen\/","title":{"rendered":"Hofladen"},"content":{"rendered":"<p><a href=\"https:\/\/www.freiburg-schwarzwald.de\/blog\">Home<\/a>\u00a0&gt;<a title=\"Business\" href=\"https:\/\/www.freiburg-schwarzwald.de\/blog\/business\/\">Business<\/a>\u00a0&gt;<a title=\"Handel\" href=\"https:\/\/www.freiburg-schwarzwald.de\/blog\/business\/handel\/\">Handel<\/a> &gt;Hofladen<\/p>\n<div id=\"attachment_34903\" style=\"width: 649px\" class=\"wp-caption alignnone\"><a href=\"https:\/\/www.freiburg-schwarzwald.de\/blog\/regio\/orte\/oberried\/oberried-rombachhof-pan130715\/\" rel=\"attachment wp-att-34903\"><img loading=\"lazy\" decoding=\"async\" aria-describedby=\"caption-attachment-34903\" class=\"size-full wp-image-34903\" src=\"https:\/\/www.freiburg-schwarzwald.de\/blog\/wp-content\/uploads\/2012\/04\/oberried-rombachhof-pan130715.jpg\" alt=\"Blick nach Nordosten \u00fcber Oberried und Rombachhof (rechts) hoch zum H\u00e4usleberg am 15.7.2013 abends\" width=\"639\" height=\"203\" srcset=\"https:\/\/www.freiburg-schwarzwald.de\/blog\/wp-content\/uploads\/2012\/04\/oberried-rombachhof-pan130715.jpg 639w, https:\/\/www.freiburg-schwarzwald.de\/blog\/wp-content\/uploads\/2012\/04\/oberried-rombachhof-pan130715-180x57.jpg 180w\" sizes=\"auto, (max-width: 639px) 100vw, 639px\" \/><\/a><p id=\"caption-attachment-34903\" class=\"wp-caption-text\">Blick nach Nordosten \u00fcber Oberried und Rombachhof (rechts) hoch zum H\u00e4usleberg am 15.7.2013 abends<\/p><\/div>\n<p>&nbsp;<\/p>\n<ul>\n<li><a href=\"https:\/\/www.freiburg-schwarzwald.de\/blog\/business\/handel\/bauernladen\/\">S\u2019Bergbure in Hinterzarten-Windeck<\/a> (21.7.2021)<\/li>\n<li><a title=\"Kaese\" href=\"https:\/\/www.freiburg-schwarzwald.de\/blog\/natur\/ernaehrung\/kaese\/\">Bio-Hofk\u00e4serei Roser aus Freiamt \u2013 Ludinm\u00fchle<\/a> (12.4.2020)<\/li>\n<li><a title=\"Bienen\" href=\"https:\/\/www.freiburg-schwarzwald.de\/blog\/natur\/tiere\/bienen\/\">Dreisamt\u00e4ler Landwirte zum Volksbegehren \u201ePro Biene\u201c<\/a>\u00a0 (8.10.2019)<\/li>\n<li><strong><a href=\"https:\/\/www.freiburg-schwarzwald.de\/hofladen.htm\">https:\/\/www.freiburg-schwarzwald.de\/hofladen.htm<\/a> &gt;Archivseite<\/strong><\/li>\n<li><a href=\"https:\/\/www.freiburg-schwarzwald.de\/hofladen1.htm\">Aktuelles zur Hofladen-Seite bzw. Einkaufen ab Hof<\/a>\u00a0&gt;Hofladen1<\/li>\n<li><a href=\"https:\/\/www.freiburg-schwarzwald.de\/markt.htm#Bioring der Schwarzwaldbauern w.V.\">Bioring der Schwarzwaldbauern\u00a0<\/a>\u00a0&gt;Markt<\/li>\n<li><a href=\"https:\/\/www.freiburg-schwarzwald.de\/hofladen#Blattert-M\u00fchl in Bonndorf\">Bonndorf: Blattert-M\u00fchle<\/a><\/li>\n<li><a href=\"https:\/\/www.freiburg-schwarzwald.de\/hofladen#Konradenhof in Breitnau\">Breitnau: Konradenhof in Breitnau<\/a><\/li>\n<li><a href=\"https:\/\/www.freiburg-schwarzwald.de\/haeuslemaierhof.htm\">Buchenbach: H\u00e4uslemaierhof im Gummenwald<\/a>\u00a0&gt;Haeslemaierhof<\/li>\n<li><a href=\"https:\/\/www.freiburg-schwarzwald.de\/littenweiler\/buchenbach4.htm#Cafe Hirschenhof und Dreisamt\u00e4ler Landmarkt: Gut kombiniert\">Buchenbach: Cafe Hirschenhof und Dreisamt\u00e4ler Landmarkt<\/a>\u00a0&gt;Buchenbach4 (26.6.2008)<\/li>\n<li><a href=\"https:\/\/www.freiburg-schwarzwald.de\/unteribental5.htm#Mathislehof in Unteribental\">Buchenbach: Mathislehof in Buchenbach-Unteribental<\/a>\u00a0&gt;Unteribental5<\/li>\n<li><a href=\"https:\/\/www.freiburg-schwarzwald.de\/falkensteig5.htm#H\u00f6rners Obststand beim Gasthaus Zwei Tauben\">Buchenbach-Falkensteig: H\u00f6rners Obststand beim Gasthaus Zwei Tauben<\/a>\u00a0&gt;Falkensteig5<\/li>\n<li><a href=\"https:\/\/www.freiburg-schwarzwald.de\/wagensteig5.htm#Saierhof in Wagensteig\">Buchenbach: Saierhof in Wagensteig<\/a>\u00a0&gt;Wagensteig5<\/li>\n<li><a href=\"https:\/\/www.freiburg-schwarzwald.de\/unteribental5.htm#Biohof Jung in Unteribental\">Buchenbach-Unteribental: BioProdukte Jung im Schw\u00e4rzlehof<\/a>\u00a0&gt;Unteribental5<\/li>\n<li><a href=\"https:\/\/www.freiburg-schwarzwald.de\/hofladen#S\u00fcdhof in Denzlingen\">Denzlingen: S\u00fcdhof in Denzlingen<\/a><\/li>\n<li><a href=\"https:\/\/www.freiburg-schwarzwald.de\/dreisamtaeler-hof.htm\">Dreisamt\u00e4ler Hof &#8211; Regionales landwirtschaftl. Netzwerk<\/a>\u00a0&gt;Dreisamtaeler-Hof (22.4.2006)<\/li>\n<li><a href=\"https:\/\/www.freiburg-schwarzwald.de\/eichstetten.htm#Hi\u00df Demeterhof Eichstetten\">Eichstetten: Hi\u00df &#8211; Demeterhof in Eichstetten<\/a>\u00a0&gt;Eichstetten<\/li>\n<li><a href=\"https:\/\/www.freiburg-schwarzwald.de\/eschbach5.htm#Salzhof in Hintereschbach\">Eschbach: Salzhof in Hintereschbach<\/a>\u00a0&gt;Eschbach5<\/li>\n<li><a href=\"https:\/\/www.freiburg-schwarzwald.de\/hofladen#Bohrerhof Feldkirch\">Feldkirch: Bohrerhof Feldkirch<\/a><\/li>\n<li><a href=\"https:\/\/www.freiburg-schwarzwald.de\/hofladen#Weissenhof in Furtwangen-Rohrbach\">Furtwangen: Weissenhof in Furtwangen-Rohrbach<\/a><\/li>\n<li><a href=\"https:\/\/www.freiburg-schwarzwald.de\/erzeugergemeinschaft.htm#Glottert\u00e4ler Erzeugergemeinschaft - Rindfleisch direkt vom Bauern\">Glottert\u00e4ler Erzeugergemeinschaft<\/a>\u00a0&gt;Erzeugergemeinschaft<\/li>\n<li><a href=\"https:\/\/www.freiburg-schwarzwald.de\/hofladen#charbachhof in Glottertal\">Glottertal: Scharbachhof<\/a><\/li>\n<li><a href=\"https:\/\/www.freiburg-schwarzwald.de\/hofladen#Schl\u00fcchtseehof-Gest\u00fct in Grafenhausen\">Grafenhausen: Schl\u00fcchtseehof-Gest\u00fct<\/a><\/li>\n<li><a href=\"https:\/\/www.freiburg-schwarzwald.de\/gemuesebau.htm#Wirsing bzw. Wirsingkohl - eine verkannte Kohlsorte\">Gundelfingen: Gem\u00fcse im Abo aus Gundelfingen<\/a>\u00a0&gt;Gemuesebau<\/li>\n<li><a href=\"https:\/\/www.freiburg-schwarzwald.de\/hofladen#Forellenzucht in Hammereisenbach\">Hammereisenbach: Forellenzucht in Hammereisenbach<\/a><\/li>\n<li><a href=\"https:\/\/www.freiburg-schwarzwald.de\/hofladen#Forellenhof\">Herrischried: Forellenhof in Herrischried<\/a><\/li>\n<li><a href=\"https:\/\/www.freiburg-schwarzwald.de\/anitakaier\/malven.htm\">Hinterzarten: Malven-Stockrosen-Shop<\/a><\/li>\n<li><a href=\"https:\/\/www.freiburg-schwarzwald.de\/hinterzarten.htm#Bauernmarkt\">Hinterzarten: Bauernmarkt<\/a>\u00a0&gt;Hinterzarten<\/li>\n<li><a href=\"https:\/\/www.freiburg-schwarzwald.de\/hofladen#Mathislehof in Hinterzarten\">Hinterzarten: Mathislehof in Hinterzarten-Oberzarten<\/a><\/li>\n<li><a href=\"https:\/\/www.freiburg-schwarzwald.de\/hofladen#Ospelehof in Hinterzarten-Windeck\">Hinterzarten: Ospelehof in Hinterzarten-Windeck<\/a><\/li>\n<li><a href=\"https:\/\/www.freiburg-schwarzwald.de\/kaeserei.htm#Hofk\u00e4sereien in Hinterzarten und anderen Orten - Direktvermarktung wird gest\u00e4rkt\">Hofk\u00e4sereien in Hinterzarten und anderen Orten &#8211; Direktvermarktung<\/a>\u00a0&gt;Kaeserei (23.12.2000)<\/li>\n<li><a href=\"https:\/\/www.freiburg-schwarzwald.de\/essenundtrinken.htm#B\u00e4rlauch- und Spargeleis vom Eckhof in Horben\">Horben: Eckhof in Horben &#8211; B\u00e4rlauch- und Spargeleis<\/a>\u00a0&gt;Essen (8.9.2003)<\/li>\n<li><a href=\"https:\/\/www.freiburg-schwarzwald.de\/kaeserei.htm\">K\u00e4sereien<\/a>\u00a0&gt;Kaeserei<\/li>\n<li><a href=\"https:\/\/www.freiburg-schwarzwald.de\/kirchzarten5.htm#Geiser-Hof in Kirchzarten-Burg\">Kirchzarten: Geiser-Hof in Kirchzarten-Burg<\/a>\u00a0&gt;Kirchzarten5<\/li>\n<li><a href=\"https:\/\/www.freiburg-schwarzwald.de\/littenweiler\/dietenbach.htm#Jungbauernhof in Dietenbach\">Kirchzarten: Jungbauernhof in Dietenbach<\/a>\u00a0&gt;Freiburg-Dreisamtal.de\/Dietenbach<\/li>\n<li><a title=\"Markenhof\" href=\"https:\/\/www.freiburg-schwarzwald.de\/blog\/natur\/landwirt\/obstbau\/markenhof\/\">Kirchzarten: Markenhof in Burg am Wald<\/a><\/li>\n<li><a href=\"https:\/\/www.freiburg-schwarzwald.de\/littenweiler\/dietenbach.htm#Ruhbauernhof in Dietenbach\">Kirchzarten: Ruhbauernhof in Dietenbach<\/a>\u00a0&gt;Freiburg-Dreisamtal.de\/Dietenbach<\/li>\n<li><a href=\"https:\/\/www.freiburg-schwarzwald.de\/kirchzarten5.htm#Schweizermelchershof in Burg-H\u00f6fen\">Kirchzarten: Schweizermelcherhof in Burg<\/a>\u00a0&gt;Kirchzarten5<\/li>\n<li><a href=\"https:\/\/www.freiburg-schwarzwald.de\/kirchzarten5.htm#Thadd\u00e4ushof\">Kirchzarten: Thadd\u00e4ushof im Westen<\/a>\u00a0&gt;Kirchzarten5<\/li>\n<li><a href=\"https:\/\/www.freiburg-schwarzwald.de\/schwende.htm#Schwendehof in Lenzkirch\">Lenzkirch: Schwendehof<\/a>\u00a0&gt;Schwende<\/li>\n<li><a href=\"https:\/\/www.freiburg-schwarzwald.de\/mengen.htm#Weis-Hof in Mengen - Bauernl\u00e4dele\">Mengen: Weis-Hof in Mengen &#8211; Bauernl\u00e4dele<\/a>\u00a0&gt;Mengen<\/li>\n<li><a href=\"https:\/\/www.freiburg-schwarzwald.de\/erzeugergemeinschaft.htm#Schwarzw\u00e4lder Milchstrasse - von Hof zu Hof fahren\">Milchstrasse &#8211; im Schwarzwald von Hof zu Hof<\/a>\u00a0Erzeugergemeinschaft<\/li>\n<\/ul>\n<ul>\n<li><a href=\"https:\/\/www.freiburg-schwarzwald.de\/hofladen#Bauernladen in Neustadt\">Neustadt: Bauernladen<\/a><\/li>\n<li><a href=\"https:\/\/www.freiburg-schwarzwald.de\/altenvogtshof.htm\">Oberried: Altenvogtshof im V\u00f6rlinsbach<\/a>\u00a0&gt;Altenvogtshof<\/li>\n<li><a href=\"https:\/\/www.freiburg-schwarzwald.de\/weilersbach5.htm#Hannisenhof in Oberried-Weilersbach\">Oberried: Hanisenhof in Weilersbach<\/a>\u00a0&gt;Weilersbach5<\/li>\n<li><a href=\"https:\/\/www.freiburg-schwarzwald.de\/voerlinsbach5.htm#Schw\u00f6rerhof in V\u00f6rlinsbach\">Oberried: Schw\u00f6rerhof in V\u00f6rlinsbach<\/a>\u00a0&gt;Voerlinsbach5<\/li>\n<li><a href=\"https:\/\/www.freiburg-schwarzwald.de\/oberried5.htm#Steiertbartlehof in Oberried-Geroldstal\">Oberried: Steiertbartlehof in Oberried-Geroldstal<\/a>\u00a0&gt;Oberried5<\/li>\n<li><a href=\"https:\/\/www.freiburg-schwarzwald.de\/hofladen#Jungholzer Stutenmilch\">Rickenbach: Jungholzer Stutenmilch<\/a><\/li>\n<li><a href=\"https:\/\/www.freiburg-schwarzwald.de\/kaeserei.htm#K\u00e4serei in Schluchsee\">Schluchsee: K\u00e4serei Till in Schluchsee<\/a>\u00a0&gt;Kaeserei<\/li>\n<li><a href=\"https:\/\/www.freiburg-schwarzwald.de\/kaeserei.htm#Siedelbacher K\u00e4se frisch vom Bartleshof und Schlegelfranzenhof\">Siedelbacher K\u00e4se frisch vom Bartleshof und Schlegelfranzenhof<\/a>\u00a0&gt;Kaeserei (25.6.2004)<\/li>\n<li><a href=\"https:\/\/www.freiburg-schwarzwald.de\/hofladen#Kochh\u00e4usle in Stegen-Rechtenbach\">Stegen: G\u00e4nse vom Kochh\u00e4usle in Stegen-Rechtenbach<\/a><\/li>\n<li><a href=\"https:\/\/www.freiburg-schwarzwald.de\/stegen5.htm#Baldenweger Hof in Stegen-Wittental\">Stegen-Wittental: Baldenweger Hof in Stegen-Wittental<\/a>\u00a0&gt;Stegen5<\/li>\n<li><a href=\"https:\/\/www.freiburg-schwarzwald.de\/markt.htm#St. Petermer Bauernmarkt\">St. Peter: Bauernmarkt S. Peter<\/a>\u00a0&gt;Markt<\/li>\n<li><a href=\"https:\/\/www.freiburg-schwarzwald.de\/stpeter5.htm#Brulenzenhof in St.Peter-Vorderer Kandelberg\">St. Peter: Brulenzenhof in St.Peter-Vorderer Kandelberg<\/a><\/li>\n<li><a href=\"https:\/\/www.freiburg-schwarzwald.de\/hofladen#Schinken-R\u00e4ucherei in Todtmoos\">Todtmoos: Schinken-R\u00e4ucherei<\/a><\/li>\n<li><a href=\"https:\/\/www.freiburg-schwarzwald.de\/unteribental5.htm#Biohof Jung in Unteribental\">Unteribental: BioProdukte Jung in Buchenbach-Unteribental<\/a>\u00a0&gt;Unteribental5<\/li>\n<li><a href=\"https:\/\/www.freiburg-schwarzwald.de\/hofladen#Melcherhof\">Unteribental: Melcherhofladen in Buchenbach-Unteribental<\/a><\/li>\n<li><a href=\"https:\/\/www.freiburg-schwarzwald.de\/hofladen#Zeisset - Hofladen, Cafe und Museum in Weisweil\">Weisweil: Zeisset &#8211; Hofladen, Cafe und Museum in Weisweil<\/a><\/li>\n<li><a title=\"Strudels-Scheunenlaedele\" href=\"https:\/\/www.freiburg-schwarzwald.de\/blog\/business\/handel\/hofladen\/strudels-scheunenlaedele\/\">Zarten: Strudels Scheunenl\u00e4dele in der Philippenscheune<\/a><\/li>\n<li><a href=\"https:\/\/www.freiburg-schwarzwald.de\/hofladen#Hofladen-Links\" target=\"_self\" rel=\"noopener\">Hofladen-Links<\/a><\/li>\n<li><\/li>\n<li><a href=\"https:\/\/www.freiburg-schwarzwald.de\/blog\/business\/handel\/bauernladen\/\">Bauernladen<\/a><\/li>\n<li><a href=\"https:\/\/www.freiburg-schwarzwald.de\/bio-kiste.htm\">Bio-Kiste, Gem\u00fcse-Kiste, Abo, Lieferservice, Obst frei Haus<\/a>\u00a0&gt;Bio-Kiste<\/li>\n<li><a href=\"https:\/\/www.freiburg-schwarzwald.de\/markt.htm\">Direktvermarkter-Verzeichnisse<\/a>\u00a0&gt;Markt<\/li>\n<li><a href=\"https:\/\/www.freiburg-schwarzwald.de\/direktvermarktung.htm\">Direktvermarktung allgemein<\/a>\u00a0&gt;Direktvermarktung<\/li>\n<li><a href=\"https:\/\/www.freiburg-schwarzwald.de\/dorf.htm\">D\u00f6rfer<\/a>\u00a0&gt;Dorf<\/li>\n<li><a href=\"https:\/\/www.freiburg-schwarzwald.de\/littenweiler\/ernaehrung.htm\">BSE und Ern\u00e4hrung<\/a>\u00a0&gt;Ernaehrung<\/li>\n<li><a href=\"https:\/\/www.freiburg-schwarzwald.de\/ferien.htm\">Ferienwohnungen in Bauernh\u00f6fen &#8211; nach Gemeinden geordnet<\/a>\u00a0&gt;Ferien<\/li>\n<li><a href=\"https:\/\/www.freiburg-schwarzwald.de\/gemuesebau.htm\">Gem\u00fcsebau und Gem\u00fcse<\/a>\u00a0&gt;Gem\u00fcsebau<\/li>\n<li><a href=\"https:\/\/www.freiburg-schwarzwald.de\/qualitaetszeichen.htm\">Qualit\u00e4ts-, G\u00fcte- und Herkunftszeichen (\u00d6kologie)<\/a>\u00a0&gt;Qualitaetszeichen<\/li>\n<li><a href=\"https:\/\/www.freiburg-schwarzwald.de\/littenweiler\/hofladenserie.htm\" target=\"_self\" rel=\"noopener\">Hofladen-Serie im Dreisamt\u00e4ler<\/a>\u00a0&gt;Freiburg-Dreisamtal.de\/hofladenserie.htm<\/li>\n<li><a href=\"https:\/\/www.freiburg-schwarzwald.de\/leader.htm\">Leader &#8211; Schwarzwald\u00a0<\/a>&gt;Leader<\/li>\n<li><a href=\"https:\/\/www.freiburg-schwarzwald.de\/messe.htm\">Messen und Ausstellungen<\/a>\u00a0&gt;Messe<\/li>\n<li><a href=\"https:\/\/www.freiburg-schwarzwald.de\/obstbau.htm\">Obstbau, Obst<\/a>\u00a0&gt;Obstbau<\/li>\n<li><a href=\"https:\/\/www.freiburg-schwarzwald.de\/regionalgeld.htm\">Regiogeld &#8211; Regionale W\u00e4hrung<\/a>\u00a0&gt;Regionalgeld<\/li>\n<\/ul>\n<p><a href=\"https:\/\/www.freiburg-schwarzwald.de\/blog\/business\/handel\/hofladen\/hofladen1bohrerhof140419\/\" rel=\"attachment wp-att-47377\"><img loading=\"lazy\" decoding=\"async\" class=\"alignnone size-thumbnail wp-image-47377\" src=\"https:\/\/www.freiburg-schwarzwald.de\/blog\/wp-content\/uploads\/2014\/01\/hofladen1bohrerhof140419-180x135.jpg\" alt=\"hofladen1bohrerhof140419\" width=\"180\" height=\"135\" srcset=\"https:\/\/www.freiburg-schwarzwald.de\/blog\/wp-content\/uploads\/2014\/01\/hofladen1bohrerhof140419-180x135.jpg 180w, https:\/\/www.freiburg-schwarzwald.de\/blog\/wp-content\/uploads\/2014\/01\/hofladen1bohrerhof140419.jpg 640w\" sizes=\"auto, (max-width: 180px) 100vw, 180px\" \/><\/a>\u00a0\u00a0\u00a0\u00a0\u00a0\u00a0\u00a0\u00a0\u00a0 <a href=\"https:\/\/www.freiburg-schwarzwald.de\/blog\/natur\/landwirt\/gemuesebau\/spargel\/spargel8hofladen140419\/\" rel=\"attachment wp-att-47372\"><img loading=\"lazy\" decoding=\"async\" class=\"alignnone size-thumbnail wp-image-47372\" src=\"https:\/\/www.freiburg-schwarzwald.de\/blog\/wp-content\/uploads\/2013\/04\/spargel8hofladen140419-180x135.jpg\" alt=\"spargel8hofladen140419\" width=\"180\" height=\"135\" srcset=\"https:\/\/www.freiburg-schwarzwald.de\/blog\/wp-content\/uploads\/2013\/04\/spargel8hofladen140419-180x135.jpg 180w, https:\/\/www.freiburg-schwarzwald.de\/blog\/wp-content\/uploads\/2013\/04\/spargel8hofladen140419.jpg 640w\" sizes=\"auto, (max-width: 180px) 100vw, 180px\" \/><\/a><br \/>\n(1) Hofladen Bohrerhof bei Feldkirch am 19.4.2014<\/p>\n<p>&nbsp;<\/p>\n","protected":false},"excerpt":{"rendered":"<p>Home\u00a0&gt;Business\u00a0&gt;Handel &gt;Hofladen &nbsp; S\u2019Bergbure in Hinterzarten-Windeck (21.7.2021) Bio-Hofk\u00e4serei Roser aus Freiamt \u2013 Ludinm\u00fchle (12.4.2020) Dreisamt\u00e4ler Landwirte zum Volksbegehren \u201ePro Biene\u201c\u00a0 (8.10.2019) https:\/\/www.freiburg-schwarzwald.de\/hofladen.htm &gt;Archivseite Aktuelles zur Hofladen-Seite bzw. Einkaufen ab Hof\u00a0&gt;Hofladen1 Bioring der Schwarzwaldbauern\u00a0\u00a0&gt;Markt Bonndorf: Blattert-M\u00fchle Breitnau: Konradenhof in Breitnau Buchenbach: &hellip; <a href=\"https:\/\/www.freiburg-schwarzwald.de\/blog\/business\/handel\/hofladen\/\">Weiterlesen <span class=\"meta-nav\">&rarr;<\/span><\/a><\/p>\n","protected":false},"author":2,"featured_media":0,"parent":814,"menu_order":0,"comment_status":"open","ping_status":"closed","template":"","meta":{"footnotes":""},"class_list":["post-44467","page","type-page","status-publish","hentry"],"_links":{"self":[{"href":"https:\/\/www.freiburg-schwarzwald.de\/blog\/wp-json\/wp\/v2\/pages\/44467","targetHints":{"allow":["GET"]}}],"collection":[{"href":"https:\/\/www.freiburg-schwarzwald.de\/blog\/wp-json\/wp\/v2\/pages"}],"about":[{"href":"https:\/\/www.freiburg-schwarzwald.de\/blog\/wp-json\/wp\/v2\/types\/page"}],"author":[{"embeddable":true,"href":"https:\/\/www.freiburg-schwarzwald.de\/blog\/wp-json\/wp\/v2\/users\/2"}],"replies":[{"embeddable":true,"href":"https:\/\/www.freiburg-schwarzwald.de\/blog\/wp-json\/wp\/v2\/comments?post=44467"}],"version-history":[{"count":2,"href":"https:\/\/www.freiburg-schwarzwald.de\/blog\/wp-json\/wp\/v2\/pages\/44467\/revisions"}],"predecessor-version":[{"id":92818,"href":"https:\/\/www.freiburg-schwarzwald.de\/blog\/wp-json\/wp\/v2\/pages\/44467\/revisions\/92818"}],"up":[{"embeddable":true,"href":"https:\/\/www.freiburg-schwarzwald.de\/blog\/wp-json\/wp\/v2\/pages\/814"}],"wp:attachment":[{"href":"https:\/\/www.freiburg-schwarzwald.de\/blog\/wp-json\/wp\/v2\/media?parent=44467"}],"curies":[{"name":"wp","href":"https:\/\/api.w.org\/{rel}","templated":true}]}}