{"id":44385,"date":"2014-01-23T17:30:51","date_gmt":"2014-01-23T16:30:51","guid":{"rendered":"https:\/\/www.freiburg-schwarzwald.de\/blog\/?page_id=44385"},"modified":"2014-01-23T17:57:19","modified_gmt":"2014-01-23T16:57:19","slug":"buergermeister","status":"publish","type":"page","link":"https:\/\/www.freiburg-schwarzwald.de\/blog\/engagement\/buergermeister\/","title":{"rendered":"Buergermeister"},"content":{"rendered":"<p><a href=\"https:\/\/freiburg-schwarzwald.de\/blog\">\u00a0Home<\/a> &gt;<a title=\"Engagement\" href=\"https:\/\/www.freiburg-schwarzwald.de\/blog\/engagement\/\">Engagement<\/a>\u00a0&gt;<a title=\"Orte\" href=\"https:\/\/www.freiburg-schwarzwald.de\/blog\/regio\/orte\/\">Orte<\/a>\u00a0&gt;Buergervereine<\/p>\n<div id=\"attachment_43797\" style=\"width: 649px\" class=\"wp-caption alignnone\"><a href=\"https:\/\/www.freiburg-schwarzwald.de\/blog\/regio\/orte\/eschbach\/stegen-eschbach-pan140109\/\" rel=\"attachment wp-att-43797\"><img loading=\"lazy\" decoding=\"async\" aria-describedby=\"caption-attachment-43797\" class=\"size-full wp-image-43797\" alt=\"Blick \u00fcber Stegen nach Norden ins Eschbachtal am 9.1.2014 bei 15 Grad plus\" src=\"https:\/\/www.freiburg-schwarzwald.de\/blog\/wp-content\/uploads\/2012\/07\/stegen-eschbach-pan140109.jpg\" width=\"639\" height=\"228\" srcset=\"https:\/\/www.freiburg-schwarzwald.de\/blog\/wp-content\/uploads\/2012\/07\/stegen-eschbach-pan140109.jpg 639w, https:\/\/www.freiburg-schwarzwald.de\/blog\/wp-content\/uploads\/2012\/07\/stegen-eschbach-pan140109-180x64.jpg 180w\" sizes=\"auto, (max-width: 639px) 100vw, 639px\" \/><\/a><p id=\"caption-attachment-43797\" class=\"wp-caption-text\">Blick \u00fcber Stegen nach Norden ins Eschbachtal am 9.1.2014 bei 15 Grad plus<\/p><\/div>\n<p>&nbsp;<\/p>\n<ul>\n<li>Alle Gemeinder\u00e4te von Aitern h\u00f6ren auf &#8211; wegen\u00a0B\u00fcrgermeisterin Sigrid B\u00f6hler (23.1.2014)<\/li>\n<li>&#8222;Hermann-Stratz-Preis f\u00fcr Zivilcourage&#8220; an Rickenbachs BGM-Stellvertreter Hubert Strittmatter (18.1.2014)<\/li>\n<li><a href=\"https:\/\/www.freiburg-schwarzwald.de\/blog\/buchenbach-rathaus-mediation\/\">https:\/\/www.freiburg-schwarzwald.de\/blog\/buchenbach-rathaus-mediation\/<\/a> (18.12.2013)<\/li>\n<li><a href=\"https:\/\/www.freiburg-schwarzwald.de\/blog\/buergermeister-bad-krozingen\/\">https:\/\/www.freiburg-schwarzwald.de\/blog\/buergermeister-bad-krozingen\/<\/a> (23.10.2013)<\/li>\n<li><span style=\"font-family: Arial; font-size: small;\"><a href=\"https:\/\/www.freiburg-schwarzwald.de\/rickenbach.htm#Norbert Moosmann - B\u00fcrgermeister ohne B\u00fcrger\">Norbert Moosmann &#8211; B\u00fcrgermeister ohne B\u00fcrger<\/a>\u00a0&gt;Rickenbach (9.7.2011)<\/span><\/li>\n<\/ul>\n<p>&nbsp;<\/p>\n<p><strong>Alle Gemeinder\u00e4te von Aitern h\u00f6ren auf &#8211; wegen\u00a0B\u00fcrgermeisterin Sigrid B\u00f6hler<\/strong><br \/>\nAlle acht Aiterner Gemeinder\u00e4te werden bei der Kommunalwahl im Mai nicht mehr antreten. &#8222;Unter Dir machen wir alle nicht mehr weiter&#8220;. Dies gab der bisherige stellvertretende B\u00fcrgermeister Manfred Knobel \u00fcberraschenderweise zum Schluss der von einem Dutzend Zuh\u00f6rer verfolgten Gemeinderatssitzung bekannt.\u00a0Zuvor \u00fcbergab Manfred Knobel den Rathausschl\u00fcssel an B\u00fcrgermeisterin Sigrid B\u00f6hler, da diese, so hie\u00df es, sich wohl einen anderen Stellvertreter w\u00fcnsche. &#8230;..<br \/>\nAlles vom 23.1.2014 bitte lesen auf<br \/>\n<a href=\"https:\/\/www.badische-zeitung.de\/paukenschlag-in-aitern-alle-gemeinderaete-hoeren-auf\">https:\/\/www.badische-zeitung.de\/paukenschlag-in-aitern-alle-gemeinderaete-hoeren-auf\u00a0<\/a><\/p>\n<p>&nbsp;<\/p>\n<p>&nbsp;<\/p>\n<p>&nbsp;<\/p>\n<p><strong>&#8222;Hermann-Stratz-Preis f\u00fcr Zivilcourage&#8220; an Rickenbachs BGM-Stellvertreter Hubert Strittmatter\u00a0<\/strong><\/p>\n<p>nachdenklich stimmten schon die Taten der f\u00fcnf Nominierten, die auf ganz unterschiedliche Weise Zivilcourage gezeigt hatten. Berthold Probst, der am Ende des Zweiten Weltkriegs mit drei Kameraden die Sprengung von zwei Br\u00fccken \u00fcber der Wehra verhinderte und dabei sein Leben riskierte. Hubert Strittmatter, der als ehrenamtlicher B\u00fcrgermeisterstellvertreter in Rickenbach w\u00e4hrend der Moosmann-Aff\u00e4re die Gemeinde lenkte. . &#8230;<br \/>\nAlles vom 18.1.2014 bitte lesen auf<br \/>\n<a href=\"https:\/\/www.badische-zeitung.de\/hubert-strittmatter-fuer-preis-nominiert--79305336.html\">https:\/\/www.badische-zeitung.de\/bad-saeckingen\/zu-echtem-mut-gehoert-bescheidenheit&#8211;79777172.html<br \/>\nhttps:\/\/www.badische-zeitung.de\/hubert-strittmatter-fuer-preis-nominiert&#8211;79305336.html<br \/>\n<\/a><\/p>\n","protected":false},"excerpt":{"rendered":"<p>\u00a0Home &gt;Engagement\u00a0&gt;Orte\u00a0&gt;Buergervereine &nbsp; Alle Gemeinder\u00e4te von Aitern h\u00f6ren auf &#8211; wegen\u00a0B\u00fcrgermeisterin Sigrid B\u00f6hler (23.1.2014) &#8222;Hermann-Stratz-Preis f\u00fcr Zivilcourage&#8220; an Rickenbachs BGM-Stellvertreter Hubert Strittmatter (18.1.2014) https:\/\/www.freiburg-schwarzwald.de\/blog\/buchenbach-rathaus-mediation\/ (18.12.2013) https:\/\/www.freiburg-schwarzwald.de\/blog\/buergermeister-bad-krozingen\/ (23.10.2013) Norbert Moosmann &#8211; B\u00fcrgermeister ohne B\u00fcrger\u00a0&gt;Rickenbach (9.7.2011) &nbsp; Alle Gemeinder\u00e4te von Aitern h\u00f6ren &hellip; <a href=\"https:\/\/www.freiburg-schwarzwald.de\/blog\/engagement\/buergermeister\/\">Weiterlesen <span class=\"meta-nav\">&rarr;<\/span><\/a><\/p>\n","protected":false},"author":2,"featured_media":0,"parent":148,"menu_order":0,"comment_status":"open","ping_status":"closed","template":"","meta":{"footnotes":""},"class_list":["post-44385","page","type-page","status-publish","hentry"],"_links":{"self":[{"href":"https:\/\/www.freiburg-schwarzwald.de\/blog\/wp-json\/wp\/v2\/pages\/44385","targetHints":{"allow":["GET"]}}],"collection":[{"href":"https:\/\/www.freiburg-schwarzwald.de\/blog\/wp-json\/wp\/v2\/pages"}],"about":[{"href":"https:\/\/www.freiburg-schwarzwald.de\/blog\/wp-json\/wp\/v2\/types\/page"}],"author":[{"embeddable":true,"href":"https:\/\/www.freiburg-schwarzwald.de\/blog\/wp-json\/wp\/v2\/users\/2"}],"replies":[{"embeddable":true,"href":"https:\/\/www.freiburg-schwarzwald.de\/blog\/wp-json\/wp\/v2\/comments?post=44385"}],"version-history":[{"count":0,"href":"https:\/\/www.freiburg-schwarzwald.de\/blog\/wp-json\/wp\/v2\/pages\/44385\/revisions"}],"up":[{"embeddable":true,"href":"https:\/\/www.freiburg-schwarzwald.de\/blog\/wp-json\/wp\/v2\/pages\/148"}],"wp:attachment":[{"href":"https:\/\/www.freiburg-schwarzwald.de\/blog\/wp-json\/wp\/v2\/media?parent=44385"}],"curies":[{"name":"wp","href":"https:\/\/api.w.org\/{rel}","templated":true}]}}