{"id":44112,"date":"2014-01-18T17:38:49","date_gmt":"2014-01-18T16:38:49","guid":{"rendered":"https:\/\/www.freiburg-schwarzwald.de\/blog\/?page_id=44112"},"modified":"2026-07-15T10:52:30","modified_gmt":"2026-07-15T08:52:30","slug":"antisemitismus","status":"publish","type":"page","link":"https:\/\/www.freiburg-schwarzwald.de\/blog\/religion\/juden\/antisemitismus\/","title":{"rendered":"Antisemitismus"},"content":{"rendered":"<p><a href=\"https:\/\/www.freiburg-schwarzwald.de\/blog\">\u00a0Home<\/a> &gt;<a title=\"Religion\" href=\"https:\/\/www.freiburg-schwarzwald.de\/blog\/religion\/\">Religion<\/a>\u00a0&gt;<a title=\"Juden\" href=\"https:\/\/www.freiburg-schwarzwald.de\/blog\/religion\/juden\/\">Juden<\/a>\u00a0&gt;<a title=\"Israel\" href=\"https:\/\/www.freiburg-schwarzwald.de\/blog\/global\/israel\/\">Israel<\/a> &gt;Antisemitismus<\/p>\n<div id=\"attachment_43610\" style=\"width: 648px\" class=\"wp-caption alignnone\"><a href=\"https:\/\/www.freiburg-schwarzwald.de\/blog\/natur\/flora\/hamamelis\/hamamelis2pan140107\/\" rel=\"attachment wp-att-43610\"><img loading=\"lazy\" decoding=\"async\" aria-describedby=\"caption-attachment-43610\" class=\"size-full wp-image-43610\" src=\"https:\/\/www.freiburg-schwarzwald.de\/blog\/wp-content\/uploads\/2014\/01\/hamamelis2pan140107.jpg\" alt=\"Bl\u00fchende Hamamelis am 7. Januar 2014 in Freiburg bei fr\u00fchlingshaften 16 Grad PLUS\" width=\"638\" height=\"359\" srcset=\"https:\/\/www.freiburg-schwarzwald.de\/blog\/wp-content\/uploads\/2014\/01\/hamamelis2pan140107.jpg 638w, https:\/\/www.freiburg-schwarzwald.de\/blog\/wp-content\/uploads\/2014\/01\/hamamelis2pan140107-180x101.jpg 180w\" sizes=\"auto, (max-width: 638px) 100vw, 638px\" \/><\/a><p id=\"caption-attachment-43610\" class=\"wp-caption-text\">Bl\u00fchende Hamamelis am 7. Januar 2014 in Freiburg bei fr\u00fchlingshaften 16 Grad PLUS<\/p><\/div>\n<ul>\n<li><em>Listenauswahl eines Beitrags: Bitte\u00a0<span style=\"text-decoration: underline;\">anklicken\u00a0<\/span>oder runterscrollen<\/em><\/li>\n<li><a href=\"https:\/\/www.freiburg-schwarzwald.de\/blog\/selbsthilfe\/frauen\/gender\/lgbtq\/\">Antisemitismus in der queeren Szene: Weshalb hielt der Berliner Senat seine Studie monatelang zur\u00fcck?<\/a>\u00a0(13.7.2026)<\/li>\n<li><a href=\"https:\/\/www.freiburg-schwarzwald.de\/blog\/judenhass-ist-antisemitismus\/\">Judenhass ist Antisemitismus<\/a>\u00a0(19.5.2026)<\/li>\n<li><a href=\"https:\/\/www.freiburg-schwarzwald.de\/blog\/religion\/juden\/juden-in-freiburg\/\">Fachstelle f\u00fcr Extremismusdistanzierung (FEX) in Stuttgart<\/a>\u00a0(8,5,2026)<\/li>\n<li><a href=\"https:\/\/www.freiburg-schwarzwald.de\/blog\/regio\/heidelberg\/\">Gunter Frank: Antisemitismus im Heidelberger Gemeinderat<\/a>\u00a0(18.11.2025)<\/li>\n<li><a href=\"https:\/\/www.freiburg-schwarzwald.de\/blog\/pmk-links-vor-pmk-rechts\/\">PMK links vor PMK rechts<\/a>\u00a0(12.6.2025)<\/li>\n<li><a href=\"https:\/\/www.freiburg-schwarzwald.de\/blog\/global\/israel\/anti-israel\/\">Michael Wolffsohn: Israelkritik vs Kritik an Israelpolitik<\/a>\u00a0(27.5.2025)<\/li>\n<li><a href=\"https:\/\/www.freiburg-schwarzwald.de\/blog\/engagement\/zukunft\/demokratie\/extremismus\/rechtsextremismus\/\">Hakenkreuz-Schmierereien auf CDU- oder AfD-Plakaten werden grunds\u00e4tzlich als \u201erechte Straftaten\u201c eingestuft<\/a>\u00a0(22.5.2025)<\/li>\n<li><a href=\"https:\/\/www.freiburg-schwarzwald.de\/blog\/global\/israel\/israel7-10-2023\/\">Die Welt sieht weg: Der Mord an der Familie Bibas und das Schweigen des Westens<\/a>\u00a0(20.2.2025)<\/li>\n<li><a href=\"https:\/\/www.freiburg-schwarzwald.de\/blog\/kultur\/erinnerungskultur\/\">Habeck in Auschwitz \u2013 Die Schmutzigen, die H\u00e4sslichen und die Gemeinen 2025<\/a>\u00a0(31.1.2025)<\/li>\n<li><a href=\"https:\/\/www.freiburg-schwarzwald.de\/blog\/global\/israel\/antijudaismus\/\">Michael Blume: \u201eAntizionismus ist Antisemitismus\u201c<\/a> (25.11.2024)<\/li>\n<li><a href=\"https:\/\/www.freiburg-schwarzwald.de\/blog\/israel-from-the-river-to-the-sea\/\">\u00a0Israel: From the river to the sea<\/a> (16.11.2024)<\/li>\n<li><a href=\"https:\/\/www.freiburg-schwarzwald.de\/blog\/antisemitisches-pogrom-in-nl\/\">Antisemitisches Pogrom in NL<\/a>\u00a0(8.11.2024)<\/li>\n<li><a href=\"https:\/\/www.freiburg-schwarzwald.de\/blog\/religion\/islam\/islamophobie\/\">Antisemitismus und Islamophobie \u2013 eine deutsche Scheinehe<\/a> (4.10.2024)<\/li>\n<li><a href=\"https:\/\/www.freiburg-schwarzwald.de\/blog\/demo-breisach-am-israel-chai\/\">Demo Breisach: Am Israel Chai<\/a> (10.5.2024)<\/li>\n<li><a href=\"https:\/\/www.freiburg-schwarzwald.de\/blog\/religion\/juden\/juedisches-leben\/\">Wolffsohn \u2013 Gretchenfrage: Haben Juden in Deutschland eine Zukunft?<\/a>\u00a0(28.1.2024)<\/li>\n<li><a href=\"https:\/\/www.freiburg-schwarzwald.de\/blog\/global\/israel\/anti-israel\/\">Anti-israelische Aussagen in der Tagesschau abrupt gestoppt<\/a> (3.1.2024)<\/li>\n<li><a href=\"https:\/\/www.freiburg-schwarzwald.de\/blog\/religion\/islam\/islam-antisemitismus\/\">Wie die Forschung muslimischen Antisemitismus totschweigt<\/a> (19.12.2023)<\/li>\n<li><a href=\"https:\/\/www.freiburg-schwarzwald.de\/blog\/antisemitismus-us-hochschulen\/\">Antisemitismus US-Hochschulen<\/a> (11.12.2023)<\/li>\n<li><a href=\"https:\/\/www.freiburg-schwarzwald.de\/blog\/reichspogromnacht-9-11-1938\/\">Reichspogromnacht 9.11.1938<\/a>\u00a0(7.11.2023)<\/li>\n<li><a href=\"https:\/\/www.freiburg-schwarzwald.de\/blog\/religion\/islam\/islam-antisemitismus\/\">Antisemitismus in D nach dem Hamas-\u00dcberfall vom 7.10.2023<\/a>\u00a0(6.11.2023)<\/li>\n<li><a href=\"https:\/\/www.freiburg-schwarzwald.de\/blog\/antisemitismusforscher-ley-tot\/\">Antisemitismusforscher Michael Ley ist tot<\/a> (2.11.2023)<\/li>\n<li><a href=\"https:\/\/www.freiburg-schwarzwald.de\/blog\/religion\/juden\/links-antisemitismus\/\">Alexander Wendt: Keine Ausgewogenheit bei Publicomag<\/a>? (26.10.2023)<\/li>\n<li>Antisemitische Straftaten: Zumeist islam-motiviert, nicht rechts (22.10.2023)<\/li>\n<li><a href=\"https:\/\/www.freiburg-schwarzwald.de\/blog\/wir-schaffen-es-nicht-mehr\/\">Wir schaffen es nicht (mehr)<\/a>\u00a0(16.10.2023)<\/li>\n<li><a href=\"https:\/\/www.freiburg-schwarzwald.de\/blog\/global\/israel\/israel7oktober2023\/\">Martin E. Renner: Israel steht f\u00fcr uns alle<\/a>\u00a0(14.10.2023)<\/li>\n<li><a href=\"https:\/\/www.freiburg-schwarzwald.de\/blog\/wolffsohn-juden-im-wahlkampf\/\">Wolffsohn: Juden im Wahlkampf<\/a>\u00a0(29.8.2023)<\/li>\n<li><a href=\"https:\/\/www.freiburg-schwarzwald.de\/blog\/yom-hashoah-holocaustgedenk\/\">Yom HaShoah, dem israelischen Holocaustgedenk<\/a>\u00a0(20.4.2023)<\/li>\n<li><a href=\"https:\/\/www.freiburg-schwarzwald.de\/blog\/kultur\/medien\/verleumdung\/\">Clemens Arvay wurde Opfer der Antisemitiskeule<\/a>\u00a0(15.3.2023)<\/li>\n<li><a href=\"https:\/\/www.freiburg-schwarzwald.de\/blog\/literaturnobelpreis-annie-ernaux\/\">Literaturnobelpreis Annie Ernaux<\/a>\u00a0(9.10.2022)<\/li>\n<li><a href=\"https:\/\/www.freiburg-schwarzwald.de\/blog\/engagement\/zukunft\/schuld\/\">Schuldkult: Von der Documenta, der Globalisierung und der verletzten Eigenliebe<\/a> (12.8.2022)<\/li>\n<li><a href=\"https:\/\/www.freiburg-schwarzwald.de\/blog\/religion\/juden\/juedisches-leben\/\">Wirft Frage auf, ob Antisemitismus-Beauftragte angemessene Befugnisse haben<\/a> (17.6.2022)<\/li>\n<li><a href=\"https:\/\/www.freiburg-schwarzwald.de\/blog\/documenta-antisemitismus\/\">Documenta \u2013 Antisemitismus<\/a>\u00a0(22.6.2022)<\/li>\n<li><a href=\"https:\/\/www.freiburg-schwarzwald.de\/blog\/wolffsohn-juedische-geschichte\/\">Wolffsohn: J\u00fcdische Geschichte<\/a>\u00a0(9.6.2022)<\/li>\n<li><a href=\"https:\/\/www.freiburg-schwarzwald.de\/blog\/business\/gesund\/corona-virus\/corona-justiz\/\">Sucharit Bhakdi: Novavax, WHO und Antisemitismus-Anklage<\/a>\u00a0(17.5.2022)<\/li>\n<li><a href=\"https:\/\/www.freiburg-schwarzwald.de\/blog\/drecks-jude-medien-schweigen\/\">Drecks Jude: Medien schweigen<\/a>\u00a0(22.4.2022)<\/li>\n<li><a href=\"https:\/\/www.freiburg-schwarzwald.de\/blog\/engagement\/buergerinitiativen\/spaziergaenge\/\">Tragen von Judensternen auf Demos \u201esicher nicht antisemitisch\u201c<\/a> (20.2.2022)<\/li>\n<li><a href=\"https:\/\/www.freiburg-schwarzwald.de\/blog\/ausgrenzung-ungeimpfter-tabu\/\">Ausgrenzung Ungeimpfter: Tabu<\/a>\u00a0(5.2.2022)<\/li>\n<li><a href=\"https:\/\/www.freiburg-schwarzwald.de\/blog\/energie-aus-kohle-antisemitisch\/\">Energie aus Kohle antisemitisch?<\/a> (2.1.2022)<\/li>\n<li>Deutscher Antisemitismusbeauftragter auf &#8222;Antisemiten-Liste&#8220; (28.12.2021)<\/li>\n<li><a href=\"https:\/\/www.freiburg-schwarzwald.de\/blog\/religion\/juden\/judenhass2021\/\">Gef\u00f6rderter Antisemitismus: Judenhass in islamischen Verb\u00e4nden<\/a> (26.10.2021)<\/li>\n<li><a href=\"https:\/\/www.freiburg-schwarzwald.de\/blog\/engagement\/zukunft\/demokratie\/elitenkritik\/\">Carolin Emke: Kritik an Juden ist antisemitisch, an Klimaforschern auch<\/a>\u00a0(18.6.2021)<\/li>\n<li><a href=\"https:\/\/www.freiburg-schwarzwald.de\/blog\/religion\/juden\/juedisches-leben\/\">Politik uneins \u00fcber Anteil des eingewanderten Antisemitismus<\/a> (28.5.2021)<\/li>\n<li><a href=\"https:\/\/www.freiburg-schwarzwald.de\/blog\/eine-unendliche-geschichte\/\">Eine unendliche Geschichte<\/a>\u00a0(26.5.2021)<\/li>\n<li>Deutschland ist Importweltmeister beim Antisemitismus (23.5.2021)<\/li>\n<li><a href=\"https:\/\/www.freiburg-schwarzwald.de\/blog\/antisemitismus-islam-und-links\/\">Antisemitismus: Islam und links<\/a>\u00a0(20.5.2021)<\/li>\n<li><a href=\"https:\/\/www.freiburg-schwarzwald.de\/blog\/religion\/juden\/judenhass2021\/\">Chaim Noll: Kanzlerin hat offenen Judenhass in D wieder m\u00f6glich gemacht<\/a>\u00a0(19.5.2021)<\/li>\n<li><a href=\"https:\/\/www.freiburg-schwarzwald.de\/blog\/global\/israel\/antijudaismus\/\">Peter Hahne: Juden-Hass und Islam-Verharmlosung auf Demos<\/a> (16.5.2021)<\/li>\n<li><a href=\"https:\/\/www.freiburg-schwarzwald.de\/blog\/religion\/juden\/judenhass2021\/\">Seit Jahren wird muslimischer Antisemitismus in D geduldet<\/a>\u00a0(16.5.2021)<\/li>\n<li><a href=\"https:\/\/www.freiburg-schwarzwald.de\/blog\/synagogen-angegriffen-angst\/\">Synagogen angegriffen \u2013 Angst<\/a>\u00a0(13.5.2021)<\/li>\n<li><a href=\"https:\/\/www.freiburg-schwarzwald.de\/blog\/religion\/islam\/islamophobie\/\">Klaus Kinzler: Islamophobie nicht mit Antisemitismus vergleichbar<\/a>\u00a0(9.4.2021)<\/li>\n<li><a href=\"https:\/\/www.freiburg-schwarzwald.de\/blog\/unvereinbarkeitsbeschluss\/\">Unvereinbarkeitsbeschluss<\/a>\u00a0(11.2.2021)<\/li>\n<li>Antisemitismus: Islam vor links vor rechts (29.1.2021)<\/li>\n<li><a title=\"Zentralrat der Juden: 70 Jahre\" href=\"https:\/\/www.freiburg-schwarzwald.de\/blog\/zentralrat-der-juden-70-jahre\/\">Zentralrat der Juden in Deutschland (ZdJ): 70 Jahre<\/a>\u00a0(17.9.2020)<\/li>\n<li><a title=\"Israel Jud\u00e4a Samaria Bundestag\" href=\"https:\/\/www.freiburg-schwarzwald.de\/blog\/israel-judaea-samaria-bundestag\/\">Israel Jud\u00e4a Samaria \u2013 im Bundestag<\/a>\u00a0(5.7.2020)<\/li>\n<li><a title=\"Israel2019\" href=\"https:\/\/www.freiburg-schwarzwald.de\/blog\/global\/israel\/israel2019\/\">Israels 72. Geburtstag w\u00e4re doch ein Grund zum Feiern<\/a>\u00a0(12.5.2020)<\/li>\n<li><a title=\"Faschismus\" href=\"https:\/\/www.freiburg-schwarzwald.de\/blog\/engagement\/zukunft\/demokratie\/faschismus\/\">Werde\u00a0ich als Jude in Deutschland zum Faschisten bzw. Rassisten?<\/a>\u00a0(8.3.2020)<\/li>\n<li><a title=\"Israel2019\" href=\"https:\/\/www.freiburg-schwarzwald.de\/blog\/global\/israel\/israel2019\/\">Antisemitismus: Judenhass \u2013 Israelfeindlichkeit<\/a> (14.2.2020)<\/li>\n<li><a title=\"Deutschland2020\" href=\"https:\/\/www.freiburg-schwarzwald.de\/blog\/global\/deutschland\/deutschland2020\/\">J\u00fcdisches Leben in Deutschland: W\u00e4chst der Antisemitismus?<\/a>\u00a0(8.2.2020)<\/li>\n<li><a title=\"Gender\" href=\"https:\/\/www.freiburg-schwarzwald.de\/blog\/selbsthilfe\/frauen\/gender\/\">Nationalsozialistinnen \u2013 eine sado-lyrische Meisterleistung<\/a>\u00a0(31.1.2020)<\/li>\n<li>Avi Primor: &#8222;Antisemitismus in Deutschland nimmt nicht zu&#8220; (25.1.2020)<\/li>\n<li><a title=\"Auschwitz1945-2020\" href=\"https:\/\/www.freiburg-schwarzwald.de\/blog\/kultur\/erinnerungskultur\/auschwitz1945-2020\/\">Historiker Wolffsohn kritisiert Steinmeiers Rede in Israel \u2013 und neue\u00a0Gedenkkultur<\/a>\u00a0 (24.1.2020)<\/li>\n<li><a title=\"Islam-Antisemitismus\" href=\"https:\/\/www.freiburg-schwarzwald.de\/blog\/religion\/islam\/islam-antisemitismus\/\">Georges Bensoussan zu Islam-Antisemitismus: Die T\u00e4ter sind tabu<\/a> (18.1.2020)<\/li>\n<li><a title=\"20 Jahre Merkel-Deutschland\" href=\"https:\/\/www.freiburg-schwarzwald.de\/blog\/20-jahre-merkel-deutschland\/\">20 Jahre Merkel-Deutschland<\/a>\u00a0(19.12.2019)<\/li>\n<li><a title=\"Merkel-Deutschland\" href=\"https:\/\/www.freiburg-schwarzwald.de\/blog\/global\/deutschland\/merkel-deutschland\/\">Chaim Noll: Angela mortis<\/a>\u00a0(16.12.2019)<\/li>\n<li><a title=\"Juden-instrumentalisieren\" href=\"https:\/\/www.freiburg-schwarzwald.de\/blog\/religion\/juden\/juden-instrumentalisieren\/\">Nazis \u2013 Angebot und Nachfrage: CDU\u00a0Linksruck,\u00a0AFD, ZPS<\/a>\u00a0 (9.12.2019)<\/li>\n<li><a title=\"Kunstfreiheit\" href=\"https:\/\/www.freiburg-schwarzwald.de\/blog\/kultur\/kunst\/kunstfreiheit\/\">Zentrum f\u00fcr Politische Sch\u00f6nheit: Instrumentalisierung des Holocaust<\/a>\u00a0(4.12.2019)<\/li>\n<li><a title=\"Israel2019\" href=\"https:\/\/www.freiburg-schwarzwald.de\/blog\/global\/israel\/israel2019\/\">Antiisraelische Aktivisten mobben j\u00fcdische DIA-Vorsitzende in Lahr<\/a> (7.11.2019)<\/li>\n<li><a title=\"Erinnerungskultur\" href=\"https:\/\/www.freiburg-schwarzwald.de\/blog\/kultur\/erinnerungskultur\/\">Eine Schande, ein Schmerz: Holocaust-Feiern verlogenen Veranstaltungen<\/a>\u00a0(1.11.2019)<\/li>\n<li><a title=\"Juden\" href=\"https:\/\/www.freiburg-schwarzwald.de\/blog\/religion\/juden\/\">Judensau zu Wittenberg: Aus den Augen, aus dem Sinn<\/a> (3.11.2019)<\/li>\n<li><a title=\"Nie wieder! Halle 9-10-2019\" href=\"https:\/\/www.freiburg-schwarzwald.de\/blog\/nie-wieder-halle-9-10-2019\/\">Nie wieder! &#8211; Halle 9.10.2019<\/a>\u00a0(10.10.2019)<\/li>\n<li><a title=\"Berlin\" href=\"https:\/\/www.freiburg-schwarzwald.de\/blog\/global\/deutschland\/berlin\/\">Berlin: \u201cKein Platz f\u00fcr Antisemitismus\u201d-Schilder als Provikation verboten<\/a> (28.9.2019)<\/li>\n<li>Antisemitischer Anschlag in Freiburg durch Obdachlosen (25.7.2019)<\/li>\n<li><a title=\"Erinnerungskultur\" href=\"https:\/\/www.freiburg-schwarzwald.de\/blog\/kultur\/erinnerungskultur\/\">Yehuda\u00a0Bauer: Lob f\u00fcr deutsche\u00a0Gedenkkultur<\/a>\u00a0(25.6.2019)<\/li>\n<li>Muslimischer Antisemitismus als rechter Antisemitismus in Statistik (16.5.2019)<\/li>\n<li>Alain Finkielkraut als \u201cSchei\u00df Zionist\u201d beschimpft (21.2.2019)<\/li>\n<li><a href=\"https:\/\/www.freiburg-schwarzwald.de\/blog\/judenfeindlichkeit-nach-2015\/\">https:\/\/www.freiburg-schwarzwald.de\/blog\/judenfeindlichkeit-nach-2015\/<\/a> (11.12.2018)<\/li>\n<li>Antisemitismus: Islam vor links vor rechts (10.12.2018)<\/li>\n<li><a title=\"Islam-Antisemitismus\" href=\"https:\/\/www.freiburg-schwarzwald.de\/blog\/religion\/islam\/islam-antisemitismus\/\">Der Antisemitismus in Frankreich ist muslimisch<\/a> (4.3.2018)<\/li>\n<li><strong><a title=\"Muslime\" href=\"https:\/\/www.freiburg-schwarzwald.de\/blog\/global\/integration\/muslime\/\">Wolffsohn: Gewalt gegen Juden geht ausschlie\u00dflich von Muslimen aus<\/a>\u00a0(27.2.2018)<\/strong><\/li>\n<li>Deutschland ist Anti-Antisemitismus-Weltmeister (1.2.2018)<\/li>\n<li><a href=\"https:\/\/www.freiburg-schwarzwald.de\/blog\/vom-zwang-nicht-zu-hassen\/\">https:\/\/www.freiburg-schwarzwald.de\/blog\/vom-zwang-nicht-zu-hassen\/<\/a> (19.1.2018)<\/li>\n<li>Finkielkraut: Der gewaltt\u00e4tige Antisemitismus von Linken und von Muslimen (1.12.2017)<\/li>\n<li>Linke ignorieren antisemitische Islam-Hetze (20.4.2017)<\/li>\n<li><a href=\"https:\/\/www.freiburg-schwarzwald.de\/blog\/integration-und-antisemitismus\/\">https:\/\/www.freiburg-schwarzwald.de\/blog\/integration-und-antisemitismus\/<\/a> (31.1.2016)<\/li>\n<li>Mit muslimischen Migranten kommt Antisemitismus nach Deutschland wie 1933 (19.1.2016)<\/li>\n<li>Was wird aus dem Judenhass der syrischen Fl\u00fcchtlinge? (14.12.2015)<\/li>\n<li>Was denkt Europa \u00fcber seine Roma, Muslime und Juden? (7.1.2015)<\/li>\n<li>Gegen\u00fcber dem islamische Antisemitismus wird mangels Zivilcourage geschwiegen (29.3.2015)<\/li>\n<li>Islamischer Antisemitismus (27.2.2015)<\/li>\n<li>Endlich: Gericht schafft den Antisemitismus ab (14.2.2015)<\/li>\n<li>Linker und rechter Antisemitismus auf Demonstrationen zum Israel-Gaza-Krieg (7.8.2014)<\/li>\n<li><a href=\"https:\/\/www.freiburg-schwarzwald.de\/blog\/antisemitismus-junger-muslime\/\">https:\/\/www.freiburg-schwarzwald.de\/blog\/antisemitismus-junger-muslime\/<\/a>\u00a0(29.7.2014)<\/li>\n<li>Antisemitismus am Beispiel des Fl\u00fcchtlingslagers Holot\/Negev in Israel (18.1.2014)<\/li>\n<li><a href=\"https:\/\/www.freiburg-schwarzwald.de\/blog\/broder-judenhass-palestine\/\">https:\/\/www.freiburg-schwarzwald.de\/blog\/broder-judenhass-palestine\/<\/a> (19.12.2013)<\/li>\n<li><\/li>\n<li>\u00dcber 40 Definitionen von Antisemitismus<\/li>\n<li><a href=\"https:\/\/www.freiburg-schwarzwald.de\/blog\/global\/israel\/anti-israel\/\">Anti-Israel<\/a><\/li>\n<li><a href=\"https:\/\/www.freiburg-schwarzwald.de\/blog\/global\/israel\/antijudaismus\/\">Antijudaismus<\/a><\/li>\n<li><a title=\"Auschwitz1945-2020\" href=\"https:\/\/www.freiburg-schwarzwald.de\/blog\/kultur\/erinnerungskultur\/auschwitz1945-2020\/\">Auschwitz1945-2020<\/a><\/li>\n<li><a href=\"https:\/\/www.freiburg-schwarzwald.de\/blog\/engagement\/zukunft\/demokratie\/elitenkritik\/\">Elitenkritik<\/a><\/li>\n<li><a title=\"Islam-Antisemitismus\" href=\"https:\/\/www.freiburg-schwarzwald.de\/blog\/religion\/islam\/islam-antisemitismus\/\">Islam-Antisemitismus<\/a><\/li>\n<li><a title=\"Israel2019\" href=\"https:\/\/www.freiburg-schwarzwald.de\/blog\/global\/israel\/israel2019\/\">Israel2019<\/a><\/li>\n<li><a href=\"https:\/\/www.freiburg-schwarzwald.de\/blog\/religion\/juden\/judenhass2021\/\">Judenhass2021<\/a><\/li>\n<li><a title=\"Juden-instrumentalisieren\" href=\"https:\/\/www.freiburg-schwarzwald.de\/blog\/religion\/juden\/juden-instrumentalisieren\/\">Juden-instrumentalisieren<\/a><\/li>\n<li><a href=\"https:\/\/www.freiburg-schwarzwald.de\/blog\/religion\/juden\/juedisches-leben\/\">J\u00fcdisches Leben<\/a><\/li>\n<li><a title=\"Kunstfreiheit\" href=\"https:\/\/www.freiburg-schwarzwald.de\/blog\/kultur\/kunst\/kunstfreiheit\/\">Kunstfreiheit<\/a><\/li>\n<li><a href=\"https:\/\/www.freiburg-schwarzwald.de\/blog\/religion\/juden\/links-antisemitismus\/\">Links-Antisemitismus<\/a><\/li>\n<li><a title=\"Merkel-Deutschland\" href=\"https:\/\/www.freiburg-schwarzwald.de\/blog\/global\/deutschland\/merkel-deutschland\/\">Merkel-Deutschland<\/a><\/li>\n<li><a title=\"Rassismus\" href=\"https:\/\/www.freiburg-schwarzwald.de\/blog\/engagement\/rassismus\/\">Rassismus<\/a><\/li>\n<li><a title=\"Rechts\" href=\"https:\/\/www.freiburg-schwarzwald.de\/blog\/engagement\/zukunft\/demokratie\/rechts\/\">Rechts<\/a><\/li>\n<li><a title=\"Holocaust-Education\" href=\"https:\/\/www.freiburg-schwarzwald.de\/blog\/bildung\/holocaust-education\/\">Holocaust-Education<\/a><\/li>\n<li><a href=\"https:\/\/www.freiburg-schwarzwald.de\/blog\/kultur\/medien\/verleumdung\/\">Verleumdung<\/a><\/li>\n<\/ul>\n<p>&nbsp;<\/p>\n<p>&nbsp;<\/p>\n<p><strong>\u00dcber 40 Definitionen von Antisemitismus<\/strong><\/p>\n<p>Der Soziologe und V\u00f6lkermordforscher\u00a0Gunnar Heinsohn (<a title=\"Youth bulges \u2013 Jugend und Krieg\" href=\"https:\/\/www.freiburg-schwarzwald.de\/blog\/youth-bulges-jugend-und-krieg\/\">Die zornigen S\u00f6hne \u2013 Youth Bulges \u2013 Demografie<\/a>) hat \u00fcber 40 Definitionen von Antisemitismus unterschieden.<\/p>\n<p>Henryk M. Broder geht bei einer Diskussion in <a title=\"Broder Judenhass \u2013 Palestine\" href=\"https:\/\/www.freiburg-schwarzwald.de\/blog\/broder-judenhass-palestine\/\">Freiburg<\/a> auf den Antisemitismus (AS) ein und bezieht sich dabei auf sein 1986 geschriebenes Buch\u00a0\u201cDer ewige Antisemit\u201d:\u00a0Analog zur Pornografie-Definition \u201cIch kann Pornografie nicht definieren, aber ich kann sie sehen\u201d sagt Broder \u201cIch kann AS nicht definieren, aber ich kann ihn h\u00f6ren und lesen.\u201d<br \/>\nDie f\u00fcr Broder praktikabelste Definition jedoch ist folgende: <strong>&#8222;Wer f\u00fcr Juden andere (sprich strengere) Ma\u00dfst\u00e4be ansetzt als f\u00fcr andere V\u00f6lker dieser Welt, der ist ein Antisemit.&#8220;<br \/>\n<\/strong>=================================================<\/p>\n<p><strong>Antisemitische Straftaten: Zumeist islam-motiviert, nicht rechts<\/strong><br \/>\n<strong>Meiste antisemitische Straftaten rechts? \u201eTagesschau-Faktenfinder\u201c verbreiten Fake News<\/strong><br \/>\nIn einem Beitrag zu Antisemitismus in Deutschland muss der \u201eFaktenfinder\u201c der Tagesschau einr\u00e4umen: Unter Migranten, insbesondere muslimischen, ist Antisemitismus deutlich weiter verbreitet. Um auch noch auf Rechts verweisen zu k\u00f6nnen, bem\u00fcht man Zahlen aus dem Innenministerium &#8211; die selbst laut der Innenministerin falsch sind.<br \/>\n&#8230;<br \/>\nDass in der Statistik f\u00fcr politisch motivierte Straftaten die allermeisten antisemitischen Vorf\u00e4lle als \u201eRechts\u201c eingeordnet werden, hat einen Grund: Ist explizit kein anderer T\u00e4ter festzustellen, werden die F\u00e4lle trotz unklarer Sachlage als \u201eRechts\u201c deklariert. Die Zahlen zu rechtsextremem Antisemitismus verlieren damit jede Aussagekraft. Diese Handhabe wird seit Jahren kritisiert \u2013 nun hat nach dem massiven Druck der letzten Wochen auch Innenministerin Faeser erkl\u00e4rt, die Erfassung \u00fcberpr\u00fcfen und \u00e4ndern zu wollen.<br \/>\n&#8230; Alles vom 22.10.2023 bitte lesen auf<br \/>\n<a href=\"https:\/\/apollo-news.net\/meiste-antisemitische-straftaten-rechts-tagesschau-faktenfinder-verbreiten-fake-news\/\">https:\/\/apollo-news.net\/meiste-antisemitische-straftaten-rechts-tagesschau-faktenfinder-verbreiten-fake-news\/<\/a><\/p>\n<p>&nbsp;<\/p>\n<p><strong>Deutscher Antisemitismusbeauftragter auf &#8222;Antisemiten-Liste&#8220;<\/strong><br \/>\n<strong>Vorw\u00fcrfe gegen Michael Blume<\/strong><br \/>\nDas Wiesenthal-Zentrum mit Sitz in Los Angeles f\u00fchrt auf seiner weltweiten &#8222;Antisemiten-Liste&#8220; 2021 den Antisemitismusbeauftragten des Landes Baden-W\u00fcrttemberg, <a href=\"https:\/\/www.freiburg-schwarzwald.de\/blog\/energie-aus-kohle-antisemitisch\/\">Michael Blume<\/a>.<br \/>\nSeit 2019 habe Blume anti-j\u00fcdische, anti-israelische und konspirative Twitter-Accounts gelikt und Beitr\u00e4ge weiterverbreitet, hie\u00df es in der Begr\u00fcndung der am Dienstagabend vorgestellten Top Ten der weltweit schwersten antisemitischen Vorf\u00e4lle. Zudem habe Blume einen Facebook-Post gelikt, der Zionisten mit Nazis verglichen habe.<br \/>\n&#8230; Alles vom 28.12.2021 bitte lesen auf<br \/>\n<a href=\"https:\/\/www.t-online.de\/nachrichten\/ausland\/id_91393046\/vorwuerfe-gegen-michael-blume-deutscher-antisemitismusbeauftragter-auf-antisemiten-liste-.html\">https:\/\/www.t-online.de\/nachrichten\/ausland\/id_91393046\/vorwuerfe-gegen-michael-blume-deutscher-antisemitismusbeauftragter-auf-antisemiten-liste-.html<\/a><br \/>\n.<\/p>\n<p><strong>Deutschland ist Importweltmeister beim Antisemitismus<\/strong><br \/>\n\u201eAusgerechnet Deutschland ist beim Antisemitismus heute Importweltmeister. Viele halten eine fast unkontrollierte Einwanderung f\u00fcr ein Zeichen von Weltoffenheit und Toleranz. Da\u00df ein Land, wenn es nicht klug steuert, seine Weltoffenheit und Toleranz auch verlieren kann, wollen sie nicht sehen. (&#8230;) Wehret den Anf\u00e4ngen? Sie sind doch l\u00e4ngst da.\u201c<br \/>\nHarald Martenstein, Kolumnist, im \u201eTagesspiegel\u201c vom 23. Mai 2021<\/p>\n<p>&nbsp;<\/p>\n<p><strong>Antisemitismus: Islam vor links vor rechts<\/strong><br \/>\nEs gibt keine parteiunabh\u00e4ngige Studie, die zunehmenden Antisemitismus von Rechts in der EU belegt. Alle Studien sehen den muslimischen und linken Antisemitismus auf den vorderen R\u00e4ngen.<br \/>\nGem\u00e4\u00df der am 10.12.2018 ver\u00f6ffentlichten, gro\u00df angelegten EU-Studie vom 10.12.2018 gehen 31 Prozent der antisemitischen Angriffe nach Empfinden von Juden in Europa auf das Konto von Moslems und 21 Prozent auf das Konto von Linken. Rechte Antisemiten folgen an dritter Stelle mit 14 Prozent der F\u00e4lle.<br \/>\n<a href=\"https:\/\/fra.europa.eu\/en\/publication\/2018\/experiences-and-perceptions-antisemitism-second-survey-discrimination-and-hate\">https:\/\/fra.europa.eu\/en\/publication\/2018\/experiences-and-perceptions-antisemitism-second-survey-discrimination-and-hate<\/a><br \/>\nNach dem Jahr 2020\u00a0 d\u00fcrfte der muslimisch motivierte Antisemitismus stark zugenommen haben.<br \/>\n29.1.2021<\/p>\n<p>&nbsp;<\/p>\n<p><strong>Avi Primor: &#8222;Antisemitismus in Deutschland nimmt nicht zu&#8220;<\/strong><br \/>\nBerlin (ots) &#8222;Der Antisemitismus in Deutschland und Europa hat in den letzten Jahren nicht zugenommen.&#8220; Das sagte der fr\u00fchere israelische Botschafter in Deutschland, Avi Primor, am Sonnabend im Inforadio des rbb.<br \/>\n.<br \/>\nDie Judenfeindlichkeit werde zwar oft von Zuwanderern aus dem Nahen Osten gesch\u00fcrt, sagte Primor. Die meisten Deutschen seien aber keine Antisemiten. Das liege daran, dass sie nach Krieg und Holocaust mit anderen Werten und humanistischen Ideen aufgewachsen seien.<br \/>\n.<br \/>\nDennoch gebe es einen konstanten Bodensatz von Antisemiten, so Primor weiter. &#8220; Diese Menschen, die fr\u00fcher geschwiegen haben, trauen sich jetzt wieder, ihre Ansichten zu verbreiten, weil Israel wegen der Besetzung der pal\u00e4stinensischen Gebiete an Ansehen eingeb\u00fc\u00dft hat.&#8220;<br \/>\n&#8230;. Alles vom 25.1.2020 vom Rundfunk Berlin-Brandenburg (rbb) bitte lesen auf<br \/>\n<a href=\"https:\/\/www.presseportal.de\/pm\/51580\/4502040\">https:\/\/www.presseportal.de\/pm\/51580\/4502040<\/a><br \/>\n.<br \/>\n<strong>Avi Prior zu Holocaust-Mahnm\u00e4lern in Deutschland:<\/strong><br \/>\n\u201eIn der ganzen Weltgeschichte gibt es keinen Pr\u00e4zedenzfall von einer Nation, die Mahnm\u00e4ler errichtet zur Verewigung ihrer eignen Schande.\u201c<br \/>\n\u201eMan nimmt diese Einweihung zur Kenntnis. Denn das ist ja nicht ein Mahnmal f\u00fcr uns Juden. Wir brauchen dieses Mahnmal nicht, wir haben in Jerusalem die Gedenkst\u00e4tte Jad Vaschem, die uns an die sechs Millionen Opfer erinnert.\u201c<br \/>\n(Avi Primor, ehemaliger israelischer Botschafter in Deutschland, 2005)<\/p>\n<p>.<\/p>\n<p><strong>Antisemitischer Anschlag in Freiburg durch Obdachlosen<\/strong><br \/>\nMitte Juli wurde Irina Katz, Vorsitzende der Israelitischen Gemeinde Freiburg, auf offener Stra\u00dfe vor der Neuen Synagoge angegriffen. \u00bbEs war Schabbat, das Wetter gut, alles friedlich und fr\u00f6hlich\u00ab, sagte Katz lokalen Medien. Sie hatte morgens die Beter zum Gottesdienst begr\u00fc\u00dft. Auf einer \u00dcberwachungskamera erkennt man, wie ein br\u00fcllender, aggressiv auftretender Mann zur Synagoge geht, droht und schimpft.<br \/>\n&#8230; Alles vom 25.7.2019 bitte lesen auf<br \/>\n<a href=\"https:\/\/www.juedische-allgemeine.de\/politik\/freiburg-widerstand-ss-mann\/\">https:\/\/www.juedische-allgemeine.de\/politik\/freiburg-widerstand-ss-mann\/<\/a><\/p>\n<p><strong>Aufstand der Anst\u00e4ndigen<\/strong><br \/>\nDas Video, alleine auf der Homepage der BILD-Zeitung inzwischen zigtausendfach abgerufen, ist verst\u00f6rend: Ein Mann p\u00f6belt vor der Freiburger Neuen Synagoge gegen die Vorsitzende der Israelitischen Gemeinde, beleidigt, droht: \u201eIch schlag dich tot.\u201c Lediglich eine Passantin mischt sich ein. Es ist kein Einzelfall: Menschen j\u00fcdischen Glaubens f\u00fchlen sich in Deutschland im Jahr 2019 nicht mehr sicher &#8211; gerade wenn sie sichtbare Zeichen wie etwa eine Kippa tragen. Das ist alarmierend und ruft nach einem \u201eAufstand der Anst\u00e4ndigen\u201c. Der bleibt bislang aber weit gehend aus &#8211; wahrscheinlich, weil es bei anderen Themen schnelleren Beifall gibt&#8230;<br \/>\nImmerhin: OB Martin Horn hat in w\u00fcnschenswerter Klarheit reagiert. Das ist auch k\u00fcnftig bitter n\u00f6tig! Egal, ob es sich bei den Aggressoren um Islamisten, Neonazis oder &#8211; wie wohl hier &#8211; um frustrierte Menschen handelt, die S\u00fcndenb\u00f6cke brauchen.<br \/>\n25.7.2019, Stefan Ummenhofer, <a href=\"https:\/\/www.stadtkurier.de\">https:\/\/www.stadtkurier.de<\/a><\/p>\n<p>.<\/p>\n<p><strong>Muslimischer Antisemitismus als rechter Antisemitismus in Statistik<\/strong><br \/>\nVerzerrt dargestellt &#8211; Politisch motivierte Kriminalit\u00e4t: Antisemitismus nimmt zu \/ Erhebung der Statistik bleibt fragw\u00fcrdig<br \/>\nInnenminister Horst Seehofer (CSU) gab am Dienstag keine Entwarnung: \u201eZwar sind die Fallzahlen der Politisch motivierten Kriminalit\u00e4t (PMK) im vergangenen Jahr zum zweiten Mal in Folge gesunken\u201c, verk\u00fcndete er auf der gemeinsamen Pressekonferenz mit dem Pr\u00e4sidenten des Bundeskriminalamtes (BKA), Holger M\u00fcnch, in Berlin. Das sei jedoch kein Grund, sich erleichtert zur\u00fcckzulehnen. \u201eIm Gegenteil: Dies ist immer noch der dritth\u00f6chste Stand seit Einf\u00fchrung dieser Statistik im Jahre 2001.\u201c<br \/>\n&#8230;..<br \/>\nEinen weiteren Fakt nannten M\u00fcnch und Seehofer am Dienstag \u201ebesonders besorgniserregend\u201c. Laut BKA-Statistik stiegen die antisemitischen Straftaten im vergangenen Jahr um ganze 19,6 Prozent. Davon ordnet die Sicherheitsbeh\u00f6rde 89,1 Prozent der rechten Szene zu. Diese Tatsache sei durch \u201enichts zu ersch\u00fcttern\u201c, teilte Seehofer mit und spielte damit auf die vermehrten Zweifel an der Aussagekraft der Statistik an. Denn in der PMK werden fremdenfeindliche und antisemitische Straftaten grunds\u00e4tzlich immer dem Ph\u00e4nomenbereich rechts zugeordnet, auch wenn keine Tatverd\u00e4chtigen bekannt sind. Der \u201eUnabh\u00e4ngige Expertenkreis Antisemitismus\u201c hatte bereits im April 2017 auf dieses Problem hingewiesen. Wenn also Muslime Parolen wie \u201eJuden raus\u201c an eine Hauswand spr\u00fchen, wird die Straftat bisweilen in der Rubik \u201eRechts\u201c eingetragen \u2013 und nicht etwa bei \u201ePMK \u2013 nicht zuzuordnen\u201c.<br \/>\nDarauf angesprochen, suchte Seehofer auf dem Podium Ausfl\u00fcchte. \u201eDie vertieften Betrachtungen f\u00fchren zu keinem anderen Ergebnis\u201c, rechtfertigte er sich. Auf den konkreten Vorwurf ging er jedoch nicht ein. BKA-Chef M\u00fcnch mu\u00dfte schlie\u00dflich zugeben:<strong><em> \u201eFremden- und antisemitische Straftaten werden dann dem Ph\u00e4nomenbereich rechts zugeordnet, wenn keine gegenteiligen Tatsachen vorliegen.\u201c<\/em><\/strong> Und wurde noch konkreter: <em><strong>\u201eIm Zweifel ordnen wir es dem rechten Bereich zu.\u201c<\/strong><\/em> Die Kritik daran prallte an M\u00fcnch ab. \u201eSo wie wir das jetzt machen, bilden wir die tats\u00e4chliche Lage am besten ab\u201c, begr\u00fcndete er das Vorgehen.<br \/>\nEin Skandal, befand AfD-Innenpolitiker Martin Hess. \u201eImmer wieder weisen Antisemitismus-Experten mit Nachdruck darauf hin, da\u00df zwischen Statistik und Realit\u00e4t eine erhebliche Diskrepanz besteht.\u201c Diese Tatsache werde durch Umfragen der EU-Grundrechteagentur best\u00e4tigt, wonach Opfer antisemitischer Vorf\u00e4lle zu 41 Prozent Muslime als T\u00e4ter nennen, aber nur zu 20 Prozent Rechtsextremisten. \u201eDiese Verzerrung der Statistik mu\u00df ein Ende haben!\u201c forderte der Bundestagsabgeordnete.<br \/>\n&#8230; Alles von Bj\u00f6rn Harms vom 16.5.2019 bitte lesen auf Junge Freiheit, Seite 4,<br \/>\n<a href=\"https:\/\/www.junge-Freiheit.de\">https:\/\/www.junge-Freiheit.de<\/a><\/p>\n<p>.<br \/>\n<strong>Alain Finkielkraut als \u201cSchei\u00df Zionist\u201d beschimpft<\/strong><br \/>\n<em>Am vergangenen Wochenende wurde der j\u00fcdische Philosoph Alain Finkielkraut auf einer\u00a0<a title=\"Gelbwesten\" href=\"https:\/\/www.freiburg-schwarzwald.de\/blog\/global\/eu\/gelbwesten\/\">Gelbwesten-Demo<\/a>\u00a0in Paris als \u201cdreckiger Zionist\u201d beschimpft. Ein Gespr\u00e4ch mit dem franz\u00f6sischen Intellektuellen \u00fcber die Macht der neuen (linken und muslimischen) Antisemiten in Europa<\/em><br \/>\n&#8230;.<br \/>\n\u201cIch habe niemanden \u201cdreckiger Jude\u201d rufen h\u00f6ren. Stattdessen hie\u00df es: \u201cSchei\u00df Zionist\u201d, \u201cFaschist\u201d, \u201cPal\u00e4stina, Pal\u00e4stina\u201d. Einer der aufdringlichsten Demonstranten zeigte seine muslimische Kopfbedeckung und sagte, Gott werde mich bestrafen, den \u201cFrankreich geh\u00f6rt uns!\u201d. Eigentlich geh\u00f6rt der Ausdruck \u201cFrankreich den Franzosen\u201d ins rhetorische Arsenal des klassischen franz\u00f6sischen Antisemitismus. Doch wissen wir nun aufgrund der Polizeiermittlungen, dass derjenige, der mir zugerufen hat, ein Salafist ist. Wenn er mir das zuruft, tut er es in der Hoffnung, dass der Islam eines Tages Frankreich erobert.\u201d<br \/>\nZeit: Sie glauben, der Eindruck eines antisemitischen Deja-vu ist falsch? Es geht um einen neuen Typ des Antisemitismus?<br \/>\nFinkielkraut: \u201c<strong><em>Der neue Antisemitismus gibt sich als Anti-Rassismus aus.<br \/>\nIn manchen Milieus wird der Davidstern inzwischen mit dem Hakenkreuz gleichgesetzt.<br \/>\nAlso n\u00fctzt es nichts, sich im Gedenken an den Holocaust zu sch\u00e4men.<\/em><br \/>\n<\/strong>Die neuen Antisemiten wollen n\u00e4mlich, dass wir uns sch\u00e4men: und zwar f\u00fcr Israel, das ihnen zufolge einen neuen Holocaust an den Pal\u00e4stinenser begeht.\u201d<br \/>\n\u2026. Komplettes Interview mit Alain Finkielkraut vom 21.2.2019 bitte lesen in:<br \/>\nDIE ZEIT, 9\/2019, Seite 37, oder auf<br \/>\n<a href=\"https:\/\/www.zeit.de\/2019\/09\/alain-finkielkraut-philosoph-judenfeindlichkeit-gelbwesten-antisemitismus\">https:\/\/www.zeit.de\/2019\/09\/alain-finkielkraut-philosoph-judenfeindlichkeit-gelbwesten-antisemitismus<\/a><br \/>\n.<br \/>\n<em>Alain Finkielkraut wurde 1949 als Sohn polnischer Fl\u00fcchtlinge in Paris geboren. Seine Gro\u00dfeltern wurden in Ausschwitz ermordet, sein Vater \u00fcberlebte das Todeslager. Als Student geh\u00f6rte er zur linken 68-er Bewegung, sp\u00e4ter wurde er mit B\u00fcchern wie \u201cDie Niederlage des Denkens\u201d zu einem weltweit geh\u00f6rten Kritiker des westlichen Kulturrelativismus.<\/em><br \/>\n.<\/p>\n<p><strong>Deutschland ist Anti-Antisemitismus-Weltmeister<\/strong><br \/>\nDas Verh\u00e4ltnis Deutschlands zum Judentum ist gepr\u00e4gt vom Holocaust, in dem auf Betreiben der Nationalsozialisten sechs Millionen j\u00fcdische Leben ausgel\u00f6scht wurden. Heute gibt es Dutzende Gedenkst\u00e4tten im ganzen Land. In fast allen gro\u00dfen deutschen St\u00e4dten sind messinggl\u00e4nzende &#8222;Stolpersteine&#8220; in die B\u00fcrgersteige eingelassen, dort, wo einst Juden wohnten, die deportiert und ermordet wurden. Zu den wichtigsten Sehensw\u00fcrdigkeiten Berlins geh\u00f6ren das Holocaust-Mahnmal, von Peter Eisenman entworfen, und das J\u00fcdische Museum, von Daniel Libeskind geplant.<br \/>\nDie Sicherheit Israels sei deutsche Staatsr\u00e4son, hat die Kanzlerin vor zehn Jahren in der Knesset gesagt, dem israelischen Parlament in Jerusalem. Das alles geh\u00f6rt zu einer Erinnerungskultur, auf die viele in der Bundesrepublik stolz sind. Deutschland sah sich gerne als Anti-Antisemitismus-Weltmeister. &#8230;<\/p>\n<p>Wie antisemitisch ist Deutschland?<br \/>\nDie brennende Flagge vor dem Brandenburger Tor hat eine m\u00e4chtige Debatte angesto\u00dfen: Hat Deutschland in den vergangenen Jahren nicht nur Fl\u00fcchtlinge aufgenommen, sondern auch Antisemiten? Hat die Republik eine neue Judenfeindlichkeit importiert? Davon sprechen unter anderem der CDU-Politiker Jens Spahn, Justizminister Heiko Maas von der SPD und Georg Pazderski von der AfD. Haben die Fl\u00fcchtlinge einen neuen Antisemitismus ins Land gebracht? &#8230; Alles vom 1.2.2018 bitte lesen auf<br \/>\n<a href=\"https:\/\/www.zeit.de\/2018\/06\/antisemitismus-deutschland-juden-berichte\">https:\/\/www.zeit.de\/2018\/06\/antisemitismus-deutschland-juden-berichte<\/a><\/p>\n<p>&nbsp;<\/p>\n<p>&nbsp;<\/p>\n<p>&nbsp;<\/p>\n<p><strong>Finkielkraut: Der gewaltt\u00e4tige Antisemitismus von Linken und von Muslimen<\/strong><br \/>\nDieser neue Antisemitismus wird immer gewaltt\u00e4giger. Die Juden sind nicht mehr eine verfluchte Rasse wie in den apokalyptischen Reden der nazis, sie sind verfluchte Rassisten aufgrund der Politik des Staates Israel. &#8230; Heute f\u00e4llt leider vielen Linksextremen sowie der Mehrheit unter den Arabern und Muslimen zu Israel nichts anderes ein als Rassismus. &#8230; Nachdem die Linke die Realit\u00e4t des arabisch-muslimischen Antisemitismus verneint hat, verteidigt sie disen mit der &#8211; ihrer Meinung nach &#8211; genzidalen Kolonialpolitik Israels.<br \/>\n&#8230;<br \/>\nAlles von Alain Finkielkraut zu &#8222;Integration ist eine Frage der Menge&#8220; vom 26.11.2017 bitte lesen in Cato, Nr.1\/2018, Dezember 2017\/Januar 2018, Seite 22-27. <a href=\"https:\/\/www.cato-magazin.de\">www.cato-magazin.de<\/a><\/p>\n<p>&nbsp;<\/p>\n<p><strong>Linke ignorieren antisemitische Islam-Hetze<\/strong><br \/>\nAlles, was auch nur im Entferntesten mit dem Islam zu tun hat, ist im linksliberalen Milieu fast sakrosankt. Besonders deutlich wurde mir das bei der \u00f6ffentlichen Vorstellung des Buches Inside Islam. Darin dokumentiert der ARD-Journalist Constantin Schreiber die Freitagspredigten, die er in 13 deutschen Moscheen geh\u00f6rt hat. Sein Fazit: hochpolitische Inhalte, Aufrufe zur Abgrenzung, antisemitische Hetze. Die Zuh\u00f6rer, die zu der Pr\u00e4sentation in die Bibliothek des Verlages gekommen waren, reagierten irritiert: Ob er nicht bef\u00fcrchte, Applaus von den Falschen zu bekommen? Und ob er nicht in anderen Moscheen ganz andere Sachen geh\u00f6rt habe? Mag sein. Aber man muss sich nur einmal vorstellen, was los gewesen w\u00e4re, wenn solche \u00c4u\u00dferungen in irgendeiner Kirche in Deutschland gefallen w\u00e4ren. Sofort h\u00e4tten alle, die sich links nennen, aufs Heftigste protestiert. &#8230;<br \/>\nVerena Friederike Hasel: Ich bin nicht mehr links. \u00dcber das Abschiednehmen vom eigenen Milieu<br \/>\n20.4.2017, DIE ZEIT 17\/2017, Seite 62<br \/>\n<a href=\"https:\/\/www.zeit.de\/2017\/17\/politische-korrektheit-links-intoleranz-afd\">https:\/\/www.zeit.de\/2017\/17\/politische-korrektheit-links-intoleranz-afd<\/a><\/p>\n<p>&nbsp;<\/p>\n<p><strong>Mit muslimischen Migranten kommt Antisemitismus nach deutschland wie 1933<\/strong><br \/>\nLaut einer Umfrage lehnen 89% der Araber den IS im Allgemeinen ab \u2013 nur knapp gefolgt von 85% der Befragten, die sich gegen eine Anerkennung Israels aussprechen. &#8230;.<br \/>\nMan kann den Deutschen vieles vorwerfen. Aber verglichen mit den islamisch gepr\u00e4gten Gesellschaften, aus denen nahezu alle Fl\u00fcchtlinge kommen, haben sie ihre Flaschengeister mittlerweile relativ gut im Griff. Das nennt man Zivilisation. Im Vergleich dazu befinden sich manche Migranten-Milieus in Sachen Antisemitismus dort, wo die Deutschen 1933 waren. Und in puncto Frauenrechte m\u00fcsste man eigentlich vielerorts bei null anfangen. Was schwierig wird, da es in der islamischen Welt keinen Immanuel Kant, und dementsprechend auch keine Suffragetten gibt, die nicht umgehend inhaftiert w\u00fcrden. Daf\u00fcr aber ein Patriarchat, das im Zuge seiner Beseitigung auf betr\u00e4chtliche Privilegien verzichten m\u00fcsste. &#8230;..<br \/>\nAlles von Jennifer Nathalie Pyka vom 19.1.2016 bitte lesen auf<br \/>\n<a href=\"https:\/\/www.achgut.com\/dadgdx\/index.php\/dadgd\/article\/migranten_milieus_sind_in_sachen_antisemitismus_dort_wo_die_deutschen_1933\">https:\/\/www.achgut.com\/dadgdx\/index.php\/dadgd\/article\/migranten_milieus_sind_in_sachen_antisemitismus_dort_wo_die_deutschen_1933<\/a><\/p>\n<p><strong>Was wird aus dem Judenhass der syrischen Fl\u00fcchtlinge?<\/strong><br \/>\nDie Menschen, die aus Syrien kommen, entstammen einer Kultur, die antisemitisch und undemokratisch ist. Was wird aus der Last dieser Vergangenheit? Wie werden sich die Menschen hier entwickeln? &#8230;..<br \/>\nEs ist eine bittere Ironie der Geschichte, dass Amerikas (und Deutschlands) Versagen angesichts des Mordens in Syrien zur Migration der Syrer in ein Land gef\u00fchrt hat, das seinerseits immer noch von seiner Rolle beim Mord an den Juden Europas heimgesucht wird. Deutschland nimmt Opfer des Assad-Regimes und des IS auf, die beide liebend gern den j\u00fcdischen Staat Israel zerst\u00f6ren w\u00fcrden, wenn sie nur k\u00f6nnten. &#8230;.<br \/>\nAlles vom 14.12.2015 von Jeffrey C. Herf, jahrgang 1947 geboren, Professor f\u00fcr moderne europ\u00e4ische Geschichte an der University of Maryland bitte lesen auf<br \/>\n<a href=\"https:\/\/www.welt.de\/debatte\/kommentare\/article149944120\/Was-wird-aus-dem-Judenhass-der-Fluechtlinge.html\">https:\/\/www.welt.de\/debatte\/kommentare\/article149944120\/Was-wird-aus-dem-Judenhass-der-Fluechtlinge.html<br \/>\n<\/a>\u00a0 \u00a0 .<br \/>\n<strong>Antisemitismus mu\u00df \u00fcberall ausgemerzt werden, auch bei Fl\u00fcchtlingen<\/strong><br \/>\nAntisemitismus mu\u00df in allen Parteien ausgemerzt werden, in CDU, SPD, LINKE, GRUENE wie FDP\u00a0&#8211; alle hatten schon ihre &#8222;F\u00e4lle&#8220;. Derzeit werden vor allem bei der AfD antisemitische Ausw\u00fcchse kritisiert &#8211; gut so. Erstaunlich aber ist, dass die antisemitische Einstellung der seit September 2015\u00a0in Massen zu uns kommenden Syrer und sonstigen Araber\u00a0ignoriert wird.<br \/>\n21.10.2015<\/p>\n<p>&nbsp;<\/p>\n<p><strong>\u00a0Was denkt Europa \u00fcber seine Roma, Muslime und Juden?<\/strong><\/p>\n<div class=\"entryContent\">\n<p>Bei der Ablehnung von Roma<a href=\"https:\/\/www.pewglobal.org\/2014\/05\/12\/chapter-4-views-of-roma-muslims-jews\/#mixed-views-of-muslim-minorities\"> ermittelt PEW im Mai 2014 unter sieben europ\u00e4ischen Nationen <\/a>folgende Rangordnung: (1) Italien (85 %); (2) Frankreich (66%); (3) Griechenland (53%); (4) UK (50%); (5) Polen (49%); (6) Deutschland (42%); (7) Spanien (41%).<br \/>\nBei der Ablehnung von Muslimen f\u00fchrt wiederum Italien (63%). Es folgen auf den Pl\u00e4tzen (2) Griechenland (53%); (3) Polen (50%); (4) Spanien (46%); (5) Deutschland (33%); (6) Frankreich (27%); (7) UK (26%).<\/p>\n<p>Bei der Ablehnung von Juden f\u00e4llt die Reihenfolge deutlich anders aus: (1) Griechenland (47%); (2) Polen (26%); (3) Italien (24%); (4) Spanien (18%); (5) Frankreich (10%); (6) UK (7%); (7) Deutschland (5%),<\/p>\n<p>Griechen, die am meisten Solidarhilfe beziehen, erweisen sich als die h\u00e4rtesten Antisemiten. Deutschland, das ihnen am meisten gibt, tut das am allerwenigsten aus antisemitischer Kumpanei. &#8230;<br \/>\nAlles von Gunnar Heinsohn vom 7.1.2015 bitte lesen auf<br \/>\n<a href=\"https:\/\/www.achgut.com\/dadgdx\/index.php\/dadgd\/article\/was_denkt_europa_ueber_seine_roma_muslime_und_juden\">https:\/\/www.achgut.com\/dadgdx\/index.php\/dadgd\/article\/was_denkt_europa_ueber_seine_roma_muslime_und_juden<\/a><\/p>\n<p>Griechenland ist dreimal vorne. Deutschland ganz hinten.<\/p>\n<\/div>\n<p>&nbsp;<\/p>\n<p>&nbsp;<\/p>\n<p><strong>Gegen\u00fcber dem islamische Antisemitismus wird mangels Zivilcourage geschwiegen<\/strong><br \/>\nIn Steinen wird mit 70 Jahren Versp\u00e4tung Zivilcourage gespielt, wie \u00fcberall in Deutschland. Wenn dann auf Demos Moslems &#8222;Juden ins Gas&#8220; rufen (<a href=\"https:\/\/www.juedische-allgemeine.de\/article\/view\/id\/19856\" target=\"_blank\" rel=\"noopener\">https:\/\/www.juedische-allgemeine.de\/article\/view\/id\/19856<\/a>\u00a0), wird betreten geschwiegen oder ohne die muslimischen T\u00e4ter zu nennen allgemein \u00fcber immer noch vorhandenen Antisemitismus in Deutschland schwadroniert und auf die Rechtsextremen verwiesen, denen die Islamisten l\u00e4ngst den Rang abgelaufen haben.<br \/>\n29.3.2015, Klaus Grueninger<\/p>\n<p><strong>NS-Geschichte in Steinen &#8211; Die allgegenw\u00e4rtige Vergangenheit<\/strong><br \/>\nDie NS-Geschichte hat in Steinen Spuren hinterlassen: Historischer Rundgang mit Lokalhistoriker Hansj\u00f6rg Noe.\u00a0 &#8230;..<br \/>\nAlles vom 28.3.015 bitte lesen auf<br \/>\n<a href=\"https:\/\/www.badische-zeitung.de\/die-allgegenwaertige-vergangenheit\">https:\/\/www.badische-zeitung.de\/die-allgegenwaertige-vergangenheit<\/a><br \/>\n.<\/p>\n<p><strong>Islamischer Antisemitismus<\/strong><br \/>\nDer Vorsitzende des Zentralrats der Muslime in Deutschland (ZMD), Aiman Mazyek, hat Verst\u00e4ndnis f\u00fcr die \u00c4ngste der Juden in Deutschland ge\u00e4u\u00dfert. \u201eDiese \u00c4ngste sind berechtigt\u201c, sagte Mazyek dieser Zeitung am Donnerstag. \u00a0Vor dem Hintergrund zunehmender Gewalt gegen Juden hatte zuvor der Pr\u00e4sident des Zentralrats der Juden in Deutschland, Josef Schuster, vor dem Tragen einer Kippa in \u00fcberwiegend muslimisch bewohnten Stadtvierteln gewarnt. &#8230;.<br \/>\nAlles vom 27.2.2015 bitte lesen auf<br \/>\n<a href=\"https:\/\/www.berliner-zeitung.de\/politik\/antisemitismus-zentralrat-der-muslime-aeussert-verstaendnis-fuer-juedische-aengste,10808018,29984516.html\">https:\/\/www.berliner-zeitung.de\/politik\/antisemitismus-zentralrat-der-muslime-aeussert-verstaendnis-fuer-juedische-aengste,10808018,29984516.html<\/a><\/p>\n<p><strong>Endlich: Gericht schafft den Antisemitismus ab<\/strong><br \/>\nIn Wuppertal haben im vergangenen Sommer mehrere Pal\u00e4stinenser einen Brandanschlag auf eine Synagoge ver\u00fcbt. Das Gericht entschied nun \u00fcber die H\u00f6he der Strafen und \u00fcberraschte dabei mit der Erkenntnis, dass es in dieser Tat keinen Antisemitismus sehen kann. Die Begr\u00fcndung: Die M\u00e4nner wollten mit diesem Angriff auf den Gaza-Konflikt hinweisen. Sie machen also alle Juden auf der Welt f\u00fcr das verantwortlich, was ihnen am Vorgehen Israels st\u00f6rt. F\u00fcr sie sind Synagogen so etwas wie Auslandsvertretungen des j\u00fcdischen Staates.<br \/>\n&#8230;..<br \/>\nDem Gericht f\u00e4llt schlicht nicht auf, dass dieses Motiv Antisemitismus in Reinform ist. Offenbar sind Angriffe auf j\u00fcdische Gottesh\u00e4user f\u00fcr manche deutschen Richter nur eine etwas w\u00fcstere Israelkritik, die sich im Ton vergreift. Klartext mit dem Molotowcocktail. Aber kein Antisemitismus, nirgendwo. Gl\u00fcckliches Wuppertal. &#8230;.<br \/>\nAlles von Gideon B\u00f6ss vom\u00a0 14.2.2015 bitte lesen auf<br \/>\n<a href=\"https:\/\/www.achgut.com\/dadgdx\/index.php\/dadgd\/article\/endlich_gericht_schafft_den_antisemitismus_ab\">https:\/\/www.achgut.com\/dadgdx\/index.php\/dadgd\/article\/endlich_gericht_schafft_den_antisemitismus_ab <\/a><\/p>\n<div class=\"entryContent\">\n<p><em>\u00a0 <\/em><\/p>\n<\/div>\n<p><strong>Linker und rechter Antisemitismus auf Demonstrationen zum Israel-Gaza-Krieg<\/strong><br \/>\nAuf den zahlreichen Anti-Israel-Demonstrationen zum Gaza-Krieg Juli\/August 2014 marschieren linke Materialisten und rechte Islamisten, um gemeinsam antisemitische Parolen zu verbreiten. <a title=\"Antisemitismus junger Muslime\" href=\"https:\/\/www.freiburg-schwarzwald.de\/blog\/antisemitismus-junger-muslime\/\">Antisemitismus<\/a> von links und rechts. Diese neue Nahost-Solidarit\u00e4t ist erstaunlich, denn die islamistische &#8222;Weltanschauung ist eine vollst\u00e4ndige Negation des Historischen Materialismus, das macht das B\u00fcndnis paradox&#8220; (Volker Weiss: Ein fatales B\u00fcndnis &#8211; Welche Wurzeln hat der aktuelle Antisemitismus?&#8220;, DIE Zeit vom 7.8.2014, S. 44). Dabei scheinen Marxisten-Leninisten in der Minderheit zu sein &#8211; zu oft wird auf den Demonstrationen in Deutschland der Evergreen von der &#8222;Internationalen Solidarit\u00e4t&#8220; mit &#8222;Allahu Akbar&#8220; niedergeschrien. Mehr noch, der linke Evergreen verstummt zunehmend.<br \/>\n7.8.2014<\/p>\n<p>&nbsp;<\/p>\n<p>&nbsp;<\/p>\n<p><strong>Antisemitismus am Beispiel des Fl\u00fcchtlingslagers Holot\/Negev in Israel<\/strong><\/p>\n<p>\u00dcber 53000 Fl\u00fcchtlinge aus Afrika sind in Tel Aviv und Umgebung (Haifa, Nazareth, &#8230;) untergekommen. Auch in Holot im Negev hat Israel ein Fl\u00fcchtlingslager eingerichtet. Anfang 2014 gab es Demonstrationen von Afrikanern in Tel Aviv. Ein gro\u00dfer Teil der Afrikaner ist vor der\u00a0Milit\u00e4rdiktatur in Eritrea und dem B\u00fcrgerkrieg im Sudan geflohen, in beiden L\u00e4ndern wird gefoltert.<br \/>\nWenn nun in Foren, Blogs und Leserbriefen ein gewaltiges Israel-Bashing einsetzt, dann ist dies nach der o.a. Definition<em>\u00a0&#8222;Wer f\u00fcr Juden andere (sprich strengere) Ma\u00dfst\u00e4be ansetzt als f\u00fcr andere V\u00f6lker dieser Welt, der ist ein Antisemit.&#8220;<\/em> ein klares Zeichen von Antisemitismus: Einerseits wird in Israel nicht gefoltert noch liegen Menschenrechtsverletzungen gegen\u00fcber den Afrikanern vor. Andererseits jedoch protestiert und demonstriert niemand gegen die Staatsfolter in Eritrea und Sudan.<br \/>\nDazu drei Statements:<\/p>\n<p><strong>Israel schiebt afrikanische Fl\u00fcchtlinge in die W\u00fcste ab<\/strong><br \/>\nMitten in der israelischen W\u00fcste Negev erstrecken sich lange Reihen flacher Baracken: Holot gilt als Endstation der Afrikaner vor ihrer Abschiebung. Wer hier landet, kommt kaum mehr weg. &#8230;.<br \/>\nAlles vom 17-1-2014 bitte lesen auf<br \/>\n<a href=\"https:\/\/www.badische-zeitung.de\/israel-schiebt-afrikanische-fluechtlinge-in-die-wueste-ab\">https:\/\/www.badische-zeitung.de\/israel-schiebt-afrikanische-fluechtlinge-in-die-wueste-ab<br \/>\n<\/a><br \/>\n<strong>Vergleich Tel Aviv &#8211; Stuttgart<\/strong><br \/>\nWieder mal ein Artikel mit einer rei\u00dferischen \u00dcberschrift. Israel ist ein ziemlich kleines Land, um so viele Fl\u00fcchtlinge, zudem noch in der K\u00fcstenstadt Tel Aviv, aufzunehmen. Vergleichbar etwa, wenn in Stuttgart innerhalb von ein paar Jahren 50.000 Afrikaner leben wollten, und wir w\u00fcrden sie dann irgendwo auf der Schw\u00e4bischen Alb in Camps unterbringen.<br \/>\n18.1.2014, Marianne Schulz<\/p>\n<p><strong>Es gibt kein Menschenrecht auf Freiz\u00fcgigkeit<br \/>\n<\/strong>Was in Israel passiert, ist kein Problem mit den Menschenrechten. Es gibt kein Menschenrecht auf Freiz\u00fcgigkeit. Kein Mensch hat Anspruch sich in einem Land frei bewegen zu k\u00f6nnen. Auch in Deutschland steht dieses Recht nur den deutschen Staatsb\u00fcrgern zu, sowie \u00fcber die EU-Vertr\u00e4ge den B\u00fcrgern anderer EU-Staaten. Daher ist es v\u00f6llig legitim, dass Asylbewerbern der Aufenthaltsort vorgeschrieben wird, und sie in ihrer Bewegungsfreiheit auf einen Landkreis beschr\u00e4nkt sind. Nichts anderes gilt f\u00fcr die lebenslange Unterbringung in Lagern wie Holot. Solange sich die Fl\u00fcchtlinge in einem gewissen Umfeld ungehindert bewegen k\u00f6nnen, ist das mit den Menschenrechten v\u00f6llig unproblematisch vereinbar.\u00a0Nicht vereinbar mit den Menschenrechten ist nur die Folte,r welche in Eritrea Fahnenfl\u00fcchtige zu erwarten haben. Leider ist Eritrea schrecklich uninteressant, und taugt weder links noch rechts als Feindbild. Daher kann man dort ziemlich ungest\u00f6rt von emp\u00f6rten Aufschreien im BZ-Forum Menschen schinden.\u00a0&#8230;.<br \/>\nH\u00e4tten wir beide tats\u00e4chlich eine Verantwortung f\u00fcr die Lage der Menschenrechte in aller Welt, dann m\u00fcsste ich Sie fragen, warum Sie die Menschenrechtssituation bei den Immigranten in Holot thematisieren, w\u00e4hrend Sie \u00fcber die im Artikel angesprochene Tatsache, dass Fahnenfl\u00fcchtlinge in Eritrea gefoltert werden, mit vollkommener Gleichg\u00fcltigkeit hinweg gehen.<br \/>\n18.1.2014, Rainer Brombach<\/p>\n<p>&nbsp;<\/p>\n","protected":false},"excerpt":{"rendered":"<p>\u00a0Home &gt;Religion\u00a0&gt;Juden\u00a0&gt;Israel &gt;Antisemitismus Listenauswahl eines Beitrags: Bitte\u00a0anklicken\u00a0oder runterscrollen Antisemitismus in der queeren Szene: Weshalb hielt der Berliner Senat seine Studie monatelang zur\u00fcck?\u00a0(13.7.2026) Judenhass ist Antisemitismus\u00a0(19.5.2026) Fachstelle f\u00fcr Extremismusdistanzierung (FEX) in Stuttgart\u00a0(8,5,2026) Gunter Frank: Antisemitismus im Heidelberger Gemeinderat\u00a0(18.11.2025) PMK links vor &hellip; <a href=\"https:\/\/www.freiburg-schwarzwald.de\/blog\/religion\/juden\/antisemitismus\/\">Weiterlesen <span class=\"meta-nav\">&rarr;<\/span><\/a><\/p>\n","protected":false},"author":2,"featured_media":0,"parent":833,"menu_order":0,"comment_status":"open","ping_status":"closed","template":"","meta":{"footnotes":""},"class_list":["post-44112","page","type-page","status-publish","hentry"],"_links":{"self":[{"href":"https:\/\/www.freiburg-schwarzwald.de\/blog\/wp-json\/wp\/v2\/pages\/44112","targetHints":{"allow":["GET"]}}],"collection":[{"href":"https:\/\/www.freiburg-schwarzwald.de\/blog\/wp-json\/wp\/v2\/pages"}],"about":[{"href":"https:\/\/www.freiburg-schwarzwald.de\/blog\/wp-json\/wp\/v2\/types\/page"}],"author":[{"embeddable":true,"href":"https:\/\/www.freiburg-schwarzwald.de\/blog\/wp-json\/wp\/v2\/users\/2"}],"replies":[{"embeddable":true,"href":"https:\/\/www.freiburg-schwarzwald.de\/blog\/wp-json\/wp\/v2\/comments?post=44112"}],"version-history":[{"count":6,"href":"https:\/\/www.freiburg-schwarzwald.de\/blog\/wp-json\/wp\/v2\/pages\/44112\/revisions"}],"predecessor-version":[{"id":151505,"href":"https:\/\/www.freiburg-schwarzwald.de\/blog\/wp-json\/wp\/v2\/pages\/44112\/revisions\/151505"}],"up":[{"embeddable":true,"href":"https:\/\/www.freiburg-schwarzwald.de\/blog\/wp-json\/wp\/v2\/pages\/833"}],"wp:attachment":[{"href":"https:\/\/www.freiburg-schwarzwald.de\/blog\/wp-json\/wp\/v2\/media?parent=44112"}],"curies":[{"name":"wp","href":"https:\/\/api.w.org\/{rel}","templated":true}]}}