{"id":43950,"date":"2014-01-15T19:27:49","date_gmt":"2014-01-15T18:27:49","guid":{"rendered":"https:\/\/www.freiburg-schwarzwald.de\/blog\/?page_id=43950"},"modified":"2014-01-30T17:40:47","modified_gmt":"2014-01-30T16:40:47","slug":"ipc-weltcup","status":"publish","type":"page","link":"https:\/\/www.freiburg-schwarzwald.de\/blog\/selbsthilfe\/behinderung\/ipc-weltcup\/","title":{"rendered":"IPC-Weltcup"},"content":{"rendered":"<p><a href=\"https:\/\/www.freiburg-schwarzwald.de\/blog\">\u00a0Home<\/a> &gt;<a title=\"Selbsthilfe\" href=\"https:\/\/www.freiburg-schwarzwald.de\/blog\/selbsthilfe\/\">Selbsthilfe<\/a>\u00a0&gt;<a title=\"Behinderung\" href=\"https:\/\/www.freiburg-schwarzwald.de\/blog\/selbsthilfe\/behinderung\/\">Behinderung<\/a>\u00a0&gt;<a title=\"Rollstuhl\" href=\"https:\/\/www.freiburg-schwarzwald.de\/blog\/selbsthilfe\/behinderung\/rollstuhl\/\">Rollstuhl<\/a>\u00a0&gt;<a title=\"Sportlern\" href=\"https:\/\/www.freiburg-schwarzwald.de\/blog\/sport\/sportlern\/\">Sportlern<\/a> &gt;IPC-Weltcup<\/p>\n<div id=\"attachment_43953\" style=\"width: 650px\" class=\"wp-caption alignnone\"><a href=\"https:\/\/www.freiburg-schwarzwald.de\/blog\/selbsthilfe\/behinderung\/ipc-weltcup\/ipc-schiessstand1pan100207\/\" rel=\"attachment wp-att-43953\"><img loading=\"lazy\" decoding=\"async\" aria-describedby=\"caption-attachment-43953\" class=\"size-full wp-image-43953\" alt=\"IPC-Weltcup:  Schie\u00dfstand am 8.2.2010 Schauinsland-Notschrei\" src=\"https:\/\/www.freiburg-schwarzwald.de\/blog\/wp-content\/uploads\/2014\/01\/ipc-schiessstand1pan100207.jpg\" width=\"640\" height=\"263\" srcset=\"https:\/\/www.freiburg-schwarzwald.de\/blog\/wp-content\/uploads\/2014\/01\/ipc-schiessstand1pan100207.jpg 640w, https:\/\/www.freiburg-schwarzwald.de\/blog\/wp-content\/uploads\/2014\/01\/ipc-schiessstand1pan100207-180x73.jpg 180w\" sizes=\"auto, (max-width: 640px) 100vw, 640px\" \/><\/a><p id=\"caption-attachment-43953\" class=\"wp-caption-text\">IPC-Weltcup: Schie\u00dfstand am 8.2.2010 Schauinsland-Notschrei<\/p><\/div>\n<ul>\n<li>Fantastische Weltcup-Tage am Notschrei (30.1.2014)<\/li>\n<li><a href=\"https:\/\/www.freiburg-schwarzwald.de\/blog\/ipc-weltcup-notschrei-jan-2014\/\">https:\/\/www.freiburg-schwarzwald.de\/blog\/ipc-weltcup-notschrei-jan-2014\/<\/a>\u00a0(4.12.2013)<\/li>\n<li><a href=\"https:\/\/www.freiburg-schwarzwald.de\/blog\/ipc-biathlon-weltcup-notschrei\/\">https:\/\/www.freiburg-schwarzwald.de\/blog\/ipc-biathlon-weltcup-notschrei\/<\/a> (4.11.2013)<\/li>\n<li><span style=\"font-size: small;\"><a href=\"www.freiburg-schwarzwald.de\/ipc-weltcup2010.htm\">www.freiburg-schwarzwald.de\/ipc-weltcup2010.htm<\/a> &gt;Archivseite 2010<\/span><\/li>\n<li><span style=\"font-size: small;\"><a href=\"https:\/\/www.freiburg-schwarzwald.de\/ipc-weltcup2010.htm#Skiclub Oberried stolz auf seine weit \u00fcber 100 Helferinnen und Helfer\">Skiclub Oberried stolz auf seine weit \u00fcber 100 Helferinnen und Helfer<\/a>\u00a0 &gt;IPC-Weltcup (24.3.10)<\/span><\/li>\n<li><span style=\"font-family: Arial; font-size: small;\"><a href=\"https:\/\/www.freiburg-schwarzwald.de\/ipc-weltcup2010#Lob f\u00fcr Oberried: Behinderten-Weltcup - Gastfreundschaft\">Lob f\u00fcr Oberried: Behinderten-Weltcup &#8211; Gastfreundschaft<\/a>\u00a0&gt;IPC-Weltcup2010 (11.2.2010)<\/span><\/li>\n<li><span style=\"font-family: Arial; font-size: small;\"><a href=\"https:\/\/www.freiburg-schwarzwald.de\/ipc-weltcup2010.htm#Malwettbewerb der Michael-Schule Oberried zum Behinderten-Weltcup\">Malwettbewerb der Michael-Schule Oberried zum Behinderten-Weltcup<\/a>\u00a0&gt;IPC-weltcup2010 (29.1.)<\/span><\/li>\n<li><span style=\"font-family: Arial; font-size: small;\"><a href=\"https:\/\/www.freiburg-schwarzwald.de\/ipc-weltcup2010.htm#Behinderten-Weltcup ? eine Herzenssache f\u00fcr Oberried\">Behinderten-Weltcup \u2013 eine Herzenssache f\u00fcr Oberried<\/a>\u00a0&gt;IPC-Weltcup2010 (25.11.2009)<\/span><\/li>\n<li><span style=\"font-family: Arial; font-size: small;\"><a href=\"behindertensport:%20IPC%20Weltcup%20Langlauf%20und%20Biathlon%202010%20am%20Notschrei\">Behindertensport: IPC Weltcup Langlauf und Biathlon 2010 am Notschrei<\/a>\u00a0(3.10.2008)<br \/>\n<\/span><\/li>\n<li><\/li>\n<li>IPC Weltcup Biathlon 2014 am Notschrei<\/li>\n<li><a style=\"font-size: small;\" href=\"https:\/\/www.freiburg-schwarzwald.de\/ipc-weltcup2010#IPC Weltcup 2010 am Notschrei im Hochschwarzwald\">IPC Weltcup 2010 am Notschrei im Hochschwarzwald<\/a><\/li>\n<li><span style=\"font-family: Arial; font-size: small;\"><a href=\"https:\/\/www.freiburg-schwarzwald.de\/biathlon.htm\">Biathlon &#8211; Anlage Notschrei<\/a>\u00a0&gt;Biathlon<\/span><\/li>\n<li><a title=\"Notschrei\" href=\"https:\/\/www.freiburg-schwarzwald.de\/blog\/sport\/sportvereine\/notschrei\/\">Notschrei<\/a><\/li>\n<li><span style=\"font-family: Arial; font-size: small;\"><a href=\"https:\/\/www.freiburg-schwarzwald.de\/notschrei-loipe.htm\">Notschrei &#8211; Passh\u00f6he mit Loipe, Lift und Hotel<\/a>\u00a0&gt;Notschrei-Loipe<\/span><\/li>\n<\/ul>\n<p>&nbsp;<\/p>\n<p>&nbsp;<\/p>\n<p><strong>IPC Weltcup Biathlon 2014 am Notschrei<\/strong><\/p>\n<p>Diese gro\u00dfe Veranstaltung kann nur mit dem Einsatz vieler ehrenamtlicher Helfer bew\u00e4ltigt werden. Der Skiclub w\u00fcrde sich deshalb \u00fcber viele Helfermeldungen unter\u00a0<a href=\"mailto:info@skiclub-oberried.de\">info@skiclub-oberried.de<\/a>\u00a0freuen.<br \/>\n<a href=\"https:\/\/www.weltcup-oberried.de\/\">www.weltcup-oberried.de<\/a>&#8218;<br \/>\n<a href=\"www.skiclub-oberried.de \">www.skiclub-oberried.de\u00a0<\/a><\/p>\n<p>&nbsp;<\/p>\n<p>&nbsp;<\/p>\n<p><strong>Fantastische Weltcup-Tage am Notschrei<\/strong><\/p>\n<p>IPC-Weltcup der behinderten nordischen Skisportler war professionell und warmherzig.\u00a0Mit viel Begeisterung erlebten am Samstagabend die nordischen Skisportler mit Behinderung aus aller Welt bei der Weltcup-Party in der Oberrieder Goldberghalle den Auftritt der Oberrieder Guggemusiker, den \u201eKr\u00fczsteinguggis\u201c. Eine andere Art von Schwarzw\u00e4lder Volksmusik hatten sie einige Tage zuvor beim Empfang mit der Oberrieder Trachtenkapelle erlebt. Nach f\u00fcnf \u00fcberaus gelungenen Weltcuptagen war bei den Skisportlern mit Behinderung, Prominenten aus Politik, Wirtschaft und Sport sowie der Oberrieder Bev\u00f6lkerung und den \u00fcber 120 Ehrenamtlichen viel Begeisterung und Dankbarkeit zu sp\u00fcren. Sowohl die spannenden Biathlon-Wettk\u00e4mpfe bei optimalen Schneebedingungen im Nordic-Center am Notschrei als auch Unterkunft, Betreuung und Rahmenprogramm lassen Oberried, den Notschrei und das Dreisamtal bei 104 behinderten Skisportlern und ihren \u00fcber hundert Begleitern aus 17 Nationen nicht so schnell vergessen.<\/p>\n<p>Auch die Schirmherrin des IPC-Weltcups, Landr\u00e4tin Dorothea St\u00f6rr-Ritter, unterstrich: \u201eDieser Weltcup ist eine unglaubliche Leistung f\u00fcr die vielen Ehrenamtlichen, aber auch f\u00fcr die behinderten Sportler aus aller Welt.\u201c Denen rief sie zu: \u201eSie alle sind Sieger!\u201c Der Pr\u00e4sident des Deutschen Behinderten-Sportverbandes, Friedhelm-Julius Beucher, gratulierte dem Skiclub Oberried zur gelungenen Veranstaltung: \u201eDas war ein professioneller und warmherziger Weltcup auf der wunderbaren Skianlage am Notschrei.\u201c Beucher nahm gemeinsam mit der Landr\u00e4tin, dem Oberrieder B\u00fcrgermeister Klaus Vosberg \u2013 der trotz Geburtstag dabei war und auch seine Trompete bei der Guggemusik blies \u2013 und dem Teammanager der deutschen Nationalmannschaft der behinderten nordischen Skisportler Martin Haag aus Kirchzarten die Siegerehrung der ersten beiden Wettkampftage vor. Bei ausgezeichneten Schnee- und Witterungsverh\u00e4ltnissen hatten sich die 104 Sportler beim Nachtbiathlon-Sprint am Donnerstag sowie auf der Langstrecke am Samstag und der Mittelstrecke am Sonntag gemessen. Dabei war die Dominanz der russischen Athleten nicht zu \u00fcbersehen. Trotzdem gehen die gesetzten sechs deutschen Teilnehmer mit viel Hoffnung im M\u00e4rz bei den Paralympics im russischen Sotschi an den Start.<\/p>\n<p>Nach dem Ende aller Wettk\u00e4mpfe am Sonntagnachmittag zeigte sich der Vorsitzende des Skiclubs Oberried, Michael Martin, sehr zufrieden: \u201eWir sind gl\u00fccklich, dass alles so gut gelaufen ist. Die Athleten haben uns f\u00fcr die perfekte Organisation sehr gelobt, meinten allerdings, die Strecke sei recht anspruchsvoll und anstrengend gewesen.\u201c Tolle Stimmung h\u00e4tten die Zuschauer verbreitet. Gut w\u00e4re es, wenn im Schie\u00dfstadion mit einer kleinen Trib\u00fcne eine bessere Sicht auf die Zielscheiben f\u00fcr die Zuschauer geschaffen w\u00fcrde. Zahlreiche Zuschauer hatten bem\u00e4ngelt, dass sie wegen der davor stehenden Trainer keinen Blick auf die Biathleten beim Schie\u00dfen gehabt h\u00e4tten. Stolz war Michael Martin, dass Landtagspr\u00e4sident Guido Wolf am Sonntag den Wettkampf besuchte und bei der letzten Siegerehrung die Landr\u00e4tin unterst\u00fctzte. \u201eIn vier Jahren sind wir wieder f\u00fcr einen Weltcup bereit\u201c, versprach der SC-Vorsitzende Michael Martin.<\/p>\n<p><a href=\"https:\/\/www.freiburg-schwarzwald.de\/blog\/selbsthilfe\/behinderung\/ipc-weltcup\/ipc2biathlon-notschrei140129\/\" rel=\"attachment wp-att-44711\"><img loading=\"lazy\" decoding=\"async\" class=\"alignnone size-thumbnail wp-image-44711\" alt=\"ipc2biathlon-notschrei140129\" src=\"https:\/\/www.freiburg-schwarzwald.de\/blog\/wp-content\/uploads\/2014\/01\/ipc2biathlon-notschrei140129-171x180.jpg\" width=\"171\" height=\"180\" srcset=\"https:\/\/www.freiburg-schwarzwald.de\/blog\/wp-content\/uploads\/2014\/01\/ipc2biathlon-notschrei140129-171x180.jpg 171w, https:\/\/www.freiburg-schwarzwald.de\/blog\/wp-content\/uploads\/2014\/01\/ipc2biathlon-notschrei140129.jpg 610w\" sizes=\"auto, (max-width: 171px) 100vw, 171px\" \/><\/a>\u00a0 \u00a0 \u00a0 \u00a0 \u00a0\u00a0<a href=\"https:\/\/www.freiburg-schwarzwald.de\/blog\/selbsthilfe\/behinderung\/ipc-weltcup\/ipc3biathlon-notschrei140129\/\" rel=\"attachment wp-att-44712\"><img loading=\"lazy\" decoding=\"async\" class=\"alignnone size-thumbnail wp-image-44712\" alt=\"ipc3biathlon-notschrei140129\" src=\"https:\/\/www.freiburg-schwarzwald.de\/blog\/wp-content\/uploads\/2014\/01\/ipc3biathlon-notschrei140129-125x180.jpg\" width=\"125\" height=\"180\" srcset=\"https:\/\/www.freiburg-schwarzwald.de\/blog\/wp-content\/uploads\/2014\/01\/ipc3biathlon-notschrei140129-125x180.jpg 125w, https:\/\/www.freiburg-schwarzwald.de\/blog\/wp-content\/uploads\/2014\/01\/ipc3biathlon-notschrei140129.jpg 445w\" sizes=\"auto, (max-width: 125px) 100vw, 125px\" \/><\/a>\u00a0 \u00a0 \u00a0 \u00a0 \u00a0 \u00a0 \u00a0 \u00a0 \u00a0 \u00a0\u00a0<a href=\"https:\/\/www.freiburg-schwarzwald.de\/blog\/selbsthilfe\/behinderung\/ipc-weltcup\/ipc1biathlon-notschrei140129\/\" rel=\"attachment wp-att-44713\"><img loading=\"lazy\" decoding=\"async\" class=\"alignnone size-thumbnail wp-image-44713\" alt=\"ipc1biathlon-notschrei140129\" src=\"https:\/\/www.freiburg-schwarzwald.de\/blog\/wp-content\/uploads\/2014\/01\/ipc1biathlon-notschrei140129-180x142.jpg\" width=\"180\" height=\"142\" srcset=\"https:\/\/www.freiburg-schwarzwald.de\/blog\/wp-content\/uploads\/2014\/01\/ipc1biathlon-notschrei140129-180x142.jpg 180w, https:\/\/www.freiburg-schwarzwald.de\/blog\/wp-content\/uploads\/2014\/01\/ipc1biathlon-notschrei140129.jpg 640w\" sizes=\"auto, (max-width: 180px) 100vw, 180px\" \/><br \/>\n<\/a>(1) Biathlon-Schiessstand \u00a0 \u00a0 \u00a0 \u00a0 \u00a0 \u00a0 \u00a0 \u00a0 \u00a0 \u00a0(2) langlauf \u00a0 \u00a0 \u00a0 \u00a0 \u00a0 \u00a0 \u00a0 \u00a0 \u00a0 \u00a0 \u00a0 \u00a0 \u00a0 \u00a0 \u00a0 \u00a0 \u00a0 \u00a0 \u00a0 \u00a0 (3) Kruezstein-Guggis in der Goldberghalle<a href=\"https:\/\/www.freiburg-schwarzwald.de\/blog\/selbsthilfe\/behinderung\/ipc-weltcup\/ipc1biathlon-notschrei140129\/\" rel=\"attachment wp-att-44713\"><br \/>\n<\/a><\/p>\n<p>(1) Beeindruckend waren die Leistungen der Rollstuhlfahrer auf ihren Schlitten am Schie\u00dfstand. (2) Mit nur einem Arm fallen Koordination und Krafteinsatz doppelt schwer. (3) Nicht nur f\u00fcr die russische Nationalmannschaft war die Guggemusik \u201eau\u00dfergew\u00f6hnlich\u201c.\u00a0Fotos: Gerhard L\u00fcck<\/p>\n<p>Auch der Pr\u00e4sident des Badischen Behindertensportverbandes Erwin Grom lobte den Veranstalter aus Oberried: \u201eIch bin begeistert von dem, was ich hier am Notschrei erleben konnte: eine perfekte Organisation, ein buntes Sprachengewirr aus aller Welt und eine gro\u00dfe Leistungsbereitschaft der Sportler bei den Wettk\u00e4mpfen.\u201c Todtnaus B\u00fcrgermeister Andreas Wie\u00dfner, der auch Vorsitzender vom Notschrei-Loipe-Verein ist, freute sich: \u201eToll, dass die M\u00fchen des SC Oberried durch Sonne und guten Schnee belohnt wurden. Die Investitionen am Nordic-Center Notschrei in den letzten Jahren waren eine Vorrausetzung f\u00fcr die guten Rahmenbedingungen dieses Weltcups.\u201c Und Peter Zipfel, zwischen 1999 und 2004 Bundestrainer der Nationalmannschaft der nordischen behinderten Skisportler, stellte fest: \u201eDas war eine tolle Veranstaltung mit guten Bedingungen und Weltklasseathleten. Deren Leistungsniveau hat sich seit meiner Zeit in der Breite durch mehr Professionalit\u00e4t enorm gesteigert.\u201c\u00a0Die Ergebnisse der Wettk\u00e4mpfe sind unter <a href=\"https:\/\/www.weltcup-oberried.de\">www.weltcup-oberried.de<\/a> zu finden.<br \/>\n30-1-2014, Gerhard L\u00fcck , Der Dreisamt\u00e4ler<\/p>\n<p>&nbsp;<\/p>\n<p>&nbsp;<\/p>\n","protected":false},"excerpt":{"rendered":"<p>\u00a0Home &gt;Selbsthilfe\u00a0&gt;Behinderung\u00a0&gt;Rollstuhl\u00a0&gt;Sportlern &gt;IPC-Weltcup Fantastische Weltcup-Tage am Notschrei (30.1.2014) https:\/\/www.freiburg-schwarzwald.de\/blog\/ipc-weltcup-notschrei-jan-2014\/\u00a0(4.12.2013) https:\/\/www.freiburg-schwarzwald.de\/blog\/ipc-biathlon-weltcup-notschrei\/ (4.11.2013) www.freiburg-schwarzwald.de\/ipc-weltcup2010.htm &gt;Archivseite 2010 Skiclub Oberried stolz auf seine weit \u00fcber 100 Helferinnen und Helfer\u00a0 &gt;IPC-Weltcup (24.3.10) Lob f\u00fcr Oberried: Behinderten-Weltcup &#8211; Gastfreundschaft\u00a0&gt;IPC-Weltcup2010 (11.2.2010) Malwettbewerb der Michael-Schule Oberried zum Behinderten-Weltcup\u00a0&gt;IPC-weltcup2010 &hellip; <a href=\"https:\/\/www.freiburg-schwarzwald.de\/blog\/selbsthilfe\/behinderung\/ipc-weltcup\/\">Weiterlesen <span class=\"meta-nav\">&rarr;<\/span><\/a><\/p>\n","protected":false},"author":2,"featured_media":0,"parent":114,"menu_order":0,"comment_status":"open","ping_status":"closed","template":"","meta":{"footnotes":""},"class_list":["post-43950","page","type-page","status-publish","hentry"],"_links":{"self":[{"href":"https:\/\/www.freiburg-schwarzwald.de\/blog\/wp-json\/wp\/v2\/pages\/43950","targetHints":{"allow":["GET"]}}],"collection":[{"href":"https:\/\/www.freiburg-schwarzwald.de\/blog\/wp-json\/wp\/v2\/pages"}],"about":[{"href":"https:\/\/www.freiburg-schwarzwald.de\/blog\/wp-json\/wp\/v2\/types\/page"}],"author":[{"embeddable":true,"href":"https:\/\/www.freiburg-schwarzwald.de\/blog\/wp-json\/wp\/v2\/users\/2"}],"replies":[{"embeddable":true,"href":"https:\/\/www.freiburg-schwarzwald.de\/blog\/wp-json\/wp\/v2\/comments?post=43950"}],"version-history":[{"count":0,"href":"https:\/\/www.freiburg-schwarzwald.de\/blog\/wp-json\/wp\/v2\/pages\/43950\/revisions"}],"up":[{"embeddable":true,"href":"https:\/\/www.freiburg-schwarzwald.de\/blog\/wp-json\/wp\/v2\/pages\/114"}],"wp:attachment":[{"href":"https:\/\/www.freiburg-schwarzwald.de\/blog\/wp-json\/wp\/v2\/media?parent=43950"}],"curies":[{"name":"wp","href":"https:\/\/api.w.org\/{rel}","templated":true}]}}