{"id":43936,"date":"2014-01-15T18:53:07","date_gmt":"2014-01-15T17:53:07","guid":{"rendered":"https:\/\/www.freiburg-schwarzwald.de\/blog\/?page_id=43936"},"modified":"2014-03-16T21:43:39","modified_gmt":"2014-03-16T20:43:39","slug":"schneeschuhwandern","status":"publish","type":"page","link":"https:\/\/www.freiburg-schwarzwald.de\/blog\/sport\/wandern\/schneeschuhwandern\/","title":{"rendered":"Schneeschuhwandern"},"content":{"rendered":"<p><a href=\"https:\/\/www.freiburg-schwarzwald.de\/blog\">Home<\/a>\u00a0&gt;<a title=\"Sport\" href=\"https:\/\/www.freiburg-schwarzwald.de\/blog\/sport\/\">Sport<\/a>\u00a0&gt;<a title=\"Wandern\" href=\"https:\/\/www.freiburg-schwarzwald.de\/blog\/sport\/wandern\/\">Wandern<\/a> &gt;Schneeschuhwandern<\/p>\n<div id=\"attachment_23417\" style=\"width: 649px\" class=\"wp-caption alignnone\"><a href=\"https:\/\/www.freiburg-schwarzwald.de\/blog\/regio\/berge\/schauinsland\/schauinsland-halde\/schauinsland21loipe-feldberg-pan130220\/\" rel=\"attachment wp-att-23417\"><img loading=\"lazy\" decoding=\"async\" aria-describedby=\"caption-attachment-23417\" class=\"size-full wp-image-23417\" alt=\"Blick nach Osten \u00fcber die Loipe und Hofsgrund bis zum Feldberg am 20.2.2013\" src=\"https:\/\/www.freiburg-schwarzwald.de\/blog\/wp-content\/uploads\/2013\/02\/schauinsland21loipe-feldberg-pan130220.jpg\" width=\"639\" height=\"252\" srcset=\"https:\/\/www.freiburg-schwarzwald.de\/blog\/wp-content\/uploads\/2013\/02\/schauinsland21loipe-feldberg-pan130220.jpg 639w, https:\/\/www.freiburg-schwarzwald.de\/blog\/wp-content\/uploads\/2013\/02\/schauinsland21loipe-feldberg-pan130220-180x70.jpg 180w\" sizes=\"auto, (max-width: 639px) 100vw, 639px\" \/><\/a><p id=\"caption-attachment-23417\" class=\"wp-caption-text\">Blick nach Osten \u00fcber die Loipe und Hofsgrund bis zum Feldberg am 20.2.2013<\/p><\/div>\n<ul>\n<li>Abenteuer Winterwald am 1.2.2014 im Feldberggebiet (15.1.2014)<\/li>\n<li><span style=\"font-family: Arial; font-size: small;\"><a href=\"https:\/\/www.freiburg-schwarzwald.de\/schneeschuhwandern#Schneeschuhwandern im Feldberggebiet - Schneeschuhtrails\">Schneeschuhwandern im Feldberggebiet &#8211; Schneeschuhtrails<\/a>\u00a0&gt;Schneeschuhwandern (31.12.11)<\/span><\/li>\n<li><span style=\"font-family: Arial; font-size: small;\"><a href=\"https:\/\/www.freiburg-schwarzwald.de\/herzogenhorn1.htm#Mit Schneeschuhen vom Feldberg zum Herzogenhorn wandern\">Mit Schneeschuhen vom Feldberg zum Herzogenhorn wandern<\/a>\u00a0&gt;Herzogenhorn1 (15.2.2011)<\/span><\/li>\n<li><span style=\"font-family: Arial; font-size: small;\"><a href=\"https:\/\/www.freiburg-schwarzwald.de\/totemann.htm#Um die Tote Mann mit Schneeschuhen wandern\">Um Tote Mann ab Stollenbach mit Schneeschuhen wandern<\/a>\u00a0&gt;ToteMann (31.1.2011)<\/span><\/li>\n<li><span style=\"font-family: Arial; font-size: small;\"><a href=\"https:\/\/www.freiburg-schwarzwald.de\/baldenweger-huette.htm#Schneebrett-Lawine am Feldberg verletzt zwei Tourengeher\">Schneebrett-Lawine am Feldberg verletzt zwei Tourengeher<\/a>\u00a0&gt;Baldenweger (31.1.2011)<\/span><\/li>\n<li><span style=\"font-family: Arial; font-size: small;\"><a href=\"https:\/\/www.freiburg-schwarzwald.de\/incentives1.htm#Taori - Natur erleben\">Taori &#8211; Natur erleben<\/a>\u00a0&gt;Incentives1 (9.12.2010)<\/span><\/li>\n<li><span style=\"font-family: Arial; font-size: small;\"><a href=\"https:\/\/www.freiburg-schwarzwald.de\/schneeschuhwandern.htm#Schneeschuhe am Feldberg: Landschaftsschutz, Big Business\">Schneeschuhe am Feldberg: Landschaftsschutz, Big Business<\/a>\u00a0&gt;Schneeschuhwandern (5.2.)<\/span><\/li>\n<li><span style=\"font-family: Arial; font-size: small;\"><a href=\"https:\/\/www.freiburg-schwarzwald.de\/schneeschuhwandern.htm#Sportler m\u00fcssen Regeln einhalten, damit Tiere gesch\u00fctzt bleiben\">Sportler m\u00fcssen Regeln einhalten, damit Tiere gesch\u00fctzt bleiben<\/a>\u00a0&gt;Schneeschuhwandern (25.1.)<\/span><\/li>\n<li><span style=\"font-family: Arial; font-size: small;\"><a href=\"https:\/\/www.freiburg-schwarzwald.de\/schneeschuhwandern#Gef\u00fchrte Schneeschuhwanderung auf dem Feldberg am Rosenmontag\">Gef\u00fchrte Schneeschuhwanderung auf dem Feldberg am Rosenmontag<\/a>\u00a0&gt;Schneeschuh (22.1.)<\/span><\/li>\n<li><span style=\"font-family: Arial; font-size: small;\"><a href=\"https:\/\/www.freiburg-schwarzwald.de\/feldberg2.htm#Wintersportler sollen auf Wegen und Loipen bleiben\">Wintersportler sollen auf Wegen und Loipen bleiben<\/a>\u00a0&gt;Feldberg2 (14.1.2008)<\/span><\/li>\n<li><span style=\"font-family: Arial; font-size: small;\"><a href=\"https:\/\/www.freiburg-schwarzwald.de\/schneeschuhwandern.htm#Schneeschuhtouren am Feldberg bei einem Meter Neuschnee\">Schneeschuhtouren am Feldberg bei einem Meter Neuschnee<\/a>\u00a0&gt;Schneeschuhwandern (11.12.)<\/span><\/li>\n<li><span style=\"font-family: Arial; font-size: small;\"><a href=\"https:\/\/www.freiburg-schwarzwald.de\/schneeschuhwandern.htm#Gef\u00fchrte Wanderungen oder eigenst\u00e4ndige Trails\">Gef\u00fchrte Wanderungen oder eigenst\u00e4ndige Trails<\/a>\u00a0&gt;Schneeschuhwandern (21.2.2007)<\/span><\/li>\n<li><span><span style=\"font-family: Arial; font-size: small;\"><a href=\"https:\/\/www.freiburg-schwarzwald.de\/gamswild1.htm#Gamshegeverein Schwarzwald: Belchen-Erosion stoppen\">Gamshegeverein Schwarzwald: Belchen-Erosion stoppen<\/a>\u00a0&gt;Gamswild1 (11.5.2006)<\/span><\/span><\/li>\n<li><span style=\"font-family: Arial; font-size: small;\"><span><a href=\"https:\/\/www.freiburg-schwarzwald.de\/belchen1.htm#Auf Schneeschuhen zum Sonnenaufgang auf den Belchengipfel\">Auf Schneeschuhen zum Sonnenaufgang auf den Belchengipfel<\/a>\u00a0&gt;Belchen1 (14.1.2006)<\/span><\/span><\/li>\n<li><span style=\"font-family: Arial; font-size: small;\"><a href=\"https:\/\/www.freiburg-schwarzwald.de\/belchen1.htm#Schneehschuhwandern auf den Belchen\">Schneeschuhwandern am Gipfel des Belchen<\/a>\u00a0&gt;Belchen1 (29.12.2005)<\/span><\/li>\n<li><span style=\"font-family: Arial; font-size: small;\"><a href=\"https:\/\/www.freiburg-schwarzwald.de\/schneeschuhwandern#Schneeschuhwandern - Einf\u00fchrungskurse am Belchen\">Schneeschuhwandern &#8211; Einf\u00fchrungskurse am Belchen<\/a>\u00a0(12.12.2005)<\/span><\/li>\n<li><span style=\"font-family: Arial; font-size: small;\"><a href=\"https:\/\/www.freiburg-schwarzwald.de\/schneeschuhwandern#Schneeschuhwandern in St. M\u00e4rgen\">Schneeschuhwandern in St. M\u00e4rgen<\/a>\u00a0(1.3.2005)<\/span><\/li>\n<li><span style=\"font-family: Arial; font-size: small;\"><a href=\"https:\/\/www.freiburg-schwarzwald.de\/schneeschuhwandern#Schneeschuhwandern auf den Belchen\">Schneeschuhwandern auf den Belchen<\/a>\u00a0(18.2.2005)<\/span><\/li>\n<li><span><span style=\"font-family: Arial; font-size: small;\"><a href=\"https:\/\/www.freiburg-schwarzwald.de\/schneeschuhwandern#Haus der Natur am Feldberg bietet Schneeschuhwandern erfolgreich an\">Haus der Natur am Feldberg bietet Schneeschuhwandern erfolgreich an<\/a>\u00a0(27.2.2004)<\/span><\/span><\/li>\n<li><span style=\"color: #000000; font-family: Arial; font-size: small;\"><a href=\"https:\/\/www.freiburg-schwarzwald.de\/schneeschuhwandern#Zwei Schneeschuh-Trails am Feldberg\">Zwei Schneeschuh-Trails 6 km bzw. 8 km am Feldberg<\/a>\u00a0 (19.12.)<\/span><\/li>\n<li><span style=\"font-family: Arial; font-size: small;\"><span style=\"font-family: Arial;\"><a href=\"https:\/\/www.freiburg-schwarzwald.de\/schneeschuhwandern#Schneeschuhwandern - zwei ausgeschilderte Trails am feldberg\"><span style=\"font-size: small;\">Zwei ausgeschilderte Trails am Feldberg<\/span><\/a><span style=\"font-size: small;\">\u00a0(14.10.2002)<\/span><\/span><\/span><\/li>\n<li><span style=\"font-family: Arial;\"><a href=\"https:\/\/www.freiburg-schwarzwald.de\/schneeschuhwandern#Schneeschuhwandern gewinnt immer mehr Anh\u00e4nger\"><span style=\"font-size: small;\">Schneeschuhwandern gewinnt immer mehr Anh\u00e4nger<\/span><\/a><span style=\"font-size: small;\">\u00a0(20.4.2002)<br \/>\n<\/span><\/span><\/li>\n<li><span style=\"font-family: Arial; font-size: small;\"><a href=\"https:\/\/www.freiburg-schwarzwald.de\/gleitschirm.htm#Flugschule Dreyeckland\">Schneeschuhtoren der Flugschule Dreyeckland Kirchzarten<\/a>\u00a0&gt;Drachen (8.2.2006)<\/span><\/li>\n<li><\/li>\n<li><strong><a href=\"www.freiburg-schwarzwald.de\/schneeschuhwandern.htm\">www.freiburg-schwarzwald.de\/schneeschuhwandern.htm<\/a> &gt;Archivseite\u00a0<\/strong><\/li>\n<li><span style=\"font-family: Arial; font-size: small;\"><a href=\"https:\/\/www.freiburg-schwarzwald.de\/schneeschuhwandern#Aktivsport Faller-Maier\">Aktivsport Faller-Maier<\/a><\/span><\/li>\n<li><span style=\"font-family: Arial; font-size: small;\"><a href=\"https:\/\/www.freiburg-schwarzwald.de\/schneeschuhwandern#Outside - Schneeschuh- und Langlaufkurse\">Outside &#8211; Schneeschuhwandern<\/a><\/span><\/li>\n<li><span style=\"font-family: Arial; font-size: small;\"><a href=\"https:\/\/www.freiburg-schwarzwald.de\/schneeschuhwandern#Links\">Links<\/a><\/span><\/li>\n<\/ul>\n<p>&nbsp;<\/p>\n<p><img loading=\"lazy\" decoding=\"async\" class=\"alignnone size-thumbnail wp-image-43946\" alt=\"schneeschuh-feldberg140109\" src=\"https:\/\/www.freiburg-schwarzwald.de\/blog\/wp-content\/uploads\/2014\/01\/schneeschuh-feldberg140109-180x135.jpg\" width=\"180\" height=\"135\" srcset=\"https:\/\/www.freiburg-schwarzwald.de\/blog\/wp-content\/uploads\/2014\/01\/schneeschuh-feldberg140109-180x135.jpg 180w, https:\/\/www.freiburg-schwarzwald.de\/blog\/wp-content\/uploads\/2014\/01\/schneeschuh-feldberg140109.jpg 640w\" sizes=\"auto, (max-width: 180px) 100vw, 180px\" \/>\u00a0\u00a0\u00a0\u00a0\u00a0\u00a0\u00a0\u00a0\u00a0 <a href=\"https:\/\/www.freiburg-schwarzwald.de\/blog\/sport\/sportlern\/ski\/feldberg-ski\/feldberg12schneeschuhwandern140313\/\" rel=\"attachment wp-att-46119\"><img loading=\"lazy\" decoding=\"async\" class=\"alignnone size-thumbnail wp-image-46119\" alt=\"feldberg12schneeschuhwandern140313\" src=\"https:\/\/www.freiburg-schwarzwald.de\/blog\/wp-content\/uploads\/2014\/03\/feldberg12schneeschuhwandern140313-180x135.jpg\" width=\"180\" height=\"135\" srcset=\"https:\/\/www.freiburg-schwarzwald.de\/blog\/wp-content\/uploads\/2014\/03\/feldberg12schneeschuhwandern140313-180x135.jpg 180w, https:\/\/www.freiburg-schwarzwald.de\/blog\/wp-content\/uploads\/2014\/03\/feldberg12schneeschuhwandern140313-640x480.jpg 640w, https:\/\/www.freiburg-schwarzwald.de\/blog\/wp-content\/uploads\/2014\/03\/feldberg12schneeschuhwandern140313.jpg 1000w\" sizes=\"auto, (max-width: 180px) 100vw, 180px\" \/><\/a>\u00a0\u00a0\u00a0\u00a0\u00a0\u00a0\u00a0\u00a0\u00a0\u00a0\u00a0 <a href=\"https:\/\/www.freiburg-schwarzwald.de\/blog\/sport\/wandern\/schneeschuhwandern\/feldberg13schneeschuhwandern140313\/\" rel=\"attachment wp-att-46122\"><img loading=\"lazy\" decoding=\"async\" class=\"alignnone size-thumbnail wp-image-46122\" alt=\"feldberg13schneeschuhwandern140313\" src=\"https:\/\/www.freiburg-schwarzwald.de\/blog\/wp-content\/uploads\/2014\/01\/feldberg13schneeschuhwandern140313-180x135.jpg\" width=\"180\" height=\"135\" srcset=\"https:\/\/www.freiburg-schwarzwald.de\/blog\/wp-content\/uploads\/2014\/01\/feldberg13schneeschuhwandern140313-180x135.jpg 180w, https:\/\/www.freiburg-schwarzwald.de\/blog\/wp-content\/uploads\/2014\/01\/feldberg13schneeschuhwandern140313-640x480.jpg 640w, https:\/\/www.freiburg-schwarzwald.de\/blog\/wp-content\/uploads\/2014\/01\/feldberg13schneeschuhwandern140313.jpg 1000w\" sizes=\"auto, (max-width: 180px) 100vw, 180px\" \/><\/a><br \/>\n(1) Am Feldberg 9.1.2014\u00a0\u00a0\u00a0\u00a0\u00a0\u00a0\u00a0\u00a0\u00a0\u00a0\u00a0\u00a0\u00a0\u00a0\u00a0\u00a0\u00a0\u00a0\u00a0\u00a0\u00a0\u00a0\u00a0 (2) Am Seebuck 13.3.2014\u00a0\u00a0\u00a0\u00a0\u00a0\u00a0\u00a0\u00a0\u00a0\u00a0\u00a0\u00a0\u00a0\u00a0\u00a0\u00a0\u00a0\u00a0\u00a0\u00a0\u00a0\u00a0 (3) Trio am Feldberg 13.3.2014<\/p>\n<p><a href=\"https:\/\/www.freiburg-schwarzwald.de\/blog\/sport\/wandern\/schneeschuhwandern\/feldberg14schneeschuhwandern140313\/\" rel=\"attachment wp-att-46123\"><img loading=\"lazy\" decoding=\"async\" class=\"alignnone size-thumbnail wp-image-46123\" alt=\"feldberg14schneeschuhwandern140313\" src=\"https:\/\/www.freiburg-schwarzwald.de\/blog\/wp-content\/uploads\/2014\/01\/feldberg14schneeschuhwandern140313-138x180.jpg\" width=\"138\" height=\"180\" srcset=\"https:\/\/www.freiburg-schwarzwald.de\/blog\/wp-content\/uploads\/2014\/01\/feldberg14schneeschuhwandern140313-138x180.jpg 138w, https:\/\/www.freiburg-schwarzwald.de\/blog\/wp-content\/uploads\/2014\/01\/feldberg14schneeschuhwandern140313.jpg 490w\" sizes=\"auto, (max-width: 138px) 100vw, 138px\" \/><\/a><br \/>\n(4) 13.3.2014<\/p>\n<p>(1) Blick nach Osten zu Gr\u00fcble, Feldbergturm und Seebuck (von rechts) am Feldberg auf 1480 m H\u00f6he<a href=\"https:\/\/www.freiburg-schwarzwald.de\/blog\/sport\/wandern\/schneeschuhwandern\/schneeschuh-feldberg140109\/\" rel=\"attachment wp-att-43946\"><br \/>\n<\/a><\/p>\n<p>&nbsp;<\/p>\n<p><strong>Abenteuer Winterwald am 1.2.2014 im Feldberggebiet<\/strong><\/p>\n<p>Feldberg: Die F\u00f6rster und Forstwirte des Landratsamts\u00a0Breisgau-Hochschwarzwald laden gemeinsam mit gewerblichen Anbietern von\u00a0Schneeschuhtouren am 01.02.2014 wieder zum &#8222;Abenteuer Winterwald&#8220; ein.<br \/>\nIm Gebiet um den Raimartihof, vor der eindrucksvollen Kulisse des\u00a0Feldseekessels und bis hinauf zu den Gipfeln des Feldbergs werden f\u00fcnf\u00a0verschiedene gef\u00fchrte Schneeschuhtouren angeboten. Jede Gruppe wird von\u00a0sachkundigen F\u00f6rstern und professionellen Guides gef\u00fchrt. Da gibt es die\u00a0kurze, gem\u00fctliche Runde auf den Spuren der Eiszeit rund um den Feldsee zum\u00a0Reinschnuppern, aber auch die Besteigung des h\u00f6chsten Schwarzwaldberges f\u00fcr\u00a0die, die sich einmal richtig auspowern wollen &#8211; f\u00fcr jeden ist das Passende\u00a0dabei. Vorkenntnisse im Schneeschuhlaufen m\u00fcssen nicht vorhanden sein, eine\u00a0gewisse Grundfitness reicht je nach \u00a0gew\u00e4hlter Tour v\u00f6llig aus.<br \/>\nGeboten wird nicht nur eine atemberaubende Winterlandschaft. Die Teilnehmer\u00a0genie\u00dfen ein besonderes Wintererlebnis und erfahren nebenbei noch\u00a0Interessantes und Wichtiges \u00fcber die Vielf\u00e4ltigkeit und Bedeutung des Waldes\u00a0und der Tierwelt. Denn oft ohne dass wir es wollen oder bemerken, leiden die\u00a0in unseren W\u00e4ldern lebenden Wildtiere vielerorts unter den menschlichen\u00a0Winteraktivit\u00e4ten, vor allem, wenn diese abseits von Pisten, Loipen oder\u00a0Waldwegen stattfinden. Bei unbesonnenem Verhalten werden Auerh\u00fchner, G\u00e4msen oder Rehe zur Flucht gezwungen, was ihren Energiebedarf vervielfacht. Dabei\u00a0ist jetzt im Winter eigentlich Energiesparen nicht nur angesagt, sondern\u00a0\u00fcberlebenswichtig. H\u00e4ufige St\u00f6rungen k\u00f6nnen jedoch mitunter sogar den Tod\u00a0der Tiere zur Folge haben. Und das nicht nur im Naturschutzgebiet Feldberg,\u00a0sondern auch in dem W\u00e4ldern ringsum.\u00a0Um diese St\u00f6rungen zu minimieren, legen die F\u00f6rster bei dieser Veranstaltung\u00a0viel Wert auf eine gute, umfassende, aber auch unterhaltsam angebotene\u00a0Informationen der Naturliebhaber zur Lebensweise der Tiere und zum gesamten\u00a0\u00d6kosystem Wald.<br \/>\nIm Schneeschuhcamp am Raimartihof stehen Profis f\u00fcr alle Fragen zum Thema\u00a0Technik und Material Rede und Antwort, die Firma Sport Kiefer aus Freiburg\u00a0bietet vor Ort eine Testm\u00f6glichkeit f\u00fcr Schneeschuhmodelle an. F\u00fcr den\u00a0Notfall, aber auch zur Information steht die Bergwacht am Raimartihof parat.\u00a0Und w\u00e4hrend die Erwachsenen auf Tour sind, werden die Kinder von etwa 6 bis\u00a012 Jahren im Camp aktiv betreut. Bei Iglu- und Schneeskulpturenbau,\u00a0Brennstempelarbeiten oder und Schlittenfahren (Schlitten bitte mitbringen!)\u00a0und vielem mehr wird garantiert keine Langweile aufkommen.<br \/>\nDie Fahrt zum Raimartihof und zur\u00fcck erledigt ein Shuttle. Weitere\u00a0Informationen zu den Touren und Anmeldung im Internet unter\u00a0<a href=\"www.forstbw.de\/winterwald\">www.forstbw.de\/winterwald<\/a> \u00a0oder telefonisch unter 07676 \/ 9336-34 bei\u00a0Feldberg-F\u00f6rster Achim Schlosser.<br \/>\n15.1.2014,\u00a0Dr. Stefan B\u00fcchner<\/p>\n<p>Naturschutzzentrum S\u00fcdschwarzwald,\u00a0Dr. Stefan B\u00fcchner\u00a0Leiter<br \/>\nDr.-Pilet-Spur 4,\u00a079868 Feldberg,\u00a0Tel 07676 \/ 9336-36,\u00a0Mobil 0171 \/ 9914814<br \/>\n<a href=\"www.naturschutzzentren-bw.de\">www.naturschutzzentren-bw.de<\/a><br \/>\n<a href=\"www.naz-feldberg.de\">www.naz-feldberg.de<\/a><\/p>\n<p>&nbsp;<\/p>\n","protected":false},"excerpt":{"rendered":"<p>Home\u00a0&gt;Sport\u00a0&gt;Wandern &gt;Schneeschuhwandern Abenteuer Winterwald am 1.2.2014 im Feldberggebiet (15.1.2014) Schneeschuhwandern im Feldberggebiet &#8211; Schneeschuhtrails\u00a0&gt;Schneeschuhwandern (31.12.11) Mit Schneeschuhen vom Feldberg zum Herzogenhorn wandern\u00a0&gt;Herzogenhorn1 (15.2.2011) Um Tote Mann ab Stollenbach mit Schneeschuhen wandern\u00a0&gt;ToteMann (31.1.2011) Schneebrett-Lawine am Feldberg verletzt zwei Tourengeher\u00a0&gt;Baldenweger (31.1.2011) Taori &hellip; <a href=\"https:\/\/www.freiburg-schwarzwald.de\/blog\/sport\/wandern\/schneeschuhwandern\/\">Weiterlesen <span class=\"meta-nav\">&rarr;<\/span><\/a><\/p>\n","protected":false},"author":2,"featured_media":0,"parent":1369,"menu_order":0,"comment_status":"open","ping_status":"closed","template":"","meta":{"footnotes":""},"class_list":["post-43936","page","type-page","status-publish","hentry"],"_links":{"self":[{"href":"https:\/\/www.freiburg-schwarzwald.de\/blog\/wp-json\/wp\/v2\/pages\/43936","targetHints":{"allow":["GET"]}}],"collection":[{"href":"https:\/\/www.freiburg-schwarzwald.de\/blog\/wp-json\/wp\/v2\/pages"}],"about":[{"href":"https:\/\/www.freiburg-schwarzwald.de\/blog\/wp-json\/wp\/v2\/types\/page"}],"author":[{"embeddable":true,"href":"https:\/\/www.freiburg-schwarzwald.de\/blog\/wp-json\/wp\/v2\/users\/2"}],"replies":[{"embeddable":true,"href":"https:\/\/www.freiburg-schwarzwald.de\/blog\/wp-json\/wp\/v2\/comments?post=43936"}],"version-history":[{"count":0,"href":"https:\/\/www.freiburg-schwarzwald.de\/blog\/wp-json\/wp\/v2\/pages\/43936\/revisions"}],"up":[{"embeddable":true,"href":"https:\/\/www.freiburg-schwarzwald.de\/blog\/wp-json\/wp\/v2\/pages\/1369"}],"wp:attachment":[{"href":"https:\/\/www.freiburg-schwarzwald.de\/blog\/wp-json\/wp\/v2\/media?parent=43936"}],"curies":[{"name":"wp","href":"https:\/\/api.w.org\/{rel}","templated":true}]}}