{"id":43688,"date":"2014-01-10T14:53:52","date_gmt":"2014-01-10T13:53:52","guid":{"rendered":"https:\/\/www.freiburg-schwarzwald.de\/blog\/?page_id=43688"},"modified":"2025-12-29T19:17:00","modified_gmt":"2025-12-29T18:17:00","slug":"tierschutz","status":"publish","type":"page","link":"https:\/\/www.freiburg-schwarzwald.de\/blog\/natur\/tiere\/tierschutz\/","title":{"rendered":"Tierschutz"},"content":{"rendered":"<p><a href=\"https:\/\/www.freiburg-schwarzwald.de\/blog\/home\">Home<\/a>\u00a0&gt;<a title=\"Natur\" href=\"https:\/\/www.freiburg-schwarzwald.de\/blog\/natur\/\">Natur<\/a>\u00a0&gt;<a title=\"Tiere\" href=\"https:\/\/www.freiburg-schwarzwald.de\/blog\/natur\/tiere\/\">Tiere<\/a>\u00a0&gt;Tierschutz<\/p>\n<div id=\"attachment_43654\" style=\"width: 648px\" class=\"wp-caption alignnone\"><a href=\"https:\/\/www.freiburg-schwarzwald.de\/blog\/engagement\/zukunft\/investition\/schafe-dreisamtal-pan140107\/\" rel=\"attachment wp-att-43654\"><img loading=\"lazy\" decoding=\"async\" aria-describedby=\"caption-attachment-43654\" class=\"size-full wp-image-43654\" src=\"https:\/\/www.freiburg-schwarzwald.de\/blog\/wp-content\/uploads\/2014\/01\/schafe-dreisamtal-pan140107.jpg\" alt=\"Schafe mit Nachwuchs im Dreisamtal am 7.1.2014 bei 15 Grad PLUS\" width=\"638\" height=\"229\" srcset=\"https:\/\/www.freiburg-schwarzwald.de\/blog\/wp-content\/uploads\/2014\/01\/schafe-dreisamtal-pan140107.jpg 638w, https:\/\/www.freiburg-schwarzwald.de\/blog\/wp-content\/uploads\/2014\/01\/schafe-dreisamtal-pan140107-180x64.jpg 180w\" sizes=\"auto, (max-width: 638px) 100vw, 638px\" \/><\/a><p id=\"caption-attachment-43654\" class=\"wp-caption-text\">Schafe mit Nachwuchs im Dreisamtal am 7.1.2014 bei 15 Grad PLUS<\/p><\/div>\n<ul>\n<li><em>Listenauswahl eines Beitrags (Artikel\/Datum, Seite\/Inhalt): <span style=\"text-decoration: underline;\">Klicken<\/span> oder scrollen<\/em><\/li>\n<li><a href=\"https:\/\/www.freiburg-schwarzwald.de\/blog\/brigitte-bardot-mit-91-gestorben\/\">Brigitte Bardot mit 91 gestorben<\/a>\u00a0(29.12.2025)<\/li>\n<li><a href=\"https:\/\/www.freiburg-schwarzwald.de\/blog\/global\/spanien\/\">Bu\u00dfe: Matador Alvaro Munero entsagt sich dem Stierkampf<\/a>\u00a0(23.8.2023)<\/li>\n<li>Tiere sind keine Sachen, sondern Mitgesch\u00f6pfe &#8211; Petition (6.2.2014)<\/li>\n<li>Bahntunnelsperrung f\u00fcr die Mopsfledermaus (10.1.2014)<\/li>\n<li><strong><a href=\"https:\/\/www.freiburg-schwarzwald.de\/tierschutzverein.htm \">www.freiburg-schwarzwald.de\/tierschutzverein.htm <\/a>&gt;Archivseite Tierschutz<\/strong><\/li>\n<li><span style=\"font-family: Arial; font-size: small;\"><a href=\"https:\/\/www.freiburg-schwarzwald.de\/tierschutzverein1.htm\">Aktuelle Infos zur Tierschutzverein-Seite<\/a>\u00a0&gt;Tierschutzverein1<br \/>\n<\/span><\/li>\n<li><span style=\"font-family: Arial; font-size: small;\"><a href=\"https:\/\/www.freiburg-schwarzwald.de\/tierschutzverein.htm#Abseits \u2013 Hilfe f\u00fcr Tier und Mensch in Freiburg\">Abseits \u2013 Hilfe f\u00fcr Tier und Mensch in Freiburg und L\u00f6ffingen<\/a><\/span><\/li>\n<li><span style=\"font-family: Arial; font-size: small;\"><a href=\"https:\/\/www.freiburg-schwarzwald.de\/tierschutzverein.htm#Animalia - Tierschutzgruppe f\u00fcr Jugendliche\">Animalia &#8211; Tierschutzgruppe f\u00fcr Jugendliche<\/a>\u00a0&gt;Tierschutzverein (7.2.2012)<\/span><\/li>\n<li><span style=\"font-family: Arial; font-size: small;\"><a href=\"https:\/\/www.freiburg-schwarzwald.de\/tierschutzverein.htm#Animals Angels in Freiburg\">Animals Angels in FR<\/a><\/span><\/li>\n<li><span style=\"font-family: Arial; font-size: small;\"><a href=\"https:\/\/www.freiburg-schwarzwald.de\/tierschutzverein.htm#Heras Circus - Tierheimstatt in Freiburg-St.Georgen\">Heras Circus &#8211; Tierheimstatt in Freiburg-St.Georgen<\/a>\u00a0&gt;Tierschutzverein<\/span><\/li>\n<li><span style=\"font-family: Arial; font-size: small;\"><a href=\"https:\/\/www.freiburg-schwarzwald.de\/tierschutzverein.htm#Tierschutzverein Markgr\u00e4flerland - neue Jugendgruppe\">Tierschutzverein Markgr\u00e4flerland &#8211; neue Jugendgruppe<\/a>\u00a0(31.3.2005)<\/span><\/li>\n<li><span style=\"font-family: Arial; font-size: small;\"><a href=\"https:\/\/www.freiburg-schwarzwald.de\/tierschutzverein.htm#Tierschutzverein\">Tierschutzverein Freiburg<\/a><\/span><\/li>\n<li><span style=\"font-family: Arial; font-size: small;\"><a href=\"https:\/\/www.freiburg-schwarzwald.de\/tierschutzverein.htm#Tierschutzverein Hochschwarzwald\">Tierschutzverein Hochschwarzwald<\/a><\/span><\/li>\n<li><span style=\"font-family: Arial; font-size: small;\"><a href=\"https:\/\/www.freiburg-schwarzwald.de\/tierschutzverein.htm#Tierschutzverein Hochschwarzwald feiert 50 Jahre Jubil\u00e4um\">Tierschutzverein Hochschwarzwald feiert 50 Jahre Jubil\u00e4um<\/a>\u00a0(1.10.2005)<\/span><\/li>\n<li><span style=\"font-family: Arial; font-size: small;\"><a href=\"https:\/\/www.freiburg-schwarzwald.de\/tierschutzverein.htm#Tierschutz-Zentrum Scherzingen\">Tierschutz-Zentrum Scherzingen<\/a>\u00a0(10.8.2006)<\/span><\/li>\n<li><span style=\"font-family: Arial; font-size: small;\"><a href=\"https:\/\/www.freiburg-schwarzwald.de\/tiere.htm#Wildtierstation Heinz R\u00f6ber in M\u00fcllheim-H\u00fcgelheim\">Wildtierstation Heinz R\u00f6ber in M\u00fcllheim-H\u00fcgelheim<\/a>\u00a0&gt;Tiere<\/span><\/li>\n<\/ul>\n<p>&nbsp;<\/p>\n<p><strong>Tiere sind keine Sachen, sondern Mitgesch\u00f6pfe &#8211; Petition<\/strong><br \/>\nTiere sind unsere Mitgesch\u00f6pfe. Sie als Sachen zu werten, wie es das deutsche Recht derzeit vorsieht, greift zu kurz. Immer wieder werden Tiere gequ\u00e4lt, weil die rechtliche Grundlage fehlt, um gegen die Tierqu\u00e4ler vorzugehen. Die B\u00fcrgerbewegung pro Deutschland fordert deshalb die Aufnahme eines Artikels 20b in das Grundgesetz, der den Tieren einen besonderen Rechtsstatus einr\u00e4umt. Tierqu\u00e4lerei mu\u00df konsequent bestraft werden.\u00a0Wir haben eine Brosch\u00fcre zu diesem Thema erstellt, die wir Ihnen gerne zusenden:<br \/>\n<a href=\"https:\/\/www.pro-deutschland.de\/tierschutz.pdf\">https:\/\/www.pro-deutschland.de\/tierschutz.pdf<\/a><\/p>\n<p>Bitte unterschreiben Sie unsere <a title=\"Petitionen\" href=\"https:\/\/www.freiburg-schwarzwald.de\/blog\/kultur\/internet\/petitionen\/\">Petition<\/a> f\u00fcr die von uns angestrebte Grundgesetz\u00e4nderung. Das ist ohne viel Aufwand auch online m\u00f6glich:<br \/>\n<a href=\"https:\/\/www.pro-deutschland.de\/tierschutz\/ \">https:\/\/www.pro-deutschland.de\/tierschutz\/<br \/>\n<\/a>6.2.2014<\/p>\n<p>&nbsp;<\/p>\n<p><strong>Bahntunnelsperrung f\u00fcr die Mopsfledermaus<\/strong><\/p>\n<p>Die im Jahr 1977 durch viele Arbeit und ehrenamtliches Engagement reaktivierte Sauschw\u00e4nzlebahn durchquert auf ihrer Fahrt durch das Wutachtal einige Tunnel. Dabei wird die\u00a0Museumsbahn nat\u00fcrlich von einer alten restaurierten Dampflok gezogen. Nun haben sich in einem Tunnel Mopsflederm\u00e4use eingenistet, um die Wintermonate angenehm temperiert zu verbringen. Tiersch\u00fctzer haben dies entdeckt und der Unteren Naturschutzbeh\u00f6rde des Schwarzwald-Baar-Kreises gemeldet. Mit dem Erfolg, dass diese von Dezember bis 1.4.2014 die Bahnbetrieb gesperrt hat &#8211; den kleinen Flugs\u00e4ugern zuliebe.Dagegen klagten die Bahnbetriebe Blumberg, worauf das Verwaltungsgericht in Freiburg am 8.1.2014 folgenden Vergleich verk\u00fcndete: Die Sauschw\u00e4nzlebahn darf zur Winterszeit durch den Tunnel fahren, allerdings nur ohne Dampflok und ohne Passagiere. Witz Nr. 1: Was soll eine Museumsbahn ohne die sie pr\u00e4gende Dampflok? Witz Nr. 2: Macht ein leerer Zug den Mopsflederm\u00e4usen weniger aus als ein voll besetzter Zug?.<\/p>\n","protected":false},"excerpt":{"rendered":"<p>Home\u00a0&gt;Natur\u00a0&gt;Tiere\u00a0&gt;Tierschutz Listenauswahl eines Beitrags (Artikel\/Datum, Seite\/Inhalt): Klicken oder scrollen Brigitte Bardot mit 91 gestorben\u00a0(29.12.2025) Bu\u00dfe: Matador Alvaro Munero entsagt sich dem Stierkampf\u00a0(23.8.2023) Tiere sind keine Sachen, sondern Mitgesch\u00f6pfe &#8211; Petition (6.2.2014) Bahntunnelsperrung f\u00fcr die Mopsfledermaus (10.1.2014) www.freiburg-schwarzwald.de\/tierschutzverein.htm &gt;Archivseite Tierschutz Aktuelle &hellip; <a href=\"https:\/\/www.freiburg-schwarzwald.de\/blog\/natur\/tiere\/tierschutz\/\">Weiterlesen <span class=\"meta-nav\">&rarr;<\/span><\/a><\/p>\n","protected":false},"author":2,"featured_media":0,"parent":256,"menu_order":0,"comment_status":"open","ping_status":"closed","template":"","meta":{"footnotes":""},"class_list":["post-43688","page","type-page","status-publish","hentry"],"_links":{"self":[{"href":"https:\/\/www.freiburg-schwarzwald.de\/blog\/wp-json\/wp\/v2\/pages\/43688","targetHints":{"allow":["GET"]}}],"collection":[{"href":"https:\/\/www.freiburg-schwarzwald.de\/blog\/wp-json\/wp\/v2\/pages"}],"about":[{"href":"https:\/\/www.freiburg-schwarzwald.de\/blog\/wp-json\/wp\/v2\/types\/page"}],"author":[{"embeddable":true,"href":"https:\/\/www.freiburg-schwarzwald.de\/blog\/wp-json\/wp\/v2\/users\/2"}],"replies":[{"embeddable":true,"href":"https:\/\/www.freiburg-schwarzwald.de\/blog\/wp-json\/wp\/v2\/comments?post=43688"}],"version-history":[{"count":2,"href":"https:\/\/www.freiburg-schwarzwald.de\/blog\/wp-json\/wp\/v2\/pages\/43688\/revisions"}],"predecessor-version":[{"id":143525,"href":"https:\/\/www.freiburg-schwarzwald.de\/blog\/wp-json\/wp\/v2\/pages\/43688\/revisions\/143525"}],"up":[{"embeddable":true,"href":"https:\/\/www.freiburg-schwarzwald.de\/blog\/wp-json\/wp\/v2\/pages\/256"}],"wp:attachment":[{"href":"https:\/\/www.freiburg-schwarzwald.de\/blog\/wp-json\/wp\/v2\/media?parent=43688"}],"curies":[{"name":"wp","href":"https:\/\/api.w.org\/{rel}","templated":true}]}}