{"id":4347,"date":"2012-06-02T19:30:26","date_gmt":"2012-06-02T19:30:26","guid":{"rendered":"https:\/\/www.freiburg-schwarzwald.de\/blog\/?page_id=4347"},"modified":"2026-01-17T13:43:19","modified_gmt":"2026-01-17T12:43:19","slug":"geschichte","status":"publish","type":"page","link":"https:\/\/www.freiburg-schwarzwald.de\/blog\/regio\/heimat\/geschichte\/","title":{"rendered":"Geschichte"},"content":{"rendered":"<p>Home &gt;<a title=\"Regio\" href=\"https:\/\/www.freiburg-schwarzwald.de\/blog\/regio\/\">Regio<\/a> &gt;<a title=\"Heimat\" href=\"https:\/\/www.freiburg-schwarzwald.de\/blog\/regio\/heimat\/\">Heimat<\/a> &gt;Geschichte<\/p>\n<div class=\"mceTemp\">\n<div id=\"attachment_126\" style=\"width: 610px\" class=\"wp-caption alignnone\"><a href=\"https:\/\/www.freiburg-schwarzwald.de\/blog\/impressum\/kanonenplatz1pan-wiehre120103\/\" rel=\"attachment wp-att-126\"><img loading=\"lazy\" decoding=\"async\" aria-describedby=\"caption-attachment-126\" class=\"size-full wp-image-126\" title=\"kanonenplatz1pan-wiehre120103\" src=\"https:\/\/www.freiburg-schwarzwald.de\/blog\/wp-content\/uploads\/2012\/03\/kanonenplatz1pan-wiehre120103.jpg\" alt=\"\" width=\"600\" height=\"207\" srcset=\"https:\/\/www.freiburg-schwarzwald.de\/blog\/wp-content\/uploads\/2012\/03\/kanonenplatz1pan-wiehre120103.jpg 600w, https:\/\/www.freiburg-schwarzwald.de\/blog\/wp-content\/uploads\/2012\/03\/kanonenplatz1pan-wiehre120103-180x62.jpg 180w\" sizes=\"auto, (max-width: 600px) 100vw, 600px\" \/><\/a><p id=\"caption-attachment-126\" class=\"wp-caption-text\">Blick vom Kanonenplatz \u00fcber Freiburg-Wiehre zum Sch\u00f6nberg am 3.1.2012<\/p><\/div>\n<\/div>\n<p align=\"left\"><strong>Geschichte, Heimatgeschichte, Geschichtsverein, Chronik,\u00a0 Dorfgeschichte, &#8230;<\/strong><\/p>\n<p>&nbsp;<\/p>\n<ul>\n<li><em>Listenauswahl eines Beitrags (Artikel\/Datum, Seite\/Inhalt):\u00a0<span style=\"text-decoration: underline;\">Klicken\u00a0<\/span>oder scrollen<\/em><\/li>\n<li><a href=\"https:\/\/www.freiburg-schwarzwald.de\/blog\/global\/deutschland\/ddr-geschichte\/\">DDR-Geschichte soll im Lehrplan wegfallen k\u00f6nnen<\/a>\u00a0(16.1.2026)<\/li>\n<li><a href=\"https:\/\/www.freiburg-schwarzwald.de\/blog\/kultur\/medien\/zeitung\/bz\/\">Freiburger Stadtgeschichte: BZ-Serie Wiedersehen digital<\/a>\u00a0(12.1.2026)<\/li>\n<li><a href=\"https:\/\/www.freiburg-schwarzwald.de\/blog\/meinungsfreiheit-heute-dortu\/\">Meinungsfreiheit heute \u2013 Dortu<\/a>\u00a0(1.8.2025)<\/li>\n<li>Kostenloses Portal zur Regionalgeschichte Baden-W\u00fcrttemberg (26.11.2<\/li>\n<li><a href=\"https:\/\/www.freiburg-schwarzwald.de\/blog\/20-juli-1944-frieden-mit-feinden\/\">20. Juli 1944: Frieden mit den Feinden<\/a>\u00a0(18.7.2024)<\/li>\n<li><a href=\"https:\/\/www.freiburg-schwarzwald.de\/blog\/kultur\/erinnerungskultur\/\">Erinnerungskultur im Wandel: Beispiel Dresden und Frankfurt am Main<\/a>\u00a0(16.2.2024)<\/li>\n<li>Geschichtsunterricht (11.2.2024)<\/li>\n<li><a href=\"https:\/\/www.freiburg-schwarzwald.de\/blog\/kultur\/medien\/zensur\/sprechverbot\/\">Daniele Ganser: Wie Medien manipulativ \u00fcber ihn berichten an einem Beispiel<\/a>\u00a0(9.3.2023)<\/li>\n<li><a href=\"https:\/\/www.freiburg-schwarzwald.de\/blog\/kulturkampf-kreuz-und-bibel\/\">Kulturkampf: Kreuz und Bibel<\/a>\u00a0(7.11.2022)<\/li>\n<li>Nachkriegsgeschichte Europas ab 1949: Versagen des Westens (7.2.2021)<\/li>\n<li><a href=\"https:\/\/www.freiburg-schwarzwald.de\/blog\/germanen\/\">Zeitungsmythos: Die Germanen gab es nicht (?)<\/a>\u00a0 (11.12.2020)<\/li>\n<li><a href=\"https:\/\/www.freiburg-schwarzwald.de\/blog\/strassen-umbenennen\/\">Strassen umbenennen<\/a>\u00a0(4.12.2020)<\/li>\n<li><a title=\"Denkmal\" href=\"https:\/\/www.freiburg-schwarzwald.de\/blog\/business\/dienste\/immobilien\/denkmal\/\">Denkm\u00e4ler: Das Erbe ausl\u00f6schen \u2013 Antirassismus \u2013 USA<\/a>\u00a0(19.6.2020)<\/li>\n<li><a title=\"Freiburg 1944: Nie wieder Krieg\" href=\"https:\/\/www.freiburg-schwarzwald.de\/blog\/freiburg-1944-nie-wieder-krieg\/\">Freiburg 1944: Nie wieder Krieg<\/a>\u00a0(28.11.2019)<\/li>\n<li><a title=\"Deutsche-Geschichte\" href=\"https:\/\/www.freiburg-schwarzwald.de\/blog\/global\/deutschland\/deutsche-geschichte\/\">Das Zeitalter der Amnesie \u2013\u00a0wir vergessen unsere Geschichte<\/a>.(31.8.2019)<\/li>\n<li>Geschichte: Die Verbl\u00f6dung breitet sich aus &#8211; Nazi und haram verwechseln (11.8.2019)<\/li>\n<li><a href=\"https:\/\/www.freiburg-schwarzwald.de\/blog\/staufen-stadtgeschichten-nr-10\/\">https:\/\/www.freiburg-schwarzwald.de\/blog\/staufen-stadtgeschichten-nr-10\/<\/a>\u00a0(23.9.2013)<\/li>\n<li><a href=\"https:\/\/www.freiburg-schwarzwald.de\/reute.htm#10j\u00e4hriger Moritz findet \u00fcber 5000 Jahre alte Steinaxt n\u00f6rdlich Reute\">10j\u00e4hriger Moritz findet \u00fcber 5000 Jahre alte Steinaxt n\u00f6rdlich Reute<\/a> &gt;Reute (24.2.2012)<\/li>\n<li><a href=\"https:\/\/www.freiburg-schwarzwald.de\/geschichte.htm#2500 Platten von Theodor Hase im Stadtarchiv Freiburg digitalisiert\">2500 Platten von Theodor Hase im Stadtarchiv Freiburg digitalisiert<\/a> &gt;Geschichte (22.4.2011)<\/li>\n<li><a href=\"https:\/\/www.freiburg-schwarzwald.de\/stpeter8.htm#Aktionstag 5. Dez: St. Peter als Zentrum der Z\u00e4hringer St\u00e4dte\">Aktionstag 5. Dez: St. Peter als Zentrum der Z\u00e4hringer St\u00e4dte?<\/a> &gt;StPeter8 (1.12.2010)<\/li>\n<li><a href=\"https:\/\/www.freiburg-schwarzwald.de\/freiburg1944.htm#Freiburg 1940-1950: Historischer Schmalfilm von Rudolf Langwieler als CD\">Freiburg 1940-1950: Historischer Schmalfilm von Rudolf Langwieler als CD<\/a> &gt;FR1944 (27.11.10)<\/li>\n<li><a href=\"https:\/\/www.freiburg-schwarzwald.de\/ehrenkirchen1.htm#Der M\u00fcllersohn aus Ehrenstetten: Auftakt f\u00fcr 300 Jahre J.Chr.Wentzinger\">Der M\u00fcllersohn aus Ehrenstetten: Auftakt f\u00fcr 300 Jahre J.Chr.Wentzinger<\/a>\u00a0 &gt;Ehrenkirchen1 (30.10.10)<\/li>\n<li><a href=\"https:\/\/www.freiburg-schwarzwald.de\/stpeter-kloster.htm#Margerita philosophica - Historische Weltkarte restauriert\">Margerita philosophica &#8211; Historische Weltkarte restauriert<\/a> &gt;StPeter-Kloster (3.8.2010)<\/li>\n<li><a href=\"https:\/\/www.freiburg-schwarzwald.de\/wald5.htm#Kleine Kulturgeschichte des Waldes: Vom Mythos bis zur Forstwirtschaft\">Kleine Kulturgeschichte des Waldes: Vom Mythos bis zur Forstwirtschaft<\/a> &gt;Wald5 (24.7.2010)<\/li>\n<li><a href=\"https:\/\/www.freiburg-schwarzwald.de\/wiki.htm#Wikipedia untauglich als Geschichtsbuch-Ersatz\">Wikipedia untauglich als Geschichtsbuch-Ersatz<\/a> &gt;Wiki (25.1.2010)<\/li>\n<li><a href=\"https:\/\/www.freiburg-schwarzwald.de\/kunst2.htm#Hitler-Attent\u00e4ter Georg Elser: Pappmache-Kopf als Mahnmal blamabel\">Hitler-Attent\u00e4ter Georg Elser: Pappmache-Kopf als Mahnmal blamabel<\/a> &gt;Kunst2 (30.11.2009)<\/li>\n<li><a href=\"https:\/\/www.freiburg-schwarzwald.de\/freiburgermuenstermarkt1.htm#Vom Kirchhof zum M\u00fcnsterplatz - Ausstellung\">Vom Kirchhof zum M\u00fcnsterplatz &#8211; Ausstellung<\/a> &gt;Freiburger Muenstermarkt1 (30.4.2009)<\/li>\n<li><a href=\"https:\/\/www.freiburg-schwarzwald.de\/kirchen4.htm#Hilfe f\u00fcr den Antoniter-Giebel: Vortrag 7.Mai im Stadthotel\">Hilfe f\u00fcr den Antoniter-Giebel: Vortrag 7.Mai im Stadthotel<\/a> &gt;Kirchen4 (3.4.2009)<\/li>\n<li><a href=\"https:\/\/www.freiburg-schwarzwald.de\/feldberg2.htm#NATO ACE-High Station AFEZ Feldberg\">NATO ACE-High Station AFEZ Feldberg<\/a> &gt;Feldberg2 (9.11.2008)<\/li>\n<li><a href=\"https:\/\/www.freiburg-schwarzwald.de\/eichelspitzturm.htm#Bruderh\u00e4usle Eichelspitze vom Kloster am Neunlindenbuck\">Bruderh\u00e4usle Eichelspitze vom Kloster am Neunlindenbuck<\/a> &gt;Eichelspitzturm (31.10.08)<\/li>\n<li><a href=\"https:\/\/www.freiburg-schwarzwald.de\/geschichte.htm#Heimatgruppen gehen die Mitglieder aus: Schwierige Brauchtumspflege\">Heimatgruppen gehen die Mitglieder aus: Schwierige Brauchtumspflege<\/a> &gt;Geschichte (29.10.)<\/li>\n<li><a href=\"https:\/\/www.freiburg-schwarzwald.de\/littenweiler\/littenweiler10.htm#Entwicklung Littenweilers vom Armendorf zum Nobelstadtteil\">Entwicklung Littenweilers vom Armendorf zum Nobelstadtteil<\/a> &gt;Littenweiler10 (28.9.2008)<\/li>\n<li><a href=\"https:\/\/www.freiburg-schwarzwald.de\/gutach.htm#Paul Kaufmann schreibt Ortschronik: 700 Jahre, G\u00fctermann, Bauernh\u00f6fe\">Paul Kaufmann schreibt Ortschronik: 700 Jahre, G\u00fctermann, Bauernh\u00f6fe<\/a> &gt;Gutach (8.9.2008)<\/li>\n<li><a href=\"https:\/\/www.freiburg-schwarzwald.de\/endingen1.htm#Stationen fr\u00fcher Stadtgeschichte: Tag des offenen Denkmals\">Stationen fr\u00fcher Stadtgeschichte: Tag des offenen Denkmals<\/a> &gt;Endingen1 (3.9.2008)<\/li>\n<li><a href=\"https:\/\/www.freiburg-schwarzwald.de\/stpeter7.htm#St. Peter - aus Geschichte und Leben: Neues Heimatbuch\">St. Peter &#8211; aus Geschichte und Leben: Neues Heimatbuch<\/a> &gt;StPeter7 (24.7.2008)<\/li>\n<li><a href=\"https:\/\/www.freiburg-schwarzwald.de\/gundelfingen1.htm#573 Seiten starke Gundelfinger Ortschronik vorgestellt\">573 Seiten starke Gundelfinger Ortschronik vorgestellt<\/a> &gt;Gundelfingen1 (8.7.2008)<\/li>\n<li><a href=\"https:\/\/www.freiburg-schwarzwald.de\/saig.htm#Waltraud Roth und Klaus Heizmannn legen erste Buchchronik vor\">Waltraud Roth und Klaus Heizmann legen erste Buchchronik vor<\/a> &gt;Saig (7.7.2008)<\/li>\n<li><a href=\"https:\/\/www.freiburg-schwarzwald.de\/eschbach.htm#Eschbach feiert 1200-j\u00e4hriges Bestehen - neun Jahre zu sp\u00e4t\">Eschbach feiert 1200-j\u00e4hriges Bestehen &#8211; neun Jahre zu sp\u00e4t<\/a> &gt;Eschbach (15.6.2008)<\/li>\n<li><a href=\"https:\/\/www.freiburg-schwarzwald.de\/kappel-gutach.htm#Kappler Heimatstube 20 Jahre alt: Am Sonntag wird gefeiert\">Kappler Heimatstube 20 Jahre alt: Am Sonntag wird gefeiert<\/a> &gt;Kappel-Gutach (9.6.2008)<\/li>\n<li><a href=\"https:\/\/www.freiburg-schwarzwald.de\/geschichte.htm#RegioTriRhena-Netzwerk Regionale Kulturgeschichte: 3. Treffen Baden-Elsass\">RegioTriRhena-Netzwerk &#8222;Regionale Kulturgeschichte&#8220;: Treffen Baden-Elsass<\/a> &gt;Geschichte (4.6.)<\/li>\n<li><a href=\"https:\/\/www.freiburg-schwarzwald.de\/gundelfingen1.htm#Ortsgeschichte des Vereins f\u00fcr Heimatgeschichte erschienen\">Ortsgeschichte des Vereins f\u00fcr Heimatgeschichte erschienen<\/a> &gt;Gundelfingen1 (27.5.2008)<\/li>\n<li><a href=\"https:\/\/www.freiburg-schwarzwald.de\/hotzenwald1.htm#Fast 200 Sagen ab Hebst im Buch der Fricktalisch-Badischen Vereinigung\">Fast 200 Sagen ab Hebst im Buch der Fricktalisch-Badischen Vereinigung<\/a> &gt;Hotzenwald1 (25.5.)<\/li>\n<li><a href=\"https:\/\/www.freiburg-schwarzwald.de\/geschichte.htm#Emil Galli vom Geschichtsverein Oberrotweil: Treffen Kaiserstuhl - Elsass\">Emil Galli vom Geschichtsverein Oberrotweil: Treffen Kaiserstuhl &#8211; Elsass<\/a> &gt;Geschichte (21.5.)<\/li>\n<li><a href=\"https:\/\/www.freiburg-schwarzwald.de\/sulzburg1.htm#Ungew\u00f6hnliche Baugeschichte der Klosterkirche St. Cyriak\">Ungew\u00f6hnliche Baugeschichte der Klosterkirche St. Cyriak<\/a> &gt;Sulzburg1 (22.12.2007)<\/li>\n<li><a href=\"https:\/\/www.freiburg-schwarzwald.de\/breisach-vauban.htm\">Der Architekt restaurierte im 17. Jahrh. die Festungsanlagen<\/a> &gt;Breisach-Vauban (1.12.2007)<\/li>\n<li><a href=\"https:\/\/www.freiburg-schwarzwald.de\/juden1.htm#Holocaust-\u00dcberlebende Max Mannheimer bei Breisacher Sch\u00fclern\">Holocaust-\u00dcberlebende Max Mannheimer bei Breisacher Sch\u00fclern<\/a> &gt;Juden1 (3.11.2007)<\/li>\n<li><a href=\"https:\/\/www.freiburg-schwarzwald.de\/kloster1.htm#Schwarzes Kloster: Einst Nonnen - nun die Freiburger Volkshochschule\">Schwarzes Kloster: Einst Nonnen &#8211; nun die Freiburger Volkshochschule<\/a> &gt;Kloster1 (30.7.2007)<\/li>\n<li><a href=\"https:\/\/www.freiburg-schwarzwald.de\/littenweiler\/kultur.htm#Gastliches Freiburg - vormals Verkehrsverein Freiburg\">Gastliches Freiburg &#8211; vormals Verkehrsverein Freiburg<\/a> &gt;Kultur (3.2.2006)<\/li>\n<li><a href=\"https:\/\/www.freiburg-schwarzwald.de\/littenweiler\/tarodunum.htm#Tarodunum - Ausgrabungen im Westen von Zarten\">Tarodunum &#8211; Ausgrabungen im Westen von Zarten<\/a> &gt;Tarodunum (31.8.2005)<\/li>\n<li><\/li>\n<li><a href=\"https:\/\/www.freiburg-schwarzwald.de\/alemannisch\/index.htm\">Alemannische Mundart<\/a> &gt;Alemannisch<\/li>\n<li><a href=\"https:\/\/www.freiburg-schwarzwald.de\/kollnau.htm#Arbeitskreis Alt-Kollnau\">Alt-Kollnau Arbeitskreis<\/a> &gt;Kollnau<\/li>\n<li><a title=\"Genealogy\" href=\"https:\/\/www.freiburg-schwarzwald.de\/blog\/regio\/heimat\/geschichte\/genealogy\/\">Ahnenforschung im Schwarzwald<\/a> &gt;Genealogy<\/li>\n<li><a href=\"https:\/\/www.freiburg-schwarzwald.de\/geschichte#Archive in Freiburg - von Land BW, Stadt und Universit\u00e4t\">Archive in Freiburg &#8211; von Land BW, Stadt und Universit\u00e4t<\/a> &gt;Geschichte<\/li>\n<li><a href=\"https:\/\/www.freiburg-schwarzwald.de\/alemannisch\/badisch.htm\">Badisches<\/a> &gt;Badisch<\/li>\n<li><a title=\"Brauchtum\" href=\"https:\/\/www.freiburg-schwarzwald.de\/blog\/regio\/heimat\/brauchtum\/\">Brauchtum<\/a><\/li>\n<li><a href=\"https:\/\/www.freiburg-schwarzwald.de\/ortsschronik.htm\">Chronik: Ortschronik, H\u00f6fechronik<\/a> &gt;Ortschronik<\/li>\n<li><a href=\"https:\/\/www.freiburg-schwarzwald.de\/blog\/global\/deutschland\/ddr-geschichte\/\">DDR-Geschichte<\/a><\/li>\n<li><a href=\"https:\/\/www.freiburg-schwarzwald.de\/littenweiler\/historie.htm\">Historie und Geschichte vom Dreisamtal<\/a> &gt;Freiburg-Dreisamtal.de\/Historie<\/li>\n<li><a title=\"Deutsche-Geschichte\" href=\"https:\/\/www.freiburg-schwarzwald.de\/blog\/global\/deutschland\/deutsche-geschichte\/\">Deutsche Geschichte<\/a><\/li>\n<li><a href=\"https:\/\/www.freiburg-schwarzwald.de\/dichter.htm\">Dichter und Liefermacher<\/a> &gt;Dichter<\/li>\n<li><a title=\"Erinnerungsorte\" href=\"https:\/\/www.freiburg-schwarzwald.de\/blog\/regio\/heimat\/geschichte\/erinnerungsorte\/\">Erinnerungsorte<\/a><\/li>\n<li><a href=\"https:\/\/www.freiburg-schwarzwald.de\/freiburg1944.htm\">Freiburg: Bombardierung von Freiburg am 27.11.1944<\/a> &gt;Freiburg1944<\/li>\n<li><a title=\"Genealogy\" href=\"https:\/\/www.freiburg-schwarzwald.de\/blog\/regio\/heimat\/geschichte\/genealogy\/\">Genealogy<\/a><\/li>\n<li><a href=\"https:\/\/www.freiburg-schwarzwald.de\/blog\/germanen\/\">Germanen<\/a><\/li>\n<li><a href=\"https:\/\/www.freiburg-schwarzwald.de\/heimatforscher.htm\">Heimatforscher<\/a> &gt;Heimatforscher<\/li>\n<li><a href=\"https:\/\/www.freiburg-schwarzwald.de\/hinterzarten1944-1948.htm\">Hinterzarten &#8211; Zeitzeugen<\/a> &gt;Hinterzarten1944-1948<\/li>\n<li>Historie<\/li>\n<li><a href=\"https:\/\/www.freiburg-schwarzwald.de\/kirchen.htm\">Kirchen und Kirchengeschichte<\/a> &gt;Kirchen<\/li>\n<li><a href=\"https:\/\/www.freiburg-schwarzwald.de\/littenweiler\/littenweiler1945.htm\">Kriegs- und Nachkriegsjahre 1939-1946 in Freiburg<\/a> &gt;Littenweiler1945<\/li>\n<li><a href=\"https:\/\/www.freiburg-schwarzwald.de\/kunst.htm\">K\u00fcnstler von hier<\/a> &gt;Kunst<\/li>\n<li><a href=\"https:\/\/www.freiburg-schwarzwald.de\/littenweiler\/buch.htm\">Literatur und Buch auf Freiburg-dreisamtal.de<\/a> &gt;freiburg-ost.de\/Buch<\/li>\n<li><a href=\"https:\/\/www.freiburg-schwarzwald.de\/markgraeflerland.htm#Geschichtsverein Markgr\u00e4flerland\">Markgr\u00e4flerland: Geschichtsverein<\/a> &gt;Markgraeflerland<\/li>\n<li><a href=\"https:\/\/www.freiburg-schwarzwald.de\/oberrotweil.htm#Heimat- und Geschichtsverein Oberrotweil\">Oberrotweil: Heimat- und Geschichtsverein Oberrotweil<\/a> &gt;Oberrotweil<\/li>\n<li><a title=\"Strassennamen\" href=\"https:\/\/www.freiburg-schwarzwald.de\/blog\/kultur\/strassennamen\/\">Strassennamen<\/a><\/li>\n<li><a href=\"https:\/\/www.freiburg-schwarzwald.de\/littenweiler\/architekt1.htm#Johann Christian Wentzinger - Freiburgs gro\u00dfer Archikekt\">Johann Christian Wentzinger &#8211; Architekt, Maler und Bildhauer<\/a> &gt;Architekt<\/li>\n<li><a href=\"https:\/\/www.freiburg-schwarzwald.de\/geschichte#Links\">Links<\/a><\/li>\n<\/ul>\n<p>&nbsp;<\/p>\n<p><strong>Kostenloses Portal zur Regionalgeschichte Baden-W\u00fcrttemberg<\/strong><br \/>\nDie Kommission f\u00fcr geschichtliche Landeskunde in Baden-W\u00fcrttemberg stellt ihre Publikationen k\u00fcnftig frei zug\u00e4nglich online. Jeder landeskundlich Interessierte k\u00f6nne die Ver\u00f6ffentlichungen im Internet lesen, sie herunterladen, speichern, verlinken, drucken und nachnutzen, teilte die Badische Landesbibliothek am Montag mit. Den freien Zugang stellten die Badische Landesbibliothek und die W\u00fcrttembergische Landesbibliothek in Stuttgart bereit. Zum Auftakt haben die beiden kooperativ 30 Forschungsver\u00f6ffentlichungen der Kommission digitalisiert und online gestellt. Begonnen haben sie mit den neuesten Publikationen der &#8222;Reihe B&#8220;, die seit 1958 erscheint und 235 Titel umfasst.<br \/>\n26.11.2024, <a href=\"https:\/\/regionalia.blb-karlsruhe.de\">https:\/\/regionalia.blb-karlsruhe.de<\/a><br \/>\n<a href=\"https:\/\/books.wlb-stuttgart.de\">https:\/\/books.wlb-stuttgart.de<\/a><\/p>\n<p>&nbsp;<\/p>\n<p><strong>Geschichtsunterricht<\/strong><br \/>\nWarum gibt es das Schulfach Geschichte? M\u00fcsste es nicht korrekterweise \u201eFaktenunterricht der Vergangenheit\u201c hei\u00dfen? Schlie\u00dflich werden im Geschichtsunterricht keine Geschichten erz\u00e4hlt sondern Zahlen, Daten, Tatsachen vermittelt, die anschlie\u00dfend in Klausuren abgefragt werden. Wann begann und wann endete Weltkrieg Nummer zwei? Wer waren die Siegerm\u00e4chte, wer die Achsenm\u00e4chte, wer die Guten, wer die B\u00f6sen? Welches Ereignis l\u00f6ste den ersten Weltkrieg aus und wodurch endete er? Ein guter Sch\u00fcler lernt die Antworten auswendig und bekommt eine Eins.<\/p>\n<p>Nine-eleven, der elfte September 2001. Der Anschlag auf die Zwillingst\u00fcrme in New York, der \u00fcber 3000 Menschen das Leben kostete und mittelbar Millionen Tote durch sich anschlie\u00dfende Kriege zur Folge hatte. \u201eFlugzeug, Flugzeug, Turm, Turm.\u201c Auf diese vier Worte komprimiert der Historiker Daniele Ganser in seinen Vortr\u00e4gen die offizielle Geschichte, die in den K\u00f6pfen der Menschen fest verankert ist. Auch ich habe diese Geschichte lange geglaubt. Nun nicht mehr. Was ist \u00fcberhaupt wahr an den vielen Geschichten, die ich geglaubt und verinnerlicht habe? Es m\u00fcssen ja nicht immer Kriegsgeschichten sein.<\/p>\n<p>\u201eSchiff, Eisberg, Zusammenprall, Untergang.\u201c Das sind in Stichworten die Eckpfeiler der offiziellen Geschichte des Untergangs der Titanic im Jahr 2012. So habe ich es einst in der Schule gelesen, gelernt und auf der Leinwand best\u00e4tigt bekommen. Und dann sah ich 2022 den faszinierenden Vortrag des Milit\u00e4rhistorikers Ivo Mechtel, der eine faktenbasierte andere Geschichte um Mythos und Wahrheit der Titanic erz\u00e4hlte. Der Vortrag l\u00f6ste neben Faszination ein zweites Gef\u00fchl in mir aus. Wut. Es war eine Wut auf mich selbst, die offizielle Version der Geschichte nie hinterfragt zu haben.<\/p>\n<p>Wie oft also handelt es sich um knallharte, historische Fakten und wie oft ist es einfach nur eine Erz\u00e4hlung, ein Narrativ, eine Geschichte, die mir verkauft wurde? Interessant ist die Antwort des <a href=\"https:\/\/www.freiburg-schwarzwald.de\/blog\/global\/globalisierung\/wef\/\">WEF-Philosophen Yuval Noah Harari<\/a> auf diese meine Frage. Um Menschen zu erreichen und sie f\u00fcr sich zu gewinnen, m\u00fcsse man ihnen eine Geschichte erz\u00e4hlen. So Harari. Sein ber\u00fchmtestes, millionenfach verkauftes Buch hei\u00dft \u201eEine kurze Geschichte der Menschheit\u201c. Fast genauso bekannt ist sein Buch \u201eHomo Deus \u2013 Eine Geschichte von Morgen\u201c. Laut Etikett handelt es sich um Sachb\u00fccher. Schlie\u00dflich ist Harari Historiker. Seltsam. Seine leicht zu lesenden B\u00fccher gibt es immer auch in einer Comic-Version. Geschichte als Comic?<br \/>\nGeschichtsunterricht, Nine-eleven, Titanic, Harari \u2013 all diese Assoziationen haben mich \u00fcberflutet, nachdem ich mir das Carlson-Interview ein zweites Mal angeschaut habe. Warum? Zwar enth\u00e4lt das Interview auch kritische Passagen, in welchen sich der russische Pr\u00e4sident rechtfertigen muss. Exemplarisch sei die Personalie Evan Gershkovich genannt. Das ist der US-amerikanische Reporter, der seit M\u00e4rz 2023 in Russland wegen Spionageverdacht unter Arrest steht. Und doch wirkt der zweist\u00fcndige Dialog beim zweiten Anschauen eher wie ein Kamingespr\u00e4ch zweier geschichtsinteressierter Menschen.<\/p>\n<p>Bei diesem Geschichtsunterricht wirkt Wladimir Putin wie ein Lehrer und Tucker Carlson wie ein faszinierter neugieriger Sch\u00fcler. Nur wenige wissen: Carlson ist nicht nur Journalist und Ein-Mann-Medienunternehmer. Er hat auch einen Abschluss in Geschichte. So wie ich als geschichtsinteressierter Mensch fasziniert bin von einem Vortrag des Historikers Ivo Mechtel, war Tucker Carlson fasziniert, den russischen Blick auf die Geschichte kennenzulernen.<br \/>\nDabei geht es nicht um wahr und falsch, gut und b\u00f6se, sondern nur um einen anderen Blickwinkel. Im Gegensatz zu westlichen Geschichtserkl\u00e4rungen ist der russische Blick differenziert, kompliziert und vor allem enth\u00e4lt dieser Blick die politische Botschaft \u201eJede Geschichte hat eine Vorgeschichte\u201c. Das kann man als relativierend kritisieren. Putin relativiert in der Tat. Nur bedeutet Relativieren nicht Verharmlosen. Relativieren hei\u00dft die Dinge und die Geschichte in einen Zusammenhang zu setzen. Ist das absurd?<\/p>\n<p>\u201eEine v\u00f6llig absurde Geschichte\u201c. Das war die erste Reaktion des deutschen Bundeskanzlers aus den USA zu den im Interview get\u00e4tigten Aussagen Putins. Scholz h\u00e4lt an der Zeitenwenden-Geschichte fest. Nach dieser Geschichte \u00fcberfiel eines sch\u00f6nen Tages im Februar 2020 Russland die Ukraine, um aus imperialem Interesse einen Angriffskrieg zu starten. Das wiederum halte ich f\u00fcr absurd.<\/p>\n<p>Nun bin ich \u2013 Gott sei gedankt \u2013 kein Geschichtslehrer, der Noten verteilt. W\u00e4re ich einer, w\u00fcrde ich nur dem Sch\u00fcler eine Eins geben, der beide Geschichten hinterfragt. Drei, drei, drei, bei Issos Keilerei! Das kann jeder erlernen. Wieso? Weshalb? Warum? Das Sesamstra\u00dfenmotto wird heute vielen Sch\u00fclern abtrainiert.<\/p>\n<p>Warum hei\u00dft das Schulfach Geschichte? Es hei\u00dft leider zu Recht so.<br \/>\n&#8230; Alles vom 11.2.2024 von Peter L\u00f6cke bitte lesen auf<br \/>\n<a href=\"https:\/\/clubderklarenworte.de\/geschichtsunterreicht\/\">https:\/\/clubderklarenworte.de\/geschichtsunterreicht\/<\/a><\/p>\n<p>&nbsp;<\/p>\n<p>&nbsp;<\/p>\n<p><strong>Nachkriegsgeschichte Europas ab 1949: Versagen des Westens<\/strong><br \/>\nDie Analyse der Nachkriegsgeschichte Europas ist aufschlussreich. Der <a href=\"https:\/\/www.freiburg-schwarzwald.de\/blog\/engagement\/zukunft\/demokratie\/westen\/\">Westen<\/a> hat nach dem Zusammenbruch des gr\u00f6\u00dften Teils der sozialistischen Staaten, vor allem der Aufl\u00f6sung des Warschauer Paktes, nicht nur nicht die Chance ergriffen, seine Strukturen der neuen Weltlage anzupassen, er hat an ihnen festgehalten und sie, wie die Nato und die EU erweitert, ohne die passenden Voraussetzungen daf\u00fcr zu haben oder sich um die Folgen zu k\u00fcmmern. Nun f\u00e4llt ihm das auf die F\u00fc\u00dfe. Das wird besonders deutlich am Verh\u00e4ltnis zu Russland.<br \/>\nNach der dem Fall des Eisernen Vorhangs hat es der Westen vers\u00e4umt zu erkennen, dass Russland nicht die alte Sowjetunion ist. Er hielt am alten Feindbild fest und ignorierte alle Versuche Russlands, sich dem Westen anzun\u00e4hern. Das treibt Russland in die Arme Chinas, das mit allen Mitteln anstrebt, die Weltmacht Nr.1 zu werden.<br \/>\nDie Quittung f\u00fcr das kollektive Versagen des Westens, zu dem seit dem Fall des Eisernen Vorhangs auch die meisten mittel- und osteurop\u00e4ischen Staaten z\u00e4hlen, ist, dass sein Handlungsspielraum seit dem Ende des Zweiten Weltkrieges immer mehr geschrumpft ist.<\/p>\n<p>Das ist tats\u00e4chlich gef\u00e4hrlich in einer Situation, in der es jede Menge ungel\u00f6ste Krisen und schwelende Krisenherde gibt. Das wird von den Autoren in f\u00fcnf Kapiteln eindr\u00fccklich dargestellt. Vom asiatischen Halbmond (die Staatengruppe, die sich von Japan bis nach Afghanistan um China legt, dem kurdischen Viereck (Syrien, Iran. Irak, T\u00fcrkei), dem Nahostkonflikt (der Mutter aller Krisen), dem Persischen Golf und dem Roten Meer und last not least Zentralafrika \u2013 im allen Regionen war der Westen aktiv und hat auf vielf\u00e4ltige Weise versagt.<\/p>\n<p>Wenn man das hintereinander weg liest, fragt man sich, woher der allgemeine Eindruck kommt, der Westen habe weltweit zur Bef\u00f6rderung von Demokratie und Menschenrechten beigetragen. Tats\u00e4chlich hat er das postkoloniale Chaos, das er hinterlassen hat, weil die Kolonien in staatlichen Gebilden in die Unabh\u00e4ngigkeit entlassen wurden, die willk\u00fcrlich nach den Bed\u00fcrfnissen der ehemaligen Kolonialherren, nicht nach den historischen Gegebenheiten geformt worden sind, noch durch falsch verstandene \u201eEntwicklungshilfe\u201c gef\u00f6rdert, die, so sie nicht dem Wohlleben der Entwicklungshelfer diente, Autokraten, Potentaten und Diktatoren die Taschen f\u00fcllte.<\/p>\n<p>Statt aus den Fehlern zu lernen, h\u00e4lt die Ignoranz bis heute an. Selbst so ein absurdes Detail, wie die \u201eEntwicklungshilfe\u201c, die Deutschland bis heute an China zahlt, wird nicht korrigiert.<br \/>\nAber nicht nur mit seinem Geld hat der Westen Diktaturen unterst\u00fctzt und am Leben gehalten. Im Laufe der Jahrzehnte hat er zehn- wenn nicht gar hunderttausende Soldaten und Offiziere aus den Entwicklungsl\u00e4ndern ausgebildet, darunter etliche Putschisten, Diktatoren und Massenm\u00f6rder.<br \/>\nAndererseits waren die Europ\u00e4er nicht willens, den im Zuge der Aufl\u00f6sung Jugoslawiens begangenen V\u00f6lkermord zu beenden. Das mussten die Amerikaner f\u00fcr sie tun, die aber zunehmend das Interesse daran verlieren, sich f\u00fcr die Sicherheit der Europ\u00e4er zu engagieren. Schon Barack Obama hatte der deutschen Antiterrorgruppe GSG 9 nicht gestattet, ein amerikanisches Kriegsschiff vor der K\u00fcste Somalias als Basis zu benutzen, um die Besatzung eines deutschen Frachters aus den H\u00e4nden der Piraten zu befreien. Die Autoren sind sich sicher, dass sich das unter dem neuen Pr\u00e4sidenten Joe Biden nicht \u00e4ndern wird.<br \/>\n.<br \/>\nAber auch in Afrika haben die Europ\u00e4er Massenmorden zugeschaut, wie in Ruanda. Im April 1994, auf dem H\u00f6hepunkt des Mordens, dem drei Viertel der in Ruanda lebenden Tutsis zum Opfer fielen, beschloss der Sicherheitsrat der Vereinten Nationen die in Ruanda stationierten Blauhelme auf symbolische 270 zu reduzieren. Frankreich unterst\u00fctzte das Hutu-Regime sogar mit Marineinfanteristen und Fremdenlegion\u00e4ren, lieferte Waffen und lie\u00df sp\u00e4ter eine Schutzzone f\u00fcr fliehende V\u00f6lkerm\u00f6rder einrichten. Nach dem Massaker in Ruanda wurde der Krieg zwischen Hutus und Tutsis im Nachbarland Zaire fortgesetzt. Dies ist nur ein Schlaglicht auf das permanente Versagen des Westens als Stifter von Frieden und Demokratie.<br \/>\n. Alles vom 7.2.2021 bitte lesen auf<br \/>\n<a href=\"https:\/\/vera-lengsfeld.de\/2021\/02\/07\/letzte-chance-warum-wir-jetzt-eine-neue-weltordnung-brauchen\/#more-5805\">https:\/\/vera-lengsfeld.de\/2021\/02\/07\/letzte-chance-warum-wir-jetzt-eine-neue-weltordnung-brauchen\/#more-5805<\/a><br \/>\n.<\/p>\n<p><em>Gregor Sch\u00f6llgen und Gerhard Schr\u00f6der:<\/em><br \/>\n<em>Letzte Chance: Warum wir jetzt eine neue Weltordnung brauchen<\/em><br \/>\n<em>2021, DVA, 22 Euro<\/em><\/p>\n<p>&nbsp;<\/p>\n<p>.<\/p>\n<p>&nbsp;<\/p>\n<p><strong>Geschichte: Die Verbl\u00f6dung breitet sich aus &#8211; Nazi und haram verwechseln<\/strong><br \/>\nF\u00fcr Intellektuelle ist es h\u00f6chste Zeit, ins Exil zu gehen und eine Not-Republik, so etwas wie ein \u201eLittle Germany\u201d zu gr\u00fcnden, um das Wissen dort zu retten. Die Frage ist nur: Wo? Wo k\u00f6nnte man noch hin? Bleiben eigentlich nur noch Mond oder Mars. Die WELT schreibt gerade zum abst\u00fcrzenden Wissensstand der Deutschen und \u201eDeutschen\u201d: &#8222;<em>Massenverbl\u00f6dung \u2013 Das gebildete Deutschland schafft sich ab&#8220;<\/em><br \/>\nSage ich im Blog und auf dieser Webseite seit 20 Jahren. Das Wissen der Deutschen erodiert. In Neuk\u00f6lln etwa haben 40 Prozent der Jugendlichen keinen Schulabschluss. <em><strong>Dabei haben wir aus unserer Geschichte gelernt, dass Dummheit t\u00f6dlich sein kann<\/strong><\/em>.<br \/>\nWir wollen aber doch Kommunismus-Sozialismus. Und der geht nur mit Dummen. &#8230;<br \/>\nUnd was geschah am 13.\u2009August 1961? Rund die H\u00e4lfte der Deutschen kann diese Frage nicht beantworten, p\u00fcnktlich zum 25-j\u00e4hrigen Jubil\u00e4um des Mauerfalls. Das ergab eine aktuelle Umfrage von infratest dimap. Bei den unter 30-J\u00e4hrigen konnten sogar nur 32 Prozent das historische Ereignis richtig einordnen. Der Bildungsnotstand erfasst alle Schichten der Gesellschaft. &#8230;<br \/>\nHinzu komme, dass sich viele eben nicht als Deutsche oder deutsche Staatsb\u00fcrger begreifen, sondern als Pal\u00e4stinenser, Senegalesen und T\u00fcrken. \u201eWas haben wir mit eurer Geschichte zu tun?\u201c, hei\u00dft es dann. <a title=\"Buschkowsky\" href=\"https:\/\/www.freiburg-schwarzwald.de\/blog\/global\/integration\/parallelgesellschaft\/buschkowsky\/\">Buschkowsky<\/a>: <em>\u201eDa steht doch ein Lehrer auf verlorenem Posten, wenn er von den Konzentrations- und Vernichtungslagern der Nazis erz\u00e4hlt, in denen Millionen Juden umgebracht wurden. Die harmloseste Reaktion von zumeist muslimischen Migrantenkindern ist demonstratives Desinteresse. Manchmal wird\u2019s auch heftig und nicht zitierf\u00e4hig.\u201c<\/em><br \/>\n.<br \/>\nWie man das nennt? <a title=\"Bevoelkerungsaustausch\" href=\"https:\/\/www.freiburg-schwarzwald.de\/blog\/engagement\/zukunft\/demografie\/bevoelkerungsaustausch\/\">Bev\u00f6lkerungsaustausch<\/a>. Daf\u00fcr wird gerade jeder als Nazi in die Ecke gestellt, der das anspricht. Was nicht origin\u00e4r schlimm ist, wenn die Mehrheit der Bev\u00f6lkerung nicht mehr wei\u00df, was ein Nazi ist. Dumm halt, wenn die dann glauben, dass \u201eNazi\u201d das deutsche Wort f\u00fcr \u201eharam\u201d sei, weil Linke es so gebrauchen. Und die Verbl\u00f6dung ist in Berlin zwar weit fortgeschritten, breitet sich aber aus:<br \/>\n&#8230; Alles vom 11.8.2019 bitte lesen auf<br \/>\n<a href=\"https:\/\/www.danisch.de\/blog\/2019\/08\/11\/als-das-wissen-ins-exil-musste\/#more-30461\">https:\/\/www.danisch.de\/blog\/2019\/08\/11\/als-das-wissen-ins-exil-musste\/#more-30461<\/a><\/p>\n<p>&nbsp;<\/p>\n","protected":false},"excerpt":{"rendered":"<p>Home &gt;Regio &gt;Heimat &gt;Geschichte Geschichte, Heimatgeschichte, Geschichtsverein, Chronik,\u00a0 Dorfgeschichte, &#8230; &nbsp; Listenauswahl eines Beitrags (Artikel\/Datum, Seite\/Inhalt):\u00a0Klicken\u00a0oder scrollen DDR-Geschichte soll im Lehrplan wegfallen k\u00f6nnen\u00a0(16.1.2026) Freiburger Stadtgeschichte: BZ-Serie Wiedersehen digital\u00a0(12.1.2026) Meinungsfreiheit heute \u2013 Dortu\u00a0(1.8.2025) Kostenloses Portal zur Regionalgeschichte Baden-W\u00fcrttemberg (26.11.2 20. Juli &hellip; <a href=\"https:\/\/www.freiburg-schwarzwald.de\/blog\/regio\/heimat\/geschichte\/\">Weiterlesen <span class=\"meta-nav\">&rarr;<\/span><\/a><\/p>\n","protected":false},"author":2,"featured_media":0,"parent":1681,"menu_order":0,"comment_status":"open","ping_status":"closed","template":"","meta":{"footnotes":""},"class_list":["post-4347","page","type-page","status-publish","hentry"],"_links":{"self":[{"href":"https:\/\/www.freiburg-schwarzwald.de\/blog\/wp-json\/wp\/v2\/pages\/4347","targetHints":{"allow":["GET"]}}],"collection":[{"href":"https:\/\/www.freiburg-schwarzwald.de\/blog\/wp-json\/wp\/v2\/pages"}],"about":[{"href":"https:\/\/www.freiburg-schwarzwald.de\/blog\/wp-json\/wp\/v2\/types\/page"}],"author":[{"embeddable":true,"href":"https:\/\/www.freiburg-schwarzwald.de\/blog\/wp-json\/wp\/v2\/users\/2"}],"replies":[{"embeddable":true,"href":"https:\/\/www.freiburg-schwarzwald.de\/blog\/wp-json\/wp\/v2\/comments?post=4347"}],"version-history":[{"count":6,"href":"https:\/\/www.freiburg-schwarzwald.de\/blog\/wp-json\/wp\/v2\/pages\/4347\/revisions"}],"predecessor-version":[{"id":144376,"href":"https:\/\/www.freiburg-schwarzwald.de\/blog\/wp-json\/wp\/v2\/pages\/4347\/revisions\/144376"}],"up":[{"embeddable":true,"href":"https:\/\/www.freiburg-schwarzwald.de\/blog\/wp-json\/wp\/v2\/pages\/1681"}],"wp:attachment":[{"href":"https:\/\/www.freiburg-schwarzwald.de\/blog\/wp-json\/wp\/v2\/media?parent=4347"}],"curies":[{"name":"wp","href":"https:\/\/api.w.org\/{rel}","templated":true}]}}