{"id":43422,"date":"2014-01-03T09:53:17","date_gmt":"2014-01-03T08:53:17","guid":{"rendered":"https:\/\/www.freiburg-schwarzwald.de\/blog\/?page_id=43422"},"modified":"2026-04-22T12:05:17","modified_gmt":"2026-04-22T10:05:17","slug":"russland","status":"publish","type":"page","link":"https:\/\/www.freiburg-schwarzwald.de\/blog\/global\/russland\/","title":{"rendered":"Russland"},"content":{"rendered":"<p><a href=\"https:\/\/www.freiburg-schwarzwald.de\/blog\/\">Home<\/a>\u00a0&gt;<a title=\"Global\" href=\"https:\/\/www.freiburg-schwarzwald.de\/blog\/global\/\">Globa<\/a>l &gt;Russland<\/p>\n<p><a href=\"https:\/\/www.freiburg-schwarzwald.de\/blog\/global\/finanzsystem\/zins\/lindenberg2-nebel-pan131212\/\" rel=\"attachment wp-att-42429\"><img loading=\"lazy\" decoding=\"async\" class=\"size-full wp-image-42429\" title=\"lindenberg2-nebel-pan131212\" src=\"https:\/\/www.freiburg-schwarzwald.de\/blog\/wp-content\/uploads\/2013\/12\/lindenberg2-nebel-pan131212.jpg\" alt=\"\" width=\"638\" height=\"206\" srcset=\"https:\/\/www.freiburg-schwarzwald.de\/blog\/wp-content\/uploads\/2013\/12\/lindenberg2-nebel-pan131212.jpg 638w, https:\/\/www.freiburg-schwarzwald.de\/blog\/wp-content\/uploads\/2013\/12\/lindenberg2-nebel-pan131212-180x58.jpg 180w\" sizes=\"auto, (max-width: 638px) 100vw, 638px\" \/><\/a><\/p>\n<p>Blick am 12.12.2013 vom Lindenberg bei St. Peter nach S\u00fcden \u00fcbers Dreisamtal im Nebel zum Schauinsland<\/p>\n<p>&nbsp;<\/p>\n<ul>\n<li><em>Listenauswahl eines Beitrags (Artikel\/Datum, Seite\/Inhalt):\u00a0<span style=\"text-decoration: underline;\">Klicken<\/span>\u00a0oder scrollen<\/em><\/li>\n<li><a href=\"https:\/\/www.freiburg-schwarzwald.de\/blog\/russland-frieden-deutschland\/\">Russland Frieden Deutschland<\/a>\u00a0(22.4.2026)<\/li>\n<li><a href=\"https:\/\/www.freiburg-schwarzwald.de\/blog\/engagement\/zukunft\/krieg\/kriegspropaganda\/\">Miosga: \u201eHaben Sie nicht den Eindruck, dass Putin uns droht?\u201c Wo Journalismus sein sollte, spritzen Ignoranz und Ideologie aus allen Poren<\/a>\u00a0(10.2.2026)<\/li>\n<li><a href=\"https:\/\/www.freiburg-schwarzwald.de\/blog\/global\/eu\/eu-aussenpolitik\/\">Wird die EU-Mitgliedschaft der Ukraine Russlands gr\u00f6\u00dfte Niederlage?<\/a> (29.1.2026)<\/li>\n<li><a href=\"https:\/\/www.freiburg-schwarzwald.de\/blog\/eu-sanktionen-vs-jacques-baud\/\">EU-Sanktionen vs Jacques Baud<\/a>\u00a0(19.12.2025)<\/li>\n<li><a href=\"https:\/\/www.freiburg-schwarzwald.de\/blog\/engagement\/zukunft\/krieg\/soldaten\/\">Warum die Arbeit des Volksbundes Deutscher Kriegsgr\u00e4berf\u00fcrsorge in Russland ins Stocken kommt<\/a>\u00a0(7.11.2025)<\/li>\n<li><a href=\"https:\/\/www.freiburg-schwarzwald.de\/blog\/global\/russland\/nie-wieder-gegen-russland\/\">Albrecht M\u00fcller: \u201eWir wollen ein Volk der guten Nachbarn sein\u201c<\/a>\u00a0(4.11.2025)<\/li>\n<li><a href=\"https:\/\/www.freiburg-schwarzwald.de\/blog\/global\/russland\/russland-valentina\/\">\u201eValentina, ich sch\u00e4me mich f\u00fcr mein Land!\u201c \u2013 Brief an eine 84j\u00e4hrige Babuschka in der russischen Provinz<\/a>\u00a0(29.10.2025)<\/li>\n<li><a href=\"https:\/\/www.freiburg-schwarzwald.de\/blog\/engagement\/zukunft\/demokratie\/politik\/politik-infantil\/\">EVP-Chef Weber ruft zur Sabotage der Moskauer U-Bahn auf<\/a>\u00a0(30.9.2025)<\/li>\n<li><a href=\"https:\/\/www.freiburg-schwarzwald.de\/blog\/kultur\/musik\/geige\/\">Der russische Geiger Maxim Kosinov spielt auf dem Wieselhof<\/a>\u00a0(16.7.2025)<\/li>\n<li><a href=\"https:\/\/www.freiburg-schwarzwald.de\/blog\/global\/russland\/russland-rohstoffe\/\">Rohstoffmacht Ru\u00dfland: Fossile Sch\u00e4tze fast ohne Ende<\/a> (18.4.2025)<\/li>\n<li><a href=\"https:\/\/www.freiburg-schwarzwald.de\/blog\/engagement\/zukunft\/krieg\/nachruestung\/\">Nato 13 bzw. 3 mal (ohne USA) st\u00e4rker als Russland<\/a>\u00a0(24.3.2025)<\/li>\n<li><a href=\"https:\/\/www.freiburg-schwarzwald.de\/blog\/global\/russland\/nie-wieder-gegen-russland\/\">Nie wieder gegen Russland!<\/a>\u00a0(14.3.2025)<\/li>\n<li><a href=\"https:\/\/www.freiburg-schwarzwald.de\/blog\/die-friedensbewegung-schweigt\/\">Die Friedensbewegung schweigt<\/a>\u00a0(20.9.2024)<\/li>\n<li><a href=\"https:\/\/www.freiburg-schwarzwald.de\/blog\/global\/russland\/russland-bashing\/\">Giorgio Agamben zu Russland: Die Erfindung des Feindes<\/a>\u00a0(11.6.2024)<\/li>\n<li><a href=\"https:\/\/www.freiburg-schwarzwald.de\/blog\/kujat-niederlage-der-ukraine\/\">Kujat: Niederlage der Ukraine<\/a> (11.5.2024)<\/li>\n<li><a href=\"https:\/\/www.freiburg-schwarzwald.de\/blog\/global\/deutschland\/deutsche-interessen\/\">Klaus von Dohnanyi: Nationale Interessen<\/a>\u00a0(7.5.2024)<\/li>\n<li><a href=\"https:\/\/www.freiburg-schwarzwald.de\/blog\/rettet-die-ukraine\/\">Rettet die Ukraine!<\/a>\u00a0(25.2.2024)<\/li>\n<li><a href=\"https:\/\/www.freiburg-schwarzwald.de\/blog\/interview-carlson-putin\/\">Interview Carlson \u2013 Putin<\/a>\u00a0(9.2.2024)<\/li>\n<li><a href=\"https:\/\/www.freiburg-schwarzwald.de\/blog\/nato-erweiterung-oder-krieg\/\">NATO-Erweiterung oder Krieg?<\/a>\u00a0(10.9.2023)<\/li>\n<li><a href=\"https:\/\/www.freiburg-schwarzwald.de\/blog\/antikriegstag-gemetzel-beenden\/\">Antikriegstag: Gemetzel beenden<\/a>\u00a0(31.8.2023)<\/li>\n<li><a href=\"https:\/\/www.freiburg-schwarzwald.de\/blog\/engagement\/zukunft\/krieg\/atomkrieg\/\">Michail Gorbatschows politisches Testament<\/a> (2.8.2023)<\/li>\n<li><a href=\"https:\/\/www.freiburg-schwarzwald.de\/blog\/global\/ukraine\/vorgeschichte\/\">Jacques Baud: \u201ePutin \u2013 Herr des Geschehens?\u201c \u2013 Rezension<\/a>\u00a0(20.7.2023)<\/li>\n<li><a href=\"https:\/\/www.freiburg-schwarzwald.de\/blog\/engagement\/buergerinitiativen\/demos-in-freiburg\/freiseinfreiburg\/\">Eine russische Partnerstadt \u2013 eine ukrainische hat Freiburg ja schon<\/a>\u00a0(12.4.2023)<\/li>\n<li><a href=\"https:\/\/www.freiburg-schwarzwald.de\/blog\/usa-und-nato-in-der-falle\/\">USA und NATO in der Falle<\/a>\u00a0(7.4.2023)<\/li>\n<li><a href=\"https:\/\/www.freiburg-schwarzwald.de\/blog\/global\/suedafrika\/\">S\u00fcdafrika: Russland ist und bleibt unser Freund<\/a> (30.3.2023)<\/li>\n<li><a href=\"https:\/\/www.freiburg-schwarzwald.de\/blog\/historisch-russland-mit-china\/\">Historisch: &#8222;Russland mit China&#8220;<\/a> (27.3.2023)<\/li>\n<li><a href=\"https:\/\/www.freiburg-schwarzwald.de\/blog\/global\/ukraine\/waffenstillstand\/\">Frieden schaffen! \u2013 Aufruf Peter Brandt<\/a>\u00a0(20.3.2023)<\/li>\n<li><a href=\"https:\/\/www.freiburg-schwarzwald.de\/blog\/business\/wirtschaft\/sanktionen\/\">So \u201ewirkten\u201c die Sanktionen: 311 Milliarden Euro Handels\u00fcberschuss in Russland<\/a>\u00a0(13.3.2022)<\/li>\n<li><a href=\"https:\/\/www.freiburg-schwarzwald.de\/blog\/lula-verhandlungen-ukraine\/\">Lula: Verhandlungen Ukraine<\/a>\u00a0(4.2.2023)<\/li>\n<li><a href=\"https:\/\/www.freiburg-schwarzwald.de\/blog\/ukraine-es-geht-um-rohstoffe\/\">Ukraine: Es geht um Rohstoffe<\/a>\u00a0(3.2.2023)<\/li>\n<li><a href=\"https:\/\/www.freiburg-schwarzwald.de\/blog\/engagement\/zukunft\/krieg\/kriegspropaganda\/\">Jetzt verstehe ich meine Eltern \u2013 Was ist heute anders?<\/a>\u00a0(25.1.2023)<\/li>\n<li><a href=\"https:\/\/www.freiburg-schwarzwald.de\/blog\/engagement\/zukunft\/demokratie\/diplomatie\/\">Jeffrey Sachs: Neutrale Staaten als Vermittler im Ukrainekrieg<\/a>\u00a0(26.1.2023)<\/li>\n<li><a href=\"https:\/\/www.freiburg-schwarzwald.de\/blog\/bildung\/wissenschaft\/wissenschaft-krieg\/\">Philosophie und Wissenschaft als Fortsetzung des Krieges mit anderen Mitteln?<\/a>\u00a0(17.1.2023)<\/li>\n<li><a href=\"https:\/\/www.freiburg-schwarzwald.de\/blog\/engagement\/zukunft\/krieg\/kriegspropaganda\/\">Die konstante deutsche Kriegspropaganda<\/a>\u00a0(14.1.2023)<\/li>\n<li><a href=\"https:\/\/www.freiburg-schwarzwald.de\/blog\/de-gaulle-f-d-eu-ru-ua-usa\/\">De Gaulle: F, D, EU, RU, UA, USA<\/a>\u00a0(12.1.2023)<\/li>\n<li><a href=\"https:\/\/www.freiburg-schwarzwald.de\/blog\/global\/eu\/europa\/europa-usa\/\">Ulrike Gu\u00e9rot, Hauke Ritz: Endspiel Europa<\/a>\u00a0(16.12.2022)<\/li>\n<li><a href=\"https:\/\/www.freiburg-schwarzwald.de\/blog\/friedensbewegung-ukrainekrieg\/\">Friedensbewegung Ukrainekrieg<\/a>\u00a0(15.12.2022)<\/li>\n<li><a href=\"https:\/\/www.freiburg-schwarzwald.de\/blog\/merkel-minsk-zum-zeitgewinn\/\">Merkel: Minsk zum Zeitgewinn<\/a>\u00a0(15.12.2022)<\/li>\n<li><a href=\"https:\/\/www.freiburg-schwarzwald.de\/blog\/engagement\/zukunft\/frieden\/friedensbewegung\/\">Oskar Lafontaine: Ukraine \u2013 Der Stellvertreterkrieg<\/a> (29.11.2022)<\/li>\n<li><a href=\"https:\/\/www.freiburg-schwarzwald.de\/blog\/ukrainekrieg-verhandlungen\/\">Ukrainekrieg: Verhandlungen!<\/a>\u00a0(10.11.2022)<\/li>\n<li><a href=\"https:\/\/www.freiburg-schwarzwald.de\/blog\/energie\/gas\/\">Die USA haben den Gaskrieg gegen Russland gewonnen<\/a>\u00a0(9.11.2022)<\/li>\n<li><a href=\"https:\/\/www.freiburg-schwarzwald.de\/blog\/krone-schmalz-ru-und-ua\/\">Krone-Schmalz: RU und UA<\/a>\u00a0(1.11.2022)<\/li>\n<li><a href=\"https:\/\/www.freiburg-schwarzwald.de\/blog\/global\/migration\/auswanderung\/\">Auswandern aus Ukraine, Russland und Deutschland<\/a>\u00a0(28.10.2022)<\/li>\n<li><a href=\"https:\/\/www.freiburg-schwarzwald.de\/blog\/negotiations-or-armageddon\/\">Negotiations or Ukraine Armageddon<\/a>\u00a0(14.10.2022)<\/li>\n<li><a href=\"https:\/\/www.freiburg-schwarzwald.de\/blog\/ukraine-deutsche-diplomatie\/\">Ukraine: Deutsche Diplomatie?<\/a>\u00a0(27.9.2022)<\/li>\n<li>Michail Gorbatschow&#8217;s Tod: Wo bleibt die deutsche Dankbarkeit? (26.9.2022)<\/li>\n<li><a href=\"https:\/\/www.freiburg-schwarzwald.de\/blog\/sanktionen-nein-erdgas-ja\/\">Sanktionen nein \u2013 Erdgas ja<\/a>\u00a0(17.9.2022)<\/li>\n<li><a href=\"https:\/\/www.freiburg-schwarzwald.de\/blog\/business\/wirtschaft\/sanktionen\/\">Sahra Wagenknecht im Bundestag: Ende der Sanktionen<\/a>\u00a0(7.9.2022)<\/li>\n<li><a href=\"https:\/\/www.freiburg-schwarzwald.de\/blog\/global\/usa\/us-geopolitik\/\">Das falsche Narrativ des Westens \u00fcber Russland und China<\/a>\u00a0(30.8.2022)<\/li>\n<li><a href=\"https:\/\/www.freiburg-schwarzwald.de\/blog\/global\/deutschland\/deutschland-russland\/\">Warum Ru\u00dfland den Krieg in der Ukraine nicht verlieren kann, aber ein Sieg Ru\u00dflands Niedergang nicht aufhalten wird<\/a> (5.8.2022)<\/li>\n<li><a href=\"https:\/\/www.freiburg-schwarzwald.de\/blog\/religion\/nihilismus\/\">Dostojewski \u201eB\u00f6se Geister\u201c: Nihilismus und Destruktion<\/a>\u00a0(8.7.2022)<\/li>\n<li><a href=\"https:\/\/www.freiburg-schwarzwald.de\/blog\/g7-treffen-in-elmau-minderheit\/\">G7-Treffen in Elmau: Minderheit<\/a>\u00a0(1.7.2022)<\/li>\n<li><a href=\"https:\/\/www.freiburg-schwarzwald.de\/blog\/business\/wirtschaft\/sanktionen\/\">Jacques Baud: Sanktionen wirkungslos f\u00fcr Russland<\/a> (27.6.2022)<\/li>\n<li><a href=\"https:\/\/www.freiburg-schwarzwald.de\/blog\/ukraine-der-sinnlose-krieg\/\">Ukraine \u2013 der sinnlose Krieg<\/a>\u00a0(27.6.2022)<\/li>\n<li><a href=\"https:\/\/www.freiburg-schwarzwald.de\/blog\/berlin-panzerlieferung-im-web\/\">Berlin: Panzerlieferung im Web<\/a>\u00a0(22.6.2022)<\/li>\n<li><a href=\"https:\/\/www.freiburg-schwarzwald.de\/blog\/drewermann-rede-gegen-krieg\/\">Drewermann: Rede gegen den Krieg<\/a>\u00a0(2.6.2022)<\/li>\n<li><a href=\"https:\/\/www.freiburg-schwarzwald.de\/blog\/global\/usa\/us-geopolitik\/\">Guerot: Vier Kriege toben in der Ukraine<\/a>\u00a0(2.6.2022)<\/li>\n<li><a href=\"https:\/\/www.freiburg-schwarzwald.de\/blog\/global\/ukraine\/ukraine-russland\/\">The Russo-Ukrainian War: A New Opportunity for Demagogues to Destroy Freedoms at Home<\/a>\u00a0(14.5.2022)<\/li>\n<li><a href=\"https:\/\/www.freiburg-schwarzwald.de\/blog\/global\/ukraine\/ukraine-frieden\/\">Henry Kissinger: Ukraine mu\u00df Krim und Donbass an Russland abtreten<\/a>\u00a0(26.5.2022)<\/li>\n<li><a href=\"https:\/\/www.freiburg-schwarzwald.de\/blog\/100-jahre-rapallo-vertrag-d-ru\/\">100 Jahre Rapallo-Vertrag Deutschland &#8211; Russland<\/a> (20.5.2022)<\/li>\n<li><a href=\"https:\/\/www.freiburg-schwarzwald.de\/blog\/global\/ukraine\/ukraine-frieden\/\">Peter Scholl-Latour sagt 2008 wie 2014 Ukraine voraus<\/a> (15.5.2022)<\/li>\n<li><a href=\"https:\/\/www.freiburg-schwarzwald.de\/blog\/global\/deutschland\/deutschland-ukraine\/\">Wird Deutsche Politik in Ramstein gemacht statt in Berlin?<\/a>\u00a0(15.5.2022)<\/li>\n<li><a href=\"https:\/\/www.freiburg-schwarzwald.de\/blog\/usa-gegen-china\/\">USA gegen China<\/a>\u00a0(13.5.2022)<\/li>\n<li><a href=\"https:\/\/www.freiburg-schwarzwald.de\/blog\/putin-verstaendnis-ex-ddr-gross\/\">Putin-Verst\u00e4ndnis in Ex-DDR gross<\/a>\u00a0(11.5.2022)<\/li>\n<li><a href=\"https:\/\/www.freiburg-schwarzwald.de\/blog\/global\/deutschland\/deutschland-ukraine\/\">Ukraine-Krieg: Die Bev\u00f6lkerung hat ein Recht auf Wahrheit<\/a>\u00a0(10.5.2022)<\/li>\n<li><a href=\"https:\/\/www.freiburg-schwarzwald.de\/blog\/global\/deutschland\/deutschland-russland\/\">K\u00fcnstle\u2019s Sicht: Deutsch-russische Beziehungen im Zeitraffer<\/a> (10.5.2022)<\/li>\n<li><a href=\"https:\/\/www.freiburg-schwarzwald.de\/blog\/scholz-zum-8-mai-manipulation\/\">Scholz zum 8.Mai: Manipulation<\/a>\u00a0(9.5.2022)<\/li>\n<li><a href=\"https:\/\/www.freiburg-schwarzwald.de\/blog\/diplomatie-anstelle-von-krieg\/\">Diplomatie anstelle von Krieg<\/a>\u00a0(4.5.2022)<\/li>\n<li><a href=\"https:\/\/www.freiburg-schwarzwald.de\/blog\/usa-europa-russland-china\/\">USA \u2013 Europa \u2013 Russland \u2013 China<\/a>\u00a0(30.4.2022)<\/li>\n<li><a href=\"https:\/\/www.freiburg-schwarzwald.de\/blog\/brzezinski-doktrin-nato-d-ru\/\">Brzezinski-Doktrin: NATO, D-RU<\/a>\u00a0(30.4.2022)<\/li>\n<li><a href=\"https:\/\/www.freiburg-schwarzwald.de\/blog\/deutsche-panzer-gegen-russen\/\">Deutsche Panzer gegen Russen<\/a>\u00a0(28.4.2022)<\/li>\n<li><a href=\"https:\/\/www.freiburg-schwarzwald.de\/blog\/engagement\/zukunft\/krieg\/panzer\/\">Deutsche Panzer, die auf Russen schie\u00dfen \u2013 Diese Regierung f\u00fchrt uns an den Abgrund<\/a>\u00a0(27.4.2022)<\/li>\n<li><a href=\"https:\/\/www.freiburg-schwarzwald.de\/blog\/ostergruss-von-kardinal-mueller\/\">Ostergruss von Kardinal M\u00fcller<\/a>\u00a0(16.4.2022)<\/li>\n<li><a href=\"https:\/\/www.freiburg-schwarzwald.de\/blog\/global\/eu\/europa\/nato\/\">Die Mitverantwortung der USA und der NATO \u2013 vor der Osterweiterung der NATO wurde mehrfach gewarnt<\/a>\u00a0(15.4.2022)<\/li>\n<li><a href=\"https:\/\/www.freiburg-schwarzwald.de\/blog\/verhandlungen-statt-waffen\/\">Verhandlungen statt Waffen<\/a>\u00a0(13.4.2022)<\/li>\n<li><a href=\"https:\/\/www.freiburg-schwarzwald.de\/blog\/industriekollaps-ohne-gasimport\/\">Industriekollaps ohne Gasimport<\/a>\u00a0(12.4.2022)<\/li>\n<li><a href=\"https:\/\/www.freiburg-schwarzwald.de\/blog\/business\/wirtschaft\/sanktionen\/\">Energie-Sanktionen: Europa s\u00e4gt am eigenen Ast<\/a>\u00a0(8.4.2022)<\/li>\n<li><a href=\"https:\/\/www.freiburg-schwarzwald.de\/blog\/global\/russland\/russland-bashing\/\">Du k\u00f6nntest doch etwas von deinem KGB-Sal\u00e4r spenden<\/a>\u00a0(8.4.2022)<\/li>\n<li><a href=\"https:\/\/www.freiburg-schwarzwald.de\/blog\/global\/eu\/ungarn\/\">Ungarn und Liebe zu Russland \u2013 das ist nicht m\u00f6glich<\/a> (5.4.2022)<\/li>\n<li><a href=\"https:\/\/www.freiburg-schwarzwald.de\/blog\/der-ukrainekrieg-begann-2014\/\">Der Ukrainekrieg begann 2014<\/a>\u00a0(5.4.2022)<\/li>\n<li><strong><a href=\"https:\/\/www.freiburg-schwarzwald.de\/blog\/global\/ukraine\/donbass\/\">Jacques Baud: Die milit\u00e4rische Lage in der Ukraine \u2013 Vorgeschichte<\/a>\u00a0(2.4.2022)<\/strong><\/li>\n<li><a href=\"https:\/\/www.freiburg-schwarzwald.de\/blog\/global\/eu\/europa\/eurasien\/\">Dresdner Gespr\u00e4che: Hat das Abendland eine Zukunft?<\/a>\u00a0(1.4.2022)<\/li>\n<li><a href=\"https:\/\/www.freiburg-schwarzwald.de\/blog\/global\/ukraine\/ukraine-russland\/\">Kontr\u00e4re Sicht einer Ukrainerin und eines Russen<\/a>\u00a0(30.3.2022)<\/li>\n<li><a href=\"https:\/\/www.freiburg-schwarzwald.de\/blog\/engagement\/zukunft\/demokratie\/kapitalismus\/\">Raubtierkapitalismus des Westens unter Boris Jelzin 1990 \u2013 2000<\/a> (25.3.2022)<\/li>\n<li><a href=\"https:\/\/www.freiburg-schwarzwald.de\/blog\/global\/ukraine\/ukraine-frieden\/\">J\u00fcrgen Todenh\u00f6fer: Dieser Krieg l\u00e4uft anders als erwartet<\/a> (24.3.2022)<\/li>\n<li><a href=\"https:\/\/www.freiburg-schwarzwald.de\/blog\/business\/wirtschaft\/sanktionen\/\">Sanktionen treffen vor allem uns: SPFS statt SWIFT<\/a>\u00a0(18.3.2022)<\/li>\n<li><a href=\"https:\/\/www.freiburg-schwarzwald.de\/blog\/global\/russland\/russland-china\/\">USA und D treiben Russland in die Arme von China<\/a> (17.3.2022)<\/li>\n<li><a href=\"https:\/\/www.freiburg-schwarzwald.de\/blog\/frieren-fuer-die-freiheit-wir\/\">Frieren f\u00fcr die Freiheit &#8211; Wir!<\/a> (16.3.2022)<\/li>\n<li><a href=\"https:\/\/www.freiburg-schwarzwald.de\/blog\/bildung\/schulen\/indoktrinierung\/\">Indoktrination: Schulunterricht hei\u00dft im WDR jetzt \u201cAnti-Russland\u201d<\/a>\u00a0(16.3.2022)<\/li>\n<li><a href=\"https:\/\/www.freiburg-schwarzwald.de\/blog\/global\/russland\/russland-china\/\">USA: Deutschland niemals mit Russland<\/a>\u00a0 (15.3.2022)<\/li>\n<li><a href=\"https:\/\/www.freiburg-schwarzwald.de\/blog\/global\/osteuropa\/\">Gewaltfreier Widerstand: Vier Pr\u00e4sidenten im Zug nach Kiew<\/a>\u00a0(15.3.2022)<\/li>\n<li>Putin ist auf die Maximall\u00f6sung gegangen (15.3.2022)<\/li>\n<li><a href=\"https:\/\/www.freiburg-schwarzwald.de\/blog\/gewaltfreier-widerstand-krieg\/\">Gewaltfreier Widerstand \u2013 Krieg<\/a>\u00a0(15.3.2022)<\/li>\n<li>Der Westen entwestlicht Russland (13.3.2022)<\/li>\n<li>Gysi-Rede von 2014 wird wahr: Ukraine \u2013 Russlands Sicherheitsinteressen (12.3.2022)<\/li>\n<li><a href=\"https:\/\/www.freiburg-schwarzwald.de\/blog\/kultur\/medien\/diskussionskultur\/sippenhaft\/\">Antirussische Affekte: Der aufgekl\u00e4rte Europ\u00e4er w\u00e4hnt sich auf der guten Seite<\/a> (11.3.2022)<\/li>\n<li>Klare Haltung: Keine Rechtfertigung des russischen Angriffs (11.3.2022)<\/li>\n<li><a href=\"https:\/\/www.freiburg-schwarzwald.de\/blog\/99303-2\/\">Kriegsende als erstes Ziel unserer Politik<\/a>\u00a0(10.3.2022)<\/li>\n<li><a href=\"https:\/\/www.freiburg-schwarzwald.de\/blog\/kultur\/medien\/diskussionskultur\/sippenhaft\/\">Erst die Ungeimpften \u2013 jetzt die Russen<\/a> (4.3.2022)<\/li>\n<li><a href=\"https:\/\/www.freiburg-schwarzwald.de\/blog\/religion\/juden\/juedisches-leben\/\">Juden in D schweigen zum Ukraine-Krieg<\/a>\u00a0(3.3.2022)<\/li>\n<li><a href=\"https:\/\/www.freiburg-schwarzwald.de\/blog\/global\/ukraine\/ukraine-frieden\/\">Verhandlungen und Kompromi\u00df: Krieg sofort beenden<\/a>\u00a0(3.3.2022)<\/li>\n<li><a href=\"https:\/\/www.freiburg-schwarzwald.de\/blog\/global\/china\/seidenstrasse\/\">Krieg in der Ukraine: Das Ende der Neuen Seidenstra\u00dfe?<\/a>\u00a0(3.3.2022)<\/li>\n<li>Politik und Medien sch\u00fcren Hass gegen Russland (3.3.2022)<\/li>\n<li><a href=\"https:\/\/www.freiburg-schwarzwald.de\/blog\/kultur\/medien\/diskussionskultur\/sippenhaft\/\">McCarthy-\u00c4ra: Margaret Chase Smith und ihre wieder aktuelle Rede<\/a>\u00a0(2.3.2022)<\/li>\n<li><a href=\"https:\/\/www.freiburg-schwarzwald.de\/blog\/global\/ukraine\/ukraine-frieden\/\">K\u00fcnstle\u2019s Sicht: Eckpunkte einer Nachkriegsordnung mit Russland<\/a>\u00a0(1.3.2022)<\/li>\n<li><a href=\"https:\/\/www.freiburg-schwarzwald.de\/blog\/global\/kosovo\/\">Kosovokrieg und Ukrainekrieg \u2013 V\u00f6lkerrecht<\/a>\u00a0(1.3.2022)<\/li>\n<li><a href=\"https:\/\/www.freiburg-schwarzwald.de\/blog\/bekenntniszwang-im-voraus\/\">Bekenntniszwang im voraus?<\/a>\u00a0(2.3.2022)<\/li>\n<li><a href=\"https:\/\/www.freiburg-schwarzwald.de\/blog\/keine-waffen-in-kriegsgebiete\/\">Keine Waffen in Kriegsgebiete<\/a>\u00a0(28.2.2022)<\/li>\n<li><a href=\"https:\/\/www.freiburg-schwarzwald.de\/blog\/indubio-209-putin-und-selensky\/\">Indubio 209: Putin und Selensky<\/a>\u00a0(27.2.2022)<\/li>\n<li><a href=\"https:\/\/www.freiburg-schwarzwald.de\/blog\/real-gegen-empoerungspolitik\/\">Realpolitik gegen Emp\u00f6rungspolitik<\/a>\u00a0(26.2.2022)<\/li>\n<li><a href=\"https:\/\/www.freiburg-schwarzwald.de\/blog\/global\/ukraine\/donbass\/\">Heinsohn: Putin will siegen, aber nicht k\u00e4mpfen<\/a>\u00a0(22.2.2022)<\/li>\n<li>Amerika geh\u00f6rt nicht zu Europa, Russland aber sehr wohl (17.2.2022)<\/li>\n<li><a href=\"https:\/\/www.freiburg-schwarzwald.de\/blog\/global\/ukraine\/\">Russischer Angriff auf die Ukraine soll bevorstehen<\/a> (12.2.2022)<\/li>\n<li><a href=\"https:\/\/www.freiburg-schwarzwald.de\/blog\/kultur\/medien\/gez-medien\/\">RT Deutsch in D sowie Deutsche Welle in RU verboten<\/a>\u00a0(4.2.2022)<\/li>\n<li><a href=\"https:\/\/www.freiburg-schwarzwald.de\/blog\/engagement\/zukunft\/demokratie\/ampel\/\">Altkanzler Schr\u00f6der: Mit einer Au\u00dfenministerin Baerbock wird es schwer<\/a> (20.12.2021)<\/li>\n<li><a href=\"https:\/\/www.freiburg-schwarzwald.de\/blog\/global\/osteuropa\/\">Indubio Folge 179: Grenze Polen\/Belarus \u2013 Grenzz\u00e4une auf Weihnachtsm\u00e4rkten<\/a>\u00a0(14.11.21)<\/li>\n<li><a href=\"https:\/\/www.freiburg-schwarzwald.de\/blog\/energie\/gas\/\">NorthStream2: Warum sollen wir Russland hassen, Herr B\u00fctikofer?<\/a> (17.10.2021)<\/li>\n<li>Kontrastprogramm: Normales Leben mit Freude dran in Sankt Petersburg (29.6.21)<\/li>\n<li><a href=\"https:\/\/www.freiburg-schwarzwald.de\/blog\/engagement\/zukunft\/pessimismus\/\">Pessimismus D \u2013 B\u00e4rbel Bohley DDR \u2013 Deutschland und Russland<\/a>\u00a0(11.5.2021)<\/li>\n<li><a href=\"https:\/\/www.freiburg-schwarzwald.de\/blog\/eu-westeuropa-und-osteuropa\/\">EU: Westeuropa und Osteuropa<\/a>\u00a0(7.3.2021)<\/li>\n<li><a href=\"https:\/\/www.freiburg-schwarzwald.de\/blog\/regio\/freiburg\/kanonenplatz\/\">Alexej Nawalny auf dem Schlo\u00dfberg in Freiburg<\/a>\u00a0(13.1.2021)<\/li>\n<li><a title=\"Vertriebene\" href=\"https:\/\/www.freiburg-schwarzwald.de\/blog\/global\/deutschland\/vertriebene\/\">Vertriebene vor 70 Jahren am 5.8.1950: \u201eWir verzichten auf Rache und Vergeltung<\/a>\u201c (7.8.2020)<\/li>\n<li><a title=\"Meinungsterror\" href=\"https:\/\/www.freiburg-schwarzwald.de\/blog\/kultur\/medien\/meinungsterror\/\">Boris Reitschuster: Das ist beginnender Totalitarismus<\/a>\u00a0(10.7.2020)<\/li>\n<li><a title=\"Babuschka in RUS \u2013 Oma in D\" href=\"https:\/\/www.freiburg-schwarzwald.de\/blog\/babuschka-in-rus-oma-in-d\/\">Babuschka in RUS \u2013 Oma in D<\/a>\u00a0(30.12.2019)<\/li>\n<li>Marina Litwinenko: Russland lieben hei\u00dft Putin kritisieren (11.12.2019)<\/li>\n<li>Falsche Stereotype in deutschen Medien \u00fcber Russland (26.9.2019)<\/li>\n<li>Kooperation Europa mit Russland (5.4.2019)<\/li>\n<li>Warum wir Frieden und Freundschaft mit Russland brauchen (26.12.2018)<\/li>\n<li>Klaus Mangold zum Verh\u00e4ltnis Deutschland-Russland nach Putins Wiederwahl (22.3.2018)<\/li>\n<li>AfD-Realpolitik: Verh\u00e4ltnis zu Russland verbessern (1.5.2016)<\/li>\n<li>USA sch\u00fcrt Fl\u00fcchtlingswelle aus Angst vor Ann\u00e4herung Russland-EU (7.10.2015)<\/li>\n<li>Russland bekriegt Krim und Ukraine, weil es dies als Atommacht\u00a0kann (3.3.2015)<\/li>\n<li>Zwei gegens\u00e4tzliche Aufrufe zum Verh\u00e4ltnis Deutschland-Russland (13.12.2014)<\/li>\n<li>25 Jahre Mauerfall 9.11.1989 &#8211; Gorbatschow mahnt den Westen (10.11.2014)<\/li>\n<li>H\u00f6rt auf mit dem S\u00e4belrasseln (13.6.2014)<\/li>\n<li>Russischer und ukrainischer Kriegsindex: Die Demografie arbeitet gegen Putin (31.5.2014)<\/li>\n<li>Erhard Eppler als Putin-Versteher (28.4.2014)<\/li>\n<li>Russland fehlt die Aufkl\u00e4rung, der Westen macht &#8222;Aufkl\u00e4rung r\u00fcckw\u00e4rts&#8220;\u00a0(27.4.2014)<\/li>\n<li>Die russische Seele<\/li>\n<li>Chodorkowski darf nicht zum Opfer stilisiert werden (3.1.2014)<\/li>\n<li><a href=\"https:\/\/www.freiburg-schwarzwald.de\/blog\/global\/russland\/putin\/\">Putins Rede am 10.2.2007 auf der M\u00fcnchner Sicherheitskonferenz<\/a> (10.2.2007)<\/li>\n<li><a href=\"https:\/\/www.freiburg-schwarzwald.de\/blog\/global\/russland\/putin\/\">Putin\u2013Rede am 25.9.2001 im Deutschen Bundestag<\/a> (25.9.2001)<\/li>\n<li><\/li>\n<li><a href=\"https:\/\/www.freiburg-schwarzwald.de\/blog\/engagement\/buergerinitiativen\/demo\/anti-krieg\/\">Anti-Krieg<\/a><\/li>\n<li><a href=\"https:\/\/www.freiburg-schwarzwald.de\/blog\/global\/deutschland\/deutschland-russland\/\">Deutschland-Russland<\/a><\/li>\n<li><a href=\"https:\/\/www.freiburg-schwarzwald.de\/blog\/global\/ukraine\/donbass\/\">Donbass Ukraine-Russland<\/a><\/li>\n<li><a href=\"https:\/\/www.freiburg-schwarzwald.de\/blog\/global\/eu\/europa\/eurasien\/\">Eurasien<\/a><\/li>\n<li><a href=\"https:\/\/www.freiburg-schwarzwald.de\/blog\/global\/eu\/europa\/europa-usa\/\">Europa-USA<\/a><\/li>\n<li><a href=\"https:\/\/www.freiburg-schwarzwald.de\/blog\/energie\/gas\/\">Gas<\/a><\/li>\n<li><a href=\"https:\/\/www.freiburg-schwarzwald.de\/blog\/global\/kosovo\/\">Kosovo<\/a><\/li>\n<li><a href=\"https:\/\/www.freiburg-schwarzwald.de\/blog\/engagement\/zukunft\/krieg\/kriegspropaganda\/\">Kriegspropaganda<\/a><\/li>\n<li><a href=\"https:\/\/www.freiburg-schwarzwald.de\/blog\/global\/eu\/europa\/nato\/\">NATO<\/a><\/li>\n<li><a href=\"https:\/\/www.freiburg-schwarzwald.de\/blog\/global\/russland\/nie-wieder-gegen-russland\/\">Nie-wieder-gegen-Russland<\/a><\/li>\n<li><a href=\"https:\/\/www.freiburg-schwarzwald.de\/blog\/global\/osteuropa\/\">Osteuropa<\/a><\/li>\n<li><a href=\"https:\/\/www.freiburg-schwarzwald.de\/blog\/global\/russland\/putin\/\">Putin<\/a><\/li>\n<li><a title=\"Russlanddeutsche\" href=\"https:\/\/www.freiburg-schwarzwald.de\/blog\/global\/migration\/russlanddeutsche\/\">Russlanddeutsche<\/a><\/li>\n<li><a href=\"https:\/\/www.freiburg-schwarzwald.de\/blog\/global\/russland\/russland-bashing\/\">Russland-Bashing<\/a><\/li>\n<li><a href=\"https:\/\/www.freiburg-schwarzwald.de\/blog\/global\/russland\/russland-china\/\">Russland-China<\/a><\/li>\n<li><a href=\"https:\/\/www.freiburg-schwarzwald.de\/blog\/global\/russland\/russland-rohstoffe\/\">Russland-Rohstoffe<\/a><\/li>\n<li><a href=\"https:\/\/www.freiburg-schwarzwald.de\/blog\/global\/russland\/russland-valentina\/\">Russland-Valentina<\/a><\/li>\n<li><a href=\"https:\/\/www.freiburg-schwarzwald.de\/blog\/business\/wirtschaft\/sanktionen\/\">Sanktionen<\/a><\/li>\n<li><a href=\"https:\/\/www.freiburg-schwarzwald.de\/blog\/kultur\/medien\/diskussionskultur\/sippenhaft\/\">Sippenhaft<\/a><\/li>\n<li><a href=\"https:\/\/www.freiburg-schwarzwald.de\/blog\/engagement\/zukunft\/krieg\/soldaten\/\">Soldaten<\/a><\/li>\n<li><a title=\"Sotschi\" href=\"https:\/\/www.freiburg-schwarzwald.de\/blog\/sport\/sotschi\/\">Sotschi<\/a><\/li>\n<li><a title=\"Ukraine\" href=\"https:\/\/www.freiburg-schwarzwald.de\/blog\/global\/ukraine\/\">Ukraine<\/a><\/li>\n<li><a href=\"https:\/\/www.freiburg-schwarzwald.de\/blog\/global\/ukraine\/ukraine-frieden\/\">Ukraine-Frieden<\/a><\/li>\n<li><a href=\"https:\/\/www.freiburg-schwarzwald.de\/blog\/global\/ukraine\/ukraine-russland\/\">Ukraine-Russland<\/a><\/li>\n<li><a title=\"Polen\" href=\"https:\/\/www.freiburg-schwarzwald.de\/blog\/global\/polen\/\">Polen<\/a><\/li>\n<li><a title=\"Vertriebene\" href=\"https:\/\/www.freiburg-schwarzwald.de\/blog\/global\/deutschland\/vertriebene\/\">Vertriebene<\/a><\/li>\n<li><a href=\"https:\/\/www.freiburg-schwarzwald.de\/blog\/global\/ukraine\/waffenstillstand\/\">Waffenstillstand<\/a><\/li>\n<li><a href=\"https:\/\/www.freiburg-schwarzwald.de\/blog\/bildung\/wissenschaft\/wissenschaft-krieg\/\">Wissenschaft-Krieg<\/a><\/li>\n<\/ul>\n<p>&nbsp;<\/p>\n<p><strong>Russland ist der Fl\u00e4che nach der mit Abstand gr\u00f6\u00dfte Staat auf der Welt.<\/strong><br \/>\n27 Mio Russen starben im 2. Weltkrieg<br \/>\nWin-Win-Situation: Russland hat die Bodensch\u00e4tze &#8211; Deutschland hat die Maschinen.<\/p>\n<p>6000 deutsche Firmen sind in Russland aktiv<br \/>\n1000 russische Firmen arbeiten in Deutschland<\/p>\n<p>Kreml-AG: Kontrollieren 100 einflu\u00dfreiche Russen ungef\u00e4hr 40 % des russischen Verm\u00f6gens?<\/p>\n<p><a href=\"https:\/\/www.freiburg-schwarzwald.de\/blog\/global\/afrika\/afrika-d-us-cn-ind\/\" rel=\"attachment wp-att-68933\"><img loading=\"lazy\" decoding=\"async\" class=\"alignnone size-full wp-image-68933\" src=\"https:\/\/www.freiburg-schwarzwald.de\/blog\/wp-content\/uploads\/2013\/05\/afrika-D-US-CN-IND.jpg\" alt=\"afrika-D--US-CN-IND\" width=\"498\" height=\"633\" srcset=\"https:\/\/www.freiburg-schwarzwald.de\/blog\/wp-content\/uploads\/2013\/05\/afrika-D-US-CN-IND.jpg 498w, https:\/\/www.freiburg-schwarzwald.de\/blog\/wp-content\/uploads\/2013\/05\/afrika-D-US-CN-IND-141x180.jpg 141w\" sizes=\"auto, (max-width: 498px) 100vw, 498px\" \/><br \/>\n<\/a>Gegen\u00fcber dem kleinen, aber\u00a0gr\u00f6\u00dfenwahnsinnigen\u00a0Deutschland (oben blau) ist Afrika gro\u00df:<br \/>\nDie USA (gr\u00fcn), Indien (orange) und China (gelb) passen rein und dann bleibt noch viel Platz.<br \/>\nDies ist kein Fake, sondern wahr: Schauen Sie nach unter\u00a0<a href=\"https:\/\/www.thetruesize.com\">https:\/\/www.thetruesize.com<br \/>\n<\/a>Russland (ganz oben rechts &#8211; in Teilen) ist noch gr\u00f6\u00dfer als die USA (gr\u00fcn).<\/p>\n<p><strong>\u201eWir d\u00fcrfen keine Kriegspartei werden.<\/strong>\u00a0<strong>Wir k\u00f6nnen kein \u00d6l- oder Gasembargo machen. Es braucht so schnell wie m\u00f6glich einen Waffenstillstand, ein Einfrieren des Konflikts. \u201c<\/strong><br \/>\nSachsens CDU-Ministerpr\u00e4sident Michael Kretschmer , 4.7.2022<br \/>\n.<br \/>\n<strong>Und aus ist der Krieg<\/strong><br \/>\nLasst Russland die Krim, die seit Jahrhunderten russisch war und auf der fast ausschlie\u00dflich Russen leben. Lasst die Donbas-Gebiete, in denen mehrheitlich ebenfalls Russen leben, selbstst\u00e4ndig werden und legt fest, dass die Ukraine als Staat kein NATO Mitglied werden darf. Und aus ist der Krieg.<br \/>\n<a href=\"https:\/\/www.freiburg-schwarzwald.de\/blog\/global\/deutschland\/deutschland-ukraine\/\">Ich sage \u201eNein!\u201c zum Krieg \u2013 Du kannst das auch<\/a>\u00a0(3.3.2024)<br \/>\n===============================================<br \/>\n.<br \/>\n.<br \/>\n.<br \/>\n<strong>Michail Gorbatschow&#8217;s Tod: Wo bleibt die deutsche Dankbarkeit?<\/strong><br \/>\nIm Sinne von Helmut Kohl w\u00e4re es sicherlich gewesen, wenn Deutschlands Staatsspitze an der Beisetzung von Michail Gorbatschow teilgenommen und damit den Dank an diesen weitblickenden Menschen bekundet h\u00e4tte. Er hat die deutsche Wiedervereinigung und europ\u00e4ische Zusammenf\u00fchrung nicht nur erm\u00f6glicht, sondern mit dem deutschen Kanzler aktiv gestaltet; und damit wohl einen auf Mitteleuropa &#8222;beschr\u00e4nkten&#8220; Atomkrieg verhindert. Von der einen &#8222;Abh\u00e4ngigkeit&#8220; scheint sich Deutschland, als zweimaliger Kriegsverlierer wieder nun munter aufr\u00fcstend, nun in die Obhut der USA begeben zu wollen, einschlie\u00dflich der kaum reversiblen Anschaffung des F-35-Tarnkappenbomber-Systems.<br \/>\nUntersch\u00e4tzt wird, welchen negativen Einfluss die schlie\u00dflich auch von Deutschland wegen des Drucks der USA nicht mehr gewollte, von Russland aber mit gro\u00dfem technischen Know-how fertiggestellte Nordstream-2-Gasleitung auf die europ\u00e4ische Entwicklung nahm. Was wird sich der Friedensstifter Gorbatschow dabei gedacht haben, als auf den vielen Nato-Gipfeln gerade sein Russland als neuer Feind ausgeguckt und Raketensysteme in Stellung gebracht wurden? Dass die Olympischen Spiele in Sotschi mehr als ungew\u00fcrdigt bleiben? Der &#8222;Westen&#8220;, den es in dieser einen Welt gar nicht mehr geben d\u00fcrfte, und das der Beerdigung fernbleibende Deutschland, verfolgt von der Geschichte mit dem zu vermeidenden &#8222;Sonderweg&#8220;, m\u00fcssen aufpassen, dass die Geschichte nicht beleidigt reagiert.<br \/>\n26,9,2022, Peter Schwenkenberg, Bad Krozingen, BZ<\/p>\n<p>&nbsp;<\/p>\n<p><strong>Putin ist auf die Maximall\u00f6sung gegangen<\/strong><br \/>\nWenn ein Staat einen anderen angreift, dann ist das gegen das V\u00f6lkerrecht. Aber man sollte auch die Hintergr\u00fcnde daf\u00fcr ins Auge fassen. Zun\u00e4chst muss klargestellt werden, dass Putin weder verr\u00fcckt ist noch die Realit\u00e4t verloren hat. Er ist ein Mensch, der sehr methodisch, systematisch, also sehr russisch ist. Ich bin der Meinung, dass er sich der Konsequenzen seines Handelns in der Ukraine bewusst ist. Er hat \u2013 offensichtlich zu Recht \u2013 beurteilt, dass egal, ob er eine \u00abkleine\u00bb Operation zum Schutz der Donbas-Bev\u00f6lkerung oder eine \u00abmassive\u00bb Operation zugunsten der nationalen Interessen Russlands und der Donbas-Bev\u00f6lkerung durchf\u00fchrte, die Konsequenzen gleich sein w\u00fcrden. Er ist dann auf die Maximall\u00f6sung gegangen.<br \/>\n&#8230;. Alles vom 15.3.2022 von Jacques Baud bitte lesen auf<br \/>\n<a href=\"https:\/\/zeitgeschehen-im-fokus.ch\/de\/newspaper-ausgabe\/nr-4-vom-15-maerz-2022.html#article_1306\">https:\/\/zeitgeschehen-im-fokus.ch\/de\/newspaper-ausgabe\/nr-4-vom-15-maerz-2022.html#article_1306<\/a><\/p>\n<p>&nbsp;<\/p>\n<p><strong>Der Westen entwestlicht Russland<\/strong><br \/>\nIn Russland gibt es eine traditionelle Auseinandersetzung zwischen den Kr\u00e4ften, die nach Westen schauen und sich danach sehnen, irgendwie dessen Teil zu werden, und denjenigen Kr\u00e4ften, die als Slawophile bezeichnet werden k\u00f6nnen und das Russentum als eigenst\u00e4ndigen Lebens- und Kulturraum betrachten. Dieser Konflikt hat seine Wurzeln im 19. Jahrhundert, ist also weit \u00e4lter als die Sowjetunion oder die heutige Russische F\u00f6deration. Putin selbst war in seinen ersten Jahren als Pr\u00e4sident zweifellos eher den Westlern zugeneigt, was wahrscheinlich mit seiner Herkunft aus St. Petersburg zu erkl\u00e4ren ist.<br \/>\nDoch der Westen hat auch das vom Kommunismus befreite Russland nie integrieren wollen, vielleicht auch nicht k\u00f6nnen. Trotzdem war bis zum Beginn des Krieges gegen die Ukraine Russland in vielerlei Weise von westlicher Lebensart, von westlichen Produkten und multinationalen Konzernen mitgepr\u00e4gt. Zumal Russland seit dem Ende der Sowjetunion eine kapitalistische Wirtschaftsordnung hat, in der es rauer und unsozialer zugeht als in den reicheren europ\u00e4ischen Staaten. Das mussten die Slawophilen murrend hinnehmen, denn sie konnten es nicht \u00e4ndern.<br \/>\nNun haben sie binnen weniger Tage m\u00e4chtige Verb\u00fcndete von ganz unerwarteter Seite bekommen: Die massiven politischen, wirtschaftlichen und kulturellen Reaktionen des Westens auf die milit\u00e4rische Intervention in der Ukraine kann nicht nur die einstweilige Ruinierung des Kapitalismus in Russland zur Folge haben, sondern viel folgenreicher auch die vollst\u00e4ndige Abwendung des fl\u00e4chengr\u00f6\u00dften Staates der Erde vom Westen und die Zuwendung nach Asien und speziell zur kommenden Weltmacht China. Sollte es zu dieser Entwicklung kommen, w\u00e4re das einer Torheit des Westens von wahrlich historischem Ausma\u00df zu verdanken.<\/p>\n<p>Zwar gibt es keinen Automatismus, dass es so kommt. Denn die M\u00f6glichkeit eines Machtwechsels in Moskau zugunsten westlich orientierter Kreise ist nicht auszuschlie\u00dfen. Allem Anschein aber sitzt Putin noch fest im Sattel der Macht. In Anbetracht seiner teilweise aberwitzigen D\u00e4monisierung in den westlichen Medien kann er schon aus Eigeninteresse nur den Weg nach Osten an die Seite Chinas suchen. Aber auch in S\u00fcdostasien, Afrika und Lateinamerika wird ein entwestlichtes Russland Partner suchen und auch finden.<\/p>\n<p>Diese drohende Entwicklung ist f\u00fcr keinen westlichen Staat so negativ wie f\u00fcr Deutschland. Denn f\u00fcr das Herzland Europas und der EU geht nicht nur ein riesiger Markt und wertvoller kultureller Partner verloren, sondern auch der weit und breit potenteste Energie- und Rohstofflieferant. Und selbstverst\u00e4ndlich hat das eine noch weit gr\u00f6\u00dfere Abh\u00e4ngigkeit von einer astronomisch verschuldeten, innerlich zerrissenen USA zur Folge, die aber mehr denn je um die weltweite Vorherrschaft ihrer Dollar-W\u00e4hrung bangen muss. Es liegt im nationalen Interesse Deutschlands, die Entwestlichung Russlands nicht auch noch zu f\u00f6rdern. Aber nationale Interessen spielen in einer Regierung mit den Gr\u00fcnen bekanntlich keine Rolle. Die Folgen d\u00fcrften f\u00fcr Deutschland \u00e4u\u00dferst schmerzlich werden.<br \/>\n&#8230; Alles vom 12.3.2022 von Wolfgang H\u00fcbner bitte lesen auf<br \/>\n<a href=\"https:\/\/de-de.facebook.com\/wolfganghuebnerffm\">https:\/\/de-de.facebook.com\/wolfganghuebnerffm<\/a><\/p>\n<p>&nbsp;<\/p>\n<p>.<\/p>\n<p><strong>Gysi-Rede von 2014 wird wahr: Ukraine \u2013 Russlands Sicherheitsinteressen<\/strong><br \/>\nGysi hat in seiner Rede (15 min.) im Bundestag am 13.3.2014 zu Merkel und den Abgeordneten \u00fcber die Sicherheitsinteressen Russlands deutliche Worte gesprochen. Man mu\u00df Gysi nicht m\u00f6gen aber was er damals schon prophezeit hat ist nun eingetreten und jedes Wort stimmt. Bitte ganz anh\u00f6ren\/sehen!<br \/>\n<a href=\"https:\/\/www.youtube.com\/watch?v=ezEjykTJjVk\">https:\/\/www.youtube.com\/watch?v=ezEjykTJjVk<\/a><br \/>\nDas was Gysi damals gesagt hat kann man 1:1 auf die heutige Lage \u00fcbertragen.<br \/>\n12.3.2022, F.A.<br \/>\n.<\/p>\n<p><strong>Klare Haltung: Keine Rechtfertigung des russischen Angriffs<\/strong><br \/>\nF\u00fcr die sehr informative und differenzierte, dennoch sich eindeutig positionierende Berichterstattung der JF zum Ukrainekrieg, ich nenne die Beitr\u00e4ge von Martin Wagener, Thomas Fasbender und namentlich Dieter Stein, m\u00f6chte ich mich bedanken. Man wird Prof. Wagener wahrscheinlich zustimmen m\u00fcssen, da\u00df im Umgang mit Ru\u00dfland gravierende Fehler begangen worden sind; gleichwohl darf in der nun entstandenen Situation die Sympathie, der Respekt und die Bewunderung jedes seinem eigenen Vaterland verbundenen Menschen nur den ukrainischen Verteidigern ihrer Heimat geh\u00f6ren, die Putins M\u00e4r, ein Brudervolk von \u201efaschistischen\u201c Zwingherren zu befreien, jetzt bereits gr\u00fcndlich desavouiert haben.<br \/>\nIch bin entsetzt, auf rechten Internetforen, darunter auch JF-online, immer wieder auf Rechtfertigungen des russischen Angriffs, verbunden mit blindem Antiamerikanismus und Abscheu vor einer bef\u00fcrchteten neuen Fl\u00fcchtlingswelle zu sto\u00dfen, letzteres im willentlichen Ignorieren des kategorialen Unterschieds, ob wir unsere Grenzen f\u00fcr Hunderttausende junge arabische M\u00e4nner \u00f6ffnen oder f\u00fcr schutzsuchende Frauen und Kinder, deren M\u00e4nner zu Hause bleiben und k\u00e4mpfen.<br \/>\nMir scheint derzeit in der \u201erechten\u201c Szene eine bisher eher latente, nur gelegentlich erkennbare Kluft aufzubrechen zwischen einem deutschen und christlich-abendl\u00e4ndischen Traditionen verpflichteten Patriotismus und einem ordin\u00e4ren, sich realpolitisch maskierenden engherzigen, ja zynischen Wohlstandschauvinismus. Erfreulich, da\u00df die JF hier eine klare Haltung zeigt.<br \/>\n&#8230; Alles vom 11.3.2022 von Dr. Karl-Heinz Wegener bitte lesen in der JF 11\/22, Seite 23<\/p>\n<p>&nbsp;<\/p>\n<p><strong>Politik und Medien sch\u00fcren Hass gegen Russland<\/strong><br \/>\n<strong>Wo bleiben die Stimmen der Vernunft?<\/strong><br \/>\nMeine Generation hatte das gro\u00dfe Gl\u00fcck, in Frieden aufwachsen und alt werden zu d\u00fcrfen. Ich w\u00fcnsche mir nichts sehnlicher, als dass es meinen Enkeln auch so gehen m\u00f6ge. Aber mein viertes Enkelkind, das in wenigen Tagen auf die Welt kommt, wird begr\u00fc\u00dft mit Kriegsgeschrei. Der Krieg in der Ukraine, den die Welt seit Jahren achselzuckend hingenommen hat, ist mit dem Angriff Putins in die hei\u00dfe Phase getreten, die nicht mehr ignoriert werden kann. Diesen Angriff zu verurteilen und wirksame Ma\u00dfnahmen zu ergreifen, die den Aggressor stoppen k\u00f6nnen, ist eine absolute Notwendigkeit.<br \/>\nAber leider geschieht nicht nur das. Statt Putin zu isolieren und die russische Opposition gegen den Krieg mit allen Mitteln zu unterst\u00fctzen, wird weltweit ein Hass gegen die Russen und Russland gesch\u00fcrt, der nicht nur ekelhaft und irrational, sondern auch kontraproduktiv und gef\u00e4hrlich ist. Die Russen sind anders als offenbar die meisten Westler emotional tief mit ihrem Land verbunden. Sie werden die K\u00fcbel Schmutz, die der Westen \u00fcber ihr Land und seine Bewohner ausgie\u00dft, nicht vergessen. Keine gute Verhandlungsgrundlage f\u00fcr die Zeit nach Putin.<br \/>\nSchon in der Corona-Krise hat der Westen gr\u00f6\u00dftenteils den Charaktertest nicht bestanden, indem Freiheitsrechte ausgehebelt und Hass von Politik und Medien gegen Ungeimpfte und Kritiker der Corona-Politik gesch\u00fcrt wurde. Die permanente Panikmache durch die staatlichen Institutionen und Haltungs-Medien hat eine hysterisch-aggressive Atmosph\u00e4re in der Gesellschaft geschaffen, die dem Zusammenhalt und das gegenseitige Vertrauen, ohne das keine Gesellschaft erfolgreich sein kann, ruiniert haben. Nicht nur, aber besonders in Deutschland.<br \/>\nNun richtet sich diese hysterische Aggressivit\u00e4t gegen die Russen, in und au\u00dferhalb Russlands. Wieder waren staatliche Institutionen und der Kultursektor dabei die Vorreiter. Das ist nicht neu. Schon der Erste Weltkrieg wurde von schlafwandelnden Politikern und kriegsgeilen K\u00fcnstlern herbeigeschrien.<br \/>\n&#8230;<br \/>\nWas in Politik und Kultur vorgemacht wird (Gergiev, Netrebko) , findet eifrige Nachahmer in der \u00fcbrigen Gesellschaft. Ein Gastronom verk\u00fcndet, dass er keine Russen mehr in seiner Lokalit\u00e4t bedienen will, ein B\u00e4cker streicht das Attribut russisch vor dem Zupfkuchen, Supermarktketten r\u00e4umen Wodka und andere russische Produkte aus den Regalen, russische L\u00e4den werden mit Farbe attackiert.<br \/>\n..<br \/>\n\u201eDer eine fragt: Was kommt danach? Der andre fragt nur: Ist es recht? Und also unterscheidet sich der Freie von dem Knecht.\u201c Theodor Storm<br \/>\n&#8230; Alles vom 3.3.2022 von Vefa Lengsfeld bitte lesen auf<br \/>\n<a href=\"https:\/\/vera-lengsfeld.de\/2022\/03\/03\/wo-bleiben-die-stimmen-der-vernunft\/\">https:\/\/vera-lengsfeld.de\/2022\/03\/03\/wo-bleiben-die-stimmen-der-vernunft\/<\/a><\/p>\n<p>&nbsp;<\/p>\n<p>&nbsp;<\/p>\n<p><strong>Amerika geh\u00f6rt nicht zu Europa, Russland aber sehr wohl<\/strong><br \/>\nMan kann dem Leserbrief vorbehaltlos zustimmen. Wieso f\u00e4llt keinem in der EU ein, dass Amerika nicht zu Europa geh\u00f6rt, Russland aber sehr wohl? Die US-Regierung hatte noch nie Bedenken, ihr Milit\u00e4r in aller Welt einzusetzen, immer unter vorgeschobenem Vorwand (Irak). Sie waren aber sofort mit massiven Drohungen zur Hand, als Moskau in Kuba Fu\u00df fassen wollte. Die Nato-Erweiterung nach Osten soll Putin kommentarlos schlucken? Das kann doch wirklich keiner im Westen glauben. Es wird h\u00f6chste Zeit, dass Europa eine eigene, von Amerika unabh\u00e4ngige Politik betreibt.<br \/>\n17.2.2022, Albert K. Ganter, Rheinfelden-Karsau, BZ<br \/>\n<strong>Niemals hat Russland den Westen angegriffen<\/strong><br \/>\nJa, sch\u00f6n und recht, was Herr Fricker schreibt, aber wie es zu dem ganzen Drama kam, las man in der BZ kurz vor Weihnachten auf der dritten Seite: das Ende der Sowjetunion. Dort haben wir als westliche Hemisph\u00e4re unseren Kardinalfehler begangen, als wir Boris Jelzins Russland die T\u00fcr vor der Nase zugeknallt haben, als es auch ein Teil des europ\u00e4ischen Hauses werden wollte. Das alles noch garniert mit Dem\u00fctigungen ohne Ende. Nichts haben wir aus der Geschichte gelernt, gar nichts! Die Herren Putin und Lukaschenko gehen auf unser Konto, auch wenn das hier niemand gern h\u00f6rt. Es lohnt auch ein Blick zur\u00fcck in die Geschichte. Niemals hat Russland den Westen angegriffen, es waren immer wir. Es begann mit Napoleon, 1914 hat dann unser Kaiser Wilhelm II etwas geschwurbelt von der russischen Dampfwalze und dann haben 1941 Hitlers Armeen Russland \u00fcberfallen mit dem gleichen Vorsatz, wie wir die j\u00fcdischen Mitb\u00fcrger in die KZs gebracht haben. Es ging auch hier um die Vernichtung eines ganzen Volkes. 27 Millionen Sowjetb\u00fcrger haben wir abgeschlachtet, fast die H\u00e4lfte aller Weltkriegstoten. So, und jetzt die Frage in die Runde: Wie w\u00fcrden wir an gleicher Stelle reagieren, wenn schon wieder so eine Rasselbande (Nato) vor der Haust\u00fcr aufkreuzt, mit dem Messer zwischen den Z\u00e4hnen?<br \/>\n25.1.2022, Hubert Bohnert, Seelbach, BZ<\/p>\n<p><strong>&#8230; immer so rumschwurbeln in Sachen Krieg<\/strong><br \/>\nAch, verehrter Alexander Dick, h\u00e4ttste geschwiegen, w\u00e4rste \u2026 Warum musst Du denn auch noch so rumschwurbeln in Sachen Krieg, Fast-Krieg, Bisschen-Krieg, wie viele Deiner Kollegen. Einfach mal Klartext reden. Russland ist der b\u00f6se Feind in Europa , deshalb m\u00fcssen wir auf- und hochr\u00fcsten, um gemeinsam mit den USA einen Krieg, welcher Art auch immer, gegen diesen Feind f\u00fchren zu k\u00f6nnen. Falls es hart auf hart geht. China ist der b\u00f6se Feind in Asien. Deshalb m\u00fcssen Taiwan, Japan, S\u00fcdkorea und Australien auf- und hochr\u00fcsten, um gemeinsam mit den USA einen Krieg, welcher Art auch immer, gegen diesen Feind f\u00fchren zu k\u00f6nnen. Falls es hart auf hart kommt. Basta. Auch, wenn die Mehrheit bei uns gegen solche R\u00fcstungsvorhaben ist und gegen Kriegseins\u00e4tze. Man kann einen Krieg auch herbeireden (siehe 1913\/14). \u00dcbrigens betrifft dies auch Russland. China nicht: Eine Diktatur ben\u00f6tigt keine Mehrheit in den Medien. Demokratie hin oder her. Hat sich schon im Irak gezeigt: Dort hatte sich vor einiger Zeit eine Mehrheit des Parlaments f\u00fcr den Abzug aller ausl\u00e4ndischen Milit\u00e4r-Einheiten ausgesprochen. Interessierte aber weder die irakische Regierung noch das ausl\u00e4ndische Milit\u00e4r. Meines Wissens ist dieser Beschluss bis heute nicht zur\u00fcckgenommen worden.<br \/>\n17.2.2022, Manfred Klimanski, Denzlingen, BZ<\/p>\n<p>&nbsp;<\/p>\n<p><strong>Kontrastprogramm: Normales Leben mit Freude dran in Sankt Petersburg<\/strong><br \/>\nErstaunlich lebensfrohe Eindr\u00fccke aus dem Virusvarianten-Gebiet Russland<br \/>\n&#8230;<br \/>\nIch h\u00f6re jetzt schon die ganzen Corona-J\u00fcnger in Deutschland, die sich \u00fcber diesen Text echauffieren und sagen werden: Daf\u00fcr gibt es in Russland hohe Fallzahlen und viele Tote\u2026 Laut worldometers.info<br \/>\n<a href=\"https:\/\/www.worldometers.info\/coronavirus\/#countries\">https:\/\/www.worldometers.info\/coronavirus\/#countries<\/a><br \/>\nbefindet sich Russland aktuell auf Platz 6. Sicher gibt es hier viele Erkrankte und jeder kennt einen, der schon mal krank war oder von einem Todesfall im Bekanntenkreis geh\u00f6rt hat. Aber die Menschen gehen eben damit anders um: ohne Angst und Hysterie. Und sie sind definitiv nicht bereit, ihre Freiheiten wegen dieser Krankheit aufzugeben.<br \/>\n&#8230; Alles vom 29.6.2021 von Ekaterina Quehl bitte lesen auf<br \/>\n<a href=\"https:\/\/reitschuster.de\/post\/kontrastprogramm-normales-leben-mit-freude-dran-in-sankt-petersburg\/\">https:\/\/reitschuster.de\/post\/kontrastprogramm-normales-leben-mit-freude-dran-in-sankt-petersburg\/<\/a><br \/>\n.<br \/>\n<em>Ekaterina Quehl ist geb\u00fcrtige St. Petersburgerin, russische J\u00fcdin, und lebt seit \u00fcber 16 Jahren in Berlin. Pioniergru\u00df, Schuluniform und Samisdat-B\u00fccher geh\u00f6rten zu ihrem Leben wie Perestroika und Lebensmittelmarken. Ihre Affinit\u00e4t zur deutschen Sprache hat sie bereits als Schulkind entwickelt. Aus dieser heraus weigert sie sich hartn\u00e4ckig, zu gendern. Mit 27 kam sie nach einem abgeschlossenen Informatik-Studium aus privaten Gr\u00fcnden nach Berlin und arbeitete nach ihrem zweiten Studienabschluss viele Jahre als \u00dcbersetzerin, aber auch als Grafik-Designerin. Mittlerweile arbeitet sie f\u00fcr reitschuster.de und studiert nebenberuflich Design und Journalismus.<\/em><\/p>\n<p>&nbsp;<\/p>\n<p><strong>Russland lieben hei\u00dft Putin kritisieren<\/strong><br \/>\nVon Marina Litwinenko*<br \/>\n<em>Ich bin oft in Deutschland, weil ich Land und Leute liebe. Fast jedes Mal, wenn ich hierher komme, wundere ich mich \u00fcber die Einstellung vieler Deutschen zu Russland. Auf der einen Seite herrscht eine gro\u00dfe Begeisterung f\u00fcr alles Russische \u2013 f\u00fcr die russische Kultur, f\u00fcr die russische Literatur, f\u00fcr die russische Musik, f\u00fcr das, was man hier die russische Seele nennt, also die Emotionalit\u00e4t von uns Russen. Diese Sympathie f\u00fcr Russland bewegt mich tief.<\/em><br \/>\n.<br \/>\nAllerdings tut es mir sehr weh, zu sehen, wie oft diese Sympathie fehlgeleitet, ja missbraucht wird. Viele Deutsche glauben, wer Russland liebt, muss auch Putin gut finden. Dabei ist das Gegenteil der Fall. Wer Putin unterst\u00fctzt, der unterst\u00fctzt den Zerfall Russlands. Das heutige Regime im Kreml ist kriminell, raubt das Land aus, terrorisiert Kritiker, wie meinen Mann, den es umbrachte. Es \u00fcberf\u00e4llt Nachbarl\u00e4nder wie die Ukraine. Es steht f\u00fcr Krieg. F\u00fcr Terror. Und f\u00fcr eine Mischung aus den schlimmsten Elementen der Sowjetunion und des Westens: Stalinismus und Mafia-Herrschaft.<br \/>\nIch habe in Deutschland eine merkw\u00fcrdige Begriff-Verwirrung festgestellt: Russland-Freude nennt man hier diejenigen, die Putin verteidigen \u2013 aus der Ferne, ohne in Russland zu leben. Und Putin-Kritiker werden hier Russland-Feinde genannt. Putin-Versteher nennt man diejenigen, die kein Russisch sprechen, die also die Kriegshetze im russischen Fernsehen, das Sch\u00fcren von Hass gegen Kritiker, von Ultra-Nationalismus, von Blut- und Boden-Stimmung nicht verstehen.<\/p>\n<p>Das Argument vieler Putin-Verteidiger ist, die Menschen in Russland seien nicht reif f\u00fcr<br \/>\nDemokratie und Rechtstaat. Wie zynisch ist das! Glauben sie etwa, wir Russen w\u00fcrden gerne in Willk\u00fcr, und Rechtlosigkeit, in Armut und Unterdr\u00fcckung leben? Was f\u00fcr ein Bild von den Menschen in Russland haben Putins Verteidiger, wenn sie so argumentieren? Das erinnert an Rassismus, an finstere Zeiten\u2026<br \/>\nIch bitte alle Deutsche: Gehen Sie diesem Etikettenschwindel nicht auf den Leim. W\u00fcrden Sie einen Franzosen, der Merkel kritisiert, f\u00fcr einen Deutschlandhasser halten? Nein? Dann tun sie das auch bei Putin-Kritikern nicht. Bitte trennen Sie zwischen den Menschen in Russland und diesem Regime, das sie unterdr\u00fcckt und ausbeutet. Es wundert mich, dass in Deutschland so viele Menschen glauben, Putin habe 80 Prozent Unterst\u00fctzung in Russland. Das, so hei\u00dft es, besagten Meinungsumfragen. Das ist absurd. Und naiv: Die Mehrheit der Russen haben Angst, bei Meinungsumfragen die Wahrheit zu sagen. Hinter jedem Befrager k\u00f6nnte ein IM des FSB stecken, wie der KGB heute hei\u00dft. Wenn so ein unbekannter Befrager anruft oder klopft, denkt jeder normale Russe sofort an den Standardspruch aus US-Filmen: \u201eAlles, was sie sagen, kann gegen sie verwendet werden.\u201c<br \/>\nAuch h\u00f6re ich hier oft, Russland w\u00e4re ohne Putin verloren. Dass es keine Alternative g\u00e4be, und man deshalb mit ihm zusammenarbeiten m\u00fcsse. Das ist Unsinn. Die Demonstrationen Ende M\u00e4rz mit Zehntausenden Teilnehmern zeigen das. Es waren vor allem junge Menschen, die auf die Stra\u00dfe gingen. Weil sie keine Zukunft sehen unter dem heutigen Regime. Die in Demokratie und Freiheit leben wollen.<br \/>\nEs ist wichtig, dass Deutschland und Europa jetzt genau die Menschen unterst\u00fctzt, die sich f\u00fcr Demokratie einsetzen in Russland: F\u00fcr eine Politik mit ehrlichem Wettbewerb und Konkurrenz, in der Regierungen friedlich abw\u00e4hlen k\u00f6nnen, in der die Justiz unabh\u00e4ngig ist und die Medien frei.<\/p>\n<p>Wichtig ist auch, dass der Westen endlich umdenkt bei den Sanktionen: Dass die heute geltenden so schlecht greifen, liegt daran, dass sie zu allgemein sind.\u00a0 Die Sanktionen m\u00fcssten gegen konkrete Leute aus der F\u00fchrungsschicht und dem Umfeld von Putin gehen \u2013 auch gegen deren Familienmitglieder. Sie entgegnen, das sei Sippenhaft? Nein, denn sie nutzen ihre Beziehungen, um riesige Verm\u00f6gen anzuh\u00e4ufen und Russland auszubeuten. Schon heute bekommen viele einfache Russen kein Visum f\u00fcr EU, auch wenn sie Verwandte dort haben. Oft wird die \u201eR\u00fcckkehrwilligkeit\u201c angezweifelt, oder die Geldmittel, die sie nachweisen k\u00f6nnen, reicht nicht aus. Warum wird bei einfachen B\u00fcrgern mit so hartem Ma\u00df gemessen \u2013 und diejenigen, die auf ihre Kosten Verm\u00f6gen anh\u00e4uften, sollen privilegiert werden? Die EU muss hier den Spie\u00df umdrehen: Visaerleichterungen f\u00fcr einfache Russen, Erschwernisse f\u00fcr die Nomenklatura. Der so genannte Magnizki-Akt zeigt, wie das wirkt: Mit ihm haben die USA f\u00fcr eine Reihe von russischen Beamten, die direkt oder indirekt am Mord an dem Anwalt Sergej Magnizki beteiligt waren, Einreise- und Verm\u00f6gens-Sperren beschlossen. Im vergangenen Jahr wollte Russland alles daransetzen, dass diese aufgehoben werden. Weil sie so wirksam sind. Wir brauchen einen Magnitzki-Akt der EU.<\/p>\n<p>Die Menschen in Deutschland haben oft keine Vorstellung davon, wie die Lage in Russland wirklich ist. Wie angespannt. Dass die einfachen Menschen die Leidtragenden sind von dem, was schief l\u00e4uft im Land. Die einfachen Menschen werden mit Abgaben und Steuern erdr\u00fcckt \u2013 viele k\u00f6nnen ihre Familien nicht mehr ern\u00e4hren. Die medizinische Versorgung ist katastrophal. Abseits von Moskau und den Millionenst\u00e4dten zerf\u00e4llt das Land buchst\u00e4blich.<br \/>\nWas in Russland passiert, ist au\u00dferhalb der Vorstellungswelt der Deutschen. Bei vielen Gespr\u00e4chen sehe ich: Sie tun sich schwer, sich das vorzustellen, was ich ihnen erz\u00e4hle. Etwa bei der Korruption. Die Menschen in Deutschland stellen sich das vor wie Rost an einem Metall. Aber sie verstehen nicht, dass in Putins Russland alles aus Rost besteht \u2013 und kein Metall mehr \u00fcbrig ist.<\/p>\n<p>Hier w\u00e4ren auch die Medien gefragt, die Dinge besser zu erkl\u00e4ren. Den Deutschen die Augen zu \u00f6ffnen. Ja, die Medien berichten von Missst\u00e4nden. Aber Missst\u00e4nde gibt es \u00fcberall. Aufgabe der Journalisten ist es, den Menschen klar zu machen, dass diese Missst\u00e4nde in Putins Russland allzu oft nicht die Ausnahme sind, wie im Westen, sondern die Regel.<br \/>\nDas System Putin mit seiner unvorstellbaren Korruption und kriminellen Energie ist ein Krebsgeschw\u00fcr, das leider Metasthasen bildet; die gehen nach Europa, in die USA. Konkret bedeutet das, dass Teile der Eliten dort korrumpiert werden. Putin steht f\u00fcr weltweite Korruption! Das hat mein Mann immer erz\u00e4hlt, davon wollte er berichten. Vor \u00fcber zehn Jahren. Damals nahm das keiner Ernst. Inzwischen gibt es immer mehr Menschen, die das verstehen.<br \/>\nIch bitte Sie, liebe Deutsche: Lieben Sie weiter Russland, seine Literatur, Kultur, Musik. Aber auch wenn es schwierig ist: Machen Sie einen Trennstrich in Ihren K\u00f6pfen zwischen diesem wunderbaren Russland und diesem Monster, das im Kreml sitzt.<br \/>\nAufgezeichnet von: Boris Reitschuster<br \/>\n.<br \/>\n<em>*) Marina Litwinenko hat unter gro\u00dfem pers\u00f6nlichen finanziellen Risiko durchgeboxt, dass es eine juristische Untersuchung des Mordes an ihrem Mann gab &#8211; gegen den Widerstand des britischen Staates, dem offenbar die guten Beziehungen zu Moskau wichtiger waren. In dem von ihr angesto\u00dfenen Verfahren kam dann ein britischer Richter zu dem Schluss, dass der Mord an ihrem Mann &#8222;von ganz oben&#8220; im russischen Staat beauftragt wur<\/em>de.<\/p>\n<p>11.12.2019, Marina Litwinenko<br \/>\n<a href=\"https:\/\/www.reitschuster.de\/post\/2017\/05\/01\/putin-ist-nicht-russland\">https:\/\/www.reitschuster.de\/post\/2017\/05\/01\/putin-ist-nicht-russland<\/a><\/p>\n<p>&nbsp;<\/p>\n<p>.<\/p>\n<p>&nbsp;<\/p>\n<p><strong>Falsche Stereotype in deutschen Medien \u00fcber Russland<\/strong><br \/>\n<em>Olga Chaban kann den Stereotypen \u00fcber Russland in <a title=\"Medien\" href=\"https:\/\/www.freiburg-schwarzwald.de\/blog\/kultur\/medien\/\">deutschen Medien<\/a> nicht viel abgewinnen.<br \/>\n<\/em>\u00a0.<br \/>\nPutin, Kreml, Aggressionen \u2212 diese W\u00f6rter fallen mir leider fast immer auf, wenn ich Artikel \u00fcber Russland lese. Gewalt und Milit\u00e4rstimmung w\u00fcrden in Russland herrschen. Als Russin erlebe ich das aber ganz anders. Wir haben den Kriegsschrecken \u00fcberlebt. Da sind wir den Deutschen sehr \u00e4hnlich. In beiden L\u00e4ndern wissen wir, dass der Krieg ein Ungeheuer ist. Ich glaube, niemand in Russland will, dass so etwas noch einmal passiert.<br \/>\nDeswegen feiern wir seit 1965 jedes Jahr den Tag des Sieges \u00fcber den Faschismus. Einige deutsche Journalisten werfen Russland vor, dass wir am 9. Mai mit \u00fcbertriebenem Aufwand und Pomp begehen. Aber dies ist nicht nur der Tag des Jubels \u2013 sondern eher ein Gedenktag. Wir erinnern damit an erlebtes Leid und den Schmerz des Krieges. F\u00fcr mich ist das ein trauriger Tag, an dem ich immer weine, weil ich Mitleid mit diesen jungen Soldaten habe, die so alt wie ich waren, als sie starben. Bei uns gibt es ein passendes Lied dazu. Darin hei\u00dft es: &#8222;Das ist ein Festtag mit Tr\u00e4nen in den Augen.&#8220;<br \/>\nAu\u00dferdem f\u00e4llt mir auf, dass in fast jedem Artikel \u00fcber Russland der russische Pr\u00e4sident Wladimir Putin erw\u00e4hnt wird. Selbst in Artikeln \u00fcber die sibirischen Waldbr\u00e4nde oder die Wahlen zur Moskauer Duma vor wenigen Tagen tauchte der Name Putin oft auf. Der Tenor der Artikel: Die Hauptschuld l\u00e4ge bei Putin, er habe daf\u00fcr gesorgt, dass viele Kandidaten nicht zur Wahl zugelassen wurden, und er habe bei den Waldbr\u00e4nden zu sp\u00e4t reagiert. Doch diese fallen eigentlich in den Verantwortungsbereich der Regionalverwaltungen.<br \/>\nManchmal wirkt die Fokussierung auf Putin auf mich auch l\u00e4cherlich. Eine Journalistin der S\u00fcddeutschen Zeitung beschrieb in einem Artikel \u00fcber Partys f\u00fcr Russlanddeutsche in M\u00fcnchen einmal einen Besucher als &#8222;Club-Version von Wladimir Putin \u2013 schwarzes eng anliegendes Polyester-T-Shirt, \u00fcbergro\u00dfe Silberkette, Beinahe-Glatze, zusammengezogene Augenbrauen&#8220;. Das finde ich ziemlich daneben. Es ist verst\u00e4ndlich, dass Putin oft erw\u00e4hnt wird, weil er eine wichtige politische Figur ist und das Leserinteresse weckt. Die FAZ r\u00e4umte das unl\u00e4ngst sogar ein und schrieb einen Artikel mit dem Titel: &#8222;Warum schenken wir Putin so viel Aufmerksamkeit?&#8220; Aus meiner Sicht sollte der Pr\u00e4sident bei manchen Themen aber einfach keine Rolle spielen.<\/p>\n<p>Noch ein Klischee, dem ich nicht nur in den Medien, sondern auch unter Deutschen oft begegne, lautet: Die Russen w\u00fcrden nicht l\u00e4cheln. Das stimmt. Auf der Stra\u00dfe l\u00e4cheln wir nicht. Das w\u00e4re un\u00fcblich und k\u00f6nnte sogar als ein aggressives Zeichen wahrgenommen werden. Wenn dich jemand auf der Stra\u00dfe anl\u00e4chelt, hei\u00dft das, dass du komisch aussiehst. Die Russen l\u00e4cheln nur ihre Freunde und Bekannte, nicht aber fremde Menschen an. Wir l\u00e4cheln, weil wir froh sind, den anderen zu sehen \u2013 aber nicht aus H\u00f6fflichkeit.<\/p>\n<p>Manchmal lese ich auch, dass es in Russland sehr gef\u00e4hrlich sei. Besonders gepr\u00e4gt wurde dieser Mythos offenbar vor der Fu\u00dfball-Weltmeisterschaft 2018. Tats\u00e4chlich ist die Kriminalit\u00e4tsrate laut russischer Generalstaatsanwaltschaft seit f\u00fcnf Jahren um zehn Prozent gesunken. Ein junger Blogger aus Gro\u00dfbritannien, der die WM 2018 besucht hat, postete dar\u00fcber ein Video auf Youtube, in dem er Mythen \u00fcber Russland kommentierte. &#8222;Viele Artikel erz\u00e4hlten, dass es viele Hooligans in Russland gibt. Ich habe keinen von denen gesehen&#8220;, sagt Theo Ogden in seinem Video &#8222;Expectation vs. Reality in Russia\/The Truth About the World Cup 2018&#8220;. Ich jedenfalls f\u00fchle mich sicher in Russland \u2013 besonders in Moskau.<\/p>\n<p>Weit verbreitet scheint mir au\u00dferdem die These, dass die Russen viel Alkohol trinken w\u00fcrden. Doch laut der Weltgesundheitsorganisation nimmt Russland die vorletzte Stelle im 24-L\u00e4nder-Vergleich der trinkfreudigsten Nationen ein. Es ist eher un\u00fcblich f\u00fcr Russen, alle zwei bis drei Tage ein Glas Wein zu trinken. In meiner Familie trinkt man Alkohol nur an Feiertagen und besonderen Anl\u00e4ssen, wie Neujahr und am Geburtstag. Meistens trinken wir dann Cognac, Whiskey und nat\u00fcrlich Wodka. Es gibt auch M\u00e4nner, die jede Woche ein oder zwei Flaschen Bier trinken. Das finde ich ziemlich viel. In meinem Familien- und Bekanntenkreis kommt das nicht vor.<\/p>\n<p>Ich f\u00e4nde es sch\u00f6n, wenn mehr Deutsche Russland besuchen w\u00fcrden \u2013 anstatt alle Klischees zu glauben, die kursieren. Denn eigentlich sind wir Russen freundlich und gutherzig. Eine Reise nach Russland ist im \u00dcbrigen gar nicht so kompliziert, wie manche denken. Seit Juli dieses Jahres ist es leichter geworden, ein Visum f\u00fcr die Stadt Kaliningrad zu bekommen. Das Visum ist elektronisch und kostenlos.<br \/>\n&#8222;6.9.2019, Olga Chaban,<br \/>\n<a href=\"https:\/\/www.badische-zeitung.de\/weniger-wodka-als-viele-denken--177665945.html\">https:\/\/www.badische-zeitung.de\/weniger-wodka-als-viele-denken&#8211;177665945.html<\/a><\/p>\n<p>.<\/p>\n<p><strong>Steve Bannon: Kooperation Europa mit Russland<\/strong><br \/>\nBannon: Man sollte immer bedenken, da\u00df die Russische F\u00f6deration zwar ein riesiger Staat ist, aber<br \/>\nda\u00df dessen <strong><em>Brutto-Inlandsprodukt dennoch kleiner ist als das von New York.<\/em><\/strong> Dazu kommt,<br \/>\nda\u00df das Land an einer schweren demographischen Krise leidet, sowie<br \/>\nda\u00df es obendrein wirtschaftlich fast vollst\u00e4ndig vom Rohstoffhandel abh\u00e4ngig ist. Und schlie\u00dflich,<br \/>\nda\u00df sein wirtschaftliches System von einigen wenigen Oligarchen kontrolliert wird.<br \/>\n.<br \/>\nSie sehen, mit wie vielen Einschr\u00e4nkungen diese Macht zu leben hat. Und dennoch ist und bleibt Wladimir Putin trotz allem einer unserer wichtigsten Partner, wenn es darum geht, in Amerika oder hier in Europa unser j\u00fcdisch-christliches Erbe zu verteidigen!<br \/>\n.<br \/>\nSie haben mehrfach erkl\u00e4rt, da\u00df nicht Ru\u00dfland, sondern China unser geopolitischer Feind sei. Schwebt Ihnen also vor, durch eine intensive Zusammenarbeit mit den Russen die derzeit starke Kooperationsachse Moskau-Peking zu zerbrechen?<br \/>\nBannon: Ach wissen Sie, ich denke, die St\u00e4rke der russisch-chinesischen Achse wird doch oft \u00fcbertrieben dargestellt. Denn seit sehr langer Zeit schon sind die beiden L\u00e4nder strategische Konkurrenten, ja sogar Feinde. Ich sagte es schon, ich w\u00fcnsche mir eine <a title=\"Europa-Nationen\" href=\"https:\/\/www.freiburg-schwarzwald.de\/blog\/global\/eu\/europa-nationen\/\">Kooperation mit Ru\u00dfland<\/a> f\u00fcr die Schaffung und Verteidigung einer Alternative zum bestehenden internationalen System \u2013 n\u00e4mlich eines, in dem, wie meine Formel lautet, freie V\u00f6lker in starken Nationen gesichert leben k\u00f6nnen.<br \/>\nUnd versteht man diese Perspektive, dann versteht man auch, da\u00df Donald Trump au\u00dfenpolitisch keine US-Protektorate will, sondern starke nationale Verb\u00fcndete, die gemeinsam mit den USA die Idee des Abendlandes verteidigen. China jedoch ist mit dieser Weltsicht nicht vereinbar. Denn das Riesenreich wird von einer radikalen Regierung gef\u00fchrt, deren au\u00dfenpolitisches Handeln mit dem Verhalten der fr\u00fcheren britischen Ostindien-Kompagnie vergleichbar ist, die \u00fcberall ungehemmt nach Vorteilen und Einflu\u00df strebte. Und genau so versucht heute Peking, \u00fcberall wo die Chinesen in der Welt auftauchen, die Kontrolle zu \u00fcbernehmen.<\/p>\n<p>4.4.2019, Steve Bannon, &#8222;Ihr k\u00f6nnt gewinnen&#8220;, JF, Seite 3<br \/>\n.<br \/>\n<em>Steve Bannon, war Wahlkampfberater Donald Trumps, dann Chefstratege im Wei\u00dfen Haus (von August 2016 bis August 2017). Zuvor leitete er, ab 2012 bis 2018 (mit einem Jahr Unterbrechung, in dem er f\u00fcr Trump t\u00e4tig war), \u201eBreitbart News\u201c, das f\u00fchrende Online-Nachrichtenportal der amerikanischen Neuen Rechten, der Alternative-Right-Bewegung (\u201eAlt-Right\u201c). <\/em><br \/>\n<em>Der ehemalige Marine-Offizier, geboren 1957 in Norfolk, Virgina, studierte Stadtplanung, Sicherheitspolitik sowie in Harvard Betriebswirtschaftslehre und arbeitete als Investmentbanker, Berater von General Electric, Filmproduzent, au\u00dferdem zuvor als Direktor des international bekannten Forschungsprojektes \u201eBiosphere 2\u201c (1993 bis 1995). Zeitweilig hatte er auch eine eigene politische Radioshow. Bannon, der streng katholisch orientiert ist, gilt als sogenannter Konservativer Revolution\u00e4r und Kulturk\u00e4mpfer und will sich mit dem Netzwerk \u201eThe Movement\u201c ein politisches Standbein in Europa schaffen, um in der westlichen Welt langfristig einen konservativen Paradigmenwechsel zu erreichen.<\/em><\/p>\n<p>&nbsp;<\/p>\n<p>&nbsp;<\/p>\n<p><strong>Wieder einmal der b\u00f6se Putin und das aggressive Russland<\/strong><br \/>\nPutin warnt und droht. So unisono ist das Bild von Nachrichtenagenturen, der Nato und auch der BZ. Wieder einmal der b\u00f6se Putin und das aggressive Russland! Warum lautet nach der Aufk\u00fcndigung des INF-Vertrages der BZ-Titel nicht &#8222;Russland warnt vor neuem Wettr\u00fcsten?&#8220; W\u00e4re zutreffend und nachvollziehbar, denn das wirtschaftlich schwache Russland kann an einem neuen Wettr\u00fcsten gar kein Interesse haben, geschweige denn als Sieger hervorgehen. Die BZ h\u00e4tte auch \u00fcber den Schwerpunkt von Putins zweist\u00fcndiger Rede berichten k\u00f6nnen, dass Russland den Frieden dringend brauche f\u00fcr seine Entwicklung und den Ausbau der Sozialleistungen.<br \/>\nMit der Vertragsk\u00fcndigung droht Europa wie in den 1980er Jahren wieder zum potenziellen atomaren Schlachtfeld zu werden. Die USA sind weit ab vom Schuss. Gerade deshalb ist diese bedrohliche Entwicklung nicht im deutschen, russischen und auch nicht europ\u00e4ischen Interesse. Wieso frage ich mich dann \u2013 genauso wie der ehemalige deutsche General und Vorsitzende des Nato-Milit\u00e4rausschusses Harald Kujat \u2013, warum insbesondere deutsche Politiker und Medien es unterlassen haben, f\u00fcr die Rettung des INF-Vertrages durch die Wiedereinf\u00fchrung umfassender Kontrollmechanismen zu k\u00e4mpfen, so wie es bis 2001 praktiziert wurde?<br \/>\n4.3.2019, Lucia Butschle-Cordi, Freiburg, BZ<br \/>\n.<br \/>\n<strong>Warum wir Frieden und Freundschaft mit Russland brauchen<\/strong><br \/>\n94 Prozent der Deutschen halten gute Beziehungen zu Russland f\u00fcr wichtig. So das Ergebnis einer umfangreichen Studie des forsa-Instituts f\u00fcr Politik und Sozialforschung aus diesem Jahr. Die aktuelle Politik der deutschen Regierung missachtet diese \u00fcberw\u00e4ltigende Mehrheit jedoch str\u00e4flich. Mehr noch: Seit dem Konflikt in der Ukraine eskaliert die Konfrontation zwischen Ost und West zunehmend.<br \/>\n\u00bbDieses Buch ist ein partei\u00fcbergreifender Aufruf zu mehr Dialog &#8211; von Links bis Rechts, verfasst von Autoren wie Oskar Lafontaine (Linke), Peter Gauweiler (CSU), Sigmar Gabriel (SPD), Wolfgang Kubicki (FDP) bis zu Antje Vollmer (Gr\u00fcne). Dennoch wird das neue Buch Warum wir Frieden mit Russland brauchen bei Amazon derzeit gnadenlos verrissen. Resultat: 22 vernichtende Ein-Stern-Bewertungen in auffallend aggressivem Ton!\u00ab berichtet das Magazin mysteries.<br \/>\n\u00bbWer genauer hinschaut, merkt schnell, dass es sich dabei um eine inszenierte Hetzkampagne handelt. Fast alle negativen Bewertungen wurden innerhalb weniger Stunden abgegeben, viele Kritiker haben sich extra und erstmals f\u00fcr diesen einen Verriss bei Amazon angemeldet. Wer dahintersteckt? Allem Anschein nach eine Facebook-Gruppe namens Pegepuda (&gt;Positive Europ\u00e4er gegen die Putinisierung des Alls&lt;)\u00ab, recherchiert mysteries und attestiert: \u00bbDas Buch bleibt trotz dem inszenierten Shitstorm empfehlenswert. Weil es einen wohltuenden Gegenpol zum gegenw\u00e4rtig oft einseitigen Russland-Bashing bildet.\u00ab<br \/>\n<a href=\"https:\/\/mysteries-magazin.com\/\">https:\/\/mysteries-magazin.com\/<\/a><br \/>\n.<br \/>\n<em>Adelheid Bahr<\/em><br \/>\n<em>Warum wir Frieden und Freundschaft mit Russland brauchen<\/em><br \/>\n<em>Paperback 2018, 208 Seiten, ISBN-13: 9783864892363<\/em><br \/>\n<em>18,00 \u20ac*<\/em><\/p>\n<p>&nbsp;<\/p>\n<p>&nbsp;<\/p>\n<p><strong>Klaus Mangold zum Verh\u00e4ltnis Deutschland-Russland nach Putins Wiederwahl<\/strong><br \/>\nMangold: Wenn wir das gro\u00dfe geopolitische Feld nehmen, dann gibt es auf der einen Seite in China einen Pr\u00e4sidenten, der die Chance auf ein lebenslanges Mandat nach dem Vorbild Maos hat, der ganz klar geringe demokratische Einstellungen in unserem Sinne hat und der antritt mit dem Ziel, die wirtschaftliche Macht Chinas enorm auszubauen. Auf der anderen Seite gibt es einen US-Pr\u00e4sidenten, der einen Handelskrieg gegen uns er\u00f6ffnet hat und nicht f\u00fcr Berechenbarkeit steht. Wenn ich das sehe, muss ich fragen: Was ist die Position von Europa? Ohne Russland wird es langfristig nicht m\u00f6glich sein, die Welt in einer Art und Weise so zu ordnen, dass wir als Europ\u00e4er Gewicht haben. Wir brauchen dazu Russland, sowohl wirtschaftlich als auch politisch.<\/p>\n<p>BZ: Wie verl\u00e4sslich ist ein Partner, der die Nachkriegsordnung in Europa torpediert hat, der mit der Annexion der Krim das V\u00f6lkerrecht gebrochen hat?<br \/>\nMangold: Ohne jede Frage ist die Besetzung der Krim ein v\u00f6lkerrechtswidriger Akt. Die Frage ist aber auch, welche Konsequenzen man daraus ableitet. Hei\u00dft das, dass wir nur Sanktionen aufheben und wieder zu einem normaleren Verh\u00e4ltnis zu Russland kommen, wenn Minsk II vollst\u00e4ndig umgesetzt ist? Oder kann es, wie es der fr\u00fchere Au\u00dfenminister Sigmar Gabriel ins Spiel gebracht hat, auch symmetrische Schritte des Entgegenkommens geben? Wir m\u00fcssen jetzt ganz intensiv mit Russland verhandeln \u2013 \u00fcber die Frage des R\u00fcckzugs der russischen Truppen, einen echten Waffenstillstand in der Ostukraine und den Vorschlag, UN-Truppen im Donbass und der Grenzregion einzusetzen. Putin hatte das ja im November angeregt. Man m\u00fcsste dann aber auch klar machen, dass es, wenn all dies geschieht, von uns ein Entgegenkommen gibt, das auf eine Normalisierung der Beziehungen zielt.<br \/>\n&#8230;<br \/>\nBZ: Wenn Sanktionen kein Druckmittel mehr sind, wie will man dann erreichen, dass Russland sich kooperativer verh\u00e4lt?<br \/>\nMangold: Indem man sich an den Tisch setzt. Das haben wir in den vergangenen Jahren nicht ausreichend gemacht. Wann gab es die letzte gro\u00dfe Verhandlungsrunde au\u00dfer den sich im Ritual vollziehenden Diskussionen bei G 8\/G 7 oder G 20? Man hat in den 1990er Jahren zur Beendigung der Balkankriege das Dayton-Format geschaffen. Analog m\u00fcssten sich mal drei Wochen lang die EU und Russland unter Einbeziehung der Amerikaner an den Tisch setzen und \u00fcber alles reden.<\/p>\n<p>BZ: Die Rhetorik der russischen Regierung ist in den vergangenen Jahren immer antiwestlicher geworden, Putin hat damit auch Wahlkampf gemacht.<br \/>\nMangold: Aber jetzt, wo alles an Wahlen abgearbeitet ist, ist ein Momentum m\u00f6glich, dass man wieder anf\u00e4ngt, miteinander zu reden.<br \/>\nBZ: Von wem sollte die Initiative ausgehen?<br \/>\nMangold: Die EU muss das machen \u2013 mit den Amerikanern, ohne die Amerikaner geht das nicht.<\/p>\n<p>BZ: Warum glauben Sie, dass Putin ein Interesse an besseren Beziehungen hat?<br \/>\nMangold: In der russischen Bev\u00f6lkerung und auch bei Unternehmern sp\u00fcrt man den Wunsch, den hohen milit\u00e4rischen und finanziellen Einsatz in der Ukraine zu beenden. Das gilt auch f\u00fcr Syrien. Da gibt es das Gef\u00fchl: Lasst uns das Geld nehmen und etwas tun f\u00fcr Russland selbst. Ich glaube, dass es in weiten Kreisen Zustimmung g\u00e4be f\u00fcr den Beginn von Verhandlungen \u00fcber eine Beilegung des Ukraine-Konflikts. Es ist ja nicht so, dass die russische Wirtschaft boomt. Sie kommt in diesem Jahr vielleicht auf 2,5 Prozent Wachstum. Da gibt es Kr\u00e4fte, die sagen, lasst uns in die Modernisierung der Wirtschaft und Infrastruktur investieren und vor allem auch das Gesundheitssystem verbessern.<\/p>\n<p>BZ: Im Wahlkampf hat Putin nicht erfolgreiche Wirtschaftszweige wie die Landwirtschaft herausgestellt, und er hat mit neuen Waffen geprahlt.<br \/>\nMangold: Die russische Regierung nimmt das Beispiel Lebensmittelindustrie durchaus als Anlass zu sagen: Wir k\u00f6nnen es ja eigentlich. Putin steht vor einer Weichenstellung. Der n\u00e4chste Abschwung wird irgendwann kommen. Ein Land mit 140 Millionen Einwohnern kann man nicht nachhaltig nur mit \u00d6l und Gas zu einer Wohlstandsnation machen. Putin muss jetzt Unternehmen ermuntern, die Industrialisierung voranzutreiben, er muss den Staatsanteil in der Wirtschaft wieder reduzieren und daf\u00fcr sorgen, dass Russland f\u00fcr ausl\u00e4ndische Investoren wieder attraktiver wird.<br \/>\nBZ: Wird Putin in sechs Jahren Mittel und Wege gefunden haben, die aktuelle Beschr\u00e4nkung auf zwei aufeinanderfolgende Amtszeiten als Pr\u00e4sident zu umgehen und erneut anzutreten?<br \/>\nMangold: Er hat jetzt erst mal sechs Jahre Zeit. Ich wei\u00df nicht, wie seine Lebensplanung aussieht. Aber er k\u00f6nnte jetzt die Zeit nutzen, um als Pr\u00e4sident in die Geschichte des Landes einzugehen, der Konflikte beendet und ein nachhaltiges Wirtschaftswachstum schafft. Das erwarten die Menschen auch von ihm. Es gibt auf der einen Seite die Erwartung, dass die Russen sagen: Wir sind wieder wer in der Welt. Aber sie erwarten auch eine Verbesserung ihres pers\u00f6nlichen Wohlstands.<\/p>\n<p><em>Klaus Mangold (74), wohnhaft im M\u00fcnstertal, Jurist und Volkswirt, war einst Vorstandsmitglied bei Daimler. Heute ist er Honorarkonsul Russlands in Baden-W\u00fcrttemberg. Mangold gilt hierzulande als einer der profundesten Kenner der russischen Wirtschaft und Politik. Zwischen 2000 und 2010 war er Vorsitzender des Ostausschusses der deutschen Wirtschaft. Er versucht, die Handels- und Investitionsbedingungen f\u00fcr deutsche Unternehmen in Osteuropa zu verbessern. Mangold und Russlands Staatschef Wladimir Putin kennen sich pers\u00f6nlich.<\/em><br \/>\n.<br \/>\nAlles vom 22.3.2018 bitte lesen auf<br \/>\n<a href=\"https:\/\/www.badische-zeitung.de\/ausland-1\/an-den-tisch-setzen-und-ueber-alles-reden--150728293.html\">https:\/\/www.badische-zeitung.de\/ausland-1\/an-den-tisch-setzen-und-ueber-alles-reden&#8211;150728293.html<\/a><\/p>\n<p><strong>Russland ist nicht weniger friedenswillig wir wir<\/strong><br \/>\nHallo Herr Mangold, ein sehr gut und sachliches Interview. Darauf sollte man aufbauen. Wir m\u00fcssten das nur mal ernsthaft wollen und von der allgemeinen Russlandfeindlichkeit herunterkommen. Dieses Land ist nicht weniger friedenswillig wie wir selbst. Ein guter Anfang w\u00e4re ja jetzt doch wohl auch gemacht.<br \/>\n22.3.2018. Wolfgang Stockbauer, BZO<\/p>\n<p><strong>AfD-Realpolitik: Verh\u00e4ltnis zu Russland verbessern<\/strong><br \/>\nNun, jeder wei\u00df ja, dass man Russland nicht wie einen l\u00e4stigen Kleinstaat vom Format Moldawiens behandeln kann. 2010 beschloss folglich die NATO eine Intensivierung der Kooperation mit Russland (trotz Putin ;)), aber dann kam 2013 der &#8222;Euromaidan&#8220; dazwischen, mitsamt allen den Verh\u00e4rtungen zwischen Ost und West. Es liegt im deutschem und europ\u00e4ischen Interesse, die sich von neuem auftuenden Gr\u00e4ben zu Russland wieder zu verringern, weil in den kommenden Jahrzehnten andere Herausforderungen auf uns warten, statt sich in ein unn\u00f6tiges, abgeschw\u00e4chtes Revival des Kalten Krieges zu begeben. Das ist f\u00fcr mich keine antiwestliche Position.<br \/>\nGaulands Position\u00a0der<a title=\"AfD\" href=\"https:\/\/www.freiburg-schwarzwald.de\/blog\/vereine\/partei\/afd\/\"> AfD<\/a>,\u00a0die er schon 2014 in einem ZEIT-Interview darlegte, ist jedenfalls aus psychologischer Klugheit erwachsende Realpolitik. Erst, wenn man, wie Gauland, sich selbst kritisch fragt, inwiefern der Westen Russland wom\u00f6glich falsch behandelt hat, macht man sich zu einem aufrichtigen Gespr\u00e4chspartner. Dies ist heute wieder fast so wichtig wie in den 70ern, als der daf\u00fcr vielger\u00fchmte deutsche Kanzler Willy Brandt den Weg zur KSZE freimachte, als noch weit schlimmere Regenten in der Sowjetunion herrschten als Putin heute. Die KSZE wiederum trug entscheidend zum Ende des Ost-West-Konflikts bei.<br \/>\n1.5.2016, A. Guitar<\/p>\n<p>&nbsp;<\/p>\n<p><strong>Zusammenarbeit Deutschland &#8211; Russland war immer gut<\/strong><br \/>\nSchade, dass manche Kommentatoren wieder in reflexhafte Beisshaltung gegen\u00fcber Russland verfallen. Deutschland ist immer gut damit gefahren, wenn es mit Russland zusammengearbeitet hat. Und es war schlecht, wenn es gegen Russland gek\u00e4mpft hat.<br \/>\n&#8222;Das Verh\u00e4ltnis zu Russland sollte uns immer eine sorgf\u00e4ltige Pflege wert sein. Wir Deutschen vergessen manchmal, dass Russland an entscheidenden Wegmarken der deutschen Geschichte positiv Pate gestanden und Preu\u00dfen vor dem Untergang bewahrt hat. Das gilt f\u00fcr 1763, 1806\/07, 1813, die Bismarcksche Reichseinigung von 1866\/70 und die deutsche Wiedervereinigung von 1990\/91.&#8220;<br \/>\n<a class=\"normalPfeil\" href=\"https:\/\/www.alternativefuer.de\/2013\/09\/11\/thesenpapier-aussenpolitik\/\" target=\"_blank\" rel=\"noopener\">https:\/\/www.alternativefuer.de\/2013\/09\/11\/thesenpapier-aussenpolitik\/<\/a><br \/>\nPutin spricht \u00fcbrigens sehr gut deutsch, seine T\u00f6chter haben eine deutsche Schule in Moskau besucht.<br \/>\n6.2.2016, Franz Martin<\/p>\n<p><a class=\"normalPfeil\" href=\"https:\/\/www.faz.net\/aktuell\/feuilleton\/debatten\/russlanddeutsche-das-maerchen-aus-marzahn-14043414.html\" target=\"_blank\" rel=\"noopener\">https:\/\/www.faz.net\/aktuell\/feuilleton\/debatten\/russlanddeutsche-das-maerchen-aus-marzahn-14043414.html<\/a><br \/>\n&#8220; Ein 24-j\u00e4hriger Mann, der jetzt bei der Telekom als Manager arbeitet, erz\u00e4hlt beeindruckend offen und in vielen Details, wie seine Mutter die Anerkennung als politischer Fl\u00fcchtling erschlichen hat, und spekuliert, dass etliche der heutigen Fl\u00fcchtlinge es ebenso versuchen.&#8220;<\/p>\n<p>&nbsp;<\/p>\n<p>&nbsp;<\/p>\n<p><strong>USA sch\u00fcrt Fl\u00fcchtlingswelle aus Angst vor Ann\u00e4herung Russland-EU<\/strong><br \/>\nDie <a title=\"Voelkerwanderung\" href=\"https:\/\/www.freiburg-schwarzwald.de\/blog\/global\/voelkerwanderung\/\">Fl\u00fcchtlingskrise<\/a> ist eine Folge der Konflikte im Nahen\/Mittleren Osten und in Afrika &#8211; entgegen dieses Mainstreams mehren sich Stimmen, die die Destabilisierung der EU durch Fl\u00fcchtlinge wie auch durch den Ukraine-Konflikt als \u203astrategisches Ziel der USA\u2039 (Thierry Meyssan) begreifen. Denn seit der Putin-Rede auf der M\u00fcnchner Sicherheitskonferenz 2007 hat Washington Angst, dass Deutschland sich von Washington ab- und Moskau zuwendet.<\/p>\n<p><strong>Die gef\u00e4lschte \u201eFl\u00fcchtlingskrise\u201c<\/strong><br \/>\nW\u00e4hrend die europ\u00e4ischen Medien die Emotionen wecken, indem sie Fotos eines ertrunkenen Kindes und Reportagen \u00fcber Menschenmassen zeigen, die zu Fu\u00df den Balkan durchqueren (75% der Fl\u00fcchtlinge sind junge M\u00e4nner, nur 25% Familien, dennoch zeigt die Presse prim\u00e4r Bilder mit kleinen Kindern und ihren M\u00fcttern), weist Thierry Meyssan darauf hin, dass diese Bilder gef\u00e4lscht sind.<\/p>\n<p><a href=\"https:\/\/www.freiburg-schwarzwald.de\/blog\/global\/russland\/totes-kind-mittelmeer1509\/\" rel=\"attachment wp-att-56813\"><img loading=\"lazy\" decoding=\"async\" class=\"alignnone size-thumbnail wp-image-56813\" src=\"https:\/\/www.freiburg-schwarzwald.de\/blog\/wp-content\/uploads\/2014\/01\/totes-kind-mittelmeer1509-180x135.jpg\" alt=\"totes-kind-mittelmeer1509\" width=\"180\" height=\"135\" srcset=\"https:\/\/www.freiburg-schwarzwald.de\/blog\/wp-content\/uploads\/2014\/01\/totes-kind-mittelmeer1509-180x135.jpg 180w, https:\/\/www.freiburg-schwarzwald.de\/blog\/wp-content\/uploads\/2014\/01\/totes-kind-mittelmeer1509.jpg 400w\" sizes=\"auto, (max-width: 180px) 100vw, 180px\" \/><\/a><br \/>\n.<br \/>\n<em>Die linke Seite dieses Fotos ist von der atlantischen Presse sehr ausgedehnt ver\u00f6ffentlicht worden. Das Opfer, ein kurdisch-syrisches Kind namens Aylan Kurdi, wird wahrgenommen, als sei es vom Meer angesp\u00fclt worden. Seine Leiche liegt aber senkrecht zu den Wellen statt parallel dazu. Die Anwesenheit eines offiziellen t\u00fcrkischen Fotografen auf der rechten Seite des Bildes best\u00e4tigt die Vermutung einer Inszenierung. In der Ferne erkennt man Badende.<\/em><br \/>\n&#8230;.<br \/>\nUnwartet \u00fcberschwemmt eine Welle von Emotionen die Bev\u00f6lkerung im Gebiet der Nato. Pl\u00f6tzlich wird ihr das Drama der Fl\u00fcchtlinge im Mittelmeer bewusst \u2013 eine Trag\u00f6die, die seit Jahren bei v\u00f6lliger Teilnahmslosigkeit andauert. Dieser Umschwung kommt durch die Ver\u00f6ffentlichung eines Fotos zustande, das ein ertrunkenes Kind an einem t\u00fcrkischen Strand zeigt. Es spielt keine gro\u00dfe Rolle, dass dieses Bild eine grobe Montage ist: Das Meer wirft die Leichen parallel zu den Wellen an Land, niemals senkrecht dazu. Es spielt auch keine gro\u00dfe Rolle, dass dieses Bild sofort in weniger als zwei Tagen auf den Titelseiten fast aller Zeitungen des Nato-Gebietes reproduziert wurde. Man hat Ihnen ja gesagt, dass die westliche Presse frei und pluralistisch ist. &#8230;\u201eIn Reaktion\u201c auf die Emotionen, die sie bei ihren Mitb\u00fcrgern geweckt haben, zerrei\u00dfen die \u201e\u00fcberraschten\u201c und bek\u00fcmmerten europ\u00e4ischen Verantwortlichen sich nun \u00fcber die Art und Weise, wie den Fl\u00fcchtlingen zu helfen ist. &#8230;.<br \/>\nAlles von Thierry Meyssan vom 9.9.2015 bitte lesen auf<br \/>\n<a href=\"https:\/\/www.voltairenet.org\/article188622.html\">https:\/\/www.voltairenet.org\/article188622.html<\/a><\/p>\n<p><strong>Europa \u2013 Das Fl\u00fcchtlingschaos ist von den USA gewollt<\/strong><br \/>\nIm Gegensatz zu zahlreichen Stimmen, die die Auffassung vertreten, dass der Zustrom von Fl\u00fcchtlingen nach Europa die unbeabsichtigte Folge der Konflikte im Nahen und Mittleren Osten und in Afrika ist, teilt Thierry Meyssan von \u203aR\u00e9seau Voltaire\u2039 diese Sichtweise nicht; vielmehr erkl\u00e4rt er diesen als \u203aein strategisches Ziel der Vereinigten Staaten\u2039.<br \/>\nMilit\u00e4risch betrachtet, schwelt vor Europas Haust\u00fcr eine Lunte, und mit der Fl\u00fcchtlingsproblematik wird auf dem R\u00fccken der \u00c4rmsten der Armen die Destabilisierung Europas betrieben und die Solidarit\u00e4tsbereitschaft der EU-Mitglieder einem vermutlich nicht erfolgreich ausgehenden Test unterzogen. \u2026..\u2026 Und die Kosten, die die zur V\u00f6lkerwanderung angeschwollenen Fl\u00fcchtlingsstr\u00f6me mit sich bringen, lassen sich heute noch gar nicht absch\u00e4tzen.<br \/>\n&#8230;..<br \/>\nSeit der Rede von Wladimir Putin auf der M\u00fcnchner Sicherheitskonferenz des Jahres 2007 bestand die grosse Angst von Washington darin, dass Deutschland begriffe, wo sein Interesse liegt: Nicht in Washington, sondern in Moskau. Der Hauptkanal der Verst\u00e4ndigung zwischen der EU und der Russischen F\u00f6deration wurde daher von der USA durch die schrittweise Zerst\u00f6rung des ukrainischen Staates abgeschnitten. Wie man auch die Folgen der Ereignisse drehen und wenden m\u00f6ge, man wird keinen anderen Sinn daf\u00fcr finden: Washington will nicht, dass die Ukraine Mitglied der Union wird, wie dies die Worte von Frau Nuland bezeugen. Sein einziges Ziel ist, dieses Gebiet in eine gef\u00e4hrliche Zone zu verwandeln. Die EU-Politiker, w\u00e4ren sie ein wenig gereist, h\u00e4tten nicht nur im Irak, in Syrien, in Libyen, am Horn von Afrika, in Nigeria und in Mali, sondern auch in der Ukraine die Umsetzung dieser strategischen Doktrin mit eigenen Augen sehen k\u00f6nnen. &#8230;<br \/>\nAlles vom 6.9.2015 von Doris Auerbach bitte lesen auf<br \/>\n<a href=\"https:\/\/www.seniora.org\/politik-wirtschaft\/713-europa-das-chaos-ist-gewollt\">https:\/\/www.seniora.org\/politik-wirtschaft\/713-europa-das-chaos-ist-gewollt<\/a><br \/>\nWeiterlesen: Quelle: <a href=\"https:\/\/www.politonline.ch\/?content=news&amp;newsid=2440\">https:\/\/www.politonline.ch\/?content=news&amp;newsid=2440<\/a><\/p>\n<p><strong>Die Blindheit der Europ\u00e4ischen Union gegen\u00fcber der Milit\u00e4rstrategie der USA<\/strong><br \/>\nDie Kriege in Afghanistan und Irak haben bereits 4 Millionen Menschen das Leben gekostet [4]. Sie wurden im Sicherheitsrat als notwendige R\u00fcckschl\u00e4ge &#8222;aus Notwehr&#8220; dargestellt, aber heute wird zugegeben, dass sie lange vor dem 11. September in einem viel breiteren Kontext der &#8222;Umgestaltung des Nahen und mittleren Osten&#8220; geplant wurden und die f\u00fcr ihre Implementierung gegebenen Gr\u00fcnde nur Propaganda-Fabrikationen waren.<br \/>\nEs ist \u00fcblich, die V\u00f6lkermorde durch den europ\u00e4ischen Kolonialismus als solche anzuerkennen, aber selten sind jene, die heute diese 4 Millionen Toten, trotz der wissenschaftlichen Studien die sie best\u00e4tigen, zugeben. Es ist nun so, dass unsere Eltern &#8222;schlecht&#8220; waren, aber wir sind &#8222;gut&#8220; und k\u00f6nnen nicht Komplizen dieser Schrecken sein.<br \/>\nEs ist \u00fcblich, das arme deutsche Volk zu verspotten, das bis zum Ende Vertrauen in seine Nazi-F\u00fchrer hatte und erst nach seiner Niederlage der in seinem Namen begangenen Verbrechen bewusst wurde. Aber wir handeln genauso. Wir vertrauen weiterhin unserem &#8222;big Brother&#8220; und wollen die Verbrechen nicht sehen, in die er uns verwickelt. Sicherlich werden unsere Kinder \u00fcber uns lachen&#8230;<br \/>\nKein westeurop\u00e4ischer Staatsmann, absolut keiner, wagte \u00f6ffentlich zu sagen, dass die Fl\u00fcchtlinge aus dem Irak, Syrien, Libyen, vom Horn von Afrika, Nigeria und Mali nicht den Diktaturen entfliehen, sondern dem Chaos, in das wir absichtlich, aber unbewusst, ihr Land gest\u00fcrzt haben.,,,,<br \/>\nAlles von von Thierry Meyssan vom 27.4.2015 bitte lesen auf<br \/>\n<a href=\"https:\/\/www.voltairenet.org\/article187423.html\">https:\/\/www.voltairenet.org\/article187423.html<\/a><\/p>\n<p>&nbsp;<\/p>\n<p>&nbsp;<\/p>\n<p><strong>Russland bekriegt Krim und Ukraine, weil es dies als Atommacht kann<\/strong><br \/>\nRussland betreibt diese Politik nicht weil es darf, sondern weil es kann. Wie wollen Sie eine Atommacht zur Raison bringen, wenn diese das V\u00f6lkerrecht missachtet? Man k\u00f6nnte ja dar\u00fcber reden, den Russen die Krim mit Gewalt abzunehmen, wie man dem Irak Kuweit mit Gewalt wieder abgenommen hat. Nur ist Russland in der Lage, die westliche Hemisph\u00e4re auszul\u00f6schen.<span class=\"Apple-converted-space\"><span style=\"font-family: Verdana;\"><br \/>\n<\/span><\/span>Daher gilt hier nicht das Recht sondern die Einflusssph\u00e4re. Die Ukraine ist Russlands Einflusssph\u00e4re, solange die Nato dort keine Truppen stationiert, und solange eine Mehrheit der B\u00fcrger der Nato-Staaten f\u00fcr Kiew, Sewastopol, Donezk und andere Orte nicht sterben will. Wir wollten \u00fcbrigens auch f\u00fcr Ostberlin, Budapest, Prag, Kabul und Warschau nicht sterben, und haben die sowjetischen \u00dcbergriffe zwar lautstark emp\u00f6rt aber ohne Gegenwehr hingenommen. W\u00e4re es anders gewesen, h\u00e4tten wir heute wichtigeres zu tun als \u00fcber die Krim zu diskutieren.<br \/>\nRealpolitik ist nicht sexy, aber sie sichert das \u00dcberleben.<br \/>\n3.3.2015, R. Brombach<\/p>\n<p>&nbsp;<\/p>\n<p><strong>\u00a0Zwei gegens\u00e4tzliche Aufrufe zum Verh\u00e4ltnis Deutschland-Russland<\/strong><\/p>\n<p>Zwei Aufrufe zum Verh\u00e4ltnis Deutschland-Russland zeigen, wie sehr derzeit innerhalb der gesellschaftlichen Eliten\u00a0\u00fcber die Haltung zu Russland gerungen wird. Dabei geht ie nicht nur um\u00a0hehre Ziele wie Demokratie und Menschenrechte, sondern um wirtschaftliche Interessen.<\/p>\n<p><strong>Der\u00a0Aufruf &#8222;Nicht in unserem Namen&#8220;<\/strong> von 60 bekannten Politikern, Wirtschaftsvertretern und Kultur-Prominenten tritt f\u00fcr eine Entspannung im Verh\u00e4ltnis zu Russland ein und kn\u00fcpft\u00a0damit\u00a0an die Entspannungspolitik der sozialdemokratischen \u00c4ra an. Die Erfolge der Entspannungspolitik und der friedlichen Revolutionen haben schl\u00e4frig gemacht.\u00a0Bei Amerikanern, Europ\u00e4ern und Russen ist der Leitgedanke, Krieg aus ihrem Verh\u00e4ltnis dauerhaft zu verbannen, verloren gegangen. Anders ist die f\u00fcr Russland bedrohlich wirkende Ausdehnung des Westens nach Osten ohne gleichzeitige Vertiefung der Zusammenarbeit mit Moskau, wie auch die v\u00f6lkerrechtswidrige Annexion der Krim durch Putin, nicht zu erkl\u00e4ren. Dann wird gleich begr\u00fcndet, warum ausgerechnet Deutschland eine besondere Rolle bei der Entspannung zu Russland spielen solle, weil ohne &#8222;eine gro\u00dfe, von Vernunft getragene Geste der Siegerm\u00e4chte&#8220; und &#8222;ohne das umsichtige Handeln der damaligen Bundesregierung&#8220; die \u00dcberwindung der Spaltung Europas nicht m\u00f6glich gewesen w\u00e4re. Die Unterzeichner: Mit der ehemaligen Bundestagsvizepr\u00e4sidentin Antje Vollmer, Ex-Bundeskanzler Gerhard Schr\u00f6der, Ex-Justizministerin Herta D\u00e4ubler-Gmelin und Ex-Innenminister Otto Schily sind zentrale Exponenten der rot-gr\u00fcnen \u00c4ra vertreten. Die CDU stellt den ehemaligen Bundespr\u00e4sidenten Roman Herzog und den ehemaligen Regierenden B\u00fcrgermeister von Berlin, Eberhardt Diepgen. Weiter\u00a0die Berufschristin Margot K\u00e4smann, der Liedermacher Reinhard Mey und erstaunlicherweise auch Horst Teltschik.<br \/>\nAufruf &#8222;Nicht in unserem Namen&#8220;\u00a0vom 5.12.2014<br \/>\n<a href=\"https:\/\/www.zeit.de\/politik\/2014-12\/aufruf-russland-dialog\">https:\/\/www.zeit.de\/politik\/2014-12\/aufruf-russland-dialog<\/a><br \/>\n<a href=\"https:\/\/www.tagesspiegel.de\/politik\/aufruf-fuer-eine-andere-russland-politik-nicht-in-unserem-namen\/11080534.html\">https:\/\/www.tagesspiegel.de\/politik\/aufruf-fuer-eine-andere-russland-politik-nicht-in-unserem-namen\/11080534.html <\/a><br \/>\n.<br \/>\n<strong>Der Gegenaufruf &#8222;Friedenssicherung statt Expansionsbelohnung&#8220;<\/strong> weist Russland die volle Verantwortung f\u00fcr Ukraine und Krim an und mahnt besonders die Empathie mit\u00a0der Bev\u00f6lkerung in der Ukraine an. Die Gr\u00fcnen Rebecca Harms und \u00a0Marie Luise Beck wollen gar Geschichtsvergessenheit erkennen, wenn sich Deutschland und Russland ann\u00e4hern.<br \/>\nGegen-Aufruf vom 11.12.2014:<br \/>\n<a href=\"https:\/\/www.zeit.de\/politik\/2014-12\/aufruf-friedenssicherung-statt-expansionsbelohnung\">https:\/\/www.zeit.de\/politik\/2014-12\/aufruf-friedenssicherung-statt-expansionsbelohnung<\/a><\/p>\n<p>&nbsp;<\/p>\n<p>&nbsp;<\/p>\n<p><strong>25 Jahre Mauerfall 9.11.1989 &#8211; Gorbatschow mahnt den Westen<\/strong><br \/>\nMerkel w\u00fcrdigte ausdr\u00fccklich auch die Politik des fr\u00fcheren sowjetischen Staats- und Parteichefs Michael Gorbatschow als Voraussetzung f\u00fcr die Wende. Am Vortag hatte Gorbatschow seinerseits bei einer Diskussion in Berlin schwere Vorw\u00fcrfe gegen den Westen erhoben. &#8222;Die Welt ist an der Schwelle zu einem neuen Kalten Krieg. Manche sagen, er hat schon begonnen&#8220;, sagte er mit Blick auf den Ukraine-Konflikt. Der Friedensnobelpreistr\u00e4ger warf dem Westen und insbesondere den USA vor, ihre Versprechen nach der Wende 1989 nicht gehalten zu haben. Stattdessen habe man sich zum Sieger im Kalten Krieg erkl\u00e4rt und Vorteile aus Russlands Schw\u00e4che gezogen. &#8222;Die Ereignisse der vergangenen Monate sind die Konsequenzen aus einer kurzsichtigen Politik, aus dem Versuch, vollendete Tatsachen zu schaffen und die Interessen des Partners zu ignorieren.&#8220; &#8230;..<br \/>\nAlles vom 10.11.2014 bitte lesen auf<br \/>\n<a href=\"https:\/\/www.badische-zeitung.de\/gorbatschow-mahnt-den-westen\">https:\/\/www.badische-zeitung.de\/gorbatschow-mahnt-den-westen<\/a><\/p>\n<p>&nbsp;<\/p>\n<p><strong>Gewaltenteilung &#8211; dieses Prinzip mu\u00df global g\u00fcltig werden<\/strong><br \/>\nIch bin gl\u00fccklich, da\u00df Gorbatschov noch diese B\u00fchne f\u00fcr seine Mahnungen gefunden hat. F\u00fcr ihn und f\u00fcr uns. Alle Demokraten wissen um die Bedeutung der Gewaltenteilung. Wieso soll das Prinzip nicht global zur Anwendung kommen, seine Bedeutung haben?<br \/>\nDiese Teilung, diese Kontrolle von Macht verkam in den vergangenen Jahren. US-Politik wurde immer mehr, wer mitmachen will (unter unseren Bedingungen und unserem Kommando, darf) aber andernfalls machen wir&#8217;s auf eigene Faust (und Rechnung). Das fing schon beim Golfkrieg II an und setzte sich fort, zu Lasten der russischen Interessen.<br \/>\nMan stelle sich mal vor Ru\u00dfland, hielte unverholen wie die USA Theater Commands vor, die die ganze Welt und gar den Weltraum erfassen. Das ist der Ubiquismus, den ein Wissenschaftler mal den USA attestierte.<br \/>\nDie Zeit solcher, wenn auch unbeabsichtigten Muskelspiele, mu\u00df ein Ende finden, sollen sie nicht weiter Schule machen und Unheil bewirken.<br \/>\nAuswege wie dieser Text von Schiller:<br \/>\nNein, eine Grenze hat Tyrannenmacht;<br \/>\nWenn der Gedr\u00fcckte nirgends Recht kann finden,<br \/>\nWenn unertr\u00e4glich wird die Last, greift er<br \/>\nHinauf getrosten Mutes in den Himmel<br \/>\nUnd holt herunter seine ew&#8217;gen Rechte,<br \/>\nDie droben hangen unver\u00e4u\u00dferlich<br \/>\nUnd unzerbrechlich, wie die Sterne selbst.<br \/>\nDer alte Urstand der Natur kehrt wieder,<br \/>\nWo Mensch dem Menschen gegen\u00fcbersteht.<br \/>\nZum letzten Mittel, wenn kein andres mehr<br \/>\nVerfangen will, ist ihm das Schwert gegeben.<\/p>\n<p>Nun haben wir nicht schon wieder eine Tyrannis und erinnern uns gerade heute daran, eine andere bedr\u00fcckende \u00fcberwunden zu haben. Aber der Begriff steht f\u00fcr mich f\u00fcr Gr\u00f6\u00dfenwahn, Selbstherrlichkeit, Abgekoppeltsein. Es mu\u00df nicht erst zum \u00e4rgsten kommen, bis B\u00fcrger eingreift. Schillers Rezept, verh\u00e4ltnism\u00e4\u00dfig angewendet, ist das, was Sie sich w\u00fcnschen, weshalb ich auch jetzt agiere. Es gibt nicht Gutes, au\u00dfer man tut es.<br \/>\n10.11.2014, Heinrich Franzen<\/p>\n<p><strong>G\u00e4be es Putin, wenn &#8230;<\/strong><br \/>\nWas h\u00e4tten wohl die USA unter G.W.Bush gemacht, wenn Russland den Warschauer Pakt aufrecht erhalten h\u00e4tte und Kuba, Mexiko, Guatemala, Honduras, Nicaragua, Costa Rica, Panama, die Dominikanische Republik und Haiti mit aufgenommen h\u00e4tte?<br \/>\nWozu brauchte es nach der von Gorbatschow erm\u00f6glichten Wende in Europa noch eine NATO, wo es keinen Warschauer Pakt mehr gab?<br \/>\nGegen wen war der geplante Raketen-Abwehrschirm der USA gerichtet?<br \/>\nG\u00e4be es an der Spitze Russlands einen &#8222;starken Mann&#8220; wie Putin, wenn man Russland nicht immer als Gegner, als Feindbild des Westens weiter &#8222;gepflegt&#8220; h\u00e4tte?<br \/>\n10.11.2014, Harald Dehmer<\/p>\n<p>&nbsp;<\/p>\n<p><strong>H\u00f6rt auf mit dem S\u00e4belrasseln<\/strong><br \/>\nEs wird uns erz\u00e4hlt, Russland ist eine aggressive und imperialistische Macht, deshalb m\u00fcssen wir Angst haben und die Nato muss dieser russischen &#8222;Bedrohung&#8220; vehement begegnen. Wenn man sich aber die Weltkarte anschaut, dann sieht man fast nur Nato-L\u00e4nder, die nahe an der Grenze zu Russland sind oder angrenzen. Diese Nato-L\u00e4nder haben in den letzten 20 Jahren zahlreiche Staaten angegriffen, bombardiert, besetzt und mit Krieg \u00fcberzogen, Libyen, Afghanistan, Irak nur als Beispiel.<br \/>\nIch sehe aber auf der Karte keine L\u00e4nder neben den USA liegen, die einer russischen Milit\u00e4rallianz angeh\u00f6ren. Amerika ist auch nicht von russischen Milit\u00e4rbasen umgeben, Russland f\u00e4hrt auch nicht vor der K\u00fcste von Europa oder Nordamerika mit Flugzeugtr\u00e4gern herum, entsendet keine Kriegsschiffe in den Golf von Mexiko oder stellt Raketen an der Grenze zu den USA auf. Wenn Amerika nicht seine immense R\u00fcstungsmaschinerie in andere L\u00e4nder exportieren kann, sind sie pleite.<br \/>\nWir sind wieder nahe an einem kalten Krieg, den keiner mehr will. H\u00f6rt endlich mit diesem S\u00e4belrasseln auf, setzt Euch an einen Tisch und sprecht wieder miteinander.<br \/>\n13.6.2014, Thomas Dischinger, Wyhl<\/p>\n<p>.<\/p>\n<p><strong>Russischer und ukrainischer Kriegsindex: Die Demografie arbeitet gegen Putin<\/strong><br \/>\nPutin muss eine offene Invasion der Ukraine scheuen, weil seine Untertanen nicht einmal vierstellige Verluste hinnehmen werden. Der Autor hat diese Behauptung am 2. M\u00e4rz \u2013 also zwei Wochen vor der Pseudo-Volksabstimmung auf der Krim &#8211; ver\u00f6ffentlicht (<a href=\"https:\/\/www.achgut.com\/dadgdx\/index.php\/dadgd\/article\/call_putins_bluff\" target=\"_blank\" rel=\"noopener\">https:\/\/www.achgut.com\/dadgdx\/index.php\/dadgd\/article\/call_putins_bluff<\/a>).<br \/>\nBewirkt hat sie erwartungsgem\u00e4\u00df nichts. Eine unmissverst\u00e4ndliche Ank\u00fcndigung Kiews, sich gegen eine Aggression zu wehren, h\u00e4tte Moskau wom\u00f6glich schon damals dazu bewogen, einen gesichtswahrenden Ausweg zu suchen. Russland erwartet f\u00fcr 2015 einen <a title=\"Youth bulges \u2013 Migration UMFs\" href=\"https:\/\/www.freiburg-schwarzwald.de\/blog\/youth-bulges-migration-umfs\/\">Kriegsindex<\/a> von 0,73. Er misst die Relation zwischen 15-19-j\u00e4hrigen J\u00fcnglingen, die in den Lebenskampf eintreten, und 55-59-j\u00e4hrigen M\u00e4nnern, die der Rente nahe sind. Es gibt also nur 73 Nachr\u00fccker f\u00fcr 100 frei werdende Positionen.<br \/>\n&#8230;<br \/>\nIn Syrien, wo f\u00fcr jeweils bevorzugte F\u00fchrer solche Parolen nichts Ungew\u00f6hnliches sind, folgen auf 100 angehende Rentner 370 zornige junge M\u00e4nner. Weil der Kriegsindex dort also f\u00fcnfmal h\u00f6her liegt als beim Verb\u00fcndeten in Moskau, erreicht man bei nur einem Siebtel der russischen Bev\u00f6lkerung sehr schnell sechsstellige Verluste<br \/>\n&#8230;.<br \/>\nMit einem Kriegsindex von 0,8 kann auch die Ukraine keine l\u00e4ngeren Kampfhandlungen aushalten. Aber sie kann den gerechten Zorn des \u00dcberfallenen ins Feld f\u00fchren.\u00a0 Die Aufst\u00e4ndischen in Donezk allerdings haben ihr Heroismus-Potential ma\u00dflos \u00fcbersch\u00e4tzt.\u00a0&#8230; Alles vom 31.5.2014 bitte lesen auf<br \/>\n<a href=\"https:\/\/www.achgut.com\/dadgdx\/index.php\/dadgd\/article\/russischer_und_ukrainischer_kriegsindex_die_demografie_arbeitet_gegen_putin\">https:\/\/www.achgut.com\/dadgdx\/index.php\/dadgd\/article\/russischer_und_ukrainischer_kriegsindex_die_demografie_arbeitet_gegen_putin<\/a><\/p>\n<p>.<\/p>\n<p>&nbsp;<\/p>\n<p><strong>Erhard Eppler als Putin-Versteher<\/strong><br \/>\nIn seinem Essay &#8222;Wir reaktion\u00e4ren Versteher&#8220; zum Ukraine-Konflikt lehnt Erhard Eppler einen &#8222;Kampf zwischen Gut und B\u00f6se&#8220; a la George W. Bush ab und gibt sich als Putin-Versteher: &#8222;Ich bewundere den Mann nicht, ich m\u00f6chte auch nicht von ihm regiert werden, aber ich m\u00f6chte ihn verstehen. Denn die Alternative zum Verstehen ist der Hass. Und wenn ich jemanden verstehe, kann ich ihm widersprechen. Aber ich mu\u00df ihn nicht hassen&#8220;.<br \/>\nNach Gorbatschow \u00a0und Jelzin waren die Russen &#8222;froh, als dieser Putin die &#8222;Diktatur des Gesetzes&#8220; ausrief und langsam wieder einen Staat aufbaute. Sie werden vielleicht auch einmal mehr Meinungsfreiheit, Meinungsvielfalt verlangen und dann auch einen anderen Pr\u00e4sidenten w\u00e4hlen, aber vorerst haben sie andere Sorgen: Arbeit und das t\u00e4gliche Brot und ein starkes, geordnetes Russland, damit nicht noch einmal ein Verr\u00fcckter versucht, die &#8222;rassistuisch minderwertigen Russen&#8220; zu versklaven. Und jetzt freuen sie sich \u00fcber einen Pr\u00e4sidenten, der sich von Ukrainern und Westlern nicht auf der Nase herumtanzen l\u00e4\u00dft. Sobald dieser Pr\u00e4sident sie in einen neuen Krieg verwickeln w\u00fcrde, w\u00e4re er wohl f\u00fcr die meisten erledigt. Und der wei\u00df das. In der letzten Fragestunde des Pr\u00e4sidenten ist dies deutlich geworden.&#8220;<br \/>\nEppler geht davon aus, dass a) die Ukraine schon immer ein gespaltenes Land war: Der Osten und S\u00fcden der russischen Orthodoxie zugewandt, der Westen von der mit Rom unierten griechisch-katholischen Kirche gepr\u00e4gt. Und dass b) eine Aufnahme der Ukraine in die Nator von Russland als &#8222;Einkreisung&#8220; empfunden wird.<br \/>\n28.4.2014, Erhard Eppler: Wir reaktion\u00e4ren Vesteher, DER SPIEGEL, 18\/2014, S. 30-31<\/p>\n<p>&nbsp;<\/p>\n<p>&nbsp;<\/p>\n<p><strong>Russland fehlt die Aufkl\u00e4rung, der Westen macht &#8222;Aufkl\u00e4rung r\u00fcckw\u00e4rts&#8220;<\/strong><br \/>\nChristian Neef, lange Russland-Experte des SPIEGEL, forderte unter der \u00dcberschrift\u00a0<a href=\"https:\/\/magazin.spiegel.de\/digital\/index_SP.html#SP\/2014\/15\/126393821\">&#8222;Schluss mit der Romantik&#8220;<\/a>, dass die vermeintlichen Russland-Versteher in Deutschland endlich ihren verkl\u00e4rten Blick auf das Land korrigieren m\u00fcssten: &#8222;Aber Russland ist nicht Europa. Es wird auch nie Europa sein. Es hat nach dem Krieg und den seelischen Zerst\u00f6rungen der Stalin-Zeit keine Phase der Aufkl\u00e4rung durchgemacht. (\u2026) Putin setzt auf Macht und begr\u00fcndet sie mit einer konservativen, antiwestlichen Ideologie. Er spricht davon, dass &#8218;viele der euroatlantischen L\u00e4nder moralische Prinzipien und alle traditionellen Identit\u00e4ten verleugnen: nationale, kulturelle, religi\u00f6se und selbst sexuelle&#8216;. Man m\u00fcsse &#8218;eine Bewegung zur\u00fcck und nach unten, in die chaotische Dunkelheit und zu primitiven Zust\u00e4nden&#8216; verhindern. Russland m\u00fcsse dabei vorangehen.&#8220;<br \/>\nNeef beklagt in Russland starke reaktion\u00e4re Tendenzen, die von\u00a0den Russland-Verstehern\u00a0im Westen\u00a0ausgeblendet w\u00fcrden.<br \/>\nAlles vom 21.4.2014 im Print-Spiegel auf <a href=\"https:\/\/magazin.spiegel.de\/digital\/index_SP.html#SP\/2014\/15\/126393821\">https:\/\/magazin.spiegel.de\/digital\/index_SP.html#SP\/2014\/15\/126393821<\/a><\/p>\n<p>Doch was w\u00e4re, wenn sowohl Neef als auch Putin Recht h\u00e4tten? Wenn also Russland tats\u00e4chlich eine Phase der Aufkl\u00e4rung fehlt, zugleich aber der Westen aktuell eine Art &#8222;Aufkl\u00e4rung r\u00fcckw\u00e4rts&#8220; vollzieht? Stichworte wie Guant\u00e1namo, Abu Ghraib oder auch den mutwilligen Bruch von V\u00f6lkerrecht bei den Kriegen gegen Jugoslawien, Afghanistan, Irak und Libyen, sowie schlie\u00dflich die tausendfach t\u00f6tenden Drohnen in Pakistan kann man ja tats\u00e4chlich kaum anders umschreiben, denn als &#8222;R\u00fcckfall in chaotische Dunkelheit und primitive Zust\u00e4nde&#8220;. Die vor diesem Hintergrund behauptete moralische \u00dcberlegenheit des Westens wird angezweifelt. So\u00a0schreibt\u00a0Bernd Ulrich in der ZEIT: &#8222;Seit 9\/11 hat der Westen Kriege gef\u00fchrt, die unter h\u00f6chstem moralischen Aufwand begr\u00fcndet wurden und die am Ende doch vergeblich waren (Afghanistan) oder sich als reiner Betrug herausstellten (Irak). (\u2026) Mit seinem Drohnenkrieg bewegt sich auch Barack Obama wieder in einer v\u00f6lkerrechtlichen Grauzone. (\u2026) Die milit\u00e4rischen Interventionen des Westens in dieser Zeit sind f\u00fcr mich keineswegs Ausdruck einer imperialen Grundstimmung, die sich von Afghanistan bis Libyen jeweils andere Schaupl\u00e4tze gesucht hat. Ich deute sie ganz verschieden, mal als ideologisch motivierten Irrtum (Irak), mal als Trag\u00f6die (Afghanistan), mal als legitim (Libyen).&#8220;<br \/>\n<a href=\"https:\/\/www.zeit.de\/2014\/16\/russlanddebatte-krimkrise-putin\">https:\/\/www.zeit.de\/2014\/16\/russlanddebatte-krimkrise-putin<\/a>\u00a0 .<\/p>\n<p>.<\/p>\n<p><strong>Die russische Seele<\/strong><br \/>\nRussland war bis vor 25 Jahren eine Weltmacht, und dem Land wurde weltweit der entsprechende Respekt entgegengebracht. In diesem &#8222;Glanz&#8220; sonnte sich auch die Mehrheit des Volkes, zumal ihr der Zugang zu anderen Sonnenseiten versperrt war. Westliche Politiker der Nach-Sowjet-\u00c4ra hatten hierf\u00fcr ein feines Gesp\u00fcr. Sie behandelten ihre russischen Kollegen auch nach dem Zusammenbruch der Sowjetunion auf Augenh\u00f6he und erreichten \u2013 in kleinen Schritten \u2013 Verbesserungen bei Menschenrechten, Abr\u00fcstung et cetera. Beispielhaft war das gute Verh\u00e4ltnis zwischen Kohl und Jelzin und zwischen Putin und Schr\u00f6der. Heute hat kein westlicher Spitzenpolitiker einen vergleichbar guten pers\u00f6nlichen Zugang zum russischen Pr\u00e4sidenten. Schlimm f\u00fcr die russische Seele dabei: Viele Russen empfinden, dass ihr Pr\u00e4sident im Westen zunehmend wie der Vertreter einer Regionalmacht mit dem Charakter einer Bananenrepublik behandelt wird. Vergleichsweise eher unproblematische M\u00f6glichkeiten, das russische Selbstwertgef\u00fchl zu heben, verstreichen ungenutzt. Anstatt etwa den Erfolg der Olympischen Winterspiele in Sotschi anzuerkennen, wurden diese von einer moralisierenden westlichen Medienlandschaft zerredet.<br \/>\n11.4.2014, Hermann Greve, CH-Riehen<\/p>\n<p>&nbsp;<\/p>\n<p><strong>Chodorkowski darf nicht zum Opfer stilisiert werden<\/strong><br \/>\n&#8222;Das sicherste Mittel, arm zu bleiben, ist, ein ehrlicher Mensch zu sein!&#8220; Ob der \u2013 damals noch jugendliche \u2013 Michail B. Chodorkowski wohl an diesen Ausspruch Napoleon I. gedacht hat, als er seine ersten Gewinne mit dem Verkauf von minderwertigem Fusel unter der Bezeichnung &#8222;Cognac Napoleon&#8220; ergaunerte, ist nicht bekannt. Bekannt sind dagegen seine \u00c4u\u00dferungen in einem Interview 1993: &#8222;Unser Idol ist das Kapital, wir sind beseelt vom Reichtum&#8220;. Und sp\u00e4ter, als Milliard\u00e4r, sagte er:<br \/>\n&#8222;Ich kann nicht nur Parlamente, sondern auch Wahlergebnisse kaufen!&#8220;<br \/>\nEine nach Abschluss seiner Universit\u00e4tsstudien 1988 (Chemie und Volkswirtschaft) angestrebte Karriere in der R\u00fcstungsindustrie blieb Chodorkowski wegen seiner j\u00fcdischen Herkunft verwehrt. Deshalb wandte er sich dem Geldgesch\u00e4ft zu; 1989 wurde er Vorsitzender der Kommerziellen Innovationsbank, einer der ersten Privatbanken Russlands, und 1990 Generaldirektor der Menatep-Invest-Bank. 2004 sch\u00e4tzte ihn das US-Magazin Forbes auf 15,2 Milliarden US-Dollar. Dass diese Milliarden nicht in Russland gebunkert sind, versteht sich von selbst. In einer Zeit, in der es der Masse des russischen Volkes bereits schlechter ging als zu Sowjet-Zeiten, haben sich Oligarchen wie Chodorkowski skrupellos bereichert. Es ist ein Skandal, wenn so ein Mann bei uns heute zum Opfer der russischen Justiz hochstilisiert wird! Auch der Europ\u00e4ische Gerichtshof f\u00fcr Menschenrechte hat es 2011 abgelehnt, die Verurteilung Chodorkowskis wegen schweren Betruges, Unterschlagung, Steuerhinterziehung und Geldw\u00e4sche als politisch motiviert zu werten. Die Organisation <a title=\"NGO\" href=\"https:\/\/www.freiburg-schwarzwald.de\/blog\/vereine\/ngo\/\">Amnesty International<\/a> aber, die sich hier ebenfalls einzumischen bem\u00fc\u00dfigt f\u00fchlt, verspielt mit solchen Klienten Glaubw\u00fcrdigkeit.<br \/>\n3.1.2014, Dr. Werner J. Leitmeier, Ingolstadt<br \/>\nEnde Kommentare<\/p>\n<p>.<\/p>\n<p>&nbsp;<\/p>\n","protected":false},"excerpt":{"rendered":"<p>Home\u00a0&gt;Global &gt;Russland Blick am 12.12.2013 vom Lindenberg bei St. Peter nach S\u00fcden \u00fcbers Dreisamtal im Nebel zum Schauinsland &nbsp; Listenauswahl eines Beitrags (Artikel\/Datum, Seite\/Inhalt):\u00a0Klicken\u00a0oder scrollen Russland Frieden Deutschland\u00a0(22.4.2026) Miosga: \u201eHaben Sie nicht den Eindruck, dass Putin uns droht?\u201c Wo Journalismus &hellip; <a href=\"https:\/\/www.freiburg-schwarzwald.de\/blog\/global\/russland\/\">Weiterlesen <span class=\"meta-nav\">&rarr;<\/span><\/a><\/p>\n","protected":false},"author":4,"featured_media":0,"parent":27,"menu_order":0,"comment_status":"open","ping_status":"closed","template":"","meta":{"footnotes":""},"class_list":["post-43422","page","type-page","status-publish","hentry"],"_links":{"self":[{"href":"https:\/\/www.freiburg-schwarzwald.de\/blog\/wp-json\/wp\/v2\/pages\/43422","targetHints":{"allow":["GET"]}}],"collection":[{"href":"https:\/\/www.freiburg-schwarzwald.de\/blog\/wp-json\/wp\/v2\/pages"}],"about":[{"href":"https:\/\/www.freiburg-schwarzwald.de\/blog\/wp-json\/wp\/v2\/types\/page"}],"author":[{"embeddable":true,"href":"https:\/\/www.freiburg-schwarzwald.de\/blog\/wp-json\/wp\/v2\/users\/4"}],"replies":[{"embeddable":true,"href":"https:\/\/www.freiburg-schwarzwald.de\/blog\/wp-json\/wp\/v2\/comments?post=43422"}],"version-history":[{"count":6,"href":"https:\/\/www.freiburg-schwarzwald.de\/blog\/wp-json\/wp\/v2\/pages\/43422\/revisions"}],"predecessor-version":[{"id":148147,"href":"https:\/\/www.freiburg-schwarzwald.de\/blog\/wp-json\/wp\/v2\/pages\/43422\/revisions\/148147"}],"up":[{"embeddable":true,"href":"https:\/\/www.freiburg-schwarzwald.de\/blog\/wp-json\/wp\/v2\/pages\/27"}],"wp:attachment":[{"href":"https:\/\/www.freiburg-schwarzwald.de\/blog\/wp-json\/wp\/v2\/media?parent=43422"}],"curies":[{"name":"wp","href":"https:\/\/api.w.org\/{rel}","templated":true}]}}