{"id":42983,"date":"2013-12-25T19:01:54","date_gmt":"2013-12-25T18:01:54","guid":{"rendered":"https:\/\/www.freiburg-schwarzwald.de\/blog\/?page_id=42983"},"modified":"2026-02-13T21:09:01","modified_gmt":"2026-02-13T20:09:01","slug":"maedchen","status":"publish","type":"page","link":"https:\/\/www.freiburg-schwarzwald.de\/blog\/selbsthilfe\/kinder\/maedchen\/","title":{"rendered":"Maedchen"},"content":{"rendered":"<p><a href=\"https:\/\/www.freiburg-schwarzwald.de\/blog\">Home<\/a> &gt;<a title=\"Selbsthilfe\" href=\"https:\/\/www.freiburg-schwarzwald.de\/blog\/selbsthilfe\/\">Selbsthilfe<\/a> &gt;<a title=\"Zukunft\" href=\"https:\/\/www.freiburg-schwarzwald.de\/blog\/engagement\/zukunft\/\">Zukunft<\/a> &gt;<a title=\"Kinder\" href=\"https:\/\/www.freiburg-schwarzwald.de\/blog\/selbsthilfe\/kinder\/\">Kinder<\/a> &gt;Maedchen<\/p>\n<div id=\"attachment_42460\" style=\"width: 649px\" class=\"wp-caption alignnone\"><a href=\"https:\/\/www.freiburg-schwarzwald.de\/blog\/regio\/berge\/lindenberg\/lindenberg16nebel-dreisamtal-pan131212\/\" rel=\"attachment wp-att-42460\"><img loading=\"lazy\" decoding=\"async\" aria-describedby=\"caption-attachment-42460\" class=\"size-full wp-image-42460\" title=\"lindenberg16nebel-dreisamtal-pan131212\" src=\"https:\/\/www.freiburg-schwarzwald.de\/blog\/wp-content\/uploads\/2012\/10\/lindenberg16nebel-dreisamtal-pan131212.jpg\" alt=\"\" width=\"639\" height=\"256\" srcset=\"https:\/\/www.freiburg-schwarzwald.de\/blog\/wp-content\/uploads\/2012\/10\/lindenberg16nebel-dreisamtal-pan131212.jpg 639w, https:\/\/www.freiburg-schwarzwald.de\/blog\/wp-content\/uploads\/2012\/10\/lindenberg16nebel-dreisamtal-pan131212-180x72.jpg 180w\" sizes=\"auto, (max-width: 639px) 100vw, 639px\" \/><\/a><p id=\"caption-attachment-42460\" class=\"wp-caption-text\">Blick vom Lindenberg nach S\u00fcden \u00fcbers Nebelmeer des Dreisamtals zum Feldberg (oben links) am 12.12.2013<\/p><\/div>\n<p>&nbsp;<\/p>\n<ul>\n<li><em>Listenauswahl eines Beitrags (Artikel\/Datum, Seite\/Inhalt):<span style=\"text-decoration: underline;\">\u00a0Klicken<\/span>\u00a0oder scrollen<\/em><\/li>\n<li><a href=\"https:\/\/www.freiburg-schwarzwald.de\/blog\/global\/grossbritannien\/england\/\">Rape-Gangs: M\u00e4dchen sind Untermenschen als Frauen, Wei\u00dfe und Ungl\u00e4ubige<\/a>\u00a0(13.2.2026)<\/li>\n<li><a href=\"https:\/\/www.freiburg-schwarzwald.de\/blog\/epstein-deepstate-wertewesten\/\">Epstein DeepState Wertewesten<\/a>\u00a0(9.2.2026)<\/li>\n<li><a href=\"https:\/\/www.freiburg-schwarzwald.de\/blog\/maedchen-15-17-angst-corona\/\">M\u00e4dchen 15-17: Angst Corona<\/a>\u00a0(11.12.2025)<\/li>\n<li><a href=\"https:\/\/www.freiburg-schwarzwald.de\/blog\/selbsthilfe\/frauen\/erotik\/\">Catcalling \u2013 das wichtigste Problem f\u00fcr SPD-Frauen<\/a> (10.9.2025)<\/li>\n<li><a href=\"https:\/\/www.freiburg-schwarzwald.de\/blog\/religion\/islam\/islam-maedchen\/\">Zeinab Herz: Die Ganzk\u00f6rperverschleierung f\u00fcr Kinder bei Otto und Co. ist ein Alarmsignal<\/a>\u00a0(30.8.2025)<\/li>\n<li><a href=\"https:\/\/www.freiburg-schwarzwald.de\/blog\/religion\/islam\/islam-maedchen\/\">Otto verkauft Ganzk\u00f6rperverschleierung f\u00fcr Kita-Kinder<\/a> (26.8.2025)<\/li>\n<li><a href=\"https:\/\/www.freiburg-schwarzwald.de\/blog\/selbsthilfe\/krise\/gewalt\/kindergewalt\/\">M\u00e4dchengang-Terror an Oberschule in Sande<\/a>\u00a0(2.1.2025)<\/li>\n<li><a href=\"https:\/\/www.freiburg-schwarzwald.de\/blog\/selbsthilfe\/familie\/generationen\/generation-z\/\">Die stille Krise der Generation Z \u2013 Freiheit versus Konformit\u00e4t<\/a>\u00a0(11.11.2024)<\/li>\n<li><a href=\"https:\/\/www.freiburg-schwarzwald.de\/blog\/oezdemir-maedchen-migranten\/\">\u00d6zdemir: M\u00e4dchen \u2013 Migranten<\/a>\u00a0(1.10.2024)<\/li>\n<li><a href=\"https:\/\/www.freiburg-schwarzwald.de\/blog\/selbsthilfe\/frauen\/gender\/trans\/selbstbestimmungsgesetz\/\">Anh\u00f6rung als Farce: Wie die Ampel das Selbstbestimmungsgesetz durchpeitscht<\/a>\u00a0(20.12.2023)<\/li>\n<li><a href=\"https:\/\/www.freiburg-schwarzwald.de\/blog\/global\/migration\/migrantenkinder\/\">Kinder-Stra\u00dfenfest in Berlin Kreuzberg: Verschleierung<\/a>\u00a0(4.6.2023)<\/li>\n<li><a href=\"https:\/\/www.freiburg-schwarzwald.de\/blog\/global\/migration\/migranten-gewalt\/luise12erstochen230311\/\">Bewegende Trauerfeier f\u00fcr get\u00f6tete Luise<\/a>\u00a0(22.3.2023)<\/li>\n<li><a href=\"https:\/\/www.freiburg-schwarzwald.de\/blog\/selbsthilfe\/krise\/gewalt\/kindergewalt\/\">Wenn M\u00e4dchen brutal werden: Antdeutscher Rassismus \u2013 Smartphone-Addiction<\/a>\u00a0(22.3.2023)<\/li>\n<li><a href=\"https:\/\/www.freiburg-schwarzwald.de\/blog\/global\/migration\/migranten-gewalt\/luise12erstochen230311\/\">Luise (12) wurde erstochen: Zwei M\u00e4dchen (12, 13) sind die T\u00e4terinnen<\/a> (15.3.2023)<\/li>\n<li><a href=\"https:\/\/www.freiburg-schwarzwald.de\/blog\/syrer-vergewaltigt-freier-mann\/\">Syrer vergewaltigt \u2013 freier Mann<\/a>\u00a0(3.3.2023)<\/li>\n<li><a href=\"https:\/\/www.freiburg-schwarzwald.de\/blog\/kultur\/medien\/diskussionskultur\/106921-2\/\">Generalverdacht-Vorwurf beleidigt die B\u00fcrger<\/a>\u00a0(7.12.2022)<\/li>\n<li><a href=\"https:\/\/www.freiburg-schwarzwald.de\/blog\/afghane-vergewaltigt-kind-frei\/\">Afghane vergewaltigt Kind \u2013 frei<\/a>\u00a0(21.7.2022)<\/li>\n<li><a href=\"https:\/\/www.freiburg-schwarzwald.de\/blog\/selbsthilfe\/frauen\/gender\/lgbtq\/\">Wenn der LGBTQ-Aktivismus in der KITA ankommt<\/a>\u00a0(5.5.2022)<\/li>\n<li><a href=\"https:\/\/www.freiburg-schwarzwald.de\/blog\/dresden-nur-vandalismus\/\">Linksextreme zerst\u00f6ren \u201eTrauerndes M\u00e4dchen\u201c in Dresden<\/a>\u00a0(4.2.2022)<\/li>\n<li><a href=\"https:\/\/www.freiburg-schwarzwald.de\/blog\/selbsthilfe\/frauen\/gender\/sexualbiologie\/\">Ulrich Kutschera: Strafsache Sexualbiologie<\/a>\u00a0(28.1.2022)<\/li>\n<li><a href=\"https:\/\/www.freiburg-schwarzwald.de\/blog\/global\/integration\/muslime\/muslime-mobbing\/\">Schulen in Neuk\u00f6lln: Islam-begr\u00fcndetes Mobbing von M\u00e4dchen<\/a> (30.12.2021)<\/li>\n<li><a href=\"https:\/\/www.freiburg-schwarzwald.de\/blog\/intolerante-minderheiten\/\">Intolerante MInderheiten gewinnen<\/a>\u00a0(29.12.2021)<\/li>\n<li><a href=\"https:\/\/www.freiburg-schwarzwald.de\/blog\/selbsthilfe\/krise\/sexuellermissbrauch\/gruppenvergewaltigung\/\">Frauen sind kein Freiwild \u2013 Gruppenvergewaltigung in Leer<\/a>\u00a0(27.7.2021)<\/li>\n<li><a href=\"https:\/\/www.freiburg-schwarzwald.de\/blog\/selbsthilfe\/kinder\/kinderschutz\/\">Transgender-Ideologie bedroht Jugend: Kinderschutz erforderlich<\/a>\u00a0(6.7.2021)<\/li>\n<li><a href=\"https:\/\/www.freiburg-schwarzwald.de\/blog\/kinderkopftuch-kita-und-schule\/\">Kinderkopftuch: Kita und Schule<\/a>\u00a0(19.3.2021)<\/li>\n<li><a href=\"https:\/\/www.freiburg-schwarzwald.de\/blog\/schuelerinnen-zum-lockdown\/\">Drei Sch\u00fclerinnen zum Lockdown<\/a>\u00a0(15.11.2020)<\/li>\n<li><a title=\"Sexualisierung\" href=\"https:\/\/www.freiburg-schwarzwald.de\/blog\/selbsthilfe\/kinder\/sexualisierung\/\">Fr\u00fckindliche Sexualerziehung: Kinderrechte ins Grundgesetz \u2013 Elternrechte an den Staat?<\/a>\u00a0(8.1.2020)<\/li>\n<li><a title=\"Familie oder Umweltrettung?\" href=\"https:\/\/www.freiburg-schwarzwald.de\/blog\/familie-oder-umweltrettung\/\">Familie oder Umweltrettung?<\/a>\u00a0(1.1.2010)<\/li>\n<li><a title=\"Babuschka in RUS \u2013 Oma in D\" href=\"https:\/\/www.freiburg-schwarzwald.de\/blog\/babuschka-in-rus-oma-in-d\/\">Babuschka in RUS \u2013 Oma in D<\/a>\u00a0(30.12.2019)<\/li>\n<li><a title=\"Maedchen nicht davor warnen\" href=\"https:\/\/www.freiburg-schwarzwald.de\/blog\/maedchen-nicht-davor-warnen\/\">M\u00e4dchen nicht davor warnen<\/a>\u00a0(26.11.2019)<\/li>\n<li>Liebe kleine Johanna &#8211; ein Opa an seine Enkelin (30.5.2019)<\/li>\n<li><a href=\"https:\/\/www.freiburg-schwarzwald.de\/blog\/manchmal-schweige-ich-mit-16\/\">https:\/\/www.freiburg-schwarzwald.de\/blog\/manchmal-schweige-ich-mit-16\/<\/a>\u00a0(25.5.2019)<\/li>\n<li>Amadeu Antonio Stiftung: Kleider, Z\u00f6pfe, Handarbeiten von M\u00e4dchen &#8211;\u00a0Neonazi-Eltern? (29.11.2018)<\/li>\n<li><a title=\"Unsicher\" href=\"https:\/\/www.freiburg-schwarzwald.de\/blog\/selbsthilfe\/frauen\/unsicher\/\">Deutschland nach 2015: Die Frauen verlieren Sicherheit und Freiheit<\/a>\u00a0(28.11.2018)<\/li>\n<li>12-J\u00e4hrige durch Gambier im Zug bei M\u00fcllheim sexuell mi\u00dfbraucht (12.11.2018)<\/li>\n<li>Junge M\u00e4dchen: Generalverdacht rettet Menschenleben (15.6.2018)<\/li>\n<li>Islam verbietet M\u00e4dchen ihre Selbstbestimmung (12.7.2016)<\/li>\n<li><a title=\"Sexuellermissbrauch\" href=\"https:\/\/www.freiburg-schwarzwald.de\/blog\/selbsthilfe\/krise\/sexuellermissbrauch\/\">Syrischer Asylbewerber bel\u00e4stigt etliche Kinder in FR sexuell<\/a> (28.4.2016)<\/li>\n<li><span style=\"text-decoration: underline;\"><span style=\"color: #0066cc;\"><a href=\"https:\/\/www.freiburg-schwarzwald.de\/blog\/my-fertility-matters-in-freiburg\/\">https:\/\/www.freiburg-schwarzwald.de\/blog\/my-fertility-matters-in-freiburg\/<\/a><\/span><\/span>\u00a0(20.9.2014)<\/li>\n<li>Pinkstinks.de &#8211; Kampagne gegen m\u00e4dchenfeundliche Medien (25.12.2013)<\/li>\n<li><\/li>\n<li><a title=\"Erotik\" href=\"https:\/\/www.freiburg-schwarzwald.de\/blog\/selbsthilfe\/frauen\/erotik\/\">Erotik<\/a><\/li>\n<li><a title=\"Feminismus\" href=\"https:\/\/www.freiburg-schwarzwald.de\/blog\/selbsthilfe\/frauen\/feminismus\/\">Feminismus<\/a><\/li>\n<li><a title=\"Frauen\" href=\"https:\/\/www.freiburg-schwarzwald.de\/blog\/selbsthilfe\/frauen\/\">Frauen<\/a><\/li>\n<li><a title=\"Frauenmorde-Migration\" href=\"https:\/\/www.freiburg-schwarzwald.de\/blog\/selbsthilfe\/frauen\/frauenmorde-migration\/\">Frauenmorde durch Migranten<\/a><\/li>\n<li><a href=\"https:\/\/www.freiburg-schwarzwald.de\/blog\/selbsthilfe\/familie\/generationen\/generation-z\/\">Generation-Z<\/a><\/li>\n<li><a href=\"https:\/\/www.freiburg-schwarzwald.de\/blog\/religion\/islam\/islam-maedchen\/\">Islam-M\u00e4dchen<\/a><\/li>\n<li><a title=\"Kids\" href=\"https:\/\/www.freiburg-schwarzwald.de\/blog\/selbsthilfe\/kinder\/kids\/\">Kids<\/a><\/li>\n<li><a title=\"Kinderehe\" href=\"https:\/\/www.freiburg-schwarzwald.de\/blog\/religion\/islam\/kinderehe\/\">Kinderehe<\/a><\/li>\n<li><a href=\"https:\/\/www.freiburg-schwarzwald.de\/blog\/selbsthilfe\/kinder\/kinderschutz\/\">Kinderschutz<\/a><\/li>\n<li><a title=\"Jungen\" href=\"https:\/\/www.freiburg-schwarzwald.de\/blog\/selbsthilfe\/jugend\/jungen\/\">Jungen<\/a><\/li>\n<li><a href=\"https:\/\/www.freiburg-schwarzwald.de\/blog\/selbsthilfe\/frauen\/gender\/lgbtq\/\">LGBTQ<\/a><\/li>\n<li><a href=\"https:\/\/www.freiburg-schwarzwald.de\/blog\/selbsthilfe\/frauen\/gender\/trans\/selbstbestimmungsgesetz\/\">Selbstbestimmungsgesetz<\/a><\/li>\n<li><a href=\"https:\/\/www.freiburg-schwarzwald.de\/blog\/selbsthilfe\/frauen\/gender\/sexualbiologie\/\">Sexualbiologie<\/a><\/li>\n<li><a title=\"Sexualisierung\" href=\"https:\/\/www.freiburg-schwarzwald.de\/blog\/selbsthilfe\/kinder\/sexualisierung\/\">Sexualisierung<\/a><\/li>\n<li><a href=\"https:\/\/www.freiburg-schwarzwald.de\/blog\/selbsthilfe\/frauen\/gender\/trans\/\">Trans<\/a><\/li>\n<li><a title=\"Unsicher\" href=\"https:\/\/www.freiburg-schwarzwald.de\/blog\/selbsthilfe\/frauen\/unsicher\/\">Unsicher<\/a><\/li>\n<\/ul>\n<p>&nbsp;<\/p>\n<p><strong>Liebe kleine Johanna,<\/strong><br \/>\nDiesen Brief wirst Du lesen k\u00f6nnen, wenn Du gro\u00df bist und schon genug gelernt hast, um zu verstehen, was ich Dir hier schreibe. Ob Du das tun wirst, ob Du mich dann noch fragen kannst, was ich damit sagen wollte oder gemeint haben k\u00f6nnte, wei\u00df ich heute nat\u00fcrlich nicht. Denn zu den Dingen des Lebens, von denen Du so nach und nach Kenntnis erlangen wirst, geh\u00f6rt auch, da\u00df wir Menschen wie alle anderen Lebewesen auf dieser Erde eines Tages sterben werden.<br \/>\nDeine Eltern haben Dich heute taufen lassen. Deine ganze Familie, Deine Taufpaten und viele andere Menschen aus der Gemeinde, in der Deine Familie lebt, waren dabei. Nat\u00fcrlich gab es auch eine Feier mit Kaffee und Kuchen, so wie das bei uns seit vielen Jahrhunderten der Brauch ist. Vielleicht wirst Du jetzt, wo Du diesen Brief liest, das Ganze als altmodisches Ritual ansehen, das in Deiner aufgekl\u00e4rten, fortschrittlichen Welt allenfalls noch als leicht angestaubte Familientradition durchgehen kann. Dennoch will ich Dir meine Gedanken dazu mitteilen und bitte Dich, diesen Brief zu Ende zu lesen und dar\u00fcber nachzudenken. Was Du dann daraus machst, ist nat\u00fcrlich Deine Sache, womit wir schon bei einem wichtigen Punkt w\u00e4ren.<\/p>\n<p>Du wirst nicht als Mensch zweiter Klasse aufwachsen, nur weil Du ein M\u00e4dchen bist, und noch weniger, weil Du christlich getauft worden bist. Deswegen wird zum Beispiel Dein Erbteil genauso gro\u00df sein, wie der Deines Bruders, und deswegen wird Deine Zeugenaussage vor Gericht genau so viel Wert sein, wie die Deines Bruders. Und deswegen wirst Du Dich als junges M\u00e4dchen mit Jungs Deiner Wahl treffen k\u00f6nnen, auch ohne Aufsicht Deines gro\u00dfen oder auch kleinen Bruders.<br \/>\n.<br \/>\nDu wirst nicht an Deinen Genitalien verst\u00fcmmelt werden, damit Du als Frau keine sexuelle Lust empfinden kannst, wie das jungen M\u00e4dchen in islamisch gepr\u00e4gten L\u00e4ndern millionenfach widerf\u00e4hrt. Auch Dein Bruder, den Deine Eltern in zwei Jahren ganz sicher zur Ersten Heiligen Kommunion schicken werden, wird sich nicht der Genitalverst\u00fcmmelung, \u00fcbrigens ohne Bet\u00e4ubung, unterziehen m\u00fcssen, die man besch\u00f6nigend als Beschneidung bezeichnet, und die ihm wenigstens teilweise das sexuelle Lustempfinden als geschlechtsreifer Erwachsener rauben wird.<br \/>\nDu wirst nicht jedes Jahr einen ganzen Monat lang von Sonnenaufgang bis Sonnenuntergang weder etwas essen noch trinken d\u00fcrfen, nicht einmal einen winzigen Schluck Wasser, und sei der Tag wie im Hochsommer unendlich lang und unertr\u00e4glich hei\u00df.<br \/>\n.<br \/>\nDu wirst essen und trinken k\u00f6nnen, was Du magst, weil die Religion Deiner Eltern, in die sie Dich mit der Taufe aufnehmen lie\u00dfen, ihren Angeh\u00f6rigen nicht vorschreibt, was sie essen und trinken d\u00fcrfen und was nicht. Du wirst also mit Appetit in ein Schinkenbrot bei\u00dfen d\u00fcrfen, wenn Dir das schmeckt, und Du wirst ein Glas Wein genie\u00dfen d\u00fcrfen, wenn Dir danach ist.<br \/>\n.<br \/>\nDu wirst Dich kleiden k\u00f6nnen, wie es Dir gef\u00e4llt. Du wirst eben nicht unter dem Druck Deiner Familie nach den Vorschriften Deiner Religion h\u00e4\u00dfliche Kleidung tragen m\u00fcssen, die je nach Interprtation des Koran zur Verh\u00fcllung des Haars und des Halses oder des ganzen K\u00f6rpers zwingt. Denn die M\u00e4nner werden ja nach islamischen Vorstellungen angesichts einer in den Augen gl\u00e4ubiger Muslime freiz\u00fcgig gekleideten Frau augenblicklich von \u201es\u00fcndhaften\u201c Gedanken gepackt und von dem dringenden Wunsch beseelt, an dieser Frau ihre sexuelle Lust auszulassen.<br \/>\nDu wirst die Schule, vielleicht auch die Universit\u00e4t, besuchen k\u00f6nnen, die Du als die richtige f\u00fcr Dich h\u00e4ltst. Du wirst den Beruf ergreifen k\u00f6nnen, der Dir erstrebenswert erscheint. Du wirst nicht von fr\u00fchester Jugend an auf ein Leben als Mutter m\u00f6glichst vieler Kinder verwiesen sein, die das Haus ohne Begleitung eines m\u00e4nnlichen Familienmitglieds nicht verlassen darf, und auch das nur mit ganz oder teilweise verh\u00fclltem K\u00f6rper, weil eben kein anderer Mann sehen soll, wie sch\u00f6n Du bist.<br \/>\n.<br \/>\nDu wirst nicht von Deiner Familie gezwungen werden, einen Mann zu heiraten, den Du weder kennst, geschweige denn liebst, und der nicht selten Dein Cousin sein kann. Du wirst nicht Deinem Mann nur eine von mehreren Ehefrauen sein d\u00fcrfen. Du wirst nicht Deinem Mann Gehorsam schulden. Du wirst nicht gesteinigt werden, falls Du aus der Ehe ausbrichst und mit einem anderen Mann eine Liebesbeziehung unterh\u00e4ltst, wie das nicht wenigen Frauen in islamischen L\u00e4ndern widerf\u00e4hrt. Und Du wirst auch nicht um Deinen Bruder trauern m\u00fcssen, den man \u00f6ffentlich an einem Baukran geh\u00e4ngt hat, weil er seine homosexuelle Veranlagung ausgelebt hat.<br \/>\n.<br \/>\nDu wirst nicht zum Tode verurteilt und \u00f6ffentlich hingerichtet werden, weil Du Deinen Glauben abgelegt und zu einer anderen Religion \u00fcbergetreten bist oder g\u00e4nzlich ohne religi\u00f6ses Bekenntnis leben willst, wie das in manchen islamischen L\u00e4ndern nach den Regeln des Korans auch heute noch geschieht. Denn, so steht es ja im Koran, was dort geschrieben steht, ist unab\u00e4nderlich.<br \/>\n.<br \/>\nNun, da Du diesen Brief liest, bist Du vielleicht gl\u00e4ubige Katholikin und gehst regelm\u00e4\u00dfig in die Kirche, vielleicht siehst Du die Kirche auch nur an hohen Feiertagen und zu Ereignissen wie Deiner Hochzeit, dem Requiem f\u00fcr einen Familienangeh\u00f6rigen oder auch gar nicht von innen, weil Dir die Religion gleichg\u00fcltig ist. Vielleicht hast Du auch von Deiner Religionsm\u00fcndigkeit nach dem Erreichen Deines 14. Lebensjahres Gebrauch gemacht und bist aus der Kirche ausgetreten. Das ist alles allein Deine Entscheidung. F\u00fcr alle Deine Altersgenossen, die in eine archaische, strenge religi\u00f6se Kultur hinein geboren wurden, wie sie vor allem islamisch gepr\u00e4gte Gesellschaften aufweisen, ist das leider nicht so. Ihre pers\u00f6nliche Freiheit endet an den engen Grenzen ihrer Religion.<\/p>\n<p>Ja, nun nicht mehr kleine, sondern gro\u00df gewordene Johanna, Du kannst Dir nur dazu gratulieren, da\u00df Du hier bei uns, in einer freien Gesellschaft, geboren und aufgewachsen bist. Eine starke Wurzel dieser freien Gesellschaft ist neben der griechischen Philosophie die Religion, nach deren Lehren Du an dem Tag getauft worden bist, an dem ich Dir diesen Brief geschrieben habe. Mein bescheidener Wunsch als Dein Gro\u00dfvater ist, da\u00df Du Dich einfach wenigstens soweit mit den geistigen und kulturellen Grundlagen des Lebens befa\u00dft, da\u00df Du die Unterschiede erkennen kannst. Denn zur Freiheit geh\u00f6rt auch, sich bewu\u00dft f\u00fcr eine Art zu leben entscheiden zu k\u00f6nnen. Ein Gro\u00dfteil der Menschheit kann das nicht, weil er in Unwissenheit gehalten wird, etwa, weil die Religion seiner Eltern das so vorgibt. Darum bitte ich Dich, Deinen geistigen Horizont \u00fcber die allt\u00e4glichen Dinge hinaus zu erweitern, soweit Du darauf noch nicht selbst gekommen bist. Ich bin mir sicher, da\u00df Du dann unter anderem erkennst, da\u00df Du es ganz gut getroffen hast, und woran das liegt.<br \/>\nIch w\u00fcnsche Dir von Herzen ein sch\u00f6nes freies Leben!<br \/>\nDein Opa<br \/>\n.<br \/>\n<em>Vorweg sei gesagt, da\u00df Verfasser wie Adressatin dieses Briefs nat\u00fcrlich fiktiv sind. Jedoch k\u00f6nnte man bei Gelegenheit durchaus einen solchen Brief an ein Kind schreiben. Ob und mit welchen Gedanken dieses Kind sehr viel sp\u00e4ter diesen Brief lesen w\u00fcrde, steht nat\u00fcrlich auf einem anderen Blatt.<br \/>\n<\/em>\u00a0.<br \/>\n&#8230;. Alles vom 30.5.2019 von Rainer Thesen zu &#8222;Ein Brief zur Taufe&#8220; bitte lesen auf<br \/>\n<a href=\"https:\/\/rainerthesen.de\/2019\/05\/30\/ein-brief-zur-taufe\/\">https:\/\/rainerthesen.de\/2019\/05\/30\/ein-brief-zur-taufe\/<\/a><\/p>\n<p>&nbsp;<\/p>\n<p><strong>Amadeu Antonio Stiftung: Kleider, Z\u00f6pfe, Handarbeiten von M\u00e4dchen &#8211; Hinweise auf Neonazi-Eltern?<\/strong><br \/>\nTr\u00e4gt ihre <a title=\"Kinder\" href=\"https:\/\/www.freiburg-schwarzwald.de\/blog\/selbsthilfe\/kinder\/\">Tochter<\/a> Z\u00f6pfe? Leiten Sie sie zuhause vielleicht sogar zu Handarbeiten an? Und fordern Sie Ihren Sohn vielleicht k\u00f6rperlich stark? Vorsicht! Wenn das den Erziehern in Ihrer Kita auff\u00e4llt, die den Flyer <strong><em>\u201eEne, mene, muh &#8211; und raus bist du\u201c<\/em><\/strong> der <a title=\"Amadeu \u2013 Staat finanziert Zensur\" href=\"https:\/\/www.freiburg-schwarzwald.de\/blog\/amadeu-staat-finanziert-zensur\/\">Amadeu Antonio Stiftung<\/a> gelesen haben. Denn laut Brosch\u00fcre sind Sie m\u00f6glicherweise rechtsradikal \u2013 und sollten lieber bald zu einem kl\u00e4renden Gespr\u00e4ch in die <a title=\"Kindergarten\" href=\"https:\/\/www.freiburg-schwarzwald.de\/blog\/bildung\/kindergarten\/\">Kita<\/a> einbestellt werden. Vor allem, wenn Ihre Kinder auch noch \u201egut spuren\u201c und zur\u00fcckhaltend sind. &#8230;<br \/>\nTraditionelle Geschlechterrollen k\u00f6nnten ein Hinweis auf eine <a title=\"Volk\" href=\"https:\/\/www.freiburg-schwarzwald.de\/blog\/engagement\/zukunft\/demokratie\/volk\/\">\u201ev\u00f6lkische Familie\u201c<\/a> sein, hei\u00dft es in der Brosch\u00fcre \u2013 gef\u00f6rdert vom Bundesfamilienministerium und geadelt mit einem Vorwort von Ministerin Franziska Giffey (SPD). Die Empfehlung im Falle zopftragender M\u00e4dchen und sportelnder Jungs lautet: Erzieher sollten die Eltern zum Gespr\u00e4ch bitten &#8230;.<br \/>\n\u201eHaarstr\u00e4ubend\u201c nennt es der familienpolitische Sprecher der Unionsfraktion Marcus Weinberg im FOCUS, dass das <strong><em>Tragen von Kleidern und Z\u00f6pfen bei M\u00e4dchen oder das Erlernen von Handarbeiten als Negativbeispiele f\u00fcr rechtsextreme Elternh\u00e4user<\/em> <\/strong>herhalten sollten. Mehr noch aber st\u00f6rt ihn, dass Erzieher angehalten werden sollen, die <a title=\"Gesinnungsdiktatur\" href=\"https:\/\/www.freiburg-schwarzwald.de\/blog\/kultur\/medien\/gesinnungsdiktatur\/\">politische Gesinnung<\/a> von <a title=\"Familie\" href=\"https:\/\/www.freiburg-schwarzwald.de\/blog\/selbsthilfe\/familie\/\">Eltern<\/a> zu pr\u00fcfen. \u201eDie in dieser Brosch\u00fcre der <a title=\"Meinungsvielfalt Medienvielfalt\" href=\"https:\/\/www.freiburg-schwarzwald.de\/blog\/meinungsvielfalt-medienvielfalt\/\">Amadeu Antonio Stiftung<\/a> empfohlenen Methoden wecken Erinnerungen <a title=\"Nazi\" href=\"https:\/\/www.freiburg-schwarzwald.de\/blog\/religion\/juden\/nazi\/\">an Zeiten in Deutschland<\/a>, in denen nur eine einzige politische Einstellung opportun oder geduldet war und Kinder gegen ihre Eltern ausgespielt wurden.\u201c<br \/>\nAuch die oberste Familienpolitikerin der Union, Vize-Fraktionschefin Nadine Sch\u00f6n (CDU), ist entsetzt \u00fcber die Brosch\u00fcre. Aus ihrer Sicht ist das 60-Seiten-Elaborat eine \u201eHandlungsanweisung zur Elternspionage\u201c. Sch\u00f6ns Forderung: \u201eBitte sofort einstampfen!\u201c<br \/>\n&#8230;. Alles vom 29.11.2018 bitte lesen auf<\/p>\n<p><a href=\"https:\/\/www.focus.de\/politik\/deutschland\/bundesfamilienministerin-unter-druck-gesinnungs-polizei-in-der-kita_id_9992477.html\">https:\/\/www.focus.de\/politik\/deutschland\/bundesfamilienministerin-unter-druck-gesinnungs-polizei-in-der-kita_id_9992477.html<\/a><br \/>\n.<br \/>\n<a href=\"https:\/\/www.cicero.de\/innenpolitik\/kita-broschuere-rechtspopulismus-amadeu-antonio-stiftung-franziska-giffey\">https:\/\/www.cicero.de\/innenpolitik\/kita-broschuere-rechtspopulismus-amadeu-antonio-stiftung-franziska-giffey<\/a><br \/>\n.<br \/>\nEene mene muh, und raus bist Du &#8211; Brosch\u00fcre:<br \/>\n<a href=\"https:\/\/www.amadeu-antonio-stiftung.de\/w\/files\/pdfs\/kita_internet_2018.pdf\">https:\/\/www.amadeu-antonio-stiftung.de\/w\/files\/pdfs\/kita_internet_2018.pdf<\/a><br \/>\n.<\/p>\n<p>&nbsp;<\/p>\n<p><strong>12-J\u00e4hrige durch Gambier im Zug bei M\u00fcllheim sexuell mi\u00dfbraucht<\/strong><br \/>\nEin 34-j\u00e4hriger <a title=\"Migration-Maenner\" href=\"https:\/\/www.freiburg-schwarzwald.de\/blog\/global\/migration\/migration-maenner\/\">Migrant<\/a> aus <a title=\"Gambia\" href=\"https:\/\/www.freiburg-schwarzwald.de\/blog\/global\/afrika\/gambia\/\">Gambia<\/a> soll eine 12-j\u00e4hrige Sch\u00fclerin im Regionalzug zwischen Freiburg und Schliengen bei M\u00fcllheim <a title=\"Sexuellermissbrauch\" href=\"https:\/\/www.freiburg-schwarzwald.de\/blog\/selbsthilfe\/krise\/sexuellermissbrauch\/\">sexuell missbraucht<\/a> haben. In ihrer Verzweiflung hatte die Mutter hatte einen Fahndungsaufruf auf Facebook gepostet, dessen Bilder zur raschen Ergreifung des T\u00e4ters f\u00fchrten, bevor dieser weitere <a title=\"Fluechtlinge-Kriminalitaet\" href=\"https:\/\/www.freiburg-schwarzwald.de\/blog\/global\/integration\/fluechtlinge-kriminalitaet\/\">sexuelle \u00dcbergriffe<\/a> an M\u00e4dchen und Frauen anrichten konnte. Erleichterung bei Mutter und Eltern. Die Polizei jedoch veranla\u00dfte das L\u00f6schen des Facebook-Posts und verwarnte die Mutter, da private Fahndungsaufrufe unrechtm\u00e4\u00dfig seien. Stellt sich nicht die Frage der G\u00fcterabw\u00e4gung &#8218;T\u00e4terbedrohung gegen Datenschutz&#8216;?<br \/>\n24.11.2018<\/p>\n<p><strong>Mutter fahndet nach mutma\u00dflichem T\u00e4ter auf Facebook \u2013 Polizei stoppt<\/strong><br \/>\nEine Mutter postet auf Facebook einen selbstverfassten Fahndungsaufruf. Ihre Tochter soll sexuell bel\u00e4stigt worden sein. Die Bilder verbreiten sich rasant, doch die Polizei stoppt den Alleingang. &#8230;. Der Fall einer mutma\u00dflichen sexuellen Bel\u00e4stigung eines jungen M\u00e4dchens in einem Zug der Rheintalbahn hat am Sonntag und am Montag f\u00fcr gr\u00f6\u00dferes Aufsehen in den sozialen Medien gesorgt. Am Sonntagnachmittag postete eine Mutter auf Facebook eine Art privaten Fahndungsaufruf, wonach ihre 12-j\u00e4hrige Tochter in einem Zug von Freiburg nach Schliengen um die Mittagszeit von einem Unbekannten sexuell bel\u00e4stigt worden sein soll.<br \/>\n&#8230; Alles vom 20.11.2018 bitte lesen auf<br \/>\n<a href=\"https:\/\/www.badische-zeitung.de\/bad-krozingen\/mutter-fahndet-nach-mutmasslichem-taeter-auf-facebook-polizei-warnt--160228227.html\">https:\/\/www.badische-zeitung.de\/bad-krozingen\/mutter-fahndet-nach-mutmasslichem-taeter-auf-facebook-polizei-warnt&#8211;160228227.html<\/a><\/p>\n<p><strong>Gambier soll 12-J\u00e4hrige in Zug missbraucht haben<\/strong><br \/>\nDer 34-J\u00e4hrige sei gambischer Staatsangeh\u00f6riger, so die Bundespolizei. Er stehe unter dem dringendem Verdacht, am vergangenen Sonntagmittag zwischen 12:15 und 12:35 Uhr im Regionalexpress auf der Strecke von Freiburg nach M\u00fcllheim ein zw\u00f6lfj\u00e4hriges M\u00e4dchen missbraucht zu haben. Zu einer Vergewaltigung sei es jedoch nicht gekommen. Am Donnerstagvormittag konnte der Tatverd\u00e4chtige festgenommen werden. Er befindet sich in Untersuchungshaft. Nach dem Vorfall hatte die Mutter der 12-J\u00e4hrigen einen Fahndungsaufruf auf Facebook gepostet, der sich innerhalb k\u00fcrzester Zeit sehr weit verbreitete. Der Beitrag enthielt mehrere Bilder eines dunkelh\u00e4utigen Manns, der auf einem Sitz im Gro\u00dfraumabteil des Regionalzuges zu sehen war. Sp\u00e4ter wurde der Post gel\u00f6scht. Die Freiburger Polizei warnte daraufhin vor solchen Privatfahndungen. Die Ver\u00f6ffentlichung von Portr\u00e4tfotos ohne Einverst\u00e4ndnis des Abgebildeten sei eine Straftat und auch das Teilen solcher Inhalte sei problematisch. &#8230;<br \/>\n<strong><em>Nichtsdestotrotz halfen die zur Verf\u00fcgung gestellten Handyfotos den Ermittlern.<\/em><\/strong> &#8222;Die Bilder waren ein Anhaltspunkt, die zur Ermittlung des Tatverd\u00e4chtigen gef\u00fchrt haben&#8220;, sagte Katharina Ke\u00dfler, Sprecherin der Bundespolizeiinspektion Weil am Rhein. Wo der Verd\u00e4chtige schlie\u00dflich festgenommen wurde, sagte die Sprecherin nicht.<br \/>\n&#8230; Alles vom 22.11.2018 bitte lesen auf <a href=\"https:\/\/www.badische-zeitung.de\/muellheim\/polizei-nimmt-mann-fest-der-12-jaehrige-in-zug-missbraucht-haben-soll--160322346.html\">https:\/\/www.badische-zeitung.de\/muellheim\/polizei-nimmt-mann-fest-der-12-jaehrige-in-zug-missbraucht-haben-soll&#8211;160322346.html<br \/>\n<\/a>\u00a0.<br \/>\n<strong>Wenn der T\u00e4terschutz wichtiger wird als die Sicherheit der Opfer<\/strong><br \/>\nOffensichtlich noch w\u00e4hrend der T\u00e4ter auf freiem Fu\u00df und damit eine Gefahr f\u00fcr weitere Kinder war, lie\u00df die Freiburger Polizei auf Facebook wissen: \u201eAuf Facebook kursiert derzeit ein Fahndungsaufruf samt Lichtbild des Gesuchten. Wir weisen an dieser Stelle darauf hin, dass das Ver\u00f6ffentlichen von Portraitfotos ohne Einverst\u00e4ndnis des Abgebildeten eine Straftat darstellt und auf Strafantrag durch die Polizei verfolgt wird. Die \u00d6ffentlichkeitsfahndung im Internet samt Lichtbild des Gesuchten obliegt der Polizei und Staatsanwaltschaft und wird nach Beschluss eines Gerichts durchgef\u00fchrt. Auch das Teilen eines entsprechenden Beitrags kann bereits eine Ver\u00f6ffentlichung darstellen.\u201c Juristisch argumentiert die Polizei hier sicher unanfechtbar, aber praktisch hat dies zur Folge, dass es teilweise zu Verz\u00f6gerungen um bis zu einem Jahr bei der Fahndung mit Fahndungsbildern kommt. &#8230;.<br \/>\nStatt dar\u00fcber nachzudenken, warum die Menschen in Deutschland immer mehr die Eigeninitiative ergreifen, um sich und ihre Kinder zu sch\u00fctzen, macht sich also die Polizei Freiburg vor allem Sorgen um den Schutz der Daten und Privatsph\u00e4re des (vermutlichen) T\u00e4ters. Das mag rein juristisch gesehen nicht falsch sein. Aber es d\u00fcrfte das rasch voranschreitende Schwinden des Vertrauens in die Polizei und Justiz weiter vorantreiben. Ein Desaster f\u00fcr einen Rechtsstaat.<br \/>\n&#8230; Alles vom 24.11.2018 bitte lesen auf<br \/>\n<a href=\"https:\/\/philosophia-perennis.com\/2018\/11\/23\/wenn-der-taeterschutz-wichtiger-wird-als-die-sicherheit-der-opfer\/\">https:\/\/philosophia-perennis.com\/2018\/11\/23\/wenn-der-taeterschutz-wichtiger-wird-als-die-sicherheit-der-opfer\/<\/a><\/p>\n<p><strong>Ein Beitrag gegen Rechtsverunsicherung<\/strong><br \/>\nDas Fotografieren eines T\u00e4ter ist rechtm\u00e4\u00dfig ! , weil:<br \/>\n\u00a7 127 Abs. 1 Satz 1: Wird jemand auf frischer Tat betroffen oder verfolgt, so ist, wenn er der Flucht verd\u00e4chtig ist oder seine Identit\u00e4t nicht sofort festgestellt werden kann, jedermann befugt, ihn \u2026 festzunehmen\u201c. Die Strafbarkeit der Freiheitsentziehung durch Festhalten bleibt durch diesen Rechtfeftigungsgrund straflos.Ein Foto\/Video vom T\u00e4ter herzustellen ist risikoloser, deeskalierender \/ pr\u00e4ventiv, im Regelfall als Material zur Identit\u00e4tsfeststellung geeignet und eine mildere Rechtsbeeintr\u00e4chtigung f\u00fcr den T\u00e4ter als das Festhalten mit Freheitsbeeintr\u00e4chtigung bis zur \u00dcbergabe an die Polizei\u2026 . Das Bildmaterial wird der StA-Polizei als Fahndungs- und Beweismittel &#8211; und dadurch auch dem Opfe r- f\u00fcr das Straf- und Zivil-Gerichtsverfahren \u00fcbergeben (Durchsetzung zivilrechtlicher Anspr\u00fcche wie Schadensersatz, Schmerzensgeld pp. des Opfers und dessen alimentierende Drittliquidationsbefugte).<br \/>\nSo jedenfalls der Normzweck dieser Handlungsbefugnis nach \u00a7 127 I 1 StPO f\u00fcr jedermann:<br \/>\n\u2013 effektive Sicherung des Strafanspruchs des Staates \u2013 jede Straftat mit unbekanntem T\u00e4ter untergr\u00e4bt den Generalpr\u00e4ventiven Zweck der Strafverfolgung (geringes Entdeckungs-,Strafrisiko \u2026)<br \/>\n\u2013 materielle und immaterielle Kompensation f\u00fcr Opfer von Straftaten \u2013 dazu kritisch die Themen: Posttraumata, Angeh\u00f6rige als psychisch Gesch\u00e4digte \u2026 .<br \/>\nEin Laufenlassen, Anonym bleiben lassen trotz einer Foto-M\u00f6glichkeit bedeutet auch hier eltendes Recht nicht zu nutzen und reicht ggfls. bis zur strafbaren Beihilfe !<br \/>\n24.11.2018, Jean Vernier, PPO<br \/>\n.<br \/>\n<strong>G\u00fcterabw\u00e4gung: T\u00e4terbedrohung gegen Datenschutz<\/strong><br \/>\n\u201eDas mag rein juristisch gesehen nicht falsch sein.\u201c Doch, das ist juristisch v\u00f6llig falsch, da das deutsche Recht im Falle von Rechtsg\u00fcter-Kollisionen eine G\u00dcTERABW\u00c4GUNG vorzunehmen hat: Es muss also das betr\u00e4chtliche Bedrohungspotential, das von dem T\u00e4ter ausgeht, abgewogen werden gegen\u00fcber seinem Datenschutz bzw. seinem Recht am eigenen Bild. Und da hat er eindeutig schlechte Karten, da die Gefahrenabwehr das h\u00f6herwertige Rechtsgut darstellt. Also, postet ruhig weiter eure Fahndungsfotos, sie sind aufgrund des H\u00d6HERWERTIGEN Rechtsguts gerechtfertigt. &#8230;.<br \/>\nJedem, der sein Recht kennt und sich darauf beruft. Im Zweifel dem Gericht. Jedenfalls NICHT der Polizei, die sind in der Regel auch keine Juristen. Und schon gar nicht Facebook. Ausserdem gibt\u00b4s dazu jede Menge Fallsammlungen aus Gerichtsentscheidungen, welche Rechtsg\u00fcter die jeweils h\u00f6herwertigen sind. So gehen die Rechtsg\u00fcter \u201eLeib und Leben\u201c prinzipiell VOR den anderen Rechtsg\u00fctern wie z.B. Eigentum, Unverletztbarkeit der Wohnung etc. (ausser bei Einbrechern, die mit einem entschiedenen Abwehrverhalten rechnen m\u00fcssen) D.h dass mein K\u00f6rper unverletzt bleibt ist ein h\u00f6herwertigeres Rechtsgut als der Datenschutz des T\u00e4ters. Sollten diese Rechtsgrunds\u00e4tze durch das Merkill-Regime ausgehebelt worden sein, muss man sich trotzdem nicht daran halten. Dann gilt der grunds\u00e4tzliche und \u00fcbergeordnete Rechtssatz, der auch f\u00fcr alle anderen Notwehrsituationen gilt: DAS RECHT MUSS DEM UNRECHT NICHT WEICHEN!<br \/>\n24.11.2018, Maru, PPO<br \/>\n.<br \/>\nIch gratuliere der Mutter zu ihrer Zivilcourage!<br \/>\n24.11.2018, Kriemhild, PPO<\/p>\n<p><strong>Polizeiliche Kriminalstatistik 2016 zu Migranten aus Gambia<\/strong><br \/>\nHier ein paar Zahlen, auch zu den Gambiern, Quelle siehe unten, Zahlen aus: Polizeiliche Kriminalstatistik 2016 Relation ausl\u00e4ndischer (moslemischer) Tatverd\u00e4chtiger\/T\u00e4ter in Bezug auf deutsche T\u00e4ter, unter Ber\u00fccksichtigung nach jeweiligem Anteil an der Gesamtbev\u00f6lkerung. Anzahl der Gambier in Deutschland =<br \/>\nVerdreifachung von 2011 bis 2015: 3.336 Ende 2011, 10.167 Ende 2015<br \/>\nGambier sind :<br \/>\n18,1 mal h\u00e4ufiger tatverd\u00e4chtig\/T\u00e4ter als Deutsche,<br \/>\n18,6 mal h\u00e4ufiger T\u00e4ter als Deutsche bei Taten gegen die sexuelle Selbstbestimmung,<br \/>\n23,2 mal h\u00e4ufiger T\u00e4ter als Deutsche bei Taten wie Mord\/Totschlag<br \/>\n<a href=\"https:\/\/www.ssoar.info\/ssoar\/bitstream\/handle\/document\/52080\/ssoar-2017-renz-Drei_Chinesen_mit_dem_Kontrabass.pdf\">https:\/\/www.ssoar.info\/ssoar\/bitstream\/handle\/document\/52080\/ssoar-2017-renz-Drei_Chinesen_mit_dem_Kontrabass.pdf<\/a><br \/>\n23.11.2018, Gerhard Mayer, PPO<\/p>\n<p>&nbsp;<\/p>\n<p>&nbsp;<\/p>\n<p>&nbsp;<\/p>\n<p><strong>Junge M\u00e4dchen: Generalverdacht rettet Menschenleben<\/strong><br \/>\n<a title=\"Dreisam-Mord\" href=\"https:\/\/www.freiburg-schwarzwald.de\/blog\/global\/integration\/dreisam-mord\/\">Maria<\/a>, <a title=\"Kandel-Bluttat27-12-2017\" href=\"https:\/\/www.freiburg-schwarzwald.de\/blog\/engagement\/zukunft\/demokratie\/kandel-bluttat27-12-2017\/\">Mia<\/a>, und jetzt <a title=\"Susanna von Iraker ermordet\" href=\"https:\/\/www.freiburg-schwarzwald.de\/blog\/susanna-von-irakern-ermordet\/\">Susanna<\/a>: von M\u00e4nnern ermordet, die seit 2015 nach Deutschland gekommen sind&#8230;..<br \/>\nSusanna, 14 Jahre alt, geschminkt und fr\u00fchreif wirkend. Hat niemand sie gewarnt vor der Gesellschaft junger Asylbewerber, die sie offenbar suchte? Vielleicht schon. Doch in diesem Alter h\u00f6ren abenteuerlustige M\u00e4dchen nicht unbedingt auf m\u00fctterliche oder v\u00e4terliche Ratschl\u00e4ge, die ja vor allem zu warnen pflegen, was Spa\u00df macht. Die nicht so braven M\u00e4dchen finden die k\u00e4sigen Jungs langweilig, die sie schon seit dem Kindergarten oder der Schule kennen. Da sind die fremden M\u00e4nner weit attraktiver, die sich nicht nur im Aussehen so deutlich unterscheiden. Sie haben eine abenteuerliche Reise hinter sich, vulgo \u201eFlucht\u201c, sie geben sich stolz, sie haben \u201eEhre\u201c, sie sind keine Weicheier wie so ein langweiliger Deutscher, kurz: sie sind attraktiv und versprechen Aufregung. Und hei\u00dft es nicht in der \u00d6ffentlichkeit der Gutmeinenden, man m\u00fcsse sich den Fremden gegen\u00fcber aufgeschlossen zeigen, sie willkommen hei\u00dfen, sich ihnen vorurteilsfrei n\u00e4hern? Man d\u00fcrfe keine \u201ediffuse Angst\u201c haben oder gar, genau, unter diesem b\u00f6sen \u201eGeneralverdacht\u201c leiden? Wem glaubt ein junges M\u00e4dchen mehr, den Eltern oder dem, was sie im Fernsehen oder Radio h\u00f6rt?<\/p>\n<p>Seit Monaten wird jungen Menschen das ganz normale Verhalten ausgeredet, n\u00e4mlich gegen\u00fcber Fremden vorsichtig zu sein. Susanna tat nur, was die Gutmeinenden empfahlen. Die warnten nicht vor den jungen M\u00e4nnern aus Afrika oder dem &#8230; Die K\u00e4mpferinnen gegen den westlich gepr\u00e4gten (nicht nur) wei\u00dfen Mann haben offenbar noch immer nicht gemerkt, dass sich ihr Generalverdacht an die falsche Adresse richtet und dass sie sich mit einer anderen weit toxischeren M\u00e4nnlichkeit gemein machen. Dass seit 2015 vermehrt M\u00e4nner mit g\u00e4nzlich anderen Verhaltensmustern als die, an die wir uns hier zulande gew\u00f6hnt haben, zu uns gesto\u00dfen sind, dass sie insbesondere ein anderes Verh\u00e4ltnis zu Frauen haben, das weit gef\u00e4hrlicher sein kann.<br \/>\n&#8230;<br \/>\nM\u00fctter, gebt das Buch euren T\u00f6chtern! Und euren S\u00f6hnen. Wom\u00f6glich m\u00fcssen sie umschulen: vom \u201eneuen Mann\u201c zu einem, der sich wehren kann.<br \/>\n<em>Antje Sievers: Tanz im Orientexpress \u2013 Eine feministische Islamkritik, <\/em><br \/>\n<em>mit einem Nachwort von Zana Ramadani, <\/em><br \/>\n<em>Hardcover\/Klappenbroschur, 21,0 x 14,5 cm, <\/em><br \/>\n<em>Verlag Achgut Edition, ISBN 978-3-9819755-0-5, 17,00 \u20ac.<\/em><br \/>\nAlles von Cora Stephan vom 15.6.2018 bitte lesen auf<br \/>\n<a href=\"https:\/\/www.achgut.com\/artikel\/generalverdacht_rettet_menschenleben\">https:\/\/www.achgut.com\/artikel\/generalverdacht_rettet_menschenleben<br \/>\n<\/a>.<\/p>\n<p>Wenn wenigstens genauso viele weibliche wie m\u00e4nnliche Fl\u00fcchtlinge nach Deutschland k\u00e4men und diese weiblichen Fl\u00fcchtlinge ebenso Beziehungen zu deutschen Jungs haben k\u00f6nnten. Aber da ist die islamische Kultur davor, denn bei Muslimen gelten (bio-)deutsche bzw. ueberhaupt nichtmuslimische, \u201cwei\u00dfe\u201d M\u00e4nner als \u201cDayyuth\u201d, als \u201cWeicheier ohne Ehre und ohne Eifersucht\u201d, welche den Frauen ihrer Familie sogar ein Liebesleben in eigener Regie zugestehen &#8211; im Islam undenkbar. \u00dcbrigens: Gestern lief auf \u201cArte\u201d die wirklich sehr sehenswerte britische Miniserie \u201cThree Girls\u201d, in der gezeigt wurde, wie pakistanische M\u00e4nner minderj\u00e4hrige, wei\u00dfe britische M\u00e4dchen zu Zwangsprostitution machen. In der Mediathek von Arte kann man sie noch ein paar Tage sehen.<br \/>\n15.6.2018, Kalr Mallinreg, AO<\/p>\n<p>&nbsp;<\/p>\n<p><strong>Islam verbietet M\u00e4dchen ihre Selbstbestimmung<\/strong><br \/>\nWir sind im Jahr 2016 und m\u00fcssen \u00fcber Religion reden, weil wir auch oder gerade im Jahr 2016 \u00fcber die Themen und Str\u00f6mungen reden m\u00fcssen, die Einfluss, die Macht haben; wir m\u00fcssen \u00fcber die Ideologien reden, die Herrschaftsanspr\u00fcchen erheben, die uns gef\u00e4hrlich werden k\u00f6nnen.<br \/>\nUnd da ist im besonderen eine religi\u00f6s verbr\u00e4mte Ideologie von nicht zu untersch\u00e4tzender Bedeutung \u2013 Islam in 57 Staaten dieser Welt an der Macht und in deutschen Landen in vielen Gro\u00df- und Mittelst\u00e4dten in abgeschotteten Lebenswelten eine Realit\u00e4t. Eine Realit\u00e4t, die unter anderem dazu f\u00fchrt, dass M\u00e4dchen als Ehre der Familie ein \u201csittsames\u201d Leben f\u00fchren m\u00fcssen, welches ihnen jegliche Selbstbestimmung vorenth\u00e4lt, verweigert. Eine Realit\u00e4t, die sie fesselt, unter die Knute des Vaters und \u2013 so er nicht anwesend \u2013 unter die der Br\u00fcder stellt.<br \/>\nDas Schicksal von M\u00e4dchen, ein Punkt, Pars pro Totis, weil mir als Mann gerade deren Schicksal am Herzen liegt und weil ich mich als Mann sch\u00e4me, f\u00fcr das, was frauenverachtende Anschauungen, verbr\u00e4mt durch die Chiffre Religion, auch in unserer Zeit, dem anderen Geschlecht antun, noch immer antun.<br \/>\nWalter Koch, TO, 12.7.2016<br \/>\n.<\/p>\n<p><strong>Pinkstinks.de &#8211; Kampagne gegen m\u00e4dchenfeundliche Medien<\/strong><\/p>\n<p>Pinkstinks ist eine Kampagne gegen Produkte, Werbeinhalte und Marketingstrategien, die M\u00e4dchen eine limitierende Geschlechterrolle zuweisen. Dieser \u201ePinkifizierung\u201c soll mit Medienbewusstsein und Selbstachtung begegnet werden &#8211; f\u00fcr ein positives K\u00f6rperbild und alternative weibliche Rollenbilder f\u00fcr Kinder.<br \/>\nStevie Schmiedel, die Initiatorin der Website <a href=\"https:\/\/www.pinkstinks.de\">www.pinkstinks.de<\/a>, hat\u00a0herausgefunden, wie\u00a0Werbung und Medien das Lebensgef\u00fcht jnger M\u00e4dchen beeinflussen.\u00a0Als Beispiel nennt sie die\u00a0TV-Serie &#8222;Germany\u2019s Next Top Model&#8220; von Heidi Klum an. Vor dem Start der Show in 2006 waren 70% der M\u00e4dchen mit ihrem K\u00f6rper zufrieden, im Jahr 2009 noch 55% und dann in 2012 nur noch 46%. Zudem ver\u00e4ndert die fernsehsendung die Wahrnehmung der M\u00e4dchen: Mehr als 75% der M\u00e4dchen f\u00fchlen sich zu dick, und dies, obwohl 85%\u00a0normalgewichtig sind.<br \/>\n<a title=\"\" href=\"https:\/\/www.pinkstinks.de\/\" target=\"_blank\" rel=\"noopener noreferrer\">https:\/\/www.pinkstinks.de<\/a><\/p>\n<p><strong>D\u00fcnn, sch\u00f6n und sexuell verf\u00fcgbar<\/strong><br \/>\nNat\u00fcrlich d\u00fcrfen M\u00e4dchen schlau sein und ber\u00fchmt werden \u2013 aber Grundvoraussetzung ist es, d\u00fcnn, sch\u00f6n und sexuell verf\u00fcgbar zu sein. &#8222;Es gibt nur eine Form der Weiblichkeit&#8220;, schlussfolgert die Bostoner Soziologieprofessorin Gail Dines. &#8222;Und die macht sie anf\u00e4llig f\u00fcr alle m\u00f6glichen Formen des Missbrauchs.&#8220; &#8230;.<br \/>\nAlles vom 25.12.2013 bitte lesen auf<br \/>\n<a href=\"https:\/\/www.badische-zeitung.de\/wo-stoeckeln-nur-die-maedchen-hin\">https:\/\/www.badische-zeitung.de\/wo-stoeckeln-nur-die-maedchen-hin<\/a><\/p>\n","protected":false},"excerpt":{"rendered":"<p>Home &gt;Selbsthilfe &gt;Zukunft &gt;Kinder &gt;Maedchen &nbsp; Listenauswahl eines Beitrags (Artikel\/Datum, Seite\/Inhalt):\u00a0Klicken\u00a0oder scrollen Rape-Gangs: M\u00e4dchen sind Untermenschen als Frauen, Wei\u00dfe und Ungl\u00e4ubige\u00a0(13.2.2026) Epstein DeepState Wertewesten\u00a0(9.2.2026) M\u00e4dchen 15-17: Angst Corona\u00a0(11.12.2025) Catcalling \u2013 das wichtigste Problem f\u00fcr SPD-Frauen (10.9.2025) Zeinab Herz: Die Ganzk\u00f6rperverschleierung &hellip; <a href=\"https:\/\/www.freiburg-schwarzwald.de\/blog\/selbsthilfe\/kinder\/maedchen\/\">Weiterlesen <span class=\"meta-nav\">&rarr;<\/span><\/a><\/p>\n","protected":false},"author":4,"featured_media":0,"parent":274,"menu_order":0,"comment_status":"open","ping_status":"closed","template":"","meta":{"footnotes":""},"class_list":["post-42983","page","type-page","status-publish","hentry"],"_links":{"self":[{"href":"https:\/\/www.freiburg-schwarzwald.de\/blog\/wp-json\/wp\/v2\/pages\/42983","targetHints":{"allow":["GET"]}}],"collection":[{"href":"https:\/\/www.freiburg-schwarzwald.de\/blog\/wp-json\/wp\/v2\/pages"}],"about":[{"href":"https:\/\/www.freiburg-schwarzwald.de\/blog\/wp-json\/wp\/v2\/types\/page"}],"author":[{"embeddable":true,"href":"https:\/\/www.freiburg-schwarzwald.de\/blog\/wp-json\/wp\/v2\/users\/4"}],"replies":[{"embeddable":true,"href":"https:\/\/www.freiburg-schwarzwald.de\/blog\/wp-json\/wp\/v2\/comments?post=42983"}],"version-history":[{"count":5,"href":"https:\/\/www.freiburg-schwarzwald.de\/blog\/wp-json\/wp\/v2\/pages\/42983\/revisions"}],"predecessor-version":[{"id":145708,"href":"https:\/\/www.freiburg-schwarzwald.de\/blog\/wp-json\/wp\/v2\/pages\/42983\/revisions\/145708"}],"up":[{"embeddable":true,"href":"https:\/\/www.freiburg-schwarzwald.de\/blog\/wp-json\/wp\/v2\/pages\/274"}],"wp:attachment":[{"href":"https:\/\/www.freiburg-schwarzwald.de\/blog\/wp-json\/wp\/v2\/media?parent=42983"}],"curies":[{"name":"wp","href":"https:\/\/api.w.org\/{rel}","templated":true}]}}