{"id":42374,"date":"2013-12-14T21:03:30","date_gmt":"2013-12-14T20:03:30","guid":{"rendered":"https:\/\/www.freiburg-schwarzwald.de\/blog\/?page_id=42374"},"modified":"2025-03-09T21:13:41","modified_gmt":"2025-03-09T20:13:41","slug":"groko","status":"publish","type":"page","link":"https:\/\/www.freiburg-schwarzwald.de\/blog\/engagement\/zukunft\/demokratie\/groko\/","title":{"rendered":"GroKo"},"content":{"rendered":"<p>Home &gt;<a title=\"Engagement\" href=\"https:\/\/www.freiburg-schwarzwald.de\/blog\/engagement\/\">Engagement<\/a> &gt;<a title=\"Zukunft\" href=\"https:\/\/www.freiburg-schwarzwald.de\/blog\/engagement\/zukunft\/\">Zukunft<\/a> &gt;<a title=\"Demokratie\" href=\"https:\/\/www.freiburg-schwarzwald.de\/blog\/engagement\/zukunft\/demokratie\/\">Demokratie<\/a> &gt;GroKo: Grosse Koalition<\/p>\n<div id=\"attachment_41463\" style=\"width: 650px\" class=\"wp-caption alignnone\"><a href=\"https:\/\/www.freiburg-schwarzwald.de\/blog\/regio\/berge\/schauinsland\/schnee8schauinsland-pan131128\/\" rel=\"attachment wp-att-41463\"><img loading=\"lazy\" decoding=\"async\" aria-describedby=\"caption-attachment-41463\" class=\"size-full wp-image-41463\" title=\"schnee8schauinsland-pan131128\" src=\"https:\/\/www.freiburg-schwarzwald.de\/blog\/wp-content\/uploads\/2012\/10\/schnee8schauinsland-pan131128.jpg\" alt=\"\" width=\"640\" height=\"253\" srcset=\"https:\/\/www.freiburg-schwarzwald.de\/blog\/wp-content\/uploads\/2012\/10\/schnee8schauinsland-pan131128.jpg 640w, https:\/\/www.freiburg-schwarzwald.de\/blog\/wp-content\/uploads\/2012\/10\/schnee8schauinsland-pan131128-180x71.jpg 180w\" sizes=\"auto, (max-width: 640px) 100vw, 640px\" \/><\/a><p id=\"caption-attachment-41463\" class=\"wp-caption-text\">Blick nach Norden vom H\u00f6henweg zum Schauinslandturm am 28.11.2013 &#8211; erster Schnee<\/p><\/div>\n<ul>\n<li><em>Listenauswahl eines Beitrags: Bitte anklicken oder runterscrollen<\/em><\/li>\n<li><a href=\"https:\/\/www.freiburg-schwarzwald.de\/blog\/keine-neuen-staatsschulden\/\">Keine neuen Staatsschulden<\/a>\u00a0(9.3.2025)<\/li>\n<li><a href=\"https:\/\/www.freiburg-schwarzwald.de\/blog\/engagement\/zukunft\/demokratie\/groko\/groko2025\/\">CDU nach der Wahl: &#8222;Die Ukraine muss den Krieg beginnen&#8220;<\/a> (24.2.2025)<\/li>\n<li><a href=\"https:\/\/www.freiburg-schwarzwald.de\/blog\/cdu-csu-286-vor-afd-208\/\">CDU\/CSU 28,6 % vor AfD 20,8 %<\/a>\u00a0(24.2.2025)<\/li>\n<li><a href=\"https:\/\/www.freiburg-schwarzwald.de\/blog\/engagement\/zukunft\/demokratie\/politik\/\">Genosse Frank-Walter Steinmeier<\/a>\u00a0 (19.11.2021)<\/li>\n<li><a href=\"https:\/\/www.freiburg-schwarzwald.de\/blog\/wahrheit-seibert-weizsaecker\/\">Wahrheit: Seibert &#8211; von\u00a0Weizs\u00e4cker<\/a> (6.11.2021)<\/li>\n<li><a href=\"https:\/\/www.freiburg-schwarzwald.de\/blog\/engagement\/zukunft\/demokratie\/ampel\/\">\u201cJetzt sind sie halt da\u201d: Ampel wird Deutschland leise, aber dramatisch ver\u00e4ndern<\/a> (15.10.2021)<\/li>\n<li><a href=\"https:\/\/www.freiburg-schwarzwald.de\/blog\/engagement\/zukunft\/demokratie\/demokratie-export\/\">Naivit\u00e4t: Wie die Bundesregierung sich Afghanistan vorgestellt hatte<\/a>\u00a0(24.8.2021)<\/li>\n<li><a href=\"https:\/\/www.freiburg-schwarzwald.de\/blog\/engagement\/zukunft\/demokratie\/deutschland-koalition\/\">Deutschland braucht die Deutschland-Koalition<\/a> (11.8.2021)<\/li>\n<li><a href=\"https:\/\/www.freiburg-schwarzwald.de\/blog\/engagement\/zukunft\/demokratie\/gruen-links\/\">Oskar Lafontaine: Gr\u00f6\u00dfenwahn und Machtmissbrauch der Bundesregierung<\/a>\u00a0(6.8.2021)<\/li>\n<li><a href=\"https:\/\/www.freiburg-schwarzwald.de\/blog\/missbrauch-der-wissenschaft\/\">Missbrauch der Wissenschaft<\/a>\u00a0(16.5.2021)<\/li>\n<li><a href=\"https:\/\/www.freiburg-schwarzwald.de\/blog\/heuchelei-abbitte-ohne-reue\/\">Heuchelei: Abbitte ohne Reue<\/a>\u00a0(26.3.2021)<\/li>\n<li><a href=\"https:\/\/www.freiburg-schwarzwald.de\/blog\/ruhetage-fuer-merkel-und-cdu\/\">Ruhetage f\u00fcr Merkel und die CDU<\/a>\u00a0(24.3.2021)<\/li>\n<li><a href=\"https:\/\/www.freiburg-schwarzwald.de\/blog\/eu-westeuropa-und-osteuropa\/\">EU: Westeuropa und Osteuropa<\/a>\u00a0(7.3.2021)<\/li>\n<li><a href=\"https:\/\/www.freiburg-schwarzwald.de\/blog\/consent-of-the-governed-in-d\/\">Consent of the Governed \u2013 in D erhalten<\/a>\u00a0(7.2.2021)<\/li>\n<li><a href=\"https:\/\/www.freiburg-schwarzwald.de\/blog\/es-gibt-keine-neue-freiheiten\/\">Es gibt keine neue Freiheiten<\/a>\u00a0(3.2.2021)<\/li>\n<li><a href=\"https:\/\/www.freiburg-schwarzwald.de\/blog\/angst-vor-dem-erstickungstod\/\">Angst vor dem Erstickungstod<\/a>\u00a0(24.1.2021)<\/li>\n<li><a href=\"https:\/\/www.freiburg-schwarzwald.de\/blog\/nachher-ist-man-klueger-covid\/\">Nachher ist man kl\u00fcger \u2013 Covid<\/a>\u00a0(22.1.2021)<\/li>\n<li><a href=\"https:\/\/www.freiburg-schwarzwald.de\/blog\/business\/gesund\/virus\/\">Die Abschaffung der Grippe \u2013 Influenza in Covid19 umbenannt<\/a>\u00a0(14.1.2021)<\/li>\n<li><a href=\"https:\/\/www.freiburg-schwarzwald.de\/blog\/engagement\/zukunft\/demokratie\/eliten\/\">Maaz: Die politisch-medialen Eliten selbst sind psychisch schwer gest\u00f6rt<\/a>\u00a0(11.1.2021)<\/li>\n<li><a href=\"https:\/\/www.freiburg-schwarzwald.de\/blog\/impfstoffnationalismus\/\">Impfstoffnationalismus<\/a>\u00a0(5.1.2021)<\/li>\n<li><a href=\"https:\/\/www.freiburg-schwarzwald.de\/blog\/business\/gesund\/virus\/\">Virus l\u00e4\u00dft sich von Regierung nicht beeindrucken<\/a> (14.12.2020)<\/li>\n<li><a title=\"Demonstrationsrecht ade?\" href=\"https:\/\/www.freiburg-schwarzwald.de\/blog\/demonstrationsrecht-ade\/\">Chaim Noll: Das kalte Herz (von Angela Merkel<\/a>\u00a0(9.9.2020)<\/li>\n<li><a title=\"\u201cEwig-Leben\u201d-Gesetz\" href=\"https:\/\/www.freiburg-schwarzwald.de\/blog\/ewig-leben-gesetz\/\">\u201cEwig-Leben\u201d-Gesetz<\/a>\u00a0(21.8.2020)<\/li>\n<li><a title=\"Glaubw\u00fcrdigkeit: GroKo, MSM\" href=\"https:\/\/www.freiburg-schwarzwald.de\/blog\/glaubwuerdigkeit-groko-msm\/\">Glaubw\u00fcrdigkeitsverlust bei GroKo und MSM<\/a>\u00a0(8.8.2020)<\/li>\n<li><a title=\"Historische Demonstration 1.8.\" href=\"https:\/\/www.freiburg-schwarzwald.de\/blog\/historische-demonstration-1-8\/\">Historische Demonstration zu Corona am 1.8. in Berlin<\/a>\u00a0(5.8.2020)<\/li>\n<li><a title=\"Mit Schnupfen nicht in die Kita\" href=\"https:\/\/www.freiburg-schwarzwald.de\/blog\/mit-schnupfen-nicht-in-die-kita\/\">Mit Schnupfen nicht in die Kita<\/a>\u00a0(28.7.2020)<\/li>\n<li><a href=\"https:\/\/www.freiburg-schwarzwald.de\/blog\/staat-versetzt-buerger-in-angst\/\">Staat versetzt B\u00fcrger in Angst<\/a>\u00a0(10.4.2020)<\/li>\n<li><a title=\"Nach Corona: Links? Freiheit?\" href=\"https:\/\/www.freiburg-schwarzwald.de\/blog\/nach-corona-links-freiheit\/\">Nach Corona: Links? Freiheit?<\/a> (21.3.2020)<\/li>\n<li><a title=\"Fake News \u2013 auch vom Staat?\" href=\"https:\/\/www.freiburg-schwarzwald.de\/blog\/fake-news-auch-vom-staat\/\">Fake News \u2013 auch vom Staat?<\/a>\u00a0(20.3.2020)<\/li>\n<li><a title=\"Gute deutsche Aussenpolitik\" href=\"https:\/\/www.freiburg-schwarzwald.de\/blog\/gute-deutsche-aussenpolitik\/\">Gute deutsche Aussenpolitik<\/a>\u00a0(1.3.2020)<\/li>\n<li><a title=\"Berliner Parteienstaat befiehlt\" href=\"https:\/\/www.freiburg-schwarzwald.de\/blog\/berliner-parteienstaat-befiehlt\/\">Berliner Parteienstaat befiehlt<\/a>\u00a0(7.2.2020)<\/li>\n<li><a title=\"Iran\" href=\"https:\/\/www.freiburg-schwarzwald.de\/blog\/global\/iran\/\">Immer auf der falschen Seite \u2013 Deutsche Aussenpolitik<\/a>\u00a0(19.1.2020)<\/li>\n<li><a title=\"Diskussionskultur \u2013 Bundestag\" href=\"https:\/\/www.freiburg-schwarzwald.de\/blog\/diskussionskultur-bundestag\/\">Diskussionskultur-Bundestag<\/a>\u00a0(19.1.2020)<\/li>\n<li><a title=\"\u201cWir sind Rechtsstaat\u201d \u2013 Alarm\" href=\"https:\/\/www.freiburg-schwarzwald.de\/blog\/wir-sind-rechtsstaat-als-alarm\/\">\u201cWir sind Rechtsstaat\u201d \u2013 ein Alarmsignal<\/a>\u00a0(13.11.2019)<\/li>\n<li><a title=\"Seelsorge \u2013 Aufgabe der Kirche\" href=\"https:\/\/www.freiburg-schwarzwald.de\/blog\/seelsorge-aufgabe-der-kirche\/\">Seelsorge als Aufgabe der Kirche<\/a>\u00a0(3.11.2019)<\/li>\n<li>GroKo-Regierungsstil: Erkl\u00e4ren statt diskutieren\u00a0 (23.11.2018)<\/li>\n<li>Patzelt: Groko wird an Migration und Integration scheitern (5.3.2018)<\/li>\n<li>Groko-Merkel&#8217;s Migration zerst\u00f6rt Rechtsstaat (10.2.2018)<\/li>\n<li><a href=\"https:\/\/www.freiburg-schwarzwald.de\/blog\/groko-weiter-so-statt-neues\/\">https:\/\/www.freiburg-schwarzwald.de\/blog\/groko-weiter-so-statt-neues\/<\/a> (14.1.2018)<\/li>\n<li>CDU wird Merkel&#8217;s\u00a0\u00a0Linksruck nicht \u00e4ndern k\u00f6nnen (23.8.2016)<\/li>\n<li><a href=\"https:\/\/www.freiburg-schwarzwald.de\/blog\/sloterdijk-selbstzerstoerung-d\/\">https:\/\/www.freiburg-schwarzwald.de\/blog\/sloterdijk-selbstzerstoerung-d\/<\/a> (25.2.2016)<\/li>\n<li>Krisenmanagement der Regierung:\u00a0Wer bei Edathy versagt, kann auch den Euro nicht retten (19.2.2014)<\/li>\n<li>Investitionen sollten Vorrang haben vor Konsum (8.2.2014)<\/li>\n<li>GroKo &#8211; Wort des Jahres 2013<\/li>\n<li><\/li>\n<li><a href=\"https:\/\/www.freiburg-schwarzwald.de\/blog\/engagement\/zukunft\/demokratie\/ampel\/\">Ampel<\/a><\/li>\n<li><a title=\"Diskussionskultur\" href=\"https:\/\/www.freiburg-schwarzwald.de\/blog\/kultur\/medien\/diskussionskultur\/\">Diskussionskultur<\/a><\/li>\n<li><a href=\"https:\/\/www.freiburg-schwarzwald.de\/blog\/engagement\/zukunft\/demokratie\/groko\/groko2025\/\">GroKo2025<\/a><\/li>\n<li><a title=\"Lebensschutz\" href=\"https:\/\/www.freiburg-schwarzwald.de\/blog\/business\/gesund\/lebensschutz\/\">Lebensschutz<\/a><\/li>\n<li><a title=\"Merkelismus\" href=\"https:\/\/www.freiburg-schwarzwald.de\/blog\/engagement\/zukunft\/demokratie\/merkelismus\/\">Merkelismus<\/a><\/li>\n<li><a title=\"Minderheitsregierung\" href=\"https:\/\/www.freiburg-schwarzwald.de\/blog\/engagement\/zukunft\/demokratie\/minderheitsregierung\/\">Minderheitsregierung<\/a><\/li>\n<li><a title=\"Parlament\" href=\"https:\/\/www.freiburg-schwarzwald.de\/blog\/engagement\/zukunft\/demokratie\/parlament\/\">Parlament<\/a><\/li>\n<li><a title=\"Postfaktisch\" href=\"https:\/\/www.freiburg-schwarzwald.de\/blog\/kultur\/medien\/postfaktisch\/\">Postfaktisch<\/a><\/li>\n<\/ul>\n<p>&nbsp;<\/p>\n<p>Erwiderung von Alexander Gauland zur Regierungserkl\u00e4rung von Angela Merkel am 21.3.2018:<br \/>\n<a href=\"https:\/\/www.bundestag.de\/mediathek?videoid=7211354#url=L21lZGlhdGhla292ZXJsYXk\/dmlkZW9pZD03MjExMzU0&amp;mod=mediathek\">https:\/\/www.bundestag.de\/mediathek?videoid=7211354#url=L21lZGlhdGhla292ZXJsYXk\/dmlkZW9pZD03MjExMzU0&amp;mod=mediathek<\/a><br \/>\n<strong>GroKo-Regierungsstil: Erkl\u00e4ren statt diskutieren<\/strong><br \/>\nIn einer solchen Atmosph\u00e4re (<a title=\"Bundestag\" href=\"https:\/\/www.freiburg-schwarzwald.de\/blog\/engagement\/zukunft\/demokratie\/bundestag\/\">Bundestagsdebatte<\/a> zum <a title=\"Eine Einladung an alle: der GCM\" href=\"https:\/\/www.freiburg-schwarzwald.de\/blog\/eine-einladung-an-alle-der-gcm\/\">UN-Migrationspakt<\/a>) geh\u00f6rt ein Politiker wie Jens Spahn (CDU) schon zu den Mutigen; und dies, obwohl er den Migrationspakt nicht einmal kritisiert hat. Er bem\u00e4ngelte lediglich die fehlende Kommunikation. Spahn sagte, es sei der \u00abfatale Eindruck\u00bb entstanden, die Regierung habe etwas zu \u00abverheimlichen\u00bb. Dem Migrationspakt solle nicht zugestimmt werden, solange das Thema \u00abmit der Bev\u00f6lkerung nicht gekl\u00e4rt\u00bb sei. Zwei Dinge waren daran interessant.<br \/>\n.<br \/>\nErstens: Wer wie Spahn \u00fcber ein internationales Papier auch nur diskutieren will \u2013 wie es in Demokratien nicht ungew\u00f6hnlich ist \u2013, wird in die AfD-Ecke gestellt und exkommuniziert. Die deutsche Justizministerin Katarina Barley schrieb: Wer den Migrationspakt nicht verabschieden wolle, suche die N\u00e4he zu AfD, Trump, Orban und Kurz.<br \/>\n.<br \/>\nZweitens ist die Wortwahl von Spahn durchaus typisch f\u00fcr deutsche Politiker: Er will die Sache mit der Bev\u00f6lkerung \u00abkl\u00e4ren\u00bb. Er sagt gewissermassen nichts anderes als: \u00abLasst uns noch ein bisschen reden, und dann willigen wir ein.\u00bb Dem liegt der Gedanke zugrunde, dass Politik nur \u00abbesser erkl\u00e4rt\u00bb zu werden brauche und die Menschen \u00abmitgenommen\u00bb werden m\u00fcssten \u2013 beides konnte man auch w\u00e4hrend und nach der Fl\u00fcchtlingskrise oft h\u00f6ren. Zeichnen sich in Deutschland zwischen einem gr\u00f6sseren Teil der Bev\u00f6lkerung und der politischen Elite Meinungsverschiedenheiten ab, glaubt Letztere, es liege einzig daran, dass diesen Leuten die Politik nicht recht erkl\u00e4rt (<a title=\"Nudging\" href=\"https:\/\/www.freiburg-schwarzwald.de\/blog\/engagement\/zukunft\/demokratie\/nudging\/\">nudging<\/a>) wurde. Die gar nicht einmal so k\u00fchne Vermutung hingegen, dass diese Menschen einfach eine andere und auch wohlbegr\u00fcndete Meinung haben k\u00f6nnten, scheint man nicht zu haben.<br \/>\n,<br \/>\n<strong><em>Der <a title=\"Demokratie\" href=\"https:\/\/www.freiburg-schwarzwald.de\/blog\/engagement\/zukunft\/demokratie\/\">demokratische Austausch<\/a> in Deutschland wirkt daher auf Aussenstehende eigent\u00fcmlich <a title=\"Diskussionskultur\" href=\"https:\/\/www.freiburg-schwarzwald.de\/blog\/kultur\/medien\/diskussionskultur\/\">verkrampft<\/a>. <\/em><\/strong><br \/>\n<strong><em>Bei vielen deutschen Spitzenpolitikern paart sich obrigkeitsstaatliches Denken mit einer Sozialarbeiterattit\u00fcde. <\/em><\/strong><br \/>\n<strong><em>Die Maxime lautet: regieren und erkl\u00e4ren.<\/em> <\/strong><br \/>\nSpahns Intervention beim Migrationspakt war letztlich eine Spielart davon; denn auch er wagte es kaum, den Pakt inhaltlich zu kritisieren.<br \/>\n&#8230;. Alles vom 23.11.2018 von Benedict Neff auf<br \/>\n<a href=\"https:\/\/www.nzz.ch\/international\/deutschland\/migrationspakt-deutschlands-umgang-zeugt-von-bequemlichkeit-ld.1439009\">https:\/\/www.nzz.ch\/international\/deutschland\/migrationspakt-deutschlands-umgang-zeugt-von-bequemlichkeit-ld.1439009<\/a><\/p>\n<p>&nbsp;<\/p>\n<p>&nbsp;<\/p>\n<p>&nbsp;<\/p>\n<p><strong>Patzelt: Groko wird an Migration und Integration scheitern<\/strong><br \/>\nDiese Koalition wird keine Politik machen k\u00f6nnen, die das zentrale Problem des Landes l\u00f6st: die Herausforderung durch Migration und Integration. Hier wollen die jeweils gr\u00f6\u00dferen Teile von SPD und Union einfach allzu Unterschiedliches. Also ist ein Dauerstreit zwischen CSU-Innenminister und SPD-Justizminister abzusehen. Die von ihm bewirkten Politikblockaden werden bei immer mehr Zuwanderungsskeptikern die Emp\u00f6rung \u00fcber die Groko-Parteien weiter anfachen. Auch die sich abzeichnende Europapolitik wird dazu beitragen, etwa der Ausbau von Deutschlands Zahlmeister-Rolle in EU und Eurozone. Das alles wird sich den Wahlb\u00fcrgern nicht unterst\u00fctzungssichernd vermitteln lassen. Weil aber diese Koalition \u00fcber ein Weiter-So entlang nicht l\u00e4nger funktionierender Politikrezepte schwerlich hinauskommen wird, d\u00fcrfte sich der Aufstieg des Rechtspopulismus stetig fortsetzen.<br \/>\n&#8230; Alles von Werner Patzelt vom 5.3.2018 bitte lesen auf<br \/>\n<a href=\"https:\/\/www.badische-zeitung.de\/deutschland-1\/niemand-geht-davon-aus-dass-die-koalition-lange-haelt--150038761.html\">https:\/\/www.badische-zeitung.de\/deutschland-1\/niemand-geht-davon-aus-dass-die-koalition-lange-haelt&#8211;150038761.html<\/a><\/p>\n<p>.<\/p>\n<p><strong>Groko-Merkel&#8217;s Migration zerst\u00f6rt Rechtsstaat<\/strong><br \/>\nDas alles \u00fcberlagernde Thema der anhaltenden illegalen Migration nach Deutschland ist so vage formuliert, da\u00df nur v\u00f6llig Naive erwarten, die Steuerung der Einwanderung, Abschiebung und Begrenzung des Familiennachzugs k\u00f6nnten unter dieser k\u00fcnftigen Bundesregierung, so denn die Genossen von der SPD \u00fcberhaupt zustimmen, Realit\u00e4t werden. Offenkundig ist bei der Bundeskanzlerin nach wie vor nicht die Einsicht vorhanden, da\u00df sie dieses Land abseits unserer geltenden Rechtsordnung regiert hat und nach wie vor regiert. Denn eine Korrektur dieser Situation findet sich im Koalitionsvertrag nicht.<br \/>\nEin Urteil des Oberlandesgerichts Koblenz vom vergangenen Jahr stellt fest: \u201eDie rechtsstaatliche Ordnung in der Bundesrepublik ist in diesem Bereich jedoch seit anderthalb Jahren au\u00dfer Kraft gesetzt, und die illegale Einreise ins Bundesgebiet wird momentan de facto nicht mehr strafrechtlich verfolgt\u201c. Bereits 2015 konstatierte der fr\u00fchere Verfassungsgerichtspr\u00e4sident Hans-J\u00fcrgen Papier, da\u00df \u201edie Kluft zwischen Recht und Wirklichkeit noch nie so tief wie derzeit\u201c gewesen sei und \u201edie Leitplanken des deutschen und europ\u00e4ischen Asylrechts gesprengt\u201c worden w\u00e4ren. Der Verfassungsrichter Udo di Fabio stellte in einem Gutachten zu diesem Thema einen fortdauernden Rechtsbruch fest. &#8230;<br \/>\nAlles von Erika Steinbach vom 10.2.2018 bitte lesen auf<br \/>\n<a href=\"https:\/\/jungefreiheit.de\/debatte\/kommentar\/2018\/merkel-ist-ihr-amt-wichtiger-als-die-cdu\/\">https:\/\/jungefreiheit.de\/debatte\/kommentar\/2018\/merkel-ist-ihr-amt-wichtiger-als-die-cdu\/<\/a><\/p>\n<p>&nbsp;<\/p>\n<p><strong>CDU wird Merkel&#8217;s\u00a0\u00a0Linksruck nicht \u00e4ndern k\u00f6nnen<\/strong><br \/>\nFakt ist, dass die CDU unter der Bundeskanzlerin ihren Linksruck nicht \u00e4ndern wird, nicht \u00e4ndern kann. Es w\u00e4re f\u00fcr die Kanzlerin politischer Selbstmord, w\u00fcrde sie ihre \u201cWillkommenskultur\u201d f\u00fcr Migranten zur\u00fccknehmen. Zum einen w\u00fcrde sie dadurch ihre Glaubw\u00fcrdigkeit verspielen. Zum anderen w\u00fcrde sie dann die m\u00fchsam unterdr\u00fcckten kritischen Stimmen in der CDU wieder freisetzen &#8230;.<br \/>\n&#8230; Alles von Zhu vom 23.8.2016 bitte lesen auf<br \/>\n<a href=\"https:\/\/www.rolandtichy.de\/gastbeitrag\/drei-ursachen-der-deutschen-politikkrise\/\">https:\/\/www.rolandtichy.de\/gastbeitrag\/drei-ursachen-der-deutschen-politikkrise\/<br \/>\n<\/a>\u00a0 \u00a0.<br \/>\n<em>Marcel Zhu, Jahrgang 1989, hat seine Kindheit in China verbracht. Mit 13 Jahren kam er nach Deutschland zu seinem Vater, der als Angeh\u00f6riger der chinesischen Akademie der Wissenschaften f\u00fcr die Promotion nach Deutschland gegangen ist. Er lebt und arbeitet derzeit in Deutschland.<br \/>\n<\/em>\u00a0 \u00a0.<br \/>\n<strong>Merkel wu\u00dfte genau, was sie tat<\/strong><br \/>\nIch stimme Ihnen in allen Punkten \u00fcberein, Herr Zhu. Ich will Frau Merkel auf keinen Fall rehabilitieren, f\u00fcr das, was sie mit der Entscheidung, Abermillionen an Arabern ins Land zu lassen, diesem Land angetan hat. Dennoch, um der Gerechtigkeit und Wahrheit willen, m\u00f6chte ich Ihnen dieses Buch empfehlen: <a href=\"https:\/\/derschmutzigekrieggegensyrien.wordpress.com\/2016\/05\/25\/tim-anderson-der-schmutzige-krieg-gegen-syrien\/\">https:\/\/derschmutzigekrieggegensyrien.wordpress.com\/2016\/05\/25\/tim-anderson-der-schmutzige-krieg-gegen-syrien\/<\/a><br \/>\nWenn man die F\u00e4den dann in diverse Einzelne trennt, dann bekommt man ein Netz aus moralischer, und politischer Abh\u00e4ngigkeit einer Kanzlerin, die letztlich \u201cihrem humanit\u00e4ren Imperativ\u201d gefolgt ist, ohne R\u00fccksicht auf das Volk, das nun die Konsequenzen zu tragen hat. Ihre moralische Leitlinie war ihr offensichtlich wichtiger, aks Schaden vom deutschen Volk abzuwenden. Ich bin mir ziemlich sicher: Bevor die ihre Entscheidung traf, alle Grenzen f\u00fcr die Massenmigration offen zu halten, war sie sich \u00fcber die Tragweite f\u00fcr dieses Land bewusst gewesen.<br \/>\n23.8.016, Peter Christian Nowak<br \/>\n.<br \/>\n<strong>Wirtschaftsinteressen bestimmen Merkels Fl\u00fcchtlingspolitik nach wie vor<\/strong><br \/>\nDie Analyse ist oberfl\u00e4chlich und blau\u00e4ugig, blendet sie doch den wichtigsten Faktor komplett aus: Den beherrschenden Einfluss der nationalen (Export-)Wirtschaft auf die deutsche Spitzenpolitik. Keine Bundesregierung kann und wird etwas gegen die strategischen Interessen des deutschen Gesch\u00e4ftsmodells unternehmen. Hier wird \u00fcber den deutschen Sozial- und Rentenstaat und letztlich die politische Macht entschieden. Das haben \u2013 glaubt man den Wikileaks-Papieren \u2013 auch die amerikanischen Analysten entnervt festgestellt.<br \/>\nDie planlose, letztj\u00e4hrige Migrationspolitik und der begleitende Mediensupport ist v\u00f6llig logisch und kausal auf die europapolitische und hegemoniale Agenda nationaler Wirtschaftsinteressen zur\u00fcckzuf\u00fchren. Merkel und ihr Beraterkreis wollten Deutschland als \u201e\u00dcberlaufbecken nutzen\u201c (M\u00fcnkler), \u201ebis die Pipeline leer gelaufen ist\u201c (Altmeier) und dann die Fl\u00fcchtlinge umverteilen. Merkel w\u00fcrde dadurch gegen das s\u00fcdl\u00e4ndische Anti-Austerit\u00e4ts-Nazi-Bashing immunisiert und Griechenland nebst Balkan vor einem marodierenden Fl\u00fcchtlingsheer gerettet. Gleichzeitig wollte man den islamistischen Propagandisten im nahen Osten die Nahrung entziehen und Deutschland als (teilmuslimischen) Stabilit\u00e4ts-Hegemon mit dem \u201efreundlichen Gesicht\u201c etablieren (zuk\u00fcnftige Absatzm\u00e4rkte, Arbeitsmarkt-Reservoir). SPD und Gr\u00fcne zu schw\u00e4chen war als netter Nebeneffekt eingeplant. Die AFD glaubte man nach dem Lucke-R\u00fcckzug in Aufl\u00f6sung begriffen. Zwar hat man im Kanzleramt die Lage und die Kooperation der anderen EU-L\u00e4nder blau\u00e4ugig unter- und sich selbst \u00fcbersch\u00e4tzt, aber das soll ja auch schon fr\u00fcher in der deutschen Geschichte vorgekommen sein.<br \/>\nGrunds\u00e4tzlich scheint man trotz hunderttausender in den deutschen Kommunen gestrandeter G\u00e4ste dennoch an der Strategie festzuhalten und diese scheint in den wesentlichen Punkten auch aufzugehen. Immerhin ist Krise und da kann man in bew\u00e4hrter Merkeltradition nationale und europapolitische Weichen in Richtung Schulden\u00fcbernahmen und f\u00fcr die gesteuerte Migration von Millionen Neu-Europ\u00e4ern stellen. Dass die Rettung vor der demographischen Apokalypse durch hochmotivierte muslimische Jungm\u00e4nner ernsthaft in Erw\u00e4gung gezogen wurde und wird, sollte man annehmen.<br \/>\nWas die Interessenlage scheinbar gegens\u00e4tzlich und un\u00fcbersichtlich macht, ist die unrettbare Verschr\u00e4nkung der nationalen Wirtschaftsagenda mit der europ\u00e4ischen W\u00e4hrungs- und Einigungspolitik. Europ\u00e4ische (Euro, Schengen, Binnenmarkt) und nah\u00f6stliche Stabilit\u00e4tsinteressen (T\u00fcrkei, Syrien, Irak, Israel) sind nahezu deckungsgleich mit den (Export-)Interessen einer unter Euro- und Agenda2010-Bedingungen \u00e4u\u00dferst wettbewerbsf\u00e4higen, deutschen Industrie. Jede deutsche Regierung wird die gigantischen Handelsbilanzdefizite der Euro-Partner durch (deutsche) Kredit-B\u00fcrgschaften gegenfinanzieren und die EZB-Staatsfinanzierung per Druckerpresse tolerieren, solange dadurch die systemrelevanten Banken \u00fcberleben und sich die bankrotten S\u00fcdl\u00e4nder politisch weiter ruhig stellen lassen. Z.B. indem man ihnen gro\u00dfz\u00fcgig Fl\u00fcchtlinge abnimmt oder anderweitig entgegenkommt. Im Moment steht die s\u00fcdl\u00e4ndische Bankenhaftung f\u00fcr mehr als 9 (!) Billionen privater Schulden im Raum. Dagegen ist die Rettung Griechenlands ein Zwergenproblem. Das diese Politik solidarisch, humanistisch und PC-korrekt gebrandet wird, ist gr\u00f6\u00dftenteils Marketing und Teil des Theaters.<br \/>\nPrinzipiell scheinen nun sogar die Linken v\u00f6llig kompatibel zur der EU-, Euro- und Export-Agenda. Bei der solidarischen Schuldenhaftung als Voraussetzung f\u00fcr die n\u00e4chste Phase der Euro-Rettung w\u00e4ren sie sogar Klassenbester. Einer Regierungsbeteiligung als Juniorpartner (Migrations- und Familienministerium?) st\u00fcnde theoretisch nichts im Weg. Die linke Politikdominanz triumphiert aber nur scheinbar. Den Kapitalismus oder Hartz IV will keiner mehr ernsthaft abschaffen, die Eckpfeiler des neuen Sozialismus hei\u00dfen Euro, Asyl(industrie) und europ\u00e4ische Solidarit\u00e4t gegen Populisten. Daf\u00fcr koaliert man notfalls auch mit der CDU auf Landesebene, wie der Spitzenkandidat in MeckPom angedeutet hat.<br \/>\nDie AFD kommt erst dann in die N\u00e4he eines Bundesministeriums, wenn den betreffenden Politikern klar (gemacht) wird, dass mit Lira, Peseta, Franc, Drachme und den nationalen Wirtschaftsinteressen der anderen EU-L\u00e4nder komplette Landstriche in Deutschland deindustrialisiert werden m\u00fcssten. Mit 8 Millionen Arbeitslosen mehr an der Backe, k\u00f6nnte man vielleicht kurzfristig eine harte Migrationspolitik machen, aber bei der n\u00e4chsten Wahl k\u00e4men dann ganz sicher wieder die anderen zum Zug. Erinnert sei an die Medien-Kampagne, die weiland gegen die erfahrene und gut vernetzte Westerwelle-FDP gefahren wurde (\u201eSp\u00e4tr\u00f6mische Dekadenz\u201c, Hotelsteuer). Die Traditionspartei war klinisch tot in k\u00fcrzester Zeit.<br \/>\nFazit: Es wird keinen echten Paradigmenwechsel in Deutschland geben. Kommt allerdings Le Pen an die Macht, d\u00fcrfte es interessant werden, ob Frankreich dann den w\u00e4hrungspolitischen St\u00f6psel aus dem Gummiboot zieht. Dann w\u00fcrde es richtig teuer.<br \/>\n23.8.2016, Pixel, TO<\/p>\n<p>&nbsp;<\/p>\n<p>&nbsp;<\/p>\n<p><strong>Krisenmanagement der Regierung:\u00a0Wer bei Edathy versagt, kann auch den Euro nicht retten<\/strong><\/p>\n<div>\n<p>Die Edathy-Aff\u00e4re ist in puncto Krisenmanagement hochinteressant, nicht nur um ihrer selbst willen. Sie zeigt, dass die Bundesregierung komplexen Aufgaben nicht gewachsen ist. Die Krise ruhte. Die Wirtschaft brummte. Und in der Politik herrschte Friede, Freude, Eierkuchen &#8211; bis vor wenigen Tagen. Die Edathy-Aff\u00e4re brachte pl\u00f6tzlich etwas ans Tageslicht, was ansonsten verborgen bleibt: Wenn Regierende unter sehr gro\u00dfem Druck stehen, benehmen sie sich wie aufgescheuchte H\u00fchner und neigen zu Kurzschlusshandlungen. Die Aff\u00e4re zeigt auch, dass es keine Kontrollmechanismen gibt. Wenn der Druck erst mal gro\u00df genug ist, wird auf allen Seiten nur noch improvisiert. Und da sind wir bei einem Problem, das weit \u00fcber diesen konkreten Fall hinausgeht. &#8230;.<br \/>\nAlles von\u00a0Wolfgang M\u00fcnchau vom 19.2.2014 bitte lesen auf<br \/>\n<a href=\"https:\/\/www.spiegel.de\/wirtschaft\/edathy-affaere-zeigt-regierung-ist-komplexen-aufgaben-nicht-gewachsen-a-954391.html\">https:\/\/www.spiegel.de\/wirtschaft\/edathy-affaere-zeigt-regierung-ist-komplexen-aufgaben-nicht-gewachsen-a-954391.html<\/a><\/p>\n<\/div>\n<p>&nbsp;<\/p>\n<p><strong>Investitionen sollten Vorrang haben vor Konsum<\/strong><br \/>\nDie Gro\u00dfe Koalition &#8222;&#8230; will zehn Milliarden Euro in den n\u00e4chsten vier Jahren zus\u00e4tzlich investieren. Zugleich aber bringt sie ein Rentengesetz auf den Weg, das pro Jahr zehn Milliarden Euro kostet. Auch hier hat also der Konsum Vorrang vor den Investitionen. Das ist die falsche Politik. Wenn der Staat mehr in Infrastruktur und vor allem Bildung investieren w\u00fcrde, k\u00f6nnte die Wirtschaft insgesamt schneller wachsen. Dann w\u00e4ren in einigen Jahren die Einkommen h\u00f6her und folglich auch die Renten. Dann m\u00fcsste man nicht f\u00fcr die Fr\u00fchverrentung neue Anreize schaffen, wie man es jetzt tut. Wachstumspolitik ist die beste Besch\u00e4ftigungspolitik und damit auch die beste Rentenpolitik.&#8220;<br \/>\n7.2.2014,\u00a0Thomas Straubhaar, Wirtschaftsprofessor und und Leiter des Hanseatischen Weltwirtschafts-Instituts<\/p>\n<p>&nbsp;<\/p>\n<p>&nbsp;<\/p>\n<p>&nbsp;<\/p>\n<p><strong>GroKo &#8211; Wort des Jahres 2013<\/strong><br \/>\nDie Gesellschaft f\u00fcr deutsche Sprache k\u00fcrt seit 1971 das Wort des Jahres. Ausgew\u00e4hlt werden Begriffe, die die \u00f6ffentliche Diskussion eines Jahres besonders bestimmt haben. Die die Pr\u00e4mierten der vergangenen zehn Jahre:<br \/>\n2013\u00a0 GroKo (Gro\u00dfe Koalotion)<br \/>\n2012\u00a0 Rettungsroutine<br \/>\n2011\u00a0 Stresstest<br \/>\n2010\u00a0 Wutb\u00fcrger<br \/>\n2009\u00a0 Abwrackpr\u00e4mie<br \/>\n2008\u00a0 Finanzkrise<br \/>\n2007\u00a0 Klimakatastrophe<br \/>\n2006\u00a0 Fanmeile<br \/>\n2005\u00a0 Bundeskanzlerin<br \/>\n2004\u00a0 Hartz IV<br \/>\n2003 Das alte Europa<\/p>\n<p>Bei der Wahl 2013 konkurrierten folgende W\u00f6rter:<br \/>\nGroKo<br \/>\nProtz-Bischof<br \/>\nArmutseinwanderung<br \/>\nZinsschmelze<br \/>\nBig Date<br \/>\nAusschlie\u00dferitis<br \/>\nGeneration Sandsack<br \/>\nAusl\u00e4ndermaut<br \/>\nfalsche Neune<br \/>\nFreund h\u00f6rt mit<br \/>\n<a href=\"https:\/\/www.gfds.de\/aktionen\/wort-des-jahres\/\">https:\/\/www.gfds.de\/aktionen\/wort-des-jahres\/<\/a><br \/>\n<a href=\"https:\/\/www.gfds\">www.gfds<\/a><\/p>\n<div><\/div>\n<p><strong>Verteidigungsministerin von der Leyen<\/strong><br \/>\nBei aller parteipolitischen Unterschiedlichkeit halte ich die Frau Ursula von der Leyen f\u00fcr weiterhin ministeriabel. Schlie\u00dflich hat sie auf auf ihrem Lebensleistungskonto mehr Guthaben als manche ihrer Kritiker, was zur Hoffnung Anla\u00df gibt. Warum nicht in den Ressorts Verteidigung oder innen. Aus der Verhaltensforschung ist bekannt, weibliche Wesen ihre Brut bis aufs \u00c4u\u00dferte verteidigen, w\u00e4hrend m\u00e4nnliche, Testosteron gesteuert, mit nichts anderem lieber besch\u00e4ftigt sind, als ihr Revier zu behaupten, auszuweiten.<br \/>\n14.12.2013, Heinrich Franzen<\/p>\n<p>Ein Minister wird nicht wegen seiner Fachkompetenz Minister sondern wegen seiner politischen Durchsetzungsf\u00e4higkeit. Fachkompetenz ist im Ministerium durch die Beamten vorhanden.<\/p>\n","protected":false},"excerpt":{"rendered":"<p>Home &gt;Engagement &gt;Zukunft &gt;Demokratie &gt;GroKo: Grosse Koalition Listenauswahl eines Beitrags: Bitte anklicken oder runterscrollen Keine neuen Staatsschulden\u00a0(9.3.2025) CDU nach der Wahl: &#8222;Die Ukraine muss den Krieg beginnen&#8220; (24.2.2025) CDU\/CSU 28,6 % vor AfD 20,8 %\u00a0(24.2.2025) Genosse Frank-Walter Steinmeier\u00a0 (19.11.2021) Wahrheit: &hellip; <a href=\"https:\/\/www.freiburg-schwarzwald.de\/blog\/engagement\/zukunft\/demokratie\/groko\/\">Weiterlesen <span class=\"meta-nav\">&rarr;<\/span><\/a><\/p>\n","protected":false},"author":4,"featured_media":0,"parent":21084,"menu_order":0,"comment_status":"open","ping_status":"closed","template":"","meta":{"footnotes":""},"class_list":["post-42374","page","type-page","status-publish","hentry"],"_links":{"self":[{"href":"https:\/\/www.freiburg-schwarzwald.de\/blog\/wp-json\/wp\/v2\/pages\/42374","targetHints":{"allow":["GET"]}}],"collection":[{"href":"https:\/\/www.freiburg-schwarzwald.de\/blog\/wp-json\/wp\/v2\/pages"}],"about":[{"href":"https:\/\/www.freiburg-schwarzwald.de\/blog\/wp-json\/wp\/v2\/types\/page"}],"author":[{"embeddable":true,"href":"https:\/\/www.freiburg-schwarzwald.de\/blog\/wp-json\/wp\/v2\/users\/4"}],"replies":[{"embeddable":true,"href":"https:\/\/www.freiburg-schwarzwald.de\/blog\/wp-json\/wp\/v2\/comments?post=42374"}],"version-history":[{"count":6,"href":"https:\/\/www.freiburg-schwarzwald.de\/blog\/wp-json\/wp\/v2\/pages\/42374\/revisions"}],"predecessor-version":[{"id":131516,"href":"https:\/\/www.freiburg-schwarzwald.de\/blog\/wp-json\/wp\/v2\/pages\/42374\/revisions\/131516"}],"up":[{"embeddable":true,"href":"https:\/\/www.freiburg-schwarzwald.de\/blog\/wp-json\/wp\/v2\/pages\/21084"}],"wp:attachment":[{"href":"https:\/\/www.freiburg-schwarzwald.de\/blog\/wp-json\/wp\/v2\/media?parent=42374"}],"curies":[{"name":"wp","href":"https:\/\/api.w.org\/{rel}","templated":true}]}}