{"id":41758,"date":"2013-12-04T09:32:41","date_gmt":"2013-12-04T08:32:41","guid":{"rendered":"https:\/\/www.freiburg-schwarzwald.de\/blog\/?page_id=41758"},"modified":"2025-08-22T13:35:33","modified_gmt":"2025-08-22T11:35:33","slug":"schwarzwaldbauern","status":"publish","type":"page","link":"https:\/\/www.freiburg-schwarzwald.de\/blog\/natur\/landwirt\/schwarzwaldbauern\/","title":{"rendered":"Schwarzwaldbauern"},"content":{"rendered":"<p><a href=\"https:\/\/freiburg-schwarzwald.de\/blog\">Home<\/a> &gt;<a title=\"Natur\" href=\"https:\/\/www.freiburg-schwarzwald.de\/blog\/natur\/\">Natur<\/a> &gt;<a title=\"Landwirt\" href=\"https:\/\/www.freiburg-schwarzwald.de\/blog\/natur\/landwirt\/\">Landwirt<\/a> &gt;Schwarzwaldbauern<\/p>\n<div id=\"attachment_41432\" style=\"width: 647px\" class=\"wp-caption alignnone\"><a href=\"https:\/\/www.freiburg-schwarzwald.de\/blog\/natur\/winter\/schnee\/schnee6feldberg-pan131128\/\" rel=\"attachment wp-att-41432\"><img loading=\"lazy\" decoding=\"async\" aria-describedby=\"caption-attachment-41432\" class=\"size-full wp-image-41432\" title=\"schnee6feldberg-pan131128\" src=\"https:\/\/www.freiburg-schwarzwald.de\/blog\/wp-content\/uploads\/2013\/11\/schnee6feldberg-pan131128.jpg\" alt=\"\" width=\"637\" height=\"273\" srcset=\"https:\/\/www.freiburg-schwarzwald.de\/blog\/wp-content\/uploads\/2013\/11\/schnee6feldberg-pan131128.jpg 637w, https:\/\/www.freiburg-schwarzwald.de\/blog\/wp-content\/uploads\/2013\/11\/schnee6feldberg-pan131128-180x77.jpg 180w\" sizes=\"auto, (max-width: 637px) 100vw, 637px\" \/><\/a><p id=\"caption-attachment-41432\" class=\"wp-caption-text\">Blick vom Schauinsland nach Osten \u00fcber Hofsgrund zum Feldberg am 28.11.2013 &#8211; der erste Schnee in diesem Winter<\/p><\/div>\n<ul>\n<li><em>Listenauswahl eines Beitrags: Bitte<span style=\"text-decoration: underline;\"> anklicken<\/span> oder runterscrollen<\/em><\/li>\n<li>Siegfried J\u00e4ckle am 8.8.2025 im Alter von 80 Jahren verstorben (22.8.2025)<\/li>\n<li>Weihnachtsgedanken 2024 &#8211; Schwarzwaldbauern (18.12.2024)<\/li>\n<li><a href=\"https:\/\/www.freiburg-schwarzwald.de\/blog\/schwarzwaldbauern-offener-brief\/\">Schwarzwaldbauern: Offener Brief<\/a> (21.2.2024)<\/li>\n<li>Eine Wanderung mit Siegfried J\u00e4ckle &#8211; Video-Interview (22.12.2023)<\/li>\n<li><a href=\"https:\/\/www.freiburg-schwarzwald.de\/blog\/erntedank-schwarzwaldbauern\/\">Erntedank Schwarzwaldbauern<\/a> (15.9.2023)<\/li>\n<li><a href=\"https:\/\/www.freiburg-schwarzwald.de\/blog\/landwirte-zu-weihnachten\/\">Landwirte zu Weihnachten<\/a>\u00a0(21.12.2022)<\/li>\n<li><a href=\"https:\/\/www.freiburg-schwarzwald.de\/blog\/natur\/wasser\/trockenheit\/\">Weidetieren in der Region rund um Freiburg geht das Futter aus<\/a>\u00a0(16.8.2022)<\/li>\n<li>Siegfried J\u00e4ckle schildert die Situation der Landwirte: \u201eWir m\u00fcssen das b\u00e4uerliche Ma\u00df wieder entdecken\u201c (27.10.2021)<\/li>\n<li><a title=\"Bauern-Protest\" href=\"https:\/\/www.freiburg-schwarzwald.de\/blog\/natur\/landwirt\/bauern-protest\/\">Land schafft Verbindung: Bauernprotest in Berlin<\/a>\u00a0(29.11.2019)<\/li>\n<li><a title=\"Weide\" href=\"https:\/\/www.freiburg-schwarzwald.de\/blog\/natur\/landwirt\/weide\/\">Weide 4.0<\/a> (19.8.2018)<\/li>\n<li><a href=\"https:\/\/www.freiburg-schwarzwald.de\/blog\/bauern-verteidigen-ihr-eigenes\/\">https:\/\/www.freiburg-schwarzwald.de\/blog\/bauern-verteidigen-ihr-eigenes\/<\/a> (24.1.2017)<\/li>\n<li>1 % der Gro\u00dfbauern kassieren 30 % der EU-Agrarsubventionen (28.4.2014)<\/li>\n<li><a href=\"https:\/\/www.freiburg-schwarzwald.de\/blog\/mehr-lohn-teurere-erdbeeren\/\">https:\/\/www.freiburg-schwarzwald.de\/blog\/mehr-lohn-teurere-erdbeeren\/<\/a>\u00a0(8.4.2014)<\/li>\n<li>Weihnachtsgr\u00fc\u00dfe 2013 (18.12.2013)<\/li>\n<li><a href=\"https:\/\/www.freiburg-schwarzwald.de\/blog\/familien-berglandwirtschaft\/\">https:\/\/www.freiburg-schwarzwald.de\/blog\/familien-berglandwirtschaft\/<\/a>\u00a0(4.12.2013)<\/li>\n<li><a href=\"https:\/\/www.freiburg-schwarzwald.de\/proschwarzwaldbauern2.htm\">Aktuelles ab 12.3.2006<\/a> &gt;ProSchwarzwaldbauern2<\/li>\n<li><a href=\"https:\/\/www.freiburg-schwarzwald.de\/proschwarzwaldbauern1.htm\">Aktuelles ab Januar 2005<\/a> &gt;ProSchwarzwaldbauern<\/li>\n<li><a href=\"https:\/\/www.freiburg-schwarzwald.de\/proschwarzwaldbauern.htm#Der Schwarzw\u00e4lder Christbaum - frisch, \u00f6kologisch und ohne CO2\">Der Schwarzw\u00e4lder Christbaum &#8211; frisch, \u00f6kologisch und ohne CO2<\/a> (20.12.2004)<\/li>\n<li><a href=\"https:\/\/www.freiburg-schwarzwald.de\/berge1.htm#Internationaler Tag der Berge am 11. Dezember\">Internationaler Tag der Berge am 11. Dezember<\/a> &gt;Berge1 (14.12.2004)<\/li>\n<li><a href=\"https:\/\/www.freiburg-schwarzwald.de\/proschwarzwaldbauern.htm#Pro\u00a0 Schwarzwaldbauern - Aktuelles Dezember 04\">Heimat als Gegentrend zur Globalisierungro\u00a0 &#8211; Aktuelles Dezember 04<\/a> (28.11.2004)<\/li>\n<li><a href=\"https:\/\/www.freiburg-schwarzwald.de\/proschwarzwaldbauern.htm#Aktuelles, Fakten und Trends November\">Aktuelles November &#8211; Teleakademie Schwarzwaldbauern<\/a> (14.11.2004)<\/li>\n<li><a href=\"https:\/\/www.freiburg-schwarzwald.de\/proschwarzwaldbauern.htm#Schwarzwaldbauern und Kulturlandschaft - zwischen Anspruch und Wirklichkeit\">Schwarzwaldbauern und Kulturlandschaft &#8211; zwischen Anspruch und Wirklichkeit <\/a>\u00a0(6.11.04)<\/li>\n<li><a href=\"https:\/\/www.freiburg-schwarzwald.de\/proschwarzwaldbauern.htm#Tagung Landschaft und Heimat am 18.\/19.11.04 in Freiburg\">Tagung &#8222;Landschaft und Heimat&#8220; am 18.\/19.11.04 in Freiburg<\/a> (27.10.2004)<\/li>\n<li><a href=\"https:\/\/www.freiburg-schwarzwald.de\/proschwarzwaldbauern.htm#Vom Erntedankfest zum Tag der Regionen\">Vom Erntedankfest (Ernten statt Mulchen) zum Tag der Regionen<\/a> (10.10.2004)<\/li>\n<li><a href=\"https:\/\/www.freiburg-schwarzwald.de\/proschwarzwaldbauern.htm#Du musst an Visionen glauben\u00a0 um sie verwirklichen zu k\u00f6nnen\">Du musst an Visionen glauben\u00a0 um sie verwirklichen zu k\u00f6nnen<\/a> (11.9.2004)<\/li>\n<li><a href=\"https:\/\/www.freiburg-schwarzwald.de\/proschwarzwaldbauern.htm#Aktuelles August 2004\">Aktuelles August 2004<\/a> (24.8.2004)<\/li>\n<li><a href=\"https:\/\/www.freiburg-schwarzwald.de\/proschwarzwaldbauern.htm#Aktuelles, Fakten und Trends Juli 2004\">Aktuelles, Fakten und Trends Juli 2004<\/a> (18.7.2004)<\/li>\n<li><a href=\"https:\/\/www.freiburg-schwarzwald.de\/proschwarzwaldbauern.htm#Aktuelles, Fakten und Trends Juni 2004\">Aktuelles, Fakten und Trends Juni 2004<\/a> (13.6.2004)<\/li>\n<li><a href=\"https:\/\/www.freiburg-schwarzwald.de\/proschwarzwaldbauern.htm#Demonstration Gentechnikfreie Landwirtschaft: \u201eWir bleiben sauber\u201c\">Demonstration Gentechnikfreie Landwirtschaft: \u201eWir bleiben sauber\u201c<\/a> (10.4.2004)<\/li>\n<li><a href=\"https:\/\/www.freiburg-schwarzwald.de\/proschwarzwaldbauern.htm#Fakten und Trends Fr\u00fchjahr 2004\">Fakten und Trends Fr\u00fchjahr 2004<\/a> (18.3.2004)<\/li>\n<li><a href=\"https:\/\/www.freiburg-schwarzwald.de\/landwirt1.htm#Forum Pro Schwarzwaldbauern fordert genfreie Zone\">Forum Pro Schwarzwaldbauern fordert genfreie Zone<\/a> &gt;Landwirt1 (9.3.2004)<\/li>\n<li><a href=\"https:\/\/www.freiburg-schwarzwald.de\/proschwarzwaldbauern.htm#Anzahl der Bauern nimmt ab\">Anzahl der Bauern nimmt ab<\/a> (5.2.2004)<\/li>\n<li>\n<p align=\"left\">Schwarzw\u00e4lder Thesen (2002)<\/p>\n<\/li>\n<li><strong><a href=\"https:\/\/www.freiburg-schwarzwald.de\/proschwarzwaldbauern.htm\">www.freiburg-schwarzwald.de\/proschwarzwaldbauern.htm<\/a> &gt;Archivseite Pro Schwarzwaldbauern<\/strong><\/li>\n<li>Forum Pro Schwarzwaldbauern e.V<\/li>\n<li><a title=\"Bauern-Protest\" href=\"https:\/\/www.freiburg-schwarzwald.de\/blog\/natur\/landwirt\/bauern-protest\/\">Bauern-Protest<\/a><\/li>\n<li><a title=\"Bergbauern\" href=\"https:\/\/www.freiburg-schwarzwald.de\/blog\/natur\/landwirt\/bergbauern\/\">Bergbauern<\/a><\/li>\n<li><a title=\"Kleinbauern\" href=\"https:\/\/www.freiburg-schwarzwald.de\/blog\/natur\/landwirt\/kleinbauern\/\">Kleinbauern<\/a><\/li>\n<li><a href=\"https:\/\/www.freiburg-schwarzwald.de\/meine-landwirtschaft.htm\">Meine-Landwirtschaft &#8211; Kampagne<\/a> &gt;Meine-Landwirtschaft<\/li>\n<li><a href=\"https:\/\/www.freiburg-schwarzwald.de\/blog\/natur\/wasser\/trockenheit\/\">Trockenheit<\/a><\/li>\n<\/ul>\n<p>&nbsp;<\/p>\n<p><strong>Forum Pro Schwarzwaldbauern e.V<br \/>\n<\/strong>gemeinn\u00fctziger Verein \u2013 Vereinsregister VS 1208<br \/>\nD-78112 St.Georgen-Oberkirnach , Uhlbachweg 5, Tel. 07724-7992, Fax \u2013 917 511<br \/>\nKonto: 180000681 SPKA Furtwangen BLZ 69450065<br \/>\nVorstand: Dr. Josef G\u00fcnter und Siegfried J\u00e4ckle<br \/>\n<a href=\"mailto:spittelhof@t-online.de\">spittelhof@t-online.de<\/a>, <a href=\"mailto:spittelhof@freenet.de\">spittelhof@freenet.de<\/a><br \/>\n<a href=\"https:\/\/www.sforum.eu\/\">www.sforum.eu<\/a><\/p>\n<p><a href=\"https:\/\/www.freiburg-schwarzwald.de\/proschwarzwaldbauern1.htm#Neue Teleakademie f\u00fcr Schwarzwaldbauern\">Teleakademie<\/a> f\u00fcr Schwarzwaldbauern:<br \/>\n<a href=\"https:\/\/www.forumproschwarzwaldbauern.de\/\">www.forumproschwarzwaldbauern.de<\/a><\/p>\n<p>Offenes Forum:<br \/>\n<a href=\"https:\/\/olsp.tele-ak.fh-furtwangen.de\/olsp\/swb\/content\/e10\/index_ger.html\">https:\/\/olsp.tele-ak.fh-furtwangen.de\/olsp\/swb\/content\/e10\/index_ger.html<\/a><\/p>\n<p>==============================================================<\/p>\n<p><strong>Siegfried J\u00e4ckle am 8.8.2025 im Alter von 80 Jahren verstorben<\/strong><br \/>\n<em>Alles hat seine Zeit,<\/em><br \/>\n<em>sich begegnen und verstehen,<\/em><br \/>\n<em>sich halten und lieben,<\/em><br \/>\n<em>sich loslassen und erinnern.<\/em><\/p>\n<p>Liebe Freunde, Bekannte ,Unterst\u00fctzer und G\u00f6nner ,<br \/>\nleider mu\u00df ich Euch Allen heute vom Tod meines Vaters Siegfried J\u00e4ckle berichten.<br \/>\nEr verstarb am 08.08. nach monatelanger schwerer Erkrankung im Alter von 80 Jahren.<br \/>\nEs war aber ein gn\u00e4diger Tod ,ich war die letzten 2 Lebenstage bei ihm , er konnte einfach einschlafen , ohne weitere Schmerzen oder Leid, aber halt leider nicht Zuhause, so wie wir es uns gew\u00fcnscht hatten.<br \/>\nWir haben ihn gestern , 20.08. in aller Stille nur im engsten Familienkreis auf dem Waldfriedhof St. Georgen , Feld F, bei Mama bestattet.<br \/>\nSo wie er es wollte; f\u00fcr ihn war klar: keine gro\u00dfe Beerdigung, kein Aufheben , keine reden und Heuchelei.<\/p>\n<p>Behaltet ihn so wie er war im Herzen und denkt manchmal zur\u00fcck und an ihn.<br \/>\nDer Abschied ist nur f\u00fcr kurze Zeit, die Erinnerung ist f\u00fcr immer.<\/p>\n<p>In tiefer Trauer, aber auch sehr dankbar<br \/>\n22.8.2025, Marianne J\u00e4ckle, <a href=\"mailto:spittelhof@t-online.de\">spittelhof@t-online.de<\/a><\/p>\n<p><a href=\"https:\/\/www.freiburg-schwarzwald.de\/blog\/wp-content\/uploads\/2025\/08\/jaeckle-siegfried-schwarzwaldbauern2021.jpg\"><img loading=\"lazy\" decoding=\"async\" class=\"alignnone size-thumbnail wp-image-138154\" src=\"https:\/\/www.freiburg-schwarzwald.de\/blog\/wp-content\/uploads\/2025\/08\/jaeckle-siegfried-schwarzwaldbauern2021-180x119.jpg\" alt=\"\" width=\"180\" height=\"119\" srcset=\"https:\/\/www.freiburg-schwarzwald.de\/blog\/wp-content\/uploads\/2025\/08\/jaeckle-siegfried-schwarzwaldbauern2021-180x119.jpg 180w, https:\/\/www.freiburg-schwarzwald.de\/blog\/wp-content\/uploads\/2025\/08\/jaeckle-siegfried-schwarzwaldbauern2021-640x423.jpg 640w, https:\/\/www.freiburg-schwarzwald.de\/blog\/wp-content\/uploads\/2025\/08\/jaeckle-siegfried-schwarzwaldbauern2021-768x508.jpg 768w, https:\/\/www.freiburg-schwarzwald.de\/blog\/wp-content\/uploads\/2025\/08\/jaeckle-siegfried-schwarzwaldbauern2021.jpg 800w\" sizes=\"auto, (max-width: 180px) 100vw, 180px\" \/><\/a><\/p>\n<p>.<\/p>\n<p><strong>Weihnachtsgedanken 2024 &#8211; Schwarzwaldbauern<\/strong><br \/>\n<strong>Wir brauchen nichts weniger als einen Kulturwandel!<\/strong><br \/>\nLiebe Mitglieder, FreundInnen und G\u00f6nnerInnen,<br \/>\nalle Jahre wieder kommt Weihnachten. Dieses Jahr mitten in einem Bundestagswahlkampf. Immer fr\u00fcher vor dem christlichen Fest der Geburt des Heilandes beginnt jedoch das Weihnachtsgesch\u00e4ft. Die energiepolitische Dunkelflaute bringt heuer sogar das heidnische Fest der Wintersonnenwende in Erinnerung. Zeichen wie die Kultur des endlosen Wirtschaftswachstums an nat\u00fcrliche Grenzen kommt? Wie bei den Autobauern haben diese Grenzen die Landwirtschaft schon lange zur Minderheit schrumpfen lassen. Die Bauern in den Bergen treiben so von einer Sinnkrise in die n\u00e4chste, wie wir am Int. Tag der Berge festgestellt haben: <a href=\"https:\/\/forumproschwarzwaldbauern.de\/wie-kommen-berge-und-gruenland-aus-der-sinnkrise\/\">https:\/\/forumproschwarzwaldbauern.de\/wie-kommen-berge-und-gruenland-aus-der-sinnkrise\/<\/a><\/p>\n<p>Wie wollen wir leben?<br \/>\nDas w\u00e4re eigentlich die Frage, die wir uns \u00fcber Weihnachten und in den Tagen danach stellen sollten. Bestimmen doch die Werbeflut wie die Politik des Mainstreams wie wir leben sollen. Fremdbestimmung<br \/>\nmacht abh\u00e4ngig und nimmt dem Leben den Sinn. Deshalb hatten wir zu dieser Frage im letzten Januar die<br \/>\nBauernforscherin Elisabeth Loibl aus Wien eingeladen. Sie hat in ihrer Forschung erkannt, dass B\u00e4uerinnen und Bauern mit der Abh\u00e4ngigkeit von der Natur leichter zurechtkommen, als mit politisch angeordneten Ma\u00dfnahmen und ist deshalb Tiefen\u00f6kologin geworden. Sie sagt, dass es mit unserem Weltbild zusammenh\u00e4ngt, warum Bauern und B\u00e4uerinnen in unserem Wirtschaftssystem an den Rand geraten sind. Die Ursache l\u00e4ge in der traumatischen Kultur der \u00dcberlebensangst, die aufgearbeitet werden und die traditionelle Bindung als Quelle der Kreativit\u00e4t erkannt werden sollte, sowie in den verschiedenen Meinungen das Potential zum Konsens liege. Mehr auf: <a href=\"https:\/\/forumproschwarzwaldbauern.de\/wie-wollen-wir-leben\/\">https:\/\/forumproschwarzwaldbauern.de\/wie-wollen-wir-leben\/<\/a> und in ihrem Buch Tiefen\u00f6kologie.<br \/>\nGibt es eine andere Art zu leben?<br \/>\nDiese Frage entstand beim Treffen mit Elisabeth Loibl. Dabei geht es darum, war wir uns mit unserem Weltbild vorstellen k\u00f6nnen. Dazu gab es beim Agrikulturfestival in Freiburg dann ein Subsistenz-Panel. Im Mittelpunkt stand ein Vortrag der Volkskundlerin Veronika Bennholt-Thomsen, die schon 2007 bei uns am Aschermittwoch zu Gast war: <a href=\"https:\/\/forumproschwarzwaldbauern.de\/warum-verteidigen-die-bauern-nicht-ihr-eigenes\/\">https:\/\/forumproschwarzwaldbauern.de\/warum-verteidigen-die-bauern-nicht-ihr-eigenes\/<\/a><br \/>\nIhre Subsistenzperspektive wurde in der Gespr\u00e4chsrunde in unterschiedlicher Form best\u00e4tigt. Was die urb\u00e4uerliche Art war, sich mit dem Lebensnotwendigen selbst zu versorgen, gilt heute zwar als altmodisch oder nostalgisch, gewinnt wieder Interesse, weil seine Selbsterfahrung in der Lohnarbeit wie der marktabh\u00e4ngigen Landwirtschaft zunehmend vermisst wird. Eine Zusammenfassung der Gespr\u00e4chsrunde zum Nachlesen auf: <a href=\"https:\/\/forumproschwarzwaldbauern.de\/wie-es-anders-geht\/\">https:\/\/forumproschwarzwaldbauern.de\/wie-es-anders-geht\/<\/a> Zur Subsistenz genannten Versorgungsarbeit geh\u00f6rt nat\u00fcrlich im b\u00e4uerlichen Sinne auch die eigene Futterversorgung, insbesondere von der Weide. Bevor der Strukturwandel das Wissen darum vollends wegrationalisiert hat, sollten wir uns auf dieses Kulturerbe besinnen, wie wir es im Fr\u00fchling mit den Agronauten versucht haben: <a href=\"https:\/\/forumproschwarzwaldbauern.de\/von-der-taloekonomie-zum-pendlerdorf\/\">https:\/\/forumproschwarzwaldbauern.de\/von-der-taloekonomie-zum-pendlerdorf\/<\/a><br \/>\nUnser Lesetipp Zum Wandel: WUT MUT LIEBE &#8211; Politischer Aktivismus und echte Rebellion von Charles Eisenstein. Der amerikanische Umweltphilosoph erkl\u00e4rt in diesem B\u00fcchlein, was wir brauchen f\u00fcr eine gute Zukunft die wir wollen. Wir w\u00fcnschen besinnliche Weihnachten und ein friedliches Neues Jahr mit sinnvollen Gespr\u00e4chen<br \/>\nHerzliche Gr\u00fc\u00dfe Siegfried J\u00e4ckle, 18.12.2024<br \/>\nForum Pro Schwarzwaldbauern e.V<br \/>\nE-Mail: <a href=\"mailto:info@forumproschwarzwaldbauern.de\">info@forumproschwarzwaldbauern.de<\/a><br \/>\n.<\/p>\n<p><strong>Eine Wanderung mit Siegfried J\u00e4ckle &#8211; Video-Interview<\/strong><br \/>\nUnterwegs im Schwarzwald reflektiert Siegfried J\u00e4ckle im Gespr\u00e4ch mit Peter Volz die Entwicklung der hiesigen Landwirtschaft und Landkultur. Hier der zweiteilige Kurzfilm von AgriKultur e.V. und Agronauten \u201eWanderung mit Siegfried J\u00e4ckle\u201c in Bild und Ton:<br \/>\n22.12.2023<br \/>\n<a href=\"https:\/\/agrikulturfestival.de\/2023\/12\/interview-mit-siegfried-jaeckle\/\">https:\/\/agrikulturfestival.de\/2023\/12\/interview-mit-siegfried-jaeckle\/<\/a><br \/>\nVideos:<br \/>\n<a href=\"https:\/\/www.youtube.com\/watch?v=ONDIdoADDp4&amp;t=10s\">https:\/\/www.youtube.com\/watch?v=ONDIdoADDp4&amp;t=10s<\/a><br \/>\n<a href=\"https:\/\/www.youtube.com\/watch?v=0TGgxv3IihM&amp;t=2s\">https:\/\/www.youtube.com\/watch?v=0TGgxv3IihM&amp;t=2s<\/a><br \/>\n.<\/p>\n<p>&nbsp;<\/p>\n<p><strong>Siegfried J\u00e4ckle schildert die Situation der Landwirte: \u201eWir m\u00fcssen das b\u00e4uerliche Ma\u00df wieder entdecken\u201c<\/strong><br \/>\nIdylle, Zeitgeist und Schwarzwaldbauern: Das Forum trifft sich wieder nach langer Zeit und zwar nicht in einem Saal, sondern h\u00e4lt die Mitgliederversammlung wandernd ab.<\/p>\n<p><a href=\"https:\/\/www.freiburg-schwarzwald.de\/blog\/wp-content\/uploads\/2025\/08\/jaeckle-siegfried-schwarzwaldbauern2021.jpg\"><img loading=\"lazy\" decoding=\"async\" class=\"alignnone size-thumbnail wp-image-138154\" src=\"https:\/\/www.freiburg-schwarzwald.de\/blog\/wp-content\/uploads\/2025\/08\/jaeckle-siegfried-schwarzwaldbauern2021-180x119.jpg\" alt=\"\" width=\"180\" height=\"119\" srcset=\"https:\/\/www.freiburg-schwarzwald.de\/blog\/wp-content\/uploads\/2025\/08\/jaeckle-siegfried-schwarzwaldbauern2021-180x119.jpg 180w, https:\/\/www.freiburg-schwarzwald.de\/blog\/wp-content\/uploads\/2025\/08\/jaeckle-siegfried-schwarzwaldbauern2021-640x423.jpg 640w, https:\/\/www.freiburg-schwarzwald.de\/blog\/wp-content\/uploads\/2025\/08\/jaeckle-siegfried-schwarzwaldbauern2021-768x508.jpg 768w, https:\/\/www.freiburg-schwarzwald.de\/blog\/wp-content\/uploads\/2025\/08\/jaeckle-siegfried-schwarzwaldbauern2021.jpg 800w\" sizes=\"auto, (max-width: 180px) 100vw, 180px\" \/><\/a><\/p>\n<h5>Siegfried J\u00e4ckle \u2013 hier auf einem Archivbild \u2013 k\u00e4mpft mit Worten seit Jahren f\u00fcr lokal passende Konzepte zum schonenden Umgang mit der Natur und gegen angebliche Gleichmacherei durch die Agrarpolitik. | Bild: Ralph Gravenstein<\/h5>\n<p>&#8230; Alles vom 27.10.2021 bitte lesen auf<br \/>\n<a href=\"https:\/\/www.suedkurier.de\/region\/schwarzwald\/st-georgen\/siegfried-jaeckle-schildert-die-situation-der-landwirte-wir-muessen-das-baeuerliche-mass-wieder-entdecken;art410944,10952379\">https:\/\/www.suedkurier.de\/region\/schwarzwald\/st-georgen\/siegfried-jaeckle-schildert-die-situation-der-landwirte-wir-muessen-das-baeuerliche-mass-wieder-entdecken;art410944,10952379<\/a><\/p>\n<p>.<\/p>\n<p><strong>1 % der Gro\u00dfbauern kassieren 30 % der EU-Agrarsubventionen<\/strong><br \/>\nIn Deutschland kassiert nur ein Prozent der Gro\u00dfbetriebe 30 Prozent der EU-Agrarmittel, die nach Deutschland flie\u00dfen. 75 Prozent der kleinen Landwirte m\u00fcssen sich mit 30 Prozent zufrieden geben. Dabei kommt es schon mal vor, dass f\u00fcr riesige Fl\u00e4chen, die \u00fcberhaupt nicht bewirtschaftet werden, hohe Summen ausgezahlt werden. Die Subventionsbezieher m\u00fcssen n\u00e4mlich keinerlei Leistungsnachweis daf\u00fcr erbringen, was sie mit den Direktzahlungen machen. So ist einer der gr\u00f6\u00dften Bezieher von Agrarsubventionen der Essener Energiekonzern RWE, der mit Schaufelradbaggern Braunkohle f\u00f6rdert und die Fl\u00e4chen danach wieder begr\u00fcnt. Mit 10.000 ha, die nach Abbau der Bodensch\u00e4tze zu Landwirtschaftsfl\u00e4che mutiert sind, z\u00e4hlt RWE zu den gr\u00f6\u00dften Bauern Deutschlands (Jahresgewinn 6,8 Milliarden Euro). Die EU-Zahlungen summierten sich von 2002 bis 2006 auf \u00fcber 2,1 Millionen Euro. Noch kurioser sind F\u00f6rdergelder f\u00fcr globale Nahrungsmittelkonzerne wie Nestl\u00e9, dessen Betriebsgewinn 2013 bei 6,5 Milliarden Euro lag: Er bezieht dennoch mehrere Millionen Euro von der EU, weil der Konzern von EU-Bauern Zucker und Milch kauft. &#8230;&#8230;<br \/>\nAlles vom 28.4.2014 bitte lesen auf: &#8222;Das Delirium Subventionorum &#8211; Gruselgeschichten aus dem Irrenhaus (Wolfgang J. Koschnick)&#8220; &#8211; Eine Demokratie haben wir schon lange nicht mehr &#8211; Teil 21<br \/>\n<a href=\"https:\/\/www.heise.de\/tp\/artikel\/41\/41557\/\">https:\/\/www.heise.de\/tp\/artikel\/41\/41557\/<\/a><\/p>\n<p>.<br \/>\n<strong>Weihnachtsgr\u00fc\u00dfe 2013<\/strong><br \/>\n\u00dcberall leuchtet Weihnachtsglanz und ein Jahr voller \u00dcberraschungen geht zu Ende. Mit mehr Wetterkapriolen denn je und trotzdem einem ergebnislosen Weltklimagipfel, mit agrarpolitischen Beschl\u00fcssen zum Weiter so bis 2020,<br \/>\nweil es am Mut zur Anpassung an die neuen Herausforderungen und zur gerechteren Gestaltung fehlt, stattdessen Hoffnung auf weiteres Wachstum durch neue WTO und transatlantische (TTIP) Freihandelsabkommen, obwohl an<br \/>\nder damit verbundenen b\u00fcrokratischen Standardisierung und Normierung unseres Lebens Bauern wie Konsumenten verzweifeln. Verspielen wir mit egoistischem materiellem Denken die Freiheit zum lokalen Handeln?<\/p>\n<p>Lichtblicke werden im totalen Wettbewerb, wer&#8217;s am billigsten kann, gern \u00fcbersehen. Ein solcher Lichtblick war unsere Begegnung mit B\u00e4uerinnen und Bauern aus dem S\u00fcden im Herbst im Schwarzw\u00e4lder Kloster St.Trudpert. Diese Begegnung m\u00f6chte ich mit der Weihnachtsgeschichte vergleichen. Denn da kamen wirklich Hirten von den Weiden Persiens sowie Weise aus dem Morgenland, sowie aus Westafrika und den Anden zu uns. Ihr Stolz war ihr Eigenes, n\u00e4mlich das was man zum Leben s\u00e4en und ernten kann. Unsere PS-starke Supertechnik interessierte sie<br \/>\nweniger. Unbegreiflich war ihnen, dass wir zertifiziertes Saatgut, Zuchttiere und Futtermittel aus bunten Katalogen kaufen. Ihr Interesse galt der gemeinsamen Sorge, wie die b\u00e4uerlichen Werte vor dieser sog. gr\u00fcnen Revolution in die Zukunft\u00a0 zu retten sind? Demokratisierung der Agrarforschung hei\u00dft unser gemeinsames Ziel. Gemeint ist, dass Rezepte aus Forschung und Konzernen von oben (aus dem Norden) von einer Forschung mit\u00a0B\u00e4uerinnen und Bauern und ihren regionalen Erfahrungen abgel\u00f6st wird. Nicht Bollenhut und Trachtenjanker als\u00a0 Marketinggag, sondern Bodenhaftung und Ern\u00e4hrungssouver\u00e4nit\u00e4t statt Weltmarkt. Weist uns die W\u00fcrde dieser Hirten, B\u00e4uerinnen und Bauern aus dem S\u00fcden nicht den Weg aus unseren Abh\u00e4ngigkeiten? Und in neue Gemeinschaften?<\/p>\n<p>Small is beuatifull &#8211; Die R\u00fcckkehr zum menschlichen Ma\u00df<br \/>\nist unser aktueller Lichtblick. Denn der 40 Jahre alte Bestseller mit diesem Titel wurde gerade neu aufgelegt. Wir empfehlen ihn Allen als Weihnachtslekt\u00fcre (ISBN 978-3-86581-408-1 bzw.<br \/>\n<a href=\"https:\/\/www.oekom.de\/nc\/buecher\/gesamtprogramm\/buch\/small-is-beautiful.html\">www.oekom.de\/nc\/buecher\/gesamtprogramm\/buch\/small-is-beautiful.html<\/a>).<\/p>\n<p>Der deutsche Wirtschaftswissenschaftler Ernst Friedrich Schuhmacher, der 1937 nach England emigrierte, hat damit eine Bibel f\u00fcr nachhaltige Entwicklung hinterlassen. Bereits 1973 hat er nicht\u00a0 nur die Atomenergie in Frage gestellt, sondern auch die industrielle Gigantonomie auf Basis ersch\u00f6pf-licher Rohstoffe. F\u00fcr die Zukunft sah er die wichtigsten Aktivposten in Bildung und der richtigen Nutzung von Grund und Boden. Bildung nicht nur bis zum Diplom, sondern weiter durch Erfahrung zur Vorstellungskraft. Die Vorz\u00fcge der b\u00e4uerlichen Landwirtschaft sah er in ihrer Multifunktionalit\u00e4t, obwohl es diesen Begriff noch nicht gab. F\u00fcr die Gestaltung der Zukunft forderte Schumacher\u00a0 ein Gleichgewicht von (Ver-)Ordnung und sch\u00f6pferischer Freiheit. Und zur R\u00fcckkehr zum menschlichen Ma\u00df die \u00dcberwindung von Habsucht, Neid, Hass und Gier.\u00a0Mit diesen Lichtblicken w\u00fcnschen wir ein frohes Weihnachtsfest und ein gesundes Jahr 2014<br \/>\n18.12.2013, Herzliche Gr\u00fc\u00dfe Siegfried J\u00e4ckle, Forum Pro Schwarzwaldbauern e.V.<\/p>\n<p>&nbsp;<\/p>\n<p>&nbsp;<\/p>\n<p>&nbsp;<\/p>\n<p align=\"left\"><strong>Schwarzw\u00e4lder Thesen<\/strong><\/p>\n<p align=\"left\">Unsere Mittelgebirge &#8211; Indikator einer nachhaltigen und multifunktionalen Agrarpolitik. Ergebnis einer Fachtagung in V\u00f6hrenbach im Schwarzwald mit \u00fcber 50 Teilnehmern Schwarzwaldbauern im Jahr 2002<\/p>\n<p align=\"left\">1. Unsere Mittelgebirge sind Kulturlandschaften mit besonders reichem Natur- und Kulturerbe. Dieser Reichtum ist\u00a0 ebendiger Ausdruck der Leistung vieler Generationen hier lebender und arbeitender Menschen, besonders der\u00a0 Bauern und B\u2030uerinnen. Ihr nachhaltiger Umgang mit den besonderen nat\u00b8rlichen Gegebenheiten hat den Mittelgebirgen den Reiz verliehen, der Menschen aus Nah und Fern zur Erholung einl\u2030dt und der zu Recht Teil des Selbstbewusstseins der hier lebenden Menschen ist.<\/p>\n<p>2. Je sch\u02c6ner die Landschaft umso schwieriger ist aber die Landwirtschaft. In den Mittelgebirgen sind die Grenzen der Rationalisierung der Erzeugung und des betrieblichen Wachstums enger als in landwirtschaftlichen \u00d1Gunstlagen\u00ec. Der Widerspruch zwischen dem Druck zur Rationalisierung infolge sinkender Lebensmittelpreise einerseits und der Rolle als Landschaftspfleger andererseits haben die Bergb\u2030uerinnen und -bauern in eine Sinnkrise gef\u00b8hrt. Deshalb ist die Attraktivit\u2030t des b\u2030uerlichen Berufes die zentrale Zukunftsfrage der Mittelgebirgslandschaften.<\/p>\n<p>3. Nachhaltige Perspektiven f\u00b8r die Berglandwirtschaft entstehen nicht allein mit F\u02c6rderprogrammen. Die mit der F\u02c6rderung verbundene B\u00b8rokratie l\u2030hmt b\u2030uerliche Eigenverantwortung und Innovationskraft. Nur ein Gleichgewicht zwischen Pflege der Kulturlandschaft und Erzeugung von Lebensmitteln gibt einer multifunktionalen Landwirtschaft Sinn. Die besondere Qualit\u2030t der Erzeugnisse aus den Bergregionen bietet sich f\u00b8r die Entwicklung regionaler Qualit\u2030tsmarken geradezu an. Der \u00b8berdurchschnittlich hohe Anteil \u02c6kologisch wirtschaftender Betriebe in den Mittelgebirgen kann diese Marktchancen noch verbessern, wie Beispiele zeigen. Zur Nutzung dieser Chancen brauchen regionale Verarbeitungsund Vermarktungswege aber bessere Unterst\u00b8tzung.<\/p>\n<p>4. Durch die EU-Agrarreform 1992 und deren Fortschreibung in der Agenda 2000 sind die Mittelgebirge aufgrund ihrer hohen Gr\u00b8nlandanteile zus\u2030tzlich benachteiligt worden. Denn durch die Pr\u2030mien f\u00b8r Silomais und Futtergetreide ist es billiger geworden, Wiederk\u2030uer wie K\u00b8he oder Mastrinder mit Silomais und Getreide zu f\u00b8ttern als mit Gras. Die Gleichstellung des Gr\u00b8nlandes mit anderen Kulturpflanzen bei der EU-F\u02c6rderung ist im Sinne einer nachhaltigen Landwirtschaft, einer artgerechten Tierhaltung und f\u00b8r die Gr\u00b8nlandnutzung in Mittelgebirgen und damit f\u00b8r die Offenhaltung ihrer Landschaften dringend notwendig.<\/p>\n<p>5. Die klassischen Erzeugnisse der Mittelgebirgs-Landwirtschaft sind Milch und Rindfleisch. Die mit der Agenda 2000 vorgesehene Liberalisierung von Milchpreis und Milchquoten stellt jedoch die Milcherzeugung in den Mittelgebirgen mit ihren vergleichsweise h\u02c6heren Erzeugungs- und Erfassungskosten in Frage. Deshalb sind die Beschl \u00b8sse der Agenda 2000 zum Milchmarkt zu \u00b8berdenken und zugunsten einer nachhaltigen, ans Gr\u00b8nland gebundenen Milcherzeugung zu korrigieren. Auflerdem ist die knappe Zahl an Pr\u2030mienrechten f\u00b8r Mutterk\u00b8he in Deutschland ein weiterer begrenzender Faktor f\u00b8r die Gr\u00b8nlandnutzung in den Mittelgebirgen.<\/p>\n<p align=\"left\">6. Das System der Kulturpflanzen- und Tierpr\u2030mien der Europ\u2030 ischen Union ist nicht nur mit viel B\u00b8rokratie\u00a0 verbunden, sondern benachteiligt die b\u2030uerliche Landwirtschaft in den Mittelgebirgen auch, weil eine Arbeitskraft im Bergland zwangsl\u2030ufig weniger Fl\u2030che bewirtschaften und Tiere betreuen kann als in Gunstlagen. Deshalb ist die Anbindung der Pr\u2030mien an die Arbeitsleistung der Betriebe \u00b8ber die Modulation ein Weg zu mehr Gerechtigkeit in der Agrarf\u02c6rderung.<\/p>\n<p>7. Auch bei Einf\u00b8hrung einer Gr\u00b8nlandpr\u2030mie bleiben die Bewirtschaftungserschwernisse der Berglandwirtschaft gegen\u00fcber der Gr\u00b8nlandnutzung in den Ebenen unber\u00b8cksichtigt. Deshalb ist die Ausgleichszulage f\u00b8r benachteiligte Gebiete weiterhin unverzichtbar. Mit steigender H\u02c6henlage nehmen Ertragsniveau und Intensivierungsm\u02c6glichkeiten ab. Hanglagen und Feuchtgebiete stehen der Nutzung des technischen Fortschrittes entgegen. Aufgrund dieser unterschiedlichen Bewirtschaftungserschwernisse in den Mittelgebirgen sollte die Ausgleichszulage differenziert und, nach \u02c6sterreichischem Vorbild, am tats\u2030chlichen Arbeitsaufwand orientiert werden.<\/p>\n<p align=\"left\">8. Die Landwirtschaft in Mittelgebirgen erf\u00b8llt eine vorbildliche Multifunktion. Die Bem\u00b8hungen einzelner Bundesl\u2030nder zur Honorierung \u02c6kologischer Leistungen werden bisher durch die Benachteiligung des Gr\u00b8nlandes bei den EU-Pr\u2030mien kompensiert. Damit die \u02c6kologischen Leistungen der Landwirtschaft mehr Anerkennung finden, ist eine nachvollziehbare Bewertung dieser Leistungen Grundlage f\u00b8r eine multifunktionale Agrarpolitik.<\/p>\n<p align=\"left\">9. B\u2030uerliches Wissen und K\u02c6nnen wird bei der Landbewirtschaftung in Mittelgebirgen zum knappsten Faktor. Der von Rationalisierungsbestrebungen beherrschten Lehrmeinung stehen besondere stand\u02c6rtliche Gegebenheiten entgegen. Standortgerechte Gr\u00b8nlandnutzung, Weidewirtschaft, \u00f7kologie und Einkommenskombinationen sowie Waldwirtschaft haben in den Mittelgebirgen besondere Bedeutung, der die standardisierten Lehrpl\u2030ne nicht gerecht werden. Deshalb braucht die Landwirtschaft der Mittelgebirge regionsspezifische Informations-, Bildungs- und Beratungsangebote.<\/p>\n<p align=\"left\">10. Mittelgebirge haben je nach regionalen Gegebenheiten und geschichtlicher Entwicklung sehr unterschiedliche Strukturen. Deshalb brauchen sie ihre jeweils eigene Entwicklungsstrategie. Mit den bisherigen Instrumenten ist weder die Erhaltung der Biodiversit\u2030t einschliefllich regionaler Tier- und Pflanzenarten noch die der regionalen Infrastrukturen gelungen. Deshalb m\u00b8ssen aus dem Nebeneinander von Instrumenten wie Schutzgebieten, Naturparken, Leader- Regionen usw. integrierte regionale Entwicklungskonzepte f\u00b8r die Mittelgebirgsregionen aufgebaut werden. Die Erfahrungen aus den franz\u02c6sischen Regionalparken und dem Bundeswettbewerb \u00d1Regionen Aktiv\u00ec sowie dem baden-w\u00b8rttembergischen \u00d1Plenum\u00ec sollten baldm\u02c6glichst f\u00b8r die Mittelgebirgsregionen genutzt werden.<br \/>\n2002<\/p>\n<p>Forum Pro Schwarzwaldbauern<span style=\"font-family: MSTT31c69e; font-size: x-small;\"><br \/>\n<\/span>Siegfried J\u2030ckle, Spitelhof, Uhlbachweg 5, 78112 Oberkirnach, Tel: 07724-7992, Fax: -917511, E-Mail: <a href=\"mailto:spittelhof@freenet.de\">spittelhof@freenet.de<\/a>, <a href=\"mailto:spittelhof@t-online.de\">spittelhof@t-online.de<\/a><br \/>\n<a href=\"https:\/\/www.forumproschwarzwaldbauern.de\">www.forumproschwarzwaldbauern.de<\/a><\/p>\n<p align=\"left\">AbL &#8211; Arbeitsgemeinschaft b\u2030uerliche Landwirtschaft<br \/>\nBahnhofstrafle 31, 59065 Hamm, Tel: 02381-9053171, Fax: -492221,\u00a0<a href=\"mailto:info@abl-ev.de\">info@abl-ev.de<\/a><br \/>\n<a href=\"https:\/\/www.abl-ev.de\">www.abl-ev.de<\/a><\/p>\n","protected":false},"excerpt":{"rendered":"<p>Home &gt;Natur &gt;Landwirt &gt;Schwarzwaldbauern Listenauswahl eines Beitrags: Bitte anklicken oder runterscrollen Siegfried J\u00e4ckle am 8.8.2025 im Alter von 80 Jahren verstorben (22.8.2025) Weihnachtsgedanken 2024 &#8211; Schwarzwaldbauern (18.12.2024) Schwarzwaldbauern: Offener Brief (21.2.2024) Eine Wanderung mit Siegfried J\u00e4ckle &#8211; Video-Interview (22.12.2023) Erntedank &hellip; <a href=\"https:\/\/www.freiburg-schwarzwald.de\/blog\/natur\/landwirt\/schwarzwaldbauern\/\">Weiterlesen <span class=\"meta-nav\">&rarr;<\/span><\/a><\/p>\n","protected":false},"author":4,"featured_media":0,"parent":1014,"menu_order":0,"comment_status":"open","ping_status":"closed","template":"","meta":{"footnotes":""},"class_list":["post-41758","page","type-page","status-publish","hentry"],"_links":{"self":[{"href":"https:\/\/www.freiburg-schwarzwald.de\/blog\/wp-json\/wp\/v2\/pages\/41758","targetHints":{"allow":["GET"]}}],"collection":[{"href":"https:\/\/www.freiburg-schwarzwald.de\/blog\/wp-json\/wp\/v2\/pages"}],"about":[{"href":"https:\/\/www.freiburg-schwarzwald.de\/blog\/wp-json\/wp\/v2\/types\/page"}],"author":[{"embeddable":true,"href":"https:\/\/www.freiburg-schwarzwald.de\/blog\/wp-json\/wp\/v2\/users\/4"}],"replies":[{"embeddable":true,"href":"https:\/\/www.freiburg-schwarzwald.de\/blog\/wp-json\/wp\/v2\/comments?post=41758"}],"version-history":[{"count":5,"href":"https:\/\/www.freiburg-schwarzwald.de\/blog\/wp-json\/wp\/v2\/pages\/41758\/revisions"}],"predecessor-version":[{"id":138157,"href":"https:\/\/www.freiburg-schwarzwald.de\/blog\/wp-json\/wp\/v2\/pages\/41758\/revisions\/138157"}],"up":[{"embeddable":true,"href":"https:\/\/www.freiburg-schwarzwald.de\/blog\/wp-json\/wp\/v2\/pages\/1014"}],"wp:attachment":[{"href":"https:\/\/www.freiburg-schwarzwald.de\/blog\/wp-json\/wp\/v2\/media?parent=41758"}],"curies":[{"name":"wp","href":"https:\/\/api.w.org\/{rel}","templated":true}]}}