{"id":41607,"date":"2013-12-02T17:04:53","date_gmt":"2013-12-02T16:04:53","guid":{"rendered":"https:\/\/www.freiburg-schwarzwald.de\/blog\/?page_id=41607"},"modified":"2025-07-29T21:07:54","modified_gmt":"2025-07-29T19:07:54","slug":"klimagerechtigkeit","status":"publish","type":"page","link":"https:\/\/www.freiburg-schwarzwald.de\/blog\/natur\/klima\/klimagerechtigkeit\/","title":{"rendered":"Klimagerechtigkeit"},"content":{"rendered":"<p>Home &gt;<a title=\"Natur\" href=\"https:\/\/www.freiburg-schwarzwald.de\/blog\/natur\/\">Natur<\/a> &gt;<a title=\"Klima\" href=\"https:\/\/www.freiburg-schwarzwald.de\/blog\/natur\/klima\/\">Klima<\/a> &gt;Klimagerechtigkeit<\/p>\n<div id=\"attachment_41463\" style=\"width: 650px\" class=\"wp-caption alignnone\"><a href=\"https:\/\/www.freiburg-schwarzwald.de\/blog\/regio\/berge\/schauinsland\/schnee8schauinsland-pan131128\/\" rel=\"attachment wp-att-41463\"><img loading=\"lazy\" decoding=\"async\" aria-describedby=\"caption-attachment-41463\" class=\"size-full wp-image-41463\" title=\"schnee8schauinsland-pan131128\" src=\"https:\/\/www.freiburg-schwarzwald.de\/blog\/wp-content\/uploads\/2012\/10\/schnee8schauinsland-pan131128.jpg\" alt=\"\" width=\"640\" height=\"253\" srcset=\"https:\/\/www.freiburg-schwarzwald.de\/blog\/wp-content\/uploads\/2012\/10\/schnee8schauinsland-pan131128.jpg 640w, https:\/\/www.freiburg-schwarzwald.de\/blog\/wp-content\/uploads\/2012\/10\/schnee8schauinsland-pan131128-180x71.jpg 180w\" sizes=\"auto, (max-width: 640px) 100vw, 640px\" \/><\/a><p id=\"caption-attachment-41463\" class=\"wp-caption-text\">Blick nach Norden vom H\u00f6henweg zum Schauinslandturm am 28.11.2013 &#8211; erster Schnee<\/p><\/div>\n<p>&nbsp;<\/p>\n<ul>\n<li><a href=\"https:\/\/www.freiburg-schwarzwald.de\/blog\/global\/globalisierung\/global-government\/international\/\">Endlich: Der IGH der UN als \u201eWeltgericht\u201c rettet das Weltklima<\/a>\u00a0(28.7.2025)<\/li>\n<li><a href=\"https:\/\/www.freiburg-schwarzwald.de\/blog\/corona-klima-grundrechte-ade\/\">Corona Klima: Grundrechte ade?<\/a>\u00a0(12.2.2023)<\/li>\n<li><a href=\"https:\/\/www.freiburg-schwarzwald.de\/blog\/engagement\/zukunft\/demokratie\/grundgesetz\/grundgesetz-klima\/\">29. April 2021, Beginn der \u00d6ko-Diktatur in Deutschland<\/a>\u00a0(29.4.2021)<\/li>\n<li><a title=\"Klima \u2013 den Kindern vorlesen\" href=\"https:\/\/www.freiburg-schwarzwald.de\/blog\/klima-den-kindern-vorlesen\/\">Klima \u2013 den Kindern vorlesen<\/a>\u00a0(23.8.2020)<\/li>\n<li><a title=\"EU-Klimanotstand ausgerufen\" href=\"https:\/\/www.freiburg-schwarzwald.de\/blog\/eu-klimanotstand-ausgerufen\/\">EU-Klimanotstand ausgerufen<\/a>\u00a0(30.11.2019)<\/li>\n<li><a title=\"Energie CO2 Dekarbonisierung\" href=\"https:\/\/www.freiburg-schwarzwald.de\/blog\/energie-co2-dekarbonisierung\/\">Manfred Haferburg: Energie CO2 Dekarbonisierung<\/a>\u00a0(6.11.2019)<\/li>\n<li><a title=\"Queerfem. Klimagerechtigkeit?\" href=\"https:\/\/www.freiburg-schwarzwald.de\/blog\/queerfem-klimagerechtigkeit\/\">Queerfeministische Klimagerechtigkeit?<\/a> (4.11.2019)<\/li>\n<li>Vertrauen an Klimagelehrte hat gelitten (22.4.2019)<\/li>\n<li><a title=\"Klimawandel-natuerlich\" href=\"https:\/\/www.freiburg-schwarzwald.de\/blog\/natur\/klima\/klimawandel-natuerlich\/\">WfD \u2013 W\u00e4rme f\u00fcr Deutschland: Ich bin f\u00fcr Klimawandel \u2013 ACHTUNG SATIRE<\/a> (22.4.2019)<\/li>\n<li>FridaysForFuture: Von langer Hand geplant? (6.4.2019)<\/li>\n<li><a href=\"https:\/\/www.freiburg-schwarzwald.de\/blog\/klima-fluechtlinge-kommen\/\">https:\/\/www.freiburg-schwarzwald.de\/blog\/klima-fluechtlinge-kommen\/<\/a> (15.3.2016)<\/li>\n<li>Die Zeit l\u00e4uft uns davon &#8211; CO2-Herausforderung weltweit (27.11.2013)<\/li>\n<li>Klimagerechtigkeit \u00fcber globalen Emissionshandel herstellen (2.11.2013)<\/li>\n<li><\/li>\n<li><a title=\"FridaysForFuture\" href=\"https:\/\/www.freiburg-schwarzwald.de\/blog\/natur\/klima\/fridaysforfuture\/\">FridaysForFuture<\/a><\/li>\n<li><a href=\"https:\/\/www.freiburg-schwarzwald.de\/blog\/engagement\/zukunft\/demokratie\/grundgesetz\/grundgesetz-klima\/\">Grundgesetz-Klima<\/a><\/li>\n<li><a href=\"https:\/\/www.freiburg-schwarzwald.de\/blog\/global\/globalisierung\/global-government\/international\/\">international<\/a><\/li>\n<li><a title=\"Klimawandel\" href=\"https:\/\/www.freiburg-schwarzwald.de\/blog\/natur\/klima\/klimawandel\/\">Klimawandel<\/a><\/li>\n<li><a title=\"Transformation\" href=\"https:\/\/www.freiburg-schwarzwald.de\/blog\/natur\/klima\/transformation\/\">Transformation in \u00d6kodiktatur<\/a><\/li>\n<\/ul>\n<p>&nbsp;<\/p>\n<p>&nbsp;<\/p>\n<div id=\"attachment_508\" style=\"width: 610px\" class=\"wp-caption alignnone\"><a href=\"https:\/\/www.freiburg-schwarzwald.de\/blog\/natur\/klima\/co2emittenten09\/\" rel=\"attachment wp-att-508\"><img loading=\"lazy\" decoding=\"async\" aria-describedby=\"caption-attachment-508\" class=\"size-full wp-image-508\" title=\"co2emittenten09\" src=\"https:\/\/www.freiburg-schwarzwald.de\/blog\/wp-content\/uploads\/2012\/04\/co2emittenten09.jpg\" alt=\"\" width=\"600\" height=\"351\" srcset=\"https:\/\/www.freiburg-schwarzwald.de\/blog\/wp-content\/uploads\/2012\/04\/co2emittenten09.jpg 600w, https:\/\/www.freiburg-schwarzwald.de\/blog\/wp-content\/uploads\/2012\/04\/co2emittenten09-180x105.jpg 180w\" sizes=\"auto, (max-width: 600px) 100vw, 600px\" \/><\/a><p id=\"caption-attachment-508\" class=\"wp-caption-text\">Die f\u00fcnf gr\u00f6\u00dften CO2-Emittenten &#8211; Grafik: EU<\/p><\/div>\n<p>&nbsp;<\/p>\n<p><strong>Vertrauen an Klimagelehrte hat gelitten<\/strong><br \/>\nIch gebe zu, mein Vertrauen in Gelehrte hat gelitten, seitdem wissenschaftliche Erkenntnis gerne per Mehrheitsbeschluss statt per Einzelbeweis gewonnen wird. Mit \u00dc50\/U60 habe ich au\u00dferdem ein Lebensalter erreicht, in dem schon diverse Weltunterg\u00e4nge \u00fcberraschend spurlos an mir vor\u00fcbergegangen sind, von Waldsterben, Ozonloch, Y2K und Maya-Kalender bis Peak Oil<br \/>\nhttps:\/\/www.focus.de\/finanzen\/experten\/rohmann\/fragwuerdige-peak-oil-theorie-gut-fuer-deutsche-verbraucher-so-schnell-wird-erdoel-nicht-knapp_id_4829709.html<br \/>\nund anderen Quatschvorhersagen des Club of Rome.<br \/>\nhttps:\/\/www.faz.net\/aktuell\/wirtschaft\/club-of-rome-die-propheten-des-untergangs-11746779.html<br \/>\nSehen Sie mir daher bitte nach, wenn ich das jeweils aktuelle Sirenengel\u00e4rm des IPCC zunehmend entspannt zur Kenntnis nehme. Mir f\u00e4llt es ohnehin schwer, eine globale Institution ernstzunehmen, die die eigentliche Wurzel der allermeisten Welt\u00fcbel so auff\u00e4llig und dr\u00f6hnend laut beschweigt: \u00dcberbev\u00f6lkerung.<br \/>\n&#8230;. Alles vom 22.4.2019 von Robert von Loewenstern zur <a title=\"Klimawandel-natuerlich\" href=\"https:\/\/www.freiburg-schwarzwald.de\/blog\/natur\/klima\/klimawandel-natuerlich\/\">Satire &#8222;W\u00e4rme f\u00fcr Deutschland WfD&#8220;<\/a><br \/>\n<a href=\"https:\/\/www.achgut.com\/artikel\/ich_bin_fuer_klimawandel._leben_sie_wohl\">https:\/\/www.achgut.com\/artikel\/ich_bin_fuer_klimawandel._leben_sie_wohl<\/a><\/p>\n<p>&nbsp;<\/p>\n<p>&nbsp;<\/p>\n<p>&nbsp;<\/p>\n<p><strong>FridaysForFuture: Von langer Hand geplant?<\/strong><br \/>\nWie ist das nun jetzt? Greta Thunbergs Vater ist Redenschreiber, er kennt sich mit politischen Kampagnen aus und ist sehr gut vernetzt. Er instrumentalisiert sein krankes Kind und macht es zum Rattenf\u00e4nger f\u00fcr die Jugend der Welt. \u201eFridays for Future\u201c ist eine perfekt inszenierte PR-Kampagne, was sich schon daran zeigt, einen Schulvormittag f\u00fcr die Demonstrationen auszuw\u00e4hlen: Denn w\u00e4hrend der Unterrichtszeit sind alle Sch\u00fcler disponibel, keiner hat irgendetwas anderes vor. Hinter der Kampagne stehen handfeste Macht- und Geldinteressen, und vermutlich l\u00e4\u00dft sich auch hier mit Leichtigkeit eine Verbindung zu George Soros finden.<br \/>\n.<br \/>\nKeine Bewegung ohne eine gute Geschichte: Die kleine Greta fing \u201eeinfach so\u201c mit dem Schulstreik an. Das stimmt so nicht, wie man mittlerweile mit einer einfachen Internetrecherche herausfinden kann. Die Idee mit dem Schulstreik kam auf dem Global Youth Summit 2015 auf, im selben Jahr wurde auch die PR-Kampagne entwickelt. Das Global Youth Summit wird von der Plant-for-the-Planet Foundation organisiert, und die geh\u00f6rt zum \u201eClub of Rome\u201c (Rockefeller) und zur \u201eGerman Marshall Plan Foundation\u201c, in Deutschland werden beide von Frithjof Finkbeiner verantwortet, der auch f\u00fcr die Plant-for-the-Planet Foundation zust\u00e4ndig ist.<br \/>\nDer Einflu\u00df US-amerikanischer Machtkreise auf diese Strukturen ist evident. Finkbeiner machte 2009 mit seinem Sohn Felix (damals 12, der hatte angeblich die Idee, Millionen B\u00e4ume zu pflanzen) genau das, was heute Svante Thunberg mit seiner Tochter Greta macht, die inzwischen \u201eeinfach so\u201c von dem schwedischen Finanzinvestor Ingmar Rentzhog gemanagt wird. Der gr\u00fcndete 2017 eine Klimaschutz-Aktiengesellschaft und ist Mitglied von Al Gores \u201eClimate Reality\u201c-Projekt.<br \/>\nAus diesen Kreisen kam die Idee, nur wird sie auf der unteren Ebene von anderen umgesetzt. Wenn man sich das Impressum der deutschen \u201eFriday for Future\u201c-Internetseite ansieht, st\u00f6\u00dft man auf Vertreter der linksalternativen Szene. Das ist nicht zu verurteilen, aber daran zeigt sich, da\u00df der Protest eben nicht, wie man uns weismachen will, spontan losbricht, sondern organisiert und gelenkt ist. Es ist dann auch \u00fcberhaupt nicht verwunderlich, da\u00df die Demonstrationen selbstverst\u00e4ndlich einen sichtbaren Drall \u201egegen Rechts\u201c haben.<br \/>\n&#8230; Alles von Alexander Gl\u00fcck vom 6.4.2019 bitte lesen auf<br \/>\n<a href=\"https:\/\/philosophia-perennis.com\/2019\/04\/06\/der-eingefluesterte-schulstreik-oder-rebel-just-for-kicks\/\">https:\/\/philosophia-perennis.com\/2019\/04\/06\/der-eingefluesterte-schulstreik-oder-rebel-just-for-kicks\/<\/a><br \/>\n.<br \/>\nMan suche im Netz nach &#8222;KLIMA-G\u00d6TZIN GRETA&#8220; (bei Google mit Anf\u00fchrungszeichen einzugeben). Da steht schon seit einer Woche etwas \u201ezur Sache\u201c. &#8230;<br \/>\nViel sch\u00f6ner jedoch mag es werden, sich als letztendlich Namenloser in ultralinken, ultrarechten, stockkonservativen oder hedonistischen Kreisen mal als Mann, mal als Frau herumzutreiben und die bodenlose Dummheit seiner \u201em\u00fcndigen\u201c Mitb\u00fcrger auszuloten. Da kommt richtig Freude auf, und man wird sich seiner Sache sicher, dass es keinen Zweck hat, auf Einsicht und Verhaltens\u00e4nderungen bei der Mehrheit der sogar Wahlberechtigten zu hoffen. Die kriegen mit all dem Ungemach und den Migranten aus Afrika und dem Orient sowie mit dem Klimawandel genau das, was sie verdienen.<br \/>\nDie H\u00e4lfte ihrer Arbeitszeit schuften sie f\u00fcr den Staat, auf den sie schimpfen. Die H\u00e4lfte der anderen H\u00e4lfte rackern sie sich ab, um modische Produkte zu erwerben, die ihnen von der Werbung eingeredet werden, damit das \u201eWachstum\u201c reicht. Das Leben k\u00f6nnte so sch\u00f6n sein, wenn man es geniessen k\u00f6nnte\u2026<br \/>\nUnd jetzt kommt die Klima-G\u00f6tzin Greta und l\u00e4utet die n\u00e4chste \u2013 dann einzusehende \u2013 Runde von Preiserh\u00f6hungen f\u00fcr Energie ein. Nur gut, dass Lebensmittel so enorm billig sind. Besonders die Fleischst\u00fccke von qualvoll gez\u00fcchteten Tieren. Wann streikt weitr\u00e4umig wer wo und wie f\u00fcr das Tierwohl?<br \/>\n6.4.2019, K.B.H., PPO<br \/>\n.<br \/>\nDamals, bei der Menschenkette gegen den Nato-Nachr\u00fcstungsbeschluss war ich auch dabei. Mit selbst\u00e4ndigem Denken war ich noch nicht so weit, dass ich die Manipulation durch die hirnverdrehten Linken durchschaut h\u00e4tte. Inzwischen habe ich alle linken gutmenschlich Verblendeten, Islamisierte und gegenderte Sprachpolizisten aussortiert. Das f\u00fchlt sich richtig und gut an, und sieh mal an, ich erfreue mich zunehmend anderer Menschen, die noch bei gesundem Menschenverstand sind.<br \/>\n6.4.2019, S.M.<\/p>\n<p>&nbsp;<\/p>\n<p><strong>Die Zeit l\u00e4uft uns davon &#8211; Herausforderung weltweit<\/strong><br \/>\nWenn wir Deutschland und nur zwei seiner Nachbarn vergleichen \u2013 Frankreich, das sich zur Energieversorgung auf Atomkraftwerken verl\u00e4sst, Polen auf Kohle, Deutschland hingegen investiert in erneuerbare Energien \u2013, dann wird deutlich, wie schwer eine freiwillige Absprache zur Senkung der CO<sub>2<\/sub>-Emissionen selbst in der EU zu erzielen ist. Dabei werden die meisten unserer energieintensiven G\u00fcter in China hergestellt, sind global 90 Konzerne f\u00fcr zwei Drittel der Emissionen verantwortlich. Daher mus die Herausforderung weltweit gesehen werden. &#8230;.<br \/>\nalles von Christiane Dahrendorf vom 27.11.2013 bite lesen auf<br \/>\n<a href=\"https:\/\/www.badische-zeitung.de\/die-zeit-laeuft-uns-davon\">https:\/\/www.badische-zeitung.de\/die-zeit-laeuft-uns-davon<\/a><\/p>\n<p>&nbsp;<\/p>\n<p>&nbsp;<\/p>\n<p>&nbsp;<\/p>\n<p><strong>\u00a0Klimagerechtigkeit \u00fcber globalen Emissionshandel herstellen<\/strong><\/p>\n<p><strong>(1) Klimagerechtigkeit gr\u00fcndet in der ungleichen Verteilung der Folgen der globalen Erw\u00e4rmung<\/strong><br \/>\nWer einen Bach umleitet, um sein sch\u00f6nes Haus trocken zu bauen, und damit das Haus des Nachbarn unter Wasser setzt, bekommt \u00c4rger. Wer mit Millionen anderer EU-B\u00fcrger CO2 in die Atmosph\u00e4re pustet, um sich ein sch\u00f6nes Leben zu machen, bekommt vermutlich niemals \u00c4rger: Die Verursacher des Klimawandels wohnen in den Industriel\u00e4ndern, die\u00a0Hauptleidtragenden hingegen in den Entwicklungsl\u00e4ndern weit weg. Wir wissen um die Folgen unserer Treibhausgas-Emissionen, wir wissen, wie man sie vermeiden k\u00f6nnte: &#8222;Wenn wir nicht unsere Verhaltenweisen \u00e4ndern und politische Strategien entwickeln, um sie abzuwenden, dann verletzen wir die grundlegenden Rechte zuk\u00fcnftig lebenden Menschen &#8211; auf schlimme und vorwerfbare Weise ungerecht.&#8220;, so Lukas Meyer vom Institut f\u00fcr Philosophie der Uni Graz.<\/p>\n<p><strong>(2) Klimagerechtigkeit impliziert, den zur globalen Erw\u00e4rmung f\u00fchrende Aussto\u00df von Treibhausgasen zu reduzieren und auf alle L\u00e4nder einheitlich aufzuteilen.<\/strong><br \/>\nMan k\u00f6nnte jedem Erdenb\u00fcrger ein Jahresbudget von 1-2 Tonne CO2 zubilligen. Schwellenl\u00e4nder wie China, Indien, Brasilien lehnen dies mit dem Hinweis auf die &#8222;historischen Emissionen&#8220; der Industriel\u00e4nder ab, denn diese haben ein belastetes CO2-Konto sowie einen Hochtechnisierungs-Vorsprung. Auch wir lehnen dies ab mit unserem CO2-Aussto\u00df von derzeit 10.6 t\/Jahr.<br \/>\nDeshalb ist Klimagerechtigkeit nur \u00fcber einen globalen Emissionshandel erreichbar &#8211; wie der CO2-Handel in der EU, aber nicht auf der Ebene von Unternehmen, sondern von Staaten. Jedes Land hat entsprechend seiner Einwohnerzahl sein nationales CO2-Budget. Und Staaten mit hohen CO2-Emissionen m\u00fcssen den \u00e4rmeren L\u00e4ndern teure Emissionsrechte abkaufen.<\/p>\n<p><strong>(3) Globaler Handel von Emissionsrechten miit dem Pro-Kopf-Ziel von einer Tonne CO2 j\u00e4hrlich<br \/>\n<\/strong>In seinem Buch &#8222;Klimaschutz nach dem Atomausstieg&#8220; hat Felix Ekardt von der Forschungsstelle Klimaschutz und Nachhaltigkeit in Leipzig diesen globalen Handel skizziert:<br \/>\n&#8211; Ziel von 1 t CO2 pro Person und Jahr bis zum Jahr 2050 weltweit<br \/>\n&#8211; Der heutige weltweite Durchschnittswert von 5 t CO2 wird sinken.<br \/>\n&#8211; Kohle-, \u00d6l- und Gasfirmen m\u00fcssen Emissionsrechte ersteigern, fossile Energiepreise steigen stark an.<br \/>\n&#8211; Die Preise sagen \u00fcberall die volle Wahrheit:\u00a0Fleischkonsum, Flugreise, Heizpilz, Parfum, &#8230;<br \/>\n&#8211; Finanztransfer in Entwicklungsl\u00e4nder initiiert dort eine klimafreundliche Wirtschaftsentwicklung.<br \/>\n&#8211; UN-Klima-Sekretariat als Institution mit weitreichenden Kontroll- und Sanktionsbefugnissen.<br \/>\nDem Einwand wirtschaftlicher Folgen durch hohe Kosten entgegnet Ekardt: &#8222;Die Kosten eines Klimawandels oder gar von Klimakriegen\u00a0stellen die der Umverteilung durch ein globales Klimaschutzkozept bei weitem in den Schatten.&#8220;<br \/>\n2.11.2013<\/p>\n<p>&nbsp;<\/p>\n<p>&nbsp;<\/p>\n<p>&nbsp;<\/p>\n","protected":false},"excerpt":{"rendered":"<p>Home &gt;Natur &gt;Klima &gt;Klimagerechtigkeit &nbsp; Endlich: Der IGH der UN als \u201eWeltgericht\u201c rettet das Weltklima\u00a0(28.7.2025) Corona Klima: Grundrechte ade?\u00a0(12.2.2023) 29. April 2021, Beginn der \u00d6ko-Diktatur in Deutschland\u00a0(29.4.2021) Klima \u2013 den Kindern vorlesen\u00a0(23.8.2020) EU-Klimanotstand ausgerufen\u00a0(30.11.2019) Manfred Haferburg: Energie CO2 Dekarbonisierung\u00a0(6.11.2019) Queerfeministische &hellip; <a href=\"https:\/\/www.freiburg-schwarzwald.de\/blog\/natur\/klima\/klimagerechtigkeit\/\">Weiterlesen <span class=\"meta-nav\">&rarr;<\/span><\/a><\/p>\n","protected":false},"author":4,"featured_media":0,"parent":503,"menu_order":0,"comment_status":"open","ping_status":"closed","template":"","meta":{"footnotes":""},"class_list":["post-41607","page","type-page","status-publish","hentry"],"_links":{"self":[{"href":"https:\/\/www.freiburg-schwarzwald.de\/blog\/wp-json\/wp\/v2\/pages\/41607","targetHints":{"allow":["GET"]}}],"collection":[{"href":"https:\/\/www.freiburg-schwarzwald.de\/blog\/wp-json\/wp\/v2\/pages"}],"about":[{"href":"https:\/\/www.freiburg-schwarzwald.de\/blog\/wp-json\/wp\/v2\/types\/page"}],"author":[{"embeddable":true,"href":"https:\/\/www.freiburg-schwarzwald.de\/blog\/wp-json\/wp\/v2\/users\/4"}],"replies":[{"embeddable":true,"href":"https:\/\/www.freiburg-schwarzwald.de\/blog\/wp-json\/wp\/v2\/comments?post=41607"}],"version-history":[{"count":3,"href":"https:\/\/www.freiburg-schwarzwald.de\/blog\/wp-json\/wp\/v2\/pages\/41607\/revisions"}],"predecessor-version":[{"id":137111,"href":"https:\/\/www.freiburg-schwarzwald.de\/blog\/wp-json\/wp\/v2\/pages\/41607\/revisions\/137111"}],"up":[{"embeddable":true,"href":"https:\/\/www.freiburg-schwarzwald.de\/blog\/wp-json\/wp\/v2\/pages\/503"}],"wp:attachment":[{"href":"https:\/\/www.freiburg-schwarzwald.de\/blog\/wp-json\/wp\/v2\/media?parent=41607"}],"curies":[{"name":"wp","href":"https:\/\/api.w.org\/{rel}","templated":true}]}}