{"id":41062,"date":"2013-11-22T14:00:09","date_gmt":"2013-11-22T13:00:09","guid":{"rendered":"https:\/\/www.freiburg-schwarzwald.de\/blog\/?page_id=41062"},"modified":"2025-03-11T08:53:04","modified_gmt":"2025-03-11T07:53:04","slug":"olive","status":"publish","type":"page","link":"https:\/\/www.freiburg-schwarzwald.de\/blog\/natur\/landwirt\/obstbau\/olive\/","title":{"rendered":"Olive"},"content":{"rendered":"<p>Home &gt;<a title=\"Natur\" href=\"https:\/\/www.freiburg-schwarzwald.de\/blog\/natur\/\">Natur<\/a> &gt;<a title=\"Landwirt\" href=\"https:\/\/www.freiburg-schwarzwald.de\/blog\/natur\/landwirt\/\">Landwirt<\/a> &gt;<a title=\"Obstbau\" href=\"https:\/\/www.freiburg-schwarzwald.de\/blog\/natur\/landwirt\/obstbau\/\">Obstbau<\/a> &gt;<a title=\"Garten\" href=\"https:\/\/www.freiburg-schwarzwald.de\/blog\/natur\/garten\/\">Garten<\/a>\u00a0&gt;Olive<\/p>\n<div id=\"attachment_41069\" style=\"width: 607px\" class=\"wp-caption alignnone\"><a href=\"https:\/\/www.freiburg-schwarzwald.de\/blog\/natur\/landwirt\/obstbau\/olive\/trevi-coste7pan-0910\/\" rel=\"attachment wp-att-41069\"><img loading=\"lazy\" decoding=\"async\" aria-describedby=\"caption-attachment-41069\" class=\"size-full wp-image-41069\" title=\"trevi-coste7pan-0910\" src=\"https:\/\/www.freiburg-schwarzwald.de\/blog\/wp-content\/uploads\/2013\/11\/trevi-coste7pan-0910.jpg\" alt=\"\" width=\"597\" height=\"180\" srcset=\"https:\/\/www.freiburg-schwarzwald.de\/blog\/wp-content\/uploads\/2013\/11\/trevi-coste7pan-0910.jpg 597w, https:\/\/www.freiburg-schwarzwald.de\/blog\/wp-content\/uploads\/2013\/11\/trevi-coste7pan-0910-180x54.jpg 180w\" sizes=\"auto, (max-width: 597px) 100vw, 597px\" \/><\/a><p id=\"caption-attachment-41069\" class=\"wp-caption-text\">Umbria Italy &#8211; View from Trevi to south-east over olive-trees to Mte Serano (1426 m) &#8211; 4. Oct 2009<\/p><\/div>\n<p>&nbsp;<\/p>\n<p>&nbsp;<\/p>\n<ul>\n<li>Albert Sch\u00fcler: Mein Weg zu den Oliven (17.5.2024)<\/li>\n<li><a title=\"Eiche in D \u2013 Olivenbaum in GR\" href=\"https:\/\/www.freiburg-schwarzwald.de\/blog\/eiche-in-d-olivenbaum-in-gr\/\">Eiche in D \u2013 Olivenbaum in GR<\/a>\u00a0(10.4.2020)<\/li>\n<li>Explodierender Oliven-Anbau f\u00fchrt zu Problemen (6.6.2013)<\/li>\n<li><\/li>\n<li><a href=\"https:\/\/www.freiburg-schwarzwald.de\/olive.htm\">www.freiburg-schwarzwald.de\/olive.htm<\/a> &gt;Archivseite Olive<\/li>\n<li><a title=\"Italien\" href=\"https:\/\/www.freiburg-schwarzwald.de\/blog\/global\/italien\/\">Italien<\/a><\/li>\n<\/ul>\n<div id=\"attachment_131565\" style=\"width: 650px\" class=\"wp-caption alignnone\"><a href=\"https:\/\/www.freiburg-schwarzwald.de\/blog\/wp-content\/uploads\/2025\/03\/meer-lalonde7oliven-pan250220.jpg\"><img loading=\"lazy\" decoding=\"async\" aria-describedby=\"caption-attachment-131565\" class=\"size-full wp-image-131565\" src=\"https:\/\/www.freiburg-schwarzwald.de\/blog\/wp-content\/uploads\/2025\/03\/meer-lalonde7oliven-pan250220.jpg\" alt=\"\" width=\"640\" height=\"357\" srcset=\"https:\/\/www.freiburg-schwarzwald.de\/blog\/wp-content\/uploads\/2025\/03\/meer-lalonde7oliven-pan250220.jpg 640w, https:\/\/www.freiburg-schwarzwald.de\/blog\/wp-content\/uploads\/2025\/03\/meer-lalonde7oliven-pan250220-180x100.jpg 180w\" sizes=\"auto, (max-width: 640px) 100vw, 640px\" \/><\/a><p id=\"caption-attachment-131565\" class=\"wp-caption-text\">Oliven-Plantage in la Londe zwischen Hyeres und Le Lavandou am 25.2.2025<\/p><\/div>\n<p>&nbsp;<\/p>\n<p><strong>Albert Sch\u00fcler: Mein Weg zu den Oliven<\/strong><br \/>\nIm Rahmen der von Nikolaus von Gayling-Westphal initiierten <a href=\"https:\/\/www.freiburg-schwarzwald.de\/blog\/kultur\/medien\/diskussionskultur\/diskussionskultur2023\/\">Donnerstagsgespr\u00e4che<\/a> kam am 16.5.2024 Prof. Albert Sch\u00fcler in die Kapelle des <a href=\"https:\/\/www.freiburg-schwarzwald.de\/blog\/regio\/freiburg\/ebnet\/schloss-ebnet\/\">Ebneter Schlosses<\/a> , um unter der Moderation des Allroundmusikers <a href=\"https:\/\/www.freiburg-schwarzwald.de\/blog\/eine-trompete-in-der-kajo\/\">J\u00f6rg Kuenzer<\/a> \u00fcber Oliven, Olivenb\u00e4ume und Oliven\u00f6l zu sprechen.<br \/>\nDer Sohn von Albert Sch\u00fcler (93) wollte immer Olivenbauer werden. Als er mit 21 starb, drehte sein Vater den Spie\u00df von &#8222;Die S\u00f6hne realisieren die Tr\u00e4ume ihrer V\u00e4ter&#8220; um und wendete sich in Andalusien, Kreta und Italien dem Olivenanbau zu. Denn &#8222;Ich bin nicht ich, das ist mein Sohn, der mit 21 gegangen ist&#8220;.<br \/>\nBereits 1000 v.Chr kamen die Oliven nach Italien. Die B\u00e4ume k\u00f6nnen bis zu 2000 Jahre alt werden. Albert Sch\u00fcler habe knorrige H\u00e4nde wie die Wurzeln und \u00c4ste von Olivenb\u00e4umen, bemerkte der Moderator voller Ironie. Der Olivenbaum kommt ohne Wasser aus, er holt es sich nachts als Tau \u00fcber die Bl\u00e4tter.<br \/>\n1988 gr\u00fcndete Sch\u00fcler den Verein &#8222;Oliterra&#8220;: Olivenbaum-Patenschaften vermitteln, \u00f6ko-hochwertiges Oliven\u00f6l zu etwas h\u00f6heren Preisen kaufen, bei der Ernte dabei ein (1).<\/p>\n<p>Sch\u00fcler war immer neugierig &#8211; auch hinsichtlich der Kartoffeln:<br \/>\nForchheimer Kartoffeln \u00fcber Prof Sch\u00fcler in Andalusien angebaut (5.8.2014)<br \/>\n<a href=\"https:\/\/www.freiburg-schwarzwald.de\/blog\/natur\/landwirt\/gemuesebau\/kartoffel\">https:\/\/www.freiburg-schwarzwald.de\/blog\/natur\/landwirt\/gemuesebau\/kartoffel<\/a>\/<\/p>\n<p>Heute ist der Oliven-Hype vorbei. Die Ernten gehen zur\u00fcck, die Preise steigen. Ein Virus sucht die B\u00e4ume in Spanien und Italien heim. Hinzu kommt der h\u00e4ufige Wechsel zwischen den Extremen von D\u00fcrre und \u00dcberschwemmung.<\/p>\n<p>Beim Kauf stets auf das Etikett &#8222;Native Oliven\u00f6l Extra Vergine&#8220; achten, vom Olivenbauer, den man kennt:<br \/>\n.<br \/>\n<a href=\"https:\/\/www.freiburg-schwarzwald.de\/blog\/wp-content\/uploads\/2024\/05\/olivenoel-extra-vergine-merum.jpg\"><img loading=\"lazy\" decoding=\"async\" class=\"alignnone size-thumbnail wp-image-123614\" src=\"https:\/\/www.freiburg-schwarzwald.de\/blog\/wp-content\/uploads\/2024\/05\/olivenoel-extra-vergine-merum-180x101.jpg\" alt=\"\" width=\"180\" height=\"101\" srcset=\"https:\/\/www.freiburg-schwarzwald.de\/blog\/wp-content\/uploads\/2024\/05\/olivenoel-extra-vergine-merum-180x101.jpg 180w, https:\/\/www.freiburg-schwarzwald.de\/blog\/wp-content\/uploads\/2024\/05\/olivenoel-extra-vergine-merum-640x360.jpg 640w, https:\/\/www.freiburg-schwarzwald.de\/blog\/wp-content\/uploads\/2024\/05\/olivenoel-extra-vergine-merum-768x431.jpg 768w, https:\/\/www.freiburg-schwarzwald.de\/blog\/wp-content\/uploads\/2024\/05\/olivenoel-extra-vergine-merum.jpg 899w\" sizes=\"auto, (max-width: 180px) 100vw, 180px\" \/><\/a>\u00a0 \u00a0 \u00a0<a href=\"https:\/\/www.olive-co.at\/qualitat\/\">https:\/\/www.olive-co.at\/qualitat\/<\/a><br \/>\n.<br \/>\nDas Lieblingsspruch von Albert Sch\u00fcler: &#8222;Ce n&#8217;est que le provisoire, qui dure&#8220;, also &#8222;Nur das Provisorium dauert&#8220;.<\/p>\n<h5><a href=\"https:\/\/www.freiburg-schwarzwald.de\/blog\/wp-content\/uploads\/2024\/05\/oliven1schueler-kuenzer240516.jpg\"><img loading=\"lazy\" decoding=\"async\" class=\"alignnone size-thumbnail wp-image-123615\" src=\"https:\/\/www.freiburg-schwarzwald.de\/blog\/wp-content\/uploads\/2024\/05\/oliven1schueler-kuenzer240516-180x141.jpg\" alt=\"\" width=\"180\" height=\"141\" srcset=\"https:\/\/www.freiburg-schwarzwald.de\/blog\/wp-content\/uploads\/2024\/05\/oliven1schueler-kuenzer240516-180x141.jpg 180w, https:\/\/www.freiburg-schwarzwald.de\/blog\/wp-content\/uploads\/2024\/05\/oliven1schueler-kuenzer240516-640x503.jpg 640w, https:\/\/www.freiburg-schwarzwald.de\/blog\/wp-content\/uploads\/2024\/05\/oliven1schueler-kuenzer240516-768x603.jpg 768w, https:\/\/www.freiburg-schwarzwald.de\/blog\/wp-content\/uploads\/2024\/05\/oliven1schueler-kuenzer240516.jpg 877w\" sizes=\"auto, (max-width: 180px) 100vw, 180px\" \/><\/a>\u00a0 \u00a0J\u00f6rg Kuenzer (links)<br \/>\n.<br \/>\n<a href=\"https:\/\/www.freiburg-schwarzwald.de\/blog\/wp-content\/uploads\/2024\/05\/oliven2schueler240516.jpg\"><img loading=\"lazy\" decoding=\"async\" class=\"alignnone size-thumbnail wp-image-123616\" src=\"https:\/\/www.freiburg-schwarzwald.de\/blog\/wp-content\/uploads\/2024\/05\/oliven2schueler240516-143x180.jpg\" alt=\"\" width=\"143\" height=\"180\" srcset=\"https:\/\/www.freiburg-schwarzwald.de\/blog\/wp-content\/uploads\/2024\/05\/oliven2schueler240516-143x180.jpg 143w, https:\/\/www.freiburg-schwarzwald.de\/blog\/wp-content\/uploads\/2024\/05\/oliven2schueler240516-507x640.jpg 507w, https:\/\/www.freiburg-schwarzwald.de\/blog\/wp-content\/uploads\/2024\/05\/oliven2schueler240516.jpg 707w\" sizes=\"auto, (max-width: 143px) 100vw, 143px\" \/><\/a>\u00a0 \u00a0Albert Sch\u00fcler<\/h5>\n<h5><a href=\"https:\/\/www.freiburg-schwarzwald.de\/blog\/wp-content\/uploads\/2024\/05\/oliven3ebnetschloss240516.jpg\"><img loading=\"lazy\" decoding=\"async\" class=\"alignnone size-thumbnail wp-image-123617\" src=\"https:\/\/www.freiburg-schwarzwald.de\/blog\/wp-content\/uploads\/2024\/05\/oliven3ebnetschloss240516-180x138.jpg\" alt=\"\" width=\"180\" height=\"138\" srcset=\"https:\/\/www.freiburg-schwarzwald.de\/blog\/wp-content\/uploads\/2024\/05\/oliven3ebnetschloss240516-180x138.jpg 180w, https:\/\/www.freiburg-schwarzwald.de\/blog\/wp-content\/uploads\/2024\/05\/oliven3ebnetschloss240516-640x489.jpg 640w, https:\/\/www.freiburg-schwarzwald.de\/blog\/wp-content\/uploads\/2024\/05\/oliven3ebnetschloss240516-768x587.jpg 768w, https:\/\/www.freiburg-schwarzwald.de\/blog\/wp-content\/uploads\/2024\/05\/oliven3ebnetschloss240516.jpg 900w\" sizes=\"auto, (max-width: 180px) 100vw, 180px\" \/><\/a>\u00a0 in der ehem. Schlosskapellle<\/h5>\n<p>Wie jedes Jahr am letzten Sonntag im Juli, also am 2.7.2024 , sieht man sich wieder beim Hock an der St.Anna-Kapelle<br \/>\n<a href=\"https:\/\/www.freiburg-schwarzwald.de\/blog\/annakapelle-fr-ebnet-jahrestag\/\">https:\/\/www.freiburg-schwarzwald.de\/blog\/annakapelle-fr-ebnet-jahrestag\/<\/a><br \/>\nam Ortsausgang von Ebnet-im-Dreisamtal in Richtung Stegen &#8211; mit Albert Sch\u00fcler und J\u00f6rg K\u00fcnzer.<br \/>\n17.5.2024<br \/>\nEnde von Beitrag &#8222;Albert Sch\u00fcler: Mein Weg zu den Oliven&#8220;<br \/>\n======================================================<br \/>\nBeginn von Anlagen (1) &#8211; (2)<\/p>\n<p><strong>(1) Wie ein Haltinger mehrere \u00f6kologische Landwirtschaftsprojekte aufbaute<\/strong><br \/>\nAlbert Sch\u00fcler aus Haltingen hat mehrere \u00f6kologische Landwirtschaftsprojekte aufgebaut. Nun schlie\u00dft sich f\u00fcr ihn ein Kreis seines Lebens. Ein Blick auf eine bewegte Vita.<br \/>\n&#8230;<br \/>\nAlbert Sch\u00fcler ist in Haltingen aufgewachsen. Nach dem Abitur am L\u00f6rracher Hans-Thoma-Gymnasium f\u00fchrte ihn sein Lebensweg aber fort und durch halb Europa. Seit den 80er Jahren hat er einige Projekte gestartet, mit denen er Bauern in S\u00fcdeuropa hilft, eine \u00f6kologische Produktion aufzubauen.<br \/>\n&#8230;<br \/>\nSein Faible f\u00fcr den \u00f6kologischen Landbau war aber kein universit\u00e4res Ergebnis, sondern der Beobachtung geschuldet, dass viele Bauern f\u00fcr den Markt mit viel Einsatz von Chemie produzierten, daheim aber einen separaten chemielosen Garten f\u00fcr die eigene Versorgung hatten. &#8222;Da stimmt doch was nicht&#8220;, habe er sich gedacht und sich danach intensiv mit \u00f6kologischem Demeter-Landbau besch\u00e4ftigt, dem er zur Verbreitung helfen wollte. Das Ergebnis war 1972 die Gr\u00fcndung der Gesellschaft zur F\u00f6rderung \u00f6kologischer Methoden in Entwicklungsl\u00e4ndern, die fortan Gelder sammelte, um Bauern den Umstieg zu erleichtern.<br \/>\n&#8230;<br \/>\n&#8222;Mich hat stets die Neugier durch\u2019s Leben getrieben, nicht die Intelligenz&#8220;, sagt Sch\u00fcler heute im Alter von sich selbst, w\u00e4hrend er bei Wolfgang Sprich mit Beate Maier am Tisch sitzt, die fr\u00fcher selbst 15 Jahre lang auf Kreta Oliven\u00f6l f\u00fcr Oliterra produzierte und sich inzwischen um den Verein k\u00fcmmert.<br \/>\n&#8230; Alles vom 26.7.2020 von Hannes Lauber bitte lesen auf<br \/>\n<a href=\"https:\/\/www.badische-zeitung.de\/wie-ein-haltinger-mehrere-oekologische-landwirtschaftsprojekte-aufbaute\">https:\/\/www.badische-zeitung.de\/wie-ein-haltinger-mehrere-oekologische-landwirtschaftsprojekte-aufbaute<\/a><\/p>\n<p><strong>(2) Oliterra-Olivenbaum-Patenschaften UG D. B\u00fchler, Prof. Sch\u00fcler<\/strong><br \/>\nDer Verkauf von Bio-Oliven\u00f6len sowie die Vermittlung der Zusammenarbeit zwischen Dritten bei der Produktion und im Vertrieb von Bio-Oliven\u00f6len.<\/p>\n<p>&nbsp;<\/p>\n<p>&nbsp;<\/p>\n<p><strong>Explodierender Oliven-Anbau f\u00fchrt zu Problemen<br \/>\n<\/strong>Man kann ohne weiteres sagen, da\u00df Oliven\u00f6l die Welt erobert. Das zeigt sich schon in der Ausbreitung der \u00d6lbaum-Plantagen. Der Pflanzenphysiologe und Oliven-Spezialist Arnon Dag von der staatlichen Agrarforschungsorganisation Israels in der Negev-W\u00fcste: &#8222;Weltweit gibt es heute 30 Millionen Hektar Oliven-Plantagen. Die Produktionsmenge hat sich in den letzten zwei Jahrzehnten ungef\u00e4hr verdreifacht \u2013 weil die Nachfrage nach Oliven\u00f6l enorm gestiegen ist. Urspr\u00fcnglich wurden \u00d6lb\u00e4ume nur im Mittelmeerraum angebaut. Jetzt geschieht das auch in S\u00fcdafrika, in den USA, in S\u00fcdamerika, in Australien \u2013 und sogar in China und Indien.&#8220;<\/p>\n<p>Diese Expansion bringt aber Nachteile mit sich. Fast alle \u00d6lbaum-Plantagen werden heute k\u00fcnstlich bew\u00e4ssert, um hohe Ertr\u00e4ge zu erzielen. Als Faustregel gilt dabei: Um einen Liter Oliven\u00f6l zu erzeugen, ben\u00f6tigt man die 120fache Menge Wasser. Und das in Anbauregionen, die typischerweise ein mediterranes Klima haben und wo S\u00fc\u00dfwasser deshalb knapp ist. Arnon Dag z\u00e4hlt zu den Forschern, die nach einem Ausweg aus diesem Dilemma suchen. Auf der Biohydrologie-Tagung in Landau in der Pfalz berichtet er jetzt von L\u00f6sungsans\u00e4tzen in Israel:<\/p>\n<p>&#8222;Zum Gl\u00fcck sind Oliven ziemlich unempfindlich gegen\u00fcber Salz. Deshalb k\u00f6nnen wir gekl\u00e4rtes Abwasser f\u00fcr ihre Bew\u00e4sserung verwenden. In Israel ist das schon auf der H\u00e4lfte der Anbaufl\u00e4che der Fall. Wir sind da eines der f\u00fchrenden L\u00e4nder auf der Erde. Au\u00dferdem f\u00f6rdern wir Salzwasser aus Reservoiren im Untergrund, f\u00fcr das es sonst keine Verwendung gibt, und bew\u00e4ssern auch damit die Oliven-Haine. Auf diese Weise beanspruchen wir kein S\u00fc\u00dfwasser.&#8220;<br \/>\nAlles vom\u00a0 6.6.2013 bitte lesen auf<br \/>\n<a href=\"https:\/\/www.deutschlandfunk.de\/erfolg-mit-schattenseiten.676.de.html?dram:article_id=249096\">https:\/\/www.deutschlandfunk.de\/erfolg-mit-schattenseiten.676.de.html?dram:article_id=249096<\/a><\/p>\n<p>&nbsp;<\/p>\n<p>&nbsp;<\/p>\n<h5><a href=\"https:\/\/www.freiburg-schwarzwald.de\/blog\/wp-content\/uploads\/2025\/03\/meer-lalonde7oliven250220-1.jpg\"><img loading=\"lazy\" decoding=\"async\" class=\"alignnone size-thumbnail wp-image-131567\" src=\"https:\/\/www.freiburg-schwarzwald.de\/blog\/wp-content\/uploads\/2025\/03\/meer-lalonde7oliven250220-1-180x136.jpg\" alt=\"\" width=\"180\" height=\"136\" srcset=\"https:\/\/www.freiburg-schwarzwald.de\/blog\/wp-content\/uploads\/2025\/03\/meer-lalonde7oliven250220-1-180x136.jpg 180w, https:\/\/www.freiburg-schwarzwald.de\/blog\/wp-content\/uploads\/2025\/03\/meer-lalonde7oliven250220-1-640x482.jpg 640w, https:\/\/www.freiburg-schwarzwald.de\/blog\/wp-content\/uploads\/2025\/03\/meer-lalonde7oliven250220-1-768x579.jpg 768w, https:\/\/www.freiburg-schwarzwald.de\/blog\/wp-content\/uploads\/2025\/03\/meer-lalonde7oliven250220-1.jpg 930w\" sizes=\"auto, (max-width: 180px) 100vw, 180px\" \/><\/a><br \/>\nOliven-Plantage in la Londe zwischen Hyeres und Le Lavandou am 25.2.2025<\/h5>\n","protected":false},"excerpt":{"rendered":"<p>Home &gt;Natur &gt;Landwirt &gt;Obstbau &gt;Garten\u00a0&gt;Olive &nbsp; &nbsp; Albert Sch\u00fcler: Mein Weg zu den Oliven (17.5.2024) Eiche in D \u2013 Olivenbaum in GR\u00a0(10.4.2020) Explodierender Oliven-Anbau f\u00fchrt zu Problemen (6.6.2013) www.freiburg-schwarzwald.de\/olive.htm &gt;Archivseite Olive Italien &nbsp; Albert Sch\u00fcler: Mein Weg zu den Oliven &hellip; <a href=\"https:\/\/www.freiburg-schwarzwald.de\/blog\/natur\/landwirt\/obstbau\/olive\/\">Weiterlesen <span class=\"meta-nav\">&rarr;<\/span><\/a><\/p>\n","protected":false},"author":4,"featured_media":0,"parent":4680,"menu_order":0,"comment_status":"open","ping_status":"closed","template":"","meta":{"footnotes":""},"class_list":["post-41062","page","type-page","status-publish","hentry"],"_links":{"self":[{"href":"https:\/\/www.freiburg-schwarzwald.de\/blog\/wp-json\/wp\/v2\/pages\/41062","targetHints":{"allow":["GET"]}}],"collection":[{"href":"https:\/\/www.freiburg-schwarzwald.de\/blog\/wp-json\/wp\/v2\/pages"}],"about":[{"href":"https:\/\/www.freiburg-schwarzwald.de\/blog\/wp-json\/wp\/v2\/types\/page"}],"author":[{"embeddable":true,"href":"https:\/\/www.freiburg-schwarzwald.de\/blog\/wp-json\/wp\/v2\/users\/4"}],"replies":[{"embeddable":true,"href":"https:\/\/www.freiburg-schwarzwald.de\/blog\/wp-json\/wp\/v2\/comments?post=41062"}],"version-history":[{"count":5,"href":"https:\/\/www.freiburg-schwarzwald.de\/blog\/wp-json\/wp\/v2\/pages\/41062\/revisions"}],"predecessor-version":[{"id":131568,"href":"https:\/\/www.freiburg-schwarzwald.de\/blog\/wp-json\/wp\/v2\/pages\/41062\/revisions\/131568"}],"up":[{"embeddable":true,"href":"https:\/\/www.freiburg-schwarzwald.de\/blog\/wp-json\/wp\/v2\/pages\/4680"}],"wp:attachment":[{"href":"https:\/\/www.freiburg-schwarzwald.de\/blog\/wp-json\/wp\/v2\/media?parent=41062"}],"curies":[{"name":"wp","href":"https:\/\/api.w.org\/{rel}","templated":true}]}}