{"id":40650,"date":"2013-11-12T08:35:49","date_gmt":"2013-11-12T07:35:49","guid":{"rendered":"https:\/\/www.freiburg-schwarzwald.de\/blog\/?page_id=40650"},"modified":"2025-07-23T15:21:48","modified_gmt":"2025-07-23T13:21:48","slug":"haifa","status":"publish","type":"page","link":"https:\/\/www.freiburg-schwarzwald.de\/blog\/global\/israel\/israel2013\/haifa\/","title":{"rendered":"Haifa"},"content":{"rendered":"<p><a href=\"https:\/\/www.freiburg-schwarzwald.de\/blog\">Home<\/a> &gt;<a title=\"Global\" href=\"https:\/\/www.freiburg-schwarzwald.de\/blog\/global\/\">Globa<\/a>l\u00a0&gt;<a title=\"Israel\" href=\"https:\/\/www.freiburg-schwarzwald.de\/blog\/global\/israel\/\">Israel<\/a> &gt;<a title=\"Israel2013\" href=\"https:\/\/www.freiburg-schwarzwald.de\/blog\/global\/israel\/israel2013\/\">Israel2013<\/a> &gt;Haifa<\/p>\n<div id=\"attachment_40678\" style=\"width: 649px\" class=\"wp-caption alignnone\"><a href=\"https:\/\/www.freiburg-schwarzwald.de\/blog\/global\/israel\/israel2013\/haifa\/haifa8stadt-pan131031\/\" rel=\"attachment wp-att-40678\"><img loading=\"lazy\" decoding=\"async\" aria-describedby=\"caption-attachment-40678\" class=\"size-full wp-image-40678\" title=\"haifa8stadt-pan131031\" src=\"https:\/\/www.freiburg-schwarzwald.de\/blog\/wp-content\/uploads\/2013\/11\/haifa8stadt-pan131031.jpg\" alt=\"\" width=\"639\" height=\"231\" srcset=\"https:\/\/www.freiburg-schwarzwald.de\/blog\/wp-content\/uploads\/2013\/11\/haifa8stadt-pan131031.jpg 639w, https:\/\/www.freiburg-schwarzwald.de\/blog\/wp-content\/uploads\/2013\/11\/haifa8stadt-pan131031-180x65.jpg 180w\" sizes=\"auto, (max-width: 639px) 100vw, 639px\" \/><\/a><p id=\"caption-attachment-40678\" class=\"wp-caption-text\">Blick nach Westen \u00fcber Haifa am 31.10.2013<\/p><\/div>\n<ul>\n<li><em>Listenauswahl eines Beitrags (Artikel\/Datum, Seite\/Inhalt):\u00a0<span style=\"text-decoration: underline;\">Klicken<\/span>\u00a0oder scrollen<\/em><\/li>\n<li><a href=\"https:\/\/www.freiburg-schwarzwald.de\/blog\/drusen-ermordet-berlin-jubelt\/\">Drusen ermordet \u2013 Berlin jubelt<\/a>\u00a0(23.7.2025)<\/li>\n<li>Haifa &#8211; gr\u00f6\u00dfte Hafenstadt von Israel<\/li>\n<li>Drusen-Familie in den Karmel-Bergen<\/li>\n<\/ul>\n<p>&nbsp;<\/p>\n<p>&nbsp;<\/p>\n<p><strong>Haifa &#8211; gr\u00f6\u00dfte Hafenstadt von Israel<\/strong><\/p>\n<h5><a href=\"https:\/\/www.freiburg-schwarzwald.de\/blog\/global\/israel\/israel2013\/haifa\/haifa2templer131031\/\" rel=\"attachment wp-att-40679\"><img loading=\"lazy\" decoding=\"async\" class=\"alignnone size-thumbnail wp-image-40679\" title=\"haifa2templer131031\" src=\"https:\/\/www.freiburg-schwarzwald.de\/blog\/wp-content\/uploads\/2013\/11\/haifa2templer131031-180x135.jpg\" alt=\"\" width=\"180\" height=\"135\" srcset=\"https:\/\/www.freiburg-schwarzwald.de\/blog\/wp-content\/uploads\/2013\/11\/haifa2templer131031-180x135.jpg 180w, https:\/\/www.freiburg-schwarzwald.de\/blog\/wp-content\/uploads\/2013\/11\/haifa2templer131031.jpg 640w\" sizes=\"auto, (max-width: 180px) 100vw, 180px\" \/><\/a>\u00a0\u00a0\u00a0\u00a0\u00a0\u00a0\u00a0\u00a0\u00a0\u00a0 <a href=\"https:\/\/www.freiburg-schwarzwald.de\/blog\/global\/israel\/israel2013\/haifa\/haifa1templer131031\/\" rel=\"attachment wp-att-40680\"><img loading=\"lazy\" decoding=\"async\" class=\"alignnone size-thumbnail wp-image-40680\" title=\"haifa1templer131031\" src=\"https:\/\/www.freiburg-schwarzwald.de\/blog\/wp-content\/uploads\/2013\/11\/haifa1templer131031-180x113.jpg\" alt=\"\" width=\"180\" height=\"113\" srcset=\"https:\/\/www.freiburg-schwarzwald.de\/blog\/wp-content\/uploads\/2013\/11\/haifa1templer131031-180x113.jpg 180w, https:\/\/www.freiburg-schwarzwald.de\/blog\/wp-content\/uploads\/2013\/11\/haifa1templer131031.jpg 631w\" sizes=\"auto, (max-width: 180px) 100vw, 180px\" \/><\/a>\u00a0\u00a0\u00a0\u00a0\u00a0\u00a0\u00a0\u00a0\u00a0\u00a0 <a href=\"https:\/\/www.freiburg-schwarzwald.de\/blog\/global\/israel\/israel2013\/haifa\/haifa3bahai131031\/\" rel=\"attachment wp-att-40681\"><img loading=\"lazy\" decoding=\"async\" class=\"alignnone size-thumbnail wp-image-40681\" title=\"haifa3bahai131031\" src=\"https:\/\/www.freiburg-schwarzwald.de\/blog\/wp-content\/uploads\/2013\/11\/haifa3bahai131031-180x135.jpg\" alt=\"\" width=\"180\" height=\"135\" srcset=\"https:\/\/www.freiburg-schwarzwald.de\/blog\/wp-content\/uploads\/2013\/11\/haifa3bahai131031-180x135.jpg 180w, https:\/\/www.freiburg-schwarzwald.de\/blog\/wp-content\/uploads\/2013\/11\/haifa3bahai131031.jpg 640w\" sizes=\"auto, (max-width: 180px) 100vw, 180px\" \/><\/a><br \/>\n(1) Templer-Vietel in Haifa 31.10.13\u00a0\u00a0\u00a0 \u00a0 (2) Templer aus W\u00fcrttemberg\u00a0\u00a0\u00a0\u00a0\u00a0\u00a0\u00a0\u00a0\u00a0\u00a0\u00a0\u00a0\u00a0\u00a0\u00a0 (3) Bahaii-G\u00e4rten in Haifa<\/h5>\n<h5><a href=\"https:\/\/www.freiburg-schwarzwald.de\/blog\/global\/israel\/israel2013\/haifa\/haifa4meer131031\/\" rel=\"attachment wp-att-40682\"><img loading=\"lazy\" decoding=\"async\" class=\"alignnone size-thumbnail wp-image-40682\" title=\"haifa4meer131031\" src=\"https:\/\/www.freiburg-schwarzwald.de\/blog\/wp-content\/uploads\/2013\/11\/haifa4meer131031-180x135.jpg\" alt=\"\" width=\"180\" height=\"135\" srcset=\"https:\/\/www.freiburg-schwarzwald.de\/blog\/wp-content\/uploads\/2013\/11\/haifa4meer131031-180x135.jpg 180w, https:\/\/www.freiburg-schwarzwald.de\/blog\/wp-content\/uploads\/2013\/11\/haifa4meer131031.jpg 640w\" sizes=\"auto, (max-width: 180px) 100vw, 180px\" \/><\/a>\u00a0\u00a0\u00a0\u00a0\u00a0\u00a0\u00a0\u00a0\u00a0\u00a0\u00a0 <a href=\"https:\/\/www.freiburg-schwarzwald.de\/blog\/global\/israel\/israel2013\/haifa\/haifa5meer131031\/\" rel=\"attachment wp-att-40683\"><img loading=\"lazy\" decoding=\"async\" title=\"haifa5meer131031\" src=\"https:\/\/www.freiburg-schwarzwald.de\/blog\/wp-content\/uploads\/2013\/11\/haifa5meer131031-180x135.jpg\" alt=\"\" width=\"180\" height=\"135\" \/><\/a>\u00a0\u00a0\u00a0\u00a0\u00a0\u00a0\u00a0\u00a0\u00a0 <a href=\"https:\/\/www.freiburg-schwarzwald.de\/blog\/global\/israel\/israel2013\/haifa\/haifa6hafen131031\/\" rel=\"attachment wp-att-40684\"><img loading=\"lazy\" decoding=\"async\" class=\"alignnone size-thumbnail wp-image-40684\" title=\"haifa6hafen131031\" src=\"https:\/\/www.freiburg-schwarzwald.de\/blog\/wp-content\/uploads\/2013\/11\/haifa6hafen131031-180x139.jpg\" alt=\"\" width=\"180\" height=\"139\" srcset=\"https:\/\/www.freiburg-schwarzwald.de\/blog\/wp-content\/uploads\/2013\/11\/haifa6hafen131031-180x139.jpg 180w, https:\/\/www.freiburg-schwarzwald.de\/blog\/wp-content\/uploads\/2013\/11\/haifa6hafen131031.jpg 640w\" sizes=\"auto, (max-width: 180px) 100vw, 180px\" \/><\/a><br \/>\n(4) Blick nach Nordwesten \u00fcber Haifa\u00a0\u00a0\u00a0\u00a0(5) Blick nach Norden\u00a0\u00a0\u00a0\u00a0\u00a0\u00a0\u00a0\u00a0\u00a0\u00a0\u00a0\u00a0\u00a0\u00a0\u00a0\u00a0\u00a0\u00a0\u00a0\u00a0\u00a0\u00a0\u00a0\u00a0\u00a0\u00a0\u00a0\u00a0\u00a0\u00a0 (6) Hafen mit Kriegsschiff<\/h5>\n<h5><a href=\"https:\/\/www.freiburg-schwarzwald.de\/blog\/global\/israel\/israel2013\/haifa\/haifa7hafen131031\/\" rel=\"attachment wp-att-40685\"><img loading=\"lazy\" decoding=\"async\" class=\"alignnone size-thumbnail wp-image-40685\" title=\"haifa7hafen131031\" src=\"https:\/\/www.freiburg-schwarzwald.de\/blog\/wp-content\/uploads\/2013\/11\/haifa7hafen131031-180x135.jpg\" alt=\"\" width=\"180\" height=\"135\" srcset=\"https:\/\/www.freiburg-schwarzwald.de\/blog\/wp-content\/uploads\/2013\/11\/haifa7hafen131031-180x135.jpg 180w, https:\/\/www.freiburg-schwarzwald.de\/blog\/wp-content\/uploads\/2013\/11\/haifa7hafen131031.jpg 640w\" sizes=\"auto, (max-width: 180px) 100vw, 180px\" \/><\/a>\u00a0\u00a0\u00a0\u00a0\u00a0\u00a0\u00a0\u00a0\u00a0\u00a0 <a href=\"https:\/\/www.freiburg-schwarzwald.de\/blog\/global\/israel\/israel2013\/haifa\/haifa9schueler131031\/\" rel=\"attachment wp-att-40687\"><img loading=\"lazy\" decoding=\"async\" class=\"alignnone size-thumbnail wp-image-40687\" title=\"haifa9schueler131031\" src=\"https:\/\/www.freiburg-schwarzwald.de\/blog\/wp-content\/uploads\/2013\/11\/haifa9schueler131031-180x135.jpg\" alt=\"\" width=\"180\" height=\"135\" srcset=\"https:\/\/www.freiburg-schwarzwald.de\/blog\/wp-content\/uploads\/2013\/11\/haifa9schueler131031-180x135.jpg 180w, https:\/\/www.freiburg-schwarzwald.de\/blog\/wp-content\/uploads\/2013\/11\/haifa9schueler131031.jpg 640w\" sizes=\"auto, (max-width: 180px) 100vw, 180px\" \/><\/a>\u00a0\u00a0\u00a0\u00a0\u00a0\u00a0\u00a0\u00a0\u00a0 <a href=\"https:\/\/www.freiburg-schwarzwald.de\/blog\/global\/israel\/israel2013\/haifa\/bu-haifa131030\/\" rel=\"attachment wp-att-41118\"><img loading=\"lazy\" decoding=\"async\" class=\"alignnone size-thumbnail wp-image-41118\" title=\"bu-haifa131030\" src=\"https:\/\/www.freiburg-schwarzwald.de\/blog\/wp-content\/uploads\/2013\/11\/bu-haifa131030-180x135.jpg\" alt=\"\" width=\"180\" height=\"135\" srcset=\"https:\/\/www.freiburg-schwarzwald.de\/blog\/wp-content\/uploads\/2013\/11\/bu-haifa131030-180x135.jpg 180w, https:\/\/www.freiburg-schwarzwald.de\/blog\/wp-content\/uploads\/2013\/11\/bu-haifa131030.jpg 640w\" sizes=\"auto, (max-width: 180px) 100vw, 180px\" \/><\/a><br \/>\n(7) Kreuzfahrtschiff\u00a0\u00a0\u00a0\u00a0\u00a0\u00a0\u00a0\u00a0\u00a0\u00a0\u00a0\u00a0\u00a0\u00a0\u00a0\u00a0\u00a0\u00a0\u00a0\u00a0\u00a0\u00a0\u00a0\u00a0\u00a0\u00a0\u00a0\u00a0\u00a0\u00a0\u00a0\u00a0\u00a0\u00a0\u00a0\u00a0 (8) Sch\u00fcler in Haifa am 31.10.2013\u00a0\u00a0\u00a0\u00a0\u00a0 (9) Bahaii-G\u00e4rten,\u00a0Bild: BU<\/h5>\n<h5><\/h5>\n<p>(2) Im Jahr 1868 wanderten die ersten protestantischen Templer aus W\u00fcrttemberg nach Haifa aus, um die dortige Kolonie zu begr\u00fcnden.<br \/>\n(8) Sch\u00fcler einer arabischen Schule aus Nazareth\u00a0in Haifa zu Besuch am 31.10.2013\u00a0, um von der Aussichtsterrasse auf die Stadt zu schauen. Nach Auskunft des Lehrers macht die Schule 6 Ausfl\u00fcge pro Jahr zu informativen Zielen in Israel.<\/p>\n<p>&nbsp;<\/p>\n<p>&nbsp;<\/p>\n<p><strong>Drusen-Familie in den Karmel-Bergen<\/strong><\/p>\n<h5><a href=\"https:\/\/www.freiburg-schwarzwald.de\/blog\/global\/israel\/israel2013\/haifa\/drusen1essen131031\/\" rel=\"attachment wp-att-40654\"><img loading=\"lazy\" decoding=\"async\" class=\"alignnone size-thumbnail wp-image-40654\" title=\"drusen1essen131031\" src=\"https:\/\/www.freiburg-schwarzwald.de\/blog\/wp-content\/uploads\/2013\/11\/drusen1essen131031-135x180.jpg\" alt=\"\" width=\"135\" height=\"180\" srcset=\"https:\/\/www.freiburg-schwarzwald.de\/blog\/wp-content\/uploads\/2013\/11\/drusen1essen131031-135x180.jpg 135w, https:\/\/www.freiburg-schwarzwald.de\/blog\/wp-content\/uploads\/2013\/11\/drusen1essen131031.jpg 480w\" sizes=\"auto, (max-width: 135px) 100vw, 135px\" \/><\/a>\u00a0\u00a0\u00a0\u00a0\u00a0\u00a0\u00a0\u00a0\u00a0\u00a0\u00a0\u00a0\u00a0\u00a0\u00a0\u00a0\u00a0 \u00a0\u00a0\u00a0\u00a0\u00a0\u00a0 <a href=\"https:\/\/www.freiburg-schwarzwald.de\/blog\/global\/israel\/israel2013\/haifa\/drusen2essen131031\/\" rel=\"attachment wp-att-40655\"><img loading=\"lazy\" decoding=\"async\" class=\"alignnone size-thumbnail wp-image-40655\" title=\"drusen2essen131031\" src=\"https:\/\/www.freiburg-schwarzwald.de\/blog\/wp-content\/uploads\/2013\/11\/drusen2essen131031-180x135.jpg\" alt=\"\" width=\"180\" height=\"135\" srcset=\"https:\/\/www.freiburg-schwarzwald.de\/blog\/wp-content\/uploads\/2013\/11\/drusen2essen131031-180x135.jpg 180w, https:\/\/www.freiburg-schwarzwald.de\/blog\/wp-content\/uploads\/2013\/11\/drusen2essen131031.jpg 640w\" sizes=\"auto, (max-width: 180px) 100vw, 180px\" \/><\/a>\u00a0\u00a0\u00a0\u00a0\u00a0\u00a0\u00a0\u00a0\u00a0 <a href=\"https:\/\/www.freiburg-schwarzwald.de\/blog\/global\/israel\/israel2013\/haifa\/drusen3brot131031\/\" rel=\"attachment wp-att-40656\"><img loading=\"lazy\" decoding=\"async\" class=\"alignnone size-thumbnail wp-image-40656\" title=\"drusen3brot131031\" src=\"https:\/\/www.freiburg-schwarzwald.de\/blog\/wp-content\/uploads\/2013\/11\/drusen3brot131031-135x180.jpg\" alt=\"\" width=\"135\" height=\"180\" srcset=\"https:\/\/www.freiburg-schwarzwald.de\/blog\/wp-content\/uploads\/2013\/11\/drusen3brot131031-135x180.jpg 135w, https:\/\/www.freiburg-schwarzwald.de\/blog\/wp-content\/uploads\/2013\/11\/drusen3brot131031.jpg 480w\" sizes=\"auto, (max-width: 135px) 100vw, 135px\" \/><\/a><br \/>\n(1) &#8230;. das gro\u00dfe Staunen\u00a0\u00a0\u00a0\u00a0\u00a0\u00a0\u00a0\u00a0\u00a0\u00a0\u00a0\u00a0\u00a0\u00a0\u00a0\u00a0\u00a0\u00a0\u00a0\u00a0\u00a0\u00a0\u00a0 (2)\u00a0\u00a0\u00a0\u00a0\u00a0\u00a0\u00a0\u00a0\u00a0\u00a0\u00a0\u00a0\u00a0\u00a0\u00a0\u00a0\u00a0\u00a0\u00a0\u00a0\u00a0\u00a0\u00a0\u00a0\u00a0\u00a0\u00a0\u00a0\u00a0\u00a0\u00a0\u00a0\u00a0\u00a0\u00a0\u00a0\u00a0\u00a0\u00a0\u00a0\u00a0\u00a0\u00a0\u00a0\u00a0\u00a0\u00a0\u00a0\u00a0\u00a0\u00a0\u00a0\u00a0\u00a0\u00a0\u00a0\u00a0\u00a0\u00a0\u00a0\u00a0\u00a0\u00a0\u00a0 (3) Teig hauchd\u00fcnn<\/h5>\n<h5><a href=\"https:\/\/www.freiburg-schwarzwald.de\/blog\/global\/israel\/israel2013\/haifa\/drusen4garten131031\/\" rel=\"attachment wp-att-40657\"><img loading=\"lazy\" decoding=\"async\" class=\"alignnone size-thumbnail wp-image-40657\" title=\"drusen4garten131031\" src=\"https:\/\/www.freiburg-schwarzwald.de\/blog\/wp-content\/uploads\/2013\/11\/drusen4garten131031-180x135.jpg\" alt=\"\" width=\"180\" height=\"135\" srcset=\"https:\/\/www.freiburg-schwarzwald.de\/blog\/wp-content\/uploads\/2013\/11\/drusen4garten131031-180x135.jpg 180w, https:\/\/www.freiburg-schwarzwald.de\/blog\/wp-content\/uploads\/2013\/11\/drusen4garten131031.jpg 640w\" sizes=\"auto, (max-width: 180px) 100vw, 180px\" \/><\/a>\u00a0\u00a0\u00a0\u00a0\u00a0\u00a0\u00a0\u00a0\u00a0 <a href=\"https:\/\/www.freiburg-schwarzwald.de\/blog\/global\/israel\/israel2013\/haifa\/drusen5kuchen131031\/\" rel=\"attachment wp-att-40658\"><img loading=\"lazy\" decoding=\"async\" class=\"alignnone size-thumbnail wp-image-40658\" title=\"drusen5kuchen131031\" src=\"https:\/\/www.freiburg-schwarzwald.de\/blog\/wp-content\/uploads\/2013\/11\/drusen5kuchen131031-180x135.jpg\" alt=\"\" width=\"180\" height=\"135\" srcset=\"https:\/\/www.freiburg-schwarzwald.de\/blog\/wp-content\/uploads\/2013\/11\/drusen5kuchen131031-180x135.jpg 180w, https:\/\/www.freiburg-schwarzwald.de\/blog\/wp-content\/uploads\/2013\/11\/drusen5kuchen131031.jpg 640w\" sizes=\"auto, (max-width: 180px) 100vw, 180px\" \/><\/a>\u00a0\u00a0\u00a0\u00a0\u00a0\u00a0\u00a0\u00a0\u00a0 <a href=\"https:\/\/www.freiburg-schwarzwald.de\/blog\/global\/israel\/israel2013\/haifa\/drusen6datteln131031\/\" rel=\"attachment wp-att-40659\"><img loading=\"lazy\" decoding=\"async\" class=\"alignnone size-thumbnail wp-image-40659\" title=\"drusen6datteln131031\" src=\"https:\/\/www.freiburg-schwarzwald.de\/blog\/wp-content\/uploads\/2013\/11\/drusen6datteln131031-180x135.jpg\" alt=\"\" width=\"180\" height=\"135\" srcset=\"https:\/\/www.freiburg-schwarzwald.de\/blog\/wp-content\/uploads\/2013\/11\/drusen6datteln131031-180x135.jpg 180w, https:\/\/www.freiburg-schwarzwald.de\/blog\/wp-content\/uploads\/2013\/11\/drusen6datteln131031.jpg 640w\" sizes=\"auto, (max-width: 180px) 100vw, 180px\" \/><\/a><br \/>\n(4) Essen im Garten\u00a0\u00a0\u00a0\u00a0\u00a0\u00a0\u00a0\u00a0\u00a0\u00a0\u00a0\u00a0\u00a0\u00a0\u00a0\u00a0\u00a0\u00a0\u00a0\u00a0\u00a0\u00a0\u00a0\u00a0\u00a0\u00a0\u00a0\u00a0\u00a0\u00a0\u00a0\u00a0\u00a0(5) Kuchen zum Nachtisch<\/h5>\n<h5><a href=\"https:\/\/www.freiburg-schwarzwald.de\/blog\/global\/israel\/israel2013\/haifa\/drusen7haustiere131031\/\" rel=\"attachment wp-att-40660\"><img loading=\"lazy\" decoding=\"async\" class=\"alignnone size-thumbnail wp-image-40660\" title=\"drusen7haustiere131031\" src=\"https:\/\/www.freiburg-schwarzwald.de\/blog\/wp-content\/uploads\/2013\/11\/drusen7haustiere131031-180x148.jpg\" alt=\"\" width=\"180\" height=\"148\" srcset=\"https:\/\/www.freiburg-schwarzwald.de\/blog\/wp-content\/uploads\/2013\/11\/drusen7haustiere131031-180x148.jpg 180w, https:\/\/www.freiburg-schwarzwald.de\/blog\/wp-content\/uploads\/2013\/11\/drusen7haustiere131031.jpg 640w\" sizes=\"auto, (max-width: 180px) 100vw, 180px\" \/><\/a>\u00a0\u00a0\u00a0\u00a0\u00a0\u00a0\u00a0\u00a0\u00a0 <a href=\"https:\/\/www.freiburg-schwarzwald.de\/blog\/global\/israel\/israel2013\/haifa\/drusen8dattelpalme131031\/\" rel=\"attachment wp-att-40661\"><img loading=\"lazy\" decoding=\"async\" class=\"alignnone size-thumbnail wp-image-40661\" title=\"drusen8dattelpalme131031\" src=\"https:\/\/www.freiburg-schwarzwald.de\/blog\/wp-content\/uploads\/2013\/11\/drusen8dattelpalme131031-135x180.jpg\" alt=\"\" width=\"135\" height=\"180\" srcset=\"https:\/\/www.freiburg-schwarzwald.de\/blog\/wp-content\/uploads\/2013\/11\/drusen8dattelpalme131031-135x180.jpg 135w, https:\/\/www.freiburg-schwarzwald.de\/blog\/wp-content\/uploads\/2013\/11\/drusen8dattelpalme131031.jpg 480w\" sizes=\"auto, (max-width: 135px) 100vw, 135px\" \/><\/a>\u00a0\u00a0\u00a0\u00a0\u00a0\u00a0\u00a0\u00a0\u00a0\u00a0\u00a0\u00a0\u00a0\u00a0\u00a0\u00a0\u00a0\u00a0\u00a0\u00a0\u00a0\u00a0\u00a0\u00a0 <a href=\"https:\/\/www.freiburg-schwarzwald.de\/blog\/global\/israel\/israel2013\/haifa\/drusen9danke131031\/\" rel=\"attachment wp-att-40662\"><img loading=\"lazy\" decoding=\"async\" class=\"alignnone size-thumbnail wp-image-40662\" title=\"drusen9danke131031\" src=\"https:\/\/www.freiburg-schwarzwald.de\/blog\/wp-content\/uploads\/2013\/11\/drusen9danke131031-180x135.jpg\" alt=\"\" width=\"180\" height=\"135\" srcset=\"https:\/\/www.freiburg-schwarzwald.de\/blog\/wp-content\/uploads\/2013\/11\/drusen9danke131031-180x135.jpg 180w, https:\/\/www.freiburg-schwarzwald.de\/blog\/wp-content\/uploads\/2013\/11\/drusen9danke131031.jpg 640w\" sizes=\"auto, (max-width: 180px) 100vw, 180px\" \/><\/a><br \/>\n(7) Hahn, Pfau, Ziege, Schaf, &#8230;.\u00a0\u00a0\u00a0\u00a0\u00a0\u00a0\u00a0\u00a0\u00a0\u00a0\u00a0\u00a0 (8) Datteln hoch oben\u00a0\u00a0\u00a0\u00a0\u00a0\u00a0\u00a0\u00a0\u00a0\u00a0\u00a0\u00a0\u00a0\u00a0\u00a0\u00a0\u00a0\u00a0\u00a0\u00a0\u00a0\u00a0\u00a0\u00a0\u00a0\u00a0\u00a0\u00a0\u00a0\u00a0\u00a0(9) Jonathan \u00fcbersetzt<\/h5>\n<h5><a href=\"https:\/\/www.freiburg-schwarzwald.de\/blog\/global\/israel\/israel2013\/haifa\/drusen10guave-baum131031\/\" rel=\"attachment wp-att-40663\"><img loading=\"lazy\" decoding=\"async\" class=\"alignnone size-thumbnail wp-image-40663\" title=\"drusen10guave-baum131031\" src=\"https:\/\/www.freiburg-schwarzwald.de\/blog\/wp-content\/uploads\/2013\/11\/drusen10guave-baum131031-135x180.jpg\" alt=\"\" width=\"135\" height=\"180\" srcset=\"https:\/\/www.freiburg-schwarzwald.de\/blog\/wp-content\/uploads\/2013\/11\/drusen10guave-baum131031-135x180.jpg 135w, https:\/\/www.freiburg-schwarzwald.de\/blog\/wp-content\/uploads\/2013\/11\/drusen10guave-baum131031-480x640.jpg 480w, https:\/\/www.freiburg-schwarzwald.de\/blog\/wp-content\/uploads\/2013\/11\/drusen10guave-baum131031.jpg 750w\" sizes=\"auto, (max-width: 135px) 100vw, 135px\" \/><\/a>\u00a0\u00a0\u00a0\u00a0\u00a0\u00a0\u00a0\u00a0\u00a0\u00a0\u00a0\u00a0\u00a0\u00a0\u00a0\u00a0\u00a0\u00a0\u00a0\u00a0\u00a0\u00a0\u00a0\u00a0\u00a0\u00a0 <a href=\"https:\/\/www.freiburg-schwarzwald.de\/blog\/global\/israel\/israel2013\/haifa\/drusen11guave131031\/\" rel=\"attachment wp-att-40664\"><img loading=\"lazy\" decoding=\"async\" class=\"alignnone size-thumbnail wp-image-40664\" title=\"drusen11guave131031\" src=\"https:\/\/www.freiburg-schwarzwald.de\/blog\/wp-content\/uploads\/2013\/11\/drusen11guave131031-180x135.jpg\" alt=\"\" width=\"180\" height=\"135\" srcset=\"https:\/\/www.freiburg-schwarzwald.de\/blog\/wp-content\/uploads\/2013\/11\/drusen11guave131031-180x135.jpg 180w, https:\/\/www.freiburg-schwarzwald.de\/blog\/wp-content\/uploads\/2013\/11\/drusen11guave131031-640x480.jpg 640w, https:\/\/www.freiburg-schwarzwald.de\/blog\/wp-content\/uploads\/2013\/11\/drusen11guave131031.jpg 1000w\" sizes=\"auto, (max-width: 180px) 100vw, 180px\" \/><\/a>\u00a0\u00a0\u00a0\u00a0\u00a0\u00a0\u00a0\u00a0\u00a0 <a href=\"https:\/\/www.freiburg-schwarzwald.de\/blog\/global\/israel\/israel2013\/haifa\/drusen12guave-abschied131031\/\" rel=\"attachment wp-att-40665\"><img loading=\"lazy\" decoding=\"async\" class=\"alignnone size-thumbnail wp-image-40665\" title=\"drusen12guave-abschied131031\" src=\"https:\/\/www.freiburg-schwarzwald.de\/blog\/wp-content\/uploads\/2013\/11\/drusen12guave-abschied131031-135x180.jpg\" alt=\"\" width=\"135\" height=\"180\" srcset=\"https:\/\/www.freiburg-schwarzwald.de\/blog\/wp-content\/uploads\/2013\/11\/drusen12guave-abschied131031-135x180.jpg 135w, https:\/\/www.freiburg-schwarzwald.de\/blog\/wp-content\/uploads\/2013\/11\/drusen12guave-abschied131031.jpg 480w\" sizes=\"auto, (max-width: 135px) 100vw, 135px\" \/><\/a><br \/>\n(10) Guave-Baum\u00a0\u00a0\u00a0\u00a0\u00a0\u00a0\u00a0\u00a0\u00a0\u00a0\u00a0\u00a0\u00a0\u00a0\u00a0\u00a0\u00a0\u00a0\u00a0\u00a0\u00a0\u00a0\u00a0\u00a0\u00a0\u00a0\u00a0\u00a0\u00a0\u00a0\u00a0\u00a0\u00a0\u00a0\u00a0\u00a0\u00a0\u00a0\u00a0 (11) Guaven\u00a0\u00a0\u00a0\u00a0\u00a0\u00a0\u00a0\u00a0\u00a0\u00a0\u00a0\u00a0\u00a0\u00a0\u00a0\u00a0\u00a0\u00a0\u00a0\u00a0\u00a0\u00a0\u00a0\u00a0\u00a0\u00a0\u00a0\u00a0\u00a0\u00a0\u00a0\u00a0\u00a0\u00a0\u00a0\u00a0\u00a0\u00a0\u00a0\u00a0\u00a0\u00a0\u00a0\u00a0\u00a0\u00a0 (12) Guave als Abschiedsgeschenk<\/h5>\n<h5><a href=\"https:\/\/www.freiburg-schwarzwald.de\/blog\/global\/israel\/israel2013\/haifa\/drusen12israel131031\/\" rel=\"attachment wp-att-40666\"><img loading=\"lazy\" decoding=\"async\" class=\"alignnone size-thumbnail wp-image-40666\" title=\"drusen12israel131031\" src=\"https:\/\/www.freiburg-schwarzwald.de\/blog\/wp-content\/uploads\/2013\/11\/drusen12israel131031-135x180.jpg\" alt=\"\" width=\"135\" height=\"180\" srcset=\"https:\/\/www.freiburg-schwarzwald.de\/blog\/wp-content\/uploads\/2013\/11\/drusen12israel131031-135x180.jpg 135w, https:\/\/www.freiburg-schwarzwald.de\/blog\/wp-content\/uploads\/2013\/11\/drusen12israel131031.jpg 480w\" sizes=\"auto, (max-width: 135px) 100vw, 135px\" \/><\/a>\u00a0\u00a0\u00a0\u00a0\u00a0\u00a0\u00a0\u00a0\u00a0\u00a0\u00a0\u00a0\u00a0\u00a0\u00a0\u00a0\u00a0\u00a0\u00a0\u00a0\u00a0\u00a0\u00a0 <a href=\"https:\/\/www.freiburg-schwarzwald.de\/blog\/global\/israel\/israel2013\/haifa\/drusen13haus131031\/\" rel=\"attachment wp-att-40667\"><img loading=\"lazy\" decoding=\"async\" class=\"alignnone size-thumbnail wp-image-40667\" title=\"drusen13haus131031\" src=\"https:\/\/www.freiburg-schwarzwald.de\/blog\/wp-content\/uploads\/2013\/11\/drusen13haus131031-180x135.jpg\" alt=\"\" width=\"180\" height=\"135\" srcset=\"https:\/\/www.freiburg-schwarzwald.de\/blog\/wp-content\/uploads\/2013\/11\/drusen13haus131031-180x135.jpg 180w, https:\/\/www.freiburg-schwarzwald.de\/blog\/wp-content\/uploads\/2013\/11\/drusen13haus131031.jpg 640w\" sizes=\"auto, (max-width: 180px) 100vw, 180px\" \/><\/a>\u00a0\u00a0\u00a0\u00a0\u00a0\u00a0\u00a0\u00a0\u00a0 <a href=\"https:\/\/www.freiburg-schwarzwald.de\/blog\/global\/israel\/israel2013\/haifa\/cj-fladenbrot131030\/\" rel=\"attachment wp-att-41072\"><img loading=\"lazy\" decoding=\"async\" class=\"alignnone size-thumbnail wp-image-41072\" title=\"cj-fladenbrot131030\" src=\"https:\/\/www.freiburg-schwarzwald.de\/blog\/wp-content\/uploads\/2013\/11\/cj-fladenbrot131030-135x180.jpg\" alt=\"\" width=\"135\" height=\"180\" srcset=\"https:\/\/www.freiburg-schwarzwald.de\/blog\/wp-content\/uploads\/2013\/11\/cj-fladenbrot131030-135x180.jpg 135w, https:\/\/www.freiburg-schwarzwald.de\/blog\/wp-content\/uploads\/2013\/11\/cj-fladenbrot131030.jpg 480w\" sizes=\"auto, (max-width: 135px) 100vw, 135px\" \/><\/a><br \/>\n(13) Israelfahne als Vorhang\u00a0\u00a0\u00a0\u00a0\u00a0\u00a0\u00a0\u00a0\u00a0\u00a0\u00a0\u00a0\u00a0\u00a0\u00a0\u00a0 (14) Das Haus in Dalyiat El Karmel\u00a0\u00a0\u00a0\u00a0\u00a0 (15) Fladenbrot &#8211; Bild CJ<\/h5>\n<h5><a href=\"https:\/\/www.freiburg-schwarzwald.de\/blog\/global\/israel\/israel2013\/haifa\/israel14drusen-essen131031\/\" rel=\"attachment wp-att-44608\"><img loading=\"lazy\" decoding=\"async\" class=\"alignnone size-thumbnail wp-image-44608\" src=\"https:\/\/www.freiburg-schwarzwald.de\/blog\/wp-content\/uploads\/2013\/11\/israel14drusen-essen131031-180x120.jpg\" alt=\"israel14drusen-essen131031\" width=\"180\" height=\"120\" srcset=\"https:\/\/www.freiburg-schwarzwald.de\/blog\/wp-content\/uploads\/2013\/11\/israel14drusen-essen131031-180x120.jpg 180w, https:\/\/www.freiburg-schwarzwald.de\/blog\/wp-content\/uploads\/2013\/11\/israel14drusen-essen131031.jpg 639w\" sizes=\"auto, (max-width: 180px) 100vw, 180px\" \/><\/a><br \/>\n(16) Mittagessen &#8211; Bild JR<\/h5>\n<p>Welch eine \u00dcberraschung: Nach der Besichtigung von Haifa gings mit dem Bus 10 km nach S\u00fcdosten hoch in die Karmelberge und pl\u00f6tzlich sa\u00dfen wir in einem urig-sch\u00f6nen Garten unter Palmen und Guave-B\u00e4umen, wo ein \u00fcppiges Mittagessen mit viel Gem\u00fcse, Salat und K\u00f6stlichkeiten gereicht wurde. Im Garten bei einer Drusen-Familie in Dalyiat El Karmel &#8211; ohne Trubel, ohne touristische Massenabfertigung, ganz privat und heimelig. Nebenan kr\u00e4hte der Gockler und der Ziegenbock verhielt sich zwar still, machte sich aber \u00fcber ein anderes Sinnesorgan bemerkbar.<br \/>\n.<br \/>\nDie Drusen geh\u00f6ren zu den im Iran dominierenden Schiiten und leben als ethnisch-religi\u00f6se <a href=\"https:\/\/www.freiburg-schwarzwald.de\/blog\/engagement\/zukunft\/demografie\/minderheit\/\">Minderheit<\/a> verstreut in D\u00f6rfern in Libanon, Israel, Irak, T\u00fcrkei, Jordanien, Syrien usw. \u00a0Um als Minderheiten existieren zu k\u00f6nnen, arrangieren sie sich mit dem jeweiligen Gastland, u.a. beim Milit\u00e4rdienst. So dienten auch zwei S\u00f6hne unserer Gastgeberfamilie je drei Jahre in der israelischen Armee. Dies kann zu furchtbaren Konflikten f\u00fchren &#8211; etwa, wenn sich drusische Soldaten aus Israel und Libanon bek\u00e4mpfen. Die Gesetze der Drusen werden als Geheimreligion nur m\u00fcndlich \u00fcberliefert.<br \/>\nDie drusische Frau kennt keine Verschleierung und hat eine starke Stellung in der Familie. Unsere Gastgeberin hat mit einer Schwester und einer Tante das Essen gekocht, serviert und dann &#8211; von Jonathan \u00fcbersetzt &#8211; bereitwillig und offen alle unsere Fragen beantwortet: Ihr \u00e4ltester Sohn war Top-Model und ein in Zeitschriften abgebildeter Frauenschwarm. H\u00e4tte er au\u00dferhalb des Drusenverbandes geheiratet, w\u00e4re er versto\u00dfen worden. Die Mutter hat es aber geschafft, ein sehr h\u00fcbsche Drusin als Ehepartnerin zu besorgen.<br \/>\nJa, sie leben gut in Israel, besser als die Drusen in den Nachbarl\u00e4ndern. Sie w\u00fcnscht sich ein friedliches Nebeneinander. Ihre nur 60 km entfernt im Libanon lebenden Verwandten kann sie nicht besuchen und nur \u00fcber Skype sehen. Und von einem in Syrien se\u00dfhaften Onkel wei\u00df sie derzeit gar nichts. Nach dem gut zweist\u00fcndigen Mittagsmahl nahmen wir Abschied von einer Frau, die uns so freundlich bewirtet hat wie gute alte Freunde.<br \/>\n10.11.2023<\/p>\n<p>&nbsp;<\/p>\n","protected":false},"excerpt":{"rendered":"<p>Home &gt;Global\u00a0&gt;Israel &gt;Israel2013 &gt;Haifa Listenauswahl eines Beitrags (Artikel\/Datum, Seite\/Inhalt):\u00a0Klicken\u00a0oder scrollen Drusen ermordet \u2013 Berlin jubelt\u00a0(23.7.2025) Haifa &#8211; gr\u00f6\u00dfte Hafenstadt von Israel Drusen-Familie in den Karmel-Bergen &nbsp; &nbsp; Haifa &#8211; gr\u00f6\u00dfte Hafenstadt von Israel \u00a0\u00a0\u00a0\u00a0\u00a0\u00a0\u00a0\u00a0\u00a0\u00a0 \u00a0\u00a0\u00a0\u00a0\u00a0\u00a0\u00a0\u00a0\u00a0\u00a0 (1) Templer-Vietel in Haifa 31.10.13\u00a0\u00a0\u00a0 &hellip; <a href=\"https:\/\/www.freiburg-schwarzwald.de\/blog\/global\/israel\/israel2013\/haifa\/\">Weiterlesen <span class=\"meta-nav\">&rarr;<\/span><\/a><\/p>\n","protected":false},"author":4,"featured_media":0,"parent":39730,"menu_order":0,"comment_status":"open","ping_status":"closed","template":"","meta":{"footnotes":""},"class_list":["post-40650","page","type-page","status-publish","hentry"],"_links":{"self":[{"href":"https:\/\/www.freiburg-schwarzwald.de\/blog\/wp-json\/wp\/v2\/pages\/40650","targetHints":{"allow":["GET"]}}],"collection":[{"href":"https:\/\/www.freiburg-schwarzwald.de\/blog\/wp-json\/wp\/v2\/pages"}],"about":[{"href":"https:\/\/www.freiburg-schwarzwald.de\/blog\/wp-json\/wp\/v2\/types\/page"}],"author":[{"embeddable":true,"href":"https:\/\/www.freiburg-schwarzwald.de\/blog\/wp-json\/wp\/v2\/users\/4"}],"replies":[{"embeddable":true,"href":"https:\/\/www.freiburg-schwarzwald.de\/blog\/wp-json\/wp\/v2\/comments?post=40650"}],"version-history":[{"count":3,"href":"https:\/\/www.freiburg-schwarzwald.de\/blog\/wp-json\/wp\/v2\/pages\/40650\/revisions"}],"predecessor-version":[{"id":136730,"href":"https:\/\/www.freiburg-schwarzwald.de\/blog\/wp-json\/wp\/v2\/pages\/40650\/revisions\/136730"}],"up":[{"embeddable":true,"href":"https:\/\/www.freiburg-schwarzwald.de\/blog\/wp-json\/wp\/v2\/pages\/39730"}],"wp:attachment":[{"href":"https:\/\/www.freiburg-schwarzwald.de\/blog\/wp-json\/wp\/v2\/media?parent=40650"}],"curies":[{"name":"wp","href":"https:\/\/api.w.org\/{rel}","templated":true}]}}