{"id":40260,"date":"2013-11-07T19:26:41","date_gmt":"2013-11-07T18:26:41","guid":{"rendered":"https:\/\/www.freiburg-schwarzwald.de\/blog\/?page_id=40260"},"modified":"2021-05-17T22:10:52","modified_gmt":"2021-05-17T20:10:52","slug":"golan","status":"publish","type":"page","link":"https:\/\/www.freiburg-schwarzwald.de\/blog\/global\/israel\/israel2013\/golan\/","title":{"rendered":"Golan"},"content":{"rendered":"<p><a href=\"https:\/\/www.freiburg-schwarzwald.de\/blog\">Home<\/a> &gt;<a title=\"Global\" href=\"https:\/\/www.freiburg-schwarzwald.de\/blog\/global\/\">Globa<\/a>l\u00a0&gt;<a title=\"Israel\" href=\"https:\/\/www.freiburg-schwarzwald.de\/blog\/global\/israel\/\">Israel<\/a> &gt;<a title=\"Israel2013\" href=\"https:\/\/www.freiburg-schwarzwald.de\/blog\/global\/israel\/israel2013\/\">Israel2013<\/a> &gt;Golan<\/p>\n<div id=\"attachment_40388\" style=\"width: 650px\" class=\"wp-caption alignnone\"><a href=\"https:\/\/www.freiburg-schwarzwald.de\/blog\/global\/israel\/israel2013\/golan\/golan1pan131029\/\" rel=\"attachment wp-att-40388\"><img loading=\"lazy\" decoding=\"async\" aria-describedby=\"caption-attachment-40388\" class=\"size-full wp-image-40388\" title=\"golan1pan131029\" src=\"https:\/\/www.freiburg-schwarzwald.de\/blog\/wp-content\/uploads\/2013\/11\/golan1pan131029.jpg\" alt=\"\" width=\"640\" height=\"142\" srcset=\"https:\/\/www.freiburg-schwarzwald.de\/blog\/wp-content\/uploads\/2013\/11\/golan1pan131029.jpg 640w, https:\/\/www.freiburg-schwarzwald.de\/blog\/wp-content\/uploads\/2013\/11\/golan1pan131029-180x39.jpg 180w\" sizes=\"auto, (max-width: 640px) 100vw, 640px\" \/><\/a><p id=\"caption-attachment-40388\" class=\"wp-caption-text\">Auf den H\u00f6hen des Golan am 29.10.2013<\/p><\/div>\n<ul>\n<li>Vom See Genezareth auf die Golan-H\u00f6hen<\/li>\n<li>Gamla &#8211; Ruinenstadt und G\u00e4nsegeier<\/li>\n<li>Berg Bental &#8211; Blick nach Syrien und zum Hermon-Gebirge<\/li>\n<\/ul>\n<p>&nbsp;<\/p>\n<p>&nbsp;<\/p>\n<p><strong>Vom See Genezareth auf die Golan-H\u00f6hen<\/strong><\/p>\n<p><a href=\"https:\/\/www.freiburg-schwarzwald.de\/blog\/global\/israel\/israel2013\/golan\/golan2strasse98-131029\/\" rel=\"attachment wp-att-40389\"><img loading=\"lazy\" decoding=\"async\" class=\"alignnone size-thumbnail wp-image-40389\" title=\"golan2strasse98-131029\" src=\"https:\/\/www.freiburg-schwarzwald.de\/blog\/wp-content\/uploads\/2013\/11\/golan2strasse98-131029-180x135.jpg\" alt=\"\" width=\"180\" height=\"135\" srcset=\"https:\/\/www.freiburg-schwarzwald.de\/blog\/wp-content\/uploads\/2013\/11\/golan2strasse98-131029-180x135.jpg 180w, https:\/\/www.freiburg-schwarzwald.de\/blog\/wp-content\/uploads\/2013\/11\/golan2strasse98-131029.jpg 640w\" sizes=\"auto, (max-width: 180px) 100vw, 180px\" \/><\/a>\u00a0\u00a0\u00a0\u00a0\u00a0\u00a0\u00a0\u00a0\u00a0 <a href=\"https:\/\/www.freiburg-schwarzwald.de\/blog\/global\/israel\/israel2013\/golan\/golan3echse98-131029\/\" rel=\"attachment wp-att-40390\"><img loading=\"lazy\" decoding=\"async\" class=\"alignnone size-thumbnail wp-image-40390\" title=\"golan3echse98-131029\" src=\"https:\/\/www.freiburg-schwarzwald.de\/blog\/wp-content\/uploads\/2013\/11\/golan3echse98-131029-180x137.jpg\" alt=\"\" width=\"180\" height=\"137\" srcset=\"https:\/\/www.freiburg-schwarzwald.de\/blog\/wp-content\/uploads\/2013\/11\/golan3echse98-131029-180x137.jpg 180w, https:\/\/www.freiburg-schwarzwald.de\/blog\/wp-content\/uploads\/2013\/11\/golan3echse98-131029-640x490.jpg 640w, https:\/\/www.freiburg-schwarzwald.de\/blog\/wp-content\/uploads\/2013\/11\/golan3echse98-131029.jpg 641w\" sizes=\"auto, (max-width: 180px) 100vw, 180px\" \/><\/a>\u00a0\u00a0\u00a0\u00a0\u00a0\u00a0\u00a0\u00a0 <a href=\"https:\/\/www.freiburg-schwarzwald.de\/blog\/global\/israel\/israel2013\/golan\/cj-golan-minen131029\/\" rel=\"attachment wp-att-40263\"><img loading=\"lazy\" decoding=\"async\" title=\"cj-golan-minen131029\" src=\"https:\/\/www.freiburg-schwarzwald.de\/blog\/wp-content\/uploads\/2013\/11\/cj-golan-minen131029-180x135.jpg\" alt=\"\" width=\"180\" height=\"135\" \/><\/a><br \/>\n(1) Karge Hochebene Golan\u00a0\u00a0\u00a0\u00a0\u00a0\u00a0\u00a0\u00a0\u00a0\u00a0\u00a0\u00a0\u00a0\u00a0\u00a0\u00a0\u00a0\u00a0\u00a0 (2) Echse\u00a0 \u00a0 \u00a0 \u00a0 \u00a0 \u00a0 \u00a0 \u00a0 \u00a0 \u00a0 (3) Achtung Minen &#8211; Bild CJ<\/p>\n<p><a href=\"https:\/\/www.freiburg-schwarzwald.de\/blog\/global\/israel\/israel2013\/golan\/golan8rinder131029\/\" rel=\"attachment wp-att-40395\"><img loading=\"lazy\" decoding=\"async\" class=\"alignnone size-thumbnail wp-image-40395\" title=\"golan8rinder131029\" src=\"https:\/\/www.freiburg-schwarzwald.de\/blog\/wp-content\/uploads\/2013\/11\/golan8rinder131029-180x144.jpg\" alt=\"\" width=\"180\" height=\"144\" srcset=\"https:\/\/www.freiburg-schwarzwald.de\/blog\/wp-content\/uploads\/2013\/11\/golan8rinder131029-180x144.jpg 180w, https:\/\/www.freiburg-schwarzwald.de\/blog\/wp-content\/uploads\/2013\/11\/golan8rinder131029-640x512.jpg 640w, https:\/\/www.freiburg-schwarzwald.de\/blog\/wp-content\/uploads\/2013\/11\/golan8rinder131029.jpg 800w\" sizes=\"auto, (max-width: 180px) 100vw, 180px\" \/><\/a><br \/>\n(4) Rinder auf dem Golan<\/p>\n<p>&nbsp;<\/p>\n<p>&nbsp;<\/p>\n<p>&nbsp;<\/p>\n<p><strong>Gamla &#8211; Ruinenstadt und G\u00e4nsegeier<\/strong><\/p>\n<p>&nbsp;<\/p>\n<div id=\"attachment_40793\" style=\"width: 647px\" class=\"wp-caption alignnone\"><a href=\"https:\/\/www.freiburg-schwarzwald.de\/blog\/global\/israel\/israel2013\/golan\/gamla2felsen-pan131029\/\" rel=\"attachment wp-att-40793\"><img loading=\"lazy\" decoding=\"async\" aria-describedby=\"caption-attachment-40793\" class=\"size-full wp-image-40793\" title=\"gamla2felsen-pan131029\" src=\"https:\/\/www.freiburg-schwarzwald.de\/blog\/wp-content\/uploads\/2013\/11\/gamla2felsen-pan131029.jpg\" alt=\"\" width=\"637\" height=\"226\" srcset=\"https:\/\/www.freiburg-schwarzwald.de\/blog\/wp-content\/uploads\/2013\/11\/gamla2felsen-pan131029.jpg 637w, https:\/\/www.freiburg-schwarzwald.de\/blog\/wp-content\/uploads\/2013\/11\/gamla2felsen-pan131029-180x63.jpg 180w\" sizes=\"auto, (max-width: 637px) 100vw, 637px\" \/><\/a><p id=\"caption-attachment-40793\" class=\"wp-caption-text\">Blick nach Westen ins Gamla-Tal am 29.10.2013<\/p><\/div>\n<p>&nbsp;<\/p>\n<p><span style=\"color: #000000;\">Das &#8222;Gamla Nature Reserve&#8220;\u00a0auf den Golanh\u00f6hen Bietet viel: In den Felsen von Gamla nisten einige Dutzend G\u00e4nsegeierpaare &#8211;\u00a0die gr\u00f6\u00dfte Kolonie von Israel. Die Ruinenstadt\u00a0ist Mythos.<\/span><\/p>\n<p><a href=\"https:\/\/www.freiburg-schwarzwald.de\/blog\/global\/israel\/israel2013\/golan\/gamla1-131029\/\" rel=\"attachment wp-att-40391\"><img loading=\"lazy\" decoding=\"async\" class=\"alignnone size-thumbnail wp-image-40391\" title=\"gamla1-131029\" src=\"https:\/\/www.freiburg-schwarzwald.de\/blog\/wp-content\/uploads\/2013\/11\/gamla1-131029-180x135.jpg\" alt=\"\" width=\"180\" height=\"135\" srcset=\"https:\/\/www.freiburg-schwarzwald.de\/blog\/wp-content\/uploads\/2013\/11\/gamla1-131029-180x135.jpg 180w, https:\/\/www.freiburg-schwarzwald.de\/blog\/wp-content\/uploads\/2013\/11\/gamla1-131029.jpg 640w\" sizes=\"auto, (max-width: 180px) 100vw, 180px\" \/><\/a>\u00a0\u00a0\u00a0\u00a0\u00a0\u00a0\u00a0\u00a0\u00a0 <a href=\"https:\/\/www.freiburg-schwarzwald.de\/blog\/global\/israel\/israel2013\/golan\/gamla2felsen131029\/\" rel=\"attachment wp-att-40392\"><img loading=\"lazy\" decoding=\"async\" class=\"alignnone size-thumbnail wp-image-40392\" title=\"gamla2felsen131029\" src=\"https:\/\/www.freiburg-schwarzwald.de\/blog\/wp-content\/uploads\/2013\/11\/gamla2felsen131029-180x135.jpg\" alt=\"\" width=\"180\" height=\"135\" srcset=\"https:\/\/www.freiburg-schwarzwald.de\/blog\/wp-content\/uploads\/2013\/11\/gamla2felsen131029-180x135.jpg 180w, https:\/\/www.freiburg-schwarzwald.de\/blog\/wp-content\/uploads\/2013\/11\/gamla2felsen131029.jpg 640w\" sizes=\"auto, (max-width: 180px) 100vw, 180px\" \/><\/a><br \/>\n(1) Ausgrabungen\u00a0Gamla\u00a0\u00a0\u00a0\u00a0\u00a0\u00a0\u00a0\u00a0\u00a0\u00a0\u00a0\u00a0\u00a0\u00a0\u00a0\u00a0\u00a0\u00a0\u00a0\u00a0\u00a0\u00a0\u00a0 (2) Blick nach Westen ins Gamla-Tal<\/p>\n<p>Gamla war w\u00e4hrend der Zeit des Zweiten Tempels und\u00a0wurde 67 n. Chr. wegen seines Aufstands gegen die R\u00f6mer bekannt. Den Mut der j\u00fcdischen Verteidiger hat Josephus in \u201cDer j\u00fcdische Krieg\u201d\u00a0(66 &#8211; 73 n.u.Z) beschrieben. In den Ruinen der einst bl\u00fchenden Stadt\u00a0ist heute noch die Synagoge zu sehen \u2013 eine der \u00e4ltesten weltweit. Die Ruinenstadt Gamla ist\u00a0ein nationaler Mythos, ein Ort des israelischen Selbstverst\u00e4ndnisses: Hier sollen sich j\u00fcdische Rebellen vor fast 2000 Jahren lieber zu Tausenden in tiefe Schluchten gest\u00fcrzt haben\u00a0als vor den R\u00f6mern zu kapitulieren. Eine Geschichte mit frappierenden Parallelen zu <a title=\"Totes-Meer\" href=\"https:\/\/www.freiburg-schwarzwald.de\/blog\/global\/israel\/israel2013\/totes-meer\/\">Masada<\/a>.<\/p>\n<p>&#8222;Anders als in Masada k\u00f6nnen Besucher an manchen Tagen in Gamla durch die Ruinen spazieren, ohne auf einen Touristen zu sto\u00dfen. Nur 93.500 Menschen verirrten sich im Jahr 2008 hierher. Nach Masada kamen 800.000. In Gamla ist zwar nicht alles so perfekt restauriert wie in seinem Pendant am Toten Meer, aber daf\u00fcr authentischer: Es gibt keine Seilbahn, keine Lichtshow, keine Audio-Guides. Dennoch kann man sich ein gutes Bild von der einstigen Bedeutung der Stadt machen. &#8230;.&#8220;<br \/>\n<a href=\"https:\/\/www.juedische-allgemeine.de\/article\/view\/id\/5514\">https:\/\/www.juedische-allgemeine.de\/article\/view\/id\/5514<\/a><\/p>\n<p>&nbsp;<\/p>\n<p>&nbsp;<\/p>\n<p><strong>Berg Bental &#8211; Blick nach Syrien, Hermon-Gebirge und Drusen-D\u00f6rfer<\/strong><\/p>\n<p><a href=\"https:\/\/www.freiburg-schwarzwald.de\/blog\/global\/israel\/israel2013\/golan\/golan4bental131029\/\" rel=\"attachment wp-att-40398\"><img loading=\"lazy\" decoding=\"async\" class=\"alignnone size-thumbnail wp-image-40398\" title=\"golan4bental131029\" src=\"https:\/\/www.freiburg-schwarzwald.de\/blog\/wp-content\/uploads\/2013\/11\/golan4bental131029-135x180.jpg\" alt=\"\" width=\"135\" height=\"180\" srcset=\"https:\/\/www.freiburg-schwarzwald.de\/blog\/wp-content\/uploads\/2013\/11\/golan4bental131029-135x180.jpg 135w, https:\/\/www.freiburg-schwarzwald.de\/blog\/wp-content\/uploads\/2013\/11\/golan4bental131029.jpg 480w\" sizes=\"auto, (max-width: 135px) 100vw, 135px\" \/><\/a>\u00a0\u00a0\u00a0\u00a0\u00a0\u00a0\u00a0\u00a0\u00a0\u00a0\u00a0\u00a0\u00a0\u00a0\u00a0\u00a0\u00a0\u00a0\u00a0\u00a0 \u00a0\u00a0 <a href=\"https:\/\/www.freiburg-schwarzwald.de\/blog\/global\/israel\/israel2013\/golan\/golan5bental131029\/\" rel=\"attachment wp-att-40399\"><img loading=\"lazy\" decoding=\"async\" class=\"alignnone size-thumbnail wp-image-40399\" title=\"golan5bental131029\" src=\"https:\/\/www.freiburg-schwarzwald.de\/blog\/wp-content\/uploads\/2013\/11\/golan5bental131029-180x135.jpg\" alt=\"\" width=\"180\" height=\"135\" srcset=\"https:\/\/www.freiburg-schwarzwald.de\/blog\/wp-content\/uploads\/2013\/11\/golan5bental131029-180x135.jpg 180w, https:\/\/www.freiburg-schwarzwald.de\/blog\/wp-content\/uploads\/2013\/11\/golan5bental131029.jpg 640w\" sizes=\"auto, (max-width: 180px) 100vw, 180px\" \/><\/a>\u00a0\u00a0\u00a0\u00a0\u00a0\u00a0\u00a0\u00a0\u00a0\u00a0 <a href=\"https:\/\/www.freiburg-schwarzwald.de\/blog\/global\/israel\/israel2013\/golan\/golan6bental131029\/\" rel=\"attachment wp-att-40400\"><img loading=\"lazy\" decoding=\"async\" class=\"alignnone size-thumbnail wp-image-40400\" title=\"golan6bental131029\" src=\"https:\/\/www.freiburg-schwarzwald.de\/blog\/wp-content\/uploads\/2013\/11\/golan6bental131029-180x135.jpg\" alt=\"\" width=\"180\" height=\"135\" srcset=\"https:\/\/www.freiburg-schwarzwald.de\/blog\/wp-content\/uploads\/2013\/11\/golan6bental131029-180x135.jpg 180w, https:\/\/www.freiburg-schwarzwald.de\/blog\/wp-content\/uploads\/2013\/11\/golan6bental131029.jpg 640w\" sizes=\"auto, (max-width: 180px) 100vw, 180px\" \/><\/a><br \/>\n(1) Auf dem Berg Bental 29.10.2013\u00a0\u00a0\u00a0\u00a0 (2) Alt-Quneitra in Syrien\u00a0 \u00a0(3) UN-Pufferzone<\/p>\n<p><a href=\"https:\/\/www.freiburg-schwarzwald.de\/blog\/global\/israel\/israel2013\/golan\/golan7bental131029\/\" rel=\"attachment wp-att-40401\"><img loading=\"lazy\" decoding=\"async\" class=\"alignnone size-thumbnail wp-image-40401\" title=\"golan7bental131029\" src=\"https:\/\/www.freiburg-schwarzwald.de\/blog\/wp-content\/uploads\/2013\/11\/golan7bental131029-180x135.jpg\" alt=\"\" width=\"180\" height=\"135\" srcset=\"https:\/\/www.freiburg-schwarzwald.de\/blog\/wp-content\/uploads\/2013\/11\/golan7bental131029-180x135.jpg 180w, https:\/\/www.freiburg-schwarzwald.de\/blog\/wp-content\/uploads\/2013\/11\/golan7bental131029.jpg 640w\" sizes=\"auto, (max-width: 180px) 100vw, 180px\" \/><\/a>\u00a0\u00a0\u00a0\u00a0\u00a0\u00a0\u00a0 \u00a0\u00a0 <a href=\"https:\/\/www.freiburg-schwarzwald.de\/blog\/global\/israel\/israel2013\/golan\/golan8bental131029-2\/\" rel=\"attachment wp-att-40417\"><img loading=\"lazy\" decoding=\"async\" class=\"alignnone size-thumbnail wp-image-40417\" title=\"golan8bental131029\" src=\"https:\/\/www.freiburg-schwarzwald.de\/blog\/wp-content\/uploads\/2013\/11\/golan8bental1310291-180x135.jpg\" alt=\"\" width=\"180\" height=\"135\" srcset=\"https:\/\/www.freiburg-schwarzwald.de\/blog\/wp-content\/uploads\/2013\/11\/golan8bental1310291-180x135.jpg 180w, https:\/\/www.freiburg-schwarzwald.de\/blog\/wp-content\/uploads\/2013\/11\/golan8bental1310291.jpg 640w\" sizes=\"auto, (max-width: 180px) 100vw, 180px\" \/><\/a>\u00a0\u00a0\u00a0\u00a0\u00a0\u00a0\u00a0\u00a0\u00a0 <a href=\"https:\/\/www.freiburg-schwarzwald.de\/blog\/global\/israel\/israel2013\/golan\/golan9bental131029\/\" rel=\"attachment wp-att-40418\"><img loading=\"lazy\" decoding=\"async\" class=\"alignnone size-thumbnail wp-image-40418\" title=\"golan9bental131029\" src=\"https:\/\/www.freiburg-schwarzwald.de\/blog\/wp-content\/uploads\/2013\/11\/golan9bental131029-180x139.jpg\" alt=\"\" width=\"180\" height=\"139\" srcset=\"https:\/\/www.freiburg-schwarzwald.de\/blog\/wp-content\/uploads\/2013\/11\/golan9bental131029-180x139.jpg 180w, https:\/\/www.freiburg-schwarzwald.de\/blog\/wp-content\/uploads\/2013\/11\/golan9bental131029-640x494.jpg 640w, https:\/\/www.freiburg-schwarzwald.de\/blog\/wp-content\/uploads\/2013\/11\/golan9bental131029.jpg 641w\" sizes=\"auto, (max-width: 180px) 100vw, 180px\" \/><\/a><br \/>\n(4) Neu-Quneitra oben rechts\u00a0 \u00a0(5) Blick westw\u00e4rts\u00a0 \u00a0 \u00a0(6) Blick nordw\u00e4rts zum Hermon<\/p>\n<p><a href=\"https:\/\/www.freiburg-schwarzwald.de\/blog\/global\/israel\/israel2013\/golan\/bu-golan131030\/\" rel=\"attachment wp-att-41121\"><img loading=\"lazy\" decoding=\"async\" class=\"alignnone size-thumbnail wp-image-41121\" title=\"bu-golan131030\" src=\"https:\/\/www.freiburg-schwarzwald.de\/blog\/wp-content\/uploads\/2013\/11\/bu-golan131030-180x135.jpg\" alt=\"\" width=\"180\" height=\"135\" srcset=\"https:\/\/www.freiburg-schwarzwald.de\/blog\/wp-content\/uploads\/2013\/11\/bu-golan131030-180x135.jpg 180w, https:\/\/www.freiburg-schwarzwald.de\/blog\/wp-content\/uploads\/2013\/11\/bu-golan131030.jpg 640w\" sizes=\"auto, (max-width: 180px) 100vw, 180px\" \/><\/a>\u00a0\u00a0\u00a0\u00a0\u00a0\u00a0\u00a0\u00a0\u00a0 <a href=\"https:\/\/www.freiburg-schwarzwald.de\/blog\/global\/israel\/israel2013\/golan\/er2israel131029\/\" rel=\"attachment wp-att-41977\"><img loading=\"lazy\" decoding=\"async\" class=\"alignnone size-thumbnail wp-image-41977\" title=\"er2israel131029\" src=\"https:\/\/www.freiburg-schwarzwald.de\/blog\/wp-content\/uploads\/2013\/11\/er2israel131029-180x139.jpg\" alt=\"\" width=\"180\" height=\"139\" srcset=\"https:\/\/www.freiburg-schwarzwald.de\/blog\/wp-content\/uploads\/2013\/11\/er2israel131029-180x139.jpg 180w, https:\/\/www.freiburg-schwarzwald.de\/blog\/wp-content\/uploads\/2013\/11\/er2israel131029.jpg 639w\" sizes=\"auto, (max-width: 180px) 100vw, 180px\" \/><\/a><br \/>\n(7) Berg Bental &#8211; Bild BU\u00a0\u00a0\u00a0\u00a0\u00a0\u00a0\u00a0\u00a0\u00a0\u00a0\u00a0\u00a0\u00a0\u00a0\u00a0\u00a0\u00a0\u00a0\u00a0\u00a0\u00a0\u00a0\u00a0\u00a0\u00a0 (7) Bild ER<\/p>\n<p>Vom Berg Bental bietet sich ein Blick nach Westen\u00a0runter nach Syrien in die Ebene um Quneitra.<\/p>\n","protected":false},"excerpt":{"rendered":"<p>Home &gt;Global\u00a0&gt;Israel &gt;Israel2013 &gt;Golan Vom See Genezareth auf die Golan-H\u00f6hen Gamla &#8211; Ruinenstadt und G\u00e4nsegeier Berg Bental &#8211; Blick nach Syrien und zum Hermon-Gebirge &nbsp; &nbsp; Vom See Genezareth auf die Golan-H\u00f6hen \u00a0\u00a0\u00a0\u00a0\u00a0\u00a0\u00a0\u00a0\u00a0 \u00a0\u00a0\u00a0\u00a0\u00a0\u00a0\u00a0\u00a0 (1) Karge Hochebene Golan\u00a0\u00a0\u00a0\u00a0\u00a0\u00a0\u00a0\u00a0\u00a0\u00a0\u00a0\u00a0\u00a0\u00a0\u00a0\u00a0\u00a0\u00a0\u00a0 (2) Echse\u00a0 &hellip; <a href=\"https:\/\/www.freiburg-schwarzwald.de\/blog\/global\/israel\/israel2013\/golan\/\">Weiterlesen <span class=\"meta-nav\">&rarr;<\/span><\/a><\/p>\n","protected":false},"author":4,"featured_media":0,"parent":39730,"menu_order":0,"comment_status":"open","ping_status":"closed","template":"","meta":{"footnotes":""},"class_list":["post-40260","page","type-page","status-publish","hentry"],"_links":{"self":[{"href":"https:\/\/www.freiburg-schwarzwald.de\/blog\/wp-json\/wp\/v2\/pages\/40260","targetHints":{"allow":["GET"]}}],"collection":[{"href":"https:\/\/www.freiburg-schwarzwald.de\/blog\/wp-json\/wp\/v2\/pages"}],"about":[{"href":"https:\/\/www.freiburg-schwarzwald.de\/blog\/wp-json\/wp\/v2\/types\/page"}],"author":[{"embeddable":true,"href":"https:\/\/www.freiburg-schwarzwald.de\/blog\/wp-json\/wp\/v2\/users\/4"}],"replies":[{"embeddable":true,"href":"https:\/\/www.freiburg-schwarzwald.de\/blog\/wp-json\/wp\/v2\/comments?post=40260"}],"version-history":[{"count":1,"href":"https:\/\/www.freiburg-schwarzwald.de\/blog\/wp-json\/wp\/v2\/pages\/40260\/revisions"}],"predecessor-version":[{"id":90814,"href":"https:\/\/www.freiburg-schwarzwald.de\/blog\/wp-json\/wp\/v2\/pages\/40260\/revisions\/90814"}],"up":[{"embeddable":true,"href":"https:\/\/www.freiburg-schwarzwald.de\/blog\/wp-json\/wp\/v2\/pages\/39730"}],"wp:attachment":[{"href":"https:\/\/www.freiburg-schwarzwald.de\/blog\/wp-json\/wp\/v2\/media?parent=40260"}],"curies":[{"name":"wp","href":"https:\/\/api.w.org\/{rel}","templated":true}]}}