{"id":40047,"date":"2013-11-06T16:11:57","date_gmt":"2013-11-06T15:11:57","guid":{"rendered":"https:\/\/www.freiburg-schwarzwald.de\/blog\/?page_id=40047"},"modified":"2025-10-09T12:54:04","modified_gmt":"2025-10-09T10:54:04","slug":"totes-meer","status":"publish","type":"page","link":"https:\/\/www.freiburg-schwarzwald.de\/blog\/global\/israel\/israel2013\/totes-meer\/","title":{"rendered":"Totes-Meer"},"content":{"rendered":"<p><a href=\"https:\/\/www.freiburg-schwarzwald.de\/blog\">Home<\/a> &gt;<a title=\"Global\" href=\"https:\/\/www.freiburg-schwarzwald.de\/blog\/global\/\">Globa<\/a>l\u00a0&gt;<a title=\"Israel\" href=\"https:\/\/www.freiburg-schwarzwald.de\/blog\/global\/israel\/\">Israel<\/a> &gt;<a title=\"Israel2013\" href=\"https:\/\/www.freiburg-schwarzwald.de\/blog\/global\/israel\/israel2013\/\">Israel2013<\/a> &gt;Totes-Meer<\/p>\n<div id=\"attachment_40334\" style=\"width: 650px\" class=\"wp-caption alignnone\"><a href=\"https:\/\/www.freiburg-schwarzwald.de\/blog\/global\/israel\/israel2013\/totes-meer\/deadsea-pan31028\/\" rel=\"attachment wp-att-40334\"><img loading=\"lazy\" decoding=\"async\" aria-describedby=\"caption-attachment-40334\" class=\"size-full wp-image-40334\" title=\"deadsea-pan31028\" src=\"https:\/\/www.freiburg-schwarzwald.de\/blog\/wp-content\/uploads\/2013\/11\/deadsea-pan31028.jpg\" alt=\"\" width=\"640\" height=\"186\" srcset=\"https:\/\/www.freiburg-schwarzwald.de\/blog\/wp-content\/uploads\/2013\/11\/deadsea-pan31028.jpg 640w, https:\/\/www.freiburg-schwarzwald.de\/blog\/wp-content\/uploads\/2013\/11\/deadsea-pan31028-180x52.jpg 180w\" sizes=\"auto, (max-width: 640px) 100vw, 640px\" \/><\/a><p id=\"caption-attachment-40334\" class=\"wp-caption-text\">Blick nach Osten bei Massada \u00fcbers Tote Meer zu den Bergen in Jordanien am 28.10.2013<\/p><\/div>\n<ul>\n<li><em>Listenauswahl eines Beitrags (Artikel\/Datum, Seite\/Inhalt): <span style=\"text-decoration: underline;\">Klicken<\/span> oder scrollen<\/em><\/li>\n<li><a href=\"https:\/\/www.freiburg-schwarzwald.de\/blog\/global\/israel\/israel7-10-2023\/\">Der 7. Oktober und der Mythos um die Bergfestung Masada<\/a> (7.10.2025)<\/li>\n<li><a title=\"Erinnerungskultur\" href=\"https:\/\/www.freiburg-schwarzwald.de\/blog\/kultur\/erinnerungskultur\/\">Holocaust-Gedenken: Der lange Schatten 75 Jahre nach Auschwitz<\/a>\u00a0(24.1.2020)<\/li>\n<li><a href=\"https:\/\/www.freiburg-schwarzwald.de\/blog\/kanal-vom-roten-ins-tote-meer\/\">https:\/\/www.freiburg-schwarzwald.de\/blog\/kanal-vom-roten-ins-tote-meer\/<\/a>\u00a0(10.12.2013)<\/li>\n<li>Von Jerusalem hinunter ans Tote Meer<\/li>\n<li>Felsenfestung Masada<\/li>\n<li>Baden im Toten Meer bei Ein Bokek<\/li>\n<li>J\u00fcdisch-orthodoxe Sch\u00fclerinnen an einer Rastst\u00e4tte<\/li>\n<li><\/li>\n<li><a href=\"https:\/\/www.freiburg-schwarzwald.de\/blog\/global\/israel\/israel7-10-2023\/\">Israel7-10-2023<\/a><\/li>\n<\/ul>\n<p>&nbsp;<\/p>\n<p>&nbsp;<\/p>\n<p><strong>Von Jerusalem hinunter ans Tote Meer<\/strong><\/p>\n<h5><a href=\"https:\/\/www.freiburg-schwarzwald.de\/blog\/global\/israel\/israel2013\/totes-meer\/deadsea1jerusalem131028\/\" rel=\"attachment wp-att-40049\"><img loading=\"lazy\" decoding=\"async\" class=\"alignnone size-thumbnail wp-image-40049\" title=\"deadsea1jerusalem131028\" src=\"https:\/\/www.freiburg-schwarzwald.de\/blog\/wp-content\/uploads\/2013\/11\/deadsea1jerusalem131028-180x146.jpg\" alt=\"\" width=\"180\" height=\"146\" srcset=\"https:\/\/www.freiburg-schwarzwald.de\/blog\/wp-content\/uploads\/2013\/11\/deadsea1jerusalem131028-180x146.jpg 180w, https:\/\/www.freiburg-schwarzwald.de\/blog\/wp-content\/uploads\/2013\/11\/deadsea1jerusalem131028-640x519.jpg 640w, https:\/\/www.freiburg-schwarzwald.de\/blog\/wp-content\/uploads\/2013\/11\/deadsea1jerusalem131028.jpg 813w\" sizes=\"auto, (max-width: 180px) 100vw, 180px\" \/><\/a>\u00a0\u00a0\u00a0\u00a0\u00a0\u00a0\u00a0\u00a0\u00a0 <a href=\"https:\/\/www.freiburg-schwarzwald.de\/blog\/global\/israel\/israel2013\/totes-meer\/deadsea2jerusalem131028\/\" rel=\"attachment wp-att-40050\"><img loading=\"lazy\" decoding=\"async\" class=\"alignnone size-thumbnail wp-image-40050\" title=\"deadsea2jerusalem131028\" src=\"https:\/\/www.freiburg-schwarzwald.de\/blog\/wp-content\/uploads\/2013\/11\/deadsea2jerusalem131028-180x140.jpg\" alt=\"\" width=\"180\" height=\"140\" srcset=\"https:\/\/www.freiburg-schwarzwald.de\/blog\/wp-content\/uploads\/2013\/11\/deadsea2jerusalem131028-180x140.jpg 180w, https:\/\/www.freiburg-schwarzwald.de\/blog\/wp-content\/uploads\/2013\/11\/deadsea2jerusalem131028-640x498.jpg 640w, https:\/\/www.freiburg-schwarzwald.de\/blog\/wp-content\/uploads\/2013\/11\/deadsea2jerusalem131028.jpg 837w\" sizes=\"auto, (max-width: 180px) 100vw, 180px\" \/><\/a>\u00a0\u00a0\u00a0\u00a0\u00a0\u00a0\u00a0\u00a0\u00a0 <a href=\"https:\/\/www.freiburg-schwarzwald.de\/blog\/global\/israel\/israel2013\/totes-meer\/deadsea3jericho131028\/\" rel=\"attachment wp-att-40051\"><img loading=\"lazy\" decoding=\"async\" class=\"alignnone size-thumbnail wp-image-40051\" title=\"deadsea3jericho131028\" src=\"https:\/\/www.freiburg-schwarzwald.de\/blog\/wp-content\/uploads\/2013\/11\/deadsea3jericho131028-180x157.jpg\" alt=\"\" width=\"180\" height=\"157\" srcset=\"https:\/\/www.freiburg-schwarzwald.de\/blog\/wp-content\/uploads\/2013\/11\/deadsea3jericho131028-180x157.jpg 180w, https:\/\/www.freiburg-schwarzwald.de\/blog\/wp-content\/uploads\/2013\/11\/deadsea3jericho131028-640x559.jpg 640w, https:\/\/www.freiburg-schwarzwald.de\/blog\/wp-content\/uploads\/2013\/11\/deadsea3jericho131028.jpg 808w\" sizes=\"auto, (max-width: 180px) 100vw, 180px\" \/><\/a><br \/>\n(1) Grenzmauer bei Jerusalem\u00a0 (2) Checkpoint an der A1\u00a0 \u00a0(3) Blick nordw\u00e4rts gen Jericho<\/h5>\n<h5><a href=\"https:\/\/www.freiburg-schwarzwald.de\/blog\/global\/israel\/israel2013\/totes-meer\/deadsea4samar131028\/\" rel=\"attachment wp-att-40052\"><img loading=\"lazy\" decoding=\"async\" class=\"alignnone size-thumbnail wp-image-40052\" title=\"deadsea4samar131028\" src=\"https:\/\/www.freiburg-schwarzwald.de\/blog\/wp-content\/uploads\/2013\/11\/deadsea4samar131028-180x135.jpg\" alt=\"\" width=\"180\" height=\"135\" srcset=\"https:\/\/www.freiburg-schwarzwald.de\/blog\/wp-content\/uploads\/2013\/11\/deadsea4samar131028-180x135.jpg 180w, https:\/\/www.freiburg-schwarzwald.de\/blog\/wp-content\/uploads\/2013\/11\/deadsea4samar131028-640x480.jpg 640w, https:\/\/www.freiburg-schwarzwald.de\/blog\/wp-content\/uploads\/2013\/11\/deadsea4samar131028.jpg 1000w\" sizes=\"auto, (max-width: 180px) 100vw, 180px\" \/><\/a>\u00a0\u00a0\u00a0\u00a0\u00a0\u00a0\u00a0\u00a0\u00a0 <a href=\"https:\/\/www.freiburg-schwarzwald.de\/blog\/global\/israel\/israel2013\/totes-meer\/deadsea5shalem131028\/\" rel=\"attachment wp-att-40053\"><img loading=\"lazy\" decoding=\"async\" class=\"alignnone size-thumbnail wp-image-40053\" title=\"deadsea5shalem131028\" src=\"https:\/\/www.freiburg-schwarzwald.de\/blog\/wp-content\/uploads\/2013\/11\/deadsea5shalem131028-180x151.jpg\" alt=\"\" width=\"180\" height=\"151\" srcset=\"https:\/\/www.freiburg-schwarzwald.de\/blog\/wp-content\/uploads\/2013\/11\/deadsea5shalem131028-180x151.jpg 180w, https:\/\/www.freiburg-schwarzwald.de\/blog\/wp-content\/uploads\/2013\/11\/deadsea5shalem131028-640x537.jpg 640w, https:\/\/www.freiburg-schwarzwald.de\/blog\/wp-content\/uploads\/2013\/11\/deadsea5shalem131028.jpg 866w\" sizes=\"auto, (max-width: 180px) 100vw, 180px\" \/><\/a>\u00a0\u00a0\u00a0\u00a0\u00a0\u00a0\u00a0\u00a0\u00a0 <a href=\"https:\/\/www.freiburg-schwarzwald.de\/blog\/global\/israel\/israel2013\/totes-meer\/deadsea6ahava131028\/\" rel=\"attachment wp-att-40054\"><img loading=\"lazy\" decoding=\"async\" class=\"alignnone size-thumbnail wp-image-40054\" title=\"deadsea6ahava131028\" src=\"https:\/\/www.freiburg-schwarzwald.de\/blog\/wp-content\/uploads\/2013\/11\/deadsea6ahava131028-180x135.jpg\" alt=\"\" width=\"180\" height=\"135\" srcset=\"https:\/\/www.freiburg-schwarzwald.de\/blog\/wp-content\/uploads\/2013\/11\/deadsea6ahava131028-180x135.jpg 180w, https:\/\/www.freiburg-schwarzwald.de\/blog\/wp-content\/uploads\/2013\/11\/deadsea6ahava131028.jpg 640w\" sizes=\"auto, (max-width: 180px) 100vw, 180px\" \/><\/a><br \/>\n(4) Totes Meer Enot Samar\u00a0 \u00a0(5) Strasse A90 Mizpe Shalem\u00a0 \u00a0(6) Blumen bei Mizpe Amon<\/h5>\n<h5><a href=\"https:\/\/www.freiburg-schwarzwald.de\/blog\/global\/israel\/israel2013\/totes-meer\/deadsea7frucht131028\/\" rel=\"attachment wp-att-40056\"><img loading=\"lazy\" decoding=\"async\" class=\"alignnone size-thumbnail wp-image-40056\" title=\"deadsea7frucht131028\" src=\"https:\/\/www.freiburg-schwarzwald.de\/blog\/wp-content\/uploads\/2013\/11\/deadsea7frucht131028-180x135.jpg\" alt=\"\" width=\"180\" height=\"135\" srcset=\"https:\/\/www.freiburg-schwarzwald.de\/blog\/wp-content\/uploads\/2013\/11\/deadsea7frucht131028-180x135.jpg 180w, https:\/\/www.freiburg-schwarzwald.de\/blog\/wp-content\/uploads\/2013\/11\/deadsea7frucht131028.jpg 640w\" sizes=\"auto, (max-width: 180px) 100vw, 180px\" \/><\/a>\u00a0\u00a0\u00a0\u00a0\u00a0\u00a0\u00a0\u00a0\u00a0\u00a0\u00a0<a href=\"https:\/\/www.freiburg-schwarzwald.de\/blog\/global\/israel\/israel2013\/totes-meer\/deadsea8ahava131028\/\" rel=\"attachment wp-att-40057\"><img loading=\"lazy\" decoding=\"async\" title=\"deadsea8ahava131028\" src=\"https:\/\/www.freiburg-schwarzwald.de\/blog\/wp-content\/uploads\/2013\/11\/deadsea8ahava131028-126x180.jpg\" alt=\"\" width=\"126\" height=\"180\" \/><\/a>\u00a0\u00a0\u00a0\u00a0\u00a0\u00a0\u00a0\u00a0\u00a0\u00a0\u00a0\u00a0\u00a0\u00a0\u00a0\u00a0\u00a0\u00a0\u00a0\u00a0\u00a0\u00a0\u00a0\u00a0\u00a0 <a href=\"https:\/\/www.freiburg-schwarzwald.de\/blog\/global\/israel\/israel2013\/totes-meer\/deadsea9sewagewater131028\/\" rel=\"attachment wp-att-40058\"><img loading=\"lazy\" decoding=\"async\" class=\"alignnone size-thumbnail wp-image-40058\" title=\"deadsea9sewagewater131028\" src=\"https:\/\/www.freiburg-schwarzwald.de\/blog\/wp-content\/uploads\/2013\/11\/deadsea9sewagewater131028-180x130.jpg\" alt=\"\" width=\"180\" height=\"130\" srcset=\"https:\/\/www.freiburg-schwarzwald.de\/blog\/wp-content\/uploads\/2013\/11\/deadsea9sewagewater131028-180x130.jpg 180w, https:\/\/www.freiburg-schwarzwald.de\/blog\/wp-content\/uploads\/2013\/11\/deadsea9sewagewater131028.jpg 640w\" sizes=\"auto, (max-width: 180px) 100vw, 180px\" \/><\/a><br \/>\n(7)\u00a0 \u00a0 \u00a0 \u00a0 \u00a0 \u00a0 \u00a0 \u00a0 \u00a0 \u00a0 \u00a0 \u00a0 \u00a0 \u00a0 \u00a0 \u00a0 \u00a0 (8) Im Garten von Ahava\u00a0 \u00a0 \u00a0 \u00a0 \u00a0 \u00a0 \u00a0 \u00a0 (9) Sawage water &#8211; violette Leitung<\/h5>\n<h5><a href=\"https:\/\/www.freiburg-schwarzwald.de\/blog\/global\/israel\/israel2013\/totes-meer\/deadsea10frucht131028\/\" rel=\"attachment wp-att-40062\"><img loading=\"lazy\" decoding=\"async\" class=\"alignnone size-thumbnail wp-image-40062\" title=\"deadsea10frucht131028\" src=\"https:\/\/www.freiburg-schwarzwald.de\/blog\/wp-content\/uploads\/2013\/11\/deadsea10frucht131028-180x135.jpg\" alt=\"\" width=\"180\" height=\"135\" srcset=\"https:\/\/www.freiburg-schwarzwald.de\/blog\/wp-content\/uploads\/2013\/11\/deadsea10frucht131028-180x135.jpg 180w, https:\/\/www.freiburg-schwarzwald.de\/blog\/wp-content\/uploads\/2013\/11\/deadsea10frucht131028.jpg 640w\" sizes=\"auto, (max-width: 180px) 100vw, 180px\" \/><\/a>\u00a0\u00a0\u00a0\u00a0\u00a0\u00a0\u00a0\u00a0\u00a0 <a href=\"https:\/\/www.freiburg-schwarzwald.de\/blog\/global\/israel\/israel2013\/totes-meer\/deadsea12wasser131028\/\" rel=\"attachment wp-att-40063\"><img loading=\"lazy\" decoding=\"async\" class=\"alignnone size-thumbnail wp-image-40063\" title=\"deadsea12wasser131028\" src=\"https:\/\/www.freiburg-schwarzwald.de\/blog\/wp-content\/uploads\/2013\/11\/deadsea12wasser131028-180x139.jpg\" alt=\"\" width=\"180\" height=\"139\" srcset=\"https:\/\/www.freiburg-schwarzwald.de\/blog\/wp-content\/uploads\/2013\/11\/deadsea12wasser131028-180x139.jpg 180w, https:\/\/www.freiburg-schwarzwald.de\/blog\/wp-content\/uploads\/2013\/11\/deadsea12wasser131028.jpg 638w\" sizes=\"auto, (max-width: 180px) 100vw, 180px\" \/><\/a>\u00a0\u00a0\u00a0\u00a0\u00a0\u00a0\u00a0\u00a0\u00a0 <a href=\"https:\/\/www.freiburg-schwarzwald.de\/blog\/global\/israel\/israel2013\/totes-meer\/cj-totesmeer-drinks131101\/\" rel=\"attachment wp-att-41055\"><img loading=\"lazy\" decoding=\"async\" class=\"alignnone size-thumbnail wp-image-41055\" title=\"cj-totesmeer-drinks131101\" src=\"https:\/\/www.freiburg-schwarzwald.de\/blog\/wp-content\/uploads\/2013\/11\/cj-totesmeer-drinks131101-180x135.jpg\" alt=\"\" width=\"180\" height=\"135\" srcset=\"https:\/\/www.freiburg-schwarzwald.de\/blog\/wp-content\/uploads\/2013\/11\/cj-totesmeer-drinks131101-180x135.jpg 180w, https:\/\/www.freiburg-schwarzwald.de\/blog\/wp-content\/uploads\/2013\/11\/cj-totesmeer-drinks131101.jpg 640w\" sizes=\"auto, (max-width: 180px) 100vw, 180px\" \/><\/a><br \/>\n(10)\u00a0Ungenie\u00dfbare Frucht, aber sch\u00f6n\u00a0 (11) Wasser sparen und sammeln\u00a0\u00a0\u00a0\u00a0 (12) Drinks am Toten Meer, Bild CJ<\/h5>\n<h5><a href=\"https:\/\/www.freiburg-schwarzwald.de\/blog\/global\/israel\/israel2013\/totes-meer\/bu-kamel131030\/\" rel=\"attachment wp-att-41124\"><img loading=\"lazy\" decoding=\"async\" class=\"alignnone size-thumbnail wp-image-41124\" title=\"bu-kamel131030\" src=\"https:\/\/www.freiburg-schwarzwald.de\/blog\/wp-content\/uploads\/2013\/11\/bu-kamel131030-180x144.jpg\" alt=\"\" width=\"180\" height=\"144\" srcset=\"https:\/\/www.freiburg-schwarzwald.de\/blog\/wp-content\/uploads\/2013\/11\/bu-kamel131030-180x144.jpg 180w, https:\/\/www.freiburg-schwarzwald.de\/blog\/wp-content\/uploads\/2013\/11\/bu-kamel131030-640x513.jpg 640w, https:\/\/www.freiburg-schwarzwald.de\/blog\/wp-content\/uploads\/2013\/11\/bu-kamel131030.jpg 641w\" sizes=\"auto, (max-width: 180px) 100vw, 180px\" \/><\/a>\u00a0\u00a0\u00a0\u00a0\u00a0\u00a0\u00a0\u00a0\u00a0 <a href=\"https:\/\/www.freiburg-schwarzwald.de\/blog\/global\/israel\/israel2013\/totes-meer\/bu-totesmeer131030\/\" rel=\"attachment wp-att-41125\"><img loading=\"lazy\" decoding=\"async\" class=\"alignnone size-thumbnail wp-image-41125\" title=\"bu-totesmeer131030\" src=\"https:\/\/www.freiburg-schwarzwald.de\/blog\/wp-content\/uploads\/2013\/11\/bu-totesmeer131030-180x135.jpg\" alt=\"\" width=\"180\" height=\"135\" srcset=\"https:\/\/www.freiburg-schwarzwald.de\/blog\/wp-content\/uploads\/2013\/11\/bu-totesmeer131030-180x135.jpg 180w, https:\/\/www.freiburg-schwarzwald.de\/blog\/wp-content\/uploads\/2013\/11\/bu-totesmeer131030.jpg 640w\" sizes=\"auto, (max-width: 180px) 100vw, 180px\" \/><\/a><br \/>\n(13) Kamel bei En Gedi, Bild BU\u00a0 \u00a0 (14) Beim Kibbutz En Gedi, Bild BU<\/h5>\n<p>Kurz hinter Jerusalem verabschiedet sich der angenehm k\u00fchle Brise, es geht bergab von 750 m auf -200 m zum Toten Meer und die gr\u00fcne Gebirgslandschaft wechselt zu einer hei\u00dfen und kargen W\u00fcstenzone.<\/p>\n<p>(6)-(8):\u00a0Die Aufnahmen entstanden im Garten der Ahava-Dead Sea Beauty-Produkte, der bereits im Nationalpark Masada liegt. <a href=\"https:\/\/www.ahava.de\">www.ahava.de<\/a><\/p>\n<p>&nbsp;<\/p>\n<p><strong>\u00a0Felsenfestung Masada<\/strong><\/p>\n<h5><a href=\"https:\/\/www.freiburg-schwarzwald.de\/blog\/global\/israel\/israel2013\/totes-meer\/massada1talstation31028\/\" rel=\"attachment wp-att-40335\"><img loading=\"lazy\" decoding=\"async\" class=\"alignnone size-thumbnail wp-image-40335\" title=\"massada1talstation31028\" src=\"https:\/\/www.freiburg-schwarzwald.de\/blog\/wp-content\/uploads\/2013\/11\/massada1talstation31028-180x135.jpg\" alt=\"\" width=\"180\" height=\"135\" srcset=\"https:\/\/www.freiburg-schwarzwald.de\/blog\/wp-content\/uploads\/2013\/11\/massada1talstation31028-180x135.jpg 180w, https:\/\/www.freiburg-schwarzwald.de\/blog\/wp-content\/uploads\/2013\/11\/massada1talstation31028.jpg 640w\" sizes=\"auto, (max-width: 180px) 100vw, 180px\" \/><\/a>\u00a0\u00a0\u00a0\u00a0\u00a0\u00a0\u00a0\u00a0\u00a0 <a href=\"https:\/\/www.freiburg-schwarzwald.de\/blog\/global\/israel\/israel2013\/totes-meer\/massada2bergstation31028\/\" rel=\"attachment wp-att-40336\"><img loading=\"lazy\" decoding=\"async\" class=\"alignnone size-thumbnail wp-image-40336\" title=\"massada2bergstation31028\" src=\"https:\/\/www.freiburg-schwarzwald.de\/blog\/wp-content\/uploads\/2013\/11\/massada2bergstation31028-180x135.jpg\" alt=\"\" width=\"180\" height=\"135\" srcset=\"https:\/\/www.freiburg-schwarzwald.de\/blog\/wp-content\/uploads\/2013\/11\/massada2bergstation31028-180x135.jpg 180w, https:\/\/www.freiburg-schwarzwald.de\/blog\/wp-content\/uploads\/2013\/11\/massada2bergstation31028.jpg 640w\" sizes=\"auto, (max-width: 180px) 100vw, 180px\" \/><\/a>\u00a0\u00a0\u00a0\u00a0\u00a0\u00a0\u00a0\u00a0\u00a0 <a href=\"https:\/\/www.freiburg-schwarzwald.de\/blog\/global\/israel\/israel2013\/totes-meer\/massada3modell31028\/\" rel=\"attachment wp-att-40337\"><img loading=\"lazy\" decoding=\"async\" class=\"alignnone size-thumbnail wp-image-40337\" title=\"massada3modell31028\" src=\"https:\/\/www.freiburg-schwarzwald.de\/blog\/wp-content\/uploads\/2013\/11\/massada3modell31028-180x145.jpg\" alt=\"\" width=\"180\" height=\"145\" srcset=\"https:\/\/www.freiburg-schwarzwald.de\/blog\/wp-content\/uploads\/2013\/11\/massada3modell31028-180x145.jpg 180w, https:\/\/www.freiburg-schwarzwald.de\/blog\/wp-content\/uploads\/2013\/11\/massada3modell31028-640x518.jpg 640w, https:\/\/www.freiburg-schwarzwald.de\/blog\/wp-content\/uploads\/2013\/11\/massada3modell31028.jpg 920w\" sizes=\"auto, (max-width: 180px) 100vw, 180px\" \/><\/a><br \/>\n(1) Blick nordw\u00e4rts zur Bergstation\u00a0 (2) Blick s\u00fcdw\u00e4rts zur Talstation (3) Modell Masada<\/h5>\n<h5><a href=\"https:\/\/www.freiburg-schwarzwald.de\/blog\/global\/israel\/israel2013\/totes-meer\/massada4hochebene31028\/\" rel=\"attachment wp-att-40338\"><img loading=\"lazy\" decoding=\"async\" class=\"alignnone size-thumbnail wp-image-40338\" title=\"massada4hochebene31028\" src=\"https:\/\/www.freiburg-schwarzwald.de\/blog\/wp-content\/uploads\/2013\/11\/massada4hochebene31028-180x135.jpg\" alt=\"\" width=\"180\" height=\"135\" srcset=\"https:\/\/www.freiburg-schwarzwald.de\/blog\/wp-content\/uploads\/2013\/11\/massada4hochebene31028-180x135.jpg 180w, https:\/\/www.freiburg-schwarzwald.de\/blog\/wp-content\/uploads\/2013\/11\/massada4hochebene31028-640x480.jpg 640w, https:\/\/www.freiburg-schwarzwald.de\/blog\/wp-content\/uploads\/2013\/11\/massada4hochebene31028.jpg 1000w\" sizes=\"auto, (max-width: 180px) 100vw, 180px\" \/><\/a>\u00a0\u00a0\u00a0\u00a0\u00a0\u00a0\u00a0\u00a0\u00a0 <a href=\"https:\/\/www.freiburg-schwarzwald.de\/blog\/global\/israel\/israel2013\/totes-meer\/massada5badezimmer31028\/\" rel=\"attachment wp-att-40339\"><img loading=\"lazy\" decoding=\"async\" class=\"alignnone size-thumbnail wp-image-40339\" title=\"massada5badezimmer31028\" src=\"https:\/\/www.freiburg-schwarzwald.de\/blog\/wp-content\/uploads\/2013\/11\/massada5badezimmer31028-180x135.jpg\" alt=\"\" width=\"180\" height=\"135\" srcset=\"https:\/\/www.freiburg-schwarzwald.de\/blog\/wp-content\/uploads\/2013\/11\/massada5badezimmer31028-180x135.jpg 180w, https:\/\/www.freiburg-schwarzwald.de\/blog\/wp-content\/uploads\/2013\/11\/massada5badezimmer31028.jpg 640w\" sizes=\"auto, (max-width: 180px) 100vw, 180px\" \/><\/a>\u00a0\u00a0\u00a0\u00a0\u00a0\u00a0\u00a0\u00a0\u00a0 <a href=\"https:\/\/www.freiburg-schwarzwald.de\/blog\/global\/israel\/israel2013\/totes-meer\/massada6totesmeer31028\/\" rel=\"attachment wp-att-40340\"><img loading=\"lazy\" decoding=\"async\" class=\"alignnone size-thumbnail wp-image-40340\" title=\"massada6totesmeer31028\" src=\"https:\/\/www.freiburg-schwarzwald.de\/blog\/wp-content\/uploads\/2013\/11\/massada6totesmeer31028-180x135.jpg\" alt=\"\" width=\"180\" height=\"135\" srcset=\"https:\/\/www.freiburg-schwarzwald.de\/blog\/wp-content\/uploads\/2013\/11\/massada6totesmeer31028-180x135.jpg 180w, https:\/\/www.freiburg-schwarzwald.de\/blog\/wp-content\/uploads\/2013\/11\/massada6totesmeer31028-640x480.jpg 640w, https:\/\/www.freiburg-schwarzwald.de\/blog\/wp-content\/uploads\/2013\/11\/massada6totesmeer31028.jpg 1000w\" sizes=\"auto, (max-width: 180px) 100vw, 180px\" \/><\/a><br \/>\n(4) Masada-Hochebene im Westen\u00a0\u00a0\u00a0(5) Badezimmer\u00a0 \u00a0 \u00a0 \u00a0(6) Blick hinab zum Toten Meer<\/h5>\n<h5><a href=\"https:\/\/www.freiburg-schwarzwald.de\/blog\/global\/israel\/israel2013\/totes-meer\/massada7felswand31028\/\" rel=\"attachment wp-att-40341\"><img loading=\"lazy\" decoding=\"async\" class=\"alignnone size-thumbnail wp-image-40341\" title=\"massada7felswand31028\" src=\"https:\/\/www.freiburg-schwarzwald.de\/blog\/wp-content\/uploads\/2013\/11\/massada7felswand31028-180x135.jpg\" alt=\"\" width=\"180\" height=\"135\" srcset=\"https:\/\/www.freiburg-schwarzwald.de\/blog\/wp-content\/uploads\/2013\/11\/massada7felswand31028-180x135.jpg 180w, https:\/\/www.freiburg-schwarzwald.de\/blog\/wp-content\/uploads\/2013\/11\/massada7felswand31028-640x480.jpg 640w, https:\/\/www.freiburg-schwarzwald.de\/blog\/wp-content\/uploads\/2013\/11\/massada7felswand31028.jpg 1000w\" sizes=\"auto, (max-width: 180px) 100vw, 180px\" \/><\/a>\u00a0\u00a0\u00a0\u00a0\u00a0\u00a0\u00a0\u00a0\u00a0 <a href=\"https:\/\/www.freiburg-schwarzwald.de\/blog\/global\/israel\/israel2013\/totes-meer\/masada0jonathan131028\/\" rel=\"attachment wp-att-40746\"><img loading=\"lazy\" decoding=\"async\" class=\"alignnone size-thumbnail wp-image-40746\" title=\"masada0jonathan131028\" src=\"https:\/\/www.freiburg-schwarzwald.de\/blog\/wp-content\/uploads\/2013\/11\/masada0jonathan131028-180x135.jpg\" alt=\"\" width=\"180\" height=\"135\" srcset=\"https:\/\/www.freiburg-schwarzwald.de\/blog\/wp-content\/uploads\/2013\/11\/masada0jonathan131028-180x135.jpg 180w, https:\/\/www.freiburg-schwarzwald.de\/blog\/wp-content\/uploads\/2013\/11\/masada0jonathan131028.jpg 640w\" sizes=\"auto, (max-width: 180px) 100vw, 180px\" \/><\/a><br \/>\n(7) Uneinnehmbar steiler Fels\u00a0 \u00a0 \u00a0 \u00a0 (8) Jonathan mit Fundst\u00fccken<\/h5>\n<p>(3) Die Festung verf\u00fcgte \u00fcber ein ausgekl\u00fcgeltes Wasserversorgungssystem und auf dem Plateau gab es sogar Felder.<\/p>\n<div>\n<p>Masada\u00a0liegt am Toten Meer, zwischen dem Kibbutz En Gedi und der Hotelsiedlung EIn Bolek. Masada ist ein schroffer Fels am Toten Meer, ein Hochplateau, eine Festung, ein Mythos. Masada wurde 100 v.Chr.\u00a0vom j\u00fcdischen K\u00f6nig Herodes zu einer Festung ausgebaut, aus Angst vor dem eigenen Volk und vor Kleopatra, die\u00a0sein Reich erobern k\u00f6nnte. Mit der 900 m langen Seilbahn (Made in Switzerland) kann man bequem von -257 m auf -33 m hochfahren.<\/p>\n<p>Masada ist nationaler Mythos (\u00e4hnlich wie die Ruinenstadt Gamla auf den <a title=\"Golan\" href=\"https:\/\/www.freiburg-schwarzwald.de\/blog\/global\/israel\/israel2013\/golan\/\">Golanh\u00f6hen<\/a>), ein Ort zum unerbittlichen Widerstand der Juden: In der Festungsstadt hoch \u00fcber dem Toten Meer t\u00f6teten sich angeblich 960 M\u00e4nner, Frauen und Kinder gegenseitig, um nicht lebendig in die H\u00e4nde der verhassten R\u00f6mer zu fallen. Ein Massenselbstmord, der nachwirkt: Jede israelische Schulklasse pilgert heute zu den Ruinen, Generationen von Rekruten der Armee leisteten hier ihren Eid ab. Die Botschaft: Israel wird sich nie aufgeben und ein neues Masada bzw. Gamla verhindern.<\/p>\n<p>Da Selbstmord nach dem j\u00fcdischen Gesetz verboten war, ging man folgenderma\u00dfen vor: Zuerst t\u00f6teten die M\u00e4nner die Frauen und Kinder, dann w\u00e4hlten sie zehn M\u00e4nner, die alle anderen M\u00e4nner t\u00f6teten, dann einen, der die letzen neun t\u00f6tete. Und nur dieser letzte beging Selbstmord und macht sich also vor Gott schuldig. Sieben haben sich versteckt und \u00fcberlebt, zwei Frauen und f\u00fcnf Kinder, so berichtet es Flavius Josephus in seinem Buch \u201eDer j\u00fcdische Krieg\u201c. Sie haben die Geschichte der letzten Tage und Stunden von Masada erz\u00e4hlt und \u00fcberliefert.<\/p>\n<\/div>\n<p><a href=\"https:\/\/www.masada.org.il\/index.php?q=Deutsch\">https:\/\/www.masada.org.il\/index.php?q=Deutsch<\/a><\/p>\n<p>&nbsp;<\/p>\n<p>&nbsp;<\/p>\n<p>&nbsp;<\/p>\n<p><strong>\u00a0Baden im Toten Meer bei Ein Bokek<\/strong><\/p>\n<div id=\"attachment_40327\" style=\"width: 649px\" class=\"wp-caption alignnone\"><a href=\"https:\/\/www.freiburg-schwarzwald.de\/blog\/global\/israel\/israel2013\/totes-meer\/totesmeer1pan31028\/\" rel=\"attachment wp-att-40327\"><img loading=\"lazy\" decoding=\"async\" aria-describedby=\"caption-attachment-40327\" class=\"size-full wp-image-40327\" title=\"totesmeer1pan31028\" src=\"https:\/\/www.freiburg-schwarzwald.de\/blog\/wp-content\/uploads\/2013\/11\/totesmeer1pan31028.jpg\" alt=\"\" width=\"639\" height=\"218\" srcset=\"https:\/\/www.freiburg-schwarzwald.de\/blog\/wp-content\/uploads\/2013\/11\/totesmeer1pan31028.jpg 639w, https:\/\/www.freiburg-schwarzwald.de\/blog\/wp-content\/uploads\/2013\/11\/totesmeer1pan31028-180x61.jpg 180w\" sizes=\"auto, (max-width: 639px) 100vw, 639px\" \/><\/a><p id=\"caption-attachment-40327\" class=\"wp-caption-text\">Im Toten Meer bei Ein Bolek baden am 28.10.2013 &#8211; im Hintergrund die Berge in Jordanien<\/p><\/div>\n<h5><a href=\"https:\/\/www.freiburg-schwarzwald.de\/blog\/global\/israel\/israel2013\/totes-meer\/cj-totesmeer-christa131028\/\" rel=\"attachment wp-att-40243\"><img loading=\"lazy\" decoding=\"async\" class=\"alignnone size-thumbnail wp-image-40243\" title=\"cj-totesmeer-christa131028\" src=\"https:\/\/www.freiburg-schwarzwald.de\/blog\/wp-content\/uploads\/2013\/11\/cj-totesmeer-christa131028-180x135.jpg\" alt=\"\" width=\"180\" height=\"135\" srcset=\"https:\/\/www.freiburg-schwarzwald.de\/blog\/wp-content\/uploads\/2013\/11\/cj-totesmeer-christa131028-180x135.jpg 180w, https:\/\/www.freiburg-schwarzwald.de\/blog\/wp-content\/uploads\/2013\/11\/cj-totesmeer-christa131028.jpg 638w\" sizes=\"auto, (max-width: 180px) 100vw, 180px\" \/><\/a>\u00a0\u00a0\u00a0\u00a0\u00a0\u00a0\u00a0\u00a0\u00a0 <a href=\"https:\/\/www.freiburg-schwarzwald.de\/blog\/global\/israel\/israel2013\/totes-meer\/totesmeer2baden31028\/\" rel=\"attachment wp-att-40328\"><img loading=\"lazy\" decoding=\"async\" class=\"alignnone size-thumbnail wp-image-40328\" title=\"totesmeer2baden31028\" src=\"https:\/\/www.freiburg-schwarzwald.de\/blog\/wp-content\/uploads\/2013\/11\/totesmeer2baden31028-180x135.jpg\" alt=\"\" width=\"180\" height=\"135\" srcset=\"https:\/\/www.freiburg-schwarzwald.de\/blog\/wp-content\/uploads\/2013\/11\/totesmeer2baden31028-180x135.jpg 180w, https:\/\/www.freiburg-schwarzwald.de\/blog\/wp-content\/uploads\/2013\/11\/totesmeer2baden31028-640x480.jpg 640w, https:\/\/www.freiburg-schwarzwald.de\/blog\/wp-content\/uploads\/2013\/11\/totesmeer2baden31028.jpg 1000w\" sizes=\"auto, (max-width: 180px) 100vw, 180px\" \/><\/a>\u00a0\u00a0\u00a0\u00a0\u00a0\u00a0\u00a0\u00a0\u00a0 <a href=\"https:\/\/www.freiburg-schwarzwald.de\/blog\/global\/israel\/israel2013\/totes-meer\/totesmeer3hotel31028\/\" rel=\"attachment wp-att-40329\"><img loading=\"lazy\" decoding=\"async\" class=\"alignnone size-thumbnail wp-image-40329\" title=\"totesmeer3hotel31028\" src=\"https:\/\/www.freiburg-schwarzwald.de\/blog\/wp-content\/uploads\/2013\/11\/totesmeer3hotel31028-180x135.jpg\" alt=\"\" width=\"180\" height=\"135\" srcset=\"https:\/\/www.freiburg-schwarzwald.de\/blog\/wp-content\/uploads\/2013\/11\/totesmeer3hotel31028-180x135.jpg 180w, https:\/\/www.freiburg-schwarzwald.de\/blog\/wp-content\/uploads\/2013\/11\/totesmeer3hotel31028.jpg 640w\" sizes=\"auto, (max-width: 180px) 100vw, 180px\" \/><\/a><br \/>\n(1) BZ lesen &#8211; Bild CJ\u00a0\u00a0\u00a0\u00a0\u00a0\u00a0\u00a0\u00a0\u00a0\u00a0\u00a0\u00a0\u00a0\u00a0\u00a0\u00a0\u00a0\u00a0\u00a0\u00a0\u00a0\u00a0\u00a0\u00a0\u00a0\u00a0\u00a0\u00a0\u00a0 \u00a0(2) Baden beim Hotel\u00a0 \u00a0 \u00a0 \u00a0 \u00a0 \u00a0 \u00a0 \u00a0 \u00a0 \u00a0 \u00a0 \u00a0 \u00a0 (3) Johannes als Gep\u00e4ckw\u00e4chter<\/h5>\n<h5><a href=\"https:\/\/www.freiburg-schwarzwald.de\/blog\/global\/israel\/israel2013\/totes-meer\/totesmeer4strand31028\/\" rel=\"attachment wp-att-40330\"><img loading=\"lazy\" decoding=\"async\" class=\"alignnone size-thumbnail wp-image-40330\" title=\"totesmeer4strand31028\" src=\"https:\/\/www.freiburg-schwarzwald.de\/blog\/wp-content\/uploads\/2013\/11\/totesmeer4strand31028-180x135.jpg\" alt=\"\" width=\"180\" height=\"135\" srcset=\"https:\/\/www.freiburg-schwarzwald.de\/blog\/wp-content\/uploads\/2013\/11\/totesmeer4strand31028-180x135.jpg 180w, https:\/\/www.freiburg-schwarzwald.de\/blog\/wp-content\/uploads\/2013\/11\/totesmeer4strand31028-640x480.jpg 640w, https:\/\/www.freiburg-schwarzwald.de\/blog\/wp-content\/uploads\/2013\/11\/totesmeer4strand31028.jpg 1000w\" sizes=\"auto, (max-width: 180px) 100vw, 180px\" \/><\/a>\u00a0\u00a0\u00a0\u00a0\u00a0\u00a0\u00a0\u00a0\u00a0\u00a0 <a href=\"https:\/\/www.freiburg-schwarzwald.de\/blog\/global\/israel\/israel2013\/totes-meer\/cj-totesmeer131028\/\" rel=\"attachment wp-att-40331\"><img loading=\"lazy\" decoding=\"async\" class=\"alignnone size-thumbnail wp-image-40331\" title=\"cj-totesmeer131028\" src=\"https:\/\/www.freiburg-schwarzwald.de\/blog\/wp-content\/uploads\/2013\/11\/cj-totesmeer131028-180x139.jpg\" alt=\"\" width=\"180\" height=\"139\" srcset=\"https:\/\/www.freiburg-schwarzwald.de\/blog\/wp-content\/uploads\/2013\/11\/cj-totesmeer131028-180x139.jpg 180w, https:\/\/www.freiburg-schwarzwald.de\/blog\/wp-content\/uploads\/2013\/11\/cj-totesmeer131028-640x495.jpg 640w, https:\/\/www.freiburg-schwarzwald.de\/blog\/wp-content\/uploads\/2013\/11\/cj-totesmeer131028.jpg 641w\" sizes=\"auto, (max-width: 180px) 100vw, 180px\" \/><\/a><br \/>\n(4) Brauner Sandstrand\u00a0\u00a0\u00a0\u00a0\u00a0\u00a0\u00a0\u00a0\u00a0\u00a0\u00a0\u00a0\u00a0\u00a0\u00a0\u00a0\u00a0\u00a0\u00a0\u00a0\u00a0\u00a0\u00a0\u00a0\u00a0\u00a0\u00a0\u00a0(5) BZ lesen &#8211; Bild CJ<\/h5>\n<p>&nbsp;<\/p>\n<p>Es ist unm\u00f6glich, im Toten Meer normal (vorw\u00e4rts) zu schwimmen, da der hohe Salzgehalt den Hintern hochhebt. R\u00fcckenschwimmen hingegen geht, aber ohne mit den H\u00e4nden zu plantschen, denn Salzwasser in den Augen ist sehr unangenehm.<\/p>\n<p>In Ein Bolek hat sich eine genze Hotelkolonie angesiedelt.<br \/>\nDead Sea Spa Hotel\u00a0Ein Bokek am Toten Meer<br \/>\n<a href=\"https:\/\/www.lothotel.co.il\">www.lothotel.co.il<\/a><\/p>\n<p>&nbsp;<\/p>\n<p><strong>J\u00fcdisch-orthodoxe Sch\u00fclerinnen an einer Rastst\u00e4tte<\/strong><\/p>\n<h5><a href=\"https:\/\/www.freiburg-schwarzwald.de\/blog\/global\/israel\/israel2013\/totes-meer\/deadsea13orthodox131028\/\" rel=\"attachment wp-att-40070\"><img loading=\"lazy\" decoding=\"async\" class=\"alignnone size-thumbnail wp-image-40070\" title=\"deadsea13orthodox131028\" src=\"https:\/\/www.freiburg-schwarzwald.de\/blog\/wp-content\/uploads\/2013\/11\/deadsea13orthodox131028-180x135.jpg\" alt=\"\" width=\"180\" height=\"135\" srcset=\"https:\/\/www.freiburg-schwarzwald.de\/blog\/wp-content\/uploads\/2013\/11\/deadsea13orthodox131028-180x135.jpg 180w, https:\/\/www.freiburg-schwarzwald.de\/blog\/wp-content\/uploads\/2013\/11\/deadsea13orthodox131028.jpg 640w\" sizes=\"auto, (max-width: 180px) 100vw, 180px\" \/><\/a>\u00a0\u00a0\u00a0\u00a0\u00a0\u00a0\u00a0\u00a0\u00a0 <a href=\"https:\/\/www.freiburg-schwarzwald.de\/blog\/global\/israel\/israel2013\/totes-meer\/deadsea14orthodox131028\/\" rel=\"attachment wp-att-40071\"><img loading=\"lazy\" decoding=\"async\" class=\"alignnone size-thumbnail wp-image-40071\" title=\"deadsea14orthodox131028\" src=\"https:\/\/www.freiburg-schwarzwald.de\/blog\/wp-content\/uploads\/2013\/11\/deadsea14orthodox131028-180x143.jpg\" alt=\"\" width=\"180\" height=\"143\" srcset=\"https:\/\/www.freiburg-schwarzwald.de\/blog\/wp-content\/uploads\/2013\/11\/deadsea14orthodox131028-180x143.jpg 180w, https:\/\/www.freiburg-schwarzwald.de\/blog\/wp-content\/uploads\/2013\/11\/deadsea14orthodox131028.jpg 640w\" sizes=\"auto, (max-width: 180px) 100vw, 180px\" \/><\/a>\u00a0\u00a0\u00a0\u00a0\u00a0\u00a0\u00a0\u00a0\u00a0 <a href=\"https:\/\/www.freiburg-schwarzwald.de\/blog\/global\/israel\/israel2013\/totes-meer\/deadsea15orthodox131028\/\" rel=\"attachment wp-att-40072\"><img loading=\"lazy\" decoding=\"async\" class=\"alignnone size-thumbnail wp-image-40072\" title=\"deadsea15orthodox131028\" src=\"https:\/\/www.freiburg-schwarzwald.de\/blog\/wp-content\/uploads\/2013\/11\/deadsea15orthodox131028-180x141.jpg\" alt=\"\" width=\"180\" height=\"141\" srcset=\"https:\/\/www.freiburg-schwarzwald.de\/blog\/wp-content\/uploads\/2013\/11\/deadsea15orthodox131028-180x141.jpg 180w, https:\/\/www.freiburg-schwarzwald.de\/blog\/wp-content\/uploads\/2013\/11\/deadsea15orthodox131028.jpg 637w\" sizes=\"auto, (max-width: 180px) 100vw, 180px\" \/><\/a><br \/>\n(1) Kamel und betende Sch\u00fclerin\u00a0\u00a0\u00a0\u00a0\u00a0\u00a0\u00a0\u00a0\u00a0 (2) Beten unter Palmen\u00a0\u00a0\u00a0\u00a0\u00a0\u00a0\u00a0\u00a0\u00a0\u00a0\u00a0\u00a0\u00a0\u00a0\u00a0\u00a0\u00a0\u00a0\u00a0\u00a0\u00a0\u00a0\u00a0\u00a0\u00a0\u00a0\u00a0(3) Beten mit Bewachung 30.10.2013<\/h5>\n<h5><a href=\"https:\/\/www.freiburg-schwarzwald.de\/blog\/global\/israel\/israel2013\/totes-meer\/deadsea16orthodox131028\/\" rel=\"attachment wp-att-40073\"><img loading=\"lazy\" decoding=\"async\" class=\"alignnone size-thumbnail wp-image-40073\" title=\"deadsea16orthodox131028\" src=\"https:\/\/www.freiburg-schwarzwald.de\/blog\/wp-content\/uploads\/2013\/11\/deadsea16orthodox131028-140x180.jpg\" alt=\"\" width=\"140\" height=\"180\" srcset=\"https:\/\/www.freiburg-schwarzwald.de\/blog\/wp-content\/uploads\/2013\/11\/deadsea16orthodox131028-140x180.jpg 140w, https:\/\/www.freiburg-schwarzwald.de\/blog\/wp-content\/uploads\/2013\/11\/deadsea16orthodox131028.jpg 496w\" sizes=\"auto, (max-width: 140px) 100vw, 140px\" \/><\/a>\u00a0 \u00a0 \u00a0 \u00a0 \u00a0 \u00a0 \u00a0 \u00a0 \u00a0 \u00a0 \u00a0 \u00a0<a href=\"https:\/\/www.freiburg-schwarzwald.de\/blog\/global\/israel\/israel2013\/totes-meer\/israel8orthodoxe-frauen131031\/\" rel=\"attachment wp-att-44611\"><img loading=\"lazy\" decoding=\"async\" class=\"alignnone size-thumbnail wp-image-44611\" src=\"https:\/\/www.freiburg-schwarzwald.de\/blog\/wp-content\/uploads\/2013\/11\/israel8orthodoxe-frauen131031-180x135.jpg\" alt=\"israel8orthodoxe-frauen131031\" width=\"180\" height=\"135\" srcset=\"https:\/\/www.freiburg-schwarzwald.de\/blog\/wp-content\/uploads\/2013\/11\/israel8orthodoxe-frauen131031-180x135.jpg 180w, https:\/\/www.freiburg-schwarzwald.de\/blog\/wp-content\/uploads\/2013\/11\/israel8orthodoxe-frauen131031.jpg 640w\" sizes=\"auto, (max-width: 180px) 100vw, 180px\" \/><\/a><br \/>\n(4) Bewachung mit Langgewehr \u00a0 \u00a0 \u00a0 \u00a0 \u00a0 (5) M\u00e4dchen-Bus &#8211; Bild JR<\/h5>\n<p>Pause an einer Tankstelle mit Rastst\u00e4tte am Abzweig der A1 von der A90: Umschauen, F\u00fc\u00dfe vertreten und Toiletten besuchen.\u00a0Wie \u00fcberall in Israel\u00a0auch hier vorbildlich saubere und kostenfreie\u00a0WCs mit freundlichem Personal. Dann halten zwei Busse, M\u00e4dchen in Uniform steigen aus, die einen begeben sich zu den Palmen zum Beten, andere zu den Toiletten, wo sie &#8211; obwohl es ganz arg dringend ist &#8211; von zwei M\u00e4nnern der Rastst\u00e4tte schroff abgewiesen werden.\u00a0Auf Nachfrage von mir erkl\u00e4ren sie, dass sie Sch\u00fclerinnen einer staatlichen j\u00fcdisch-orthodoxen Schule in Jerusalem sind. Doch pl\u00f6tzlich schweigen sie &#8211; eine Lehrerin kommt hinzu mit &#8222;no questions please&#8220;. Als ich sie fragen m\u00f6chte, wendet sie sich ab. Mehr zu <a title=\"Israel\" href=\"https:\/\/www.freiburg-schwarzwald.de\/blog\/global\/israel\/\">ultraorthodoxen Juden<br \/>\n<\/a><br \/>\nProf Wolffsohn: &#8222;Jede Orthodoxie versteht die Geschichte als Heilsgeschichte, als Gotteswerk und nicht als Menschenwerk und hat daher auch den bewaffneten Kampf f\u00fcr einen j\u00fcdischen Staat als Gottesl\u00e4sterung verstanden, weil eben Gott daf\u00fcr zu sorgen h\u00e4tte und nicht der Mensch dem lieben Gott Nachhilfe muss. Die Tatsache, dass also jetzt zunehmend religi\u00f6se oder gar orthodoxe Juden ein Gewehr in die Hand nehmen ist theologisch und historisch ebenfalls eine fundamentale Wende, die so in der Religion noch gar nicht richtig diskutiert wird, aber sie ist da.&#8220;<br \/>\n<a href=\"https:\/\/www.dradio.de\/dkultur\/sendungen\/ausderjuedischenwelt\/1741652\/\">https:\/\/www.dradio.de\/dkultur\/sendungen\/ausderjuedischenwelt\/1741652\/<\/a><\/p>\n","protected":false},"excerpt":{"rendered":"<p>Home &gt;Global\u00a0&gt;Israel &gt;Israel2013 &gt;Totes-Meer Listenauswahl eines Beitrags (Artikel\/Datum, Seite\/Inhalt): Klicken oder scrollen Der 7. Oktober und der Mythos um die Bergfestung Masada (7.10.2025) Holocaust-Gedenken: Der lange Schatten 75 Jahre nach Auschwitz\u00a0(24.1.2020) https:\/\/www.freiburg-schwarzwald.de\/blog\/kanal-vom-roten-ins-tote-meer\/\u00a0(10.12.2013) Von Jerusalem hinunter ans Tote Meer Felsenfestung Masada &hellip; <a href=\"https:\/\/www.freiburg-schwarzwald.de\/blog\/global\/israel\/israel2013\/totes-meer\/\">Weiterlesen <span class=\"meta-nav\">&rarr;<\/span><\/a><\/p>\n","protected":false},"author":4,"featured_media":0,"parent":39730,"menu_order":0,"comment_status":"open","ping_status":"closed","template":"","meta":{"footnotes":""},"class_list":["post-40047","page","type-page","status-publish","hentry"],"_links":{"self":[{"href":"https:\/\/www.freiburg-schwarzwald.de\/blog\/wp-json\/wp\/v2\/pages\/40047","targetHints":{"allow":["GET"]}}],"collection":[{"href":"https:\/\/www.freiburg-schwarzwald.de\/blog\/wp-json\/wp\/v2\/pages"}],"about":[{"href":"https:\/\/www.freiburg-schwarzwald.de\/blog\/wp-json\/wp\/v2\/types\/page"}],"author":[{"embeddable":true,"href":"https:\/\/www.freiburg-schwarzwald.de\/blog\/wp-json\/wp\/v2\/users\/4"}],"replies":[{"embeddable":true,"href":"https:\/\/www.freiburg-schwarzwald.de\/blog\/wp-json\/wp\/v2\/comments?post=40047"}],"version-history":[{"count":5,"href":"https:\/\/www.freiburg-schwarzwald.de\/blog\/wp-json\/wp\/v2\/pages\/40047\/revisions"}],"predecessor-version":[{"id":139989,"href":"https:\/\/www.freiburg-schwarzwald.de\/blog\/wp-json\/wp\/v2\/pages\/40047\/revisions\/139989"}],"up":[{"embeddable":true,"href":"https:\/\/www.freiburg-schwarzwald.de\/blog\/wp-json\/wp\/v2\/pages\/39730"}],"wp:attachment":[{"href":"https:\/\/www.freiburg-schwarzwald.de\/blog\/wp-json\/wp\/v2\/media?parent=40047"}],"curies":[{"name":"wp","href":"https:\/\/api.w.org\/{rel}","templated":true}]}}