{"id":39980,"date":"2013-11-05T21:28:00","date_gmt":"2013-11-05T20:28:00","guid":{"rendered":"https:\/\/www.freiburg-schwarzwald.de\/blog\/?page_id=39980"},"modified":"2014-01-28T17:46:24","modified_gmt":"2014-01-28T16:46:24","slug":"genezareth","status":"publish","type":"page","link":"https:\/\/www.freiburg-schwarzwald.de\/blog\/global\/israel\/israel2013\/genezareth\/","title":{"rendered":"Genezareth"},"content":{"rendered":"<p><a href=\"https:\/\/www.freiburg-schwarzwald.de\/blog\">Home<\/a> &gt;<a title=\"Global\" href=\"https:\/\/www.freiburg-schwarzwald.de\/blog\/global\/\">Globa<\/a>l\u00a0&gt;<a title=\"Israel\" href=\"https:\/\/www.freiburg-schwarzwald.de\/blog\/global\/israel\/\">Israel<\/a> &gt;<a title=\"Israel2013\" href=\"https:\/\/www.freiburg-schwarzwald.de\/blog\/global\/israel\/israel2013\/\">Israel2013<\/a> &gt;Genezareth<\/p>\n<div id=\"attachment_40385\" style=\"width: 649px\" class=\"wp-caption alignnone\"><a href=\"https:\/\/www.freiburg-schwarzwald.de\/blog\/global\/israel\/israel2013\/genezareth\/genezareth-pan131029\/\" rel=\"attachment wp-att-40385\"><img loading=\"lazy\" decoding=\"async\" aria-describedby=\"caption-attachment-40385\" class=\"size-full wp-image-40385\" title=\"genezareth-pan131029\" alt=\"\" src=\"https:\/\/www.freiburg-schwarzwald.de\/blog\/wp-content\/uploads\/2013\/11\/genezareth-pan131029.jpg\" width=\"639\" height=\"200\" srcset=\"https:\/\/www.freiburg-schwarzwald.de\/blog\/wp-content\/uploads\/2013\/11\/genezareth-pan131029.jpg 639w, https:\/\/www.freiburg-schwarzwald.de\/blog\/wp-content\/uploads\/2013\/11\/genezareth-pan131029-180x56.jpg 180w\" sizes=\"auto, (max-width: 639px) 100vw, 639px\" \/><\/a><p id=\"caption-attachment-40385\" class=\"wp-caption-text\">Blick nach Westen \u00fcber den See Genezareth auf Tiberias am 29.10.2013<\/p><\/div>\n<ul>\n<li>Bootsfahrt auf dem See Genezareth<\/li>\n<li>Berg der Seligpreisung &#8211; Bergpredigt<\/li>\n<li>Wanderung nach Tagba<\/li>\n<li>Kapernaum &#8211; Kirche auf Ruinen<\/li>\n<li>Schwimmen und Fischessen am See Genezareth<\/li>\n<\/ul>\n<p>&nbsp;<\/p>\n<p>&nbsp;<\/p>\n<p><strong>Bootsfahrt auf dem See Genezareth<\/strong><\/p>\n<p>Der See Genezareth ist derselbe wie damals vor 2000 Jahren, auch die D\u00f6rfer und St\u00e4dte an seinen Ufern gab es schon: Tiberias, Kapernaum, Bethsaida, &#8230; Die arch\u00e4ologischen Funde belegen dies. Das ist die eine Seite. Die andere ist das Bed\u00fcrfnis des gl\u00e4ubigen Menschen, diese Orte tats\u00e4chlich punktgenau zu identifizieren: hier und nirgendwo anders war es.\u00a0Die Fragmente der Vergangenheit sind \u00fcberwuchert von jahrhundertealten Legenden, \u00fcberwuchert auch vom unstillbaren Bed\u00fcrfnis nach dem Konkreten, dem sinnlich Wahrnehmbaren. Nur das Konkrete verb\u00fcrgt Gewissheit und Sicherheit. Das Konkrete setzt einen Anker in diesem Meer von Ungewissheiten und das ist wichtig, f\u00fcr den Glauben und auch f\u00fcr den Tourismus.<br \/>\n<a href=\"https:\/\/www.freiburg-schwarzwald.de\/blog\/global\/israel\/israel2013\/genezareth\/genezareth1boot131030\/\" rel=\"attachment wp-att-40497\"><img loading=\"lazy\" decoding=\"async\" class=\"alignnone size-thumbnail wp-image-40497\" title=\"genezareth1boot131030\" alt=\"\" src=\"https:\/\/www.freiburg-schwarzwald.de\/blog\/wp-content\/uploads\/2013\/11\/genezareth1boot131030-180x135.jpg\" width=\"180\" height=\"135\" srcset=\"https:\/\/www.freiburg-schwarzwald.de\/blog\/wp-content\/uploads\/2013\/11\/genezareth1boot131030-180x135.jpg 180w, https:\/\/www.freiburg-schwarzwald.de\/blog\/wp-content\/uploads\/2013\/11\/genezareth1boot131030.jpg 640w\" sizes=\"auto, (max-width: 180px) 100vw, 180px\" \/><\/a>\u00a0\u00a0\u00a0\u00a0\u00a0\u00a0\u00a0\u00a0\u00a0 <a href=\"https:\/\/www.freiburg-schwarzwald.de\/blog\/global\/israel\/israel2013\/genezareth\/genezareth2boot131030\/\" rel=\"attachment wp-att-40498\"><img loading=\"lazy\" decoding=\"async\" class=\"alignnone size-thumbnail wp-image-40498\" title=\"genezareth2boot131030\" alt=\"\" src=\"https:\/\/www.freiburg-schwarzwald.de\/blog\/wp-content\/uploads\/2013\/11\/genezareth2boot131030-180x135.jpg\" width=\"180\" height=\"135\" srcset=\"https:\/\/www.freiburg-schwarzwald.de\/blog\/wp-content\/uploads\/2013\/11\/genezareth2boot131030-180x135.jpg 180w, https:\/\/www.freiburg-schwarzwald.de\/blog\/wp-content\/uploads\/2013\/11\/genezareth2boot131030-640x480.jpg 640w, https:\/\/www.freiburg-schwarzwald.de\/blog\/wp-content\/uploads\/2013\/11\/genezareth2boot131030.jpg 1000w\" sizes=\"auto, (max-width: 180px) 100vw, 180px\" \/><\/a>\u00a0\u00a0\u00a0\u00a0\u00a0\u00a0\u00a0\u00a0\u00a0 <a href=\"https:\/\/www.freiburg-schwarzwald.de\/blog\/global\/israel\/israel2013\/genezareth\/genezareth3boot131030\/\" rel=\"attachment wp-att-40499\"><img loading=\"lazy\" decoding=\"async\" class=\"alignnone size-thumbnail wp-image-40499\" title=\"genezareth3boot131030\" alt=\"\" src=\"https:\/\/www.freiburg-schwarzwald.de\/blog\/wp-content\/uploads\/2013\/11\/genezareth3boot131030-180x135.jpg\" width=\"180\" height=\"135\" srcset=\"https:\/\/www.freiburg-schwarzwald.de\/blog\/wp-content\/uploads\/2013\/11\/genezareth3boot131030-180x135.jpg 180w, https:\/\/www.freiburg-schwarzwald.de\/blog\/wp-content\/uploads\/2013\/11\/genezareth3boot131030-640x480.jpg 640w, https:\/\/www.freiburg-schwarzwald.de\/blog\/wp-content\/uploads\/2013\/11\/genezareth3boot131030.jpg 1000w\" sizes=\"auto, (max-width: 180px) 100vw, 180px\" \/><\/a><br \/>\n(1) Boote auf dem See Genezareth\u00a0\u00a0\u00a0\u00a0\u00a0\u00a0\u00a0(2) Golanh\u00f6hen im Hintergrund\u00a0\u00a0\u00a0\u00a0\u00a0\u00a0\u00a0\u00a0\u00a0\u00a0\u00a0\u00a0 (3) Morgensonne am 30.10.2013<\/p>\n<p><a href=\"https:\/\/www.freiburg-schwarzwald.de\/blog\/global\/israel\/israel2013\/genezareth\/genezareth4boot131030\/\" rel=\"attachment wp-att-40500\"><img loading=\"lazy\" decoding=\"async\" title=\"genezareth4boot131030\" alt=\"\" src=\"https:\/\/www.freiburg-schwarzwald.de\/blog\/wp-content\/uploads\/2013\/11\/genezareth4boot131030-135x180.jpg\" width=\"135\" height=\"180\" \/><\/a>\u00a0\u00a0\u00a0\u00a0\u00a0\u00a0\u00a0\u00a0\u00a0\u00a0\u00a0\u00a0\u00a0\u00a0\u00a0\u00a0\u00a0\u00a0\u00a0\u00a0\u00a0\u00a0\u00a0\u00a0 <a href=\"https:\/\/www.freiburg-schwarzwald.de\/blog\/global\/israel\/israel2013\/genezareth\/genezareth5boot131030\/\" rel=\"attachment wp-att-40501\"><img loading=\"lazy\" decoding=\"async\" class=\"alignnone size-thumbnail wp-image-40501\" title=\"genezareth5boot131030\" alt=\"\" src=\"https:\/\/www.freiburg-schwarzwald.de\/blog\/wp-content\/uploads\/2013\/11\/genezareth5boot131030-180x135.jpg\" width=\"180\" height=\"135\" srcset=\"https:\/\/www.freiburg-schwarzwald.de\/blog\/wp-content\/uploads\/2013\/11\/genezareth5boot131030-180x135.jpg 180w, https:\/\/www.freiburg-schwarzwald.de\/blog\/wp-content\/uploads\/2013\/11\/genezareth5boot131030.jpg 640w\" sizes=\"auto, (max-width: 180px) 100vw, 180px\" \/><\/a>\u00a0\u00a0\u00a0\u00a0\u00a0\u00a0\u00a0\u00a0\u00a0 <a href=\"https:\/\/www.freiburg-schwarzwald.de\/blog\/global\/israel\/israel2013\/genezareth\/genezareth6boot131030\/\" rel=\"attachment wp-att-40502\"><img loading=\"lazy\" decoding=\"async\" class=\"alignnone size-thumbnail wp-image-40502\" title=\"genezareth6boot131030\" alt=\"\" src=\"https:\/\/www.freiburg-schwarzwald.de\/blog\/wp-content\/uploads\/2013\/11\/genezareth6boot131030-180x135.jpg\" width=\"180\" height=\"135\" srcset=\"https:\/\/www.freiburg-schwarzwald.de\/blog\/wp-content\/uploads\/2013\/11\/genezareth6boot131030-180x135.jpg 180w, https:\/\/www.freiburg-schwarzwald.de\/blog\/wp-content\/uploads\/2013\/11\/genezareth6boot131030-640x480.jpg 640w, https:\/\/www.freiburg-schwarzwald.de\/blog\/wp-content\/uploads\/2013\/11\/genezareth6boot131030.jpg 1000w\" sizes=\"auto, (max-width: 180px) 100vw, 180px\" \/><\/a><br \/>\n(4) Johannes, der Seefahrer\u00a0\u00a0\u00a0\u00a0\u00a0\u00a0\u00a0\u00a0\u00a0\u00a0\u00a0\u00a0\u00a0\u00a0\u00a0\u00a0\u00a0\u00a0 (5) Im h\u00f6lzernen\u00a0\u00a0\u00a0\u00a0\u00a0\u00a0\u00a0\u00a0\u00a0\u00a0\u00a0\u00a0\u00a0\u00a0\u00a0\u00a0\u00a0\u00a0\u00a0\u00a0\u00a0\u00a0\u00a0\u00a0\u00a0\u00a0\u00a0\u00a0\u00a0\u00a0\u00a0\u00a0\u00a0\u00a0\u00a0\u00a0\u00a0\u00a0\u00a0 (6) Fruchtbares Hinterland\u00a0\u00a0im Westen<\/p>\n<p><a href=\"https:\/\/www.freiburg-schwarzwald.de\/blog\/global\/israel\/israel2013\/genezareth\/genezareth7boot131030\/\" rel=\"attachment wp-att-40503\"><img loading=\"lazy\" decoding=\"async\" class=\"alignnone size-thumbnail wp-image-40503\" title=\"genezareth7boot131030\" alt=\"\" src=\"https:\/\/www.freiburg-schwarzwald.de\/blog\/wp-content\/uploads\/2013\/11\/genezareth7boot131030-180x135.jpg\" width=\"180\" height=\"135\" srcset=\"https:\/\/www.freiburg-schwarzwald.de\/blog\/wp-content\/uploads\/2013\/11\/genezareth7boot131030-180x135.jpg 180w, https:\/\/www.freiburg-schwarzwald.de\/blog\/wp-content\/uploads\/2013\/11\/genezareth7boot131030.jpg 640w\" sizes=\"auto, (max-width: 180px) 100vw, 180px\" \/><\/a>\u00a0 \u00a0 \u00a0 \u00a0 \u00a0\u00a0<a href=\"https:\/\/www.freiburg-schwarzwald.de\/blog\/global\/israel\/israel2013\/genezareth\/israel12see-genezareth131031\/\" rel=\"attachment wp-att-44621\"><img loading=\"lazy\" decoding=\"async\" class=\"alignnone size-thumbnail wp-image-44621\" alt=\"israel12see-genezareth131031\" src=\"https:\/\/www.freiburg-schwarzwald.de\/blog\/wp-content\/uploads\/2013\/11\/israel12see-genezareth131031-144x180.jpg\" width=\"144\" height=\"180\" srcset=\"https:\/\/www.freiburg-schwarzwald.de\/blog\/wp-content\/uploads\/2013\/11\/israel12see-genezareth131031-144x180.jpg 144w, https:\/\/www.freiburg-schwarzwald.de\/blog\/wp-content\/uploads\/2013\/11\/israel12see-genezareth131031.jpg 509w\" sizes=\"auto, (max-width: 144px) 100vw, 144px\" \/><\/a><br \/>\n(7) Pilger aus Nigeria in einem Boot \u00a0 \u00a0 (8) Am See Genezareth<\/p>\n<p>(7) Mit ihren fr\u00f6hlichen und lauten Ges\u00e4ngen machten die vielen Pilger aus Nigeria und Ghana den See Genezareth zu einem &#8222;Gute Laune-See&#8220;. Schade, dass wir nicht imstande sind, so unbeschwert und inbr\u00fcnstig zu singen.<\/p>\n<p>Jeder Mitfahrende erhielt ein Zertifikat: &#8222;Im Genezareth See fand man ein Boot aus der Zeit von Jesus. Man nennt es &#8222;das Jesus Boot&#8220;. Das Boot auf dem ihr segelt ist ein Nachbau dieses Bootes.&#8220; Dass diese touristisch so perfekte Vermarktung nichts mit Wahrheit zu tun hat, ist eigentlich unwichtig. Festzuhalten bleibt: Als der Motor abgestellt war und das Boot auf dem stillen See Genezareth so vor sich hin schaukelte, da kamen einem schon so manche Gedanken. &#8222;Und er trat in das Schiff und seine J\u00fcnger folgten ihm&#8220; (Matthaeus VII 23)<\/p>\n<p>Holyland Sailing Ltd, Tiberias am See Genezareth, <a href=\"https:\/\/www.jesusboarts.com\">www.jesusboarts.com<\/a><\/p>\n<p>&nbsp;<\/p>\n<p>&nbsp;<\/p>\n<p><strong>Berg der Seligpreisung &#8211; Bergpredigt<\/strong><\/p>\n<p><a href=\"https:\/\/www.freiburg-schwarzwald.de\/blog\/global\/israel\/israel2013\/genezareth\/bergpredigt1kirche131030\/\" rel=\"attachment wp-att-40535\"><img loading=\"lazy\" decoding=\"async\" class=\"alignnone size-thumbnail wp-image-40535\" title=\"bergpredigt1kirche131030\" alt=\"\" src=\"https:\/\/www.freiburg-schwarzwald.de\/blog\/wp-content\/uploads\/2013\/11\/bergpredigt1kirche131030-180x135.jpg\" width=\"180\" height=\"135\" srcset=\"https:\/\/www.freiburg-schwarzwald.de\/blog\/wp-content\/uploads\/2013\/11\/bergpredigt1kirche131030-180x135.jpg 180w, https:\/\/www.freiburg-schwarzwald.de\/blog\/wp-content\/uploads\/2013\/11\/bergpredigt1kirche131030.jpg 640w\" sizes=\"auto, (max-width: 180px) 100vw, 180px\" \/><\/a>\u00a0\u00a0\u00a0\u00a0\u00a0\u00a0\u00a0\u00a0\u00a0 <a href=\"https:\/\/www.freiburg-schwarzwald.de\/blog\/global\/israel\/israel2013\/genezareth\/bergpredigt2kirche131030\/\" rel=\"attachment wp-att-40536\"><img loading=\"lazy\" decoding=\"async\" class=\"alignnone size-thumbnail wp-image-40536\" title=\"bergpredigt2kirche131030\" alt=\"\" src=\"https:\/\/www.freiburg-schwarzwald.de\/blog\/wp-content\/uploads\/2013\/11\/bergpredigt2kirche131030-135x180.jpg\" width=\"135\" height=\"180\" srcset=\"https:\/\/www.freiburg-schwarzwald.de\/blog\/wp-content\/uploads\/2013\/11\/bergpredigt2kirche131030-135x180.jpg 135w, https:\/\/www.freiburg-schwarzwald.de\/blog\/wp-content\/uploads\/2013\/11\/bergpredigt2kirche131030.jpg 480w\" sizes=\"auto, (max-width: 135px) 100vw, 135px\" \/><\/a>\u00a0\u00a0\u00a0\u00a0\u00a0\u00a0\u00a0\u00a0\u00a0\u00a0\u00a0\u00a0\u00a0\u00a0\u00a0\u00a0\u00a0\u00a0\u00a0\u00a0 \u00a0\u00a0\u00a0\u00a0\u00a0\u00a0 <a href=\"https:\/\/www.freiburg-schwarzwald.de\/blog\/global\/israel\/israel2013\/genezareth\/bergpredigt3oliven131030\/\" rel=\"attachment wp-att-40537\"><img loading=\"lazy\" decoding=\"async\" class=\"alignnone size-thumbnail wp-image-40537\" title=\"bergpredigt3oliven131030\" alt=\"\" src=\"https:\/\/www.freiburg-schwarzwald.de\/blog\/wp-content\/uploads\/2013\/11\/bergpredigt3oliven131030-180x135.jpg\" width=\"180\" height=\"135\" srcset=\"https:\/\/www.freiburg-schwarzwald.de\/blog\/wp-content\/uploads\/2013\/11\/bergpredigt3oliven131030-180x135.jpg 180w, https:\/\/www.freiburg-schwarzwald.de\/blog\/wp-content\/uploads\/2013\/11\/bergpredigt3oliven131030.jpg 640w\" sizes=\"auto, (max-width: 180px) 100vw, 180px\" \/><\/a><br \/>\n(1) Kirche &#8222;Berg der Seligpreisung&#8220;\u00a0\u00a0\u00a0\u00a0\u00a0\u00a0 (2) Rundkirche\u00a030.10.2013\u00a0\u00a0\u00a0\u00a0\u00a0\u00a0\u00a0\u00a0\u00a0\u00a0\u00a0\u00a0\u00a0\u00a0\u00a0\u00a0\u00a0\u00a0\u00a0\u00a0\u00a0\u00a0 (3)\u00a0Parken unter Oliven<\/p>\n<p><a href=\"https:\/\/www.freiburg-schwarzwald.de\/blog\/global\/israel\/israel2013\/genezareth\/bergpredigt4oliven131030\/\" rel=\"attachment wp-att-40538\"><img loading=\"lazy\" decoding=\"async\" class=\"alignnone size-thumbnail wp-image-40538\" title=\"bergpredigt4oliven131030\" alt=\"\" src=\"https:\/\/www.freiburg-schwarzwald.de\/blog\/wp-content\/uploads\/2013\/11\/bergpredigt4oliven131030-135x180.jpg\" width=\"135\" height=\"180\" srcset=\"https:\/\/www.freiburg-schwarzwald.de\/blog\/wp-content\/uploads\/2013\/11\/bergpredigt4oliven131030-135x180.jpg 135w, https:\/\/www.freiburg-schwarzwald.de\/blog\/wp-content\/uploads\/2013\/11\/bergpredigt4oliven131030.jpg 480w\" sizes=\"auto, (max-width: 135px) 100vw, 135px\" \/><\/a>\u00a0\u00a0\u00a0\u00a0\u00a0\u00a0\u00a0\u00a0\u00a0\u00a0\u00a0\u00a0\u00a0\u00a0\u00a0\u00a0\u00a0\u00a0\u00a0\u00a0\u00a0\u00a0\u00a0\u00a0\u00a0 <a href=\"https:\/\/www.freiburg-schwarzwald.de\/blog\/global\/israel\/israel2013\/genezareth\/bergpredigt5datteln131030\/\" rel=\"attachment wp-att-40539\"><img loading=\"lazy\" decoding=\"async\" class=\"alignnone size-thumbnail wp-image-40539\" title=\"bergpredigt5datteln131030\" alt=\"\" src=\"https:\/\/www.freiburg-schwarzwald.de\/blog\/wp-content\/uploads\/2013\/11\/bergpredigt5datteln131030-135x180.jpg\" width=\"135\" height=\"180\" srcset=\"https:\/\/www.freiburg-schwarzwald.de\/blog\/wp-content\/uploads\/2013\/11\/bergpredigt5datteln131030-135x180.jpg 135w, https:\/\/www.freiburg-schwarzwald.de\/blog\/wp-content\/uploads\/2013\/11\/bergpredigt5datteln131030.jpg 480w\" sizes=\"auto, (max-width: 135px) 100vw, 135px\" \/><\/a>\u00a0\u00a0\u00a0\u00a0\u00a0\u00a0\u00a0\u00a0\u00a0\u00a0\u00a0\u00a0\u00a0\u00a0\u00a0\u00a0\u00a0\u00a0\u00a0\u00a0\u00a0 \u00a0\u00a0\u00a0\u00a0\u00a0<a href=\"https:\/\/www.freiburg-schwarzwald.de\/blog\/global\/israel\/israel2013\/genezareth\/bergpredigt6datteln131030\/\" rel=\"attachment wp-att-40540\"><img loading=\"lazy\" decoding=\"async\" class=\"alignnone size-thumbnail wp-image-40540\" title=\"bergpredigt6datteln131030\" alt=\"\" src=\"https:\/\/www.freiburg-schwarzwald.de\/blog\/wp-content\/uploads\/2013\/11\/bergpredigt6datteln131030-135x180.jpg\" width=\"135\" height=\"180\" srcset=\"https:\/\/www.freiburg-schwarzwald.de\/blog\/wp-content\/uploads\/2013\/11\/bergpredigt6datteln131030-135x180.jpg 135w, https:\/\/www.freiburg-schwarzwald.de\/blog\/wp-content\/uploads\/2013\/11\/bergpredigt6datteln131030.jpg 480w\" sizes=\"auto, (max-width: 135px) 100vw, 135px\" \/><\/a><br \/>\n(4) Oliven anm Baum\u00a0\u00a0\u00a0\u00a0\u00a0\u00a0\u00a0\u00a0\u00a0\u00a0\u00a0\u00a0\u00a0\u00a0\u00a0\u00a0\u00a0\u00a0\u00a0\u00a0\u00a0\u00a0\u00a0\u00a0\u00a0\u00a0\u00a0\u00a0\u00a0\u00a0\u00a0 (5) Braune Datteln<\/p>\n<p><a href=\"https:\/\/www.freiburg-schwarzwald.de\/blog\/global\/israel\/israel2013\/genezareth\/bergpredigt7datteln131030\/\" rel=\"attachment wp-att-40541\"><img loading=\"lazy\" decoding=\"async\" class=\"alignnone size-thumbnail wp-image-40541\" title=\"bergpredigt7datteln131030\" alt=\"\" src=\"https:\/\/www.freiburg-schwarzwald.de\/blog\/wp-content\/uploads\/2013\/11\/bergpredigt7datteln131030-135x180.jpg\" width=\"135\" height=\"180\" srcset=\"https:\/\/www.freiburg-schwarzwald.de\/blog\/wp-content\/uploads\/2013\/11\/bergpredigt7datteln131030-135x180.jpg 135w, https:\/\/www.freiburg-schwarzwald.de\/blog\/wp-content\/uploads\/2013\/11\/bergpredigt7datteln131030.jpg 480w\" sizes=\"auto, (max-width: 135px) 100vw, 135px\" \/><\/a>\u00a0\u00a0\u00a0\u00a0\u00a0\u00a0\u00a0\u00a0\u00a0\u00a0\u00a0\u00a0\u00a0\u00a0\u00a0\u00a0\u00a0\u00a0\u00a0\u00a0\u00a0\u00a0\u00a0\u00a0\u00a0\u00a0 <a href=\"https:\/\/www.freiburg-schwarzwald.de\/blog\/global\/israel\/israel2013\/genezareth\/bergpredigt8datteln131030\/\" rel=\"attachment wp-att-40542\"><img loading=\"lazy\" decoding=\"async\" class=\"alignnone size-thumbnail wp-image-40542\" title=\"bergpredigt8datteln131030\" alt=\"\" src=\"https:\/\/www.freiburg-schwarzwald.de\/blog\/wp-content\/uploads\/2013\/11\/bergpredigt8datteln131030-135x180.jpg\" width=\"135\" height=\"180\" srcset=\"https:\/\/www.freiburg-schwarzwald.de\/blog\/wp-content\/uploads\/2013\/11\/bergpredigt8datteln131030-135x180.jpg 135w, https:\/\/www.freiburg-schwarzwald.de\/blog\/wp-content\/uploads\/2013\/11\/bergpredigt8datteln131030.jpg 480w\" sizes=\"auto, (max-width: 135px) 100vw, 135px\" \/><\/a>\u00a0\u00a0\u00a0\u00a0\u00a0\u00a0\u00a0\u00a0\u00a0\u00a0\u00a0\u00a0\u00a0\u00a0\u00a0\u00a0\u00a0\u00a0\u00a0\u00a0\u00a0\u00a0\u00a0\u00a0\u00a0\u00a0 <a href=\"https:\/\/www.freiburg-schwarzwald.de\/blog\/global\/israel\/israel2013\/genezareth\/bergpredigt9datteln131030\/\" rel=\"attachment wp-att-40543\"><img loading=\"lazy\" decoding=\"async\" class=\"alignnone size-thumbnail wp-image-40543\" title=\"bergpredigt9datteln131030\" alt=\"\" src=\"https:\/\/www.freiburg-schwarzwald.de\/blog\/wp-content\/uploads\/2013\/11\/bergpredigt9datteln131030-135x180.jpg\" width=\"135\" height=\"180\" srcset=\"https:\/\/www.freiburg-schwarzwald.de\/blog\/wp-content\/uploads\/2013\/11\/bergpredigt9datteln131030-135x180.jpg 135w, https:\/\/www.freiburg-schwarzwald.de\/blog\/wp-content\/uploads\/2013\/11\/bergpredigt9datteln131030.jpg 480w\" sizes=\"auto, (max-width: 135px) 100vw, 135px\" \/><\/a><br \/>\n(7) \u00dcberreife Datteln am Boden\u00a0\u00a0\u00a0\u00a0\u00a0\u00a0\u00a0\u00a0\u00a0\u00a0\u00a0\u00a0\u00a0\u00a0 (6) Gelbe Datteln<\/p>\n<p><a href=\"https:\/\/www.freiburg-schwarzwald.de\/blog\/global\/israel\/israel2013\/genezareth\/bergpredigt10datteln131030\/\" rel=\"attachment wp-att-40544\"><img loading=\"lazy\" decoding=\"async\" class=\"alignnone size-thumbnail wp-image-40544\" title=\"bergpredigt10datteln131030\" alt=\"\" src=\"https:\/\/www.freiburg-schwarzwald.de\/blog\/wp-content\/uploads\/2013\/11\/bergpredigt10datteln131030-135x180.jpg\" width=\"135\" height=\"180\" srcset=\"https:\/\/www.freiburg-schwarzwald.de\/blog\/wp-content\/uploads\/2013\/11\/bergpredigt10datteln131030-135x180.jpg 135w, https:\/\/www.freiburg-schwarzwald.de\/blog\/wp-content\/uploads\/2013\/11\/bergpredigt10datteln131030.jpg 480w\" sizes=\"auto, (max-width: 135px) 100vw, 135px\" \/><\/a>\u00a0\u00a0\u00a0\u00a0\u00a0\u00a0\u00a0\u00a0\u00a0\u00a0\u00a0\u00a0\u00a0\u00a0\u00a0\u00a0 \u00a0\u00a0\u00a0\u00a0\u00a0\u00a0\u00a0\u00a0\u00a0 <a href=\"https:\/\/www.freiburg-schwarzwald.de\/blog\/global\/israel\/israel2013\/genezareth\/bergpredigt11datteln131030\/\" rel=\"attachment wp-att-40545\"><img loading=\"lazy\" decoding=\"async\" class=\"alignnone size-thumbnail wp-image-40545\" title=\"bergpredigt11datteln131030\" alt=\"\" src=\"https:\/\/www.freiburg-schwarzwald.de\/blog\/wp-content\/uploads\/2013\/11\/bergpredigt11datteln131030-180x135.jpg\" width=\"180\" height=\"135\" srcset=\"https:\/\/www.freiburg-schwarzwald.de\/blog\/wp-content\/uploads\/2013\/11\/bergpredigt11datteln131030-180x135.jpg 180w, https:\/\/www.freiburg-schwarzwald.de\/blog\/wp-content\/uploads\/2013\/11\/bergpredigt11datteln131030.jpg 640w\" sizes=\"auto, (max-width: 180px) 100vw, 180px\" \/><\/a>\u00a0\u00a0\u00a0\u00a0\u00a0\u00a0\u00a0\u00a0\u00a0\u00a0\u00a0 <a href=\"https:\/\/www.freiburg-schwarzwald.de\/blog\/global\/israel\/israel2013\/genezareth\/bergpredigt12genezareth131030\/\" rel=\"attachment wp-att-40546\"><img loading=\"lazy\" decoding=\"async\" class=\"alignnone size-thumbnail wp-image-40546\" title=\"bergpredigt12genezareth131030\" alt=\"\" src=\"https:\/\/www.freiburg-schwarzwald.de\/blog\/wp-content\/uploads\/2013\/11\/bergpredigt12genezareth131030-180x135.jpg\" width=\"180\" height=\"135\" srcset=\"https:\/\/www.freiburg-schwarzwald.de\/blog\/wp-content\/uploads\/2013\/11\/bergpredigt12genezareth131030-180x135.jpg 180w, https:\/\/www.freiburg-schwarzwald.de\/blog\/wp-content\/uploads\/2013\/11\/bergpredigt12genezareth131030.jpg 640w\" sizes=\"auto, (max-width: 180px) 100vw, 180px\" \/><\/a><br \/>\n(10) Datteln hochoben\u00a0\u00a0\u00a0\u00a0\u00a0\u00a0\u00a0\u00a0\u00a0\u00a0\u00a0\u00a0\u00a0\u00a0\u00a0\u00a0\u00a0\u00a0\u00a0\u00a0\u00a0\u00a0\u00a0 \u00a0\u00a0\u00a0\u00a0\u00a0\u00a0\u00a0(11) Rote Datteln\u00a0\u00a0\u00a0\u00a0\u00a0\u00a0\u00a0\u00a0\u00a0\u00a0\u00a0\u00a0\u00a0\u00a0\u00a0\u00a0\u00a0\u00a0\u00a0\u00a0\u00a0\u00a0\u00a0\u00a0\u00a0\u00a0\u00a0\u00a0\u00a0\u00a0\u00a0\u00a0\u00a0\u00a0\u00a0\u00a0\u00a0\u00a0\u00a0\u00a0\u00a0\u00a0(12) Blick zum See Genezareth<\/p>\n<p>Oberhalb von\u00a0Tagba liegt der H\u00fcgel, auf dem der historische Jesus die ber\u00fchmteste seiner Reden gehalten haben k\u00f6nnte, die Bergpredigt. Rings um die als Rundbau errichtete Kirche ein wundersch\u00f6ner Park &#8211; mit Blumen, Bl\u00fcten, Oliven, Datteln und\u00a0pl\u00e4tschernden Brunnen. Umgegen von Olivenhainen bzw. -plantagen, weiter unten im Dunst der See Genezareth.<\/p>\n<p>(7) Ein Land, in der Milch und Honig flie\u00dfen. Man k\u00f6nnte erg\u00e4nzen &#8222;in dem es Oliven und Datteln von den B\u00e4umen regnet&#8220;<\/p>\n<p>&nbsp;<\/p>\n<p>&nbsp;<\/p>\n<p><strong>Wanderung nach Tagba<\/strong><\/p>\n<p>&nbsp;<\/p>\n<div id=\"attachment_40783\" style=\"width: 647px\" class=\"wp-caption alignnone\"><a href=\"https:\/\/www.freiburg-schwarzwald.de\/blog\/global\/israel\/israel2013\/reisebus-israel\/tagba3wanderweg-pan131030\/\" rel=\"attachment wp-att-40783\"><img loading=\"lazy\" decoding=\"async\" aria-describedby=\"caption-attachment-40783\" class=\"size-full wp-image-40783\" title=\"tagba3wanderweg-pan131030\" alt=\"\" src=\"https:\/\/www.freiburg-schwarzwald.de\/blog\/wp-content\/uploads\/2013\/11\/tagba3wanderweg-pan131030.jpg\" width=\"637\" height=\"235\" srcset=\"https:\/\/www.freiburg-schwarzwald.de\/blog\/wp-content\/uploads\/2013\/11\/tagba3wanderweg-pan131030.jpg 637w, https:\/\/www.freiburg-schwarzwald.de\/blog\/wp-content\/uploads\/2013\/11\/tagba3wanderweg-pan131030-180x66.jpg 180w\" sizes=\"auto, (max-width: 637px) 100vw, 637px\" \/><\/a><p id=\"caption-attachment-40783\" class=\"wp-caption-text\">Auf dem Weg nach Tagba am See Genezareth am 30.10.2013<\/p><\/div>\n<p>&nbsp;<\/p>\n<p>&nbsp;<\/p>\n<p>Die Wanderung f\u00fchrt vom Berg der Seligpreisung durch Olivenhaine hinab zur\u00a0Brotvermehrungskirche in Tagba (Tabgha), die an Stelle einer\u00a0fr\u00fcheren Kapelle aus dem 5ten Jahrhundert erbaut wurde. Darin ein Altar (Bild 8), darunter ein Stein auf den Jesus die Brote bei der wundersamen Brotvermehrung gelegt haben soll und vor dem Stein ein\u00a0Mosaik aus dem 5. Jahrhundert, das die Brote und die Fische zeigen soll &#8211; siehe Bild (9).<\/p>\n<p><a href=\"https:\/\/www.freiburg-schwarzwald.de\/blog\/global\/israel\/israel2013\/genezareth\/tagba1blueten131030\/\" rel=\"attachment wp-att-40516\"><img loading=\"lazy\" decoding=\"async\" class=\"alignnone size-thumbnail wp-image-40516\" title=\"tagba1blueten131030\" alt=\"\" src=\"https:\/\/www.freiburg-schwarzwald.de\/blog\/wp-content\/uploads\/2013\/11\/tagba1blueten131030-180x135.jpg\" width=\"180\" height=\"135\" srcset=\"https:\/\/www.freiburg-schwarzwald.de\/blog\/wp-content\/uploads\/2013\/11\/tagba1blueten131030-180x135.jpg 180w, https:\/\/www.freiburg-schwarzwald.de\/blog\/wp-content\/uploads\/2013\/11\/tagba1blueten131030.jpg 640w\" sizes=\"auto, (max-width: 180px) 100vw, 180px\" \/><\/a>\u00a0\u00a0\u00a0\u00a0\u00a0\u00a0\u00a0\u00a0\u00a0 <a href=\"https:\/\/www.freiburg-schwarzwald.de\/blog\/global\/israel\/israel2013\/genezareth\/tagba2dornen131030\/\" rel=\"attachment wp-att-40517\"><img loading=\"lazy\" decoding=\"async\" class=\"alignnone size-thumbnail wp-image-40517\" title=\"tagba2dornen131030\" alt=\"\" src=\"https:\/\/www.freiburg-schwarzwald.de\/blog\/wp-content\/uploads\/2013\/11\/tagba2dornen131030-180x135.jpg\" width=\"180\" height=\"135\" srcset=\"https:\/\/www.freiburg-schwarzwald.de\/blog\/wp-content\/uploads\/2013\/11\/tagba2dornen131030-180x135.jpg 180w, https:\/\/www.freiburg-schwarzwald.de\/blog\/wp-content\/uploads\/2013\/11\/tagba2dornen131030.jpg 640w\" sizes=\"auto, (max-width: 180px) 100vw, 180px\" \/><\/a>\u00a0\u00a0\u00a0\u00a0\u00a0\u00a0\u00a0\u00a0\u00a0\u00a0 <a href=\"https:\/\/www.freiburg-schwarzwald.de\/blog\/global\/israel\/israel2013\/genezareth\/tagba3wanderweg131030\/\" rel=\"attachment wp-att-40518\"><img loading=\"lazy\" decoding=\"async\" class=\"alignnone size-thumbnail wp-image-40518\" title=\"tagba3wanderweg131030\" alt=\"\" src=\"https:\/\/www.freiburg-schwarzwald.de\/blog\/wp-content\/uploads\/2013\/11\/tagba3wanderweg131030-180x135.jpg\" width=\"180\" height=\"135\" srcset=\"https:\/\/www.freiburg-schwarzwald.de\/blog\/wp-content\/uploads\/2013\/11\/tagba3wanderweg131030-180x135.jpg 180w, https:\/\/www.freiburg-schwarzwald.de\/blog\/wp-content\/uploads\/2013\/11\/tagba3wanderweg131030.jpg 640w\" sizes=\"auto, (max-width: 180px) 100vw, 180px\" \/><\/a><br \/>\n(1) Blick zum See Genezareth\u00a0\u00a0\u00a0\u00a0\u00a0\u00a0\u00a0\u00a0\u00a0\u00a0\u00a0\u00a0\u00a0\u00a0\u00a0 (2) Hitze und D\u00fcrre\u00a030.10.2013\u00a0\u00a0\u00a0\u00a0\u00a0\u00a0\u00a0\u00a0\u00a0\u00a0\u00a0\u00a0\u00a0\u00a0 (3) Oliven am Weg<\/p>\n<p><a href=\"https:\/\/www.freiburg-schwarzwald.de\/blog\/global\/israel\/israel2013\/genezareth\/tagba4oliven131030\/\" rel=\"attachment wp-att-40519\"><img loading=\"lazy\" decoding=\"async\" class=\"alignnone size-thumbnail wp-image-40519\" title=\"tagba4oliven131030\" alt=\"\" src=\"https:\/\/www.freiburg-schwarzwald.de\/blog\/wp-content\/uploads\/2013\/11\/tagba4oliven131030-180x135.jpg\" width=\"180\" height=\"135\" srcset=\"https:\/\/www.freiburg-schwarzwald.de\/blog\/wp-content\/uploads\/2013\/11\/tagba4oliven131030-180x135.jpg 180w, https:\/\/www.freiburg-schwarzwald.de\/blog\/wp-content\/uploads\/2013\/11\/tagba4oliven131030.jpg 640w\" sizes=\"auto, (max-width: 180px) 100vw, 180px\" \/><\/a>\u00a0\u00a0\u00a0\u00a0\u00a0\u00a0\u00a0\u00a0\u00a0\u00a0 <a href=\"https:\/\/www.freiburg-schwarzwald.de\/blog\/global\/israel\/israel2013\/genezareth\/tagba5oliven131030\/\" rel=\"attachment wp-att-40520\"><img loading=\"lazy\" decoding=\"async\" class=\"alignnone size-thumbnail wp-image-40520\" title=\"tagba5oliven131030\" alt=\"\" src=\"https:\/\/www.freiburg-schwarzwald.de\/blog\/wp-content\/uploads\/2013\/11\/tagba5oliven131030-135x180.jpg\" width=\"135\" height=\"180\" srcset=\"https:\/\/www.freiburg-schwarzwald.de\/blog\/wp-content\/uploads\/2013\/11\/tagba5oliven131030-135x180.jpg 135w, https:\/\/www.freiburg-schwarzwald.de\/blog\/wp-content\/uploads\/2013\/11\/tagba5oliven131030.jpg 480w\" sizes=\"auto, (max-width: 135px) 100vw, 135px\" \/><\/a>\u00a0\u00a0\u00a0\u00a0\u00a0\u00a0\u00a0\u00a0\u00a0\u00a0\u00a0\u00a0\u00a0\u00a0\u00a0\u00a0\u00a0\u00a0\u00a0\u00a0\u00a0\u00a0\u00a0\u00a0\u00a0\u00a0 <a href=\"https:\/\/www.freiburg-schwarzwald.de\/blog\/global\/israel\/israel2013\/genezareth\/tagba6kirche131030\/\" rel=\"attachment wp-att-40521\"><img loading=\"lazy\" decoding=\"async\" class=\"alignnone size-thumbnail wp-image-40521\" title=\"tagba6kirche131030\" alt=\"\" src=\"https:\/\/www.freiburg-schwarzwald.de\/blog\/wp-content\/uploads\/2013\/11\/tagba6kirche131030-135x180.jpg\" width=\"135\" height=\"180\" srcset=\"https:\/\/www.freiburg-schwarzwald.de\/blog\/wp-content\/uploads\/2013\/11\/tagba6kirche131030-135x180.jpg 135w, https:\/\/www.freiburg-schwarzwald.de\/blog\/wp-content\/uploads\/2013\/11\/tagba6kirche131030.jpg 480w\" sizes=\"auto, (max-width: 135px) 100vw, 135px\" \/><\/a><br \/>\n(4)\u00a0\u00a0\u00a0\u00a0\u00a0\u00a0\u00a0\u00a0\u00a0\u00a0\u00a0\u00a0\u00a0\u00a0\u00a0\u00a0\u00a0\u00a0\u00a0\u00a0\u00a0\u00a0\u00a0\u00a0\u00a0\u00a0\u00a0\u00a0\u00a0\u00a0\u00a0\u00a0\u00a0\u00a0\u00a0\u00a0\u00a0\u00a0\u00a0\u00a0\u00a0\u00a0\u00a0\u00a0\u00a0\u00a0\u00a0\u00a0\u00a0\u00a0\u00a0\u00a0\u00a0\u00a0\u00a0\u00a0\u00a0\u00a0\u00a0\u00a0\u00a0\u00a0\u00a0\u00a0\u00a0\u00a0\u00a0\u00a0\u00a0\u00a0\u00a0\u00a0\u00a0\u00a0\u00a0\u00a0\u00a0\u00a0\u00a0\u00a0\u00a0\u00a0\u00a0\u00a0\u00a0\u00a0\u00a0\u00a0\u00a0\u00a0\u00a0\u00a0\u00a0\u00a0\u00a0\u00a0\u00a0\u00a0\u00a0\u00a0\u00a0\u00a0\u00a0\u00a0\u00a0\u00a0\u00a0\u00a0\u00a0\u00a0\u00a0\u00a0\u00a0\u00a0\u00a0\u00a0\u00a0\u00a0\u00a0\u00a0\u00a0\u00a0\u00a0\u00a0\u00a0\u00a0\u00a0\u00a0\u00a0\u00a0\u00a0\u00a0\u00a0\u00a0\u00a0\u00a0\u00a0 (6) Kirche\u00a0in Tagba<\/p>\n<p><a href=\"https:\/\/www.freiburg-schwarzwald.de\/blog\/global\/israel\/israel2013\/genezareth\/tagba7kirche131030\/\" rel=\"attachment wp-att-40522\"><img loading=\"lazy\" decoding=\"async\" class=\"alignnone size-thumbnail wp-image-40522\" title=\"tagba7kirche131030\" alt=\"\" src=\"https:\/\/www.freiburg-schwarzwald.de\/blog\/wp-content\/uploads\/2013\/11\/tagba7kirche131030-135x180.jpg\" width=\"135\" height=\"180\" srcset=\"https:\/\/www.freiburg-schwarzwald.de\/blog\/wp-content\/uploads\/2013\/11\/tagba7kirche131030-135x180.jpg 135w, https:\/\/www.freiburg-schwarzwald.de\/blog\/wp-content\/uploads\/2013\/11\/tagba7kirche131030.jpg 480w\" sizes=\"auto, (max-width: 135px) 100vw, 135px\" \/><\/a>\u00a0\u00a0\u00a0\u00a0\u00a0\u00a0\u00a0\u00a0\u00a0\u00a0\u00a0\u00a0\u00a0\u00a0\u00a0\u00a0\u00a0\u00a0\u00a0\u00a0\u00a0\u00a0\u00a0\u00a0\u00a0\u00a0\u00a0 <a href=\"https:\/\/www.freiburg-schwarzwald.de\/blog\/global\/israel\/israel2013\/genezareth\/tagba8kirche131030\/\" rel=\"attachment wp-att-40523\"><img loading=\"lazy\" decoding=\"async\" class=\"alignnone size-thumbnail wp-image-40523\" title=\"tagba8kirche131030\" alt=\"\" src=\"https:\/\/www.freiburg-schwarzwald.de\/blog\/wp-content\/uploads\/2013\/11\/tagba8kirche131030-180x135.jpg\" width=\"180\" height=\"135\" srcset=\"https:\/\/www.freiburg-schwarzwald.de\/blog\/wp-content\/uploads\/2013\/11\/tagba8kirche131030-180x135.jpg 180w, https:\/\/www.freiburg-schwarzwald.de\/blog\/wp-content\/uploads\/2013\/11\/tagba8kirche131030.jpg 640w\" sizes=\"auto, (max-width: 180px) 100vw, 180px\" \/><\/a>\u00a0\u00a0\u00a0\u00a0\u00a0\u00a0\u00a0\u00a0\u00a0 <a href=\"https:\/\/www.freiburg-schwarzwald.de\/blog\/global\/israel\/israel2013\/genezareth\/tagba9stein131030\/\" rel=\"attachment wp-att-40524\"><img loading=\"lazy\" decoding=\"async\" class=\"alignnone size-thumbnail wp-image-40524\" title=\"tagba9stein131030\" alt=\"\" src=\"https:\/\/www.freiburg-schwarzwald.de\/blog\/wp-content\/uploads\/2013\/11\/tagba9stein131030-180x117.jpg\" width=\"180\" height=\"117\" srcset=\"https:\/\/www.freiburg-schwarzwald.de\/blog\/wp-content\/uploads\/2013\/11\/tagba9stein131030-180x117.jpg 180w, https:\/\/www.freiburg-schwarzwald.de\/blog\/wp-content\/uploads\/2013\/11\/tagba9stein131030.jpg 499w\" sizes=\"auto, (max-width: 180px) 100vw, 180px\" \/><\/a><br \/>\n(7) Koi-Fische\u00a0\u00a0\u00a0\u00a0\u00a0\u00a0\u00a0\u00a0\u00a0\u00a0\u00a0\u00a0\u00a0\u00a0\u00a0\u00a0\u00a0\u00a0\u00a0\u00a0\u00a0\u00a0\u00a0\u00a0\u00a0\u00a0\u00a0\u00a0\u00a0\u00a0\u00a0\u00a0\u00a0\u00a0\u00a0\u00a0\u00a0\u00a0\u00a0\u00a0\u00a0\u00a0\u00a0\u00a0\u00a0\u00a0 (8) Kirche in Tagba\u00a0mit Altartisch\u00a0\u00a0\u00a0\u00a0\u00a0\u00a0\u00a0\u00a0\u00a0 (9) Mosaik vor dem Stein<\/p>\n<p>&nbsp;<\/p>\n<p>&nbsp;<\/p>\n<p><strong>Kapernaum &#8211; Kirche auf Ruinen<\/strong><\/p>\n<p>In Kapernaum wurde viel rekonstruiert: Das Haus des Petrus (\u00fcber dem eine moderne Beton-Kirche in Schiffsform gebaut wurde), wo Jesus w\u00e4hrend seines Aufenthalts in Kapernaum gelebt hat. Und die Synagoge. Und auch wenn es ein sp\u00e4terer Bau ist und nicht jener, in dem Jesus gepredigt hat, kann man alles\u00a0gut vorstellen: den Weg vom Haus des Petrus in die Synagoge, den Weg runter zum See Genezareth, zum Fisch- und Menschenfang.<\/p>\n<div>\u00a0<a href=\"https:\/\/www.freiburg-schwarzwald.de\/blog\/global\/israel\/israel2013\/genezareth\/kapernaum1gelb131030\/\" rel=\"attachment wp-att-40563\"><img loading=\"lazy\" decoding=\"async\" class=\"alignnone size-thumbnail wp-image-40563\" title=\"kapernaum1gelb131030\" alt=\"\" src=\"https:\/\/www.freiburg-schwarzwald.de\/blog\/wp-content\/uploads\/2013\/11\/kapernaum1gelb131030-180x135.jpg\" width=\"180\" height=\"135\" srcset=\"https:\/\/www.freiburg-schwarzwald.de\/blog\/wp-content\/uploads\/2013\/11\/kapernaum1gelb131030-180x135.jpg 180w, https:\/\/www.freiburg-schwarzwald.de\/blog\/wp-content\/uploads\/2013\/11\/kapernaum1gelb131030.jpg 640w\" sizes=\"auto, (max-width: 180px) 100vw, 180px\" \/><\/a>\u00a0\u00a0\u00a0\u00a0\u00a0\u00a0\u00a0\u00a0\u00a0 <a href=\"https:\/\/www.freiburg-schwarzwald.de\/blog\/global\/israel\/israel2013\/genezareth\/kapernaum2-131030\/\" rel=\"attachment wp-att-40564\"><img loading=\"lazy\" decoding=\"async\" class=\"alignnone size-thumbnail wp-image-40564\" title=\"kapernaum2-131030\" alt=\"\" src=\"https:\/\/www.freiburg-schwarzwald.de\/blog\/wp-content\/uploads\/2013\/11\/kapernaum2-131030-180x135.jpg\" width=\"180\" height=\"135\" srcset=\"https:\/\/www.freiburg-schwarzwald.de\/blog\/wp-content\/uploads\/2013\/11\/kapernaum2-131030-180x135.jpg 180w, https:\/\/www.freiburg-schwarzwald.de\/blog\/wp-content\/uploads\/2013\/11\/kapernaum2-131030.jpg 640w\" sizes=\"auto, (max-width: 180px) 100vw, 180px\" \/><\/a>\u00a0\u00a0\u00a0\u00a0\u00a0\u00a0\u00a0\u00a0 <a href=\"https:\/\/www.freiburg-schwarzwald.de\/blog\/global\/israel\/israel2013\/genezareth\/kapernaum3-131030\/\" rel=\"attachment wp-att-40565\"><img loading=\"lazy\" decoding=\"async\" class=\"alignnone size-thumbnail wp-image-40565\" title=\"kapernaum3-131030\" alt=\"\" src=\"https:\/\/www.freiburg-schwarzwald.de\/blog\/wp-content\/uploads\/2013\/11\/kapernaum3-131030-180x135.jpg\" width=\"180\" height=\"135\" srcset=\"https:\/\/www.freiburg-schwarzwald.de\/blog\/wp-content\/uploads\/2013\/11\/kapernaum3-131030-180x135.jpg 180w, https:\/\/www.freiburg-schwarzwald.de\/blog\/wp-content\/uploads\/2013\/11\/kapernaum3-131030.jpg 640w\" sizes=\"auto, (max-width: 180px) 100vw, 180px\" \/><\/a><br \/>\n(1) Gelb leuchtend\u00a0\u00a0\u00a0\u00a0\u00a0\u00a0\u00a0\u00a0\u00a0\u00a0\u00a0\u00a0\u00a0\u00a0\u00a0\u00a0\u00a0\u00a0\u00a0\u00a0\u00a0\u00a0\u00a0\u00a0\u00a0\u00a0\u00a0\u00a0\u00a0\u00a0\u00a0\u00a0\u00a0\u00a0\u00a0\u00a0\u00a0(2) In Kapernaum 30.10.2013\n<\/div>\n<div><a href=\"https:\/\/www.freiburg-schwarzwald.de\/blog\/global\/israel\/israel2013\/genezareth\/kapernaum5-131030\/\" rel=\"attachment wp-att-40566\"><img loading=\"lazy\" decoding=\"async\" class=\"alignnone size-thumbnail wp-image-40566\" title=\"kapernaum5-131030\" alt=\"\" src=\"https:\/\/www.freiburg-schwarzwald.de\/blog\/wp-content\/uploads\/2013\/11\/kapernaum5-131030-180x135.jpg\" width=\"180\" height=\"135\" srcset=\"https:\/\/www.freiburg-schwarzwald.de\/blog\/wp-content\/uploads\/2013\/11\/kapernaum5-131030-180x135.jpg 180w, https:\/\/www.freiburg-schwarzwald.de\/blog\/wp-content\/uploads\/2013\/11\/kapernaum5-131030.jpg 640w\" sizes=\"auto, (max-width: 180px) 100vw, 180px\" \/><\/a>\u00a0\u00a0\u00a0\u00a0\u00a0\u00a0\u00a0\u00a0\u00a0 <a href=\"https:\/\/www.freiburg-schwarzwald.de\/blog\/global\/israel\/israel2013\/genezareth\/kapernaum6-131030\/\" rel=\"attachment wp-att-40567\"><img loading=\"lazy\" decoding=\"async\" class=\"alignnone size-thumbnail wp-image-40567\" title=\"kapernaum6-131030\" alt=\"\" src=\"https:\/\/www.freiburg-schwarzwald.de\/blog\/wp-content\/uploads\/2013\/11\/kapernaum6-131030-180x135.jpg\" width=\"180\" height=\"135\" srcset=\"https:\/\/www.freiburg-schwarzwald.de\/blog\/wp-content\/uploads\/2013\/11\/kapernaum6-131030-180x135.jpg 180w, https:\/\/www.freiburg-schwarzwald.de\/blog\/wp-content\/uploads\/2013\/11\/kapernaum6-131030.jpg 640w\" sizes=\"auto, (max-width: 180px) 100vw, 180px\" \/><\/a>\u00a0\u00a0\u00a0\u00a0\u00a0\u00a0\u00a0\u00a0\u00a0 <a href=\"https:\/\/www.freiburg-schwarzwald.de\/blog\/global\/israel\/israel2013\/genezareth\/kapernaum7-131030\/\" rel=\"attachment wp-att-40568\"><img loading=\"lazy\" decoding=\"async\" title=\"kapernaum7-131030\" alt=\"\" src=\"https:\/\/www.freiburg-schwarzwald.de\/blog\/wp-content\/uploads\/2013\/11\/kapernaum7-131030-180x135.jpg\" width=\"180\" height=\"135\" \/><\/a><br \/>\n(4) Neue Kirche auf alter Ruine\u00a0\u00a0\u00a0\u00a0\u00a0\u00a0\u00a0\u00a0\u00a0\u00a0\u00a0\u00a0\u00a0 (5) Von oben neu auf unten alt\u00a0schauen\u00a0\u00a0 (6) Blick gen See Genezareth<\/div>\n<div><\/div>\n<div><a href=\"https:\/\/www.freiburg-schwarzwald.de\/blog\/global\/israel\/israel2013\/genezareth\/israel13kapernaum131031\/\" rel=\"attachment wp-att-44624\"><img loading=\"lazy\" decoding=\"async\" class=\"alignnone size-thumbnail wp-image-44624\" alt=\"israel13kapernaum131031\" src=\"https:\/\/www.freiburg-schwarzwald.de\/blog\/wp-content\/uploads\/2013\/11\/israel13kapernaum131031-180x148.jpg\" width=\"180\" height=\"148\" srcset=\"https:\/\/www.freiburg-schwarzwald.de\/blog\/wp-content\/uploads\/2013\/11\/israel13kapernaum131031-180x148.jpg 180w, https:\/\/www.freiburg-schwarzwald.de\/blog\/wp-content\/uploads\/2013\/11\/israel13kapernaum131031.jpg 592w\" sizes=\"auto, (max-width: 180px) 100vw, 180px\" \/><br \/>\n<\/a>(7) Kapernaum &#8211; Bild JR<\/div>\n<div><\/div>\n<p>&nbsp;<\/p>\n<p>&nbsp;<\/p>\n<p><strong>Schwimmen und Fischessen am See Genezareth<\/strong><\/p>\n<p><a href=\"https:\/\/www.freiburg-schwarzwald.de\/blog\/global\/israel\/israel2013\/genezareth\/genezareth-klippenschliefer131030\/\" rel=\"attachment wp-att-39981\"><img loading=\"lazy\" decoding=\"async\" class=\"alignnone size-thumbnail wp-image-39981\" title=\"genezareth-klippenschliefer131030\" alt=\"\" src=\"https:\/\/www.freiburg-schwarzwald.de\/blog\/wp-content\/uploads\/2013\/11\/genezareth-klippenschliefer131030-180x135.jpg\" width=\"180\" height=\"135\" srcset=\"https:\/\/www.freiburg-schwarzwald.de\/blog\/wp-content\/uploads\/2013\/11\/genezareth-klippenschliefer131030-180x135.jpg 180w, https:\/\/www.freiburg-schwarzwald.de\/blog\/wp-content\/uploads\/2013\/11\/genezareth-klippenschliefer131030.jpg 640w\" sizes=\"auto, (max-width: 180px) 100vw, 180px\" \/><\/a>\u00a0\u00a0\u00a0\u00a0\u00a0\u00a0\u00a0\u00a0\u00a0 \u00a0\u00a0\u00a0\u00a0 <a href=\"https:\/\/www.freiburg-schwarzwald.de\/blog\/global\/israel\/israel2013\/genezareth\/katze-augenfarben131030\/\" rel=\"attachment wp-att-39986\"><img loading=\"lazy\" decoding=\"async\" title=\"katze-augenfarben131030\" alt=\"\" src=\"https:\/\/www.freiburg-schwarzwald.de\/blog\/wp-content\/uploads\/2013\/11\/katze-augenfarben131030-180x135.jpg\" width=\"180\" height=\"135\" \/><\/a><br \/>\n(1) Klippschliefer (Bild CC)\u00a0\u00a0\u00a0\u00a0\u00a0\u00a0\u00a0\u00a0\u00a0\u00a0\u00a0\u00a0\u00a0\u00a0\u00a0\u00a0\u00a0\u00a0\u00a0\u00a0\u00a0\u00a0\u00a0 \u00a0\u00a0(2) Katze mit zwei Augenfarben<\/p>\n<p>Die\u00a0Legende vom Petersfisch hat einen Haken hat. Der Petersfisch mit dem dunklen Fleck hinter den Kiemen ist\u00a0ein Salzwasserfisch, den Petrus \u00fcberhaupt nicht aus dem See Genezareth gefangen haben kann.\u00a0Im Restaurant wird ein Galil\u00e4ischer Buntbarsch gereicht, der aus marketingtechnischen Gr\u00fcnden stolz Petersfisch\u201cgenannt wird.<\/p>\n","protected":false},"excerpt":{"rendered":"<p>Home &gt;Global\u00a0&gt;Israel &gt;Israel2013 &gt;Genezareth Bootsfahrt auf dem See Genezareth Berg der Seligpreisung &#8211; Bergpredigt Wanderung nach Tagba Kapernaum &#8211; Kirche auf Ruinen Schwimmen und Fischessen am See Genezareth &nbsp; &nbsp; Bootsfahrt auf dem See Genezareth Der See Genezareth ist derselbe &hellip; <a href=\"https:\/\/www.freiburg-schwarzwald.de\/blog\/global\/israel\/israel2013\/genezareth\/\">Weiterlesen <span class=\"meta-nav\">&rarr;<\/span><\/a><\/p>\n","protected":false},"author":4,"featured_media":0,"parent":39730,"menu_order":0,"comment_status":"open","ping_status":"closed","template":"","meta":{"footnotes":""},"class_list":["post-39980","page","type-page","status-publish","hentry"],"_links":{"self":[{"href":"https:\/\/www.freiburg-schwarzwald.de\/blog\/wp-json\/wp\/v2\/pages\/39980","targetHints":{"allow":["GET"]}}],"collection":[{"href":"https:\/\/www.freiburg-schwarzwald.de\/blog\/wp-json\/wp\/v2\/pages"}],"about":[{"href":"https:\/\/www.freiburg-schwarzwald.de\/blog\/wp-json\/wp\/v2\/types\/page"}],"author":[{"embeddable":true,"href":"https:\/\/www.freiburg-schwarzwald.de\/blog\/wp-json\/wp\/v2\/users\/4"}],"replies":[{"embeddable":true,"href":"https:\/\/www.freiburg-schwarzwald.de\/blog\/wp-json\/wp\/v2\/comments?post=39980"}],"version-history":[{"count":0,"href":"https:\/\/www.freiburg-schwarzwald.de\/blog\/wp-json\/wp\/v2\/pages\/39980\/revisions"}],"up":[{"embeddable":true,"href":"https:\/\/www.freiburg-schwarzwald.de\/blog\/wp-json\/wp\/v2\/pages\/39730"}],"wp:attachment":[{"href":"https:\/\/www.freiburg-schwarzwald.de\/blog\/wp-json\/wp\/v2\/media?parent=39980"}],"curies":[{"name":"wp","href":"https:\/\/api.w.org\/{rel}","templated":true}]}}