{"id":39955,"date":"2013-11-05T20:25:21","date_gmt":"2013-11-05T19:25:21","guid":{"rendered":"https:\/\/www.freiburg-schwarzwald.de\/blog\/?page_id=39955"},"modified":"2026-05-14T12:13:01","modified_gmt":"2026-05-14T10:13:01","slug":"jordan","status":"publish","type":"page","link":"https:\/\/www.freiburg-schwarzwald.de\/blog\/global\/israel\/israel2013\/jordan\/","title":{"rendered":"Jordan"},"content":{"rendered":"<p>Home &gt;<a title=\"Global\" href=\"https:\/\/www.freiburg-schwarzwald.de\/blog\/global\/\">Globa<\/a>l\u00a0&gt;<a title=\"Israel\" href=\"https:\/\/www.freiburg-schwarzwald.de\/blog\/global\/israel\/\">Israel<\/a> &gt;<a title=\"Israel2013\" href=\"https:\/\/www.freiburg-schwarzwald.de\/blog\/global\/israel\/israel2013\/\">Israel2013<\/a> &gt;Jordan<\/p>\n<div id=\"attachment_39967\" style=\"width: 649px\" class=\"wp-caption alignnone\"><a href=\"https:\/\/www.freiburg-schwarzwald.de\/blog\/global\/israel\/israel2013\/jordan\/hule-kraniche-pan131029\/\" rel=\"attachment wp-att-39967\"><img loading=\"lazy\" decoding=\"async\" aria-describedby=\"caption-attachment-39967\" class=\"size-full wp-image-39967\" title=\"hule-kraniche-pan131029\" src=\"https:\/\/www.freiburg-schwarzwald.de\/blog\/wp-content\/uploads\/2013\/11\/hule-kraniche-pan131029.jpg\" alt=\"\" width=\"639\" height=\"185\" srcset=\"https:\/\/www.freiburg-schwarzwald.de\/blog\/wp-content\/uploads\/2013\/11\/hule-kraniche-pan131029.jpg 639w, https:\/\/www.freiburg-schwarzwald.de\/blog\/wp-content\/uploads\/2013\/11\/hule-kraniche-pan131029-180x52.jpg 180w\" sizes=\"auto, (max-width: 639px) 100vw, 639px\" \/><\/a><p id=\"caption-attachment-39967\" class=\"wp-caption-text\">Kraniche bei Sonnenuntergang im Reservat Hule-Tal n\u00f6rdlich des Sees Genezareth am 29.10.2013<\/p><\/div>\n<ul>\n<li><a href=\"https:\/\/www.freiburg-schwarzwald.de\/blog\/religion\/katholisch\/leo\/\">Papst ehrt Islamist aus Iran, nicht aber aram\u00e4ischen Christ aus Gali\u00e4a<\/a>\u00a0(14.5.2026)<\/li>\n<li><a href=\"https:\/\/www.freiburg-schwarzwald.de\/blog\/global\/israel\/palaestina\/westbank\/\">Frieden im Westjordanland: Flurbereinigung<\/a>\u00a0(2.1.2024)<\/li>\n<li>Nimrod-Festung<\/li>\n<li>Banias &#8211; einer der Quellfl\u00fcsse des Jordan<\/li>\n<li>Naturschutzgebiet im Hule-Tal<\/li>\n<li>Jordantal zwischen See Genezareth und <a title=\"Totes-Meer\" href=\"https:\/\/www.freiburg-schwarzwald.de\/blog\/global\/israel\/israel2013\/totes-meer\/\">Totem Meer<\/a><\/li>\n<\/ul>\n<p>&nbsp;<\/p>\n<p>&nbsp;<\/p>\n<h5><a href=\"https:\/\/www.freiburg-schwarzwald.de\/blog\/global\/israel\/israel2013\/golan\/golan10druse131029\/\" rel=\"attachment wp-att-40404\"><img loading=\"lazy\" decoding=\"async\" class=\"alignnone size-thumbnail wp-image-40404\" title=\"golan10druse131029\" src=\"https:\/\/www.freiburg-schwarzwald.de\/blog\/wp-content\/uploads\/2013\/11\/golan10druse131029-180x141.jpg\" alt=\"\" width=\"180\" height=\"141\" srcset=\"https:\/\/www.freiburg-schwarzwald.de\/blog\/wp-content\/uploads\/2013\/11\/golan10druse131029-180x141.jpg 180w, https:\/\/www.freiburg-schwarzwald.de\/blog\/wp-content\/uploads\/2013\/11\/golan10druse131029-640x502.jpg 640w, https:\/\/www.freiburg-schwarzwald.de\/blog\/wp-content\/uploads\/2013\/11\/golan10druse131029.jpg 641w\" sizes=\"auto, (max-width: 180px) 100vw, 180px\" \/><\/a>\u00a0\u00a0\u00a0\u00a0\u00a0\u00a0\u00a0\u00a0\u00a0 <a href=\"https:\/\/www.freiburg-schwarzwald.de\/blog\/global\/israel\/israel2013\/jordan\/jordan5nimrod131029\/\" rel=\"attachment wp-att-40407\"><img loading=\"lazy\" decoding=\"async\" class=\"alignnone size-thumbnail wp-image-40407\" title=\"jordan5nimrod131029\" src=\"https:\/\/www.freiburg-schwarzwald.de\/blog\/wp-content\/uploads\/2013\/11\/jordan5nimrod131029-180x135.jpg\" alt=\"\" width=\"180\" height=\"135\" srcset=\"https:\/\/www.freiburg-schwarzwald.de\/blog\/wp-content\/uploads\/2013\/11\/jordan5nimrod131029-180x135.jpg 180w, https:\/\/www.freiburg-schwarzwald.de\/blog\/wp-content\/uploads\/2013\/11\/jordan5nimrod131029.jpg 640w\" sizes=\"auto, (max-width: 180px) 100vw, 180px\" \/><\/a>\u00a0\u00a0\u00a0\u00a0\u00a0\u00a0\u00a0\u00a0\u00a0 <a href=\"https:\/\/www.freiburg-schwarzwald.de\/blog\/global\/israel\/israel2013\/jordan\/jordan6drusendoerfer131029\/\" rel=\"attachment wp-att-40408\"><img loading=\"lazy\" decoding=\"async\" class=\"alignnone size-thumbnail wp-image-40408\" title=\"jordan6drusendoerfer131029\" src=\"https:\/\/www.freiburg-schwarzwald.de\/blog\/wp-content\/uploads\/2013\/11\/jordan6drusendoerfer131029-180x135.jpg\" alt=\"\" width=\"180\" height=\"135\" srcset=\"https:\/\/www.freiburg-schwarzwald.de\/blog\/wp-content\/uploads\/2013\/11\/jordan6drusendoerfer131029-180x135.jpg 180w, https:\/\/www.freiburg-schwarzwald.de\/blog\/wp-content\/uploads\/2013\/11\/jordan6drusendoerfer131029.jpg 640w\" sizes=\"auto, (max-width: 180px) 100vw, 180px\" \/><\/a><br \/>\n(1) Druse in Tracht\u00a0\u00a0\u00a0\u00a0\u00a0\u00a0\u00a0\u00a0\u00a0\u00a0\u00a0\u00a0\u00a0\u00a0\u00a0\u00a0\u00a0\u00a0\u00a0\u00a0\u00a0\u00a0\u00a0\u00a0\u00a0\u00a0\u00a0\u00a0\u00a0\u00a0\u00a0\u00a0\u00a0\u00a0\u00a0 (2) Blick zu Nimrod (ganz links)\u00a0\u00a0\u00a0\u00a0\u00a0\u00a0\u00a0\u00a0\u00a0\u00a0\u00a0\u00a0\u00a0 (3) Drusend\u00f6rfer oben am Golan<\/h5>\n<h5><a href=\"https:\/\/www.freiburg-schwarzwald.de\/blog\/global\/israel\/israel2013\/jordan\/jordan1quelle131029\/\" rel=\"attachment wp-att-40409\"><img loading=\"lazy\" decoding=\"async\" class=\"alignnone size-thumbnail wp-image-40409\" title=\"jordan1quelle131029\" src=\"https:\/\/www.freiburg-schwarzwald.de\/blog\/wp-content\/uploads\/2013\/11\/jordan1quelle131029-180x135.jpg\" alt=\"\" width=\"180\" height=\"135\" srcset=\"https:\/\/www.freiburg-schwarzwald.de\/blog\/wp-content\/uploads\/2013\/11\/jordan1quelle131029-180x135.jpg 180w, https:\/\/www.freiburg-schwarzwald.de\/blog\/wp-content\/uploads\/2013\/11\/jordan1quelle131029.jpg 640w\" sizes=\"auto, (max-width: 180px) 100vw, 180px\" \/><\/a>\u00a0\u00a0\u00a0\u00a0\u00a0\u00a0\u00a0\u00a0\u00a0 <a href=\"https:\/\/www.freiburg-schwarzwald.de\/blog\/global\/israel\/israel2013\/jordan\/jordan2wassermuehle131029\/\" rel=\"attachment wp-att-40410\"><img loading=\"lazy\" decoding=\"async\" class=\"alignnone size-thumbnail wp-image-40410\" title=\"jordan2wassermuehle131029\" src=\"https:\/\/www.freiburg-schwarzwald.de\/blog\/wp-content\/uploads\/2013\/11\/jordan2wassermuehle131029-135x180.jpg\" alt=\"\" width=\"135\" height=\"180\" srcset=\"https:\/\/www.freiburg-schwarzwald.de\/blog\/wp-content\/uploads\/2013\/11\/jordan2wassermuehle131029-135x180.jpg 135w, https:\/\/www.freiburg-schwarzwald.de\/blog\/wp-content\/uploads\/2013\/11\/jordan2wassermuehle131029.jpg 480w\" sizes=\"auto, (max-width: 135px) 100vw, 135px\" \/><\/a>\u00a0\u00a0\u00a0\u00a0\u00a0\u00a0\u00a0\u00a0\u00a0\u00a0\u00a0\u00a0\u00a0\u00a0\u00a0\u00a0\u00a0\u00a0\u00a0\u00a0\u00a0\u00a0\u00a0\u00a0 <a href=\"https:\/\/www.freiburg-schwarzwald.de\/blog\/global\/israel\/israel2013\/jordan\/jordan3wassermuehle131029\/\" rel=\"attachment wp-att-40411\"><img loading=\"lazy\" decoding=\"async\" class=\"alignnone size-thumbnail wp-image-40411\" title=\"jordan3wassermuehle131029\" src=\"https:\/\/www.freiburg-schwarzwald.de\/blog\/wp-content\/uploads\/2013\/11\/jordan3wassermuehle131029-135x180.jpg\" alt=\"\" width=\"135\" height=\"180\" srcset=\"https:\/\/www.freiburg-schwarzwald.de\/blog\/wp-content\/uploads\/2013\/11\/jordan3wassermuehle131029-135x180.jpg 135w, https:\/\/www.freiburg-schwarzwald.de\/blog\/wp-content\/uploads\/2013\/11\/jordan3wassermuehle131029.jpg 480w\" sizes=\"auto, (max-width: 135px) 100vw, 135px\" \/><\/a><br \/>\n(4) Banias als Quellfluss\u00a0\u00a0\u00a0\u00a0\u00a0\u00a0\u00a0\u00a0\u00a0\u00a0\u00a0\u00a0\u00a0\u00a0\u00a0\u00a0\u00a0\u00a0\u00a0\u00a0\u00a0\u00a0\u00a0 (5) Wasserm\u00fchle<\/h5>\n<h5><a href=\"https:\/\/www.freiburg-schwarzwald.de\/blog\/global\/israel\/israel2013\/jordan\/jordan4soldaten131029\/\" rel=\"attachment wp-att-40412\"><img loading=\"lazy\" decoding=\"async\" class=\"alignnone size-thumbnail wp-image-40412\" title=\"jordan4soldaten131029\" src=\"https:\/\/www.freiburg-schwarzwald.de\/blog\/wp-content\/uploads\/2013\/11\/jordan4soldaten131029-180x135.jpg\" alt=\"\" width=\"180\" height=\"135\" srcset=\"https:\/\/www.freiburg-schwarzwald.de\/blog\/wp-content\/uploads\/2013\/11\/jordan4soldaten131029-180x135.jpg 180w, https:\/\/www.freiburg-schwarzwald.de\/blog\/wp-content\/uploads\/2013\/11\/jordan4soldaten131029.jpg 640w\" sizes=\"auto, (max-width: 180px) 100vw, 180px\" \/><\/a>\u00a0\u00a0\u00a0\u00a0\u00a0\u00a0\u00a0\u00a0\u00a0\u00a0\u00a0\u00a0 <a href=\"https:\/\/www.freiburg-schwarzwald.de\/blog\/global\/israel\/israel2013\/jordan\/jr-jordanquelle131030\/\" rel=\"attachment wp-att-41136\"><img loading=\"lazy\" decoding=\"async\" class=\"alignnone size-thumbnail wp-image-41136\" title=\"jr-jordanquelle131030\" src=\"https:\/\/www.freiburg-schwarzwald.de\/blog\/wp-content\/uploads\/2013\/11\/jr-jordanquelle131030-180x101.jpg\" alt=\"\" width=\"180\" height=\"101\" srcset=\"https:\/\/www.freiburg-schwarzwald.de\/blog\/wp-content\/uploads\/2013\/11\/jr-jordanquelle131030-180x101.jpg 180w, https:\/\/www.freiburg-schwarzwald.de\/blog\/wp-content\/uploads\/2013\/11\/jr-jordanquelle131030.jpg 640w\" sizes=\"auto, (max-width: 180px) 100vw, 180px\" \/><\/a>\u00a0\u00a0\u00a0\u00a0\u00a0\u00a0\u00a0\u00a0\u00a0 <a href=\"https:\/\/www.freiburg-schwarzwald.de\/blog\/global\/israel\/israel2013\/jordan\/er3israel131029\/\" rel=\"attachment wp-att-41980\"><img loading=\"lazy\" decoding=\"async\" class=\"alignnone size-thumbnail wp-image-41980\" title=\"er3israel131029\" src=\"https:\/\/www.freiburg-schwarzwald.de\/blog\/wp-content\/uploads\/2013\/11\/er3israel131029-135x180.jpg\" alt=\"\" width=\"135\" height=\"180\" srcset=\"https:\/\/www.freiburg-schwarzwald.de\/blog\/wp-content\/uploads\/2013\/11\/er3israel131029-135x180.jpg 135w, https:\/\/www.freiburg-schwarzwald.de\/blog\/wp-content\/uploads\/2013\/11\/er3israel131029.jpg 480w\" sizes=\"auto, (max-width: 135px) 100vw, 135px\" \/><\/a><br \/>\n(7) Soldaten am Banias-Weg\u00a0\u00a0\u00a0\u00a0\u00a0\u00a0\u00a0\u00a0\u00a0\u00a0\u00a0\u00a0\u00a0\u00a0\u00a0\u00a0\u00a0\u00a0\u00a0 (8) Wanderweg Banias, Bild JR\u00a0\u00a0\u00a0\u00a0\u00a0\u00a0\u00a0\u00a0\u00a0\u00a0\u00a0\u00a0 (9) Jordan-Quellflu\u00df &#8211; Bild ER<\/h5>\n<h5><a href=\"https:\/\/www.freiburg-schwarzwald.de\/blog\/global\/israel\/israel2013\/jordan\/israel9golan131031\/\" rel=\"attachment wp-att-44616\"><img loading=\"lazy\" decoding=\"async\" class=\"alignnone size-thumbnail wp-image-44616\" src=\"https:\/\/www.freiburg-schwarzwald.de\/blog\/wp-content\/uploads\/2013\/11\/israel9golan131031-180x101.jpg\" alt=\"israel9golan131031\" width=\"180\" height=\"101\" srcset=\"https:\/\/www.freiburg-schwarzwald.de\/blog\/wp-content\/uploads\/2013\/11\/israel9golan131031-180x101.jpg 180w, https:\/\/www.freiburg-schwarzwald.de\/blog\/wp-content\/uploads\/2013\/11\/israel9golan131031.jpg 640w\" sizes=\"auto, (max-width: 180px) 100vw, 180px\" \/><\/a><br \/>\n(10) zwischen Golan und Hule \u00a0 \u00a0 \u00a0 \u00a0 \u00a0<a href=\"https:\/\/www.freiburg-schwarzwald.de\/blog\/global\/israel\/israel2013\/jordan\/israel9golan131031\/\" rel=\"attachment wp-att-44616\"><br \/>\n<\/a><\/h5>\n<p>&nbsp;<\/p>\n<p>&nbsp;<\/p>\n<p><strong>Naturschutzgebiet im Hule-Tal<\/strong><\/p>\n<p>Nach der Staatsgr\u00fcndung Israels\u00a01951 wurde der Hula-See und -Sumpf mit 60 Quadratkilometern\u00a0trockengelegt, um Ackerland zu gewinnen. Natursch\u00fctzern gelang es 1964,\u00a0einen 3.2 Quadratkilometer gro\u00dfen See als Naturreservat zu erhalten. Heute halten\u00a0sich dort zehntausende Zugv\u00f6gel in \u00fcber 200 Arten im Hula-Reservat auf, wie Kraniche, St\u00f6rche, Pelikane, Kormorane und Reiher.<\/p>\n<p><a href=\"https:\/\/israelschweiz.com\/2012\/11\/27\/vogelzug-in-israel-ein-naturspektatkel\/\">https:\/\/israelschweiz.com\/2012\/11\/27\/vogelzug-in-israel-ein-naturspektatkel\/<\/a><\/p>\n<p><a href=\"https:\/\/www.welt.de\/wissenschaft\/umwelt\/article12624639\/Kranich-Invasion-treibt-Israelis-zur-Verzweiflung.html\">https:\/\/www.welt.de\/wissenschaft\/umwelt\/article12624639\/Kranich-Invasion-treibt-Israelis-zur-Verzweiflung.html<\/a><\/p>\n<p><a href=\"https:\/\/www.berliner-zeitung.de\/archiv\/nirgends-ist-das-liebesleben-der-kraniche-besser-zu-beobachten-als-im-israelischen-hula-tal-die-stille-jagd,10810590,10540614.html\">https:\/\/www.berliner-zeitung.de\/archiv\/nirgends-ist-das-liebesleben-der-kraniche-besser-zu-beobachten-als-im-israelischen-hula-tal-die-stille-jagd,10810590,10540614.html<\/a><\/p>\n<p><a href=\"https:\/\/www.goisrael.de\/Tourism_Ger\/Articles\/Attraktionen\/Seiten\/National%20Parks%20and%20Nature%20Reserves%20in%20Northern%20Israel.aspx\">https:\/\/www.goisrael.de\/Tourism_Ger\/Articles\/Attraktionen\/Seiten\/National%20Parks%20and%20Nature%20Reserves%20in%20Northern%20Israel.aspx<\/a>.<\/p>\n<h5><a href=\"https:\/\/www.freiburg-schwarzwald.de\/blog\/global\/israel\/israel2013\/jordan\/hule-kraniche131029\/\" rel=\"attachment wp-att-39958\"><img loading=\"lazy\" decoding=\"async\" class=\"alignnone size-thumbnail wp-image-39958\" title=\"hule-kraniche131029\" src=\"https:\/\/www.freiburg-schwarzwald.de\/blog\/wp-content\/uploads\/2013\/11\/hule-kraniche131029-180x135.jpg\" alt=\"\" width=\"180\" height=\"135\" srcset=\"https:\/\/www.freiburg-schwarzwald.de\/blog\/wp-content\/uploads\/2013\/11\/hule-kraniche131029-180x135.jpg 180w, https:\/\/www.freiburg-schwarzwald.de\/blog\/wp-content\/uploads\/2013\/11\/hule-kraniche131029.jpg 640w\" sizes=\"auto, (max-width: 180px) 100vw, 180px\" \/><\/a>\u00a0\u00a0\u00a0\u00a0\u00a0\u00a0\u00a0\u00a0 <a href=\"https:\/\/www.freiburg-schwarzwald.de\/blog\/global\/israel\/israel2013\/jordan\/hula1see131029\/\" rel=\"attachment wp-att-40430\"><img loading=\"lazy\" decoding=\"async\" class=\"alignnone size-thumbnail wp-image-40430\" title=\"hula1see131029\" src=\"https:\/\/www.freiburg-schwarzwald.de\/blog\/wp-content\/uploads\/2013\/11\/hula1see131029-180x135.jpg\" alt=\"\" width=\"180\" height=\"135\" srcset=\"https:\/\/www.freiburg-schwarzwald.de\/blog\/wp-content\/uploads\/2013\/11\/hula1see131029-180x135.jpg 180w, https:\/\/www.freiburg-schwarzwald.de\/blog\/wp-content\/uploads\/2013\/11\/hula1see131029.jpg 640w\" sizes=\"auto, (max-width: 180px) 100vw, 180px\" \/><\/a>\u00a0\u00a0\u00a0\u00a0\u00a0\u00a0\u00a0\u00a0\u00a0 <a href=\"https:\/\/www.freiburg-schwarzwald.de\/blog\/global\/israel\/israel2013\/jordan\/hula2kranich2e131029\/\" rel=\"attachment wp-att-40431\"><img loading=\"lazy\" decoding=\"async\" class=\"alignnone size-thumbnail wp-image-40431\" title=\"hula2kranich2e131029\" src=\"https:\/\/www.freiburg-schwarzwald.de\/blog\/wp-content\/uploads\/2013\/11\/hula2kranich2e131029-180x135.jpg\" alt=\"\" width=\"180\" height=\"135\" srcset=\"https:\/\/www.freiburg-schwarzwald.de\/blog\/wp-content\/uploads\/2013\/11\/hula2kranich2e131029-180x135.jpg 180w, https:\/\/www.freiburg-schwarzwald.de\/blog\/wp-content\/uploads\/2013\/11\/hula2kranich2e131029-640x480.jpg 640w, https:\/\/www.freiburg-schwarzwald.de\/blog\/wp-content\/uploads\/2013\/11\/hula2kranich2e131029.jpg 1000w\" sizes=\"auto, (max-width: 180px) 100vw, 180px\" \/><\/a><br \/>\n(1) Kraniche am Abend\u00a0\u00a0\u00a0\u00a0\u00a0\u00a0\u00a0\u00a0\u00a0\u00a0\u00a0\u00a0\u00a0\u00a0\u00a0\u00a0\u00a0\u00a0\u00a0\u00a0\u00a0\u00a0\u00a0\u00a0\u00a0\u00a0 (2) Der See im Reservat\u00a0\u00a0\u00a0\u00a0\u00a0\u00a0\u00a0\u00a0\u00a0\u00a0\u00a0\u00a0\u00a0\u00a0\u00a0\u00a0\u00a0\u00a0\u00a0\u00a0\u00a0\u00a0\u00a0\u00a0\u00a0\u00a0\u00a0 (3) Kraniche<\/h5>\n<h5><a href=\"https:\/\/www.freiburg-schwarzwald.de\/blog\/global\/israel\/israel2013\/jordan\/hula4voegel131029\/\" rel=\"attachment wp-att-40432\"><img loading=\"lazy\" decoding=\"async\" class=\"alignnone size-thumbnail wp-image-40432\" title=\"hula4voegel131029\" src=\"https:\/\/www.freiburg-schwarzwald.de\/blog\/wp-content\/uploads\/2013\/11\/hula4voegel131029-180x135.jpg\" alt=\"\" width=\"180\" height=\"135\" srcset=\"https:\/\/www.freiburg-schwarzwald.de\/blog\/wp-content\/uploads\/2013\/11\/hula4voegel131029-180x135.jpg 180w, https:\/\/www.freiburg-schwarzwald.de\/blog\/wp-content\/uploads\/2013\/11\/hula4voegel131029-640x480.jpg 640w, https:\/\/www.freiburg-schwarzwald.de\/blog\/wp-content\/uploads\/2013\/11\/hula4voegel131029.jpg 1000w\" sizes=\"auto, (max-width: 180px) 100vw, 180px\" \/><\/a>\u00a0\u00a0\u00a0\u00a0\u00a0\u00a0\u00a0\u00a0\u00a0 <a href=\"https:\/\/www.freiburg-schwarzwald.de\/blog\/global\/israel\/israel2013\/jordan\/hula5nutria131029\/\" rel=\"attachment wp-att-40433\"><img loading=\"lazy\" decoding=\"async\" class=\"alignnone size-thumbnail wp-image-40433\" title=\"hula5nutria131029\" src=\"https:\/\/www.freiburg-schwarzwald.de\/blog\/wp-content\/uploads\/2013\/11\/hula5nutria131029-180x145.jpg\" alt=\"\" width=\"180\" height=\"145\" srcset=\"https:\/\/www.freiburg-schwarzwald.de\/blog\/wp-content\/uploads\/2013\/11\/hula5nutria131029-180x145.jpg 180w, https:\/\/www.freiburg-schwarzwald.de\/blog\/wp-content\/uploads\/2013\/11\/hula5nutria131029-640x516.jpg 640w, https:\/\/www.freiburg-schwarzwald.de\/blog\/wp-content\/uploads\/2013\/11\/hula5nutria131029.jpg 835w\" sizes=\"auto, (max-width: 180px) 100vw, 180px\" \/><\/a>\u00a0 \u00a0 \u00a0 \u00a0 \u00a0\u00a0<a href=\"https:\/\/www.freiburg-schwarzwald.de\/blog\/global\/israel\/israel2013\/jordan\/israel11orthodoxe-familie131031\/\" rel=\"attachment wp-att-44617\"><img loading=\"lazy\" decoding=\"async\" class=\"alignnone size-thumbnail wp-image-44617\" src=\"https:\/\/www.freiburg-schwarzwald.de\/blog\/wp-content\/uploads\/2013\/11\/israel11orthodoxe-familie131031-180x139.jpg\" alt=\"israel11orthodoxe-familie131031\" width=\"180\" height=\"139\" srcset=\"https:\/\/www.freiburg-schwarzwald.de\/blog\/wp-content\/uploads\/2013\/11\/israel11orthodoxe-familie131031-180x139.jpg 180w, https:\/\/www.freiburg-schwarzwald.de\/blog\/wp-content\/uploads\/2013\/11\/israel11orthodoxe-familie131031-640x497.jpg 640w, https:\/\/www.freiburg-schwarzwald.de\/blog\/wp-content\/uploads\/2013\/11\/israel11orthodoxe-familie131031.jpg 641w\" sizes=\"auto, (max-width: 180px) 100vw, 180px\" \/><\/a><br \/>\n(4) Ein beliebter Zweig\u00a0\u00a0\u00a0\u00a0\u00a0\u00a0\u00a0\u00a0\u00a0\u00a0\u00a0\u00a0\u00a0\u00a0\u00a0\u00a0\u00a0\u00a0\u00a0\u00a0\u00a0\u00a0\u00a0\u00a0\u00a0\u00a0\u00a0\u00a0 (5) Nutria \u00a0 \u00a0 \u00a0 \u00a0 \u00a0 \u00a0 \u00a0 \u00a0 \u00a0 \u00a0 \u00a0 \u00a0 \u00a0 \u00a0 \u00a0 \u00a0 \u00a0 \u00a0 \u00a0 \u00a0 \u00a0 \u00a0 \u00a0 \u00a0 \u00a0 \u00a0 (6) Orthodoxe Familie &#8211; Bild JR<\/h5>\n<p>&nbsp;<\/p>\n<p>(1) Kraniche bei Sonnenuntergang (Bild: Christina Callori)<br \/>\n(2) Der See im Hule-Reservat &#8211; im Hintergrund die Libanon-Berge<\/p>\n","protected":false},"excerpt":{"rendered":"<p>Home &gt;Global\u00a0&gt;Israel &gt;Israel2013 &gt;Jordan Papst ehrt Islamist aus Iran, nicht aber aram\u00e4ischen Christ aus Gali\u00e4a\u00a0(14.5.2026) Frieden im Westjordanland: Flurbereinigung\u00a0(2.1.2024) Nimrod-Festung Banias &#8211; einer der Quellfl\u00fcsse des Jordan Naturschutzgebiet im Hule-Tal Jordantal zwischen See Genezareth und Totem Meer &nbsp; &nbsp; \u00a0\u00a0\u00a0\u00a0\u00a0\u00a0\u00a0\u00a0\u00a0 &hellip; <a href=\"https:\/\/www.freiburg-schwarzwald.de\/blog\/global\/israel\/israel2013\/jordan\/\">Weiterlesen <span class=\"meta-nav\">&rarr;<\/span><\/a><\/p>\n","protected":false},"author":4,"featured_media":0,"parent":39730,"menu_order":0,"comment_status":"open","ping_status":"closed","template":"","meta":{"footnotes":""},"class_list":["post-39955","page","type-page","status-publish","hentry"],"_links":{"self":[{"href":"https:\/\/www.freiburg-schwarzwald.de\/blog\/wp-json\/wp\/v2\/pages\/39955","targetHints":{"allow":["GET"]}}],"collection":[{"href":"https:\/\/www.freiburg-schwarzwald.de\/blog\/wp-json\/wp\/v2\/pages"}],"about":[{"href":"https:\/\/www.freiburg-schwarzwald.de\/blog\/wp-json\/wp\/v2\/types\/page"}],"author":[{"embeddable":true,"href":"https:\/\/www.freiburg-schwarzwald.de\/blog\/wp-json\/wp\/v2\/users\/4"}],"replies":[{"embeddable":true,"href":"https:\/\/www.freiburg-schwarzwald.de\/blog\/wp-json\/wp\/v2\/comments?post=39955"}],"version-history":[{"count":2,"href":"https:\/\/www.freiburg-schwarzwald.de\/blog\/wp-json\/wp\/v2\/pages\/39955\/revisions"}],"predecessor-version":[{"id":149153,"href":"https:\/\/www.freiburg-schwarzwald.de\/blog\/wp-json\/wp\/v2\/pages\/39955\/revisions\/149153"}],"up":[{"embeddable":true,"href":"https:\/\/www.freiburg-schwarzwald.de\/blog\/wp-json\/wp\/v2\/pages\/39730"}],"wp:attachment":[{"href":"https:\/\/www.freiburg-schwarzwald.de\/blog\/wp-json\/wp\/v2\/media?parent=39955"}],"curies":[{"name":"wp","href":"https:\/\/api.w.org\/{rel}","templated":true}]}}