{"id":39850,"date":"2013-11-04T17:14:43","date_gmt":"2013-11-04T16:14:43","guid":{"rendered":"https:\/\/www.freiburg-schwarzwald.de\/blog\/?page_id=39850"},"modified":"2025-11-25T11:28:09","modified_gmt":"2025-11-25T10:28:09","slug":"jerusalem-neustadt","status":"publish","type":"page","link":"https:\/\/www.freiburg-schwarzwald.de\/blog\/global\/israel\/israel2013\/jerusalem-neustadt\/","title":{"rendered":"Jerusalem-Neustadt"},"content":{"rendered":"<p>Home &gt;<a title=\"Global\" href=\"https:\/\/www.freiburg-schwarzwald.de\/blog\/global\/\">Globa<\/a>l\u00a0&gt;<a title=\"Israel\" href=\"https:\/\/www.freiburg-schwarzwald.de\/blog\/global\/israel\/\">Israel<\/a> &gt;<a title=\"Israel2013\" href=\"https:\/\/www.freiburg-schwarzwald.de\/blog\/global\/israel\/israel2013\/\">Israel2013<\/a> &gt;Jerusalem-Neustadt<\/p>\n<div id=\"attachment_40775\" style=\"width: 652px\" class=\"wp-caption alignnone\"><a href=\"https:\/\/www.freiburg-schwarzwald.de\/blog\/global\/israel\/israel2013\/jerusalem-neustadt\/jerusalem-elaksa-pan131026\/\" rel=\"attachment wp-att-40775\"><img loading=\"lazy\" decoding=\"async\" aria-describedby=\"caption-attachment-40775\" class=\"size-full wp-image-40775\" title=\"jerusalem-elaksa-pan131026\" src=\"https:\/\/www.freiburg-schwarzwald.de\/blog\/wp-content\/uploads\/2013\/11\/jerusalem-elaksa-pan131026.jpg\" alt=\"\" width=\"642\" height=\"186\" srcset=\"https:\/\/www.freiburg-schwarzwald.de\/blog\/wp-content\/uploads\/2013\/11\/jerusalem-elaksa-pan131026.jpg 642w, https:\/\/www.freiburg-schwarzwald.de\/blog\/wp-content\/uploads\/2013\/11\/jerusalem-elaksa-pan131026-180x52.jpg 180w, https:\/\/www.freiburg-schwarzwald.de\/blog\/wp-content\/uploads\/2013\/11\/jerusalem-elaksa-pan131026-640x185.jpg 640w\" sizes=\"auto, (max-width: 642px) 100vw, 642px\" \/><\/a><p id=\"caption-attachment-40775\" class=\"wp-caption-text\">Blick \u00fcber Klagemauer und El Aksa-Moschee (graue Kuppel) in Jerusalem zum \u00d6lberg am 26.10.2013<\/p><\/div>\n<p>&nbsp;<\/p>\n<ul>\n<li><em>Listenauswahl eines Beitrags (Artikel\/Datum, Seite\/Inhalt): <span style=\"text-decoration: underline;\">Klicken<\/span> oder scrollen<\/em><\/li>\n<li><a title=\"Auschwitz1945-2020\" href=\"https:\/\/www.freiburg-schwarzwald.de\/blog\/kultur\/erinnerungskultur\/auschwitz1945-2020\/\">Historiker Wolffsohn kritisiert Steinmeiers Rede in Israel \u2013 und neue\u00a0Gedenkkultur<\/a>\u00a0 (24.1.2020)<\/li>\n<li><a title=\"Erinnerungskultur\" href=\"https:\/\/www.freiburg-schwarzwald.de\/blog\/kultur\/erinnerungskultur\/\">Holocaust-Gedenken: Der lange Schatten 75 Jahre nach Auschwitz<\/a>\u00a0(24.1.2020)<\/li>\n<li>Chagall-Fenster in Hadassah-Klinik auf dem Skopusberg<\/li>\n<li><strong>Yad Vashem &#8211; Erinnerungsst\u00e4tte in Jerusalems Neustadt<\/strong><\/li>\n<li>Israel-Museum mit Schrein des Buches und Jerusalem-Modell<\/li>\n<li><\/li>\n<li><a title=\"Auschwitz1945-2020\" href=\"https:\/\/www.freiburg-schwarzwald.de\/blog\/kultur\/erinnerungskultur\/auschwitz1945-2020\/\">Auschwitz1945-2020<\/a><\/li>\n<li><a title=\"Jerusalem-Altstadt\" href=\"https:\/\/www.freiburg-schwarzwald.de\/blog\/global\/israel\/israel2013\/jerusalem-altstadt\/\">Jerusalem &#8211; Altstadt<\/a><\/li>\n<\/ul>\n<p><strong>Der Holocaust ist das schlimmste Menschheitsverbrechen<\/strong><br \/>\nHolocaust kommt aus dem Griechischen f\u00fcr &#8222;v\u00f6llig verbrannt&#8220; und Schoa bzw. Schoah aus dem Hebr\u00e4ischen f\u00fcr &#8222;gro\u00dfe Katastrophe&#8220;. Beide Begriffe bezeichnen die systematische Vernichtung der Juden w\u00e4hrend des Nationalsozialismus 1933-1945.<br \/>\n=============================================================<\/p>\n<p>&nbsp;<\/p>\n<p><strong>Chagall-Fenster in Hadassah-Klinik auf dem Skopusberg<\/strong><\/p>\n<h5><a href=\"https:\/\/www.freiburg-schwarzwald.de\/blog\/global\/israel\/israel2013\/jerusalem-neustadt\/chagall1jerusalem131027\/\" rel=\"attachment wp-att-40571\"><img loading=\"lazy\" decoding=\"async\" class=\"alignnone size-thumbnail wp-image-40571\" title=\"chagall1jerusalem131027\" src=\"https:\/\/www.freiburg-schwarzwald.de\/blog\/wp-content\/uploads\/2013\/11\/chagall1jerusalem131027-180x135.jpg\" alt=\"\" width=\"180\" height=\"135\" srcset=\"https:\/\/www.freiburg-schwarzwald.de\/blog\/wp-content\/uploads\/2013\/11\/chagall1jerusalem131027-180x135.jpg 180w, https:\/\/www.freiburg-schwarzwald.de\/blog\/wp-content\/uploads\/2013\/11\/chagall1jerusalem131027.jpg 640w\" sizes=\"auto, (max-width: 180px) 100vw, 180px\" \/><\/a>\u00a0\u00a0\u00a0\u00a0\u00a0\u00a0\u00a0\u00a0\u00a0 <a href=\"https:\/\/www.freiburg-schwarzwald.de\/blog\/global\/israel\/israel2013\/jerusalem-neustadt\/chagall2jerusalem131027\/\" rel=\"attachment wp-att-40572\"><img loading=\"lazy\" decoding=\"async\" class=\"alignnone size-thumbnail wp-image-40572\" title=\"chagall2jerusalem131027\" src=\"https:\/\/www.freiburg-schwarzwald.de\/blog\/wp-content\/uploads\/2013\/11\/chagall2jerusalem131027-180x135.jpg\" alt=\"\" width=\"180\" height=\"135\" srcset=\"https:\/\/www.freiburg-schwarzwald.de\/blog\/wp-content\/uploads\/2013\/11\/chagall2jerusalem131027-180x135.jpg 180w, https:\/\/www.freiburg-schwarzwald.de\/blog\/wp-content\/uploads\/2013\/11\/chagall2jerusalem131027.jpg 640w\" sizes=\"auto, (max-width: 180px) 100vw, 180px\" \/><\/a>\u00a0\u00a0\u00a0\u00a0\u00a0\u00a0\u00a0\u00a0\u00a0 <a href=\"https:\/\/www.freiburg-schwarzwald.de\/blog\/global\/israel\/israel2013\/jerusalem-neustadt\/chagall3jerusalem131027\/\" rel=\"attachment wp-att-40573\"><img loading=\"lazy\" decoding=\"async\" class=\"alignnone size-thumbnail wp-image-40573\" title=\"chagall3jerusalem131027\" src=\"https:\/\/www.freiburg-schwarzwald.de\/blog\/wp-content\/uploads\/2013\/11\/chagall3jerusalem131027-180x155.jpg\" alt=\"\" width=\"180\" height=\"155\" srcset=\"https:\/\/www.freiburg-schwarzwald.de\/blog\/wp-content\/uploads\/2013\/11\/chagall3jerusalem131027-180x155.jpg 180w, https:\/\/www.freiburg-schwarzwald.de\/blog\/wp-content\/uploads\/2013\/11\/chagall3jerusalem131027-640x551.jpg 640w, https:\/\/www.freiburg-schwarzwald.de\/blog\/wp-content\/uploads\/2013\/11\/chagall3jerusalem131027.jpg 780w\" sizes=\"auto, (max-width: 180px) 100vw, 180px\" \/><\/a><br \/>\n(1) Reuben, Simon und Levi (rechts)\u00a0\u00a0\u00a0\u00a0 \u00a0(2)\u00a0n \u00a0\u00a0\u00a0\u00a0\u00a0\u00a0\u00a0\u00a0\u00a0\u00a0\u00a0\u00a0\u00a0\u00a0\u00a0\u00a0\u00a0\u00a0\u00a0\u00a0\u00a0\u00a0\u00a0\u00a0\u00a0\u00a0\u00a0\u00a0\u00a0\u00a0\u00a0\u00a0\u00a0\u00a0\u00a0\u00a0\u00a0\u00a0\u00a0\u00a0\u00a0\u00a0\u00a0\u00a0\u00a0\u00a0\u00a0\u00a0\u00a0\u00a0\u00a0\u00a0\u00a0\u00a0\u00a0\u00a0\u00a0\u00a0\u00a0\u00a0\u00a0(3) Asher, Joseph und Benjamin (blau)<\/h5>\n<p>Bei der Einweihung der Abel-Synagoge der Universit\u00e4tsklinik von Hassadah \u00fcbergab Marc Chagall am 6.2.1962 zw\u00f6lf Fenster, die die zw\u00f6lf S\u00f6hne Jakobs symbolisieren, von denen die zw\u00f6lf St\u00e4mme Israels abstammen:<br \/>\nReuben hellblau, Simon dunkelblau, Levi gelb hell, Jud dunkelrot, Sebulon hellrot, Issachar gr\u00fcn, Dan blau, Gad dunkelgr\u00fcn, Asher gelb, Joseph orange und Benjamin blau.<\/p>\n<p><a href=\"https:\/\/www.hadassah.org.il\">www.hadassah.org.il<\/a><\/p>\n<p>&nbsp;<\/p>\n<p>&nbsp;<\/p>\n<p><strong>Yad Vashem &#8211; Erinnerungsst\u00e4tte in Jerusalems Neustadt<\/strong><\/p>\n<h5><a href=\"https:\/\/www.freiburg-schwarzwald.de\/blog\/global\/israel\/israel2013\/jerusalem-neustadt\/yadvashem1-alles-des-justes131027\/\" rel=\"attachment wp-att-40588\"><img loading=\"lazy\" decoding=\"async\" class=\"alignnone size-thumbnail wp-image-40588\" title=\"yadvashem1-alles-des-justes131027\" src=\"https:\/\/www.freiburg-schwarzwald.de\/blog\/wp-content\/uploads\/2013\/11\/yadvashem1-alles-des-justes131027-135x180.jpg\" alt=\"\" width=\"135\" height=\"180\" srcset=\"https:\/\/www.freiburg-schwarzwald.de\/blog\/wp-content\/uploads\/2013\/11\/yadvashem1-alles-des-justes131027-135x180.jpg 135w, https:\/\/www.freiburg-schwarzwald.de\/blog\/wp-content\/uploads\/2013\/11\/yadvashem1-alles-des-justes131027.jpg 480w\" sizes=\"auto, (max-width: 135px) 100vw, 135px\" \/><\/a>\u00a0\u00a0\u00a0\u00a0\u00a0\u00a0\u00a0\u00a0\u00a0\u00a0\u00a0\u00a0\u00a0\u00a0\u00a0\u00a0\u00a0 <a href=\"https:\/\/www.freiburg-schwarzwald.de\/blog\/global\/israel\/israel2013\/jerusalem-neustadt\/yadvashem2ghetto131027\/\" rel=\"attachment wp-att-40589\"><img loading=\"lazy\" decoding=\"async\" class=\"alignnone size-thumbnail wp-image-40589\" title=\"yadvashem2ghetto131027\" src=\"https:\/\/www.freiburg-schwarzwald.de\/blog\/wp-content\/uploads\/2013\/11\/yadvashem2ghetto131027-180x135.jpg\" alt=\"\" width=\"180\" height=\"135\" srcset=\"https:\/\/www.freiburg-schwarzwald.de\/blog\/wp-content\/uploads\/2013\/11\/yadvashem2ghetto131027-180x135.jpg 180w, https:\/\/www.freiburg-schwarzwald.de\/blog\/wp-content\/uploads\/2013\/11\/yadvashem2ghetto131027.jpg 640w\" sizes=\"auto, (max-width: 180px) 100vw, 180px\" \/><\/a>\u00a0\u00a0\u00a0\u00a0\u00a0\u00a0\u00a0\u00a0\u00a0 <a href=\"https:\/\/www.freiburg-schwarzwald.de\/blog\/global\/israel\/israel2013\/jerusalem-neustadt\/yadvashem3kz131027\/\" rel=\"attachment wp-att-40590\"><img loading=\"lazy\" decoding=\"async\" class=\"alignnone size-thumbnail wp-image-40590\" title=\"yadvashem3kz131027\" src=\"https:\/\/www.freiburg-schwarzwald.de\/blog\/wp-content\/uploads\/2013\/11\/yadvashem3kz131027-180x135.jpg\" alt=\"\" width=\"180\" height=\"135\" srcset=\"https:\/\/www.freiburg-schwarzwald.de\/blog\/wp-content\/uploads\/2013\/11\/yadvashem3kz131027-180x135.jpg 180w, https:\/\/www.freiburg-schwarzwald.de\/blog\/wp-content\/uploads\/2013\/11\/yadvashem3kz131027.jpg 640w\" sizes=\"auto, (max-width: 180px) 100vw, 180px\" \/><\/a><br \/>\n(1) Allee des Justes 27.10.2013\u00a0\u00a0\u00a0\u00a0 (2) Warschauer Ghetto\u00a0\u00a0\u00a0\u00a0\u00a0\u00a0\u00a0\u00a0\u00a0\u00a0\u00a0\u00a0\u00a0\u00a0\u00a0\u00a0\u00a0\u00a0\u00a0\u00a0\u00a0\u00a0\u00a0\u00a0\u00a0\u00a0\u00a0\u00a0 (3) Stutthof und alle KZs<\/h5>\n<h5><a href=\"https:\/\/www.freiburg-schwarzwald.de\/blog\/global\/israel\/israel2013\/jerusalem-neustadt\/yadvashem4kindermahnmal131027\/\" rel=\"attachment wp-att-40591\"><img loading=\"lazy\" decoding=\"async\" class=\"alignnone size-thumbnail wp-image-40591\" title=\"yadvashem4kindermahnmal131027\" src=\"https:\/\/www.freiburg-schwarzwald.de\/blog\/wp-content\/uploads\/2013\/11\/yadvashem4kindermahnmal131027-180x135.jpg\" alt=\"\" width=\"180\" height=\"135\" srcset=\"https:\/\/www.freiburg-schwarzwald.de\/blog\/wp-content\/uploads\/2013\/11\/yadvashem4kindermahnmal131027-180x135.jpg 180w, https:\/\/www.freiburg-schwarzwald.de\/blog\/wp-content\/uploads\/2013\/11\/yadvashem4kindermahnmal131027.jpg 640w\" sizes=\"auto, (max-width: 180px) 100vw, 180px\" \/><\/a>\u00a0\u00a0\u00a0\u00a0\u00a0\u00a0\u00a0\u00a0\u00a0 <a href=\"https:\/\/www.freiburg-schwarzwald.de\/blog\/global\/israel\/israel2013\/jerusalem-neustadt\/yadvashem5kindermahnmal131027\/\" rel=\"attachment wp-att-40592\"><img loading=\"lazy\" decoding=\"async\" class=\"alignnone size-thumbnail wp-image-40592\" title=\"yadvashem5kindermahnmal131027\" src=\"https:\/\/www.freiburg-schwarzwald.de\/blog\/wp-content\/uploads\/2013\/11\/yadvashem5kindermahnmal131027-180x143.jpg\" alt=\"\" width=\"180\" height=\"143\" srcset=\"https:\/\/www.freiburg-schwarzwald.de\/blog\/wp-content\/uploads\/2013\/11\/yadvashem5kindermahnmal131027-180x143.jpg 180w, https:\/\/www.freiburg-schwarzwald.de\/blog\/wp-content\/uploads\/2013\/11\/yadvashem5kindermahnmal131027-640x511.jpg 640w, https:\/\/www.freiburg-schwarzwald.de\/blog\/wp-content\/uploads\/2013\/11\/yadvashem5kindermahnmal131027.jpg 641w\" sizes=\"auto, (max-width: 180px) 100vw, 180px\" \/><\/a>\u00a0\u00a0\u00a0\u00a0\u00a0\u00a0\u00a0\u00a0\u00a0 <a href=\"https:\/\/www.freiburg-schwarzwald.de\/blog\/global\/israel\/israel2013\/jerusalem-neustadt\/yadvashem6eingang131027\/\" rel=\"attachment wp-att-40593\"><img loading=\"lazy\" decoding=\"async\" class=\"alignnone size-thumbnail wp-image-40593\" title=\"yadvashem6eingang131027\" src=\"https:\/\/www.freiburg-schwarzwald.de\/blog\/wp-content\/uploads\/2013\/11\/yadvashem6eingang131027-180x135.jpg\" alt=\"\" width=\"180\" height=\"135\" srcset=\"https:\/\/www.freiburg-schwarzwald.de\/blog\/wp-content\/uploads\/2013\/11\/yadvashem6eingang131027-180x135.jpg 180w, https:\/\/www.freiburg-schwarzwald.de\/blog\/wp-content\/uploads\/2013\/11\/yadvashem6eingang131027.jpg 640w\" sizes=\"auto, (max-width: 180px) 100vw, 180px\" \/><\/a><br \/>\n(4) Kindermahnmal &#8211; Eingang\u00a0\u00a0\u00a0\u00a0\u00a0\u00a0\u00a0\u00a0\u00a0\u00a0\u00a0\u00a0\u00a0\u00a0\u00a0 (5) Yad Vashem Kindermahnmal\u00a0\u00a0\u00a0\u00a0\u00a0\u00a0\u00a0\u00a0 (6) Yad Vashem &#8211; Soldatinnen<\/h5>\n<h5><a href=\"https:\/\/www.freiburg-schwarzwald.de\/blog\/global\/israel\/israel2013\/jerusalem-neustadt\/yadvashem7soldaten131027\/\" rel=\"attachment wp-att-40594\"><img loading=\"lazy\" decoding=\"async\" class=\"alignnone size-thumbnail wp-image-40594\" title=\"yadvashem7soldaten131027\" src=\"https:\/\/www.freiburg-schwarzwald.de\/blog\/wp-content\/uploads\/2013\/11\/yadvashem7soldaten131027-180x135.jpg\" alt=\"\" width=\"180\" height=\"135\" srcset=\"https:\/\/www.freiburg-schwarzwald.de\/blog\/wp-content\/uploads\/2013\/11\/yadvashem7soldaten131027-180x135.jpg 180w, https:\/\/www.freiburg-schwarzwald.de\/blog\/wp-content\/uploads\/2013\/11\/yadvashem7soldaten131027.jpg 640w\" sizes=\"auto, (max-width: 180px) 100vw, 180px\" \/><\/a><br \/>\n(7) Yad Vashem &#8211; Eingang<\/h5>\n<p>Die Erinnerungsst\u00e4tte Yad Vashem liegt wundersch\u00f6n auf einem H\u00fcgel in der Jerusalemer Neustadt inmitten eines gro\u00dfen Parks.<br \/>\nWir sind beim Besuch am 27.10.2013 alle tief beeindruckt, besch\u00e4mt und sprachlos. Vor allem das Kindermahnmal l\u00e4\u00dft einen nicht los &#8211; wie konnte so Furchtbares geschehen &#8211; kleine Kinder?<\/p>\n<p>Am Eingang stehen viele, ganz\u00a0 junge israelische Soldatinnen und Soldaten. Sie besuchen im Rahmen ihrer Wehrpflicht (Frauen 2 Jahre, M\u00e4nner 3 Jahre) zweimal die Erinnerungsst\u00e4tte Yad Vashem. Ich konnte mit einigen kurz sprechen &#8211; danach ging es mir wieder etwas besser.<br \/>\nAn der Zufahrt zur Erinnerungsst\u00e4tte warten in einer langen Schlange die Taxis. Die meisten Taxifahrer sind Araber bzw. <a href=\"https:\/\/www.freiburg-schwarzwald.de\/blog\/global\/israel\/palaestina\/\">Pal\u00e4stinenser<\/a>, die in der Jerusalemer Oststadt wohnen und den jordanischen Pass haben. Auch mit ihnen gab es interessante Gespr\u00e4che.<br \/>\n.<br \/>\n(1) In der &#8222;Strasse der Gerechten&#8220; finden sich unter Johannesbrotb\u00e4umen viele Personen, u.a. auch Oskar Schindler (rechts). Auch Heinz Drossel aus Simonswald (Die Zeit der F\u00fcchse).<\/p>\n<p><a href=\"https:\/\/www.yadvashem.org\/yv\/de\">https:\/\/www.yadvashem.org\/yv\/de<\/a><\/p>\n<p>&nbsp;<\/p>\n<p>&nbsp;<\/p>\n<p><strong>Israel-Museum mit Schrein des Buches und Jerusalem-Modell<\/strong><\/p>\n<h5><a href=\"https:\/\/www.freiburg-schwarzwald.de\/blog\/global\/israel\/israel2013\/jerusalem-neustadt\/jerusalem1modell131027\/\" rel=\"attachment wp-att-40599\"><img loading=\"lazy\" decoding=\"async\" class=\"alignnone size-thumbnail wp-image-40599\" title=\"jerusalem1modell131027\" src=\"https:\/\/www.freiburg-schwarzwald.de\/blog\/wp-content\/uploads\/2013\/11\/jerusalem1modell131027-180x135.jpg\" alt=\"\" width=\"180\" height=\"135\" srcset=\"https:\/\/www.freiburg-schwarzwald.de\/blog\/wp-content\/uploads\/2013\/11\/jerusalem1modell131027-180x135.jpg 180w, https:\/\/www.freiburg-schwarzwald.de\/blog\/wp-content\/uploads\/2013\/11\/jerusalem1modell131027-640x480.jpg 640w, https:\/\/www.freiburg-schwarzwald.de\/blog\/wp-content\/uploads\/2013\/11\/jerusalem1modell131027.jpg 1000w\" sizes=\"auto, (max-width: 180px) 100vw, 180px\" \/><\/a>\u00a0\u00a0\u00a0\u00a0\u00a0\u00a0\u00a0\u00a0\u00a0 <a href=\"https:\/\/www.freiburg-schwarzwald.de\/blog\/global\/israel\/israel2013\/jerusalem-neustadt\/jerusalem2buch131027\/\" rel=\"attachment wp-att-40600\"><img loading=\"lazy\" decoding=\"async\" class=\"alignnone size-thumbnail wp-image-40600\" title=\"jerusalem2buch131027\" src=\"https:\/\/www.freiburg-schwarzwald.de\/blog\/wp-content\/uploads\/2013\/11\/jerusalem2buch131027-180x135.jpg\" alt=\"\" width=\"180\" height=\"135\" srcset=\"https:\/\/www.freiburg-schwarzwald.de\/blog\/wp-content\/uploads\/2013\/11\/jerusalem2buch131027-180x135.jpg 180w, https:\/\/www.freiburg-schwarzwald.de\/blog\/wp-content\/uploads\/2013\/11\/jerusalem2buch131027.jpg 640w\" sizes=\"auto, (max-width: 180px) 100vw, 180px\" \/><\/a>\u00a0\u00a0\u00a0\u00a0\u00a0\u00a0\u00a0\u00a0\u00a0\u00a0 <a href=\"https:\/\/www.freiburg-schwarzwald.de\/blog\/global\/israel\/israel2013\/jerusalem-neustadt\/jr-jerusalem-museum131026\/\" rel=\"attachment wp-att-41133\"><img loading=\"lazy\" decoding=\"async\" class=\"alignnone size-thumbnail wp-image-41133\" title=\"jr-jerusalem-museum131026\" src=\"https:\/\/www.freiburg-schwarzwald.de\/blog\/wp-content\/uploads\/2013\/11\/jr-jerusalem-museum131026-180x101.jpg\" alt=\"\" width=\"180\" height=\"101\" srcset=\"https:\/\/www.freiburg-schwarzwald.de\/blog\/wp-content\/uploads\/2013\/11\/jr-jerusalem-museum131026-180x101.jpg 180w, https:\/\/www.freiburg-schwarzwald.de\/blog\/wp-content\/uploads\/2013\/11\/jr-jerusalem-museum131026.jpg 640w\" sizes=\"auto, (max-width: 180px) 100vw, 180px\" \/><\/a><br \/>\n(1) Modell der Stadt Jerusalem\u00a0\u00a0\u00a0\u00a0\u00a0\u00a0\u00a0\u00a0\u00a0\u00a0\u00a0\u00a0\u00a0 (2) Schrein des Buches\u00a0\u00a0\u00a0\u00a0\u00a0\u00a0\u00a0\u00a0\u00a0\u00a0\u00a0\u00a0\u00a0\u00a0\u00a0\u00a0\u00a0\u00a0\u00a0\u00a0\u00a0\u00a0\u00a0\u00a0\u00a0\u00a0\u00a0 (3) Museum bew\u00e4ssert &#8211; Bild JR<\/h5>\n<p>(1) Blick nach Nordosten: Im Hintergrund Mitte auf dem H\u00f6henzug der Flachbau der Knesseth, des Parlamentsgeb\u00e4udes. Links davon die Ministerien.<\/p>\n<p><a href=\"https:\/\/www.go-jerusalem.de\/de\/kultur\/museen\/israel-museum\/\">https:\/\/www.go-jerusalem.de\/de\/kultur\/museen\/israel-museum\/<\/a><\/p>\n<p>&nbsp;<\/p>\n<p>&nbsp;<\/p>\n<h5><a href=\"https:\/\/www.freiburg-schwarzwald.de\/blog\/global\/israel\/israel2013\/jerusalem-neustadt\/jerusalem14bruecke131026\/\" rel=\"attachment wp-att-40764\"><img loading=\"lazy\" decoding=\"async\" class=\"alignnone size-thumbnail wp-image-40764\" title=\"jerusalem14bruecke131026\" src=\"https:\/\/www.freiburg-schwarzwald.de\/blog\/wp-content\/uploads\/2013\/11\/jerusalem14bruecke131026-135x180.jpg\" alt=\"\" width=\"135\" height=\"180\" srcset=\"https:\/\/www.freiburg-schwarzwald.de\/blog\/wp-content\/uploads\/2013\/11\/jerusalem14bruecke131026-135x180.jpg 135w, https:\/\/www.freiburg-schwarzwald.de\/blog\/wp-content\/uploads\/2013\/11\/jerusalem14bruecke131026.jpg 480w\" sizes=\"auto, (max-width: 135px) 100vw, 135px\" \/><\/a>\u00a0\u00a0\u00a0\u00a0\u00a0\u00a0\u00a0\u00a0\u00a0\u00a0\u00a0\u00a0\u00a0\u00a0\u00a0\u00a0\u00a0\u00a0\u00a0\u00a0\u00a0 \u00a0\u00a0\u00a0 <a href=\"https:\/\/www.freiburg-schwarzwald.de\/blog\/global\/israel\/israel2013\/jerusalem-neustadt\/cj-soldaten131101\/\" rel=\"attachment wp-att-41058\"><img loading=\"lazy\" decoding=\"async\" class=\"alignnone size-thumbnail wp-image-41058\" title=\"cj-soldaten131101\" src=\"https:\/\/www.freiburg-schwarzwald.de\/blog\/wp-content\/uploads\/2013\/11\/cj-soldaten131101-180x135.jpg\" alt=\"\" width=\"180\" height=\"135\" srcset=\"https:\/\/www.freiburg-schwarzwald.de\/blog\/wp-content\/uploads\/2013\/11\/cj-soldaten131101-180x135.jpg 180w, https:\/\/www.freiburg-schwarzwald.de\/blog\/wp-content\/uploads\/2013\/11\/cj-soldaten131101.jpg 640w\" sizes=\"auto, (max-width: 180px) 100vw, 180px\" \/><\/a>\u00a0\u00a0\u00a0\u00a0\u00a0\u00a0\u00a0\u00a0\u00a0 <a href=\"https:\/\/www.freiburg-schwarzwald.de\/blog\/global\/israel\/israel2013\/jerusalem-neustadt\/cj-pilgerbus131101\/\" rel=\"attachment wp-att-41059\"><img loading=\"lazy\" decoding=\"async\" class=\"alignnone size-thumbnail wp-image-41059\" title=\"cj-pilgerbus131101\" src=\"https:\/\/www.freiburg-schwarzwald.de\/blog\/wp-content\/uploads\/2013\/11\/cj-pilgerbus131101-180x135.jpg\" alt=\"\" width=\"180\" height=\"135\" srcset=\"https:\/\/www.freiburg-schwarzwald.de\/blog\/wp-content\/uploads\/2013\/11\/cj-pilgerbus131101-180x135.jpg 180w, https:\/\/www.freiburg-schwarzwald.de\/blog\/wp-content\/uploads\/2013\/11\/cj-pilgerbus131101.jpg 640w\" sizes=\"auto, (max-width: 180px) 100vw, 180px\" \/><\/a><br \/>\n(1) Br\u00fccke Jerusalem\u00a0\u00a0\u00a0\u00a0\u00a0\u00a0\u00a0\u00a0\u00a0\u00a0\u00a0\u00a0\u00a0\u00a0\u00a0 \u00a0\u00a0\u00a0\u00a0\u00a0\u00a0\u00a0\u00a0\u00a0\u00a0\u00a0\u00a0\u00a0 \u00a0 (2) Kontrolle\u00a0\u00a0\u00a0\u00a0\u00a0\u00a0\u00a0\u00a0\u00a0\u00a0\u00a0\u00a0\u00a0\u00a0\u00a0\u00a0\u00a0\u00a0\u00a0\u00a0\u00a0\u00a0\u00a0\u00a0\u00a0\u00a0\u00a0\u00a0\u00a0\u00a0\u00a0\u00a0\u00a0\u00a0\u00a0\u00a0\u00a0\u00a0\u00a0\u00a0\u00a0\u00a0\u00a0\u00a0\u00a0\u00a0 (3) Pilgerbus<\/h5>\n<h5><a href=\"https:\/\/www.freiburg-schwarzwald.de\/blog\/global\/israel\/israel2013\/jerusalem-neustadt\/israel5toraschreiber131031\/\" rel=\"attachment wp-att-44598\"><img loading=\"lazy\" decoding=\"async\" class=\"alignnone size-thumbnail wp-image-44598\" src=\"https:\/\/www.freiburg-schwarzwald.de\/blog\/wp-content\/uploads\/2013\/11\/israel5toraschreiber131031-180x145.jpg\" alt=\"israel5toraschreiber131031\" width=\"180\" height=\"145\" srcset=\"https:\/\/www.freiburg-schwarzwald.de\/blog\/wp-content\/uploads\/2013\/11\/israel5toraschreiber131031-180x145.jpg 180w, https:\/\/www.freiburg-schwarzwald.de\/blog\/wp-content\/uploads\/2013\/11\/israel5toraschreiber131031.jpg 640w\" sizes=\"auto, (max-width: 180px) 100vw, 180px\" \/><\/a>\u00a0 \u00a0 \u00a0 \u00a0 \u00a0 \u00a0\u00a0<a href=\"https:\/\/www.freiburg-schwarzwald.de\/blog\/global\/israel\/israel2013\/jerusalem-neustadt\/israel5toraschreiber131031\/\" rel=\"attachment wp-att-44598\"><br \/>\n<\/a>(4) Tora-Schreiber &#8211; Bild JR<\/h5>\n<p>(1) St\u00fctzpfeiler der neuen Strassenbahn-Br\u00fccke in Jerusalem<\/p>\n","protected":false},"excerpt":{"rendered":"<p>Home &gt;Global\u00a0&gt;Israel &gt;Israel2013 &gt;Jerusalem-Neustadt &nbsp; Listenauswahl eines Beitrags (Artikel\/Datum, Seite\/Inhalt): Klicken oder scrollen Historiker Wolffsohn kritisiert Steinmeiers Rede in Israel \u2013 und neue\u00a0Gedenkkultur\u00a0 (24.1.2020) Holocaust-Gedenken: Der lange Schatten 75 Jahre nach Auschwitz\u00a0(24.1.2020) Chagall-Fenster in Hadassah-Klinik auf dem Skopusberg Yad Vashem &hellip; <a href=\"https:\/\/www.freiburg-schwarzwald.de\/blog\/global\/israel\/israel2013\/jerusalem-neustadt\/\">Weiterlesen <span class=\"meta-nav\">&rarr;<\/span><\/a><\/p>\n","protected":false},"author":4,"featured_media":0,"parent":39730,"menu_order":0,"comment_status":"open","ping_status":"closed","template":"","meta":{"footnotes":""},"class_list":["post-39850","page","type-page","status-publish","hentry"],"_links":{"self":[{"href":"https:\/\/www.freiburg-schwarzwald.de\/blog\/wp-json\/wp\/v2\/pages\/39850","targetHints":{"allow":["GET"]}}],"collection":[{"href":"https:\/\/www.freiburg-schwarzwald.de\/blog\/wp-json\/wp\/v2\/pages"}],"about":[{"href":"https:\/\/www.freiburg-schwarzwald.de\/blog\/wp-json\/wp\/v2\/types\/page"}],"author":[{"embeddable":true,"href":"https:\/\/www.freiburg-schwarzwald.de\/blog\/wp-json\/wp\/v2\/users\/4"}],"replies":[{"embeddable":true,"href":"https:\/\/www.freiburg-schwarzwald.de\/blog\/wp-json\/wp\/v2\/comments?post=39850"}],"version-history":[{"count":4,"href":"https:\/\/www.freiburg-schwarzwald.de\/blog\/wp-json\/wp\/v2\/pages\/39850\/revisions"}],"predecessor-version":[{"id":142073,"href":"https:\/\/www.freiburg-schwarzwald.de\/blog\/wp-json\/wp\/v2\/pages\/39850\/revisions\/142073"}],"up":[{"embeddable":true,"href":"https:\/\/www.freiburg-schwarzwald.de\/blog\/wp-json\/wp\/v2\/pages\/39730"}],"wp:attachment":[{"href":"https:\/\/www.freiburg-schwarzwald.de\/blog\/wp-json\/wp\/v2\/media?parent=39850"}],"curies":[{"name":"wp","href":"https:\/\/api.w.org\/{rel}","templated":true}]}}