{"id":39730,"date":"2013-11-03T15:20:17","date_gmt":"2013-11-03T14:20:17","guid":{"rendered":"https:\/\/www.freiburg-schwarzwald.de\/blog\/?page_id=39730"},"modified":"2025-11-25T11:30:18","modified_gmt":"2025-11-25T10:30:18","slug":"israel2013","status":"publish","type":"page","link":"https:\/\/www.freiburg-schwarzwald.de\/blog\/global\/israel\/israel2013\/","title":{"rendered":"Israel2013"},"content":{"rendered":"<p><a href=\"https:\/\/www.freiburg-schwarzwald.de\/blog\">Home<\/a> &gt;<a title=\"Global\" href=\"https:\/\/www.freiburg-schwarzwald.de\/blog\/global\/\">Globa<\/a>l\u00a0&gt;<a title=\"Israel\" href=\"https:\/\/www.freiburg-schwarzwald.de\/blog\/global\/israel\/\">Israel<\/a> &gt;Israel2013<\/p>\n<div id=\"attachment_39784\" style=\"width: 649px\" class=\"wp-caption alignnone\"><a href=\"https:\/\/www.freiburg-schwarzwald.de\/blog\/global\/israel\/israel2013\/oelberg8jerusalem-pan131026\/\" rel=\"attachment wp-att-39784\"><img loading=\"lazy\" decoding=\"async\" aria-describedby=\"caption-attachment-39784\" class=\"size-full wp-image-39784\" title=\"oelberg8jerusalem-pan131026\" src=\"https:\/\/www.freiburg-schwarzwald.de\/blog\/wp-content\/uploads\/2013\/11\/oelberg8jerusalem-pan131026.jpg\" alt=\"\" width=\"639\" height=\"228\" srcset=\"https:\/\/www.freiburg-schwarzwald.de\/blog\/wp-content\/uploads\/2013\/11\/oelberg8jerusalem-pan131026.jpg 639w, https:\/\/www.freiburg-schwarzwald.de\/blog\/wp-content\/uploads\/2013\/11\/oelberg8jerusalem-pan131026-180x64.jpg 180w\" sizes=\"auto, (max-width: 639px) 100vw, 639px\" \/><\/a><p id=\"caption-attachment-39784\" class=\"wp-caption-text\">Blick vom Oelberg nach Norden auf Jerusalem am 26.10.2013<\/p><\/div>\n<ul>\n<li><em>Listenauswahl eines Beitrags (Artikel\/Datum, Seite\/Inhalt): <span style=\"text-decoration: underline;\">Klicken<\/span> oder scrollen<\/em><\/li>\n<li><a href=\"https:\/\/www.freiburg-schwarzwald.de\/blog\/global\/israel\/palaestina\/westbank\/\">Frieden im Westjordanland: Flurbereinigung<\/a>\u00a0(2.1.2024)<\/li>\n<li><a title=\"Israel2020\" href=\"https:\/\/www.freiburg-schwarzwald.de\/blog\/global\/israel\/israel2020\/\">The EU must recognize Israeli Sovereignty in Judea and Samaria<\/a>\u00a0(26.6.2020)<\/li>\n<li><a title=\"Erinnerungskultur\" href=\"https:\/\/www.freiburg-schwarzwald.de\/blog\/kultur\/erinnerungskultur\/\">Holocaust-Gedenken: Der lange Schatten 75 Jahre nach Auschwitz<\/a>\u00a0(24.1.2020)<\/li>\n<li><a href=\"https:\/\/www.freiburg-schwarzwald.de\/blog\/bildung\/heinsohn\/\">Gunnar Heinsohn: Das Hamas-Israel Paradox<\/a>\u00a0(19.5.2018)<\/li>\n<li>8. B\u00fcrgerreise 2013 von Freiburg nach Israel &#8211; Stationen<\/li>\n<li>\n<div align=\"left\">Reiseroute (gelbe Punkte)<\/div>\n<\/li>\n<li><\/li>\n<li>\n<div align=\"left\"><a title=\"Israelis\" href=\"https:\/\/www.freiburg-schwarzwald.de\/blog\/global\/israel\/israel2013\/israelis\/\">Begegnungen mit Israelis in Israel<\/a> &gt;Israelis<\/div>\n<\/li>\n<li><a title=\"Israel2020\" href=\"https:\/\/www.freiburg-schwarzwald.de\/blog\/global\/israel\/israel2020\/\">Israel2020<\/a><\/li>\n<li>\n<div align=\"left\"><a title=\"Jerusalem-Altstadt\" href=\"https:\/\/www.freiburg-schwarzwald.de\/blog\/global\/israel\/israel2013\/jerusalem-altstadt\/\">Jerusalem &#8211; Historische Altstadt<\/a><\/div>\n<\/li>\n<li>\n<div align=\"left\"><a title=\"Jerusalem-Neustadt\" href=\"https:\/\/www.freiburg-schwarzwald.de\/blog\/global\/israel\/israel2013\/jerusalem-neustadt\/\">Jerusalem &#8211; Neustadt<\/a><\/div>\n<\/li>\n<li>\n<div align=\"left\">\n<div align=\"left\"><a title=\"LifeGate\" href=\"https:\/\/www.freiburg-schwarzwald.de\/blog\/selbsthilfe\/behinderung\/lifegate\/\">Lifegate &#8211; Rehabilitationszentrum in Beit Jala\/Westjordanland unweit Bethlehem<\/a><\/div>\n<\/div>\n<\/li>\n<li>\n<div align=\"left\"><a title=\"Bethlehem\" href=\"https:\/\/www.freiburg-schwarzwald.de\/blog\/global\/israel\/israel2013\/bethlehem\/\">Bethlehem<\/a><\/div>\n<\/li>\n<li>\n<div align=\"left\"><a title=\"Totes-Meer\" href=\"https:\/\/www.freiburg-schwarzwald.de\/blog\/global\/israel\/israel2013\/totes-meer\/\">Totes Meer<\/a><\/div>\n<\/li>\n<li>\n<div align=\"left\"><a title=\"Kibbutz\" href=\"https:\/\/www.freiburg-schwarzwald.de\/blog\/global\/israel\/israel2013\/kibbutz\/\">Kibbutz &#8211; Shaar Hagolan<\/a><\/div>\n<\/li>\n<li>\n<div align=\"left\"><a title=\"Golan\" href=\"https:\/\/www.freiburg-schwarzwald.de\/blog\/global\/israel\/israel2013\/golan\/\">Golan<\/a><\/div>\n<\/li>\n<li>\n<div align=\"left\"><a title=\"Jordan\" href=\"https:\/\/www.freiburg-schwarzwald.de\/blog\/global\/israel\/israel2013\/jordan\/\">Jordan mit Hule-Tal<\/a><\/div>\n<\/li>\n<li>\n<div align=\"left\"><a title=\"Genezareth\" href=\"https:\/\/www.freiburg-schwarzwald.de\/blog\/genezareth\/\">See Genezareth<\/a><\/div>\n<\/li>\n<li>\n<div align=\"left\"><a title=\"Nazareth\" href=\"https:\/\/www.freiburg-schwarzwald.de\/blog\/global\/israel\/israel2013\/nazareth\/\">Nazareth<\/a><\/div>\n<\/li>\n<li>\n<div align=\"left\"><a title=\"Moshav\" href=\"https:\/\/www.freiburg-schwarzwald.de\/blog\/global\/israel\/israel2013\/moshav\/\">Moshav &#8211; Shavei Tsion &#8211; Dolphin Village<\/a><\/div>\n<\/li>\n<li>\n<div align=\"left\"><a title=\"Akko\" href=\"https:\/\/www.freiburg-schwarzwald.de\/blog\/global\/israel\/israel2013\/akko\/\">Akko<\/a><\/div>\n<\/li>\n<li>\n<div align=\"left\"><a title=\"Haifa\" href=\"https:\/\/www.freiburg-schwarzwald.de\/blog\/global\/israel\/israel2013\/haifa\/\">Haifa &#8211; Drusen<\/a><\/div>\n<\/li>\n<li>\n<div align=\"left\"><a title=\"Caesarea\" href=\"https:\/\/www.freiburg-schwarzwald.de\/blog\/global\/israel\/israel2013\/caesarea\/\">Caesarea<\/a><\/div>\n<\/li>\n<li>\n<div align=\"left\"><a title=\"TelAviv-Yafo\" href=\"https:\/\/www.freiburg-schwarzwald.de\/blog\/global\/israel\/israel2013\/telaviv-yafo\/\">Tel Aviv-Yafo<\/a><\/div>\n<\/li>\n<li><a href=\"https:\/\/www.freiburg-schwarzwald.de\/blog\/global\/israel\/palaestina\/westbank\/\">West Bank<\/a><\/li>\n<li><a title=\"Jerusalem-Neustadt\" href=\"https:\/\/www.freiburg-schwarzwald.de\/blog\/global\/israel\/israel2013\/jerusalem-neustadt\/\">Yad Vashem &#8211; Erinnerungsst\u00e4tte in der Jerusalemer Neustadt<\/a><\/li>\n<li>\n<div align=\"left\"><a title=\"Reisebus-Israel\" href=\"https:\/\/www.freiburg-schwarzwald.de\/blog\/global\/israel\/israel2013\/reisebus-israel\/\">Im Reisebus durch Israel<br \/>\n<\/a><\/div>\n<\/li>\n<li><a title=\"TelAviv\" href=\"https:\/\/www.freiburg-schwarzwald.de\/blog\/global\/twintowns\/telaviv\/\">Freundeskreis Freiburg-Tel-Aviv-Yafo<\/a> &gt;TelAviv<\/li>\n<\/ul>\n<p>&nbsp;<\/p>\n<p align=\"left\"><strong>8. B\u00fcrgerreise 2013 von Freiburg nach Israel &#8211; Stationen<\/strong><\/p>\n<p>(1) Samstag, 26.10.13 Altstadt Jerusalem<br \/>\nBesichtigung in Jerusalem: \u00d6lberg, Garten Gethsemane und Kirche der Nationen. Altstadt von Jerusalem, Via Dolorosa.\u00a0\u00d6sterreichisches Hospiz. Bazar im arabischen Viertel der Altstadt, J\u00fcdisches Viertel, Klagemauer, Abendmahlsaal.\u00a0Abendgespr\u00e4ch mit Gedi Hampe (Kibbuz En Gedi).<\/p>\n<p>(2) Sonntag, 27.10.13 Neustadt Jerusalem\u2013 Bethlehem<br \/>\nNeustadt von Jerusalem: Chagall-Fenster in Hadassah-Klinik auf dem Skopusberg.\u00a0Yad Vashem. Israel-Museum gen\u00fcber Knesset mit dem Schrein des Buches und des neu aufgebauten Modells der Stadt Jerusalem. Weiterfahrt nach Bethlehem inkl. eines Besuches von Lifegate in Beit Jala. Bethlehem mit Geburtskirche. R\u00fcckfahrt\u00a0zur Grabeskirche in Jerusalems Altstadt. Abendgespr\u00e4ch mit David Witzthum (Journalist)<\/p>\n<p>(3) Montag, 28.10.13 Massada \u2013 Totes Meer \u2013 See Genezareth<br \/>\nFahrt nach S\u00fcden. Aha\u00b4va-Kosmetikprodukte.\u00a0Felsenfestung Massada \u00fcber Seilbahn. Baden im Toten Meer in der\u00a0Hotelanlage Dead Sea Spa Hotel mit Lunch. Weiterfahrt durch den Jordangraben\u00a0zum Kibbuz Shaar Hagolan am S\u00fcdende vom See Genezareth. \u00dcbernachtung im Kibbuz. Abendgespr\u00e4ch mit\u00a0Kibbuz-Mitbegr\u00fcnderin Nurith.<\/p>\n<p>(4) Dienstag, 29.10.13 Golan und Hule-Tal<br \/>\nRundfahrt \u00fcber den\u00a0Golan \u00fcber Gamla (Rundgang Geier), Berg Bental mit Blick nach Syrien und zum Hermon-Gebirge, Drusen-D\u00f6rfer, C\u00e4sarea-Philippi.\u00a0Wanderung entlang des Jordan-Quellflusses Banjas, vorbei an\u00a0 Kreuzritterfestung Nimrod.\u00a0Zugv\u00f6gelbeobachtung im Hule-Tal. \u00dcbernachtung im Kibbuz.<\/p>\n<p>(5) Mittwoch, 30.10.13 Hl. St\u00e4tten \u2013 Nazareth \u2013Akko<br \/>\nBesichtigung\u00a0christlicher St\u00e4tten: Berg der Seligpreisung, Wanderung runter nach Tagba. Kapernaum. Bootsfahrt auf dem See Genezareth.\u00a0Petrus-Fischessen\u00a0am See. Weiterfahrt zur Verk\u00fcndigungskirche in Nazareth. \u00dcbernachtung \u00a0im Dolphin Village im Moshav Shavei Tsion.<\/p>\n<p>(6) Donnerstag, 31.10.13 Akko \u2013 Haifa \u2013 Caesarea &#8211; Tel Aviv<br \/>\nBesichtigung von Akko am Mitelmeer. Haifa\u00a0mit Templer-H\u00e4usern und Bahai-G\u00e4rten. Mittagsessen bei einer Drusen-Familie in Daliyat el Karmel in den Karmelbergen. Nationalpark C\u00e4sarea. Weiterfahrt\u00a0nach Tel Aviv-Yafo (Yafo=Jaffa).<\/p>\n<p>(7) Freitag, 01.11.13 Tel Aviv-Yafo<br \/>\nBesichtigung von Tel Aviv-Yafo mit Bus und zu Fu\u00df, Treffen mit Vertretern der Stadt Tel Aviv. Gang zu den Geb\u00e4uden des Bauhausstils am Rothschild Boulevard. Bummel durch die Altstadt Neve Tzedek zum Strand. St.Peter-Kirche und alter Hafen von Yafo. Abends zur Ha Tachana, der restaurierten Bahnstation von Yafo aus dem Jahre 1882. Zweite \u00dcbernachtung in Tel Aviv.<\/p>\n<p>(8) Samstag, 2.11.2013 Tel Aviv<br \/>\nVormittags Yafo und Strand individuell. Abflug 15.15 Uhr<\/p>\n<p>Organisation und Reiseleitung:<br \/>\nJohannes Reiner, Hofstr. 19, 79268 B\u00f6tzingen am Kaiserstuhl, <a href=\"mailto:johannes.reiner@t-online.de\">johannes.reiner@t-online.de<\/a>, Tel 07663\/605440<\/p>\n<p>Veranstalter: Ehrlich Reisen und Event GmbH in Saarbr\u00fccken<br \/>\n<a href=\"https:\/\/www.reisen-ehrlich.de\">www.reisen-ehrlich.de<\/a><\/p>\n<p><strong>\u00a0Reiseroute (gelbe Punkte)<\/strong><\/p>\n<p><a href=\"https:\/\/www.freiburg-schwarzwald.de\/blog\/global\/israel\/israel2013\/israel-reise1-131026\/\" rel=\"attachment wp-att-39946\"><img loading=\"lazy\" decoding=\"async\" class=\"alignnone size-full wp-image-39946\" title=\"israel-reise1-131026\" src=\"https:\/\/www.freiburg-schwarzwald.de\/blog\/wp-content\/uploads\/2013\/11\/israel-reise1-131026.jpg\" alt=\"\" width=\"637\" height=\"724\" srcset=\"https:\/\/www.freiburg-schwarzwald.de\/blog\/wp-content\/uploads\/2013\/11\/israel-reise1-131026.jpg 637w, https:\/\/www.freiburg-schwarzwald.de\/blog\/wp-content\/uploads\/2013\/11\/israel-reise1-131026-158x180.jpg 158w, https:\/\/www.freiburg-schwarzwald.de\/blog\/wp-content\/uploads\/2013\/11\/israel-reise1-131026-563x640.jpg 563w\" sizes=\"auto, (max-width: 637px) 100vw, 637px\" \/><\/a><\/p>\n<p>\u00dcbernachtungen (rote Punkte):<br \/>\nJerusalem: 3 \u00dc: 1x \u00dcF, 2 x \u00dc\/HP in NEVE ILAN HOTEL, <a href=\"https:\/\/www.c-hotels.co.il\/en\/?cat=20\">https:\/\/www.c-hotels.co.il\/en\/?cat=20<\/a><br \/>\nSee Genezareth: 2 \u00dc\/HP Kibbutz SHA\u2019AR HAGOLAN GH,\u00a0<a href=\"https:\/\/www.elmulgolan.co.il\/127423\/German\">www.elmulgolan.co.il\/127423\/German<\/a><br \/>\nMoshav Shavei Tsion:1 \u00dc\/HP DOLPHIN VILLAGE, <a href=\"https:\/\/english.olivebb.com\/Dolphin-Village\">https:\/\/english.olivebb.com\/Dolphin-Village<\/a><br \/>\nTel Aviv-Yafo: 2 \u00dc\/HP MISHKENOT RUTH DANIEL, <a href=\"https:\/\/www.beit-daniel.org.il\/page.asp?id=1135\">www.beit-daniel.org.il\/page.asp?id=1135<\/a><\/p>\n<p>Hinweise (blau):<br \/>\nB = Bethlehem sowie Lifegate Rehabilitation in Beit Jala<br \/>\nT = Totes Meer, Ahava, Massada,\u00a0Baden\u00a0(70 km s\u00fcdlich unten, nicht auf dieser Karte)<br \/>\nG = Golan mit Gamla (Geier), Berg Bental (Aussicht)<br \/>\nJ = Jordan Quellfluss<br \/>\nH = Hule-Tal Zugv\u00f6gel<br \/>\nK = Kapernaum, Bootsfahrt See Genezareth<br \/>\nD = Drusenfamilie bei Dalyiat El Karmel<br \/>\nC = Caesarea<br \/>\n<strong><em>Eine erg\u00e4nzende &#8222;B\u00fcrgerreise special&#8220; nach Israel und Jordanien bietet Johannes Reiner in der Zeit vom 16.-25.4.2014 an. N\u00e4here Infos unter <a href=\"https:\/\/www.freiburg.de\/pb\/,Lde\/208889.html\">https:\/\/www.freiburg.de\/pb\/,Lde\/208889.html<\/a><\/em><\/strong><\/p>\n<p>&nbsp;<\/p>\n<p>B\u00fcrgerreise nach Tel Aviv, BZ vom 14.11.2013:<br \/>\n<a href=\"https:\/\/www.badische-zeitung.de\/freiburg\/buergerreise-nach-tel-aviv--77208610.html\">https:\/\/www.badische-zeitung.de\/freiburg\/buergerreise-nach-tel-aviv&#8211;77208610.html<\/a><\/p>\n","protected":false},"excerpt":{"rendered":"<p>Home &gt;Global\u00a0&gt;Israel &gt;Israel2013 Listenauswahl eines Beitrags (Artikel\/Datum, Seite\/Inhalt): Klicken oder scrollen Frieden im Westjordanland: Flurbereinigung\u00a0(2.1.2024) The EU must recognize Israeli Sovereignty in Judea and Samaria\u00a0(26.6.2020) Holocaust-Gedenken: Der lange Schatten 75 Jahre nach Auschwitz\u00a0(24.1.2020) Gunnar Heinsohn: Das Hamas-Israel Paradox\u00a0(19.5.2018) 8. B\u00fcrgerreise &hellip; <a href=\"https:\/\/www.freiburg-schwarzwald.de\/blog\/global\/israel\/israel2013\/\">Weiterlesen <span class=\"meta-nav\">&rarr;<\/span><\/a><\/p>\n","protected":false},"author":4,"featured_media":0,"parent":17167,"menu_order":0,"comment_status":"open","ping_status":"closed","template":"","meta":{"footnotes":""},"class_list":["post-39730","page","type-page","status-publish","hentry"],"_links":{"self":[{"href":"https:\/\/www.freiburg-schwarzwald.de\/blog\/wp-json\/wp\/v2\/pages\/39730","targetHints":{"allow":["GET"]}}],"collection":[{"href":"https:\/\/www.freiburg-schwarzwald.de\/blog\/wp-json\/wp\/v2\/pages"}],"about":[{"href":"https:\/\/www.freiburg-schwarzwald.de\/blog\/wp-json\/wp\/v2\/types\/page"}],"author":[{"embeddable":true,"href":"https:\/\/www.freiburg-schwarzwald.de\/blog\/wp-json\/wp\/v2\/users\/4"}],"replies":[{"embeddable":true,"href":"https:\/\/www.freiburg-schwarzwald.de\/blog\/wp-json\/wp\/v2\/comments?post=39730"}],"version-history":[{"count":5,"href":"https:\/\/www.freiburg-schwarzwald.de\/blog\/wp-json\/wp\/v2\/pages\/39730\/revisions"}],"predecessor-version":[{"id":142075,"href":"https:\/\/www.freiburg-schwarzwald.de\/blog\/wp-json\/wp\/v2\/pages\/39730\/revisions\/142075"}],"up":[{"embeddable":true,"href":"https:\/\/www.freiburg-schwarzwald.de\/blog\/wp-json\/wp\/v2\/pages\/17167"}],"wp:attachment":[{"href":"https:\/\/www.freiburg-schwarzwald.de\/blog\/wp-json\/wp\/v2\/media?parent=39730"}],"curies":[{"name":"wp","href":"https:\/\/api.w.org\/{rel}","templated":true}]}}