{"id":39613,"date":"2013-10-23T12:52:40","date_gmt":"2013-10-23T10:52:40","guid":{"rendered":"https:\/\/www.freiburg-schwarzwald.de\/blog\/?page_id=39613"},"modified":"2026-04-19T20:24:48","modified_gmt":"2026-04-19T18:24:48","slug":"kirche-staat","status":"publish","type":"page","link":"https:\/\/www.freiburg-schwarzwald.de\/blog\/religion\/kirche-staat\/","title":{"rendered":"Kirche-Staat"},"content":{"rendered":"<p><a href=\"https:\/\/www.freiburg-schwarzwald.de\/blog\">Home<\/a> &gt;<a title=\"Religion\" href=\"https:\/\/www.freiburg-schwarzwald.de\/blog\/religion\/\">Religion<\/a> &gt;<a title=\"Kirchen\" href=\"https:\/\/www.freiburg-schwarzwald.de\/blog\/religion\/kirchen\/\">Kirchen<\/a> &gt;Kirche-Staat<\/p>\n<div id=\"attachment_39232\" style=\"width: 648px\" class=\"wp-caption alignnone\"><a href=\"https:\/\/www.freiburg-schwarzwald.de\/blog\/religion\/kirchen\/muenster\/muensterturm\/kerzen-muenster-pan131003\/\" rel=\"attachment wp-att-39232\"><img loading=\"lazy\" decoding=\"async\" aria-describedby=\"caption-attachment-39232\" class=\"size-full wp-image-39232\" title=\"kerzen-muenster-pan131003\" src=\"https:\/\/www.freiburg-schwarzwald.de\/blog\/wp-content\/uploads\/2013\/09\/kerzen-muenster-pan131003.jpg\" alt=\"\" width=\"638\" height=\"183\" srcset=\"https:\/\/www.freiburg-schwarzwald.de\/blog\/wp-content\/uploads\/2013\/09\/kerzen-muenster-pan131003.jpg 638w, https:\/\/www.freiburg-schwarzwald.de\/blog\/wp-content\/uploads\/2013\/09\/kerzen-muenster-pan131003-180x51.jpg 180w\" sizes=\"auto, (max-width: 638px) 100vw, 638px\" \/><\/a><p id=\"caption-attachment-39232\" class=\"wp-caption-text\">Kerzen am Marienaltar im Freiburger M\u00fcnster am 3.10.2013<\/p><\/div>\n<ul>\n<li><em>Listenauswahl eines Beitrags (Artikel\/Datum, Seite\/Inhalt):\u00a0<span style=\"text-decoration: underline;\">Klicken<\/span>\u00a0oder scrollen<\/em><\/li>\n<li><a href=\"https:\/\/www.freiburg-schwarzwald.de\/blog\/religion\/kirchen\/kirchenschaendung\/\">Zerst\u00f6rung christlicher Symbole<\/a> (19.4.2026)<\/li>\n<li><a href=\"https:\/\/www.freiburg-schwarzwald.de\/blog\/christen-ostern-bis-pfingsten\/\">Christen: Ostern bis Pfingsten<\/a>\u00a0(2.4.2026)<\/li>\n<li><a href=\"https:\/\/www.freiburg-schwarzwald.de\/blog\/engagement\/zukunft\/demokratie\/staat\/staat-neutral\/\">Das Urteil von Helsinki gegen P\u00e4ivi R\u00e4s\u00e4nen und das Ende der neutralen Illusion des Staates<\/a>\u00a0(27.3.2026)<\/li>\n<li><a href=\"https:\/\/www.freiburg-schwarzwald.de\/blog\/kultur\/medien\/meinungsfreiheit\/\">Birgit Kelle zum Urteil gegen P\u00e4ivi R\u00e4s\u00e4nen: Meinungsfreiheit ade<\/a> (26.3.2027)<\/li>\n<li><a href=\"https:\/\/www.freiburg-schwarzwald.de\/blog\/ramadan-fastenzeit-frieden\/\">Ramadan Fastenzeit \u2013 Frieden<\/a>\u00a0(20.2.2026)<\/li>\n<li><a href=\"https:\/\/www.freiburg-schwarzwald.de\/blog\/religion\/kirchen\/kirchen-partei\/\">Die Kirchen k\u00e4mpfen gegen die AfD und den Klimawandel: Sie sind zur Partei geworden und betteln um Austritte<\/a> (18.12.2025)<\/li>\n<li><a href=\"https:\/\/www.freiburg-schwarzwald.de\/blog\/kirche-gegen-passives-wahlrecht\/\">Kirche gegen passives Wahlrecht<\/a>\u00a0(25.8.2025)<\/li>\n<li><a href=\"https:\/\/www.freiburg-schwarzwald.de\/blog\/religion\/religionsunterricht\/religionskunde\/\">Eine Religionskunde statt viele bekenntnisorientierte Religionsunterrichte<\/a>\u00a0(13.8.2025)<\/li>\n<li><a href=\"https:\/\/www.freiburg-schwarzwald.de\/blog\/trennung-von-klima-und-staat\/\">Trennung von Klima und Staat<\/a>\u00a0(30.7.2025)<\/li>\n<li><a href=\"https:\/\/www.freiburg-schwarzwald.de\/blog\/christen-veraengstigt-wehrlos\/\">Christen: ver\u00e4ngstigt, wehrlos<\/a>\u00a0(17.7.2025)<\/li>\n<li><a href=\"https:\/\/www.freiburg-schwarzwald.de\/blog\/religion\/kirche-reform\/\">Achijah Zorn: Die Kirche von morgen \u2013 eine pfingstliche Zukunftsvision<\/a> (7.6.2025)<\/li>\n<li><a href=\"https:\/\/www.freiburg-schwarzwald.de\/blog\/pfingsten-wunsch-mehr-geist\/\">Pfingsten-Wunsch: Mehr Geist<\/a>\u00a0(5.6.2025)<\/li>\n<li><a href=\"https:\/\/www.freiburg-schwarzwald.de\/blog\/ev-kirchentag-2025-hannover\/\">Ev. Kirchentag 2025 Hannover<\/a>\u00a0(5.5.2025)<\/li>\n<li><a href=\"https:\/\/www.freiburg-schwarzwald.de\/blog\/ostern-welt-christentum-islam\/\">Ostern: Welt Christentum Islam<\/a>\u00a0(16.4.2025)<\/li>\n<li><a href=\"https:\/\/www.freiburg-schwarzwald.de\/blog\/eu-demokratie-christentum\/\">EU \u2013 Demokratie \u2013 Christentum<\/a>\u00a0(21.11.2024)<\/li>\n<li><a href=\"https:\/\/www.freiburg-schwarzwald.de\/blog\/religion\/kirchen\/kirche-repression\/\">Pfarrer Michaelis zur Amtsenthebung: \u201eDas ist offener Rechtsbruch\u201c<\/a>\u00a0(5.4.2024)<\/li>\n<li><a href=\"https:\/\/www.freiburg-schwarzwald.de\/blog\/wdr-will-deutschen-ramadan\/\">WDR will deutschen Ramadan<\/a>\u00a0(13.3.2024)<\/li>\n<li><a href=\"https:\/\/www.freiburg-schwarzwald.de\/blog\/religion\/kreuze\/\">Der \u201eKreuz-Skandal\u201c in Bayern als Toleranz-Test<\/a> (24.12.2023)<\/li>\n<li><a href=\"https:\/\/www.freiburg-schwarzwald.de\/blog\/der-karfreitag-und-das-klima\/\">Der Karfreitag und das Klima<\/a>\u00a0(8.4.2023)<\/li>\n<li><a href=\"https:\/\/www.freiburg-schwarzwald.de\/blog\/advent-freude-auf-weihnachten\/\">Advent \u2013 Freude auf Weihnachten<\/a>\u00a0(4.12.2022)<\/li>\n<li><a href=\"https:\/\/www.freiburg-schwarzwald.de\/blog\/religion\/kirchen\/ekd\/\">EKD: Vorfeldorganisation der gr\u00fcnen Partei<\/a>\u00a0(19.11.2022)<\/li>\n<li>Noch einmal 100 Jahre wollen wir nicht blechen (12.11.2022)<\/li>\n<li><a href=\"https:\/\/www.freiburg-schwarzwald.de\/blog\/kulturkampf-kreuz-und-bibel\/\">Kulturkampf: Kreuz und Bibel<\/a>\u00a0(7.11.2022)<\/li>\n<li><a href=\"https:\/\/www.freiburg-schwarzwald.de\/blog\/religion\/kirchen\/kirchenschliessungen\/\">Selbstverschuldete Selbstaufl\u00f6sung: Bistum Trier will jede dritte Kirche schlie\u00dfen<\/a>\u00a0(28.10.2022)<\/li>\n<li><a href=\"https:\/\/www.freiburg-schwarzwald.de\/blog\/muezzinruf-an-moschee-in-koeln\/\">Muezzinruf an Moschee in K\u00f6ln<\/a>\u00a0(14.10.2022)<\/li>\n<li><a href=\"https:\/\/www.freiburg-schwarzwald.de\/blog\/religion\/kirche-politik\/\">Peter Hahne Ehrendoktor:\u00a0 \u201eHolt Gott zur\u00fcck in die Politik\u201c<\/a> (1.10.2022)<\/li>\n<li><a href=\"https:\/\/www.freiburg-schwarzwald.de\/blog\/zivilreligion-kirchenaustritte\/\">Zivilreligion \u2013 Kirchenaustritte<\/a>\u00a0(5.7.2022)<\/li>\n<li><a href=\"https:\/\/www.freiburg-schwarzwald.de\/blog\/business\/gesund\/corona-virus\/weihnachten-corona\/\">Der Angriff auf Weihnachten ist ein Angriff auf famili\u00e4re Autonomie<\/a>\u00a0(26.12.2021)<\/li>\n<li><a href=\"https:\/\/www.freiburg-schwarzwald.de\/blog\/haltungsprotestantismus\/\">Haltungspotestantismus<\/a>\u00a0(14.11.2021)<\/li>\n<li><a href=\"https:\/\/www.freiburg-schwarzwald.de\/blog\/440000-kirchenaustritte-in-2020\/\">440000 Kirchenaustritte in 2020<\/a>\u00a0(18.7.2021)<\/li>\n<li><a href=\"https:\/\/www.freiburg-schwarzwald.de\/blog\/natur\/klima\/klima-instrumentalisieren\/\">Neubauer: Es geht um Gesellschaftsver\u00e4nderung, nicht um Klimakrise<\/a>\u00a0(15.6.2021)<\/li>\n<li><a href=\"https:\/\/www.freiburg-schwarzwald.de\/blog\/religion\/spirituell\/\">Die Verzauberung der Welt durch das Christentum<\/a>\u00a0(25.12.2020)<\/li>\n<li><a href=\"https:\/\/www.freiburg-schwarzwald.de\/blog\/religion\/islam\/terror\/\">Angst und Ohnmacht nach Messermorden in Dresden und Paris<\/a>\u00a0(23.10.2020)<\/li>\n<li><a title=\"Fronleichnam provoziert?\" href=\"https:\/\/www.freiburg-schwarzwald.de\/blog\/fronleichnam-provoziert\/\">Fronleichnam provoziert?<\/a>\u00a0(11.6.2020)<\/li>\n<li>Laschet: Gottesdienste wurden nicht vom Staat, sondern von den Kirchen selbst verboten (31.5.2020)<\/li>\n<li><a title=\"Aufruf: Sturm auf Parlamente\" href=\"https:\/\/www.freiburg-schwarzwald.de\/blog\/aufruf-sturm-auf-parlamente\/\">Aufruf: Sturm auf Parlamente<\/a>\u00a0(9.3.2020)<\/li>\n<li><a title=\"Beten gegen Rechts\" href=\"https:\/\/www.freiburg-schwarzwald.de\/blog\/beten-gegen-rechts\/\">Beten gegen Rechts<\/a>\u00a0(7.3.2020)<\/li>\n<li>Ohne Trennung von Kirche und Staat keine Integration (3.2.2020)<\/li>\n<li><a title=\"Iran\" href=\"https:\/\/www.freiburg-schwarzwald.de\/blog\/global\/iran\/\">Seyran Ates: Wie der Iran Deutschland unterwandert<\/a>\u00a0(13.1.2020)<\/li>\n<li><a title=\"Evangelisch\" href=\"https:\/\/www.freiburg-schwarzwald.de\/blog\/religion\/evangelisch\/\">Seenotrettung: Offener Brief an die Evangelische Kirche in Deutschland (EKD)<\/a>\u00a0(18.12.2019)<\/li>\n<li><a title=\"Migration-Bildung\" href=\"https:\/\/www.freiburg-schwarzwald.de\/blog\/global\/migration\/migration-bildung\/\">Josef Kraus:Ehrlichkeit statt verquerer PISA-Exegese<\/a>\u00a0(15.12.2019)<\/li>\n<li><a title=\"EKD \u2013 Demokratischer Diskurs?\" href=\"https:\/\/www.freiburg-schwarzwald.de\/blog\/ekd-demokratischer-diskurs\/\">EKD \u2013 Demokratischer Diskurs?<\/a>\u00a0(17.11.2019)<\/li>\n<li><a title=\"Seelsorge \u2013 Aufgabe der Kirche\" href=\"https:\/\/www.freiburg-schwarzwald.de\/blog\/seelsorge-aufgabe-der-kirche\/\">Seelsorge als Aufgabe der Kirche<\/a> (3.11.2019)<\/li>\n<li>Linkskurs von Ev und Kath (1.11.2019)<\/li>\n<li><a title=\"Schuld\" href=\"https:\/\/www.freiburg-schwarzwald.de\/blog\/engagement\/zukunft\/schuld\/\">Gutmenschen \/ Wohlf\u00fchlmitmenschen \u2013 Schuld gegen S\u00fchne tauschen<\/a>\u00a0(1.7.2019)<\/li>\n<li><a href=\"https:\/\/www.freiburg-schwarzwald.de\/blog\/kirchentag-frieden-consent\/\">https:\/\/www.freiburg-schwarzwald.de\/blog\/kirchentag-frieden-consent\/<\/a>\u00a0(26.6.2019)<\/li>\n<li>Ev. Kirchentag 2019 in Dortmund: Ohne AfD, mit DITIB und Vulva (20.6.2019)<\/li>\n<li><a href=\"https:\/\/www.freiburg-schwarzwald.de\/blog\/medien-in-f-und-d-notre-dame\/\">https:\/\/www.freiburg-schwarzwald.de\/blog\/medien-in-f-und-d-notre-dame\/<\/a>\u00a0(22.4.2019)<\/li>\n<li><a href=\"https:\/\/www.freiburg-schwarzwald.de\/blog\/trennung-religion-und-staat\/\">https:\/\/www.freiburg-schwarzwald.de\/blog\/trennung-religion-und-staat\/<\/a>\u00a0(19.3.2019)<\/li>\n<li><a href=\"https:\/\/www.freiburg-schwarzwald.de\/blog\/abdel-samad-kirchen-pro-islam\/\">https:\/\/www.freiburg-schwarzwald.de\/blog\/abdel-samad-kirchen-pro-islam\/<\/a>\u00a0(28.2.2019)<\/li>\n<li>Islamkonferenz: Warum keine Buddhismus-Konferenz? (2.12.2018)<\/li>\n<li><a href=\"https:\/\/www.freiburg-schwarzwald.de\/blog\/priester-und-imame-wahl-2017\/\">https:\/\/www.freiburg-schwarzwald.de\/blog\/priester-und-imame-wahl-2017\/<\/a> (14.1.2017)<\/li>\n<li><a title=\"Religionsfreiheit\" href=\"https:\/\/www.freiburg-schwarzwald.de\/blog\/religion\/religionsfreiheit\/\">Dalai Lama: Ethik geht tiefer und ist nat\u00fcrlicher als Religion<\/a> &gt;Religionsfreiheit (3.9.2016)<\/li>\n<li><a title=\"Luther500\" href=\"https:\/\/www.freiburg-schwarzwald.de\/blog\/religion\/evangelisch\/luther500\/\">Wir brauchen eine zweite Reformation<\/a> &gt;Luther500 (18.4.2016)<\/li>\n<li><a href=\"https:\/\/www.freiburg-schwarzwald.de\/blog\/adonis-syrien-ohne-den-islam\/\">https:\/\/www.freiburg-schwarzwald.de\/blog\/adonis-syrien-ohne-den-islam\/<\/a> (19.2.2016)<\/li>\n<li>Kirche ist auf Staatskosten reich &#8211; Dotationen, Pauschalleistungen (24.12.2015)<\/li>\n<li>Nur die Integration in einen s\u00e4kularen Staat wird gelingen (25.10.2015)<\/li>\n<li>Fl\u00fcchtlingswelle, Islam-Religionsunterricht und unsere Kirchen (5.10.2015)<\/li>\n<li><a href=\"https:\/\/www.freiburg-schwarzwald.de\/blog\/staat-und-religion-humanisten\/\">https:\/\/www.freiburg-schwarzwald.de\/blog\/staat-und-religion-humanisten\/<\/a> (2.9.2015)<\/li>\n<li><a href=\"https:\/\/www.freiburg-schwarzwald.de\/blog\/pfingsten-keine-ahnung\/\">https:\/\/www.freiburg-schwarzwald.de\/blog\/pfingsten-keine-ahnung\/ <\/a>\u00a0(23.5.2015)<\/li>\n<li>Bedroht der Islam den europ\u00e4ischen Laizismus? (29.3.2015)<\/li>\n<li>Trennung von Kirche und Staat &#8222;light&#8220; in Luxemburg eingef\u00fchrt (21.3.2015)<\/li>\n<li><a href=\"https:\/\/www.freiburg-schwarzwald.de\/blog\/schulfrieden-kirche-und-staat\">https:\/\/www.freiburg-schwarzwald.de\/blog\/schulfrieden-kirche-und-staat<\/a>\/ (20.3.2015)<\/li>\n<li>Die \u00dcberrepr\u00e4sentierung der Kirchen (12.3.2015)<\/li>\n<li><a href=\"https:\/\/www.freiburg-schwarzwald.de\/blog\/trennung-von-kirche-und-staat\/\">https:\/\/www.freiburg-schwarzwald.de\/blog\/trennung-von-kirche-und-staat\/<\/a> (15.1.2015)<\/li>\n<li>Die einzige L\u00f6sung: Trennung von Kirche und Staat sowie Ethik als Schul-Pflichtfach\u00a0(26.12.2014)<\/li>\n<li>Falsche Mitgliederzahl der j\u00fcdischen Gemeinde? (3.12.2014)<\/li>\n<li>Immobilien der kath. Kirche in Deutschland\u00a0(12.11.2014)<\/li>\n<li>Trennung von Kirche und Staat: Schule, Uni, Steuer, Feiertage (29.6.2014)<\/li>\n<li>Der Staat bezahlt die sozialen Dienste der Kirchen fast vollst\u00e4ndig (2.5.2014)<\/li>\n<li>Im Zuge der Islam-Debatte die Trennung von Kirche und Staat pr\u00e4zisieren (13.4.2014)<\/li>\n<li>Politiker m\u00fcssen Muslimen die Grenzen aufzeigen (2.2.2014)<\/li>\n<li>Trennt Euch! (4.12.2013)<\/li>\n<li>\n<div>Finanzierung der Kirchen &#8211; Trennung von Kirche und Staat (20.10.2013)<\/div>\n<\/li>\n<li>Liberaler Islam bedeutet totale Trennung von Kirche und Staat (29.11.2011)<\/li>\n<li>Laizismus f\u00fcr die Mitgliedsstaaten der EU (14.12.2004)<\/li>\n<li>Freie Kirche im Freien Staat &#8211; Thesenpapier der FDP von 1974 zur Trennung von Kirche und Staat\u00a0(1974)<\/li>\n<li><\/li>\n<li>Trennung von Kirche und Staat &#8211; Meinungen\n<div><\/div>\n<\/li>\n<li><a title=\"Agnostiker\" href=\"https:\/\/www.freiburg-schwarzwald.de\/blog\/religion\/agnostiker\/\">Agnostiker<\/a><\/li>\n<li>\n<div><a title=\"Demokratie\" href=\"https:\/\/www.freiburg-schwarzwald.de\/blog\/engagement\/zukunft\/demokratie\/\">Demokratie<\/a><\/div>\n<\/li>\n<li>\n<div><a title=\"Abdel-Samad\" href=\"https:\/\/www.freiburg-schwarzwald.de\/blog\/religion\/islam\/abdel-samad\/\">Abdel-Samad<\/a><\/div>\n<\/li>\n<li><a href=\"https:\/\/www.freiburg-schwarzwald.de\/blog\/religion\/kirchen\/ekd\/\">EKD<\/a><\/li>\n<li>\n<div><a title=\"Ethik\" href=\"https:\/\/www.freiburg-schwarzwald.de\/blog\/religion\/ethik\/\">Ethik<\/a><\/div>\n<\/li>\n<li><a title=\"Ideologie\" href=\"https:\/\/www.freiburg-schwarzwald.de\/blog\/engagement\/zukunft\/ideologie\/\">Ideologie &#8211; Religion als Ideologie<\/a><\/li>\n<li><a title=\"Islamkonferenz\" href=\"https:\/\/www.freiburg-schwarzwald.de\/blog\/religion\/islam\/islamkonferenz\/\">Islamkonferenz<\/a><\/li>\n<li><a href=\"https:\/\/www.freiburg-schwarzwald.de\/blog\/religion\/kirche-reform\/\">Kirche-Reform<\/a><\/li>\n<li><a title=\"Islam-Politik\" href=\"https:\/\/www.freiburg-schwarzwald.de\/blog\/religion\/islam\/islam-politik\/\">Islam-Politik<\/a><\/li>\n<li><a title=\"Kirche-Politik\" href=\"https:\/\/www.freiburg-schwarzwald.de\/blog\/religion\/kirche-politik\/\">Kirche-Politik<\/a><\/li>\n<li><a href=\"https:\/\/www.freiburg-schwarzwald.de\/blog\/religion\/kirchen\/kirche-repression\/\">Kirche-Repression<\/a><\/li>\n<li><a title=\"Kirchentag\" href=\"https:\/\/www.freiburg-schwarzwald.de\/blog\/religion\/kirchen\/kirchentag\/\">Kirchentag<\/a><\/li>\n<li><a href=\"https:\/\/www.freiburg-schwarzwald.de\/blog\/religion\/kirchen\/kirchenschliessungen\/\">Kirchenschliessungen<\/a><\/li>\n<li><a href=\"https:\/\/www.freiburg-schwarzwald.de\/blog\/religion\/kirchen\/kirchen-partei\/\">Kirchen-Partei<\/a><\/li>\n<li>\n<div><a title=\"Konfessionslosigkeit\" href=\"https:\/\/www.freiburg-schwarzwald.de\/blog\/religion\/konfessionslosigkeit\/\">Konfessionslosigkeit<\/a><\/div>\n<\/li>\n<li><a title=\"Laizismus\" href=\"https:\/\/www.freiburg-schwarzwald.de\/blog\/engagement\/zukunft\/demokratie\/laizismus\/\">Laizismus<\/a><\/li>\n<li><a title=\"Migrationshintergrund\" href=\"https:\/\/www.freiburg-schwarzwald.de\/blog\/global\/migration\/migrationshintergrund\/\">Migrationshintergrund<\/a><\/li>\n<li><a title=\"Migration-Bildung\" href=\"https:\/\/www.freiburg-schwarzwald.de\/blog\/global\/migration\/migration-bildung\/\">Migration-Bildung<\/a><\/li>\n<li><a href=\"https:\/\/www.freiburg-schwarzwald.de\/blog\/religion\/religionsunterricht\/religionskunde\/\">Religionskunde<\/a><\/li>\n<li><a title=\"Religionsunterricht\" href=\"https:\/\/www.freiburg-schwarzwald.de\/blog\/religion\/religionsunterricht\/\">Religionsunterricht<\/a><\/li>\n<li><a href=\"https:\/\/www.freiburg-schwarzwald.de\/blog\/religion\/spirituell\/\">Spirituell<\/a><\/li>\n<li><a href=\"https:\/\/www.freiburg-schwarzwald.de\/blog\/engagement\/zukunft\/demokratie\/staat\/staat-neutral\/\">Staat-neutral<\/a><\/li>\n<li><a title=\"Tibi\" href=\"https:\/\/www.freiburg-schwarzwald.de\/blog\/global\/deutschland\/tibi\/\">Tibi<\/a><\/li>\n<li><a title=\"Volksislam\" href=\"https:\/\/www.freiburg-schwarzwald.de\/blog\/religion\/islam\/volksislam\/\">Volksislam<\/a><\/li>\n<li><a href=\"https:\/\/www.freiburg-schwarzwald.de\/blog\/religion\/zivilreligion\/\">Zivilreligion<\/a><\/li>\n<\/ul>\n<div>\n<p>&nbsp;<\/p>\n<p>&nbsp;<\/p>\n<h1><strong>Trennung von Kirche und Staat<\/strong><\/h1>\n<p>&nbsp;<\/p>\n<p><strong>Trennung von Kirche und Staat &#8211; Meinungen<\/strong><\/p>\n<p>A) Allj\u00e4hrlich zur Weihnachtszeit die gleichen Fragen: Hei\u00dfen Christkindlesmarkt und Weihnachtmarkt nun Wintermarkt?Warum diese Kommerzialisierung vom christlichen Weihnachten hin zum reinen Event?<\/p>\n<p>B) Unser christliches Denken hat das Grundgesetz (wie auch das amerikanische Bill of Rights und die Constitution) \u00fcberhaupt erst erm\u00f6glicht. Nur dank unserer christlichen Denkweise k\u00f6nnen Muslime in Deutschland nicht nur unbehelligt leben, sondern auch Unterst\u00fctzung und Sozialhilfe bekommen. Leider bekommt kein einziger Christ diese M\u00f6glichkeit in einem muslimischen Land.<\/p>\n<p>C) In unserer demokratischen Wissensgesellschaft stehen die Menschenrechte \u00fcber den Religionen. Diese Rechte stammen aus Humanismus, Aufkl\u00e4rung und Freiheitsbewegungen &#8211; nicht aber aus Kirche, Bibel\u00a0bzw. Religion.<\/p>\n<p>D) Mit der Ausbreitung des Islam in Deutschland stellt sich Frage nach der Trennung von Kirche und Staat neu und dringlich. Wenn neben der kritischen Religionswissenschaft weiterhin auch bekenntnisgebundene (ev und kath) Theologie als ordentliches Lehrfach an den Universit\u00e4ten bleiben soll, dann m\u00fcssen auch islamische Theologie-Lehrst\u00fchle (Fachrichtungen Sunna, Schia, Aleviten, &#8230;) an den Universit\u00e4ten eingerichtet und vom Staat finanziert werden.<br \/>\nDie Globalisierung bewirkt eine zunehmende Vielzahl wie Durchmischung unterschiedlicher Religionen auch in Deutschland.\u00a0Dieser Entwicklung kann nur eine strenge Trennung von Kirche\/Religion und Staat gerecht werden,\u00a0 andernfalls wird es\u00a0zu religi\u00f6s bedingten Zwistigkeiten kommen.<\/p>\n<p>E) Im Gegensatz zu allen anderen Weltreligionen ist der Islam (in all seinen Formen wie Orthodoxie, Wahabismus, &#8230;, bis hin zum Sufismus) nicht nur Glaube, sondern ein politisches System, in dem <em>Religion (Koran)<\/em> und <em>Politik (Scharia)<\/em> untrennbar ineinander verwoben sind. Aus diesem Grund scheiterten bislang alle Bestrebungen zu einem Euro-Islam (Basam Tibi) bzw. Reform-Islam. &#8222;Trennung von Kirche und Staat&#8220; und Islam sind im Grunde unvereinbar.<br \/>\n==============================================================<\/p>\n<p>.<\/p>\n<p><strong>Noch einmal 100 Jahre wollen wir nicht blechen<\/strong><br \/>\nDer Streit \u00fcber die Renovierungskosten einer Wallfahrtskapelle im Donaueschinger Gnadental macht schmerzhaft deutlich, dass wir seit \u00fcber 100 Jahren die L\u00f6sung dieses Problems verschleppen. Hier geht es n\u00e4mlich nicht um einen Konflikt zwischen einer einzelnen Gemeinde und dem Erzbisch\u00f6flichen Ordinariat Freiburg, sondern darum, ob und wann endlich die 1919 mit der Weimarer Reichsverfassung unvollkommen in Gang gesetzte Trennung von Kirche und Staat vollzogen wird. Erstmals hat sich die gegenw\u00e4rtige Bundesregierung in ihrem Koalitionsvertrag verpflichtet, diesen Missstand zu beenden. Sie will innerhalb der laufenden Legislaturperiode ein &#8222;Grunds\u00e4tzegesetz&#8220; als Voraussetzung f\u00fcr die Abl\u00f6sung der Staatsleistungen in den Bundestag einbringen. Es wird Zeit, denn noch einmal hundert Jahre wollen wir nicht mehr f\u00fcr die Glaubensgemeinschaften blechen, die immer mehr ins Abseits geraten.<br \/>\n12.11.2022, Michael Rux, Freiburg<\/p>\n<p>.<\/p>\n<p><strong>Laschet: Gottesdienste wurden nicht vom Staat, sondern von den Kirchen selbst verboten<\/strong><br \/>\n<em>Nach einem Bericht der Zeitung \u201eTagespost\u201c hat NRWs Ministerpr\u00e4sident Armin Laschet nun bestritten, dass die Landesregierung in Nordrhein-Westfalen Gottesdienste angesichts der <a title=\"Corona-Grundrechte\" href=\"https:\/\/www.freiburg-schwarzwald.de\/blog\/business\/gesund\/corona-virus\/corona-grundrechte\/\">Corona-Krise<\/a> verboten habe.<\/em><\/p>\n<p>Die Initiative zu einem Teilnahmeverbot f\u00fcr Gl\u00e4ubige sei von den Kirchen selbst ausgegangen: \u201eDie Religionsgemeinschaften haben selbst erkl\u00e4rt, dass sie darauf verzichten, wir als Staat haben das zur Kenntnis genommen.\u201c<br \/>\nDas sei ein wichtiges Detail, denn es sei kaum vorstellbar, dass der Staat Kirchen oder Synagogen schlie\u00dfe. Von daher seien die Verbote der Kirchen dem Staat zupassgekommen. Aber ausgesprochen habe der Staat ein solches Verbot nie: \u201eDas haben wir nie gemacht und die Konzepte, die dann entwickelt worden sind, insbesondere vom K\u00f6lner Erzbischof [Foto l.), sind ja heute in ganz Deutschland Standard.\u201c<\/p>\n<p>Au\u00dferdem habe das Verbot f\u00fcr die Gl\u00e4ubigen der Pandemie ein Gesicht gegeben. Daf\u00fcr haben die Kirchen einen extrem hohen Preis gezahlt. Selbst in Zeiten der gr\u00f6\u00dften Not, etwa des Krieges und anderer Seuchen, habe es erst recht Gottesdienste f\u00fcr die Gl\u00e4ubigen gegeben: \u201eDass wir in diesem Jahr das nicht hatten, dass man einen einsamen Papst auf dem Petersplatz sieht, hat schon die weltweite Dimension dieser Pandemie sichtbar gemacht\u201c, \u2026so Laschet, der zunehmend aufgrund seiner gem\u00e4\u00dfigten <a title=\"Corona-Angst\" href=\"https:\/\/www.freiburg-schwarzwald.de\/blog\/business\/gesund\/corona-virus\/corona-angst\/\">Corona-Politik<\/a> als Kandidat mit den meisten Chancen auf den CDU-Vorsitz gilt.<\/p>\n<p><em>Noch viel schlimmer als gedacht<\/em><br \/>\nDiese Aussagen Laschet, sollten sie denn zutreffen, lassen die Verantwortlichen der <a title=\"Katholisch\" href=\"https:\/\/www.freiburg-schwarzwald.de\/blog\/religion\/katholisch\/\">katholischen Kirche<\/a> in Deutschland in einem noch d\u00fcsteren Licht als bisher erscheinen. Ging man bisher davon aus, dass sich die systemtreuen Bisch\u00f6fe einfach dem Druck des Systems Merkel gebeugt h\u00e4tten, so scheinen sie sich gar im vorauseilenden Gehorsam den ohnehin d\u00fcnnen Ast auf dem sie im Hinblick auf ihre Glaubw\u00fcrdigkeit sitzen, abges\u00e4gt haben.<\/p>\n<p><em>\u201eGr\u00f6\u00dfer als das Gut des ganzen Weltalls\u201c<\/em><br \/>\nDieses Verhalten offenbart einen gigantischen Verlust des Glaubens an die eigene Sache, an die Majest\u00e4t des \u00dcbernat\u00fcrlichen. Diejenigen, die den Gnadenschatz der Kirche in Treue zum Herrn zu verwalten h\u00e4tten, scheinen vergessen zu haben, dass \u201edas Gut der Gnade eines einzelnen gr\u00f6\u00dfer ist als das Gut des ganzen Weltalls\u201c (Thomas von Aquin, Sth Ia-IIae q.113 a.9).<br \/>\n&#8230; Alles vom 31.5.2020 bitte lesen auf<br \/>\n<a href=\"https:\/\/philosophia-perennis.com\/2020\/05\/31\/laschet-gottesdienste-wurden-nicht-vom-staat-sondern-von-den-kirchen-selbst-verboten\/\">https:\/\/philosophia-perennis.com\/2020\/05\/31\/laschet-gottesdienste-wurden-nicht-vom-staat-sondern-von-den-kirchen-selbst-verboten\/<\/a><br \/>\n.<br \/>\n<a href=\"https:\/\/www.die-tagespost.de\/kirche-aktuell\/aktuell\/laschet-abgesagte-gottesdienste-haben-weltweite-dimension-der-pandemie-gezeigt;art4874,208770\">https:\/\/www.die-tagespost.de\/kirche-aktuell\/aktuell\/laschet-abgesagte-gottesdienste-haben-weltweite-dimension-der-pandemie-gezeigt;art4874,208770<\/a><\/p>\n<p>.<\/p>\n<p>&nbsp;<\/p>\n<p><strong>Ohne Trennung von Kirche und Staat keine Integration<\/strong><br \/>\n(1) Migranten? &#8222;Integration erfordert einen reformierten Islam&#8220; &#8211; so der Syrer <a title=\"Tibi\" href=\"https:\/\/www.freiburg-schwarzwald.de\/blog\/global\/deutschland\/tibi\/\">Bassam Tibi<\/a>. Da Scharia und Koran nicht mit dem Grundgesetz vereinbar sind, mu\u00df sich der Islam reformieren. Weil das die in Europa lebenden Muslsime nicht leisten k\u00f6nnen (Tibi gesteht das Scheitern eines Euro-Islam ein), kann die Reform nur von Kairo aus erfolgen.<br \/>\n.<br \/>\n(2) Deutsche? Die deutsche Aufnahmegesellschaft mu\u00df in eine Diskussion eintreten, um ihre Identit\u00e4t und den Wertekanon ihrer <a title=\"Leitkultur\" href=\"https:\/\/www.freiburg-schwarzwald.de\/blog\/kultur\/leitkultur\/\">Kultur<\/a> zu definieren. Migranten m\u00fcssen doch wissen, wohin genau sie sich integrieren sollen.<br \/>\n.<br \/>\n(3) Staat? Deutschland mu\u00df den <a title=\"Laizismus\" href=\"https:\/\/www.freiburg-schwarzwald.de\/blog\/engagement\/zukunft\/demokratie\/laizismus\/\">Laizismus<\/a>, also die strenge Trennung von Religion und Staat einf\u00fchren. Darin ist Religion Privatsache. In das derzeitige System, in dem christliche Kirchen mit vielf\u00e4ltigen Privilegien ausgestattet sind, wird sich der Islam nicht integrieren. Umgekehrt werden sich Christen auch nicht in einen vom Islam dominierten Staat integrieren.<br \/>\n.<br \/>\n<a title=\"Integrieren\" href=\"https:\/\/www.freiburg-schwarzwald.de\/blog\/global\/integration\/integrieren\/\">Integration<\/a> bedeutet immer das Eingliedern einer Minderheit in eine Mehrheit. Heute bilden (1) die Minderheit und (2) die Mehrheit. Da sich dieses Verh\u00e4ltnis &#8211; vor allem f\u00fcr einzelne Alterskoohorten &#8211; umkehren kann, mu\u00df (3) ein laizistischer Staat sein. Nur dieser kann die Freiheit der Religionen garantieren, unabh\u00e4ngig davon, ob sie in der Mehrheit oder in der Minderheit sind.<br \/>\n<a title=\"Budapest-Dublin2015\" href=\"https:\/\/www.freiburg-schwarzwald.de\/blog\/global\/eu\/budapest-dublin2015\/\">Integration ab 9\/2015<\/a> bis heute ist noch nicht erfolgt bzw. <a title=\"Integration-gescheitert\" href=\"https:\/\/www.freiburg-schwarzwald.de\/blog\/global\/integration\/integration-gescheitert\/\">gescheitert<\/a>. Sie findet nur zu geringen Teilen als Assimilation statt, vornehmlich aber als Segregation in Parallelgesellschaften und zunehmend in Gegengesellschaften. In diesen ist das Gewaltmonopol des Staates ausgesetzt: Religi\u00f6se Minderheiten (j\u00fcdische Kippatr\u00e4ger) und sogar Polizisten k\u00f6nnen sich nicht mehr frei bewegen. Diese Entwicklung zerst\u00f6rt den Inneren Frieden bzw. <a title=\"Consent-of-the-Governed\" href=\"https:\/\/www.freiburg-schwarzwald.de\/blog\/global\/deutschland\/consent-of-the-governed\/\">&#8222;Consent to the Governed&#8220;<\/a> in Deutschland. Manche fragen, ob dies gewollt ist.<br \/>\n3.2.2020<\/p>\n<p>.<\/p>\n<p>&nbsp;<\/p>\n<p><strong>Linkskurs von Ev und Kath<\/strong><br \/>\n.<br \/>\n<strong>Jedermannsliebe hat nichts mit christlicher Ethik zu tun<\/strong><br \/>\n<strong>Ein weiterer Band unter \u00c4gide des Theologen Felix Dirsch kritisiert den anhaltenden linksliberalen Kurs in der offiziellen Kirchenpolitik<\/strong><br \/>\nvon Werner Olles<br \/>\n.<br \/>\nIm Nachfolgeband von \u201eRechtes Christentum\u201c (Graz 2018) \u201eNation, Europa, Christentum\u201c erwartet den Leser einmal mehr eine fundierte Kritik der liberalen Theologie und des offenen Linkskurses der beiden Gro\u00dfkirchen. Wie die Herausgeber Felix Dirsch, Volker M\u00fcnz und Thomas Wawerka betonen, ist eine Kl\u00e4rung nicht nur dringend geboten, sondern l\u00e4ngst \u00fcberf\u00e4llig. So widmet sich Thomas Wawerka in seinem Beitrag den biblisch-theologischen Grundlagen N\u00e4chstenliebe und Barmherzigkeit, die heute vor allem von Linken und Liberalen zu einem scheinheiligen Moralismus degradiert werden mit Schlagworten wie \u201eMenschenrechte, Demokratie, Gleichheit und Vielfalt\u201c, in Wirklichkeit aber eine Kampfansage gegen den unverf\u00e4lschten Glauben, die Tradition, den Konservatismus, die Familie und das Vaterland sind. Der Aufruf zur \u201eJedermannsliebe\u201c hat also nichts mit christlicher Ethik zu tun, er soll nur das eigene Gewissen beruhigen.<br \/>\nFelix Dirsch Beitrag \u201eDer Glaube und die politische Ges\u00e4\u00dfgeographie\u201c befa\u00dft sich mit dem Christentum und der Rechts-Links-Differenz. Der Autor weist nach, da\u00df ein \u201evolks- und heimatnahes Christentum\u201c bereits in seiner Fr\u00fchzeit existierte. So sprach beispielsweise Karl Rahner von der \u201eVaterlandsliebe der M\u00e4rtyrerkirche\u201c. Von den Einfl\u00fcssen der Freimaurerei seit der Franz\u00f6sischen Revolution bis zum Wahngebilde einer \u201eNeuen Weltordnung\u201c mit dem perfiden Plan einer vollst\u00e4ndigen Entmachtung der V\u00f6lker, Nationen, Regionen und staatlichen Organisationen zieht sich eine klare Linie zum heutigen Globalismus, dem ein \u201erechtes\u201c, traditionalistisches Christentum seine strikte Ablehnung links-liberaler Projekte wie Abtreibung, Ehe f\u00fcr alle oder Gender-Mainstreaming entgegenhalten mu\u00df.<br \/>\nDer Brand der Kathedrale Notre-Dame als Fanal<br \/>\nWeihbischof Athanasius Schneiders \u201eMahnwort an die Christen Deutschlands\u201c geh\u00f6rt zu den eindr\u00fccklichsten Beitr\u00e4gen. Er schildert den Brand der Kathedrale Notre-Dame in Paris am 15. April 2019. In Notre-Dame kam das von Gott in der Natur festgeschriebene Gesetz der Sehnsucht des Menschen nach Halt, Sch\u00f6nheit und Wahrheit zum Ausdruck, \u201einmitten einer Welt, die vor seinen Augen zusammenbricht, n\u00e4mlich durch H\u00e4\u00dflichkeit, Unvernunft, Kulturlosigkeit, Herzlosigkeit, ausufernden Egoismus des Faustrechts, Gnadenlosigkeit, menschliche K\u00e4lte\u201c. Nur die Hoffnungslosigkeit bleibe \u00fcbrig, wenn man die Stadt Gottes zerst\u00f6re und stattdessen eine Stadt des Menschen baue, so Schneider. Weitere Beitr\u00e4ge stammen von Daniel F\u00fchring, Andr\u00e9 Thiele, Marc Stegherr und Jaklin Chatschadorian.<br \/>\n1.11.2019, Werner Olles: &#8222;Jedermannsliebe hat nichts mit christlicher Ethik zu tun&#8220;,<br \/>\nJunge Freiheit 45\/19, Seite 13<\/p>\n<p>Felix Dirsch, Volker M\u00fcnz, Thomas Wawerka (Hrsg.): Nation, Europa, Christenheit. Der Glaube zwischen Tradition, S\u00e4kuralismus und Populismus. Ares Verlag, Graz 2019, gebunden, 240 Seiten, 19,90 Euro<\/p>\n<p>&nbsp;<\/p>\n<p><strong>Ev. Kirchentag 2019 in Dortmund: Ohne AfD, mit DITIB und Vulva<\/strong><br \/>\nIn Dortmund startete der <a title=\"Kirchentag\" href=\"https:\/\/www.freiburg-schwarzwald.de\/blog\/religion\/kirchen\/kirchentag\/\">Evangelische Kirchentag 2019<\/a> mit \u00fcber 2500 bunten Veranstaltungen, darunter \u201eKlimagerechtigkeit und CO2-Kompensation\u201c f\u00fcr alle, \u201eFreitagsgebet und F\u00fchrung durch die Yeni Cami \u2013 Neue Moschee in Dortmund-Nord\u201c f\u00fcr Religi\u00f6se oder \u201eVulven malen\u201c f\u00fcr Frauen und Diverse. Eingeladen sind alle politischen Parteien au\u00dfer der AfD, viele islam-Organisationen wie die <a title=\"Ditib\" href=\"https:\/\/www.freiburg-schwarzwald.de\/blog\/global\/tuerkei\/ditib\/\">DITIB<\/a> sowie die bekannten israel-feindlichen NGOs. Deutschland ist ein s\u00e4kularer Staat mit der Trennung von Kirche und Staat. Ist es da sinnvoll, wenn die Evangelische Kirche so einseitig Partei ergreift mit Gr\u00fcn-Links als einer bestimmten politischen Richtung?<br \/>\n20.6.2019<\/p>\n<p><strong>Kirchentagsausschlu\u00df der AfD wegen Haltung zum Klimawandel<\/strong><br \/>\nBZ: Herr Leyendecker, warum dr\u00e4ngt der Kirchentag die AfD in die Opferrolle, indem sie sie von den Podien ausschlie\u00dft?<br \/>\nLeyendecker: Wir laden nicht Politiker nach Parteizugeh\u00f6rigkeit ein, sondern danach, ob sie etwas zu den Themen, die wir diskutieren, zu sagen haben. Wir sehen nicht, was die AfD zum Beispiel zum Thema Klimawandel sagen k\u00f6nnte. Sie behauptet entgegen aller Forschungsergebnisse von Wissenschaftlern, dass der Klimawandel nicht von Menschenhand gemacht ist. Auf dieser Grundlage kann man nicht ernsthaft diskutieren. Hinzu kommt, dass sich die AfD radikalisiert hat.<br \/>\n&#8230;. Komplettes Interview mit Hans Leyendecker, Pr\u00e4sident des Ev. Kirchentages, vom 18.6.2019 bitte lesen auf<br \/>\n<a href=\"https:\/\/www.badische-zeitung.de\/praesident-des-kirchentags-die-afd-hat-sich-radikalisiert\">https:\/\/www.badische-zeitung.de\/praesident-des-kirchentags-die-afd-hat-sich-radikalisiert<br \/>\n<\/a>\u00a0.<br \/>\nDie Aussage &#8222;entgegen <strong><em>aller<\/em><\/strong> Forschungsergebnisse von Wissenschaftlern&#8220; ist schlicht falsch: Ob der menschengemache Aussto\u00df von CO2 f\u00fcr Erderw\u00e4rmung bzw. Klimawandel verantwortlich ist, dar\u00fcber herrscht in der Wissenschaft (leider) \u00fcberhaupt keine Einigkeit.<\/p>\n<p><a href=\"https:\/\/www.kirchentag.de\/aktuell_2019\/aktuell_2019_nachrichtenuebersicht\/#c26728\">https:\/\/www.kirchentag.de\/aktuell_2019\/aktuell_2019_nachrichtenuebersicht\/#c26728<\/a><\/p>\n<p><strong>Evangelischer Kirchentag erntet Spott f\u00fcr Workshop \u201eVulven malen\u201c<\/strong><br \/>\nDer Workshop sei nur \u201eeine von mehr als 2000 Veranstaltungen\u201c auf dem Gro\u00dfevent, er sei \u201einhaltlich in das \u201aZentrum Geschlechterwelten\u2018 eingebunden\u201c und werde von einer jungen, angehenden Theologin gef\u00fchrt. Es gehe darum,<em> \u201esich kreativ mit der eigenen K\u00f6rperlichkeit auseinanderzusetzen\u201c und in \u201eungezwungener Atmosph\u00e4re in Austausch \u00fcber das weibliche, \u00e4u\u00dfere Genital, die Vulva, zu treten\u201c<\/em>. &#8230; bei Twitter.<br \/>\nEin anderer Nutzer fragte h\u00e4misch: \u201eUnd wann findet der Workshop im \u201aPhallus malen\u2018 statt?\u201c Ein weiterer kritisierte: \u201eEs tut mir leid, aber die EKD ist v\u00f6llig am Ende und hat nichts mehr mit dem Christentum zu tun. Sie wird endg\u00fcltig eine die Gesellschaft spaltende Sekte, die nur links-gr\u00fcne Indoktrination \u00fcbernimmt. Ich bin dann nun auch endg\u00fcltig raus aus dem Laden.\u201c<br \/>\n&#8230; Alles vom 20.6.2019 bitte lesen auf<br \/>\n<a href=\"https:\/\/www.welt.de\/vermischtes\/article195597945\/Evangelischer-Kirchentag-erntet-Spott-fuer-Workshop-Vulven-malen.html\">https:\/\/www.welt.de\/vermischtes\/article195597945\/Evangelischer-Kirchentag-erntet-Spott-fuer-Workshop-Vulven-malen.html<\/a><\/p>\n<p>.<\/p>\n<p>&nbsp;<\/p>\n<p>&nbsp;<\/p>\n<p><strong>Islamkonferenz: Warum keine Buddhismus-Konferenz?<\/strong><br \/>\nBerufsemp\u00f6rte sind emp\u00f6rt, weil es bei Islam-Konferenz auch Essen f\u00fcr Ungl\u00e4ubige gab. Wissen Sie, was mir fehlt? <a title=\"Gemeingueter und Dankbarkeit\" href=\"https:\/\/www.freiburg-schwarzwald.de\/blog\/gemeingueter-und-dankbarkeit\/\">DANKBARKEIT<\/a> daf\u00fcr, dass der EIGENTLICH religionsferne Staat EINER Religion so entgegenkommt. Wo ist die Konferenz f\u00fcr Buddhisten oder Bahai&#8217;i?<br \/>\n.<br \/>\nDer Staat in Person des Innenministeriums rief j\u00fcngst zur Islam-Konferenz. Was f\u00fcr eine edle, \u00fcber alles zu Erwartende hinausgehende Geste! Eigentlich sollte im demokratischen Westen eine klare Trennung zwischen dem Staat und allen Religionen verlaufen! Ob die einzelnen B\u00fcrger an uralte Schriften und vordemokratische Lehren glauben, ob sie zu unsichtbaren Instanzen reden oder sich selbst irgendwelche Speisen versagen, all das sollte einem aufgekl\u00e4rten Staat egal sein, solange sich alle an die s\u00e4kular-demokratischen Gesetze halten. Man k\u00f6nnte ja fragen: Warum gibt es \u00fcberhaupt eine Islam-Konferenz?<br \/>\nUnd: Warum gibt es etwa keine staatliche Buddhismus-Konferenz? Wir kennen die Antwort: Weil Loslassen und Meditieren und alles Leben als heilig zu betrachten die Gesellschaft nicht in ihrer Existenz bedroht. (Randnotiz: Wenn schon eine spirituell angehauchte Konferenz auf Kosten der Steuerzahler, warum nicht eine zur Achtsamkeit?! Das w\u00e4re gut investiertes Steuergeld!)<\/p>\n<p>Ich pl\u00e4diere f\u00fcr einen Staat, der sich mit keiner einzigen Religion gemeinmacht, sondern zu allen die gleiche, im Zweifelsfall kritische (von mir aus: neutrale) Distanz h\u00e4lt (siehe auch: Wenn Politiker sich aufmachen, Religionen zu reformieren). Aber gut, es ist nicht zu leugnen, dass es immer wieder Probleme mit Vertretern der einen Religion gibt \u2013 der Verfassungsschutz besch\u00e4ftigt sich eher seltener mit radikalisierten Meditierern oder fanatischen R\u00e4ucherst\u00e4bchen-Anz\u00fcndern.<br \/>\nDer Staat tritt aus seiner Rolle als \u00fcber den Dingen stehender Garant von Recht und Ordnung heraus, und er begibt sich in die unscharfen Sph\u00e4ren von Fragen wie wer der richtige Nachfolger eines Propheten sei, welche Kopftracht man als Abgrenzung von den Frauen der Kuffar tragen soll und andere Dinge, f\u00fcr welche die Organe eines westlichen Staates nun wirklich nicht zust\u00e4ndig sein sollten.<br \/>\n&#8230;. Alles vom 2.12.2018 von Dushan Wegner bitte lesen auf<\/p>\n<blockquote class=\"wp-embedded-content\" data-secret=\"6klj2k1BtI\"><p><a href=\"https:\/\/www.dushanwegner.com\/islamkonferenz-ohne-dankbarkeit\/\">Islamkonferenz: Wo bleibt die Dankbarkeit?<\/a><\/p><\/blockquote>\n<p><iframe loading=\"lazy\" class=\"wp-embedded-content\" sandbox=\"allow-scripts\" security=\"restricted\" style=\"position: absolute; visibility: hidden;\" title=\"&#8222;Islamkonferenz: Wo bleibt die Dankbarkeit?&#8220; &#8212; Dushan Wegner\" src=\"https:\/\/www.dushanwegner.com\/islamkonferenz-ohne-dankbarkeit\/embed\/#?secret=NzhPb96IJk#?secret=6klj2k1BtI\" data-secret=\"6klj2k1BtI\" width=\"600\" height=\"338\" frameborder=\"0\" marginwidth=\"0\" marginheight=\"0\" scrolling=\"no\"><\/iframe><br \/>\n&#8230;<\/p>\n<p>&nbsp;<\/p>\n<p><strong>Kirche ist auf Staatskosten reich &#8211; Dotationen, Pauschalleistungen<\/strong><br \/>\nDarf eine Kirche in einem reichen Land reich sein? Diese Frage des Kommentators J\u00f6rg Buteweg zielt auf eine moralische Diskussion, die innerkirchlich gef\u00fchrt werden sollte. Am eigentlichen Problem, welches uns alle betrifft, geht sie aber vorbei: n\u00e4mlich der nicht konsequent vollzogenen Trennung von Staat und Kirche. Die Kirche kann beliebig viele materielle G\u00fcter anh\u00e4ufen, solange sie dies nicht auf Staatskosten tut.<br \/>\nGenau das aber ist der Fall. Der Staat zieht nicht nur auf Kosten der Allgemeinheit die Kirchensteuer ein, sondern zahlt j\u00e4hrlich eine halbe Milliarde Euro an Dotationen \u2013 als Entsch\u00e4digung f\u00fcr Enteignungen von Kircheng\u00fctern im Rahmen der S\u00e4kularisierung zu Beginn des 19. Jahrhunderts. Sp\u00e4testens im Zuge der Wiedervereinigung h\u00e4tte man die \u00fcber 200 Jahre alten Vereinbarungen zwischen Kirchenoberen und nicht demokratisch gew\u00e4hlten Landesf\u00fcrsten zur Zeit des Heiligen R\u00f6mischen Reiches deutscher Nation \u00fcberdenken m\u00fcssen.<br \/>\nDas Gegenteil trat ein: In den ostdeutschen Bundesl\u00e4ndern wurden auf der Basis der neu abgeschlossenen Staat-Kirche-Vertr\u00e4ge die Zahlungen wieder eingef\u00fchrt. Auch wenn die Regelungen leicht unterschiedlich sind: In fast allen Bundesl\u00e4ndern werden heute die Geh\u00e4lter von Bisch\u00f6fen aus Steuergeldern bezahlt \u2013 entweder direkt oder indirekt durch Pauschalleistungen. Insofern ist es f\u00fcr mich als Steuerzahlerin nicht nachvollziehbar, wenn im seitenf\u00fcllenden Artikel von J\u00f6rg Buteweg und Sebastian Kaiser die Staatsleistungen zwar in einem Satz erw\u00e4hnt werden, aber weder in diesem Beitrag noch im Kommentar von Herrn Buteweg die Umstrittenheit derselben thematisiert wird.<br \/>\n<span class=\"ngBriefAutor\">24.12.2015, Dr. Christine Streit, Freiburg<br \/>\n.<br \/>\n<strong>Immobilienverm\u00f6gen der Kirche unterbewertet &#8211; Entsch\u00e4digungen<\/strong><br \/>\nVon der Erzdi\u00f6zese als &#8222;fast einer Milliard\u00e4rin&#8220; zu berichten, ist doch sehr r\u00fccksichtsvoll. Gerade bedeutende Verm\u00f6gen der Kirche, n\u00e4mlich die Immobilien und Grundst\u00fccke, werden quasi ausgeklammert oder mit einem Euro beziffert. Es ist vor allem deshalb paradox, weil die katholische Kirche f\u00fcr ihre Anfang des 19. Jahrhunderts enteigneten Grundst\u00fccke und Geb\u00e4ude seit 200 Jahren Entsch\u00e4digungen erh\u00e4lt. Allein vom Land Baden-W\u00fcrttemberg jedes Jahr etwa 100 Millionen Euro zusammen mit der evangelischen Kirche.<br \/>\n<span class=\"ngBriefAutor\">24.12.2015, Helmut Albert, Freiburg<br \/>\n<\/span><\/span><a href=\"https:\/\/www.badische-zeitung.de\/suedwest-1\/erzbistum-freiburg-besitzt-968-millionen-euro-x1x--115065956.html\u00a0\">https:\/\/www.badische-zeitung.de\/suedwest-1\/erzbistum-freiburg-besitzt-968-millionen-euro-x1x&#8211;115065956.html\u00a0<\/a><\/p>\n<p>&nbsp;<\/p>\n<p>.<\/p>\n<p><strong>Nur die Integration in einen s\u00e4kularen Staat wird gelingen<\/strong><br \/>\nWir sind heute nicht deswegen den Despotien der arabischen Welt zivilisatorisch voraus, weil das Christentum der bessere Glaube ist. Sondern weil wir aufgeh\u00f6rt haben, uns \u00fcber den Glauben zu definieren. Zumindest weitgehend.<br \/>\nDie Integration der Fl\u00fcchtlinge aus islamischen Kulturkreisen gelingt nur, wenn wir ihnen einen s\u00e4kularen und pluralen Staat vorleben, der weltliche Freiheiten gegen religi\u00f6se Beschr\u00e4nkungen verteidigt und durchsetzt. Manches wird man erzwingen m\u00fcssen. Vieles aber wird von den Menschen sicher auch bereitwillig und dankbar aufgenommen. Wer aus Kriegsgebieten zu uns kommt, in denen sich verschiedene Kulte aus spiritueller Uneinigkeit die K\u00f6pfe einschlagen, f\u00fcr den ist heidnischer Hedonismus eine Wohltat. Gebt ihnen Sex, Drugs und Rock\u2019n Roll, gebt ihnen Hollywood, die Fu\u00dfball-Bundesliga und meinetwegen sogar Vince Ebert. Irgendwann haben die keine Lust mehr auf Moscheen, b\u00e4rtige Prediger und Ramadan. Oder kennen Sie einen heimischen Katholiken, der sich noch streng an die Fastenzeit h\u00e4lt? Ich nicht.<br \/>\nAuf keinen Fall aber darf man die hier schon lebenden Muslime und die nun zu uns kommenden in einen kreuzz\u00fcglerischen Wettbewerb um die bessere Religion treiben. Ein aufgekl\u00e4rter, moderner Islam ist schlicht nicht m\u00f6glich, ein aufgekl\u00e4rtes und modernes Christentum aber auch nicht. Jede Religion fu\u00dft auf \u00fcberkommenen Vorstellungen und esoterischen Ritualen. Die k\u00f6nnen sie nicht aufgeben, die Priester und Imame, ohne die Rechtfertigung f\u00fcr ihr Tun zu verlieren. Ein Deutschland, in dem ein Wettbewerb um die Besucherzahlen in Kirchen und Moscheen tobt, w\u00e4re ein gescheitertes Deutschland. \u00a0&#8230;<br \/>\nAlles vom 25.10.2015 von Peter Heller \u00a0bitte lesen auf<br \/>\n<a href=\"https:\/\/www.achgut.com\/dadgdx\/index.php\/dadgd\/article\/zur_fluechtlingskrise_gott_hilft_nicht_weder_der_noch_der\">https:\/\/www.achgut.com\/dadgdx\/index.php\/dadgd\/article\/zur_fluechtlingskrise_gott_hilft_nicht_weder_der_noch_der<\/a><\/p>\n<p>&nbsp;<\/p>\n<p>&nbsp;<\/p>\n<p><strong>Fl\u00fcchtlingswelle, Islam-Religionsunterricht und unsere Kirchen<\/strong><br \/>\nDerzeit kommen t\u00e4glich 10000 Fl\u00fcchtlinge, 2015 werden es 1,5 Mio sein &#8211; keine Panikmache, sondern laut UNHCR auch in 2016 zu erwarten. Von den Kriegsfl\u00fcchtlingen sind 90% Muslime, deren Kinder ein Recht auf islamischen Religionsunterricht an \u00f6ffentlichen Schulen haben, was schon rein organisatorisch friedlich nicht realisierbar sein wird. Aber unsere christlichen Kirchen kleben so sehr an ihrer Macht, dass sie dies erhalten wollen und daf\u00fcr sogar bereit sind, den inneren (Schul-)Frieden zu gef\u00e4hrden.<br \/>\n.<br \/>\n(1) Die deutschen Islamverb\u00e4nde werden in K\u00fcrze beim Verfassungsgericht erfolgreich ihr Recht einklagen, wie Katholiken und Protestanten ihren eigenen Religionsunterricht an Schulen abzuhalten. Da es &#8218;den&#8216; Islam nicht gibt, wohl aber viele &#8211; einander zuweilen feindlich gesinnte -Str\u00f6mungen, wird der Staat mehrere Unterrichtsf\u00e4cher finanzieren m\u00fcssen: Sunnitisch-islamischer Religionsunterricht, schiitisch-islamischer Religionsunterricht, alevitisch-islamischer Religionsunterricht, ahmediyya-islamischer Religionsunterricht, &#8230;. Die Organisation eines solch breiten Unterrichtsangebots wird unser Schulsystem \u00fcberfordern und den Schulfrieden gef\u00e4hrden. Es gibt kein multikulturell und multireligi\u00f6s gepr\u00e4gtes Einwanderungsland weltweit, das allen seinen Religionsgemeinschaften ihre jeweils eigenen bekenntnisoriertierten Religionsunterrichte in den \u00f6ffentlichen Schulen finanzieren kann. Auch in Deutschland wird dieser Gr\u00f6\u00dfenwahn nicht funktionieren.<br \/>\n.<br \/>\n(2) Die einzige praktikable Alternative besteht in der Einf\u00fchrung einer strengen Trennung von Kirche und Staat wie in etwa Frankreich, USA, Kanada, S\u00fcdafrika (Laizismus). &#8222;Gebt der Kirche, was der Kirche ist, und dem Staat, was des Staates ist&#8220; (wer wohl mag dies gesagt haben?) &#8211; Religion ist Privatsache.<br \/>\nEinerseits besuchen alle Sch\u00fcler gemeinsam das neue Schul-Pflichtfach &#8222;Ethik&#8220; mit folgenden drei Teilen:<br \/>\n&#8211; Staatsb\u00fcrgerkunde: Demokratie, Grundgesetz, freiheitliche Grundordnung, Rechtsstaat.<br \/>\n&#8211; Wertekunde: Menschen-, Frauen- und Kinderrechte, Aufkl\u00e4rung, Werte und Normen.<br \/>\n&#8211; Nicht-bekenntnisorientierte Religionskunde: Information \u00fcber die gro\u00dfen Weltreligionen.<br \/>\nDieses gemeinsame Fach f\u00f6rdert die Integration der jungen B\u00fcrger wie kein anderes Schulfach.<br \/>\nAndererseits findet die bekenntnisorientierte Religionslehre au\u00dferhalb der Schule statt in Kirche, Moschee, Synagoge, Gebetshaus, &#8230; Dabei k\u00f6nnen die Religionsgemeinschaften durchaus weiter vom Staat finanzielle Unterst\u00fctzung erfahren.<\/p>\n<p>(3) Die christlichen Konfessionen wissen um das dr\u00e4ngende Problem: Neben Konfessionsfreien (10% Atheisten, 90% Religions- bzw. Kirchenferne) bilden die Muslime die gr\u00f6\u00dfte Gruppe, weit dahinter Katholiken und Protestanten, wobei letztere immer weiter schrumpfen. Sie wissen auch, dass die V\u00e4ter des Grundgesetzes in 1949 diese Entwicklung des so dramatischen R\u00fcckgangs von EV und RK nicht ahnen konnten und nur deshalb die christlichen Kirchen mit so vielen Sonderrechten und Privilegien ausgestattet haben. Warum stimmen die beiden gro\u00dfen Konfessionen einer \u00c4nderung des Grundgesetzes zwecks Einf\u00fchrung der&#8220;Trennung von Kirche und Staat&#8220; nicht zu? Um des Erhalts der eigene Macht willen, um ihre Privilegien zu erhalten. Der innere Frieden in unserer Gesellschaft scheint ihnen dabei gleichg\u00fcltig zu sein, Hauptsache Macht sprich Geld.<br \/>\n.<br \/>\nIn 10 Jahren wird &#8211; seri\u00f6sen Sch\u00e4tzungen zufolge &#8211; in den Ballungsgebieten Deutschlands der Religionsunterricht zu 80% von muslimischen Kindern besucht werden.<br \/>\n5.10.2015<\/p>\n<p>&nbsp;<\/p>\n<p>.<\/p>\n<p><strong>Bedroht der Islam den europ\u00e4ischen Laizismus?<\/strong><br \/>\nWarum vermochte es die republikanische, laizistische Schule nicht, die Radikalisierung junger Franzosen zu verhindern, die in den IS ziehen und nach Frankreich zur\u00fcckkehren, um Anschl\u00e4ge zu ver\u00fcben. Liegt es an einer Schule, die die Religion aus ihrem Curriculum verbannt und die spirituelle Bed\u00fcrfnisse der Sch\u00fcler ignoriert?<br \/>\n&#8222;Vielleicht wird die Laizit\u00e4t, die als Bollwerk gegen den Islamismus gilt, aus Furcht vor dem Islam noch vor 2022 an Bedeutung verlieren. Vielleicht werden neben dem Lehrer wieder der Pfarrer und der Rabbi wichtiger werden \u2013 und auch der Imam.<span lang=\"DE\">&#8220; &#8230;<br \/>\nAlles vom 28.3.2015 bitte lesen auf<br \/>\n<\/span><a href=\"https:\/\/www.welt.de\/kultur\/article136839959\/Der-Islam-bedroht-den-europaeischen-Laizismus.html\">https:\/\/www.welt.de\/kultur\/article136839959\/Der-Islam-bedroht-den-europaeischen-Laizismus.html<\/a><\/p>\n<p>&nbsp;<\/p>\n<p>&nbsp;<\/p>\n<p><strong>Trennung von Kirche und Staat &#8222;light&#8220; in Luxemburg eingef\u00fchrt<\/strong><br \/>\nDas Parlament von Luxemburg (zu 2\/3 katholisch) hat am 21.1.2015 mit den Stimmen von Sozialisten, Gr\u00fcnen und Liberalen gegen die Christsoziale Volkspartei eine Konvention zur Trennung von Kirche und Staat verabschiedet:<br \/>\n&#8211; Reduzierung der staatlichen Zuwendungen an die Religionsgemeinschaften um 75 %.<br \/>\n&#8211; Der bislang von der Kirche auf Staatskosten erteilte Religionsunterricht an Schulen weicht einem staatlichen<br \/>\n&#8222;Werteunterricht&#8220; &#8211; Religionsunterricht nachmittags privat<br \/>\n&#8211; Priestergeh\u00e4lter werden vom Staat weiterbezahlt, Neuanstellungen mu\u00df die Kirche bezahlen.<br \/>\n&#8211; Fonds zum baulichen Erhalt von Kirchen.<br \/>\nDabei unterschrieben neben den christlichen Kirchen und der j\u00fcdischen Gemeinde auch die muslimische Gemeinschaft (Shura), die damit zur staatlich anerkannte<span lang=\"DE\">n<\/span><span lang=\"\"> Religionsgemeinschaft<\/span><span lang=\"DE\"> avancierte (nur 3% der <\/span><span lang=\"\">550.000 Einwohner <\/span><span lang=\"DE\">sind Muslime, aber 68% Katholiken).<\/span><br \/>\nLuxemburgs Erzbischof Jean-Claude Hollerich: &#8222;Die Kirche schleppt teilweise Jahrhunderte alte Lasten mit sich. Nun haben wir die Chance, Ballast abzuwerfen.&#8220;<br \/>\n21.3.2015<\/p>\n<p>&nbsp;<\/p>\n<p>&nbsp;<\/p>\n<p><strong>Die \u00dcberrepr\u00e4sentierung der Kirchen<\/strong><br \/>\nBei den aktuellen innenpolitischen Themen geht es derzeit im wahrsten Sinne um Leben und Tod: <a title=\"Social Freezing in USA und in D\" href=\"https:\/\/www.freiburg-schwarzwald.de\/blog\/social-freezing-in-usa-und-in-d\/\">Social Freezing <\/a>(Geburt), <a title=\"Sterbehilfe\" href=\"https:\/\/www.freiburg-schwarzwald.de\/blog\/selbsthilfe\/senioren\/sterbehilfe\/\">Sterbehilfe<\/a> (Lebensende) und <a title=\"Islam-Reformen\" href=\"https:\/\/www.freiburg-schwarzwald.de\/blog\/religion\/islam\/islam-reformen\/\">Islam<\/a> (dazwischen). Runde Tische, Ethikr\u00e4te, Fachaussch\u00fcsse und Expertengremien wurden eingerichtet und in diesen sind die christlichen Kirchen \u00fcberrepr\u00e4sentiert mit Verweis auf a) Gr\u00f6\u00dfe und b) Fachexpertise.<\/p>\n<p>a) Die Mitgliederzahlen des evangelischen und katholischen Kirchen sind gar nicht so gewaltig. Zumal ihre Mitglieder im Gegensatz zu ADAC, Nabu oder politischen Parteien nicht aktiv eingetreten, sondern von Geburt an automatisch dabei sind. Dazu als Augen\u00f6ffner das Beispiel des Evolutionsbiologen Richard Dawkins: Es gibt auf der Welt keine christlichen, islamischen oder j\u00fcdischen Kinder, sondern allenfalls Kinder von Christen, Muslimen oder Juden; denn es gibt ja auch keine sozialistischen, liberalen oder konservativen Kinder.<br \/>\nDesweiteren schrumpfen die Kirchen dramatisch (<span lang=\"DE\">30% ev, 30% kath, 1,9% orthodox, 3% Islam, 34% konfessionslos). In einem offenen Brief vom 14.7.2014 hat der Berliner Professor Uwe Lehnert den Bundespr\u00e4sidenten Joachim Gauck <\/span><a href=\"https:\/\/www.wissenrockt.de\/media\/2012\/07\/20120714-uwe-lehnert-offener-brief-an-joachim-gauck-web.pdf\"><span lang=\"DE\">aufgefordert<\/span><\/a><span lang=\"DE\">, als \u201eRepr\u00e4sentant eines um Aufkl\u00e4rung und Demokratie bem\u00fchten Landes&#8220; die Existenz der Millionen Konfessionsfreien bzw. Humanisten in Deutschland doch endlich angemessen zu w\u00fcrdigen.<\/span><\/p>\n<p>b) Die Menschenrechte rangieren \u00fcber allen Religionen, die demokratische Wissensgesellschaft bezieht ihre Werte aus Aufkl\u00e4rung, Humanismus und Freiheitsbewegungen, nicht aus dem Christentum. Aus diesem Grunde ist es nicht erkl\u00e4rbar, dass Gremien zum Problemkreis der Sterbehilfe oder des &#8222;Social Freezing&#8220; von evangelischen und katholischen Kirchenvertretern dominiert werden &#8211; diese haben keine besondere moral-philosophische Fachexpertise. Wenn Dogmen statt Argumente z\u00e4hlen und alte Kirchenm\u00e4nner auf den Moralcodex alter B\u00fccher verweisen, dann sind diese Probleme nicht befriedigend l\u00f6sbar.<br \/>\n12.3.2015<br \/>\n:<\/p>\n<p><strong>Die einzige L\u00f6sung: Trennung von Kirche und Staat sowie Ethik als Schul-Pflichtfach <\/strong><\/p>\n<p>(1) Zwei Arten der Religionsvermittlung sind zu trennen.<br \/>\na) \u00a0Man kann die Religion rein deskriptiv behandeln, seine Urspr\u00fcnge historisch und auch in ihren praktischen Auswirkungen darstellen, wissenschaftlich und neutral, rein rational, ohne Wertung der Glaubensinhalte.<br \/>\nb) Man kann im Religionsunterricht aber auch werbend und empfehlend Glaubenss\u00e4tze verk\u00fcnden und so eine bestimmte Religion\u00a0als Gegenstand von Verhaltensmaximen propagieren. Bekenntnisunterricht.<\/p>\n<p>(2) Christlicher Religionsunterricht an deutschen Schulen darf mit b) Glaubens\u00fcberzeugungen\u00a0wecken. Mit Recht &#8211; zumal bisher nicht behauptet worden ist, dass die christliche Religionsvermittlung mit dem Grundgesetz in Konflikt kommen k\u00f6nnte. Zudem: T\u00e4ten die Religionslehrer das nicht, m\u00fcssten sie f\u00fcr ihr Fach als ungeeignet angesehen werden (wie Prof Hans K\u00fcng, dem das Recht, kath. Religionslehrer auszubilden, vom Papst aberkannt worden ist).<\/p>\n<p id=\"pageIndex_2\">(3 ) Bei islamischem Religionsunterricht und islamischer Hochschullehre ergeben sich schwerwiegende Probleme im Hinblick auf die \u201eTreue zur Verfassung\u201c im Sinne des Grundgesetzes, da\u00a0im Unterricht empfohlene muslimische Handlungs- und Verhaltensweisen in einem Gegensatz zu Verfassungsnormen stehen, deren Befolgung also die Treue zur Verfassung verletzen w\u00fcrden. Das Problem liegt darin, dass der\u00a0Islam\u00a0keine Trennung von Kirche und Staat kennt bzw. vertr\u00e4gt:\u00a0 &#8222;Nahezu alle Verfassungen, deren Staatsvolk mehrheitlich dem Islam angeh\u00f6rt, enthalten den sogenannten Scharia-Vorbehalt, das hei\u00dft, es wird festgestellt, dass die Quelle allen und also auch des weltlichen Rechts der Koran und die Scharia sind. Hier zeigt sich deutlich und unmissverst\u00e4ndlich, dass der Islam seine Religion und seine weltliche Verfassung als untrennbar betrachtet. Es k\u00f6nnen also die Vorstellungen von Menschenw\u00fcrde gem\u00e4\u00df dem Grundgesetz und diejenigen des Islams nicht identisch sein. Ein Imam, der die Menschenw\u00fcrde des Islams lehrt, kommt notwendig in einen Widerspruch zu unserer Verfassung.&#8220; &#8230;.\u00a0 Quelle: Niemand kann zwei Herren dienen &#8211; Islam und Grundgesetz stehe zueinander in schroffem Gegensatz. Was soll dann islamischer Religionsunterricht vermitteln? Wenn man sich hier nicht entscheidet, droht Chaos.\u00a0&#8230;..<br \/>\nEs fragt sich nun, was soll der islamische Religionsunterricht in Schule und Hochschule vermitteln? Wof\u00fcr soll und darf er eingerichtet werden? Bleibt er hierbei durch \u00fcberredende Religionsvermittlung in gewisser Weise missionarisch, kann oder gar muss er in Konflikt zu der Treueklausel des Grundgesetzes kommen. H\u00e4lt er sich an die Treueklausel, ist fraglich, ob er dann noch islamische Religion lehrt. Soweit ersichtlich, ist \u00fcber diese Frage zu wenig diskutiert worden. Gastbeitrag von Karl Doehring, FAZ, 23.9.2010,<br \/>\n<a href=\"https:\/\/www.faz.net\/aktuell\/politik\/staat-und-recht\/islam-in-deutschland-niemand-kann-zwei-herren-dienen-11042346.html?printPagedArticle=true#pageIndex_2\">https:\/\/www.faz.net\/aktuell\/politik\/staat-und-recht\/islam-in-deutschland-niemand-kann-zwei-herren-dienen-11042346.html?printPagedArticle=true#pageIndex_2 <\/a><\/p>\n<p>(4) Es funktioniert also nicht, den Kanon der Religionsf\u00e4cher an den Schulen &#8222;ev. Religion&#8220;, &#8222;kath. Religion&#8220;, &#8230; einfach um das weitere Fach &#8222;islam. Religion&#8220; zu erweitern. Zum einen, da die in unserem Grundgesetz\u00a0fest\u00a0verankerten Menschen- und Frauenrechte nicht mit dem Islam vereinbar sind. Zum anderen, da es den Islam im Sinne einer einheitlichen und von allen anerkannten Auslegung des Koran gar nicht gibt &#8211; was zu gesonderten Religionsf\u00e4chern f\u00fcr Aleviten, Sunniten, Schiiten, &#8230; f\u00fchren mu\u00df. Wie gro\u00df die Probleme sind, zeigt sich an der Imam-Ausbildung an der Uni M\u00fcnster mit <a title=\"Koran Antisemitismus Khorchide\" href=\"https:\/\/www.freiburg-schwarzwald.de\/blog\/koran-antisemitismus-khorchide\/\">Prof Khorchide<\/a>, die bis zu Morddrohungen gegen ihn\u00a0einhergeht.<\/p>\n<p>(5) Die einzige L\u00f6sung besteht darin, nach dem Vorbild von Frankreich (einem katholischen Land, in dem immer mehr Muslime leben) auch in Deutschland endlich eine klare Trennung von Kirche und Staat in der Verfassung zu verankern.<br \/>\n&#8211; Kirchen regeln ihre Finanzen eigenst\u00e4ndig. Der Staat zieht somit auch keine ev bzw. kath. Kirchensteuer mehr ein.<br \/>\n&#8211; An \u00f6ffentlichen Schulen findet &#8211; zur regul\u00e4ren\u00a0Unterrichtszeit &#8211;\u00a0keinerlei Religionsunterricht mehr statt.<br \/>\nDer Unterricht\u00a0 mu\u00df &#8211; von den Eltern organisiert &#8211; ausserhalb der Schulpflicht in der Freizeit erfolgen.<br \/>\n&#8211; Religion und damit auch Religionsunterricht ist Privatsache. Gleichwohl mu\u00df sichergestellt sein,<br \/>\ndass die religi\u00f6sen\u00a0Unterweisungen mit der Verfassung konform gehen.<\/p>\n<p>(6) Die Normen und Werte unserer Kultur, wie sie im Grundgesetz stehen, m\u00fcssen allen Kindern vermittelt werden &#8211; unabh\u00e4ngig von ihren weltanschaulichen Ausrichtungen. Deshalb kommt der\u00a0Einf\u00fchrung eines Pflichtfaches &#8222;Ethik&#8220; an den Schulen eine zentrale Bedeutung zu in einem Land, das eine strenge Trennung von Kirche und Staat in der Verfassung festgeschrieben hat. Solange es keinen\u00a0f\u00fcr alle verpflichtenden Ethik-Unterricht gibt, ist der Islam-Unterricht nur eine Br\u00fcckenl\u00f6sung &#8211; als vielleicht kleineres \u00dcbel im Vergleich zu den Koranschulen.<br \/>\n26.12.2014<\/p>\n<p>Wenn Religion Privatsache ist, und das hat sie zu sein, dann geh\u00f6ren alle Unterweisungen in derselben in private Gemeinschaften, nicht in Schulen und deren Unterricht. Der Staat hat keine einzige zu f\u00f6rdern, es sei denn, diejenigen, die mit der &#8211; auch gottgewollten &#8211; Freiheit des Menschen, seiner unbedingten, durch nichts einschr\u00e4nkbaren und also auch nicht von der Ma\u00dfgabe irgendeines Interpreten oder heiligen Buches, auch des muslimischen nicht, abh\u00e4ngigen Menschenw\u00fcrde den richtigen Umgang pflegen. Religionsunterricht als Information und hoffentlich auch Freiheits-Angebot f\u00fcr die Unterrichteten, ja, das ist heilsam. Als Indoktrination, als Belehrung und Erziehung in spezifischen Dogmen, Riten, Verbeugungen welcher Religion auch immer &#8211; niemals. Das kann nicht Aufgabe des Staates sein, der alle Rechtssubjekte sch\u00fctzen mu\u00df, egal, was sie glauben.<span class=\"Apple-converted-space\"><span style=\"color: #333333; font-family: Verdana;\">\u00a0<\/span><\/span>Der Staat kann also niemals Diener zweier Herren sein. Er ist nur Diener des Souver\u00e4ns, des B\u00fcrgers und seiner unbedingten Freiheit und W\u00fcrde (Grundgesetz). Der Frauen nicht minder (Frauenrechte).<br \/>\n27.12.2014, Gernot Radtke<\/p>\n<p>&nbsp;<\/p>\n<p><strong>Falsche Mitgliederzahl der j\u00fcdischen Gemeinde?<\/strong><br \/>\nDas Land Baden-W\u00fcrttemberg zahlt in diesem Jahr, gem\u00e4\u00df dem Staatsvertrag, der Israelitischen Religionsgemeinschaft Baden (IRG) 4,1 Millionen Euro, ein Betrag, der auf der Zahl von 5090 Mitgliedern in den zehn j\u00fcdischen Gemeinden basiert. Da Zweifel an dieser Mitgliederzahl bestehen, war die IRG aufgefordert, sie auf den aktuellen Stand zu bringen. &#8230; Alles vom 3.12.2014 bitte lesen auf<br \/>\n<a href=\"https:\/\/www.badische-zeitung.de\/falsche-mitgliederzahl-juedische-gemeinde-soll-klarheit-schaffen\">https:\/\/www.badische-zeitung.de\/falsche-mitgliederzahl-juedische-gemeinde-soll-klarheit-schaffen<\/a><\/p>\n<p>&nbsp;<\/p>\n<p><strong>Keine Kirchenf\u00f6rderung mehr &#8211; strenger Laizismus wie in Frankreich<\/strong><br \/>\nEs ist schon einige Jahre her, dass Martin Walser schwer gescholten wurde, weil er vor einer Instrumentalisierung des Holocaust gewarnt hatte. Was aber ist es anderes, wenn im hier dargestellten Sachverhalt eine &#8222;Selektion&#8220; der Gemeindemitglieder abgelehnt wird. Dieser Sprachgebrauch ist gewiss nicht zuf\u00e4llig und es darf angenommen werden, dass hier der Versuch unternommen wird, das berechtigte Kontrollinteresse des Geldgebers zu diskreditieren oder eine &#8222;Bei\u00dfhemmung&#8220; bei den Kontrolleuren auszul\u00f6sen. Dieser Vorgang ist h\u00f6chst unappetitlich! Deutschland sollte sich den strengen Laizismus Frankreichs zu eigen machen und ganz von einer finanziellen F\u00f6rderung der Religionsgemeinschaften Abstand nehmen.<br \/>\n3.12.2204, Daniel Jost<\/p>\n<p><strong>Immobilien der kath. Kirche in Deutschland<\/strong><br \/>\nPapst Franziskus gelobt Bescheidenheit und die deutschen Bisch\u00f6fe k\u00fcndigten nach dem Skandal von Limburg mehr Transparenz an. Tats\u00e4chlich h\u00e4lt die katholische Kirche immense Verm\u00f6genswerte verborgen &#8211; in einem Geflecht von Gesellschaften, Vereinen und Stiftungen schlummern Milliardenverm\u00f6gen. Ob Bares, Immobilien, ob Banken oder Firmen &#8211; von der Filmgesellschaft bis zur Sprudelfabrik. Dieses traditionelle Finanzdickicht st\u00f6\u00dft auch an der Basis, wie der katholischen Kirchenvolksbewegung &#8222;wir sind Kirche&#8220; auf Kritik. Viele Gl\u00e4ubigen wollen wissen, wie reich ihre Kirche wirklich ist und ob das Geld wirklich dorthin flie\u00dft, wo es n\u00f6tig ist. Dabei sind auch die Quellen des Reichtums umstritten: von uralten Sonderrechten bis hin zur Steueroase. So findet sich in Amsterdam eine kirchliche Briefkastenfirma f\u00fcr eine Immobilie am K\u00f6lner Dom. &#8230;.<br \/>\nSendung SWR-Fernsehen 12.11.2014 ab 21 Uhr<\/p>\n<p>Sch\u00e4tzungen Humboldt-Universit\u00e4t Berlin: 200 &#8211; 350 Mrd Euro Grundbesitz<br \/>\n257.000 bis 390.000\u00a0ha Grundbesitz in D, davon ca 5% bebaut oder Bauland.<br \/>\n<span style=\"text-decoration: underline;\"><span style=\"color: #0066cc;\"><a href=\"https:\/\/www.swr.de\/betrifft\/der-verborgene-reichtum-der-katholischen-kirche-vergelt-s-gott\/-\/id=98466\/sdpgid=1002025\/nid=98466\/did=14285400\/1180ojr\/index.html\">https:\/\/www.swr.de\/betrifft\/der-verborgene-reichtum-der-katholischen-kirche-vergelt-s-gott\/-\/id=98466\/sdpgid=1002025\/nid=98466\/did=14285400\/1180ojr\/index.html<\/a><\/span><\/span><\/p>\n<\/div>\n<p>Gott hat hohe Nebenkosten &#8211; Ein Film von Eva M\u00fcller<br \/>\nBei Caritas und Diakonie finanziert die Kirche selbst nur noch etwa zwei Prozent des Etats, 98 Prozent tr\u00e4gt die Gesellschaft. Die Allgemeinheit zahlt Milliardenbetr\u00e4ge, aber sie hat nichts zu sagen. Wie kommt es zu diesen Summen? Und wof\u00fcr gibt die Kirche das eigene, das Kirchensteuer-Geld aus?<br \/>\nSendung SWR-Fernsehen 12.11.2014 ab 20.15 Uhr<br \/>\nDer Staat bezahlt im Jahr 0,5 Mrd Euro als Transfers an die ev. + kath. Kirche in Deutschland<br \/>\n<span style=\"text-decoration: underline;\"><span style=\"color: #0066cc;\"><a href=\"https:\/\/www.swr.de\/betrifft\/betrifft-kirche-gott-nebenkosten\/-\/id=98466\/sdpgid=1002022\/nid=98466\/did=14285410\/1cbg9dd\/index.html\">https:\/\/www.swr.de\/betrifft\/betrifft-kirche-gott-nebenkosten\/-\/id=98466\/sdpgid=1002022\/nid=98466\/did=14285410\/1cbg9dd\/index.html<\/a><\/span><\/span><\/p>\n<p>&nbsp;<\/p>\n<p>&nbsp;<\/p>\n<p><strong>Trennung von Kirche und Staat: Schule, Uni, Steuer, Feiertage<\/strong><\/p>\n<div>Der <a title=\"Islam\" href=\"https:\/\/www.freiburg-schwarzwald.de\/blog\/religion\/islam\/\"> Islam<\/a>\u00a0dr\u00e4ngt in die Mitte der Gesellschaft. War der Islam bisher die Religion der Migranten, treten die Muslime hierzulande inzwischen mit einem neuen Selbstbewusstsein auf. Davon befl\u00fcgelt fordern t\u00fcrkische Verb\u00e4nde einen festen muslimischen Feiertag zu etablieren. Muss daf\u00fcr ein christlicher Feiertag herhalten? Haben die muslimischen Organisationen nicht die gleichen Rechte und Privilegien wie die Kirchen hierzulande? Kurzum: Nach langen Debatten und vielen Jahren im Abseits ist der Islam nun dabei, in der Mitte der Gesellschaft anzukommen. Die immer\u00a0st\u00e4rkere (besonders Hinblick auf die Anzahl der Kinder)\u00a0Verbreitung des Islam zwingt uns, die eigenen Mischmasch-Strukturen im Verh\u00e4ltnis von Kirche und Staat zu hinterfragen und mit Ziel einer strengen Trennung neu zu organisieren. Ansto\u00df und Chance hierzu verdanken wir dem Islam.<\/div>\n<div><\/div>\n<div><strong>(1) Schulen:<\/strong> Neben dem evangelischen und katholischen\u00a0noch einen islamischen Religionsunterricht an den Schulen einf\u00fchren, sp\u00e4ter ggf. noch einen alevitischen, orthodoxen, buddhistischen usw.\u00a0Unterricht? Nein! Der bekenntnisorientierte Religionsunterricht geh\u00f6rt nicht an unsere \u00f6ffentlichen Schulen, sondern in die jeweiligen religi\u00f6sen Einrichtungen (Kirchen, Moscheen). An den Schulen wird ein Ethikunterricht als religions\u00fcbergreifendes Pflichtfach f\u00fcr alle Kinder eingef\u00fchrt. Die Ausbildung der Lehrer erfolgt ausschlie\u00dflich an staatl. Hochschulen.<\/div>\n<div><strong>(2) Hochschulen:<\/strong> Die an den Universit\u00e4ten eingerichteten Lehrst\u00fchle f\u00fcr ev., kath. wie j\u00fcdische Theologie besitzen einen seit \u00fcber\u00a0200 Jahren entwickelten Sonderstatus, denn nicht allein die wissenschaftliche Qualifikation entscheidet \u00fcber einen neu zu berufenden Lehrstuhlinhaber, sondern die Zustimmung von Bischof bzw. Oberkirchenrat. Diese Verquickung f\u00fchrt zu Streitereien und Intrigen (siehe Abberufung des kath. Prof. K\u00fcng an Uni T\u00fcbingen; Islamkonferenz-Aufstand gegen den <a title=\"Khorchide \u2013 Islam Scharia Gott\" href=\"https:\/\/www.freiburg-schwarzwald.de\/blog\/khorchide-islam-scharia-gott\/\">Islam-Professos Khorchide <\/a>an der Uni M\u00fcnster). Forderung: Die Besetzung einer Hochschulprofessur hat allein nach der wissenschaftlichen Qualifikation zu erfolgen.<\/div>\n<div><strong>(3) Kirchensteuer:<\/strong> Alle Religionsgemeinschaften sind &#8211; sofern sie das Grundgesetz respektieren &#8211; gleichberechtigt. Demzufolge wird die Kirchensteuer\u00a0abgeschafft, denn das Recht, Steuern zu erheben, hat alleine der Staat.<\/div>\n<div><strong>(5) Feiertage:<\/strong> Das System der kirchlichen Feiertage ist neu zu gestalten.<\/div>\n<p>29.6.2014,<\/p>\n<p>Was bringt uns der Islam?<br \/>\n<a href=\"https:\/\/www.hr-online.de\/website\/fernsehen\/sendungen\/mediaplayer.jsp?mkey=51358505&amp;rubrik=34844\">https:\/\/www.hr-online.de\/website\/fernsehen\/sendungen\/mediaplayer.jsp?mkey=51358505&amp;rubrik=34844<\/a><\/p>\n<p>&nbsp;<\/p>\n<p>&nbsp;<\/p>\n<p><strong>Der Staat bezahlt die sozialen Dienste der Kirchen fast vollst\u00e4ndig<\/strong><br \/>\nDiskrepanz: Einerseits verlieren die christl. Kirchen immer mehr Mitglieder, andererseits \u00fcbernehmen die Kirchen immer mehr Einrichtungen (Kitas, Schulen, Kkiniken und Pflegeheime). Seit 2000 haben die christlichen Schulen um ca 35% zugenommen, Ende 2013 gibt es in Deutschland ca 3300 christliche Bekenntnisschulen.\u00a0Nach dem Staat sind die christlichen\u00a0Kirchen heute der zweitgr\u00f6\u00dfte Arbeitgeber, die Anzahl der in kirchl. Einrichtungen Besch\u00e4ftigten stieg von 200.000 in 1950 auf 1,3 Mio Arbeitnehmer in 2013 an.<\/p>\n<p>Der Staat bezahlt die sozialen Einrichtungen der beiden christlichen Kirchen nahezu komplett. Er finanziert die<br \/>\n<em>Kinderg\u00e4rten und Kitas zu 90 %<\/em><br \/>\n<em>Schulen zu 90 %<\/em><br \/>\n<em>Krankenh\u00e4user zu 100 %<\/em><br \/>\n<em>Diakonie und Caritas zu 98 %<\/em><br \/>\nDie Verwaltung und auch die Einstellung der Mitarbeiter (Kinderg\u00e4rtnerInnen, LehrerInnen, \u00c4rzteschaft, &#8230;) hingegen obliegt der ev. bzw. kath. Kirche. F\u00fcr diese Arbeitnehmer gelten weder das Betriebsverfassungsrecht noch das Allgemeine Arbeitnehmer-Gleichbehandlungsgesetz. Aus diesem Grunde wird einer Kinderg\u00e4rtnerin nach Scheidung und Wiederheirat von der Kirche gek\u00fcndigt und ein\u00a0ungetaufter Lehrer in eine christliche Schule nicht eingestellt.<\/p>\n<p>Weniger als 10 % des Kirchensteueraufkommens finden im sozialen Sektor Verwendung. Der Staat bezahlt die sozialen Dienstleistungen, die kirchliche Einrichtungen erbringen, fast komplett. Die arbeitsrechtlichen Regeln jedoch bestimmen die Kirchen jeweils selbst \u00fcber eigene Gesetze.<\/p>\n<p>Protestanten und Katholiken nehmen Jahr f\u00fcr Jahr zahlenm\u00e4\u00dfig ab (Kirchenaustritte, Kinderlosigkeit). Muslime hingegen nehmen rasant zu (Kinderreichtum, Zuwanderung). Verst\u00e4ndlicherweise werden islamische Religionsgemeinschaften vom deutschen Staat die gleichen Rechte und finanziellen Unterst\u00fctzungen einfordern, wie sie die den christlichen Kirchen gew\u00e4hrt werden.<br \/>\n2.5.2014<br \/>\n.<br \/>\n<strong>Gott hat hohe Nebenkosten &#8211; Wer wirklich f\u00fcr die Kirche zahlt<\/strong><br \/>\nBernadette K.\u00a0 wurde als Leiterin eines katholischen Kindergartens K\u00f6nigswinter entlassen, weil sie sich von ihrem Mann trennte und zu einem neuen Partner zog. Ehebruch: ein Versto\u00df gegen die Loyalit\u00e4t zu ihrem Arbeitgeber, hatte die Kirche entschieden. Weit \u00fcber eine Million Menschen arbeiten in sozialen Einrichtungen f\u00fcr die Kirchen &#8211; in Kinderg\u00e4rten, Krankenh\u00e4usern, Schulen und Altenheimen. Sie alle unterliegen einem besonderen Arbeitsrecht. Doch der Kindergarten, in dem Bernadette K. arbeitete, wird zu 100 % aus \u00f6ffentlichen Geldern finanziert. Bei Caritas und Diakonie finanziert die Kirche selbst nur noch etwa zwei % des Etats, 98 % tr\u00e4gt die Gesellschaft. Die Allgemeinheit zahlt Milliardenbetr\u00e4ge, aber sie hat nichts zu sagen.\u00a0In der Dokumentation &#8222;Gott hat hohe Nebenkosten&#8220; sprach die Autorin Eva M\u00fcller mit Bernadette K. und den Kirchenvertretern, die ihr k\u00fcndigten, und sie zeigt an weiteren Beispielen aus dem ganzen Land, welche Sonderrechte die Kirche hat, woher die Kirche ihr Geld bekommt und was sie damit macht.<br \/>\n2.5.2014, Sendung 20.15 Uhr, <a href=\"https:\/\/www.3sat.de\/\">www.3sat.de<\/a><\/p>\n<p>&nbsp;<\/p>\n<p>&nbsp;<\/p>\n<p><strong>Im Zuge der Islam-Debatte die Trennung von Kirche und Staat pr\u00e4zisieren<br \/>\n<\/strong>Der Islam hat faschistische Z\u00fcge, sagt der aus \u00c4gypten stammende Politikwissenschaftler <a title=\"Abdel-Samad\" href=\"https:\/\/www.freiburg-schwarzwald.de\/blog\/religion\/islam\/abdel-samad\/\">Hamed Abdel-Samad<\/a>. Er vergifte seine Anh\u00e4nger mit Ressentiments und Hass. &#8222;Toleranz gegen\u00fcber Intoleranz ist Dummheit&#8220;. Die Islam-Debatte in Deutschland sollte eine Debatte \u00fcber ein Mehr an S\u00e4kularisierung ansto\u00dfen: Alle\u00a0Religionen gleich behandeln, die Sonderprivilegien der evangelischen und katholischen Kirche abbauen, eine klare Trennung von Kirche und Staat herstellen.<\/p>\n<p>&nbsp;<\/p>\n<p><strong>Politiker m\u00fcssen Muslimen die Grenzen aufzeigen<\/strong><\/p>\n<p id=\"artAbstract\">Integrationspolitik ist vor allem eine Politik f\u00fcr t\u00fcrkische Muslime. Oder hatten wir je einen vietnamesischen Integrationspolitiker und forderten die hier lebenden Hindus je einen eigenen Feiertag?\u00a0\u00a0Warum ein muslimischer Feiertag f\u00fcr alle? &#8230;.\u00a0\u00a0was hie\u00dfe, dass 95 Prozent einen Feiertag begehen sollen, mit dem sie weder durch Tradition noch durch ihren Glauben irgendwie verbunden w\u00e4ren&#8230;..\u00a0Verschleierte Lehrerinnen, Gebetsr\u00e4ume in Schulen,\u00a0Burkinis\u00a0in Schwimmhallen \u2013 wenn es nach den muslimischen Funktion\u00e4ren ginge, w\u00fcrde das Bild des \u00f6ffentlichen Lebens in Deutschland im Namen von f\u00fcnf Prozent seiner Bewohner so lange umgestaltet, bis es islamischen Anspr\u00fcchen gen\u00fcgt. &#8230;.<br \/>\nAlles von Monika Maron vom 2.2.2014 bitte lesen auf<br \/>\n<a href=\"https:\/\/www.welt.de\/debatte\/kommentare\/article124442866\/Politiker-muessen-Muslimen-die-Grenzen-aufzeigen.html\">https:\/\/www.welt.de\/debatte\/kommentare\/article124442866\/Politiker-muessen-Muslimen-die-Grenzen-aufzeigen.html<br \/>\n<\/a>\u00a0 \u00a0 \u00a0.<br \/>\n<strong>Er gibt nicht nur muslimisch-t\u00fcrkische Einwanderer<br \/>\n<\/strong>&#8230;&#8220;in der dann die vietnamesischen und polnischen Einwanderer den\u00a0t\u00fcrkischen erkl\u00e4ren k\u00f6nnten, wie das mit ihren Kindern und der Schule \u00a0funktioniert und warum sie bisher keine eigene Konferenz brauchten und \u00a0solche Dinge.&#8220;\u00a0Sie haben recht. Integrieren bedeuted, in einem \u00fcbergeordneten Ganzen zusammenschlie\u00dfen. Das bedeuted aber auch, dass ich bereit und willens sein muss, einen Kompromiss einzugehen und meine eigenen W\u00fcnsche gegen\u00fcber der Allgemeinheit zur\u00fcckzustellen und nicht vom Rest der Gesellschaft erwarte, dass diese sich mir anpasst. Und das f\u00e4ngt schon bei der Sprache an.\u00a0Und nicht nur die deutschen m\u00fcssen sich fragen, woran es liegen kann, dass insbes. die t\u00fcrkischst\u00e4mmigen Mitbewohner besonders auff\u00e4llig sind, auch diese selbst m\u00fcssen sich fragen, ob es richtig ist, ihre Kultur und religi\u00f6sen Ansichten auf Deutschland \u00fcbertragen zu wollen.<br \/>\n3.2.2014, Werner Melcj<\/p>\n<p><strong>Ditip<\/strong><br \/>\nDie Forderung der Ditip nach muslimischen Feiertagen, Friedh\u00f6fen, Krankenh\u00e4usern,\u00a0Seelsorgern in Bundeswehr und Gef\u00e4ngnissen sowie alleinige Herrschaft in den Beir\u00e4ten f\u00fcr islamische Religionsp\u00e4dagok lehnt Monika Maron aus drei Gr\u00fcnden strikt ab:<br \/>\n1) Deutschland ist ein s\u00e4kul\u00e4rer Staat mit Trennung von Kirche und Staat.<br \/>\n2) Unter den 15 Mio Einwanderern in Deutschland sind 4.5 Mio Muslime und davon 3 Mio T\u00fcrken. Darunter sind Aleviten und weltlich orientierte T\u00fcrken.<br \/>\n3)\u00a0Die Ditib ist keine unabh\u00e4ngige religi\u00f6se Vertretung, sondern &#8222;der deutsche Repr\u00e4sentant der t\u00fcrkischen Religionsbeh\u00f6rde Diyanet, die direkt der Regierung Erdogan untersteht. Offenbar versucht sie in Deutschland durchzusetzen, was inzwischen selbst in der T\u00fcrkei auf Widerstand st\u00f6\u00dft.&#8220;<br \/>\n&#8222;Wenn die religi\u00f6sen Anspr\u00fcche der Muslime mit dem Gleichheitsgebot des Grundgesetzes kollidieren sollten, m\u00fcsste man, wie der deutsch-\u00e4gyptische Autor\u00a0Hamed Abdel Samad\u00a0es schon vorgeschlagen hat, die Privilegien der christlichen Kirchen wom\u00f6glich beschr\u00e4nken, um den Zugriff des Islam auf das \u00f6ffentliche Leben von uns allen zu verhindern.&#8220; So Monika Maron in der Welt.<br \/>\n7.2.2014<\/p>\n<p>&nbsp;<\/p>\n<p><span class=\"title\">Trennt euch!<br \/>\n<\/span>Niemandem t\u00e4te eine klare Trennung von Staat und Kirche so gut wie den Kirchen selbst. Es ist an der Zeit, einen klaren Schnitt zu setzen.<span style=\"color: #222222;\"><span class=\"Apple-converted-space\"><span style=\"font-family: Georgia;\">\u00a0<\/span><\/span><\/span><br \/>\nAlles vom 4.12.2013 bitte lesen auf<br \/>\n<a href=\"https:\/\/www.zeit.de\/gesellschaft\/zeitgeschehen\/2013-11\/kirche-katholisch-evangelisch-staat-trennung\">https:\/\/www.zeit.de\/gesellschaft\/zeitgeschehen\/2013-11\/kirche-katholisch-evangelisch-staat-trennung<\/a><\/p>\n<p><strong>Islam wie christliche Kirchen subventionieren?<\/strong><br \/>\nMan kann nur staunen, wie lange sich diese unzeitgem\u00e4sse Vermischung von kirchlichen und staatlichen Aufgaben halten konnte. Mit der zunehmenden Einwanderung von nicht-christlichen Glaubensgemeinschaften wird sich bald eine noch viel brisantere Frage stellen: m\u00fcssten nicht auch z.B. muslimische Gemeinschaften den christlichen gleichgestellt werden? Ebenso buddhistische etc.? Wird der Staat demn\u00e4chst radikale Muslime subventionieren? Die weiteren daraus resultierenden Fragen kann sich jeder leicht vorstellen, auch wieviel sozialer und politischer Sprengstoff darin enthalten ist. Bevor es dazu kommt, w\u00e4re es doch klug, eine komplette Trennung von Kirchen (unabh\u00e4ngig von der Religion) und Staat zu vollziehen. Das bedeutet<br \/>\n&#8211; Verzicht auf die finanzielle Unterst\u00fctzung der Kirchen mit staatlichen Geldern<br \/>\n&#8211; Keine Erhebung von Kirchensteuern durch den Staat<br \/>\n&#8211; Keinen religi\u00f6sen Unterricht durch staatliche und in staatlichen Schulen<br \/>\n&#8211; Verzicht auf religi\u00f6se Symbolik im staatlichen Bereich.<br \/>\nIn Bezug auf humanit\u00e4re Aktivit\u00e4ten sollten die Kirchen mit anderen wohlt\u00e4tigen Organisationen gleichberechtigt eingestuft werden.<br \/>\n4.12.2014, B.Yota<\/p>\n<p>&nbsp;<\/p>\n<div><strong>Finanzierung der Kirchen &#8211; Trennung von Kirche und Staat<\/strong><\/div>\n<p>In D\u00e4nemark ist die evangelisch-lutherische Kirche Volkskirche. Drei F\u00fcnftel der Kosten \u00fcbernimmt der Staat. Ferner gibt es eine Kirchensteuer, die die Kommune festsetzt.<\/p>\n<p>In Frankreich sind Staat und Kirche strikt getrennt. Die katholische Kirche finanziert 75 Prozent ihrer Einnahmen aus Kollekten und Spenden. Der Rest kommt aus einem freiwilligen &#8222;Kultbeitrag&#8220; der B\u00fcrger. Dennoch reichen die Eink\u00fcnfte nicht. Deshalb haben viele Priester eine Nebent\u00e4tigkeit. Die Kirchengeb\u00e4ude geh\u00f6ren dem Staat, der sie kostenlos zur Nutzung bereitstellt, aber wenig f\u00fcr den Erhalt tut.<\/p>\n<p>In Griechenland ist die orthodoxe Kirche seit 1833 Staatskirche. Ihren Bedarf zahlt weitgehend der Staat.<\/p>\n<p>In Gro\u00dfbritannien kann sich die anglikanische Staatskirche aus den Renditen umfassender Besitzt\u00fcmer finanzieren. Die katholische Kirche lebt von Spenden der Gl\u00e4ubigen.<\/p>\n<p>In Italien ist eine Haupteinnahmequelle der Kirchen eine Pflichtabgabe in H\u00f6he von 0,8 Prozent der Einkommenssteuer f\u00fcr religi\u00f6se, soziale oder kulturelle Zwecke. Seit 1990 kann jeder B\u00fcrger entscheiden, welcher Einrichtung er dieses Geld zukommen lassen will. 2011 entschieden sich rund 85 Prozent f\u00fcr eine Abgabe an die katholische Kirche. Es gibt aber auch staatliche Zusch\u00fcsse, und der Staat beteiligt sich an der Besoldung der Priester.<\/p>\n<p>In Luxemburg gibt es eine Staatsfinanzierung aller Religionsgemeinschaften.<\/p>\n<p>In \u00d6sterreich haben die Kirchen das Recht, einen Kirchbeitrag zu erheben. H\u00f6he, Einzug und Verwaltung werden von den Kirchen organisiert.<\/p>\n<p>In Portugal greift die katholische Kirche auf eigenes, umfangreiches Verm\u00f6gen und Landbesitz zur\u00fcck.<\/p>\n<p>In Polen wird die katholische Kirche von Spenden und Kollekten getragen. Der Staat zahlt Sozialversicherungsbeitr\u00e4ge f\u00fcr alle Geistliche.<\/p>\n<p>In den meisten Kantonen der Schweiz gibt es eine Kirchensteuer, die der deutschen weitgehend entspricht.<\/p>\n<p>In den USA sind Staat und Kirche strikt getrennt. Die Religionsgemeinschaften finanzieren sich durch Spenden, die von der Steuer absetzbar sind.<br \/>\n20.10.2013, Quelle: KNA<\/p>\n<p>&nbsp;<\/p>\n<p><strong>Liberaler Islam bedeutet totale Trennung von Kirche und Staat<\/strong><br \/>\nZumindest in Europa erk\u00e4mpften die Menschen die Trennung von Religion und Staat. Diese Trennlinie gibt es in vielen islamischen L\u00e4ndern nicht. Viele Menschen sagen, die Religion sei ein Teil der L\u00f6sung in diesen Gesellschaften. Ich sage, die Religion ist ein Teil des Problems. &#8230;.<br \/>\nDie sogenannten liberaleren Str\u00f6mungen haben entweder mit der Religion nichts zu tun oder sie versuchen einen Spagat, der nicht funktionieren kann. Sie betonen die demokratietaugliche Seite des Islam und verschweigen die grausame Seite, weil sie sowohl von zivilgesellschaftlicher Seite als auch vom Westen anerkannt werden wollen. Letzten Endes bedeutet liberal aber eine totale Trennung von Religion und Staat. Es bedeutet, dass die Gesetzgebung nicht von Gott, sondern von den Menschen kommt und zwar durch Verhandlung, nicht durch g\u00f6ttliche Botschaften. W\u00fcrden diese Prinzipien von liberaler Seite anerkannt, w\u00e4re der politische Islam im Kern bereits diskreditiert.<br \/>\n29.3.2011, <a title=\"Abdel-Samad\" href=\"https:\/\/www.freiburg-schwarzwald.de\/blog\/religion\/islam\/abdel-samad\/\">Hamad Abdel-Samad<\/a>, Alles bitte lesen auf<br \/>\n<a href=\"https:\/\/www.cicero.de\/weltbuehne\/religionen-sind-grundsaetzlich-nicht-demokratiefaehig\/41855\/seite\">https:\/\/www.cicero.de\/weltbuehne\/religionen-sind-grundsaetzlich-nicht-demokratiefaehig\/41855\/seite<\/a>\/2<\/p>\n<p>&nbsp;<\/p>\n<p><strong>Freie Kirche im Freien Staat &#8211; Thesenpapier der FDP von 1974 zur Trennung von Kirche und Staat<\/strong><\/p>\n<p>Beschlu\u00dfvorschlag des 25. Bundesparteitages der F.D.P. in Hamburg (30. 09. &#8211; 2. 10. 1974), eingebracht von Liselotte Funcke und Ingrid Matth\u00e4us (Bundesvorstand der F.D.P.)\u00a0Quelle: ADL (Archiv des Liberalismus), Druckschriftenbestand; Signatur D1-340:\u00a0<a href=\"https:\/\/www.freiheit.org\/files\/288\/1974_Kirchenpapier.pdf\">https:\/\/www.freiheit.org\/files\/288\/1974_Kirchenpapier.pdf<\/a><br \/>\n<a href=\"https:\/\/gbs-hh.de\/pdf\/Thesen-FDP-Kirchenpapier.pdf\">https:\/\/gbs-hh.de\/pdf\/Thesen-FDP-Kirchenpapier.pdf<\/a><br \/>\n.<br \/>\n<strong>&#8222;&#8230; <\/strong>es gab ja mal einen Ansatz. Das war 1974, auf dem FDP-Parteitag. Dort wurde ein Papier zur Trennung von Kirche und Staat beschlossen. Das hie\u00df bezeichnenderweise &#8222;Freie Kirche im Freien Staat&#8220;. Denn es wird ja nicht nur der Staat befreit von solchen Zahlungen, sondern auch die Kirche wird freier, weil sie unabh\u00e4ngiger vom Staat wird. Damals war es Lieselotte Funke die als Mitglied der EKD-Synode, also als aktive Christin, und Matthias Meyer als jemand der nicht in der Kirche ist, zusammen dieses Papier geschrieben haben. Dort standen alle Dinge, also z.B. auch die Abl\u00f6sung der Staatsleistungen drin. Die Parteien mit dem &#8222;C&#8220; im Namen packen das Ganze \u00fcberhaupt nicht an. Und meine eigene Partei hat leider einfach Angst vor den Kirchen, dass sie ihnen das \u00fcbel nehmen. Ich kann das, ehrlich gesagt, nicht verstehen. Denn die gro\u00dfe Masse der Menschen, auch viele Katholiken und Protestanten finden das jetzige System nicht gut.<br \/>\nIngrid Matt\u00e4us-Maier, 16.10.2013, <a href=\"https:\/\/www.radiobremen.de\/nordwestradio\/sendungen\/nordwestradio_journal\/kirchensteuern-mattaeusmaier100.html\">https:\/\/www.radiobremen.de\/nordwestradio\/sendungen\/nordwestradio_journal\/kirchensteuern-mattaeusmaier100.html<\/a><\/p>\n<p>Dieses kirchliche Arbeitsrecht war vielleicht noch verst\u00e4ndlich nach 1945, wo 95 Prozent der Menschen in den Kirchen waren. Es hat sich aber massiv weiterentwickelt in einer Weise, die ich nicht f\u00fcr akzeptabel halte. Erstens sind mittlerweile 37 Prozent der Menschen in Deutschland nicht in einer Kirche. Die wundern sich doch sehr, dass sie mit ihrer normalen Lohn- und Einkommensteuer, nicht mit der Kirchensteuer, mitzahlen f\u00fcr Kinderg\u00e4rten, aus denen Homosexuelle rausgeworfen werden. Oder ein geschiedener Chefarzt in einem katholischen Krankenhaus, der wurde rausgeworfen, weil er geschieden ist. &#8230;.<br \/>\nNach der Verfassung ist es in der Tat so, dass wir keine Staatskirche haben. Materiell haben wir aber zwei Staatskirchen, die beiden gro\u00dfen Kirchen, und je mehr sie gesellschaftlich an Einfluss verlieren durch den massiven R\u00fcckgang bei den Mitgliederzahlen, umso mehr krallen sie sich an ihren Privilegien und an den staatlichen Geldern fest. Zum Beispiel hat man erst vor Kurzem erschwert, dass man beim Kirchenaustritt eine Geb\u00fchr zahlen muss. Das ist ganz offiziell als Erschwernis eingef\u00fchrt worden. Oder bei der Kapitalertragssteuer will man die Finger drin haben, damit auch die Banken erfahren, ob Sie Mitglied einer Kirche sind. Das Ganze nimmt eher zu als ab.<br \/>\nIngrid Matt\u00e4us-Maier, 25.4.2003, <a href=\"https:\/\/www.wdr5.de\/sendungen\/morgenecho\/matthaeus-meier102.html\">https:\/\/www.wdr5.de\/sendungen\/morgenecho\/matthaeus-meier102.html<\/a><\/p>\n<p>Das Ergebnis der zweiten Umfrage war noch verbl\u00fcffender, votierten doch 91,5 Prozent der Teilnehmer f\u00fcr die strikte Trennung von Staat und Kirche und die Abschaffung der bisherigen Kirchenprivilegien, nur 7,1 Prozent waren der Meinung, die Kirchen h\u00e4tten ihre Sonderrechte verdient.<br \/>\n8.6.2012, <a href=\"https:\/\/www.giordano-bruno-stiftung.de\/meldung\/ein-neues-saekulares-selbstbewusstsein\">https:\/\/www.giordano-bruno-stiftung.de\/meldung\/ein-neues-saekulares-selbstbewusstsein<\/a><\/p>\n<p>&nbsp;<\/p>\n<p><strong>Laizismus f\u00fcr die Mitgliedsstaaten der EU<\/strong><br \/>\nDer Koran ist direkt von Gott pers\u00f6nlich diktiert und deshalb sind die Suren des Korans nicht interpretierbar. Mit dieser Religion sind Demokratie, Gleichberechtigung der Frau, Meinungsfreiheit , Freiheit der Presse und der Kunst nicht vereinbar. Der Islam schafft den Schritt in eine aufgekl\u00e4rte Gesellschaft erst , wenn er sich reformiert und den Koran als interpretierbar auffasst (Text aus der damaligen Zeit lesen und umdeuten bzw. l\u00f6schen).<br \/>\nDa diese Reform des Islam sehr viel Zeit braucht, mu\u00df die EU f\u00fcr ihre Mitgliedsstaaten das Prinzip der strikten Trennung von Kirche und Staat (Laizismus) unterst\u00fctzen, ja sogar einfordern. <em>\u201eAllerdings k\u00f6nnen wir aus unserer eigenen Geschichte heraus zeigen, dass die Verquickung zwischen Religion und Staat, Religion und Politik nicht zukunftsf\u00e4hig ist.&#8220;<\/em> &#8211; so Jean Asselborn, Au\u00dfenminister von Luxemburg, 2004 zum EU-Beitritt der T\u00fcrkei und den Islam.<br \/>\n14.12.2004, Ekke<\/p>\n","protected":false},"excerpt":{"rendered":"<p>Home &gt;Religion &gt;Kirchen &gt;Kirche-Staat Listenauswahl eines Beitrags (Artikel\/Datum, Seite\/Inhalt):\u00a0Klicken\u00a0oder scrollen Zerst\u00f6rung christlicher Symbole (19.4.2026) Christen: Ostern bis Pfingsten\u00a0(2.4.2026) Das Urteil von Helsinki gegen P\u00e4ivi R\u00e4s\u00e4nen und das Ende der neutralen Illusion des Staates\u00a0(27.3.2026) Birgit Kelle zum Urteil gegen P\u00e4ivi R\u00e4s\u00e4nen: &hellip; <a href=\"https:\/\/www.freiburg-schwarzwald.de\/blog\/religion\/kirche-staat\/\">Weiterlesen <span class=\"meta-nav\">&rarr;<\/span><\/a><\/p>\n","protected":false},"author":4,"featured_media":0,"parent":171,"menu_order":0,"comment_status":"open","ping_status":"closed","template":"","meta":{"footnotes":""},"class_list":["post-39613","page","type-page","status-publish","hentry"],"_links":{"self":[{"href":"https:\/\/www.freiburg-schwarzwald.de\/blog\/wp-json\/wp\/v2\/pages\/39613","targetHints":{"allow":["GET"]}}],"collection":[{"href":"https:\/\/www.freiburg-schwarzwald.de\/blog\/wp-json\/wp\/v2\/pages"}],"about":[{"href":"https:\/\/www.freiburg-schwarzwald.de\/blog\/wp-json\/wp\/v2\/types\/page"}],"author":[{"embeddable":true,"href":"https:\/\/www.freiburg-schwarzwald.de\/blog\/wp-json\/wp\/v2\/users\/4"}],"replies":[{"embeddable":true,"href":"https:\/\/www.freiburg-schwarzwald.de\/blog\/wp-json\/wp\/v2\/comments?post=39613"}],"version-history":[{"count":5,"href":"https:\/\/www.freiburg-schwarzwald.de\/blog\/wp-json\/wp\/v2\/pages\/39613\/revisions"}],"predecessor-version":[{"id":148085,"href":"https:\/\/www.freiburg-schwarzwald.de\/blog\/wp-json\/wp\/v2\/pages\/39613\/revisions\/148085"}],"up":[{"embeddable":true,"href":"https:\/\/www.freiburg-schwarzwald.de\/blog\/wp-json\/wp\/v2\/pages\/171"}],"wp:attachment":[{"href":"https:\/\/www.freiburg-schwarzwald.de\/blog\/wp-json\/wp\/v2\/media?parent=39613"}],"curies":[{"name":"wp","href":"https:\/\/api.w.org\/{rel}","templated":true}]}}