{"id":39296,"date":"2013-10-15T17:56:44","date_gmt":"2013-10-15T15:56:44","guid":{"rendered":"https:\/\/www.freiburg-schwarzwald.de\/blog\/?page_id=39296"},"modified":"2014-04-19T14:03:40","modified_gmt":"2014-04-19T12:03:40","slug":"laubishof","status":"publish","type":"page","link":"https:\/\/www.freiburg-schwarzwald.de\/blog\/bauernhof\/laubishof\/","title":{"rendered":"Laubishof"},"content":{"rendered":"<p align=\"left\">Home &gt;<a title=\"Bauernhof\" href=\"https:\/\/www.freiburg-schwarzwald.de\/blog\/bauernhof\/\">Bauernhof<\/a> &gt;<a title=\"Kirchzarten\" href=\"https:\/\/www.freiburg-schwarzwald.de\/blog\/regio\/orte\/kirchzarten\/\">Kirchzarten<\/a> &gt;Laubishof<\/p>\n<div id=\"attachment_369\" style=\"width: 608px\" class=\"wp-caption alignnone\"><a href=\"https:\/\/www.freiburg-schwarzwald.de\/blog\/regio\/tal\/dreisamtal-feldberg-pan090831\/\" rel=\"attachment wp-att-369\"><img loading=\"lazy\" decoding=\"async\" aria-describedby=\"caption-attachment-369\" class=\"size-full wp-image-369\" title=\"dreisamtal-feldberg-pan090831\" alt=\"\" src=\"https:\/\/www.freiburg-schwarzwald.de\/blog\/wp-content\/uploads\/2012\/04\/dreisamtal-feldberg-pan090831.jpg\" width=\"598\" height=\"171\" srcset=\"https:\/\/www.freiburg-schwarzwald.de\/blog\/wp-content\/uploads\/2012\/04\/dreisamtal-feldberg-pan090831.jpg 598w, https:\/\/www.freiburg-schwarzwald.de\/blog\/wp-content\/uploads\/2012\/04\/dreisamtal-feldberg-pan090831-180x51.jpg 180w\" sizes=\"auto, (max-width: 598px) 100vw, 598px\" \/><\/a><p id=\"caption-attachment-369\" class=\"wp-caption-text\">Blick vom Feldberg nach Norden ins Dreisamtal am 31.8.2009 &#8211; Ro\u00dfkopf-Windr\u00e4der links<\/p><\/div>\n<p align=\"left\">\u00a0<\/p>\n<ul>\n<li>\n<div align=\"left\">Ostereier am besten selber f\u00e4rben (19.4.2014)\u00a0<\/div>\n<\/li>\n<li>\n<div align=\"left\"><a href=\"https:\/\/www.freiburg-schwarzwald.de\/littenweiler\/dreisamtal.htm#Kapellenweg Dreisamtal\">Dreisamt\u00e4ler Kapellenweg<\/a> &gt;Dreisamtal<\/div>\n<\/li>\n<li>\n<div align=\"left\"><a href=\"https:\/\/www.freiburg-schwarzwald.de\/littenweiler\/hofladenserie.htm#Laubishof in Burg am Wald - 25 Sorten Nudeln\">Laubishof in Burg am Wald &#8211; 25 Sorten Nudeln<\/a> &gt;Hofladenserie (1.2001)<\/div>\n<\/li>\n<li>\n<div align=\"left\">Bilder<\/div>\n<\/li>\n<li>\n<div align=\"left\">\n<p align=\"left\">Land L\u00e4dele am Laubishof<\/p>\n<\/div>\n<\/li>\n<\/ul>\n<p align=\"left\">\u00a0<\/p>\n<p align=\"left\">\u00a0<\/p>\n<p><strong>Ostereier am besten selber f\u00e4rben<\/strong><br \/>\nAm besten sollten sie die Eier zwei Wochen vor Ostern kaufen, sie im Keller vergessen und an Karfreitag heraufholen, kochen und f\u00e4rben. Dann h\u00e4tten sie perfekte Ostereier. &#8230;.<br \/>\nAlles vom 19.4.2014 bitte lesen auf<br \/>\n<a href=\"https:\/\/www.badische-zeitung.de\/kreis-breisgau-hochschwarzwald\/am-schoensten-ist-es-wenn-man-sie-selber-faerbt--83497103.html\">https:\/\/www.badische-zeitung.de\/kreis-breisgau-hochschwarzwald\/am-schoensten-ist-es-wenn-man-sie-selber-faerbt&#8211;83497103.html<\/a><\/p>\n<p>Dorothea Geiser: Die 43-J\u00e4hrige ist verheiratet und Mutter von drei Kindern. Den Laubishof in Kirchzarten hat von ihren Eltern \u00fcbernommen. Dort h\u00e4lt sie Esel und Pferde. Auf dem eigenen Gefl\u00fcgelhof Karlin leben 2500 H\u00fchner in Bodenhaltung. Ihre Erzeugnisse vertreibt Geiser auf Bauernm\u00e4rkten und in ihrem Hofladen.<\/p>\n<p align=\"left\">\u00a0<\/p>\n<p align=\"left\">\u00a0<\/p>\n<p align=\"left\"><strong>\u00a0Bilder<\/strong><\/p>\n<p align=\"left\"><a href=\"https:\/\/www.freiburg-schwarzwald.de\/blog\/regio\/tal\/dreisamtal\/dreisamtal-radrundweg\/dreisamtal16laubishof131003\/\" rel=\"attachment wp-att-39279\"><img loading=\"lazy\" decoding=\"async\" class=\"alignnone size-thumbnail wp-image-39279\" title=\"dreisamtal16laubishof131003\" alt=\"\" src=\"https:\/\/www.freiburg-schwarzwald.de\/blog\/wp-content\/uploads\/2013\/10\/dreisamtal16laubishof131003-180x135.jpg\" width=\"180\" height=\"135\" srcset=\"https:\/\/www.freiburg-schwarzwald.de\/blog\/wp-content\/uploads\/2013\/10\/dreisamtal16laubishof131003-180x135.jpg 180w, https:\/\/www.freiburg-schwarzwald.de\/blog\/wp-content\/uploads\/2013\/10\/dreisamtal16laubishof131003.jpg 640w\" sizes=\"auto, (max-width: 180px) 100vw, 180px\" \/><\/a>\u00a0\u00a0\u00a0\u00a0\u00a0\u00a0\u00a0\u00a0\u00a0\u00a0<a href=\"https:\/\/www.freiburg-schwarzwald.de\/blog\/bauernhof\/laubishof\/laubishofkapelle2-081003-2\/\" rel=\"attachment wp-att-39304\"><img loading=\"lazy\" decoding=\"async\" class=\"alignnone size-thumbnail wp-image-39304\" title=\"laubishofkapelle2-081003\" alt=\"\" src=\"https:\/\/www.freiburg-schwarzwald.de\/blog\/wp-content\/uploads\/2013\/10\/laubishofkapelle2-0810031-180x135.jpg\" width=\"180\" height=\"135\" srcset=\"https:\/\/www.freiburg-schwarzwald.de\/blog\/wp-content\/uploads\/2013\/10\/laubishofkapelle2-0810031-180x135.jpg 180w, https:\/\/www.freiburg-schwarzwald.de\/blog\/wp-content\/uploads\/2013\/10\/laubishofkapelle2-0810031.jpg 640w\" sizes=\"auto, (max-width: 180px) 100vw, 180px\" \/><\/a>\u00a0\u00a0\u00a0\u00a0\u00a0\u00a0\u00a0\u00a0\u00a0\u00a0\u00a0 <a href=\"https:\/\/www.freiburg-schwarzwald.de\/blog\/bauernhof\/laubishof\/burg-am-wald2-100102\/\" rel=\"attachment wp-att-39305\"><img loading=\"lazy\" decoding=\"async\" class=\"alignnone size-thumbnail wp-image-39305\" title=\"burg-am-wald2-100102\" alt=\"\" src=\"https:\/\/www.freiburg-schwarzwald.de\/blog\/wp-content\/uploads\/2013\/10\/burg-am-wald2-100102-180x135.jpg\" width=\"180\" height=\"135\" srcset=\"https:\/\/www.freiburg-schwarzwald.de\/blog\/wp-content\/uploads\/2013\/10\/burg-am-wald2-100102-180x135.jpg 180w, https:\/\/www.freiburg-schwarzwald.de\/blog\/wp-content\/uploads\/2013\/10\/burg-am-wald2-100102.jpg 640w\" sizes=\"auto, (max-width: 180px) 100vw, 180px\" \/><\/a><br \/>\n(1) Laubishof am 3.10.2013\u00a0\u00a0\u00a0\u00a0\u00a0\u00a0\u00a0\u00a0\u00a0\u00a0\u00a0\u00a0\u00a0\u00a0\u00a0\u00a0\u00a0 (2) Laubishofkapelle nach Osten\u00a0\u00a0\u00a0\u00a0\u00a0\u00a0\u00a0\u00a0\u00a0\u00a0\u00a0\u00a0 (3) Kapelle Blick westw\u00e4rts<\/p>\n<p align=\"left\"><a href=\"https:\/\/www.freiburg-schwarzwald.de\/blog\/bauernhof\/laubishof\/dreisamtal17laubishof131003\/\" rel=\"attachment wp-att-39299\"><img loading=\"lazy\" decoding=\"async\" class=\"alignnone size-thumbnail wp-image-39299\" title=\"dreisamtal17laubishof131003\" alt=\"\" src=\"https:\/\/www.freiburg-schwarzwald.de\/blog\/wp-content\/uploads\/2013\/10\/dreisamtal17laubishof131003-180x135.jpg\" width=\"180\" height=\"135\" srcset=\"https:\/\/www.freiburg-schwarzwald.de\/blog\/wp-content\/uploads\/2013\/10\/dreisamtal17laubishof131003-180x135.jpg 180w, https:\/\/www.freiburg-schwarzwald.de\/blog\/wp-content\/uploads\/2013\/10\/dreisamtal17laubishof131003.jpg 640w\" sizes=\"auto, (max-width: 180px) 100vw, 180px\" \/><\/a>\u00a0\u00a0\u00a0\u00a0\u00a0\u00a0\u00a0\u00a0\u00a0 <a href=\"https:\/\/www.freiburg-schwarzwald.de\/blog\/bauernhof\/laubishof\/dreisamtal18laubishof131003\/\" rel=\"attachment wp-att-39300\"><img loading=\"lazy\" decoding=\"async\" class=\"alignnone size-thumbnail wp-image-39300\" title=\"dreisamtal18laubishof131003\" alt=\"\" src=\"https:\/\/www.freiburg-schwarzwald.de\/blog\/wp-content\/uploads\/2013\/10\/dreisamtal18laubishof131003-135x180.jpg\" width=\"135\" height=\"180\" srcset=\"https:\/\/www.freiburg-schwarzwald.de\/blog\/wp-content\/uploads\/2013\/10\/dreisamtal18laubishof131003-135x180.jpg 135w, https:\/\/www.freiburg-schwarzwald.de\/blog\/wp-content\/uploads\/2013\/10\/dreisamtal18laubishof131003.jpg 480w\" sizes=\"auto, (max-width: 135px) 100vw, 135px\" \/><\/a>\u00a0\u00a0\u00a0\u00a0\u00a0\u00a0\u00a0\u00a0\u00a0\u00a0\u00a0\u00a0\u00a0\u00a0\u00a0\u00a0\u00a0\u00a0\u00a0\u00a0\u00a0\u00a0\u00a0\u00a0\u00a0\u00a0 <a href=\"https:\/\/www.freiburg-schwarzwald.de\/blog\/bauernhof\/laubishof\/dreisamtal19laubishof131003\/\" rel=\"attachment wp-att-39301\"><img loading=\"lazy\" decoding=\"async\" class=\"alignnone size-thumbnail wp-image-39301\" title=\"dreisamtal19laubishof131003\" alt=\"\" src=\"https:\/\/www.freiburg-schwarzwald.de\/blog\/wp-content\/uploads\/2013\/10\/dreisamtal19laubishof131003-135x180.jpg\" width=\"135\" height=\"180\" srcset=\"https:\/\/www.freiburg-schwarzwald.de\/blog\/wp-content\/uploads\/2013\/10\/dreisamtal19laubishof131003-135x180.jpg 135w, https:\/\/www.freiburg-schwarzwald.de\/blog\/wp-content\/uploads\/2013\/10\/dreisamtal19laubishof131003.jpg 480w\" sizes=\"auto, (max-width: 135px) 100vw, 135px\" \/><\/a><br \/>\n(4) Land L\u00e4dele am Laubishof\u00a0\u00a0\u00a0\u00a0\u00a0\u00a0\u00a0\u00a0\u00a0\u00a0\u00a0\u00a0\u00a0\u00a0 (5) Seifen\u00a0\u00a0\u00a0\u00a0\u00a0\u00a0\u00a0\u00a0\u00a0\u00a0\u00a0\u00a0\u00a0\u00a0\u00a0\u00a0\u00a0\u00a0\u00a0\u00a0\u00a0\u00a0\u00a0\u00a0\u00a0\u00a0\u00a0\u00a0\u00a0\u00a0\u00a0\u00a0\u00a0\u00a0\u00a0\u00a0\u00a0\u00a0\u00a0\u00a0\u00a0\u00a0\u00a0\u00a0\u00a0\u00a0\u00a0\u00a0\u00a0\u00a0\u00a0\u00a0 (6) Nudeln und Teigwaren<\/p>\n<p align=\"left\"><a href=\"https:\/\/www.freiburg-schwarzwald.de\/blog\/bauernhof\/laubishof\/dreisamtal20laubishof131003\/\" rel=\"attachment wp-att-39302\"><img loading=\"lazy\" decoding=\"async\" class=\"alignnone size-thumbnail wp-image-39302\" title=\"dreisamtal20laubishof131003\" alt=\"\" src=\"https:\/\/www.freiburg-schwarzwald.de\/blog\/wp-content\/uploads\/2013\/10\/dreisamtal20laubishof131003-180x141.jpg\" width=\"180\" height=\"141\" srcset=\"https:\/\/www.freiburg-schwarzwald.de\/blog\/wp-content\/uploads\/2013\/10\/dreisamtal20laubishof131003-180x141.jpg 180w, https:\/\/www.freiburg-schwarzwald.de\/blog\/wp-content\/uploads\/2013\/10\/dreisamtal20laubishof131003.jpg 640w\" sizes=\"auto, (max-width: 180px) 100vw, 180px\" \/><\/a>\u00a0\u00a0\u00a0\u00a0\u00a0\u00a0\u00a0\u00a0\u00a0 <a href=\"https:\/\/www.freiburg-schwarzwald.de\/blog\/regio\/tal\/dreisamtal\/dreisamtal-radrundweg\/dreisamtal15waesche131003\/\" rel=\"attachment wp-att-39278\"><img loading=\"lazy\" decoding=\"async\" class=\"alignnone size-thumbnail wp-image-39278\" title=\"dreisamtal15waesche131003\" alt=\"\" src=\"https:\/\/www.freiburg-schwarzwald.de\/blog\/wp-content\/uploads\/2013\/10\/dreisamtal15waesche131003-180x135.jpg\" width=\"180\" height=\"135\" srcset=\"https:\/\/www.freiburg-schwarzwald.de\/blog\/wp-content\/uploads\/2013\/10\/dreisamtal15waesche131003-180x135.jpg 180w, https:\/\/www.freiburg-schwarzwald.de\/blog\/wp-content\/uploads\/2013\/10\/dreisamtal15waesche131003.jpg 640w\" sizes=\"auto, (max-width: 180px) 100vw, 180px\" \/><\/a><br \/>\n(7) Ralf Geiser vor dem Hofladen\u00a0\u00a0\u00a0\u00a0\u00a0\u00a0\u00a0\u00a0\u00a0 (8) W\u00e4sche unterm weiten Dach<\/p>\n<p align=\"left\">\u00a0<\/p>\n<p align=\"left\">(1) Blick nach Nordwesten zum Laubishof am 3.10.2013 &#8211; rechts der Hofladen &#8222;Land L\u00e4dele2<br \/>\n(2) Blick nach Osten zur <a href=\"https:\/\/www.freiburg-schwarzwald.de\/littenweiler\/burg-am-wald.htm#Laubishofkapelle\">Laubishofkapelle<\/a> am 3.10.2008<br \/>\n(3) Blick nach Westen in Burg am Wald am 2.1.2010 zu Laubishof und Laubishofkapelle<\/p>\n<p align=\"left\">\u00a0<\/p>\n<p align=\"left\"><strong>Land L\u00e4dele am Laubishof<\/strong><\/p>\n<p align=\"left\">Burger Hofl\u00e4dele im Laubishof<br \/>\nGenuss und Kunst-Handwerk,<br \/>\nM\u00fchlenstrasse 13, Tel 07616\/4245<br \/>\nDorothea Geiser &#8211; Nudeln aus eigener Herstellung, <a href=\"mailto:dorothea.geiser@gmx.de\">dorothea.geiser@gmx.de<\/a><br \/>\n\u00a0<br \/>\nGefl\u00fcgel Karlin, Laubishof<br \/>\nPonyreiten f\u00fcr Kinder ab 3 Jahren<\/p>\n","protected":false},"excerpt":{"rendered":"<p>Home &gt;Bauernhof &gt;Kirchzarten &gt;Laubishof \u00a0 Ostereier am besten selber f\u00e4rben (19.4.2014)\u00a0 Dreisamt\u00e4ler Kapellenweg &gt;Dreisamtal Laubishof in Burg am Wald &#8211; 25 Sorten Nudeln &gt;Hofladenserie (1.2001) Bilder Land L\u00e4dele am Laubishof \u00a0 \u00a0 Ostereier am besten selber f\u00e4rben Am besten sollten &hellip; <a href=\"https:\/\/www.freiburg-schwarzwald.de\/blog\/bauernhof\/laubishof\/\">Weiterlesen <span class=\"meta-nav\">&rarr;<\/span><\/a><\/p>\n","protected":false},"author":4,"featured_media":0,"parent":373,"menu_order":0,"comment_status":"open","ping_status":"closed","template":"","meta":{"footnotes":""},"class_list":["post-39296","page","type-page","status-publish","hentry"],"_links":{"self":[{"href":"https:\/\/www.freiburg-schwarzwald.de\/blog\/wp-json\/wp\/v2\/pages\/39296","targetHints":{"allow":["GET"]}}],"collection":[{"href":"https:\/\/www.freiburg-schwarzwald.de\/blog\/wp-json\/wp\/v2\/pages"}],"about":[{"href":"https:\/\/www.freiburg-schwarzwald.de\/blog\/wp-json\/wp\/v2\/types\/page"}],"author":[{"embeddable":true,"href":"https:\/\/www.freiburg-schwarzwald.de\/blog\/wp-json\/wp\/v2\/users\/4"}],"replies":[{"embeddable":true,"href":"https:\/\/www.freiburg-schwarzwald.de\/blog\/wp-json\/wp\/v2\/comments?post=39296"}],"version-history":[{"count":0,"href":"https:\/\/www.freiburg-schwarzwald.de\/blog\/wp-json\/wp\/v2\/pages\/39296\/revisions"}],"up":[{"embeddable":true,"href":"https:\/\/www.freiburg-schwarzwald.de\/blog\/wp-json\/wp\/v2\/pages\/373"}],"wp:attachment":[{"href":"https:\/\/www.freiburg-schwarzwald.de\/blog\/wp-json\/wp\/v2\/media?parent=39296"}],"curies":[{"name":"wp","href":"https:\/\/api.w.org\/{rel}","templated":true}]}}