{"id":38088,"date":"2013-09-22T10:35:45","date_gmt":"2013-09-22T08:35:45","guid":{"rendered":"https:\/\/www.freiburg-schwarzwald.de\/blog\/?page_id=38088"},"modified":"2022-08-13T08:45:59","modified_gmt":"2022-08-13T06:45:59","slug":"schluchsee-baden","status":"publish","type":"page","link":"https:\/\/www.freiburg-schwarzwald.de\/blog\/regio\/see\/schluchsee-baden\/","title":{"rendered":"Schluchsee-Baden"},"content":{"rendered":"<p>Home &gt;<a title=\"Regio\" href=\"https:\/\/www.freiburg-schwarzwald.de\/blog\/regio\/\">Regio<\/a> &gt;<a title=\"Orte\" href=\"https:\/\/www.freiburg-schwarzwald.de\/blog\/regio\/orte\/\">Orte<\/a> &gt;<a title=\"See\" href=\"https:\/\/www.freiburg-schwarzwald.de\/blog\/regio\/see\/\">See<\/a> &gt;<a title=\"Schluchsee\" href=\"https:\/\/www.freiburg-schwarzwald.de\/blog\/regio\/orte\/schluchsee\/\">Schluchsee<\/a> &gt;<a title=\"Schwimmen\" href=\"https:\/\/www.freiburg-schwarzwald.de\/blog\/sport\/sportlern\/schwimmen\/\">Schwimmen<\/a> &gt;Schluchsee-Baden<\/p>\n<div id=\"attachment_38066\" style=\"width: 649px\" class=\"wp-caption alignnone\"><a href=\"https:\/\/www.freiburg-schwarzwald.de\/blog\/sport\/sportlern\/segeln\/schluchsee3segelboote-pan130921\/\" rel=\"attachment wp-att-38066\"><img loading=\"lazy\" decoding=\"async\" aria-describedby=\"caption-attachment-38066\" class=\"size-full wp-image-38066\" title=\"schluchsee3segelboote-pan130921\" src=\"https:\/\/www.freiburg-schwarzwald.de\/blog\/wp-content\/uploads\/2013\/09\/schluchsee3segelboote-pan130921.jpg\" alt=\"\" width=\"639\" height=\"215\" srcset=\"https:\/\/www.freiburg-schwarzwald.de\/blog\/wp-content\/uploads\/2013\/09\/schluchsee3segelboote-pan130921.jpg 639w, https:\/\/www.freiburg-schwarzwald.de\/blog\/wp-content\/uploads\/2013\/09\/schluchsee3segelboote-pan130921-180x60.jpg 180w\" sizes=\"auto, (max-width: 639px) 100vw, 639px\" \/><\/a><p id=\"caption-attachment-38066\" class=\"wp-caption-text\">Schluchsee am 21.8.2013 &#8211; Segeln und Badengehen<\/p><\/div>\n<ul>\n<li><a href=\"https:\/\/www.freiburg-schwarzwald.de\/blog\/regio\/see\/schluchsee-stausee\/\">Energiespeicher Schluchsee \u2013 Reserve bei Gasmangel<\/a>\u00a0(1.7.2022)<\/li>\n<li><a href=\"https:\/\/www.freiburg-schwarzwald.de\/blog\/regio\/see\/\">18 Badeseen mit ausgezeichneter Wasserqualit\u00e4t in der Region Freiburg<\/a>\u00a0(5.6.2021)<\/li>\n<li><a title=\"Am Schluchsee laufen sandeln\" href=\"https:\/\/www.freiburg-schwarzwald.de\/blog\/am-schluchsee-laufen-sandeln\/\">Am Schluchsee direkt am Ufer bzw. Wasser laufen und sandeln<\/a>\u00a0(12.5.2020)<\/li>\n<li><\/li>\n<li><a title=\"Segeln\" href=\"https:\/\/www.freiburg-schwarzwald.de\/blog\/sport\/sportlern\/segeln\/\">Segeln am Schluchsee<\/a> &gt;Segeln<\/li>\n<li>\n<div>Nordostufer auf H\u00f6he Dissenhof<\/div>\n<\/li>\n<li>\n<div>\n<div>Nordufer bei Aha und Unteraha<\/div>\n<\/div>\n<\/li>\n<li>\n<div>\n<div>S\u00fcdufer<\/div>\n<\/div>\n<\/li>\n<li><a title=\"Schluchsee\" href=\"https:\/\/www.freiburg-schwarzwald.de\/blog\/regio\/orte\/schluchsee\/\">Schluchsee<\/a><\/li>\n<li><a title=\"Schluchsee-Stausee\" href=\"https:\/\/www.freiburg-schwarzwald.de\/blog\/regio\/see\/schluchsee-stausee\/\">Schluchsee &#8211; Stausee<\/a><\/li>\n<li><a title=\"Baeder\" href=\"https:\/\/www.freiburg-schwarzwald.de\/blog\/sport\/baeder\/\">B\u00e4der<\/a> &gt;Baeder<\/li>\n<\/ul>\n<p>.<\/p>\n<p><strong>Nordostufer auf H\u00f6he Dissenhof<\/strong><\/p>\n<p><a href=\"https:\/\/www.freiburg-schwarzwald.de\/blog\/regio\/see\/schluchsee-baden\/schluchsee11aha130921\/\" rel=\"attachment wp-att-38091\"><img loading=\"lazy\" decoding=\"async\" class=\"alignnone size-thumbnail wp-image-38091\" title=\"schluchsee11aha130921\" src=\"https:\/\/www.freiburg-schwarzwald.de\/blog\/wp-content\/uploads\/2013\/09\/schluchsee11aha130921-180x135.jpg\" alt=\"\" width=\"180\" height=\"135\" srcset=\"https:\/\/www.freiburg-schwarzwald.de\/blog\/wp-content\/uploads\/2013\/09\/schluchsee11aha130921-180x135.jpg 180w, https:\/\/www.freiburg-schwarzwald.de\/blog\/wp-content\/uploads\/2013\/09\/schluchsee11aha130921.jpg 640w\" sizes=\"auto, (max-width: 180px) 100vw, 180px\" \/><\/a>\u00a0 \u00a0 \u00a0 \u00a0\u00a0<a href=\"https:\/\/www.freiburg-schwarzwald.de\/blog\/regio\/see\/schluchsee-baden\/schluchsee18sandeln130921\/\" rel=\"attachment wp-att-38104\"><img loading=\"lazy\" decoding=\"async\" class=\"alignnone size-thumbnail wp-image-38104\" title=\"schluchsee18sandeln130921\" src=\"https:\/\/www.freiburg-schwarzwald.de\/blog\/wp-content\/uploads\/2013\/09\/schluchsee18sandeln130921-180x146.jpg\" alt=\"\" width=\"180\" height=\"146\" srcset=\"https:\/\/www.freiburg-schwarzwald.de\/blog\/wp-content\/uploads\/2013\/09\/schluchsee18sandeln130921-180x146.jpg 180w, https:\/\/www.freiburg-schwarzwald.de\/blog\/wp-content\/uploads\/2013\/09\/schluchsee18sandeln130921.jpg 638w\" sizes=\"auto, (max-width: 180px) 100vw, 180px\" \/><\/a>\u00a0 \u00a0 \u00a0 \u00a0 \u00a0 \u00a0\u00a0<a href=\"https:\/\/www.freiburg-schwarzwald.de\/blog\/regio\/see\/schluchsee-baden\/schluchsee21unterkrummenhof130921\/\" rel=\"attachment wp-att-38107\"><img loading=\"lazy\" decoding=\"async\" class=\"alignnone size-thumbnail wp-image-38107\" title=\"schluchsee21unterkrummenhof130921\" src=\"https:\/\/www.freiburg-schwarzwald.de\/blog\/wp-content\/uploads\/2013\/09\/schluchsee21unterkrummenhof130921-180x135.jpg\" alt=\"\" width=\"180\" height=\"135\" srcset=\"https:\/\/www.freiburg-schwarzwald.de\/blog\/wp-content\/uploads\/2013\/09\/schluchsee21unterkrummenhof130921-180x135.jpg 180w, https:\/\/www.freiburg-schwarzwald.de\/blog\/wp-content\/uploads\/2013\/09\/schluchsee21unterkrummenhof130921.jpg 640w\" sizes=\"auto, (max-width: 180px) 100vw, 180px\" \/><\/a><\/p>\n<p><a href=\"https:\/\/www.freiburg-schwarzwald.de\/blog\/regio\/see\/schluchsee-baden\/schluchsee34ufer130921\/\" rel=\"attachment wp-att-38129\"><img loading=\"lazy\" decoding=\"async\" title=\"schluchsee34ufer130921\" src=\"https:\/\/www.freiburg-schwarzwald.de\/blog\/wp-content\/uploads\/2013\/09\/schluchsee34ufer130921-180x135.jpg\" alt=\"\" width=\"180\" height=\"135\" \/><\/a>\u00a0 \u00a0 \u00a0 \u00a0 \u00a0\u00a0<a href=\"https:\/\/www.freiburg-schwarzwald.de\/blog\/regio\/see\/schluchsee-baden\/schluchsee77nordostufer-dissenhof130922\/\" rel=\"attachment wp-att-38201\"><img loading=\"lazy\" decoding=\"async\" class=\"alignnone size-thumbnail wp-image-38201\" title=\"schluchsee77nordostufer-dissenhof130922\" src=\"https:\/\/www.freiburg-schwarzwald.de\/blog\/wp-content\/uploads\/2013\/09\/schluchsee77nordostufer-dissenhof130922-135x180.jpg\" alt=\"\" width=\"135\" height=\"180\" srcset=\"https:\/\/www.freiburg-schwarzwald.de\/blog\/wp-content\/uploads\/2013\/09\/schluchsee77nordostufer-dissenhof130922-135x180.jpg 135w, https:\/\/www.freiburg-schwarzwald.de\/blog\/wp-content\/uploads\/2013\/09\/schluchsee77nordostufer-dissenhof130922-480x640.jpg 480w, https:\/\/www.freiburg-schwarzwald.de\/blog\/wp-content\/uploads\/2013\/09\/schluchsee77nordostufer-dissenhof130922.jpg 750w\" sizes=\"auto, (max-width: 135px) 100vw, 135px\" \/><\/a><\/p>\n<p>Wenn unten in Freiburg und Rheintal die schw\u00fcle W\u00e4rme das Atmen schwer macht, dann wird es Zeit, zum Schluchsee hoch zu fahren. Hier locken gem\u00fctlich lauschige Badepl\u00e4tze rund um den See sowie ein Strandbad bei Seebruck am Ostende des Sees, eine leichte Brise (die zur Freude der Segler auch mal st\u00e4rker sein kann), angenehme Temperaturen im Wasser (22 Grad) und draussen (28 Grad) und vor allem Ruhe und Natur.Auf der H\u00f6he des Dissenhofs zwischen Aha und Camping Wolfsgrund gibts einen etwas breiteren Strandstreifen mit Sand und Kies. Dahinter eine Wiese.<br \/>\n<strong>.<br \/>\nNordufer bei Aha und Unteraha<\/strong><\/p>\n<p><strong><span style=\"color: #000000;\"><a href=\"https:\/\/www.freiburg-schwarzwald.de\/blog\/regio\/see\/schluchsee-baden\/schluchsee30aha130921\/\" rel=\"attachment wp-att-38126\"><img loading=\"lazy\" decoding=\"async\" class=\"alignnone size-thumbnail wp-image-38126\" title=\"schluchsee30aha130921\" src=\"https:\/\/www.freiburg-schwarzwald.de\/blog\/wp-content\/uploads\/2013\/09\/schluchsee30aha130921-180x135.jpg\" alt=\"\" width=\"180\" height=\"135\" srcset=\"https:\/\/www.freiburg-schwarzwald.de\/blog\/wp-content\/uploads\/2013\/09\/schluchsee30aha130921-180x135.jpg 180w, https:\/\/www.freiburg-schwarzwald.de\/blog\/wp-content\/uploads\/2013\/09\/schluchsee30aha130921.jpg 640w\" sizes=\"auto, (max-width: 180px) 100vw, 180px\" \/><\/a><\/span>\u00a0\u00a0\u00a0\u00a0\u00a0\u00a0\u00a0\u00a0\u00a0\u00a0\u00a0\u00a0\u00a0\u00a0 <a href=\"https:\/\/www.freiburg-schwarzwald.de\/blog\/regio\/see\/schluchsee-baden\/schluchsee31aha130921\/\" rel=\"attachment wp-att-38127\"><img loading=\"lazy\" decoding=\"async\" class=\"alignnone size-thumbnail wp-image-38127\" title=\"schluchsee31aha130921\" src=\"https:\/\/www.freiburg-schwarzwald.de\/blog\/wp-content\/uploads\/2013\/09\/schluchsee31aha130921-180x135.jpg\" alt=\"\" width=\"180\" height=\"135\" srcset=\"https:\/\/www.freiburg-schwarzwald.de\/blog\/wp-content\/uploads\/2013\/09\/schluchsee31aha130921-180x135.jpg 180w, https:\/\/www.freiburg-schwarzwald.de\/blog\/wp-content\/uploads\/2013\/09\/schluchsee31aha130921.jpg 640w\" sizes=\"auto, (max-width: 180px) 100vw, 180px\" \/><\/a>\u00a0 \u00a0 \u00a0 \u00a0 \u00a0 \u00a0\u00a0<a href=\"https:\/\/www.freiburg-schwarzwald.de\/blog\/regio\/see\/schluchsee-baden\/schluchsee32aha130921\/\" rel=\"attachment wp-att-38128\"><img loading=\"lazy\" decoding=\"async\" class=\"alignnone size-thumbnail wp-image-38128\" title=\"schluchsee32aha130921\" src=\"https:\/\/www.freiburg-schwarzwald.de\/blog\/wp-content\/uploads\/2013\/09\/schluchsee32aha130921-180x135.jpg\" alt=\"\" width=\"180\" height=\"135\" srcset=\"https:\/\/www.freiburg-schwarzwald.de\/blog\/wp-content\/uploads\/2013\/09\/schluchsee32aha130921-180x135.jpg 180w, https:\/\/www.freiburg-schwarzwald.de\/blog\/wp-content\/uploads\/2013\/09\/schluchsee32aha130921.jpg 640w\" sizes=\"auto, (max-width: 180px) 100vw, 180px\" \/><\/a><br \/>\n<\/strong>(1) Aha 21.8.2013\u00a0\u00a0\u00a0\u00a0\u00a0\u00a0\u00a0\u00a0\u00a0\u00a0\u00a0\u00a0\u00a0\u00a0\u00a0\u00a0\u00a0\u00a0\u00a0\u00a0\u00a0\u00a0\u00a0\u00a0\u00a0\u00a0\u00a0\u00a0\u00a0\u00a0\u00a0\u00a0\u00a0\u00a0\u00a0\u00a0\u00a0\u00a0\u00a0\u00a0(2) Blick zum Auerhahn 21.8.2013\u00a0\u00a0\u00a0\u00a0\u00a0\u00a0\u00a0\u00a0\u00a0\u00a0\u00a0\u00a0\u00a0\u00a0\u00a0\u00a0 (3) Blick von\u00a0Aha s\u00fcdostw\u00e4rts<\/p>\n<p><a href=\"https:\/\/www.freiburg-schwarzwald.de\/blog\/regio\/see\/schluchsee-baden\/schluchsee35ufer-aha130922\/\" rel=\"attachment wp-att-38132\"><img loading=\"lazy\" decoding=\"async\" title=\"schluchsee35ufer-aha130922\" src=\"https:\/\/www.freiburg-schwarzwald.de\/blog\/wp-content\/uploads\/2013\/09\/schluchsee35ufer-aha130922-180x135.jpg\" alt=\"\" width=\"180\" height=\"135\" \/><\/a>\u00a0\u00a0\u00a0\u00a0\u00a0\u00a0\u00a0\u00a0\u00a0\u00a0\u00a0\u00a0\u00a0 <a href=\"https:\/\/www.freiburg-schwarzwald.de\/blog\/regio\/see\/schluchsee-baden\/schluchsee36ufer-aha130922\/\" rel=\"attachment wp-att-38133\"><img loading=\"lazy\" decoding=\"async\" class=\"alignnone size-thumbnail wp-image-38133\" title=\"schluchsee36ufer-aha130922\" src=\"https:\/\/www.freiburg-schwarzwald.de\/blog\/wp-content\/uploads\/2013\/09\/schluchsee36ufer-aha130922-180x135.jpg\" alt=\"\" width=\"180\" height=\"135\" srcset=\"https:\/\/www.freiburg-schwarzwald.de\/blog\/wp-content\/uploads\/2013\/09\/schluchsee36ufer-aha130922-180x135.jpg 180w, https:\/\/www.freiburg-schwarzwald.de\/blog\/wp-content\/uploads\/2013\/09\/schluchsee36ufer-aha130922-640x480.jpg 640w, https:\/\/www.freiburg-schwarzwald.de\/blog\/wp-content\/uploads\/2013\/09\/schluchsee36ufer-aha130922.jpg 1000w\" sizes=\"auto, (max-width: 180px) 100vw, 180px\" \/><\/a>\u00a0 \u00a0 \u00a0 \u00a0 \u00a0 \u00a0 \u00a0<a href=\"https:\/\/www.freiburg-schwarzwald.de\/blog\/regio\/see\/schluchsee-baden\/schluchsee37baden-aha130922\/\" rel=\"attachment wp-att-38134\"><img loading=\"lazy\" decoding=\"async\" class=\"alignnone size-thumbnail wp-image-38134\" title=\"schluchsee37baden-aha130922\" src=\"https:\/\/www.freiburg-schwarzwald.de\/blog\/wp-content\/uploads\/2013\/09\/schluchsee37baden-aha130922-180x135.jpg\" alt=\"\" width=\"180\" height=\"135\" srcset=\"https:\/\/www.freiburg-schwarzwald.de\/blog\/wp-content\/uploads\/2013\/09\/schluchsee37baden-aha130922-180x135.jpg 180w, https:\/\/www.freiburg-schwarzwald.de\/blog\/wp-content\/uploads\/2013\/09\/schluchsee37baden-aha130922.jpg 640w\" sizes=\"auto, (max-width: 180px) 100vw, 180px\" \/><\/a><br \/>\n(4) Aha blick s\u00fcdwestw\u00e4rts\u00a0\u00a0\u00a0\u00a0\u00a0\u00a0\u00a0\u00a0\u00a0\u00a0\u00a0\u00a0\u00a0\u00a0\u00a0\u00a0\u00a0\u00a0\u00a0\u00a0\u00a0\u00a0\u00a0\u00a0\u00a0 (5) Boote am Seezuflu\u00df Aha\u00a0\u00a0\u00a0\u00a0\u00a0\u00a0\u00a0\u00a0\u00a0\u00a0\u00a0\u00a0\u00a0\u00a0\u00a0\u00a0\u00a0\u00a0\u00a0\u00a0\u00a0\u00a0\u00a0(6) Strand\u00a0in Aha am 21.8.2013<\/p>\n<p><a href=\"https:\/\/www.freiburg-schwarzwald.de\/blog\/regio\/see\/schluchsee-baden\/schluchsee41suedufer-aha130922\/\" rel=\"attachment wp-att-38138\"><img loading=\"lazy\" decoding=\"async\" class=\"alignnone size-thumbnail wp-image-38138\" title=\"schluchsee41suedufer-aha130922\" src=\"https:\/\/www.freiburg-schwarzwald.de\/blog\/wp-content\/uploads\/2013\/09\/schluchsee41suedufer-aha130922-180x135.jpg\" alt=\"\" width=\"180\" height=\"135\" srcset=\"https:\/\/www.freiburg-schwarzwald.de\/blog\/wp-content\/uploads\/2013\/09\/schluchsee41suedufer-aha130922-180x135.jpg 180w, https:\/\/www.freiburg-schwarzwald.de\/blog\/wp-content\/uploads\/2013\/09\/schluchsee41suedufer-aha130922.jpg 640w\" sizes=\"auto, (max-width: 180px) 100vw, 180px\" \/><\/a>\u00a0\u00a0\u00a0\u00a0\u00a0\u00a0\u00a0\u00a0\u00a0\u00a0\u00a0\u00a0\u00a0\u00a0 <a href=\"https:\/\/www.freiburg-schwarzwald.de\/blog\/regio\/see\/schluchsee-baden\/schluchsee39ufer-aha130922\/\" rel=\"attachment wp-att-38136\"><img loading=\"lazy\" decoding=\"async\" class=\"alignnone size-thumbnail wp-image-38136\" title=\"schluchsee39ufer-aha130922\" src=\"https:\/\/www.freiburg-schwarzwald.de\/blog\/wp-content\/uploads\/2013\/09\/schluchsee39ufer-aha130922-180x135.jpg\" alt=\"\" width=\"180\" height=\"135\" srcset=\"https:\/\/www.freiburg-schwarzwald.de\/blog\/wp-content\/uploads\/2013\/09\/schluchsee39ufer-aha130922-180x135.jpg 180w, https:\/\/www.freiburg-schwarzwald.de\/blog\/wp-content\/uploads\/2013\/09\/schluchsee39ufer-aha130922.jpg 640w\" sizes=\"auto, (max-width: 180px) 100vw, 180px\" \/><\/a>\u00a0\u00a0\u00a0\u00a0\u00a0\u00a0\u00a0\u00a0\u00a0\u00a0\u00a0\u00a0<a href=\"https:\/\/www.freiburg-schwarzwald.de\/blog\/regio\/see\/schluchsee-baden\/schluchsee40ufer-aha130922\/\" rel=\"attachment wp-att-38137\"><img loading=\"lazy\" decoding=\"async\" class=\"alignnone size-thumbnail wp-image-38137\" title=\"schluchsee40ufer-aha130922\" src=\"https:\/\/www.freiburg-schwarzwald.de\/blog\/wp-content\/uploads\/2013\/09\/schluchsee40ufer-aha130922-180x135.jpg\" alt=\"\" width=\"180\" height=\"135\" srcset=\"https:\/\/www.freiburg-schwarzwald.de\/blog\/wp-content\/uploads\/2013\/09\/schluchsee40ufer-aha130922-180x135.jpg 180w, https:\/\/www.freiburg-schwarzwald.de\/blog\/wp-content\/uploads\/2013\/09\/schluchsee40ufer-aha130922.jpg 640w\" sizes=\"auto, (max-width: 180px) 100vw, 180px\" \/><\/a><br \/>\n(7)<\/p>\n<p>&nbsp;<\/p>\n<p><a href=\"https:\/\/www.freiburg-schwarzwald.de\/blog\/regio\/orte\/schluchsee\/schluchsee66suedufer-oberaha130922\/\" rel=\"attachment wp-att-38189\"><img loading=\"lazy\" decoding=\"async\" class=\"alignnone size-thumbnail wp-image-38189\" title=\"schluchsee66suedufer-oberaha130922\" src=\"https:\/\/www.freiburg-schwarzwald.de\/blog\/wp-content\/uploads\/2013\/03\/schluchsee66suedufer-oberaha130922-180x135.jpg\" alt=\"\" width=\"180\" height=\"135\" srcset=\"https:\/\/www.freiburg-schwarzwald.de\/blog\/wp-content\/uploads\/2013\/03\/schluchsee66suedufer-oberaha130922-180x135.jpg 180w, https:\/\/www.freiburg-schwarzwald.de\/blog\/wp-content\/uploads\/2013\/03\/schluchsee66suedufer-oberaha130922-640x480.jpg 640w, https:\/\/www.freiburg-schwarzwald.de\/blog\/wp-content\/uploads\/2013\/03\/schluchsee66suedufer-oberaha130922.jpg 1000w\" sizes=\"auto, (max-width: 180px) 100vw, 180px\" \/><\/a>\u00a0\u00a0\u00a0\u00a0\u00a0\u00a0\u00a0\u00a0\u00a0\u00a0\u00a0\u00a0\u00a0\u00a0 <a href=\"https:\/\/www.freiburg-schwarzwald.de\/blog\/regio\/see\/schluchsee-baden\/schluchsee67suedufer-aha130922\/\" rel=\"attachment wp-att-38192\"><img loading=\"lazy\" decoding=\"async\" class=\"alignnone size-thumbnail wp-image-38192\" title=\"schluchsee67suedufer-aha130922\" src=\"https:\/\/www.freiburg-schwarzwald.de\/blog\/wp-content\/uploads\/2013\/09\/schluchsee67suedufer-aha130922-180x135.jpg\" alt=\"\" width=\"180\" height=\"135\" srcset=\"https:\/\/www.freiburg-schwarzwald.de\/blog\/wp-content\/uploads\/2013\/09\/schluchsee67suedufer-aha130922-180x135.jpg 180w, https:\/\/www.freiburg-schwarzwald.de\/blog\/wp-content\/uploads\/2013\/09\/schluchsee67suedufer-aha130922.jpg 640w\" sizes=\"auto, (max-width: 180px) 100vw, 180px\" \/><\/a>\u00a0\u00a0\u00a0\u00a0\u00a0\u00a0\u00a0\u00a0\u00a0\u00a0\u00a0\u00a0<a href=\"https:\/\/www.freiburg-schwarzwald.de\/blog\/regio\/see\/schluchsee-baden\/schluchsee68westufer-oberaha130922\/\" rel=\"attachment wp-att-38193\"><img loading=\"lazy\" decoding=\"async\" class=\"alignnone size-thumbnail wp-image-38193\" title=\"schluchsee68westufer-oberaha130922\" src=\"https:\/\/www.freiburg-schwarzwald.de\/blog\/wp-content\/uploads\/2013\/09\/schluchsee68westufer-oberaha130922-180x135.jpg\" alt=\"\" width=\"180\" height=\"135\" srcset=\"https:\/\/www.freiburg-schwarzwald.de\/blog\/wp-content\/uploads\/2013\/09\/schluchsee68westufer-oberaha130922-180x135.jpg 180w, https:\/\/www.freiburg-schwarzwald.de\/blog\/wp-content\/uploads\/2013\/09\/schluchsee68westufer-oberaha130922-640x480.jpg 640w, https:\/\/www.freiburg-schwarzwald.de\/blog\/wp-content\/uploads\/2013\/09\/schluchsee68westufer-oberaha130922.jpg 1000w\" sizes=\"auto, (max-width: 180px) 100vw, 180px\" \/><\/a><br \/>\n(10)<\/p>\n<p><a href=\"https:\/\/www.freiburg-schwarzwald.de\/blog\/regio\/see\/schluchsee-baden\/schluchsee69westufer-zufluss130922\/\" rel=\"attachment wp-att-38194\"><img loading=\"lazy\" decoding=\"async\" class=\"alignnone size-thumbnail wp-image-38194\" title=\"schluchsee69westufer-zufluss130922\" src=\"https:\/\/www.freiburg-schwarzwald.de\/blog\/wp-content\/uploads\/2013\/09\/schluchsee69westufer-zufluss130922-180x135.jpg\" alt=\"\" width=\"180\" height=\"135\" srcset=\"https:\/\/www.freiburg-schwarzwald.de\/blog\/wp-content\/uploads\/2013\/09\/schluchsee69westufer-zufluss130922-180x135.jpg 180w, https:\/\/www.freiburg-schwarzwald.de\/blog\/wp-content\/uploads\/2013\/09\/schluchsee69westufer-zufluss130922-640x480.jpg 640w, https:\/\/www.freiburg-schwarzwald.de\/blog\/wp-content\/uploads\/2013\/09\/schluchsee69westufer-zufluss130922.jpg 1000w\" sizes=\"auto, (max-width: 180px) 100vw, 180px\" \/><\/a>\u00a0\u00a0\u00a0\u00a0\u00a0\u00a0\u00a0\u00a0\u00a0\u00a0\u00a0\u00a0\u00a0\u00a0 <a href=\"https:\/\/www.freiburg-schwarzwald.de\/blog\/regio\/see\/schluchsee-baden\/schluchsee70westufer-zufluss130922\/\" rel=\"attachment wp-att-38195\"><img loading=\"lazy\" decoding=\"async\" class=\"alignnone size-thumbnail wp-image-38195\" title=\"schluchsee70westufer-zufluss130922\" src=\"https:\/\/www.freiburg-schwarzwald.de\/blog\/wp-content\/uploads\/2013\/09\/schluchsee70westufer-zufluss130922-180x135.jpg\" alt=\"\" width=\"180\" height=\"135\" srcset=\"https:\/\/www.freiburg-schwarzwald.de\/blog\/wp-content\/uploads\/2013\/09\/schluchsee70westufer-zufluss130922-180x135.jpg 180w, https:\/\/www.freiburg-schwarzwald.de\/blog\/wp-content\/uploads\/2013\/09\/schluchsee70westufer-zufluss130922.jpg 640w\" sizes=\"auto, (max-width: 180px) 100vw, 180px\" \/><\/a>\u00a0\u00a0\u00a0\u00a0\u00a0\u00a0\u00a0\u00a0\u00a0\u00a0\u00a0<a href=\"https:\/\/www.freiburg-schwarzwald.de\/blog\/regio\/see\/schluchsee-baden\/schluchsee71nordufer-barrierefrei130922\/\" rel=\"attachment wp-att-38196\"><img loading=\"lazy\" decoding=\"async\" class=\"alignnone size-thumbnail wp-image-38196\" title=\"schluchsee71nordufer-barrierefrei130922\" src=\"https:\/\/www.freiburg-schwarzwald.de\/blog\/wp-content\/uploads\/2013\/09\/schluchsee71nordufer-barrierefrei130922-180x135.jpg\" alt=\"\" width=\"180\" height=\"135\" srcset=\"https:\/\/www.freiburg-schwarzwald.de\/blog\/wp-content\/uploads\/2013\/09\/schluchsee71nordufer-barrierefrei130922-180x135.jpg 180w, https:\/\/www.freiburg-schwarzwald.de\/blog\/wp-content\/uploads\/2013\/09\/schluchsee71nordufer-barrierefrei130922.jpg 640w\" sizes=\"auto, (max-width: 180px) 100vw, 180px\" \/><\/a><br \/>\n(13) Blick ostw\u00e4rts 22.8.2013\u00a0\u00a0\u00a0\u00a0\u00a0\u00a0\u00a0\u00a0\u00a0\u00a0\u00a0\u00a0\u00a0\u00a0\u00a0\u00a0\u00a0\u00a0\u00a0\u00a0\u00a0 (14) See-Zuflu\u00df von Oberaha\u00a0\u00a0\u00a0\u00a0\u00a0\u00a0\u00a0\u00a0\u00a0\u00a0\u00a0\u00a0\u00a0\u00a0\u00a0 (15) Blick s\u00fcdostw\u00e4rts- barrierefrei<br \/>\n.<\/p>\n<p><a href=\"https:\/\/www.freiburg-schwarzwald.de\/blog\/regio\/see\/schluchsee-baden\/schluchsee72nordufer-eisenhut130922\/\" rel=\"attachment wp-att-38197\"><img loading=\"lazy\" decoding=\"async\" class=\"alignnone size-thumbnail wp-image-38197\" title=\"schluchsee72nordufer-eisenhut130922\" src=\"https:\/\/www.freiburg-schwarzwald.de\/blog\/wp-content\/uploads\/2013\/09\/schluchsee72nordufer-eisenhut130922-180x135.jpg\" alt=\"\" width=\"180\" height=\"135\" srcset=\"https:\/\/www.freiburg-schwarzwald.de\/blog\/wp-content\/uploads\/2013\/09\/schluchsee72nordufer-eisenhut130922-180x135.jpg 180w, https:\/\/www.freiburg-schwarzwald.de\/blog\/wp-content\/uploads\/2013\/09\/schluchsee72nordufer-eisenhut130922.jpg 640w\" sizes=\"auto, (max-width: 180px) 100vw, 180px\" \/><\/a>\u00a0\u00a0\u00a0\u00a0\u00a0\u00a0\u00a0\u00a0\u00a0\u00a0\u00a0\u00a0\u00a0\u00a0 <a href=\"https:\/\/www.freiburg-schwarzwald.de\/blog\/regio\/see\/schluchsee-baden\/schluchsee73nordufer-segeln130922-2\/\" rel=\"attachment wp-att-38198\"><img loading=\"lazy\" decoding=\"async\" class=\"alignnone size-thumbnail wp-image-38198\" title=\"schluchsee73nordufer-segeln130922\" src=\"https:\/\/www.freiburg-schwarzwald.de\/blog\/wp-content\/uploads\/2013\/09\/schluchsee73nordufer-segeln1309221-180x135.jpg\" alt=\"\" width=\"180\" height=\"135\" srcset=\"https:\/\/www.freiburg-schwarzwald.de\/blog\/wp-content\/uploads\/2013\/09\/schluchsee73nordufer-segeln1309221-180x135.jpg 180w, https:\/\/www.freiburg-schwarzwald.de\/blog\/wp-content\/uploads\/2013\/09\/schluchsee73nordufer-segeln1309221.jpg 640w\" sizes=\"auto, (max-width: 180px) 100vw, 180px\" \/><\/a><br \/>\n(16) Blick nach Norden\u00a0\u00a0\u00a0\u00a0\u00a0\u00a0\u00a0\u00a0\u00a0\u00a0\u00a0\u00a0\u00a0\u00a0\u00a0\u00a0\u00a0\u00a0\u00a0\u00a0\u00a0\u00a0\u00a0\u00a0\u00a0\u00a0\u00a0\u00a0\u00a0\u00a0\u00a0\u00a0 (17) Blick nach Norden<\/p>\n<p>Ein schmaler Uferstreifen mit vielen kleinen Buchten zwischen Unteraha (Segelschule mit Gasthaus Auerhahn) bis Oberaha (Zuflu\u00df in den See von \u00c4ule bzw. Lunzihof her) l\u00e4d zum Baden ein. Man blickt s\u00fcd- bzw. s\u00fcdostw\u00e4rts \u00fcber den See.<\/p>\n<p>&nbsp;<\/p>\n<p>&nbsp;<\/p>\n<p><strong>S\u00fcdufer<\/strong><\/p>\n<p><a href=\"https:\/\/www.freiburg-schwarzwald.de\/blog\/regio\/orte\/schluchsee\/schluchsee53suedufer130922\/\" rel=\"attachment wp-att-38160\"><img loading=\"lazy\" decoding=\"async\" class=\"alignnone size-thumbnail wp-image-38160\" title=\"schluchsee53suedufer130922\" src=\"https:\/\/www.freiburg-schwarzwald.de\/blog\/wp-content\/uploads\/2013\/03\/schluchsee53suedufer130922-180x135.jpg\" alt=\"\" width=\"180\" height=\"135\" srcset=\"https:\/\/www.freiburg-schwarzwald.de\/blog\/wp-content\/uploads\/2013\/03\/schluchsee53suedufer130922-180x135.jpg 180w, https:\/\/www.freiburg-schwarzwald.de\/blog\/wp-content\/uploads\/2013\/03\/schluchsee53suedufer130922-640x480.jpg 640w, https:\/\/www.freiburg-schwarzwald.de\/blog\/wp-content\/uploads\/2013\/03\/schluchsee53suedufer130922.jpg 1000w\" sizes=\"auto, (max-width: 180px) 100vw, 180px\" \/><\/a>\u00a0\u00a0\u00a0\u00a0\u00a0\u00a0\u00a0\u00a0\u00a0\u00a0\u00a0\u00a0\u00a0\u00a0 <a href=\"https:\/\/www.freiburg-schwarzwald.de\/blog\/regio\/orte\/schluchsee\/schluchsee54suedufer-bahn130922\/\" rel=\"attachment wp-att-38161\"><img loading=\"lazy\" decoding=\"async\" class=\"alignnone size-thumbnail wp-image-38161\" title=\"schluchsee54suedufer-bahn130922\" src=\"https:\/\/www.freiburg-schwarzwald.de\/blog\/wp-content\/uploads\/2013\/03\/schluchsee54suedufer-bahn130922-180x135.jpg\" alt=\"\" width=\"180\" height=\"135\" srcset=\"https:\/\/www.freiburg-schwarzwald.de\/blog\/wp-content\/uploads\/2013\/03\/schluchsee54suedufer-bahn130922-180x135.jpg 180w, https:\/\/www.freiburg-schwarzwald.de\/blog\/wp-content\/uploads\/2013\/03\/schluchsee54suedufer-bahn130922-640x480.jpg 640w, https:\/\/www.freiburg-schwarzwald.de\/blog\/wp-content\/uploads\/2013\/03\/schluchsee54suedufer-bahn130922.jpg 1000w\" sizes=\"auto, (max-width: 180px) 100vw, 180px\" \/><\/a>\u00a0\u00a0\u00a0\u00a0\u00a0\u00a0\u00a0\u00a0\u00a0\u00a0\u00a0<a href=\"https:\/\/www.freiburg-schwarzwald.de\/blog\/regio\/see\/schluchsee-baden\/schluchsee55suedufer-unterkrummen130922\/\" rel=\"attachment wp-att-38164\"><img loading=\"lazy\" decoding=\"async\" class=\"alignnone size-thumbnail wp-image-38164\" title=\"schluchsee55suedufer-unterkrummen130922\" src=\"https:\/\/www.freiburg-schwarzwald.de\/blog\/wp-content\/uploads\/2013\/09\/schluchsee55suedufer-unterkrummen130922-180x135.jpg\" alt=\"\" width=\"180\" height=\"135\" srcset=\"https:\/\/www.freiburg-schwarzwald.de\/blog\/wp-content\/uploads\/2013\/09\/schluchsee55suedufer-unterkrummen130922-180x135.jpg 180w, https:\/\/www.freiburg-schwarzwald.de\/blog\/wp-content\/uploads\/2013\/09\/schluchsee55suedufer-unterkrummen130922.jpg 640w\" sizes=\"auto, (max-width: 180px) 100vw, 180px\" \/><\/a><br \/>\n(1) Blick ostw\u00e4rts 22.8.2013\u00a0 \u00a0 \u00a0 \u00a0 \u00a0 \u00a0 \u00a0 \u00a0 \u00a0 \u00a0 \u00a0 (2) Blick westw\u00e4rts zu Unterkrummenhof\u00a0 (3) Blick westw\u00e4rts gen Unterkr.<br \/>\n.<\/p>\n<p><a href=\"https:\/\/www.freiburg-schwarzwald.de\/blog\/regio\/see\/schluchsee-baden\/schluchsee56suedufer-sandstrand130922\/\" rel=\"attachment wp-att-38165\"><img loading=\"lazy\" decoding=\"async\" class=\"alignnone size-thumbnail wp-image-38165\" title=\"schluchsee56suedufer-sandstrand130922\" src=\"https:\/\/www.freiburg-schwarzwald.de\/blog\/wp-content\/uploads\/2013\/09\/schluchsee56suedufer-sandstrand130922-180x135.jpg\" alt=\"\" width=\"180\" height=\"135\" srcset=\"https:\/\/www.freiburg-schwarzwald.de\/blog\/wp-content\/uploads\/2013\/09\/schluchsee56suedufer-sandstrand130922-180x135.jpg 180w, https:\/\/www.freiburg-schwarzwald.de\/blog\/wp-content\/uploads\/2013\/09\/schluchsee56suedufer-sandstrand130922.jpg 640w\" sizes=\"auto, (max-width: 180px) 100vw, 180px\" \/><\/a>\u00a0\u00a0\u00a0\u00a0\u00a0\u00a0\u00a0\u00a0\u00a0\u00a0\u00a0\u00a0\u00a0\u00a0 <a href=\"https:\/\/www.freiburg-schwarzwald.de\/blog\/regio\/see\/schluchsee-baden\/schluchsee57suedufer-sandstrand130922\/\" rel=\"attachment wp-att-38166\"><img loading=\"lazy\" decoding=\"async\" class=\"alignnone size-thumbnail wp-image-38166\" title=\"schluchsee57suedufer-sandstrand130922\" src=\"https:\/\/www.freiburg-schwarzwald.de\/blog\/wp-content\/uploads\/2013\/09\/schluchsee57suedufer-sandstrand130922-180x135.jpg\" alt=\"\" width=\"180\" height=\"135\" srcset=\"https:\/\/www.freiburg-schwarzwald.de\/blog\/wp-content\/uploads\/2013\/09\/schluchsee57suedufer-sandstrand130922-180x135.jpg 180w, https:\/\/www.freiburg-schwarzwald.de\/blog\/wp-content\/uploads\/2013\/09\/schluchsee57suedufer-sandstrand130922.jpg 640w\" sizes=\"auto, (max-width: 180px) 100vw, 180px\" \/><\/a>\u00a0\u00a0\u00a0\u00a0\u00a0\u00a0\u00a0\u00a0\u00a0\u00a0\u00a0<a href=\"https:\/\/www.freiburg-schwarzwald.de\/blog\/regio\/see\/schluchsee-baden\/schluchsee58suedufer-sandstrand130922\/\" rel=\"attachment wp-att-38167\"><img loading=\"lazy\" decoding=\"async\" class=\"alignnone size-thumbnail wp-image-38167\" title=\"schluchsee58suedufer-sandstrand130922\" src=\"https:\/\/www.freiburg-schwarzwald.de\/blog\/wp-content\/uploads\/2013\/09\/schluchsee58suedufer-sandstrand130922-180x135.jpg\" alt=\"\" width=\"180\" height=\"135\" srcset=\"https:\/\/www.freiburg-schwarzwald.de\/blog\/wp-content\/uploads\/2013\/09\/schluchsee58suedufer-sandstrand130922-180x135.jpg 180w, https:\/\/www.freiburg-schwarzwald.de\/blog\/wp-content\/uploads\/2013\/09\/schluchsee58suedufer-sandstrand130922.jpg 640w\" sizes=\"auto, (max-width: 180px) 100vw, 180px\" \/><\/a><br \/>\n(4) Blick nordwestw\u00e4rts gen Aha\u00a0\u00a0\u00a0\u00a0\u00a0\u00a0\u00a0\u00a0\u00a0\u00a0\u00a0\u00a0\u00a0\u00a0\u00a0 (5) Blick nordwestw\u00e4rts 22.8.2013\u00a0\u00a0\u00a0\u00a0\u00a0\u00a0\u00a0\u00a0\u00a0\u00a0\u00a0\u00a0\u00a0 (6) Blick nordostw\u00e4rts<br \/>\n.<\/p>\n<p><a href=\"https:\/\/www.freiburg-schwarzwald.de\/blog\/regio\/see\/schluchsee-baden\/schluchsee59suedufer-ort130922\/\" rel=\"attachment wp-att-38168\"><img loading=\"lazy\" decoding=\"async\" class=\"alignnone size-thumbnail wp-image-38168\" title=\"schluchsee59suedufer-ort130922\" src=\"https:\/\/www.freiburg-schwarzwald.de\/blog\/wp-content\/uploads\/2013\/09\/schluchsee59suedufer-ort130922-180x135.jpg\" alt=\"\" width=\"180\" height=\"135\" srcset=\"https:\/\/www.freiburg-schwarzwald.de\/blog\/wp-content\/uploads\/2013\/09\/schluchsee59suedufer-ort130922-180x135.jpg 180w, https:\/\/www.freiburg-schwarzwald.de\/blog\/wp-content\/uploads\/2013\/09\/schluchsee59suedufer-ort130922.jpg 640w\" sizes=\"auto, (max-width: 180px) 100vw, 180px\" \/><\/a>\u00a0\u00a0\u00a0\u00a0\u00a0\u00a0\u00a0\u00a0\u00a0\u00a0\u00a0\u00a0\u00a0\u00a0 <a href=\"https:\/\/www.freiburg-schwarzwald.de\/blog\/regio\/see\/schluchsee-baden\/schluchsee60suedufer-sandstrand130922\/\" rel=\"attachment wp-att-38169\"><img loading=\"lazy\" decoding=\"async\" class=\"alignnone size-thumbnail wp-image-38169\" title=\"schluchsee60suedufer-sandstrand130922\" src=\"https:\/\/www.freiburg-schwarzwald.de\/blog\/wp-content\/uploads\/2013\/09\/schluchsee60suedufer-sandstrand130922-180x135.jpg\" alt=\"\" width=\"180\" height=\"135\" srcset=\"https:\/\/www.freiburg-schwarzwald.de\/blog\/wp-content\/uploads\/2013\/09\/schluchsee60suedufer-sandstrand130922-180x135.jpg 180w, https:\/\/www.freiburg-schwarzwald.de\/blog\/wp-content\/uploads\/2013\/09\/schluchsee60suedufer-sandstrand130922.jpg 640w\" sizes=\"auto, (max-width: 180px) 100vw, 180px\" \/><\/a><br \/>\n(7) Schluchsee-Ort im Norden\u00a0\u00a0\u00a0\u00a0\u00a0\u00a0\u00a0\u00a0\u00a0\u00a0\u00a0\u00a0\u00a0\u00a0\u00a0\u00a0\u00a0\u00a0\u00a0 (8) Blick westw\u00e4rts 22.8.2013<\/p>\n<p>Ist man auf dem Seeuferweg vom Unterkrummenhof in s\u00fcd\u00f6stlicher Richtung zur Staumauer bei Seebruck unterwegs, dann\u00a0gelangt man kurz nach der Anglerh\u00fctte links durch den ca 10 m breiten Waldstreifen zu einem sch\u00f6nen Strand mit feinem Sand. Hier ist das Wasser besonders warm, da der See ganz ganz langsam tiefer wird. Bitte nach dem Badespass den M\u00fcll mitnehmen!<\/p>\n<p>&nbsp;<\/p>\n<p>&nbsp;<\/p>\n<p>&nbsp;<\/p>\n<p>&nbsp;<\/p>\n","protected":false},"excerpt":{"rendered":"<p>Home &gt;Regio &gt;Orte &gt;See &gt;Schluchsee &gt;Schwimmen &gt;Schluchsee-Baden Energiespeicher Schluchsee \u2013 Reserve bei Gasmangel\u00a0(1.7.2022) 18 Badeseen mit ausgezeichneter Wasserqualit\u00e4t in der Region Freiburg\u00a0(5.6.2021) Am Schluchsee direkt am Ufer bzw. Wasser laufen und sandeln\u00a0(12.5.2020) Segeln am Schluchsee &gt;Segeln Nordostufer auf H\u00f6he Dissenhof &hellip; <a href=\"https:\/\/www.freiburg-schwarzwald.de\/blog\/regio\/see\/schluchsee-baden\/\">Weiterlesen <span class=\"meta-nav\">&rarr;<\/span><\/a><\/p>\n","protected":false},"author":4,"featured_media":0,"parent":2191,"menu_order":0,"comment_status":"open","ping_status":"closed","template":"","meta":{"footnotes":""},"class_list":["post-38088","page","type-page","status-publish","hentry"],"_links":{"self":[{"href":"https:\/\/www.freiburg-schwarzwald.de\/blog\/wp-json\/wp\/v2\/pages\/38088","targetHints":{"allow":["GET"]}}],"collection":[{"href":"https:\/\/www.freiburg-schwarzwald.de\/blog\/wp-json\/wp\/v2\/pages"}],"about":[{"href":"https:\/\/www.freiburg-schwarzwald.de\/blog\/wp-json\/wp\/v2\/types\/page"}],"author":[{"embeddable":true,"href":"https:\/\/www.freiburg-schwarzwald.de\/blog\/wp-json\/wp\/v2\/users\/4"}],"replies":[{"embeddable":true,"href":"https:\/\/www.freiburg-schwarzwald.de\/blog\/wp-json\/wp\/v2\/comments?post=38088"}],"version-history":[{"count":2,"href":"https:\/\/www.freiburg-schwarzwald.de\/blog\/wp-json\/wp\/v2\/pages\/38088\/revisions"}],"predecessor-version":[{"id":103348,"href":"https:\/\/www.freiburg-schwarzwald.de\/blog\/wp-json\/wp\/v2\/pages\/38088\/revisions\/103348"}],"up":[{"embeddable":true,"href":"https:\/\/www.freiburg-schwarzwald.de\/blog\/wp-json\/wp\/v2\/pages\/2191"}],"wp:attachment":[{"href":"https:\/\/www.freiburg-schwarzwald.de\/blog\/wp-json\/wp\/v2\/media?parent=38088"}],"curies":[{"name":"wp","href":"https:\/\/api.w.org\/{rel}","templated":true}]}}