{"id":3786,"date":"2012-05-24T12:39:05","date_gmt":"2012-05-24T12:39:05","guid":{"rendered":"https:\/\/www.freiburg-schwarzwald.de\/blog\/?page_id=3786"},"modified":"2017-12-21T19:58:20","modified_gmt":"2017-12-21T18:58:20","slug":"stadtwald","status":"publish","type":"page","link":"https:\/\/www.freiburg-schwarzwald.de\/blog\/natur\/wald\/stadtwald\/","title":{"rendered":"Stadtwald"},"content":{"rendered":"<p>Home &gt;Natur &gt;<a title=\"Wald\" href=\"https:\/\/www.freiburg-schwarzwald.de\/blog\/natur\/wald\/\">Wald<\/a> &gt;Stadtwald in Freiburg<\/p>\n<div id=\"attachment_15657\" style=\"width: 648px\" class=\"wp-caption alignnone\"><a href=\"https:\/\/www.freiburg-schwarzwald.de\/blog\/natur\/wald\/stadtwald\/immi2holzarbeiten-pan121115\/\" rel=\"attachment wp-att-15657\"><img loading=\"lazy\" decoding=\"async\" aria-describedby=\"caption-attachment-15657\" class=\"size-full wp-image-15657\" title=\"immi2holzarbeiten-pan121115\" src=\"https:\/\/www.freiburg-schwarzwald.de\/blog\/wp-content\/uploads\/2012\/05\/immi2holzarbeiten-pan121115.jpg\" alt=\"\" width=\"638\" height=\"238\" srcset=\"https:\/\/www.freiburg-schwarzwald.de\/blog\/wp-content\/uploads\/2012\/05\/immi2holzarbeiten-pan121115.jpg 638w, https:\/\/www.freiburg-schwarzwald.de\/blog\/wp-content\/uploads\/2012\/05\/immi2holzarbeiten-pan121115-180x67.jpg 180w\" sizes=\"auto, (max-width: 638px) 100vw, 638px\" \/><\/a><p id=\"caption-attachment-15657\" class=\"wp-caption-text\">Holzarbeiten &#8211; Blick von der Immo nach Norden \u00fcbers Dreisamtal bis zum Kandel am 16.11.2012<\/p><\/div>\n<ul>\n<li><a href=\"https:\/\/www.freiburg-schwarzwald.de\/blog\/stadtwald-freiburg-klimaschutz\/\">https:\/\/www.freiburg-schwarzwald.de\/blog\/stadtwald-freiburg-klimaschutz\/<\/a> (21.12.2017)<\/li>\n<li><a href=\"https:\/\/www.freiburg-schwarzwald.de\/blog\/hoechster-baum-deutschlands\/\">https:\/\/www.freiburg-schwarzwald.de\/blog\/hoechster-baum-deutschlands\/<\/a>\u00a0(5.11.2013)<\/li>\n<li>Soll das st\u00e4dtische Forstamt zum Eigenbetrieb werden? (3.4.2013)<\/li>\n<li><a href=\"https:\/\/www.freiburg-schwarzwald.de\/blog\/augustinerweg-schwabentor-gewerbekanal-schlossberg\/\">https:\/\/www.freiburg-schwarzwald.de\/blog\/augustinerweg-schwabentor-gewerbekanal-schlossberg\/<\/a><\/li>\n<li><a href=\"https:\/\/www.freiburg-schwarzwald.de\/littenweiler\/stadtwald1.htm\">Aktuelle Infos zur Stadtwald-Seite<\/a> &gt;Stadtwald1<\/li>\n<li><a href=\"https:\/\/www.freiburg-schwarzwald.de\/littenweiler\/wiehre1.htm#Wasserschl\u00f6ssle-Fest im Freiburger Sternwald\">Wasserschl\u00f6ssle-Fest <\/a><a href=\"https:\/\/www.freiburg-schwarzwald.de\/littenweiler\/wiehre1.htm#Wasserschl\u00f6ssle-Fest im Freiburger Sternwald\">im Freiburger Sternwald<\/a> &gt;Wiehre1 (28.7.2006)<\/li>\n<li><a href=\"https:\/\/www.freiburg-schwarzwald.de\/littenweiler\/stadtwald.htm#\u00c4nderungen beim Forst: Kappel und Freiburger Osten\">\u00c4nderungen beim Forst: Kappel und Freiburger Osten<\/a> (18.7.2006)<\/li>\n<li><a href=\"https:\/\/www.freiburg-schwarzwald.de\/littenweiler\/stadtwald.htm#Verkauf des Stadtwaldes w\u00e4re eine Schande\">Verkauf des Stadtwaldes w\u00e4re eine Schande<\/a> (18.7.2006)<\/li>\n<li><a href=\"https:\/\/www.freiburg-schwarzwald.de\/littenweiler\/stadtwald.htm#Freiburgs Stadtwald verkaufen - ja oder nein\">Freiburgs Stadtwald verkaufen &#8211; ja oder nein<\/a> (12.7.2006)<\/li>\n<li><a href=\"https:\/\/www.freiburg-schwarzwald.de\/littenweiler\/stadtwald.htm#Freunde des Stadtwald-Arboretum G\u00fcnterstal - Vereinsgr\u00fcndung\">Freunde des Stadtwald-Arboretum G\u00fcnterstal &#8211; Vereinsgr\u00fcndung<\/a> (8.7.2006)<\/li>\n<li><a href=\"https:\/\/www.freiburg-schwarzwald.de\/littenweiler\/wandernlit.htm#Wanderwegenetz im Freiburger Stadtwald mit gelber Raute neu beschildert\">Wanderwegenetz im Freiburger Stadtwald mit gelber Raute beschildert<\/a> &gt;WandernLit (9.6.2006)<\/li>\n<li><a href=\"https:\/\/www.freiburg-schwarzwald.de\/littenweiler\/grillplatz.htm\">Grillh\u00fctten\/Grillpl\u00e4tze in Freiburg &#8211; Kein Feuer an der Dreisam<\/a> &gt;Grillplatz (20.5.2006)<\/li>\n<li><a href=\"https:\/\/www.freiburg-schwarzwald.de\/littenweiler\/kinder2.htm#Drachenskulptur von Thomas Rees im Sternwald\">Drachenskulptur von Thomas Rees im Sternwald<\/a> &gt;Kinder2 (29.10.2005)<\/li>\n<li><a href=\"https:\/\/www.freiburg-schwarzwald.de\/littenweiler\/stadtwald.htm#Waldfreizeitkarte f\u00fcr den  Stadtwald Freiburg f\u00fcr f\u00fcnf Euro\">Waldfreizeitkarte f\u00fcr den Stadtwald Freiburg f\u00fcr f\u00fcnf Euro<\/a> (28.9.2004)<\/li>\n<li><a href=\"https:\/\/www.freiburg-schwarzwald.de\/wald1.htm#Freiburgs Stadtwald - Kosten und Besucher\">Freiburgs Stadtwald &#8211; Kosten und Besucher<\/a> &gt;Wald1 (6.7.2003)<\/li>\n<li><a href=\"https:\/\/www.freiburg-schwarzwald.de\/littenweiler\/wandernlit.htm#Sternwaldeck\">Sternwaldeck &#8211; Schattige Waldwanderung<\/a> &gt;WandernLit (18.8.2002)<\/li>\n<li><a href=\"https:\/\/www.freiburg-schwarzwald.de\/wald1.htm#Mooswald im Westen von Freiburg - das \u00d6ko-Konzept  tr\u00e4gt Fr\u00fcchte\">Mooswald im Westen von Freiburg &#8211; das \u00d6ko-Konzept tr\u00e4gt Fr\u00fcchte<\/a> &gt;Wald1 (24.5.2002)<\/li>\n<li><a href=\"https:\/\/www.freiburg-schwarzwald.de\/littenweiler\/stadtwald.htm#Freiburger Stadtwald = Holz + \u00d6kologie + Freizeit\">Freiburger Stadtwald = Holz + \u00d6kologie + Freizeit &#8211; EINE SUPER HOMEPAGE!<\/a> (16.12.2002)<\/li>\n<li><a href=\"https:\/\/www.freiburg-schwarzwald.de\/littenweiler\/arboretum.htm\">Arboretum in G\u00fcnterstal<\/a> &gt;Arboretum<\/li>\n<li><a href=\"https:\/\/www.freiburg-schwarzwald.de\/littenweiler\/stadtwald.htm#Forstrevier Waldsee\" target=\"_self\">Forstreviere im Freiburger Stadtwald<\/a><\/li>\n<li><a title=\"Mooswald\" href=\"https:\/\/www.freiburg-schwarzwald.de\/blog\/regio\/freiburg\/mooswald\/\">Mooswald<\/a><\/li>\n<li><a href=\"https:\/\/www.freiburg-schwarzwald.de\/littenweiler\/oeffentlicher-raum.htm#M\u00fcll - Verm\u00fcllung\">M\u00fcll &#8211; Verm\u00fcllung<\/a> &gt;Oeffentlicher-Raum<\/li>\n<li><a href=\"https:\/\/www.freiburg-schwarzwald.de\/littenweiler\/oeffentlicher-raum.htm\">\u00d6ffentlicher Raum<\/a> &gt;Oeffentlicher-Raum<\/li>\n<li><a href=\"https:\/\/www.freiburg-schwarzwald.de\/littenweiler\/stadtwald.htm#St\u00e4dt. Forstdienststelle, Revier Ro\u00dfkopf\">St\u00e4dt. Forstdienststelle, Revier Ro\u00dfkopf <\/a><\/li>\n<li><a href=\"https:\/\/www.freiburg-schwarzwald.de\/littenweiler\/stadtwald.htm#St\u00e4dt. Forstdienststelle, Revier Waldsee\">St\u00e4dt. Forstdienststelle, Revier Waldsee<\/a><\/li>\n<li><a href=\"https:\/\/www.freiburg-schwarzwald.de\/littenweiler\/stadtgarten.htm\">Stadtgarten zwischen M\u00fcnster und Schlossberg<\/a> &gt;Stadtgarten<\/li>\n<li><a href=\"https:\/\/www.freiburg-schwarzwald.de\/littenweiler\/wiehre.htm#Sternwaldwiese\">Sternwaldwiese<\/a> &gt;Wiehre<\/li>\n<li><a href=\"https:\/\/www.freiburg-schwarzwald.de\/littenweiler\/grillplatz.htm#H\u00fctten der Stadt Freiburg im Stadtwald - H\u00fcttenpreisliste\">H\u00fctten der Stadt Freiburg im Stadtwald &#8211; H\u00fcttenpreisliste<\/a> &gt;Grillplatz<\/li>\n<li><a href=\"https:\/\/www.freiburg-schwarzwald.de\/littenweiler\/waldmenschen.htm\">WaldMenschen &#8211; Skulpturenpfad von Thomas Rees beim Waldhaus Freiburg<\/a> &gt;WaldMenschen<\/li>\n<li><a href=\"https:\/\/www.freiburg-schwarzwald.de\/littenweiler\/wiese.htm\">Wiesen und Beete<\/a> &gt;Wiese<\/li>\n<\/ul>\n<p>&nbsp;<\/p>\n<p>&nbsp;<\/p>\n<p><strong>Freiburger Stadtwald = Holz + \u00d6kologie + Freizeit<\/strong><\/p>\n<div id=\"attachment_3790\" style=\"width: 190px\" class=\"wp-caption alignnone\"><a href=\"https:\/\/www.freiburg-schwarzwald.de\/blog\/natur\/wald\/stadtwald\/wald-abc\/\" rel=\"attachment wp-att-3790\"><img loading=\"lazy\" decoding=\"async\" aria-describedby=\"caption-attachment-3790\" class=\"size-thumbnail wp-image-3790\" title=\"wald-abc\" src=\"https:\/\/www.freiburg-schwarzwald.de\/blog\/wp-content\/uploads\/2012\/05\/wald-abc-180x180.jpg\" alt=\"\" width=\"180\" height=\"180\" srcset=\"https:\/\/www.freiburg-schwarzwald.de\/blog\/wp-content\/uploads\/2012\/05\/wald-abc-180x180.jpg 180w, https:\/\/www.freiburg-schwarzwald.de\/blog\/wp-content\/uploads\/2012\/05\/wald-abc.jpg 330w\" sizes=\"auto, (max-width: 180px) 100vw, 180px\" \/><\/a><p id=\"caption-attachment-3790\" class=\"wp-caption-text\">Freiburger Stadtwald = Holz + \u00d6kologie + Freizeit<\/p><\/div>\n<p>Diese Grafik des Forstamtes Freiburg verdeutlicht sehr sch\u00f6n die vielf\u00e4ltigen Aspekte und auch Problem der Nutzung des Waldes: Holz bzw. \u00d6konomie, Umwelt bzw. \u00d6kologie, Freizeit bzw. Soziologie<br \/>\n&#8222;Stellen Sie sich die Forstwirtschaft einmal als Industriebetrieb vor. In einem traditionellen Forstbetrieb w\u00fcrde vor allem Holz die Werkshallen verlassen. Wir im Freiburger Stadtwald hingegen haben drei Produktlinien:<br \/>\nDie Produktlinie &#8222;Holz&#8220;<br \/>\nDie Produktlinie &#8222;\u00d6kologie&#8220;<br \/>\nDie Produktlinie &#8222;Freizeit&#8220;<br \/>\nHochwertiges Rohholz, \u00f6kologischen Reichtum und attraktive Freizeitangebote stellen wir auf ein und derselben (Produktions-) Fl\u00e4che her. Zur gleichen Zeit, im selben Wald. Holz + \u00d6kologie + Freizeit = maximaler Nutzen.<br \/>\nZiel eines Industriebetriebes ist der maximale Gewinn. Unser Ziel ist ein maximaler (Gesamt-) Nutzen &#8211; \u00f6konomisch, \u00f6kologisch und sozial. Zum Wohle der Stadt und seiner B\u00fcrgerinnen und B\u00fcrger.&#8220;<\/p>\n<p>Mit der Forstlichen Versuchs- und Forschungsanstalt Baden-W\u00fcrttemberg und der Fakult\u00e4t f\u00fcr Forst- und Umweltwissenschaften gibt es gleich zwei Institutionen im Freiburger Stadtwald, die\u00a0 Versuchsfl\u00e4chen bepflanzen und zurzeit unter anderem erforschen, welche Tannenarten besonders trockenresistent sind und somit dem Klimawandel die Stirn bieten kann.<\/p>\n<p>Die Website <a href=\"https:\/\/www.freiburg.de\/forstamt\">www.freiburg.de\/forstamt<\/a> ist eine wahre Fundgrube: Sie finden viel Interessantes zu den Themen Stadtwald, \u00d6kologie, Jagd, Freizeit, Holzwirtschaft, ehrenamtliches Engagement (im Wald nat\u00fcrlich), Service, Links und Adressen der Forst\u00e4mter. Au\u00dferdem eine F\u00fclle von wundersch\u00f6nen Fotos von Wald und Bergen &#8211; etwas G\u00fcnterstal- und Schauinsland-lastig, aber das ist zu entschuldigen, in FR-G\u00fcnterstal befindet sich nun mal das Forstamt.<\/p>\n<p><a href=\"https:\/\/www.freiburg.de\/forstamt\">www.freiburg.de\/forstamt<\/a> oder <a href=\"https:\/\/www.forstamt.freiburg.de\/\">www.forstamt.freiburg.de<\/a>,<br \/>\nMonika Runkel, Forstamt FR-G\u00fcnterstal, <a href=\"mailto:forstamt@stadt.freiburg.de\">forstamt@stadt.freiburg.de<\/a><\/p>\n<p><a href=\"https:\/\/www.forstamt.freiburg.de\/daten\/7_forstamt\/forstreviere.htm\">https:\/\/www.forstamt.freiburg.de\/daten\/7_forstamt\/forstreviere.htm<\/a><br \/>\nForstreviere in Freiburg<\/p>\n<p><a href=\"https:\/\/www.forsthuetten-freiburg.de\/\">https:\/\/www.forsthuetten-freiburg.de<\/a><\/p>\n<p><a href=\"https:\/\/www.freiburg-schwarzwald.de\/wald5.htm#Kleine Kulturgeschichte des Waldes: Vom Mythos bis zur Forstwirtschaft\">Kleine Kulturgeschichte des Waldes: Vom Mythos bis zur Forstwirtschaft<\/a> &gt;Wald5 (24.7.2010)<br \/>\n<a href=\"https:\/\/www.freiburg-schwarzwald.de\/natur1.htm#Naturfotograf des Jahres - F\u00f6rster Klaus Echle\">Naturfotograf des Jahres &#8211; F\u00f6rster Klaus Echle<\/a> &gt;Natur1 (17.11.2006)<br \/>\n<a href=\"https:\/\/www.freiburg-schwarzwald.de\/littenweiler\/hobby.htm#Freiburger Klaus Echle ist Europas Naturfotograf des Jahres 2003\">Freiburger Klaus Echle ist Europas Naturfotograf des Jahres 2003<\/a> &gt;Hobby (6.4.2004)<br \/>\n<a href=\"https:\/\/www.freiburg-schwarzwald.de\/littenweiler\/littenweiler1.htm#Fuchswelpen toben auf dem Berg\u00e4ckerfriedhof Littenweiler\">Fuchswelpen toben auf dem Berg\u00e4ckerfriedhof Littenweiler<\/a> &gt;Littenweiler1 (22.7.2004)<\/p>\n<p>&nbsp;<\/p>\n<p>&nbsp;<\/p>\n<p><strong>Soll das st\u00e4dtische Forstamt zum Eigenbetrieb werden?<\/strong><\/p>\n<p>Die Freiburger lieben ihren Stadtwald, als Ruhezone und Erholungsraum. Der Wald wird aber auch bewirtschaftet. Derzeit wird diskutiert, ob der Forst- als Eigenbetrieb aufgestellt und damit von der Verwaltung abgekoppelt werden soll. Das hatten die Ratsfraktionen von FDP und Gr\u00fcnen im November 2010 beantragt. J\u00fcngst hat die FDP bei den Haushaltsberatungen den Antrag wiederholt. Sie erhofft sich von der Umstrukturierung j\u00e4hrlich 300 000 Euro Einsparungen. Die zust\u00e4ndige B\u00fcrgermeisterin Gerda Stucklik erkl\u00e4rte den Stadtr\u00e4ten, sie schlage vor, keinen Eigenbetrieb zu gr\u00fcnden. Warum, begr\u00fcndete sie nicht. \u00dcberhaupt will sie sich nicht dazu \u00e4u\u00dfern, bevor das Thema im Mai in die Gremien geht.<br \/>\nStuchliks Haltung ist jedoch ein Hinweis, wie die Diskussion ausgehen k\u00f6nnte. Zumal ihre gr\u00fcnen Parteifreunde laut Fraktionschefin Maria Viethen mittlerweile keinen &#8222;gro\u00dfen Druck mehr sehen&#8220;, das Forstamt auszugliedern. &#8222;Die Idee war, eine Organisationsform zu finden, wonach der Forstbetrieb st\u00e4rker nach betriebswirtschaftlichen Grunds\u00e4tzen arbeiten kann. Da nun aber die gesamte Verwaltung sowieso auf doppelte Buchf\u00fchrung umgestellt wird, stellt sich die Frage, ob es Sinn macht, f\u00fcr ein einzelnes Amt noch Separates einzuf\u00fchren.&#8220; Die FDP-R\u00e4te sehen das anders. Nikolaus von Gayling-Westphal, selbst Forstwirt, ist \u00fcberzeugt: &#8222;Als Eigenbetrieb w\u00e4re der Forstbetrieb profitabler. Er k\u00f6nnte sich st\u00e4rker auf sein Kerngesch\u00e4ft, den Holzverkauf konzentrieren.&#8220; Nach seiner Einsch\u00e4tzung ist das Forstamt mit &#8222;politisch gewollten Aufgaben \u00fcberfrachtet&#8220;.<\/p>\n<div>\n<div id=\"zoneAdserverMrec\">\n<div id=\"helperAdserverMrec\"><noscript><\/noscript><\/p>\n<div id=\"beacon_9569697531\"><img loading=\"lazy\" decoding=\"async\" src=\"https:\/\/w.online-verlag-freiburg.de\/www\/delivery\/lg.php?bannerid=778&amp;campaignid=363&amp;zoneid=65795&amp;loc=1&amp;referer=http%3A%2F%2Fwww.badische-zeitung.de%2Ffreiburg%2Fsoll-das-staedtische-forstamt-zum-eigenbetrieb-werden--70553188.html&amp;cb=9569697531\" alt=\"\" width=\"0\" height=\"0\" \/>Anspr\u00fcche und Kosten im Forst<br \/>\nZwar erzielt das Forstamt bezogen auf den Holzverkauf einen mittleren \u00dcberschuss von j\u00e4hrlich 150 000 Euro, insgesamt aber zahlt die Stadt im Schnitt 1,1 bis 1,3 Millionen Euro j\u00e4hrlich. Das beruht auf Entscheidungen des Gemeinderats. 1999 hatte das Gremium eine Waldkonvention verabschiedet und 2001 fortgeschrieben, wonach die \u00d6kologie des Waldes sowie seine Funktion als Erholungsraum gleichrangig neben der \u00d6konomie stehen soll und dass der Forstbetrieb auch als Arbeitgeber zu sichern sei. So befassen sich die st\u00e4dtischen 26 Waldarbeiter und sechs Revierf\u00f6rster nicht nur mit der Kultivierung von B\u00e4umen und Holzhauerei, sondern auch mit Biotoppflege. Weiter bauen die Arbeiter Waldspielpl\u00e4tze und H\u00fctten, die F\u00f6rster machen j\u00e4hrlich mehr als 200 F\u00fchrungen. Bei sch\u00e4tzungsweise bis zu zehn Millionen Waldbesuchen ist auch die Verkehrssicherungspflicht, also die Kontrolle der B\u00e4ume entlang der rund 380 Kilometer langen Wald- und Wanderwege, ein erheblicher Kostenfaktor. Einen &#8222;m\u00f6glichen Zielkonflikt&#8220; sieht denn auch Maria Viethen, sollte die Waldbewirtschaftung mehr Ertr\u00e4ge bringen m\u00fcssen.<br \/>\nDoch das muss nicht sein, wie ein Blick \u00fcber den Tellerrand zeigt. Beim 2005 gegr\u00fcndeten Eigenbetrieb Forsten des schleswig-holsteinischen Landkreises Herzogtum Lauenburg legt dessen Satzung Gemeinwohlziele fest. &#8222;Die zu erf\u00fcllen kostet Geld, egal wie ein Betrieb organisiert ist&#8220;, sagt Franz-Sales Fr\u00f6hlich, der den Lauenburger Forst seit 15 Jahren leitet. &#8222;Der Vorteil des Eigenbetriebs ist jedoch, dass wir flexibler entscheiden k\u00f6nnen. Zudem stand fr\u00fcher jede Ausgabe im Wettbewerb mit den anderen Aufgaben des Landkreises.&#8220; Gute Erfahrungen macht auch die rheinland-pf\u00e4lzische Gemeinde Morbach mit ihrem 2006 gegr\u00fcndeten Eigenbetrieb Forst. &#8222;Die Einnahmen bleiben im Betrieb, der damit seine Ausgaben bestreitet. Und das macht er m\u00f6glichst effizient&#8220;, sagt J\u00fcrgen Schabbach aus der Gemeindeverwaltung.<br \/>\nMehr Effizienz ist auch das, was die Freiburger FDP-Fraktion von einem Eigenbetrieb Frost erwartet. Sie hat ihren zun\u00e4chst abgelehnten Antrag strittig gestellt, so dass der Gemeinderat nochmals diskutieren wird. Forstamtsleiter Hans Burgbacher h\u00e4lt sich zur\u00fcck, weil &#8222;der interne Dialog zwischen Verwaltung und Gemeinderat noch l\u00e4uft&#8220;. Er sagt nur so viel: &#8222;Die Dinge sind auseinander zu halten. Mehr Flexibilit\u00e4t und gr\u00f6\u00dfere Handlungsspielr\u00e4ume in der Betriebsf\u00fchrung w\u00e4ren sinnvoll. Andererseits geht es um die Frage, welche Organisationsform insgesamt am besten geeignet ist.&#8220; Es d\u00fcrfte wohl auch darum gehen, welchen Einfluss B\u00fcrgermeisterin und Gemeinder\u00e4te auf den Forstbetrieb haben. Zwar k\u00f6nnten sie einem Eigenbetrieb ihre Absichten per Satzung mit auf den Weg geben, im laufenden Gesch\u00e4ft h\u00e4tten sie nicht mehr mitzureden. Der Forstbetrieb w\u00fcrde sozusagen aus der politischen Debatte fallen und nur noch Gewinn- oder Verlustzahlen im Haushalt auftauchen.<br \/>\nSilvia Faller, 3.4.2013<\/div>\n<div><\/div>\n<div><\/div>\n<div><strong>Stadtwald &#8211; j\u00e4hrlich 36000 Festmeter Holz bzw. 1440 Lastwagenladungen <\/strong><\/div>\n<p>Gewinn macht der st\u00e4dtische Forstbetrieb im 3200 Hektar gro\u00dfen Bergwald. Denn derzeit sind die Erl\u00f6se f\u00fcr Stammholz von Douglasien, Fichten und Tannen, die dort dominieren, hoch. Die Nachfrage ist mit der Baukonjunktur gekoppelt. Und die floriert. Aus Nadelholzst\u00e4mmen werden Balken und Latten geschnitten, aber auch Platten in allen erdenklichen Gr\u00f6\u00dfen angefertigt, etwa als Konstruktionselemente f\u00fcr Fertigh\u00e4user. 90 Euro je Festmeter kostet derzeit gutes Tannenstammholz, was ein wichtiges Verkaufsprodukt des Forstbetriebs ist. Das sind etwa 30 Prozent mehr als 2009.<br \/>\nEs ist sonnig, aber kalt an diesem Vormittag Mitte M\u00e4rz im Sternwald. Stefan und Florian L\u00f6ffler sowie Alexander Wiesler sind hier t\u00e4tig, und zwar oberhalb des Franzosenwegs. In der Luft liegt der Geruch von Motor\u00f6l. Er mischt sich mit dem Duft von Harz, frisch ges\u00e4gtem Holz und feuchter Erde. Mit einer Schubstange platziert Stefan L\u00f6ffler ein dickes Kunststoffseil in etwa drei Meter H\u00f6he an dem Stamm einer Douglasie. Daran befestigt er das Stahlseil der Seilwinde eines Forstschleppers. Der Stamm soll bergauf fallen. Etwa 30 Zentimeter \u00fcber dem Boden verpasst der Forstwirt dem Baum einen waagrechten Schnitt bis zu einer Tiefe von etwa einem Drittel seines Ein-Meter-Durchmessers. Dar\u00fcber einen zweiten, wobei er nun die Motors\u00e4ge schr\u00e4gt ansetzt, so dass sich ein Keil heraustrennen l\u00e4sst. Dann s\u00e4gt er auf der Gegenseite ein w\u00fcrfelf\u00f6rmiges St\u00fcck Holz heraus. An dieser Stelle setzt er einen Wagenheber an, der dabei hilft, den Baum in die richtige Richtung fallen zu lassen. Nach 15 Minuten ist es soweit. Stefan L\u00f6ffler macht den F\u00e4llschnitt. Die Douglasie schwankt und st\u00fcrzt krachend auf den Boden. Mit der Motors\u00e4ge entfernen die Arbeiter \u00c4ste und die Krone. Nach einer guten halben Stunde hat sich der Baum in die Handelsware Rundholz verwandelt. Der unterste Abschnitt ist, weil ohne Seiten\u00e4ste, der wertvollste. Er wird 180 bis 250 Euro je Festmeter erl\u00f6sen und beispielsweise f\u00fcr Fu\u00dfbodendielen verwendet. Der zweite Abschnitt liefert Holz f\u00fcr Au\u00dfenwandverkleidungen oder auch Pf\u00e4hle f\u00fcr den Hafenbau. Der oberste mit den noch gr\u00fcnen Seiten\u00e4sten landet in der Papier- oder Verpackungsindustrie. Alles in allem d\u00fcrfte der Baum rund 2200 Euro einbringen.<\/p>\n<p>Douglasien und auch Tannen sind im Sternwald von Laubb\u00e4umen umgeben, vor allem von Buchen. Solche Mischw\u00e4lder pr\u00e4gen den Ostabhang des Schwarzwaldes und sind die h\u00e4ufigste Waldgesellschaft in der Region. In den h\u00f6heren Lagen ab etwa 700 Meter kommt die Fichte dazu. Das Forstamt will den Nadelholzanteil im Bergwald st\u00e4rken; der hatte sich in den vergangenen zehn Jahren von 54 auf 52 Prozent verringert. Das hat sich durch die Naturverj\u00fcngung ergeben, wonach die F\u00f6rster in erster Linie B\u00e4ume hochkommen lassen, die von selbst ausschlagen. Im Wettbewerb um das Licht hat die Buche die Nase vorn. Allerdings waren in der Folge des Hitzesommers 2003 auch viele Tannen abgegangen.<br \/>\nInsgesamt werden im 5160 Hektar gro\u00dfen Stadtwald j\u00e4hrlich 36 000 Festmeter Holz oder 1440 Lastwagenladungen einschlagen, was sich von der Zehnjahresplanung des Forstamtes ableitet und nie den Zuwachs \u00fcberschreitet \u2013 womit das Prinzip der Nachhaltigkeit erkl\u00e4rt ist. Genau genommen kann das Forstamt nur gut 4300 Hektar der Betriebsfl\u00e4che nutzen. Denn 4800 Hektar umfasst die so genannte Holzbodenfl\u00e4che, also das, was mit B\u00e4umen bestockt ist, wobei etwa Zehntel davon aus \u00f6kologischen Gr\u00fcnden oder weil die Hanglage zu steil ist, nicht genutzt wird. Die H\u00e4lfte des Holzertrags entf\u00e4llt auf Stamm-, ein Viertel auf Industrieholz. 15 Prozent ergeben Brennholz, das vor allem Selbstwerber im Mooswald hauen. Der Rest bleibt liegen. Im mehrj\u00e4hrigen Schnitt erzielt das Forstamt einen Umsatz von gut zwei Millionen und einen Gewinn von rund 150 000 Euro. Im schon abgerechneten Jahr 2011 waren es 182 000 Euro.<br \/>\n3.4.2013 , Silvia Faller<!-- RSPEAK_STOP --><\/p>\n<\/div>\n<\/div>\n<\/div>\n","protected":false},"excerpt":{"rendered":"<p>Home &gt;Natur &gt;Wald &gt;Stadtwald in Freiburg https:\/\/www.freiburg-schwarzwald.de\/blog\/stadtwald-freiburg-klimaschutz\/ (21.12.2017) https:\/\/www.freiburg-schwarzwald.de\/blog\/hoechster-baum-deutschlands\/\u00a0(5.11.2013) Soll das st\u00e4dtische Forstamt zum Eigenbetrieb werden? (3.4.2013) https:\/\/www.freiburg-schwarzwald.de\/blog\/augustinerweg-schwabentor-gewerbekanal-schlossberg\/ Aktuelle Infos zur Stadtwald-Seite &gt;Stadtwald1 Wasserschl\u00f6ssle-Fest im Freiburger Sternwald &gt;Wiehre1 (28.7.2006) \u00c4nderungen beim Forst: Kappel und Freiburger Osten (18.7.2006) Verkauf des Stadtwaldes &hellip; <a href=\"https:\/\/www.freiburg-schwarzwald.de\/blog\/natur\/wald\/stadtwald\/\">Weiterlesen <span class=\"meta-nav\">&rarr;<\/span><\/a><\/p>\n","protected":false},"author":2,"featured_media":0,"parent":1543,"menu_order":0,"comment_status":"open","ping_status":"closed","template":"","meta":{"footnotes":""},"class_list":["post-3786","page","type-page","status-publish","hentry"],"_links":{"self":[{"href":"https:\/\/www.freiburg-schwarzwald.de\/blog\/wp-json\/wp\/v2\/pages\/3786","targetHints":{"allow":["GET"]}}],"collection":[{"href":"https:\/\/www.freiburg-schwarzwald.de\/blog\/wp-json\/wp\/v2\/pages"}],"about":[{"href":"https:\/\/www.freiburg-schwarzwald.de\/blog\/wp-json\/wp\/v2\/types\/page"}],"author":[{"embeddable":true,"href":"https:\/\/www.freiburg-schwarzwald.de\/blog\/wp-json\/wp\/v2\/users\/2"}],"replies":[{"embeddable":true,"href":"https:\/\/www.freiburg-schwarzwald.de\/blog\/wp-json\/wp\/v2\/comments?post=3786"}],"version-history":[{"count":0,"href":"https:\/\/www.freiburg-schwarzwald.de\/blog\/wp-json\/wp\/v2\/pages\/3786\/revisions"}],"up":[{"embeddable":true,"href":"https:\/\/www.freiburg-schwarzwald.de\/blog\/wp-json\/wp\/v2\/pages\/1543"}],"wp:attachment":[{"href":"https:\/\/www.freiburg-schwarzwald.de\/blog\/wp-json\/wp\/v2\/media?parent=3786"}],"curies":[{"name":"wp","href":"https:\/\/api.w.org\/{rel}","templated":true}]}}