{"id":37708,"date":"2013-09-16T18:22:57","date_gmt":"2013-09-16T16:22:57","guid":{"rendered":"https:\/\/www.freiburg-schwarzwald.de\/blog\/?page_id=37708"},"modified":"2013-09-16T18:29:08","modified_gmt":"2013-09-16T16:29:08","slug":"physiotherapie","status":"publish","type":"page","link":"https:\/\/www.freiburg-schwarzwald.de\/blog\/business\/gesund\/physiotherapie\/","title":{"rendered":"Physiotherapie"},"content":{"rendered":"<p>Home &gt;<a title=\"Business\" href=\"https:\/\/www.freiburg-schwarzwald.de\/blog\/business\/\">Business<\/a> &gt;<a title=\"Gesund\" href=\"https:\/\/www.freiburg-schwarzwald.de\/blog\/business\/gesund\/\">Gesund<\/a> &gt;Physiotherapie<\/p>\n<div id=\"attachment_37579\" style=\"width: 649px\" class=\"wp-caption alignnone\"><a href=\"https:\/\/www.freiburg-schwarzwald.de\/blog\/regio\/freiburg\/sandfang\/dreisam4sandfang-baden-pan130906\/\" rel=\"attachment wp-att-37579\"><img loading=\"lazy\" decoding=\"async\" aria-describedby=\"caption-attachment-37579\" class=\"size-full wp-image-37579\" title=\"dreisam4sandfang-baden-pan130906\" src=\"https:\/\/www.freiburg-schwarzwald.de\/blog\/wp-content\/uploads\/2013\/08\/dreisam4sandfang-baden-pan130906.jpg\" alt=\"\" width=\"639\" height=\"235\" srcset=\"https:\/\/www.freiburg-schwarzwald.de\/blog\/wp-content\/uploads\/2013\/08\/dreisam4sandfang-baden-pan130906.jpg 639w, https:\/\/www.freiburg-schwarzwald.de\/blog\/wp-content\/uploads\/2013\/08\/dreisam4sandfang-baden-pan130906-180x66.jpg 180w\" sizes=\"auto, (max-width: 639px) 100vw, 639px\" \/><\/a><p id=\"caption-attachment-37579\" class=\"wp-caption-text\">Dreisam am Sandfang 6.9.2013: Die gro\u00dfen Granitsteine bilden gem\u00fctliche kleine Badeseen<\/p><\/div>\n<p>Krankengymnastik, \u00dchysiotherapie, Feldenkrais, Fitness, Rehabilitation, Masseure, &#8230;.<\/p>\n<ul>\n<li><a href=\"https:\/\/www.freiburg-schwarzwald.de\/blog\/physiotherapie-boch-oberried\/\">https:\/\/www.freiburg-schwarzwald.de\/blog\/physiotherapie-boch-oberried\/<\/a>\u00a0(14.9.2013)<\/li>\n<li><a href=\"https:\/\/www.freiburg-schwarzwald.de\/blog\/physiowerkstatt-kiza-neues-duo\/\">https:\/\/www.freiburg-schwarzwald.de\/blog\/physiowerkstatt-kiza-neues-duo\/<\/a>\u00a0(12.9.2012)<\/li>\n<li><a href=\"https:\/\/www.freiburg-schwarzwald.de\/littenweiler\/gesundheit1.htm#bonjour figur: \u00dcbergewicht - das Studio f\u00fcr die Frau\">bonjour figur: \u00dcbergewicht &#8211; das Studio f\u00fcr die Frau<\/a> &gt;Gesundheit1 (2.12.2010)<\/li>\n<li><a href=\"https:\/\/www.freiburg-schwarzwald.de\/frauen3.htm#Doula: Die Freundin im Krei\u00dfsaal\u00a0- Neuer Beruf\">Doula: Die Freundin im Krei\u00dfsaal\u00a0&#8211; Neuer Beruf<\/a> &gt;Frauen3 (5.5.2008)<\/li>\n<li><a href=\"https:\/\/www.freiburg-schwarzwald.de\/tanzen.htm#Alegria da Vida: Lebensfreude durch Tanz und Bewegung\">Alegria da Vida: Lebensfreude durch Tanz und Bewegung<\/a> &gt;Tanzen (27.9.2007)<\/li>\n<li><a href=\"https:\/\/www.freiburg-schwarzwald.de\/littenweiler\/krankengymnastik#Praxisgemeinschaft Dynamik in Freiburg\">Praxisgemeinschaft Dynamik in Freiburg<\/a><\/li>\n<li><a href=\"https:\/\/www.freiburg-schwarzwald.de\/littenweiler\/krankengymnastik#Fortis - Krankengymnastik in Freiburg\">Fortis &#8211; Krankengymnastik in Freiburg<\/a><\/li>\n<li><a href=\"https:\/\/www.freiburg-schwarzwald.de\/littenweiler\/krankengymnastik#Lotte Gantenbein - Feldenkraismethode\">Lotte Gantenbein<\/a>, Feldenkraispraxis in Littenweiler<\/li>\n<li><a href=\"https:\/\/www.freiburg-schwarzwald.de\/littenweiler\/krankengymnastik#Hausner\/Roesinger - Praxis f\u00fcr Krankengymnastik in Stegen\">Hausner\/Roesinger &#8211; Praxis f\u00fcr Krankengymnastik in Stegen<\/a><\/li>\n<li><a href=\"https:\/\/www.freiburg-schwarzwald.de\/littenweiler\/krankengymnastik#Ergotherapie Werner H\u00fcgel in Neustadt\">H\u00fcgel, Ergotherapie<\/a> in Neustadt<\/li>\n<li><a href=\"https:\/\/www.freiburg-schwarzwald.de\/littenweiler\/krankengymnastik#Agnes Kalbhenn, Feldenkrais-P\u00e4dagogin im Hexental\">Agnes Kalbhenn, Feldenkrais-P\u00e4dagogin im Hexental<\/a><\/li>\n<li><a href=\"https:\/\/www.freiburg-schwarzwald.de\/littenweiler\/krankengymnastik#Sven Koch - Wirbels\u00e4ulentherapie in Freiburg\">Sven Koch &#8211; Wirbels\u00e4ulentherapie in Freiburg<\/a><\/li>\n<li><a href=\"https:\/\/www.freiburg-schwarzwald.de\/littenweiler\/krankengymnastik#Lindner\">Lindner &#8211; Praxisteam<\/a> in FR-Waldsee<\/li>\n<li><a href=\"https:\/\/www.freiburg-schwarzwald.de\/littenweiler\/krankengymnastik#Physiodua\">Physiodua<\/a> in Stegen<\/li>\n<li><a href=\"https:\/\/www.freiburg-schwarzwald.de\/littenweiler\/krankengymnastik#Physiotherapie- und Laufzentrum Freiburg\">Physiotherapie- und Laufzentrum Freiburg<\/a><\/li>\n<li><a href=\"https:\/\/www.freiburg-schwarzwald.de\/littenweiler\/krankengymnastik#Praxis f\u00fcr Bewegung und Entspannung in Kirchzarte\">Praxis f\u00fcr Bewegung und Entspannung in Kirchzarten<\/a><\/li>\n<li><a href=\"https:\/\/www.freiburg-schwarzwald.de\/littenweiler\/krankengymnastik#Gisela Schlempp - Heilpraktikerin\">Gisela Schlempp<\/a> &#8211; Heilpraktikerin<\/li>\n<li><a href=\"https:\/\/www.freiburg-schwarzwald.de\/littenweiler\/krankengymnastik#Schmitthenner\">Schmitthenner<\/a>, Feldenkraispraxis\u00a0in Littenweiler<\/li>\n<li><a href=\"https:\/\/www.freiburg-schwarzwald.de\/littenweiler\/krankengymnastik#Siebert, Physiotherapie in Freiburg\">Siebert, Physiotherapie in Freiburg<\/a><\/li>\n<li><a href=\"https:\/\/www.freiburg-schwarzwald.de\/littenweiler\/krankengymnastik#REHA Fitness Sporbeck\">Sporbeck Reha Fitness<\/a> in Kirchzarten<\/li>\n<li><a href=\"https:\/\/www.freiburg-schwarzwald.de\/littenweiler\/krankengymnastik#Stahlbad Massagepraxis\u00a0\">Stahlbad<\/a> in Littenweiler<\/li>\n<li><a href=\"https:\/\/www.freiburg-schwarzwald.de\/littenweiler\/krankengymnastik#Strate\">Strate<\/a> in Littenweiler<\/li>\n<li><a href=\"https:\/\/www.freiburg-schwarzwald.de\/littenweiler\/krankengymnastik#Unkel Boch Krankengymnastik\">Unkel Boch<\/a> in Littenweiler<\/li>\n<li><a href=\"https:\/\/www.freiburg-schwarzwald.de\/littenweiler\/krankengymnastik#Waldsaunabad\">Waldsaunabad Waldsee in FR-Waldsee<\/a><\/li>\n<li><a href=\"https:\/\/www.freiburg-schwarzwald.de\/littenweiler\/krankengymnastik#Zeides, KG-Praxis in St.Peter\">Zeides, KG-Praxis<\/a> in St.Peter<\/li>\n<li><a href=\"https:\/\/www.freiburg-schwarzwald.de\/littenweiler\/krankengymnastik#Zeisig, Physiotherapie in Kirchzarten\">Zeisig, Physiotherapie<\/a> in Kirchzarten<\/li>\n<li>\u00a0<\/li>\n<li><a href=\"https:\/\/www.freiburg-dreisamtal.de\/krankengymnastik.htm\">www.freiburg-dreisamtal.de\/krankengymnastik.htm<\/a> &gt;Archivseite Krankengymnastik<\/li>\n<li>Zur <a href=\"https:\/\/www.freiburg-schwarzwald.de\/littenweiler\/arzt.htm\">\u00c4rzte-Seite<\/a><\/li>\n<li><a href=\"https:\/\/www.freiburg-schwarzwald.de\/fitness.htm\">Fitness-, Sport- und Gesundheitscenter<\/a> &gt;Fitness<\/li>\n<li><a href=\"https:\/\/www.freiburg-schwarzwald.de\/littenweiler\/heilpraktiker.htm\">Heilpraktiker<\/a> &gt;Heilpraktiker<\/li>\n<li><a href=\"https:\/\/www.freiburg-schwarzwald.de\/wellness.htm#Tai Chi\">Tai Chi<\/a> &gt;Wellness<\/li>\n<\/ul>\n","protected":false},"excerpt":{"rendered":"<p>Home &gt;Business &gt;Gesund &gt;Physiotherapie Krankengymnastik, \u00dchysiotherapie, Feldenkrais, Fitness, Rehabilitation, Masseure, &#8230;. https:\/\/www.freiburg-schwarzwald.de\/blog\/physiotherapie-boch-oberried\/\u00a0(14.9.2013) https:\/\/www.freiburg-schwarzwald.de\/blog\/physiowerkstatt-kiza-neues-duo\/\u00a0(12.9.2012) bonjour figur: \u00dcbergewicht &#8211; das Studio f\u00fcr die Frau &gt;Gesundheit1 (2.12.2010) Doula: Die Freundin im Krei\u00dfsaal\u00a0&#8211; Neuer Beruf &gt;Frauen3 (5.5.2008) Alegria da Vida: Lebensfreude durch Tanz und &hellip; <a href=\"https:\/\/www.freiburg-schwarzwald.de\/blog\/business\/gesund\/physiotherapie\/\">Weiterlesen <span class=\"meta-nav\">&rarr;<\/span><\/a><\/p>\n","protected":false},"author":4,"featured_media":0,"parent":21,"menu_order":0,"comment_status":"open","ping_status":"closed","template":"","meta":{"footnotes":""},"class_list":["post-37708","page","type-page","status-publish","hentry"],"_links":{"self":[{"href":"https:\/\/www.freiburg-schwarzwald.de\/blog\/wp-json\/wp\/v2\/pages\/37708","targetHints":{"allow":["GET"]}}],"collection":[{"href":"https:\/\/www.freiburg-schwarzwald.de\/blog\/wp-json\/wp\/v2\/pages"}],"about":[{"href":"https:\/\/www.freiburg-schwarzwald.de\/blog\/wp-json\/wp\/v2\/types\/page"}],"author":[{"embeddable":true,"href":"https:\/\/www.freiburg-schwarzwald.de\/blog\/wp-json\/wp\/v2\/users\/4"}],"replies":[{"embeddable":true,"href":"https:\/\/www.freiburg-schwarzwald.de\/blog\/wp-json\/wp\/v2\/comments?post=37708"}],"version-history":[{"count":0,"href":"https:\/\/www.freiburg-schwarzwald.de\/blog\/wp-json\/wp\/v2\/pages\/37708\/revisions"}],"up":[{"embeddable":true,"href":"https:\/\/www.freiburg-schwarzwald.de\/blog\/wp-json\/wp\/v2\/pages\/21"}],"wp:attachment":[{"href":"https:\/\/www.freiburg-schwarzwald.de\/blog\/wp-json\/wp\/v2\/media?parent=37708"}],"curies":[{"name":"wp","href":"https:\/\/api.w.org\/{rel}","templated":true}]}}