{"id":37654,"date":"2013-09-16T14:36:52","date_gmt":"2013-09-16T12:36:52","guid":{"rendered":"https:\/\/www.freiburg-schwarzwald.de\/blog\/?page_id=37654"},"modified":"2016-04-01T13:04:34","modified_gmt":"2016-04-01T11:04:34","slug":"wagenburg","status":"publish","type":"page","link":"https:\/\/www.freiburg-schwarzwald.de\/blog\/business\/dienste\/immobilien\/wohnen\/wagenburg\/","title":{"rendered":"Wagenburg"},"content":{"rendered":"<p><a href=\"https:\/\/freiburg-schwarzwald.de\/blog\">Home<\/a> &gt;<a title=\"Soziales\" href=\"https:\/\/www.freiburg-schwarzwald.de\/blog\/selbsthilfe\/soziales\/\">Soziales<\/a> &gt;<a title=\"Dienste\" href=\"https:\/\/www.freiburg-schwarzwald.de\/blog\/business\/dienste\/\">Dienste<\/a> &gt;<a title=\"Immobilien\" href=\"https:\/\/www.freiburg-schwarzwald.de\/blog\/business\/dienste\/immobilien\/\">Immobilien<\/a> &gt;<a title=\"Wohnen\" href=\"https:\/\/www.freiburg-schwarzwald.de\/blog\/business\/dienste\/immobilien\/wohnen\/\">Wohnen<\/a> &gt;Wagenburg<\/p>\n<div id=\"attachment_37662\" style=\"width: 647px\" class=\"wp-caption alignnone\"><a href=\"https:\/\/www.freiburg-schwarzwald.de\/blog\/business\/dienste\/immobilien\/wohnen\/wagenburg\/flohmarkt3wagenburg-pan130907\/\" rel=\"attachment wp-att-37662\"><img loading=\"lazy\" decoding=\"async\" aria-describedby=\"caption-attachment-37662\" class=\"size-full wp-image-37662\" title=\"flohmarkt3wagenburg-pan130907\" src=\"https:\/\/www.freiburg-schwarzwald.de\/blog\/wp-content\/uploads\/2013\/09\/flohmarkt3wagenburg-pan130907.jpg\" alt=\"\" width=\"637\" height=\"208\" srcset=\"https:\/\/www.freiburg-schwarzwald.de\/blog\/wp-content\/uploads\/2013\/09\/flohmarkt3wagenburg-pan130907.jpg 637w, https:\/\/www.freiburg-schwarzwald.de\/blog\/wp-content\/uploads\/2013\/09\/flohmarkt3wagenburg-pan130907-180x58.jpg 180w\" sizes=\"auto, (max-width: 637px) 100vw, 637px\" \/><\/a><p id=\"caption-attachment-37662\" class=\"wp-caption-text\">Flohmarkt auf dem Parkplatz am Bahnhof Littenweiler am 7.9.2013 &#8211; Wagenburg &#8222;Sand im Getriebe&#8220; rechts<\/p><\/div>\n<ul>\n<li>Linke Wagenburgler k\u00f6nnen richtig spie\u00dfig sein\u00a0 &#8211; gegen Fl\u00fcchtlinge (31.3.2016)<\/li>\n<li>Wagenburg &#8222;Sand im Getriebe&#8220; blockiert Freiburger Rathausplatz (28.7.2014)<\/li>\n<li>Stadtverwaltung bleibt bei seinem Nein (29.4.2014)<\/li>\n<li>Wagenburg an Oberrieder Strasse ger\u00e4umt (14.4.2014)<\/li>\n<li>Wer anders leben will, braucht Mut, denn er muss es alleine schaffen (13.4.2014)<\/li>\n<li><a title=\"Wagenburg am Wiehrebahnhof\" href=\"https:\/\/www.freiburg-schwarzwald.de\/blog\/wagenburg-am-wiehrebahnhof\/\">https:\/\/www.freiburg-schwarzwald.de\/blog\/wagenburg-am-wiehrebahnhof\/<\/a> (13.2.2014)<\/li>\n<li>Wagenburg &#8222;Sand im Getriebe&#8220; darf bis Ende M\u00e4rz 2014 an der PH bleiben (28.9.2013)<\/li>\n<li><a href=\"https:\/\/www.freiburg-schwarzwald.de\/blog\/wagenburg-ph-parkplatz-nein\/\">https:\/\/www.freiburg-schwarzwald.de\/blog\/wagenburg-ph-parkplatz-nein\/<\/a>\u00a0(18.7.2013)<\/li>\n<li><a href=\"https:\/\/www.freiburg-schwarzwald.de\/blog\/august-flohmarkt-littenweiler\/\">https:\/\/www.freiburg-schwarzwald.de\/blog\/august-flohmarkt-littenweiler\/<\/a>\u00a0(3.8.2013)<\/li>\n<li><a href=\"https:\/\/www.freiburg-schwarzwald.de\/blog\/ph-kuca-camp-und-wagenburg\/\">https:\/\/www.freiburg-schwarzwald.de\/blog\/ph-kuca-camp-und-wagenburg\/<\/a>\u00a0(8.7.2013)<\/li>\n<li><a href=\"https:\/\/www.freiburg-schwarzwald.de\/littenweiler\/wagenburg.htm#Nach Rhino-R\u00e4umung: Wie soll es weitergehen Albert Scherr, Timothy Simms\">Nach Rhino-R\u00e4umung: Wie geht es weiter? Albert Scherr, Timothy Simms<\/a>&gt;Wagenburg (13.8)<\/li>\n<li><a href=\"https:\/\/www.freiburg-schwarzwald.de\/littenweiler\/vauban1.htm#Rhino-Aktivisten errichten in der Nacht zum 1.8. Strassensperren\">Rhino-Aktivisten errichten in der Nacht zum 1.8. Strassensperren<\/a> &gt;Vauban1 (1.8.2011)<\/li>\n<li><a href=\"https:\/\/www.freiburg-schwarzwald.de\/littenweiler\/vauban1.htm#Offener Appell zur gewaltfreien L\u00f6sung der Besetzung des M1-Gel\u00e4ndes\">Offener Appell zur gewaltfreien L\u00f6sung der Besetzung des M1-Gel\u00e4ndes<\/a> &gt;Vauban1 (9.7.2011)<\/li>\n<li><a href=\"https:\/\/www.freiburg-schwarzwald.de\/littenweiler\/vauban1.htm#Free your mind - nur f\u00fcr Rhinos, nicht aber normale Malocher und Behinderte\">Free your mind &#8211; nur f\u00fcr Rhinos, nicht aber normale Malocher und Behinderte?<\/a> &gt;Vauban1 (6.7.11)<\/li>\n<li><a href=\"https:\/\/www.freiburg-schwarzwald.de\/littenweiler\/vauban1.htm#Rhino-Wagenburg verteuert Bauvorbereitung um 20 000 Euro\">Rhino-Wagenburg verteuert Bauvorbereitung um 20 000 Euro<\/a> &gt;Vauban1 (10.4.2011)<\/li>\n<li><a href=\"https:\/\/www.freiburg-schwarzwald.de\/littenweiler\/vauban1.htm#Wagenburg Cafe Rhino Ende September\">Wagenburg Cafe Rhino Ende September<\/a> &gt;Vauban1 (24.9.2009)<\/li>\n<li><a href=\"https:\/\/www.freiburg-schwarzwald.de\/littenweiler\/wagenburg#Schattenparker: Diese Gruppe schadet niemandem\">Schattenparker: Diese Gruppe schadet niemandem<\/a> &gt;Wagenburg (18.5.2009)<\/li>\n<li><a href=\"https:\/\/www.freiburg-schwarzwald.de\/littenweiler\/wagenburg#Tierschutzorganisation Abseits betreut Wagenburghunde\">Tierschutzorganisation Abseits betreut Wagenburghunde<\/a> &gt;Wagenburg (23.10.2008)<\/li>\n<li><a href=\"https:\/\/www.freiburg-schwarzwald.de\/littenweiler\/wagenburg#Schattenparker: Hier wird mit zweierlei Ma\u00df gemessen\">Schattenparker: Hier wird mit zweierlei Ma\u00df gemessen<\/a> &gt;Wagenburg (2.7.2008)<\/li>\n<li><a href=\"https:\/\/www.freiburg-schwarzwald.de\/littenweiler\/wagenburg#Patrick Augenstein - Arbeit \u00fcber Wagenburgen\">Patrick Augenstein &#8211; Arbeit \u00fcber Wagenburgen<\/a> (28.6.2007)<\/li>\n<li><a href=\"https:\/\/www.freiburg-schwarzwald.de\/littenweiler\/wagenburg#Schattenparker, Wagenburgen, KTS, DIY\">Schattenparker, Wagenburgen, KTS, DIY<\/a> (5.8.2006)<\/li>\n<li><a href=\"https:\/\/www.freiburg-schwarzwald.de\/littenweiler\/wagenburg#Wagenburg Biohum am Rande des Rieselfeldes\">Wagenburg Biohum am Rande des Rieselfeldes<\/a> (6.4.2006)<\/li>\n<li><a href=\"https:\/\/www.freiburg-schwarzwald.de\/littenweiler\/soziales4.htm#Hilfe f\u00fcr Wohnungslose, Sucht- und sozialpsychiatrisch Kranke\">Hilfe f\u00fcr Wohnungslose, Sucht- und sozialpsychiatrisch Kranke<\/a> &gt;Soziales4 (31.3.2006)<\/li>\n<li><a href=\"https:\/\/www.freiburg-schwarzwald.de\/littenweiler\/wohnen1.htm#Wagenburgen In Freiburg\">Wagenburgen In Freiburg<\/a> &gt;Wohnen1 (6.12.2005)<\/li>\n<li><\/li>\n<li><strong><a href=\"https:\/\/www.freiburg-dreisamtal.de\/wagenburg.htm\">www.freiburg-dreisamtal.de\/wagenburg.htm<\/a> &gt;Archivseite Wagenburg<\/strong><\/li>\n<li><a href=\"https:\/\/www.freiburg-schwarzwald.de\/littenweiler\/wagenburg#Links\">Links<\/a><\/li>\n<li><a title=\"Fluechtlinge2016\" href=\"https:\/\/www.freiburg-schwarzwald.de\/blog\/global\/integration\/fluechtlinge2016\/\">Fluechtlinge<\/a><\/li>\n<li><a title=\"Oeffentlicher-Raum\" href=\"https:\/\/www.freiburg-schwarzwald.de\/blog\/kultur\/oeffentlicher-raum\/\">\u00d6ffentlicher Raum<\/a><\/li>\n<li><a title=\"Basel\" href=\"https:\/\/www.freiburg-schwarzwald.de\/blog\/global\/schweiz\/basel\/\">Wagenburg in Basel<\/a> &gt;Basel<\/li>\n<\/ul>\n<p>&nbsp;<\/p>\n<p><a href=\"https:\/\/www.freiburg-schwarzwald.de\/blog\/business\/dienste\/immobilien\/wohnen\/wagenburg\/wagenburg131109\/\" rel=\"attachment wp-att-41404\"><img loading=\"lazy\" decoding=\"async\" title=\"wagenburg131109\" src=\"https:\/\/www.freiburg-schwarzwald.de\/blog\/wp-content\/uploads\/2013\/09\/wagenburg131109-180x135.jpg\" alt=\"\" width=\"180\" height=\"135\" \/><\/a>\u00a0 \u00a0 \u00a0 \u00a0 \u00a0\u00a0<a href=\"https:\/\/www.freiburg-schwarzwald.de\/blog\/business\/dienste\/immobilien\/wohnen\/wagenburg\/wagenburg-rauch140104\/\" rel=\"attachment wp-att-43623\"><img loading=\"lazy\" decoding=\"async\" class=\"alignnone size-thumbnail wp-image-43623\" src=\"https:\/\/www.freiburg-schwarzwald.de\/blog\/wp-content\/uploads\/2013\/09\/wagenburg-rauch140104-135x180.jpg\" alt=\"wagenburg-rauch140104\" width=\"135\" height=\"180\" srcset=\"https:\/\/www.freiburg-schwarzwald.de\/blog\/wp-content\/uploads\/2013\/09\/wagenburg-rauch140104-135x180.jpg 135w, https:\/\/www.freiburg-schwarzwald.de\/blog\/wp-content\/uploads\/2013\/09\/wagenburg-rauch140104.jpg 480w\" sizes=\"auto, (max-width: 135px) 100vw, 135px\" \/><\/a>\u00a0\u00a0\u00a0\u00a0\u00a0\u00a0\u00a0\u00a0\u00a0\u00a0\u00a0\u00a0\u00a0\u00a0\u00a0\u00a0\u00a0\u00a0\u00a0\u00a0 <a href=\"https:\/\/www.freiburg-schwarzwald.de\/blog\/business\/dienste\/immobilien\/wohnen\/wagenburg\/wagengruppe140411\/\" rel=\"attachment wp-att-46917\"><img loading=\"lazy\" decoding=\"async\" class=\"alignnone size-thumbnail wp-image-46917\" src=\"https:\/\/www.freiburg-schwarzwald.de\/blog\/wp-content\/uploads\/2013\/09\/wagengruppe140411-180x135.jpg\" alt=\"wagengruppe140411\" width=\"180\" height=\"135\" srcset=\"https:\/\/www.freiburg-schwarzwald.de\/blog\/wp-content\/uploads\/2013\/09\/wagengruppe140411-180x135.jpg 180w, https:\/\/www.freiburg-schwarzwald.de\/blog\/wp-content\/uploads\/2013\/09\/wagengruppe140411.jpg 640w\" sizes=\"auto, (max-width: 180px) 100vw, 180px\" \/><\/a><br \/>\n(1) Freiburg-Littenweiler 9.11.2013 \u00a0 \u00a0 \u00a0 (2) Rauch am 7.1.2014\u00a0\u00a0\u00a0\u00a0\u00a0\u00a0\u00a0\u00a0\u00a0\u00a0\u00a0\u00a0\u00a0\u00a0\u00a0\u00a0\u00a0\u00a0\u00a0\u00a0\u00a0\u00a0\u00a0 (3) 11.4.2014 Oberrieder Strasse<\/p>\n<p><a href=\"https:\/\/www.freiburg-schwarzwald.de\/blog\/business\/dienste\/immobilien\/wohnen\/wagenburg\/wagengruppe140414\/\" rel=\"attachment wp-att-46936\"><img loading=\"lazy\" decoding=\"async\" class=\"alignnone size-thumbnail wp-image-46936\" src=\"https:\/\/www.freiburg-schwarzwald.de\/blog\/wp-content\/uploads\/2013\/09\/wagengruppe140414-180x141.jpg\" alt=\"wagengruppe140414\" width=\"180\" height=\"141\" srcset=\"https:\/\/www.freiburg-schwarzwald.de\/blog\/wp-content\/uploads\/2013\/09\/wagengruppe140414-180x141.jpg 180w, https:\/\/www.freiburg-schwarzwald.de\/blog\/wp-content\/uploads\/2013\/09\/wagengruppe140414-640x502.jpg 640w, https:\/\/www.freiburg-schwarzwald.de\/blog\/wp-content\/uploads\/2013\/09\/wagengruppe140414.jpg 642w\" sizes=\"auto, (max-width: 180px) 100vw, 180px\" \/><\/a>\u00a0\u00a0\u00a0\u00a0\u00a0\u00a0\u00a0\u00a0\u00a0 <strong><a href=\"https:\/\/www.freiburg-schwarzwald.de\/blog\/business\/dienste\/immobilien\/wohnen\/wagenburg\/wagenburg2demo140419\/\" rel=\"attachment wp-att-47260\"><img loading=\"lazy\" decoding=\"async\" class=\"alignnone size-thumbnail wp-image-47260\" src=\"https:\/\/www.freiburg-schwarzwald.de\/blog\/wp-content\/uploads\/2013\/09\/wagenburg2demo140419-180x135.jpg\" alt=\"wagenburg2demo140419\" width=\"180\" height=\"135\" srcset=\"https:\/\/www.freiburg-schwarzwald.de\/blog\/wp-content\/uploads\/2013\/09\/wagenburg2demo140419-180x135.jpg 180w, https:\/\/www.freiburg-schwarzwald.de\/blog\/wp-content\/uploads\/2013\/09\/wagenburg2demo140419.jpg 640w\" sizes=\"auto, (max-width: 180px) 100vw, 180px\" \/><\/a>\u00a0\u00a0\u00a0\u00a0\u00a0\u00a0\u00a0\u00a0\u00a0\u00a0 <a href=\"https:\/\/www.freiburg-schwarzwald.de\/blog\/business\/dienste\/immobilien\/wohnen\/wagenburg\/wagenburg1demo140419\/\" rel=\"attachment wp-att-47261\"><img loading=\"lazy\" decoding=\"async\" class=\"alignnone size-thumbnail wp-image-47261\" src=\"https:\/\/www.freiburg-schwarzwald.de\/blog\/wp-content\/uploads\/2013\/09\/wagenburg1demo140419-180x135.jpg\" alt=\"wagenburg1demo140419\" width=\"180\" height=\"135\" srcset=\"https:\/\/www.freiburg-schwarzwald.de\/blog\/wp-content\/uploads\/2013\/09\/wagenburg1demo140419-180x135.jpg 180w, https:\/\/www.freiburg-schwarzwald.de\/blog\/wp-content\/uploads\/2013\/09\/wagenburg1demo140419.jpg 636w\" sizes=\"auto, (max-width: 180px) 100vw, 180px\" \/><\/a><\/strong><br \/>\n(4) 14.4.2014 Oberrieder Strasse\u00a0\u00a0\u00a0\u00a0\u00a0\u00a0\u00a0\u00a0\u00a0 (5) Demo 19.4.2014 am Hauptbahnhof\u00a0\u00a0\u00a0(6) 19.4.2014 &#8211; jedem sein Laster<\/p>\n<p>(1) Die Wagenburg &#8222;Sand im Getriebe&#8220; auf dem Parkplatz am Littenweiler Bahnhof<br \/>\n(2) Leider so oft in der kalten Jahreszeit: Bei\u00dfender Rauch \u00fcber der Wagenburg &#8211; was w\u00e4re, wenn alle alles verfeuern w\u00fcrden, was irgendwie brennt?<\/p>\n<p><strong>\u00a0<\/strong><\/p>\n<p><strong>Linke Wagenburgler k\u00f6nnen richtig spie\u00dfig sein\u00a0 &#8211; gegen Fl\u00fcchtlinge<\/strong><br \/>\nAuf 8000 Quadratmetern leben 20 Linksradikale in Wohn- und Gemeinschaftswagen. Nun sollen sie zusammenr\u00fccken, damit Fl\u00fcchtlinge unterkommen \u2013 und rebellieren. Die Politik \u00e4rgert sich \u00fcber Doppelmoral. &#8230;. Alles vom 30.3.2016 bitte lesen auf<br \/>\n<a href=\"https:\/\/www.welt.de\/politik\/deutschland\/article153728556\/Linke-Wagenburgler-koennen-richtig-spiessig-sein.html\">https:\/\/www.welt.de\/politik\/deutschland\/article153728556\/Linke-Wagenburgler-koennen-richtig-spiessig-sein.html<br \/>\n<\/a>\u00a0 \u00a0.<br \/>\nLinks-Wagenburgler geh\u00f6ren zum Wohlstandsm\u00fcll unserer Gesellschaft. Ihnen wurde beigebracht, da\u00df der Andersdenkende reich ist, reich = faschistisch und somit zu enteignen. In diesen &#8222;Aktivistenkreisen&#8220; leben die besseren, an Weisheit vollkommenen Menschen, nur sie haben das Recht und die F\u00e4higkeit zu bestimmen, was richtig ist. Nat\u00fcrlich sind die nicht mit den (Fl\u00fcchtlings-)Neulingen kompatibel, obwohl viele eine \u00e4hnliche Weltanschauung vertreten d\u00fcrften, nur wird bei den Muslimen das Wort &#8222;faschistisch&#8220; durch &#8222;ungl\u00e4ubig&#8220; ersetzt. Zu viele Nehmer an einem Ort f\u00fchrt zu Futterneid.<br \/>\n30.3.2016, Dr.Hans<\/p>\n<p>Ich dachte bisher, in &#8222;Gated Communities&#8220; w\u00fcrden nur reiche Ausbeuter wohnen \ud83d\ude42 Von den 20 Teilen werden auch 20 HartzIV beantragt haben. Das ist aber jetzt verwunderlich, denn das sind doch die Willkommensaktivisten der ersten Stunde. Wahrscheinlich nur, wenn das die anderen ausbaden d\u00fcrfen.<br \/>\n1000 Euro Miete f\u00fcr 8000 m\u00b2 Mitten in Berlin? Das ist Veruntreuung \u00f6ffentlichen Eigentums. Die Existenz dieses Hippieparadises hat null Mehrwert f\u00fcr die Gesellschaft. &#8230;\u00a0Das sehen Sie vermutlich etwas zu eng &#8211; Dank L\u00e4nderfinanzausgleich, kann man solche Experimente nat\u00fcrlich wagen.<br \/>\n.<br \/>\n<strong>Linke Fl\u00fcchtlingsaktivisten sind die wahren Fl\u00fcchtlingshasser<\/strong><br \/>\nMan k\u00f6nnte es f\u00fcr Satire halten. 8.000 qm f\u00fcr 20 Leute fast umsonst &#8211; allein das ist schon ein Ding. Dass diese Leute, obwohl offenbar zumindest zum Teil selbst Migranten und nat\u00fcrlich absolut &#8222;solidarisch&#8220; mit allen &#8222;refugees&#8220;, tats\u00e4chlich glauben, sich und ihrem Biotop einem Zuzug genau dieser ach so gesch\u00e4tzten Menschen widersetzen zu k\u00f6nnen, schl\u00e4gt dem Fass den Boden aus. Und die Bezirksb\u00fcrgermeisterin bittet quasi auch noch um Kooperation, und sei es noch so wenig. Denen w\u00fcrde ich was husten. Das ganze Drumrum-Gerede ist doch absurd: Entweder sie SIND solidarisch, dann w\u00fcrden sie aktiv daf\u00fcr sorgen, dass der Plan klappt und \u00fcber die Konditionen verhandeln. Oder sie sind eben in Wahrheit NICHT solidarisch und damit nicht nur nicht besser als die Leute, die sich gegen Asylbewerber-Unterk\u00fcnfte (gewaltlos) wehren, sondern im Grunde noch schlimmer, weil sie vorgeben, etwas anderes zu sein als sie sind.<br \/>\n30.3.2016, Jana Molsner<\/p>\n<p>&nbsp;<\/p>\n<p><strong><!-- RSPEAK_STOP --> <!-- RSPEAK_START --><\/strong><\/p>\n<p><!-- RSPEAK_START --><!-- RSPEAK_START --><strong>Sand im Getriebe lehnt Angebot der Stadt ab<\/strong><br \/>\nEin Vorschlag, die problematische Lage in Sachen Wagenburg zu l\u00f6sen, ist gescheitert: 400 Quadratmeter Fl\u00e4che hatte im Oktober die Stadt Freiburg der Wagenburg &#8222;Sand im Getriebe&#8220; angeboten \u2013 am Eselwinkel, in direkter Nachbarschaft zur Wagenburg der &#8222;Schattenparker&#8220;. Die Schattenparker hatten sich bis Mitte der ersten Novemberwoche Bedenkzeit ausgebeten \u2013 und lehnen nun das Angebot ganz offiziell ab.<br \/>\nAuf einem M\u00f6belhausparkplatz hatte die Gruppe zu einer Art Pressekonferenz mit Praxistest eingeladen: Dort n\u00e4mlich war ein 400 Quadratmeter gro\u00dfes Dreieck abgesteckt, auf dem sie mit den 20 Lastwagen, Bussen und Anh\u00e4ngern der Wagenburg auffuhr. Auch die Vertreterinnen und Vertreter des Amtes f\u00fcr Liegenschaften h\u00e4tten sich so vor Ort von der Unzul\u00e4nglichkeit dieser Fl\u00e4che \u00fcberzeugen k\u00f6nnen, so die Wagenburgler in ihrer Mitteilung. Die Fl\u00e4che sei zu klein.<br \/>\nDamit scheint der Konflikt um einen neuen selbstverwalteten Wagenplatz in Freiburg weiterhin ungel\u00f6st. Die seit September mit dem Liegenschaftsamt verhandelte Anmietung dieser Fl\u00e4che beinhaltete zun\u00e4chst noch die Option, ein direkt angrenzendes Grundst\u00fcck dazuzumieten, um die Fl\u00e4che zu erweitern. Diese M\u00f6glichkeit konnte nicht verwirklicht werden, da das Areal als Ausgleichsfl\u00e4che zur Versickerung von Regenwasser ben\u00f6tigt wird. Mit der Ablehnung der angebotenen 400 Quadratmeterfl\u00e4che startet die Wagenburg nun die Kampagne &#8222;Freiburg sucht den Wagenplatz&#8220;.<br \/>\n5.11.2014<\/p>\n<p><strong>\u00a0<\/strong><strong>Kein Recht auf privilegierte Bevorzugung<br \/>\n<\/strong>Mit welchem Recht erwartet diese Gruppierung einen Stellplatz im Stadtgebiet Freiburg? Wenn unsereins Wohnraum f\u00fcr die Familie sucht und im Stadtgebiet Freiburg bei Gr\u00f6\u00dfe und Bezahlbarkeit nicht f\u00fcndig wird, der geht auch nicht zur Stadt Freiburg und stellt den Anspruch auf ein angemessenes Areal. Unsereins legt den Fokus dann auf die Umlandgemeinden, welche meist g\u00fcnstigere Angebote haben als das Stadtgebiet. Verkehrstechnisch sind diese Orte sehr gut an die Stadt angebunden. Sand im Getriebe hat ein Recht auf ihre alternative Lebensform, das ist unbestritten, sie haben aber kein Recht privilegierte Bevorzugung gegen\u00fcber allen anderen Gruppierungen von Lebensformen. 10.11.2014, R\u00fcdiger Schilling, Freiburg<\/p>\n<p>&nbsp;<\/p>\n<p>Wagenburg &#8222;Sand im Getriebe&#8220; blockiert Freiburger Rathausplatz<\/p>\n<p><a href=\"https:\/\/www.badische-zeitung.de\/wagenburg-hat-freiburger-rathausplatz-blockiert\">https:\/\/www.badische-zeitung.de\/wagenburg-hat-freiburger-rathausplatz-blockiert<\/a><\/p>\n<p>Endlich neue innenstadtnahe Parkplaetze. Dann park ich Morgen auch da und fordere vom Gemeindevollzugsdienst ein Gespraech auf Augenhoehe.<br \/>\n28.7.2014, Christian Wetzel<\/p>\n<p>Vom Hotel Mama zum Campingplatz Allgemeinheit: Selbstverwirklichung ohne Selbstverantwortung<br \/>\nDas Paradox liegt darin, dass diejenigen, die den spie\u00dfigen Staat mit seinen Regeln weitestgehend ablehnen, eben von diesem Unterst\u00fctzung fordern.\u00a0Das Problem, das die Herrschaften haben, ist, dass sie offensichtlich in der &#8222;Privatwirtschaft&#8220; nicht vertrauensw\u00fcrdig genug erscheinen, als dass\u00a0 selbst wenn es eine, den Verordnungen entsprechende Stelle g\u00e4be, sich kaum jemand findet, der in eine Gesch\u00e4ftsbeziehung mit den Leuten treten will. Also soll die Stadt ran. Gel\u00e4nde her, innenstadtnah, billig. Selbstverwaltet und abseits des Establishments. Und nat\u00fcrlich 1000m\u00b2 aufw\u00e4rts. Bei Grundst\u00fcckspreisen f\u00fcr Bauland von 300-700\u20ac pro qm eine nicht unbeachtliche Forderung.<br \/>\nSelbstverwaltet soll es sein. Selbstverantwortlich nicht. Die soll die Allgemeinheit subventionieren. Das hat nichts mit Neid zu tun, das ist einfach nur verlogen. Es wird niemand in unserer Gesellschaft gehindert, seinen Lebensentwurf zu leben. Jeder muss sich nur selbst darum k\u00fcmmern. Es wird auch keine Gruppe daran gehindert, sich irgendwo einen Platz zu mieten oder zu kaufen, um sich dort zu verwirklichen. Es gibt gen\u00fcgend Menschen, die ein solches Konzept leben.\u00a0Gruppen die autonom einen Bauernhof bewirtschaften etc. Aber hier soll&#8217;s ja in der Stadt sein.<br \/>\nUnd daf\u00fcr sorgen sollen die Anderen. Quasi die Erweiterung von Hotel Mama zum Campingplatz Allgemeinheit.<br \/>\nJeder eigentlich f\u00fcr sich alleine und bei Bedarf kann man ja mit Lagerfeuerromantik eine bierselig, kuschelige Atmosph\u00e4re schaffen, ein Tannenz\u00e4pfle-Kibbuz quasi. Ich bringe es einfach nicht unter einen Hut, Selbstverwirklichung ohne Selbstverantwortung.<br \/>\n28.7.2014, Wendelin Meier<\/p>\n<p><strong>Bewundernswert<\/strong><br \/>\nEigentlich bewunderswert, f\u00fcr wie kulturell wichtig und erhaltenswert sich diese Randgruppe im Todeskampf w\u00e4hnt&#8230; Ebenso bewundernswert: die Geduld der Stadt.<br \/>\n29.7.2014, Mattias Tribianti<\/p>\n<p>&nbsp;<\/p>\n<p><strong>Stadtverwaltung bleibt bei seinem Nein<\/strong><br \/>\nDie Verwaltung will keinen neuen Standort f\u00fcr einen Wagenplatz ausweisen. Die vorhandenen Standorte Eselswinkel (31 Stellpl\u00e4tze), Vormoos (20) und die der Schattenparker (45) reichen ihrer Meinung nach aus; \u00dcbergangspl\u00e4tze seien aus den genannten Gr\u00fcnden nicht m\u00f6glich. Bislang habe auch niemand eine private Fl\u00e4che benannt, die als Wagenburg-Standort dienen k\u00f6nnte, obwohl die Verwaltung die Zul\u00e4ssigkeit einer solchen Fl\u00e4che &#8222;wohlwollend pr\u00fcfen&#8220; werde. &#8230;. Alles vom 29.4.2014 bitte lesen auf<br \/>\n<a href=\"https:\/\/www.badische-zeitung.de\/freiburg\/stadtverwaltung-will-wagenburg-keinen-platz-zur-pacht-zuweisen--83933953.html\">https:\/\/www.badische-zeitung.de\/freiburg\/stadtverwaltung-will-wagenburg-keinen-platz-zur-pacht-zuweisen&#8211;83933953.html<\/a><\/p>\n<p><strong>\u00a0<\/strong><\/p>\n<p><strong>Wagenburg an Oberrieder Strasse ger\u00e4umt<\/strong><br \/>\nAuch an der Oberrieder Stra\u00dfe war kein dauerhaftes Campieren m\u00f6glich: Die Wagenburg hatte sich auf einem Gr\u00fcnstreifen neben der Stra\u00dfe niedergelassen, auf st\u00e4dtischem \u2013 also nicht auf privatem \u2013 Terrain. Noch am Montagmorgen waren nach BZ-Informationen Vertreter der Stadtverwaltung zu letzten Verhandlungen in der Wagenburg. Diese f\u00fchrten offenbar zu keinem Ergebnis \u2013 das Amt f\u00fcr \u00f6ffentliche Ordnung verf\u00fcgte die R\u00e4umung. &#8230;.<br \/>\nAlles vom 14.4.2014 bitte lesen auf<br \/>\n<a href=\"https:\/\/www.badische-zeitung.de\/freiburg\/freiburg-stadtverwaltung-laesst-wagenburg-raeumen\">https:\/\/www.badische-zeitung.de\/freiburg\/freiburg-stadtverwaltung-laesst-wagenburg-raeumen<\/a><br \/>\n<a href=\"https:\/\/sandimgetriebe.noblogs.org\/\">https:\/\/sandimgetriebe.noblogs.org\/<\/a><br \/>\n<a href=\"https:\/\/linksunten.indymedia.org\/de\/user\/2006\/blog\">https:\/\/linksunten.indymedia.org\/de\/user\/2006\/blog<\/a><br \/>\n<strong> .<\/strong><br \/>\n<strong> Ideologie<\/strong><br \/>\nDen Forderungskatalog der &#8222;Eigentumskritiker&#8220; f\u00fcr genau die Seite der Gesellschaft, von der sie sich eigentlich befreien und abgrenzen wollen, empfinde ich pers\u00f6nlich als absurd. Mir geht es hier nicht um pers\u00f6nliche Anti- oder Sympathien, sondern darum, ob Ideen, Ideologien und \u00dcberzeugungen sch\u00fctzens- und unterst\u00fctzenswert sind. Diese absurde Freiburger Hausbesetzer- und Wagenburgszene ist jedoch schmerzhaft weit weg vom Gut und B\u00f6se des gesunden Menschenverstandes, dass es mich jedes Mal ratlos zur\u00fcck l\u00e4sst. Jegliche Gespr\u00e4che, die ich gef\u00fchrt habe, um diese Ideologie zu verstehen, hat mich mit immer mehr kompromissloser Verblendung konfrontiert, die mit einer real existierenden Gesellschaft einfach nicht in Einklang zu bringen sind. Und genau darum geht es&#8230; Realit\u00e4t! Und diese wird beharrlich ignoriert, das erinnert mich an Erich Honecker, der hat die Realit\u00e4t auch ausgeblendet und wurde von der Geschichte aufgefressen.<br \/>\nKurz und b\u00fcndig: Wenn mir jemand offen ins Gesicht sagt, dass er mich Kacke findet, aber dennoch darauf besteht meine Toilette und meinen Garten zu benutzen&#8230; Dann stelle ich ihm sicher nicht auf meine Kosten noch einen Sonnenschirm auf, sondern mache den Rasensprenger an.<br \/>\n14.4.2014, Mattias Tribianti<br \/>\n<strong> .<\/strong><br \/>\n<strong> Ortswechsel<\/strong><br \/>\nIn Deutschland herrscht gl\u00fccklicherweise Meinungsfreiheit. Auch Demonstrationen, mit denen Gruppen und Personen ihre Meinung \u00f6ffentlich kundtun, sind besonders gesch\u00fctzt. In der Freiburger Innenstadt kann man fast t\u00e4glich kleine oder gr\u00f6\u00dfere Menschenansammlungen dabei beobachten, wie sie versuchen, auf sich und ihren Standpunkt aufmerksam zu machen. Ein inzwischen h\u00e4ufig angewandtes Mittel, um f\u00fcr noch mehr Aufmerksamkeit zu sorgen, ist die Blockade des Bertoldsbrunnens. Es braucht keine Hundertschaften, um so Freiburgs Stra\u00dfenbahnbetrieb zu l\u00e4hmen. Das sorgt selten f\u00fcr Verst\u00e4ndnis, meist &#8211; wie am\u00a0 Dienstagabend durch die Wagenburgler &#8211; aber f\u00fcr \u00c4rger und verpasste Termine. Hier kann man sich nur mehr Kreativit\u00e4t w\u00fcnschen \u2013 und einen Ortswechsel&#8230;<br \/>\n17.4.2014, Nils Kickert, <a href=\"https:\/\/www.stadtkurier.de\/\">www.stadtkurier.de<\/a><br \/>\n.<br \/>\n<strong> Selbst einen Wohncontainer kaufen?<\/strong><br \/>\nSo, nun mache ich mir ernsthafte Gedanken, einen Wohncontainer zu kaufen. Sollten n\u00e4mlich die 14 Stadtr\u00e4te aus dem linken Lager recht bekommen und die Wagenburgler d\u00fcrfen bald in der Wiehre ihre Zelte aufschlagen, stelle ich mich dazu und lebe dann g\u00fcnstig sehr zentral in unserer sch\u00f6nen Stadt. Nat\u00fcrlich stellen sich noch ein paar Fragen, wie z.B.: muss ich den Wohncontainer eigentlich selbst bezahlen oder wird mir dieser von der Gesellschaft zur Verf\u00fcgung gestellt! Naja, ich denke das sind alles Kleinigkeiten, die man auf der ein oder anderen Demo noch kl\u00e4ren kann.<br \/>\nEines ist mir aber klar: wieso sollte sich noch ein B\u00fcrger um seine Zukunft k\u00fcmmern, wenn es auch anders geht?<br \/>\nKeine Geb\u00fchren, keine Bauauflagen, kein Gedanke an Umweltschutz-Auflagen, an die man sich halten muss.<br \/>\nUmverteilung vom kleinen B\u00fcrger zum Aussteiger: Die einen suchen bezahlbaren Wohnraum und die anderen suchen Wohnraum in Spitzenlagen, der ihnen zur Verf\u00fcgung gestellt wird. Verr\u00fcckte Welt. Ich w\u00fcrde sagen: so l\u00e4sst es sich leben. Ironie aus!<br \/>\n19.4.2014, Martin Braun<\/p>\n<p><strong>.<\/strong><\/p>\n<p><strong>Wagenburg &#8222;Sand im Getriebe&#8220; darf bis Ende M\u00e4rz 2014 an der PH bleiben<\/strong><br \/>\nDie Wagenburg auf dem Parkplatz vor der P\u00e4dagogischen Hochschule (PH) in Littenweiler darf nun doch l\u00e4nger bleiben. Urspr\u00fcnglich war mit PH-Rektor Ulrich Druwe vereinbart gewesen, dass sie Ende September das Gel\u00e4nde verl\u00e4sst. Nun hat Druwe zugestimmt, dass neun Wagen bis Ende M\u00e4rz 2014 bleiben k\u00f6nnen. Derzeit stehen auf dem Parkplatz 13 Wagen. Von diesen 13 seien vier jedoch nur zu Besuch, sagte Druwe. Besucher habe er f\u00fcr ein oder zwei Tage erlaubt. Der &#8222;Runde Tisch Wagenpl\u00e4tze Freiburg&#8220; hatte sich beim PH-Rektor ebenso f\u00fcr einen Verbleib der Wagenburg eingesetzt wie die PH-Studierenvertretung Usta. Druwe machte aber auch deutlich, dass eine nochmalige Verl\u00e4ngerung nicht in Frage komme.<br \/>\n28.9.2013<br \/>\n<strong> .<\/strong><br \/>\n<strong> Wagenburg &#8222;Sand im Getriebe&#8220; beim Hauptfriedhof &#8211; noch kein fester Standort<\/strong><br \/>\nDie Wagenburg &#8222;Sand im Getriebe&#8220; hat zw\u00f6lf ihrer Fahrzeuge vorerst in der Hartmannstra\u00dfe nahe dem Hauptfriedhof am Stra\u00dfenrand abgestellt. Polizei und st\u00e4dtischem Ordnungsamt ist der neue Standort bekannt, beide haben dagegen derzeit nichts einzuwenden. &#8222;Das sind \u00f6ffentliche Parkpl\u00e4tze&#8220;, sagt Rathaussprecherin Edith Lamersdorf. Man wolle erst einmal schauen, was passiert, aber solange man nicht den Eindruck habe, dass die Wagenburg sich dort dauerhaft zum Wohnen niederlasse, sei es in Ordnung. Die Wagenburg hatte eine Abmachung mit dem Rektor der P\u00e4dagogischen Hochschule, Ulrich Druwe, dass sie bis Ende M\u00e4rz auf dem Parkplatz vor der PH stehen kann, eingehalten und am vergangenen Wochenende nach acht Monaten den Standort verlassen. Einen neuen festen Platz hat sie bislang nicht gefunden, Gespr\u00e4che \u00fcber einen Standort hat die Stadt abgelehnt. Die drei offiziell ausgewiesenen Wagenburgpl\u00e4tze sind derzeit belegt<br \/>\n3.4.2014<br \/>\n<strong> .<\/strong><br \/>\n<strong> Wollen sie unsere Kinder aus der Stadt verjagen, nur weil der Lebensstil noch sehr unbekannt ist?<br \/>\n<\/strong>Als Mutter einer Bewohnerin der Wagengruppe &#8222;Sand im Getriebe&#8220; m\u00f6chte ich mich kritisch mahnend an den Gemeinderat, den OB und die \u00d6ffentlichkeit wenden. &#8222;Diese Kinder&#8220; der Stadt Freiburg suchen nun schon seit \u00fcber einem Jahr nach einem geeigneten Grundst\u00fcck f\u00fcr das Leben, f\u00fcr das sie sich entschieden haben, eine Bleibe. Bisher wurden ihnen von der Stadt nur Steine in den Weg gelegt. Vielen Dank an den Rektor der P\u00e4dagogischen Hochschule Freiburg, Professor Druwe, f\u00fcr sein Verst\u00e4ndnis. Er lie\u00df die Wagengruppe bis zum 31. M\u00e4rz in Littenweiler verweilen. Meines Wissens wurde durch die Wagengruppe dort niemand gest\u00f6rt oder behindert. Kann es denn so schwer sein, diesen jungen Leuten entgegenzukommen, sie haben nicht aus Not oder Wohnungslosigkeit diese Lebensform gew\u00e4hlt. Dahinter steckt ein Lebensformkonzept, das Unabh\u00e4ngigkeit im eigenen Wagen und gleichzeitige Gemeinschaft umsetzen will. Wenn wir uns an unsere eigene Jugend zur\u00fcckerinnern, hatten auch wir mit unseren WGs ganz \u00e4hnliche W\u00fcnsche und wie salonf\u00e4hig sind diese heute geworden. Heute verdient ein Vermieter mehr durch eine WG als durch Familien. Meine Tochter hat ganz freiwillig ihr WG-Zimmer zugunsten des Wagenplatzes aufgegeben. Sie wollte am K\u00fchlschrank keine Zettel mehr finden wie: &#8222;Wer hat von meiner Milch getrunken?&#8220;\u00a0Das Konzept der Wagenburg basiert auf Teilen und Nachhaltigkeit durch Ressourcenschonung. Und genau das sind doch die &#8222;Zauberworte&#8220; unser aller Zukunft!<br \/>\nWer sonst in Freiburg hat so einen kleinen \u00f6kologischen Fu\u00dfabdruck wie diese 15 jungen Leute, die jetzt am Stra\u00dfenrand, neben einer 24-Stunden-Baustelle und G\u00fcterverkehr im Minutentakt, stehen m\u00fcssen. Sie verbrauchen die wenigste Energie und die wenigste Fl\u00e4che, das m\u00fcsste doch gerade der &#8222;\u00d6kostadt&#8220; Freiburg mit modernen und \u00f6kologischen Zukunftsideen sehr entsprechen.<br \/>\nIch gebe zu, dass auch ich anfangs diese Wohnform meiner Tochter nicht nachvollziehen konnte. Aber konnten das fr\u00fcher unsere Eltern? Es werden auch vermutlich nicht allzu viele Menschen mit so viel Verzicht leben wollen, aber soll man nicht denen, die es eben m\u00f6chten, diese Wohnform erm\u00f6glichen, auch in der Stadt Freiburg? Ich habe besonders Angst davor, dass die Gruppe aus Freiburg vertrieben wird, wenn die Stadt weiter so stur auf ihren Prinzipien bestehen bleibt. Wollen sie unsere Kinder aus der Stadt verjagen? Sollen sie nach Leipzig oder Magdeburg abwandern, weil es dort noch Brachfl\u00e4chen zur Gen\u00fcge gibt? Ich m\u00f6chte, dass meine Tochter, die Freiburg liebt und als Lebensmittelpunkt behalten will, bleiben kann und sich nicht &#8222;unerw\u00fcnscht&#8220; und &#8222;vertrieben&#8220; f\u00fchlen muss, nur weil sie einen Lebensstil f\u00fchrt, der noch sehr unbekannt ist und nicht so recht zu einer modernen aufstrebenden Einkaufstadt passen will .<br \/>\n8.4.2014, Barbara Lindenthal-Sachs, Waldkirch<\/p>\n<p><strong>Wagenburgler als elit\u00e4te Gruppe fordert Sonderrechte ein<\/strong><br \/>\nDas Anliegen und die Sorge der Mutter einer Wagenburglerin von &#8222;Sand im Getriebe&#8220; verstehe ich, trotzdem ist ihre Argumentation falsch: W\u00fcrde die Stadt Freiburg den Forderungen der Mutter nachgeben und\u00a0 Fl\u00e4chen im\u00a0\u00f6ffentlichen Raum f\u00fcr die Wohnform &#8222;Wagenburg&#8220;\u00a0\u00a0zur Verf\u00fcgung stellen bzw. reservieren, dann w\u00fcrde sie gegen bestehende Rechtsvorschriften und\u00a0das Prinzip &#8222;Gleiches Recht f\u00fcr alle&#8220; versto\u00dfen.<br \/>\na) Sofort w\u00fcrden Gruppen wie Roma, Wohnungslose, Studenten ohne Bude, Penner, usw. angezogen. Einerseits wissen sich die Wagenburgler von diesen Randgruppen sehr gut und auch mit Gewalt abzuschotten. Andererseits m\u00fcsste hier die Polizei nach der Maxime &#8222;Guter Wagenburgler darf bleiben, b\u00f6ser alkoholisierte Penner mu\u00df weg&#8220; handeln.<br \/>\nb)\u00a0Der \u00f6kologische Fu\u00dfabdruck ist gar nicht so gut: Im Winter erzeugten die vielen \u00d6fen der Wagenburgler einen bei\u00dfenden Rauch, der bis abends lange \u00fcber dem Gel\u00e4nde stand (siehe Bild oben). Gelten hier die normalen Kaminfegervorschriften nicht?<br \/>\nc) WCs und Duschen der PH wurden mitbenutzt, obwohl die Wagenburgler nicht an der PH eingeschrieben sind.<br \/>\nd) Warum wurde ein Ehepaar aus Hamburg, das mit dem Camper neben der Wagenburg \u00fcbernachten wollte, harsch abgewiesen?<br \/>\nDie Beispiele zeigen, dass die Wagenburgler eine sehr elit\u00e4re Gruppe ist, die vom Staat Sonderrechte einfordert, deren Gew\u00e4hrung andere\u00a0Gruppen der Bev\u00f6lkerung diskriminieren. Warum suchen sich Wagenburgler keinen privaten Grundst\u00fcckseigent\u00fcmer, der ihren W\u00fcnschen entgegenkommt?<br \/>\n9.4.2014, Ann Hildebrandt<\/p>\n<p><strong>\u00d6ffentlichen Raum f\u00fcr private Zwecke<\/strong><br \/>\nIch denke nicht die Wohnform ist das Problem, sondern die resolute Anspruchshaltung, \u00f6ffentlichen Raum f\u00fcr private Zwecke zu bekommen. Mit &#8222;Vertreibung&#8220; hat das \u00fcberhaupt nichts zu tun, eher mit dem Kalk\u00fcl, sich als Opfer zu inszenieren.<br \/>\n9.4.2014, Karl Alfred Wolpert<\/p>\n<p><strong>\u00d6kologie?<\/strong><br \/>\nUnd zum Thema &#8222;\u00d6kologie und Nachhaltigkeit&#8220;: ich will lieber nicht wissen, was die alten LKW an Dreck aussto\u00dfen. Werden die eigentlich auch vom GVD auf Feinstaubplaketten kontrolliert? Und woher beziehen die Herrschaften eigentlich ihren Strom? Dieselgeneratoren? Sehr \u00f6kologisch&#8230;<br \/>\n9.4.2014, Philipp Schmidt<\/p>\n<p><strong>Fussabdruck?<\/strong><br \/>\nKleiner \u00f6kologischer Fussabdruck? Sie belieben zu scherzen. Wenn ich mich recht erinnere konnte man das Erdreich aus dem Vauban nach der R\u00e4umung als Schadstoff entsorgen. Ausgelaufenes \u00d6l und sonstige Betriebsstoffe der lustigen Wellblechbaracken auf R\u00e4dern. Wie diese Dinger eine g\u00fcltige HU-Plakette bekommen, entzieht sich meinem Verst\u00e4ndnis.<br \/>\n9.4.2014, Michael Kern<br \/>\n<strong> .<\/strong><br \/>\n<strong> Wer anders leben will, braucht Mut, denn er muss es alleine schaffen<\/strong><br \/>\nDie Mutter einer jungen Frau, die gerne unabh\u00e4ngig im eigenen Wagen mit einer Gruppe Gleichgesinnter ein neues Lebensformkonzept leben will, mahnt kritisch, die Stadt, der Oberb\u00fcrgermeister und die \u00d6ffentlichkeit m\u00f6ge dies doch erm\u00f6glichen.<br \/>\nDie Kolonne der unabh\u00e4ngigen Wagen fuhr gestern Nacht an mir vorbei, und ich konnte feststellen, dass \u00fcberwiegend fremde Kennzeichen darunter waren. Hatte \u00fcberhaupt eines von diesen Fahrzeugen eine gr\u00fcne Plakette, denn das Atmen fiel schwer aufgrund der Masse der alten Dieselmotoren. Kommen diese Fahrzeuge aus Gegenden, wo man ohne gr\u00fcne Plakette in St\u00e4dte fahren darf, wo es freie Fl\u00e4chen zum Bewohnen gibt? Wo dann nur noch die neue Lebensform und die Gleichgesinnten sind und sonst wenig bis nichts? Auf jeden Fall ist dort keine Stadt Freiburg, die sich von einer kleinen Gruppe bedr\u00e4ngen l\u00e4sst. Meines Wissens hat sich die Stadt sehr um L\u00f6sungen bem\u00fcht und verschiedene Vorschl\u00e4ge gemacht, die aber allesamt zu unbequem waren. Wenn sich eine kleine Gruppe von Menschen entschlie\u00dft, ein unkonventionelles Leben zu f\u00fchren, kann es nicht sein, dass sie dazu die Hilfe der Allgemeinheit einfordert, von deren Lebensform sie sich distanziert.<br \/>\nWir leben in einer sesshaften Gesellschaft, mit all ihren Vor- und Nachteilen. Wer anders leben will und gegen den Strom schwimmen will, der braucht Energie und Mut, denn er muss es alleine schaffen. Was nichts kostet, ist auch nichts wert.<br \/>\nWer das kostbare Rundumversorgungssystem einer Stadt beansprucht, der ist nicht unabh\u00e4ngig, muss also die Lebensbedingungen akzeptieren und sich zum Beispiel auf dem Campingplatz einquartieren.<br \/>\n14.4.2014, Ulrike M\u00fcller, Freiburg<\/p>\n<p><strong>\u00a0<\/strong><\/p>\n","protected":false},"excerpt":{"rendered":"<p>Home &gt;Soziales &gt;Dienste &gt;Immobilien &gt;Wohnen &gt;Wagenburg Linke Wagenburgler k\u00f6nnen richtig spie\u00dfig sein\u00a0 &#8211; gegen Fl\u00fcchtlinge (31.3.2016) Wagenburg &#8222;Sand im Getriebe&#8220; blockiert Freiburger Rathausplatz (28.7.2014) Stadtverwaltung bleibt bei seinem Nein (29.4.2014) Wagenburg an Oberrieder Strasse ger\u00e4umt (14.4.2014) Wer anders leben will, &hellip; <a href=\"https:\/\/www.freiburg-schwarzwald.de\/blog\/business\/dienste\/immobilien\/wohnen\/wagenburg\/\">Weiterlesen <span class=\"meta-nav\">&rarr;<\/span><\/a><\/p>\n","protected":false},"author":4,"featured_media":0,"parent":965,"menu_order":0,"comment_status":"open","ping_status":"closed","template":"","meta":{"footnotes":""},"class_list":["post-37654","page","type-page","status-publish","hentry"],"_links":{"self":[{"href":"https:\/\/www.freiburg-schwarzwald.de\/blog\/wp-json\/wp\/v2\/pages\/37654","targetHints":{"allow":["GET"]}}],"collection":[{"href":"https:\/\/www.freiburg-schwarzwald.de\/blog\/wp-json\/wp\/v2\/pages"}],"about":[{"href":"https:\/\/www.freiburg-schwarzwald.de\/blog\/wp-json\/wp\/v2\/types\/page"}],"author":[{"embeddable":true,"href":"https:\/\/www.freiburg-schwarzwald.de\/blog\/wp-json\/wp\/v2\/users\/4"}],"replies":[{"embeddable":true,"href":"https:\/\/www.freiburg-schwarzwald.de\/blog\/wp-json\/wp\/v2\/comments?post=37654"}],"version-history":[{"count":0,"href":"https:\/\/www.freiburg-schwarzwald.de\/blog\/wp-json\/wp\/v2\/pages\/37654\/revisions"}],"up":[{"embeddable":true,"href":"https:\/\/www.freiburg-schwarzwald.de\/blog\/wp-json\/wp\/v2\/pages\/965"}],"wp:attachment":[{"href":"https:\/\/www.freiburg-schwarzwald.de\/blog\/wp-json\/wp\/v2\/media?parent=37654"}],"curies":[{"name":"wp","href":"https:\/\/api.w.org\/{rel}","templated":true}]}}