{"id":37177,"date":"2013-08-29T10:42:51","date_gmt":"2013-08-29T08:42:51","guid":{"rendered":"https:\/\/www.freiburg-schwarzwald.de\/blog\/?page_id=37177"},"modified":"2022-04-19T08:43:32","modified_gmt":"2022-04-19T06:43:32","slug":"sandfang","status":"publish","type":"page","link":"https:\/\/www.freiburg-schwarzwald.de\/blog\/regio\/freiburg\/sandfang\/","title":{"rendered":"Sandfang"},"content":{"rendered":"<p>Home &gt;Freiburg\u00a0&gt;<a title=\"Dreisam\" href=\"https:\/\/www.freiburg-schwarzwald.de\/blog\/regio\/fluss\/dreisam\/\">Dreisam<\/a> &gt;<a title=\"Fahrradwege\" href=\"https:\/\/www.freiburg-schwarzwald.de\/blog\/regio\/verkehr\/fahrradwege\/\">Fahrradwege<\/a> &gt;Sandfang<\/p>\n<div id=\"attachment_37579\" style=\"width: 649px\" class=\"wp-caption alignnone\"><a href=\"https:\/\/www.freiburg-schwarzwald.de\/blog\/regio\/freiburg\/sandfang\/dreisam4sandfang-baden-pan130906\/\" rel=\"attachment wp-att-37579\"><img loading=\"lazy\" decoding=\"async\" aria-describedby=\"caption-attachment-37579\" class=\"size-full wp-image-37579\" title=\"dreisam4sandfang-baden-pan130906\" src=\"https:\/\/www.freiburg-schwarzwald.de\/blog\/wp-content\/uploads\/2013\/08\/dreisam4sandfang-baden-pan130906.jpg\" alt=\"\" width=\"639\" height=\"235\" srcset=\"https:\/\/www.freiburg-schwarzwald.de\/blog\/wp-content\/uploads\/2013\/08\/dreisam4sandfang-baden-pan130906.jpg 639w, https:\/\/www.freiburg-schwarzwald.de\/blog\/wp-content\/uploads\/2013\/08\/dreisam4sandfang-baden-pan130906-180x66.jpg 180w\" sizes=\"auto, (max-width: 639px) 100vw, 639px\" \/><\/a><p id=\"caption-attachment-37579\" class=\"wp-caption-text\">Dreisam am Sandfang 6.9.2013: Die gro\u00dfen Granitsteine bilden gem\u00fctliche kleine Badeseen<\/p><\/div>\n<ul>\n<li><a href=\"https:\/\/www.freiburg-schwarzwald.de\/blog\/regio\/fluss\/dreisam\/ottiliensee\/\">Ottiliensee \u2013 neuer Naturbadesee an der Dreisam<\/a>\u00a0(18.4.2022)<\/li>\n<li><a href=\"https:\/\/www.freiburg-schwarzwald.de\/blog\/sanierung-meierhof-kartaus\/\">Sanierung Meierhof Kartaus durch Willi Sutter<\/a>\u00a0(19.12.20209<\/li>\n<li><a href=\"https:\/\/www.freiburg-schwarzwald.de\/blog\/sandfang-dreisam-laerm-nachts\/\">https:\/\/www.freiburg-schwarzwald.de\/blog\/sandfang-dreisam-laerm-nachts\/<\/a>\u00a0(29.8.2013)<\/li>\n<li><a href=\"https:\/\/www.freiburg-schwarzwald.de\/blog\/baden-in-dreisam-am-sandfang\/\">https:\/\/www.freiburg-schwarzwald.de\/blog\/baden-in-dreisam-am-sandfang\/<\/a>\u00a0(14.8.2013)<\/li>\n<li><a href=\"https:\/\/www.freiburg-schwarzwald.de\/blog\/dreisam-wird-renaturiert\/\">https:\/\/www.freiburg-schwarzwald.de\/blog\/dreisam-wird-renaturiert\/<\/a>\u00a0(23.6.2013)<\/li>\n<li><a href=\"https:\/\/www.freiburg-schwarzwald.de\/wasserkraft.htm#Neue Wasserschnecke an der Dreisam bei der Schwabentorbr\u00fccke\">Neue Wasserschnecke an der Dreisam bei der Schwabentorbr\u00fccke?<\/a> &gt;Wasserkraft (1.10.2010)<\/li>\n<li><a href=\"https:\/\/www.freiburg-schwarzwald.de\/natur1.htm#Tag der Artenvielfalt 13.6. beim Sandfang: Lebensraum Stadt erkunden\">Tag der Artenvielfalt 13.6. beim Sandfang: Lebensraum Stadt erkunden<\/a> &gt;Natur1 (12.2009)<\/li>\n<li><a href=\"https:\/\/www.freiburg-schwarzwald.de\/wasserkraft-sandfang.htm#Wasserverteilung Dreisam-Gewerbekanal: Keine b\u00fcrokratischen Regelungen\">Wasserverteilung Dreisam-Gewerbekanal: Keine b\u00fcrokratischen Regelungen<\/a> &gt;Sandfang (2.2.)<\/li>\n<li><a href=\"https:\/\/www.freiburg-schwarzwald.de\/wasserkraft-sandfang.htm#F\u00fcr Wasserkraftanlagen: EEG-Erh\u00f6hung von 9,67 auf 11,67 Cents je Kilowattstunde\">F\u00fcr Wasserkraftanlagen: EEG-Erh\u00f6hung von 9,67 auf 11,67 Cents je Kilowattstunde<\/a> (31.12.2008)<\/li>\n<li><a href=\"https:\/\/www.freiburg-schwarzwald.de\/littenweiler\/bach.htm#Automatischer Runzknecht am Sandfang - Baubeginn\">Automatischer Runzknecht am Sandfang &#8211; Baubeginn<\/a> &gt;Bach (7.11.2008)<\/li>\n<li><a href=\"https:\/\/www.freiburg-schwarzwald.de\/wasserkraft-sandfang.htm#Wasserkraftschnecke\u00a0und Fischtreppe\u00a0an der Dreisam eingeweiht\">Wasserkraftschnecke\u00a0und Fischtreppe\u00a0an der Dreisam eingeweiht<\/a> &gt;W-Sandfang (16.10.2008)<\/li>\n<li><a href=\"https:\/\/www.freiburg-schwarzwald.de\/littenweiler\/oberau.htm#Wasserschnecke mit 20000 kWh im Gewerbebach am Mez-Gel\u00e4nde\">Wasserschnecke mit 20000 kWh im Gewerbebach am Mez-Gel\u00e4nde<\/a> &gt;Oberau (30.9.2008)<\/li>\n<li><a href=\"https:\/\/www.freiburg-schwarzwald.de\/wasserkraft-sandfang.htm#Fischtreppe als Spielplatz\">Fischtreppe als Spielplatz<\/a> &gt;Wasserkraft-Sandfang (4.9.2008)<\/li>\n<li><a href=\"https:\/\/www.freiburg-schwarzwald.de\/wasserkraft-sandfang.htm#Wasserkraftschnecke kommt langsam in Fahrt\">Wasserkraftschnecke kommt langsam in Fahrt<\/a> &gt;Wasserkradt-Sandfang (11.6.2008)<\/li>\n<li><a href=\"https:\/\/www.freiburg-schwarzwald.de\/wasserkraft-sandfang.htm#Stillstand an der Stellfalle\u00a0Dreisam-Gewerbebach\">Stillstand an der Stellfalle\u00a0Dreisam-Gewerbebach<\/a> &gt;Wasserkraft-Sandfang (22.1.2008)<\/li>\n<li><a href=\"https:\/\/www.freiburg-schwarzwald.de\/wasserkraft-sandfang.htm#Fischpass f\u00fcr 250 000 Euro: Land und Betreiber teilen sich die Kosten\">Fischpass f\u00fcr 250 000 Euro: Land und Betreiber teilen sich die Kosten<\/a> &gt;Wasser2 (17.10.2007)<\/li>\n<li><a href=\"https:\/\/www.freiburg-schwarzwald.de\/wasserkraft-sandfang.htm#Gr\u00f6\u00dfte Wasserkraftschnecke der Welt an der Dreisam eingebaut\">Gr\u00f6\u00dfte Wasserkraftschnecke der Welt an Dreisam eingebaut<\/a> &gt;Wasserkraft-Sandfang (13.12.)<\/li>\n<li><a href=\"https:\/\/www.freiburg-schwarzwald.de\/wasserkraft-sandfang.htm#Dreisam-Wasserkraftanlage mit Fischaufstieg in Freiburg-Sandfang\">Dreisam-Wasserkraftanlage mit Fischaufstieg in Freiburg-Sandfang<\/a> (16.8.2007)<\/li>\n<li><a href=\"https:\/\/www.freiburg-schwarzwald.de\/littenweiler\/bach.htm#Stellfalle f\u00fcr Gewerbebach am Sandfang automatisiert - Wasserkraft\">Stellfalle f\u00fcr Gewerbebach am Sandfang automatisiert &#8211; Wasserkraft<\/a> &gt;Bach (21.7.2007)<\/li>\n<li><a href=\"https:\/\/www.freiburg-schwarzwald.de\/wasserkraft-sandfang.htm\">www.freiburg-schwarzwald.de\/wasserkraft-sandfang.htm<\/a><\/li>\n<li><\/li>\n<li><a href=\"https:\/\/www.freiburg-schwarzwald.de\/blog\/regio\/fluss\/dreisam\/ottiliensee\/\">Ottiliensee<\/a><\/li>\n<li>Sandfang an der Dreisam &#8211; \u00f6stlicher Punkt der Oberau<\/li>\n<li><a href=\"https:\/\/www.freiburg-schwarzwald.de\/wasserkraft.htm\">Wasserkraft im Schwarzwald<\/a> &gt;Wasserkraft<\/li>\n<li><a title=\"Dreisam-Renaturierung\" href=\"https:\/\/www.freiburg-schwarzwald.de\/blog\/regio\/fluss\/dreisam\/dreisam-renaturierung\/\">Dreisam-Renaturierung <\/a><\/li>\n<li><a title=\"Dreisamuferweg\" href=\"https:\/\/www.freiburg-schwarzwald.de\/blog\/regio\/verkehr\/fahrradwege\/dreisamuferweg\/\">Dreisamuferweg<\/a><\/li>\n<\/ul>\n<p>&nbsp;<\/p>\n<p>&nbsp;<\/p>\n<div>\n<dl id=\"attachment_26669\">\n<dt><a href=\"https:\/\/www.freiburg-schwarzwald.de\/blog\/sport\/sportlern\/laufen\/marathon\/freiburg12marathon-pan130407\/\" rel=\"attachment wp-att-26669\"><img loading=\"lazy\" decoding=\"async\" title=\"freiburg12marathon-pan130407\" src=\"https:\/\/www.freiburg-schwarzwald.de\/blog\/wp-content\/uploads\/2012\/04\/freiburg12marathon-pan130407.jpg\" alt=\"\" width=\"639\" height=\"265\" \/><\/a><\/dt>\n<dd>Freiburg-Marathon am 7.4.2013 &#8211; Blick nach Westen zum Sandfang am Dreisamuferweg<\/dd>\n<\/dl>\n<\/div>\n<p>&nbsp;<\/p>\n<p><strong>Sandfang an der Dreisam &#8211; \u00f6stlicher Punkt der Oberau<\/strong><\/p>\n<p>Wo der Sandfang liegt? Im Freiburger Osten an der Dreisam, zwischen Kartaus und Schwarzwaldstrasse, wo der Sandfangweg \u00fcber die Dreisam zur Kart\u00e4userstrasse f\u00fchrt. Am Sandfang gibts viel zu bestaunen:<br \/>\n1. Die Sandfangbr\u00fccke \u00fcber die <a href=\"https:\/\/www.freiburg-schwarzwald.de\/littenweiler\/dreisam.htm\">Dreisam<\/a>. Weiter ostw\u00e4rts wagt sich der Freiburg-Marathon nicht.<br \/>\n2. Die <a href=\"https:\/\/www.freiburg-schwarzwald.de\/littenweiler\/dreisamuferweg.htm#Nepomuk-Standbild\">Nepomuk-Statue<\/a> an der S\u00fcdseite der Br\u00fccke.<br \/>\n3. Der <a href=\"https:\/\/www.freiburg-schwarzwald.de\/littenweiler\/dreisamuferweg.htm\">Dreisamuferweg<\/a>, der sogar &#8222;Vorfahrt&#8220; vor der querenden Strasse hat.<br \/>\n4. Die Wasserkraftanlage mit der weltweit gr\u00f6\u00dften Wasserkraftschnecke.<br \/>\n5. Die Fischtreppe f\u00fcr die Wanderer unter den Fischen.<br \/>\n6. Die neuen Uni-Sportanlagen auf den fr\u00fcheren Kartauswiesen im Nordosten des Sandfangs.<br \/>\n7. Die <a href=\"https:\/\/www.freiburg-schwarzwald.de\/littenweiler\/kartaus.htm\">Kartaus<\/a>, deren Senioren z.T. ausziehen m\u00fcssen.<br \/>\n8. Die Stellfalle, die Wasser von der Dreisam in den <a href=\"https:\/\/www.freiburg-schwarzwald.de\/littenweiler\/bach.htm#Gewerbebach zwischen Sandfang und Lehen bzw. Hochdorf\">Gewerbebach<\/a> abzweigt<br \/>\n9. Sandfang als Wendepunkt beim allj\u00e4hrlichen <a title=\"Marathon\" href=\"https:\/\/www.freiburg-schwarzwald.de\/blog\/sport\/sportlern\/laufen\/marathon\/\">Freiburg-Marathon<\/a><\/p>\n<p>Am Sandfang gab es fr\u00fcher nach S\u00fcden hin eine Ausbuchtung, in die die Dreisam Sand hineinsp\u00fclte und ablagerte. Daher der Name &#8222;Sandfang&#8220;.<\/p>\n<p>Wasserkraftanlage am Sandfang<br \/>\n<a href=\"https:\/\/www.wka-wagner.de\/\">www.wka-wagner.de<\/a> , eMail oekostrom at wka-wagner.de<\/p>\n<p>&nbsp;<\/p>\n<p><a href=\"https:\/\/www.freiburg-schwarzwald.de\/blog\/regio\/freiburg\/sandfang\/dreisam1sandfang130906\/\" rel=\"attachment wp-att-37573\"><img loading=\"lazy\" decoding=\"async\" class=\"alignnone size-thumbnail wp-image-37573\" title=\"dreisam1sandfang130906\" src=\"https:\/\/www.freiburg-schwarzwald.de\/blog\/wp-content\/uploads\/2013\/08\/dreisam1sandfang130906-180x135.jpg\" alt=\"\" width=\"180\" height=\"135\" srcset=\"https:\/\/www.freiburg-schwarzwald.de\/blog\/wp-content\/uploads\/2013\/08\/dreisam1sandfang130906-180x135.jpg 180w, https:\/\/www.freiburg-schwarzwald.de\/blog\/wp-content\/uploads\/2013\/08\/dreisam1sandfang130906.jpg 640w\" sizes=\"auto, (max-width: 180px) 100vw, 180px\" \/><\/a>\u00a0\u00a0\u00a0\u00a0\u00a0\u00a0\u00a0\u00a0\u00a0 <a href=\"https:\/\/www.freiburg-schwarzwald.de\/blog\/regio\/freiburg\/sandfang\/dreisam2sandfang-baden130906\/\" rel=\"attachment wp-att-37574\"><img loading=\"lazy\" decoding=\"async\" class=\"alignnone size-thumbnail wp-image-37574\" title=\"dreisam2sandfang-baden130906\" src=\"https:\/\/www.freiburg-schwarzwald.de\/blog\/wp-content\/uploads\/2013\/08\/dreisam2sandfang-baden130906-180x135.jpg\" alt=\"\" width=\"180\" height=\"135\" srcset=\"https:\/\/www.freiburg-schwarzwald.de\/blog\/wp-content\/uploads\/2013\/08\/dreisam2sandfang-baden130906-180x135.jpg 180w, https:\/\/www.freiburg-schwarzwald.de\/blog\/wp-content\/uploads\/2013\/08\/dreisam2sandfang-baden130906.jpg 640w\" sizes=\"auto, (max-width: 180px) 100vw, 180px\" \/><\/a>\u00a0\u00a0\u00a0\u00a0\u00a0\u00a0\u00a0\u00a0\u00a0 <a href=\"https:\/\/www.freiburg-schwarzwald.de\/blog\/regio\/freiburg\/sandfang\/dreisam3sandfang-wiese130906\/\" rel=\"attachment wp-att-37575\"><img loading=\"lazy\" decoding=\"async\" class=\"alignnone size-thumbnail wp-image-37575\" title=\"dreisam3sandfang-wiese130906\" src=\"https:\/\/www.freiburg-schwarzwald.de\/blog\/wp-content\/uploads\/2013\/08\/dreisam3sandfang-wiese130906-180x135.jpg\" alt=\"\" width=\"180\" height=\"135\" srcset=\"https:\/\/www.freiburg-schwarzwald.de\/blog\/wp-content\/uploads\/2013\/08\/dreisam3sandfang-wiese130906-180x135.jpg 180w, https:\/\/www.freiburg-schwarzwald.de\/blog\/wp-content\/uploads\/2013\/08\/dreisam3sandfang-wiese130906.jpg 640w\" sizes=\"auto, (max-width: 180px) 100vw, 180px\" \/><\/a><br \/>\n(1) Sandfang ostw\u00e4rts 6.9.2013\u00a0\u00a0\u00a0\u00a0\u00a0\u00a0\u00a0\u00a0\u00a0\u00a0\u00a0\u00a0 (2) Baden in der Dreisam\u00a0\u00a0\u00a0\u00a0\u00a0\u00a0\u00a0\u00a0\u00a0\u00a0\u00a0\u00a0\u00a0\u00a0\u00a0\u00a0\u00a0\u00a0\u00a0\u00a0\u00a0\u00a0 (3) Sandfang Liegewiese<\/p>\n<p><a href=\"https:\/\/www.freiburg-schwarzwald.de\/blog\/regio\/freiburg\/sandfang\/dreisam5sandfang-badeseen130906\/\" rel=\"attachment wp-att-37576\"><img loading=\"lazy\" decoding=\"async\" class=\"alignnone size-thumbnail wp-image-37576\" title=\"dreisam5sandfang-badeseen130906\" src=\"https:\/\/www.freiburg-schwarzwald.de\/blog\/wp-content\/uploads\/2013\/08\/dreisam5sandfang-badeseen130906-180x140.jpg\" alt=\"\" width=\"180\" height=\"140\" srcset=\"https:\/\/www.freiburg-schwarzwald.de\/blog\/wp-content\/uploads\/2013\/08\/dreisam5sandfang-badeseen130906-180x140.jpg 180w, https:\/\/www.freiburg-schwarzwald.de\/blog\/wp-content\/uploads\/2013\/08\/dreisam5sandfang-badeseen130906.jpg 638w\" sizes=\"auto, (max-width: 180px) 100vw, 180px\" \/><\/a>\u00a0\u00a0\u00a0\u00a0\u00a0\u00a0\u00a0\u00a0\u00a0 <a href=\"https:\/\/www.freiburg-schwarzwald.de\/blog\/regio\/freiburg\/sandfang\/sandfang-bluete140313\/\" rel=\"attachment wp-att-46154\"><img loading=\"lazy\" decoding=\"async\" class=\"alignnone size-thumbnail wp-image-46154\" src=\"https:\/\/www.freiburg-schwarzwald.de\/blog\/wp-content\/uploads\/2013\/08\/sandfang-bluete140313-180x135.jpg\" alt=\"sandfang-bluete140313\" width=\"180\" height=\"135\" srcset=\"https:\/\/www.freiburg-schwarzwald.de\/blog\/wp-content\/uploads\/2013\/08\/sandfang-bluete140313-180x135.jpg 180w, https:\/\/www.freiburg-schwarzwald.de\/blog\/wp-content\/uploads\/2013\/08\/sandfang-bluete140313.jpg 640w\" sizes=\"auto, (max-width: 180px) 100vw, 180px\" \/><\/a>\u00a0\u00a0\u00a0\u00a0\u00a0\u00a0\u00a0\u00a0\u00a0 <a href=\"https:\/\/www.freiburg-schwarzwald.de\/blog\/regio\/freiburg\/sandfang\/spielplatz-bg140313\/\" rel=\"attachment wp-att-46156\"><img loading=\"lazy\" decoding=\"async\" class=\"alignnone size-thumbnail wp-image-46156\" src=\"https:\/\/www.freiburg-schwarzwald.de\/blog\/wp-content\/uploads\/2013\/08\/spielplatz-bg140313-180x135.jpg\" alt=\"spielplatz-bg140313\" width=\"180\" height=\"135\" srcset=\"https:\/\/www.freiburg-schwarzwald.de\/blog\/wp-content\/uploads\/2013\/08\/spielplatz-bg140313-180x135.jpg 180w, https:\/\/www.freiburg-schwarzwald.de\/blog\/wp-content\/uploads\/2013\/08\/spielplatz-bg140313.jpg 640w\" sizes=\"auto, (max-width: 180px) 100vw, 180px\" \/><\/a><br \/>\n(4) Badeseen Sandfang 6.9.2013\u00a0\u00a0\u00a0\u00a0\u00a0\u00a0\u00a0\u00a0 (5) Bl\u00fcte am Sandfang 13.3.2014\u00a0\u00a0\u00a0\u00a0\u00a0\u00a0\u00a0\u00a0\u00a0 (6) Spielplatzbau am BG 13.3.2014<\/p>\n<p>(1) Sandfang Blick ostw\u00e4rts am 6.9.2013: Dreisam, Wasserkraftwerk, Fahrradweg, separater Fu\u00dfweg und Liegewiese mit Spielplatz (von links)<br \/>\n(3) Blick nach Nordwesten am Sandfang \u00fcber die Liegewiese in Richtung Dreisam am 6.9.2013: Tags\u00fcber ein Idyll f\u00fcr Gro\u00df und Klein, nachts durch das nervende <a title=\"Laerm\" href=\"https:\/\/www.freiburg-schwarzwald.de\/blog\/natur\/umwelt\/laerm\/\">Techno-Bass-Musik-Gewummere<\/a>\u00a0leider oft der Horror.<\/p>\n","protected":false},"excerpt":{"rendered":"<p>Home &gt;Freiburg\u00a0&gt;Dreisam &gt;Fahrradwege &gt;Sandfang Ottiliensee \u2013 neuer Naturbadesee an der Dreisam\u00a0(18.4.2022) Sanierung Meierhof Kartaus durch Willi Sutter\u00a0(19.12.20209 https:\/\/www.freiburg-schwarzwald.de\/blog\/sandfang-dreisam-laerm-nachts\/\u00a0(29.8.2013) https:\/\/www.freiburg-schwarzwald.de\/blog\/baden-in-dreisam-am-sandfang\/\u00a0(14.8.2013) https:\/\/www.freiburg-schwarzwald.de\/blog\/dreisam-wird-renaturiert\/\u00a0(23.6.2013) Neue Wasserschnecke an der Dreisam bei der Schwabentorbr\u00fccke? &gt;Wasserkraft (1.10.2010) Tag der Artenvielfalt 13.6. beim Sandfang: Lebensraum Stadt erkunden &gt;Natur1 &hellip; <a href=\"https:\/\/www.freiburg-schwarzwald.de\/blog\/regio\/freiburg\/sandfang\/\">Weiterlesen <span class=\"meta-nav\">&rarr;<\/span><\/a><\/p>\n","protected":false},"author":4,"featured_media":0,"parent":389,"menu_order":0,"comment_status":"open","ping_status":"closed","template":"","meta":{"footnotes":""},"class_list":["post-37177","page","type-page","status-publish","hentry"],"_links":{"self":[{"href":"https:\/\/www.freiburg-schwarzwald.de\/blog\/wp-json\/wp\/v2\/pages\/37177","targetHints":{"allow":["GET"]}}],"collection":[{"href":"https:\/\/www.freiburg-schwarzwald.de\/blog\/wp-json\/wp\/v2\/pages"}],"about":[{"href":"https:\/\/www.freiburg-schwarzwald.de\/blog\/wp-json\/wp\/v2\/types\/page"}],"author":[{"embeddable":true,"href":"https:\/\/www.freiburg-schwarzwald.de\/blog\/wp-json\/wp\/v2\/users\/4"}],"replies":[{"embeddable":true,"href":"https:\/\/www.freiburg-schwarzwald.de\/blog\/wp-json\/wp\/v2\/comments?post=37177"}],"version-history":[{"count":2,"href":"https:\/\/www.freiburg-schwarzwald.de\/blog\/wp-json\/wp\/v2\/pages\/37177\/revisions"}],"predecessor-version":[{"id":100314,"href":"https:\/\/www.freiburg-schwarzwald.de\/blog\/wp-json\/wp\/v2\/pages\/37177\/revisions\/100314"}],"up":[{"embeddable":true,"href":"https:\/\/www.freiburg-schwarzwald.de\/blog\/wp-json\/wp\/v2\/pages\/389"}],"wp:attachment":[{"href":"https:\/\/www.freiburg-schwarzwald.de\/blog\/wp-json\/wp\/v2\/media?parent=37177"}],"curies":[{"name":"wp","href":"https:\/\/api.w.org\/{rel}","templated":true}]}}