{"id":3597,"date":"2012-05-22T14:48:29","date_gmt":"2012-05-22T14:48:29","guid":{"rendered":"https:\/\/www.freiburg-schwarzwald.de\/blog\/?page_id=3597"},"modified":"2014-08-22T16:40:12","modified_gmt":"2014-08-22T14:40:12","slug":"freiburgimwandel","status":"publish","type":"page","link":"https:\/\/www.freiburg-schwarzwald.de\/blog\/engagement\/buergerinitiativen\/freiburgimwandel\/","title":{"rendered":"FreiburgImWandel"},"content":{"rendered":"<p align=\"left\">Home &gt;<a title=\"Engagement\" href=\"https:\/\/www.freiburg-schwarzwald.de\/blog\/engagement\/\">Engagement<\/a> &gt;<a title=\"Buergerinitiativen\" href=\"https:\/\/www.freiburg-schwarzwald.de\/blog\/engagement\/buergerinitiativen\/\">Buergerinitiativen<\/a> &gt;FreiburgImWandel<\/p>\n<div id=\"attachment_3603\" style=\"width: 610px\" class=\"wp-caption alignnone\"><a href=\"https:\/\/www.freiburg-schwarzwald.de\/blog\/engagement\/buergerinitiativen\/freiburgimwandel\/bugginger-freiburg-pan101113\/\" rel=\"attachment wp-att-3603\"><img loading=\"lazy\" decoding=\"async\" aria-describedby=\"caption-attachment-3603\" class=\"size-full wp-image-3603\" title=\"bugginger-freiburg-pan101113\" alt=\"\" src=\"https:\/\/www.freiburg-schwarzwald.de\/blog\/wp-content\/uploads\/2012\/05\/bugginger-freiburg-pan101113.jpg\" width=\"600\" height=\"235\" srcset=\"https:\/\/www.freiburg-schwarzwald.de\/blog\/wp-content\/uploads\/2012\/05\/bugginger-freiburg-pan101113.jpg 600w, https:\/\/www.freiburg-schwarzwald.de\/blog\/wp-content\/uploads\/2012\/05\/bugginger-freiburg-pan101113-180x70.jpg 180w\" sizes=\"auto, (max-width: 600px) 100vw, 600px\" \/><\/a><p id=\"caption-attachment-3603\" class=\"wp-caption-text\">Buggi 50 am 13.11.2010 in Weingarten: Tele-Blick nach Osten \u00fcber Freiburg zu Ro\u00dfkopf-Windr\u00e4dern und Kandel (links)<\/p><\/div>\n<p align=\"left\">\n<ul>\n<li><a href=\"https:\/\/www.freiburg-schwarzwald.de\/blog\/2012\/05\/19\/freiburgimwandel-vernetzungstreffen-burgerschaftlich-engagierter-am-22-mai\/\">https:\/\/www.freiburg-schwarzwald.de\/blog\/2012\/05\/19\/freiburgimwandel-vernetzungstreffen-burgerschaftlich-engagierter-am-22-mai\/<\/a><\/li>\n<li>\n<div align=\"left\">Freiburg im Wandel<\/div>\n<\/li>\n<li>\n<div align=\"left\"><a title=\"Urban-Gardening\" href=\"https:\/\/www.freiburg-schwarzwald.de\/blog\/natur\/landwirt\/urban-gardening\/\">Urban-Gardening<\/a><\/div>\n<\/li>\n<\/ul>\n<p align=\"left\">\n<p align=\"left\"><strong>Freiburg im Wandel &#8211; Gemeinwohl-\u00d6konomie<\/strong><\/p>\n<p align=\"left\">Aktuell ist der Gedanke f\u00fcr Vernetzung bei den Gruppen gut angekommen und zeigt sich in konkreten Aktionen. &#8222;Freiburg im Wandel&#8220; ist ein neues Angebot f\u00fcr uns alle, die eine St\u00e4rkung von nachhaltigen und demokratischen Strukturen vor Ort w\u00fcnschen. Initiiert wird diese Bewegung von Mitgliedern der Initiativgruppe &#8222;Gemeinwohl-\u00d6konomie Freiburg&#8220;. Uns ist wichtig, dass die bestehenden und die jungen Engagements noch mehr zueinander finden, sich gegenseitig unterst\u00fctzen und freundschaftlich begleiten.<\/p>\n<p>&#8222;Wer macht Was in Freiburg?&#8220; Wir sollten uns pers\u00f6nlich kennenlernen&#8230; Dazu gibt es &#8211; wie bereits angek\u00fcndigt und eingeladen &#8211; ein gro\u00dfes Vernetzungstreffen am 22. Februar 2012, zu dem schon einige altgediente <a title=\"Engagement\" href=\"https:\/\/www.freiburg-schwarzwald.de\/blog\/engagement\/\">Ehrenamtliche<\/a> zugesagt haben. Diese positive Resonanz freut uns nat\u00fcrlich sehr. In Zukunft ist dann immer quarteilsweise solch intensiver Austausch untereinander vorgesehen.<\/p>\n<div id=\"attachment_3600\" style=\"width: 190px\" class=\"wp-caption alignnone\"><a href=\"https:\/\/www.freiburg-schwarzwald.de\/blog\/engagement\/buergerinitiativen\/freiburgimwandel\/gemeinwohl-oekonomie\/\" rel=\"attachment wp-att-3600\"><img loading=\"lazy\" decoding=\"async\" aria-describedby=\"caption-attachment-3600\" class=\"size-thumbnail wp-image-3600\" title=\"gemeinwohl-oekonomie\" alt=\"\" src=\"https:\/\/www.freiburg-schwarzwald.de\/blog\/wp-content\/uploads\/2012\/05\/gemeinwohl-oekonomie-180x180.jpg\" width=\"180\" height=\"180\" srcset=\"https:\/\/www.freiburg-schwarzwald.de\/blog\/wp-content\/uploads\/2012\/05\/gemeinwohl-oekonomie-180x180.jpg 180w, https:\/\/www.freiburg-schwarzwald.de\/blog\/wp-content\/uploads\/2012\/05\/gemeinwohl-oekonomie.jpg 600w\" sizes=\"auto, (max-width: 180px) 100vw, 180px\" \/><\/a><p id=\"caption-attachment-3600\" class=\"wp-caption-text\">Gemeinwohl-oekonomie &#8211; Mosaik der Zukunft<\/p><\/div>\n<p>Eine sch\u00f6ne Orientierung f\u00fcr diese Bewegung ist das &#8222;MOSAIK DER ZUKUNFT&#8220; von Christian Felber. Dargestellt sind die wichtigsten Ver\u00e4nderungs-Bereiche unserer Gesellschaft:<br \/>\na.. MENSCHENRECHTE: Eine-Welt-Bewusstsein, Universal Spirit, Mehr Demokratie,&#8230;<br \/>\nb.. GELD: Mikrokredite, Zeitbanken, Regiogeld,&#8230;<br \/>\na.. WIRTSCHAFT: attac, Gemeinwohl-\u00d6konomie, Commons , Regionalisierung,&#8230;<br \/>\nb.. LANDWIRTSCHAFT: GartenCoop, Urban Gardening, Slow Food, nachhaltige LWS<br \/>\nc.. GESUNDHEIT: ganzheitliche Medizin, Stadtteilentwicklung, NeueArbeit-NeueKultur,&#8230;<br \/>\na.. \u00d6KOLOGIE: \u00f6kologischer Fu\u00dfabdruck, Permakultur, Lebensdorf, Transition Town,&#8230;<br \/>\nb.. ENERGIE: erneuerbare Energie, Energiedemokratie,&#8230;<\/p>\n<p>Gerade in Freiburg gibt es viel mehr Arbeitsgruppen und Pers\u00f6nlichkeiten, die sich in diesen Punkten einbringen, als uns allen bewusst ist. Eine B\u00fcndelung dieser verschiedenen Energien kann viel bewirken!<br \/>\nAlso unbedingt vormerken: Das n\u00e4chste Vernetzungstreffen f\u00fcr Freiburg ist am 22. Februar um 19 Uhr im Gasthof Sch\u00fctzen (Sch\u00fctzenallee 12, Freiburg). Wir sind sehr gespannt auf einen fruchtbaren Austausch.<br \/>\nMit herzlichen Gr\u00fc\u00dfen, Andreas Andrick und Gitta Walchner<br \/>\n16.2.2012, Initativgruppe Gemeinwohl-\u00d6konomie Freiburg<\/p>\n<p><a href=\"https:\/\/www.freiburgimwandel.de\/\">www.freiburgimwandel.de<\/a><\/p>\n","protected":false},"excerpt":{"rendered":"<p>Home &gt;Engagement &gt;Buergerinitiativen &gt;FreiburgImWandel https:\/\/www.freiburg-schwarzwald.de\/blog\/2012\/05\/19\/freiburgimwandel-vernetzungstreffen-burgerschaftlich-engagierter-am-22-mai\/ Freiburg im Wandel Urban-Gardening Freiburg im Wandel &#8211; Gemeinwohl-\u00d6konomie Aktuell ist der Gedanke f\u00fcr Vernetzung bei den Gruppen gut angekommen und zeigt sich in konkreten Aktionen. &#8222;Freiburg im Wandel&#8220; ist ein neues Angebot f\u00fcr uns &hellip; <a href=\"https:\/\/www.freiburg-schwarzwald.de\/blog\/engagement\/buergerinitiativen\/freiburgimwandel\/\">Weiterlesen <span class=\"meta-nav\">&rarr;<\/span><\/a><\/p>\n","protected":false},"author":2,"featured_media":0,"parent":2329,"menu_order":0,"comment_status":"open","ping_status":"closed","template":"","meta":{"footnotes":""},"class_list":["post-3597","page","type-page","status-publish","hentry"],"_links":{"self":[{"href":"https:\/\/www.freiburg-schwarzwald.de\/blog\/wp-json\/wp\/v2\/pages\/3597","targetHints":{"allow":["GET"]}}],"collection":[{"href":"https:\/\/www.freiburg-schwarzwald.de\/blog\/wp-json\/wp\/v2\/pages"}],"about":[{"href":"https:\/\/www.freiburg-schwarzwald.de\/blog\/wp-json\/wp\/v2\/types\/page"}],"author":[{"embeddable":true,"href":"https:\/\/www.freiburg-schwarzwald.de\/blog\/wp-json\/wp\/v2\/users\/2"}],"replies":[{"embeddable":true,"href":"https:\/\/www.freiburg-schwarzwald.de\/blog\/wp-json\/wp\/v2\/comments?post=3597"}],"version-history":[{"count":0,"href":"https:\/\/www.freiburg-schwarzwald.de\/blog\/wp-json\/wp\/v2\/pages\/3597\/revisions"}],"up":[{"embeddable":true,"href":"https:\/\/www.freiburg-schwarzwald.de\/blog\/wp-json\/wp\/v2\/pages\/2329"}],"wp:attachment":[{"href":"https:\/\/www.freiburg-schwarzwald.de\/blog\/wp-json\/wp\/v2\/media?parent=3597"}],"curies":[{"name":"wp","href":"https:\/\/api.w.org\/{rel}","templated":true}]}}