{"id":35763,"date":"2013-08-06T11:28:38","date_gmt":"2013-08-06T09:28:38","guid":{"rendered":"https:\/\/www.freiburg-schwarzwald.de\/blog\/?page_id=35763"},"modified":"2025-07-24T13:24:59","modified_gmt":"2025-07-24T11:24:59","slug":"auerwild","status":"publish","type":"page","link":"https:\/\/www.freiburg-schwarzwald.de\/blog\/natur\/tiere\/vogel\/auerwild\/","title":{"rendered":"Auerwild"},"content":{"rendered":"<p>Home &gt;<a title=\"Natur\" href=\"https:\/\/www.freiburg-schwarzwald.de\/blog\/natur\/\">Natur<\/a> &gt;<a title=\"Tiere\" href=\"https:\/\/www.freiburg-schwarzwald.de\/blog\/natur\/tiere\/\">Tiere<\/a> &gt;<a title=\"Vogel\" href=\"https:\/\/www.freiburg-schwarzwald.de\/blog\/natur\/tiere\/vogel\/\">Vogel<\/a>\u00a0&gt;Auerwild<\/p>\n<div id=\"attachment_34827\" style=\"width: 648px\" class=\"wp-caption alignnone\"><a href=\"https:\/\/www.freiburg-schwarzwald.de\/blog\/selbsthilfe\/sucht\/drogen\/drogenberatung-kobra\/haeussleberg-oberried-pan130715\/\" rel=\"attachment wp-att-34827\"><img loading=\"lazy\" decoding=\"async\" aria-describedby=\"caption-attachment-34827\" class=\"size-full wp-image-34827\" title=\"haeussleberg-oberried.pan130715\" src=\"https:\/\/www.freiburg-schwarzwald.de\/blog\/wp-content\/uploads\/2013\/07\/haeussleberg-oberried.pan130715.jpg\" alt=\"\" width=\"638\" height=\"276\" srcset=\"https:\/\/www.freiburg-schwarzwald.de\/blog\/wp-content\/uploads\/2013\/07\/haeussleberg-oberried.pan130715.jpg 638w, https:\/\/www.freiburg-schwarzwald.de\/blog\/wp-content\/uploads\/2013\/07\/haeussleberg-oberried.pan130715-180x77.jpg 180w\" sizes=\"auto, (max-width: 638px) 100vw, 638px\" \/><\/a><p id=\"caption-attachment-34827\" class=\"wp-caption-text\">Blick nach Nordosten \u00fcber Oberried zum H\u00e4usleberg (Mitte) und Roteck (rechts) vorm Hinterwaldkopf am 15.7.2013<\/p><\/div>\n<p>&nbsp;<\/p>\n<ul>\n<li><em>Listenauswahl eines Beitrags (Artikel\/Datum, Seite\/Inhalt): <span style=\"text-decoration: underline;\">Klicken<\/span> oder scrollen<\/em><\/li>\n<li><a href=\"https:\/\/www.freiburg-schwarzwald.de\/blog\/natur\/artensterben\/\">Lerchen-Sterben und Vogelsterben in Deutschland<\/a>\u00a0(23.7.2025)<\/li>\n<li>Einst war der Auerhahn begehrt bei der Jagd der Adligen, heute steigt seine Zahl im Schwarzwald wieder (23.6.2025)<\/li>\n<li>Neue Kinderzimmer f\u00fcr das Auerwild (22.9.2020)<\/li>\n<li>Jugendarrest f\u00fcr den Tod eines gesch\u00fctzten Auerhahns am Feldberg (4.8.2020)<\/li>\n<li><a title=\"Ultra-Bike\" href=\"https:\/\/www.freiburg-schwarzwald.de\/blog\/sport\/sportlern\/biken\/ultra-bike\/\">ULTRA-BIKE-MARATHON Absage f\u00fcr 2020 \u2013 Mit dem Wolf w\u00e4re das nicht passiert!<\/a>\u00a0(7.11.2019)<\/li>\n<li>Feldberg-Ranger schockiert: Erschlagener Auerhahn soll gutm\u00fctig gewesen sein (12.8.2019)<\/li>\n<li>Auerhuhn im Schwarzwald &#8211; kein Naturschutz\u00a0 (25.4.2015)<\/li>\n<li>Brutwillige Auerh\u00fchner sind intelligent genug, sich andere Pl\u00e4tze zu suchen (12.10.2013)<\/li>\n<li>Zahmer Auerhahn an moglichem Windkraftstandort in M\u00fcnstertal (8.10.2013)<\/li>\n<li>Auerhuhn als Symbol f\u00fcr den Konflikt zwischen Arten- und Klimasch\u00fctzern\u00a0 (28.9.2013)<\/li>\n<li><a href=\"https:\/\/www.freiburg-schwarzwald.de\/blog\/windraeder-vogesen-auerhuhn\/\">https:\/\/www.freiburg-schwarzwald.de\/blog\/windraeder-vogesen-auerhuhn\/<\/a>\u00a0(6.8.2013)<\/li>\n<li><a href=\"https:\/\/www.freiburg-schwarzwald.de\/auerwild.htm#Auerhuhn und Windkraftanlagen\">Auerhuhn und Windkraftanlagen<\/a>&gt;Auerwild (24.3.2012)<\/li>\n<li><a href=\"https:\/\/www.freiburg-schwarzwald.de\/auerwild.htm#Wenn das Huhn den Rotor f\u00fcr einen Habicht h\u00e4lt\">Rotor f\u00fcr einen Habicht h\u00e4lt<\/a> &gt;Auerwild (11.3.2012)<\/li>\n<li><a href=\"https:\/\/www.freiburg-schwarzwald.de\/wind2.htm#Wind of Change\">Wind of Change?<\/a> &gt;Wind2 (23.11.2011)<\/li>\n<li><a href=\"https:\/\/www.freiburg-schwarzwald.de\/feldberg2.htm#Auerwildbestand seit zehn Jahren stabil - Ultra Bike hilft\">Auerwildbestand seit zehn Jahren stabil &#8211; Ultra Bike hilft<\/a> &gt;Feldberg2 (4.11.2010)<\/li>\n<li><a href=\"https:\/\/www.freiburg-schwarzwald.de\/martinskapelle.htm#LIFE-Waldpflege im Moosschachen: Naturschutz, Auerwild\">LIFE-Waldpflege im Moosschachen: Naturschutz, Auerwild<\/a> &gt;Martinskapelle (24.8.2010)<\/li>\n<li><a href=\"https:\/\/www.freiburg-schwarzwald.de\/ehrenamt4.htm#ULTRA Biker lichten ehrenamtlich Waldst\u00fcck f\u00fcrs Auerhuhn\">ULTRA Biker lichten ehrenamtlich Waldst\u00fcck f\u00fcrs Auerhuhn<\/a> &gt;Ehrenamt4 (14.11.2009)<\/li>\n<li><a href=\"https:\/\/www.freiburg-schwarzwald.de\/auerwild.htm#ULTRA-Organisationsteam schuf neue ?Landebahn? f\u00fcrs Auerwild\">ULTRA-Organisationsteam schuf neue \u201eLandebahn\u201c f\u00fcrs Auerwild<\/a>\u00a0 &gt;Auerwild (7.11.2008)<\/li>\n<li><a href=\"https:\/\/www.freiburg-schwarzwald.de\/auerwild.htm#Auerwild-Hegegemeinschaft: Sponsoren f\u00fcr Aktionsplan Artenvielfalt gesucht\">Auerwild-Hegegemeinschaft: Sponsoren f\u00fcr Aktionsplan Artenvielfalt gesucht<\/a> &gt;Auerwild (15.7.)<\/li>\n<li><a href=\"https:\/\/www.freiburg-schwarzwald.de\/auerwild.htm#ULTRA-Biker schlagen Landebahn f\u00fcr Auerhuhn\">ULTRA-Biker schlagen Landebahn f\u00fcr Auerhuhn<\/a> &gt;Auerwild (8.11.2007)<\/li>\n<li><a href=\"https:\/\/www.freiburg-schwarzwald.de\/auerwild.htm#Allianz f\u00fcr das Auerhuhn bei Sporthochschule pr\u00e4sentiert\">Allianz f\u00fcr das Auerhuhn bei Sporthochschule pr\u00e4sentiert<\/a> (7.12.2006)<\/li>\n<li><a href=\"https:\/\/www.freiburg-schwarzwald.de\/auerwild.htm#Ranger-Grill in Feldberg-Ort unterst\u00fctzt den Auerhahn\">Ranger-Grill in Feldberg-Ort unterst\u00fctzt den Auerhahn<\/a> (27.10.2006)<\/li>\n<li><a href=\"https:\/\/www.freiburg-schwarzwald.de\/auerwild.htm#Ultra Bike r\u00e4umt Wald am Stollenbach f\u00fcrs Auerhuhn\">Ultra Bike r\u00e4umt Wald am Stollenbach f\u00fcrs Auerhuhn<\/a> (12.10.2006)<\/li>\n<li><a href=\"https:\/\/www.freiburg-schwarzwald.de\/wieden1.htm#Langlaufgilde Hochtann - Auerwild findet kaum noch Ruhe\">Langlaufgilde Hochtann &#8211; Auerwild findet kaum noch Ruhe<\/a> &gt;Wieden1 (3.3.2006)<\/li>\n<li><a href=\"https:\/\/www.freiburg-schwarzwald.de\/auerwild.htm#25 Jahre Auerwild-Hegegemeinschaft im Regierungsbezirk Freiburg\">25 Jahre Auerwild-Hegegemeinschaft im Regierungsbezirk Freiburg<\/a> (15.7.2005)<\/li>\n<li><a href=\"https:\/\/www.freiburg-schwarzwald.de\/auerwild.htm#Auerhahn h\u00e4lt Abstand zu Wegen und Loipen\">Auerhahn h\u00e4lt Abstand zu Wegen und Loipen<\/a> (14.7.2005)<\/li>\n<li><a href=\"https:\/\/www.freiburg-schwarzwald.de\/tiere1.htm#Auerhahn-Schutzprogramm im Hochschwarzwald\">Auerhahn-Schutzprogramm im Hochschwarzwald<\/a> &gt;Tiere1 (9.1.2002)<\/li>\n<li><\/li>\n<li><strong><a href=\"https:\/\/www.freiburg-schwarzwald.de\/auerwild.htm\">www.freiburg-schwarzwald.de\/auerwild.htm<\/a> &gt;Archivseite Auerwild<\/strong><\/li>\n<li><a href=\"https:\/\/www.freiburg-schwarzwald.de\/blog\/natur\/artensterben\/\">Artensterben<\/a><\/li>\n<li><a href=\"https:\/\/www.freiburg-schwarzwald.de\/blog\/regio\/orte\/feldberg\/\">Feldberg<\/a><\/li>\n<\/ul>\n<p>&nbsp;<\/p>\n<p><strong>Einst war der Auerhahn begehrt bei der Jagd der Adligen, heute steigt seine Zahl im Schwarzwald wieder<\/strong><br \/>\n&#8230;<br \/>\nDem Auerwild geht es heute nicht mehr so gut wie einst. Was ist das Problem?<br \/>\nDer Auerhahn ist ein Vogel der borealen, lichten Nadelw\u00e4lder, wie man sie in Skandinavien findet. Im Schwarzwald f\u00fchlte er sich in den Hochlagen wohl, weil dort \u00e4hnliche Waldbilder vorhanden waren, besonders zu Zeiten, als es noch Kahlschl\u00e4ge gab und der Wald nicht so nachhaltig bewirtschaftet wurde wie heute. Jetzt sind mehrere Faktoren zusammengekommen: Die Waldbewirtschaftung wurde nat\u00fcrlicher, man setzt mehr auf Naturverj\u00fcngung und geht weg von Kahlschl\u00e4gen. Das ist zwar positiv, aber f\u00fcr den Auerhahn im Schwarzwald eher negativ. Hinzu kommt der Klimawandel, der zu weniger Schnee und w\u00e4rmeren Temperaturen f\u00fchrt, was der Auerhahn nicht mag. Au\u00dferdem werden unsere B\u00f6den immer n\u00e4hrstoffreicher, da Stickstoff aus Abgasen und der Landwirtschaft in die Atmosph\u00e4re und von dort in den Waldboden gelangt. Das f\u00fchrt dazu, dass die Bodenschicht, also Kr\u00e4uter und Str\u00e4ucher wie die Heidelbeere, die der Auerhahn gerne frisst, besser wachsen. Diese Pflanzen wachsen schneller und h\u00f6her und machen die L\u00fccken im Wald f\u00fcr den Auerhahn unbrauchbar. Ein weiterer Punkt ist der zunehmende Tourismus, der das Auerwild st\u00f6rt. Ein Feldberggipfel mit Weide, einzelnen B\u00e4umen und \u00dcberg\u00e4ngen zum Waldrand w\u00e4re ein optimales Habitat, aber dort ist es oft zu belebt. Der Lebensraum des Auerwildes wird also immer kleiner. Die Zahl der Tiere war in den letzten 50 Jahren stark r\u00fcckl\u00e4ufig.<br \/>\n.<br \/>\nAber es gibt auch gute Nachrichten \u2013 es geht bergauf.<br \/>\nGenau. In unserem Verantwortungsbereich sehen wir seit zehn Jahren einen positiven Trend. 2015 haben wir noch f\u00fcnf Auerh\u00e4hne gesichtet, 2020 waren es neun, 2024 16, in diesem Jahr 14. Es zeigt, dass unsere Bem\u00fchungen, dem Auerwild Lebensraum zu schaffen, Wirkung zeigen und die Population zunimmt. Wir schaffen in Auerwild-Bereichen lichte Waldstrukturen und halten die Strauchvegetation kurz. Wir sperren auch Wege, um Gebiete zu beruhigen und R\u00fcckzugsgebiete f\u00fcr das Auerwild zu schaffen. Immer wieder machen wir auch Freiwilligenaktionen, bei denen uns Vereine oder Jugendgruppen bei den Arbeiten f\u00fcr das Auerwild helfen. Der Klimawandel und der Tourismus sind nicht in unserem Griff. Es gibt auch besondere Ereignisse, wie das Auftauchen eines Steinadlers im Schwarzwald, der Auerh\u00e4hne bei der Balz geschlagen haben k\u00f6nnte. F\u00fcchse und Marder sind ebenfalls eine Gefahr f\u00fcr junge Auerh\u00fchner.<br \/>\n&#8230; Alles vom 23.6.2025 von Sophia Hesser bitte lesen auf<br \/>\n<a href=\"https:\/\/www.badische-zeitung.de\/einst-war-der-auerhahn-begehrt-bei-der-jagd-der-adligen-heute-steigt-seine-zahl-im-schwarzwald-wieder\">https:\/\/www.badische-zeitung.de\/einst-war-der-auerhahn-begehrt-bei-der-jagd-der-adligen-heute-steigt-seine-zahl-im-schwarzwald-wieder<\/a><br \/>\n.<br \/>\n<em>Philipp Weiner, 43, ist stellvertretender Forstbezirksleiter im Forstbezirk Hochschwarzwald von Forst BW. Der Bezirk betreut die Staatsw\u00e4lder zwischen Freiburg und Feldberg, \u00fcber Elzach und Donaueschingen bis Villingen-Schwenningen.<\/em><\/p>\n<p>&nbsp;<\/p>\n<p><strong>Neue Kinderzimmer f\u00fcr das Auerwild<\/strong><br \/>\n<em>Etwa 30 Teilnehmer am Bergwaldprojekt beseitigen im Feldberger Gemeindewald Sturmholzreste und k\u00fcrzen Heidelbeerstauden<\/em><br \/>\n&#8230;<br \/>\nUm das Auerwildhabitat am Feldberg zu verwirklichen, haben sich viele Institutionen sowie Ehrenamtliche engagiert. Mit von der Partie ist der stellvertretende Feldberger B\u00fcrgermeister Roland D\u00f6rflinger, denn die Gemeinde stellt die Waldfl\u00e4che zur Verf\u00fcgung, Florian Ruge vom Forstamt Titisee-Neustadt, Jens G\u00f6ttfert vom Naturschutzzentrum S\u00fcdschwarzwald, Revierf\u00f6rster Martin Bach sowie 20 Ehrenamtliche aus ganz Deutschland, die sich \u00fcber den Verein Bergwaldprojekt aus W\u00fcrzburg im Hochschwarzwald getroffen haben, um ein Auerwildhabitat zu schaffen. Mit dabei ist auch die Forstliche Versuchs- und Forschungsanstalt Baden-W\u00fcrttemberg: Als Ansprechpartner f\u00fcr Auerwild begleitet Christoph Mozer das Vorhaben. Die Sozialwissenschaftlerinnen Bettina Joa, Wiebke Hebermehl und Tabea Klinger wollen untersuchen, weshalb sich aktuell so viele Menschen in ihrer freien Zeit f\u00fcr den Wald einsetzen.<br \/>\n&#8222;Im Schwarzwald gibt es nach einem Monitoring nur noch 135 Auerh\u00e4hne und ebenso viele Auerh\u00fchner&#8220;, berichtete Jens G\u00f6ttfert. Seit Jahren gehen die Best\u00e4nde \u2013 auch im Hochschwarzwald \u2013 dramatisch zur\u00fcck &#8230;<br \/>\n&#8230; Alles vom 22.9.2020 von Thomas Biniossek bitte lesen auf<br \/>\n<a href=\"https:\/\/www.badische-zeitung.de\/neue-kinderzimmer-fuer-das-auerwild\">https:\/\/www.badische-zeitung.de\/neue-kinderzimmer-fuer-das-auerwild<\/a><br \/>\n.<\/p>\n<p><strong>Jugendarrest f\u00fcr den Tod eines gesch\u00fctzten Auerhahns am Feldberg<\/strong><br \/>\nEine Woche Dauerarrest und die Zahlung von 1000 Euro an den Naturschutzbund Deutschland (Nabu) \u2013 so lautet das Urteil gegen den 21-J\u00e4hrigen, der wegen Tiert\u00f6tung und Versto\u00dfes gegen das Bundesnaturschutzgesetz vor dem Amtsgericht Titisee-Neustadt angeklagt war. Das Gericht ging damit \u00fcber den Antrag der Staatsanwaltschaft hinaus, die eine Geldstrafe von 2400 Euro gefordert hatte. Die Verteidigung hatte auf Freispruch pl\u00e4diert. Gegen den 23-J\u00e4hrigen, der sich ebenfalls wegen Versto\u00dfes gegen das Bundesnaturschutzgesetz zu verantworten hatte, wurde eine Geldstrafe von 1300 Euro verh\u00e4ngt. Auch sein Verteidiger hatte Freispruch beantragt.<br \/>\nRichter Andr\u00e9 Gerber sah es als erwiesen an, dass der 21-J\u00e4hrige das Tier mit einer Flasche erschlagen hat.<br \/>\n&#8230; Alles vom 4.8.2020 von Tanja Bury bitte lesen auf<br \/>\n<a href=\"https:\/\/www.badische-zeitung.de\/jugendarrest-fuer-den-tod-eines-geschuetzten-auerhahns-am-feldberg--190649502.htm\">https:\/\/www.badische-zeitung.de\/jugendarrest-fuer-den-tod-eines-geschuetzten-auerhahns-am-feldberg&#8211;190649502.htm<\/a>l<\/p>\n<p>&nbsp;<\/p>\n<p><strong>Feldberg-Ranger schockiert: Erschlagener Auerhahn soll gutm\u00fctig gewesen sein<\/strong><br \/>\n&#8230;<br \/>\nBei dem nahe der Todtnauer H\u00fctte mit einer Flasche totgeschlagenen Auerhahn <a href=\"https:\/\/www.badische-zeitung.de\/festbesucher-schlaegt-auerhahn-am-feldberg-tot--176271665.html\">https:\/\/www.badische-zeitung.de\/festbesucher-schlaegt-auerhahn-am-feldberg-tot&#8211;176271665.html<\/a> habe es sich nicht um ein aggressives Tier gehandelt. Das ist die Einsch\u00e4tzung von Feldberg-Ranger Achim Laber. &#8222;Da haben wir schon schlimmere Kaliber gehabt&#8220;. Kollege Hubertus Ulsamer habe mit einem Zivildienstleistenden sogar schon ein Selfie mit dem Hahn gemacht.<br \/>\nDer ausgewachsene Vogel \u2013 eine genetische Probe anhand einer Feder soll das Alter kl\u00e4ren \u2013 sei im M\u00e4rz oder April erstmals aufgetaucht, sagt Laber. Entgegen den Erwartungen sei er kein balztoller Hahn gewesen, die gew\u00f6hnlich im April oder Mai wieder abwandern. Im Gegenteil, er habe sich in der Wiese aufgehalten, und man sei froh gewesen, dass man Menschen, die gern einen Auerhahn sehen wollten, den Hinweis geben konnte.<br \/>\nEin standorttreues, eher gutm\u00fctiges Tier also, dessen Verhalten nicht passt zu der Aussage der beiden M\u00e4nner, die ihn auf dem Gewissen haben. Sie gaben an, von dem Hahn angegriffen worden zu sein. Laber sagt, dort, wo sich der Totschlag ereignete, komme man als Wanderer nicht vorbei, auch nicht auf einem der alten Trampelpfade. Die M\u00e4nner seien also offenkundig unerlaubterweise dorthin gegangen. Ein Auerhahn wende sich gegen Eindringlinge in sein Revier, aber man brauche dann nur einige Schritte zur\u00fccktreten; habe man das Revier verlassen, beruhige sich der Hahn. Sollte es doch zu einer Begegnung kommen, m\u00fcsse man dem Hahn einen Rucksack oder eine Tasche entgegenhalten, auf die er hacken k\u00f6nne, und den R\u00fcckzug antreten.<br \/>\n.. Alles vom 12.8.2019 von Peter Stellmach bitte lesen auf<br \/>\n<a href=\"https:\/\/www.badische-zeitung.de\/feldberg-ranger-schockiert-erschlagener-auerhahn-soll-gutmuetig-gewesen-sein\">https:\/\/www.badische-zeitung.de\/feldberg-ranger-schockiert-erschlagener-auerhahn-soll-gutmuetig-gewesen-sein<\/a><br \/>\n.<br \/>\n<a href=\"https:\/\/www.badische-zeitung.de\/festbesucher-schlaegt-auerhahn-am-feldberg-tot--176271665.html\">https:\/\/www.badische-zeitung.de\/festbesucher-schlaegt-auerhahn-am-feldberg-tot&#8211;176271665.html<\/a><br \/>\n.<br \/>\n<a href=\"https:\/\/www.badische-zeitung.de\/der-erschlagene-auerhahn-hat-es-bis-in-die-new-york-times-geschafft\">https:\/\/www.badische-zeitung.de\/der-erschlagene-auerhahn-hat-es-bis-in-die-new-york-times-geschafft<\/a><\/p>\n<p>&nbsp;<\/p>\n<p><strong>Auerhuhn im Schwarzwald &#8211; kein Naturschutz<\/strong><br \/>\nDas Auerhuhn war in unseren Breiten nach der letzten Eiszeit weit verbreitet. Sein nat\u00fcrlicher Lebensraum sind lichte Nadelw\u00e4lder, wie sie bei uns fr\u00fcher vorkamen und wie es sie in Skandinavien und im n\u00f6rdlichen Russland heute noch gibt. Dort ist als Art nicht gef\u00e4hrdet. Im Zuge der Wiedererw\u00e4rmung nach der Eiszeit und mittlerweile beschleunigt durch den vom Menschen verursachten Treibhauseffekt gehen diese Lebensr\u00e4ume bei uns immer mehr zur\u00fcck, andere nehmen zu. So gibt es beispielsweise am Kaiserstuhl seit ein paar Jahren Bienenfresser, das Auerhuhn hingegen stirbt bei uns \u00fcber kurz oder lang aus. Der Versuch, dem Auerhuhn ein \u00dcberleben im Schwarzwald zu sichern, bedeutet ein massives Eingreifen in die Natur. Es m\u00fcssen geeignete Lebensr\u00e4ume k\u00fcnstlich geschaffen und durch regelm\u00e4\u00dfige Pflege erhalten werden, ein G\u00e4rtnern im gro\u00dfen Stil. Der Mensch gestaltet also eine Umwelt, wie er sie haben will und nicht, wie sie sich nat\u00fcrlicherweise entwickeln w\u00fcrde. Daf\u00fcr mag es Gr\u00fcnde geben, Naturschutz im eigentlichen Wortsinne ist es aber nicht.<br \/>\nWeite Teile der J\u00e4gerschaft haben ebenfalls nach wie vor gro\u00dfe Probleme mit der Natur. Sie teilen das Wild in gute Arten, die gehegt, gepflegt und gef\u00fcttert werden, und in schlechte Arten wie den Fuchs ein, den es zu bek\u00e4mpfen gilt. Sich dies jetzt als erfolgreichen Naturschutz an die Brust zu heften, ist eine krude Idee. <strong>Das Fell dieser Tiere zu vermarkten und zu behaupten, damit w\u00fcrde man das Auerhuhn sch\u00fctzen, ist schon fast geschmacklos<\/strong>. Von einem wissenschaftlich-wildbiologischen und nachhaltigen Standpunkt aus gesehen ist dies ohnehin Unsinn.<br \/>\n25.4.2015, Eric Doye, Kirchzarten<\/p>\n<p>Zu: &#8222;Naturschutz mit dem Pelz&#8220;, Beitrag von Felix Held (Wirtschaft, 18. April):<br \/>\n<a href=\"https:\/\/www.badische-zeitung.de\/wirtschaft-3\/landesjagdverband-vermarktet-fuchspelze--103556732.html\">https:\/\/www.badische-zeitung.de\/wirtschaft-3\/landesjagdverband-vermarktet-fuchspelze&#8211;103556732.html<\/a><\/p>\n<p>&nbsp;<\/p>\n<p>&nbsp;<\/p>\n<p><strong>Brutwillige Auerh\u00fchner sind intelligent genug, sich andere Pl\u00e4tze zu suchen<\/strong><\/p>\n<p>Vielen Dank f\u00fcr das Interview mit Prof. Schraml \u00fcber den Auerhuhnkonflikt. Endlich wird auch mal erw\u00e4hnt, dass (wen wundert es?) die Waldbewirtschaftung eine Rolle f\u00fcr die Verringerung der Auerhuhnpopulation spielt. Demzufolge ist der eigentliche Konflikt nicht zwischen Winderr\u00e4dern und Artenschutz, sondern zwischen Energieindustrie und Holzindustrie zu orten. Warum kann man nicht f\u00fcr den Fl\u00e4chenverlust durch die Windr\u00e4der an anderer Stelle im Wald Ersatzlebensbereiche f\u00fcr das Auerhuhn schaffen?<br \/>\nWeil dann der Holzertrag pro Fl\u00e4che zur\u00fcckgeht. Daf\u00fcr kann man schon zum Auerhuhnliebhaber werden. Bliebe noch die Stresserzeugung durch die Rotoren. Wenn Prof. Schraml zirka zwei Meter neben einem balzenden Auerhahn stehen kann, wird auch ein Rotor nichts bewirken, es sei denn, der Auerhahn erkennt f\u00e4lschlicherweise im Windrad einen gefl\u00fcgelten Konkurrenten. Und was brutwillige Auerhennen betrifft, so glaube ich, w\u00e4ren diese intelligent genug, nicht auf die Stelle, wo jetzt das Windrad steht, zu bestehen, sondern sich auf einen anderen daf\u00fcr vorbereiteten Platz im Wald zur\u00fcckzuziehen. Warum kann man nicht eine Testwindanlage mit Bereitstellung von Ausweichm\u00f6glichkeiten f\u00fcr das Auerhuhn verwirklichen, anstatt irgendetwas \u00fcber die biologische Beschr\u00e4nktheit der Auerh\u00fchner und anderer Tiere zu philosophieren?<br \/>\n12.10.2013, Dr. Bernd Langer, Freiburg<\/p>\n<p>Zu: &#8222;Es geht nicht nur um Fairness&#8220;, BZ-Interview mit Ulrich Schraml, Professor f\u00fcr Forst- und Umweltpolitik, \u00fcber das Auerhuhn von Martina Philipp (Land und Region, 28. September):<br \/>\n<a href=\"https:\/\/www.badische-zeitung.de\/suedwest-1\/interview-am-samstag-es-geht-nicht-nur-um-fairness--75675689.html\">https:\/\/www.badische-zeitung.de\/suedwest-1\/interview-am-samstag-es-geht-nicht-nur-um-fairness&#8211;75675689.html<\/a><\/p>\n<p>&nbsp;<\/p>\n<p>&nbsp;<\/p>\n<p><strong>\u00a0Zahmer Auerhahn an moglichem Windkraftstandort am Branden in M\u00fcnstertal <\/strong><\/p>\n<p>Wurde dieser Auerhahn also wom\u00f6glich auf dem Branden ausgesetzt, um die Windr\u00e4der dort oben zu verhindern? &#8222;Mit einer solchen Anschuldigung muss man sehr vorsichtig sein, deshalb habe ich selbst die Probe geholt und gehe davon aus, dass wir klarer sehen werden, wenn die Ergebnisse der Untersuchung vorliegen&#8220;, sagt Rudi Suchant. &#8230;. Alles vom 8.10.2013 bitte lesen auf<br \/>\n<a href=\"https:\/\/www.badische-zeitung.de\/muenstertal\/zahmer-auerhahn-an-moeglichem-windkraftstandort-gesichtet--75965024.html\">https:\/\/www.badische-zeitung.de\/muenstertal\/zahmer-auerhahn-an-moeglichem-windkraftstandort-gesichtet&#8211;75965024.html<\/a><\/p>\n<p><strong>Neuer Umwelt-Windrad Krimi?<\/strong><br \/>\nNach der Fledermaus-Mord-und-am-Windrad-Hinterlegungs-Geschichte steht uns nun erneut ein Umwelt-Windrad Krimi ins Haus?<br \/>\nDas ist in der Weltliteratur schon bald ein eigenes Genre.<br \/>\nSicher wird das die Debatte um die Effizienz der Windkraft im Schwarzwald nun in den Hintergrund dr\u00e4ngen. Gut so, Investoren vor! Kaum oder keine Rendite ist Ihnen sicher wie die Erfahrung zeigt.<br \/>\n<a href=\"https:\/\/www.badische-zeitung.de\/wirtschaft-3\/anleger-in-windparks-hinters-licht-gefuehrt--74135261.html\" target=\"_blank\" rel=\"noopener\">https:\/\/www.badische-zeitung.de\/wirtschaft-3\/anleger-in-windparks-hinters-licht-gefuehrt&#8211;74135261.html<\/a><br \/>\n9.10.203 Georg Ruch<\/p>\n<p>&nbsp;<\/p>\n<p><strong>Auerhuhn als Symbol f\u00fcr den Konflikt zwischen Arten- und Klimasch\u00fctzern<\/strong><\/p>\n<div>Ulrich Schraml,\u00a0Professor f\u00fcr Forst- und Umweltpolitik an der Universit\u00e4t Freiburg und Moderator der Arbeitsgruppe Raufu\u00dfh\u00fchner:<br \/>\n&#8222;Am Auerhuhn k\u00f6nnen Sie die ganze Naturschutzgeschichte des Schwarzwaldes erz\u00e4hlen. Das Tier ist ein sehr kraftvolles Symbol, das seine Bedeutung zun\u00e4chst im Rahmen der Jagd gewonnen hat. Inzwischen steht es f\u00fcr den Wald in seiner urspr\u00fcnglichen Form, das macht es schwer angreifbar. Man merkt das auch daran, dass Gemeinden oder Brauereien das Auerhuhn im Wappen haben&#8220;.<br \/>\n&#8230;. Alles vom 28.9.2013 bitte lesen auf<br \/>\n<a href=\"https:\/\/www.badische-zeitung.de\/suedwest-1\/interview-am-samstag-es-geht-nicht-nur-um-fairness--75675689.html\">https:\/\/www.badische-zeitung.de\/suedwest-1\/interview-am-samstag-es-geht-nicht-nur-um-fairness&#8211;75675689.html<\/a><\/div>\n","protected":false},"excerpt":{"rendered":"<p>Home &gt;Natur &gt;Tiere &gt;Vogel\u00a0&gt;Auerwild &nbsp; Listenauswahl eines Beitrags (Artikel\/Datum, Seite\/Inhalt): Klicken oder scrollen Lerchen-Sterben und Vogelsterben in Deutschland\u00a0(23.7.2025) Einst war der Auerhahn begehrt bei der Jagd der Adligen, heute steigt seine Zahl im Schwarzwald wieder (23.6.2025) Neue Kinderzimmer f\u00fcr das &hellip; <a href=\"https:\/\/www.freiburg-schwarzwald.de\/blog\/natur\/tiere\/vogel\/auerwild\/\">Weiterlesen <span class=\"meta-nav\">&rarr;<\/span><\/a><\/p>\n","protected":false},"author":4,"featured_media":0,"parent":4160,"menu_order":0,"comment_status":"open","ping_status":"closed","template":"","meta":{"footnotes":""},"class_list":["post-35763","page","type-page","status-publish","hentry"],"_links":{"self":[{"href":"https:\/\/www.freiburg-schwarzwald.de\/blog\/wp-json\/wp\/v2\/pages\/35763","targetHints":{"allow":["GET"]}}],"collection":[{"href":"https:\/\/www.freiburg-schwarzwald.de\/blog\/wp-json\/wp\/v2\/pages"}],"about":[{"href":"https:\/\/www.freiburg-schwarzwald.de\/blog\/wp-json\/wp\/v2\/types\/page"}],"author":[{"embeddable":true,"href":"https:\/\/www.freiburg-schwarzwald.de\/blog\/wp-json\/wp\/v2\/users\/4"}],"replies":[{"embeddable":true,"href":"https:\/\/www.freiburg-schwarzwald.de\/blog\/wp-json\/wp\/v2\/comments?post=35763"}],"version-history":[{"count":5,"href":"https:\/\/www.freiburg-schwarzwald.de\/blog\/wp-json\/wp\/v2\/pages\/35763\/revisions"}],"predecessor-version":[{"id":136790,"href":"https:\/\/www.freiburg-schwarzwald.de\/blog\/wp-json\/wp\/v2\/pages\/35763\/revisions\/136790"}],"up":[{"embeddable":true,"href":"https:\/\/www.freiburg-schwarzwald.de\/blog\/wp-json\/wp\/v2\/pages\/4160"}],"wp:attachment":[{"href":"https:\/\/www.freiburg-schwarzwald.de\/blog\/wp-json\/wp\/v2\/media?parent=35763"}],"curies":[{"name":"wp","href":"https:\/\/api.w.org\/{rel}","templated":true}]}}