{"id":35710,"date":"2013-08-05T08:59:17","date_gmt":"2013-08-05T06:59:17","guid":{"rendered":"https:\/\/www.freiburg-schwarzwald.de\/blog\/?page_id=35710"},"modified":"2025-09-05T12:58:37","modified_gmt":"2025-09-05T10:58:37","slug":"fledermaus","status":"publish","type":"page","link":"https:\/\/www.freiburg-schwarzwald.de\/blog\/natur\/tiere\/fledermaus\/","title":{"rendered":"Fledermaus"},"content":{"rendered":"<p>Home &gt;<a title=\"Natur\" href=\"https:\/\/www.freiburg-schwarzwald.de\/blog\/natur\/\">Natur<\/a> &gt;<a title=\"Tiere\" href=\"https:\/\/www.freiburg-schwarzwald.de\/blog\/natur\/tiere\/\">Tiere<\/a> &gt;Fledermaus<\/p>\n<div id=\"attachment_34827\" style=\"width: 648px\" class=\"wp-caption alignnone\"><a href=\"https:\/\/www.freiburg-schwarzwald.de\/blog\/selbsthilfe\/sucht\/drogen\/drogenberatung-kobra\/haeussleberg-oberried-pan130715\/\" rel=\"attachment wp-att-34827\"><img loading=\"lazy\" decoding=\"async\" aria-describedby=\"caption-attachment-34827\" class=\"size-full wp-image-34827\" title=\"haeussleberg-oberried.pan130715\" src=\"https:\/\/www.freiburg-schwarzwald.de\/blog\/wp-content\/uploads\/2013\/07\/haeussleberg-oberried.pan130715.jpg\" alt=\"\" width=\"638\" height=\"276\" srcset=\"https:\/\/www.freiburg-schwarzwald.de\/blog\/wp-content\/uploads\/2013\/07\/haeussleberg-oberried.pan130715.jpg 638w, https:\/\/www.freiburg-schwarzwald.de\/blog\/wp-content\/uploads\/2013\/07\/haeussleberg-oberried.pan130715-180x77.jpg 180w\" sizes=\"auto, (max-width: 638px) 100vw, 638px\" \/><\/a><p id=\"caption-attachment-34827\" class=\"wp-caption-text\">Blick nach Nordosten \u00fcber Oberried zum H\u00e4usleberg (Mitte) und Roteck (rechts) vorm Hinterwaldkopf am 15.7.2013<\/p><\/div>\n<ul>\n<li><em>Listenauswahl eines Beitrags (Artikel\/Datum, Seite\/Inhalt): <span style=\"text-decoration: underline;\">Klicken<\/span> oder scrollen<\/em><\/li>\n<li>Windkraft: 200.000 \u2013 250.000 tote Flederm\u00e4use pro Jahr (2.9.2025)<\/li>\n<li>Wie Fledermaus-Babys in Malsburg-Marzell zur\u00fcck zu ihren M\u00fcttern finden (5.7.2022)<\/li>\n<li>Lichtverschmutzung und Fledermaus (5.8.2013)<\/li>\n<li><a href=\"https:\/\/www.freiburg-schwarzwald.de\/littenweiler\/oberwiehre1.htm#M\u00f6slepark und Konrad-Guenther-Park: Wertvoller Lebensraum\">M\u00f6slepark und Konrad-Guenther-Park: Wertvoller Lebensraum<\/a> &gt;Oberwiehre1 (30.12.2009)<\/li>\n<li><a href=\"https:\/\/www.freiburg-schwarzwald.de\/littenweiler\/waldsee.htm#Was treibt nachts die Fledermaus: Nacht der Umwelt\">Was treibt nachts die Fledermaus: Nacht der Umwelt<\/a> &gt;Waldsee (24.4.2007)<\/li>\n<li><a href=\"https:\/\/www.freiburg-schwarzwald.de\/tiere4.htm#Flederm\u00e4use: Edmund Hensle k\u00fcmmert sich um verirrte Tiere\">Flederm\u00e4use: Edmund Hensle k\u00fcmmert sich um verirrte Tiere<\/a> &gt;Tiere4 (11.4.2006)<\/li>\n<li><a href=\"https:\/\/www.freiburg-schwarzwald.de\/blog\/energie\/wind\/windkraft\/\">Windkraft<\/a><\/li>\n<\/ul>\n<p>&nbsp;<\/p>\n<p>&nbsp;<\/p>\n<p><strong>Windkraft: 200.000 \u2013 250.000 tote Flederm\u00e4use pro Jahr<\/strong><br \/>\nDie Deutsche Wildtierstiftung geht von 200.000 \u2013 250.000 aus.<br \/>\nDort wei\u00dft man besonders auf den Ausbau in W\u00e4ldern hin, der erhebliche Auswirkungen auf die Flederm\u00e4use, die in W\u00e4ldern leben, haben wird.<br \/>\nDie Deutsche Wildtier Stiftung ist f\u00fcr den Ausbau der Erneuerbaren Energien. Aber der Ausbau der Windenergie ist zur Gefahr f\u00fcr zahlreiche Wildtiere geworden. Die Abw\u00e4gung aller naturschutzfachlichen Belange ist notwendig, bevor Windparks errichtet werden. So fallen in Deutschland jedes Jahr rund 250.000 Flederm\u00e4use und Tausende Greifv\u00f6gel den Windenergieanlagen zum Opfer. Das gilt besonders im Wald. In den f\u00fcr Windparks geeigneten Hochlagen finden sich vielfach wertvolle, alte und naturnahe Waldbest\u00e4nde, die ein Garant der biologischen Vielfalt sind. Deutschland braucht dringend einen einheitlichen, hohen Standard, um den Natur- und Artenschutz in die Energiepolitik zu integrieren. Wir erheben unsere Stimme \u2013 mit Stellungnahmen an die Verantwortlichen und Diskussionsbeitr\u00e4gen.<br \/>\n&#8230; Alles vom 2.9.2025 bitte lesen auf<br \/>\n<a href=\"https:\/\/www.deutschewildtierstiftung.de\/naturschutz\/windenergie-und-artenschutz\">https:\/\/www.deutschewildtierstiftung.de\/naturschutz\/windenergie-und-artenschutz<\/a><br \/>\n.<br \/>\n<a href=\"https:\/\/klimanachrichten.de\/2025\/09\/01\/bat-night-bad-news\/\">https:\/\/klimanachrichten.de\/2025\/09\/01\/bat-night-bad-news\/<\/a><\/p>\n<p>&nbsp;<\/p>\n<p><strong>Wie Fledermaus-Babys in Malsburg-Marzell zur\u00fcck zu ihren M\u00fcttern finden<\/strong><br \/>\n&#8222;Ich sa\u00df abends im Wohnzimmer, auf einmal kommt was geflogen&#8220;, berichtet Gerda Bauer, die zun\u00e4chst an einen verirrten Vogel dachte. Das fliegende Objekt entpuppte sich jedoch als Fledermaus. Als diese wieder durch ein Fenster flatterte, entdeckte Gerda Bauer einen winzig kleinen Fledermaus-S\u00e4ugling am Boden. Am n\u00e4chsten Tag fand sie weitere der nur rund zwei Gramm schweren Babys. Sie informiert Carolin Schaller, die der AGF, der Arbeitsgemeinschaft Fledermausschutz Baden-W\u00fcrttemberg, angeh\u00f6rt und im Hauptberuf als Umweltgutachterin auf Flederm\u00e4use spezialisiert ist.<br \/>\nCarolin Schaller konnte gleich sagen: Bei den elf Findlingen handelt es sich um Zwergflederm\u00e4use, die zu den h\u00e4ufigsten Arten z\u00e4hlen. Anfang Juni kommen die Jungtiere zur Welt und werden von ihren M\u00fcttern ges\u00e4ugt. Zur Geburt und Aufzucht der Jungtiere finden sich die Weibchen in so genannten Wochenstuben zusammen. Das k\u00f6nnen mal zehn Fledermausm\u00fctter sein oder auch mehrere hundert oder bei Mausohren-Flederm\u00e4usen sogar tausend Muttertiere umfassen, erz\u00e4hlt Carolin Schaller. Die Babys krallen sich am Bauchfell der Mutter fest.<br \/>\nDie verwaisten Jungtiere, sie sind zwischen f\u00fcnf und 14 Tagen alt, hat Schaller in einer Schuhschachtel aufbewahrt. Mit Pipette und einer speziellen Aufzuchtmilch versorgt sie die Babys mehrmals am Tag. Die winzigen Flattertiere sind noch nackt und k\u00f6nnen nicht fliegen. Erst im Alter von sechs bis acht Wochen starten sie ihre ersten Flugversuche.<br \/>\nEs kommt immer wieder mal vor, dass ein Jungtier verloren geht, aber gleich elf St\u00fcck, das sei in der Tat sehr au\u00dfergew\u00f6hnlich, best\u00e4tigt auch Ingrid Kaipf, Vorsitzende der AGF. Sie vermutet, dass es den Muttertieren im Quartier unter dem Dachgiebel der Bauers zu warm geworden ist und sie deswegen ausgeflogen sind. In Baden-W\u00fcrttemberg leben 21 Fledermaus-Arten, die alle auf der &#8222;Roten Liste&#8220; der gef\u00e4hrdeten Tierarten stehen. In den vergangenen Jahren sind die Fledermausvorkommen drastisch zur\u00fcckgegangen. Den Tieren fehlt es an Nahrung. Flederm\u00e4use ern\u00e4hren sich von Insekten. Doch auch hier ist der R\u00fcckgang erschreckend aufgrund der intensiven Bewirtschaftung und Einsatz von Pestiziden. Auch die Quartiere der Flederm\u00e4use, sei es in B\u00e4umen, H\u00f6hlen, Dachb\u00f6den, Fassaden oder Scheunen, sind streng gesch\u00fctzt. Jungtiere sollten daher immer zu den M\u00fcttern zur\u00fcckgef\u00fchrt werden. Ein Unterfangen, das nicht ganz einfach ist.<\/p>\n<p>Dienstagabend gegen 21.30 Uhr ist es soweit. Auf der Terrasse unterhalb des Dachgiebels von Familie Bauer stellt Carolin Schaller einen Fledermausturm parat. Er besteht aus einer Sch\u00fcssel, in der sich eine mit warmen Wasser gef\u00fcllte Flasche befindet, \u00fcber die eine Socke gest\u00fclpt wurde. Die winzigen Fledermausbabys setzt sie nun vorsichtig auf die Socke. Mit Hilfe ihres Bat-Detektors kann die Marzeller Fledermausexpertin die f\u00fcr den Menschen nicht wahrnehmbaren Rufe der Flederm\u00e4use auf dem Smartphone in h\u00f6rbare Frequenzen umwandeln. Das Pfeifen und Quietschen h\u00f6rt sich an wie ein Funkruf von Aliens aus dem Weltall. &#8222;Das sind die Babys, sie rufen nach ihren M\u00fcttern&#8220;, wei\u00df Schaller. Nun hei\u00dft es abwarten und hoffen, denn die M\u00fctter k\u00f6nnen die Jungtiere am Ruf erkennen.<br \/>\nL\u00e4ngst d\u00e4mmert es und der Nachthimmel leuchtet dunkelblau \u00fcber den D\u00e4chern. Pl\u00f6tzlich beginnt das Flattern. Min\u00fctlich schwirren Flederm\u00e4use aus dem Dachgiebel der Bauers und flattern in die Nacht, um nach Insekten zu jagen. Es d\u00fcrften um die 30 St\u00fcck sein. Gegen 22 Uhr kehren erste Flederm\u00e4use zur\u00fcck und kreisen \u00fcber der Terrasse. Ob sie die Rufe der Babys geh\u00f6rt haben? Mittlerweile ist es so dunkel geworden, dass man den Fledermausturm mit den kleinen Findlingen nicht mehr erkennen kann. Inzwischen haben sich einige Zuschauer zum Ehepaar Bauer auf die Stra\u00dfe gesellt. Alle bangen und hoffen, dass die R\u00fcckf\u00fchrung gelingt. Am Mittwochmorgen meldet Carolin Schaller, dass es zwei Babys weniger sind, hier hat die Abholung durch die M\u00fctter geklappt. Die anderen Findlinge werden nun tags\u00fcber weiter von ihr versorgt. Bei Einbruch der D\u00e4mmerung will sie einen zweiten Versuch starten und hofft, dass auch die restlichen Flederm\u00e4use zu ihrer Mama finden.<br \/>\n&#8230; Alles vom 5.7.2022 von Birgit-Catrin Duval bitte lesen auf<br \/>\n<a href=\"https:\/\/www.badische-zeitung.de\/wie-fledermaus-babys-in-malsburg-marzell-zurueck-zu-ihren-muettern-finden--214282330.html\">https:\/\/www.badische-zeitung.de\/wie-fledermaus-babys-in-malsburg-marzell-zurueck-zu-ihren-muettern-finden&#8211;214282330.html<\/a><\/p>\n<p><em>Fledermaus-Hilfe<\/em><br \/>\n<em>Die Arbeitsgemeinschaft Fledermausschutz Baden-W\u00fcrttemberg, der Carolin Schaller aus Malsburg-Marzell angeh\u00f6rt, hat es sich als anerkannte Naturschutzvereinigung in Baden-W\u00fcrttemberg dem Schutz und der F\u00f6rderung bedrohter Fledermausarten verschrieben. Auf der Webseite http:\/\/www.agf-bw.de findet man weitere Informationen \u00fcber die Tiere sowie auch ein Fledermaus-Nottelefon und Infos dazu, was zu tun ist, wenn man eine junge oder verletzte Fledermaus gefunden hat.<\/em><\/p>\n<p>&nbsp;<\/p>\n<p>.<\/p>\n<p>&nbsp;<\/p>\n<p><strong>Lichtverschmutzung und Fledermaus<\/strong><\/p>\n<p>Eigentlich sind Flederm\u00e4use nur w\u00e4hrend der Dunkelheit au\u00dferhalb ihres sch\u00fctzenden Quartiers aktiv. So vermeiden sie Nahrungskonkurrenz zum Beispiel mit insektenfressenden V\u00f6geln, und sie entgehen tagaktiven Raubv\u00f6geln. Wenn man die Auswirkungen von k\u00fcnstlichem Licht auf die Fauna untersuchen m\u00f6chte, bieten sie sich also besonders an. Die n\u00e4chtliche Nische der Flederm\u00e4use wird mehr und mehr durch k\u00fcnstliches Licht erhellt. Man spricht auch von Lichtverschmutzung. Es liegt daher nahe, dass sich Lichtverschmutzung auf das Verhalten von Flederm\u00e4usen auswirkt. Da alle heimischen Arten unter Schutz stehen und die Populationen der meisten stagnieren oder sogar abnehmen, ist es sehr wichtig zu wissen, welche Arten wie auf k\u00fcnstliches Licht reagieren. &#8230;<br \/>\nAlles vom 5.8.201^3 bitte lesen auf<br \/>\n<a href=\"https:\/\/www.badische-zeitung.de\/freiburg\/ein-berliner-erforscht-das-verhalten-von-freiburger-fledermaeusen\">https:\/\/www.badische-zeitung.de\/freiburg\/ein-berliner-erforscht-das-verhalten-von-freiburger-fledermaeusen<\/a><\/p>\n<p>Projekt\u00a0&#8222;Verlust der Nacht&#8220; mit interdisziplin\u00e4rem Forschungsverbund Lichtverschmutzung <a title=\"\" href=\"https:\/\/www.verlustdernacht.de\/\" target=\"_blank\" rel=\"noopener\">https:\/\/www.verlustdernacht.de<\/a><\/p>\n<div>Im Rahmen dieses Projektes arbeitet Daniel Lewanzik, 30,\u00a0Doktorand am Leibniz-Institut f\u00fcr Zoo- und Wildtierforschung in Berlin. Sein Forschungsvorhaben in Freiburg ist Teil seiner Doktorarbeit &#8222;Auswirkungen von k\u00fcnstlichem Licht auf obligat nachtaktive S\u00e4ugetiere (Flederm\u00e4use)&#8220;, f\u00fcr die er auch in Delbr\u00fcck, Rietberg, Coburg, Berlin, Schulzendorf und Velten Batcorder-Messungen macht.<\/div>\n<div>Ich hatte in der Innenstadt sieben Batcorder aufgeh\u00e4ngt \u2013 unter anderem auf der Kaiser-Joseph-Stra\u00dfe, in der Bertoldstra\u00dfe und in der Herrenstra\u00dfe. Besonders in der Herrenstra\u00dfe ist in der Nacht richtig was los.<\/div>\n","protected":false},"excerpt":{"rendered":"<p>Home &gt;Natur &gt;Tiere &gt;Fledermaus Listenauswahl eines Beitrags (Artikel\/Datum, Seite\/Inhalt): Klicken oder scrollen Windkraft: 200.000 \u2013 250.000 tote Flederm\u00e4use pro Jahr (2.9.2025) Wie Fledermaus-Babys in Malsburg-Marzell zur\u00fcck zu ihren M\u00fcttern finden (5.7.2022) Lichtverschmutzung und Fledermaus (5.8.2013) M\u00f6slepark und Konrad-Guenther-Park: Wertvoller Lebensraum &hellip; <a href=\"https:\/\/www.freiburg-schwarzwald.de\/blog\/natur\/tiere\/fledermaus\/\">Weiterlesen <span class=\"meta-nav\">&rarr;<\/span><\/a><\/p>\n","protected":false},"author":4,"featured_media":0,"parent":256,"menu_order":0,"comment_status":"open","ping_status":"closed","template":"","meta":{"footnotes":""},"class_list":["post-35710","page","type-page","status-publish","hentry"],"_links":{"self":[{"href":"https:\/\/www.freiburg-schwarzwald.de\/blog\/wp-json\/wp\/v2\/pages\/35710","targetHints":{"allow":["GET"]}}],"collection":[{"href":"https:\/\/www.freiburg-schwarzwald.de\/blog\/wp-json\/wp\/v2\/pages"}],"about":[{"href":"https:\/\/www.freiburg-schwarzwald.de\/blog\/wp-json\/wp\/v2\/types\/page"}],"author":[{"embeddable":true,"href":"https:\/\/www.freiburg-schwarzwald.de\/blog\/wp-json\/wp\/v2\/users\/4"}],"replies":[{"embeddable":true,"href":"https:\/\/www.freiburg-schwarzwald.de\/blog\/wp-json\/wp\/v2\/comments?post=35710"}],"version-history":[{"count":4,"href":"https:\/\/www.freiburg-schwarzwald.de\/blog\/wp-json\/wp\/v2\/pages\/35710\/revisions"}],"predecessor-version":[{"id":138777,"href":"https:\/\/www.freiburg-schwarzwald.de\/blog\/wp-json\/wp\/v2\/pages\/35710\/revisions\/138777"}],"up":[{"embeddable":true,"href":"https:\/\/www.freiburg-schwarzwald.de\/blog\/wp-json\/wp\/v2\/pages\/256"}],"wp:attachment":[{"href":"https:\/\/www.freiburg-schwarzwald.de\/blog\/wp-json\/wp\/v2\/media?parent=35710"}],"curies":[{"name":"wp","href":"https:\/\/api.w.org\/{rel}","templated":true}]}}