{"id":34499,"date":"2013-07-11T11:47:34","date_gmt":"2013-07-11T09:47:34","guid":{"rendered":"https:\/\/www.freiburg-schwarzwald.de\/blog\/?page_id=34499"},"modified":"2015-08-02T09:58:44","modified_gmt":"2015-08-02T07:58:44","slug":"ordnungsdienst","status":"publish","type":"page","link":"https:\/\/www.freiburg-schwarzwald.de\/blog\/selbsthilfe\/soziales\/justiz\/ordnungsdienst\/","title":{"rendered":"Ordnungsdienst"},"content":{"rendered":"<p>Home &gt;<a title=\"Selbsthilfe\" href=\"https:\/\/www.freiburg-schwarzwald.de\/blog\/selbsthilfe\/\">Selbsthilfe<\/a>\u00a0&gt;<a title=\"Soziales\" href=\"https:\/\/www.freiburg-schwarzwald.de\/blog\/soziales\/\">Soziales<\/a> &gt;<a title=\"Justiz\" href=\"https:\/\/www.freiburg-schwarzwald.de\/blog\/selbsthilfe\/soziales\/justiz\/\">Justiz<\/a> &gt;Ordnungsdienst &#8211; Kommunaler Ordnungsdienst KOD<\/p>\n<div id=\"attachment_35886\" style=\"width: 649px\" class=\"wp-caption alignnone\"><a href=\"https:\/\/www.freiburg-schwarzwald.de\/blog\/strandbad-tischtennis-krebshilfe\/strandbad5abendsonne-pan130804\/\" rel=\"attachment wp-att-35886\"><img loading=\"lazy\" decoding=\"async\" aria-describedby=\"caption-attachment-35886\" class=\"size-full wp-image-35886\" title=\"strandbad5abendsonne-pan130804\" src=\"https:\/\/www.freiburg-schwarzwald.de\/blog\/wp-content\/uploads\/2013\/07\/strandbad5abendsonne-pan130804.jpg\" alt=\"\" width=\"639\" height=\"279\" srcset=\"https:\/\/www.freiburg-schwarzwald.de\/blog\/wp-content\/uploads\/2013\/07\/strandbad5abendsonne-pan130804.jpg 639w, https:\/\/www.freiburg-schwarzwald.de\/blog\/wp-content\/uploads\/2013\/07\/strandbad5abendsonne-pan130804-180x78.jpg 180w\" sizes=\"auto, (max-width: 639px) 100vw, 639px\" \/><\/a><p id=\"caption-attachment-35886\" class=\"wp-caption-text\">Abendsonne um 20 Uhr genie\u00dfen auf der Bank im Freiburger Strandbad am 4.8.2013 &#8211; Blick nach Westen<\/p><\/div>\n<p>&nbsp;<\/p>\n<ul>\n<li>Nein zum KOD &#8211; Stadt hat sich in Sachen L\u00e4rm von einer aktiven, gestalterischen Politik verabschiedet (1.8.2015)<\/li>\n<li>WIR-Initiative f\u00fcr KOD (8.3.2015)<\/li>\n<li>Gemeinderat stoppt Einf\u00fchrung eines Kommunalen Ordnungsdienstes KOD (20.10.2014)<\/li>\n<li><a href=\"https:\/\/www.freiburg-schwarzwald.de\/blog\/umf-polizei-und-politik-hilflos\/\">https:\/\/www.freiburg-schwarzwald.de\/blog\/umf-polizei-und-politik-hilflos\/<\/a>\u00a0(24.5.2014)<\/li>\n<li>Petition von Sebastian M\u00fcller: Kommunalen Ordnungsdienst abschaffen (25.4.2014)<\/li>\n<li>Mehrheit stimmt f\u00fcr KOD-Konzept: 1 Mio Euro im Jahr (26.3.2014)<\/li>\n<li>KOD f\u00fcr Freiburg mit 25 zu 24 Stimmen beschlossen (28.11.2013)<\/li>\n<li>H\u00fchner, F\u00fcchs un J\u00e4ger &#8211; KOD (27.11.2013)<\/li>\n<li><a href=\"https:\/\/www.freiburg-schwarzwald.de\/blog\/larm-muell-schmierereien\/\">https:\/\/www.freiburg-schwarzwald.de\/blog\/larm-muell-schmierereien\/<\/a>\u00a0(7.2.2013)<\/li>\n<li><a href=\"https:\/\/www.freiburg-schwarzwald.de\/blog\/kod-laerm-strafe-muss-sein\/\">https:\/\/www.freiburg-schwarzwald.de\/blog\/kod-laerm-strafe-muss-sein\/<\/a>\u00a0(31.1.2013)<\/li>\n<li>Stellen Sie Regeln auf\u00a0 &#8211; Anwohner fordern KOD (11.7.2013)<\/li>\n<li><\/li>\n<li><a title=\"Augustinerplatz\" href=\"https:\/\/www.freiburg-schwarzwald.de\/blog\/regio\/freiburg\/augustinerplatz\/\">Augustinerplatz<\/a><\/li>\n<li><a title=\"Laerm\" href=\"https:\/\/www.freiburg-schwarzwald.de\/blog\/natur\/umwelt\/laerm\/\">L\u00e4rm<\/a><\/li>\n<li><a title=\"Oeffentlicher-Raum\" href=\"https:\/\/www.freiburg-schwarzwald.de\/blog\/kultur\/oeffentlicher-raum\/\">\u00d6ffentlicher Raum <\/a><\/li>\n<li><a title=\"Polizei\" href=\"https:\/\/www.freiburg-schwarzwald.de\/blog\/selbsthilfe\/soziales\/justiz\/polizei\/\">Polizei<\/a><\/li>\n<li><a title=\"Rechtsstaat\" href=\"https:\/\/www.freiburg-schwarzwald.de\/blog\/selbsthilfe\/soziales\/justiz\/rechtsstaat\/\">Rechtsstaat<\/a><\/li>\n<\/ul>\n<p>&nbsp;<\/p>\n<p>&nbsp;<\/p>\n<p><strong>Nein zum KOD &#8211; Stadt hat sich in Sachen L\u00e4rm von einer aktiven, gestalterischen Politik verabschiedet<\/strong><\/p>\n<p>Umkehrung des Verursacherprinzips: Nicht der (L\u00e4rm-)Verursacher soll gehen\/sich einschr\u00e4nken, sondern die davon Betroffenen. Wie w\u00e4re es statt \u201eZiehen Sie doch in den Schwarzwald\u201c analog mit \u201eGehen Sie zum Feiern doch in den Wald\u201c. Ich halte beides f\u00fcr keine sinnvolle Argumentation und der Sache nicht dienlich.<\/p>\n<p>Allen weiteren Kommentatoren, die z.B. schreiben m\u00f6chten \u201eDie Anwohner erwarten Grabesruhe\u201c; \u201eIn einer Stadt ist es auch mal laut\u201c; \u201eJunge Menschen m\u00f6chten auch in nichtkommerziellem Umfeld feiern k\u00f6nnen\u201c, \u201eWenn man in der Innenstadt wohnt, muss man damit rechnen\/leben\u201c usw. sei gesagt:<br \/>\n\u201eNein, niemand m\u00f6chte und erwartet Grabesruhe\u201c; \u201eJa, in einer Gro\u00dfstadt ist es auch abends laut\u201c; \u201eJa, (junge) Menschen ben\u00f6tigen Platz\/Raum auch im nichtkommerziellen, \u00f6ffentlichen Raum\u201c; \u201eJa, in der Innenstadt zu wohnen ist auch sch\u00f6n und man muss neben gewissen Vorteilen auch Einschr\u00e4nkungen in Kauf nehmen.\u201c<\/p>\n<p>Daraus aber abzuleiten, dass Innenstadtbewohner nahezu alles tolerieren sollen, (nur) weil sie in der Innenstadt wohnen halte ich f\u00fcr falsch. Auch in einer Innenstadt gelten Spielregeln und Gesetze (z.B. zum L\u00e4rm- und Umweltschutz).<br \/>\nEs geht nach meiner Kenntnis somit vielen Anwohnern nicht um den &#8211; in einer Gro\u00dfstadt zu erwartenden &#8211; \u201enormalen\u201c L\u00e4rmpegel, sondern die dauerhaften \u00dcberschreitungen und deutlichen Abweichungen von festgelegten Grenzwerten und Spielregeln. Dies einzud\u00e4mmen im Interesse aller Beteiligten; hierzu &#8211; und nur hierzu &#8211; war der KOD meines Erachtens angedacht.<br \/>\nDie lokale Stadtpolitik hat sich mit dem NEIN zum KOD von einer aktiven, gestaltenden Rolle ganz offensichtlich verabschiedet. Die Problematik wird weder angemessen zur Kenntnis genommen &#8211; siehe Kommentar des OB &#8211; noch werden Alternativen zum KOD gepr\u00fcft. Schade.<br \/>\n1.8.2015, Otto M\u00fcller<\/p>\n<p>.<\/p>\n<p><strong>WIR-Initiative f\u00fcr KOD<\/strong><br \/>\nDie Stadt hat es verpasst, durch die Einf\u00fchrung des Kommunalen Ordnungsdienstes ein klares Signal zu setzen.<br \/>\nSomit ist Freiburgs n\u00e4chtliche Innenstadt weiter sturmfreie Bude f\u00fcr Partyg\u00e4nger, Kriminalit\u00e4t und Vandalismus. &#8230;<br \/>\nKomplettes Interview mit Sandra Gintaut-Lutz von der Initiative\u00a0<a title=\"WIR \u2013 Die Freiburger Innenstadt\" href=\"https:\/\/www.freiburg-schwarzwald.de\/blog\/wir-die-freiburger-innenstadt\/\">WIR-Die Freiburger Innenstadt<\/a><br \/>\nvom 8.3.2015 bitte lesen auf<a href=\"https:\/\/www.der-sonntag.de%20\"> www.der-sonntag.de <\/a><\/p>\n<p>&nbsp;<\/p>\n<p><strong>Gemeinderat stoppt Einf\u00fchrung eines Kommunalen Ordnungsdienstes KOD<br \/>\n<\/strong>Der Gemeinderat kippte den KOD mit 25 gegen 22 Stimmen\u00a0recht knapp, aber ohne Alternative. &#8222;Auf die warten wir jetzt&#8220; &#8211; so Henrike Beck, wohnhaft am Augustinerplatz und Vorstand im Lokalverein Innenstadt.<\/p>\n<p>Lokalverein Innenstadt will klagen<br \/>\n<a href=\"https:\/\/www.badische-zeitung.de\/freiburg\/nach-dem-aus-fuer-den-kod-wollen-die-city-bewohner-klagen--92774261.html\">https:\/\/www.badische-zeitung.de\/freiburg\/nach-dem-aus-fuer-den-kod-wollen-die-city-bewohner-klagen&#8211;92774261.html<\/a><\/p>\n<p><strong>Das KOD-Konzept hat 100.000 Euro gekostet<\/strong><br \/>\n<a href=\"https:\/\/www.badische-zeitung.de\/freiburg\/das-konzept-fuer-den-kod-hat-rund-100-000-euro-gekostet--92638345.html\">https:\/\/www.badische-zeitung.de\/freiburg\/das-konzept-fuer-den-kod-hat-rund-100-000-euro-gekostet&#8211;92638345.html<\/a><\/p>\n<p>&nbsp;<\/p>\n<p><strong>Einzelne P\u00f6bler und Stressmacher gezielt zur Ausn\u00fcchterung<\/strong><br \/>\nOb KOD oder Polizei ist im Endeffekt ja egal: Allen w\u00e4re am meisten damit gedient, wenn einzelne P\u00f6bler und Stressmacher gezielt rausgepickt und zur Ausn\u00fcchterung abtransportiert w\u00fcrden und der Rest einfach friedlich und in normaler Lautst\u00e4rke weiterfeiern d\u00fcrfte. Man muss halt leider ein gewisses sozialkompatibles Verhalten erzwingen, aber deswegen generelle Verbote wie kein Alkohol in der Innenstadt etc. pp. auszusprechen macht wenig Sinn. Freiburg hat ein aktives Nachtleben und das ist nicht nur eine Einnahmequelle f\u00fcr die Gastronomie und damit die Stadt, sondern macht die Stadt nat\u00fcrlich auch attraktiv. Das sollte unbedingt so bleiben &#8211; in einem Ma\u00df, dass Anwohner und Feierw\u00fctige gemeinsam auf ihre Kosten kommen.<br \/>\n22.10.2014, Axel Roland<\/p>\n<p>&nbsp;<\/p>\n<p><strong>B\u00fcrgerwehr im Raum Karlsruhe-Pforzheim<\/strong><\/p>\n<p>Im Raum Karlsruhe-Pforzheim haben \u00fcber 70 % der B\u00fcrger f\u00fcr eine B\u00fcrgerwehr ausgesprochen.<br \/>\n<a href=\"https:\/\/www.ka-news.de\/region\/karlsruhe\/Umfrageergebnis-Ja-Buergerwehren-sind-eine-gute-Sache;art6066,1377546\">https:\/\/www.ka-news.de\/region\/karlsruhe\/Umfrageergebnis-Ja-Buergerwehren-sind-eine-gute-Sache;art6066,1377546<\/a> . So wurde der Verdopplung der Wohnungseinbr\u00fcchen begegnet.<br \/>\n28.4.2014<\/p>\n<p>&nbsp;<\/p>\n<p>&nbsp;<\/p>\n<p><strong>Petition von Sebastian M\u00fcller: Kommunalen Ordnungsdienst abschaffen<\/strong><br \/>\nIn der Online-Unterschriftenaktion des &#8222;Jugendb\u00fcndnis gegen den Kommunalen Ordnungsdienst&#8220; wird angemahnt, dass &#8222;20 Mitarbeiter des KOD an Wochenenden und vor Feiertagen in der Innenstadt und vor allem auf dem Augustinerplatz patrouillieren, um f\u00fcr Ruhe und Ordnung zu sorgen. Wenige Bewohner der Innenstadt w\u00fcrden damit privilegiert gegen\u00fcber allen anderen Freiburgern.&#8220; &#8230;<br \/>\n<a href=\"https:\/\/www.change.org\/de\/Petitionen\/oberb%C3%BCrgermeister-gemeinderat-der-stadt-freiburg-kommunalen-ordnungsdienst-abschaffen\">https:\/\/www.change.org\/de\/Petitionen\/oberb%C3%BCrgermeister-gemeinderat-der-stadt-freiburg-kommunalen-ordnungsdienst-abschaffen<\/a><br \/>\n.<br \/>\nIch wei\u00df nicht, was das Jugendb\u00fcndnis will: Wer sich nachts nicht gr\u00f6hlend durch die Stadt s\u00e4uft, die Topfpflanzen stehen l\u00e4sst, seinen McDonalds- M\u00fcll mitnimmt und nicht in jeden Hauseingang pinkelt, den wird der kommunale Ordnungsdienst nicht einmal ansprechen.<br \/>\n25.4.2014, Sebastian Varbelow<br \/>\n&#8230;.<\/p>\n<p><strong>Mehrheit stimmt f\u00fcr KOD-Konzept: 1 Mio Euro im Jahr<\/strong><br \/>\nFreiburg bekommt einen Kommunalen Ordnungsdienst: 18 Vollzeitstellen f\u00fcr 1 Million Euro j\u00e4hrlich. Das hat der Gemeinderat am 25.3.2014 beschlossen. Zuvor hatten knapp 200 Demonstranten gegen den KOD demonstriert. &#8230;.<br \/>\nAlles vom 26.3.2014 bitte lesen auf<br \/>\n<a href=\"https:\/\/www.badische-zeitung.de\/freiburg-mehrheit-stimmt-fuer-kod-konzept-demo-vor-rathaus\">https:\/\/www.badische-zeitung.de\/freiburg-mehrheit-stimmt-fuer-kod-konzept-demo-vor-rathaus<\/a><br \/>\n.<br \/>\n<strong>Ab 4 Uhr zwischen Augustinerplatz und Hauptbahnhof<\/strong><br \/>\nAllen denjenigen, die auf dem Rathausplatz demonstriert haben und allen denjenigen, die im Stadtrat gegen den KOD gestimmt haben, kann ich nur eines empfehlen: Begebt Euch einmal am Samstag- oder Sonntagmorgen (so ab 4:00 Uhr) aus Euren Studentenbuden bzw. Villen am Stadtrand und geht auf Freiburgs &#8222;Partymeile&#8220; zwischen Augustinerplatz und Hauptbahnhof: Aber aufgepasst: Ihr k\u00f6nntet in Glasscherben oder McDonalds-M\u00fcll treten, von gar von so &#8222;friedlichen&#8220; Partyg\u00e4ngern angep\u00f6pelt oder gar k\u00f6rperlich angegangen werden. Auch Topfpflanzen k\u00f6nnten euch von der Stadtbahnbr\u00fccke entgegenfliegen und wenn Ihr endlich den Zug erreicht habt (um dem ganzen entfliehen zu wollen), passt auf: Dieser Zug k\u00f6nnte unterwegs auch angez\u00fcndet werden (alles erlebt!). Und als Belohnung f\u00fcr Euer Fr\u00fchaufstehen seit Ihr die n\u00e4chsten 2 Stunden dann herzlich eingeladen, der Stadtreinigung zu helfen, den M\u00fcll dieser Verantwortungslosen wieder wegzufegen!<br \/>\n25.3.2014, Siegfried Varbelow<br \/>\n.<\/p>\n<p><strong>KOD f\u00fcr Freiburg mit 25 zu 24 Stimmen beschlossen<\/strong><br \/>\nCDU, SPD, FDP und Freie W\u00e4hler stimmen daf\u00fcr, die Gr\u00fcnen, die Unabh\u00e4ngigen Listen und die Gr\u00fcne Alternative dagegen \u2013 ebenso wie Oberb\u00fcrgermeister Dieter Salomon. Von den Fraktionen pro KOD hatte lediglich SPD-R\u00e4tin Karin Seebacher mit &#8222;Nein&#8220; gestimmt. &#8230;.<br \/>\nAlles vom 28.11.2013 bitte lesen auf<br \/>\n<a href=\"https:\/\/www.badische-zeitung.de\/25-zu-24-freiburger-gemeinderaete-beschliessen-kommunalen-ordnungsdienst\">https:\/\/www.badische-zeitung.de\/25-zu-24-freiburger-gemeinderaete-beschliessen-kommunalen-ordnungsdienst<\/a><\/p>\n<p>&nbsp;<\/p>\n<p><strong>H\u00fchner, F\u00fcchs un J\u00e4ger &#8211; KOD<\/strong><br \/>\nAn de L\u00e4rmbrennpunkte in de Stadt isch kei Besserung in \u201eH\u00f6rweite\u201c. L\u00e4rmpegelmessunge, Fachtagunge, Rundi Tisch, Alkoholverbot uff bschtimmte Pl\u00e4tz. Nix het ebbis broocht. S isch ebe so: D einde welle schlofe, d andere Geld verdiene un widder anderi Remmidemmi. Jetz versuecht s d Stadt mit eme neue Gastst\u00e4ttekonzept. \u00c4 Kommunaler Ordnungsdienscht (KOD) wird ins Spiel broocht. \u00c4 Lokalverein in de Innestadt het Fahne uffgh\u00e4ngt mit de uffdruckte Schlagw\u00f6rter <em>\u201eRuhe!\u201c<\/em> un <em>\u201eDer Gemeinderat schl\u00e4ft, wir nicht\u201c<\/em>. Gege L\u00e4rmterror wird proteschtiert (FILZ &#8211; Freiburger Initiative gegen L\u00e4rmzwangsbeschallung). Vun L\u00e4rm als K\u00f6rperverletzung, \u00fcber folter\u00e4hnligi Zuest\u00e4nd wird gschriebe. S Schnecketempo vun de Stadtverwaltung wird beklagt. D Polizei het z wenig Personal. D Nerve liege blank bi allene. Un des in de angebliche \u201eUmweltk\u00f6nigin\u201c Friiburg.<br \/>\n<em>\u201eSolle mir in Sterwald goh, im Wald im Schlofsack schloofe?<br \/>\nMir B\u00fcrger sin doch f\u00fcr die Stadt sit Johre schun die Doofe!\u201c<\/em>,<br \/>\nlamentiere d L\u00e4rmploogde.<br \/>\n<em>\u201eDas sind doch alte Spie\u00dfer Mensch, die sollen sich verpissen,<br \/>\nauf denen ihr Ged\u00f6ns wegen der Nachtruh ist geschissen!\u201c<\/em>,<br \/>\ndr\u00f6hne d Nachtschw\u00e4rmer.<br \/>\n<em>\u201eWir m\u00fcssen das behutsam angeh\u2019n, nur nichts \u00fcbereilen,<br \/>\ndie Jugend hat auch nachts das Recht, im St\u00e4dtchen zu verweilen\u201c<\/em>,<br \/>\nbeschwichtigt d Stadtverwaltung. S g\u00e4b gar kei L\u00f6sung, h\u00f6rt me vun manche, wo eigentlig f\u00fcr Abhilf\u2019 sorge sotte. So isches, wemme H\u00fchner, F\u00fcchs un J\u00e4ger z\u00e4mmesperre will. Un mir schw\u00e4tze am Stammtisch gscheit \u00fcber L\u00f6sunge in \u00c4gypte, Irak un Afghanischtan!<br \/>\n27.11.2013,\u00a0Stefan Pflaum, <a href=\"https:\/\/www.dreisamtaeler.d\">www.dreisamtaeler.d<\/a><\/p>\n<p>&nbsp;<\/p>\n<p><strong>Stellen Sie Regeln auf &#8211; Anwohner fordern KOD<\/strong><\/p>\n<p>Sperrzeitverl\u00e4ngerung, engerer \u00d6PNV-Takt und die Einrichtung eines Kommunalen Ordnungsdienstes (KOD): Die Anwohner der L\u00e4rm-Hotspots in Freiburg sind sich in ihren Forderungen einig. Das zeigt sich in der Diskussion, die sich an die Referate anschlie\u00dft. &#8222;Stellen Sie Regeln auf und sorgen Sie daf\u00fcr, dass sie auch eingehalten werden&#8220;, sagt Daniela Lanig, Anwohnerin vom Augustinerplatz. Sie w\u00fcnsche sich einen Kommunalen Ordnungsdienst, jemanden der helfe&#8230;..<br \/>\nAlles vom 11.7.2013 bitte lesen auf<br \/>\n<a href=\"https:\/\/www.badische-zeitung.de\/freiburg\/stellen-sie-regeln-auf--73490680.html\">https:\/\/www.badische-zeitung.de\/freiburg\/stellen-sie-regeln-auf&#8211;73490680.html<\/a><\/p>\n<p>&nbsp;<\/p>\n<p><strong>Der Tag geh\u00f6rt\u00a0den Spie\u00dfern. Lasst den Menschen wenigstens nachts &#8230;.<\/strong><br \/>\n&#8222;Der Tag geh\u00f6rt schon den Spie\u00dfern. Lasst den Menschen wenigstens nachts noch ein bisschen Luft zum Atmen&#8220; &#8211; So kann nur jemand argumentieren, der morgens entweder sehr sehr lange ausschlafen kann oder der nicht am Augustinerplatz wohnt.\u00a0 Ich gebe Ihnen Recht, wenn Sie sagen, dass jemand, der Ruhe sucht, nicht in die Innenstadt ziehen sollte. Aber was ist mit den Menschen, die schon seit Jahrzehnten dort wohnen und nicht ahnen konnten, wie sich das Freiburger Nachtleben in den letzten Jahren entwickelt hat. Und sagen Sie jetzt bitte nicht, diejenigen k\u00f6nnen ja wegziehen, nach dem Motto, &#8222;wenn Du nervst, kann ich ja gehen.&#8220; Feiern ist schon in Ordnung, aber warum die Hippster-Trend-Fun-Generation bei jeder Gelegenheit gleich bis morgens um 6 v\u00f6llig austicken muss damit es sch\u00f6n war, ist mir nicht klar.<br \/>\n11.7.2013, Stefan Falk<\/p>\n","protected":false},"excerpt":{"rendered":"<p>Home &gt;Selbsthilfe\u00a0&gt;Soziales &gt;Justiz &gt;Ordnungsdienst &#8211; Kommunaler Ordnungsdienst KOD &nbsp; Nein zum KOD &#8211; Stadt hat sich in Sachen L\u00e4rm von einer aktiven, gestalterischen Politik verabschiedet (1.8.2015) WIR-Initiative f\u00fcr KOD (8.3.2015) Gemeinderat stoppt Einf\u00fchrung eines Kommunalen Ordnungsdienstes KOD (20.10.2014) https:\/\/www.freiburg-schwarzwald.de\/blog\/umf-polizei-und-politik-hilflos\/\u00a0(24.5.2014) Petition &hellip; <a href=\"https:\/\/www.freiburg-schwarzwald.de\/blog\/selbsthilfe\/soziales\/justiz\/ordnungsdienst\/\">Weiterlesen <span class=\"meta-nav\">&rarr;<\/span><\/a><\/p>\n","protected":false},"author":4,"featured_media":0,"parent":5244,"menu_order":0,"comment_status":"open","ping_status":"closed","template":"","meta":{"footnotes":""},"class_list":["post-34499","page","type-page","status-publish","hentry"],"_links":{"self":[{"href":"https:\/\/www.freiburg-schwarzwald.de\/blog\/wp-json\/wp\/v2\/pages\/34499","targetHints":{"allow":["GET"]}}],"collection":[{"href":"https:\/\/www.freiburg-schwarzwald.de\/blog\/wp-json\/wp\/v2\/pages"}],"about":[{"href":"https:\/\/www.freiburg-schwarzwald.de\/blog\/wp-json\/wp\/v2\/types\/page"}],"author":[{"embeddable":true,"href":"https:\/\/www.freiburg-schwarzwald.de\/blog\/wp-json\/wp\/v2\/users\/4"}],"replies":[{"embeddable":true,"href":"https:\/\/www.freiburg-schwarzwald.de\/blog\/wp-json\/wp\/v2\/comments?post=34499"}],"version-history":[{"count":0,"href":"https:\/\/www.freiburg-schwarzwald.de\/blog\/wp-json\/wp\/v2\/pages\/34499\/revisions"}],"up":[{"embeddable":true,"href":"https:\/\/www.freiburg-schwarzwald.de\/blog\/wp-json\/wp\/v2\/pages\/5244"}],"wp:attachment":[{"href":"https:\/\/www.freiburg-schwarzwald.de\/blog\/wp-json\/wp\/v2\/media?parent=34499"}],"curies":[{"name":"wp","href":"https:\/\/api.w.org\/{rel}","templated":true}]}}